{"version":"1.0","provider_name":"Commune de Modave","provider_url":"https:\/\/www.modave.be","author_name":"Fran\u00e7ois Dombret","author_url":"https:\/\/www.modave.be\/index.php\/author\/fdo\/","title":"Intradel | Donnez une seconde vie \u00e0 votre v\u00e9lo - Commune de Modave","type":"rich","width":600,"height":338,"html":"<blockquote class=\"wp-embedded-content\" data-secret=\"KIjDEYsB9y\"><a href=\"https:\/\/www.modave.be\/index.php\/events\/atelier-upcycling-copy\/\">Intradel | Donnez une seconde vie \u00e0 votre v\u00e9lo<\/a><\/blockquote><iframe sandbox=\"allow-scripts\" security=\"restricted\" src=\"https:\/\/www.modave.be\/index.php\/events\/atelier-upcycling-copy\/embed\/#?secret=KIjDEYsB9y\" width=\"600\" height=\"338\" title=\"\u00ab\u00a0Intradel | Donnez une seconde vie \u00e0 votre v\u00e9lo\u00a0\u00bb &#8212; Commune de Modave\" data-secret=\"KIjDEYsB9y\" frameborder=\"0\" marginwidth=\"0\" marginheight=\"0\" scrolling=\"no\" class=\"wp-embedded-content\"><\/iframe><script>\n\/*! This file is auto-generated *\/\n!function(d,l){\"use strict\";l.querySelector&&d.addEventListener&&\"undefined\"!=typeof URL&&(d.wp=d.wp||{},d.wp.receiveEmbedMessage||(d.wp.receiveEmbedMessage=function(e){var t=e.data;if((t||t.secret||t.message||t.value)&&!\/[^a-zA-Z0-9]\/.test(t.secret)){for(var s,r,n,a=l.querySelectorAll('iframe[data-secret=\"'+t.secret+'\"]'),o=l.querySelectorAll('blockquote[data-secret=\"'+t.secret+'\"]'),c=new RegExp(\"^https?:$\",\"i\"),i=0;i<o.length;i++)o[i].style.display=\"none\";for(i=0;i<a.length;i++)s=a[i],e.source===s.contentWindow&&(s.removeAttribute(\"style\"),\"height\"===t.message?(1e3<(r=parseInt(t.value,10))?r=1e3:~~r<200&&(r=200),s.height=r):\"link\"===t.message&&(r=new URL(s.getAttribute(\"src\")),n=new URL(t.value),c.test(n.protocol))&&n.host===r.host&&l.activeElement===s&&(d.top.location.href=t.value))}},d.addEventListener(\"message\",d.wp.receiveEmbedMessage,!1),l.addEventListener(\"DOMContentLoaded\",function(){for(var e,t,s=l.querySelectorAll(\"iframe.wp-embedded-content\"),r=0;r<s.length;r++)(t=(e=s[r]).getAttribute(\"data-secret\"))||(t=Math.random().toString(36).substring(2,12),e.src+=\"#?secret=\"+t,e.setAttribute(\"data-secret\",t)),e.contentWindow.postMessage({message:\"ready\",secret:t},\"*\")},!1)))}(window,document);\n\/\/# sourceURL=https:\/\/www.modave.be\/wp-includes\/js\/wp-embed.min.js\n<\/script>\n","thumbnail_url":"https:\/\/www.modave.be\/wp-content\/uploads\/2026\/03\/VELOS_FACEBOOK-FR_20261.jpg","thumbnail_width":1773,"thumbnail_height":656,"description":"Donnez une seconde vie \u00e0 votre v\u00e9lo \u2013 Op\u00e9ration Recyparcs le 18 avril Le samedi 18 avril 2026, les recyparcs participeront \u00e0 la 19\u1d49 \u00e9dition de la grande collecte de v\u00e9los organis\u00e9e par Intradel et l\u2019ensemble des intercommunales wallonnes de gestion des d\u00e9chets. Le principe est simple :apportez dans votre recyparc un v\u00e9lo encore en&hellip;"}