{"version":"1.0","provider_name":"Commune de Modave","provider_url":"https:\/\/www.modave.be","author_name":"Fran\u00e7ois Dombret","author_url":"https:\/\/www.modave.be\/index.php\/author\/fdo\/","title":"Initiation | Inventaire de la Pierre s\u00e8che - Commune de Modave","type":"rich","width":600,"height":338,"html":"<blockquote class=\"wp-embedded-content\" data-secret=\"qMe1vqF3Ry\"><a href=\"https:\/\/www.modave.be\/index.php\/events\/initiation-inventaire-de-la-pierre-seche-copy\/\">Initiation | Inventaire de la Pierre s\u00e8che<\/a><\/blockquote><iframe sandbox=\"allow-scripts\" security=\"restricted\" src=\"https:\/\/www.modave.be\/index.php\/events\/initiation-inventaire-de-la-pierre-seche-copy\/embed\/#?secret=qMe1vqF3Ry\" width=\"600\" height=\"338\" title=\"\u00ab\u00a0Initiation | Inventaire de la Pierre s\u00e8che\u00a0\u00bb &#8212; Commune de Modave\" data-secret=\"qMe1vqF3Ry\" frameborder=\"0\" marginwidth=\"0\" marginheight=\"0\" scrolling=\"no\" class=\"wp-embedded-content\"><\/iframe><script>\n\/*! This file is auto-generated *\/\n!function(d,l){\"use strict\";l.querySelector&&d.addEventListener&&\"undefined\"!=typeof URL&&(d.wp=d.wp||{},d.wp.receiveEmbedMessage||(d.wp.receiveEmbedMessage=function(e){var t=e.data;if((t||t.secret||t.message||t.value)&&!\/[^a-zA-Z0-9]\/.test(t.secret)){for(var s,r,n,a=l.querySelectorAll('iframe[data-secret=\"'+t.secret+'\"]'),o=l.querySelectorAll('blockquote[data-secret=\"'+t.secret+'\"]'),c=new RegExp(\"^https?:$\",\"i\"),i=0;i<o.length;i++)o[i].style.display=\"none\";for(i=0;i<a.length;i++)s=a[i],e.source===s.contentWindow&&(s.removeAttribute(\"style\"),\"height\"===t.message?(1e3<(r=parseInt(t.value,10))?r=1e3:~~r<200&&(r=200),s.height=r):\"link\"===t.message&&(r=new URL(s.getAttribute(\"src\")),n=new URL(t.value),c.test(n.protocol))&&n.host===r.host&&l.activeElement===s&&(d.top.location.href=t.value))}},d.addEventListener(\"message\",d.wp.receiveEmbedMessage,!1),l.addEventListener(\"DOMContentLoaded\",function(){for(var e,t,s=l.querySelectorAll(\"iframe.wp-embedded-content\"),r=0;r<s.length;r++)(t=(e=s[r]).getAttribute(\"data-secret\"))||(t=Math.random().toString(36).substring(2,12),e.src+=\"#?secret=\"+t,e.setAttribute(\"data-secret\",t)),e.contentWindow.postMessage({message:\"ready\",secret:t},\"*\")},!1)))}(window,document);\n\/\/# sourceURL=https:\/\/www.modave.be\/wp-includes\/js\/wp-embed.min.js\n<\/script>\n","thumbnail_url":"https:\/\/www.modave.be\/wp-content\/uploads\/2025\/09\/Samedi-17-min-1-scaled.jpg","thumbnail_width":2560,"thumbnail_height":1707,"description":"11 avr. de 9 \u00e0 17h | Espace de Convivialit\u00e9 de Modave Entre geste ancestral et savoir-faire local, initiez-vous \u00e0 la construction en pierre s\u00e8che lors d\u2019une journ\u00e9e pratique encadr\u00e9e par un murailleur professionnel. Ensemble, nous \u00e9rigerons une spirale aromatique au coeur de l\u2019espace de convivialit\u00e9, en utilisant du gr\u00e8s communal r\u00e9employ\u00e9. Un chantier ouvert&hellip;"}