{"version":"1.0","provider_name":"Commune de Modave","provider_url":"https:\/\/www.modave.be","author_name":"Fran\u00e7ois Dombret","author_url":"https:\/\/www.modave.be\/index.php\/author\/fdo\/","title":"SEMAINE DES SENTIERS | Balade d\u00e9couverte des arbres sacr\u00e9s - Commune de Modave","type":"rich","width":600,"height":338,"html":"<blockquote class=\"wp-embedded-content\" data-secret=\"waOZEcs0Hn\"><a href=\"https:\/\/www.modave.be\/index.php\/events\/semaine-des-sentiers-balade-decouverte-des-arbres-sacres\/\">SEMAINE DES SENTIERS | Balade d\u00e9couverte des arbres sacr\u00e9s<\/a><\/blockquote><iframe sandbox=\"allow-scripts\" security=\"restricted\" src=\"https:\/\/www.modave.be\/index.php\/events\/semaine-des-sentiers-balade-decouverte-des-arbres-sacres\/embed\/#?secret=waOZEcs0Hn\" width=\"600\" height=\"338\" title=\"\u00ab\u00a0SEMAINE DES SENTIERS | Balade d\u00e9couverte des arbres sacr\u00e9s\u00a0\u00bb &#8212; Commune de Modave\" data-secret=\"waOZEcs0Hn\" frameborder=\"0\" marginwidth=\"0\" marginheight=\"0\" scrolling=\"no\" class=\"wp-embedded-content\"><\/iframe><script>\n\/*! This file is auto-generated *\/\n!function(d,l){\"use strict\";l.querySelector&&d.addEventListener&&\"undefined\"!=typeof URL&&(d.wp=d.wp||{},d.wp.receiveEmbedMessage||(d.wp.receiveEmbedMessage=function(e){var t=e.data;if((t||t.secret||t.message||t.value)&&!\/[^a-zA-Z0-9]\/.test(t.secret)){for(var s,r,n,a=l.querySelectorAll('iframe[data-secret=\"'+t.secret+'\"]'),o=l.querySelectorAll('blockquote[data-secret=\"'+t.secret+'\"]'),c=new RegExp(\"^https?:$\",\"i\"),i=0;i<o.length;i++)o[i].style.display=\"none\";for(i=0;i<a.length;i++)s=a[i],e.source===s.contentWindow&&(s.removeAttribute(\"style\"),\"height\"===t.message?(1e3<(r=parseInt(t.value,10))?r=1e3:~~r<200&&(r=200),s.height=r):\"link\"===t.message&&(r=new URL(s.getAttribute(\"src\")),n=new URL(t.value),c.test(n.protocol))&&n.host===r.host&&l.activeElement===s&&(d.top.location.href=t.value))}},d.addEventListener(\"message\",d.wp.receiveEmbedMessage,!1),l.addEventListener(\"DOMContentLoaded\",function(){for(var e,t,s=l.querySelectorAll(\"iframe.wp-embedded-content\"),r=0;r<s.length;r++)(t=(e=s[r]).getAttribute(\"data-secret\"))||(t=Math.random().toString(36).substring(2,12),e.src+=\"#?secret=\"+t,e.setAttribute(\"data-secret\",t)),e.contentWindow.postMessage({message:\"ready\",secret:t},\"*\")},!1)))}(window,document);\n\/\/# sourceURL=https:\/\/www.modave.be\/wp-includes\/js\/wp-embed.min.js\n<\/script>\n","thumbnail_url":"https:\/\/www.modave.be\/wp-content\/uploads\/2025\/09\/SS2025V.jpg.png","thumbnail_width":255,"thumbnail_height":83,"description":"14 oct. (9h30) &amp; 18 oct. (13h30) | Modave Chez nos anc\u00eatres les Celtes, les arbres sacr\u00e9s \u2013 tels que le ch\u00eane, le noisetier ou encore l\u2019if \u2013 occupaient une place centrale. Leur culture, profond\u00e9ment tourn\u00e9e vers la nature, reposait sur une sagesse et une communion qui renfor\u00e7aient le lien entre les humains et leur&hellip;"}