{"version":"1.0","provider_name":"Commune de Modave","provider_url":"https:\/\/www.modave.be","author_name":"Fran\u00e7ois Dombret","author_url":"https:\/\/www.modave.be\/index.php\/author\/fdo\/","title":"Alerte m\u00e9t\u00e9o | Fermetures temporaires - Commune de Modave","type":"rich","width":600,"height":338,"html":"<blockquote class=\"wp-embedded-content\" data-secret=\"ousR7E3ONu\"><a href=\"https:\/\/www.modave.be\/index.php\/services_communaux\/alerte-meteo-fermetures-temporaires\/\">Alerte m\u00e9t\u00e9o | Fermetures temporaires<\/a><\/blockquote><iframe sandbox=\"allow-scripts\" security=\"restricted\" src=\"https:\/\/www.modave.be\/index.php\/services_communaux\/alerte-meteo-fermetures-temporaires\/embed\/#?secret=ousR7E3ONu\" width=\"600\" height=\"338\" title=\"\u00ab\u00a0Alerte m\u00e9t\u00e9o | Fermetures temporaires\u00a0\u00bb &#8212; Commune de Modave\" data-secret=\"ousR7E3ONu\" frameborder=\"0\" marginwidth=\"0\" marginheight=\"0\" scrolling=\"no\" class=\"wp-embedded-content\"><\/iframe><script>\n\/*! This file is auto-generated *\/\n!function(d,l){\"use strict\";l.querySelector&&d.addEventListener&&\"undefined\"!=typeof URL&&(d.wp=d.wp||{},d.wp.receiveEmbedMessage||(d.wp.receiveEmbedMessage=function(e){var t=e.data;if((t||t.secret||t.message||t.value)&&!\/[^a-zA-Z0-9]\/.test(t.secret)){for(var s,r,n,a=l.querySelectorAll('iframe[data-secret=\"'+t.secret+'\"]'),o=l.querySelectorAll('blockquote[data-secret=\"'+t.secret+'\"]'),c=new RegExp(\"^https?:$\",\"i\"),i=0;i<o.length;i++)o[i].style.display=\"none\";for(i=0;i<a.length;i++)s=a[i],e.source===s.contentWindow&&(s.removeAttribute(\"style\"),\"height\"===t.message?(1e3<(r=parseInt(t.value,10))?r=1e3:~~r<200&&(r=200),s.height=r):\"link\"===t.message&&(r=new URL(s.getAttribute(\"src\")),n=new URL(t.value),c.test(n.protocol))&&n.host===r.host&&l.activeElement===s&&(d.top.location.href=t.value))}},d.addEventListener(\"message\",d.wp.receiveEmbedMessage,!1),l.addEventListener(\"DOMContentLoaded\",function(){for(var e,t,s=l.querySelectorAll(\"iframe.wp-embedded-content\"),r=0;r<s.length;r++)(t=(e=s[r]).getAttribute(\"data-secret\"))||(t=Math.random().toString(36).substring(2,12),e.src+=\"#?secret=\"+t,e.setAttribute(\"data-secret\",t)),e.contentWindow.postMessage({message:\"ready\",secret:t},\"*\")},!1)))}(window,document);\n\/\/# sourceURL=https:\/\/www.modave.be\/wp-includes\/js\/wp-embed.min.js\n<\/script>\n","thumbnail_url":"https:\/\/www.modave.be\/wp-content\/uploads\/2024\/10\/2-6-e1728480251918.jpg","thumbnail_width":940,"thumbnail_height":470,"description":"Alerte m\u00e9t\u00e9o | Fermetures temporaires En raison du risque d\u2019intemp\u00e9ries annonc\u00e9, certaines rues sont temporairement ferm\u00e9es par mesure de s\u00e9curit\u00e9. Dans ce contexte, les avaloirs seront \u00e0 nouveau v\u00e9rifi\u00e9s aujourd\u2019hui et demain afin de limiter les risques d\u2019accumulation d\u2019eau. En cas de d\u00e9g\u00e2ts li\u00e9s \u00e0 la temp\u00eate (arbres, inondations, etc.), veuillez utiliser le num\u00e9ro 1722&hellip;"}