{"version":"1.0","provider_name":"Commune de Modave","provider_url":"https:\/\/www.modave.be","author_name":"Fran\u00e7ois Dombret","author_url":"https:\/\/www.modave.be\/index.php\/author\/fdo\/","title":"CCATM | 2\u00e8me appel \u00e0 candidatures - Commune de Modave","type":"rich","width":600,"height":338,"html":"<blockquote class=\"wp-embedded-content\" data-secret=\"MzeIgDWTNT\"><a href=\"https:\/\/www.modave.be\/index.php\/services_communaux\/ccatm-2eme-appel-a-candidatures\/\">CCATM | 2\u00e8me appel \u00e0 candidatures<\/a><\/blockquote><iframe sandbox=\"allow-scripts\" security=\"restricted\" src=\"https:\/\/www.modave.be\/index.php\/services_communaux\/ccatm-2eme-appel-a-candidatures\/embed\/#?secret=MzeIgDWTNT\" width=\"600\" height=\"338\" title=\"\u00ab\u00a0CCATM | 2\u00e8me appel \u00e0 candidatures\u00a0\u00bb &#8212; Commune de Modave\" data-secret=\"MzeIgDWTNT\" frameborder=\"0\" marginwidth=\"0\" marginheight=\"0\" scrolling=\"no\" class=\"wp-embedded-content\"><\/iframe><script>\n\/*! This file is auto-generated *\/\n!function(d,l){\"use strict\";l.querySelector&&d.addEventListener&&\"undefined\"!=typeof URL&&(d.wp=d.wp||{},d.wp.receiveEmbedMessage||(d.wp.receiveEmbedMessage=function(e){var t=e.data;if((t||t.secret||t.message||t.value)&&!\/[^a-zA-Z0-9]\/.test(t.secret)){for(var s,r,n,a=l.querySelectorAll('iframe[data-secret=\"'+t.secret+'\"]'),o=l.querySelectorAll('blockquote[data-secret=\"'+t.secret+'\"]'),c=new RegExp(\"^https?:$\",\"i\"),i=0;i<o.length;i++)o[i].style.display=\"none\";for(i=0;i<a.length;i++)s=a[i],e.source===s.contentWindow&&(s.removeAttribute(\"style\"),\"height\"===t.message?(1e3<(r=parseInt(t.value,10))?r=1e3:~~r<200&&(r=200),s.height=r):\"link\"===t.message&&(r=new URL(s.getAttribute(\"src\")),n=new URL(t.value),c.test(n.protocol))&&n.host===r.host&&l.activeElement===s&&(d.top.location.href=t.value))}},d.addEventListener(\"message\",d.wp.receiveEmbedMessage,!1),l.addEventListener(\"DOMContentLoaded\",function(){for(var e,t,s=l.querySelectorAll(\"iframe.wp-embedded-content\"),r=0;r<s.length;r++)(t=(e=s[r]).getAttribute(\"data-secret\"))||(t=Math.random().toString(36).substring(2,12),e.src+=\"#?secret=\"+t,e.setAttribute(\"data-secret\",t)),e.contentWindow.postMessage({message:\"ready\",secret:t},\"*\")},!1)))}(window,document);\n\/\/# sourceURL=https:\/\/www.modave.be\/wp-includes\/js\/wp-embed.min.js\n<\/script>\n","thumbnail_url":"https:\/\/www.modave.be\/wp-content\/uploads\/2025\/03\/IMG_1533-Avec-accentuation-Bruit-scaled-e1741077000759.jpg","thumbnail_width":2560,"thumbnail_height":1280,"description":"Le Coll\u00e8ge communal annonce le renouvellement int\u00e9gral de la Commission Consultative Communale d\u2019Am\u00e9nagement du Territoire et de Mobilit\u00e9 (CCATM), conform\u00e9ment aux dispositions du Code du D\u00e9veloppement Territorial. La CCATM joue un r\u00f4le cl\u00e9 dans l\u2019am\u00e9nagement du territoire et la mobilit\u00e9 au sein de notre commune. Ses membres sont s\u00e9lectionn\u00e9s en tenant compte des crit\u00e8res suivants&hellip;"}