{"version":"1.0","provider_name":"Commune de Modave","provider_url":"https:\/\/www.modave.be","author_name":"Fran\u00e7ois Dombret","author_url":"https:\/\/www.modave.be\/index.php\/author\/fdo\/","title":"Chasses et battues | Calendrier 2025 - Commune de Modave","type":"rich","width":600,"height":338,"html":"<blockquote class=\"wp-embedded-content\" data-secret=\"yE3DxA09Lu\"><a href=\"https:\/\/www.modave.be\/index.php\/services_communaux\/chasses-et-battues-calendrier-2025\/\">Chasses et battues | Calendrier 2025<\/a><\/blockquote><iframe sandbox=\"allow-scripts\" security=\"restricted\" src=\"https:\/\/www.modave.be\/index.php\/services_communaux\/chasses-et-battues-calendrier-2025\/embed\/#?secret=yE3DxA09Lu\" width=\"600\" height=\"338\" title=\"\u00ab\u00a0Chasses et battues | Calendrier 2025\u00a0\u00bb &#8212; Commune de Modave\" data-secret=\"yE3DxA09Lu\" frameborder=\"0\" marginwidth=\"0\" marginheight=\"0\" scrolling=\"no\" class=\"wp-embedded-content\"><\/iframe><script>\n\/*! This file is auto-generated *\/\n!function(d,l){\"use strict\";l.querySelector&&d.addEventListener&&\"undefined\"!=typeof URL&&(d.wp=d.wp||{},d.wp.receiveEmbedMessage||(d.wp.receiveEmbedMessage=function(e){var t=e.data;if((t||t.secret||t.message||t.value)&&!\/[^a-zA-Z0-9]\/.test(t.secret)){for(var s,r,n,a=l.querySelectorAll('iframe[data-secret=\"'+t.secret+'\"]'),o=l.querySelectorAll('blockquote[data-secret=\"'+t.secret+'\"]'),c=new RegExp(\"^https?:$\",\"i\"),i=0;i<o.length;i++)o[i].style.display=\"none\";for(i=0;i<a.length;i++)s=a[i],e.source===s.contentWindow&&(s.removeAttribute(\"style\"),\"height\"===t.message?(1e3<(r=parseInt(t.value,10))?r=1e3:~~r<200&&(r=200),s.height=r):\"link\"===t.message&&(r=new URL(s.getAttribute(\"src\")),n=new URL(t.value),c.test(n.protocol))&&n.host===r.host&&l.activeElement===s&&(d.top.location.href=t.value))}},d.addEventListener(\"message\",d.wp.receiveEmbedMessage,!1),l.addEventListener(\"DOMContentLoaded\",function(){for(var e,t,s=l.querySelectorAll(\"iframe.wp-embedded-content\"),r=0;r<s.length;r++)(t=(e=s[r]).getAttribute(\"data-secret\"))||(t=Math.random().toString(36).substring(2,12),e.src+=\"#?secret=\"+t,e.setAttribute(\"data-secret\",t)),e.contentWindow.postMessage({message:\"ready\",secret:t},\"*\")},!1)))}(window,document);\n\/\/# sourceURL=https:\/\/www.modave.be\/wp-includes\/js\/wp-embed.min.js\n<\/script>\n","thumbnail_url":"https:\/\/www.modave.be\/wp-content\/uploads\/2023\/12\/chasseur-e1727961706476.png","thumbnail_width":849,"thumbnail_height":424,"description":"\ud835\udc08\ud835\udc27\ud835\udc1f\ud835\udc28\ud835\udc2b\ud835\udc26\ud835\udc1a\ud835\udc2d\ud835\udc22\ud835\udc28\ud835\udc27 \ud835\udc22\ud835\udc26\ud835\udc29\ud835\udc28\ud835\udc2b\ud835\udc2d\ud835\udc1a\ud835\udc27\ud835\udc2d\ud835\udc1e \ud835\udc29\ud835\udc28\ud835\udc2e\ud835\udc2b \ud835\udc2f\ud835\udc28\ud835\udc2d\ud835\udc2b\ud835\udc1e \ud835\udc2c\ud835\udc1e\u0301\ud835\udc1c\ud835\udc2e\ud835\udc2b\ud835\udc22\ud835\udc2d\ud835\udc1e\u0301 \ud835\udc1e\ud835\udc27 \ud835\udc1f\ud835\udc28\ud835\udc2b\ud835\udc1e\u0302\ud835\udc2d La saison de chasse d\u00e9butera prochainement sur le territoire communal. Afin de garantir votre s\u00e9curit\u00e9, nous vous invitons \u00e0 rester attentifs lors de vos promenades en for\u00eat. Avant toute sortie, n\u2019h\u00e9sitez pas \u00e0 consulter l\u2019une des plateformes suivantes pour conna\u00eetre les chasses et battues en cours : Attention&hellip;"}