{"version":"1.0","provider_name":"Commune de Modave","provider_url":"https:\/\/www.modave.be","author_name":"Fran\u00e7ois Dombret","author_url":"https:\/\/www.modave.be\/index.php\/author\/fdo\/","title":"D\u00e9neigement | Point sur les interventions - Commune de Modave","type":"rich","width":600,"height":338,"html":"<blockquote class=\"wp-embedded-content\" data-secret=\"5yh70ipCO7\"><a href=\"https:\/\/www.modave.be\/index.php\/services_communaux\/deneigement-point-avant-le-week-end\/\">D\u00e9neigement | Point sur les interventions<\/a><\/blockquote><iframe sandbox=\"allow-scripts\" security=\"restricted\" src=\"https:\/\/www.modave.be\/index.php\/services_communaux\/deneigement-point-avant-le-week-end\/embed\/#?secret=5yh70ipCO7\" width=\"600\" height=\"338\" title=\"\u00ab\u00a0D\u00e9neigement | Point sur les interventions\u00a0\u00bb &#8212; Commune de Modave\" data-secret=\"5yh70ipCO7\" frameborder=\"0\" marginwidth=\"0\" marginheight=\"0\" scrolling=\"no\" class=\"wp-embedded-content\"><\/iframe><script>\n\/*! This file is auto-generated *\/\n!function(d,l){\"use strict\";l.querySelector&&d.addEventListener&&\"undefined\"!=typeof URL&&(d.wp=d.wp||{},d.wp.receiveEmbedMessage||(d.wp.receiveEmbedMessage=function(e){var t=e.data;if((t||t.secret||t.message||t.value)&&!\/[^a-zA-Z0-9]\/.test(t.secret)){for(var s,r,n,a=l.querySelectorAll('iframe[data-secret=\"'+t.secret+'\"]'),o=l.querySelectorAll('blockquote[data-secret=\"'+t.secret+'\"]'),c=new RegExp(\"^https?:$\",\"i\"),i=0;i<o.length;i++)o[i].style.display=\"none\";for(i=0;i<a.length;i++)s=a[i],e.source===s.contentWindow&&(s.removeAttribute(\"style\"),\"height\"===t.message?(1e3<(r=parseInt(t.value,10))?r=1e3:~~r<200&&(r=200),s.height=r):\"link\"===t.message&&(r=new URL(s.getAttribute(\"src\")),n=new URL(t.value),c.test(n.protocol))&&n.host===r.host&&l.activeElement===s&&(d.top.location.href=t.value))}},d.addEventListener(\"message\",d.wp.receiveEmbedMessage,!1),l.addEventListener(\"DOMContentLoaded\",function(){for(var e,t,s=l.querySelectorAll(\"iframe.wp-embedded-content\"),r=0;r<s.length;r++)(t=(e=s[r]).getAttribute(\"data-secret\"))||(t=Math.random().toString(36).substring(2,12),e.src+=\"#?secret=\"+t,e.setAttribute(\"data-secret\",t)),e.contentWindow.postMessage({message:\"ready\",secret:t},\"*\")},!1)))}(window,document);\n\/\/# sourceURL=https:\/\/www.modave.be\/wp-includes\/js\/wp-embed.min.js\n<\/script>\n","thumbnail_url":"https:\/\/www.modave.be\/wp-content\/uploads\/2026\/01\/IMG_8837-scaled-e1767967290441.jpg","thumbnail_width":2560,"thumbnail_height":1280,"description":"D\u00e9neigement | Point sur les interventions Les \u00e9quipes restent mobilis\u00e9es. Afin de travailler efficacement, le service interviendra samedi apr\u00e8s la fin des pr\u00e9cipitations, avec un d\u00e9part envisag\u00e9 apr\u00e8s 9h, selon l\u2019\u00e9volution de la situation sur le terrain. \u00c9vitez les d\u00e9placements inutiles et les zones bois\u00e9es expos\u00e9es au vent. En cas de d\u00e9g\u00e2ts li\u00e9s \u00e0 la&hellip;"}