{"version":"1.0","provider_name":"Commune de Modave","provider_url":"https:\/\/www.modave.be","author_name":"Fran\u00e7ois Dombret","author_url":"https:\/\/www.modave.be\/index.php\/author\/fdo\/","title":"Feux de for\u00eat : adoptons les bons r\u00e9flexes - Commune de Modave","type":"rich","width":600,"height":338,"html":"<blockquote class=\"wp-embedded-content\" data-secret=\"Og8ITAWw2R\"><a href=\"https:\/\/www.modave.be\/index.php\/services_communaux\/feux-de-foret-adoptons-les-bons-reflexes\/\">Feux de for\u00eat : adoptons les bons r\u00e9flexes<\/a><\/blockquote><iframe sandbox=\"allow-scripts\" security=\"restricted\" src=\"https:\/\/www.modave.be\/index.php\/services_communaux\/feux-de-foret-adoptons-les-bons-reflexes\/embed\/#?secret=Og8ITAWw2R\" width=\"600\" height=\"338\" title=\"\u00ab\u00a0Feux de for\u00eat : adoptons les bons r\u00e9flexes\u00a0\u00bb &#8212; Commune de Modave\" data-secret=\"Og8ITAWw2R\" frameborder=\"0\" marginwidth=\"0\" marginheight=\"0\" scrolling=\"no\" class=\"wp-embedded-content\"><\/iframe><script>\n\/*! This file is auto-generated *\/\n!function(d,l){\"use strict\";l.querySelector&&d.addEventListener&&\"undefined\"!=typeof URL&&(d.wp=d.wp||{},d.wp.receiveEmbedMessage||(d.wp.receiveEmbedMessage=function(e){var t=e.data;if((t||t.secret||t.message||t.value)&&!\/[^a-zA-Z0-9]\/.test(t.secret)){for(var s,r,n,a=l.querySelectorAll('iframe[data-secret=\"'+t.secret+'\"]'),o=l.querySelectorAll('blockquote[data-secret=\"'+t.secret+'\"]'),c=new RegExp(\"^https?:$\",\"i\"),i=0;i<o.length;i++)o[i].style.display=\"none\";for(i=0;i<a.length;i++)s=a[i],e.source===s.contentWindow&&(s.removeAttribute(\"style\"),\"height\"===t.message?(1e3<(r=parseInt(t.value,10))?r=1e3:~~r<200&&(r=200),s.height=r):\"link\"===t.message&&(r=new URL(s.getAttribute(\"src\")),n=new URL(t.value),c.test(n.protocol))&&n.host===r.host&&l.activeElement===s&&(d.top.location.href=t.value))}},d.addEventListener(\"message\",d.wp.receiveEmbedMessage,!1),l.addEventListener(\"DOMContentLoaded\",function(){for(var e,t,s=l.querySelectorAll(\"iframe.wp-embedded-content\"),r=0;r<s.length;r++)(t=(e=s[r]).getAttribute(\"data-secret\"))||(t=Math.random().toString(36).substring(2,12),e.src+=\"#?secret=\"+t,e.setAttribute(\"data-secret\",t)),e.contentWindow.postMessage({message:\"ready\",secret:t},\"*\")},!1)))}(window,document);\n\/\/# sourceURL=https:\/\/www.modave.be\/wp-includes\/js\/wp-embed.min.js\n<\/script>\n","thumbnail_url":"https:\/\/www.modave.be\/wp-content\/uploads\/2025\/07\/forets-e1751875335546.jpg","thumbnail_width":1080,"thumbnail_height":540,"description":"Pr\u00e9servons nos for\u00eats : chaque geste compte Parce qu\u2019un moment d\u2019inattention peut avoir de lourdes cons\u00e9quences\u2026 Le retour du beau temps est attendu dans quelques jours et avec lui, le risque d\u2019incendie repart \u00e0 la hausse. En \u00e9t\u00e9, la vigilance de chacun est essentielle pour pr\u00e9server nos for\u00eats. Le SPW Agriculture Ressources Naturelles Environnement nous&hellip;"}