{"version":"1.0","provider_name":"Commune de Modave","provider_url":"https:\/\/www.modave.be","author_name":"Fran\u00e7ois Dombret","author_url":"https:\/\/www.modave.be\/index.php\/author\/fdo\/","title":"Gr\u00e8ve nationale | Impact sur les recyparcs - Commune de Modave","type":"rich","width":600,"height":338,"html":"<blockquote class=\"wp-embedded-content\" data-secret=\"XNhKzQIi8e\"><a href=\"https:\/\/www.modave.be\/index.php\/services_communaux\/greve-nationale-impact-sur-les-recyparcs\/\">Gr\u00e8ve nationale | Impact sur les recyparcs<\/a><\/blockquote><iframe sandbox=\"allow-scripts\" security=\"restricted\" src=\"https:\/\/www.modave.be\/index.php\/services_communaux\/greve-nationale-impact-sur-les-recyparcs\/embed\/#?secret=XNhKzQIi8e\" width=\"600\" height=\"338\" title=\"\u00ab\u00a0Gr\u00e8ve nationale | Impact sur les recyparcs\u00a0\u00bb &#8212; Commune de Modave\" data-secret=\"XNhKzQIi8e\" frameborder=\"0\" marginwidth=\"0\" marginheight=\"0\" scrolling=\"no\" class=\"wp-embedded-content\"><\/iframe><script>\n\/*! This file is auto-generated *\/\n!function(d,l){\"use strict\";l.querySelector&&d.addEventListener&&\"undefined\"!=typeof URL&&(d.wp=d.wp||{},d.wp.receiveEmbedMessage||(d.wp.receiveEmbedMessage=function(e){var t=e.data;if((t||t.secret||t.message||t.value)&&!\/[^a-zA-Z0-9]\/.test(t.secret)){for(var s,r,n,a=l.querySelectorAll('iframe[data-secret=\"'+t.secret+'\"]'),o=l.querySelectorAll('blockquote[data-secret=\"'+t.secret+'\"]'),c=new RegExp(\"^https?:$\",\"i\"),i=0;i<o.length;i++)o[i].style.display=\"none\";for(i=0;i<a.length;i++)s=a[i],e.source===s.contentWindow&&(s.removeAttribute(\"style\"),\"height\"===t.message?(1e3<(r=parseInt(t.value,10))?r=1e3:~~r<200&&(r=200),s.height=r):\"link\"===t.message&&(r=new URL(s.getAttribute(\"src\")),n=new URL(t.value),c.test(n.protocol))&&n.host===r.host&&l.activeElement===s&&(d.top.location.href=t.value))}},d.addEventListener(\"message\",d.wp.receiveEmbedMessage,!1),l.addEventListener(\"DOMContentLoaded\",function(){for(var e,t,s=l.querySelectorAll(\"iframe.wp-embedded-content\"),r=0;r<s.length;r++)(t=(e=s[r]).getAttribute(\"data-secret\"))||(t=Math.random().toString(36).substring(2,12),e.src+=\"#?secret=\"+t,e.setAttribute(\"data-secret\",t)),e.contentWindow.postMessage({message:\"ready\",secret:t},\"*\")},!1)))}(window,document);\n\/\/# sourceURL=https:\/\/www.modave.be\/wp-includes\/js\/wp-embed.min.js\n<\/script>\n","thumbnail_url":"https:\/\/www.modave.be\/wp-content\/uploads\/2025\/05\/Greve-1-e1747661430105.png","thumbnail_width":1080,"thumbnail_height":540,"description":"Les r\u00e9cyparcs seront ferm\u00e9s Ce mardi 20 mai, une gr\u00e8ve g\u00e9n\u00e9rale touche l\u2019ensemble des services publics, ce qui pourrait perturber certains services en Wallonie. \u00c0 Modave, aucune collecte des d\u00e9chets n\u2019\u00e9tait pr\u00e9vue ce jour-l\u00e0. La prochaine collecte aura donc bien lieu le mardi 27 mai, comme indiqu\u00e9 dans votre calendrier. En revanche, les recyparcs seront&hellip;"}