{"version":"1.0","provider_name":"Commune de Modave","provider_url":"https:\/\/www.modave.be","author_name":"Fran\u00e7ois Dombret","author_url":"https:\/\/www.modave.be\/index.php\/author\/fdo\/","title":"Journ\u00e9e de l\u2019Artisan du 17\/11\/2024 | Appel \u00e0 candidatures - Commune de Modave","type":"rich","width":600,"height":338,"html":"<blockquote class=\"wp-embedded-content\" data-secret=\"XsO6NfUA4a\"><a href=\"https:\/\/www.modave.be\/index.php\/services_communaux\/journee-de-lartisan-2024-appel-a-candidatures\/\">Journ\u00e9e de l\u2019Artisan du 17\/11\/2024 | Appel \u00e0 candidatures<\/a><\/blockquote><iframe sandbox=\"allow-scripts\" security=\"restricted\" src=\"https:\/\/www.modave.be\/index.php\/services_communaux\/journee-de-lartisan-2024-appel-a-candidatures\/embed\/#?secret=XsO6NfUA4a\" width=\"600\" height=\"338\" title=\"\u00ab\u00a0Journ\u00e9e de l\u2019Artisan du 17\/11\/2024 | Appel \u00e0 candidatures\u00a0\u00bb &#8212; Commune de Modave\" data-secret=\"XsO6NfUA4a\" frameborder=\"0\" marginwidth=\"0\" marginheight=\"0\" scrolling=\"no\" class=\"wp-embedded-content\"><\/iframe><script>\n\/*! This file is auto-generated *\/\n!function(d,l){\"use strict\";l.querySelector&&d.addEventListener&&\"undefined\"!=typeof URL&&(d.wp=d.wp||{},d.wp.receiveEmbedMessage||(d.wp.receiveEmbedMessage=function(e){var t=e.data;if((t||t.secret||t.message||t.value)&&!\/[^a-zA-Z0-9]\/.test(t.secret)){for(var s,r,n,a=l.querySelectorAll('iframe[data-secret=\"'+t.secret+'\"]'),o=l.querySelectorAll('blockquote[data-secret=\"'+t.secret+'\"]'),c=new RegExp(\"^https?:$\",\"i\"),i=0;i<o.length;i++)o[i].style.display=\"none\";for(i=0;i<a.length;i++)s=a[i],e.source===s.contentWindow&&(s.removeAttribute(\"style\"),\"height\"===t.message?(1e3<(r=parseInt(t.value,10))?r=1e3:~~r<200&&(r=200),s.height=r):\"link\"===t.message&&(r=new URL(s.getAttribute(\"src\")),n=new URL(t.value),c.test(n.protocol))&&n.host===r.host&&l.activeElement===s&&(d.top.location.href=t.value))}},d.addEventListener(\"message\",d.wp.receiveEmbedMessage,!1),l.addEventListener(\"DOMContentLoaded\",function(){for(var e,t,s=l.querySelectorAll(\"iframe.wp-embedded-content\"),r=0;r<s.length;r++)(t=(e=s[r]).getAttribute(\"data-secret\"))||(t=Math.random().toString(36).substring(2,12),e.src+=\"#?secret=\"+t,e.setAttribute(\"data-secret\",t)),e.contentWindow.postMessage({message:\"ready\",secret:t},\"*\")},!1)))}(window,document);\n\/\/# sourceURL=https:\/\/www.modave.be\/wp-includes\/js\/wp-embed.min.js\n<\/script>\n","thumbnail_url":"https:\/\/www.modave.be\/wp-content\/uploads\/2024\/09\/JDA-16-9-FR-e1726498663361.jpg","thumbnail_width":1920,"thumbnail_height":960,"description":"INVITATION \u00c0 PARTICIPER \u00c0 LA JOURN\u00c9E DE L&rsquo;ARTISAN 2024 Ch\u00e8res artisanes,Chers artisans, PARTICIPEZ \u00c0 LA 18E JOURN\u00c9E DE L\u2019ARTISAN ET FAITES RAYONNER VOTRE SAVOIR-FAIRE GR\u00c2CE AU LABEL \u00ab ARTISANAT CERTIFI\u00c9 \u00bb. La 18e Journ\u00e9e de l\u2019Artisan aura lieu le dimanche 17 novembre 2024. Cet \u00e9v\u00e9nement, organis\u00e9 par le SPF Economie et le ministre des Classes&hellip;"}