{"version":"1.0","provider_name":"Commune de Modave","provider_url":"https:\/\/www.modave.be","author_name":"Fran\u00e7ois Dombret","author_url":"https:\/\/www.modave.be\/index.php\/author\/fdo\/","title":"Mise-\u00e0-jour | Collecte des sapins de No\u00ebl - Commune de Modave","type":"rich","width":600,"height":338,"html":"<blockquote class=\"wp-embedded-content\" data-secret=\"JQ8uKhUVp7\"><a href=\"https:\/\/www.modave.be\/index.php\/services_communaux\/rappel-collecte-des-sapins-de-noel-2\/\">Mise-\u00e0-jour | Collecte des sapins de No\u00ebl<\/a><\/blockquote><iframe sandbox=\"allow-scripts\" security=\"restricted\" src=\"https:\/\/www.modave.be\/index.php\/services_communaux\/rappel-collecte-des-sapins-de-noel-2\/embed\/#?secret=JQ8uKhUVp7\" width=\"600\" height=\"338\" title=\"\u00ab\u00a0Mise-\u00e0-jour | Collecte des sapins de No\u00ebl\u00a0\u00bb &#8212; Commune de Modave\" data-secret=\"JQ8uKhUVp7\" frameborder=\"0\" marginwidth=\"0\" marginheight=\"0\" scrolling=\"no\" class=\"wp-embedded-content\"><\/iframe><script>\n\/*! This file is auto-generated *\/\n!function(d,l){\"use strict\";l.querySelector&&d.addEventListener&&\"undefined\"!=typeof URL&&(d.wp=d.wp||{},d.wp.receiveEmbedMessage||(d.wp.receiveEmbedMessage=function(e){var t=e.data;if((t||t.secret||t.message||t.value)&&!\/[^a-zA-Z0-9]\/.test(t.secret)){for(var s,r,n,a=l.querySelectorAll('iframe[data-secret=\"'+t.secret+'\"]'),o=l.querySelectorAll('blockquote[data-secret=\"'+t.secret+'\"]'),c=new RegExp(\"^https?:$\",\"i\"),i=0;i<o.length;i++)o[i].style.display=\"none\";for(i=0;i<a.length;i++)s=a[i],e.source===s.contentWindow&&(s.removeAttribute(\"style\"),\"height\"===t.message?(1e3<(r=parseInt(t.value,10))?r=1e3:~~r<200&&(r=200),s.height=r):\"link\"===t.message&&(r=new URL(s.getAttribute(\"src\")),n=new URL(t.value),c.test(n.protocol))&&n.host===r.host&&l.activeElement===s&&(d.top.location.href=t.value))}},d.addEventListener(\"message\",d.wp.receiveEmbedMessage,!1),l.addEventListener(\"DOMContentLoaded\",function(){for(var e,t,s=l.querySelectorAll(\"iframe.wp-embedded-content\"),r=0;r<s.length;r++)(t=(e=s[r]).getAttribute(\"data-secret\"))||(t=Math.random().toString(36).substring(2,12),e.src+=\"#?secret=\"+t,e.setAttribute(\"data-secret\",t)),e.contentWindow.postMessage({message:\"ready\",secret:t},\"*\")},!1)))}(window,document);\n\/\/# sourceURL=https:\/\/www.modave.be\/wp-includes\/js\/wp-embed.min.js\n<\/script>\n","thumbnail_url":"https:\/\/www.modave.be\/wp-content\/uploads\/2026\/01\/Sapins-e1767626548436.jpg","thumbnail_width":1080,"thumbnail_height":540,"description":"Malgr\u00e9 les vents violents actuellement en cours, les \u00e9quipes sont \u00e0 pied d\u2019\u0153uvre et font le maximum pour assurer la collecte. Si, en raison de la m\u00e9t\u00e9o, votre sapin n\u2019a pas pu \u00eatre collect\u00e9 avant 14h30, la tourn\u00e9e sera compl\u00e9t\u00e9e ce lundi. Par ailleurs, si votre sapin pr\u00e9sente un risque pour la circulation (chauss\u00e9e, trottoir,&hellip;"}