{"version":"1.0","provider_name":"Commune de Modave","provider_url":"https:\/\/www.modave.be","author_name":"Fran\u00e7ois Dombret","author_url":"https:\/\/www.modave.be\/index.php\/author\/fdo\/","title":"Rappel | D\u00e9claration seconde r\u00e9sidence - Commune de Modave","type":"rich","width":600,"height":338,"html":"<blockquote class=\"wp-embedded-content\" data-secret=\"YQqLmqyOah\"><a href=\"https:\/\/www.modave.be\/index.php\/services_communaux\/rappel-declaration-seconde-residence\/\">Rappel | D\u00e9claration seconde r\u00e9sidence<\/a><\/blockquote><iframe sandbox=\"allow-scripts\" security=\"restricted\" src=\"https:\/\/www.modave.be\/index.php\/services_communaux\/rappel-declaration-seconde-residence\/embed\/#?secret=YQqLmqyOah\" width=\"600\" height=\"338\" title=\"\u00ab\u00a0Rappel | D\u00e9claration seconde r\u00e9sidence\u00a0\u00bb &#8212; Commune de Modave\" data-secret=\"YQqLmqyOah\" frameborder=\"0\" marginwidth=\"0\" marginheight=\"0\" scrolling=\"no\" class=\"wp-embedded-content\"><\/iframe><script>\n\/*! This file is auto-generated *\/\n!function(d,l){\"use strict\";l.querySelector&&d.addEventListener&&\"undefined\"!=typeof URL&&(d.wp=d.wp||{},d.wp.receiveEmbedMessage||(d.wp.receiveEmbedMessage=function(e){var t=e.data;if((t||t.secret||t.message||t.value)&&!\/[^a-zA-Z0-9]\/.test(t.secret)){for(var s,r,n,a=l.querySelectorAll('iframe[data-secret=\"'+t.secret+'\"]'),o=l.querySelectorAll('blockquote[data-secret=\"'+t.secret+'\"]'),c=new RegExp(\"^https?:$\",\"i\"),i=0;i<o.length;i++)o[i].style.display=\"none\";for(i=0;i<a.length;i++)s=a[i],e.source===s.contentWindow&&(s.removeAttribute(\"style\"),\"height\"===t.message?(1e3<(r=parseInt(t.value,10))?r=1e3:~~r<200&&(r=200),s.height=r):\"link\"===t.message&&(r=new URL(s.getAttribute(\"src\")),n=new URL(t.value),c.test(n.protocol))&&n.host===r.host&&l.activeElement===s&&(d.top.location.href=t.value))}},d.addEventListener(\"message\",d.wp.receiveEmbedMessage,!1),l.addEventListener(\"DOMContentLoaded\",function(){for(var e,t,s=l.querySelectorAll(\"iframe.wp-embedded-content\"),r=0;r<s.length;r++)(t=(e=s[r]).getAttribute(\"data-secret\"))||(t=Math.random().toString(36).substring(2,12),e.src+=\"#?secret=\"+t,e.setAttribute(\"data-secret\",t)),e.contentWindow.postMessage({message:\"ready\",secret:t},\"*\")},!1)))}(window,document);\n\/\/# sourceURL=https:\/\/www.modave.be\/wp-includes\/js\/wp-embed.min.js\n<\/script>\n","thumbnail_url":"https:\/\/www.modave.be\/wp-content\/uploads\/2025\/06\/Vigilance-1-e1771853258923.png","thumbnail_width":1080,"thumbnail_height":540,"description":"Rappel | D\u00e9claration des secondes r\u00e9sidences Un petit rappel pour les personnes disposant d\u2019une seconde r\u00e9sidence sur la commune de Modave. Si vous \u00eates concern\u00e9, nous vous invitons \u00e0 compl\u00e9ter la d\u00e9claration relative \u00e0 la taxe et \u00e0 la transmettre au service Taxes pour le 31 mars. M\u00eame si vous n\u2019avez pas re\u00e7u de courrier,&hellip;"}