{"version":"1.0","provider_name":"Commune de Modave","provider_url":"https:\/\/www.modave.be","author_name":"Fran\u00e7ois Dombret","author_url":"https:\/\/www.modave.be\/index.php\/author\/fdo\/","title":"Tir de mine | Carri\u00e8re Bi\u00e9leux | 10 juillet - Commune de Modave","type":"rich","width":600,"height":338,"html":"<blockquote class=\"wp-embedded-content\" data-secret=\"qP1yloflPO\"><a href=\"https:\/\/www.modave.be\/index.php\/services_communaux\/tir-de-mine-carriere-bieleux-10-juillet\/\">Tir de mine | Carri\u00e8re Bi\u00e9leux | 10 juillet<\/a><\/blockquote><iframe sandbox=\"allow-scripts\" security=\"restricted\" src=\"https:\/\/www.modave.be\/index.php\/services_communaux\/tir-de-mine-carriere-bieleux-10-juillet\/embed\/#?secret=qP1yloflPO\" width=\"600\" height=\"338\" title=\"\u00ab\u00a0Tir de mine | Carri\u00e8re Bi\u00e9leux | 10 juillet\u00a0\u00bb &#8212; Commune de Modave\" data-secret=\"qP1yloflPO\" frameborder=\"0\" marginwidth=\"0\" marginheight=\"0\" scrolling=\"no\" class=\"wp-embedded-content\"><\/iframe><script>\n\/*! This file is auto-generated *\/\n!function(d,l){\"use strict\";l.querySelector&&d.addEventListener&&\"undefined\"!=typeof URL&&(d.wp=d.wp||{},d.wp.receiveEmbedMessage||(d.wp.receiveEmbedMessage=function(e){var t=e.data;if((t||t.secret||t.message||t.value)&&!\/[^a-zA-Z0-9]\/.test(t.secret)){for(var s,r,n,a=l.querySelectorAll('iframe[data-secret=\"'+t.secret+'\"]'),o=l.querySelectorAll('blockquote[data-secret=\"'+t.secret+'\"]'),c=new RegExp(\"^https?:$\",\"i\"),i=0;i<o.length;i++)o[i].style.display=\"none\";for(i=0;i<a.length;i++)s=a[i],e.source===s.contentWindow&&(s.removeAttribute(\"style\"),\"height\"===t.message?(1e3<(r=parseInt(t.value,10))?r=1e3:~~r<200&&(r=200),s.height=r):\"link\"===t.message&&(r=new URL(s.getAttribute(\"src\")),n=new URL(t.value),c.test(n.protocol))&&n.host===r.host&&l.activeElement===s&&(d.top.location.href=t.value))}},d.addEventListener(\"message\",d.wp.receiveEmbedMessage,!1),l.addEventListener(\"DOMContentLoaded\",function(){for(var e,t,s=l.querySelectorAll(\"iframe.wp-embedded-content\"),r=0;r<s.length;r++)(t=(e=s[r]).getAttribute(\"data-secret\"))||(t=Math.random().toString(36).substring(2,12),e.src+=\"#?secret=\"+t,e.setAttribute(\"data-secret\",t)),e.contentWindow.postMessage({message:\"ready\",secret:t},\"*\")},!1)))}(window,document);\n\/\/# sourceURL=https:\/\/www.modave.be\/wp-includes\/js\/wp-embed.min.js\n<\/script>\n","thumbnail_url":"https:\/\/www.modave.be\/wp-content\/uploads\/2023\/04\/chantier-v2-e1727685320454.jpg","thumbnail_width":1280,"thumbnail_height":640,"description":"\ud835\udc00\ud835\udc15\ud835\udc08\ud835\udc12 \ud835\udc08\ud835\udc0c\ud835\udc0f\ud835\udc0e\ud835\udc11\ud835\udc13\ud835\udc00\ud835\udc0d\ud835\udc13 | \ud835\udc13\ud835\udc08\ud835\udc11 \ud835\udc03\ud835\udc04 \ud835\udc0c\ud835\udc08\ud835\udc0d\ud835\udc04 Nous vous informons qu\u2019un tir sera r\u00e9alis\u00e9 \u00e0 la carri\u00e8re Les Bi\u00e9leux \u00e0 Modave le 10 juillet entre 12h et 14h. N\u2019h\u00e9sitez pas \u00e0 en informer votre entourage, et merci pour votre attention !"}