{"version":"1.0","provider_name":"Commune de Modave","provider_url":"https:\/\/www.modave.be","author_name":"Fran\u00e7ois Dombret","author_url":"https:\/\/www.modave.be\/index.php\/author\/fdo\/","title":"TRAVAUX DE REFECTION | N66 - Commune de Modave","type":"rich","width":600,"height":338,"html":"<blockquote class=\"wp-embedded-content\" data-secret=\"lWsJaZYi0j\"><a href=\"https:\/\/www.modave.be\/index.php\/services_communaux\/travaux-de-refection-n66\/\">TRAVAUX DE REFECTION | N66<\/a><\/blockquote><iframe sandbox=\"allow-scripts\" security=\"restricted\" src=\"https:\/\/www.modave.be\/index.php\/services_communaux\/travaux-de-refection-n66\/embed\/#?secret=lWsJaZYi0j\" width=\"600\" height=\"338\" title=\"\u00ab\u00a0TRAVAUX DE REFECTION | N66\u00a0\u00bb &#8212; Commune de Modave\" data-secret=\"lWsJaZYi0j\" frameborder=\"0\" marginwidth=\"0\" marginheight=\"0\" scrolling=\"no\" class=\"wp-embedded-content\"><\/iframe><script>\n\/*! This file is auto-generated *\/\n!function(d,l){\"use strict\";l.querySelector&&d.addEventListener&&\"undefined\"!=typeof URL&&(d.wp=d.wp||{},d.wp.receiveEmbedMessage||(d.wp.receiveEmbedMessage=function(e){var t=e.data;if((t||t.secret||t.message||t.value)&&!\/[^a-zA-Z0-9]\/.test(t.secret)){for(var s,r,n,a=l.querySelectorAll('iframe[data-secret=\"'+t.secret+'\"]'),o=l.querySelectorAll('blockquote[data-secret=\"'+t.secret+'\"]'),c=new RegExp(\"^https?:$\",\"i\"),i=0;i<o.length;i++)o[i].style.display=\"none\";for(i=0;i<a.length;i++)s=a[i],e.source===s.contentWindow&&(s.removeAttribute(\"style\"),\"height\"===t.message?(1e3<(r=parseInt(t.value,10))?r=1e3:~~r<200&&(r=200),s.height=r):\"link\"===t.message&&(r=new URL(s.getAttribute(\"src\")),n=new URL(t.value),c.test(n.protocol))&&n.host===r.host&&l.activeElement===s&&(d.top.location.href=t.value))}},d.addEventListener(\"message\",d.wp.receiveEmbedMessage,!1),l.addEventListener(\"DOMContentLoaded\",function(){for(var e,t,s=l.querySelectorAll(\"iframe.wp-embedded-content\"),r=0;r<s.length;r++)(t=(e=s[r]).getAttribute(\"data-secret\"))||(t=Math.random().toString(36).substring(2,12),e.src+=\"#?secret=\"+t,e.setAttribute(\"data-secret\",t)),e.contentWindow.postMessage({message:\"ready\",secret:t},\"*\")},!1)))}(window,document);\n\/\/# sourceURL=https:\/\/www.modave.be\/wp-includes\/js\/wp-embed.min.js\n<\/script>\n","thumbnail_url":"https:\/\/www.modave.be\/wp-content\/uploads\/2025\/01\/Copie-de-Copie-de-Copie-de-communedemodave-e1738227258645.jpg","thumbnail_width":986,"thumbnail_height":493,"description":"Avis aux usagers \u2013 Travaux de r\u00e9fection sur la N66 \ud83d\udcc5 P\u00e9riode des travauxLes interventions se d\u00e9rouleront du 24 f\u00e9vrier au 7 mars 2025. \ud83d\udea6 Impact sur la circulationUn plan de signalisation sera mis en place afin d\u2019assurer la s\u00e9curit\u00e9 des usagers et des \u00e9quipes sur le terrain. Nous vous invitons \u00e0 redoubler de prudence&hellip;"}