{"id":13732,"date":"2024-10-16T11:04:48","date_gmt":"2024-10-16T09:04:48","guid":{"rendered":"https:\/\/www.modave.be\/?post_type=ajde_events&#038;p=13732"},"modified":"2024-10-16T11:51:44","modified_gmt":"2024-10-16T09:51:44","slug":"cinema-en-campagne-quand-le-syndicat-creve-lecran-copy","status":"publish","type":"ajde_events","link":"https:\/\/www.modave.be\/index.php\/events\/cinema-en-campagne-quand-le-syndicat-creve-lecran-copy\/","title":{"rendered":"Cin\u00e9ma en campagne : \u00ab\u00a0Un p&rsquo;tit truc en plus\u00a0\u00bb de Artus"},"content":{"rendered":"\n<p>Mercredi 20.11.24 \u00e0 14:00<\/p>\n\n\n\n<p><strong>\u00ab\u00a0Un p\u2019tit truc en plus\u00a0\u00bb de Artus<\/strong><\/p>\n\n\n\n<p>Pour ceux qui auraient loup\u00e9 le film \u00e9v\u00e9nement de cet \u00e9t\u00e9, pour ceux qui veulent le revoir, pour ceux qui veulent passer un bon apr\u00e8s-midi en notre compagnie, nous vous proposons un cin\u00e9 en famille sous le signe de la bonne humeur.<\/p>\n\n\n\n<p>Pour \u00e9chapper \u00e0 la police, un fils et son p\u00e8re en cavale sont contraints de trouver refuge dans une colonie de vacances pour jeunes adultes en situation de handicap, se faisant passer pour un pensionnaire et son \u00e9ducateur sp\u00e9cialis\u00e9. Le d\u00e9but des emmerdes et d\u2019une formidable exp\u00e9rience humaine qui va les changer \u00e0 jamais.<\/p>\n\n\n\n<blockquote class=\"wp-block-quote is-layout-flow wp-block-quote-is-layout-flow\">\n<p>Mercredi 20 novembre \u00e0 14h<br>\u00c0 l&rsquo;Espace-test, Rue des Aub\u00e9pines \u00e0 Str\u00e9e (derri\u00e8re la pompe \u00e0 essence Total)<\/p>\n<\/blockquote>\n\n\n\n<p class=\"has-text-color has-link-color wp-elements-cc9ab160645614a586ddb78a695197a8\" style=\"color:#ff0000\">Entr\u00e9e libre<br>R\u00e9servations : <a href=\"http:\/\/oyou.be\">oyou.be<\/a><\/p>\n\n\n\n<p><\/p>\n","protected":false},"author":9,"featured_media":13733,"menu_order":0,"comment_status":"closed","ping_status":"closed","template":"","meta":[],"tags":[],"event_type":[186],"event_type_2":[],"event_type_3":[],"event_type_4":[],"class_list":["post-13732","ajde_events","type-ajde_events","status-publish","has-post-thumbnail","hentry","event_location-espace-test-de-stree","event_organizer-oyou","event_type-culture","description-off"],"yoast_head":"<!-- This site is optimized with the Yoast SEO plugin v27.5 - https:\/\/yoast.com\/product\/yoast-seo-wordpress\/ -->\n<title>Cin\u00e9ma en campagne : \u00ab\u00a0Un p&#039;tit truc en plus\u00a0\u00bb de Artus - Commune de Modave<\/title>\n<meta name=\"robots\" content=\"index, follow, max-snippet:-1, max-image-preview:large, max-video-preview:-1\" \/>\n<link rel=\"canonical\" href=\"https:\/\/www.modave.be\/index.php\/events\/cinema-en-campagne-quand-le-syndicat-creve-lecran-copy\/\" \/>\n<meta property=\"og:locale\" content=\"fr_FR\" \/>\n<meta property=\"og:type\" content=\"article\" \/>\n<meta property=\"og:title\" content=\"Cin\u00e9ma en campagne : \u00ab\u00a0Un p&#039;tit truc en plus\u00a0\u00bb de Artus - Commune de Modave\" \/>\n<meta property=\"og:description\" content=\"Mercredi 20.11.24 \u00e0 14:00 \u00ab\u00a0Un p\u2019tit truc en plus\u00a0\u00bb de Artus Pour ceux qui auraient loup\u00e9 le film \u00e9v\u00e9nement de cet \u00e9t\u00e9, pour ceux qui veulent le revoir, pour ceux qui veulent passer un bon apr\u00e8s-midi en notre compagnie, nous vous proposons un cin\u00e9 en famille sous le signe de la bonne humeur. Pour \u00e9chapper&hellip;\" \/>\n<meta property=\"og:url\" content=\"https:\/\/www.modave.be\/index.php\/events\/cinema-en-campagne-quand-le-syndicat-creve-lecran-copy\/\" \/>\n<meta property=\"og:site_name\" content=\"Commune de Modave\" \/>\n<meta property=\"article:modified_time\" content=\"2024-10-16T09:51:44+00:00\" \/>\n<meta property=\"og:image\" content=\"https:\/\/www.modave.be\/wp-content\/uploads\/2024\/10\/Affiche-Artus.jpg\" \/>\n\t<meta property=\"og:image:width\" content=\"1280\" \/>\n\t<meta property=\"og:image:height\" content=\"720\" \/>\n\t<meta property=\"og:image:type\" content=\"image\/jpeg\" \/>\n<meta name=\"twitter:card\" content=\"summary_large_image\" \/>\n<meta name=\"twitter:label1\" content=\"Dur\u00e9e de lecture estim\u00e9e\" \/>\n\t<meta name=\"twitter:data1\" content=\"1 minute\" \/>\n<script type=\"application\/ld+json\" class=\"yoast-schema-graph\">{\"@context\":\"https:\\\/\\\/schema.org\",\"@graph\":[{\"@type\":\"WebPage\",\"@id\":\"https:\\\/\\\/www.modave.be\\\/index.php\\\/events\\\/cinema-en-campagne-quand-le-syndicat-creve-lecran-copy\\\/\",\"url\":\"https:\\\/\\\/www.modave.be\\\/index.php\\\/events\\\/cinema-en-campagne-quand-le-syndicat-creve-lecran-copy\\\/\",\"name\":\"Cin\u00e9ma en campagne : \u00ab\u00a0Un p'tit truc en plus\u00a0\u00bb de Artus - Commune de Modave\",\"isPartOf\":{\"@id\":\"https:\\\/\\\/www.modave.be\\\/#website\"},\"primaryImageOfPage\":{\"@id\":\"https:\\\/\\\/www.modave.be\\\/index.php\\\/events\\\/cinema-en-campagne-quand-le-syndicat-creve-lecran-copy\\\/#primaryimage\"},\"image\":{\"@id\":\"https:\\\/\\\/www.modave.be\\\/index.php\\\/events\\\/cinema-en-campagne-quand-le-syndicat-creve-lecran-copy\\\/#primaryimage\"},\"thumbnailUrl\":\"https:\\\/\\\/www.modave.be\\\/wp-content\\\/uploads\\\/2024\\\/10\\\/Affiche-Artus.jpg\",\"datePublished\":\"2024-10-16T09:04:48+00:00\",\"dateModified\":\"2024-10-16T09:51:44+00:00\",\"breadcrumb\":{\"@id\":\"https:\\\/\\\/www.modave.be\\\/index.php\\\/events\\\/cinema-en-campagne-quand-le-syndicat-creve-lecran-copy\\\/#breadcrumb\"},\"inLanguage\":\"fr-FR\",\"potentialAction\":[{\"@type\":\"ReadAction\",\"target\":[\"https:\\\/\\\/www.modave.be\\\/index.php\\\/events\\\/cinema-en-campagne-quand-le-syndicat-creve-lecran-copy\\\/\"]}]},{\"@type\":\"ImageObject\",\"inLanguage\":\"fr-FR\",\"@id\":\"https:\\\/\\\/www.modave.be\\\/index.php\\\/events\\\/cinema-en-campagne-quand-le-syndicat-creve-lecran-copy\\\/#primaryimage\",\"url\":\"https:\\\/\\\/www.modave.be\\\/wp-content\\\/uploads\\\/2024\\\/10\\\/Affiche-Artus.jpg\",\"contentUrl\":\"https:\\\/\\\/www.modave.be\\\/wp-content\\\/uploads\\\/2024\\\/10\\\/Affiche-Artus.jpg\",\"width\":1280,\"height\":720},{\"@type\":\"BreadcrumbList\",\"@id\":\"https:\\\/\\\/www.modave.be\\\/index.php\\\/events\\\/cinema-en-campagne-quand-le-syndicat-creve-lecran-copy\\\/#breadcrumb\",\"itemListElement\":[{\"@type\":\"ListItem\",\"position\":1,\"name\":\"Accueil\",\"item\":\"https:\\\/\\\/www.modave.be\\\/\"},{\"@type\":\"ListItem\",\"position\":2,\"name\":\"Events\",\"item\":\"https:\\\/\\\/www.modave.be\\\/index.php\\\/events\\\/\"},{\"@type\":\"ListItem\",\"position\":3,\"name\":\"Cin\u00e9ma en campagne : \u00ab\u00a0Un p&rsquo;tit truc en plus\u00a0\u00bb de Artus\"}]},{\"@type\":\"WebSite\",\"@id\":\"https:\\\/\\\/www.modave.be\\\/#website\",\"url\":\"https:\\\/\\\/www.modave.be\\\/\",\"name\":\"Commune de Modave\",\"description\":\"Commune de Modave\",\"publisher\":{\"@id\":\"https:\\\/\\\/www.modave.be\\\/#organization\"},\"potentialAction\":[{\"@type\":\"SearchAction\",\"target\":{\"@type\":\"EntryPoint\",\"urlTemplate\":\"https:\\\/\\\/www.modave.be\\\/?s={search_term_string}\"},\"query-input\":{\"@type\":\"PropertyValueSpecification\",\"valueRequired\":true,\"valueName\":\"search_term_string\"}}],\"inLanguage\":\"fr-FR\"},{\"@type\":\"Organization\",\"@id\":\"https:\\\/\\\/www.modave.be\\\/#organization\",\"name\":\"Commune de Modave\",\"url\":\"https:\\\/\\\/www.modave.be\\\/\",\"logo\":{\"@type\":\"ImageObject\",\"inLanguage\":\"fr-FR\",\"@id\":\"https:\\\/\\\/www.modave.be\\\/#\\\/schema\\\/logo\\\/image\\\/\",\"url\":\"https:\\\/\\\/www.modave.be\\\/wp-content\\\/uploads\\\/2021\\\/12\\\/MODAVE_LOGO_HORIZONTAL_QUADRI_RVB.png\",\"contentUrl\":\"https:\\\/\\\/www.modave.be\\\/wp-content\\\/uploads\\\/2021\\\/12\\\/MODAVE_LOGO_HORIZONTAL_QUADRI_RVB.png\",\"width\":1200,\"height\":501,\"caption\":\"Commune de Modave\"},\"image\":{\"@id\":\"https:\\\/\\\/www.modave.be\\\/#\\\/schema\\\/logo\\\/image\\\/\"}}]}<\/script>\n<!-- \/ Yoast SEO plugin. -->","yoast_head_json":{"title":"Cin\u00e9ma en campagne : \u00ab\u00a0Un p'tit truc en plus\u00a0\u00bb de Artus - Commune de Modave","robots":{"index":"index","follow":"follow","max-snippet":"max-snippet:-1","max-image-preview":"max-image-preview:large","max-video-preview":"max-video-preview:-1"},"canonical":"https:\/\/www.modave.be\/index.php\/events\/cinema-en-campagne-quand-le-syndicat-creve-lecran-copy\/","og_locale":"fr_FR","og_type":"article","og_title":"Cin\u00e9ma en campagne : \u00ab\u00a0Un p'tit truc en plus\u00a0\u00bb de Artus - Commune de Modave","og_description":"Mercredi 20.11.24 \u00e0 14:00 \u00ab\u00a0Un p\u2019tit truc en plus\u00a0\u00bb de Artus Pour ceux qui auraient loup\u00e9 le film \u00e9v\u00e9nement de cet \u00e9t\u00e9, pour ceux qui veulent le revoir, pour ceux qui veulent passer un bon apr\u00e8s-midi en notre compagnie, nous vous proposons un cin\u00e9 en famille sous le signe de la bonne humeur. Pour \u00e9chapper&hellip;","og_url":"https:\/\/www.modave.be\/index.php\/events\/cinema-en-campagne-quand-le-syndicat-creve-lecran-copy\/","og_site_name":"Commune de Modave","article_modified_time":"2024-10-16T09:51:44+00:00","og_image":[{"width":1280,"height":720,"url":"https:\/\/www.modave.be\/wp-content\/uploads\/2024\/10\/Affiche-Artus.jpg","type":"image\/jpeg"}],"twitter_card":"summary_large_image","twitter_misc":{"Dur\u00e9e de lecture estim\u00e9e":"1 minute"},"schema":{"@context":"https:\/\/schema.org","@graph":[{"@type":"WebPage","@id":"https:\/\/www.modave.be\/index.php\/events\/cinema-en-campagne-quand-le-syndicat-creve-lecran-copy\/","url":"https:\/\/www.modave.be\/index.php\/events\/cinema-en-campagne-quand-le-syndicat-creve-lecran-copy\/","name":"Cin\u00e9ma en campagne : \u00ab\u00a0Un p'tit truc en plus\u00a0\u00bb de Artus - Commune de Modave","isPartOf":{"@id":"https:\/\/www.modave.be\/#website"},"primaryImageOfPage":{"@id":"https:\/\/www.modave.be\/index.php\/events\/cinema-en-campagne-quand-le-syndicat-creve-lecran-copy\/#primaryimage"},"image":{"@id":"https:\/\/www.modave.be\/index.php\/events\/cinema-en-campagne-quand-le-syndicat-creve-lecran-copy\/#primaryimage"},"thumbnailUrl":"https:\/\/www.modave.be\/wp-content\/uploads\/2024\/10\/Affiche-Artus.jpg","datePublished":"2024-10-16T09:04:48+00:00","dateModified":"2024-10-16T09:51:44+00:00","breadcrumb":{"@id":"https:\/\/www.modave.be\/index.php\/events\/cinema-en-campagne-quand-le-syndicat-creve-lecran-copy\/#breadcrumb"},"inLanguage":"fr-FR","potentialAction":[{"@type":"ReadAction","target":["https:\/\/www.modave.be\/index.php\/events\/cinema-en-campagne-quand-le-syndicat-creve-lecran-copy\/"]}]},{"@type":"ImageObject","inLanguage":"fr-FR","@id":"https:\/\/www.modave.be\/index.php\/events\/cinema-en-campagne-quand-le-syndicat-creve-lecran-copy\/#primaryimage","url":"https:\/\/www.modave.be\/wp-content\/uploads\/2024\/10\/Affiche-Artus.jpg","contentUrl":"https:\/\/www.modave.be\/wp-content\/uploads\/2024\/10\/Affiche-Artus.jpg","width":1280,"height":720},{"@type":"BreadcrumbList","@id":"https:\/\/www.modave.be\/index.php\/events\/cinema-en-campagne-quand-le-syndicat-creve-lecran-copy\/#breadcrumb","itemListElement":[{"@type":"ListItem","position":1,"name":"Accueil","item":"https:\/\/www.modave.be\/"},{"@type":"ListItem","position":2,"name":"Events","item":"https:\/\/www.modave.be\/index.php\/events\/"},{"@type":"ListItem","position":3,"name":"Cin\u00e9ma en campagne : \u00ab\u00a0Un p&rsquo;tit truc en plus\u00a0\u00bb de Artus"}]},{"@type":"WebSite","@id":"https:\/\/www.modave.be\/#website","url":"https:\/\/www.modave.be\/","name":"Commune de Modave","description":"Commune de Modave","publisher":{"@id":"https:\/\/www.modave.be\/#organization"},"potentialAction":[{"@type":"SearchAction","target":{"@type":"EntryPoint","urlTemplate":"https:\/\/www.modave.be\/?s={search_term_string}"},"query-input":{"@type":"PropertyValueSpecification","valueRequired":true,"valueName":"search_term_string"}}],"inLanguage":"fr-FR"},{"@type":"Organization","@id":"https:\/\/www.modave.be\/#organization","name":"Commune de Modave","url":"https:\/\/www.modave.be\/","logo":{"@type":"ImageObject","inLanguage":"fr-FR","@id":"https:\/\/www.modave.be\/#\/schema\/logo\/image\/","url":"https:\/\/www.modave.be\/wp-content\/uploads\/2021\/12\/MODAVE_LOGO_HORIZONTAL_QUADRI_RVB.png","contentUrl":"https:\/\/www.modave.be\/wp-content\/uploads\/2021\/12\/MODAVE_LOGO_HORIZONTAL_QUADRI_RVB.png","width":1200,"height":501,"caption":"Commune de Modave"},"image":{"@id":"https:\/\/www.modave.be\/#\/schema\/logo\/image\/"}}]}},"_links":{"self":[{"href":"https:\/\/www.modave.be\/index.php\/wp-json\/wp\/v2\/ajde_events\/13732","targetHints":{"allow":["GET"]}}],"collection":[{"href":"https:\/\/www.modave.be\/index.php\/wp-json\/wp\/v2\/ajde_events"}],"about":[{"href":"https:\/\/www.modave.be\/index.php\/wp-json\/wp\/v2\/types\/ajde_events"}],"author":[{"embeddable":true,"href":"https:\/\/www.modave.be\/index.php\/wp-json\/wp\/v2\/users\/9"}],"replies":[{"embeddable":true,"href":"https:\/\/www.modave.be\/index.php\/wp-json\/wp\/v2\/comments?post=13732"}],"wp:featuredmedia":[{"embeddable":true,"href":"https:\/\/www.modave.be\/index.php\/wp-json\/wp\/v2\/media\/13733"}],"wp:attachment":[{"href":"https:\/\/www.modave.be\/index.php\/wp-json\/wp\/v2\/media?parent=13732"}],"wp:term":[{"taxonomy":"post_tag","embeddable":true,"href":"https:\/\/www.modave.be\/index.php\/wp-json\/wp\/v2\/tags?post=13732"},{"taxonomy":"event_type","embeddable":true,"href":"https:\/\/www.modave.be\/index.php\/wp-json\/wp\/v2\/event_type?post=13732"},{"taxonomy":"event_type_2","embeddable":true,"href":"https:\/\/www.modave.be\/index.php\/wp-json\/wp\/v2\/event_type_2?post=13732"},{"taxonomy":"event_type_3","embeddable":true,"href":"https:\/\/www.modave.be\/index.php\/wp-json\/wp\/v2\/event_type_3?post=13732"},{"taxonomy":"event_type_4","embeddable":true,"href":"https:\/\/www.modave.be\/index.php\/wp-json\/wp\/v2\/event_type_4?post=13732"}],"curies":[{"name":"wp","href":"https:\/\/api.w.org\/{rel}","templated":true}]}}