{"id":13742,"date":"2024-10-16T11:50:12","date_gmt":"2024-10-16T09:50:12","guid":{"rendered":"https:\/\/www.modave.be\/?post_type=ajde_events&#038;p=13742"},"modified":"2024-10-16T11:51:28","modified_gmt":"2024-10-16T09:51:28","slug":"cinema-en-campagne-les-secrets-de-mon-pere-de-vera-belmont","status":"publish","type":"ajde_events","link":"https:\/\/www.modave.be\/index.php\/events\/cinema-en-campagne-les-secrets-de-mon-pere-de-vera-belmont\/","title":{"rendered":"Cin\u00e9ma en campagne : \u00ab\u00a0Les secrets de mon p\u00e8re\u00a0\u00bb de vera Belmont"},"content":{"rendered":"\n<p>Dans les ann\u00e9es 60, en Belgique, Michel et son fr\u00e8re Charly vivent une enfance heureuse dans leur famille juive. Leur p\u00e8re, taiseux et discret, ne livre rien de son pass\u00e9. Les deux fr\u00e8res l\u2019imaginent en grand aventurier, pirate ou chercheur de tr\u00e9sors\u2026 Mais que cache-t-il ?<br>Adaptation de la bande dessin\u00e9e Deuxi\u00e8me g\u00e9n\u00e9ration de Michel Kichka (\u00e9ditions Dargaud).<\/p>\n\n\n\n<p>Les secrets de mon p\u00e8re explorent l&rsquo;impact de la Shoah sur une famille juive belge \u00e0 travers les yeux de Michel Kichka, auteur et illustrateur. Adapt\u00e9 de sa bande dessin\u00e9e \u00ab\u00a0Deuxi\u00e8me g\u00e9n\u00e9ration, ce que je n&rsquo;ai pas dit \u00e0 mon p\u00e8re\u00a0\u00bb, le film \u00ab\u00a0Les Secrets de mon p\u00e8re\u00a0\u00bb retrace la vie de Michel et sa relation complexe avec son p\u00e8re Henri, survivant d&rsquo;Auschwitz.<\/p>\n\n\n\n<p>Apr\u00e8s la guerre, Henri revient \u00e0 Li\u00e8ge, s&rsquo;installe \u00e0 Seraing et fonde une famille. Michel et ses fr\u00e8res et s\u0153urs grandissent dans les ann\u00e9es 60, une \u00e9poque encore marqu\u00e9e par le traumatisme des camps. Henri, enferm\u00e9 dans un silence protecteur, \u00e9vite de parler de son pass\u00e9. Michel et son fr\u00e8re Charlie, intrigu\u00e9s par des indices tels que le num\u00e9ro tatou\u00e9 sur le bras de leur p\u00e8re et les secrets cach\u00e9s dans son bureau, imaginent des histoires pour combler les blancs.<\/p>\n\n\n\n<p>V\u00e9ra Belmont, la r\u00e9alisatrice, s&rsquo;int\u00e9resse \u00e0 la transmission de ce traumatisme aux jeunes g\u00e9n\u00e9rations. Son film d&rsquo;animation, guid\u00e9 par Marc Jousset constitue un subtil \u00e9quilibre entre l&rsquo;innocence de l&rsquo;enfance et la gravit\u00e9 de l\u2019histoire. Soutenu par une r\u00e9alisation anim\u00e9e pr\u00e9cise et \u00e9l\u00e9gante et une bande son \u00e9mouvante, le film vise \u00e0 sensibiliser les jeunes sur la Shoah tout en respectant les exp\u00e9riences des survivants. Le film montrent comment les survivants et leurs descendants traversent le temps entre le silence et l&rsquo;expression de leur douloureux h\u00e9ritage.<\/p>\n\n\n\n<p>En pr\u00e9sence d&rsquo;artistes animateurs du studio li\u00e9geois Waooh ! et de Philippe Reynaert.<\/p>\n\n\n\n<p>Dans le cadre de PolitiK, Les rencontres internationales du film politique.&nbsp;<\/p>\n\n\n\n<p>Une organisation d\u2019OYOU et du <a href=\"https:\/\/www.pac-g.be\/regionale\/huy-waremme\/#p-agenda-6\">PAC Huy-Waremme<\/a>.<\/p>\n\n\n\n<blockquote class=\"wp-block-quote is-layout-flow wp-block-quote-is-layout-flow\">\n<p>Samedi 7 d\u00e9cembre \u00e0 16h<br>\u00c0 l&rsquo;Espace-test, Rue des Aub\u00e9pines \u00e0 Str\u00e9e (derri\u00e8re la pompe \u00e0 essence Total)<\/p>\n<\/blockquote>\n\n\n\n<p class=\"has-text-color has-link-color wp-elements-ebc3f380494c4830e42ad605263dd558\" style=\"color:#ff0000\">D\u00e8s 9 ans<br>R\u00e9servations&nbsp; : oyou.be<\/p>\n\n\n\n<p><\/p>\n","protected":false},"author":9,"featured_media":13743,"menu_order":0,"comment_status":"closed","ping_status":"closed","template":"","meta":[],"tags":[],"event_type":[186],"event_type_2":[],"event_type_3":[],"event_type_4":[],"class_list":["post-13742","ajde_events","type-ajde_events","status-publish","has-post-thumbnail","hentry","event_location-espace-test-de-stree","event_organizer-oyou","event_type-culture","description-off"],"yoast_head":"<!-- This site is optimized with the Yoast SEO plugin v27.5 - https:\/\/yoast.com\/product\/yoast-seo-wordpress\/ -->\n<title>Cin\u00e9ma en campagne : \u00ab\u00a0Les secrets de mon p\u00e8re\u00a0\u00bb de vera Belmont - Commune de Modave<\/title>\n<meta name=\"robots\" content=\"index, follow, max-snippet:-1, max-image-preview:large, max-video-preview:-1\" \/>\n<link rel=\"canonical\" href=\"https:\/\/www.modave.be\/index.php\/events\/cinema-en-campagne-les-secrets-de-mon-pere-de-vera-belmont\/\" \/>\n<meta property=\"og:locale\" content=\"fr_FR\" \/>\n<meta property=\"og:type\" content=\"article\" \/>\n<meta property=\"og:title\" content=\"Cin\u00e9ma en campagne : \u00ab\u00a0Les secrets de mon p\u00e8re\u00a0\u00bb de vera Belmont - Commune de Modave\" \/>\n<meta property=\"og:description\" content=\"Dans les ann\u00e9es 60, en Belgique, Michel et son fr\u00e8re Charly vivent une enfance heureuse dans leur famille juive. Leur p\u00e8re, taiseux et discret, ne livre rien de son pass\u00e9. Les deux fr\u00e8res l\u2019imaginent en grand aventurier, pirate ou chercheur de tr\u00e9sors\u2026 Mais que cache-t-il ?Adaptation de la bande dessin\u00e9e Deuxi\u00e8me g\u00e9n\u00e9ration de Michel Kichka&hellip;\" \/>\n<meta property=\"og:url\" content=\"https:\/\/www.modave.be\/index.php\/events\/cinema-en-campagne-les-secrets-de-mon-pere-de-vera-belmont\/\" \/>\n<meta property=\"og:site_name\" content=\"Commune de Modave\" \/>\n<meta property=\"article:modified_time\" content=\"2024-10-16T09:51:28+00:00\" \/>\n<meta property=\"og:image\" content=\"https:\/\/www.modave.be\/wp-content\/uploads\/2024\/10\/images.jpg\" \/>\n\t<meta property=\"og:image:width\" content=\"300\" \/>\n\t<meta property=\"og:image:height\" content=\"168\" \/>\n\t<meta property=\"og:image:type\" content=\"image\/jpeg\" \/>\n<meta name=\"twitter:card\" content=\"summary_large_image\" \/>\n<meta name=\"twitter:label1\" content=\"Dur\u00e9e de lecture estim\u00e9e\" \/>\n\t<meta name=\"twitter:data1\" content=\"2 minutes\" \/>\n<script type=\"application\/ld+json\" class=\"yoast-schema-graph\">{\"@context\":\"https:\\\/\\\/schema.org\",\"@graph\":[{\"@type\":\"WebPage\",\"@id\":\"https:\\\/\\\/www.modave.be\\\/index.php\\\/events\\\/cinema-en-campagne-les-secrets-de-mon-pere-de-vera-belmont\\\/\",\"url\":\"https:\\\/\\\/www.modave.be\\\/index.php\\\/events\\\/cinema-en-campagne-les-secrets-de-mon-pere-de-vera-belmont\\\/\",\"name\":\"Cin\u00e9ma en campagne : \u00ab\u00a0Les secrets de mon p\u00e8re\u00a0\u00bb de vera Belmont - Commune de Modave\",\"isPartOf\":{\"@id\":\"https:\\\/\\\/www.modave.be\\\/#website\"},\"primaryImageOfPage\":{\"@id\":\"https:\\\/\\\/www.modave.be\\\/index.php\\\/events\\\/cinema-en-campagne-les-secrets-de-mon-pere-de-vera-belmont\\\/#primaryimage\"},\"image\":{\"@id\":\"https:\\\/\\\/www.modave.be\\\/index.php\\\/events\\\/cinema-en-campagne-les-secrets-de-mon-pere-de-vera-belmont\\\/#primaryimage\"},\"thumbnailUrl\":\"https:\\\/\\\/www.modave.be\\\/wp-content\\\/uploads\\\/2024\\\/10\\\/images.jpg\",\"datePublished\":\"2024-10-16T09:50:12+00:00\",\"dateModified\":\"2024-10-16T09:51:28+00:00\",\"breadcrumb\":{\"@id\":\"https:\\\/\\\/www.modave.be\\\/index.php\\\/events\\\/cinema-en-campagne-les-secrets-de-mon-pere-de-vera-belmont\\\/#breadcrumb\"},\"inLanguage\":\"fr-FR\",\"potentialAction\":[{\"@type\":\"ReadAction\",\"target\":[\"https:\\\/\\\/www.modave.be\\\/index.php\\\/events\\\/cinema-en-campagne-les-secrets-de-mon-pere-de-vera-belmont\\\/\"]}]},{\"@type\":\"ImageObject\",\"inLanguage\":\"fr-FR\",\"@id\":\"https:\\\/\\\/www.modave.be\\\/index.php\\\/events\\\/cinema-en-campagne-les-secrets-de-mon-pere-de-vera-belmont\\\/#primaryimage\",\"url\":\"https:\\\/\\\/www.modave.be\\\/wp-content\\\/uploads\\\/2024\\\/10\\\/images.jpg\",\"contentUrl\":\"https:\\\/\\\/www.modave.be\\\/wp-content\\\/uploads\\\/2024\\\/10\\\/images.jpg\",\"width\":300,\"height\":168},{\"@type\":\"BreadcrumbList\",\"@id\":\"https:\\\/\\\/www.modave.be\\\/index.php\\\/events\\\/cinema-en-campagne-les-secrets-de-mon-pere-de-vera-belmont\\\/#breadcrumb\",\"itemListElement\":[{\"@type\":\"ListItem\",\"position\":1,\"name\":\"Accueil\",\"item\":\"https:\\\/\\\/www.modave.be\\\/\"},{\"@type\":\"ListItem\",\"position\":2,\"name\":\"Events\",\"item\":\"https:\\\/\\\/www.modave.be\\\/index.php\\\/events\\\/\"},{\"@type\":\"ListItem\",\"position\":3,\"name\":\"Cin\u00e9ma en campagne : \u00ab\u00a0Les secrets de mon p\u00e8re\u00a0\u00bb de vera Belmont\"}]},{\"@type\":\"WebSite\",\"@id\":\"https:\\\/\\\/www.modave.be\\\/#website\",\"url\":\"https:\\\/\\\/www.modave.be\\\/\",\"name\":\"Commune de Modave\",\"description\":\"Commune de Modave\",\"publisher\":{\"@id\":\"https:\\\/\\\/www.modave.be\\\/#organization\"},\"potentialAction\":[{\"@type\":\"SearchAction\",\"target\":{\"@type\":\"EntryPoint\",\"urlTemplate\":\"https:\\\/\\\/www.modave.be\\\/?s={search_term_string}\"},\"query-input\":{\"@type\":\"PropertyValueSpecification\",\"valueRequired\":true,\"valueName\":\"search_term_string\"}}],\"inLanguage\":\"fr-FR\"},{\"@type\":\"Organization\",\"@id\":\"https:\\\/\\\/www.modave.be\\\/#organization\",\"name\":\"Commune de Modave\",\"url\":\"https:\\\/\\\/www.modave.be\\\/\",\"logo\":{\"@type\":\"ImageObject\",\"inLanguage\":\"fr-FR\",\"@id\":\"https:\\\/\\\/www.modave.be\\\/#\\\/schema\\\/logo\\\/image\\\/\",\"url\":\"https:\\\/\\\/www.modave.be\\\/wp-content\\\/uploads\\\/2021\\\/12\\\/MODAVE_LOGO_HORIZONTAL_QUADRI_RVB.png\",\"contentUrl\":\"https:\\\/\\\/www.modave.be\\\/wp-content\\\/uploads\\\/2021\\\/12\\\/MODAVE_LOGO_HORIZONTAL_QUADRI_RVB.png\",\"width\":1200,\"height\":501,\"caption\":\"Commune de Modave\"},\"image\":{\"@id\":\"https:\\\/\\\/www.modave.be\\\/#\\\/schema\\\/logo\\\/image\\\/\"}}]}<\/script>\n<!-- \/ Yoast SEO plugin. -->","yoast_head_json":{"title":"Cin\u00e9ma en campagne : \u00ab\u00a0Les secrets de mon p\u00e8re\u00a0\u00bb de vera Belmont - Commune de Modave","robots":{"index":"index","follow":"follow","max-snippet":"max-snippet:-1","max-image-preview":"max-image-preview:large","max-video-preview":"max-video-preview:-1"},"canonical":"https:\/\/www.modave.be\/index.php\/events\/cinema-en-campagne-les-secrets-de-mon-pere-de-vera-belmont\/","og_locale":"fr_FR","og_type":"article","og_title":"Cin\u00e9ma en campagne : \u00ab\u00a0Les secrets de mon p\u00e8re\u00a0\u00bb de vera Belmont - Commune de Modave","og_description":"Dans les ann\u00e9es 60, en Belgique, Michel et son fr\u00e8re Charly vivent une enfance heureuse dans leur famille juive. Leur p\u00e8re, taiseux et discret, ne livre rien de son pass\u00e9. Les deux fr\u00e8res l\u2019imaginent en grand aventurier, pirate ou chercheur de tr\u00e9sors\u2026 Mais que cache-t-il ?Adaptation de la bande dessin\u00e9e Deuxi\u00e8me g\u00e9n\u00e9ration de Michel Kichka&hellip;","og_url":"https:\/\/www.modave.be\/index.php\/events\/cinema-en-campagne-les-secrets-de-mon-pere-de-vera-belmont\/","og_site_name":"Commune de Modave","article_modified_time":"2024-10-16T09:51:28+00:00","og_image":[{"width":300,"height":168,"url":"https:\/\/www.modave.be\/wp-content\/uploads\/2024\/10\/images.jpg","type":"image\/jpeg"}],"twitter_card":"summary_large_image","twitter_misc":{"Dur\u00e9e de lecture estim\u00e9e":"2 minutes"},"schema":{"@context":"https:\/\/schema.org","@graph":[{"@type":"WebPage","@id":"https:\/\/www.modave.be\/index.php\/events\/cinema-en-campagne-les-secrets-de-mon-pere-de-vera-belmont\/","url":"https:\/\/www.modave.be\/index.php\/events\/cinema-en-campagne-les-secrets-de-mon-pere-de-vera-belmont\/","name":"Cin\u00e9ma en campagne : \u00ab\u00a0Les secrets de mon p\u00e8re\u00a0\u00bb de vera Belmont - Commune de Modave","isPartOf":{"@id":"https:\/\/www.modave.be\/#website"},"primaryImageOfPage":{"@id":"https:\/\/www.modave.be\/index.php\/events\/cinema-en-campagne-les-secrets-de-mon-pere-de-vera-belmont\/#primaryimage"},"image":{"@id":"https:\/\/www.modave.be\/index.php\/events\/cinema-en-campagne-les-secrets-de-mon-pere-de-vera-belmont\/#primaryimage"},"thumbnailUrl":"https:\/\/www.modave.be\/wp-content\/uploads\/2024\/10\/images.jpg","datePublished":"2024-10-16T09:50:12+00:00","dateModified":"2024-10-16T09:51:28+00:00","breadcrumb":{"@id":"https:\/\/www.modave.be\/index.php\/events\/cinema-en-campagne-les-secrets-de-mon-pere-de-vera-belmont\/#breadcrumb"},"inLanguage":"fr-FR","potentialAction":[{"@type":"ReadAction","target":["https:\/\/www.modave.be\/index.php\/events\/cinema-en-campagne-les-secrets-de-mon-pere-de-vera-belmont\/"]}]},{"@type":"ImageObject","inLanguage":"fr-FR","@id":"https:\/\/www.modave.be\/index.php\/events\/cinema-en-campagne-les-secrets-de-mon-pere-de-vera-belmont\/#primaryimage","url":"https:\/\/www.modave.be\/wp-content\/uploads\/2024\/10\/images.jpg","contentUrl":"https:\/\/www.modave.be\/wp-content\/uploads\/2024\/10\/images.jpg","width":300,"height":168},{"@type":"BreadcrumbList","@id":"https:\/\/www.modave.be\/index.php\/events\/cinema-en-campagne-les-secrets-de-mon-pere-de-vera-belmont\/#breadcrumb","itemListElement":[{"@type":"ListItem","position":1,"name":"Accueil","item":"https:\/\/www.modave.be\/"},{"@type":"ListItem","position":2,"name":"Events","item":"https:\/\/www.modave.be\/index.php\/events\/"},{"@type":"ListItem","position":3,"name":"Cin\u00e9ma en campagne : \u00ab\u00a0Les secrets de mon p\u00e8re\u00a0\u00bb de vera Belmont"}]},{"@type":"WebSite","@id":"https:\/\/www.modave.be\/#website","url":"https:\/\/www.modave.be\/","name":"Commune de Modave","description":"Commune de Modave","publisher":{"@id":"https:\/\/www.modave.be\/#organization"},"potentialAction":[{"@type":"SearchAction","target":{"@type":"EntryPoint","urlTemplate":"https:\/\/www.modave.be\/?s={search_term_string}"},"query-input":{"@type":"PropertyValueSpecification","valueRequired":true,"valueName":"search_term_string"}}],"inLanguage":"fr-FR"},{"@type":"Organization","@id":"https:\/\/www.modave.be\/#organization","name":"Commune de Modave","url":"https:\/\/www.modave.be\/","logo":{"@type":"ImageObject","inLanguage":"fr-FR","@id":"https:\/\/www.modave.be\/#\/schema\/logo\/image\/","url":"https:\/\/www.modave.be\/wp-content\/uploads\/2021\/12\/MODAVE_LOGO_HORIZONTAL_QUADRI_RVB.png","contentUrl":"https:\/\/www.modave.be\/wp-content\/uploads\/2021\/12\/MODAVE_LOGO_HORIZONTAL_QUADRI_RVB.png","width":1200,"height":501,"caption":"Commune de Modave"},"image":{"@id":"https:\/\/www.modave.be\/#\/schema\/logo\/image\/"}}]}},"_links":{"self":[{"href":"https:\/\/www.modave.be\/index.php\/wp-json\/wp\/v2\/ajde_events\/13742","targetHints":{"allow":["GET"]}}],"collection":[{"href":"https:\/\/www.modave.be\/index.php\/wp-json\/wp\/v2\/ajde_events"}],"about":[{"href":"https:\/\/www.modave.be\/index.php\/wp-json\/wp\/v2\/types\/ajde_events"}],"author":[{"embeddable":true,"href":"https:\/\/www.modave.be\/index.php\/wp-json\/wp\/v2\/users\/9"}],"replies":[{"embeddable":true,"href":"https:\/\/www.modave.be\/index.php\/wp-json\/wp\/v2\/comments?post=13742"}],"wp:featuredmedia":[{"embeddable":true,"href":"https:\/\/www.modave.be\/index.php\/wp-json\/wp\/v2\/media\/13743"}],"wp:attachment":[{"href":"https:\/\/www.modave.be\/index.php\/wp-json\/wp\/v2\/media?parent=13742"}],"wp:term":[{"taxonomy":"post_tag","embeddable":true,"href":"https:\/\/www.modave.be\/index.php\/wp-json\/wp\/v2\/tags?post=13742"},{"taxonomy":"event_type","embeddable":true,"href":"https:\/\/www.modave.be\/index.php\/wp-json\/wp\/v2\/event_type?post=13742"},{"taxonomy":"event_type_2","embeddable":true,"href":"https:\/\/www.modave.be\/index.php\/wp-json\/wp\/v2\/event_type_2?post=13742"},{"taxonomy":"event_type_3","embeddable":true,"href":"https:\/\/www.modave.be\/index.php\/wp-json\/wp\/v2\/event_type_3?post=13742"},{"taxonomy":"event_type_4","embeddable":true,"href":"https:\/\/www.modave.be\/index.php\/wp-json\/wp\/v2\/event_type_4?post=13742"}],"curies":[{"name":"wp","href":"https:\/\/api.w.org\/{rel}","templated":true}]}}