{"id":14382,"date":"2025-01-07T10:04:03","date_gmt":"2025-01-07T09:04:03","guid":{"rendered":"https:\/\/www.modave.be\/?post_type=ajde_events&#038;p=14382"},"modified":"2025-01-07T10:12:08","modified_gmt":"2025-01-07T09:12:08","slug":"cinema-en-campagne-into-the-wild-de-sean-penn","status":"publish","type":"ajde_events","link":"https:\/\/www.modave.be\/index.php\/events\/cinema-en-campagne-into-the-wild-de-sean-penn\/","title":{"rendered":"Cin\u00e9ma en campagne : \u00ab Into the Wild\u00a0\u00bb de Sean Penn"},"content":{"rendered":"\n<p><strong>Into the Wild<\/strong> raconte le p\u00e9riple d\u2019une jeunesse d\u00e9sillusionn\u00e9e, cherchant des r\u00e9ponses dans l\u2019aventure et la nature sauvage et qui s\u2019enfonce dans une marginalit\u00e9 compl\u00e8te, quitte \u00e0 devenir irr\u00e9versible.<\/p>\n\n\n\n<p>Alors qu\u2019il est promis a un brillant avenir, Christopher McCandless, 22 ans, fra\u00eechement dipl\u00f4m\u00e9 de l\u2019universit\u00e9, d\u00e9cide de tourner le dos \u00e0 l&rsquo;existence confortable pour laquelle il semble destin\u00e9. Il quitte ses amis et sa famille afin de parcourir les \u00c9tats-Unis en qu\u00eate de sens. Au fil de ses rencontres dans les champs de bl\u00e9 du Dakota, en passant par les flots tumultueux du Colorado ou les communaut\u00e9s hippies de Californie, Christopher va d\u00e9couvrir des personnages hauts en couleur. Sa recherche le m\u00e8nera jusqu\u2019aux \u00e9tendues sauvages d\u2019Alaska, dans un ultime geste de communion totale avec la nature.<\/p>\n\n\n\n<p>Au terme de la projection, OYOU et PAC Huy-Waremme vous proposent une discussion : face aux enjeux \u00e9cologiques, \u00e9conomiques et sociaux, il est parfois bien difficile de savoir que faire et quelle place trouver dans la soci\u00e9t\u00e9. Nous vous proposons de r\u00e9fl\u00e9chir autour de la question de la marginalit\u00e9 et des extr\u00eames auxquels elle peut mener.<\/p>\n\n\n\n<p>Vendredi 07 f\u00e9vrier&nbsp;2025 \u00e0 20h<br>\u00c0 l&rsquo;Espace Test, Rue des Aub\u00e9pines \u00e0 Str\u00e9e (derri\u00e8re la pompe \u00e0 essence Total)<\/p>\n\n\n\n<p>Prix d&rsquo;entr\u00e9e : 2\u20ac<\/p>\n\n\n\n<p class=\"has-text-color has-link-color wp-elements-66f29b378045c08a5bc5ac0df1f04f8d\" style=\"color:#ff0000\">D\u00e9conseill\u00e9 aux moins de 10 ans Informations : <a href=\"mailto:anne@oyou.be\">anne@oyou.be<\/a><\/p>\n\n\n\n<figure class=\"wp-block-embed is-type-video is-provider-youtube wp-block-embed-youtube wp-embed-aspect-16-9 wp-has-aspect-ratio\"><div class=\"wp-block-embed__wrapper\">\n<iframe title=\"BANDE ANNONCE INTO THE WILD\" width=\"1200\" height=\"675\" src=\"https:\/\/www.youtube.com\/embed\/IdFcHlqyv3g?feature=oembed\" frameborder=\"0\" allow=\"accelerometer; autoplay; clipboard-write; encrypted-media; gyroscope; picture-in-picture; web-share\" referrerpolicy=\"strict-origin-when-cross-origin\" allowfullscreen><\/iframe>\n<\/div><\/figure>\n","protected":false},"author":9,"featured_media":14383,"menu_order":0,"comment_status":"closed","ping_status":"closed","template":"","meta":[],"tags":[],"event_type":[186],"event_type_2":[],"event_type_3":[],"event_type_4":[],"class_list":["post-14382","ajde_events","type-ajde_events","status-publish","has-post-thumbnail","hentry","event_location-espace-test-de-stree","event_organizer-oyou","event_type-culture","description-off"],"yoast_head":"<!-- This site is optimized with the Yoast SEO plugin v27.5 - https:\/\/yoast.com\/product\/yoast-seo-wordpress\/ -->\n<title>Cin\u00e9ma en campagne : \u00ab Into the Wild\u00a0\u00bb de Sean Penn - Commune de Modave<\/title>\n<meta name=\"robots\" content=\"index, follow, max-snippet:-1, max-image-preview:large, max-video-preview:-1\" \/>\n<link rel=\"canonical\" href=\"https:\/\/www.modave.be\/index.php\/events\/cinema-en-campagne-into-the-wild-de-sean-penn\/\" \/>\n<meta property=\"og:locale\" content=\"fr_FR\" \/>\n<meta property=\"og:type\" content=\"article\" \/>\n<meta property=\"og:title\" content=\"Cin\u00e9ma en campagne : \u00ab Into the Wild\u00a0\u00bb de Sean Penn - Commune de Modave\" \/>\n<meta property=\"og:description\" content=\"Into the Wild raconte le p\u00e9riple d\u2019une jeunesse d\u00e9sillusionn\u00e9e, cherchant des r\u00e9ponses dans l\u2019aventure et la nature sauvage et qui s\u2019enfonce dans une marginalit\u00e9 compl\u00e8te, quitte \u00e0 devenir irr\u00e9versible. Alors qu\u2019il est promis a un brillant avenir, Christopher McCandless, 22 ans, fra\u00eechement dipl\u00f4m\u00e9 de l\u2019universit\u00e9, d\u00e9cide de tourner le dos \u00e0 l&rsquo;existence confortable pour laquelle&hellip;\" \/>\n<meta property=\"og:url\" content=\"https:\/\/www.modave.be\/index.php\/events\/cinema-en-campagne-into-the-wild-de-sean-penn\/\" \/>\n<meta property=\"og:site_name\" content=\"Commune de Modave\" \/>\n<meta property=\"article:modified_time\" content=\"2025-01-07T09:12:08+00:00\" \/>\n<meta property=\"og:image\" content=\"https:\/\/www.modave.be\/wp-content\/uploads\/2025\/01\/Into-the-wild.webp\" \/>\n\t<meta property=\"og:image:width\" content=\"600\" \/>\n\t<meta property=\"og:image:height\" content=\"800\" \/>\n\t<meta property=\"og:image:type\" content=\"image\/webp\" \/>\n<meta name=\"twitter:card\" content=\"summary_large_image\" \/>\n<meta name=\"twitter:label1\" content=\"Dur\u00e9e de lecture estim\u00e9e\" \/>\n\t<meta name=\"twitter:data1\" content=\"1 minute\" \/>\n<script type=\"application\/ld+json\" class=\"yoast-schema-graph\">{\"@context\":\"https:\\\/\\\/schema.org\",\"@graph\":[{\"@type\":\"WebPage\",\"@id\":\"https:\\\/\\\/www.modave.be\\\/index.php\\\/events\\\/cinema-en-campagne-into-the-wild-de-sean-penn\\\/\",\"url\":\"https:\\\/\\\/www.modave.be\\\/index.php\\\/events\\\/cinema-en-campagne-into-the-wild-de-sean-penn\\\/\",\"name\":\"Cin\u00e9ma en campagne : \u00ab Into the Wild\u00a0\u00bb de Sean Penn - Commune de Modave\",\"isPartOf\":{\"@id\":\"https:\\\/\\\/www.modave.be\\\/#website\"},\"primaryImageOfPage\":{\"@id\":\"https:\\\/\\\/www.modave.be\\\/index.php\\\/events\\\/cinema-en-campagne-into-the-wild-de-sean-penn\\\/#primaryimage\"},\"image\":{\"@id\":\"https:\\\/\\\/www.modave.be\\\/index.php\\\/events\\\/cinema-en-campagne-into-the-wild-de-sean-penn\\\/#primaryimage\"},\"thumbnailUrl\":\"https:\\\/\\\/www.modave.be\\\/wp-content\\\/uploads\\\/2025\\\/01\\\/Into-the-wild.webp\",\"datePublished\":\"2025-01-07T09:04:03+00:00\",\"dateModified\":\"2025-01-07T09:12:08+00:00\",\"breadcrumb\":{\"@id\":\"https:\\\/\\\/www.modave.be\\\/index.php\\\/events\\\/cinema-en-campagne-into-the-wild-de-sean-penn\\\/#breadcrumb\"},\"inLanguage\":\"fr-FR\",\"potentialAction\":[{\"@type\":\"ReadAction\",\"target\":[\"https:\\\/\\\/www.modave.be\\\/index.php\\\/events\\\/cinema-en-campagne-into-the-wild-de-sean-penn\\\/\"]}]},{\"@type\":\"ImageObject\",\"inLanguage\":\"fr-FR\",\"@id\":\"https:\\\/\\\/www.modave.be\\\/index.php\\\/events\\\/cinema-en-campagne-into-the-wild-de-sean-penn\\\/#primaryimage\",\"url\":\"https:\\\/\\\/www.modave.be\\\/wp-content\\\/uploads\\\/2025\\\/01\\\/Into-the-wild.webp\",\"contentUrl\":\"https:\\\/\\\/www.modave.be\\\/wp-content\\\/uploads\\\/2025\\\/01\\\/Into-the-wild.webp\",\"width\":600,\"height\":800},{\"@type\":\"BreadcrumbList\",\"@id\":\"https:\\\/\\\/www.modave.be\\\/index.php\\\/events\\\/cinema-en-campagne-into-the-wild-de-sean-penn\\\/#breadcrumb\",\"itemListElement\":[{\"@type\":\"ListItem\",\"position\":1,\"name\":\"Accueil\",\"item\":\"https:\\\/\\\/www.modave.be\\\/\"},{\"@type\":\"ListItem\",\"position\":2,\"name\":\"Events\",\"item\":\"https:\\\/\\\/www.modave.be\\\/index.php\\\/events\\\/\"},{\"@type\":\"ListItem\",\"position\":3,\"name\":\"Cin\u00e9ma en campagne : \u00ab Into the Wild\u00a0\u00bb de Sean Penn\"}]},{\"@type\":\"WebSite\",\"@id\":\"https:\\\/\\\/www.modave.be\\\/#website\",\"url\":\"https:\\\/\\\/www.modave.be\\\/\",\"name\":\"Commune de Modave\",\"description\":\"Commune de Modave\",\"publisher\":{\"@id\":\"https:\\\/\\\/www.modave.be\\\/#organization\"},\"potentialAction\":[{\"@type\":\"SearchAction\",\"target\":{\"@type\":\"EntryPoint\",\"urlTemplate\":\"https:\\\/\\\/www.modave.be\\\/?s={search_term_string}\"},\"query-input\":{\"@type\":\"PropertyValueSpecification\",\"valueRequired\":true,\"valueName\":\"search_term_string\"}}],\"inLanguage\":\"fr-FR\"},{\"@type\":\"Organization\",\"@id\":\"https:\\\/\\\/www.modave.be\\\/#organization\",\"name\":\"Commune de Modave\",\"url\":\"https:\\\/\\\/www.modave.be\\\/\",\"logo\":{\"@type\":\"ImageObject\",\"inLanguage\":\"fr-FR\",\"@id\":\"https:\\\/\\\/www.modave.be\\\/#\\\/schema\\\/logo\\\/image\\\/\",\"url\":\"https:\\\/\\\/www.modave.be\\\/wp-content\\\/uploads\\\/2021\\\/12\\\/MODAVE_LOGO_HORIZONTAL_QUADRI_RVB.png\",\"contentUrl\":\"https:\\\/\\\/www.modave.be\\\/wp-content\\\/uploads\\\/2021\\\/12\\\/MODAVE_LOGO_HORIZONTAL_QUADRI_RVB.png\",\"width\":1200,\"height\":501,\"caption\":\"Commune de Modave\"},\"image\":{\"@id\":\"https:\\\/\\\/www.modave.be\\\/#\\\/schema\\\/logo\\\/image\\\/\"}}]}<\/script>\n<!-- \/ Yoast SEO plugin. -->","yoast_head_json":{"title":"Cin\u00e9ma en campagne : \u00ab Into the Wild\u00a0\u00bb de Sean Penn - Commune de Modave","robots":{"index":"index","follow":"follow","max-snippet":"max-snippet:-1","max-image-preview":"max-image-preview:large","max-video-preview":"max-video-preview:-1"},"canonical":"https:\/\/www.modave.be\/index.php\/events\/cinema-en-campagne-into-the-wild-de-sean-penn\/","og_locale":"fr_FR","og_type":"article","og_title":"Cin\u00e9ma en campagne : \u00ab Into the Wild\u00a0\u00bb de Sean Penn - Commune de Modave","og_description":"Into the Wild raconte le p\u00e9riple d\u2019une jeunesse d\u00e9sillusionn\u00e9e, cherchant des r\u00e9ponses dans l\u2019aventure et la nature sauvage et qui s\u2019enfonce dans une marginalit\u00e9 compl\u00e8te, quitte \u00e0 devenir irr\u00e9versible. Alors qu\u2019il est promis a un brillant avenir, Christopher McCandless, 22 ans, fra\u00eechement dipl\u00f4m\u00e9 de l\u2019universit\u00e9, d\u00e9cide de tourner le dos \u00e0 l&rsquo;existence confortable pour laquelle&hellip;","og_url":"https:\/\/www.modave.be\/index.php\/events\/cinema-en-campagne-into-the-wild-de-sean-penn\/","og_site_name":"Commune de Modave","article_modified_time":"2025-01-07T09:12:08+00:00","og_image":[{"width":600,"height":800,"url":"https:\/\/www.modave.be\/wp-content\/uploads\/2025\/01\/Into-the-wild.webp","type":"image\/webp"}],"twitter_card":"summary_large_image","twitter_misc":{"Dur\u00e9e de lecture estim\u00e9e":"1 minute"},"schema":{"@context":"https:\/\/schema.org","@graph":[{"@type":"WebPage","@id":"https:\/\/www.modave.be\/index.php\/events\/cinema-en-campagne-into-the-wild-de-sean-penn\/","url":"https:\/\/www.modave.be\/index.php\/events\/cinema-en-campagne-into-the-wild-de-sean-penn\/","name":"Cin\u00e9ma en campagne : \u00ab Into the Wild\u00a0\u00bb de Sean Penn - Commune de Modave","isPartOf":{"@id":"https:\/\/www.modave.be\/#website"},"primaryImageOfPage":{"@id":"https:\/\/www.modave.be\/index.php\/events\/cinema-en-campagne-into-the-wild-de-sean-penn\/#primaryimage"},"image":{"@id":"https:\/\/www.modave.be\/index.php\/events\/cinema-en-campagne-into-the-wild-de-sean-penn\/#primaryimage"},"thumbnailUrl":"https:\/\/www.modave.be\/wp-content\/uploads\/2025\/01\/Into-the-wild.webp","datePublished":"2025-01-07T09:04:03+00:00","dateModified":"2025-01-07T09:12:08+00:00","breadcrumb":{"@id":"https:\/\/www.modave.be\/index.php\/events\/cinema-en-campagne-into-the-wild-de-sean-penn\/#breadcrumb"},"inLanguage":"fr-FR","potentialAction":[{"@type":"ReadAction","target":["https:\/\/www.modave.be\/index.php\/events\/cinema-en-campagne-into-the-wild-de-sean-penn\/"]}]},{"@type":"ImageObject","inLanguage":"fr-FR","@id":"https:\/\/www.modave.be\/index.php\/events\/cinema-en-campagne-into-the-wild-de-sean-penn\/#primaryimage","url":"https:\/\/www.modave.be\/wp-content\/uploads\/2025\/01\/Into-the-wild.webp","contentUrl":"https:\/\/www.modave.be\/wp-content\/uploads\/2025\/01\/Into-the-wild.webp","width":600,"height":800},{"@type":"BreadcrumbList","@id":"https:\/\/www.modave.be\/index.php\/events\/cinema-en-campagne-into-the-wild-de-sean-penn\/#breadcrumb","itemListElement":[{"@type":"ListItem","position":1,"name":"Accueil","item":"https:\/\/www.modave.be\/"},{"@type":"ListItem","position":2,"name":"Events","item":"https:\/\/www.modave.be\/index.php\/events\/"},{"@type":"ListItem","position":3,"name":"Cin\u00e9ma en campagne : \u00ab Into the Wild\u00a0\u00bb de Sean Penn"}]},{"@type":"WebSite","@id":"https:\/\/www.modave.be\/#website","url":"https:\/\/www.modave.be\/","name":"Commune de Modave","description":"Commune de Modave","publisher":{"@id":"https:\/\/www.modave.be\/#organization"},"potentialAction":[{"@type":"SearchAction","target":{"@type":"EntryPoint","urlTemplate":"https:\/\/www.modave.be\/?s={search_term_string}"},"query-input":{"@type":"PropertyValueSpecification","valueRequired":true,"valueName":"search_term_string"}}],"inLanguage":"fr-FR"},{"@type":"Organization","@id":"https:\/\/www.modave.be\/#organization","name":"Commune de Modave","url":"https:\/\/www.modave.be\/","logo":{"@type":"ImageObject","inLanguage":"fr-FR","@id":"https:\/\/www.modave.be\/#\/schema\/logo\/image\/","url":"https:\/\/www.modave.be\/wp-content\/uploads\/2021\/12\/MODAVE_LOGO_HORIZONTAL_QUADRI_RVB.png","contentUrl":"https:\/\/www.modave.be\/wp-content\/uploads\/2021\/12\/MODAVE_LOGO_HORIZONTAL_QUADRI_RVB.png","width":1200,"height":501,"caption":"Commune de Modave"},"image":{"@id":"https:\/\/www.modave.be\/#\/schema\/logo\/image\/"}}]}},"_links":{"self":[{"href":"https:\/\/www.modave.be\/index.php\/wp-json\/wp\/v2\/ajde_events\/14382","targetHints":{"allow":["GET"]}}],"collection":[{"href":"https:\/\/www.modave.be\/index.php\/wp-json\/wp\/v2\/ajde_events"}],"about":[{"href":"https:\/\/www.modave.be\/index.php\/wp-json\/wp\/v2\/types\/ajde_events"}],"author":[{"embeddable":true,"href":"https:\/\/www.modave.be\/index.php\/wp-json\/wp\/v2\/users\/9"}],"replies":[{"embeddable":true,"href":"https:\/\/www.modave.be\/index.php\/wp-json\/wp\/v2\/comments?post=14382"}],"wp:featuredmedia":[{"embeddable":true,"href":"https:\/\/www.modave.be\/index.php\/wp-json\/wp\/v2\/media\/14383"}],"wp:attachment":[{"href":"https:\/\/www.modave.be\/index.php\/wp-json\/wp\/v2\/media?parent=14382"}],"wp:term":[{"taxonomy":"post_tag","embeddable":true,"href":"https:\/\/www.modave.be\/index.php\/wp-json\/wp\/v2\/tags?post=14382"},{"taxonomy":"event_type","embeddable":true,"href":"https:\/\/www.modave.be\/index.php\/wp-json\/wp\/v2\/event_type?post=14382"},{"taxonomy":"event_type_2","embeddable":true,"href":"https:\/\/www.modave.be\/index.php\/wp-json\/wp\/v2\/event_type_2?post=14382"},{"taxonomy":"event_type_3","embeddable":true,"href":"https:\/\/www.modave.be\/index.php\/wp-json\/wp\/v2\/event_type_3?post=14382"},{"taxonomy":"event_type_4","embeddable":true,"href":"https:\/\/www.modave.be\/index.php\/wp-json\/wp\/v2\/event_type_4?post=14382"}],"curies":[{"name":"wp","href":"https:\/\/api.w.org\/{rel}","templated":true}]}}