{"id":14816,"date":"2025-01-28T09:10:06","date_gmt":"2025-01-28T08:10:06","guid":{"rendered":"https:\/\/www.modave.be\/?post_type=ajde_events&#038;p=14816"},"modified":"2025-01-28T09:14:35","modified_gmt":"2025-01-28T08:14:35","slug":"stage-de-gravure-et-decriture-les-maraudeurs-copy-copy-copy","status":"publish","type":"ajde_events","link":"https:\/\/www.modave.be\/index.php\/events\/stage-de-gravure-et-decriture-les-maraudeurs-copy-copy-copy\/","title":{"rendered":"Stage de gravure et d\u2019\u00e9criture | Les Maraudeurs"},"content":{"rendered":"\n<p>L\u2019atelier de gravure de OYOU \u00e0 Marchin propose un stage d\u2019initiation \u00e0 la gravure et d\u00e9couverte de l\u2019\u00e9criture aux jeunes, de 10 \u00e0 15 ans. Durant cinq jours, les participants seront invit\u00e9s \u00e0 explorer l\u2019environnement rural et forestier de Marchin, d\u2019ouvrir tous leurs sens afin de recueillir au fil des promenades des feuilles, le chant d\u2019oiseaux ou encore l\u2019odeur de la mousse. Dans l\u2019atelier, cette maraude sera pr\u00e9texte et support \u00e0 d\u00e9couvrir les possibilit\u00e9s vari\u00e9es de la gravure et de l\u2019\u00e9criture. Ils seront accompagn\u00e9s dans cette aventure par Sylvie Canonne, artiste graveure et Anne Stelmes, m\u00e9diatrice culturelle.<\/p>\n\n\n\n<p><strong>Atelier de gravure de OYOU<\/strong><br>15, rue fond du fourneau, 4570 Marchin<br><\/p>\n\n\n\n<p>Du 24 f\u00e9vrier au 28 f\u00e9vrier 2025<br>De 9h \u00e0 16h (garderie de 8h30 \u00e0 9h et de 16h \u00e0 16H30)<br><\/p>\n\n\n\n<p>Pour les jeunes de 10 \u00e0 15 ans<br><\/p>\n\n\n\n<p>Tarif : 100 \u20ac<br>Si le tarif reste trop \u00e9lev\u00e9 pour vous, nous restons \u00e0 votre \u00e9coute pour trouver une solution.<br>Informations et r\u00e9servation : anne@oyou.be<\/p>\n\n\n\n<p><\/p>\n","protected":false},"author":9,"featured_media":14813,"menu_order":0,"comment_status":"closed","ping_status":"closed","template":"","meta":[],"tags":[],"event_type":[186],"event_type_2":[],"event_type_3":[381],"event_type_4":[],"class_list":["post-14816","ajde_events","type-ajde_events","status-publish","has-post-thumbnail","hentry","event_location-atelier-de-gravure-de-oyou","event_organizer-oyou","event_type-culture","event_type_3-10-a-15-ans","description-off"],"yoast_head":"<!-- This site is optimized with the Yoast SEO plugin v27.5 - https:\/\/yoast.com\/product\/yoast-seo-wordpress\/ -->\n<title>Stage de gravure et d\u2019\u00e9criture | Les Maraudeurs - Commune de Modave<\/title>\n<meta name=\"robots\" content=\"index, follow, max-snippet:-1, max-image-preview:large, max-video-preview:-1\" \/>\n<link rel=\"canonical\" href=\"https:\/\/www.modave.be\/index.php\/events\/stage-de-gravure-et-decriture-les-maraudeurs-copy-copy-copy\/\" \/>\n<meta property=\"og:locale\" content=\"fr_FR\" \/>\n<meta property=\"og:type\" content=\"article\" \/>\n<meta property=\"og:title\" content=\"Stage de gravure et d\u2019\u00e9criture | Les Maraudeurs - Commune de Modave\" \/>\n<meta property=\"og:description\" content=\"L\u2019atelier de gravure de OYOU \u00e0 Marchin propose un stage d\u2019initiation \u00e0 la gravure et d\u00e9couverte de l\u2019\u00e9criture aux jeunes, de 10 \u00e0 15 ans. Durant cinq jours, les participants seront invit\u00e9s \u00e0 explorer l\u2019environnement rural et forestier de Marchin, d\u2019ouvrir tous leurs sens afin de recueillir au fil des promenades des feuilles, le chant&hellip;\" \/>\n<meta property=\"og:url\" content=\"https:\/\/www.modave.be\/index.php\/events\/stage-de-gravure-et-decriture-les-maraudeurs-copy-copy-copy\/\" \/>\n<meta property=\"og:site_name\" content=\"Commune de Modave\" \/>\n<meta property=\"article:modified_time\" content=\"2025-01-28T08:14:35+00:00\" \/>\n<meta property=\"og:image\" content=\"https:\/\/www.modave.be\/wp-content\/uploads\/2025\/01\/Pierre.jpg\" \/>\n\t<meta property=\"og:image:width\" content=\"787\" \/>\n\t<meta property=\"og:image:height\" content=\"512\" \/>\n\t<meta property=\"og:image:type\" content=\"image\/jpeg\" \/>\n<meta name=\"twitter:card\" content=\"summary_large_image\" \/>\n<meta name=\"twitter:label1\" content=\"Dur\u00e9e de lecture estim\u00e9e\" \/>\n\t<meta name=\"twitter:data1\" content=\"1 minute\" \/>\n<script type=\"application\/ld+json\" class=\"yoast-schema-graph\">{\"@context\":\"https:\\\/\\\/schema.org\",\"@graph\":[{\"@type\":\"WebPage\",\"@id\":\"https:\\\/\\\/www.modave.be\\\/index.php\\\/events\\\/stage-de-gravure-et-decriture-les-maraudeurs-copy-copy-copy\\\/\",\"url\":\"https:\\\/\\\/www.modave.be\\\/index.php\\\/events\\\/stage-de-gravure-et-decriture-les-maraudeurs-copy-copy-copy\\\/\",\"name\":\"Stage de gravure et d\u2019\u00e9criture | Les Maraudeurs - Commune de Modave\",\"isPartOf\":{\"@id\":\"https:\\\/\\\/www.modave.be\\\/#website\"},\"primaryImageOfPage\":{\"@id\":\"https:\\\/\\\/www.modave.be\\\/index.php\\\/events\\\/stage-de-gravure-et-decriture-les-maraudeurs-copy-copy-copy\\\/#primaryimage\"},\"image\":{\"@id\":\"https:\\\/\\\/www.modave.be\\\/index.php\\\/events\\\/stage-de-gravure-et-decriture-les-maraudeurs-copy-copy-copy\\\/#primaryimage\"},\"thumbnailUrl\":\"https:\\\/\\\/www.modave.be\\\/wp-content\\\/uploads\\\/2025\\\/01\\\/Pierre.jpg\",\"datePublished\":\"2025-01-28T08:10:06+00:00\",\"dateModified\":\"2025-01-28T08:14:35+00:00\",\"breadcrumb\":{\"@id\":\"https:\\\/\\\/www.modave.be\\\/index.php\\\/events\\\/stage-de-gravure-et-decriture-les-maraudeurs-copy-copy-copy\\\/#breadcrumb\"},\"inLanguage\":\"fr-FR\",\"potentialAction\":[{\"@type\":\"ReadAction\",\"target\":[\"https:\\\/\\\/www.modave.be\\\/index.php\\\/events\\\/stage-de-gravure-et-decriture-les-maraudeurs-copy-copy-copy\\\/\"]}]},{\"@type\":\"ImageObject\",\"inLanguage\":\"fr-FR\",\"@id\":\"https:\\\/\\\/www.modave.be\\\/index.php\\\/events\\\/stage-de-gravure-et-decriture-les-maraudeurs-copy-copy-copy\\\/#primaryimage\",\"url\":\"https:\\\/\\\/www.modave.be\\\/wp-content\\\/uploads\\\/2025\\\/01\\\/Pierre.jpg\",\"contentUrl\":\"https:\\\/\\\/www.modave.be\\\/wp-content\\\/uploads\\\/2025\\\/01\\\/Pierre.jpg\",\"width\":787,\"height\":512},{\"@type\":\"BreadcrumbList\",\"@id\":\"https:\\\/\\\/www.modave.be\\\/index.php\\\/events\\\/stage-de-gravure-et-decriture-les-maraudeurs-copy-copy-copy\\\/#breadcrumb\",\"itemListElement\":[{\"@type\":\"ListItem\",\"position\":1,\"name\":\"Accueil\",\"item\":\"https:\\\/\\\/www.modave.be\\\/\"},{\"@type\":\"ListItem\",\"position\":2,\"name\":\"Events\",\"item\":\"https:\\\/\\\/www.modave.be\\\/index.php\\\/events\\\/\"},{\"@type\":\"ListItem\",\"position\":3,\"name\":\"Stage de gravure et d\u2019\u00e9criture | Les Maraudeurs\"}]},{\"@type\":\"WebSite\",\"@id\":\"https:\\\/\\\/www.modave.be\\\/#website\",\"url\":\"https:\\\/\\\/www.modave.be\\\/\",\"name\":\"Commune de Modave\",\"description\":\"Commune de Modave\",\"publisher\":{\"@id\":\"https:\\\/\\\/www.modave.be\\\/#organization\"},\"potentialAction\":[{\"@type\":\"SearchAction\",\"target\":{\"@type\":\"EntryPoint\",\"urlTemplate\":\"https:\\\/\\\/www.modave.be\\\/?s={search_term_string}\"},\"query-input\":{\"@type\":\"PropertyValueSpecification\",\"valueRequired\":true,\"valueName\":\"search_term_string\"}}],\"inLanguage\":\"fr-FR\"},{\"@type\":\"Organization\",\"@id\":\"https:\\\/\\\/www.modave.be\\\/#organization\",\"name\":\"Commune de Modave\",\"url\":\"https:\\\/\\\/www.modave.be\\\/\",\"logo\":{\"@type\":\"ImageObject\",\"inLanguage\":\"fr-FR\",\"@id\":\"https:\\\/\\\/www.modave.be\\\/#\\\/schema\\\/logo\\\/image\\\/\",\"url\":\"https:\\\/\\\/www.modave.be\\\/wp-content\\\/uploads\\\/2021\\\/12\\\/MODAVE_LOGO_HORIZONTAL_QUADRI_RVB.png\",\"contentUrl\":\"https:\\\/\\\/www.modave.be\\\/wp-content\\\/uploads\\\/2021\\\/12\\\/MODAVE_LOGO_HORIZONTAL_QUADRI_RVB.png\",\"width\":1200,\"height\":501,\"caption\":\"Commune de Modave\"},\"image\":{\"@id\":\"https:\\\/\\\/www.modave.be\\\/#\\\/schema\\\/logo\\\/image\\\/\"}}]}<\/script>\n<!-- \/ Yoast SEO plugin. -->","yoast_head_json":{"title":"Stage de gravure et d\u2019\u00e9criture | Les Maraudeurs - Commune de Modave","robots":{"index":"index","follow":"follow","max-snippet":"max-snippet:-1","max-image-preview":"max-image-preview:large","max-video-preview":"max-video-preview:-1"},"canonical":"https:\/\/www.modave.be\/index.php\/events\/stage-de-gravure-et-decriture-les-maraudeurs-copy-copy-copy\/","og_locale":"fr_FR","og_type":"article","og_title":"Stage de gravure et d\u2019\u00e9criture | Les Maraudeurs - Commune de Modave","og_description":"L\u2019atelier de gravure de OYOU \u00e0 Marchin propose un stage d\u2019initiation \u00e0 la gravure et d\u00e9couverte de l\u2019\u00e9criture aux jeunes, de 10 \u00e0 15 ans. Durant cinq jours, les participants seront invit\u00e9s \u00e0 explorer l\u2019environnement rural et forestier de Marchin, d\u2019ouvrir tous leurs sens afin de recueillir au fil des promenades des feuilles, le chant&hellip;","og_url":"https:\/\/www.modave.be\/index.php\/events\/stage-de-gravure-et-decriture-les-maraudeurs-copy-copy-copy\/","og_site_name":"Commune de Modave","article_modified_time":"2025-01-28T08:14:35+00:00","og_image":[{"width":787,"height":512,"url":"https:\/\/www.modave.be\/wp-content\/uploads\/2025\/01\/Pierre.jpg","type":"image\/jpeg"}],"twitter_card":"summary_large_image","twitter_misc":{"Dur\u00e9e de lecture estim\u00e9e":"1 minute"},"schema":{"@context":"https:\/\/schema.org","@graph":[{"@type":"WebPage","@id":"https:\/\/www.modave.be\/index.php\/events\/stage-de-gravure-et-decriture-les-maraudeurs-copy-copy-copy\/","url":"https:\/\/www.modave.be\/index.php\/events\/stage-de-gravure-et-decriture-les-maraudeurs-copy-copy-copy\/","name":"Stage de gravure et d\u2019\u00e9criture | Les Maraudeurs - Commune de Modave","isPartOf":{"@id":"https:\/\/www.modave.be\/#website"},"primaryImageOfPage":{"@id":"https:\/\/www.modave.be\/index.php\/events\/stage-de-gravure-et-decriture-les-maraudeurs-copy-copy-copy\/#primaryimage"},"image":{"@id":"https:\/\/www.modave.be\/index.php\/events\/stage-de-gravure-et-decriture-les-maraudeurs-copy-copy-copy\/#primaryimage"},"thumbnailUrl":"https:\/\/www.modave.be\/wp-content\/uploads\/2025\/01\/Pierre.jpg","datePublished":"2025-01-28T08:10:06+00:00","dateModified":"2025-01-28T08:14:35+00:00","breadcrumb":{"@id":"https:\/\/www.modave.be\/index.php\/events\/stage-de-gravure-et-decriture-les-maraudeurs-copy-copy-copy\/#breadcrumb"},"inLanguage":"fr-FR","potentialAction":[{"@type":"ReadAction","target":["https:\/\/www.modave.be\/index.php\/events\/stage-de-gravure-et-decriture-les-maraudeurs-copy-copy-copy\/"]}]},{"@type":"ImageObject","inLanguage":"fr-FR","@id":"https:\/\/www.modave.be\/index.php\/events\/stage-de-gravure-et-decriture-les-maraudeurs-copy-copy-copy\/#primaryimage","url":"https:\/\/www.modave.be\/wp-content\/uploads\/2025\/01\/Pierre.jpg","contentUrl":"https:\/\/www.modave.be\/wp-content\/uploads\/2025\/01\/Pierre.jpg","width":787,"height":512},{"@type":"BreadcrumbList","@id":"https:\/\/www.modave.be\/index.php\/events\/stage-de-gravure-et-decriture-les-maraudeurs-copy-copy-copy\/#breadcrumb","itemListElement":[{"@type":"ListItem","position":1,"name":"Accueil","item":"https:\/\/www.modave.be\/"},{"@type":"ListItem","position":2,"name":"Events","item":"https:\/\/www.modave.be\/index.php\/events\/"},{"@type":"ListItem","position":3,"name":"Stage de gravure et d\u2019\u00e9criture | Les Maraudeurs"}]},{"@type":"WebSite","@id":"https:\/\/www.modave.be\/#website","url":"https:\/\/www.modave.be\/","name":"Commune de Modave","description":"Commune de Modave","publisher":{"@id":"https:\/\/www.modave.be\/#organization"},"potentialAction":[{"@type":"SearchAction","target":{"@type":"EntryPoint","urlTemplate":"https:\/\/www.modave.be\/?s={search_term_string}"},"query-input":{"@type":"PropertyValueSpecification","valueRequired":true,"valueName":"search_term_string"}}],"inLanguage":"fr-FR"},{"@type":"Organization","@id":"https:\/\/www.modave.be\/#organization","name":"Commune de Modave","url":"https:\/\/www.modave.be\/","logo":{"@type":"ImageObject","inLanguage":"fr-FR","@id":"https:\/\/www.modave.be\/#\/schema\/logo\/image\/","url":"https:\/\/www.modave.be\/wp-content\/uploads\/2021\/12\/MODAVE_LOGO_HORIZONTAL_QUADRI_RVB.png","contentUrl":"https:\/\/www.modave.be\/wp-content\/uploads\/2021\/12\/MODAVE_LOGO_HORIZONTAL_QUADRI_RVB.png","width":1200,"height":501,"caption":"Commune de Modave"},"image":{"@id":"https:\/\/www.modave.be\/#\/schema\/logo\/image\/"}}]}},"_links":{"self":[{"href":"https:\/\/www.modave.be\/index.php\/wp-json\/wp\/v2\/ajde_events\/14816","targetHints":{"allow":["GET"]}}],"collection":[{"href":"https:\/\/www.modave.be\/index.php\/wp-json\/wp\/v2\/ajde_events"}],"about":[{"href":"https:\/\/www.modave.be\/index.php\/wp-json\/wp\/v2\/types\/ajde_events"}],"author":[{"embeddable":true,"href":"https:\/\/www.modave.be\/index.php\/wp-json\/wp\/v2\/users\/9"}],"replies":[{"embeddable":true,"href":"https:\/\/www.modave.be\/index.php\/wp-json\/wp\/v2\/comments?post=14816"}],"wp:featuredmedia":[{"embeddable":true,"href":"https:\/\/www.modave.be\/index.php\/wp-json\/wp\/v2\/media\/14813"}],"wp:attachment":[{"href":"https:\/\/www.modave.be\/index.php\/wp-json\/wp\/v2\/media?parent=14816"}],"wp:term":[{"taxonomy":"post_tag","embeddable":true,"href":"https:\/\/www.modave.be\/index.php\/wp-json\/wp\/v2\/tags?post=14816"},{"taxonomy":"event_type","embeddable":true,"href":"https:\/\/www.modave.be\/index.php\/wp-json\/wp\/v2\/event_type?post=14816"},{"taxonomy":"event_type_2","embeddable":true,"href":"https:\/\/www.modave.be\/index.php\/wp-json\/wp\/v2\/event_type_2?post=14816"},{"taxonomy":"event_type_3","embeddable":true,"href":"https:\/\/www.modave.be\/index.php\/wp-json\/wp\/v2\/event_type_3?post=14816"},{"taxonomy":"event_type_4","embeddable":true,"href":"https:\/\/www.modave.be\/index.php\/wp-json\/wp\/v2\/event_type_4?post=14816"}],"curies":[{"name":"wp","href":"https:\/\/api.w.org\/{rel}","templated":true}]}}