{"id":16369,"date":"2025-09-02T15:10:43","date_gmt":"2025-09-02T13:10:43","guid":{"rendered":"https:\/\/www.modave.be\/?post_type=ajde_events&#038;p=16369"},"modified":"2025-09-02T15:11:03","modified_gmt":"2025-09-02T13:11:03","slug":"permaculture-mon-potager-bio-4","status":"publish","type":"ajde_events","link":"https:\/\/www.modave.be\/index.php\/events\/permaculture-mon-potager-bio-4\/","title":{"rendered":"Permaculture | Mon potager bio"},"content":{"rendered":"\n<p>Un mercredi matin par mois de janvier \u00e0 novembre 2026<\/p>\n\n\n\n<p>En association avec Province de Li\u00e8ge (section Agriculture), le Syndicat organise un cycle de cours de jardinage destin\u00e9s \u00e0 tous ceux et celles qui veulent s\u2019initier \u00e0 l\u2019art du potager.<\/p>\n\n\n\n<p>Ces cours sont donn\u00e9s par St\u00e9phane Mostenne, expert de la Province de Li\u00e8ge, \u00e0 raison d\u2019une demi-journ\u00e9e par mois, le mercredi de 9h30 \u00e0 12h. Chaque atelier sera suivi par une sortie d\u2019une heure sur le terrain de l\u2019espace test<strong>*<\/strong>&nbsp;afin que la th\u00e9orie puisse se muer en en pratique. Cette sortie sera supervis\u00e9e par le responsable formateur de cet espace test mara\u00eecher o\u00f9 se d\u00e9rouleront les ateliers.<\/p>\n\n\n\n<p>La permaculture est une forme d&rsquo;agriculture qui vise \u00e0 s&rsquo;inspirer de la nature pour d\u00e9velopper des syst\u00e8mes agricoles en synergie, bas\u00e9s sur la diversit\u00e9 des cultures, leur r\u00e9silience et leur productivit\u00e9 naturelle. L&rsquo;objectif \u00e9tant de produire un environnement harmonieux, r\u00e9silient, productif et durable.<\/p>\n\n\n\n<p>D\u00e9couvrez le programme&nbsp;:<\/p>\n\n\n\n<ul class=\"wp-block-list\">\n<li><strong>Le\u00a07 janvier\u00a0: <\/strong>mise en place d\u2019un potager bio et son \u00e9cosyst\u00e8me<\/li>\n\n\n\n<li><strong>Le 4 f\u00e9vrier\u00a0: <\/strong>les familles de l\u00e9gumes, rotation, dates et distance de plantation<\/li>\n\n\n\n<li><strong>Le\u00a011 mars\u00a0: <\/strong>le compost, engrais et amendements<\/li>\n\n\n\n<li><strong>Le 8 avril\u00a0: <\/strong>le sol\u00a0: la vie, le travail et l\u2019analyse du sol<\/li>\n\n\n\n<li><strong>Le\u00a013 mai\u00a0: <\/strong>les maladies<\/li>\n\n\n\n<li><strong>Le 10 juin\u00a0: <\/strong>les ravageurs et les pr\u00e9dateurs<\/li>\n\n\n\n<li><strong>Le 1<sup>er<\/sup> juillet\u00a0:<\/strong> les engrais verts et couvertures de sol<\/li>\n\n\n\n<li><strong>Le 2 septembre\u00a0: <\/strong>les r\u00e9coltes et techniques de conservation<\/li>\n\n\n\n<li><strong>Le 7 octobre\u00a0: <\/strong>plantes utiles, fleurs comestibles, m\u00e9dicinales et adventices, mac\u00e9rations, d\u00e9coctions et infusions<\/li>\n\n\n\n<li><strong>Le 4 novembre\u00a0: <\/strong>bilan de l\u2019ann\u00e9e, pr\u00e9paration pour l\u2019hiver, les semences faciles et le plan de culture.<\/li>\n<\/ul>\n\n\n\n<p><strong>Lieu : Espace test maraicher, rue des Aub\u00e9pines 9 \u00e0 4577 Str\u00e9e (Modave)<\/strong><\/p>\n\n\n\n<p>Profitez de cette occasion pour vous initier et ainsi transformer votre bout de terrain en v\u00e9ritable r\u00e9serve alimentaire saine et abondante&nbsp;!<\/p>\n\n\n\n<p><strong>PAF pour le SI pour les 10 ateliers : 110\u20ac\/personne comprenant\u00a0: le petit d\u00e9jeuner et avant chaque atelier, vous recevrez un syllabus en fichier pdf afin de mettre en pratique les pr\u00e9cieux conseils de cet expert. La formation est offerte par la Province de Li\u00e8ge.<\/strong><\/p>\n\n\n\n<p>La bonne nouvelle&nbsp;: aucun pr\u00e9 requis n\u2019est n\u00e9cessaire&nbsp;: juste un bout de terrain, l\u2019envie de manger sainement de produits de chez vous tout en partageant un moment de convivialit\u00e9.<\/p>\n\n\n\n<p>Inscriptions obligatoires pour le cycle complet jusqu\u2019au 20 d\u00e9cembre \u2013 ne tardez pas&nbsp;: le nombre de participants limit\u00e9s.<\/p>\n\n\n\n<p>* Explication de l\u2019espace test en quelques mots&nbsp;: en juin 2013, le GAL Pays des Condruses a inaugur\u00e9 \u00e0 Str\u00e9e-Modave, le premier espace test wallon d\u00e9di\u00e9 \u00e0 des personnes souhaitant lancer une activit\u00e9 professionnelle en mara\u00eechage ou en horticulture. La commune de Modave a mis \u00e0 disposition du GAL un site de 4 hectares sur lequel on retrouve \u00e9galement un jardin collectif pour les citoyens de la commune.<\/p>\n\n\n\n<p><\/p>\n","protected":false},"author":9,"featured_media":16366,"menu_order":0,"comment_status":"closed","ping_status":"closed","template":"","meta":[],"tags":[286],"event_type":[403],"event_type_2":[],"event_type_3":[],"event_type_4":[],"class_list":["post-16369","ajde_events","type-ajde_events","status-publish","has-post-thumbnail","hentry","tag-atelier","event_location-espace-test-de-stree","event_organizer-syndicat-dinitiative-entre-eaux-chateau","event_type-histoire-patrimoine","description-off"],"yoast_head":"<!-- This site is optimized with the Yoast SEO plugin v27.4 - https:\/\/yoast.com\/product\/yoast-seo-wordpress\/ -->\n<title>Permaculture | Mon potager bio - Commune de Modave<\/title>\n<meta name=\"robots\" content=\"index, follow, max-snippet:-1, max-image-preview:large, max-video-preview:-1\" \/>\n<link rel=\"canonical\" href=\"https:\/\/www.modave.be\/index.php\/events\/permaculture-mon-potager-bio-4\/\" \/>\n<meta property=\"og:locale\" content=\"fr_FR\" \/>\n<meta property=\"og:type\" content=\"article\" \/>\n<meta property=\"og:title\" content=\"Permaculture | Mon potager bio - Commune de Modave\" \/>\n<meta property=\"og:description\" content=\"Un mercredi matin par mois de janvier \u00e0 novembre 2026 En association avec Province de Li\u00e8ge (section Agriculture), le Syndicat organise un cycle de cours de jardinage destin\u00e9s \u00e0 tous ceux et celles qui veulent s\u2019initier \u00e0 l\u2019art du potager. Ces cours sont donn\u00e9s par St\u00e9phane Mostenne, expert de la Province de Li\u00e8ge, \u00e0 raison&hellip;\" \/>\n<meta property=\"og:url\" content=\"https:\/\/www.modave.be\/index.php\/events\/permaculture-mon-potager-bio-4\/\" \/>\n<meta property=\"og:site_name\" content=\"Commune de Modave\" \/>\n<meta property=\"article:modified_time\" content=\"2025-09-02T13:11:03+00:00\" \/>\n<meta property=\"og:image\" content=\"https:\/\/www.modave.be\/wp-content\/uploads\/2025\/09\/Permaculture-2026-.jpg\" \/>\n\t<meta property=\"og:image:width\" content=\"1587\" \/>\n\t<meta property=\"og:image:height\" content=\"2245\" \/>\n\t<meta property=\"og:image:type\" content=\"image\/jpeg\" \/>\n<meta name=\"twitter:card\" content=\"summary_large_image\" \/>\n<meta name=\"twitter:label1\" content=\"Dur\u00e9e de lecture estim\u00e9e\" \/>\n\t<meta name=\"twitter:data1\" content=\"2 minutes\" \/>\n<script type=\"application\/ld+json\" class=\"yoast-schema-graph\">{\"@context\":\"https:\\\/\\\/schema.org\",\"@graph\":[{\"@type\":\"WebPage\",\"@id\":\"https:\\\/\\\/www.modave.be\\\/index.php\\\/events\\\/permaculture-mon-potager-bio-4\\\/\",\"url\":\"https:\\\/\\\/www.modave.be\\\/index.php\\\/events\\\/permaculture-mon-potager-bio-4\\\/\",\"name\":\"Permaculture | Mon potager bio - Commune de Modave\",\"isPartOf\":{\"@id\":\"https:\\\/\\\/www.modave.be\\\/#website\"},\"primaryImageOfPage\":{\"@id\":\"https:\\\/\\\/www.modave.be\\\/index.php\\\/events\\\/permaculture-mon-potager-bio-4\\\/#primaryimage\"},\"image\":{\"@id\":\"https:\\\/\\\/www.modave.be\\\/index.php\\\/events\\\/permaculture-mon-potager-bio-4\\\/#primaryimage\"},\"thumbnailUrl\":\"https:\\\/\\\/www.modave.be\\\/wp-content\\\/uploads\\\/2025\\\/09\\\/Permaculture-2026-.jpg\",\"datePublished\":\"2025-09-02T13:10:43+00:00\",\"dateModified\":\"2025-09-02T13:11:03+00:00\",\"breadcrumb\":{\"@id\":\"https:\\\/\\\/www.modave.be\\\/index.php\\\/events\\\/permaculture-mon-potager-bio-4\\\/#breadcrumb\"},\"inLanguage\":\"fr-FR\",\"potentialAction\":[{\"@type\":\"ReadAction\",\"target\":[\"https:\\\/\\\/www.modave.be\\\/index.php\\\/events\\\/permaculture-mon-potager-bio-4\\\/\"]}]},{\"@type\":\"ImageObject\",\"inLanguage\":\"fr-FR\",\"@id\":\"https:\\\/\\\/www.modave.be\\\/index.php\\\/events\\\/permaculture-mon-potager-bio-4\\\/#primaryimage\",\"url\":\"https:\\\/\\\/www.modave.be\\\/wp-content\\\/uploads\\\/2025\\\/09\\\/Permaculture-2026-.jpg\",\"contentUrl\":\"https:\\\/\\\/www.modave.be\\\/wp-content\\\/uploads\\\/2025\\\/09\\\/Permaculture-2026-.jpg\",\"width\":1587,\"height\":2245},{\"@type\":\"BreadcrumbList\",\"@id\":\"https:\\\/\\\/www.modave.be\\\/index.php\\\/events\\\/permaculture-mon-potager-bio-4\\\/#breadcrumb\",\"itemListElement\":[{\"@type\":\"ListItem\",\"position\":1,\"name\":\"Accueil\",\"item\":\"https:\\\/\\\/www.modave.be\\\/\"},{\"@type\":\"ListItem\",\"position\":2,\"name\":\"Events\",\"item\":\"https:\\\/\\\/www.modave.be\\\/index.php\\\/events\\\/\"},{\"@type\":\"ListItem\",\"position\":3,\"name\":\"Permaculture | Mon potager bio\"}]},{\"@type\":\"WebSite\",\"@id\":\"https:\\\/\\\/www.modave.be\\\/#website\",\"url\":\"https:\\\/\\\/www.modave.be\\\/\",\"name\":\"Commune de Modave\",\"description\":\"Commune de Modave\",\"publisher\":{\"@id\":\"https:\\\/\\\/www.modave.be\\\/#organization\"},\"potentialAction\":[{\"@type\":\"SearchAction\",\"target\":{\"@type\":\"EntryPoint\",\"urlTemplate\":\"https:\\\/\\\/www.modave.be\\\/?s={search_term_string}\"},\"query-input\":{\"@type\":\"PropertyValueSpecification\",\"valueRequired\":true,\"valueName\":\"search_term_string\"}}],\"inLanguage\":\"fr-FR\"},{\"@type\":\"Organization\",\"@id\":\"https:\\\/\\\/www.modave.be\\\/#organization\",\"name\":\"Commune de Modave\",\"url\":\"https:\\\/\\\/www.modave.be\\\/\",\"logo\":{\"@type\":\"ImageObject\",\"inLanguage\":\"fr-FR\",\"@id\":\"https:\\\/\\\/www.modave.be\\\/#\\\/schema\\\/logo\\\/image\\\/\",\"url\":\"https:\\\/\\\/www.modave.be\\\/wp-content\\\/uploads\\\/2021\\\/12\\\/MODAVE_LOGO_HORIZONTAL_QUADRI_RVB.png\",\"contentUrl\":\"https:\\\/\\\/www.modave.be\\\/wp-content\\\/uploads\\\/2021\\\/12\\\/MODAVE_LOGO_HORIZONTAL_QUADRI_RVB.png\",\"width\":1200,\"height\":501,\"caption\":\"Commune de Modave\"},\"image\":{\"@id\":\"https:\\\/\\\/www.modave.be\\\/#\\\/schema\\\/logo\\\/image\\\/\"}}]}<\/script>\n<!-- \/ Yoast SEO plugin. -->","yoast_head_json":{"title":"Permaculture | Mon potager bio - Commune de Modave","robots":{"index":"index","follow":"follow","max-snippet":"max-snippet:-1","max-image-preview":"max-image-preview:large","max-video-preview":"max-video-preview:-1"},"canonical":"https:\/\/www.modave.be\/index.php\/events\/permaculture-mon-potager-bio-4\/","og_locale":"fr_FR","og_type":"article","og_title":"Permaculture | Mon potager bio - Commune de Modave","og_description":"Un mercredi matin par mois de janvier \u00e0 novembre 2026 En association avec Province de Li\u00e8ge (section Agriculture), le Syndicat organise un cycle de cours de jardinage destin\u00e9s \u00e0 tous ceux et celles qui veulent s\u2019initier \u00e0 l\u2019art du potager. Ces cours sont donn\u00e9s par St\u00e9phane Mostenne, expert de la Province de Li\u00e8ge, \u00e0 raison&hellip;","og_url":"https:\/\/www.modave.be\/index.php\/events\/permaculture-mon-potager-bio-4\/","og_site_name":"Commune de Modave","article_modified_time":"2025-09-02T13:11:03+00:00","og_image":[{"width":1587,"height":2245,"url":"https:\/\/www.modave.be\/wp-content\/uploads\/2025\/09\/Permaculture-2026-.jpg","type":"image\/jpeg"}],"twitter_card":"summary_large_image","twitter_misc":{"Dur\u00e9e de lecture estim\u00e9e":"2 minutes"},"schema":{"@context":"https:\/\/schema.org","@graph":[{"@type":"WebPage","@id":"https:\/\/www.modave.be\/index.php\/events\/permaculture-mon-potager-bio-4\/","url":"https:\/\/www.modave.be\/index.php\/events\/permaculture-mon-potager-bio-4\/","name":"Permaculture | Mon potager bio - Commune de Modave","isPartOf":{"@id":"https:\/\/www.modave.be\/#website"},"primaryImageOfPage":{"@id":"https:\/\/www.modave.be\/index.php\/events\/permaculture-mon-potager-bio-4\/#primaryimage"},"image":{"@id":"https:\/\/www.modave.be\/index.php\/events\/permaculture-mon-potager-bio-4\/#primaryimage"},"thumbnailUrl":"https:\/\/www.modave.be\/wp-content\/uploads\/2025\/09\/Permaculture-2026-.jpg","datePublished":"2025-09-02T13:10:43+00:00","dateModified":"2025-09-02T13:11:03+00:00","breadcrumb":{"@id":"https:\/\/www.modave.be\/index.php\/events\/permaculture-mon-potager-bio-4\/#breadcrumb"},"inLanguage":"fr-FR","potentialAction":[{"@type":"ReadAction","target":["https:\/\/www.modave.be\/index.php\/events\/permaculture-mon-potager-bio-4\/"]}]},{"@type":"ImageObject","inLanguage":"fr-FR","@id":"https:\/\/www.modave.be\/index.php\/events\/permaculture-mon-potager-bio-4\/#primaryimage","url":"https:\/\/www.modave.be\/wp-content\/uploads\/2025\/09\/Permaculture-2026-.jpg","contentUrl":"https:\/\/www.modave.be\/wp-content\/uploads\/2025\/09\/Permaculture-2026-.jpg","width":1587,"height":2245},{"@type":"BreadcrumbList","@id":"https:\/\/www.modave.be\/index.php\/events\/permaculture-mon-potager-bio-4\/#breadcrumb","itemListElement":[{"@type":"ListItem","position":1,"name":"Accueil","item":"https:\/\/www.modave.be\/"},{"@type":"ListItem","position":2,"name":"Events","item":"https:\/\/www.modave.be\/index.php\/events\/"},{"@type":"ListItem","position":3,"name":"Permaculture | Mon potager bio"}]},{"@type":"WebSite","@id":"https:\/\/www.modave.be\/#website","url":"https:\/\/www.modave.be\/","name":"Commune de Modave","description":"Commune de Modave","publisher":{"@id":"https:\/\/www.modave.be\/#organization"},"potentialAction":[{"@type":"SearchAction","target":{"@type":"EntryPoint","urlTemplate":"https:\/\/www.modave.be\/?s={search_term_string}"},"query-input":{"@type":"PropertyValueSpecification","valueRequired":true,"valueName":"search_term_string"}}],"inLanguage":"fr-FR"},{"@type":"Organization","@id":"https:\/\/www.modave.be\/#organization","name":"Commune de Modave","url":"https:\/\/www.modave.be\/","logo":{"@type":"ImageObject","inLanguage":"fr-FR","@id":"https:\/\/www.modave.be\/#\/schema\/logo\/image\/","url":"https:\/\/www.modave.be\/wp-content\/uploads\/2021\/12\/MODAVE_LOGO_HORIZONTAL_QUADRI_RVB.png","contentUrl":"https:\/\/www.modave.be\/wp-content\/uploads\/2021\/12\/MODAVE_LOGO_HORIZONTAL_QUADRI_RVB.png","width":1200,"height":501,"caption":"Commune de Modave"},"image":{"@id":"https:\/\/www.modave.be\/#\/schema\/logo\/image\/"}}]}},"_links":{"self":[{"href":"https:\/\/www.modave.be\/index.php\/wp-json\/wp\/v2\/ajde_events\/16369","targetHints":{"allow":["GET"]}}],"collection":[{"href":"https:\/\/www.modave.be\/index.php\/wp-json\/wp\/v2\/ajde_events"}],"about":[{"href":"https:\/\/www.modave.be\/index.php\/wp-json\/wp\/v2\/types\/ajde_events"}],"author":[{"embeddable":true,"href":"https:\/\/www.modave.be\/index.php\/wp-json\/wp\/v2\/users\/9"}],"replies":[{"embeddable":true,"href":"https:\/\/www.modave.be\/index.php\/wp-json\/wp\/v2\/comments?post=16369"}],"wp:featuredmedia":[{"embeddable":true,"href":"https:\/\/www.modave.be\/index.php\/wp-json\/wp\/v2\/media\/16366"}],"wp:attachment":[{"href":"https:\/\/www.modave.be\/index.php\/wp-json\/wp\/v2\/media?parent=16369"}],"wp:term":[{"taxonomy":"post_tag","embeddable":true,"href":"https:\/\/www.modave.be\/index.php\/wp-json\/wp\/v2\/tags?post=16369"},{"taxonomy":"event_type","embeddable":true,"href":"https:\/\/www.modave.be\/index.php\/wp-json\/wp\/v2\/event_type?post=16369"},{"taxonomy":"event_type_2","embeddable":true,"href":"https:\/\/www.modave.be\/index.php\/wp-json\/wp\/v2\/event_type_2?post=16369"},{"taxonomy":"event_type_3","embeddable":true,"href":"https:\/\/www.modave.be\/index.php\/wp-json\/wp\/v2\/event_type_3?post=16369"},{"taxonomy":"event_type_4","embeddable":true,"href":"https:\/\/www.modave.be\/index.php\/wp-json\/wp\/v2\/event_type_4?post=16369"}],"curies":[{"name":"wp","href":"https:\/\/api.w.org\/{rel}","templated":true}]}}