{"id":16629,"date":"2025-09-30T11:42:19","date_gmt":"2025-09-30T09:42:19","guid":{"rendered":"https:\/\/www.modave.be\/?post_type=ajde_events&#038;p=16629"},"modified":"2025-09-30T11:42:20","modified_gmt":"2025-09-30T09:42:20","slug":"semaine-des-sentiers-bain-de-foret","status":"publish","type":"ajde_events","link":"https:\/\/www.modave.be\/index.php\/events\/semaine-des-sentiers-bain-de-foret\/","title":{"rendered":"SEMAINE DES SENTIERS | Bain de for\u00eat"},"content":{"rendered":"\n<h2 class=\"wp-block-heading\">Bain de for\u00eat | Shinrin-yoku<\/h2>\n\n\n\n<p>Un temps de ressourcement pour se rapprocher de la nature et s\u2019y reconnecter en douceur.<\/p>\n\n\n\n<p>Le bain de for\u00eat, ou <em>Shinrin-yoku<\/em>, propose une immersion au c\u0153ur de la nature, guid\u00e9e par les cinq sens. Cette exp\u00e9rience sans effort invite \u00e0 se relier aux arbres et aux v\u00e9g\u00e9taux, dans le calme, pour r\u00e9g\u00e9n\u00e9rer corps et esprit.<\/p>\n\n\n\n<p><strong>Informations pratiques :<\/strong><\/p>\n\n\n\n<ul class=\"wp-block-list\">\n<li>Activit\u00e9 encadr\u00e9e par un guide certifi\u00e9<\/li>\n\n\n\n<li>PAF : 20 \u20ac par personne (places limit\u00e9es)<\/li>\n\n\n\n<li>R\u00e9servation obligatoire : <a>info.sivh@gmail.com<\/a><\/li>\n<\/ul>\n\n\n\n<p><\/p>\n","protected":false},"author":9,"featured_media":16624,"menu_order":0,"comment_status":"closed","ping_status":"closed","template":"","meta":[],"tags":[],"event_type":[179],"event_type_2":[],"event_type_3":[],"event_type_4":[],"class_list":["post-16629","ajde_events","type-ajde_events","status-publish","has-post-thumbnail","hentry","event_location-chateau-de-modave","event_organizer-tourisme-modave-marchin-clavier-tinlot","event_type-sportsetloisirs","description-off"],"yoast_head":"<!-- This site is optimized with the Yoast SEO plugin v27.5 - https:\/\/yoast.com\/product\/yoast-seo-wordpress\/ -->\n<title>SEMAINE DES SENTIERS | Bain de for\u00eat - Commune de Modave<\/title>\n<meta name=\"robots\" content=\"index, follow, max-snippet:-1, max-image-preview:large, max-video-preview:-1\" \/>\n<link rel=\"canonical\" href=\"https:\/\/www.modave.be\/index.php\/events\/semaine-des-sentiers-bain-de-foret\/\" \/>\n<meta property=\"og:locale\" content=\"fr_FR\" \/>\n<meta property=\"og:type\" content=\"article\" \/>\n<meta property=\"og:title\" content=\"SEMAINE DES SENTIERS | Bain de for\u00eat - Commune de Modave\" \/>\n<meta property=\"og:description\" content=\"Bain de for\u00eat | Shinrin-yoku Un temps de ressourcement pour se rapprocher de la nature et s\u2019y reconnecter en douceur. Le bain de for\u00eat, ou Shinrin-yoku, propose une immersion au c\u0153ur de la nature, guid\u00e9e par les cinq sens. Cette exp\u00e9rience sans effort invite \u00e0 se relier aux arbres et aux v\u00e9g\u00e9taux, dans le calme,&hellip;\" \/>\n<meta property=\"og:url\" content=\"https:\/\/www.modave.be\/index.php\/events\/semaine-des-sentiers-bain-de-foret\/\" \/>\n<meta property=\"og:site_name\" content=\"Commune de Modave\" \/>\n<meta property=\"article:modified_time\" content=\"2025-09-30T09:42:20+00:00\" \/>\n<meta property=\"og:image\" content=\"https:\/\/www.modave.be\/wp-content\/uploads\/2025\/09\/SS2025V.jpg.png\" \/>\n\t<meta property=\"og:image:width\" content=\"255\" \/>\n\t<meta property=\"og:image:height\" content=\"83\" \/>\n\t<meta property=\"og:image:type\" content=\"image\/png\" \/>\n<meta name=\"twitter:card\" content=\"summary_large_image\" \/>\n<script type=\"application\/ld+json\" class=\"yoast-schema-graph\">{\"@context\":\"https:\\\/\\\/schema.org\",\"@graph\":[{\"@type\":\"WebPage\",\"@id\":\"https:\\\/\\\/www.modave.be\\\/index.php\\\/events\\\/semaine-des-sentiers-bain-de-foret\\\/\",\"url\":\"https:\\\/\\\/www.modave.be\\\/index.php\\\/events\\\/semaine-des-sentiers-bain-de-foret\\\/\",\"name\":\"SEMAINE DES SENTIERS | Bain de for\u00eat - Commune de Modave\",\"isPartOf\":{\"@id\":\"https:\\\/\\\/www.modave.be\\\/#website\"},\"primaryImageOfPage\":{\"@id\":\"https:\\\/\\\/www.modave.be\\\/index.php\\\/events\\\/semaine-des-sentiers-bain-de-foret\\\/#primaryimage\"},\"image\":{\"@id\":\"https:\\\/\\\/www.modave.be\\\/index.php\\\/events\\\/semaine-des-sentiers-bain-de-foret\\\/#primaryimage\"},\"thumbnailUrl\":\"https:\\\/\\\/www.modave.be\\\/wp-content\\\/uploads\\\/2025\\\/09\\\/SS2025V.jpg.png\",\"datePublished\":\"2025-09-30T09:42:19+00:00\",\"dateModified\":\"2025-09-30T09:42:20+00:00\",\"breadcrumb\":{\"@id\":\"https:\\\/\\\/www.modave.be\\\/index.php\\\/events\\\/semaine-des-sentiers-bain-de-foret\\\/#breadcrumb\"},\"inLanguage\":\"fr-FR\",\"potentialAction\":[{\"@type\":\"ReadAction\",\"target\":[\"https:\\\/\\\/www.modave.be\\\/index.php\\\/events\\\/semaine-des-sentiers-bain-de-foret\\\/\"]}]},{\"@type\":\"ImageObject\",\"inLanguage\":\"fr-FR\",\"@id\":\"https:\\\/\\\/www.modave.be\\\/index.php\\\/events\\\/semaine-des-sentiers-bain-de-foret\\\/#primaryimage\",\"url\":\"https:\\\/\\\/www.modave.be\\\/wp-content\\\/uploads\\\/2025\\\/09\\\/SS2025V.jpg.png\",\"contentUrl\":\"https:\\\/\\\/www.modave.be\\\/wp-content\\\/uploads\\\/2025\\\/09\\\/SS2025V.jpg.png\",\"width\":255,\"height\":83},{\"@type\":\"BreadcrumbList\",\"@id\":\"https:\\\/\\\/www.modave.be\\\/index.php\\\/events\\\/semaine-des-sentiers-bain-de-foret\\\/#breadcrumb\",\"itemListElement\":[{\"@type\":\"ListItem\",\"position\":1,\"name\":\"Accueil\",\"item\":\"https:\\\/\\\/www.modave.be\\\/\"},{\"@type\":\"ListItem\",\"position\":2,\"name\":\"Events\",\"item\":\"https:\\\/\\\/www.modave.be\\\/index.php\\\/events\\\/\"},{\"@type\":\"ListItem\",\"position\":3,\"name\":\"SEMAINE DES SENTIERS | Bain de for\u00eat\"}]},{\"@type\":\"WebSite\",\"@id\":\"https:\\\/\\\/www.modave.be\\\/#website\",\"url\":\"https:\\\/\\\/www.modave.be\\\/\",\"name\":\"Commune de Modave\",\"description\":\"Commune de Modave\",\"publisher\":{\"@id\":\"https:\\\/\\\/www.modave.be\\\/#organization\"},\"potentialAction\":[{\"@type\":\"SearchAction\",\"target\":{\"@type\":\"EntryPoint\",\"urlTemplate\":\"https:\\\/\\\/www.modave.be\\\/?s={search_term_string}\"},\"query-input\":{\"@type\":\"PropertyValueSpecification\",\"valueRequired\":true,\"valueName\":\"search_term_string\"}}],\"inLanguage\":\"fr-FR\"},{\"@type\":\"Organization\",\"@id\":\"https:\\\/\\\/www.modave.be\\\/#organization\",\"name\":\"Commune de Modave\",\"url\":\"https:\\\/\\\/www.modave.be\\\/\",\"logo\":{\"@type\":\"ImageObject\",\"inLanguage\":\"fr-FR\",\"@id\":\"https:\\\/\\\/www.modave.be\\\/#\\\/schema\\\/logo\\\/image\\\/\",\"url\":\"https:\\\/\\\/www.modave.be\\\/wp-content\\\/uploads\\\/2021\\\/12\\\/MODAVE_LOGO_HORIZONTAL_QUADRI_RVB.png\",\"contentUrl\":\"https:\\\/\\\/www.modave.be\\\/wp-content\\\/uploads\\\/2021\\\/12\\\/MODAVE_LOGO_HORIZONTAL_QUADRI_RVB.png\",\"width\":1200,\"height\":501,\"caption\":\"Commune de Modave\"},\"image\":{\"@id\":\"https:\\\/\\\/www.modave.be\\\/#\\\/schema\\\/logo\\\/image\\\/\"}}]}<\/script>\n<!-- \/ Yoast SEO plugin. -->","yoast_head_json":{"title":"SEMAINE DES SENTIERS | Bain de for\u00eat - Commune de Modave","robots":{"index":"index","follow":"follow","max-snippet":"max-snippet:-1","max-image-preview":"max-image-preview:large","max-video-preview":"max-video-preview:-1"},"canonical":"https:\/\/www.modave.be\/index.php\/events\/semaine-des-sentiers-bain-de-foret\/","og_locale":"fr_FR","og_type":"article","og_title":"SEMAINE DES SENTIERS | Bain de for\u00eat - Commune de Modave","og_description":"Bain de for\u00eat | Shinrin-yoku Un temps de ressourcement pour se rapprocher de la nature et s\u2019y reconnecter en douceur. Le bain de for\u00eat, ou Shinrin-yoku, propose une immersion au c\u0153ur de la nature, guid\u00e9e par les cinq sens. Cette exp\u00e9rience sans effort invite \u00e0 se relier aux arbres et aux v\u00e9g\u00e9taux, dans le calme,&hellip;","og_url":"https:\/\/www.modave.be\/index.php\/events\/semaine-des-sentiers-bain-de-foret\/","og_site_name":"Commune de Modave","article_modified_time":"2025-09-30T09:42:20+00:00","og_image":[{"width":255,"height":83,"url":"https:\/\/www.modave.be\/wp-content\/uploads\/2025\/09\/SS2025V.jpg.png","type":"image\/png"}],"twitter_card":"summary_large_image","schema":{"@context":"https:\/\/schema.org","@graph":[{"@type":"WebPage","@id":"https:\/\/www.modave.be\/index.php\/events\/semaine-des-sentiers-bain-de-foret\/","url":"https:\/\/www.modave.be\/index.php\/events\/semaine-des-sentiers-bain-de-foret\/","name":"SEMAINE DES SENTIERS | Bain de for\u00eat - Commune de Modave","isPartOf":{"@id":"https:\/\/www.modave.be\/#website"},"primaryImageOfPage":{"@id":"https:\/\/www.modave.be\/index.php\/events\/semaine-des-sentiers-bain-de-foret\/#primaryimage"},"image":{"@id":"https:\/\/www.modave.be\/index.php\/events\/semaine-des-sentiers-bain-de-foret\/#primaryimage"},"thumbnailUrl":"https:\/\/www.modave.be\/wp-content\/uploads\/2025\/09\/SS2025V.jpg.png","datePublished":"2025-09-30T09:42:19+00:00","dateModified":"2025-09-30T09:42:20+00:00","breadcrumb":{"@id":"https:\/\/www.modave.be\/index.php\/events\/semaine-des-sentiers-bain-de-foret\/#breadcrumb"},"inLanguage":"fr-FR","potentialAction":[{"@type":"ReadAction","target":["https:\/\/www.modave.be\/index.php\/events\/semaine-des-sentiers-bain-de-foret\/"]}]},{"@type":"ImageObject","inLanguage":"fr-FR","@id":"https:\/\/www.modave.be\/index.php\/events\/semaine-des-sentiers-bain-de-foret\/#primaryimage","url":"https:\/\/www.modave.be\/wp-content\/uploads\/2025\/09\/SS2025V.jpg.png","contentUrl":"https:\/\/www.modave.be\/wp-content\/uploads\/2025\/09\/SS2025V.jpg.png","width":255,"height":83},{"@type":"BreadcrumbList","@id":"https:\/\/www.modave.be\/index.php\/events\/semaine-des-sentiers-bain-de-foret\/#breadcrumb","itemListElement":[{"@type":"ListItem","position":1,"name":"Accueil","item":"https:\/\/www.modave.be\/"},{"@type":"ListItem","position":2,"name":"Events","item":"https:\/\/www.modave.be\/index.php\/events\/"},{"@type":"ListItem","position":3,"name":"SEMAINE DES SENTIERS | Bain de for\u00eat"}]},{"@type":"WebSite","@id":"https:\/\/www.modave.be\/#website","url":"https:\/\/www.modave.be\/","name":"Commune de Modave","description":"Commune de Modave","publisher":{"@id":"https:\/\/www.modave.be\/#organization"},"potentialAction":[{"@type":"SearchAction","target":{"@type":"EntryPoint","urlTemplate":"https:\/\/www.modave.be\/?s={search_term_string}"},"query-input":{"@type":"PropertyValueSpecification","valueRequired":true,"valueName":"search_term_string"}}],"inLanguage":"fr-FR"},{"@type":"Organization","@id":"https:\/\/www.modave.be\/#organization","name":"Commune de Modave","url":"https:\/\/www.modave.be\/","logo":{"@type":"ImageObject","inLanguage":"fr-FR","@id":"https:\/\/www.modave.be\/#\/schema\/logo\/image\/","url":"https:\/\/www.modave.be\/wp-content\/uploads\/2021\/12\/MODAVE_LOGO_HORIZONTAL_QUADRI_RVB.png","contentUrl":"https:\/\/www.modave.be\/wp-content\/uploads\/2021\/12\/MODAVE_LOGO_HORIZONTAL_QUADRI_RVB.png","width":1200,"height":501,"caption":"Commune de Modave"},"image":{"@id":"https:\/\/www.modave.be\/#\/schema\/logo\/image\/"}}]}},"_links":{"self":[{"href":"https:\/\/www.modave.be\/index.php\/wp-json\/wp\/v2\/ajde_events\/16629","targetHints":{"allow":["GET"]}}],"collection":[{"href":"https:\/\/www.modave.be\/index.php\/wp-json\/wp\/v2\/ajde_events"}],"about":[{"href":"https:\/\/www.modave.be\/index.php\/wp-json\/wp\/v2\/types\/ajde_events"}],"author":[{"embeddable":true,"href":"https:\/\/www.modave.be\/index.php\/wp-json\/wp\/v2\/users\/9"}],"replies":[{"embeddable":true,"href":"https:\/\/www.modave.be\/index.php\/wp-json\/wp\/v2\/comments?post=16629"}],"wp:featuredmedia":[{"embeddable":true,"href":"https:\/\/www.modave.be\/index.php\/wp-json\/wp\/v2\/media\/16624"}],"wp:attachment":[{"href":"https:\/\/www.modave.be\/index.php\/wp-json\/wp\/v2\/media?parent=16629"}],"wp:term":[{"taxonomy":"post_tag","embeddable":true,"href":"https:\/\/www.modave.be\/index.php\/wp-json\/wp\/v2\/tags?post=16629"},{"taxonomy":"event_type","embeddable":true,"href":"https:\/\/www.modave.be\/index.php\/wp-json\/wp\/v2\/event_type?post=16629"},{"taxonomy":"event_type_2","embeddable":true,"href":"https:\/\/www.modave.be\/index.php\/wp-json\/wp\/v2\/event_type_2?post=16629"},{"taxonomy":"event_type_3","embeddable":true,"href":"https:\/\/www.modave.be\/index.php\/wp-json\/wp\/v2\/event_type_3?post=16629"},{"taxonomy":"event_type_4","embeddable":true,"href":"https:\/\/www.modave.be\/index.php\/wp-json\/wp\/v2\/event_type_4?post=16629"}],"curies":[{"name":"wp","href":"https:\/\/api.w.org\/{rel}","templated":true}]}}