{"id":18115,"date":"2026-02-10T09:22:24","date_gmt":"2026-02-10T08:22:24","guid":{"rendered":"https:\/\/www.modave.be\/?post_type=ajde_events&#038;p=18115"},"modified":"2026-02-10T09:22:25","modified_gmt":"2026-02-10T08:22:25","slug":"fete-de-la-biodiversite-la-nature-au-coeur-de-nos-jardins","status":"publish","type":"ajde_events","link":"https:\/\/www.modave.be\/index.php\/events\/fete-de-la-biodiversite-la-nature-au-coeur-de-nos-jardins\/","title":{"rendered":"F\u00eate de la biodiversit\u00e9 | La Nature au c\u0153ur de nos jardins"},"content":{"rendered":"\n<p><em>journ\u00e9e festive<\/em><br><strong>30 mai 2026<\/strong><\/p>\n\n\n\n<ul class=\"wp-block-list\">\n<li><strong>ATELIER<\/strong><\/li>\n\n\n\n<li><strong>CONF\u00c9RENCE<\/strong><\/li>\n\n\n\n<li><strong>ANIMATIONS ENFANTS<\/strong><\/li>\n\n\n\n<li><strong>BAR<\/strong><\/li>\n\n\n\n<li><strong>PETITE RESTAURATION<\/strong><\/li>\n\n\n\n<li><strong>GLACES<\/strong><\/li>\n<\/ul>\n\n\n\n<p>Le GAL Condruses profite de la journ\u00e9e internationale de la biodiversit\u00e9 pour organiser la <strong>F\u00eate de la Biodiversit\u00e9<\/strong>.<\/p>\n\n\n\n<p>On vous accueille pour une journ\u00e9e festive avec des animations pour les enfants, une conf\u00e9rence sur le jardin, l\u2019enl\u00e8vement de l\u2019achat group\u00e9 de bo\u00eetes \u00e0 fleurir, un bar, de la petite restauration et des glaces !<\/p>\n\n\n\n<p class=\"has-text-align-center\">Plus d\u2019infos sur notre site !<br><a>https:\/\/urlr.me\/!fete-biodiv-2026<\/a><\/p>\n\n\n\n<p class=\"has-text-align-center\"><strong>JARDIN DES AUB\u00c9PINES<\/strong><br><strong>RUE DES AUB\u00c9PINES 1C \u2013 4577 STR\u00c9E<\/strong><\/p>\n\n\n\n<p>GAL Condruses &#8211; Le Jardin des Aub\u00e9pines &#8211; Cofinanc\u00e9 par l\u2019Union europ\u00e9enne &#8211; Wallonie &#8211; pollEC<\/p>\n\n\n\n<p><\/p>\n","protected":false},"author":9,"featured_media":18116,"menu_order":0,"comment_status":"closed","ping_status":"closed","template":"","meta":[],"tags":[],"event_type":[299],"event_type_2":[],"event_type_3":[],"event_type_4":[],"class_list":["post-18115","ajde_events","type-ajde_events","status-publish","has-post-thumbnail","hentry","event_location-jardin-des-aubepines","event_organizer-gal-condruses","event_type-environnement","description-off"],"yoast_head":"<!-- This site is optimized with the Yoast SEO plugin v27.4 - https:\/\/yoast.com\/product\/yoast-seo-wordpress\/ -->\n<title>F\u00eate de la biodiversit\u00e9 | La Nature au c\u0153ur de nos jardins - Commune de Modave<\/title>\n<meta name=\"robots\" content=\"index, follow, max-snippet:-1, max-image-preview:large, max-video-preview:-1\" \/>\n<link rel=\"canonical\" href=\"https:\/\/www.modave.be\/index.php\/events\/fete-de-la-biodiversite-la-nature-au-coeur-de-nos-jardins\/\" \/>\n<meta property=\"og:locale\" content=\"fr_FR\" \/>\n<meta property=\"og:type\" content=\"article\" \/>\n<meta property=\"og:title\" content=\"F\u00eate de la biodiversit\u00e9 | La Nature au c\u0153ur de nos jardins - Commune de Modave\" \/>\n<meta property=\"og:description\" content=\"journ\u00e9e festive30 mai 2026 Le GAL Condruses profite de la journ\u00e9e internationale de la biodiversit\u00e9 pour organiser la F\u00eate de la Biodiversit\u00e9. On vous accueille pour une journ\u00e9e festive avec des animations pour les enfants, une conf\u00e9rence sur le jardin, l\u2019enl\u00e8vement de l\u2019achat group\u00e9 de bo\u00eetes \u00e0 fleurir, un bar, de la petite restauration et&hellip;\" \/>\n<meta property=\"og:url\" content=\"https:\/\/www.modave.be\/index.php\/events\/fete-de-la-biodiversite-la-nature-au-coeur-de-nos-jardins\/\" \/>\n<meta property=\"og:site_name\" content=\"Commune de Modave\" \/>\n<meta property=\"article:modified_time\" content=\"2026-02-10T08:22:25+00:00\" \/>\n<meta property=\"og:image\" content=\"https:\/\/www.modave.be\/wp-content\/uploads\/2026\/02\/BIO-Pub-fetebio-2026-BC-A5.jpg\" \/>\n\t<meta property=\"og:image:width\" content=\"2480\" \/>\n\t<meta property=\"og:image:height\" content=\"1748\" \/>\n\t<meta property=\"og:image:type\" content=\"image\/jpeg\" \/>\n<meta name=\"twitter:card\" content=\"summary_large_image\" \/>\n<meta name=\"twitter:label1\" content=\"Dur\u00e9e de lecture estim\u00e9e\" \/>\n\t<meta name=\"twitter:data1\" content=\"1 minute\" \/>\n<script type=\"application\/ld+json\" class=\"yoast-schema-graph\">{\"@context\":\"https:\\\/\\\/schema.org\",\"@graph\":[{\"@type\":\"WebPage\",\"@id\":\"https:\\\/\\\/www.modave.be\\\/index.php\\\/events\\\/fete-de-la-biodiversite-la-nature-au-coeur-de-nos-jardins\\\/\",\"url\":\"https:\\\/\\\/www.modave.be\\\/index.php\\\/events\\\/fete-de-la-biodiversite-la-nature-au-coeur-de-nos-jardins\\\/\",\"name\":\"F\u00eate de la biodiversit\u00e9 | La Nature au c\u0153ur de nos jardins - Commune de Modave\",\"isPartOf\":{\"@id\":\"https:\\\/\\\/www.modave.be\\\/#website\"},\"primaryImageOfPage\":{\"@id\":\"https:\\\/\\\/www.modave.be\\\/index.php\\\/events\\\/fete-de-la-biodiversite-la-nature-au-coeur-de-nos-jardins\\\/#primaryimage\"},\"image\":{\"@id\":\"https:\\\/\\\/www.modave.be\\\/index.php\\\/events\\\/fete-de-la-biodiversite-la-nature-au-coeur-de-nos-jardins\\\/#primaryimage\"},\"thumbnailUrl\":\"https:\\\/\\\/www.modave.be\\\/wp-content\\\/uploads\\\/2026\\\/02\\\/BIO-Pub-fetebio-2026-BC-A5.jpg\",\"datePublished\":\"2026-02-10T08:22:24+00:00\",\"dateModified\":\"2026-02-10T08:22:25+00:00\",\"breadcrumb\":{\"@id\":\"https:\\\/\\\/www.modave.be\\\/index.php\\\/events\\\/fete-de-la-biodiversite-la-nature-au-coeur-de-nos-jardins\\\/#breadcrumb\"},\"inLanguage\":\"fr-FR\",\"potentialAction\":[{\"@type\":\"ReadAction\",\"target\":[\"https:\\\/\\\/www.modave.be\\\/index.php\\\/events\\\/fete-de-la-biodiversite-la-nature-au-coeur-de-nos-jardins\\\/\"]}]},{\"@type\":\"ImageObject\",\"inLanguage\":\"fr-FR\",\"@id\":\"https:\\\/\\\/www.modave.be\\\/index.php\\\/events\\\/fete-de-la-biodiversite-la-nature-au-coeur-de-nos-jardins\\\/#primaryimage\",\"url\":\"https:\\\/\\\/www.modave.be\\\/wp-content\\\/uploads\\\/2026\\\/02\\\/BIO-Pub-fetebio-2026-BC-A5.jpg\",\"contentUrl\":\"https:\\\/\\\/www.modave.be\\\/wp-content\\\/uploads\\\/2026\\\/02\\\/BIO-Pub-fetebio-2026-BC-A5.jpg\",\"width\":2480,\"height\":1748},{\"@type\":\"BreadcrumbList\",\"@id\":\"https:\\\/\\\/www.modave.be\\\/index.php\\\/events\\\/fete-de-la-biodiversite-la-nature-au-coeur-de-nos-jardins\\\/#breadcrumb\",\"itemListElement\":[{\"@type\":\"ListItem\",\"position\":1,\"name\":\"Accueil\",\"item\":\"https:\\\/\\\/www.modave.be\\\/\"},{\"@type\":\"ListItem\",\"position\":2,\"name\":\"Events\",\"item\":\"https:\\\/\\\/www.modave.be\\\/index.php\\\/events\\\/\"},{\"@type\":\"ListItem\",\"position\":3,\"name\":\"F\u00eate de la biodiversit\u00e9 | La Nature au c\u0153ur de nos jardins\"}]},{\"@type\":\"WebSite\",\"@id\":\"https:\\\/\\\/www.modave.be\\\/#website\",\"url\":\"https:\\\/\\\/www.modave.be\\\/\",\"name\":\"Commune de Modave\",\"description\":\"Commune de Modave\",\"publisher\":{\"@id\":\"https:\\\/\\\/www.modave.be\\\/#organization\"},\"potentialAction\":[{\"@type\":\"SearchAction\",\"target\":{\"@type\":\"EntryPoint\",\"urlTemplate\":\"https:\\\/\\\/www.modave.be\\\/?s={search_term_string}\"},\"query-input\":{\"@type\":\"PropertyValueSpecification\",\"valueRequired\":true,\"valueName\":\"search_term_string\"}}],\"inLanguage\":\"fr-FR\"},{\"@type\":\"Organization\",\"@id\":\"https:\\\/\\\/www.modave.be\\\/#organization\",\"name\":\"Commune de Modave\",\"url\":\"https:\\\/\\\/www.modave.be\\\/\",\"logo\":{\"@type\":\"ImageObject\",\"inLanguage\":\"fr-FR\",\"@id\":\"https:\\\/\\\/www.modave.be\\\/#\\\/schema\\\/logo\\\/image\\\/\",\"url\":\"https:\\\/\\\/www.modave.be\\\/wp-content\\\/uploads\\\/2021\\\/12\\\/MODAVE_LOGO_HORIZONTAL_QUADRI_RVB.png\",\"contentUrl\":\"https:\\\/\\\/www.modave.be\\\/wp-content\\\/uploads\\\/2021\\\/12\\\/MODAVE_LOGO_HORIZONTAL_QUADRI_RVB.png\",\"width\":1200,\"height\":501,\"caption\":\"Commune de Modave\"},\"image\":{\"@id\":\"https:\\\/\\\/www.modave.be\\\/#\\\/schema\\\/logo\\\/image\\\/\"}}]}<\/script>\n<!-- \/ Yoast SEO plugin. -->","yoast_head_json":{"title":"F\u00eate de la biodiversit\u00e9 | La Nature au c\u0153ur de nos jardins - Commune de Modave","robots":{"index":"index","follow":"follow","max-snippet":"max-snippet:-1","max-image-preview":"max-image-preview:large","max-video-preview":"max-video-preview:-1"},"canonical":"https:\/\/www.modave.be\/index.php\/events\/fete-de-la-biodiversite-la-nature-au-coeur-de-nos-jardins\/","og_locale":"fr_FR","og_type":"article","og_title":"F\u00eate de la biodiversit\u00e9 | La Nature au c\u0153ur de nos jardins - Commune de Modave","og_description":"journ\u00e9e festive30 mai 2026 Le GAL Condruses profite de la journ\u00e9e internationale de la biodiversit\u00e9 pour organiser la F\u00eate de la Biodiversit\u00e9. On vous accueille pour une journ\u00e9e festive avec des animations pour les enfants, une conf\u00e9rence sur le jardin, l\u2019enl\u00e8vement de l\u2019achat group\u00e9 de bo\u00eetes \u00e0 fleurir, un bar, de la petite restauration et&hellip;","og_url":"https:\/\/www.modave.be\/index.php\/events\/fete-de-la-biodiversite-la-nature-au-coeur-de-nos-jardins\/","og_site_name":"Commune de Modave","article_modified_time":"2026-02-10T08:22:25+00:00","og_image":[{"width":2480,"height":1748,"url":"https:\/\/www.modave.be\/wp-content\/uploads\/2026\/02\/BIO-Pub-fetebio-2026-BC-A5.jpg","type":"image\/jpeg"}],"twitter_card":"summary_large_image","twitter_misc":{"Dur\u00e9e de lecture estim\u00e9e":"1 minute"},"schema":{"@context":"https:\/\/schema.org","@graph":[{"@type":"WebPage","@id":"https:\/\/www.modave.be\/index.php\/events\/fete-de-la-biodiversite-la-nature-au-coeur-de-nos-jardins\/","url":"https:\/\/www.modave.be\/index.php\/events\/fete-de-la-biodiversite-la-nature-au-coeur-de-nos-jardins\/","name":"F\u00eate de la biodiversit\u00e9 | La Nature au c\u0153ur de nos jardins - Commune de Modave","isPartOf":{"@id":"https:\/\/www.modave.be\/#website"},"primaryImageOfPage":{"@id":"https:\/\/www.modave.be\/index.php\/events\/fete-de-la-biodiversite-la-nature-au-coeur-de-nos-jardins\/#primaryimage"},"image":{"@id":"https:\/\/www.modave.be\/index.php\/events\/fete-de-la-biodiversite-la-nature-au-coeur-de-nos-jardins\/#primaryimage"},"thumbnailUrl":"https:\/\/www.modave.be\/wp-content\/uploads\/2026\/02\/BIO-Pub-fetebio-2026-BC-A5.jpg","datePublished":"2026-02-10T08:22:24+00:00","dateModified":"2026-02-10T08:22:25+00:00","breadcrumb":{"@id":"https:\/\/www.modave.be\/index.php\/events\/fete-de-la-biodiversite-la-nature-au-coeur-de-nos-jardins\/#breadcrumb"},"inLanguage":"fr-FR","potentialAction":[{"@type":"ReadAction","target":["https:\/\/www.modave.be\/index.php\/events\/fete-de-la-biodiversite-la-nature-au-coeur-de-nos-jardins\/"]}]},{"@type":"ImageObject","inLanguage":"fr-FR","@id":"https:\/\/www.modave.be\/index.php\/events\/fete-de-la-biodiversite-la-nature-au-coeur-de-nos-jardins\/#primaryimage","url":"https:\/\/www.modave.be\/wp-content\/uploads\/2026\/02\/BIO-Pub-fetebio-2026-BC-A5.jpg","contentUrl":"https:\/\/www.modave.be\/wp-content\/uploads\/2026\/02\/BIO-Pub-fetebio-2026-BC-A5.jpg","width":2480,"height":1748},{"@type":"BreadcrumbList","@id":"https:\/\/www.modave.be\/index.php\/events\/fete-de-la-biodiversite-la-nature-au-coeur-de-nos-jardins\/#breadcrumb","itemListElement":[{"@type":"ListItem","position":1,"name":"Accueil","item":"https:\/\/www.modave.be\/"},{"@type":"ListItem","position":2,"name":"Events","item":"https:\/\/www.modave.be\/index.php\/events\/"},{"@type":"ListItem","position":3,"name":"F\u00eate de la biodiversit\u00e9 | La Nature au c\u0153ur de nos jardins"}]},{"@type":"WebSite","@id":"https:\/\/www.modave.be\/#website","url":"https:\/\/www.modave.be\/","name":"Commune de Modave","description":"Commune de Modave","publisher":{"@id":"https:\/\/www.modave.be\/#organization"},"potentialAction":[{"@type":"SearchAction","target":{"@type":"EntryPoint","urlTemplate":"https:\/\/www.modave.be\/?s={search_term_string}"},"query-input":{"@type":"PropertyValueSpecification","valueRequired":true,"valueName":"search_term_string"}}],"inLanguage":"fr-FR"},{"@type":"Organization","@id":"https:\/\/www.modave.be\/#organization","name":"Commune de Modave","url":"https:\/\/www.modave.be\/","logo":{"@type":"ImageObject","inLanguage":"fr-FR","@id":"https:\/\/www.modave.be\/#\/schema\/logo\/image\/","url":"https:\/\/www.modave.be\/wp-content\/uploads\/2021\/12\/MODAVE_LOGO_HORIZONTAL_QUADRI_RVB.png","contentUrl":"https:\/\/www.modave.be\/wp-content\/uploads\/2021\/12\/MODAVE_LOGO_HORIZONTAL_QUADRI_RVB.png","width":1200,"height":501,"caption":"Commune de Modave"},"image":{"@id":"https:\/\/www.modave.be\/#\/schema\/logo\/image\/"}}]}},"_links":{"self":[{"href":"https:\/\/www.modave.be\/index.php\/wp-json\/wp\/v2\/ajde_events\/18115","targetHints":{"allow":["GET"]}}],"collection":[{"href":"https:\/\/www.modave.be\/index.php\/wp-json\/wp\/v2\/ajde_events"}],"about":[{"href":"https:\/\/www.modave.be\/index.php\/wp-json\/wp\/v2\/types\/ajde_events"}],"author":[{"embeddable":true,"href":"https:\/\/www.modave.be\/index.php\/wp-json\/wp\/v2\/users\/9"}],"replies":[{"embeddable":true,"href":"https:\/\/www.modave.be\/index.php\/wp-json\/wp\/v2\/comments?post=18115"}],"wp:featuredmedia":[{"embeddable":true,"href":"https:\/\/www.modave.be\/index.php\/wp-json\/wp\/v2\/media\/18116"}],"wp:attachment":[{"href":"https:\/\/www.modave.be\/index.php\/wp-json\/wp\/v2\/media?parent=18115"}],"wp:term":[{"taxonomy":"post_tag","embeddable":true,"href":"https:\/\/www.modave.be\/index.php\/wp-json\/wp\/v2\/tags?post=18115"},{"taxonomy":"event_type","embeddable":true,"href":"https:\/\/www.modave.be\/index.php\/wp-json\/wp\/v2\/event_type?post=18115"},{"taxonomy":"event_type_2","embeddable":true,"href":"https:\/\/www.modave.be\/index.php\/wp-json\/wp\/v2\/event_type_2?post=18115"},{"taxonomy":"event_type_3","embeddable":true,"href":"https:\/\/www.modave.be\/index.php\/wp-json\/wp\/v2\/event_type_3?post=18115"},{"taxonomy":"event_type_4","embeddable":true,"href":"https:\/\/www.modave.be\/index.php\/wp-json\/wp\/v2\/event_type_4?post=18115"}],"curies":[{"name":"wp","href":"https:\/\/api.w.org\/{rel}","templated":true}]}}