{"id":18154,"date":"2026-02-11T12:10:09","date_gmt":"2026-02-11T11:10:09","guid":{"rendered":"https:\/\/www.modave.be\/?post_type=ajde_events&#038;p=18154"},"modified":"2026-02-11T12:30:22","modified_gmt":"2026-02-11T11:30:22","slug":"cycle-balades-plantes-medicinales-printemps-soignant-vins-onguents-tisanes-durgence","status":"publish","type":"ajde_events","link":"https:\/\/www.modave.be\/index.php\/events\/cycle-balades-plantes-medicinales-printemps-soignant-vins-onguents-tisanes-durgence\/","title":{"rendered":"Cycle Balades \u00ab\u00a0Plantes M\u00e9dicinales\u00a0\u00bb | Printemps Soignant : Vins, Onguents &amp; Tisanes d\u2019Urgence"},"content":{"rendered":"\n<h2 class=\"wp-block-heading\">Apprenez \u00e0 r\u00e9colter et pr\u00e9parer s\u00e8ve de bouleau, ortie et pissenlit, et repartez avec vos rem\u00e8des et graines pour un jardin m\u00e9dicinal.<\/h2>\n\n\n\n<p>lien face book : <a href=\"https:\/\/linkprotect.cudasvc.com\/url?a=https%3a%2f%2ffb.me%2fe%2f4dNyHoEsf&amp;c=E,1,O0WjfTiJaBqb447ecrzaqfoDRBKThEiXKk1A1n4Nlad9MzM8ciSj6CXzsQc-6XyUTI1wC8iL8lIhBH5Mk8CBY513y5dMlLXV9JTsPFLbqsOp4ZJqBp_ueD3lnic,&amp;typo=1\">https:\/\/fb.me\/e\/4dNyHoEsf<\/a><\/p>\n\n\n\n<p>Cycle de balades \u00ab\u00a0Plantes M\u00e9dicinales\u00a0\u00bb (1\/4 &#8211; 2\/4 &#8211; 3\/ 4 &#8211; 4\/4)<\/p>\n\n\n\n<p>Axel vous emm\u00e8ne dans le cadre naturel du domaine du Ch\u00e2teau de Modave et sa r\u00e9serve afin de vous initier aux plantes m\u00e9dicinales. La matin\u00e9e sera partag\u00e9e entre d\u00e9couvertes et apprentissages de quelques plantes et aussi un atelier pratique.<\/p>\n\n\n\n<blockquote class=\"wp-block-quote is-layout-flow wp-block-quote-is-layout-flow\">\n<p>\u00ab L\u2019hiver s\u2019efface, la Nature s\u2019\u00e9veille\u2026 et si vous en captiez la magie pour un printemps rayonnant \u2013 et bien au-del\u00e0 ? \u00bb<\/p>\n<\/blockquote>\n\n\n\n<p>Venez percer les myst\u00e8res de la s\u00e8ve de bouleau, ce tr\u00e9sor printanier aux vertus d\u00e9toxifiantes, et ma\u00eetrisez son extraction dans le respect de l\u2019arbre. Aux c\u00f4t\u00e9s de l\u2019ortie et du pissenlit, vous apprendrez non seulement \u00e0 r\u00e9colter et pr\u00e9parer des rem\u00e8des simples, mais aussi \u00e0 cultiver ces plantes chez vous pour en faire un h\u00e9ritage vivant.<\/p>\n\n\n\n<p>Entre savoirs ancestraux (des druides \u00e0 Hildegarde) et gestes concrets, cette sortie en compagnie d&rsquo;Axel, vous offrira :<\/p>\n\n\n\n<ul class=\"wp-block-list\">\n<li>L\u2019art de la cueillette \u00e9thique et la fabrication de vos propres rem\u00e8des (s\u00e8ve, infusions, teintures).<\/li>\n\n\n\n<li>Les cl\u00e9s pour cr\u00e9er votre jardin m\u00e9dicinal : quelles plantes choisir, comment les cultiver, et les r\u00e9colter ann\u00e9e apr\u00e8s ann\u00e9e.<\/li>\n\n\n\n<li>L\u2019opportunit\u00e9 de transmettre ces savoirs, pour que la sagesse des plantes perdure autour de vous.<\/li>\n<\/ul>\n\n\n\n<p>Repartez avec vos pr\u00e9parations, des graines \u00e0 planter, et l\u2019envie de faire pousser la magie chez vous ! Vous pouvez vous inscrire au cycle complet (4 s\u00e9ances) \u2013 option recommand\u00e9e pour profiter pleinement de la progression \u2013 ou \u00e0 une ou plusieurs s\u00e9ances \u00e0 la carte, selon vos disponibilit\u00e9s.<\/p>\n\n\n\n<p>Cycle, venez \u00e0 un plusieurs modules, celui-ci sera suivi par :<\/p>\n\n\n\n<ul class=\"wp-block-list\">\n<li>Printemps Soignant : Vins, Onguents &amp; Tisanes d\u2019Urgence Sam. 30 mai 2026 de 10h00 \u00e0 13h00<\/li>\n\n\n\n<li>Et d\u00e9but de l&rsquo;automne : 3 octobre 2026 et 24 octobre 2026.<\/li>\n<\/ul>\n\n\n\n<p>R\u00e9servez-vos dates et vos places !<\/p>\n\n\n\n<p>Inscriptions : <a href=\"https:\/\/linkprotect.cudasvc.com\/url?a=https%3a%2f%2fcriedemodave.natagora.be%2fateliers%3ffbclid%3dIwZXh0bgNhZW0CMTAAYnJpZBExZjNPQkNkVmFVRDhFTVQzenNydGMGYXBwX2lkEDIyMjAzOTE3ODgyMDA4OTIAAR46b2KjouXsZlaWtNcFL4P7F6VYxI5qlLYMPUEOqmd7WeDFei_wx5b5IlA-Vw_aem_dqgS2aCoHpX1yaqBBEHlkQ&amp;c=E,1,7OpG3vUG89s3paUK1elWhKT4IMAHKJtLvUXuQB5L3yYmwJIaitGHvn2_wKkEb2tbAlgbMPioKnq3nACeih8GabS78wx3hS32HxGG6l3R&amp;typo=1\" target=\"_blank\" rel=\"noreferrer noopener\">https:\/\/criedemodave.natagora.be\/ateliers<\/a><\/p>\n","protected":false},"author":9,"featured_media":18153,"menu_order":0,"comment_status":"open","ping_status":"closed","template":"","meta":[],"tags":[],"event_type":[299],"event_type_2":[],"event_type_3":[],"event_type_4":[],"class_list":["post-18154","ajde_events","type-ajde_events","status-publish","has-post-thumbnail","hentry","event_location-crie-chateau-de-modave","event_organizer-les-saisons-de-romont-apiculture-herboristerie-de-terroir","event_type-environnement","description-off"],"yoast_head":"<!-- This site is optimized with the Yoast SEO plugin v27.5 - https:\/\/yoast.com\/product\/yoast-seo-wordpress\/ -->\n<title>Cycle Balades &quot;Plantes M\u00e9dicinales&quot; | Printemps Soignant : Vins, Onguents &amp; Tisanes d\u2019Urgence - Commune de Modave<\/title>\n<meta name=\"robots\" content=\"index, follow, max-snippet:-1, max-image-preview:large, max-video-preview:-1\" \/>\n<link rel=\"canonical\" href=\"https:\/\/www.modave.be\/index.php\/events\/cycle-balades-plantes-medicinales-printemps-soignant-vins-onguents-tisanes-durgence\/\" \/>\n<meta property=\"og:locale\" content=\"fr_FR\" \/>\n<meta property=\"og:type\" content=\"article\" \/>\n<meta property=\"og:title\" content=\"Cycle Balades &quot;Plantes M\u00e9dicinales&quot; | Printemps Soignant : Vins, Onguents &amp; Tisanes d\u2019Urgence - Commune de Modave\" \/>\n<meta property=\"og:description\" content=\"Apprenez \u00e0 r\u00e9colter et pr\u00e9parer s\u00e8ve de bouleau, ortie et pissenlit, et repartez avec vos rem\u00e8des et graines pour un jardin m\u00e9dicinal. lien face book : https:\/\/fb.me\/e\/4dNyHoEsf Cycle de balades \u00ab\u00a0Plantes M\u00e9dicinales\u00a0\u00bb (1\/4 &#8211; 2\/4 &#8211; 3\/ 4 &#8211; 4\/4) Axel vous emm\u00e8ne dans le cadre naturel du domaine du Ch\u00e2teau de Modave et sa&hellip;\" \/>\n<meta property=\"og:url\" content=\"https:\/\/www.modave.be\/index.php\/events\/cycle-balades-plantes-medicinales-printemps-soignant-vins-onguents-tisanes-durgence\/\" \/>\n<meta property=\"og:site_name\" content=\"Commune de Modave\" \/>\n<meta property=\"article:modified_time\" content=\"2026-02-11T11:30:22+00:00\" \/>\n<meta property=\"og:image\" content=\"https:\/\/www.modave.be\/wp-content\/uploads\/2026\/02\/628124252_122211894854350212_1007596681805290078_n.jpg\" \/>\n\t<meta property=\"og:image:width\" content=\"780\" \/>\n\t<meta property=\"og:image:height\" content=\"498\" \/>\n\t<meta property=\"og:image:type\" content=\"image\/jpeg\" \/>\n<meta name=\"twitter:card\" content=\"summary_large_image\" \/>\n<meta name=\"twitter:label1\" content=\"Dur\u00e9e de lecture estim\u00e9e\" \/>\n\t<meta name=\"twitter:data1\" content=\"2 minutes\" \/>\n<script type=\"application\/ld+json\" class=\"yoast-schema-graph\">{\"@context\":\"https:\\\/\\\/schema.org\",\"@graph\":[{\"@type\":\"WebPage\",\"@id\":\"https:\\\/\\\/www.modave.be\\\/index.php\\\/events\\\/cycle-balades-plantes-medicinales-printemps-soignant-vins-onguents-tisanes-durgence\\\/\",\"url\":\"https:\\\/\\\/www.modave.be\\\/index.php\\\/events\\\/cycle-balades-plantes-medicinales-printemps-soignant-vins-onguents-tisanes-durgence\\\/\",\"name\":\"Cycle Balades \\\"Plantes M\u00e9dicinales\\\" | Printemps Soignant : Vins, Onguents &amp; Tisanes d\u2019Urgence - Commune de Modave\",\"isPartOf\":{\"@id\":\"https:\\\/\\\/www.modave.be\\\/#website\"},\"primaryImageOfPage\":{\"@id\":\"https:\\\/\\\/www.modave.be\\\/index.php\\\/events\\\/cycle-balades-plantes-medicinales-printemps-soignant-vins-onguents-tisanes-durgence\\\/#primaryimage\"},\"image\":{\"@id\":\"https:\\\/\\\/www.modave.be\\\/index.php\\\/events\\\/cycle-balades-plantes-medicinales-printemps-soignant-vins-onguents-tisanes-durgence\\\/#primaryimage\"},\"thumbnailUrl\":\"https:\\\/\\\/www.modave.be\\\/wp-content\\\/uploads\\\/2026\\\/02\\\/628124252_122211894854350212_1007596681805290078_n.jpg\",\"datePublished\":\"2026-02-11T11:10:09+00:00\",\"dateModified\":\"2026-02-11T11:30:22+00:00\",\"breadcrumb\":{\"@id\":\"https:\\\/\\\/www.modave.be\\\/index.php\\\/events\\\/cycle-balades-plantes-medicinales-printemps-soignant-vins-onguents-tisanes-durgence\\\/#breadcrumb\"},\"inLanguage\":\"fr-FR\",\"potentialAction\":[{\"@type\":\"ReadAction\",\"target\":[\"https:\\\/\\\/www.modave.be\\\/index.php\\\/events\\\/cycle-balades-plantes-medicinales-printemps-soignant-vins-onguents-tisanes-durgence\\\/\"]}]},{\"@type\":\"ImageObject\",\"inLanguage\":\"fr-FR\",\"@id\":\"https:\\\/\\\/www.modave.be\\\/index.php\\\/events\\\/cycle-balades-plantes-medicinales-printemps-soignant-vins-onguents-tisanes-durgence\\\/#primaryimage\",\"url\":\"https:\\\/\\\/www.modave.be\\\/wp-content\\\/uploads\\\/2026\\\/02\\\/628124252_122211894854350212_1007596681805290078_n.jpg\",\"contentUrl\":\"https:\\\/\\\/www.modave.be\\\/wp-content\\\/uploads\\\/2026\\\/02\\\/628124252_122211894854350212_1007596681805290078_n.jpg\",\"width\":780,\"height\":498},{\"@type\":\"BreadcrumbList\",\"@id\":\"https:\\\/\\\/www.modave.be\\\/index.php\\\/events\\\/cycle-balades-plantes-medicinales-printemps-soignant-vins-onguents-tisanes-durgence\\\/#breadcrumb\",\"itemListElement\":[{\"@type\":\"ListItem\",\"position\":1,\"name\":\"Accueil\",\"item\":\"https:\\\/\\\/www.modave.be\\\/\"},{\"@type\":\"ListItem\",\"position\":2,\"name\":\"Events\",\"item\":\"https:\\\/\\\/www.modave.be\\\/index.php\\\/events\\\/\"},{\"@type\":\"ListItem\",\"position\":3,\"name\":\"Cycle Balades \u00ab\u00a0Plantes M\u00e9dicinales\u00a0\u00bb | Printemps Soignant : Vins, Onguents &amp; Tisanes d\u2019Urgence\"}]},{\"@type\":\"WebSite\",\"@id\":\"https:\\\/\\\/www.modave.be\\\/#website\",\"url\":\"https:\\\/\\\/www.modave.be\\\/\",\"name\":\"Commune de Modave\",\"description\":\"Commune de Modave\",\"publisher\":{\"@id\":\"https:\\\/\\\/www.modave.be\\\/#organization\"},\"potentialAction\":[{\"@type\":\"SearchAction\",\"target\":{\"@type\":\"EntryPoint\",\"urlTemplate\":\"https:\\\/\\\/www.modave.be\\\/?s={search_term_string}\"},\"query-input\":{\"@type\":\"PropertyValueSpecification\",\"valueRequired\":true,\"valueName\":\"search_term_string\"}}],\"inLanguage\":\"fr-FR\"},{\"@type\":\"Organization\",\"@id\":\"https:\\\/\\\/www.modave.be\\\/#organization\",\"name\":\"Commune de Modave\",\"url\":\"https:\\\/\\\/www.modave.be\\\/\",\"logo\":{\"@type\":\"ImageObject\",\"inLanguage\":\"fr-FR\",\"@id\":\"https:\\\/\\\/www.modave.be\\\/#\\\/schema\\\/logo\\\/image\\\/\",\"url\":\"https:\\\/\\\/www.modave.be\\\/wp-content\\\/uploads\\\/2021\\\/12\\\/MODAVE_LOGO_HORIZONTAL_QUADRI_RVB.png\",\"contentUrl\":\"https:\\\/\\\/www.modave.be\\\/wp-content\\\/uploads\\\/2021\\\/12\\\/MODAVE_LOGO_HORIZONTAL_QUADRI_RVB.png\",\"width\":1200,\"height\":501,\"caption\":\"Commune de Modave\"},\"image\":{\"@id\":\"https:\\\/\\\/www.modave.be\\\/#\\\/schema\\\/logo\\\/image\\\/\"}}]}<\/script>\n<!-- \/ Yoast SEO plugin. -->","yoast_head_json":{"title":"Cycle Balades \"Plantes M\u00e9dicinales\" | Printemps Soignant : Vins, Onguents &amp; Tisanes d\u2019Urgence - Commune de Modave","robots":{"index":"index","follow":"follow","max-snippet":"max-snippet:-1","max-image-preview":"max-image-preview:large","max-video-preview":"max-video-preview:-1"},"canonical":"https:\/\/www.modave.be\/index.php\/events\/cycle-balades-plantes-medicinales-printemps-soignant-vins-onguents-tisanes-durgence\/","og_locale":"fr_FR","og_type":"article","og_title":"Cycle Balades \"Plantes M\u00e9dicinales\" | Printemps Soignant : Vins, Onguents &amp; Tisanes d\u2019Urgence - Commune de Modave","og_description":"Apprenez \u00e0 r\u00e9colter et pr\u00e9parer s\u00e8ve de bouleau, ortie et pissenlit, et repartez avec vos rem\u00e8des et graines pour un jardin m\u00e9dicinal. lien face book : https:\/\/fb.me\/e\/4dNyHoEsf Cycle de balades \u00ab\u00a0Plantes M\u00e9dicinales\u00a0\u00bb (1\/4 &#8211; 2\/4 &#8211; 3\/ 4 &#8211; 4\/4) Axel vous emm\u00e8ne dans le cadre naturel du domaine du Ch\u00e2teau de Modave et sa&hellip;","og_url":"https:\/\/www.modave.be\/index.php\/events\/cycle-balades-plantes-medicinales-printemps-soignant-vins-onguents-tisanes-durgence\/","og_site_name":"Commune de Modave","article_modified_time":"2026-02-11T11:30:22+00:00","og_image":[{"width":780,"height":498,"url":"https:\/\/www.modave.be\/wp-content\/uploads\/2026\/02\/628124252_122211894854350212_1007596681805290078_n.jpg","type":"image\/jpeg"}],"twitter_card":"summary_large_image","twitter_misc":{"Dur\u00e9e de lecture estim\u00e9e":"2 minutes"},"schema":{"@context":"https:\/\/schema.org","@graph":[{"@type":"WebPage","@id":"https:\/\/www.modave.be\/index.php\/events\/cycle-balades-plantes-medicinales-printemps-soignant-vins-onguents-tisanes-durgence\/","url":"https:\/\/www.modave.be\/index.php\/events\/cycle-balades-plantes-medicinales-printemps-soignant-vins-onguents-tisanes-durgence\/","name":"Cycle Balades \"Plantes M\u00e9dicinales\" | Printemps Soignant : Vins, Onguents &amp; Tisanes d\u2019Urgence - Commune de Modave","isPartOf":{"@id":"https:\/\/www.modave.be\/#website"},"primaryImageOfPage":{"@id":"https:\/\/www.modave.be\/index.php\/events\/cycle-balades-plantes-medicinales-printemps-soignant-vins-onguents-tisanes-durgence\/#primaryimage"},"image":{"@id":"https:\/\/www.modave.be\/index.php\/events\/cycle-balades-plantes-medicinales-printemps-soignant-vins-onguents-tisanes-durgence\/#primaryimage"},"thumbnailUrl":"https:\/\/www.modave.be\/wp-content\/uploads\/2026\/02\/628124252_122211894854350212_1007596681805290078_n.jpg","datePublished":"2026-02-11T11:10:09+00:00","dateModified":"2026-02-11T11:30:22+00:00","breadcrumb":{"@id":"https:\/\/www.modave.be\/index.php\/events\/cycle-balades-plantes-medicinales-printemps-soignant-vins-onguents-tisanes-durgence\/#breadcrumb"},"inLanguage":"fr-FR","potentialAction":[{"@type":"ReadAction","target":["https:\/\/www.modave.be\/index.php\/events\/cycle-balades-plantes-medicinales-printemps-soignant-vins-onguents-tisanes-durgence\/"]}]},{"@type":"ImageObject","inLanguage":"fr-FR","@id":"https:\/\/www.modave.be\/index.php\/events\/cycle-balades-plantes-medicinales-printemps-soignant-vins-onguents-tisanes-durgence\/#primaryimage","url":"https:\/\/www.modave.be\/wp-content\/uploads\/2026\/02\/628124252_122211894854350212_1007596681805290078_n.jpg","contentUrl":"https:\/\/www.modave.be\/wp-content\/uploads\/2026\/02\/628124252_122211894854350212_1007596681805290078_n.jpg","width":780,"height":498},{"@type":"BreadcrumbList","@id":"https:\/\/www.modave.be\/index.php\/events\/cycle-balades-plantes-medicinales-printemps-soignant-vins-onguents-tisanes-durgence\/#breadcrumb","itemListElement":[{"@type":"ListItem","position":1,"name":"Accueil","item":"https:\/\/www.modave.be\/"},{"@type":"ListItem","position":2,"name":"Events","item":"https:\/\/www.modave.be\/index.php\/events\/"},{"@type":"ListItem","position":3,"name":"Cycle Balades \u00ab\u00a0Plantes M\u00e9dicinales\u00a0\u00bb | Printemps Soignant : Vins, Onguents &amp; Tisanes d\u2019Urgence"}]},{"@type":"WebSite","@id":"https:\/\/www.modave.be\/#website","url":"https:\/\/www.modave.be\/","name":"Commune de Modave","description":"Commune de Modave","publisher":{"@id":"https:\/\/www.modave.be\/#organization"},"potentialAction":[{"@type":"SearchAction","target":{"@type":"EntryPoint","urlTemplate":"https:\/\/www.modave.be\/?s={search_term_string}"},"query-input":{"@type":"PropertyValueSpecification","valueRequired":true,"valueName":"search_term_string"}}],"inLanguage":"fr-FR"},{"@type":"Organization","@id":"https:\/\/www.modave.be\/#organization","name":"Commune de Modave","url":"https:\/\/www.modave.be\/","logo":{"@type":"ImageObject","inLanguage":"fr-FR","@id":"https:\/\/www.modave.be\/#\/schema\/logo\/image\/","url":"https:\/\/www.modave.be\/wp-content\/uploads\/2021\/12\/MODAVE_LOGO_HORIZONTAL_QUADRI_RVB.png","contentUrl":"https:\/\/www.modave.be\/wp-content\/uploads\/2021\/12\/MODAVE_LOGO_HORIZONTAL_QUADRI_RVB.png","width":1200,"height":501,"caption":"Commune de Modave"},"image":{"@id":"https:\/\/www.modave.be\/#\/schema\/logo\/image\/"}}]}},"_links":{"self":[{"href":"https:\/\/www.modave.be\/index.php\/wp-json\/wp\/v2\/ajde_events\/18154","targetHints":{"allow":["GET"]}}],"collection":[{"href":"https:\/\/www.modave.be\/index.php\/wp-json\/wp\/v2\/ajde_events"}],"about":[{"href":"https:\/\/www.modave.be\/index.php\/wp-json\/wp\/v2\/types\/ajde_events"}],"author":[{"embeddable":true,"href":"https:\/\/www.modave.be\/index.php\/wp-json\/wp\/v2\/users\/9"}],"replies":[{"embeddable":true,"href":"https:\/\/www.modave.be\/index.php\/wp-json\/wp\/v2\/comments?post=18154"}],"wp:featuredmedia":[{"embeddable":true,"href":"https:\/\/www.modave.be\/index.php\/wp-json\/wp\/v2\/media\/18153"}],"wp:attachment":[{"href":"https:\/\/www.modave.be\/index.php\/wp-json\/wp\/v2\/media?parent=18154"}],"wp:term":[{"taxonomy":"post_tag","embeddable":true,"href":"https:\/\/www.modave.be\/index.php\/wp-json\/wp\/v2\/tags?post=18154"},{"taxonomy":"event_type","embeddable":true,"href":"https:\/\/www.modave.be\/index.php\/wp-json\/wp\/v2\/event_type?post=18154"},{"taxonomy":"event_type_2","embeddable":true,"href":"https:\/\/www.modave.be\/index.php\/wp-json\/wp\/v2\/event_type_2?post=18154"},{"taxonomy":"event_type_3","embeddable":true,"href":"https:\/\/www.modave.be\/index.php\/wp-json\/wp\/v2\/event_type_3?post=18154"},{"taxonomy":"event_type_4","embeddable":true,"href":"https:\/\/www.modave.be\/index.php\/wp-json\/wp\/v2\/event_type_4?post=18154"}],"curies":[{"name":"wp","href":"https:\/\/api.w.org\/{rel}","templated":true}]}}