{"id":18160,"date":"2026-02-11T13:00:23","date_gmt":"2026-02-11T12:00:23","guid":{"rendered":"https:\/\/www.modave.be\/?post_type=ajde_events&#038;p=18160"},"modified":"2026-02-11T13:00:24","modified_gmt":"2026-02-11T12:00:24","slug":"atelier-cycle-abeilles-elles-ne-sont-pas-seules-4-4","status":"publish","type":"ajde_events","link":"https:\/\/www.modave.be\/index.php\/events\/atelier-cycle-abeilles-elles-ne-sont-pas-seules-4-4\/","title":{"rendered":"Atelier cycle \u00ab\u00a0abeilles\u00a0\u00bb | Elles ne sont pas seules ! (4\/4)"},"content":{"rendered":"\n<h2 class=\"wp-block-heading\">Apprenez \u00e0 r\u00e9colter et pr\u00e9parer s\u00e8ve de bouleau, ortie et pissenlit, et repartez avec vos rem\u00e8des et graines pour un jardin m\u00e9dicinal.<\/h2>\n\n\n\n<p>\u00c9merveillement sur les capacit\u00e9s extraordinaires des abeilles suivi d&rsquo;un atelier de d\u00e9coration d&rsquo;une ruche avec des peintures naturelles et suivez son int\u00e9gration au rucher au printemps.<\/p>\n\n\n\n<p>Cycle complet ou s\u00e9ances \u00e0 la carte \u2013 inscrivez-vous ici : <a href=\"https:\/\/l.facebook.com\/l.php?u=https%3A%2F%2Fcriedemodave.natagora.be%2Fateliers%3Ffbclid%3DIwZXh0bgNhZW0CMTAAYnJpZBExZjNPQkNkVmFVRDhFTVQzenNydGMGYXBwX2lkEDIyMjAzOTE3ODgyMDA4OTIAAR6JUva0lGXg6O-SWSnMkKlDicIGmJlST8ECjsWeDgnIPyg4BuJddaSQHMxuEw_aem_mFZrv-bdKmB5-h8P9DWYJA&amp;h=AT3TylrZiytlqdv8wHnB26CIcENI9dWn3K0bPMthdSyJfQO-3Hi5A6O9-b3FDIPJLTklO_MfXdtDP8kBsxBs5dn_9PFqEqeckdHpNLLX4Ls24rUIzqQk4MpIOp1-zaRy9zSNl4GN6-qGHAYG6MQ&amp;__tn__=-UK-y-R&amp;c%5b0%5d=AT3N9n4FXRXRyRX9aMYb85yV3kCAHaCHVsRiiFaQXN1c5WXp_o7jYi60SwpRERIZ43yn5uQrFliwQ-XdEqglr1tgMXHpImlySXo6-xpOHxDjzBvHUhtnFrqMZvW3rT5uuxB_MG-uCYesyCqfi4fBJRRxESfNZ-WtV0NJ-aSfUUajSQOr3G5SgHpoYc0xMHMIYMSL11gokpEcazzohqug1cxxHMM\" target=\"_blank\" rel=\"noreferrer noopener\">https:\/\/criedemodave.natagora.be\/ateliers<\/a><\/p>\n\n\n\n<p class=\"has-text-align-center\">Atelier &#8211; Cycle abeilles 1\/4 \u2013 Peins ta ruche<br>Dim. 08 mars 2026 de 14h00 \u00e0 17h00<br>Crie de modave<\/p>\n\n\n\n<p>Avec Christel, Apicultrice \u00e0 Modave et Animatrice au CRIE.<\/p>\n\n\n\n<p>Les abeilles ont besoin d\u2019un abri\u2026 et autant qu\u2019il soit beau ! Atelier de d\u00e9coration et peinture de ruches, o\u00f9 chaque duo laisse libre cours \u00e0 sa cr\u00e9ativit\u00e9, tout en apprenant \u00e0 prot\u00e9ger le bois avec des peintures naturelles. Le ruche int\u00e8grera ensuite le rucher au printemps et vous pourrez suivre son \u00e9volution.<\/p>\n\n\n\n<p>Nous irons sur de l&rsquo;\u00e9merveillement et des connaissances en apiculture et sur l\u2019abeille mellif\u00e8re.<br>Nous aurons ensuite un atelier pratique accessible \u00e0 tous les \u00e2ges ! Selon la m\u00e9t\u00e9o nous prendrons l&rsquo;air mais il n&rsquo;y a pas initialement de balade pr\u00e9vue, plut\u00f4t un temps partag\u00e9 dehors.<\/p>\n\n\n\n<p>Vous pouvez vous inscrire au cycle complet (4 s\u00e9ances) \u2013 option recommand\u00e9e pour profiter pleinement de la progression \u2013 ou \u00e0 une ou plusieurs s\u00e9ances \u00e0 la carte, selon vos disponibilit\u00e9s.<\/p>\n\n\n\n<p>Dates suivantes :<\/p>\n\n\n\n<ul class=\"wp-block-list\">\n<li>Les cadres du futur &#8211; duo adulte\/enfant Sam. 11 avr. 2026 14h \u00e0 17h<\/li>\n\n\n\n<li>A la recherche de l&rsquo;or liquide &#8211; duo adulte\/enfant Sam. 30 mai 2026 14h \u00e0 17h<\/li>\n\n\n\n<li>Elles ne sont pas seules ! &#8211; duo adulte\/enfant Dim. 21 juin 2026 de 10h00 \u00e0 13h00<\/li>\n<\/ul>\n\n\n\n<p>Inscriptions : <a href=\"https:\/\/linkprotect.cudasvc.com\/url?a=https%3a%2f%2fcriedemodave.natagora.be%2fateliers%3ffbclid%3dIwZXh0bgNhZW0CMTAAYnJpZBExZjNPQkNkVmFVRDhFTVQzenNydGMGYXBwX2lkEDIyMjAzOTE3ODgyMDA4OTIAAR7qBQ0PQIvj28NG456CLAj09vxEGWG4LwjyzopWfjnLIOPsri5rz0lqXk67_A_aem_l-mxlny6GMGYv2CB_iTpLg&amp;c=E,1,RB9uIJVx9TKelxPKBO_Zg2u_11opCBNXTb4_MyP5q_IVhbFzNmmt6JT5ztbV7y141BF8uMCBW3mOGuF1Iuh2I3JJx_ZUKaFi4KZJ4k_zE64,&amp;typo=1\" target=\"_blank\" rel=\"noreferrer noopener\">https:\/\/criedemodave.natagora.be\/ateliers<\/a><\/p>\n\n\n\n<p>lien facebook :&nbsp;<a href=\"https:\/\/linkprotect.cudasvc.com\/url?a=https%3a%2f%2ffb.me%2fe%2f7qHzOEAn5&amp;c=E,1,RsS2NfS3aqL66TGlsx27t_4W8oQCbwZYvuUGE1Xgnln-ZzDXReqAiwDGG80f0ApG6KBc-Nil7cuJMM0B0A7HCiGNF5L1PDVj7H5fntS6LL0SP-k7RqI,&amp;typo=1\">https:\/\/fb.me\/e\/7qHzOEAn5<\/a><\/p>\n","protected":false},"author":9,"featured_media":16846,"menu_order":0,"comment_status":"open","ping_status":"closed","template":"","meta":[],"tags":[],"event_type":[299],"event_type_2":[],"event_type_3":[],"event_type_4":[],"class_list":["post-18160","ajde_events","type-ajde_events","status-publish","has-post-thumbnail","hentry","event_location-crie-chateau-de-modave","event_organizer-les-saisons-de-romont-apiculture-herboristerie-de-terroir","event_type-environnement","description-off"],"yoast_head":"<!-- This site is optimized with the Yoast SEO plugin v27.5 - https:\/\/yoast.com\/product\/yoast-seo-wordpress\/ -->\n<title>Atelier cycle &quot;abeilles&quot; | Elles ne sont pas seules ! (4\/4) - Commune de Modave<\/title>\n<meta name=\"robots\" content=\"index, follow, max-snippet:-1, max-image-preview:large, max-video-preview:-1\" \/>\n<link rel=\"canonical\" href=\"https:\/\/www.modave.be\/index.php\/events\/atelier-cycle-abeilles-elles-ne-sont-pas-seules-4-4\/\" \/>\n<meta property=\"og:locale\" content=\"fr_FR\" \/>\n<meta property=\"og:type\" content=\"article\" \/>\n<meta property=\"og:title\" content=\"Atelier cycle &quot;abeilles&quot; | Elles ne sont pas seules ! (4\/4) - Commune de Modave\" \/>\n<meta property=\"og:description\" content=\"Apprenez \u00e0 r\u00e9colter et pr\u00e9parer s\u00e8ve de bouleau, ortie et pissenlit, et repartez avec vos rem\u00e8des et graines pour un jardin m\u00e9dicinal. \u00c9merveillement sur les capacit\u00e9s extraordinaires des abeilles suivi d&rsquo;un atelier de d\u00e9coration d&rsquo;une ruche avec des peintures naturelles et suivez son int\u00e9gration au rucher au printemps. Cycle complet ou s\u00e9ances \u00e0 la carte&hellip;\" \/>\n<meta property=\"og:url\" content=\"https:\/\/www.modave.be\/index.php\/events\/atelier-cycle-abeilles-elles-ne-sont-pas-seules-4-4\/\" \/>\n<meta property=\"og:site_name\" content=\"Commune de Modave\" \/>\n<meta property=\"article:modified_time\" content=\"2026-02-11T12:00:24+00:00\" \/>\n<meta property=\"og:image\" content=\"https:\/\/www.modave.be\/wp-content\/uploads\/2025\/10\/Placeauxenfants-103-scaled.jpg\" \/>\n\t<meta property=\"og:image:width\" content=\"2560\" \/>\n\t<meta property=\"og:image:height\" content=\"1707\" \/>\n\t<meta property=\"og:image:type\" content=\"image\/jpeg\" \/>\n<meta name=\"twitter:card\" content=\"summary_large_image\" \/>\n<meta name=\"twitter:label1\" content=\"Dur\u00e9e de lecture estim\u00e9e\" \/>\n\t<meta name=\"twitter:data1\" content=\"2 minutes\" \/>\n<script type=\"application\/ld+json\" class=\"yoast-schema-graph\">{\"@context\":\"https:\\\/\\\/schema.org\",\"@graph\":[{\"@type\":\"WebPage\",\"@id\":\"https:\\\/\\\/www.modave.be\\\/index.php\\\/events\\\/atelier-cycle-abeilles-elles-ne-sont-pas-seules-4-4\\\/\",\"url\":\"https:\\\/\\\/www.modave.be\\\/index.php\\\/events\\\/atelier-cycle-abeilles-elles-ne-sont-pas-seules-4-4\\\/\",\"name\":\"Atelier cycle \\\"abeilles\\\" | Elles ne sont pas seules ! (4\\\/4) - Commune de Modave\",\"isPartOf\":{\"@id\":\"https:\\\/\\\/www.modave.be\\\/#website\"},\"primaryImageOfPage\":{\"@id\":\"https:\\\/\\\/www.modave.be\\\/index.php\\\/events\\\/atelier-cycle-abeilles-elles-ne-sont-pas-seules-4-4\\\/#primaryimage\"},\"image\":{\"@id\":\"https:\\\/\\\/www.modave.be\\\/index.php\\\/events\\\/atelier-cycle-abeilles-elles-ne-sont-pas-seules-4-4\\\/#primaryimage\"},\"thumbnailUrl\":\"https:\\\/\\\/www.modave.be\\\/wp-content\\\/uploads\\\/2025\\\/10\\\/Placeauxenfants-103-scaled.jpg\",\"datePublished\":\"2026-02-11T12:00:23+00:00\",\"dateModified\":\"2026-02-11T12:00:24+00:00\",\"breadcrumb\":{\"@id\":\"https:\\\/\\\/www.modave.be\\\/index.php\\\/events\\\/atelier-cycle-abeilles-elles-ne-sont-pas-seules-4-4\\\/#breadcrumb\"},\"inLanguage\":\"fr-FR\",\"potentialAction\":[{\"@type\":\"ReadAction\",\"target\":[\"https:\\\/\\\/www.modave.be\\\/index.php\\\/events\\\/atelier-cycle-abeilles-elles-ne-sont-pas-seules-4-4\\\/\"]}]},{\"@type\":\"ImageObject\",\"inLanguage\":\"fr-FR\",\"@id\":\"https:\\\/\\\/www.modave.be\\\/index.php\\\/events\\\/atelier-cycle-abeilles-elles-ne-sont-pas-seules-4-4\\\/#primaryimage\",\"url\":\"https:\\\/\\\/www.modave.be\\\/wp-content\\\/uploads\\\/2025\\\/10\\\/Placeauxenfants-103-scaled.jpg\",\"contentUrl\":\"https:\\\/\\\/www.modave.be\\\/wp-content\\\/uploads\\\/2025\\\/10\\\/Placeauxenfants-103-scaled.jpg\",\"width\":2560,\"height\":1707},{\"@type\":\"BreadcrumbList\",\"@id\":\"https:\\\/\\\/www.modave.be\\\/index.php\\\/events\\\/atelier-cycle-abeilles-elles-ne-sont-pas-seules-4-4\\\/#breadcrumb\",\"itemListElement\":[{\"@type\":\"ListItem\",\"position\":1,\"name\":\"Accueil\",\"item\":\"https:\\\/\\\/www.modave.be\\\/\"},{\"@type\":\"ListItem\",\"position\":2,\"name\":\"Events\",\"item\":\"https:\\\/\\\/www.modave.be\\\/index.php\\\/events\\\/\"},{\"@type\":\"ListItem\",\"position\":3,\"name\":\"Atelier cycle \u00ab\u00a0abeilles\u00a0\u00bb | Elles ne sont pas seules ! (4\\\/4)\"}]},{\"@type\":\"WebSite\",\"@id\":\"https:\\\/\\\/www.modave.be\\\/#website\",\"url\":\"https:\\\/\\\/www.modave.be\\\/\",\"name\":\"Commune de Modave\",\"description\":\"Commune de Modave\",\"publisher\":{\"@id\":\"https:\\\/\\\/www.modave.be\\\/#organization\"},\"potentialAction\":[{\"@type\":\"SearchAction\",\"target\":{\"@type\":\"EntryPoint\",\"urlTemplate\":\"https:\\\/\\\/www.modave.be\\\/?s={search_term_string}\"},\"query-input\":{\"@type\":\"PropertyValueSpecification\",\"valueRequired\":true,\"valueName\":\"search_term_string\"}}],\"inLanguage\":\"fr-FR\"},{\"@type\":\"Organization\",\"@id\":\"https:\\\/\\\/www.modave.be\\\/#organization\",\"name\":\"Commune de Modave\",\"url\":\"https:\\\/\\\/www.modave.be\\\/\",\"logo\":{\"@type\":\"ImageObject\",\"inLanguage\":\"fr-FR\",\"@id\":\"https:\\\/\\\/www.modave.be\\\/#\\\/schema\\\/logo\\\/image\\\/\",\"url\":\"https:\\\/\\\/www.modave.be\\\/wp-content\\\/uploads\\\/2021\\\/12\\\/MODAVE_LOGO_HORIZONTAL_QUADRI_RVB.png\",\"contentUrl\":\"https:\\\/\\\/www.modave.be\\\/wp-content\\\/uploads\\\/2021\\\/12\\\/MODAVE_LOGO_HORIZONTAL_QUADRI_RVB.png\",\"width\":1200,\"height\":501,\"caption\":\"Commune de Modave\"},\"image\":{\"@id\":\"https:\\\/\\\/www.modave.be\\\/#\\\/schema\\\/logo\\\/image\\\/\"}}]}<\/script>\n<!-- \/ Yoast SEO plugin. -->","yoast_head_json":{"title":"Atelier cycle \"abeilles\" | Elles ne sont pas seules ! (4\/4) - Commune de Modave","robots":{"index":"index","follow":"follow","max-snippet":"max-snippet:-1","max-image-preview":"max-image-preview:large","max-video-preview":"max-video-preview:-1"},"canonical":"https:\/\/www.modave.be\/index.php\/events\/atelier-cycle-abeilles-elles-ne-sont-pas-seules-4-4\/","og_locale":"fr_FR","og_type":"article","og_title":"Atelier cycle \"abeilles\" | Elles ne sont pas seules ! (4\/4) - Commune de Modave","og_description":"Apprenez \u00e0 r\u00e9colter et pr\u00e9parer s\u00e8ve de bouleau, ortie et pissenlit, et repartez avec vos rem\u00e8des et graines pour un jardin m\u00e9dicinal. \u00c9merveillement sur les capacit\u00e9s extraordinaires des abeilles suivi d&rsquo;un atelier de d\u00e9coration d&rsquo;une ruche avec des peintures naturelles et suivez son int\u00e9gration au rucher au printemps. Cycle complet ou s\u00e9ances \u00e0 la carte&hellip;","og_url":"https:\/\/www.modave.be\/index.php\/events\/atelier-cycle-abeilles-elles-ne-sont-pas-seules-4-4\/","og_site_name":"Commune de Modave","article_modified_time":"2026-02-11T12:00:24+00:00","og_image":[{"width":2560,"height":1707,"url":"https:\/\/www.modave.be\/wp-content\/uploads\/2025\/10\/Placeauxenfants-103-scaled.jpg","type":"image\/jpeg"}],"twitter_card":"summary_large_image","twitter_misc":{"Dur\u00e9e de lecture estim\u00e9e":"2 minutes"},"schema":{"@context":"https:\/\/schema.org","@graph":[{"@type":"WebPage","@id":"https:\/\/www.modave.be\/index.php\/events\/atelier-cycle-abeilles-elles-ne-sont-pas-seules-4-4\/","url":"https:\/\/www.modave.be\/index.php\/events\/atelier-cycle-abeilles-elles-ne-sont-pas-seules-4-4\/","name":"Atelier cycle \"abeilles\" | Elles ne sont pas seules ! (4\/4) - Commune de Modave","isPartOf":{"@id":"https:\/\/www.modave.be\/#website"},"primaryImageOfPage":{"@id":"https:\/\/www.modave.be\/index.php\/events\/atelier-cycle-abeilles-elles-ne-sont-pas-seules-4-4\/#primaryimage"},"image":{"@id":"https:\/\/www.modave.be\/index.php\/events\/atelier-cycle-abeilles-elles-ne-sont-pas-seules-4-4\/#primaryimage"},"thumbnailUrl":"https:\/\/www.modave.be\/wp-content\/uploads\/2025\/10\/Placeauxenfants-103-scaled.jpg","datePublished":"2026-02-11T12:00:23+00:00","dateModified":"2026-02-11T12:00:24+00:00","breadcrumb":{"@id":"https:\/\/www.modave.be\/index.php\/events\/atelier-cycle-abeilles-elles-ne-sont-pas-seules-4-4\/#breadcrumb"},"inLanguage":"fr-FR","potentialAction":[{"@type":"ReadAction","target":["https:\/\/www.modave.be\/index.php\/events\/atelier-cycle-abeilles-elles-ne-sont-pas-seules-4-4\/"]}]},{"@type":"ImageObject","inLanguage":"fr-FR","@id":"https:\/\/www.modave.be\/index.php\/events\/atelier-cycle-abeilles-elles-ne-sont-pas-seules-4-4\/#primaryimage","url":"https:\/\/www.modave.be\/wp-content\/uploads\/2025\/10\/Placeauxenfants-103-scaled.jpg","contentUrl":"https:\/\/www.modave.be\/wp-content\/uploads\/2025\/10\/Placeauxenfants-103-scaled.jpg","width":2560,"height":1707},{"@type":"BreadcrumbList","@id":"https:\/\/www.modave.be\/index.php\/events\/atelier-cycle-abeilles-elles-ne-sont-pas-seules-4-4\/#breadcrumb","itemListElement":[{"@type":"ListItem","position":1,"name":"Accueil","item":"https:\/\/www.modave.be\/"},{"@type":"ListItem","position":2,"name":"Events","item":"https:\/\/www.modave.be\/index.php\/events\/"},{"@type":"ListItem","position":3,"name":"Atelier cycle \u00ab\u00a0abeilles\u00a0\u00bb | Elles ne sont pas seules ! (4\/4)"}]},{"@type":"WebSite","@id":"https:\/\/www.modave.be\/#website","url":"https:\/\/www.modave.be\/","name":"Commune de Modave","description":"Commune de Modave","publisher":{"@id":"https:\/\/www.modave.be\/#organization"},"potentialAction":[{"@type":"SearchAction","target":{"@type":"EntryPoint","urlTemplate":"https:\/\/www.modave.be\/?s={search_term_string}"},"query-input":{"@type":"PropertyValueSpecification","valueRequired":true,"valueName":"search_term_string"}}],"inLanguage":"fr-FR"},{"@type":"Organization","@id":"https:\/\/www.modave.be\/#organization","name":"Commune de Modave","url":"https:\/\/www.modave.be\/","logo":{"@type":"ImageObject","inLanguage":"fr-FR","@id":"https:\/\/www.modave.be\/#\/schema\/logo\/image\/","url":"https:\/\/www.modave.be\/wp-content\/uploads\/2021\/12\/MODAVE_LOGO_HORIZONTAL_QUADRI_RVB.png","contentUrl":"https:\/\/www.modave.be\/wp-content\/uploads\/2021\/12\/MODAVE_LOGO_HORIZONTAL_QUADRI_RVB.png","width":1200,"height":501,"caption":"Commune de Modave"},"image":{"@id":"https:\/\/www.modave.be\/#\/schema\/logo\/image\/"}}]}},"_links":{"self":[{"href":"https:\/\/www.modave.be\/index.php\/wp-json\/wp\/v2\/ajde_events\/18160","targetHints":{"allow":["GET"]}}],"collection":[{"href":"https:\/\/www.modave.be\/index.php\/wp-json\/wp\/v2\/ajde_events"}],"about":[{"href":"https:\/\/www.modave.be\/index.php\/wp-json\/wp\/v2\/types\/ajde_events"}],"author":[{"embeddable":true,"href":"https:\/\/www.modave.be\/index.php\/wp-json\/wp\/v2\/users\/9"}],"replies":[{"embeddable":true,"href":"https:\/\/www.modave.be\/index.php\/wp-json\/wp\/v2\/comments?post=18160"}],"wp:featuredmedia":[{"embeddable":true,"href":"https:\/\/www.modave.be\/index.php\/wp-json\/wp\/v2\/media\/16846"}],"wp:attachment":[{"href":"https:\/\/www.modave.be\/index.php\/wp-json\/wp\/v2\/media?parent=18160"}],"wp:term":[{"taxonomy":"post_tag","embeddable":true,"href":"https:\/\/www.modave.be\/index.php\/wp-json\/wp\/v2\/tags?post=18160"},{"taxonomy":"event_type","embeddable":true,"href":"https:\/\/www.modave.be\/index.php\/wp-json\/wp\/v2\/event_type?post=18160"},{"taxonomy":"event_type_2","embeddable":true,"href":"https:\/\/www.modave.be\/index.php\/wp-json\/wp\/v2\/event_type_2?post=18160"},{"taxonomy":"event_type_3","embeddable":true,"href":"https:\/\/www.modave.be\/index.php\/wp-json\/wp\/v2\/event_type_3?post=18160"},{"taxonomy":"event_type_4","embeddable":true,"href":"https:\/\/www.modave.be\/index.php\/wp-json\/wp\/v2\/event_type_4?post=18160"}],"curies":[{"name":"wp","href":"https:\/\/api.w.org\/{rel}","templated":true}]}}