{"id":18430,"date":"2026-03-11T09:49:18","date_gmt":"2026-03-11T08:49:18","guid":{"rendered":"https:\/\/www.modave.be\/?post_type=ajde_events&#038;p=18430"},"modified":"2026-03-11T09:49:20","modified_gmt":"2026-03-11T08:49:20","slug":"aube-des-oiseaux-2","status":"publish","type":"ajde_events","link":"https:\/\/www.modave.be\/index.php\/events\/aube-des-oiseaux-2\/","title":{"rendered":"Aube des oiseaux"},"content":{"rendered":"\n<h2 class=\"wp-block-heading\">Aube des oiseaux &#8211; Jeudi 1er mai<\/h2>\n\n\n\n<blockquote class=\"wp-block-quote is-layout-flow wp-block-quote-is-layout-flow\">\n<p>Vendredi 1<sup>er<\/sup> mai \u00e0 7 h<\/p>\n<\/blockquote>\n\n\n\n<p>PAF&nbsp;: 14\u20ac\/pers. Ch\u00e2teau de Modave \u00e0 7 h &#8211; R\u00e9servation obligatoire &#8211; Places limit\u00e9es<\/p>\n\n\n\n<p>Une promenade enchanteresse pour tous les amoureux de la nature<\/p>\n\n\n\n<p>D\u00e8s les premi\u00e8res lueurs de l&rsquo;aube, venez \u00e9couter les grives, rossignols, m\u00e9sanges ou fauvettes, guid\u00e9 par nos volontaires passionn\u00e9s. Tout au long des parcours, enfants et adultes seront initi\u00e9s \u00e0 l\u2019identification des oiseaux et \u00e0 la reconnaissance de leurs chants.&nbsp;Les guides r\u00e9v\u00e8leront leurs moyens mn\u00e9motechniques pour lier un chant \u00e0 une esp\u00e8ce. Les plumages et les silhouettes seront d\u00e9crypt\u00e9s pour pouvoir identifier les oiseaux en un coup d\u2019\u0153il. Les plus jeunes pourront<\/p>\n\n\n\n<p>participer \u00e0 des animations sur les oiseaux. Tous se r\u00e9uniront apr\u00e8s cette balade pour un petit d\u00e9jeuner dans les \u00e9curies du Ch\u00e2teau qui sera suivi d\u2019une exploration guid\u00e9e du parc inf\u00e9rieur &#8211; habituellement ferm\u00e9 au public &#8211; de l\u2019ancienne tour \u00ab ch\u00e2teau d\u2019eau \u00bb et des machines hydrauliques des XVII et XIX si\u00e8cles.<\/p>\n\n\n\n<p>Venez partager ce moment <strong>privil\u00e9gi\u00e9<\/strong> avec des <strong>passionn\u00e9s<\/strong>&nbsp;!<\/p>\n\n\n\n<ul class=\"wp-block-list\">\n<li>En collaboration avec Natagora, le CRIE de Modave, la Maison Nature de Huy et le Ch\u00e2teau de Modave<\/li>\n\n\n\n<li>Syndicat d\u2019Initiative \u00ab Entre Eaux et Ch\u00e2teaux \u00bb 085\/41.29.69 &#8211; <a href=\"mailto:info.sivh@gmail.com\">info.sivh@gmail.com<\/a><\/li>\n\n\n\n<li>Vall\u00e9e du Hoyoux 6\/B \u00e0 4557 Pont de Bonne (Modave) \u2013 <a href=\"http:\/\/www.eauxetchateaux.be\">www.eauxetchateaux.be<\/a><\/li>\n<\/ul>\n","protected":false},"author":9,"featured_media":18431,"menu_order":0,"comment_status":"closed","ping_status":"closed","template":"","meta":[],"tags":[],"event_type":[299],"event_type_2":[],"event_type_3":[],"event_type_4":[],"class_list":["post-18430","ajde_events","type-ajde_events","status-publish","has-post-thumbnail","hentry","event_location-chateau-de-modave","event_organizer-tourisme-modave-marchin-clavier-tinlot","event_type-environnement","description-off"],"yoast_head":"<!-- This site is optimized with the Yoast SEO plugin v27.5 - https:\/\/yoast.com\/product\/yoast-seo-wordpress\/ -->\n<title>Aube des oiseaux - Commune de Modave<\/title>\n<meta name=\"robots\" content=\"index, follow, max-snippet:-1, max-image-preview:large, max-video-preview:-1\" \/>\n<link rel=\"canonical\" href=\"https:\/\/www.modave.be\/index.php\/events\/aube-des-oiseaux-2\/\" \/>\n<meta property=\"og:locale\" content=\"fr_FR\" \/>\n<meta property=\"og:type\" content=\"article\" \/>\n<meta property=\"og:title\" content=\"Aube des oiseaux - Commune de Modave\" \/>\n<meta property=\"og:description\" content=\"Aube des oiseaux &#8211; Jeudi 1er mai Vendredi 1er mai \u00e0 7 h PAF&nbsp;: 14\u20ac\/pers. Ch\u00e2teau de Modave \u00e0 7 h &#8211; R\u00e9servation obligatoire &#8211; Places limit\u00e9es Une promenade enchanteresse pour tous les amoureux de la nature D\u00e8s les premi\u00e8res lueurs de l&rsquo;aube, venez \u00e9couter les grives, rossignols, m\u00e9sanges ou fauvettes, guid\u00e9 par nos volontaires&hellip;\" \/>\n<meta property=\"og:url\" content=\"https:\/\/www.modave.be\/index.php\/events\/aube-des-oiseaux-2\/\" \/>\n<meta property=\"og:site_name\" content=\"Commune de Modave\" \/>\n<meta property=\"article:modified_time\" content=\"2026-03-11T08:49:20+00:00\" \/>\n<meta property=\"og:image\" content=\"https:\/\/www.modave.be\/wp-content\/uploads\/2026\/03\/ADO26-Poster_A3-Modave_BD.jpg\" \/>\n\t<meta property=\"og:image:width\" content=\"1123\" \/>\n\t<meta property=\"og:image:height\" content=\"1588\" \/>\n\t<meta property=\"og:image:type\" content=\"image\/jpeg\" \/>\n<meta name=\"twitter:card\" content=\"summary_large_image\" \/>\n<meta name=\"twitter:label1\" content=\"Dur\u00e9e de lecture estim\u00e9e\" \/>\n\t<meta name=\"twitter:data1\" content=\"2 minutes\" \/>\n<script type=\"application\/ld+json\" class=\"yoast-schema-graph\">{\"@context\":\"https:\\\/\\\/schema.org\",\"@graph\":[{\"@type\":\"WebPage\",\"@id\":\"https:\\\/\\\/www.modave.be\\\/index.php\\\/events\\\/aube-des-oiseaux-2\\\/\",\"url\":\"https:\\\/\\\/www.modave.be\\\/index.php\\\/events\\\/aube-des-oiseaux-2\\\/\",\"name\":\"Aube des oiseaux - Commune de Modave\",\"isPartOf\":{\"@id\":\"https:\\\/\\\/www.modave.be\\\/#website\"},\"primaryImageOfPage\":{\"@id\":\"https:\\\/\\\/www.modave.be\\\/index.php\\\/events\\\/aube-des-oiseaux-2\\\/#primaryimage\"},\"image\":{\"@id\":\"https:\\\/\\\/www.modave.be\\\/index.php\\\/events\\\/aube-des-oiseaux-2\\\/#primaryimage\"},\"thumbnailUrl\":\"https:\\\/\\\/www.modave.be\\\/wp-content\\\/uploads\\\/2026\\\/03\\\/ADO26-Poster_A3-Modave_BD.jpg\",\"datePublished\":\"2026-03-11T08:49:18+00:00\",\"dateModified\":\"2026-03-11T08:49:20+00:00\",\"breadcrumb\":{\"@id\":\"https:\\\/\\\/www.modave.be\\\/index.php\\\/events\\\/aube-des-oiseaux-2\\\/#breadcrumb\"},\"inLanguage\":\"fr-FR\",\"potentialAction\":[{\"@type\":\"ReadAction\",\"target\":[\"https:\\\/\\\/www.modave.be\\\/index.php\\\/events\\\/aube-des-oiseaux-2\\\/\"]}]},{\"@type\":\"ImageObject\",\"inLanguage\":\"fr-FR\",\"@id\":\"https:\\\/\\\/www.modave.be\\\/index.php\\\/events\\\/aube-des-oiseaux-2\\\/#primaryimage\",\"url\":\"https:\\\/\\\/www.modave.be\\\/wp-content\\\/uploads\\\/2026\\\/03\\\/ADO26-Poster_A3-Modave_BD.jpg\",\"contentUrl\":\"https:\\\/\\\/www.modave.be\\\/wp-content\\\/uploads\\\/2026\\\/03\\\/ADO26-Poster_A3-Modave_BD.jpg\",\"width\":1123,\"height\":1588},{\"@type\":\"BreadcrumbList\",\"@id\":\"https:\\\/\\\/www.modave.be\\\/index.php\\\/events\\\/aube-des-oiseaux-2\\\/#breadcrumb\",\"itemListElement\":[{\"@type\":\"ListItem\",\"position\":1,\"name\":\"Accueil\",\"item\":\"https:\\\/\\\/www.modave.be\\\/\"},{\"@type\":\"ListItem\",\"position\":2,\"name\":\"Events\",\"item\":\"https:\\\/\\\/www.modave.be\\\/index.php\\\/events\\\/\"},{\"@type\":\"ListItem\",\"position\":3,\"name\":\"Aube des oiseaux\"}]},{\"@type\":\"WebSite\",\"@id\":\"https:\\\/\\\/www.modave.be\\\/#website\",\"url\":\"https:\\\/\\\/www.modave.be\\\/\",\"name\":\"Commune de Modave\",\"description\":\"Commune de Modave\",\"publisher\":{\"@id\":\"https:\\\/\\\/www.modave.be\\\/#organization\"},\"potentialAction\":[{\"@type\":\"SearchAction\",\"target\":{\"@type\":\"EntryPoint\",\"urlTemplate\":\"https:\\\/\\\/www.modave.be\\\/?s={search_term_string}\"},\"query-input\":{\"@type\":\"PropertyValueSpecification\",\"valueRequired\":true,\"valueName\":\"search_term_string\"}}],\"inLanguage\":\"fr-FR\"},{\"@type\":\"Organization\",\"@id\":\"https:\\\/\\\/www.modave.be\\\/#organization\",\"name\":\"Commune de Modave\",\"url\":\"https:\\\/\\\/www.modave.be\\\/\",\"logo\":{\"@type\":\"ImageObject\",\"inLanguage\":\"fr-FR\",\"@id\":\"https:\\\/\\\/www.modave.be\\\/#\\\/schema\\\/logo\\\/image\\\/\",\"url\":\"https:\\\/\\\/www.modave.be\\\/wp-content\\\/uploads\\\/2021\\\/12\\\/MODAVE_LOGO_HORIZONTAL_QUADRI_RVB.png\",\"contentUrl\":\"https:\\\/\\\/www.modave.be\\\/wp-content\\\/uploads\\\/2021\\\/12\\\/MODAVE_LOGO_HORIZONTAL_QUADRI_RVB.png\",\"width\":1200,\"height\":501,\"caption\":\"Commune de Modave\"},\"image\":{\"@id\":\"https:\\\/\\\/www.modave.be\\\/#\\\/schema\\\/logo\\\/image\\\/\"}}]}<\/script>\n<!-- \/ Yoast SEO plugin. -->","yoast_head_json":{"title":"Aube des oiseaux - Commune de Modave","robots":{"index":"index","follow":"follow","max-snippet":"max-snippet:-1","max-image-preview":"max-image-preview:large","max-video-preview":"max-video-preview:-1"},"canonical":"https:\/\/www.modave.be\/index.php\/events\/aube-des-oiseaux-2\/","og_locale":"fr_FR","og_type":"article","og_title":"Aube des oiseaux - Commune de Modave","og_description":"Aube des oiseaux &#8211; Jeudi 1er mai Vendredi 1er mai \u00e0 7 h PAF&nbsp;: 14\u20ac\/pers. Ch\u00e2teau de Modave \u00e0 7 h &#8211; R\u00e9servation obligatoire &#8211; Places limit\u00e9es Une promenade enchanteresse pour tous les amoureux de la nature D\u00e8s les premi\u00e8res lueurs de l&rsquo;aube, venez \u00e9couter les grives, rossignols, m\u00e9sanges ou fauvettes, guid\u00e9 par nos volontaires&hellip;","og_url":"https:\/\/www.modave.be\/index.php\/events\/aube-des-oiseaux-2\/","og_site_name":"Commune de Modave","article_modified_time":"2026-03-11T08:49:20+00:00","og_image":[{"width":1123,"height":1588,"url":"https:\/\/www.modave.be\/wp-content\/uploads\/2026\/03\/ADO26-Poster_A3-Modave_BD.jpg","type":"image\/jpeg"}],"twitter_card":"summary_large_image","twitter_misc":{"Dur\u00e9e de lecture estim\u00e9e":"2 minutes"},"schema":{"@context":"https:\/\/schema.org","@graph":[{"@type":"WebPage","@id":"https:\/\/www.modave.be\/index.php\/events\/aube-des-oiseaux-2\/","url":"https:\/\/www.modave.be\/index.php\/events\/aube-des-oiseaux-2\/","name":"Aube des oiseaux - Commune de Modave","isPartOf":{"@id":"https:\/\/www.modave.be\/#website"},"primaryImageOfPage":{"@id":"https:\/\/www.modave.be\/index.php\/events\/aube-des-oiseaux-2\/#primaryimage"},"image":{"@id":"https:\/\/www.modave.be\/index.php\/events\/aube-des-oiseaux-2\/#primaryimage"},"thumbnailUrl":"https:\/\/www.modave.be\/wp-content\/uploads\/2026\/03\/ADO26-Poster_A3-Modave_BD.jpg","datePublished":"2026-03-11T08:49:18+00:00","dateModified":"2026-03-11T08:49:20+00:00","breadcrumb":{"@id":"https:\/\/www.modave.be\/index.php\/events\/aube-des-oiseaux-2\/#breadcrumb"},"inLanguage":"fr-FR","potentialAction":[{"@type":"ReadAction","target":["https:\/\/www.modave.be\/index.php\/events\/aube-des-oiseaux-2\/"]}]},{"@type":"ImageObject","inLanguage":"fr-FR","@id":"https:\/\/www.modave.be\/index.php\/events\/aube-des-oiseaux-2\/#primaryimage","url":"https:\/\/www.modave.be\/wp-content\/uploads\/2026\/03\/ADO26-Poster_A3-Modave_BD.jpg","contentUrl":"https:\/\/www.modave.be\/wp-content\/uploads\/2026\/03\/ADO26-Poster_A3-Modave_BD.jpg","width":1123,"height":1588},{"@type":"BreadcrumbList","@id":"https:\/\/www.modave.be\/index.php\/events\/aube-des-oiseaux-2\/#breadcrumb","itemListElement":[{"@type":"ListItem","position":1,"name":"Accueil","item":"https:\/\/www.modave.be\/"},{"@type":"ListItem","position":2,"name":"Events","item":"https:\/\/www.modave.be\/index.php\/events\/"},{"@type":"ListItem","position":3,"name":"Aube des oiseaux"}]},{"@type":"WebSite","@id":"https:\/\/www.modave.be\/#website","url":"https:\/\/www.modave.be\/","name":"Commune de Modave","description":"Commune de Modave","publisher":{"@id":"https:\/\/www.modave.be\/#organization"},"potentialAction":[{"@type":"SearchAction","target":{"@type":"EntryPoint","urlTemplate":"https:\/\/www.modave.be\/?s={search_term_string}"},"query-input":{"@type":"PropertyValueSpecification","valueRequired":true,"valueName":"search_term_string"}}],"inLanguage":"fr-FR"},{"@type":"Organization","@id":"https:\/\/www.modave.be\/#organization","name":"Commune de Modave","url":"https:\/\/www.modave.be\/","logo":{"@type":"ImageObject","inLanguage":"fr-FR","@id":"https:\/\/www.modave.be\/#\/schema\/logo\/image\/","url":"https:\/\/www.modave.be\/wp-content\/uploads\/2021\/12\/MODAVE_LOGO_HORIZONTAL_QUADRI_RVB.png","contentUrl":"https:\/\/www.modave.be\/wp-content\/uploads\/2021\/12\/MODAVE_LOGO_HORIZONTAL_QUADRI_RVB.png","width":1200,"height":501,"caption":"Commune de Modave"},"image":{"@id":"https:\/\/www.modave.be\/#\/schema\/logo\/image\/"}}]}},"_links":{"self":[{"href":"https:\/\/www.modave.be\/index.php\/wp-json\/wp\/v2\/ajde_events\/18430","targetHints":{"allow":["GET"]}}],"collection":[{"href":"https:\/\/www.modave.be\/index.php\/wp-json\/wp\/v2\/ajde_events"}],"about":[{"href":"https:\/\/www.modave.be\/index.php\/wp-json\/wp\/v2\/types\/ajde_events"}],"author":[{"embeddable":true,"href":"https:\/\/www.modave.be\/index.php\/wp-json\/wp\/v2\/users\/9"}],"replies":[{"embeddable":true,"href":"https:\/\/www.modave.be\/index.php\/wp-json\/wp\/v2\/comments?post=18430"}],"wp:featuredmedia":[{"embeddable":true,"href":"https:\/\/www.modave.be\/index.php\/wp-json\/wp\/v2\/media\/18431"}],"wp:attachment":[{"href":"https:\/\/www.modave.be\/index.php\/wp-json\/wp\/v2\/media?parent=18430"}],"wp:term":[{"taxonomy":"post_tag","embeddable":true,"href":"https:\/\/www.modave.be\/index.php\/wp-json\/wp\/v2\/tags?post=18430"},{"taxonomy":"event_type","embeddable":true,"href":"https:\/\/www.modave.be\/index.php\/wp-json\/wp\/v2\/event_type?post=18430"},{"taxonomy":"event_type_2","embeddable":true,"href":"https:\/\/www.modave.be\/index.php\/wp-json\/wp\/v2\/event_type_2?post=18430"},{"taxonomy":"event_type_3","embeddable":true,"href":"https:\/\/www.modave.be\/index.php\/wp-json\/wp\/v2\/event_type_3?post=18430"},{"taxonomy":"event_type_4","embeddable":true,"href":"https:\/\/www.modave.be\/index.php\/wp-json\/wp\/v2\/event_type_4?post=18430"}],"curies":[{"name":"wp","href":"https:\/\/api.w.org\/{rel}","templated":true}]}}