{"id":10197,"date":"2023-01-13T10:16:21","date_gmt":"2023-01-13T09:16:21","guid":{"rendered":"http:\/\/217.182.142.226\/?page_id=10197"},"modified":"2026-04-09T14:05:59","modified_gmt":"2026-04-09T12:05:59","slug":"ccca","status":"publish","type":"page","link":"https:\/\/www.modave.be\/index.php\/ccca\/","title":{"rendered":"CCCA"},"content":{"rendered":"\t\t<div data-elementor-type=\"wp-page\" data-elementor-id=\"10197\" class=\"elementor elementor-10197\" wpc-filter-elementor-widget=\"1\" data-elementor-post-type=\"page\">\n\t\t\t\t\t\t<section class=\"elementor-section elementor-top-section elementor-element elementor-element-5036da3 elementor-section-boxed elementor-section-height-default elementor-section-height-default\" data-id=\"5036da3\" data-element_type=\"section\" data-e-type=\"section\">\n\t\t\t\t\t\t<div class=\"elementor-container elementor-column-gap-default\">\n\t\t\t\t\t<div class=\"elementor-column elementor-col-100 elementor-top-column elementor-element elementor-element-d900a4a\" data-id=\"d900a4a\" data-element_type=\"column\" data-e-type=\"column\">\n\t\t\t<div class=\"elementor-widget-wrap elementor-element-populated\">\n\t\t\t\t\t\t<div class=\"elementor-element elementor-element-47cfd2f split-breadcrumbs-y elementor-widget elementor-widget-the7-breadcrumb\" data-id=\"47cfd2f\" data-element_type=\"widget\" data-e-type=\"widget\" data-widget_type=\"the7-breadcrumb.default\">\n\t\t\t\t<div class=\"elementor-widget-container\">\n\t\t\t\t\t<div class=\"assistive-text\">Vous \u00eates ici :<\/div><ol class=\"breadcrumbs text-small rcrumbs\" itemscope itemtype=\"https:\/\/schema.org\/BreadcrumbList\"><li itemprop=\"itemListElement\" itemscope itemtype=\"https:\/\/schema.org\/ListItem\"><a itemprop=\"item\" href=\"https:\/\/www.modave.be\/\" title=\"Accueil\"><span itemprop=\"name\">Accueil<\/span><\/a><meta itemprop=\"position\" content=\"1\" \/><\/li><li class=\"current\" itemprop=\"itemListElement\" itemscope itemtype=\"https:\/\/schema.org\/ListItem\"><span itemprop=\"name\">Page<\/span><meta itemprop=\"position\" content=\"2\" \/><\/li><\/ol>\t\t\t\t<\/div>\n\t\t\t\t<\/div>\n\t\t\t\t\t<\/div>\n\t\t<\/div>\n\t\t\t\t\t<\/div>\n\t\t<\/section>\n\t\t\t\t<section class=\"elementor-section elementor-top-section elementor-element elementor-element-5160144 elementor-section-boxed elementor-section-height-default elementor-section-height-default\" data-id=\"5160144\" data-element_type=\"section\" data-e-type=\"section\">\n\t\t\t\t\t\t<div class=\"elementor-container elementor-column-gap-default\">\n\t\t\t\t\t<div class=\"elementor-column elementor-col-33 elementor-top-column elementor-element elementor-element-e188f66\" data-id=\"e188f66\" data-element_type=\"column\" data-e-type=\"column\">\n\t\t\t<div class=\"elementor-widget-wrap elementor-element-populated\">\n\t\t\t\t\t\t<div class=\"elementor-element elementor-element-83d4406 elementor-widget elementor-widget-image\" data-id=\"83d4406\" data-element_type=\"widget\" data-e-type=\"widget\" data-widget_type=\"image.default\">\n\t\t\t\t<div class=\"elementor-widget-container\">\n\t\t\t\t\t\t\t\t\t\t\t\t\t\t\t<img decoding=\"async\" src=\"https:\/\/www.modave.be\/wp-content\/uploads\/elementor\/thumbs\/Nouveau-logo-CCCA-25.03.2026-rl0sncppqkwrc4mtr8zd1j5qxpod1ew31kd22fgi8s.jpg\" title=\"Nouveau logo CCCA 25.03.2026\" alt=\"Nouveau logo CCCA 25.03.2026\" loading=\"lazy\" \/>\t\t\t\t\t\t\t\t\t\t\t\t\t\t\t<\/div>\n\t\t\t\t<\/div>\n\t\t\t\t\t<\/div>\n\t\t<\/div>\n\t\t\t\t<div class=\"elementor-column elementor-col-33 elementor-top-column elementor-element elementor-element-f08ba32\" data-id=\"f08ba32\" data-element_type=\"column\" data-e-type=\"column\">\n\t\t\t<div class=\"elementor-widget-wrap elementor-element-populated\">\n\t\t\t\t\t\t<div class=\"elementor-element elementor-element-3fff049 content-align-left icon-box-vertical-align-top icon-position-left icon-vertical-align-start elementor-widget elementor-widget-the7_icon_box_grid_widget\" data-id=\"3fff049\" data-element_type=\"widget\" data-e-type=\"widget\" data-widget_type=\"the7_icon_box_grid_widget.default\">\n\t\t\t\t<div class=\"elementor-widget-container\">\n\t\t\t\t\t<div class=\"the7-box-grid-wrapper the7-elementor-widget loading-effect-none the7_icon_box_grid_widget-3fff049 widget-divider-on\"><h4 class=\"rp-heading\">Conseil Consultatif Communal des A\u00een\u00e9s<\/h4>\t\t\t<div class=\"dt-css-grid\">\n\t\t\t\t\t\t\t\t\t<div class=\"wf-cell shown\">\n\t\t\t\t\t\t<div class=\"the7-icon-box-grid\">\t\t\t\t\t\t\t<div class=\"box-content-wrapper\">\n\t\t\t\t\t\t\t\t\t\t\t\t\t\t\t\t\t<a class=\"elementor-icon-div\" aria-label=\"Pr\u00e9sidente\">\t\t\t\t\t\t\t\t\t\t<div class=\"elementor-icon\">\n\t\t\t\t\t\t\t\t\t\t\t<i aria-hidden=\"true\" class=\"far fa-user-circle\"><\/i>\t\t\t\t\t\t\t\t\t\t<\/div>\n\t\t\t\t\t\t\t\t\t<\/a>\t\t\t\t\t\t\t\t\t\t\t\t\t\t\t\t<div class=\"box-content\">\n\t\t\t\t\t\t\t\t\t\t\t\t\t\t\t\t\t\t\t\t\t\t\t\t\t\t\t\t\t<h5 class=\"box-heading\">\n\t\t\t\t\t\t\t\t\t\t\t<a aria-label=\"Pr\u00e9sidente\">\t\t\t\t\t\t\t\t\t\t\t\tPr\u00e9sidente\t\t\t\t\t\t\t\t\t\t\t<\/a>\t\t\t\t\t\t\t\t\t\t<\/h5>\n\t\t\t\t\t\t\t\t\t\t\t\t\t\t\t\t\t\t\t\t\t\t\t\t\t\t\t\t<div class=\"box-description\">Jo\u00eblle Mottet<\/div>\n\t\t\t\t\t\t\t\t\t\t\t\t\t\t\t\t\t\t\t\t\t\t\t\t\t\t<\/div>\n\t\t\t\t\t\t\t<\/div>\n\t\t\t\t\t\t<\/div>\t\t\t\t\t<\/div>\n\t\t\t\t\t\t\t\t\t<div class=\"wf-cell shown\">\n\t\t\t\t\t\t<div class=\"the7-icon-box-grid\">\t\t\t\t\t\t\t<div class=\"box-content-wrapper\">\n\t\t\t\t\t\t\t\t\t\t\t\t\t\t\t\t\t<a class=\"elementor-icon-div\" aria-label=\"Vice-pr\u00e9sidente\">\t\t\t\t\t\t\t\t\t\t<div class=\"elementor-icon\">\n\t\t\t\t\t\t\t\t\t\t\t<i aria-hidden=\"true\" class=\"far fa-user-circle\"><\/i>\t\t\t\t\t\t\t\t\t\t<\/div>\n\t\t\t\t\t\t\t\t\t<\/a>\t\t\t\t\t\t\t\t\t\t\t\t\t\t\t\t<div class=\"box-content\">\n\t\t\t\t\t\t\t\t\t\t\t\t\t\t\t\t\t\t\t\t\t\t\t\t\t\t\t\t\t<h5 class=\"box-heading\">\n\t\t\t\t\t\t\t\t\t\t\t<a aria-label=\"Vice-pr\u00e9sidente\">\t\t\t\t\t\t\t\t\t\t\t\tVice-pr\u00e9sidente\t\t\t\t\t\t\t\t\t\t\t<\/a>\t\t\t\t\t\t\t\t\t\t<\/h5>\n\t\t\t\t\t\t\t\t\t\t\t\t\t\t\t\t\t\t\t\t\t\t\t\t\t\t\t\t<div class=\"box-description\">Jeanne Defays<\/div>\n\t\t\t\t\t\t\t\t\t\t\t\t\t\t\t\t\t\t\t\t\t\t\t\t\t\t<\/div>\n\t\t\t\t\t\t\t<\/div>\n\t\t\t\t\t\t<\/div>\t\t\t\t\t<\/div>\n\t\t\t\t\t\t\t\t\t<div class=\"wf-cell shown\">\n\t\t\t\t\t\t<div class=\"the7-icon-box-grid\">\t\t\t\t\t\t\t<div class=\"box-content-wrapper\">\n\t\t\t\t\t\t\t\t\t\t\t\t\t\t\t\t\t<a class=\"elementor-icon-div\" aria-label=\"Secr\u00e9taire\">\t\t\t\t\t\t\t\t\t\t<div class=\"elementor-icon\">\n\t\t\t\t\t\t\t\t\t\t\t<i aria-hidden=\"true\" class=\"far fa-user-circle\"><\/i>\t\t\t\t\t\t\t\t\t\t<\/div>\n\t\t\t\t\t\t\t\t\t<\/a>\t\t\t\t\t\t\t\t\t\t\t\t\t\t\t\t<div class=\"box-content\">\n\t\t\t\t\t\t\t\t\t\t\t\t\t\t\t\t\t\t\t\t\t\t\t\t\t\t\t\t\t<h5 class=\"box-heading\">\n\t\t\t\t\t\t\t\t\t\t\t<a aria-label=\"Secr\u00e9taire\">\t\t\t\t\t\t\t\t\t\t\t\tSecr\u00e9taire\t\t\t\t\t\t\t\t\t\t\t<\/a>\t\t\t\t\t\t\t\t\t\t<\/h5>\n\t\t\t\t\t\t\t\t\t\t\t\t\t\t\t\t\t\t\t\t\t\t\t\t\t\t\t\t<div class=\"box-description\">Claire Mottet<\/div>\n\t\t\t\t\t\t\t\t\t\t\t\t\t\t\t\t\t\t\t\t\t\t\t\t\t\t<\/div>\n\t\t\t\t\t\t\t<\/div>\n\t\t\t\t\t\t<\/div>\t\t\t\t\t<\/div>\n\t\t\t\t\t\t\t\t\t<div class=\"wf-cell shown\">\n\t\t\t\t\t\t<div class=\"the7-icon-box-grid\">\t\t\t\t\t\t\t<div class=\"box-content-wrapper\">\n\t\t\t\t\t\t\t\t\t\t\t\t\t\t\t\t\t<a class=\"elementor-icon-div\" aria-label=\"Tr\u00e9sorier\">\t\t\t\t\t\t\t\t\t\t<div class=\"elementor-icon\">\n\t\t\t\t\t\t\t\t\t\t\t<i aria-hidden=\"true\" class=\"far fa-user-circle\"><\/i>\t\t\t\t\t\t\t\t\t\t<\/div>\n\t\t\t\t\t\t\t\t\t<\/a>\t\t\t\t\t\t\t\t\t\t\t\t\t\t\t\t<div class=\"box-content\">\n\t\t\t\t\t\t\t\t\t\t\t\t\t\t\t\t\t\t\t\t\t\t\t\t\t\t\t\t\t<h5 class=\"box-heading\">\n\t\t\t\t\t\t\t\t\t\t\t<a aria-label=\"Tr\u00e9sorier\">\t\t\t\t\t\t\t\t\t\t\t\tTr\u00e9sorier\t\t\t\t\t\t\t\t\t\t\t<\/a>\t\t\t\t\t\t\t\t\t\t<\/h5>\n\t\t\t\t\t\t\t\t\t\t\t\t\t\t\t\t\t\t\t\t\t\t\t\t\t\t\t\t<div class=\"box-description\">Michel Dosogne<\/div>\n\t\t\t\t\t\t\t\t\t\t\t\t\t\t\t\t\t\t\t\t\t\t\t\t\t\t<\/div>\n\t\t\t\t\t\t\t<\/div>\n\t\t\t\t\t\t<\/div>\t\t\t\t\t<\/div>\n\t\t\t\t\t\t\t\t\t<div class=\"wf-cell shown\">\n\t\t\t\t\t\t<div class=\"the7-icon-box-grid\">\t\t\t\t\t\t\t<div class=\"box-content-wrapper\">\n\t\t\t\t\t\t\t\t\t\t\t\t\t\t\t\t\t<a class=\"elementor-icon-div\" aria-label=\"Balades\">\t\t\t\t\t\t\t\t\t\t<div class=\"elementor-icon\">\n\t\t\t\t\t\t\t\t\t\t\t<i aria-hidden=\"true\" class=\"fas fa-walking\"><\/i>\t\t\t\t\t\t\t\t\t\t<\/div>\n\t\t\t\t\t\t\t\t\t<\/a>\t\t\t\t\t\t\t\t\t\t\t\t\t\t\t\t<div class=\"box-content\">\n\t\t\t\t\t\t\t\t\t\t\t\t\t\t\t\t\t\t\t\t\t\t\t\t\t\t\t\t\t<h5 class=\"box-heading\">\n\t\t\t\t\t\t\t\t\t\t\t<a aria-label=\"Balades\">\t\t\t\t\t\t\t\t\t\t\t\tBalades\t\t\t\t\t\t\t\t\t\t\t<\/a>\t\t\t\t\t\t\t\t\t\t<\/h5>\n\t\t\t\t\t\t\t\t\t\t\t\t\t\t\t\t\t\t\t\t\t\t\t\t\t\t\t\t<div class=\"box-description\">Pietro Di Giorgio - 0472\/42.05.98<\/div>\n\t\t\t\t\t\t\t\t\t\t\t\t\t\t\t\t\t\t\t\t\t\t\t\t\t\t<\/div>\n\t\t\t\t\t\t\t<\/div>\n\t\t\t\t\t\t<\/div>\t\t\t\t\t<\/div>\n\t\t\t\t\t\t\t\t\t<div class=\"wf-cell shown\">\n\t\t\t\t\t\t<div class=\"the7-icon-box-grid\">\t\t\t\t\t\t\t<div class=\"box-content-wrapper\">\n\t\t\t\t\t\t\t\t\t\t\t\t\t\t\t\t\t<a class=\"elementor-icon-div\" aria-label=\"Membres\">\t\t\t\t\t\t\t\t\t\t<div class=\"elementor-icon\">\n\t\t\t\t\t\t\t\t\t\t\t<i aria-hidden=\"true\" class=\"fas fa-users\"><\/i>\t\t\t\t\t\t\t\t\t\t<\/div>\n\t\t\t\t\t\t\t\t\t<\/a>\t\t\t\t\t\t\t\t\t\t\t\t\t\t\t\t<div class=\"box-content\">\n\t\t\t\t\t\t\t\t\t\t\t\t\t\t\t\t\t\t\t\t\t\t\t\t\t\t\t\t\t<h5 class=\"box-heading\">\n\t\t\t\t\t\t\t\t\t\t\t<a aria-label=\"Membres\">\t\t\t\t\t\t\t\t\t\t\t\tMembres\t\t\t\t\t\t\t\t\t\t\t<\/a>\t\t\t\t\t\t\t\t\t\t<\/h5>\n\t\t\t\t\t\t\t\t\t\t\t\t\t\t\t\t\t\t\t\t\t\t\t\t\t\t\t\t<div class=\"box-description\">Charles Debouche, Huguette Dehalle, Mich\u00e8le Deleuze, Roger Dony, Monique G\u00e9rard, Fran\u00e7ois Goossens, Pierre Halut, Isabelle Henderickx et Nadia Zotto.<\/div>\n\t\t\t\t\t\t\t\t\t\t\t\t\t\t\t\t\t\t\t\t\t\t\t\t\t\t<\/div>\n\t\t\t\t\t\t\t<\/div>\n\t\t\t\t\t\t<\/div>\t\t\t\t\t<\/div>\n\t\t\t\t\t\t\t<\/div>\n\t\t<\/div>\t\t\t\t<\/div>\n\t\t\t\t<\/div>\n\t\t\t\t<div class=\"elementor-element elementor-element-9a7358a elementor-widget elementor-widget-spacer\" data-id=\"9a7358a\" data-element_type=\"widget\" data-e-type=\"widget\" data-widget_type=\"spacer.default\">\n\t\t\t\t<div class=\"elementor-widget-container\">\n\t\t\t\t\t\t\t<div class=\"elementor-spacer\">\n\t\t\t<div class=\"elementor-spacer-inner\"><\/div>\n\t\t<\/div>\n\t\t\t\t\t\t<\/div>\n\t\t\t\t<\/div>\n\t\t\t\t\t<\/div>\n\t\t<\/div>\n\t\t\t\t<div class=\"elementor-column elementor-col-33 elementor-top-column elementor-element elementor-element-497357d\" data-id=\"497357d\" data-element_type=\"column\" data-e-type=\"column\">\n\t\t\t<div class=\"elementor-widget-wrap elementor-element-populated\">\n\t\t\t\t\t\t<div class=\"elementor-element elementor-element-393e35d elementor-widget elementor-widget-heading\" data-id=\"393e35d\" data-element_type=\"widget\" data-e-type=\"widget\" data-widget_type=\"heading.default\">\n\t\t\t\t<div class=\"elementor-widget-container\">\n\t\t\t\t\t<h3 class=\"elementor-heading-title elementor-size-default\">Agenda<\/h3>\t\t\t\t<\/div>\n\t\t\t\t<\/div>\n\t\t\t\t<div class=\"elementor-element elementor-element-fafa5b3 elementor-widget elementor-widget-text-editor\" data-id=\"fafa5b3\" data-element_type=\"widget\" data-e-type=\"widget\" data-widget_type=\"text-editor.default\">\n\t\t\t\t<div class=\"elementor-widget-container\">\n\t\t\t\t\t\t\t\t\t<p><!-- EventON Calendar --><div id='evcal_calendar_253' class='list_cal ajde_evcal_calendar sev cev color esty_2 ul etttc_custom ' ><div id='evcal_head' class='calendar_header ' ><div class='evo_cal_above'><span class='evo-search'><\/span><span class='evo-gototoday-btn evo_hide' style='display:none;' data-mo='5' data-yr='2026' data-dy=''>Mois actuel<\/span><span class='evo-sort-btn'><div class='eventon_sort_line' style='display:none'><p data-val='sort_date' data-type='date' class='evs_btn evo_sort_option evs_hide select' >Date<\/p><p data-val='sort_title' data-type='title' class='evs_btn evo_sort_option ' >Titre<\/p><\/div><\/span><\/div><div class='evo_cal_above_content'>\t\t\t\t\t\n\t\t\t\t<div class='evo_search_bar evo_hidden'>\n\t\t\t\t\t<div class='evo_search_bar_in' >\n\t\t\t\t\t\t<input id='evo_search_bar_in_253' type=\"text\" placeholder='Search Events' data-role=\"none\"\/>\n\n\t\t\t\t\t\t<a class=\"evosr_search_clear_btn\"><i class=\"fa fa-close\"><\/i><\/a>\n\t\t\t\t\t\t<a class=\"evosr_search_btn\"><i class=\"fa fa-search\"><\/i><\/a>\n\t\t\t\t\t<\/div>\n\t\t\t\t<\/div>\n\n\t\t\t<\/div><\/div><div class='eventon_sorting_section' style='display:none'><div class='eventon_filter_line '><div class='eventon_filter evo_sortOpt evo_sortList_event_type' data-filter_field='event_type' data-filter_val='475' data-filter_type='tax' data-fl_o='IN ' data-fldef='475'>\n\t\t\t\t\t\t\t\t\t<p class='filtering_set_val'>Type d&#039;\u00e9v\u00e9nement<em class='fa fa-check'><\/em><\/p>\n\t\t\t\t\t\t\t\t\t<div class='eventon_filter_dropdown' style='display:none'><p class='evo_filter_val  all' data-filter_val='all'>All<\/p><p class='evo_filter_val  event_type_288 aines has_icon' data-filter_val='288' data-filter_slug='aines'><i class=\"fa fa-hiking\"><\/i>A\u00een\u00e9s<\/p><p class='evo_filter_val  event_type_313 assemblee has_icon' data-filter_val='313' data-filter_slug='assemblee'><i class=\"fa fa-people-line\"><\/i>Assembl\u00e9es G\u00e9n\u00e9rales Ordinaires<\/p><p class='evo_filter_val  event_type_182 associatif has_icon' data-filter_val='182' data-filter_slug='associatif'><i class=\"fa fa-contact-book\"><\/i>Associatif<\/p><p class='evo_filter_val  event_type_476 associatif-aines  np' data-filter_val='476' data-filter_slug='associatif-aines'>Associatif<\/p><p class='evo_filter_val  event_type_333 bibliotheque has_icon' data-filter_val='333' data-filter_slug='bibliotheque'><i class=\"fa fa-book-open-reader\"><\/i>Biblioth\u00e8que<\/p><p class='evo_filter_val select event_type_475 ccca  np' data-filter_val='475' data-filter_slug='ccca'>CCCA<\/p><p class='evo_filter_val  event_type_409 citoyennete has_icon' data-filter_val='409' data-filter_slug='citoyennete'><i class=\"fa fa-handshake\"><\/i>Citoyennet\u00e9<\/p><p class='evo_filter_val  event_type_456 com has_icon' data-filter_val='456' data-filter_slug='com'><i class=\"fa fa-comments\"><\/i>Communication<\/p><p class='evo_filter_val  event_type_474 cpas  np' data-filter_val='474' data-filter_slug='cpas'>CPAS<\/p><p class='evo_filter_val  event_type_186 culture has_icon' data-filter_val='186' data-filter_slug='culture'><i class=\"fa fa-book-open-reader\"><\/i>Culture<\/p><p class='evo_filter_val  event_type_185 divers has_icon' data-filter_val='185' data-filter_slug='divers'><i class=\"fa fa-check-circle\"><\/i>Divers<\/p><p class='evo_filter_val  event_type_410 enseignement has_icon' data-filter_val='410' data-filter_slug='enseignement'><i class=\"fa fa-pencil-square\"><\/i>Enseignement<\/p><p class='evo_filter_val  event_type_299 environnement has_icon' data-filter_val='299' data-filter_slug='environnement'><i class=\"fa fa-globe-europe\"><\/i>Environnement<\/p><p class='evo_filter_val  event_type_298 festivites has_icon' data-filter_val='298' data-filter_slug='festivites'><i class=\"fa fa-music\"><\/i>Festivit\u00e9s<\/p><p class='evo_filter_val  event_type_458 finances has_icon' data-filter_val='458' data-filter_slug='finances'><i class=\"fa fa-money-check\"><\/i>Finances<\/p><p class='evo_filter_val  event_type_379 formations has_icon' data-filter_val='379' data-filter_slug='formations'><i class=\"fa fa-school-flag\"><\/i>Formations<\/p><p class='evo_filter_val  event_type_403 histoire-patrimoine has_icon' data-filter_val='403' data-filter_slug='histoire-patrimoine'><i class=\"fa fa-landmark-alt\"><\/i>Histoire &amp; patrimoine<\/p><p class='evo_filter_val  event_type_408 infos-pratiques has_icon' data-filter_val='408' data-filter_slug='infos-pratiques'><i class=\"fa fa-info\"><\/i>Infos pratiques<\/p><p class='evo_filter_val  event_type_304 jeunesse has_icon' data-filter_val='304' data-filter_slug='jeunesse'><i class=\"fa fa-child-reaching\"><\/i>Jeunesse<\/p><p class='evo_filter_val  event_type_336 sante has_icon' data-filter_val='336' data-filter_slug='sante'><i class=\"fa fa-hand-holding-medical\"><\/i>Sant\u00e9<\/p><p class='evo_filter_val  event_type_179 sportsetloisirs has_icon' data-filter_val='179' data-filter_slug='sportsetloisirs'><i class=\"fa fa-person-biking\"><\/i>Sport<\/p><p class='evo_filter_val  event_type_352 stages has_icon' data-filter_val='352' data-filter_slug='stages'><i class=\"fa fa-calendar-alt\"><\/i>Stages<\/p><p class='evo_filter_val  event_type_457 taxes has_icon' data-filter_val='457' data-filter_slug='taxes'><i class=\"fa fa-money-check\"><\/i>Taxes<\/p><p class='evo_filter_val  event_type_300 travaux has_icon' data-filter_val='300' data-filter_slug='travaux'><i class=\"fa fa-warning\"><\/i>Travaux<\/p><\/div>\t\n\t\t\t\t\t\t\t<\/div><div class='eventon_filter evo_sortOpt evo_sortList_event_location' data-filter_field='event_location' data-filter_val='all' data-filter_type='tax' data-fl_o='IN ' data-fldef='all'>\n\t\t\t\t\t\t\t\t\t<p class='filtering_set_val'>Lieu de l&#039;\u00e9v\u00e9nement<em class='fa fa-check'><\/em><\/p>\n\t\t\t\t\t\t\t\t\t<div class='eventon_filter_dropdown' style='display:none'><p class='evo_filter_val select all' data-filter_val='all'>All<\/p><p class='evo_filter_val select event_location_341 administration-communal-de-nandrin ' data-filter_val='341' data-filter_slug='administration-communal-de-nandrin'>Administration Communal de Nandrin<\/p><p class='evo_filter_val select event_location_383 administration-communale-danthisnes ' data-filter_val='383' data-filter_slug='administration-communale-danthisnes'>Administration communale d\u2019Anthisnes<\/p><p class='evo_filter_val select event_location_377 administration-communale-de-hamoir ' data-filter_val='377' data-filter_slug='administration-communale-de-hamoir'>Administration communale de Hamoir,<\/p><p class='evo_filter_val select event_location_467 ancienne-ecole-de-les-avins ' data-filter_val='467' data-filter_slug='ancienne-ecole-de-les-avins'>Ancienne \u00e9cole de &quot;Les Avins&quot;<\/p><p class='evo_filter_val select event_location_337 ancienne-gare-de-barse ' data-filter_val='337' data-filter_slug='ancienne-gare-de-barse'>Ancienne gare de Barse<\/p><p class='evo_filter_val select event_location_430 ancienne-gare-de-pont-de-bonne ' data-filter_val='430' data-filter_slug='ancienne-gare-de-pont-de-bonne'>Ancienne gare de Pont-de-Bonne<\/p><p class='evo_filter_val select event_location_380 atelier-de-gravure-de-oyou ' data-filter_val='380' data-filter_slug='atelier-de-gravure-de-oyou'>Atelier de gravure de OYOU<\/p><p class='evo_filter_val select event_location_382 athenee-royal-prince-baudouin ' data-filter_val='382' data-filter_slug='athenee-royal-prince-baudouin'>Ath\u00e9n\u00e9e Royal Prince Baudouin<\/p><p class='evo_filter_val select event_location_434 baratin ' data-filter_val='434' data-filter_slug='baratin'>Baratin<\/p><p class='evo_filter_val select event_location_339 bibliotheque-de-marchin ' data-filter_val='339' data-filter_slug='bibliotheque-de-marchin'>Biblioth\u00e8que de Marchin<\/p><p class='evo_filter_val select event_location_303 bibliotheque-de-vierset ' data-filter_val='303' data-filter_slug='bibliotheque-de-vierset'>Biblioth\u00e8que de Vierset<\/p><p class='evo_filter_val select event_location_189 bibliotheque-publique-de-marchin ' data-filter_val='189' data-filter_slug='bibliotheque-publique-de-marchin'>Biblioth\u00e8que publique de Marchin<\/p><p class='evo_filter_val select event_location_305 bistro-a-grand-marchin ' data-filter_val='305' data-filter_slug='bistro-a-grand-marchin'>Bistro \u00e0 Grand-Marchin<\/p><p class='evo_filter_val select event_location_187 bois-rosine ' data-filter_val='187' data-filter_slug='bois-rosine'>Bois rosine<\/p><p class='evo_filter_val select event_location_317 business-village-ecolys-by-actibel ' data-filter_val='317' data-filter_slug='business-village-ecolys-by-actibel'>Business Village Ecolys by Actibel<\/p><p class='evo_filter_val select event_location_431 c-t-a-de-stree ' data-filter_val='431' data-filter_slug='c-t-a-de-stree'>C.T.A. de Str\u00e9e<\/p><p class='evo_filter_val select event_location_490 chapelle-de-limet ' data-filter_val='490' data-filter_slug='chapelle-de-limet'>Chapelle de Limet<\/p><p class='evo_filter_val select event_location_398 chapelle-du-fourneau ' data-filter_val='398' data-filter_slug='chapelle-du-fourneau'>chapelle du Fourneau<\/p><p class='evo_filter_val select event_location_489 chateau-de-fallais ' data-filter_val='489' data-filter_slug='chateau-de-fallais'>Ch\u00e2teau de Fallais<\/p><p class='evo_filter_val select event_location_486 chateau-de-jehay ' data-filter_val='486' data-filter_slug='chateau-de-jehay'>Ch\u00e2teau de Jehay<\/p><p class='evo_filter_val select event_location_309 chateau-de-modave ' data-filter_val='309' data-filter_slug='chateau-de-modave'>Ch\u00e2teau de Modave<\/p><p class='evo_filter_val select event_location_478 chez-ruelle ' data-filter_val='478' data-filter_slug='chez-ruelle'>Chez Ruelle<\/p><p class='evo_filter_val select event_location_325 cile ' data-filter_val='325' data-filter_slug='cile'>CILE<\/p><p class='evo_filter_val select event_location_348 commune-de-modave ' data-filter_val='348' data-filter_slug='commune-de-modave'>Commune de Modave<\/p><p class='evo_filter_val select event_location_270 complexe-sportif-communal ' data-filter_val='270' data-filter_slug='complexe-sportif-communal'>Complexe sportif communal<\/p><p class='evo_filter_val select event_location_284 crie-chateau-de-modave ' data-filter_val='284' data-filter_slug='crie-chateau-de-modave'>CRIE &#8211; Ch\u00e2teau de Modave<\/p><p class='evo_filter_val select event_location_378 devenirs-asbl ' data-filter_val='378' data-filter_slug='devenirs-asbl'>Devenirs asbl<\/p><p class='evo_filter_val select event_location_273 ecole-communale-de-modave ' data-filter_val='273' data-filter_slug='ecole-communale-de-modave'>Ecole communale de Modave<\/p><p class='evo_filter_val select event_location_448 ecole-de-la-sainte-famille ' data-filter_val='448' data-filter_slug='ecole-de-la-sainte-famille'>\u00c9cole de la Sainte-Famille<\/p><p class='evo_filter_val select event_location_177 ecole-saint-joseph ' data-filter_val='177' data-filter_slug='ecole-saint-joseph'>Ecole Saint Joseph<\/p><p class='evo_filter_val select event_location_397 eglise-de-modave ' data-filter_val='397' data-filter_slug='eglise-de-modave'>Eglise de Modave<\/p><p class='evo_filter_val select event_location_268 eglise-de-pailhle ' data-filter_val='268' data-filter_slug='eglise-de-pailhle'>Eglise de Pailhle<\/p><p class='evo_filter_val select event_location_180 eglise-de-ramelot ' data-filter_val='180' data-filter_slug='eglise-de-ramelot'>Eglise de Ramelot<\/p><p class='evo_filter_val select event_location_399 eglise-de-rausa ' data-filter_val='399' data-filter_slug='eglise-de-rausa'>\u00e9glise de Rausa<\/p><p class='evo_filter_val select event_location_282 eglise-de-saint-martin ' data-filter_val='282' data-filter_slug='eglise-de-saint-martin'>Eglise de Saint Martin<\/p><p class='evo_filter_val select event_location_396 eglise-de-vierset-barse ' data-filter_val='396' data-filter_slug='eglise-de-vierset-barse'>Eglise de Vierset Barse<\/p><p class='evo_filter_val select event_location_289 eglise-de-villers-le-temple ' data-filter_val='289' data-filter_slug='eglise-de-villers-le-temple'>Eglise de Villers-le-Temple<\/p><p class='evo_filter_val select event_location_400 eglise-de-vyle-tharoul ' data-filter_val='400' data-filter_slug='eglise-de-vyle-tharoul'>\u00e9glise de Vyle Tharoul<\/p><p class='evo_filter_val select event_location_460 eglise-saint-pierre-de-villers-le-temple ' data-filter_val='460' data-filter_slug='eglise-saint-pierre-de-villers-le-temple'>\u00c9glise Saint-Pierre de Villers-le-Temple<\/p><p class='evo_filter_val select event_location_321 enodia ' data-filter_val='321' data-filter_slug='enodia'>Enodia<\/p><p class='evo_filter_val select event_location_437 espace-de-convivialite-de-modave ' data-filter_val='437' data-filter_slug='espace-de-convivialite-de-modave'>Espace de Convivialit\u00e9 de Modave<\/p><p class='evo_filter_val select event_location_435 espace-tiers-lieu ' data-filter_val='435' data-filter_slug='espace-tiers-lieu'>Espace Tiers-Lieu<\/p><p class='evo_filter_val select event_location_275 espace-test-de-stree ' data-filter_val='275' data-filter_slug='espace-test-de-stree'>Espace-test de str\u00e9e<\/p><p class='evo_filter_val select event_location_488 fort-de-huy ' data-filter_val='488' data-filter_slug='fort-de-huy'>Fort de Huy<\/p><p class='evo_filter_val select event_location_427 grand-route-8-marchin ' data-filter_val='427' data-filter_slug='grand-route-8-marchin'>Grand Route 8, Marchin<\/p><p class='evo_filter_val select event_location_426 grand-route-8-vyle-et-tharoul-marchin ' data-filter_val='426' data-filter_slug='grand-route-8-vyle-et-tharoul-marchin'>Grand Route 8, Vyle-et-Tharoul Marchin<\/p><p class='evo_filter_val select event_location_441 hall-des-sports-de-marchin ' data-filter_val='441' data-filter_slug='hall-des-sports-de-marchin'>Hall des sports de Marchin<\/p><p class='evo_filter_val select event_location_292 hall-omnisports-du-cnrf ' data-filter_val='292' data-filter_slug='hall-omnisports-du-cnrf'>Hall Omnisports du CNRF<\/p><p class='evo_filter_val select event_location_454 hotel-de-police ' data-filter_val='454' data-filter_slug='hotel-de-police'>H\u00f4tel de Police<\/p><p class='evo_filter_val select event_location_316 intradel ' data-filter_val='316' data-filter_slug='intradel'>Intradel<\/p><p class='evo_filter_val select event_location_401 jardin-des-aubepines ' data-filter_val='401' data-filter_slug='jardin-des-aubepines'>Jardin des Aub\u00e9pines<\/p><p class='evo_filter_val select event_location_421 la-cabane-de-chantal-et-brice ' data-filter_val='421' data-filter_slug='la-cabane-de-chantal-et-brice'>La Cabane de Chantal et Brice<\/p><p class='evo_filter_val select event_location_386 la-limonaderie ' data-filter_val='386' data-filter_slug='la-limonaderie'>La Limonaderie<\/p><p class='evo_filter_val select event_location_451 le-grenier ' data-filter_val='451' data-filter_slug='le-grenier'>Le Grenier<\/p><p class='evo_filter_val select event_location_428 les-deux-chenes-asbl ' data-filter_val='428' data-filter_slug='les-deux-chenes-asbl'>Les Deux Ch\u00eanes ASBL<\/p><p class='evo_filter_val select event_location_184 les-echos-du-hoyoux ' data-filter_val='184' data-filter_slug='les-echos-du-hoyoux'>Les Echos du Hoyoux<\/p><p class='evo_filter_val select event_location_384 local-des-jeunes ' data-filter_val='384' data-filter_slug='local-des-jeunes'>Local des jeunes<\/p><p class='evo_filter_val select event_location_285 local-intergenerationnel ' data-filter_val='285' data-filter_slug='local-intergenerationnel'>Local Interg\u00e9n\u00e9rationnel<\/p><p class='evo_filter_val select event_location_420 maison-rurale-de-modave ' data-filter_val='420' data-filter_slug='maison-rurale-de-modave'>Maison Rurale de Modave<\/p><p class='evo_filter_val select event_location_312 mare-de-modave ' data-filter_val='312' data-filter_slug='mare-de-modave'>Mare de Modave<\/p><p class='evo_filter_val select event_location_402 monument-de-vierset-barse ' data-filter_val='402' data-filter_slug='monument-de-vierset-barse'>Monument de Vierset-Barse<\/p><p class='evo_filter_val select event_location_485 musee-de-huy ' data-filter_val='485' data-filter_slug='musee-de-huy'>Mus\u00e9e de Huy<\/p><p class='evo_filter_val select event_location_406 nature-progres ' data-filter_val='406' data-filter_slug='nature-progres'>Nature &amp; Progr\u00e8s<\/p><p class='evo_filter_val select event_location_340 oyou ' data-filter_val='340' data-filter_slug='oyou'>Oyou<\/p><p class='evo_filter_val select event_location_425 pavillon-du-vieux-chateau ' data-filter_val='425' data-filter_slug='pavillon-du-vieux-chateau'>Pavillon du Vieux Ch\u00e2teau<\/p><p class='evo_filter_val select event_location_390 petite-ecole-de-modave-village ' data-filter_val='390' data-filter_slug='petite-ecole-de-modave-village'>Petite Ecole de Modave Village<\/p><p class='evo_filter_val select event_location_296 pl-georges-hubin ' data-filter_val='296' data-filter_slug='pl-georges-hubin'>Pl. Georges Hubin<\/p><p class='evo_filter_val select event_location_445 place-de-belle-maison ' data-filter_val='445' data-filter_slug='place-de-belle-maison'>Place de Belle-Maison<\/p><p class='evo_filter_val select event_location_465 place-de-leglise-a-les-avins-clavier ' data-filter_val='465' data-filter_slug='place-de-leglise-a-les-avins-clavier'>Place de l&#039;Eglise \u00e0 Les Avins (Clavier)<\/p><p class='evo_filter_val select event_location_461 place-de-leglise-a-terwagne ' data-filter_val='461' data-filter_slug='place-de-leglise-a-terwagne'>Place de l&#039;\u00e9glise \u00e0 Terwagne<\/p><p class='evo_filter_val select event_location_483 point-vert-stree ' data-filter_val='483' data-filter_slug='point-vert-stree'>Point Vert &#8211; Str\u00e9e<\/p><p class='evo_filter_val select event_location_391 potager-collectif ' data-filter_val='391' data-filter_slug='potager-collectif'>Potager collectif<\/p><p class='evo_filter_val select event_location_453 presbytere ' data-filter_val='453' data-filter_slug='presbytere'>Presbyt\u00e8re<\/p><p class='evo_filter_val select event_location_479 recyparc-de-clavier ' data-filter_val='479' data-filter_slug='recyparc-de-clavier'>R\u00e9cyparc de Clavier<\/p><p class='evo_filter_val select event_location_319 resa ' data-filter_val='319' data-filter_slug='resa'>Resa<\/p><p class='evo_filter_val select event_location_442 residence-des-seniors ' data-filter_val='442' data-filter_slug='residence-des-seniors'>R\u00e9sidence des seniors<\/p><p class='evo_filter_val select event_location_468 rue-biette-4577-modave ' data-filter_val='468' data-filter_slug='rue-biette-4577-modave'>Rue Biette &#8211; 4577 Modave<\/p><p class='evo_filter_val select event_location_462 rue-de-la-gare-2-4577-modave ' data-filter_val='462' data-filter_slug='rue-de-la-gare-2-4577-modave'>rue de la Gare 2 &#8211; 4577 Modave<\/p><p class='evo_filter_val select event_location_422 rue-du-parc-2-4570-marchin ' data-filter_val='422' data-filter_slug='rue-du-parc-2-4570-marchin'>Rue du Parc 2, 4570 Marchin<\/p><p class='evo_filter_val select event_location_423 rue-du-parc-5-vyle-et-tharoul-marchin ' data-filter_val='423' data-filter_slug='rue-du-parc-5-vyle-et-tharoul-marchin'>Rue du Parc 5, Vyle-et-Tharoul Marchin<\/p><p class='evo_filter_val select event_location_291 salle-bois-rosine ' data-filter_val='291' data-filter_slug='salle-bois-rosine'>Salle Bois Rosine<\/p><p class='evo_filter_val select event_location_438 salle-communale-de-hamoir ' data-filter_val='438' data-filter_slug='salle-communale-de-hamoir'>Salle communale de Hamoir<\/p><p class='evo_filter_val select event_location_459 salle-communale-de-ramelot-le-tilleul ' data-filter_val='459' data-filter_slug='salle-communale-de-ramelot-le-tilleul'>Salle communale de Ramelot \u00ab Le Tilleul \u00bb<\/p><p class='evo_filter_val select event_location_440 salle-de-loffice-du-tourisme-de-ferrieres ' data-filter_val='440' data-filter_slug='salle-de-loffice-du-tourisme-de-ferrieres'>Salle de l\u2019Office du Tourisme de Ferri\u00e8res<\/p><p class='evo_filter_val select event_location_327 salle-de-reunion-1-a-et-b ' data-filter_val='327' data-filter_slug='salle-de-reunion-1-a-et-b'>Salle de r\u00e9union \u00ab- 1 A et B \u00bb,<\/p><p class='evo_filter_val select event_location_452 salle-des-oies ' data-filter_val='452' data-filter_slug='salle-des-oies'>Salle des Oies<\/p><p class='evo_filter_val select event_location_439 salle-du-conseil-de-clavier ' data-filter_val='439' data-filter_slug='salle-du-conseil-de-clavier'>Salle du Conseil de Clavier<\/p><p class='evo_filter_val select event_location_295 salle-les-echos-du-hoyoux ' data-filter_val='295' data-filter_slug='salle-les-echos-du-hoyoux'>Salle Les Echos du Hoyoux<\/p><p class='evo_filter_val select event_location_405 salle-les-melezes-residence-de-senones ' data-filter_val='405' data-filter_slug='salle-les-melezes-residence-de-senones'>Salle Les M\u00e9l\u00e8zes, R\u00e9sidence de Senones<\/p><p class='evo_filter_val select event_location_323 station-depuration-de-liege-oupeye ' data-filter_val='323' data-filter_slug='station-depuration-de-liege-oupeye'>station d&#039;\u00e9puration de Li\u00e8ge-Oupeye<\/p><p class='evo_filter_val select event_location_302 syndicat-dinitiative-entre-eaux-chateaux ' data-filter_val='302' data-filter_slug='syndicat-dinitiative-entre-eaux-chateaux'>Syndicat d&rsquo;Initiative entre Eaux &amp; Ch\u00e2teaux<\/p><p class='evo_filter_val select event_location_394 terrain-daeromodelisme ' data-filter_val='394' data-filter_slug='terrain-daeromodelisme'>Terrain d&#039;a\u00e9romod\u00e9lisme<\/p><p class='evo_filter_val select event_location_417 terrain-de-foot-de-stree ' data-filter_val='417' data-filter_slug='terrain-de-foot-de-stree'>Terrain de foot de Str\u00e9e<\/p><p class='evo_filter_val select event_location_412 terrain-de-foot-de-vyle-tharoul ' data-filter_val='412' data-filter_slug='terrain-de-foot-de-vyle-tharoul'>Terrain de foot de Vyle-Tharoul<\/p><p class='evo_filter_val select event_location_314 val-benoit ' data-filter_val='314' data-filter_slug='val-benoit'>VAL BENOIT<\/p><p class='evo_filter_val select event_location_393 vierset-barse ' data-filter_val='393' data-filter_slug='vierset-barse'>Vierset-Barse<\/p><p class='evo_filter_val select event_location_424 vyle-et-tharoul ' data-filter_val='424' data-filter_slug='vyle-et-tharoul'>Vyle-et-Tharoul<\/p><\/div>\t\n\t\t\t\t\t\t\t<\/div><div class='eventon_filter evo_sortOpt evo_sortList_event_organizer' data-filter_field='event_organizer' data-filter_val='all' data-filter_type='tax' data-fl_o='IN ' data-fldef='all'>\n\t\t\t\t\t\t\t\t\t<p class='filtering_set_val'>Organisateur d&#039;\u00e9v\u00e9nements<em class='fa fa-check'><\/em><\/p>\n\t\t\t\t\t\t\t\t\t<div class='eventon_filter_dropdown' style='display:none'><p class='evo_filter_val select all' data-filter_val='all'>All<\/p><p class='evo_filter_val select event_organizer_446 1-8 ' data-filter_val='446' data-filter_slug='1-8'>1 \/ 8<\/p><p class='evo_filter_val select event_organizer_308 a-e-c ' data-filter_val='308' data-filter_slug='a-e-c'>A.E.C.<\/p><p class='evo_filter_val select event_organizer_306 administration-communale-de-modave ' data-filter_val='306' data-filter_slug='administration-communale-de-modave'>Administration Communale de Modave<\/p><p class='evo_filter_val select event_organizer_324 aide ' data-filter_val='324' data-filter_slug='aide'>AIDE<\/p><p class='evo_filter_val select event_organizer_463 aines ' data-filter_val='463' data-filter_slug='aines'>A\u00een\u00e9s<\/p><p class='evo_filter_val select event_organizer_188 ap-modave ' data-filter_val='188' data-filter_slug='ap-modave'>AP Modave<\/p><p class='evo_filter_val select event_organizer_450 association-de-parents-de-lecole-de-sainte-famille ' data-filter_val='450' data-filter_slug='association-de-parents-de-lecole-de-sainte-famille'>Association de Parents de l&#039;\u00e9cole de Sainte-Famille<\/p><p class='evo_filter_val select event_organizer_433 baratin ' data-filter_val='433' data-filter_slug='baratin'>Baratin<\/p><p class='evo_filter_val select event_organizer_190 bibliotheque-de-marchin ' data-filter_val='190' data-filter_slug='bibliotheque-de-marchin'>Biblioth\u00e8que de Marchin<\/p><p class='evo_filter_val select event_organizer_332 bibliotheque-de-vierset ' data-filter_val='332' data-filter_slug='bibliotheque-de-vierset'>Biblioth\u00e8que de Vierset<\/p><p class='evo_filter_val select event_organizer_290 ccca-claire ' data-filter_val='290' data-filter_slug='ccca-claire'>CCCA &#8211; Claire<\/p><p class='evo_filter_val select event_organizer_181 ccca-pietro ' data-filter_val='181' data-filter_slug='ccca-pietro'>CCCA Pietro<\/p><p class='evo_filter_val select event_organizer_328 chr-de-huy ' data-filter_val='328' data-filter_slug='chr-de-huy'>CHR de Huy<\/p><p class='evo_filter_val select event_organizer_326 cile ' data-filter_val='326' data-filter_slug='cile'>CILE<\/p><p class='evo_filter_val select event_organizer_444 cirque-zavatalia ' data-filter_val='444' data-filter_slug='cirque-zavatalia'>Cirque Zavatalia<\/p><p class='evo_filter_val select event_organizer_436 coherence-en-action ' data-filter_val='436' data-filter_slug='coherence-en-action'>Coh\u00e9rence en Action<\/p><p class='evo_filter_val select event_organizer_272 comite-de-jumelage-modave-saugues ' data-filter_val='272' data-filter_slug='comite-de-jumelage-modave-saugues'>Comit\u00e9 de jumelage Modave &#8211; Saugues<\/p><p class='evo_filter_val select event_organizer_307 comite-des-fetes-de-saint-louis ' data-filter_val='307' data-filter_slug='comite-des-fetes-de-saint-louis'>Comit\u00e9 des F\u00eates de Saint-Louis<\/p><p class='evo_filter_val select event_organizer_297 comite-des-fetes-de-vierset ' data-filter_val='297' data-filter_slug='comite-des-fetes-de-vierset'>Comit\u00e9 des F\u00eates de Vierset<\/p><p class='evo_filter_val select event_organizer_293 cpas ' data-filter_val='293' data-filter_slug='cpas'>CPAS<\/p><p class='evo_filter_val select event_organizer_484 devenirs-a-s-b-l ' data-filter_val='484' data-filter_slug='devenirs-a-s-b-l'>Devenirs a.s.b.l.<\/p><p class='evo_filter_val select event_organizer_274 direction-ecole-communale-modave ' data-filter_val='274' data-filter_slug='direction-ecole-communale-modave'>Direction Ecole communale modave<\/p><p class='evo_filter_val select event_organizer_449 ecole-de-la-sainte-famille ' data-filter_val='449' data-filter_slug='ecole-de-la-sainte-famille'>\u00c9cole de la Sainte-Famille<\/p><p class='evo_filter_val select event_organizer_310 ecole-de-saint-louis ' data-filter_val='310' data-filter_slug='ecole-de-saint-louis'>\u00c9cole de Saint-Louis<\/p><p class='evo_filter_val select event_organizer_269 ecole-libre-saint-louis ' data-filter_val='269' data-filter_slug='ecole-libre-saint-louis'>Ecole Libre Saint-Louis<\/p><p class='evo_filter_val select event_organizer_322 enodia ' data-filter_val='322' data-filter_slug='enodia'>Enodia<\/p><p class='evo_filter_val select event_organizer_447 evadom ' data-filter_val='447' data-filter_slug='evadom'>Evadom<\/p><p class='evo_filter_val select event_organizer_283 gal-condruses ' data-filter_val='283' data-filter_slug='gal-condruses'>Gal Condruses<\/p><p class='evo_filter_val select event_organizer_455 iles-de-paix-2026 ' data-filter_val='455' data-filter_slug='iles-de-paix-2026'>\u00celes de Paix 2026<\/p><p class='evo_filter_val select event_organizer_318 imio ' data-filter_val='318' data-filter_slug='imio'>IMIO<\/p><p class='evo_filter_val select event_organizer_404 infor-jeunes ' data-filter_val='404' data-filter_slug='infor-jeunes'>Infor Jeunes<\/p><p class='evo_filter_val select event_organizer_311 intradel ' data-filter_val='311' data-filter_slug='intradel'>Intradel<\/p><p class='evo_filter_val select event_organizer_389 jbs-padel-pickel ' data-filter_val='389' data-filter_slug='jbs-padel-pickel'>JBS Padel &amp; Pickel<\/p><p class='evo_filter_val select event_organizer_443 jumelage-saugues-trois-ecoles ' data-filter_val='443' data-filter_slug='jumelage-saugues-trois-ecoles'>Jumelage Saugues \u2013 Trois \u00c9coles<\/p><p class='evo_filter_val select event_organizer_183 le-ccca ' data-filter_val='183' data-filter_slug='le-ccca'>Le CCCA<\/p><p class='evo_filter_val select event_organizer_469 les-chatsmi-de-capsule ' data-filter_val='469' data-filter_slug='les-chatsmi-de-capsule'>Les Chats&#039;mi De Capsule<\/p><p class='evo_filter_val select event_organizer_429 les-deux-chenes-asbl ' data-filter_val='429' data-filter_slug='les-deux-chenes-asbl'>Les Deux Ch\u00eanes ASBL<\/p><p class='evo_filter_val select event_organizer_470 les-saisons-de-romont-apiculture-herboristerie-de-terroir ' data-filter_val='470' data-filter_slug='les-saisons-de-romont-apiculture-herboristerie-de-terroir'>Les Saisons de Romont &#8211; Apiculture &amp; Herboristerie de Terroir<\/p><p class='evo_filter_val select event_organizer_385 meuse-aval-contrat-de-riviere ' data-filter_val='385' data-filter_slug='meuse-aval-contrat-de-riviere'>Meuse Aval Contrat de Rivi\u00e8re<\/p><p class='evo_filter_val select event_organizer_349 michel-marlair ' data-filter_val='349' data-filter_slug='michel-marlair'>Michel Marlair<\/p><p class='evo_filter_val select event_organizer_271 morgane ' data-filter_val='271' data-filter_slug='morgane'>Morgane<\/p><p class='evo_filter_val select event_organizer_387 mutualite-chretienne ' data-filter_val='387' data-filter_slug='mutualite-chretienne'>Mutualit\u00e9 Chr\u00e9tienne<\/p><p class='evo_filter_val select event_organizer_411 natagora ' data-filter_val='411' data-filter_slug='natagora'>Natagora<\/p><p class='evo_filter_val select event_organizer_407 nature-progres ' data-filter_val='407' data-filter_slug='nature-progres'>Nature &amp; Progr\u00e8s<\/p><p class='evo_filter_val select event_organizer_413 one ' data-filter_val='413' data-filter_slug='one'>ONE<\/p><p class='evo_filter_val select event_organizer_276 oyou ' data-filter_val='276' data-filter_slug='oyou'>OYOU<\/p><p class='evo_filter_val select event_organizer_331 oyou-bibliotheque ' data-filter_val='331' data-filter_slug='oyou-bibliotheque'>Oyou Biblioth\u00e8que<\/p><p class='evo_filter_val select event_organizer_392 potager-collectif ' data-filter_val='392' data-filter_slug='potager-collectif'>Potager collectif<\/p><p class='evo_filter_val select event_organizer_335 province-de-liege ' data-filter_val='335' data-filter_slug='province-de-liege'>Province de Li\u00e8ge<\/p><p class='evo_filter_val select event_organizer_191 repair-cafe ' data-filter_val='191' data-filter_slug='repair-cafe'>Repair Caf\u00e9<\/p><p class='evo_filter_val select event_organizer_320 resa ' data-filter_val='320' data-filter_slug='resa'>Resa<\/p><p class='evo_filter_val select event_organizer_220 roger-dony ' data-filter_val='220' data-filter_slug='roger-dony'>Roger Dony<\/p><p class='evo_filter_val select event_organizer_432 rue-du-centre-21-4577-modave ' data-filter_val='432' data-filter_slug='rue-du-centre-21-4577-modave'>Rue du Centre 21, 4577 Modave<\/p><p class='evo_filter_val select event_organizer_338 rus-stree ' data-filter_val='338' data-filter_slug='rus-stree'>RUS Str\u00e9e<\/p><p class='evo_filter_val select event_organizer_466 scouts-de-modave ' data-filter_val='466' data-filter_slug='scouts-de-modave'>Scouts de Modave<\/p><p class='evo_filter_val select event_organizer_315 spi ' data-filter_val='315' data-filter_slug='spi'>Spi<\/p><p class='evo_filter_val select event_organizer_178 syndicat-dinitiative-entre-eaux-chateau ' data-filter_val='178' data-filter_slug='syndicat-dinitiative-entre-eaux-chateau'>Syndicat d&rsquo;Initiative \u00ab\u00a0Entre Eaux &amp; Ch\u00e2teau\u00a0\u00bb<\/p><p class='evo_filter_val select event_organizer_487 terres-de-meuse ' data-filter_val='487' data-filter_slug='terres-de-meuse'>Terres de Meuse<\/p><p class='evo_filter_val select event_organizer_301 tourisme-modave-marchin-clavier-tinlot ' data-filter_val='301' data-filter_slug='tourisme-modave-marchin-clavier-tinlot'>Tourisme Modave Marchin Clavier Tinlot<\/p><p class='evo_filter_val select event_organizer_395 unite-pastorale-marchin-modave ' data-filter_val='395' data-filter_slug='unite-pastorale-marchin-modave'>Unit\u00e9 Pastorale Marchin-Modave<\/p><\/div>\t\n\t\t\t\t\t\t\t<\/div><div class='eventon_filter evo_hideshow_pastfuture' data-filter_field='event_past_future' \n\t\t\t\t\t\t\t\tdata-filter_val='future' data-filter_type='custom' data-fldef='future'><div class='eventon_filter_selection'><p class='filtering_set_val' data-opts='evs4_in'>\u00c9v\u00e9nements pass\u00e9s et futurs<em class='fa fa-check'><\/em><\/p><div class='eventon_filter_dropdown evo_hideshow select_one' style='display:none'><p class='evo_filter_val all' data-filter_val='all'>All<\/p><p class='evo_filter_val past ' data-filter_val='past'>Seulement les \u00e9v\u00e9nements pass\u00e9s<\/p><p class='evo_filter_val future select' data-filter_val='future'>Seulement les \u00e9v\u00e9nements futurs<\/p><\/div>\n\t\t\t\t\t\t\t\t<\/div><div class='clear'><\/div>\n\t\t\t\t\t\t\t<\/div><\/div><div class='clear'><\/div><\/div><div id='eventon_loadbar_section'><div id='eventon_loadbar'><\/div><\/div><!-- Events List --><div id='evcal_list' \n\t\t\t\t\tclass='eventon_events_list sep_months evcal_list_month'><div class='evcal_month_line' data-d='eml_5_2026'><p>Mai<\/p><\/div><div class='sep_month_events ' data-d='eml_5_2026'><div id=\"event_18097_0\" class=\"eventon_list_event evo_eventtop scheduled  event no_et event_18097_0\" data-event_id=\"18097\" data-ri=\"0r\" data-time=\"1778155200-1778190600\" data-colr=\"#8d44ad\" itemscope itemtype='http:\/\/schema.org\/Event'><div class=\"evo_event_schema\" style=\"display:none\" ><a itemprop='url'  href='https:\/\/www.modave.be\/index.php\/events\/balade-du-c-c-c-a-8\/'><\/a><meta itemprop='image' content=\"https:\/\/www.modave.be\/wp-content\/uploads\/2025\/11\/IMG_6221-scaled-e1764063630821.jpg\" \/><meta itemprop='startDate' content=\"2026-5-7T14:00+2:00\" \/><meta itemprop='endDate' content=\"2026-5-7T23:50+2:00\" \/><meta itemprop='eventStatus' content=\"https:\/\/schema.org\/EventScheduled\" \/><item style=\"display:none\" itemprop=\"location\" itemscope itemtype=\"http:\/\/schema.org\/Place\"><span itemprop=\"name\">Complexe sportif communal<\/span><span itemprop=\"address\" itemscope itemtype=\"http:\/\/schema.org\/PostalAddress\"><item itemprop=\"streetAddress\">Tige de Hestreux 1, 4577 Modave<\/item><\/span><\/item><item style=\"display:none\" itemprop=\"eventAttendanceMode\" itemscope itemtype=\"https:\/\/schema.org\/OfflineEventAttendanceMode\"><\/item><script type=\"application\/ld+json\">{\"@context\": \"http:\/\/schema.org\",\"@type\": \"Event\",\n\t\t\t\t\"@id\": \"event_18097_0\",\n\t\t\t\t\"eventAttendanceMode\":\"https:\/\/schema.org\/OfflineEventAttendanceMode\",\n\t\t\t\t\"name\": \"Balade du C.C.C.A.\",\n\t\t\t\t\"url\": \"https:\/\/www.modave.be\/index.php\/events\/balade-du-c-c-c-a-8\/\",\n\t\t\t\t\"startDate\": \"2026-5-7T14:00+2:00\",\n\t\t\t\t\"endDate\": \"2026-5-7T23:50+2:00\",\n\t\t\t\t\"image\":\"https:\/\/www.modave.be\/wp-content\/uploads\/2025\/11\/IMG_6221-scaled-e1764063630821.jpg\", \n\t\t\t\t\"description\":\" <h2 class=wp-block-heading>7 mai \u00e0 14h | Complexe Sportif de Vierset<\/h2>    <p>Entre chemins, paysages et petits d\u00e9tails du quotidien, cette balade invite \u00e0 porter un regard neuf sur notre commune. Une promenade accessible \u00e0 tous pour profiter du plein air, \u00e9changer et savourer simplement le plaisir de marcher ensemble. On se retrouve : rue surroyseux - Modave 4577.<\/p>    <blockquote class=\"wp-block-quote is-layout-flow wp-block-quote-is-layout-flow\"> <p>Infos : Pietro \u2013 0472\/42.05.98<\/p> <\/blockquote>    <p><\/p> \",\"location\":[{\"@type\":\"Place\",\"name\":\"Complexe sportif communal\",\"address\":{\"@type\": \"PostalAddress\",\"streetAddress\":\"Tige de Hestreux 1, 4577 Modave\"}}],\"eventStatus\":\"https:\/\/schema.org\/EventScheduled\"}<\/script><\/div>\n\t\t\t\t<p class=\"desc_trig_outter\" style=\"\"><a data-gmtrig=\"1\" data-exlk=\"0\" style=\"background-color: #8d44ad;\" id=\"evc_177815520018097\" class=\"desc_trig evo_aines evo_ccca sin_val evcal_list_a\" data-ux_val=\"3a\" data-ux_val_mob=\"-\"  ><span class='evoet_c2 evoet_cx '><span class='evoet_dayblock evcal_cblock ' data-bgcolor='#8d44ad' data-smon='Mai' data-syr='2026'><span class='evo_start '><em class='date'>07<\/em><em class='month'>Mai<\/em><em class='time'>14 h 00 min<\/em><\/span><\/span><\/span><span style='display:none' class='event_location_attrs'  data-location_address=\"Tige de Hestreux 1, 4577 Modave\" data-location_type=\"lonlat\" data-location_name=\"Complexe sportif communal\" data-location_url=\"https:\/\/www.modave.be\/index.php\/event-location\/complexe-sportif-communal\/\" data-location_status=\"true\" data-latlng=\"50.4796455,5.2861443\"><\/span><span class='evoet_c3 evoet_cx evcal_desc evo_info ' ><span class='evoet_tags evo_above_title'><\/span><span class='evoet_title evcal_desc2 evcal_event_title' itemprop='name'>Balade du C.C.C.A.<\/span><span class='evoet_subtitle evo_below_title'><span class='evcal_event_subtitle' >D\u00e9couvrez les merveilles de nos villages !<\/span><\/span><span class='evoet_time_expand level_3 evcal_desc_info evogap10'><em class='evcal_time evo_tz_time level_4'><i class='fa fa-clock-o evomarr10'><\/i>14 h 00 min<span class='evo_tz marl5'>(GMT+02:00)<\/span><\/em> <span class='evoet_location level_4'><em class=\"evcal_location evolh13\"  data-latlng=\"50.4796455,5.2861443\" data-add_str=\"Tige de Hestreux 1, 4577 Modave\"><i class=\"fa fa-location-pin evomarr10\"><\/i>Tige de Hestreux 1, 4577 Modave<\/em><\/span><\/span><span class='evcal_desc3'><span class='evcal_oganizer level_4'>\n\t\t\t\t\t\t\t\t<em><i>Organisateur:<\/i><\/em>\n\t\t\t\t\t\t\t\t<em class=\"evoet_dataval\">CCCA Pietro<\/em>\n\t\t\t\t\t\t\t\t<\/span><span class='evcal_event_types level_4 ett1'><em><i>Type d&#039;\u00e9v\u00e9nement:<\/i><\/em><em data-filter='event_type'><i class=\"fa fa-hiking\"><\/i>A\u00een\u00e9s,<\/em><em data-filter='event_type'>CCCA<\/em><i class='clear'><\/i><\/span><\/span><\/span><em class='evoet_data' style='display:none' data-bgc='#8d44ad'data-bggrad=''><\/em><\/a><\/p><div class='clear end'><\/div><\/div><div id=\"event_18763_0\" class=\"eventon_list_event evo_eventtop scheduled  event no_et event_18763_0\" data-event_id=\"18763\" data-ri=\"0r\" data-time=\"1779192000-1779227400\" data-colr=\"#8d44ad\" itemscope itemtype='http:\/\/schema.org\/Event'><div class=\"evo_event_schema\" style=\"display:none\" ><a itemprop='url'  href='https:\/\/www.modave.be\/index.php\/events\/ccca-atelier-smartphone-special-itsme\/'><\/a><meta itemprop='image'  \/><meta itemprop='startDate' content=\"2026-5-19T14:00+2:00\" \/><meta itemprop='endDate' content=\"2026-5-19T23:50+2:00\" \/><meta itemprop='eventStatus' content=\"https:\/\/schema.org\/EventScheduled\" \/><item style=\"display:none\" itemprop=\"location\" itemscope itemtype=\"http:\/\/schema.org\/Place\"><span itemprop=\"name\">Maison Rurale de Modave<\/span><span itemprop=\"address\" itemscope itemtype=\"http:\/\/schema.org\/PostalAddress\"><item itemprop=\"streetAddress\">Pl. Georges Hubin 3, 4577 Vierset-Barse<\/item><\/span><\/item><item style=\"display:none\" itemprop=\"eventAttendanceMode\" itemscope itemtype=\"https:\/\/schema.org\/OfflineEventAttendanceMode\"><\/item><script type=\"application\/ld+json\">{\"@context\": \"http:\/\/schema.org\",\"@type\": \"Event\",\n\t\t\t\t\"@id\": \"event_18763_0\",\n\t\t\t\t\"eventAttendanceMode\":\"https:\/\/schema.org\/OfflineEventAttendanceMode\",\n\t\t\t\t\"name\": \"CCCA | Atelier smartphone | Sp\u00e9cial Itsme\",\n\t\t\t\t\"url\": \"https:\/\/www.modave.be\/index.php\/events\/ccca-atelier-smartphone-special-itsme\/\",\n\t\t\t\t\"startDate\": \"2026-5-19T14:00+2:00\",\n\t\t\t\t\"endDate\": \"2026-5-19T23:50+2:00\",\n\t\t\t\t\"image\":\"\", \n\t\t\t\t\"description\":\" <h2 class=wp-block-heading>Atelier num\u00e9rique : it\u2019sme\u00ae et applications bancaires<\/h2>    <p class=has-text-align-center><em>Vous rencontrez des difficult\u00e9s pour vous connecter \u00e0 certains services en ligne ?<br>Vous avez entendu parler de it\u2019sme\u00ae sans vraiment savoir comment l\u2019utiliser ?<br>Ou vous souhaitez simplement \u00eatre plus \u00e0 l\u2019aise avec votre smartphone au quotidien ?<\/em><\/p>    <p>Suite au succ\u00e8s du premier atelier consacr\u00e9 \u00e0 l\u2019utilisation du smartphone, le CCCA (Conseil Consultatif Communal des A\u00een\u00e9s) de Modave vous propose une nouvelle s\u00e9ance pour aller plus loin.<\/p>    <h3 class=wp-block-heading>Th\u00e9matique<\/h3>    <p>Cette session sera consacr\u00e9e \u00e0 l\u2019utilisation de l\u2019application it\u2019sme\u00ae ainsi qu\u2019aux applications bancaires.<\/p>    <p>it\u2019sme\u00ae est une application s\u00e9curis\u00e9e qui permet de s\u2019identifier facilement en ligne, notamment pour acc\u00e9der \u00e0 sa banque, sa mutuelle ou \u00e0 diff\u00e9rents services administratifs, sans lecteur de carte.<\/p>    <p>Aujourd\u2019hui largement utilis\u00e9e, elle permet de simplifier de nombreuses d\u00e9marches, de gagner du temps et de rester autonome dans ses usages num\u00e9riques.<\/p>    <h3 class=wp-block-heading>Infos pratiques<\/h3>    <blockquote class=\"wp-block-quote is-layout-flow wp-block-quote-is-layout-flow\"> <p>\ud83d\udcc5 Vendredi 29 mai<br>\ud83d\udd51 \u00c0 14h00<br>\ud83d\udccd Maison rurale de Vierset<\/p> <\/blockquote>    <h3 class=wp-block-heading>Bon \u00e0 savoir<\/h3>    <p>Si vous utilisez d\u00e9j\u00e0 des applications bancaires, il est conseill\u00e9 d\u2019apporter votre bo\u00eetier ou votre lecteur afin de suivre l\u2019atelier plus facilement.<\/p>    <p>L\u2019atelier est ouvert \u00e0 toutes et tous, m\u00eame si vous n\u2019avez pas particip\u00e9 \u00e0 la premi\u00e8re s\u00e9ance.<\/p>    <p>Il se d\u00e9roulera dans une ambiance conviviale, permettant \u00e0 chacun d\u2019avancer \u00e0 son rythme et de poser ses questions.<\/p>    <h3 class=wp-block-heading>Participation<\/h3>    <p>\ud83c\udf89 Gratuit pour les a\u00een\u00e9s de la commune<\/p>    <h3 class=wp-block-heading>Inscriptions (obligatoires)<\/h3>    <ul class=wp-block-list> <li>\ud83d\udcde Claire \u2013 0496\/42.29.01<\/li>    <li>\ud83d\udcde Jeanne \u2013 0495\/79.92.60<\/li> <\/ul> \",\"location\":[{\"@type\":\"Place\",\"name\":\"Maison Rurale de Modave\",\"address\":{\"@type\": \"PostalAddress\",\"streetAddress\":\"Pl. Georges Hubin 3, 4577 Vierset-Barse\"}}],\"eventStatus\":\"https:\/\/schema.org\/EventScheduled\"}<\/script><\/div>\n\t\t\t\t<p class=\"desc_trig_outter\" style=\"\"><a data-gmtrig=\"1\" data-exlk=\"0\" style=\"background-color: #8d44ad;\" id=\"evc_177919200018763\" class=\"desc_trig evo_aines evo_ccca sin_val evcal_list_a\" data-ux_val=\"3a\" data-ux_val_mob=\"-\"  ><span class='evoet_c2 evoet_cx '><span class='evoet_dayblock evcal_cblock ' data-bgcolor='#8d44ad' data-smon='Mai' data-syr='2026'><span class='evo_start '><em class='date'>19<\/em><em class='month'>Mai<\/em><em class='time'>14 h 00 min<\/em><\/span><\/span><\/span><span style='display:none' class='event_location_attrs'  data-location_address=\"Pl. Georges Hubin 3, 4577 Vierset-Barse\" data-location_type=\"lonlat\" data-location_name=\"Maison Rurale de Modave\" data-location_url=\"https:\/\/www.modave.be\/index.php\/event-location\/maison-rurale-de-modave\/\" data-location_status=\"true\" data-latlng=\"50.4832615,5.2981492\"><\/span><span class='evoet_c3 evoet_cx evcal_desc evo_info ' ><span class='evoet_tags evo_above_title'><\/span><span class='evoet_title evcal_desc2 evcal_event_title' itemprop='name'>CCCA | Atelier smartphone | Sp\u00e9cial Itsme<\/span><span class='evoet_subtitle evo_below_title'><span class='evcal_event_subtitle' >Une belle occasion de rencontrer de nouvelles personnes !<\/span><\/span><span class='evoet_time_expand level_3 evcal_desc_info evogap10'><em class='evcal_time evo_tz_time level_4'><i class='fa fa-clock-o evomarr10'><\/i>14 h 00 min<span class='evo_tz marl5'>(GMT+02:00)<\/span><\/em> <span class='evoet_location level_4'><em class=\"evcal_location evolh13\"  data-latlng=\"50.4832615,5.2981492\" data-add_str=\"Pl. Georges Hubin 3, 4577 Vierset-Barse\"><i class=\"fa fa-location-pin evomarr10\"><\/i>Pl. Georges Hubin 3, 4577 Vierset-Barse<\/em><\/span><\/span><span class='evcal_desc3'><span class='evcal_oganizer level_4'>\n\t\t\t\t\t\t\t\t<em><i>Organisateur:<\/i><\/em>\n\t\t\t\t\t\t\t\t<em class=\"evoet_dataval\">Le CCCA<\/em>\n\t\t\t\t\t\t\t\t<\/span><span class='evcal_event_types level_4 ett1'><em><i>Type d&#039;\u00e9v\u00e9nement:<\/i><\/em><em data-filter='event_type'><i class=\"fa fa-hiking\"><\/i>A\u00een\u00e9s,<\/em><em data-filter='event_type'>CCCA<\/em><i class='clear'><\/i><\/span><\/span><\/span><em class='evoet_data' style='display:none' data-bgc='#8d44ad'data-bggrad=''><\/em><\/a><\/p><div class='clear end'><\/div><\/div><div id=\"event_18370_0\" class=\"eventon_list_event evo_eventtop scheduled  event event_18370_0\" data-event_id=\"18370\" data-ri=\"0r\" data-time=\"1779949800-1779985800\" data-colr=\"#8d44ad\" itemscope itemtype='http:\/\/schema.org\/Event'><div class=\"evo_event_schema\" style=\"display:none\" ><a itemprop='url'  href='https:\/\/www.modave.be\/index.php\/events\/ccca-excursion-a-la-decouverte-du-val-dieu\/'><\/a><meta itemprop='image' content=\"https:\/\/www.modave.be\/wp-content\/uploads\/2026\/03\/Fromagerie.jpg\" \/><meta itemprop='startDate' content=\"2026-5-28T08:30+2:00\" \/><meta itemprop='endDate' content=\"2026-5-28T18:30+2:00\" \/><meta itemprop='eventStatus' content=\"https:\/\/schema.org\/EventScheduled\" \/><item style=\"display:none\" itemprop=\"location\" itemscope itemtype=\"http:\/\/schema.org\/Place\"><span itemprop=\"name\">H\u00f4tel de Police<\/span><span itemprop=\"address\" itemscope itemtype=\"http:\/\/schema.org\/PostalAddress\"><item itemprop=\"streetAddress\">Rue du Bois Rosine 16 4577 Modave<\/item><\/span><\/item><item style=\"display:none\" itemprop=\"eventAttendanceMode\" itemscope itemtype=\"https:\/\/schema.org\/OfflineEventAttendanceMode\"><\/item><script type=\"application\/ld+json\">{\"@context\": \"http:\/\/schema.org\",\"@type\": \"Event\",\n\t\t\t\t\"@id\": \"event_18370_0\",\n\t\t\t\t\"eventAttendanceMode\":\"https:\/\/schema.org\/OfflineEventAttendanceMode\",\n\t\t\t\t\"name\": \"CCCA | Excursion | \u00e0 la d\u00e9couverte du Val-Dieu\",\n\t\t\t\t\"url\": \"https:\/\/www.modave.be\/index.php\/events\/ccca-excursion-a-la-decouverte-du-val-dieu\/\",\n\t\t\t\t\"startDate\": \"2026-5-28T08:30+2:00\",\n\t\t\t\t\"endDate\": \"2026-5-28T18:30+2:00\",\n\t\t\t\t\"image\":\"https:\/\/www.modave.be\/wp-content\/uploads\/2026\/03\/Fromagerie.jpg\", \n\t\t\t\t\"description\":\" <p>Le Conseil consultatif communal des A\u00een\u00e9s (CCCA) de Modave organise une excursion conviviale \u00e0 la d\u00e9couverte du site de Val-Dieu. Le d\u00e9part en bus est pr\u00e9vu devant la zone de police \u00e0 Str\u00e9e \u00e0 8h30. Les participants se rendront tout d\u2019abord \u00e0 la <strong>Fromagerie du Vieux Moulin<\/strong>. La journ\u00e9e se poursuivra ensuite \u00e0 <strong>Val-Dieu<\/strong>, avec la visite de l\u2019abbaye et de sa brasserie, v\u00e9ritables lieux embl\u00e9matiques du patrimoine de la r\u00e9gion.<\/p>    <p>Le repas est pr\u00e9vu au restaurant <strong>Le Casse-Cro\u00fbte du Val-Dieu<\/strong>.<\/p>    <p>Le retour est fix\u00e9 \u00e0 <strong>18h30<\/strong>.<\/p>    <p><strong>R\u00e9servations :<\/strong><\/p>    <ul class=wp-block-list> <li>Claire \u2013 0496\/42.29.01<\/li>    <li>Jeanne \u2013 0495\/79.92.60<\/li> <\/ul>    <p>PAF : \u00e0 d\u00e9finir<\/p>    <p>Confirmation apr\u00e8s paiement au compte du C.C.C.A. de Modave (BE59 0689 0763 8626).<\/p>    <p>Priorit\u00e9 aux a\u00een\u00e9s de Modave, puis inscriptions ouvertes aux amis.<\/p> \",\"location\":[{\"@type\":\"Place\",\"name\":\"H\u00f4tel de Police\",\"address\":{\"@type\": \"PostalAddress\",\"streetAddress\":\"Rue du Bois Rosine 16 4577 Modave\"}}],\"eventStatus\":\"https:\/\/schema.org\/EventScheduled\"}<\/script><\/div>\n\t\t\t\t<p class=\"desc_trig_outter\" style=\"\"><a data-gmtrig=\"1\" data-exlk=\"0\" style=\"background-color: #8d44ad;\" id=\"evc_177994980018370\" class=\"desc_trig evo_aines evo_ccca sin_val evcal_list_a\" data-ux_val=\"3a\" data-ux_val_mob=\"-\"  ><span class='evoet_c2 evoet_cx '><span class='evoet_dayblock evcal_cblock ' data-bgcolor='#8d44ad' data-smon='Mai' data-syr='2026'><span class='evo_start '><em class='date'>28<\/em><em class='month'>Mai<\/em><em class='time'>8 h 30 min<\/em><\/span><span class='evo_end only_time'><em class='time'>18 h 30 min<\/em><\/span><\/span><\/span><span style='display:none' class='event_location_attrs'  data-location_address=\"Rue du Bois Rosine 16 4577 Modave\" data-location_type=\"address\" data-location_name=\"H\u00f4tel de Police\" data-location_url=\"https:\/\/www.modave.be\/index.php\/event-location\/hotel-de-police\/\" data-location_status=\"true\"><\/span><span class='evoet_c3 evoet_cx evcal_desc evo_info ' ><span class='evoet_tags evo_above_title'><\/span><span class='evoet_title evcal_desc2 evcal_event_title' itemprop='name'>CCCA | Excursion | \u00e0 la d\u00e9couverte du Val-Dieu<\/span><span class='evoet_subtitle evo_below_title'><span class='evcal_event_subtitle' >Priorit\u00e9 aux a\u00een\u00e9s de Modave <\/span><\/span><span class='evoet_time_expand level_3 evcal_desc_info evogap10'><em class='evcal_time evo_tz_time level_4'><i class='fa fa-clock-o evomarr10'><\/i>8 h 30 min &#8211; 18 h 30 min<span class='evo_tz marl5'>(GMT+02:00)<\/span><\/em> <span class='evoet_location level_4'><em class=\"evcal_location evolh13\"  data-add_str=\"Rue du Bois Rosine 16 4577 Modave\"><i class=\"fa fa-location-pin evomarr10\"><\/i>Rue du Bois Rosine 16 4577 Modave<\/em><\/span><\/span><span class='evcal_desc3'><span class='evcal_oganizer level_4'>\n\t\t\t\t\t\t\t\t<em><i>Organisateur:<\/i><\/em>\n\t\t\t\t\t\t\t\t<em class=\"evoet_dataval\">Le CCCA<\/em>\n\t\t\t\t\t\t\t\t<\/span><span class='evcal_event_types level_4 ett1'><em><i>Type d&#039;\u00e9v\u00e9nement:<\/i><\/em><em data-filter='event_type'><i class=\"fa fa-hiking\"><\/i>A\u00een\u00e9s,<\/em><em data-filter='event_type'>CCCA<\/em><i class='clear'><\/i><\/span><\/span><\/span><em class='evoet_data' style='display:none' data-bgc='#8d44ad'data-bggrad=''><\/em><\/a><\/p><div class='clear end'><\/div><\/div><\/div><div class='evcal_month_line' data-d='eml_6_2026'><p>Juin<\/p><\/div><div class='sep_month_events ' data-d='eml_6_2026'><div id=\"event_18749_0\" class=\"eventon_list_event evo_eventtop scheduled  event no_et event_18749_0\" data-event_id=\"18749\" data-ri=\"0r\" data-time=\"1780574400-1780609800\" data-colr=\"#8d44ad\" itemscope itemtype='http:\/\/schema.org\/Event'><div class=\"evo_event_schema\" style=\"display:none\" ><a itemprop='url'  href='https:\/\/www.modave.be\/index.php\/events\/balade-du-c-c-c-a-10\/'><\/a><meta itemprop='image' content=\"https:\/\/www.modave.be\/wp-content\/uploads\/2025\/11\/IMG_6221-scaled-e1764063630821.jpg\" \/><meta itemprop='startDate' content=\"2026-6-4T14:00+2:00\" \/><meta itemprop='endDate' content=\"2026-6-4T23:50+2:00\" \/><meta itemprop='eventStatus' content=\"https:\/\/schema.org\/EventScheduled\" \/><item style=\"display:none\" itemprop=\"location\" itemscope itemtype=\"http:\/\/schema.org\/Place\"><span itemprop=\"name\">Chapelle de Limet<\/span><span itemprop=\"address\" itemscope itemtype=\"http:\/\/schema.org\/PostalAddress\"><item itemprop=\"streetAddress\">rue de la chapelle Modave 4577<\/item><\/span><\/item><item style=\"display:none\" itemprop=\"eventAttendanceMode\" itemscope itemtype=\"https:\/\/schema.org\/OfflineEventAttendanceMode\"><\/item><script type=\"application\/ld+json\">{\"@context\": \"http:\/\/schema.org\",\"@type\": \"Event\",\n\t\t\t\t\"@id\": \"event_18749_0\",\n\t\t\t\t\"eventAttendanceMode\":\"https:\/\/schema.org\/OfflineEventAttendanceMode\",\n\t\t\t\t\"name\": \"Balade du C.C.C.A.\",\n\t\t\t\t\"url\": \"https:\/\/www.modave.be\/index.php\/events\/balade-du-c-c-c-a-10\/\",\n\t\t\t\t\"startDate\": \"2026-6-4T14:00+2:00\",\n\t\t\t\t\"endDate\": \"2026-6-4T23:50+2:00\",\n\t\t\t\t\"image\":\"https:\/\/www.modave.be\/wp-content\/uploads\/2025\/11\/IMG_6221-scaled-e1764063630821.jpg\", \n\t\t\t\t\"description\":\" <h2 class=wp-block-heading>4 juin \u00e0 14h | Chapelle de Limet<\/h2>    <p>Entre chemins, paysages et petits d\u00e9tails du quotidien, cette balade invite \u00e0 porter un regard neuf sur notre commune. Une promenade accessible \u00e0 tous pour profiter du plein air, \u00e9changer et savourer simplement le plaisir de marcher ensemble. On se retrouve : rue de la chapelle Modave 4577.<\/p>    <blockquote class=\"wp-block-quote is-layout-flow wp-block-quote-is-layout-flow\"> <p>Infos : Pietro \u2013 0472\/42.05.98<\/p> <\/blockquote>    <p><\/p> \",\"location\":[{\"@type\":\"Place\",\"name\":\"Chapelle de Limet\",\"address\":{\"@type\": \"PostalAddress\",\"streetAddress\":\"rue de la chapelle Modave 4577\"}}],\"eventStatus\":\"https:\/\/schema.org\/EventScheduled\"}<\/script><\/div>\n\t\t\t\t<p class=\"desc_trig_outter\" style=\"\"><a data-gmtrig=\"1\" data-exlk=\"0\" style=\"background-color: #8d44ad;\" id=\"evc_178057440018749\" class=\"desc_trig evo_aines evo_ccca sin_val evcal_list_a\" data-ux_val=\"3a\" data-ux_val_mob=\"-\"  ><span class='evoet_c2 evoet_cx '><span class='evoet_dayblock evcal_cblock ' data-bgcolor='#8d44ad' data-smon='Juin' data-syr='2026'><span class='evo_start '><em class='date'>04<\/em><em class='month'>Juin<\/em><em class='time'>14 h 00 min<\/em><\/span><\/span><\/span><span style='display:none' class='event_location_attrs'  data-location_address=\"rue de la chapelle Modave 4577\" data-location_type=\"address\" data-location_name=\"Chapelle de Limet\" data-location_url=\"https:\/\/www.modave.be\/index.php\/event-location\/chapelle-de-limet\/\" data-location_status=\"true\"><\/span><span class='evoet_c3 evoet_cx evcal_desc evo_info ' ><span class='evoet_tags evo_above_title'><\/span><span class='evoet_title evcal_desc2 evcal_event_title' itemprop='name'>Balade du C.C.C.A.<\/span><span class='evoet_subtitle evo_below_title'><span class='evcal_event_subtitle' >D\u00e9couvrez les merveilles de nos villages !<\/span><\/span><span class='evoet_time_expand level_3 evcal_desc_info evogap10'><em class='evcal_time evo_tz_time level_4'><i class='fa fa-clock-o evomarr10'><\/i>14 h 00 min<span class='evo_tz marl5'>(GMT+02:00)<\/span><\/em> <span class='evoet_location level_4'><em class=\"evcal_location evolh13\"  data-add_str=\"rue de la chapelle Modave 4577\"><i class=\"fa fa-location-pin evomarr10\"><\/i>rue de la chapelle Modave 4577<\/em><\/span><\/span><span class='evcal_desc3'><span class='evcal_oganizer level_4'>\n\t\t\t\t\t\t\t\t<em><i>Organisateur:<\/i><\/em>\n\t\t\t\t\t\t\t\t<em class=\"evoet_dataval\">CCCA Pietro<\/em>\n\t\t\t\t\t\t\t\t<\/span><span class='evcal_event_types level_4 ett1'><em><i>Type d&#039;\u00e9v\u00e9nement:<\/i><\/em><em data-filter='event_type'><i class=\"fa fa-hiking\"><\/i>A\u00een\u00e9s,<\/em><em data-filter='event_type'>CCCA<\/em><i class='clear'><\/i><\/span><\/span><\/span><em class='evoet_data' style='display:none' data-bgc='#8d44ad'data-bggrad=''><\/em><\/a><\/p><div class='clear end'><\/div><\/div><\/div><div class='evcal_month_line' data-d='eml_7_2026'><p>Juillet<\/p><\/div><div class='sep_month_events ' data-d='eml_7_2026'><div id=\"event_18764_0\" class=\"eventon_list_event evo_eventtop scheduled  event no_et event_18764_0\" data-event_id=\"18764\" data-ri=\"0r\" data-time=\"1783441800-1783461000\" data-colr=\"#8d44ad\" itemscope itemtype='http:\/\/schema.org\/Event'><div class=\"evo_event_schema\" style=\"display:none\" ><a itemprop='url'  href='https:\/\/www.modave.be\/index.php\/events\/une-soiree-autour-de-la-memoire-de-vierset-avec-le-ccca-de-modave\/'><\/a><meta itemprop='image'  \/><meta itemprop='startDate' content=\"2026-7-7T18:30+2:00\" \/><meta itemprop='endDate' content=\"2026-7-7T23:50+2:00\" \/><meta itemprop='eventStatus' content=\"https:\/\/schema.org\/EventScheduled\" \/><item style=\"display:none\" itemprop=\"location\" itemscope itemtype=\"http:\/\/schema.org\/Place\"><span itemprop=\"name\">Maison Rurale de Modave<\/span><span itemprop=\"address\" itemscope itemtype=\"http:\/\/schema.org\/PostalAddress\"><item itemprop=\"streetAddress\">Pl. Georges Hubin 3, 4577 Vierset-Barse<\/item><\/span><\/item><item style=\"display:none\" itemprop=\"eventAttendanceMode\" itemscope itemtype=\"https:\/\/schema.org\/OfflineEventAttendanceMode\"><\/item><script type=\"application\/ld+json\">{\"@context\": \"http:\/\/schema.org\",\"@type\": \"Event\",\n\t\t\t\t\"@id\": \"event_18764_0\",\n\t\t\t\t\"eventAttendanceMode\":\"https:\/\/schema.org\/OfflineEventAttendanceMode\",\n\t\t\t\t\"name\": \"UNE SOIR\u00c9E AUTOUR DE LA M\u00c9MOIRE DE VIERSET AVEC LE CCCA de MODAVE\",\n\t\t\t\t\"url\": \"https:\/\/www.modave.be\/index.php\/events\/une-soiree-autour-de-la-memoire-de-vierset-avec-le-ccca-de-modave\/\",\n\t\t\t\t\"startDate\": \"2026-7-7T18:30+2:00\",\n\t\t\t\t\"endDate\": \"2026-7-7T23:50+2:00\",\n\t\t\t\t\"image\":\"\", \n\t\t\t\t\"description\":\" <h2 class=wp-block-heading>\ud83d\udcda UNE SOIR\u00c9E AUTOUR DE LA M\u00c9MOIRE DE VIERSET AVEC LE CCCA de MODAVE<\/h2>    <p>Le CCCA de Modave vous invite \u00e0 une rencontre conviviale et riche en souvenirs le 7 juillet \u00e0 18h30, autour d\u2019un projet qui met \u00e0 l\u2019honneur l\u2019histoire locale et la m\u00e9moire collective.<\/p>    <p>\u00c0 cette occasion, Jean-Marie Danthine viendra pr\u00e9senter son ouvrage \u00ab Vierset-Barse, souvenirs retrouv\u00e9s \u00bb, fruit de plusieurs ann\u00e9es de travail passionn\u00e9. Ce livre rassemble t\u00e9moignages, photographies et r\u00e9cits, retra\u00e7ant l\u2019\u00e9volution du village depuis ses origines jusqu\u2019\u00e0 aujourd\u2019hui. Cette rencontre sera une belle opportunit\u00e9 de (re)d\u00e9couvrir l\u2019histoire locale, d\u2019\u00e9changer avec l\u2019auteur et de partager un moment chaleureux entre habitants, toutes g\u00e9n\u00e9rations confondues.<\/p>    <p>Au programme :<\/p>    <ul class=wp-block-list> <li>\u270d\ufe0f S\u00e9ance de d\u00e9dicaces<\/li>    <li>\ud83c\udf70 P\u00e2tisseries faites maison<\/li>    <li>\ud83c\udf89 Moment convivial et gratuit<\/li>    <li>\ud83d\udc49 Rendez-vous le 7 juillet \u00e0 18h30<\/li>    <li>\ud83d\udc49 Ouvert \u00e0 toutes et tous, passionn\u00e9s ou curieux<\/li> <\/ul>    <blockquote class=\"wp-block-quote is-layout-flow wp-block-quote-is-layout-flow\"> <p>\u26a0\ufe0f R\u00c9SERVATION OBLIGATOIRE :<\/p>    <ul class=wp-block-list> <li>\ud83d\udcde Claire \u2013 0496\/42.29.01<\/li>    <li>\ud83d\udcde Jeanne \u2013 0495\/79.92.60<\/li> <\/ul> <\/blockquote>    <p>N\u2019h\u00e9sitez pas \u00e0 partager l\u2019information autour de vous \ud83d\ude0a<br>Venez nombreux c\u00e9l\u00e9brer la m\u00e9moire de Vierset et soutenir cette belle initiative !<\/p>    <p><\/p> \",\"location\":[{\"@type\":\"Place\",\"name\":\"Maison Rurale de Modave\",\"address\":{\"@type\": \"PostalAddress\",\"streetAddress\":\"Pl. Georges Hubin 3, 4577 Vierset-Barse\"}}],\"eventStatus\":\"https:\/\/schema.org\/EventScheduled\"}<\/script><\/div>\n\t\t\t\t<p class=\"desc_trig_outter\" style=\"\"><a data-gmtrig=\"1\" data-exlk=\"0\" style=\"background-color: #8d44ad;\" id=\"evc_178344180018764\" class=\"desc_trig evo_aines evo_ccca sin_val evcal_list_a\" data-ux_val=\"3a\" data-ux_val_mob=\"-\"  ><span class='evoet_c2 evoet_cx '><span class='evoet_dayblock evcal_cblock ' data-bgcolor='#8d44ad' data-smon='Juillet' data-syr='2026'><span class='evo_start '><em class='date'>07<\/em><em class='month'>Juil.<\/em><em class='time'>18 h 30 min<\/em><\/span><\/span><\/span><span style='display:none' class='event_location_attrs'  data-location_address=\"Pl. Georges Hubin 3, 4577 Vierset-Barse\" data-location_type=\"lonlat\" data-location_name=\"Maison Rurale de Modave\" data-location_url=\"https:\/\/www.modave.be\/index.php\/event-location\/maison-rurale-de-modave\/\" data-location_status=\"true\" data-latlng=\"50.4832615,5.2981492\"><\/span><span class='evoet_c3 evoet_cx evcal_desc evo_info ' ><span class='evoet_tags evo_above_title'><\/span><span class='evoet_title evcal_desc2 evcal_event_title' itemprop='name'>UNE SOIR\u00c9E AUTOUR DE LA M\u00c9MOIRE DE VIERSET AVEC LE CCCA de MODAVE<\/span><span class='evoet_subtitle evo_below_title'><span class='evcal_event_subtitle' >Une belle occasion de rencontrer de nouvelles personnes !<\/span><\/span><span class='evoet_time_expand level_3 evcal_desc_info evogap10'><em class='evcal_time evo_tz_time level_4'><i class='fa fa-clock-o evomarr10'><\/i>18 h 30 min<span class='evo_tz marl5'>(GMT+02:00)<\/span><\/em> <span class='evoet_location level_4'><em class=\"evcal_location evolh13\"  data-latlng=\"50.4832615,5.2981492\" data-add_str=\"Pl. Georges Hubin 3, 4577 Vierset-Barse\"><i class=\"fa fa-location-pin evomarr10\"><\/i>Pl. Georges Hubin 3, 4577 Vierset-Barse<\/em><\/span><\/span><span class='evcal_desc3'><span class='evcal_oganizer level_4'>\n\t\t\t\t\t\t\t\t<em><i>Organisateur:<\/i><\/em>\n\t\t\t\t\t\t\t\t<em class=\"evoet_dataval\">Le CCCA<\/em>\n\t\t\t\t\t\t\t\t<\/span><span class='evcal_event_types level_4 ett1'><em><i>Type d&#039;\u00e9v\u00e9nement:<\/i><\/em><em data-filter='event_type'><i class=\"fa fa-hiking\"><\/i>A\u00een\u00e9s,<\/em><em data-filter='event_type'>CCCA<\/em><i class='clear'><\/i><\/span><\/span><\/span><em class='evoet_data' style='display:none' data-bgc='#8d44ad'data-bggrad=''><\/em><\/a><\/p><div class='clear end'><\/div><\/div><\/div>\t\t\t<div class='clear'><\/div>\n\t\t\t<\/div>\n\t\t\t<div class='clear'><\/div>\n\t\t\t\n\t\t\t\t\t \t<div id='evcal_footer' class='evo_bottom' style='display:none'>\n\t\t \t\t<div class='evo_cal_data' data-sc='{&quot;accord&quot;:&quot;no&quot;,&quot;bottom_nav&quot;:&quot;no&quot;,&quot;cal_id&quot;:&quot;&quot;,&quot;cal_init_nonajax&quot;:&quot;no&quot;,&quot;calendar_type&quot;:&quot;list&quot;,&quot;ep_fields&quot;:&quot;&quot;,&quot;etc_override&quot;:&quot;yes&quot;,&quot;evc_open&quot;:&quot;no&quot;,&quot;event_count&quot;:&quot;4&quot;,&quot;event_location&quot;:&quot;all&quot;,&quot;event_order&quot;:&quot;ASC&quot;,&quot;event_organizer&quot;:&quot;all&quot;,&quot;event_parts&quot;:&quot;no&quot;,&quot;event_past_future&quot;:&quot;future&quot;,&quot;event_status&quot;:&quot;all&quot;,&quot;event_tag&quot;:&quot;all&quot;,&quot;event_type&quot;:&quot;475&quot;,&quot;event_type_2&quot;:&quot;all&quot;,&quot;event_type_3&quot;:&quot;all&quot;,&quot;event_type_4&quot;:&quot;all&quot;,&quot;event_virtual&quot;:&quot;all&quot;,&quot;eventtop_date_style&quot;:0,&quot;eventtop_style&quot;:&quot;2&quot;,&quot;exp_jumper&quot;:&quot;no&quot;,&quot;exp_so&quot;:&quot;no&quot;,&quot;filter_relationship&quot;:&quot;AND&quot;,&quot;filter_show_set_only&quot;:&quot;no&quot;,&quot;filter_type&quot;:&quot;default&quot;,&quot;filters&quot;:&quot;no&quot;,&quot;fixed_month&quot;:&quot;5&quot;,&quot;fixed_year&quot;:&quot;2026&quot;,&quot;focus_end_date_range&quot;:&quot;1788213599&quot;,&quot;focus_start_date_range&quot;:&quot;1777586400&quot;,&quot;ft_event_priority&quot;:&quot;no&quot;,&quot;hide_arrows&quot;:&quot;no&quot;,&quot;hide_cancels&quot;:&quot;no&quot;,&quot;hide_empty_months&quot;:&quot;yes&quot;,&quot;hide_end_time&quot;:&quot;no&quot;,&quot;hide_et_dn&quot;:&quot;no&quot;,&quot;hide_et_extra&quot;:&quot;no&quot;,&quot;hide_et_tags&quot;:&quot;no&quot;,&quot;hide_et_tl&quot;:&quot;no&quot;,&quot;hide_ft&quot;:&quot;no&quot;,&quot;hide_ft_img&quot;:&quot;no&quot;,&quot;hide_month_headers&quot;:&quot;no&quot;,&quot;hide_mult_occur&quot;:&quot;no&quot;,&quot;hide_past&quot;:&quot;no&quot;,&quot;hide_past_by&quot;:&quot;ee&quot;,&quot;hide_so&quot;:&quot;no&quot;,&quot;ics&quot;:&quot;no&quot;,&quot;jumper&quot;:&quot;no&quot;,&quot;jumper_count&quot;:5,&quot;jumper_offset&quot;:&quot;0&quot;,&quot;lang&quot;:&quot;L1&quot;,&quot;layout_changer&quot;:&quot;no&quot;,&quot;livenow_bar&quot;:&quot;yes&quot;,&quot;mapformat&quot;:&quot;roadmap&quot;,&quot;mapiconurl&quot;:&quot;&quot;,&quot;maps_load&quot;:&quot;yes&quot;,&quot;mapscroll&quot;:&quot;true&quot;,&quot;mapzoom&quot;:&quot;18&quot;,&quot;members_only&quot;:&quot;no&quot;,&quot;ml_priority&quot;:&quot;no&quot;,&quot;month_incre&quot;:0,&quot;number_of_months&quot;:&quot;4&quot;,&quot;only_ft&quot;:&quot;no&quot;,&quot;pec&quot;:&quot;&quot;,&quot;s&quot;:&quot;&quot;,&quot;search&quot;:&quot;&quot;,&quot;search_all&quot;:&quot;no&quot;,&quot;sep_month&quot;:&quot;yes&quot;,&quot;show_et_ft_img&quot;:&quot;no&quot;,&quot;show_limit&quot;:&quot;no&quot;,&quot;show_limit_ajax&quot;:&quot;no&quot;,&quot;show_limit_paged&quot;:1,&quot;show_limit_redir&quot;:&quot;&quot;,&quot;show_repeats&quot;:&quot;no&quot;,&quot;show_upcoming&quot;:0,&quot;show_year&quot;:&quot;no&quot;,&quot;social_share&quot;:&quot;no&quot;,&quot;sort_by&quot;:&quot;sort_date&quot;,&quot;tile_bg&quot;:0,&quot;tile_bg_size&quot;:&quot;full&quot;,&quot;tile_count&quot;:2,&quot;tile_height&quot;:0,&quot;tile_style&quot;:0,&quot;tiles&quot;:&quot;no&quot;,&quot;ux_val&quot;:&quot;3a&quot;,&quot;wpml_l1&quot;:&quot;&quot;,&quot;wpml_l2&quot;:&quot;&quot;,&quot;wpml_l3&quot;:&quot;&quot;,&quot;yl_priority&quot;:&quot;no&quot;,&quot;fixed_day&quot;:&quot;2&quot;,&quot;_cver&quot;:&quot;2.5.3&quot;}'data-od='{&quot;lang_no_events&quot;:&quot;Pas d&#039;\\u00e9v\\u00e9nements&quot;,&quot;cal_tz_offset&quot;:120,&quot;cal_tz&quot;:&quot;Europe\\\/Brussels&quot;}'><\/div>\n\t\t \t\t<div class='evo_cal_events' data-events=\"\"><\/div>\n\t\t \t<\/div>\n\t\t\t\t\n\t\t\t\n\t\t\t\n\t\t\t\t\t\t<\/div><!-- EventON End -->\n\t\t\t<\/p>\t\t\t\t\t\t\t\t<\/div>\n\t\t\t\t<\/div>\n\t\t\t\t\t<\/div>\n\t\t<\/div>\n\t\t\t\t\t<\/div>\n\t\t<\/section>\n\t\t\t\t<section class=\"elementor-section elementor-top-section elementor-element elementor-element-121c2c1 elementor-section-boxed elementor-section-height-default elementor-section-height-default\" data-id=\"121c2c1\" data-element_type=\"section\" data-e-type=\"section\">\n\t\t\t\t\t\t<div class=\"elementor-container elementor-column-gap-default\">\n\t\t\t\t\t<div class=\"elementor-column elementor-col-100 elementor-top-column elementor-element elementor-element-1353702\" data-id=\"1353702\" data-element_type=\"column\" data-e-type=\"column\">\n\t\t\t<div class=\"elementor-widget-wrap elementor-element-populated\">\n\t\t\t\t\t\t<div class=\"elementor-element elementor-element-4defac4 elementor-widget elementor-widget-heading\" data-id=\"4defac4\" data-element_type=\"widget\" data-e-type=\"widget\" data-widget_type=\"heading.default\">\n\t\t\t\t<div class=\"elementor-widget-container\">\n\t\t\t\t\t<h3 class=\"elementor-heading-title elementor-size-default\">Actualit\u00e9s<\/h3>\t\t\t\t<\/div>\n\t\t\t\t<\/div>\n\t\t\t\t<div class=\"elementor-element elementor-element-4e80c20 arrows-relative-to-box_area bullets-small-dot-stroke elementor-widget elementor-widget-the7_elements_carousel\" data-id=\"4e80c20\" data-element_type=\"widget\" data-e-type=\"widget\" data-settings=\"{&quot;widget_columns&quot;:3,&quot;widget_columns_tablet&quot;:2,&quot;widget_columns_mobile&quot;:1,&quot;gap_between_posts&quot;:{&quot;unit&quot;:&quot;px&quot;,&quot;size&quot;:15,&quot;sizes&quot;:[]},&quot;gap_between_posts_tablet&quot;:{&quot;unit&quot;:&quot;px&quot;,&quot;size&quot;:&quot;&quot;,&quot;sizes&quot;:[]},&quot;gap_between_posts_mobile&quot;:{&quot;unit&quot;:&quot;px&quot;,&quot;size&quot;:&quot;&quot;,&quot;sizes&quot;:[]}}\" data-widget_type=\"the7_elements_carousel.default\">\n\t\t\t\t<div class=\"elementor-widget-container\">\n\t\t\t\t\t<div class=\"disable-arrows-hover-bg the7_elements_carousel-4e80c20 owl-carousel portfolio-carousel-shortcode elementor-owl-carousel-call portfolio-shortcode the7-elementor-widget content-bg-on content-rollover-layout-list description-on-hover quick-scale-img meta-info-off enable-bg-rollover\" data-scroll-mode=\"1\" data-auto-height=\"true\" data-speed=\"600\" data-autoplay=\"false\" data-autoplay_speed=\"\"><article class=\"post visible forward-post post-17271 services_communaux type-services_communaux status-publish has-post-thumbnail hentry category-ccca description-off\">\n<div class=\"post-thumbnail-wrap\">\n\t<div class=\"post-thumbnail \">\n\n\t\t<a class=\"post-thumbnail-rollover layzr-bg img-css-resize-wrapper\" aria-label=\"Image article\" href=\"https:\/\/www.modave.be\/index.php\/services_communaux\/aines-enquete-du-c-c-c-a\/\"><img fetchpriority=\"high\" decoding=\"async\" width=\"1940\" height=\"973\" src=\"data:image\/svg+xml,%3Csvg%20xmlns%3D&#039;http%3A%2F%2Fwww.w3.org%2F2000%2Fsvg&#039;%20viewBox%3D&#039;0%200%201940%20973&#039;%2F%3E\" class=\"attachment-full size-full preload-me aspect lazy lazy-load\" alt=\"\" sizes=\"(max-width: 1940px) 100vw, 1940px\" style=\"--ratio: 1940 \/ 973;\" data-src=\"https:\/\/www.modave.be\/wp-content\/uploads\/2025\/12\/Enquete-seniors-scaled-e1764664675138.jpg\" loading=\"eager\" data-srcset=\"https:\/\/www.modave.be\/wp-content\/uploads\/2025\/12\/Enquete-seniors-scaled-e1764664675138.jpg 1940w, https:\/\/www.modave.be\/wp-content\/uploads\/2025\/12\/Enquete-seniors-scaled-e1764664675138-300x150.jpg 300w, https:\/\/www.modave.be\/wp-content\/uploads\/2025\/12\/Enquete-seniors-scaled-e1764664675138-1024x514.jpg 1024w, https:\/\/www.modave.be\/wp-content\/uploads\/2025\/12\/Enquete-seniors-scaled-e1764664675138-768x385.jpg 768w, https:\/\/www.modave.be\/wp-content\/uploads\/2025\/12\/Enquete-seniors-scaled-e1764664675138-1536x770.jpg 1536w\" \/><\/a>\n\t<\/div>\n<\/div>\n\n<div class=\"post-entry-content\">\n\t<div class=\"post-entry-wrapper\">\n\t\t<div class=\"post-entry-body\">\n\t\t\t<h3 class=\"ele-entry-title\"><a href=\"https:\/\/www.modave.be\/index.php\/services_communaux\/aines-enquete-du-c-c-c-a\/\" rel=\"bookmark\" title=\"A\u00een\u00e9s | Enqu\u00eate du C.C.C.A.\">A\u00een\u00e9s | Enqu\u00eate du C.C.C.A.<\/a><\/h3><a href=\"https:\/\/www.modave.be\/index.php\/services_communaux\/aines-enquete-du-c-c-c-a\/\" target=\"\" aria-label=\"En savoir plus sur A\u00een\u00e9s | Enqu\u00eate du C.C.C.A.\" class=\"box-button elementor-button elementor-size-xs\">Lire l&#039;article<\/a>\t\t<\/div>\n\t<\/div>\n<\/div><\/article><article class=\"post visible forward-post post-13426 services_communaux type-services_communaux status-publish has-post-thumbnail hentry category-ccca description-off\">\n<div class=\"post-thumbnail-wrap\">\n\t<div class=\"post-thumbnail \">\n\n\t\t<a class=\"post-thumbnail-rollover layzr-bg img-css-resize-wrapper\" aria-label=\"Image article\" href=\"https:\/\/www.modave.be\/index.php\/services_communaux\/balade-de-la-ccca-les-avins-en-condroz\/\"><img decoding=\"async\" width=\"2560\" height=\"1280\" src=\"data:image\/svg+xml,%3Csvg%20xmlns%3D&#039;http%3A%2F%2Fwww.w3.org%2F2000%2Fsvg&#039;%20viewBox%3D&#039;0%200%202560%201280&#039;%2F%3E\" class=\"attachment-full size-full preload-me aspect lazy lazy-load\" alt=\"\" sizes=\"(max-width: 2560px) 100vw, 2560px\" style=\"--ratio: 2560 \/ 1280;\" data-src=\"https:\/\/www.modave.be\/wp-content\/uploads\/2022\/06\/voyage-3eme-age-scaled-e1727685891523.jpg\" loading=\"eager\" data-srcset=\"https:\/\/www.modave.be\/wp-content\/uploads\/2022\/06\/voyage-3eme-age-scaled-e1727685891523.jpg 2560w, https:\/\/www.modave.be\/wp-content\/uploads\/2022\/06\/voyage-3eme-age-scaled-e1727685891523-300x150.jpg 300w, https:\/\/www.modave.be\/wp-content\/uploads\/2022\/06\/voyage-3eme-age-scaled-e1727685891523-1024x512.jpg 1024w, https:\/\/www.modave.be\/wp-content\/uploads\/2022\/06\/voyage-3eme-age-scaled-e1727685891523-768x384.jpg 768w, https:\/\/www.modave.be\/wp-content\/uploads\/2022\/06\/voyage-3eme-age-scaled-e1727685891523-1536x768.jpg 1536w, https:\/\/www.modave.be\/wp-content\/uploads\/2022\/06\/voyage-3eme-age-scaled-e1727685891523-2048x1024.jpg 2048w\" \/><\/a>\n\t<\/div>\n<\/div>\n\n<div class=\"post-entry-content\">\n\t<div class=\"post-entry-wrapper\">\n\t\t<div class=\"post-entry-body\">\n\t\t\t<h3 class=\"ele-entry-title\"><a href=\"https:\/\/www.modave.be\/index.php\/services_communaux\/balade-de-la-ccca-les-avins-en-condroz\/\" rel=\"bookmark\" title=\"Balade de la CCCA | Les Avins-en-Condroz\">Balade de la CCCA | Les Avins-en-Condroz<\/a><\/h3><a href=\"https:\/\/www.modave.be\/index.php\/services_communaux\/balade-de-la-ccca-les-avins-en-condroz\/\" target=\"\" aria-label=\"En savoir plus sur Balade de la CCCA | Les Avins-en-Condroz\" class=\"box-button elementor-button elementor-size-xs\">Lire l&#039;article<\/a>\t\t<\/div>\n\t<\/div>\n<\/div><\/article><article class=\"post visible forward-post post-11718 services_communaux type-services_communaux status-publish has-post-thumbnail hentry category-ccca description-off\">\n<div class=\"post-thumbnail-wrap\">\n\t<div class=\"post-thumbnail \">\n\n\t\t<a class=\"post-thumbnail-rollover layzr-bg img-css-resize-wrapper\" aria-label=\"Image article\" href=\"https:\/\/www.modave.be\/index.php\/services_communaux\/cours-de-self-defense-pour-seniors-le-dimanche-matin\/\"><img decoding=\"async\" width=\"2560\" height=\"1280\" src=\"data:image\/svg+xml,%3Csvg%20xmlns%3D&#039;http%3A%2F%2Fwww.w3.org%2F2000%2Fsvg&#039;%20viewBox%3D&#039;0%200%202560%201280&#039;%2F%3E\" class=\"attachment-full size-full preload-me aspect lazy lazy-load\" alt=\"\" sizes=\"(max-width: 2560px) 100vw, 2560px\" style=\"--ratio: 2560 \/ 1280;\" data-src=\"https:\/\/www.modave.be\/wp-content\/uploads\/2023\/03\/self-defense-scaled-e1762274202686.jpg\" loading=\"eager\" data-srcset=\"https:\/\/www.modave.be\/wp-content\/uploads\/2023\/03\/self-defense-scaled-e1762274202686.jpg 2560w, https:\/\/www.modave.be\/wp-content\/uploads\/2023\/03\/self-defense-scaled-e1762274202686-300x150.jpg 300w, https:\/\/www.modave.be\/wp-content\/uploads\/2023\/03\/self-defense-scaled-e1762274202686-1024x512.jpg 1024w, https:\/\/www.modave.be\/wp-content\/uploads\/2023\/03\/self-defense-scaled-e1762274202686-768x384.jpg 768w, https:\/\/www.modave.be\/wp-content\/uploads\/2023\/03\/self-defense-scaled-e1762274202686-1536x768.jpg 1536w, https:\/\/www.modave.be\/wp-content\/uploads\/2023\/03\/self-defense-scaled-e1762274202686-2048x1024.jpg 2048w\" \/><\/a>\n\t<\/div>\n<\/div>\n\n<div class=\"post-entry-content\">\n\t<div class=\"post-entry-wrapper\">\n\t\t<div class=\"post-entry-body\">\n\t\t\t<h3 class=\"ele-entry-title\"><a href=\"https:\/\/www.modave.be\/index.php\/services_communaux\/cours-de-self-defense-pour-seniors-le-dimanche-matin\/\" rel=\"bookmark\" title=\"Cours de self d\u00e9fense pour Seniors, le dimanche matin\">Cours de self d\u00e9fense pour Seniors, le dimanche matin<\/a><\/h3><a href=\"https:\/\/www.modave.be\/index.php\/services_communaux\/cours-de-self-defense-pour-seniors-le-dimanche-matin\/\" target=\"\" aria-label=\"En savoir plus sur Cours de self d\u00e9fense pour Seniors, le dimanche matin\" class=\"box-button elementor-button elementor-size-xs\">Lire l&#039;article<\/a>\t\t<\/div>\n\t<\/div>\n<\/div><\/article><article class=\"post visible forward-post post-11724 services_communaux type-services_communaux status-publish has-post-thumbnail hentry category-ccca description-off\">\n<div class=\"post-thumbnail-wrap\">\n\t<div class=\"post-thumbnail \">\n\n\t\t<a class=\"post-thumbnail-rollover layzr-bg img-css-resize-wrapper\" aria-label=\"Image article\" href=\"https:\/\/www.modave.be\/index.php\/services_communaux\/le-ccca-propose-un-voyage-aux-aines-pensez-a-vous-inscrire\/\"><img decoding=\"async\" width=\"2560\" height=\"1280\" src=\"data:image\/svg+xml,%3Csvg%20xmlns%3D&#039;http%3A%2F%2Fwww.w3.org%2F2000%2Fsvg&#039;%20viewBox%3D&#039;0%200%202560%201280&#039;%2F%3E\" class=\"attachment-full size-full preload-me aspect lazy lazy-load\" alt=\"\" sizes=\"(max-width: 2560px) 100vw, 2560px\" style=\"--ratio: 2560 \/ 1280;\" data-src=\"https:\/\/www.modave.be\/wp-content\/uploads\/2022\/06\/voyage-3eme-age-scaled-e1727685891523.jpg\" loading=\"eager\" data-srcset=\"https:\/\/www.modave.be\/wp-content\/uploads\/2022\/06\/voyage-3eme-age-scaled-e1727685891523.jpg 2560w, https:\/\/www.modave.be\/wp-content\/uploads\/2022\/06\/voyage-3eme-age-scaled-e1727685891523-300x150.jpg 300w, https:\/\/www.modave.be\/wp-content\/uploads\/2022\/06\/voyage-3eme-age-scaled-e1727685891523-1024x512.jpg 1024w, https:\/\/www.modave.be\/wp-content\/uploads\/2022\/06\/voyage-3eme-age-scaled-e1727685891523-768x384.jpg 768w, https:\/\/www.modave.be\/wp-content\/uploads\/2022\/06\/voyage-3eme-age-scaled-e1727685891523-1536x768.jpg 1536w, https:\/\/www.modave.be\/wp-content\/uploads\/2022\/06\/voyage-3eme-age-scaled-e1727685891523-2048x1024.jpg 2048w\" \/><\/a>\n\t<\/div>\n<\/div>\n\n<div class=\"post-entry-content\">\n\t<div class=\"post-entry-wrapper\">\n\t\t<div class=\"post-entry-body\">\n\t\t\t<h3 class=\"ele-entry-title\"><a href=\"https:\/\/www.modave.be\/index.php\/services_communaux\/le-ccca-propose-un-voyage-aux-aines-pensez-a-vous-inscrire\/\" rel=\"bookmark\" title=\"Le CCCA propose un voyage aux a\u00een\u00e9s. Pensez \u00e0 vous inscrire !\">Le CCCA propose un voyage aux a\u00een\u00e9s. Pensez \u00e0 vous inscrire !<\/a><\/h3><a href=\"https:\/\/www.modave.be\/index.php\/services_communaux\/le-ccca-propose-un-voyage-aux-aines-pensez-a-vous-inscrire\/\" target=\"\" aria-label=\"En savoir plus sur Le CCCA propose un voyage aux a\u00een\u00e9s. Pensez \u00e0 vous inscrire !\" class=\"box-button elementor-button elementor-size-xs\">Lire l&#039;article<\/a>\t\t<\/div>\n\t<\/div>\n<\/div><\/article><article class=\"post visible forward-post post-11725 services_communaux type-services_communaux status-publish has-post-thumbnail hentry category-ccca description-off\">\n<div class=\"post-thumbnail-wrap\">\n\t<div class=\"post-thumbnail \">\n\n\t\t<a class=\"post-thumbnail-rollover layzr-bg img-css-resize-wrapper\" aria-label=\"Image article\" href=\"https:\/\/www.modave.be\/index.php\/services_communaux\/mobitic-seances-informatiques\/\"><img decoding=\"async\" width=\"2560\" height=\"1700\" src=\"data:image\/svg+xml,%3Csvg%20xmlns%3D&#039;http%3A%2F%2Fwww.w3.org%2F2000%2Fsvg&#039;%20viewBox%3D&#039;0%200%202560%201700&#039;%2F%3E\" class=\"attachment-full size-full preload-me aspect lazy lazy-load\" alt=\"\" sizes=\"(max-width: 2560px) 100vw, 2560px\" style=\"--ratio: 2560 \/ 1700;\" data-src=\"https:\/\/www.modave.be\/wp-content\/uploads\/2023\/01\/cours-informatique-scaled.jpg\" loading=\"eager\" data-srcset=\"https:\/\/www.modave.be\/wp-content\/uploads\/2023\/01\/cours-informatique-scaled.jpg 2560w, https:\/\/www.modave.be\/wp-content\/uploads\/2023\/01\/cours-informatique-300x199.jpg 300w, https:\/\/www.modave.be\/wp-content\/uploads\/2023\/01\/cours-informatique-1024x680.jpg 1024w, https:\/\/www.modave.be\/wp-content\/uploads\/2023\/01\/cours-informatique-768x510.jpg 768w, https:\/\/www.modave.be\/wp-content\/uploads\/2023\/01\/cours-informatique-1536x1020.jpg 1536w, https:\/\/www.modave.be\/wp-content\/uploads\/2023\/01\/cours-informatique-2048x1360.jpg 2048w\" \/><\/a>\n\t<\/div>\n<\/div>\n\n<div class=\"post-entry-content\">\n\t<div class=\"post-entry-wrapper\">\n\t\t<div class=\"post-entry-body\">\n\t\t\t<h3 class=\"ele-entry-title\"><a href=\"https:\/\/www.modave.be\/index.php\/services_communaux\/mobitic-seances-informatiques\/\" rel=\"bookmark\" title=\"MOBITIC s\u00e9ances informatiques\">MOBITIC s\u00e9ances informatiques<\/a><\/h3><a href=\"https:\/\/www.modave.be\/index.php\/services_communaux\/mobitic-seances-informatiques\/\" target=\"\" aria-label=\"En savoir plus sur MOBITIC s\u00e9ances informatiques\" class=\"box-button elementor-button elementor-size-xs\">Lire l&#039;article<\/a>\t\t<\/div>\n\t<\/div>\n<\/div><\/article><article class=\"post visible forward-post post-11726 services_communaux type-services_communaux status-publish has-post-thumbnail hentry category-ccca description-off\">\n<div class=\"post-thumbnail-wrap\">\n\t<div class=\"post-thumbnail \">\n\n\t\t<a class=\"post-thumbnail-rollover layzr-bg img-css-resize-wrapper\" aria-label=\"Image article\" href=\"https:\/\/www.modave.be\/index.php\/services_communaux\/prevention-incendie-les-petits-travaux-deneo\/\"><img decoding=\"async\" width=\"2200\" height=\"1466\" src=\"data:image\/svg+xml,%3Csvg%20xmlns%3D&#039;http%3A%2F%2Fwww.w3.org%2F2000%2Fsvg&#039;%20viewBox%3D&#039;0%200%202200%201466&#039;%2F%3E\" class=\"attachment-full size-full preload-me aspect lazy lazy-load\" alt=\"\" sizes=\"(max-width: 2200px) 100vw, 2200px\" style=\"--ratio: 2200 \/ 1466;\" data-src=\"https:\/\/www.modave.be\/wp-content\/uploads\/2023\/01\/incendie.jpg\" loading=\"eager\" data-srcset=\"https:\/\/www.modave.be\/wp-content\/uploads\/2023\/01\/incendie.jpg 2200w, https:\/\/www.modave.be\/wp-content\/uploads\/2023\/01\/incendie-300x200.jpg 300w, https:\/\/www.modave.be\/wp-content\/uploads\/2023\/01\/incendie-1024x682.jpg 1024w, https:\/\/www.modave.be\/wp-content\/uploads\/2023\/01\/incendie-768x512.jpg 768w, https:\/\/www.modave.be\/wp-content\/uploads\/2023\/01\/incendie-1536x1024.jpg 1536w, https:\/\/www.modave.be\/wp-content\/uploads\/2023\/01\/incendie-2048x1365.jpg 2048w\" \/><\/a>\n\t<\/div>\n<\/div>\n\n<div class=\"post-entry-content\">\n\t<div class=\"post-entry-wrapper\">\n\t\t<div class=\"post-entry-body\">\n\t\t\t<h3 class=\"ele-entry-title\"><a href=\"https:\/\/www.modave.be\/index.php\/services_communaux\/prevention-incendie-les-petits-travaux-deneo\/\" rel=\"bookmark\" title=\"Pr\u00e9vention incendie &#8211; Les petits travaux d&rsquo;ENEO\">Pr\u00e9vention incendie &#8211; Les petits travaux d&rsquo;ENEO<\/a><\/h3><a href=\"https:\/\/www.modave.be\/index.php\/services_communaux\/prevention-incendie-les-petits-travaux-deneo\/\" target=\"\" aria-label=\"En savoir plus sur Pr\u00e9vention incendie &#8211; Les petits travaux d&rsquo;ENEO\" class=\"box-button elementor-button elementor-size-xs\">Lire l&#039;article<\/a>\t\t<\/div>\n\t<\/div>\n<\/div><\/article><\/div><div class=\"owl-nav disabled\"><div class=\"owl-prev\" role=\"button\" tabindex=\"0\" aria-label=\"Prev slide\"><i class=\"fas fa-chevron-left\"><\/i><\/div><div class=\"owl-next\" role=\"button\" tabindex=\"0\" aria-label=\"Next slide\"><i class=\"fas fa-chevron-right\"><\/i><\/div><\/div>\t\t\t\t<\/div>\n\t\t\t\t<\/div>\n\t\t\t\t\t<\/div>\n\t\t<\/div>\n\t\t\t\t\t<\/div>\n\t\t<\/section>\n\t\t\t\t<section class=\"elementor-section elementor-top-section elementor-element elementor-element-f294dc4 elementor-section-boxed elementor-section-height-default elementor-section-height-default\" data-id=\"f294dc4\" data-element_type=\"section\" data-e-type=\"section\">\n\t\t\t\t\t\t<div class=\"elementor-container elementor-column-gap-default\">\n\t\t\t\t\t<div class=\"elementor-column elementor-col-100 elementor-top-column elementor-element elementor-element-227dc0e\" data-id=\"227dc0e\" data-element_type=\"column\" data-e-type=\"column\">\n\t\t\t<div class=\"elementor-widget-wrap elementor-element-populated\">\n\t\t\t\t\t\t<div class=\"elementor-element elementor-element-55b7ee7 elementor-widget elementor-widget-spacer\" data-id=\"55b7ee7\" data-element_type=\"widget\" data-e-type=\"widget\" data-widget_type=\"spacer.default\">\n\t\t\t\t<div class=\"elementor-widget-container\">\n\t\t\t\t\t\t\t<div class=\"elementor-spacer\">\n\t\t\t<div class=\"elementor-spacer-inner\"><\/div>\n\t\t<\/div>\n\t\t\t\t\t\t<\/div>\n\t\t\t\t<\/div>\n\t\t\t\t\t<\/div>\n\t\t<\/div>\n\t\t\t\t\t<\/div>\n\t\t<\/section>\n\t\t\t\t<\/div>\n\t\t","protected":false},"excerpt":{"rendered":"<p>You are here: Home Page Conseil Consultatif Communal des A\u00een\u00e9s Pr\u00e9sidente Jo\u00eblle Mottet Vice-pr\u00e9sidente Jeanne Defays Secr\u00e9taire Claire Mottet Tr\u00e9sorier Michel Dosogne Balades Pietro Di Giorgio &#8211; 0472\/42.05.98 Membres Charles Debouche, Huguette Dehalle, Mich\u00e8le Deleuze, Roger Dony, Monique G\u00e9rard, Fran\u00e7ois Goossens, Pierre Halut, Isabelle Henderickx et Nadia Zotto. Agenda Actualit\u00e9s A\u00een\u00e9s | Enqu\u00eate du C.C.C.A.&hellip;<\/p>\n","protected":false},"author":1,"featured_media":17207,"parent":0,"menu_order":0,"comment_status":"closed","ping_status":"closed","template":"","meta":{"footnotes":""},"class_list":["post-10197","page","type-page","status-publish","has-post-thumbnail","hentry","description-off"],"yoast_head":"<!-- This site is optimized with the Yoast SEO plugin v27.5 - https:\/\/yoast.com\/product\/yoast-seo-wordpress\/ -->\n<title>CCCA - Commune de Modave<\/title>\n<meta name=\"robots\" content=\"index, follow, max-snippet:-1, max-image-preview:large, max-video-preview:-1\" \/>\n<link rel=\"canonical\" href=\"https:\/\/www.modave.be\/index.php\/ccca\/\" \/>\n<meta property=\"og:locale\" content=\"fr_FR\" \/>\n<meta property=\"og:type\" content=\"article\" \/>\n<meta property=\"og:title\" content=\"CCCA - Commune de Modave\" \/>\n<meta property=\"og:description\" content=\"You are here: Home Page Conseil Consultatif Communal des A\u00een\u00e9s Pr\u00e9sidente Jo\u00eblle Mottet Vice-pr\u00e9sidente Jeanne Defays Secr\u00e9taire Claire Mottet Tr\u00e9sorier Michel Dosogne Balades Pietro Di Giorgio &#8211; 0472\/42.05.98 Membres Charles Debouche, Huguette Dehalle, Mich\u00e8le Deleuze, Roger Dony, Monique G\u00e9rard, Fran\u00e7ois Goossens, Pierre Halut, Isabelle Henderickx et Nadia Zotto. Agenda Actualit\u00e9s A\u00een\u00e9s | Enqu\u00eate du C.C.C.A.&hellip;\" \/>\n<meta property=\"og:url\" content=\"https:\/\/www.modave.be\/index.php\/ccca\/\" \/>\n<meta property=\"og:site_name\" content=\"Commune de Modave\" \/>\n<meta property=\"article:modified_time\" content=\"2026-04-09T12:05:59+00:00\" \/>\n<meta property=\"og:image\" content=\"https:\/\/www.modave.be\/wp-content\/uploads\/2025\/11\/IMG_6221-scaled-e1764063630821.jpg\" \/>\n\t<meta property=\"og:image:width\" content=\"2560\" \/>\n\t<meta property=\"og:image:height\" content=\"798\" \/>\n\t<meta property=\"og:image:type\" content=\"image\/jpeg\" \/>\n<meta name=\"twitter:card\" content=\"summary_large_image\" \/>\n<meta name=\"twitter:label1\" content=\"Dur\u00e9e de lecture estim\u00e9e\" \/>\n\t<meta name=\"twitter:data1\" content=\"4 minutes\" \/>\n<script type=\"application\/ld+json\" class=\"yoast-schema-graph\">{\"@context\":\"https:\\\/\\\/schema.org\",\"@graph\":[{\"@type\":\"WebPage\",\"@id\":\"https:\\\/\\\/www.modave.be\\\/index.php\\\/ccca\\\/\",\"url\":\"https:\\\/\\\/www.modave.be\\\/index.php\\\/ccca\\\/\",\"name\":\"CCCA - Commune de Modave\",\"isPartOf\":{\"@id\":\"https:\\\/\\\/www.modave.be\\\/#website\"},\"primaryImageOfPage\":{\"@id\":\"https:\\\/\\\/www.modave.be\\\/index.php\\\/ccca\\\/#primaryimage\"},\"image\":{\"@id\":\"https:\\\/\\\/www.modave.be\\\/index.php\\\/ccca\\\/#primaryimage\"},\"thumbnailUrl\":\"https:\\\/\\\/www.modave.be\\\/wp-content\\\/uploads\\\/2025\\\/11\\\/IMG_6221-scaled-e1764063630821.jpg\",\"datePublished\":\"2023-01-13T09:16:21+00:00\",\"dateModified\":\"2026-04-09T12:05:59+00:00\",\"breadcrumb\":{\"@id\":\"https:\\\/\\\/www.modave.be\\\/index.php\\\/ccca\\\/#breadcrumb\"},\"inLanguage\":\"fr-FR\",\"potentialAction\":[{\"@type\":\"ReadAction\",\"target\":[\"https:\\\/\\\/www.modave.be\\\/index.php\\\/ccca\\\/\"]}]},{\"@type\":\"ImageObject\",\"inLanguage\":\"fr-FR\",\"@id\":\"https:\\\/\\\/www.modave.be\\\/index.php\\\/ccca\\\/#primaryimage\",\"url\":\"https:\\\/\\\/www.modave.be\\\/wp-content\\\/uploads\\\/2025\\\/11\\\/IMG_6221-scaled-e1764063630821.jpg\",\"contentUrl\":\"https:\\\/\\\/www.modave.be\\\/wp-content\\\/uploads\\\/2025\\\/11\\\/IMG_6221-scaled-e1764063630821.jpg\",\"width\":2560,\"height\":798,\"caption\":\"Conseil Consultatif Communal des A\u00een\u00e9s\"},{\"@type\":\"BreadcrumbList\",\"@id\":\"https:\\\/\\\/www.modave.be\\\/index.php\\\/ccca\\\/#breadcrumb\",\"itemListElement\":[{\"@type\":\"ListItem\",\"position\":1,\"name\":\"Accueil\",\"item\":\"https:\\\/\\\/www.modave.be\\\/\"},{\"@type\":\"ListItem\",\"position\":2,\"name\":\"CCCA\"}]},{\"@type\":\"WebSite\",\"@id\":\"https:\\\/\\\/www.modave.be\\\/#website\",\"url\":\"https:\\\/\\\/www.modave.be\\\/\",\"name\":\"Commune de Modave\",\"description\":\"Commune de Modave\",\"publisher\":{\"@id\":\"https:\\\/\\\/www.modave.be\\\/#organization\"},\"potentialAction\":[{\"@type\":\"SearchAction\",\"target\":{\"@type\":\"EntryPoint\",\"urlTemplate\":\"https:\\\/\\\/www.modave.be\\\/?s={search_term_string}\"},\"query-input\":{\"@type\":\"PropertyValueSpecification\",\"valueRequired\":true,\"valueName\":\"search_term_string\"}}],\"inLanguage\":\"fr-FR\"},{\"@type\":\"Organization\",\"@id\":\"https:\\\/\\\/www.modave.be\\\/#organization\",\"name\":\"Commune de Modave\",\"url\":\"https:\\\/\\\/www.modave.be\\\/\",\"logo\":{\"@type\":\"ImageObject\",\"inLanguage\":\"fr-FR\",\"@id\":\"https:\\\/\\\/www.modave.be\\\/#\\\/schema\\\/logo\\\/image\\\/\",\"url\":\"https:\\\/\\\/www.modave.be\\\/wp-content\\\/uploads\\\/2021\\\/12\\\/MODAVE_LOGO_HORIZONTAL_QUADRI_RVB.png\",\"contentUrl\":\"https:\\\/\\\/www.modave.be\\\/wp-content\\\/uploads\\\/2021\\\/12\\\/MODAVE_LOGO_HORIZONTAL_QUADRI_RVB.png\",\"width\":1200,\"height\":501,\"caption\":\"Commune de Modave\"},\"image\":{\"@id\":\"https:\\\/\\\/www.modave.be\\\/#\\\/schema\\\/logo\\\/image\\\/\"}}]}<\/script>\n<!-- \/ Yoast SEO plugin. -->","yoast_head_json":{"title":"CCCA - Commune de Modave","robots":{"index":"index","follow":"follow","max-snippet":"max-snippet:-1","max-image-preview":"max-image-preview:large","max-video-preview":"max-video-preview:-1"},"canonical":"https:\/\/www.modave.be\/index.php\/ccca\/","og_locale":"fr_FR","og_type":"article","og_title":"CCCA - Commune de Modave","og_description":"You are here: Home Page Conseil Consultatif Communal des A\u00een\u00e9s Pr\u00e9sidente Jo\u00eblle Mottet Vice-pr\u00e9sidente Jeanne Defays Secr\u00e9taire Claire Mottet Tr\u00e9sorier Michel Dosogne Balades Pietro Di Giorgio &#8211; 0472\/42.05.98 Membres Charles Debouche, Huguette Dehalle, Mich\u00e8le Deleuze, Roger Dony, Monique G\u00e9rard, Fran\u00e7ois Goossens, Pierre Halut, Isabelle Henderickx et Nadia Zotto. Agenda Actualit\u00e9s A\u00een\u00e9s | Enqu\u00eate du C.C.C.A.&hellip;","og_url":"https:\/\/www.modave.be\/index.php\/ccca\/","og_site_name":"Commune de Modave","article_modified_time":"2026-04-09T12:05:59+00:00","og_image":[{"width":2560,"height":798,"url":"https:\/\/www.modave.be\/wp-content\/uploads\/2025\/11\/IMG_6221-scaled-e1764063630821.jpg","type":"image\/jpeg"}],"twitter_card":"summary_large_image","twitter_misc":{"Dur\u00e9e de lecture estim\u00e9e":"4 minutes"},"schema":{"@context":"https:\/\/schema.org","@graph":[{"@type":"WebPage","@id":"https:\/\/www.modave.be\/index.php\/ccca\/","url":"https:\/\/www.modave.be\/index.php\/ccca\/","name":"CCCA - Commune de Modave","isPartOf":{"@id":"https:\/\/www.modave.be\/#website"},"primaryImageOfPage":{"@id":"https:\/\/www.modave.be\/index.php\/ccca\/#primaryimage"},"image":{"@id":"https:\/\/www.modave.be\/index.php\/ccca\/#primaryimage"},"thumbnailUrl":"https:\/\/www.modave.be\/wp-content\/uploads\/2025\/11\/IMG_6221-scaled-e1764063630821.jpg","datePublished":"2023-01-13T09:16:21+00:00","dateModified":"2026-04-09T12:05:59+00:00","breadcrumb":{"@id":"https:\/\/www.modave.be\/index.php\/ccca\/#breadcrumb"},"inLanguage":"fr-FR","potentialAction":[{"@type":"ReadAction","target":["https:\/\/www.modave.be\/index.php\/ccca\/"]}]},{"@type":"ImageObject","inLanguage":"fr-FR","@id":"https:\/\/www.modave.be\/index.php\/ccca\/#primaryimage","url":"https:\/\/www.modave.be\/wp-content\/uploads\/2025\/11\/IMG_6221-scaled-e1764063630821.jpg","contentUrl":"https:\/\/www.modave.be\/wp-content\/uploads\/2025\/11\/IMG_6221-scaled-e1764063630821.jpg","width":2560,"height":798,"caption":"Conseil Consultatif Communal des A\u00een\u00e9s"},{"@type":"BreadcrumbList","@id":"https:\/\/www.modave.be\/index.php\/ccca\/#breadcrumb","itemListElement":[{"@type":"ListItem","position":1,"name":"Accueil","item":"https:\/\/www.modave.be\/"},{"@type":"ListItem","position":2,"name":"CCCA"}]},{"@type":"WebSite","@id":"https:\/\/www.modave.be\/#website","url":"https:\/\/www.modave.be\/","name":"Commune de Modave","description":"Commune de Modave","publisher":{"@id":"https:\/\/www.modave.be\/#organization"},"potentialAction":[{"@type":"SearchAction","target":{"@type":"EntryPoint","urlTemplate":"https:\/\/www.modave.be\/?s={search_term_string}"},"query-input":{"@type":"PropertyValueSpecification","valueRequired":true,"valueName":"search_term_string"}}],"inLanguage":"fr-FR"},{"@type":"Organization","@id":"https:\/\/www.modave.be\/#organization","name":"Commune de Modave","url":"https:\/\/www.modave.be\/","logo":{"@type":"ImageObject","inLanguage":"fr-FR","@id":"https:\/\/www.modave.be\/#\/schema\/logo\/image\/","url":"https:\/\/www.modave.be\/wp-content\/uploads\/2021\/12\/MODAVE_LOGO_HORIZONTAL_QUADRI_RVB.png","contentUrl":"https:\/\/www.modave.be\/wp-content\/uploads\/2021\/12\/MODAVE_LOGO_HORIZONTAL_QUADRI_RVB.png","width":1200,"height":501,"caption":"Commune de Modave"},"image":{"@id":"https:\/\/www.modave.be\/#\/schema\/logo\/image\/"}}]}},"_links":{"self":[{"href":"https:\/\/www.modave.be\/index.php\/wp-json\/wp\/v2\/pages\/10197","targetHints":{"allow":["GET"]}}],"collection":[{"href":"https:\/\/www.modave.be\/index.php\/wp-json\/wp\/v2\/pages"}],"about":[{"href":"https:\/\/www.modave.be\/index.php\/wp-json\/wp\/v2\/types\/page"}],"author":[{"embeddable":true,"href":"https:\/\/www.modave.be\/index.php\/wp-json\/wp\/v2\/users\/1"}],"replies":[{"embeddable":true,"href":"https:\/\/www.modave.be\/index.php\/wp-json\/wp\/v2\/comments?post=10197"}],"version-history":[{"count":30,"href":"https:\/\/www.modave.be\/index.php\/wp-json\/wp\/v2\/pages\/10197\/revisions"}],"predecessor-version":[{"id":18779,"href":"https:\/\/www.modave.be\/index.php\/wp-json\/wp\/v2\/pages\/10197\/revisions\/18779"}],"wp:featuredmedia":[{"embeddable":true,"href":"https:\/\/www.modave.be\/index.php\/wp-json\/wp\/v2\/media\/17207"}],"wp:attachment":[{"href":"https:\/\/www.modave.be\/index.php\/wp-json\/wp\/v2\/media?parent=10197"}],"curies":[{"name":"wp","href":"https:\/\/api.w.org\/{rel}","templated":true}]}}