{"id":10214,"date":"2023-01-13T10:35:20","date_gmt":"2023-01-13T09:35:20","guid":{"rendered":"http:\/\/217.182.142.226\/?page_id=10214"},"modified":"2023-03-07T10:21:00","modified_gmt":"2023-03-07T09:21:00","slug":"ccatm","status":"publish","type":"page","link":"https:\/\/www.modave.be\/index.php\/ccatm\/","title":{"rendered":"CCATM"},"content":{"rendered":"\t\t<div data-elementor-type=\"wp-page\" data-elementor-id=\"10214\" class=\"elementor elementor-10214\" wpc-filter-elementor-widget=\"1\" data-elementor-post-type=\"page\">\n\t\t\t\t\t\t<section class=\"elementor-section elementor-top-section elementor-element elementor-element-f7e48d6 elementor-section-boxed elementor-section-height-default elementor-section-height-default\" data-id=\"f7e48d6\" data-element_type=\"section\" data-e-type=\"section\">\n\t\t\t\t\t\t<div class=\"elementor-container elementor-column-gap-default\">\n\t\t\t\t\t<div class=\"elementor-column elementor-col-100 elementor-top-column elementor-element elementor-element-2015ce4\" data-id=\"2015ce4\" data-element_type=\"column\" data-e-type=\"column\">\n\t\t\t<div class=\"elementor-widget-wrap elementor-element-populated\">\n\t\t\t\t\t\t<div class=\"elementor-element elementor-element-142306c elementor-widget elementor-widget-heading\" data-id=\"142306c\" data-element_type=\"widget\" data-e-type=\"widget\" data-widget_type=\"heading.default\">\n\t\t\t\t<div class=\"elementor-widget-container\">\n\t\t\t\t\t<h2 class=\"elementor-heading-title elementor-size-default\">CCATM (Am\u00e9nagement du Territoire et Mobilit\u00e9)<\/h2>\t\t\t\t<\/div>\n\t\t\t\t<\/div>\n\t\t\t\t<div class=\"elementor-element elementor-element-f7c2ac5 elementor-widget elementor-widget-spacer\" data-id=\"f7c2ac5\" data-element_type=\"widget\" data-e-type=\"widget\" data-widget_type=\"spacer.default\">\n\t\t\t\t<div class=\"elementor-widget-container\">\n\t\t\t\t\t\t\t<div class=\"elementor-spacer\">\n\t\t\t<div class=\"elementor-spacer-inner\"><\/div>\n\t\t<\/div>\n\t\t\t\t\t\t<\/div>\n\t\t\t\t<\/div>\n\t\t\t\t\t<\/div>\n\t\t<\/div>\n\t\t\t\t\t<\/div>\n\t\t<\/section>\n\t\t\t\t<section class=\"elementor-section elementor-top-section elementor-element elementor-element-d8cbd0f elementor-section-boxed elementor-section-height-default elementor-section-height-default\" data-id=\"d8cbd0f\" data-element_type=\"section\" data-e-type=\"section\">\n\t\t\t\t\t\t<div class=\"elementor-container elementor-column-gap-default\">\n\t\t\t\t\t<div class=\"elementor-column elementor-col-100 elementor-top-column elementor-element elementor-element-59d95d9\" data-id=\"59d95d9\" data-element_type=\"column\" data-e-type=\"column\">\n\t\t\t<div class=\"elementor-widget-wrap elementor-element-populated\">\n\t\t\t\t\t\t<div class=\"elementor-element elementor-element-08ae7eb elementor-widget elementor-widget-text-editor\" data-id=\"08ae7eb\" data-element_type=\"widget\" data-e-type=\"widget\" data-widget_type=\"text-editor.default\">\n\t\t\t\t<div class=\"elementor-widget-container\">\n\t\t\t\t\t\t\t\t\t<p><span style=\"background-color: rgba(255, 255, 255, 0); color: var(--the7-base-color); letter-spacing: var(--the7-base-letter-spacing); text-transform: var(--the7-base-text-transform); word-spacing: normal;\">C\u2019est maintenant officiel, la Commission Consultative de l&rsquo;Am\u00e9nagement du Territoire et de la Mobilit\u00e9 est mise en place par un arr\u00eat\u00e9 minist\u00e9riel du 31 mars 2014.<\/span><\/p><p>La CCATM est l&rsquo;un des moyens qui nous permettent de participer \u00e0 la gestion de notre cadre de vie.<\/p><p>Le pouvoir communal peut solliciter l&rsquo;avis de la CCATM \u00e0 propos de certaines demandes de permis. Il peut \u00e9galement la consulter et la charger de diverses missions.<br \/>Par exemple\u00a0: analyser certains probl\u00e8mes, formuler des propositions, organiser des campagnes d&rsquo;information destin\u00e9es au public.<\/p><p>C\u2019est donc le partenaire privil\u00e9gi\u00e9 des autorit\u00e9s communales et le relais des aspirations de la population dans toutes les mati\u00e8res qui concernent l&rsquo;am\u00e9nagement du cadre de vie.<\/p><p>La CCATM, compos\u00e9e de 22 membres, doit se r\u00e9unir minimum 6 fois par an.<\/p><p>Pour tout renseignement compl\u00e9mentaire, le conseiller en am\u00e9nagement du territoire est \u00e0 votre enti\u00e8re disposition au service urbanisme de l\u2019Administration communale.<\/p>\t\t\t\t\t\t\t\t<\/div>\n\t\t\t\t<\/div>\n\t\t\t\t<div class=\"elementor-element elementor-element-e77a32b elementor-widget elementor-widget-spacer\" data-id=\"e77a32b\" data-element_type=\"widget\" data-e-type=\"widget\" data-widget_type=\"spacer.default\">\n\t\t\t\t<div class=\"elementor-widget-container\">\n\t\t\t\t\t\t\t<div class=\"elementor-spacer\">\n\t\t\t<div class=\"elementor-spacer-inner\"><\/div>\n\t\t<\/div>\n\t\t\t\t\t\t<\/div>\n\t\t\t\t<\/div>\n\t\t\t\t\t<\/div>\n\t\t<\/div>\n\t\t\t\t\t<\/div>\n\t\t<\/section>\n\t\t\t\t<section class=\"elementor-section elementor-top-section elementor-element elementor-element-aac0915 elementor-section-boxed elementor-section-height-default elementor-section-height-default\" data-id=\"aac0915\" data-element_type=\"section\" data-e-type=\"section\">\n\t\t\t\t\t\t<div class=\"elementor-container elementor-column-gap-default\">\n\t\t\t\t\t<div class=\"elementor-column elementor-col-100 elementor-top-column elementor-element elementor-element-d6ed6cc\" data-id=\"d6ed6cc\" data-element_type=\"column\" data-e-type=\"column\">\n\t\t\t<div class=\"elementor-widget-wrap elementor-element-populated\">\n\t\t\t\t\t\t<div class=\"elementor-element elementor-element-5130d96 elementor-widget elementor-widget-the7_elements\" data-id=\"5130d96\" data-element_type=\"widget\" data-e-type=\"widget\" data-widget_type=\"the7_elements.default\">\n\t\t\t\t<div class=\"elementor-widget-container\">\n\t\t\t\t\t<div class=\"portfolio-shortcode the7-elementor-widget the7_elements-5130d96 mode-masonry classic-layout-list description-under-image scale-img content-bg-on enable-bg-rollover resize-by-browser-width loading-effect-none jquery-filter\" data-padding=\"15px\" data-mobile-columns-num=\"1\" data-tablet-columns-num=\"2\" data-desktop-columns-num=\"4\" data-wide-desktop-columns-num=\"4\" data-post-limit=\"-1\" data-pagination-mode=\"none\" data-scroll-offset=\"\" aria-live=\"assertive\"><div class=\"iso-container dt-isotope custom-iso-columns\"><div class=\"visible wf-cell iso-item\" data-post-id=\"15657\" data-date=\"2025-05-21T15:31:40+02:00\" data-name=\"CCATM | 2\u00e8me appel \u00e0 candidatures\"><article class=\"post visible post-15657 services_communaux type-services_communaux status-publish has-post-thumbnail hentry category-ccatm description-off\" data-name=\"CCATM | 2\u00e8me appel \u00e0 candidatures\" data-date=\"2025-05-21T15:31:40+02:00\">\n\n\t<div class=\"post-thumbnail-wrap\">\n\t\t<div class=\"post-thumbnail\">\n\n\t\t\t<a class=\"post-thumbnail-rollover layzr-bg img-css-resize-wrapper\" aria-label=\"Image article\" href=\"https:\/\/www.modave.be\/index.php\/services_communaux\/ccatm-2eme-appel-a-candidatures\/\"><img fetchpriority=\"high\" decoding=\"async\" width=\"2560\" height=\"1280\" src=\"data:image\/svg+xml,%3Csvg%20xmlns%3D&#039;http%3A%2F%2Fwww.w3.org%2F2000%2Fsvg&#039;%20viewBox%3D&#039;0%200%202560%201280&#039;%2F%3E\" class=\"attachment-full size-full preload-me aspect lazy lazy-load\" alt=\"\" sizes=\"(max-width: 2560px) 100vw, 2560px\" style=\"--ratio: 2560 \/ 1280;\" data-src=\"https:\/\/www.modave.be\/wp-content\/uploads\/2025\/03\/IMG_1533-Avec-accentuation-Bruit-scaled-e1741077000759.jpg\" loading=\"eager\" data-srcset=\"https:\/\/www.modave.be\/wp-content\/uploads\/2025\/03\/IMG_1533-Avec-accentuation-Bruit-scaled-e1741077000759.jpg 2560w, https:\/\/www.modave.be\/wp-content\/uploads\/2025\/03\/IMG_1533-Avec-accentuation-Bruit-scaled-e1741077000759-300x150.jpg 300w, https:\/\/www.modave.be\/wp-content\/uploads\/2025\/03\/IMG_1533-Avec-accentuation-Bruit-scaled-e1741077000759-1024x512.jpg 1024w, https:\/\/www.modave.be\/wp-content\/uploads\/2025\/03\/IMG_1533-Avec-accentuation-Bruit-scaled-e1741077000759-768x384.jpg 768w, https:\/\/www.modave.be\/wp-content\/uploads\/2025\/03\/IMG_1533-Avec-accentuation-Bruit-scaled-e1741077000759-1536x768.jpg 1536w, https:\/\/www.modave.be\/wp-content\/uploads\/2025\/03\/IMG_1533-Avec-accentuation-Bruit-scaled-e1741077000759-2048x1024.jpg 2048w\" \/><span class=\"the7-hover-icon\"><i aria-hidden=\"true\" class=\"fas fa-plus\"><\/i><\/span><\/a>\n\t\t<\/div>\n\t<\/div>\n\n\n<div class=\"post-entry-content\">\n\n\t<h5 class=\"ele-entry-title\"><a href=\"https:\/\/www.modave.be\/index.php\/services_communaux\/ccatm-2eme-appel-a-candidatures\/\" rel=\"bookmark\" title=\"CCATM | 2\u00e8me appel \u00e0 candidatures\">CCATM | 2\u00e8me appel \u00e0 candidatures<\/a><\/h5><div class=\"entry-meta\"><span class=\"meta-item data-link\"><time class=\"entry-date updated\" datetime=\"2025-05-21T15:31:40+02:00\">21 mai 2025<\/time><\/span><\/div><a href=\"https:\/\/www.modave.be\/index.php\/services_communaux\/ccatm-2eme-appel-a-candidatures\/\" target=\"\" aria-label=\"En savoir plus sur CCATM | 2\u00e8me appel \u00e0 candidatures\" class=\"box-button elementor-button elementor-size-xs\">En savoir plus<\/a>\n<\/div><\/article><\/div><div class=\"visible wf-cell iso-item\" data-post-id=\"15429\" data-date=\"2025-04-10T13:05:56+02:00\" data-name=\"CCATM | Appel \u00e0 candidatures | La deadline approche\"><article class=\"post visible post-15429 services_communaux type-services_communaux status-publish has-post-thumbnail hentry category-ccatm description-off\" data-name=\"CCATM | Appel \u00e0 candidatures | La deadline approche\" data-date=\"2025-04-10T13:05:56+02:00\">\n\n\t<div class=\"post-thumbnail-wrap\">\n\t\t<div class=\"post-thumbnail\">\n\n\t\t\t<a class=\"post-thumbnail-rollover layzr-bg img-css-resize-wrapper\" aria-label=\"Image article\" href=\"https:\/\/www.modave.be\/index.php\/services_communaux\/ccatm-appel-a-candidatures-la-deadline-approche\/\"><img fetchpriority=\"high\" decoding=\"async\" width=\"2560\" height=\"1280\" src=\"data:image\/svg+xml,%3Csvg%20xmlns%3D&#039;http%3A%2F%2Fwww.w3.org%2F2000%2Fsvg&#039;%20viewBox%3D&#039;0%200%202560%201280&#039;%2F%3E\" class=\"attachment-full size-full preload-me aspect lazy lazy-load\" alt=\"\" sizes=\"(max-width: 2560px) 100vw, 2560px\" style=\"--ratio: 2560 \/ 1280;\" data-src=\"https:\/\/www.modave.be\/wp-content\/uploads\/2025\/03\/IMG_1533-Avec-accentuation-Bruit-scaled-e1741077000759.jpg\" loading=\"eager\" data-srcset=\"https:\/\/www.modave.be\/wp-content\/uploads\/2025\/03\/IMG_1533-Avec-accentuation-Bruit-scaled-e1741077000759.jpg 2560w, https:\/\/www.modave.be\/wp-content\/uploads\/2025\/03\/IMG_1533-Avec-accentuation-Bruit-scaled-e1741077000759-300x150.jpg 300w, https:\/\/www.modave.be\/wp-content\/uploads\/2025\/03\/IMG_1533-Avec-accentuation-Bruit-scaled-e1741077000759-1024x512.jpg 1024w, https:\/\/www.modave.be\/wp-content\/uploads\/2025\/03\/IMG_1533-Avec-accentuation-Bruit-scaled-e1741077000759-768x384.jpg 768w, https:\/\/www.modave.be\/wp-content\/uploads\/2025\/03\/IMG_1533-Avec-accentuation-Bruit-scaled-e1741077000759-1536x768.jpg 1536w, https:\/\/www.modave.be\/wp-content\/uploads\/2025\/03\/IMG_1533-Avec-accentuation-Bruit-scaled-e1741077000759-2048x1024.jpg 2048w\" \/><span class=\"the7-hover-icon\"><i aria-hidden=\"true\" class=\"fas fa-plus\"><\/i><\/span><\/a>\n\t\t<\/div>\n\t<\/div>\n\n\n<div class=\"post-entry-content\">\n\n\t<h5 class=\"ele-entry-title\"><a href=\"https:\/\/www.modave.be\/index.php\/services_communaux\/ccatm-appel-a-candidatures-la-deadline-approche\/\" rel=\"bookmark\" title=\"CCATM | Appel \u00e0 candidatures | La deadline approche\">CCATM | Appel \u00e0 candidatures | La deadline approche<\/a><\/h5><div class=\"entry-meta\"><span class=\"meta-item data-link\"><time class=\"entry-date updated\" datetime=\"2025-04-10T13:05:56+02:00\">10 avril 2025<\/time><\/span><\/div><a href=\"https:\/\/www.modave.be\/index.php\/services_communaux\/ccatm-appel-a-candidatures-la-deadline-approche\/\" target=\"\" aria-label=\"En savoir plus sur CCATM | Appel \u00e0 candidatures | La deadline approche\" class=\"box-button elementor-button elementor-size-xs\">En savoir plus<\/a>\n<\/div><\/article><\/div><div class=\"visible wf-cell iso-item\" data-post-id=\"15280\" data-date=\"2025-03-17T15:58:41+01:00\" data-name=\"CCATM | Appel \u00e0 candidatures | Commission Consultative Communale d\u2019Am\u00e9nagement du Territoire et de Mobilit\u00e9\"><article class=\"post visible post-15280 services_communaux type-services_communaux status-publish has-post-thumbnail hentry category-ccatm description-off\" data-name=\"CCATM | Appel \u00e0 candidatures | Commission Consultative Communale d\u2019Am\u00e9nagement du Territoire et de Mobilit\u00e9\" data-date=\"2025-03-17T15:58:41+01:00\">\n\n\t<div class=\"post-thumbnail-wrap\">\n\t\t<div class=\"post-thumbnail\">\n\n\t\t\t<a class=\"post-thumbnail-rollover layzr-bg img-css-resize-wrapper\" aria-label=\"Image article\" href=\"https:\/\/www.modave.be\/index.php\/services_communaux\/ccatm-appel-a-candidatures-commission-consultative-communale-damenagement-du-territoire-et-de-mobilite-2\/\"><img fetchpriority=\"high\" decoding=\"async\" width=\"2560\" height=\"1280\" src=\"data:image\/svg+xml,%3Csvg%20xmlns%3D&#039;http%3A%2F%2Fwww.w3.org%2F2000%2Fsvg&#039;%20viewBox%3D&#039;0%200%202560%201280&#039;%2F%3E\" class=\"attachment-full size-full preload-me aspect lazy lazy-load\" alt=\"\" sizes=\"(max-width: 2560px) 100vw, 2560px\" style=\"--ratio: 2560 \/ 1280;\" data-src=\"https:\/\/www.modave.be\/wp-content\/uploads\/2025\/03\/IMG_1533-Avec-accentuation-Bruit-scaled-e1741077000759.jpg\" loading=\"eager\" data-srcset=\"https:\/\/www.modave.be\/wp-content\/uploads\/2025\/03\/IMG_1533-Avec-accentuation-Bruit-scaled-e1741077000759.jpg 2560w, https:\/\/www.modave.be\/wp-content\/uploads\/2025\/03\/IMG_1533-Avec-accentuation-Bruit-scaled-e1741077000759-300x150.jpg 300w, https:\/\/www.modave.be\/wp-content\/uploads\/2025\/03\/IMG_1533-Avec-accentuation-Bruit-scaled-e1741077000759-1024x512.jpg 1024w, https:\/\/www.modave.be\/wp-content\/uploads\/2025\/03\/IMG_1533-Avec-accentuation-Bruit-scaled-e1741077000759-768x384.jpg 768w, https:\/\/www.modave.be\/wp-content\/uploads\/2025\/03\/IMG_1533-Avec-accentuation-Bruit-scaled-e1741077000759-1536x768.jpg 1536w, https:\/\/www.modave.be\/wp-content\/uploads\/2025\/03\/IMG_1533-Avec-accentuation-Bruit-scaled-e1741077000759-2048x1024.jpg 2048w\" \/><span class=\"the7-hover-icon\"><i aria-hidden=\"true\" class=\"fas fa-plus\"><\/i><\/span><\/a>\n\t\t<\/div>\n\t<\/div>\n\n\n<div class=\"post-entry-content\">\n\n\t<h5 class=\"ele-entry-title\"><a href=\"https:\/\/www.modave.be\/index.php\/services_communaux\/ccatm-appel-a-candidatures-commission-consultative-communale-damenagement-du-territoire-et-de-mobilite-2\/\" rel=\"bookmark\" title=\"CCATM | Appel \u00e0 candidatures | Commission Consultative Communale d\u2019Am\u00e9nagement du Territoire et de Mobilit\u00e9\">CCATM | Appel \u00e0 candidatures | Commission Consultative Communale d\u2019Am\u00e9nagement du Territoire et de Mobilit\u00e9<\/a><\/h5><div class=\"entry-meta\"><span class=\"meta-item data-link\"><time class=\"entry-date updated\" datetime=\"2025-03-17T15:58:41+01:00\">17 mars 2025<\/time><\/span><\/div><a href=\"https:\/\/www.modave.be\/index.php\/services_communaux\/ccatm-appel-a-candidatures-commission-consultative-communale-damenagement-du-territoire-et-de-mobilite-2\/\" target=\"\" aria-label=\"En savoir plus sur CCATM | Appel \u00e0 candidatures | Commission Consultative Communale d\u2019Am\u00e9nagement du Territoire et de Mobilit\u00e9\" class=\"box-button elementor-button elementor-size-xs\">En savoir plus<\/a>\n<\/div><\/article><\/div><div class=\"visible wf-cell iso-item\" data-post-id=\"14936\" data-date=\"2025-02-10T10:12:31+01:00\" data-name=\"CCATM | Appel \u00e0 candidatures | Commission Consultative Communale d\u2019Am\u00e9nagement du Territoire et de Mobilit\u00e9\"><article class=\"post visible post-14936 services_communaux type-services_communaux status-publish has-post-thumbnail hentry category-ccatm description-off\" data-name=\"CCATM | Appel \u00e0 candidatures | Commission Consultative Communale d\u2019Am\u00e9nagement du Territoire et de Mobilit\u00e9\" data-date=\"2025-02-10T10:12:31+01:00\">\n\n\t<div class=\"post-thumbnail-wrap\">\n\t\t<div class=\"post-thumbnail\">\n\n\t\t\t<a class=\"post-thumbnail-rollover layzr-bg img-css-resize-wrapper\" aria-label=\"Image article\" href=\"https:\/\/www.modave.be\/index.php\/services_communaux\/ccatm-appel-a-candidatures-commission-consultative-communale-damenagement-du-territoire-et-de-mobilite\/\"><img decoding=\"async\" width=\"2048\" height=\"1024\" src=\"data:image\/svg+xml,%3Csvg%20xmlns%3D&#039;http%3A%2F%2Fwww.w3.org%2F2000%2Fsvg&#039;%20viewBox%3D&#039;0%200%202048%201024&#039;%2F%3E\" class=\"attachment-full size-full preload-me aspect lazy lazy-load\" alt=\"\" sizes=\"(max-width: 2048px) 100vw, 2048px\" style=\"--ratio: 2048 \/ 1024;\" data-src=\"https:\/\/www.modave.be\/wp-content\/uploads\/2025\/01\/472810304_1048037910698808_7650201301106777349_n-e1736589599200.jpg\" loading=\"eager\" data-srcset=\"https:\/\/www.modave.be\/wp-content\/uploads\/2025\/01\/472810304_1048037910698808_7650201301106777349_n-e1736589599200.jpg 2048w, https:\/\/www.modave.be\/wp-content\/uploads\/2025\/01\/472810304_1048037910698808_7650201301106777349_n-e1736589599200-300x150.jpg 300w, https:\/\/www.modave.be\/wp-content\/uploads\/2025\/01\/472810304_1048037910698808_7650201301106777349_n-e1736589599200-1024x512.jpg 1024w, https:\/\/www.modave.be\/wp-content\/uploads\/2025\/01\/472810304_1048037910698808_7650201301106777349_n-e1736589599200-768x384.jpg 768w, https:\/\/www.modave.be\/wp-content\/uploads\/2025\/01\/472810304_1048037910698808_7650201301106777349_n-e1736589599200-1536x768.jpg 1536w\" \/><span class=\"the7-hover-icon\"><i aria-hidden=\"true\" class=\"fas fa-plus\"><\/i><\/span><\/a>\n\t\t<\/div>\n\t<\/div>\n\n\n<div class=\"post-entry-content\">\n\n\t<h5 class=\"ele-entry-title\"><a href=\"https:\/\/www.modave.be\/index.php\/services_communaux\/ccatm-appel-a-candidatures-commission-consultative-communale-damenagement-du-territoire-et-de-mobilite\/\" rel=\"bookmark\" title=\"CCATM | Appel \u00e0 candidatures | Commission Consultative Communale d\u2019Am\u00e9nagement du Territoire et de Mobilit\u00e9\">CCATM | Appel \u00e0 candidatures | Commission Consultative Communale d\u2019Am\u00e9nagement du Territoire et de Mobilit\u00e9<\/a><\/h5><div class=\"entry-meta\"><span class=\"meta-item data-link\"><time class=\"entry-date updated\" datetime=\"2025-02-10T10:12:31+01:00\">10 f\u00e9vrier 2025<\/time><\/span><\/div><a href=\"https:\/\/www.modave.be\/index.php\/services_communaux\/ccatm-appel-a-candidatures-commission-consultative-communale-damenagement-du-territoire-et-de-mobilite\/\" target=\"\" aria-label=\"En savoir plus sur CCATM | Appel \u00e0 candidatures | Commission Consultative Communale d\u2019Am\u00e9nagement du Territoire et de Mobilit\u00e9\" class=\"box-button elementor-button elementor-size-xs\">En savoir plus<\/a>\n<\/div><\/article><\/div><div class=\"visible wf-cell iso-item\" data-post-id=\"11727\" data-date=\"2016-11-16T10:19:22+01:00\" data-name=\"La CCATM de Modave recrute\"><article class=\"post visible post-11727 services_communaux type-services_communaux status-publish has-post-thumbnail hentry category-ccatm description-off\" data-name=\"La CCATM de Modave recrute\" data-date=\"2016-11-16T10:19:22+01:00\">\n\n\t<div class=\"post-thumbnail-wrap\">\n\t\t<div class=\"post-thumbnail\">\n\n\t\t\t<a class=\"post-thumbnail-rollover layzr-bg img-css-resize-wrapper\" aria-label=\"Image article\" href=\"https:\/\/www.modave.be\/index.php\/services_communaux\/la-ccatm-de-modave-recrute\/\"><img decoding=\"async\" width=\"2560\" height=\"1438\" src=\"data:image\/svg+xml,%3Csvg%20xmlns%3D&#039;http%3A%2F%2Fwww.w3.org%2F2000%2Fsvg&#039;%20viewBox%3D&#039;0%200%202560%201438&#039;%2F%3E\" class=\"attachment-full size-full preload-me aspect lazy lazy-load\" alt=\"\" sizes=\"(max-width: 2560px) 100vw, 2560px\" style=\"--ratio: 2560 \/ 1438;\" data-src=\"https:\/\/www.modave.be\/wp-content\/uploads\/2023\/01\/vue-aerienne-scaled.jpg\" loading=\"eager\" data-srcset=\"https:\/\/www.modave.be\/wp-content\/uploads\/2023\/01\/vue-aerienne-scaled.jpg 2560w, https:\/\/www.modave.be\/wp-content\/uploads\/2023\/01\/vue-aerienne-300x169.jpg 300w, https:\/\/www.modave.be\/wp-content\/uploads\/2023\/01\/vue-aerienne-1024x575.jpg 1024w, https:\/\/www.modave.be\/wp-content\/uploads\/2023\/01\/vue-aerienne-768x432.jpg 768w, https:\/\/www.modave.be\/wp-content\/uploads\/2023\/01\/vue-aerienne-1536x863.jpg 1536w, https:\/\/www.modave.be\/wp-content\/uploads\/2023\/01\/vue-aerienne-2048x1151.jpg 2048w\" \/><span class=\"the7-hover-icon\"><i aria-hidden=\"true\" class=\"fas fa-plus\"><\/i><\/span><\/a>\n\t\t<\/div>\n\t<\/div>\n\n\n<div class=\"post-entry-content\">\n\n\t<h5 class=\"ele-entry-title\"><a href=\"https:\/\/www.modave.be\/index.php\/services_communaux\/la-ccatm-de-modave-recrute\/\" rel=\"bookmark\" title=\"La CCATM de Modave recrute\">La CCATM de Modave recrute<\/a><\/h5><div class=\"entry-meta\"><span class=\"meta-item data-link\"><time class=\"entry-date updated\" datetime=\"2016-11-16T10:19:22+01:00\">16 novembre 2016<\/time><\/span><\/div><a href=\"https:\/\/www.modave.be\/index.php\/services_communaux\/la-ccatm-de-modave-recrute\/\" target=\"\" aria-label=\"En savoir plus sur La CCATM de Modave recrute\" class=\"box-button elementor-button elementor-size-xs\">En savoir plus<\/a>\n<\/div><\/article><\/div><div class=\"visible wf-cell iso-item\" data-post-id=\"11731\" data-date=\"2016-01-11T11:00:11+01:00\" data-name=\"C.C.A.T.M.\"><article class=\"post visible post-11731 services_communaux type-services_communaux status-publish has-post-thumbnail hentry category-ccatm description-off\" data-name=\"C.C.A.T.M.\" data-date=\"2016-01-11T11:00:11+01:00\">\n\n\t<div class=\"post-thumbnail-wrap\">\n\t\t<div class=\"post-thumbnail\">\n\n\t\t\t<a class=\"post-thumbnail-rollover layzr-bg img-css-resize-wrapper\" aria-label=\"Image article\" href=\"https:\/\/www.modave.be\/index.php\/services_communaux\/c-c-a-t-m\/\"><img decoding=\"async\" width=\"2560\" height=\"1438\" src=\"data:image\/svg+xml,%3Csvg%20xmlns%3D&#039;http%3A%2F%2Fwww.w3.org%2F2000%2Fsvg&#039;%20viewBox%3D&#039;0%200%202560%201438&#039;%2F%3E\" class=\"attachment-full size-full preload-me aspect lazy lazy-load\" alt=\"\" sizes=\"(max-width: 2560px) 100vw, 2560px\" style=\"--ratio: 2560 \/ 1438;\" data-src=\"https:\/\/www.modave.be\/wp-content\/uploads\/2023\/01\/vue-aerienne-scaled.jpg\" loading=\"eager\" data-srcset=\"https:\/\/www.modave.be\/wp-content\/uploads\/2023\/01\/vue-aerienne-scaled.jpg 2560w, https:\/\/www.modave.be\/wp-content\/uploads\/2023\/01\/vue-aerienne-300x169.jpg 300w, https:\/\/www.modave.be\/wp-content\/uploads\/2023\/01\/vue-aerienne-1024x575.jpg 1024w, https:\/\/www.modave.be\/wp-content\/uploads\/2023\/01\/vue-aerienne-768x432.jpg 768w, https:\/\/www.modave.be\/wp-content\/uploads\/2023\/01\/vue-aerienne-1536x863.jpg 1536w, https:\/\/www.modave.be\/wp-content\/uploads\/2023\/01\/vue-aerienne-2048x1151.jpg 2048w\" \/><span class=\"the7-hover-icon\"><i aria-hidden=\"true\" class=\"fas fa-plus\"><\/i><\/span><\/a>\n\t\t<\/div>\n\t<\/div>\n\n\n<div class=\"post-entry-content\">\n\n\t<h5 class=\"ele-entry-title\"><a href=\"https:\/\/www.modave.be\/index.php\/services_communaux\/c-c-a-t-m\/\" rel=\"bookmark\" title=\"C.C.A.T.M.\">C.C.A.T.M.<\/a><\/h5><div class=\"entry-meta\"><span class=\"meta-item data-link\"><time class=\"entry-date updated\" datetime=\"2016-01-11T11:00:11+01:00\">11 janvier 2016<\/time><\/span><\/div><a href=\"https:\/\/www.modave.be\/index.php\/services_communaux\/c-c-a-t-m\/\" target=\"\" aria-label=\"En savoir plus sur C.C.A.T.M.\" class=\"box-button elementor-button elementor-size-xs\">En savoir plus<\/a>\n<\/div><\/article><\/div><\/div><!-- iso-container|iso-grid --><\/div>\t\t\t\t<\/div>\n\t\t\t\t<\/div>\n\t\t\t\t\t<\/div>\n\t\t<\/div>\n\t\t\t\t\t<\/div>\n\t\t<\/section>\n\t\t\t\t<\/div>\n\t\t","protected":false},"excerpt":{"rendered":"<p>CCATM (Am\u00e9nagement du Territoire et Mobilit\u00e9) C\u2019est maintenant officiel, la Commission Consultative de l&rsquo;Am\u00e9nagement du Territoire et de la Mobilit\u00e9 est mise en place par un arr\u00eat\u00e9 minist\u00e9riel du 31 mars 2014. La CCATM est l&rsquo;un des moyens qui nous permettent de participer \u00e0 la gestion de notre cadre de vie. Le pouvoir communal peut&hellip;<\/p>\n","protected":false},"author":1,"featured_media":10003,"parent":0,"menu_order":0,"comment_status":"closed","ping_status":"closed","template":"","meta":{"footnotes":""},"class_list":["post-10214","page","type-page","status-publish","has-post-thumbnail","hentry","description-off"],"yoast_head":"<!-- This site is optimized with the Yoast SEO plugin v27.4 - https:\/\/yoast.com\/product\/yoast-seo-wordpress\/ -->\n<title>CCATM - Commune de Modave<\/title>\n<meta name=\"robots\" content=\"index, follow, max-snippet:-1, max-image-preview:large, max-video-preview:-1\" \/>\n<link rel=\"canonical\" href=\"https:\/\/www.modave.be\/index.php\/ccatm\/\" \/>\n<meta property=\"og:locale\" content=\"fr_FR\" \/>\n<meta property=\"og:type\" content=\"article\" \/>\n<meta property=\"og:title\" content=\"CCATM - Commune de Modave\" \/>\n<meta property=\"og:description\" content=\"CCATM (Am\u00e9nagement du Territoire et Mobilit\u00e9) C\u2019est maintenant officiel, la Commission Consultative de l&rsquo;Am\u00e9nagement du Territoire et de la Mobilit\u00e9 est mise en place par un arr\u00eat\u00e9 minist\u00e9riel du 31 mars 2014. La CCATM est l&rsquo;un des moyens qui nous permettent de participer \u00e0 la gestion de notre cadre de vie. Le pouvoir communal peut&hellip;\" \/>\n<meta property=\"og:url\" content=\"https:\/\/www.modave.be\/index.php\/ccatm\/\" \/>\n<meta property=\"og:site_name\" content=\"Commune de Modave\" \/>\n<meta property=\"article:modified_time\" content=\"2023-03-07T09:21:00+00:00\" \/>\n<meta property=\"og:image\" content=\"https:\/\/www.modave.be\/wp-content\/uploads\/2023\/01\/Slider3.jpg\" \/>\n\t<meta property=\"og:image:width\" content=\"1280\" \/>\n\t<meta property=\"og:image:height\" content=\"852\" \/>\n\t<meta property=\"og:image:type\" content=\"image\/jpeg\" \/>\n<meta name=\"twitter:card\" content=\"summary_large_image\" \/>\n<meta name=\"twitter:label1\" content=\"Dur\u00e9e de lecture estim\u00e9e\" \/>\n\t<meta name=\"twitter:data1\" content=\"1 minute\" \/>\n<script type=\"application\/ld+json\" class=\"yoast-schema-graph\">{\"@context\":\"https:\\\/\\\/schema.org\",\"@graph\":[{\"@type\":\"WebPage\",\"@id\":\"https:\\\/\\\/www.modave.be\\\/index.php\\\/ccatm\\\/\",\"url\":\"https:\\\/\\\/www.modave.be\\\/index.php\\\/ccatm\\\/\",\"name\":\"CCATM - Commune de Modave\",\"isPartOf\":{\"@id\":\"https:\\\/\\\/www.modave.be\\\/#website\"},\"primaryImageOfPage\":{\"@id\":\"https:\\\/\\\/www.modave.be\\\/index.php\\\/ccatm\\\/#primaryimage\"},\"image\":{\"@id\":\"https:\\\/\\\/www.modave.be\\\/index.php\\\/ccatm\\\/#primaryimage\"},\"thumbnailUrl\":\"https:\\\/\\\/www.modave.be\\\/wp-content\\\/uploads\\\/2023\\\/01\\\/Slider3.jpg\",\"datePublished\":\"2023-01-13T09:35:20+00:00\",\"dateModified\":\"2023-03-07T09:21:00+00:00\",\"breadcrumb\":{\"@id\":\"https:\\\/\\\/www.modave.be\\\/index.php\\\/ccatm\\\/#breadcrumb\"},\"inLanguage\":\"fr-FR\",\"potentialAction\":[{\"@type\":\"ReadAction\",\"target\":[\"https:\\\/\\\/www.modave.be\\\/index.php\\\/ccatm\\\/\"]}]},{\"@type\":\"ImageObject\",\"inLanguage\":\"fr-FR\",\"@id\":\"https:\\\/\\\/www.modave.be\\\/index.php\\\/ccatm\\\/#primaryimage\",\"url\":\"https:\\\/\\\/www.modave.be\\\/wp-content\\\/uploads\\\/2023\\\/01\\\/Slider3.jpg\",\"contentUrl\":\"https:\\\/\\\/www.modave.be\\\/wp-content\\\/uploads\\\/2023\\\/01\\\/Slider3.jpg\",\"width\":1280,\"height\":852},{\"@type\":\"BreadcrumbList\",\"@id\":\"https:\\\/\\\/www.modave.be\\\/index.php\\\/ccatm\\\/#breadcrumb\",\"itemListElement\":[{\"@type\":\"ListItem\",\"position\":1,\"name\":\"Accueil\",\"item\":\"https:\\\/\\\/www.modave.be\\\/\"},{\"@type\":\"ListItem\",\"position\":2,\"name\":\"CCATM\"}]},{\"@type\":\"WebSite\",\"@id\":\"https:\\\/\\\/www.modave.be\\\/#website\",\"url\":\"https:\\\/\\\/www.modave.be\\\/\",\"name\":\"Commune de Modave\",\"description\":\"Commune de Modave\",\"publisher\":{\"@id\":\"https:\\\/\\\/www.modave.be\\\/#organization\"},\"potentialAction\":[{\"@type\":\"SearchAction\",\"target\":{\"@type\":\"EntryPoint\",\"urlTemplate\":\"https:\\\/\\\/www.modave.be\\\/?s={search_term_string}\"},\"query-input\":{\"@type\":\"PropertyValueSpecification\",\"valueRequired\":true,\"valueName\":\"search_term_string\"}}],\"inLanguage\":\"fr-FR\"},{\"@type\":\"Organization\",\"@id\":\"https:\\\/\\\/www.modave.be\\\/#organization\",\"name\":\"Commune de Modave\",\"url\":\"https:\\\/\\\/www.modave.be\\\/\",\"logo\":{\"@type\":\"ImageObject\",\"inLanguage\":\"fr-FR\",\"@id\":\"https:\\\/\\\/www.modave.be\\\/#\\\/schema\\\/logo\\\/image\\\/\",\"url\":\"https:\\\/\\\/www.modave.be\\\/wp-content\\\/uploads\\\/2021\\\/12\\\/MODAVE_LOGO_HORIZONTAL_QUADRI_RVB.png\",\"contentUrl\":\"https:\\\/\\\/www.modave.be\\\/wp-content\\\/uploads\\\/2021\\\/12\\\/MODAVE_LOGO_HORIZONTAL_QUADRI_RVB.png\",\"width\":1200,\"height\":501,\"caption\":\"Commune de Modave\"},\"image\":{\"@id\":\"https:\\\/\\\/www.modave.be\\\/#\\\/schema\\\/logo\\\/image\\\/\"}}]}<\/script>\n<!-- \/ Yoast SEO plugin. -->","yoast_head_json":{"title":"CCATM - Commune de Modave","robots":{"index":"index","follow":"follow","max-snippet":"max-snippet:-1","max-image-preview":"max-image-preview:large","max-video-preview":"max-video-preview:-1"},"canonical":"https:\/\/www.modave.be\/index.php\/ccatm\/","og_locale":"fr_FR","og_type":"article","og_title":"CCATM - Commune de Modave","og_description":"CCATM (Am\u00e9nagement du Territoire et Mobilit\u00e9) C\u2019est maintenant officiel, la Commission Consultative de l&rsquo;Am\u00e9nagement du Territoire et de la Mobilit\u00e9 est mise en place par un arr\u00eat\u00e9 minist\u00e9riel du 31 mars 2014. La CCATM est l&rsquo;un des moyens qui nous permettent de participer \u00e0 la gestion de notre cadre de vie. Le pouvoir communal peut&hellip;","og_url":"https:\/\/www.modave.be\/index.php\/ccatm\/","og_site_name":"Commune de Modave","article_modified_time":"2023-03-07T09:21:00+00:00","og_image":[{"width":1280,"height":852,"url":"https:\/\/www.modave.be\/wp-content\/uploads\/2023\/01\/Slider3.jpg","type":"image\/jpeg"}],"twitter_card":"summary_large_image","twitter_misc":{"Dur\u00e9e de lecture estim\u00e9e":"1 minute"},"schema":{"@context":"https:\/\/schema.org","@graph":[{"@type":"WebPage","@id":"https:\/\/www.modave.be\/index.php\/ccatm\/","url":"https:\/\/www.modave.be\/index.php\/ccatm\/","name":"CCATM - Commune de Modave","isPartOf":{"@id":"https:\/\/www.modave.be\/#website"},"primaryImageOfPage":{"@id":"https:\/\/www.modave.be\/index.php\/ccatm\/#primaryimage"},"image":{"@id":"https:\/\/www.modave.be\/index.php\/ccatm\/#primaryimage"},"thumbnailUrl":"https:\/\/www.modave.be\/wp-content\/uploads\/2023\/01\/Slider3.jpg","datePublished":"2023-01-13T09:35:20+00:00","dateModified":"2023-03-07T09:21:00+00:00","breadcrumb":{"@id":"https:\/\/www.modave.be\/index.php\/ccatm\/#breadcrumb"},"inLanguage":"fr-FR","potentialAction":[{"@type":"ReadAction","target":["https:\/\/www.modave.be\/index.php\/ccatm\/"]}]},{"@type":"ImageObject","inLanguage":"fr-FR","@id":"https:\/\/www.modave.be\/index.php\/ccatm\/#primaryimage","url":"https:\/\/www.modave.be\/wp-content\/uploads\/2023\/01\/Slider3.jpg","contentUrl":"https:\/\/www.modave.be\/wp-content\/uploads\/2023\/01\/Slider3.jpg","width":1280,"height":852},{"@type":"BreadcrumbList","@id":"https:\/\/www.modave.be\/index.php\/ccatm\/#breadcrumb","itemListElement":[{"@type":"ListItem","position":1,"name":"Accueil","item":"https:\/\/www.modave.be\/"},{"@type":"ListItem","position":2,"name":"CCATM"}]},{"@type":"WebSite","@id":"https:\/\/www.modave.be\/#website","url":"https:\/\/www.modave.be\/","name":"Commune de Modave","description":"Commune de Modave","publisher":{"@id":"https:\/\/www.modave.be\/#organization"},"potentialAction":[{"@type":"SearchAction","target":{"@type":"EntryPoint","urlTemplate":"https:\/\/www.modave.be\/?s={search_term_string}"},"query-input":{"@type":"PropertyValueSpecification","valueRequired":true,"valueName":"search_term_string"}}],"inLanguage":"fr-FR"},{"@type":"Organization","@id":"https:\/\/www.modave.be\/#organization","name":"Commune de Modave","url":"https:\/\/www.modave.be\/","logo":{"@type":"ImageObject","inLanguage":"fr-FR","@id":"https:\/\/www.modave.be\/#\/schema\/logo\/image\/","url":"https:\/\/www.modave.be\/wp-content\/uploads\/2021\/12\/MODAVE_LOGO_HORIZONTAL_QUADRI_RVB.png","contentUrl":"https:\/\/www.modave.be\/wp-content\/uploads\/2021\/12\/MODAVE_LOGO_HORIZONTAL_QUADRI_RVB.png","width":1200,"height":501,"caption":"Commune de Modave"},"image":{"@id":"https:\/\/www.modave.be\/#\/schema\/logo\/image\/"}}]}},"_links":{"self":[{"href":"https:\/\/www.modave.be\/index.php\/wp-json\/wp\/v2\/pages\/10214","targetHints":{"allow":["GET"]}}],"collection":[{"href":"https:\/\/www.modave.be\/index.php\/wp-json\/wp\/v2\/pages"}],"about":[{"href":"https:\/\/www.modave.be\/index.php\/wp-json\/wp\/v2\/types\/page"}],"author":[{"embeddable":true,"href":"https:\/\/www.modave.be\/index.php\/wp-json\/wp\/v2\/users\/1"}],"replies":[{"embeddable":true,"href":"https:\/\/www.modave.be\/index.php\/wp-json\/wp\/v2\/comments?post=10214"}],"version-history":[{"count":0,"href":"https:\/\/www.modave.be\/index.php\/wp-json\/wp\/v2\/pages\/10214\/revisions"}],"wp:featuredmedia":[{"embeddable":true,"href":"https:\/\/www.modave.be\/index.php\/wp-json\/wp\/v2\/media\/10003"}],"wp:attachment":[{"href":"https:\/\/www.modave.be\/index.php\/wp-json\/wp\/v2\/media?parent=10214"}],"curies":[{"name":"wp","href":"https:\/\/api.w.org\/{rel}","templated":true}]}}