{"id":10294,"date":"2023-01-13T15:15:04","date_gmt":"2023-01-13T14:15:04","guid":{"rendered":"http:\/\/217.182.142.226\/?page_id=10294"},"modified":"2023-09-06T15:16:31","modified_gmt":"2023-09-06T13:16:31","slug":"maison-du-tourisme-terres-de-meuse","status":"publish","type":"page","link":"https:\/\/www.modave.be\/index.php\/maison-du-tourisme-terres-de-meuse\/","title":{"rendered":"Maison du tourisme Terres-de-Meuse"},"content":{"rendered":"\t\t<div data-elementor-type=\"wp-page\" data-elementor-id=\"10294\" class=\"elementor elementor-10294\" wpc-filter-elementor-widget=\"1\" data-elementor-post-type=\"page\">\n\t\t\t\t\t\t<section class=\"elementor-section elementor-top-section elementor-element elementor-element-43f5350 elementor-section-boxed elementor-section-height-default elementor-section-height-default\" data-id=\"43f5350\" data-element_type=\"section\" data-e-type=\"section\">\n\t\t\t\t\t\t<div class=\"elementor-container elementor-column-gap-default\">\n\t\t\t\t\t<div class=\"elementor-column elementor-col-100 elementor-top-column elementor-element elementor-element-42adb50\" data-id=\"42adb50\" data-element_type=\"column\" data-e-type=\"column\">\n\t\t\t<div class=\"elementor-widget-wrap elementor-element-populated\">\n\t\t\t\t\t\t<div class=\"elementor-element elementor-element-0713429 elementor-widget elementor-widget-text-editor\" data-id=\"0713429\" data-element_type=\"widget\" data-e-type=\"widget\" data-widget_type=\"text-editor.default\">\n\t\t\t\t<div class=\"elementor-widget-container\">\n\t\t\t\t\t\t\t\t\t<h4>Le nouveau territoire touristique de l\u2019arrondissement Huy-Waremme vous invite \u00e0 d\u00e9couvrir ses tr\u00e9sors naturels et patrimoniaux, de superbes balades, de nombreuses festivit\u00e9s mais aussi la richesse d\u2019une gastronomie aux accents du terroir.<\/h4><p>Pour une sortie en famille, un resto entre amis, une activit\u00e9 avec les enfants\u2026 bref, une exp\u00e9rience inoubliable.<br \/>Rendez-vous sur le site internet de la Maison du Tourisme:\u00a0<a href=\"http:\/\/www.terres-de-meuse.be\/\">www.terres-de-meuse.be<\/a>\u00a0et suivez les actus du territoire sur la page Facebook\u00a0<a href=\"https:\/\/www.facebook.com\/terres.de.meuse\/\">https:\/\/www.facebook.com\/terres.de.meuse\/<\/a><\/p>\t\t\t\t\t\t\t\t<\/div>\n\t\t\t\t<\/div>\n\t\t\t\t<div class=\"elementor-element elementor-element-e30c6da elementor-widget elementor-widget-spacer\" data-id=\"e30c6da\" data-element_type=\"widget\" data-e-type=\"widget\" data-widget_type=\"spacer.default\">\n\t\t\t\t<div class=\"elementor-widget-container\">\n\t\t\t\t\t\t\t<div class=\"elementor-spacer\">\n\t\t\t<div class=\"elementor-spacer-inner\"><\/div>\n\t\t<\/div>\n\t\t\t\t\t\t<\/div>\n\t\t\t\t<\/div>\n\t\t\t\t<section class=\"elementor-section elementor-inner-section elementor-element elementor-element-35e5f1c elementor-section-boxed elementor-section-height-default elementor-section-height-default\" data-id=\"35e5f1c\" data-element_type=\"section\" data-e-type=\"section\">\n\t\t\t\t\t\t<div class=\"elementor-container elementor-column-gap-default\">\n\t\t\t\t\t<div class=\"elementor-column elementor-col-50 elementor-inner-column elementor-element elementor-element-67a4a42\" data-id=\"67a4a42\" data-element_type=\"column\" data-e-type=\"column\">\n\t\t\t<div class=\"elementor-widget-wrap elementor-element-populated\">\n\t\t\t\t\t\t<div class=\"elementor-element elementor-element-46bb1cb elementor-widget elementor-widget-image\" data-id=\"46bb1cb\" data-element_type=\"widget\" data-e-type=\"widget\" data-widget_type=\"image.default\">\n\t\t\t\t<div class=\"elementor-widget-container\">\n\t\t\t\t\t\t\t\t\t\t\t\t\t\t\t<img fetchpriority=\"high\" decoding=\"async\" width=\"1024\" height=\"469\" src=\"https:\/\/www.modave.be\/wp-content\/uploads\/2023\/01\/terresdemeuse-1024x469.png\" class=\"attachment-large size-large wp-image-10296\" alt=\"\" srcset=\"https:\/\/www.modave.be\/wp-content\/uploads\/2023\/01\/terresdemeuse-1024x469.png 1024w, https:\/\/www.modave.be\/wp-content\/uploads\/2023\/01\/terresdemeuse-300x138.png 300w, https:\/\/www.modave.be\/wp-content\/uploads\/2023\/01\/terresdemeuse-768x352.png 768w, https:\/\/www.modave.be\/wp-content\/uploads\/2023\/01\/terresdemeuse.png 1418w\" sizes=\"(max-width: 1024px) 100vw, 1024px\" \/>\t\t\t\t\t\t\t\t\t\t\t\t\t\t\t<\/div>\n\t\t\t\t<\/div>\n\t\t\t\t\t<\/div>\n\t\t<\/div>\n\t\t\t\t<div class=\"elementor-column elementor-col-50 elementor-inner-column elementor-element elementor-element-a3aef9d\" data-id=\"a3aef9d\" data-element_type=\"column\" data-e-type=\"column\">\n\t\t\t<div class=\"elementor-widget-wrap elementor-element-populated\">\n\t\t\t\t\t\t<div class=\"elementor-element elementor-element-5609316 elementor-widget elementor-widget-text-editor\" data-id=\"5609316\" data-element_type=\"widget\" data-e-type=\"widget\" data-widget_type=\"text-editor.default\">\n\t\t\t\t<div class=\"elementor-widget-container\">\n\t\t\t\t\t\t\t\t\t<p><strong>MAISON DU TOURISME TERRES-DE-MEUSE<\/strong><br \/>Quai de Namur, 1 &#8211; 4500 HUY<br \/>+32 (0)85 21 29 15 \/ +32 (0)85 21 21 71<br \/><span id=\"cloakbfe553a6e706a33b271b06c0cdf6688d\"><\/span><a href=\"mailto:info@terres-de-meuse.be\">info@terres-de-meuse.be<\/a><br \/><a href=\"http:\/\/www.terres-de-meuse.be\/\" target=\"_blank\" rel=\"noopener\">www.terres-de-meuse.be<\/a><\/p>\t\t\t\t\t\t\t\t<\/div>\n\t\t\t\t<\/div>\n\t\t\t\t\t<\/div>\n\t\t<\/div>\n\t\t\t\t\t<\/div>\n\t\t<\/section>\n\t\t\t\t\t<\/div>\n\t\t<\/div>\n\t\t\t\t\t<\/div>\n\t\t<\/section>\n\t\t\t\t<\/div>\n\t\t","protected":false},"excerpt":{"rendered":"<p>Le nouveau territoire touristique de l\u2019arrondissement Huy-Waremme vous invite \u00e0 d\u00e9couvrir ses tr\u00e9sors naturels et patrimoniaux, de superbes balades, de nombreuses festivit\u00e9s mais aussi la richesse d\u2019une gastronomie aux accents du terroir. Pour une sortie en famille, un resto entre amis, une activit\u00e9 avec les enfants\u2026 bref, une exp\u00e9rience inoubliable. Rendez-vous sur le site internet&hellip;<\/p>\n","protected":false},"author":1,"featured_media":11921,"parent":0,"menu_order":0,"comment_status":"closed","ping_status":"closed","template":"","meta":{"footnotes":""},"class_list":["post-10294","page","type-page","status-publish","has-post-thumbnail","hentry"],"yoast_head":"<!-- This site is optimized with the Yoast SEO plugin v27.5 - https:\/\/yoast.com\/product\/yoast-seo-wordpress\/ -->\n<title>Maison du tourisme Terres-de-Meuse - Commune de Modave<\/title>\n<meta name=\"robots\" content=\"index, follow, max-snippet:-1, max-image-preview:large, max-video-preview:-1\" \/>\n<link rel=\"canonical\" href=\"https:\/\/www.modave.be\/index.php\/maison-du-tourisme-terres-de-meuse\/\" \/>\n<meta property=\"og:locale\" content=\"fr_FR\" \/>\n<meta property=\"og:type\" content=\"article\" \/>\n<meta property=\"og:title\" content=\"Maison du tourisme Terres-de-Meuse - Commune de Modave\" \/>\n<meta property=\"og:description\" content=\"Le nouveau territoire touristique de l\u2019arrondissement Huy-Waremme vous invite \u00e0 d\u00e9couvrir ses tr\u00e9sors naturels et patrimoniaux, de superbes balades, de nombreuses festivit\u00e9s mais aussi la richesse d\u2019une gastronomie aux accents du terroir. Pour une sortie en famille, un resto entre amis, une activit\u00e9 avec les enfants\u2026 bref, une exp\u00e9rience inoubliable. Rendez-vous sur le site internet&hellip;\" \/>\n<meta property=\"og:url\" content=\"https:\/\/www.modave.be\/index.php\/maison-du-tourisme-terres-de-meuse\/\" \/>\n<meta property=\"og:site_name\" content=\"Commune de Modave\" \/>\n<meta property=\"article:modified_time\" content=\"2023-09-06T13:16:31+00:00\" \/>\n<meta property=\"og:image\" content=\"https:\/\/www.modave.be\/wp-content\/uploads\/2023\/03\/Chardons-scaled.jpg\" \/>\n\t<meta property=\"og:image:width\" content=\"2560\" \/>\n\t<meta property=\"og:image:height\" content=\"1707\" \/>\n\t<meta property=\"og:image:type\" content=\"image\/jpeg\" \/>\n<meta name=\"twitter:card\" content=\"summary_large_image\" \/>\n<meta name=\"twitter:label1\" content=\"Dur\u00e9e de lecture estim\u00e9e\" \/>\n\t<meta name=\"twitter:data1\" content=\"1 minute\" \/>\n<script type=\"application\/ld+json\" class=\"yoast-schema-graph\">{\"@context\":\"https:\\\/\\\/schema.org\",\"@graph\":[{\"@type\":\"WebPage\",\"@id\":\"https:\\\/\\\/www.modave.be\\\/index.php\\\/maison-du-tourisme-terres-de-meuse\\\/\",\"url\":\"https:\\\/\\\/www.modave.be\\\/index.php\\\/maison-du-tourisme-terres-de-meuse\\\/\",\"name\":\"Maison du tourisme Terres-de-Meuse - Commune de Modave\",\"isPartOf\":{\"@id\":\"https:\\\/\\\/www.modave.be\\\/#website\"},\"primaryImageOfPage\":{\"@id\":\"https:\\\/\\\/www.modave.be\\\/index.php\\\/maison-du-tourisme-terres-de-meuse\\\/#primaryimage\"},\"image\":{\"@id\":\"https:\\\/\\\/www.modave.be\\\/index.php\\\/maison-du-tourisme-terres-de-meuse\\\/#primaryimage\"},\"thumbnailUrl\":\"https:\\\/\\\/www.modave.be\\\/wp-content\\\/uploads\\\/2023\\\/03\\\/Chardons-scaled.jpg\",\"datePublished\":\"2023-01-13T14:15:04+00:00\",\"dateModified\":\"2023-09-06T13:16:31+00:00\",\"breadcrumb\":{\"@id\":\"https:\\\/\\\/www.modave.be\\\/index.php\\\/maison-du-tourisme-terres-de-meuse\\\/#breadcrumb\"},\"inLanguage\":\"fr-FR\",\"potentialAction\":[{\"@type\":\"ReadAction\",\"target\":[\"https:\\\/\\\/www.modave.be\\\/index.php\\\/maison-du-tourisme-terres-de-meuse\\\/\"]}]},{\"@type\":\"ImageObject\",\"inLanguage\":\"fr-FR\",\"@id\":\"https:\\\/\\\/www.modave.be\\\/index.php\\\/maison-du-tourisme-terres-de-meuse\\\/#primaryimage\",\"url\":\"https:\\\/\\\/www.modave.be\\\/wp-content\\\/uploads\\\/2023\\\/03\\\/Chardons-scaled.jpg\",\"contentUrl\":\"https:\\\/\\\/www.modave.be\\\/wp-content\\\/uploads\\\/2023\\\/03\\\/Chardons-scaled.jpg\",\"width\":2560,\"height\":1707},{\"@type\":\"BreadcrumbList\",\"@id\":\"https:\\\/\\\/www.modave.be\\\/index.php\\\/maison-du-tourisme-terres-de-meuse\\\/#breadcrumb\",\"itemListElement\":[{\"@type\":\"ListItem\",\"position\":1,\"name\":\"Accueil\",\"item\":\"https:\\\/\\\/www.modave.be\\\/\"},{\"@type\":\"ListItem\",\"position\":2,\"name\":\"Maison du tourisme Terres-de-Meuse\"}]},{\"@type\":\"WebSite\",\"@id\":\"https:\\\/\\\/www.modave.be\\\/#website\",\"url\":\"https:\\\/\\\/www.modave.be\\\/\",\"name\":\"Commune de Modave\",\"description\":\"Commune de Modave\",\"publisher\":{\"@id\":\"https:\\\/\\\/www.modave.be\\\/#organization\"},\"potentialAction\":[{\"@type\":\"SearchAction\",\"target\":{\"@type\":\"EntryPoint\",\"urlTemplate\":\"https:\\\/\\\/www.modave.be\\\/?s={search_term_string}\"},\"query-input\":{\"@type\":\"PropertyValueSpecification\",\"valueRequired\":true,\"valueName\":\"search_term_string\"}}],\"inLanguage\":\"fr-FR\"},{\"@type\":\"Organization\",\"@id\":\"https:\\\/\\\/www.modave.be\\\/#organization\",\"name\":\"Commune de Modave\",\"url\":\"https:\\\/\\\/www.modave.be\\\/\",\"logo\":{\"@type\":\"ImageObject\",\"inLanguage\":\"fr-FR\",\"@id\":\"https:\\\/\\\/www.modave.be\\\/#\\\/schema\\\/logo\\\/image\\\/\",\"url\":\"https:\\\/\\\/www.modave.be\\\/wp-content\\\/uploads\\\/2021\\\/12\\\/MODAVE_LOGO_HORIZONTAL_QUADRI_RVB.png\",\"contentUrl\":\"https:\\\/\\\/www.modave.be\\\/wp-content\\\/uploads\\\/2021\\\/12\\\/MODAVE_LOGO_HORIZONTAL_QUADRI_RVB.png\",\"width\":1200,\"height\":501,\"caption\":\"Commune de Modave\"},\"image\":{\"@id\":\"https:\\\/\\\/www.modave.be\\\/#\\\/schema\\\/logo\\\/image\\\/\"}}]}<\/script>\n<!-- \/ Yoast SEO plugin. -->","yoast_head_json":{"title":"Maison du tourisme Terres-de-Meuse - Commune de Modave","robots":{"index":"index","follow":"follow","max-snippet":"max-snippet:-1","max-image-preview":"max-image-preview:large","max-video-preview":"max-video-preview:-1"},"canonical":"https:\/\/www.modave.be\/index.php\/maison-du-tourisme-terres-de-meuse\/","og_locale":"fr_FR","og_type":"article","og_title":"Maison du tourisme Terres-de-Meuse - Commune de Modave","og_description":"Le nouveau territoire touristique de l\u2019arrondissement Huy-Waremme vous invite \u00e0 d\u00e9couvrir ses tr\u00e9sors naturels et patrimoniaux, de superbes balades, de nombreuses festivit\u00e9s mais aussi la richesse d\u2019une gastronomie aux accents du terroir. Pour une sortie en famille, un resto entre amis, une activit\u00e9 avec les enfants\u2026 bref, une exp\u00e9rience inoubliable. Rendez-vous sur le site internet&hellip;","og_url":"https:\/\/www.modave.be\/index.php\/maison-du-tourisme-terres-de-meuse\/","og_site_name":"Commune de Modave","article_modified_time":"2023-09-06T13:16:31+00:00","og_image":[{"width":2560,"height":1707,"url":"https:\/\/www.modave.be\/wp-content\/uploads\/2023\/03\/Chardons-scaled.jpg","type":"image\/jpeg"}],"twitter_card":"summary_large_image","twitter_misc":{"Dur\u00e9e de lecture estim\u00e9e":"1 minute"},"schema":{"@context":"https:\/\/schema.org","@graph":[{"@type":"WebPage","@id":"https:\/\/www.modave.be\/index.php\/maison-du-tourisme-terres-de-meuse\/","url":"https:\/\/www.modave.be\/index.php\/maison-du-tourisme-terres-de-meuse\/","name":"Maison du tourisme Terres-de-Meuse - Commune de Modave","isPartOf":{"@id":"https:\/\/www.modave.be\/#website"},"primaryImageOfPage":{"@id":"https:\/\/www.modave.be\/index.php\/maison-du-tourisme-terres-de-meuse\/#primaryimage"},"image":{"@id":"https:\/\/www.modave.be\/index.php\/maison-du-tourisme-terres-de-meuse\/#primaryimage"},"thumbnailUrl":"https:\/\/www.modave.be\/wp-content\/uploads\/2023\/03\/Chardons-scaled.jpg","datePublished":"2023-01-13T14:15:04+00:00","dateModified":"2023-09-06T13:16:31+00:00","breadcrumb":{"@id":"https:\/\/www.modave.be\/index.php\/maison-du-tourisme-terres-de-meuse\/#breadcrumb"},"inLanguage":"fr-FR","potentialAction":[{"@type":"ReadAction","target":["https:\/\/www.modave.be\/index.php\/maison-du-tourisme-terres-de-meuse\/"]}]},{"@type":"ImageObject","inLanguage":"fr-FR","@id":"https:\/\/www.modave.be\/index.php\/maison-du-tourisme-terres-de-meuse\/#primaryimage","url":"https:\/\/www.modave.be\/wp-content\/uploads\/2023\/03\/Chardons-scaled.jpg","contentUrl":"https:\/\/www.modave.be\/wp-content\/uploads\/2023\/03\/Chardons-scaled.jpg","width":2560,"height":1707},{"@type":"BreadcrumbList","@id":"https:\/\/www.modave.be\/index.php\/maison-du-tourisme-terres-de-meuse\/#breadcrumb","itemListElement":[{"@type":"ListItem","position":1,"name":"Accueil","item":"https:\/\/www.modave.be\/"},{"@type":"ListItem","position":2,"name":"Maison du tourisme Terres-de-Meuse"}]},{"@type":"WebSite","@id":"https:\/\/www.modave.be\/#website","url":"https:\/\/www.modave.be\/","name":"Commune de Modave","description":"Commune de Modave","publisher":{"@id":"https:\/\/www.modave.be\/#organization"},"potentialAction":[{"@type":"SearchAction","target":{"@type":"EntryPoint","urlTemplate":"https:\/\/www.modave.be\/?s={search_term_string}"},"query-input":{"@type":"PropertyValueSpecification","valueRequired":true,"valueName":"search_term_string"}}],"inLanguage":"fr-FR"},{"@type":"Organization","@id":"https:\/\/www.modave.be\/#organization","name":"Commune de Modave","url":"https:\/\/www.modave.be\/","logo":{"@type":"ImageObject","inLanguage":"fr-FR","@id":"https:\/\/www.modave.be\/#\/schema\/logo\/image\/","url":"https:\/\/www.modave.be\/wp-content\/uploads\/2021\/12\/MODAVE_LOGO_HORIZONTAL_QUADRI_RVB.png","contentUrl":"https:\/\/www.modave.be\/wp-content\/uploads\/2021\/12\/MODAVE_LOGO_HORIZONTAL_QUADRI_RVB.png","width":1200,"height":501,"caption":"Commune de Modave"},"image":{"@id":"https:\/\/www.modave.be\/#\/schema\/logo\/image\/"}}]}},"_links":{"self":[{"href":"https:\/\/www.modave.be\/index.php\/wp-json\/wp\/v2\/pages\/10294","targetHints":{"allow":["GET"]}}],"collection":[{"href":"https:\/\/www.modave.be\/index.php\/wp-json\/wp\/v2\/pages"}],"about":[{"href":"https:\/\/www.modave.be\/index.php\/wp-json\/wp\/v2\/types\/page"}],"author":[{"embeddable":true,"href":"https:\/\/www.modave.be\/index.php\/wp-json\/wp\/v2\/users\/1"}],"replies":[{"embeddable":true,"href":"https:\/\/www.modave.be\/index.php\/wp-json\/wp\/v2\/comments?post=10294"}],"version-history":[{"count":0,"href":"https:\/\/www.modave.be\/index.php\/wp-json\/wp\/v2\/pages\/10294\/revisions"}],"wp:featuredmedia":[{"embeddable":true,"href":"https:\/\/www.modave.be\/index.php\/wp-json\/wp\/v2\/media\/11921"}],"wp:attachment":[{"href":"https:\/\/www.modave.be\/index.php\/wp-json\/wp\/v2\/media?parent=10294"}],"curies":[{"name":"wp","href":"https:\/\/api.w.org\/{rel}","templated":true}]}}