{"id":11069,"date":"2023-02-21T09:47:06","date_gmt":"2023-02-21T08:47:06","guid":{"rendered":"http:\/\/217.182.142.226\/?page_id=11069"},"modified":"2025-12-23T10:37:09","modified_gmt":"2025-12-23T09:37:09","slug":"culture","status":"publish","type":"page","link":"https:\/\/www.modave.be\/index.php\/services-communaux\/culture\/","title":{"rendered":"Culture"},"content":{"rendered":"\t\t<div data-elementor-type=\"wp-page\" data-elementor-id=\"11069\" class=\"elementor elementor-11069\" wpc-filter-elementor-widget=\"1\" data-elementor-post-type=\"page\">\n\t\t\t\t\t\t<section class=\"elementor-section elementor-top-section elementor-element elementor-element-19d15e8 elementor-section-boxed elementor-section-height-default elementor-section-height-default\" data-id=\"19d15e8\" data-element_type=\"section\" data-e-type=\"section\">\n\t\t\t\t\t\t<div class=\"elementor-container elementor-column-gap-default\">\n\t\t\t\t\t<div class=\"elementor-column elementor-col-100 elementor-top-column elementor-element elementor-element-5401e64\" data-id=\"5401e64\" data-element_type=\"column\" data-e-type=\"column\">\n\t\t\t<div class=\"elementor-widget-wrap elementor-element-populated\">\n\t\t\t\t\t\t<div class=\"elementor-element elementor-element-b293f0d split-breadcrumbs-y elementor-widget elementor-widget-the7-breadcrumb\" data-id=\"b293f0d\" data-element_type=\"widget\" data-e-type=\"widget\" data-widget_type=\"the7-breadcrumb.default\">\n\t\t\t\t<div class=\"elementor-widget-container\">\n\t\t\t\t\t<div class=\"assistive-text\">Vous \u00eates ici :<\/div><ol class=\"breadcrumbs text-small rcrumbs\" itemscope itemtype=\"https:\/\/schema.org\/BreadcrumbList\"><li itemprop=\"itemListElement\" itemscope itemtype=\"https:\/\/schema.org\/ListItem\"><a itemprop=\"item\" href=\"https:\/\/www.modave.be\/\" title=\"Accueil\"><span itemprop=\"name\">Accueil<\/span><\/a><meta itemprop=\"position\" content=\"1\" \/><\/li><li class=\"current\" itemprop=\"itemListElement\" itemscope itemtype=\"https:\/\/schema.org\/ListItem\"><span itemprop=\"name\">Page<\/span><meta itemprop=\"position\" content=\"2\" \/><\/li><\/ol>\t\t\t\t<\/div>\n\t\t\t\t<\/div>\n\t\t\t\t\t<\/div>\n\t\t<\/div>\n\t\t\t\t\t<\/div>\n\t\t<\/section>\n\t\t\t\t<section class=\"elementor-section elementor-top-section elementor-element elementor-element-cf9449d elementor-section-boxed elementor-section-height-default elementor-section-height-default\" data-id=\"cf9449d\" data-element_type=\"section\" data-e-type=\"section\">\n\t\t\t\t\t\t<div class=\"elementor-container elementor-column-gap-default\">\n\t\t\t\t\t<div class=\"elementor-column elementor-col-33 elementor-top-column elementor-element elementor-element-8c2f758\" data-id=\"8c2f758\" data-element_type=\"column\" data-e-type=\"column\">\n\t\t\t<div class=\"elementor-widget-wrap elementor-element-populated\">\n\t\t\t\t\t\t<div class=\"elementor-element elementor-element-ff562d7 elementor-widget elementor-widget-image\" data-id=\"ff562d7\" data-element_type=\"widget\" data-e-type=\"widget\" data-widget_type=\"image.default\">\n\t\t\t\t<div class=\"elementor-widget-container\">\n\t\t\t\t\t\t\t\t\t\t\t\t\t\t\t<img decoding=\"async\" src=\"https:\/\/www.modave.be\/wp-content\/uploads\/elementor\/thumbs\/MODAVE_LOGO_VERTICAL_QUADRI_RVB-1-q4lws9w9u128sxmv5e94qhtcu9b0stk6oxz2d103j0.png\" title=\"MODAVE_LOGO_VERTICAL_QUADRI_RVB\" alt=\"MODAVE_LOGO_VERTICAL_QUADRI_RVB\" loading=\"lazy\" \/>\t\t\t\t\t\t\t\t\t\t\t\t\t\t\t<\/div>\n\t\t\t\t<\/div>\n\t\t\t\t\t<\/div>\n\t\t<\/div>\n\t\t\t\t<div class=\"elementor-column elementor-col-33 elementor-top-column elementor-element elementor-element-24bfbea\" data-id=\"24bfbea\" data-element_type=\"column\" data-e-type=\"column\">\n\t\t\t<div class=\"elementor-widget-wrap elementor-element-populated\">\n\t\t\t\t\t\t<div class=\"elementor-element elementor-element-d7106c1 content-align-left icon-box-vertical-align-top icon-position-left icon-vertical-align-start elementor-widget elementor-widget-the7_icon_box_grid_widget\" data-id=\"d7106c1\" data-element_type=\"widget\" data-e-type=\"widget\" data-widget_type=\"the7_icon_box_grid_widget.default\">\n\t\t\t\t<div class=\"elementor-widget-container\">\n\t\t\t\t\t<div class=\"the7-box-grid-wrapper the7-elementor-widget loading-effect-none the7_icon_box_grid_widget-d7106c1 widget-divider-on\"><h4 class=\"rp-heading\">Fran\u00e7ois Perniaux<\/h4>\t\t\t<div class=\"dt-css-grid\">\n\t\t\t\t\t\t\t\t\t<div class=\"wf-cell shown\">\n\t\t\t\t\t\t<div class=\"the7-icon-box-grid\">\t\t\t\t\t\t\t<div class=\"box-content-wrapper\">\n\t\t\t\t\t\t\t\t\t\t\t\t\t\t\t\t\t<a class=\"elementor-icon-div\" aria-label=\"T\u00e9l\u00e9phone\">\t\t\t\t\t\t\t\t\t\t<div class=\"elementor-icon\">\n\t\t\t\t\t\t\t\t\t\t\t<i aria-hidden=\"true\" class=\"fas fa-phone-alt\"><\/i>\t\t\t\t\t\t\t\t\t\t<\/div>\n\t\t\t\t\t\t\t\t\t<\/a>\t\t\t\t\t\t\t\t\t\t\t\t\t\t\t\t<div class=\"box-content\">\n\t\t\t\t\t\t\t\t\t\t\t\t\t\t\t\t\t\t\t\t\t\t\t\t\t\t\t\t\t<h5 class=\"box-heading\">\n\t\t\t\t\t\t\t\t\t\t\t<a aria-label=\"T\u00e9l\u00e9phone\">\t\t\t\t\t\t\t\t\t\t\t\tT\u00e9l\u00e9phone\t\t\t\t\t\t\t\t\t\t\t<\/a>\t\t\t\t\t\t\t\t\t\t<\/h5>\n\t\t\t\t\t\t\t\t\t\t\t\t\t\t\t\t\t\t\t\t\t\t\t\t\t\t\t\t<div class=\"box-description\">085\/41.02.20 Ext 5<\/div>\n\t\t\t\t\t\t\t\t\t\t\t\t\t\t\t\t\t\t\t\t\t\t\t\t\t\t<\/div>\n\t\t\t\t\t\t\t<\/div>\n\t\t\t\t\t\t<\/div>\t\t\t\t\t<\/div>\n\t\t\t\t\t\t\t\t\t<div class=\"wf-cell shown\">\n\t\t\t\t\t\t<div class=\"the7-icon-box-grid\">\t\t\t\t\t\t\t<div class=\"box-content-wrapper\">\n\t\t\t\t\t\t\t\t\t\t\t\t\t\t\t\t\t<a class=\"elementor-icon-div\" aria-label=\"Fax\">\t\t\t\t\t\t\t\t\t\t<div class=\"elementor-icon\">\n\t\t\t\t\t\t\t\t\t\t\t<i aria-hidden=\"true\" class=\"fas fa-fax\"><\/i>\t\t\t\t\t\t\t\t\t\t<\/div>\n\t\t\t\t\t\t\t\t\t<\/a>\t\t\t\t\t\t\t\t\t\t\t\t\t\t\t\t<div class=\"box-content\">\n\t\t\t\t\t\t\t\t\t\t\t\t\t\t\t\t\t\t\t\t\t\t\t\t\t\t\t\t\t<h5 class=\"box-heading\">\n\t\t\t\t\t\t\t\t\t\t\t<a aria-label=\"Fax\">\t\t\t\t\t\t\t\t\t\t\t\tFax\t\t\t\t\t\t\t\t\t\t\t<\/a>\t\t\t\t\t\t\t\t\t\t<\/h5>\n\t\t\t\t\t\t\t\t\t\t\t\t\t\t\t\t\t\t\t\t\t\t\t\t\t\t\t\t<div class=\"box-description\">085\/41.02.25<\/div>\n\t\t\t\t\t\t\t\t\t\t\t\t\t\t\t\t\t\t\t\t\t\t\t\t\t\t<\/div>\n\t\t\t\t\t\t\t<\/div>\n\t\t\t\t\t\t<\/div>\t\t\t\t\t<\/div>\n\t\t\t\t\t\t\t\t\t<div class=\"wf-cell shown\">\n\t\t\t\t\t\t<div class=\"the7-icon-box-grid\">\t\t\t\t\t\t\t<div class=\"box-content-wrapper\">\n\t\t\t\t\t\t\t\t\t\t\t\t\t\t\t\t\t<a class=\"elementor-icon-div\" aria-label=\"Email\">\t\t\t\t\t\t\t\t\t\t<div class=\"elementor-icon\">\n\t\t\t\t\t\t\t\t\t\t\t<i aria-hidden=\"true\" class=\"fas fa-envelope\"><\/i>\t\t\t\t\t\t\t\t\t\t<\/div>\n\t\t\t\t\t\t\t\t\t<\/a>\t\t\t\t\t\t\t\t\t\t\t\t\t\t\t\t<div class=\"box-content\">\n\t\t\t\t\t\t\t\t\t\t\t\t\t\t\t\t\t\t\t\t\t\t\t\t\t\t\t\t\t<h5 class=\"box-heading\">\n\t\t\t\t\t\t\t\t\t\t\t<a aria-label=\"Email\">\t\t\t\t\t\t\t\t\t\t\t\tEmail\t\t\t\t\t\t\t\t\t\t\t<\/a>\t\t\t\t\t\t\t\t\t\t<\/h5>\n\t\t\t\t\t\t\t\t\t\t\t\t\t\t\t\t\t\t\t\t\t\t\t\t\t\t\t\t<div class=\"box-description\">jeunesse@modave.be<\/div>\n\t\t\t\t\t\t\t\t\t\t\t\t\t\t\t\t\t\t\t\t\t\t\t\t\t\t<\/div>\n\t\t\t\t\t\t\t<\/div>\n\t\t\t\t\t\t<\/div>\t\t\t\t\t<\/div>\n\t\t\t\t\t\t\t\t\t<div class=\"wf-cell shown\">\n\t\t\t\t\t\t<div class=\"the7-icon-box-grid\">\t\t\t\t\t\t\t<div class=\"box-content-wrapper\">\n\t\t\t\t\t\t\t\t\t\t\t\t\t\t\t\t\t<a class=\"elementor-icon-div\" aria-label=\"Adresse\">\t\t\t\t\t\t\t\t\t\t<div class=\"elementor-icon\">\n\t\t\t\t\t\t\t\t\t\t\t<i aria-hidden=\"true\" class=\"fas fa-map-signs\"><\/i>\t\t\t\t\t\t\t\t\t\t<\/div>\n\t\t\t\t\t\t\t\t\t<\/a>\t\t\t\t\t\t\t\t\t\t\t\t\t\t\t\t<div class=\"box-content\">\n\t\t\t\t\t\t\t\t\t\t\t\t\t\t\t\t\t\t\t\t\t\t\t\t\t\t\t\t\t<h5 class=\"box-heading\">\n\t\t\t\t\t\t\t\t\t\t\t<a aria-label=\"Adresse\">\t\t\t\t\t\t\t\t\t\t\t\tAdresse\t\t\t\t\t\t\t\t\t\t\t<\/a>\t\t\t\t\t\t\t\t\t\t<\/h5>\n\t\t\t\t\t\t\t\t\t\t\t\t\t\t\t\t\t\t\t\t\t\t\t\t\t\t\t\t<div class=\"box-description\">Administration communale<br>\nPlace G. Hubin, 1-3 <br>\n4577 MODAVE<\/div>\n\t\t\t\t\t\t\t\t\t\t\t\t\t\t\t\t\t\t\t\t\t\t\t\t\t\t<\/div>\n\t\t\t\t\t\t\t<\/div>\n\t\t\t\t\t\t<\/div>\t\t\t\t\t<\/div>\n\t\t\t\t\t\t\t<\/div>\n\t\t<\/div>\t\t\t\t<\/div>\n\t\t\t\t<\/div>\n\t\t\t\t<div class=\"elementor-element elementor-element-e09bfe2 elementor-widget elementor-widget-spacer\" data-id=\"e09bfe2\" data-element_type=\"widget\" data-e-type=\"widget\" data-widget_type=\"spacer.default\">\n\t\t\t\t<div class=\"elementor-widget-container\">\n\t\t\t\t\t\t\t<div class=\"elementor-spacer\">\n\t\t\t<div class=\"elementor-spacer-inner\"><\/div>\n\t\t<\/div>\n\t\t\t\t\t\t<\/div>\n\t\t\t\t<\/div>\n\t\t\t\t\t<\/div>\n\t\t<\/div>\n\t\t\t\t<div class=\"elementor-column elementor-col-33 elementor-top-column elementor-element elementor-element-dbda01d\" data-id=\"dbda01d\" data-element_type=\"column\" data-e-type=\"column\">\n\t\t\t<div class=\"elementor-widget-wrap elementor-element-populated\">\n\t\t\t\t\t\t<div class=\"elementor-element elementor-element-53041d9 elementor-widget elementor-widget-text-editor\" data-id=\"53041d9\" data-element_type=\"widget\" data-e-type=\"widget\" data-widget_type=\"text-editor.default\">\n\t\t\t\t<div class=\"elementor-widget-container\">\n\t\t\t\t\t\t\t\t\t<ul><li><strong>Ev\u00e9nements occasionnels<\/strong><\/li><\/ul>\t\t\t\t\t\t\t\t<\/div>\n\t\t\t\t<\/div>\n\t\t\t\t<div class=\"elementor-element elementor-element-db4051f elementor-widget elementor-widget-heading\" data-id=\"db4051f\" data-element_type=\"widget\" data-e-type=\"widget\" data-widget_type=\"heading.default\">\n\t\t\t\t<div class=\"elementor-widget-container\">\n\t\t\t\t\t<h3 class=\"elementor-heading-title elementor-size-default\">Agenda<\/h3>\t\t\t\t<\/div>\n\t\t\t\t<\/div>\n\t\t\t\t<div class=\"elementor-element elementor-element-f2742e2 elementor-widget elementor-widget-text-editor\" data-id=\"f2742e2\" data-element_type=\"widget\" data-e-type=\"widget\" data-widget_type=\"text-editor.default\">\n\t\t\t\t<div class=\"elementor-widget-container\">\n\t\t\t\t\t\t\t\t\t<p><!-- EventON Calendar --><div id='evcal_calendar_291' class='list_cal ajde_evcal_calendar sev cev color esty_2 ul etttc_custom ' ><div id='evcal_head' class='calendar_header ' ><div class='evo_cal_above'><span class='evo-search'><\/span><span class='evo-gototoday-btn evo_hide' style='display:none;' data-mo='4' data-yr='2026' data-dy=''>Mois actuel<\/span><span class='evo-sort-btn'><div class='eventon_sort_line' style='display:none'><p data-val='sort_date' data-type='date' class='evs_btn evo_sort_option evs_hide select' >Date<\/p><p data-val='sort_title' data-type='title' class='evs_btn evo_sort_option ' >Titre<\/p><\/div><\/span><\/div><div class='evo_cal_above_content'>\t\t\t\t\t\n\t\t\t\t<div class='evo_search_bar evo_hidden'>\n\t\t\t\t\t<div class='evo_search_bar_in' >\n\t\t\t\t\t\t<input id='evo_search_bar_in_291' type=\"text\" placeholder='Search Events' data-role=\"none\"\/>\n\n\t\t\t\t\t\t<a class=\"evosr_search_clear_btn\"><i class=\"fa fa-close\"><\/i><\/a>\n\t\t\t\t\t\t<a class=\"evosr_search_btn\"><i class=\"fa fa-search\"><\/i><\/a>\n\t\t\t\t\t<\/div>\n\t\t\t\t<\/div>\n\n\t\t\t<\/div><\/div><div class='eventon_sorting_section' style='display:none'><div class='eventon_filter_line '><div class='eventon_filter evo_sortOpt evo_sortList_event_type' data-filter_field='event_type' data-filter_val='186' data-filter_type='tax' data-fl_o='IN ' data-fldef='186'>\n\t\t\t\t\t\t\t\t\t<p class='filtering_set_val'>Type d&#039;\u00e9v\u00e9nement<em class='fa fa-check'><\/em><\/p>\n\t\t\t\t\t\t\t\t\t<div class='eventon_filter_dropdown' style='display:none'><p class='evo_filter_val  all' data-filter_val='all'>All<\/p><p class='evo_filter_val  event_type_288 aines has_icon' data-filter_val='288' data-filter_slug='aines'><i class=\"fa fa-hiking\"><\/i>A\u00een\u00e9s<\/p><p class='evo_filter_val  event_type_313 assemblee has_icon' data-filter_val='313' data-filter_slug='assemblee'><i class=\"fa fa-people-line\"><\/i>Assembl\u00e9es G\u00e9n\u00e9rales Ordinaires<\/p><p class='evo_filter_val  event_type_182 associatif has_icon' data-filter_val='182' data-filter_slug='associatif'><i class=\"fa fa-contact-book\"><\/i>Associatif<\/p><p class='evo_filter_val  event_type_476 associatif-aines  np' data-filter_val='476' data-filter_slug='associatif-aines'>Associatif<\/p><p class='evo_filter_val  event_type_333 bibliotheque has_icon' data-filter_val='333' data-filter_slug='bibliotheque'><i class=\"fa fa-book-open-reader\"><\/i>Biblioth\u00e8que<\/p><p class='evo_filter_val  event_type_475 ccca  np' data-filter_val='475' data-filter_slug='ccca'>CCCA<\/p><p class='evo_filter_val  event_type_409 citoyennete has_icon' data-filter_val='409' data-filter_slug='citoyennete'><i class=\"fa fa-handshake\"><\/i>Citoyennet\u00e9<\/p><p class='evo_filter_val  event_type_456 com has_icon' data-filter_val='456' data-filter_slug='com'><i class=\"fa fa-comments\"><\/i>Communication<\/p><p class='evo_filter_val  event_type_474 cpas  np' data-filter_val='474' data-filter_slug='cpas'>CPAS<\/p><p class='evo_filter_val select event_type_186 culture has_icon' data-filter_val='186' data-filter_slug='culture'><i class=\"fa fa-book-open-reader\"><\/i>Culture<\/p><p class='evo_filter_val  event_type_185 divers has_icon' data-filter_val='185' data-filter_slug='divers'><i class=\"fa fa-check-circle\"><\/i>Divers<\/p><p class='evo_filter_val  event_type_410 enseignement has_icon' data-filter_val='410' data-filter_slug='enseignement'><i class=\"fa fa-pencil-square\"><\/i>Enseignement<\/p><p class='evo_filter_val  event_type_299 environnement has_icon' data-filter_val='299' data-filter_slug='environnement'><i class=\"fa fa-globe-europe\"><\/i>Environnement<\/p><p class='evo_filter_val  event_type_298 festivites has_icon' data-filter_val='298' data-filter_slug='festivites'><i class=\"fa fa-music\"><\/i>Festivit\u00e9s<\/p><p class='evo_filter_val  event_type_458 finances has_icon' data-filter_val='458' data-filter_slug='finances'><i class=\"fa fa-money-check\"><\/i>Finances<\/p><p class='evo_filter_val  event_type_379 formations has_icon' data-filter_val='379' data-filter_slug='formations'><i class=\"fa fa-school-flag\"><\/i>Formations<\/p><p class='evo_filter_val  event_type_403 histoire-patrimoine has_icon' data-filter_val='403' data-filter_slug='histoire-patrimoine'><i class=\"fa fa-landmark-alt\"><\/i>Histoire &amp; patrimoine<\/p><p class='evo_filter_val  event_type_408 infos-pratiques has_icon' data-filter_val='408' data-filter_slug='infos-pratiques'><i class=\"fa fa-info\"><\/i>Infos pratiques<\/p><p class='evo_filter_val  event_type_304 jeunesse has_icon' data-filter_val='304' data-filter_slug='jeunesse'><i class=\"fa fa-child-reaching\"><\/i>Jeunesse<\/p><p class='evo_filter_val  event_type_336 sante has_icon' data-filter_val='336' data-filter_slug='sante'><i class=\"fa fa-hand-holding-medical\"><\/i>Sant\u00e9<\/p><p class='evo_filter_val  event_type_179 sportsetloisirs has_icon' data-filter_val='179' data-filter_slug='sportsetloisirs'><i class=\"fa fa-person-biking\"><\/i>Sport<\/p><p class='evo_filter_val  event_type_352 stages has_icon' data-filter_val='352' data-filter_slug='stages'><i class=\"fa fa-calendar-alt\"><\/i>Stages<\/p><p class='evo_filter_val  event_type_457 taxes has_icon' data-filter_val='457' data-filter_slug='taxes'><i class=\"fa fa-money-check\"><\/i>Taxes<\/p><p class='evo_filter_val  event_type_300 travaux has_icon' data-filter_val='300' data-filter_slug='travaux'><i class=\"fa fa-warning\"><\/i>Travaux<\/p><\/div>\t\n\t\t\t\t\t\t\t<\/div><div class='eventon_filter evo_sortOpt evo_sortList_event_location' data-filter_field='event_location' data-filter_val='all' data-filter_type='tax' data-fl_o='IN ' data-fldef='all'>\n\t\t\t\t\t\t\t\t\t<p class='filtering_set_val'>Lieu de l&#039;\u00e9v\u00e9nement<em class='fa fa-check'><\/em><\/p>\n\t\t\t\t\t\t\t\t\t<div class='eventon_filter_dropdown' style='display:none'><p class='evo_filter_val select all' data-filter_val='all'>All<\/p><p class='evo_filter_val select event_location_341 administration-communal-de-nandrin ' data-filter_val='341' data-filter_slug='administration-communal-de-nandrin'>Administration Communal de Nandrin<\/p><p class='evo_filter_val select event_location_383 administration-communale-danthisnes ' data-filter_val='383' data-filter_slug='administration-communale-danthisnes'>Administration communale d\u2019Anthisnes<\/p><p class='evo_filter_val select event_location_377 administration-communale-de-hamoir ' data-filter_val='377' data-filter_slug='administration-communale-de-hamoir'>Administration communale de Hamoir,<\/p><p class='evo_filter_val select event_location_467 ancienne-ecole-de-les-avins ' data-filter_val='467' data-filter_slug='ancienne-ecole-de-les-avins'>Ancienne \u00e9cole de &quot;Les Avins&quot;<\/p><p class='evo_filter_val select event_location_337 ancienne-gare-de-barse ' data-filter_val='337' data-filter_slug='ancienne-gare-de-barse'>Ancienne gare de Barse<\/p><p class='evo_filter_val select event_location_430 ancienne-gare-de-pont-de-bonne ' data-filter_val='430' data-filter_slug='ancienne-gare-de-pont-de-bonne'>Ancienne gare de Pont-de-Bonne<\/p><p class='evo_filter_val select event_location_380 atelier-de-gravure-de-oyou ' data-filter_val='380' data-filter_slug='atelier-de-gravure-de-oyou'>Atelier de gravure de OYOU<\/p><p class='evo_filter_val select event_location_382 athenee-royal-prince-baudouin ' data-filter_val='382' data-filter_slug='athenee-royal-prince-baudouin'>Ath\u00e9n\u00e9e Royal Prince Baudouin<\/p><p class='evo_filter_val select event_location_434 baratin ' data-filter_val='434' data-filter_slug='baratin'>Baratin<\/p><p class='evo_filter_val select event_location_339 bibliotheque-de-marchin ' data-filter_val='339' data-filter_slug='bibliotheque-de-marchin'>Biblioth\u00e8que de Marchin<\/p><p class='evo_filter_val select event_location_303 bibliotheque-de-vierset ' data-filter_val='303' data-filter_slug='bibliotheque-de-vierset'>Biblioth\u00e8que de Vierset<\/p><p class='evo_filter_val select event_location_189 bibliotheque-publique-de-marchin ' data-filter_val='189' data-filter_slug='bibliotheque-publique-de-marchin'>Biblioth\u00e8que publique de Marchin<\/p><p class='evo_filter_val select event_location_305 bistro-a-grand-marchin ' data-filter_val='305' data-filter_slug='bistro-a-grand-marchin'>Bistro \u00e0 Grand-Marchin<\/p><p class='evo_filter_val select event_location_187 bois-rosine ' data-filter_val='187' data-filter_slug='bois-rosine'>Bois rosine<\/p><p class='evo_filter_val select event_location_317 business-village-ecolys-by-actibel ' data-filter_val='317' data-filter_slug='business-village-ecolys-by-actibel'>Business Village Ecolys by Actibel<\/p><p class='evo_filter_val select event_location_431 c-t-a-de-stree ' data-filter_val='431' data-filter_slug='c-t-a-de-stree'>C.T.A. de Str\u00e9e<\/p><p class='evo_filter_val select event_location_490 chapelle-de-limet ' data-filter_val='490' data-filter_slug='chapelle-de-limet'>Chapelle de Limet<\/p><p class='evo_filter_val select event_location_398 chapelle-du-fourneau ' data-filter_val='398' data-filter_slug='chapelle-du-fourneau'>chapelle du Fourneau<\/p><p class='evo_filter_val select event_location_489 chateau-de-fallais ' data-filter_val='489' data-filter_slug='chateau-de-fallais'>Ch\u00e2teau de Fallais<\/p><p class='evo_filter_val select event_location_486 chateau-de-jehay ' data-filter_val='486' data-filter_slug='chateau-de-jehay'>Ch\u00e2teau de Jehay<\/p><p class='evo_filter_val select event_location_309 chateau-de-modave ' data-filter_val='309' data-filter_slug='chateau-de-modave'>Ch\u00e2teau de Modave<\/p><p class='evo_filter_val select event_location_478 chez-ruelle ' data-filter_val='478' data-filter_slug='chez-ruelle'>Chez Ruelle<\/p><p class='evo_filter_val select event_location_325 cile ' data-filter_val='325' data-filter_slug='cile'>CILE<\/p><p class='evo_filter_val select event_location_348 commune-de-modave ' data-filter_val='348' data-filter_slug='commune-de-modave'>Commune de Modave<\/p><p class='evo_filter_val select event_location_270 complexe-sportif-communal ' data-filter_val='270' data-filter_slug='complexe-sportif-communal'>Complexe sportif communal<\/p><p class='evo_filter_val select event_location_284 crie-chateau-de-modave ' data-filter_val='284' data-filter_slug='crie-chateau-de-modave'>CRIE &#8211; Ch\u00e2teau de Modave<\/p><p class='evo_filter_val select event_location_378 devenirs-asbl ' data-filter_val='378' data-filter_slug='devenirs-asbl'>Devenirs asbl<\/p><p class='evo_filter_val select event_location_273 ecole-communale-de-modave ' data-filter_val='273' data-filter_slug='ecole-communale-de-modave'>Ecole communale de Modave<\/p><p class='evo_filter_val select event_location_448 ecole-de-la-sainte-famille ' data-filter_val='448' data-filter_slug='ecole-de-la-sainte-famille'>\u00c9cole de la Sainte-Famille<\/p><p class='evo_filter_val select event_location_177 ecole-saint-joseph ' data-filter_val='177' data-filter_slug='ecole-saint-joseph'>Ecole Saint Joseph<\/p><p class='evo_filter_val select event_location_397 eglise-de-modave ' data-filter_val='397' data-filter_slug='eglise-de-modave'>Eglise de Modave<\/p><p class='evo_filter_val select event_location_268 eglise-de-pailhle ' data-filter_val='268' data-filter_slug='eglise-de-pailhle'>Eglise de Pailhle<\/p><p class='evo_filter_val select event_location_180 eglise-de-ramelot ' data-filter_val='180' data-filter_slug='eglise-de-ramelot'>Eglise de Ramelot<\/p><p class='evo_filter_val select event_location_399 eglise-de-rausa ' data-filter_val='399' data-filter_slug='eglise-de-rausa'>\u00e9glise de Rausa<\/p><p class='evo_filter_val select event_location_282 eglise-de-saint-martin ' data-filter_val='282' data-filter_slug='eglise-de-saint-martin'>Eglise de Saint Martin<\/p><p class='evo_filter_val select event_location_396 eglise-de-vierset-barse ' data-filter_val='396' data-filter_slug='eglise-de-vierset-barse'>Eglise de Vierset Barse<\/p><p class='evo_filter_val select event_location_289 eglise-de-villers-le-temple ' data-filter_val='289' data-filter_slug='eglise-de-villers-le-temple'>Eglise de Villers-le-Temple<\/p><p class='evo_filter_val select event_location_400 eglise-de-vyle-tharoul ' data-filter_val='400' data-filter_slug='eglise-de-vyle-tharoul'>\u00e9glise de Vyle Tharoul<\/p><p class='evo_filter_val select event_location_460 eglise-saint-pierre-de-villers-le-temple ' data-filter_val='460' data-filter_slug='eglise-saint-pierre-de-villers-le-temple'>\u00c9glise Saint-Pierre de Villers-le-Temple<\/p><p class='evo_filter_val select event_location_321 enodia ' data-filter_val='321' data-filter_slug='enodia'>Enodia<\/p><p class='evo_filter_val select event_location_437 espace-de-convivialite-de-modave ' data-filter_val='437' data-filter_slug='espace-de-convivialite-de-modave'>Espace de Convivialit\u00e9 de Modave<\/p><p class='evo_filter_val select event_location_435 espace-tiers-lieu ' data-filter_val='435' data-filter_slug='espace-tiers-lieu'>Espace Tiers-Lieu<\/p><p class='evo_filter_val select event_location_275 espace-test-de-stree ' data-filter_val='275' data-filter_slug='espace-test-de-stree'>Espace-test de str\u00e9e<\/p><p class='evo_filter_val select event_location_488 fort-de-huy ' data-filter_val='488' data-filter_slug='fort-de-huy'>Fort de Huy<\/p><p class='evo_filter_val select event_location_427 grand-route-8-marchin ' data-filter_val='427' data-filter_slug='grand-route-8-marchin'>Grand Route 8, Marchin<\/p><p class='evo_filter_val select event_location_426 grand-route-8-vyle-et-tharoul-marchin ' data-filter_val='426' data-filter_slug='grand-route-8-vyle-et-tharoul-marchin'>Grand Route 8, Vyle-et-Tharoul Marchin<\/p><p class='evo_filter_val select event_location_441 hall-des-sports-de-marchin ' data-filter_val='441' data-filter_slug='hall-des-sports-de-marchin'>Hall des sports de Marchin<\/p><p class='evo_filter_val select event_location_292 hall-omnisports-du-cnrf ' data-filter_val='292' data-filter_slug='hall-omnisports-du-cnrf'>Hall Omnisports du CNRF<\/p><p class='evo_filter_val select event_location_454 hotel-de-police ' data-filter_val='454' data-filter_slug='hotel-de-police'>H\u00f4tel de Police<\/p><p class='evo_filter_val select event_location_316 intradel ' data-filter_val='316' data-filter_slug='intradel'>Intradel<\/p><p class='evo_filter_val select event_location_401 jardin-des-aubepines ' data-filter_val='401' data-filter_slug='jardin-des-aubepines'>Jardin des Aub\u00e9pines<\/p><p class='evo_filter_val select event_location_421 la-cabane-de-chantal-et-brice ' data-filter_val='421' data-filter_slug='la-cabane-de-chantal-et-brice'>La Cabane de Chantal et Brice<\/p><p class='evo_filter_val select event_location_386 la-limonaderie ' data-filter_val='386' data-filter_slug='la-limonaderie'>La Limonaderie<\/p><p class='evo_filter_val select event_location_451 le-grenier ' data-filter_val='451' data-filter_slug='le-grenier'>Le Grenier<\/p><p class='evo_filter_val select event_location_428 les-deux-chenes-asbl ' data-filter_val='428' data-filter_slug='les-deux-chenes-asbl'>Les Deux Ch\u00eanes ASBL<\/p><p class='evo_filter_val select event_location_184 les-echos-du-hoyoux ' data-filter_val='184' data-filter_slug='les-echos-du-hoyoux'>Les Echos du Hoyoux<\/p><p class='evo_filter_val select event_location_384 local-des-jeunes ' data-filter_val='384' data-filter_slug='local-des-jeunes'>Local des jeunes<\/p><p class='evo_filter_val select event_location_285 local-intergenerationnel ' data-filter_val='285' data-filter_slug='local-intergenerationnel'>Local Interg\u00e9n\u00e9rationnel<\/p><p class='evo_filter_val select event_location_420 maison-rurale-de-modave ' data-filter_val='420' data-filter_slug='maison-rurale-de-modave'>Maison Rurale de Modave<\/p><p class='evo_filter_val select event_location_312 mare-de-modave ' data-filter_val='312' data-filter_slug='mare-de-modave'>Mare de Modave<\/p><p class='evo_filter_val select event_location_402 monument-de-vierset-barse ' data-filter_val='402' data-filter_slug='monument-de-vierset-barse'>Monument de Vierset-Barse<\/p><p class='evo_filter_val select event_location_485 musee-de-huy ' data-filter_val='485' data-filter_slug='musee-de-huy'>Mus\u00e9e de Huy<\/p><p class='evo_filter_val select event_location_406 nature-progres ' data-filter_val='406' data-filter_slug='nature-progres'>Nature &amp; Progr\u00e8s<\/p><p class='evo_filter_val select event_location_340 oyou ' data-filter_val='340' data-filter_slug='oyou'>Oyou<\/p><p class='evo_filter_val select event_location_425 pavillon-du-vieux-chateau ' data-filter_val='425' data-filter_slug='pavillon-du-vieux-chateau'>Pavillon du Vieux Ch\u00e2teau<\/p><p class='evo_filter_val select event_location_390 petite-ecole-de-modave-village ' data-filter_val='390' data-filter_slug='petite-ecole-de-modave-village'>Petite Ecole de Modave Village<\/p><p class='evo_filter_val select event_location_296 pl-georges-hubin ' data-filter_val='296' data-filter_slug='pl-georges-hubin'>Pl. Georges Hubin<\/p><p class='evo_filter_val select event_location_445 place-de-belle-maison ' data-filter_val='445' data-filter_slug='place-de-belle-maison'>Place de Belle-Maison<\/p><p class='evo_filter_val select event_location_465 place-de-leglise-a-les-avins-clavier ' data-filter_val='465' data-filter_slug='place-de-leglise-a-les-avins-clavier'>Place de l&#039;Eglise \u00e0 Les Avins (Clavier)<\/p><p class='evo_filter_val select event_location_461 place-de-leglise-a-terwagne ' data-filter_val='461' data-filter_slug='place-de-leglise-a-terwagne'>Place de l&#039;\u00e9glise \u00e0 Terwagne<\/p><p class='evo_filter_val select event_location_483 point-vert-stree ' data-filter_val='483' data-filter_slug='point-vert-stree'>Point Vert &#8211; Str\u00e9e<\/p><p class='evo_filter_val select event_location_391 potager-collectif ' data-filter_val='391' data-filter_slug='potager-collectif'>Potager collectif<\/p><p class='evo_filter_val select event_location_453 presbytere ' data-filter_val='453' data-filter_slug='presbytere'>Presbyt\u00e8re<\/p><p class='evo_filter_val select event_location_479 recyparc-de-clavier ' data-filter_val='479' data-filter_slug='recyparc-de-clavier'>R\u00e9cyparc de Clavier<\/p><p class='evo_filter_val select event_location_319 resa ' data-filter_val='319' data-filter_slug='resa'>Resa<\/p><p class='evo_filter_val select event_location_442 residence-des-seniors ' data-filter_val='442' data-filter_slug='residence-des-seniors'>R\u00e9sidence des seniors<\/p><p class='evo_filter_val select event_location_468 rue-biette-4577-modave ' data-filter_val='468' data-filter_slug='rue-biette-4577-modave'>Rue Biette &#8211; 4577 Modave<\/p><p class='evo_filter_val select event_location_462 rue-de-la-gare-2-4577-modave ' data-filter_val='462' data-filter_slug='rue-de-la-gare-2-4577-modave'>rue de la Gare 2 &#8211; 4577 Modave<\/p><p class='evo_filter_val select event_location_422 rue-du-parc-2-4570-marchin ' data-filter_val='422' data-filter_slug='rue-du-parc-2-4570-marchin'>Rue du Parc 2, 4570 Marchin<\/p><p class='evo_filter_val select event_location_423 rue-du-parc-5-vyle-et-tharoul-marchin ' data-filter_val='423' data-filter_slug='rue-du-parc-5-vyle-et-tharoul-marchin'>Rue du Parc 5, Vyle-et-Tharoul Marchin<\/p><p class='evo_filter_val select event_location_291 salle-bois-rosine ' data-filter_val='291' data-filter_slug='salle-bois-rosine'>Salle Bois Rosine<\/p><p class='evo_filter_val select event_location_438 salle-communale-de-hamoir ' data-filter_val='438' data-filter_slug='salle-communale-de-hamoir'>Salle communale de Hamoir<\/p><p class='evo_filter_val select event_location_459 salle-communale-de-ramelot-le-tilleul ' data-filter_val='459' data-filter_slug='salle-communale-de-ramelot-le-tilleul'>Salle communale de Ramelot \u00ab Le Tilleul \u00bb<\/p><p class='evo_filter_val select event_location_440 salle-de-loffice-du-tourisme-de-ferrieres ' data-filter_val='440' data-filter_slug='salle-de-loffice-du-tourisme-de-ferrieres'>Salle de l\u2019Office du Tourisme de Ferri\u00e8res<\/p><p class='evo_filter_val select event_location_327 salle-de-reunion-1-a-et-b ' data-filter_val='327' data-filter_slug='salle-de-reunion-1-a-et-b'>Salle de r\u00e9union \u00ab- 1 A et B \u00bb,<\/p><p class='evo_filter_val select event_location_452 salle-des-oies ' data-filter_val='452' data-filter_slug='salle-des-oies'>Salle des Oies<\/p><p class='evo_filter_val select event_location_439 salle-du-conseil-de-clavier ' data-filter_val='439' data-filter_slug='salle-du-conseil-de-clavier'>Salle du Conseil de Clavier<\/p><p class='evo_filter_val select event_location_295 salle-les-echos-du-hoyoux ' data-filter_val='295' data-filter_slug='salle-les-echos-du-hoyoux'>Salle Les Echos du Hoyoux<\/p><p class='evo_filter_val select event_location_405 salle-les-melezes-residence-de-senones ' data-filter_val='405' data-filter_slug='salle-les-melezes-residence-de-senones'>Salle Les M\u00e9l\u00e8zes, R\u00e9sidence de Senones<\/p><p class='evo_filter_val select event_location_323 station-depuration-de-liege-oupeye ' data-filter_val='323' data-filter_slug='station-depuration-de-liege-oupeye'>station d&#039;\u00e9puration de Li\u00e8ge-Oupeye<\/p><p class='evo_filter_val select event_location_302 syndicat-dinitiative-entre-eaux-chateaux ' data-filter_val='302' data-filter_slug='syndicat-dinitiative-entre-eaux-chateaux'>Syndicat d&rsquo;Initiative entre Eaux &amp; Ch\u00e2teaux<\/p><p class='evo_filter_val select event_location_394 terrain-daeromodelisme ' data-filter_val='394' data-filter_slug='terrain-daeromodelisme'>Terrain d&#039;a\u00e9romod\u00e9lisme<\/p><p class='evo_filter_val select event_location_417 terrain-de-foot-de-stree ' data-filter_val='417' data-filter_slug='terrain-de-foot-de-stree'>Terrain de foot de Str\u00e9e<\/p><p class='evo_filter_val select event_location_412 terrain-de-foot-de-vyle-tharoul ' data-filter_val='412' data-filter_slug='terrain-de-foot-de-vyle-tharoul'>Terrain de foot de Vyle-Tharoul<\/p><p class='evo_filter_val select event_location_314 val-benoit ' data-filter_val='314' data-filter_slug='val-benoit'>VAL BENOIT<\/p><p class='evo_filter_val select event_location_393 vierset-barse ' data-filter_val='393' data-filter_slug='vierset-barse'>Vierset-Barse<\/p><p class='evo_filter_val select event_location_424 vyle-et-tharoul ' data-filter_val='424' data-filter_slug='vyle-et-tharoul'>Vyle-et-Tharoul<\/p><\/div>\t\n\t\t\t\t\t\t\t<\/div><div class='eventon_filter evo_sortOpt evo_sortList_event_organizer' data-filter_field='event_organizer' data-filter_val='all' data-filter_type='tax' data-fl_o='IN ' data-fldef='all'>\n\t\t\t\t\t\t\t\t\t<p class='filtering_set_val'>Organisateur d&#039;\u00e9v\u00e9nements<em class='fa fa-check'><\/em><\/p>\n\t\t\t\t\t\t\t\t\t<div class='eventon_filter_dropdown' style='display:none'><p class='evo_filter_val select all' data-filter_val='all'>All<\/p><p class='evo_filter_val select event_organizer_446 1-8 ' data-filter_val='446' data-filter_slug='1-8'>1 \/ 8<\/p><p class='evo_filter_val select event_organizer_308 a-e-c ' data-filter_val='308' data-filter_slug='a-e-c'>A.E.C.<\/p><p class='evo_filter_val select event_organizer_306 administration-communale-de-modave ' data-filter_val='306' data-filter_slug='administration-communale-de-modave'>Administration Communale de Modave<\/p><p class='evo_filter_val select event_organizer_324 aide ' data-filter_val='324' data-filter_slug='aide'>AIDE<\/p><p class='evo_filter_val select event_organizer_463 aines ' data-filter_val='463' data-filter_slug='aines'>A\u00een\u00e9s<\/p><p class='evo_filter_val select event_organizer_188 ap-modave ' data-filter_val='188' data-filter_slug='ap-modave'>AP Modave<\/p><p class='evo_filter_val select event_organizer_450 association-de-parents-de-lecole-de-sainte-famille ' data-filter_val='450' data-filter_slug='association-de-parents-de-lecole-de-sainte-famille'>Association de Parents de l&#039;\u00e9cole de Sainte-Famille<\/p><p class='evo_filter_val select event_organizer_433 baratin ' data-filter_val='433' data-filter_slug='baratin'>Baratin<\/p><p class='evo_filter_val select event_organizer_190 bibliotheque-de-marchin ' data-filter_val='190' data-filter_slug='bibliotheque-de-marchin'>Biblioth\u00e8que de Marchin<\/p><p class='evo_filter_val select event_organizer_332 bibliotheque-de-vierset ' data-filter_val='332' data-filter_slug='bibliotheque-de-vierset'>Biblioth\u00e8que de Vierset<\/p><p class='evo_filter_val select event_organizer_290 ccca-claire ' data-filter_val='290' data-filter_slug='ccca-claire'>CCCA &#8211; Claire<\/p><p class='evo_filter_val select event_organizer_181 ccca-pietro ' data-filter_val='181' data-filter_slug='ccca-pietro'>CCCA Pietro<\/p><p class='evo_filter_val select event_organizer_328 chr-de-huy ' data-filter_val='328' data-filter_slug='chr-de-huy'>CHR de Huy<\/p><p class='evo_filter_val select event_organizer_326 cile ' data-filter_val='326' data-filter_slug='cile'>CILE<\/p><p class='evo_filter_val select event_organizer_444 cirque-zavatalia ' data-filter_val='444' data-filter_slug='cirque-zavatalia'>Cirque Zavatalia<\/p><p class='evo_filter_val select event_organizer_436 coherence-en-action ' data-filter_val='436' data-filter_slug='coherence-en-action'>Coh\u00e9rence en Action<\/p><p class='evo_filter_val select event_organizer_272 comite-de-jumelage-modave-saugues ' data-filter_val='272' data-filter_slug='comite-de-jumelage-modave-saugues'>Comit\u00e9 de jumelage Modave &#8211; Saugues<\/p><p class='evo_filter_val select event_organizer_307 comite-des-fetes-de-saint-louis ' data-filter_val='307' data-filter_slug='comite-des-fetes-de-saint-louis'>Comit\u00e9 des F\u00eates de Saint-Louis<\/p><p class='evo_filter_val select event_organizer_297 comite-des-fetes-de-vierset ' data-filter_val='297' data-filter_slug='comite-des-fetes-de-vierset'>Comit\u00e9 des F\u00eates de Vierset<\/p><p class='evo_filter_val select event_organizer_293 cpas ' data-filter_val='293' data-filter_slug='cpas'>CPAS<\/p><p class='evo_filter_val select event_organizer_484 devenirs-a-s-b-l ' data-filter_val='484' data-filter_slug='devenirs-a-s-b-l'>Devenirs a.s.b.l.<\/p><p class='evo_filter_val select event_organizer_274 direction-ecole-communale-modave ' data-filter_val='274' data-filter_slug='direction-ecole-communale-modave'>Direction Ecole communale modave<\/p><p class='evo_filter_val select event_organizer_449 ecole-de-la-sainte-famille ' data-filter_val='449' data-filter_slug='ecole-de-la-sainte-famille'>\u00c9cole de la Sainte-Famille<\/p><p class='evo_filter_val select event_organizer_310 ecole-de-saint-louis ' data-filter_val='310' data-filter_slug='ecole-de-saint-louis'>\u00c9cole de Saint-Louis<\/p><p class='evo_filter_val select event_organizer_269 ecole-libre-saint-louis ' data-filter_val='269' data-filter_slug='ecole-libre-saint-louis'>Ecole Libre Saint-Louis<\/p><p class='evo_filter_val select event_organizer_322 enodia ' data-filter_val='322' data-filter_slug='enodia'>Enodia<\/p><p class='evo_filter_val select event_organizer_447 evadom ' data-filter_val='447' data-filter_slug='evadom'>Evadom<\/p><p class='evo_filter_val select event_organizer_283 gal-condruses ' data-filter_val='283' data-filter_slug='gal-condruses'>Gal Condruses<\/p><p class='evo_filter_val select event_organizer_455 iles-de-paix-2026 ' data-filter_val='455' data-filter_slug='iles-de-paix-2026'>\u00celes de Paix 2026<\/p><p class='evo_filter_val select event_organizer_318 imio ' data-filter_val='318' data-filter_slug='imio'>IMIO<\/p><p class='evo_filter_val select event_organizer_404 infor-jeunes ' data-filter_val='404' data-filter_slug='infor-jeunes'>Infor Jeunes<\/p><p class='evo_filter_val select event_organizer_311 intradel ' data-filter_val='311' data-filter_slug='intradel'>Intradel<\/p><p class='evo_filter_val select event_organizer_389 jbs-padel-pickel ' data-filter_val='389' data-filter_slug='jbs-padel-pickel'>JBS Padel &amp; Pickel<\/p><p class='evo_filter_val select event_organizer_443 jumelage-saugues-trois-ecoles ' data-filter_val='443' data-filter_slug='jumelage-saugues-trois-ecoles'>Jumelage Saugues \u2013 Trois \u00c9coles<\/p><p class='evo_filter_val select event_organizer_183 le-ccca ' data-filter_val='183' data-filter_slug='le-ccca'>Le CCCA<\/p><p class='evo_filter_val select event_organizer_469 les-chatsmi-de-capsule ' data-filter_val='469' data-filter_slug='les-chatsmi-de-capsule'>Les Chats&#039;mi De Capsule<\/p><p class='evo_filter_val select event_organizer_429 les-deux-chenes-asbl ' data-filter_val='429' data-filter_slug='les-deux-chenes-asbl'>Les Deux Ch\u00eanes ASBL<\/p><p class='evo_filter_val select event_organizer_470 les-saisons-de-romont-apiculture-herboristerie-de-terroir ' data-filter_val='470' data-filter_slug='les-saisons-de-romont-apiculture-herboristerie-de-terroir'>Les Saisons de Romont &#8211; Apiculture &amp; Herboristerie de Terroir<\/p><p class='evo_filter_val select event_organizer_385 meuse-aval-contrat-de-riviere ' data-filter_val='385' data-filter_slug='meuse-aval-contrat-de-riviere'>Meuse Aval Contrat de Rivi\u00e8re<\/p><p class='evo_filter_val select event_organizer_349 michel-marlair ' data-filter_val='349' data-filter_slug='michel-marlair'>Michel Marlair<\/p><p class='evo_filter_val select event_organizer_271 morgane ' data-filter_val='271' data-filter_slug='morgane'>Morgane<\/p><p class='evo_filter_val select event_organizer_387 mutualite-chretienne ' data-filter_val='387' data-filter_slug='mutualite-chretienne'>Mutualit\u00e9 Chr\u00e9tienne<\/p><p class='evo_filter_val select event_organizer_411 natagora ' data-filter_val='411' data-filter_slug='natagora'>Natagora<\/p><p class='evo_filter_val select event_organizer_407 nature-progres ' data-filter_val='407' data-filter_slug='nature-progres'>Nature &amp; Progr\u00e8s<\/p><p class='evo_filter_val select event_organizer_413 one ' data-filter_val='413' data-filter_slug='one'>ONE<\/p><p class='evo_filter_val select event_organizer_276 oyou ' data-filter_val='276' data-filter_slug='oyou'>OYOU<\/p><p class='evo_filter_val select event_organizer_331 oyou-bibliotheque ' data-filter_val='331' data-filter_slug='oyou-bibliotheque'>Oyou Biblioth\u00e8que<\/p><p class='evo_filter_val select event_organizer_392 potager-collectif ' data-filter_val='392' data-filter_slug='potager-collectif'>Potager collectif<\/p><p class='evo_filter_val select event_organizer_335 province-de-liege ' data-filter_val='335' data-filter_slug='province-de-liege'>Province de Li\u00e8ge<\/p><p class='evo_filter_val select event_organizer_191 repair-cafe ' data-filter_val='191' data-filter_slug='repair-cafe'>Repair Caf\u00e9<\/p><p class='evo_filter_val select event_organizer_320 resa ' data-filter_val='320' data-filter_slug='resa'>Resa<\/p><p class='evo_filter_val select event_organizer_220 roger-dony ' data-filter_val='220' data-filter_slug='roger-dony'>Roger Dony<\/p><p class='evo_filter_val select event_organizer_432 rue-du-centre-21-4577-modave ' data-filter_val='432' data-filter_slug='rue-du-centre-21-4577-modave'>Rue du Centre 21, 4577 Modave<\/p><p class='evo_filter_val select event_organizer_338 rus-stree ' data-filter_val='338' data-filter_slug='rus-stree'>RUS Str\u00e9e<\/p><p class='evo_filter_val select event_organizer_466 scouts-de-modave ' data-filter_val='466' data-filter_slug='scouts-de-modave'>Scouts de Modave<\/p><p class='evo_filter_val select event_organizer_315 spi ' data-filter_val='315' data-filter_slug='spi'>Spi<\/p><p class='evo_filter_val select event_organizer_178 syndicat-dinitiative-entre-eaux-chateau ' data-filter_val='178' data-filter_slug='syndicat-dinitiative-entre-eaux-chateau'>Syndicat d&rsquo;Initiative \u00ab\u00a0Entre Eaux &amp; Ch\u00e2teau\u00a0\u00bb<\/p><p class='evo_filter_val select event_organizer_487 terres-de-meuse ' data-filter_val='487' data-filter_slug='terres-de-meuse'>Terres de Meuse<\/p><p class='evo_filter_val select event_organizer_301 tourisme-modave-marchin-clavier-tinlot ' data-filter_val='301' data-filter_slug='tourisme-modave-marchin-clavier-tinlot'>Tourisme Modave Marchin Clavier Tinlot<\/p><p class='evo_filter_val select event_organizer_395 unite-pastorale-marchin-modave ' data-filter_val='395' data-filter_slug='unite-pastorale-marchin-modave'>Unit\u00e9 Pastorale Marchin-Modave<\/p><\/div>\t\n\t\t\t\t\t\t\t<\/div><div class='eventon_filter evo_hideshow_pastfuture' data-filter_field='event_past_future' \n\t\t\t\t\t\t\t\tdata-filter_val='future' data-filter_type='custom' data-fldef='future'><div class='eventon_filter_selection'><p class='filtering_set_val' data-opts='evs4_in'>\u00c9v\u00e9nements pass\u00e9s et futurs<em class='fa fa-check'><\/em><\/p><div class='eventon_filter_dropdown evo_hideshow select_one' style='display:none'><p class='evo_filter_val all' data-filter_val='all'>All<\/p><p class='evo_filter_val past ' data-filter_val='past'>Seulement les \u00e9v\u00e9nements pass\u00e9s<\/p><p class='evo_filter_val future select' data-filter_val='future'>Seulement les \u00e9v\u00e9nements futurs<\/p><\/div>\n\t\t\t\t\t\t\t\t<\/div><div class='clear'><\/div>\n\t\t\t\t\t\t\t<\/div><\/div><div class='clear'><\/div><\/div><div id='eventon_loadbar_section'><div id='eventon_loadbar'><\/div><\/div><!-- Events List --><div id='evcal_list' \n\t\t\t\t\tclass='eventon_events_list sep_months evcal_list_month'><div class='evcal_month_line' data-d='eml_4_2026'><p>Avril<\/p><\/div><div class='sep_month_events ' data-d='eml_4_2026'><div id=\"event_18410_0\" class=\"eventon_list_event evo_eventtop scheduled  event event_18410_0\" data-event_id=\"18410\" data-ri=\"0r\" data-time=\"1775167200-1777845540\" data-colr=\"#03488d\" itemscope itemtype='http:\/\/schema.org\/Event'><div class=\"evo_event_schema\" style=\"display:none\" ><a itemprop='url'  href='https:\/\/www.modave.be\/index.php\/events\/exposition-collective-le-corps-a-louvrage\/'><\/a><meta itemprop='image' content=\"https:\/\/www.modave.be\/wp-content\/uploads\/2026\/03\/Image1.jpg\" \/><meta itemprop='startDate' content=\"2026-4-3\" \/><meta itemprop='endDate' content=\"2026-5-3\" \/><meta itemprop='eventStatus' content=\"https:\/\/schema.org\/EventScheduled\" \/><item style=\"display:none\" itemprop=\"location\" itemscope itemtype=\"http:\/\/schema.org\/Place\"><span itemprop=\"name\">Oyou<\/span><span itemprop=\"address\" itemscope itemtype=\"http:\/\/schema.org\/PostalAddress\"><item itemprop=\"streetAddress\">4, Place de Grand-Marchin &#8211; 4570 Marchin<\/item><\/span><\/item><item style=\"display:none\" itemprop=\"eventAttendanceMode\" itemscope itemtype=\"https:\/\/schema.org\/OfflineEventAttendanceMode\"><\/item><script type=\"application\/ld+json\">{\"@context\": \"http:\/\/schema.org\",\"@type\": \"Event\",\n\t\t\t\t\"@id\": \"event_18410_0\",\n\t\t\t\t\"eventAttendanceMode\":\"https:\/\/schema.org\/OfflineEventAttendanceMode\",\n\t\t\t\t\"name\": \"Exposition collective &quot;Le corps \u00e0 l&#039;ouvrage&quot;\",\n\t\t\t\t\"url\": \"https:\/\/www.modave.be\/index.php\/events\/exposition-collective-le-corps-a-louvrage\/\",\n\t\t\t\t\"startDate\": \"2026-4-3\",\n\t\t\t\t\"endDate\": \"2026-5-3\",\n\t\t\t\t\"image\":\"https:\/\/www.modave.be\/wp-content\/uploads\/2026\/03\/Image1.jpg\", \n\t\t\t\t\"description\":\" <p><strong>L\u2019exposition \u00ab Le corps au travail \u00bb<\/strong>&nbsp;interroge \u00e0 travers les m\u00e9diums de la photographie, l\u2019\u00e9criture, la cr\u00e9ation audio et la gravure la repr\u00e9sentation des corps depuis le milieu du XIXe si\u00e8cle jusqu\u2019\u00e0 nos jours, \u00e0 travers notamment le fonds d\u2019archives photographiques de la Maison de la M\u00e9tallurgie de Li\u00e8ge, le Mus\u00e9e de la Vie wallonne et le Mus\u00e9e de la photographie de Charleroi, le travail de l\u2019artiste&nbsp;<strong>Marie Grenez<\/strong>&nbsp;\u00e0 travers son ab\u00e9c\u00e9daire \u00ab Au boulot \u00bb, les cr\u00e9ations audio de&nbsp;<strong>Rania Abboud<\/strong>&nbsp;autour de l\u2019ab\u00e9c\u00e9daire, les mots de l'autrice&nbsp;<strong>Caroline Lamarche<\/strong>, la vid\u00e9o de&nbsp;<strong>Laurent Quillet<\/strong>, les installations et performances de&nbsp;<strong>C\u00f4me Lequin<\/strong>.<\/p>    <blockquote class=\"wp-block-quote is-layout-flow wp-block-quote-is-layout-flow\"> <p><strong>Du vendredi 3 avril au dimanche 3 mai 2026<\/strong><br><strong>\u00c0 OYOU, place de Grand-Marchin, 4 \u00e0 4570 Marchin<\/strong><\/p> <\/blockquote>    <p><strong>AFTERWORK le vendredi 3 avril\u00a0:<\/strong><\/p>    <ul class=wp-block-list> <li>De 17h \u00e0 20h :<strong>\u00a0verre de l\u2019amiti\u00e9<\/strong><\/li>    <li>De 16h \u00e0 19h :\u00a0<strong>performance de C\u00f4me Lequin \u00ab Sortie de bureau \u00bb<\/strong><\/li>    <li>19h :\u00a0<strong>lecture de textes\u00a0<\/strong><\/li>    <li>19h30 :\u00a0<strong>repas convivial du vendredi au Bistro\u00a0<\/strong><\/li>    <li>Chicon au gratin et dessert (20 \u20ac, sur r\u00e9servation avant le 1 avril midi,\u00a0formule v\u00e9g\u00e9tarienne et tarif enfant sur demande : anne@oyou.be)<\/li> <\/ul>    <p>Bienvenue \u00e0 toutes et tous !<\/p>    <p><strong>Cl\u00f4ture le dimanche 3 mai \u00e0 14h : rencontre avec l\u2019autrice<\/strong><strong>&nbsp;<\/strong><strong>Caroline Lamarche autour son rapport aux archives,<\/strong><strong>&nbsp;<\/strong><strong>\u00e0 la photographie et \u00e0 l\u2019histoire<\/strong><\/p>    <p><strong>Exposition accessible les mercredis, samedis et dimanches de 14h \u00e0 18h<\/strong><strong>&nbsp;<\/strong><strong>ou sur rendez-vous<\/strong><br><strong>Entr\u00e9e libre<\/strong><br><strong>Infos : anne@oyou.be<\/strong><strong>&nbsp;<\/strong><\/p>    <p><strong>Dans le cadre du<\/strong><strong>&nbsp;<\/strong><a href=https:\/\/www.oyou.be\/evenements\/cycle-travailler-demain-entre-ressources-limitees-sens-retrouve-et-solidarite\/><em><strong>cycle Travailler demain<\/strong><\/em><strong>&nbsp;<\/strong><\/a><strong>organis\u00e9 en partenariat avec PAC Huy-Waremme<\/strong><\/p>    <p>Photo : Jules Martiny, Sieste de midi, Modave, 6 juin 1892, MVW 1006299-385 \u00a9 Province de Li\u00e8ge \u2013 Mus\u00e9e de la Vie wallonne.<\/p> \",\"location\":[{\"@type\":\"Place\",\"name\":\"Oyou\",\"address\":{\"@type\": \"PostalAddress\",\"streetAddress\":\"4, Place de Grand-Marchin - 4570 Marchin\"}}],\"eventStatus\":\"https:\/\/schema.org\/EventScheduled\"}<\/script><\/div>\n\t\t\t\t<p class=\"desc_trig_outter\" style=\"\"><a data-gmtrig=\"1\" data-exlk=\"0\" style=\"background-color: #03488d;\" id=\"evc_177516720018410\" class=\"desc_trig evo_culture mul_val evcal_list_a allday\" data-ux_val=\"3a\" data-ux_val_mob=\"-\"  ><span class='evoet_c2 evoet_cx '><span class='evoet_dayblock evcal_cblock ' data-bgcolor='#03488d' data-smon='Avril' data-syr='2026'><span class='evo_start '><em class='date'>03<\/em><em class='month'>Avr<\/em><em class='time'>Toute la journ\u00e9e<\/em><\/span><span class='evo_end '><em class='date'>03<\/em><em class='month'>Mai<\/em><\/span><\/span><\/span><span style='display:none' class='event_location_attrs'  data-location_address=\"4, Place de Grand-Marchin - 4570 Marchin\" data-location_type=\"address\" data-location_name=\"Oyou\" data-location_url=\"https:\/\/www.modave.be\/index.php\/event-location\/oyou\/\" data-location_status=\"true\"><\/span><span class='evoet_c3 evoet_cx evcal_desc evo_info ' ><span class='evoet_tags evo_above_title'><span class='evo_live_now' title='En direct maintenant'><svg version=\"1.1\" x=\"0px\" y=\"0px\" viewBox=\"0 0 73 53\" enable-background=\"new 0 0 100 100\" xmlns=\"http:\/\/www.w3.org\/2000\/svg\"><g transform=\"matrix(1, 0, 0, 1, -13.792313, -23.832699)\"><g><path  d=\"M75.505,25.432c-0.56-0.578-1.327-0.906-2.132-0.913c-0.008,0-0.015,0-0.022,0    c-0.796,0-1.56,0.316-2.123,0.88l-0.302,0.302c-1.156,1.158-1.171,3.029-0.033,4.206c5.274,5.451,8.18,12.63,8.18,20.214    c0,7.585-2.905,14.764-8.18,20.214c-1.141,1.178-1.124,3.054,0.037,4.211l0.303,0.302c0.562,0.561,1.324,0.875,2.118,0.875    c0.009,0,0.018,0,0.026,0c0.803-0.007,1.569-0.336,2.128-0.912C81.95,68.158,85.5,59.39,85.5,50.121    C85.5,40.853,81.95,32.085,75.505,25.432z\"\/><path d=\"M20.928,50.121c0-7.583,2.905-14.762,8.18-20.214c1.14-1.177,1.124-3.051-0.036-4.209l-0.303-0.302    c-0.563-0.562-1.325-0.877-2.12-0.877c-0.008,0-0.017,0-0.025,0c-0.804,0.007-1.571,0.335-2.13,0.913    C18.049,32.085,14.5,40.853,14.5,50.121c0,9.269,3.549,18.037,9.995,24.689c0.56,0.578,1.327,0.906,2.131,0.913    c0.008,0,0.016,0,0.024,0c0.795,0,1.559-0.315,2.121-0.879l0.303-0.303c1.158-1.158,1.174-3.03,0.035-4.207    C23.833,64.884,20.928,57.705,20.928,50.121z\"\/><path  d=\"M65.611,36.945c-0.561-0.579-1.33-0.907-2.136-0.913c-0.006,0-0.013,0-0.019,0    c-0.799,0-1.565,0.319-2.128,0.886l-0.147,0.148c-1.151,1.159-1.164,3.026-0.028,4.201c2.311,2.387,3.583,5.532,3.583,8.854    c0,3.323-1.272,6.468-3.582,8.854c-1.137,1.175-1.125,3.042,0.027,4.201l0.147,0.148c0.562,0.567,1.329,0.886,2.128,0.886    c0.006,0,0.013,0,0.019,0c0.806-0.005,1.575-0.334,2.136-0.912c3.44-3.551,5.335-8.23,5.335-13.177    C70.946,45.175,69.052,40.496,65.611,36.945z\"\/><path d=\"M38.812,37.06l-0.148-0.148c-0.562-0.563-1.326-0.879-2.121-0.879c-0.008,0-0.016,0-0.024,0    c-0.804,0.006-1.571,0.335-2.131,0.913c-3.439,3.55-5.333,8.229-5.333,13.176c0,4.947,1.894,9.627,5.334,13.177    c0.559,0.577,1.327,0.905,2.131,0.912c0.008,0,0.016,0,0.023,0c0.795,0,1.559-0.315,2.121-0.879l0.148-0.148    c1.158-1.158,1.173-3.03,0.035-4.208c-2.31-2.387-3.583-5.53-3.583-8.854c0-3.322,1.272-6.467,3.583-8.854    C39.986,40.09,39.971,38.217,38.812,37.06z\"\/><\/g><circle cx=\"50\" cy=\"50.009\" r=\"6.5\"\/> <\/g><\/svg><\/span><\/span><span class='evoet_title evcal_desc2 evcal_event_title' itemprop='name'>Exposition collective \u00ab\u00a0Le corps \u00e0 l&rsquo;ouvrage\u00a0\u00bb<\/span><span class='evoet_subtitle evo_below_title'><span class='evcal_event_subtitle' >\u00c0 ne pas manquer !<\/span><\/span><span class='evoet_time_expand level_3 evcal_desc_info evogap10'><em class='evcal_time evo_tz_time level_4'><i class='fa fa-clock-o evomarr10'><\/i><em class='evcal_alldayevent_text'>(Toute la journ\u00e9e)<\/em><span class='evo_tz marl5'>(GMT+02:00)<\/span><\/em> <span class='evoet_location level_4'><em class=\"evcal_location evolh13\"  data-add_str=\"4, Place de Grand-Marchin - 4570 Marchin\"><i class=\"fa fa-location-pin evomarr10\"><\/i>4, Place de Grand-Marchin &#8211; 4570 Marchin<\/em><\/span><\/span><span class='evcal_desc3'><span class='evcal_oganizer level_4'>\n\t\t\t\t\t\t\t\t<em><i>Organisateur:<\/i><\/em>\n\t\t\t\t\t\t\t\t<em class=\"evoet_dataval\">OYOU<\/em>\n\t\t\t\t\t\t\t\t<\/span><span class='evcal_event_types level_4 ett1'><em><i>Type d&#039;\u00e9v\u00e9nement:<\/i><\/em><em data-filter='event_type'><i class=\"fa fa-book-open-reader\"><\/i>Culture<\/em><i class='clear'><\/i><\/span><span class='evo_event_progress evo_event_progress' ><span class='evo_epbar_o'><span class='evo_ep_bar'><b style='width:85%'><\/b><\/span><\/span><span class='evo_ep_time evo_countdowner' data-endutc='1777845540' data-gap='375829' data-dur='2678340' data-exp_act='' data-n='' data-ds='Jours' data-d='Jour' data-t='Temps restant'><\/span><\/span><\/span><\/span><em class='evoet_data' style='display:none' data-bgc='#03488d'data-bggrad=''><\/em><\/a><\/p><div class='clear end'><\/div><\/div><\/div><div class='evcal_month_line' data-d='eml_5_2026'><p>Mai<\/p><\/div><div class='sep_month_events ' data-d='eml_5_2026'><div id=\"event_18410_0\" class=\"eventon_list_event evo_eventtop scheduled  event event_18410_0\" data-event_id=\"18410\" data-ri=\"0r\" data-time=\"1775167200-1777845540\" data-colr=\"#03488d\" itemscope itemtype='http:\/\/schema.org\/Event'><div class=\"evo_event_schema\" style=\"display:none\" ><a itemprop='url'  href='https:\/\/www.modave.be\/index.php\/events\/exposition-collective-le-corps-a-louvrage\/'><\/a><meta itemprop='image' content=\"https:\/\/www.modave.be\/wp-content\/uploads\/2026\/03\/Image1.jpg\" \/><meta itemprop='startDate' content=\"2026-4-3\" \/><meta itemprop='endDate' content=\"2026-5-3\" \/><meta itemprop='eventStatus' content=\"https:\/\/schema.org\/EventScheduled\" \/><item style=\"display:none\" itemprop=\"location\" itemscope itemtype=\"http:\/\/schema.org\/Place\"><span itemprop=\"name\">Oyou<\/span><span itemprop=\"address\" itemscope itemtype=\"http:\/\/schema.org\/PostalAddress\"><item itemprop=\"streetAddress\">4, Place de Grand-Marchin &#8211; 4570 Marchin<\/item><\/span><\/item><item style=\"display:none\" itemprop=\"eventAttendanceMode\" itemscope itemtype=\"https:\/\/schema.org\/OfflineEventAttendanceMode\"><\/item><script type=\"application\/ld+json\">{\"@context\": \"http:\/\/schema.org\",\"@type\": \"Event\",\n\t\t\t\t\"@id\": \"event_18410_0\",\n\t\t\t\t\"eventAttendanceMode\":\"https:\/\/schema.org\/OfflineEventAttendanceMode\",\n\t\t\t\t\"name\": \"Exposition collective &quot;Le corps \u00e0 l&#039;ouvrage&quot;\",\n\t\t\t\t\"url\": \"https:\/\/www.modave.be\/index.php\/events\/exposition-collective-le-corps-a-louvrage\/\",\n\t\t\t\t\"startDate\": \"2026-4-3\",\n\t\t\t\t\"endDate\": \"2026-5-3\",\n\t\t\t\t\"image\":\"https:\/\/www.modave.be\/wp-content\/uploads\/2026\/03\/Image1.jpg\", \n\t\t\t\t\"description\":\" <p><strong>L\u2019exposition \u00ab Le corps au travail \u00bb<\/strong>&nbsp;interroge \u00e0 travers les m\u00e9diums de la photographie, l\u2019\u00e9criture, la cr\u00e9ation audio et la gravure la repr\u00e9sentation des corps depuis le milieu du XIXe si\u00e8cle jusqu\u2019\u00e0 nos jours, \u00e0 travers notamment le fonds d\u2019archives photographiques de la Maison de la M\u00e9tallurgie de Li\u00e8ge, le Mus\u00e9e de la Vie wallonne et le Mus\u00e9e de la photographie de Charleroi, le travail de l\u2019artiste&nbsp;<strong>Marie Grenez<\/strong>&nbsp;\u00e0 travers son ab\u00e9c\u00e9daire \u00ab Au boulot \u00bb, les cr\u00e9ations audio de&nbsp;<strong>Rania Abboud<\/strong>&nbsp;autour de l\u2019ab\u00e9c\u00e9daire, les mots de l'autrice&nbsp;<strong>Caroline Lamarche<\/strong>, la vid\u00e9o de&nbsp;<strong>Laurent Quillet<\/strong>, les installations et performances de&nbsp;<strong>C\u00f4me Lequin<\/strong>.<\/p>    <blockquote class=\"wp-block-quote is-layout-flow wp-block-quote-is-layout-flow\"> <p><strong>Du vendredi 3 avril au dimanche 3 mai 2026<\/strong><br><strong>\u00c0 OYOU, place de Grand-Marchin, 4 \u00e0 4570 Marchin<\/strong><\/p> <\/blockquote>    <p><strong>AFTERWORK le vendredi 3 avril\u00a0:<\/strong><\/p>    <ul class=wp-block-list> <li>De 17h \u00e0 20h :<strong>\u00a0verre de l\u2019amiti\u00e9<\/strong><\/li>    <li>De 16h \u00e0 19h :\u00a0<strong>performance de C\u00f4me Lequin \u00ab Sortie de bureau \u00bb<\/strong><\/li>    <li>19h :\u00a0<strong>lecture de textes\u00a0<\/strong><\/li>    <li>19h30 :\u00a0<strong>repas convivial du vendredi au Bistro\u00a0<\/strong><\/li>    <li>Chicon au gratin et dessert (20 \u20ac, sur r\u00e9servation avant le 1 avril midi,\u00a0formule v\u00e9g\u00e9tarienne et tarif enfant sur demande : anne@oyou.be)<\/li> <\/ul>    <p>Bienvenue \u00e0 toutes et tous !<\/p>    <p><strong>Cl\u00f4ture le dimanche 3 mai \u00e0 14h : rencontre avec l\u2019autrice<\/strong><strong>&nbsp;<\/strong><strong>Caroline Lamarche autour son rapport aux archives,<\/strong><strong>&nbsp;<\/strong><strong>\u00e0 la photographie et \u00e0 l\u2019histoire<\/strong><\/p>    <p><strong>Exposition accessible les mercredis, samedis et dimanches de 14h \u00e0 18h<\/strong><strong>&nbsp;<\/strong><strong>ou sur rendez-vous<\/strong><br><strong>Entr\u00e9e libre<\/strong><br><strong>Infos : anne@oyou.be<\/strong><strong>&nbsp;<\/strong><\/p>    <p><strong>Dans le cadre du<\/strong><strong>&nbsp;<\/strong><a href=https:\/\/www.oyou.be\/evenements\/cycle-travailler-demain-entre-ressources-limitees-sens-retrouve-et-solidarite\/><em><strong>cycle Travailler demain<\/strong><\/em><strong>&nbsp;<\/strong><\/a><strong>organis\u00e9 en partenariat avec PAC Huy-Waremme<\/strong><\/p>    <p>Photo : Jules Martiny, Sieste de midi, Modave, 6 juin 1892, MVW 1006299-385 \u00a9 Province de Li\u00e8ge \u2013 Mus\u00e9e de la Vie wallonne.<\/p> \",\"location\":[{\"@type\":\"Place\",\"name\":\"Oyou\",\"address\":{\"@type\": \"PostalAddress\",\"streetAddress\":\"4, Place de Grand-Marchin - 4570 Marchin\"}}],\"eventStatus\":\"https:\/\/schema.org\/EventScheduled\"}<\/script><\/div>\n\t\t\t\t<p class=\"desc_trig_outter\" style=\"\"><a data-gmtrig=\"1\" data-exlk=\"0\" style=\"background-color: #03488d;\" id=\"evc_177516720018410\" class=\"desc_trig evo_culture mul_val evcal_list_a allday\" data-ux_val=\"3a\" data-ux_val_mob=\"-\"  ><span class='evoet_c2 evoet_cx '><span class='evoet_dayblock evcal_cblock ' data-bgcolor='#03488d' data-smon='Avril' data-syr='2026'><span class='evo_start '><em class='date'>03<\/em><em class='month'>Avr<\/em><em class='time'>Toute la journ\u00e9e<\/em><\/span><span class='evo_end '><em class='date'>03<\/em><em class='month'>Mai<\/em><\/span><\/span><\/span><span style='display:none' class='event_location_attrs'  data-location_address=\"4, Place de Grand-Marchin - 4570 Marchin\" data-location_type=\"address\" data-location_name=\"Oyou\" data-location_url=\"https:\/\/www.modave.be\/index.php\/event-location\/oyou\/\" data-location_status=\"true\"><\/span><span class='evoet_c3 evoet_cx evcal_desc evo_info ' ><span class='evoet_tags evo_above_title'><span class='evo_live_now' title='En direct maintenant'><svg version=\"1.1\" x=\"0px\" y=\"0px\" viewBox=\"0 0 73 53\" enable-background=\"new 0 0 100 100\" xmlns=\"http:\/\/www.w3.org\/2000\/svg\"><g transform=\"matrix(1, 0, 0, 1, -13.792313, -23.832699)\"><g><path  d=\"M75.505,25.432c-0.56-0.578-1.327-0.906-2.132-0.913c-0.008,0-0.015,0-0.022,0    c-0.796,0-1.56,0.316-2.123,0.88l-0.302,0.302c-1.156,1.158-1.171,3.029-0.033,4.206c5.274,5.451,8.18,12.63,8.18,20.214    c0,7.585-2.905,14.764-8.18,20.214c-1.141,1.178-1.124,3.054,0.037,4.211l0.303,0.302c0.562,0.561,1.324,0.875,2.118,0.875    c0.009,0,0.018,0,0.026,0c0.803-0.007,1.569-0.336,2.128-0.912C81.95,68.158,85.5,59.39,85.5,50.121    C85.5,40.853,81.95,32.085,75.505,25.432z\"\/><path d=\"M20.928,50.121c0-7.583,2.905-14.762,8.18-20.214c1.14-1.177,1.124-3.051-0.036-4.209l-0.303-0.302    c-0.563-0.562-1.325-0.877-2.12-0.877c-0.008,0-0.017,0-0.025,0c-0.804,0.007-1.571,0.335-2.13,0.913    C18.049,32.085,14.5,40.853,14.5,50.121c0,9.269,3.549,18.037,9.995,24.689c0.56,0.578,1.327,0.906,2.131,0.913    c0.008,0,0.016,0,0.024,0c0.795,0,1.559-0.315,2.121-0.879l0.303-0.303c1.158-1.158,1.174-3.03,0.035-4.207    C23.833,64.884,20.928,57.705,20.928,50.121z\"\/><path  d=\"M65.611,36.945c-0.561-0.579-1.33-0.907-2.136-0.913c-0.006,0-0.013,0-0.019,0    c-0.799,0-1.565,0.319-2.128,0.886l-0.147,0.148c-1.151,1.159-1.164,3.026-0.028,4.201c2.311,2.387,3.583,5.532,3.583,8.854    c0,3.323-1.272,6.468-3.582,8.854c-1.137,1.175-1.125,3.042,0.027,4.201l0.147,0.148c0.562,0.567,1.329,0.886,2.128,0.886    c0.006,0,0.013,0,0.019,0c0.806-0.005,1.575-0.334,2.136-0.912c3.44-3.551,5.335-8.23,5.335-13.177    C70.946,45.175,69.052,40.496,65.611,36.945z\"\/><path d=\"M38.812,37.06l-0.148-0.148c-0.562-0.563-1.326-0.879-2.121-0.879c-0.008,0-0.016,0-0.024,0    c-0.804,0.006-1.571,0.335-2.131,0.913c-3.439,3.55-5.333,8.229-5.333,13.176c0,4.947,1.894,9.627,5.334,13.177    c0.559,0.577,1.327,0.905,2.131,0.912c0.008,0,0.016,0,0.023,0c0.795,0,1.559-0.315,2.121-0.879l0.148-0.148    c1.158-1.158,1.173-3.03,0.035-4.208c-2.31-2.387-3.583-5.53-3.583-8.854c0-3.322,1.272-6.467,3.583-8.854    C39.986,40.09,39.971,38.217,38.812,37.06z\"\/><\/g><circle cx=\"50\" cy=\"50.009\" r=\"6.5\"\/> <\/g><\/svg><\/span><\/span><span class='evoet_title evcal_desc2 evcal_event_title' itemprop='name'>Exposition collective \u00ab\u00a0Le corps \u00e0 l&rsquo;ouvrage\u00a0\u00bb<\/span><span class='evoet_subtitle evo_below_title'><span class='evcal_event_subtitle' >\u00c0 ne pas manquer !<\/span><\/span><span class='evoet_time_expand level_3 evcal_desc_info evogap10'><em class='evcal_time evo_tz_time level_4'><i class='fa fa-clock-o evomarr10'><\/i><em class='evcal_alldayevent_text'>(Toute la journ\u00e9e)<\/em><span class='evo_tz marl5'>(GMT+02:00)<\/span><\/em> <span class='evoet_location level_4'><em class=\"evcal_location evolh13\"  data-add_str=\"4, Place de Grand-Marchin - 4570 Marchin\"><i class=\"fa fa-location-pin evomarr10\"><\/i>4, Place de Grand-Marchin &#8211; 4570 Marchin<\/em><\/span><\/span><span class='evcal_desc3'><span class='evcal_oganizer level_4'>\n\t\t\t\t\t\t\t\t<em><i>Organisateur:<\/i><\/em>\n\t\t\t\t\t\t\t\t<em class=\"evoet_dataval\">OYOU<\/em>\n\t\t\t\t\t\t\t\t<\/span><span class='evcal_event_types level_4 ett1'><em><i>Type d&#039;\u00e9v\u00e9nement:<\/i><\/em><em data-filter='event_type'><i class=\"fa fa-book-open-reader\"><\/i>Culture<\/em><i class='clear'><\/i><\/span><span class='evo_event_progress evo_event_progress' ><span class='evo_epbar_o'><span class='evo_ep_bar'><b style='width:85%'><\/b><\/span><\/span><span class='evo_ep_time evo_countdowner' data-endutc='1777845540' data-gap='375829' data-dur='2678340' data-exp_act='' data-n='' data-ds='Jours' data-d='Jour' data-t='Temps restant'><\/span><\/span><\/span><\/span><em class='evoet_data' style='display:none' data-bgc='#03488d'data-bggrad=''><\/em><\/a><\/p><div class='clear end'><\/div><\/div><div id=\"event_18416_0\" class=\"eventon_list_event evo_eventtop scheduled  event no_et event_18416_0\" data-event_id=\"18416\" data-ri=\"0r\" data-time=\"1777744800-1777758600\" data-colr=\"#03488d\" itemscope itemtype='http:\/\/schema.org\/Event'><div class=\"evo_event_schema\" style=\"display:none\" ><a itemprop='url'  href='https:\/\/www.modave.be\/index.php\/events\/karaoke-de-luttes-pour-un-monde-meilleur\/'><\/a><meta itemprop='image' content=\"https:\/\/www.modave.be\/wp-content\/uploads\/2026\/03\/Image4.jpg\" \/><meta itemprop='startDate' content=\"2026-5-2T20:00+2:00\" \/><meta itemprop='endDate' content=\"2026-5-2T23:50+2:00\" \/><meta itemprop='eventStatus' content=\"https:\/\/schema.org\/EventScheduled\" \/><item style=\"display:none\" itemprop=\"location\" itemscope itemtype=\"http:\/\/schema.org\/Place\"><span itemprop=\"name\">Chez Ruelle<\/span><span itemprop=\"address\" itemscope itemtype=\"http:\/\/schema.org\/PostalAddress\"><item itemprop=\"streetAddress\">Place de Belle-Maison, 17 \u00e0 4570 Marchin<\/item><\/span><\/item><item style=\"display:none\" itemprop=\"eventAttendanceMode\" itemscope itemtype=\"https:\/\/schema.org\/OfflineEventAttendanceMode\"><\/item><script type=\"application\/ld+json\">{\"@context\": \"http:\/\/schema.org\",\"@type\": \"Event\",\n\t\t\t\t\"@id\": \"event_18416_0\",\n\t\t\t\t\"eventAttendanceMode\":\"https:\/\/schema.org\/OfflineEventAttendanceMode\",\n\t\t\t\t\"name\": \"Karaok\u00e9 de luttes pour un monde meilleur\",\n\t\t\t\t\"url\": \"https:\/\/www.modave.be\/index.php\/events\/karaoke-de-luttes-pour-un-monde-meilleur\/\",\n\t\t\t\t\"startDate\": \"2026-5-2T20:00+2:00\",\n\t\t\t\t\"endDate\": \"2026-5-2T23:50+2:00\",\n\t\t\t\t\"image\":\"https:\/\/www.modave.be\/wp-content\/uploads\/2026\/03\/Image4.jpg\", \n\t\t\t\t\"description\":\" <p class=has-text-align-left><strong>Karaok\u00e9 de luttes pour un monde meilleur chez Ruelle<\/strong><\/p>    <p>Venez chanter chez Jean-Paul, hurler votre joie, hurler votre col\u00e8re, hurler vos peines, hurler vos combats, chanter pour mieux lutter !<\/p>    <blockquote class=\"wp-block-quote is-layout-flow wp-block-quote-is-layout-flow\"> <p><strong>Samedi 2 mai d\u00e8s 20h<\/strong><br><strong>Chez Ruelle, Place de Belle-Maison, 17 \u00e0 4570 Marchin<\/strong><\/p> <\/blockquote>    <p><strong>Gratuit<\/strong><\/p>    <ul class=wp-block-list> <li><strong>Infos : anne@oyou.be<\/strong><\/li> <\/ul>    <p><strong>Dans le cadre du<\/strong><strong>&nbsp;<\/strong><a href=https:\/\/www.oyou.be\/evenements\/cycle-travailler-demain-entre-ressources-limitees-sens-retrouve-et-solidarite\/><em><strong>cycle Travailler demain<\/strong><\/em><strong>&nbsp;<\/strong><\/a><strong>organis\u00e9 en partenariat avec PAC Huy-Waremme<\/strong><\/p>    <p>Image : \u00ab&nbsp;Coll. IHOES, Seraing&nbsp;\u00bb<\/p>    <p><\/p> \",\"location\":[{\"@type\":\"Place\",\"name\":\"Chez Ruelle\",\"address\":{\"@type\": \"PostalAddress\",\"streetAddress\":\"Place de Belle-Maison, 17 \u00e0 4570 Marchin\"}}],\"eventStatus\":\"https:\/\/schema.org\/EventScheduled\"}<\/script><\/div>\n\t\t\t\t<p class=\"desc_trig_outter\" style=\"\"><a data-gmtrig=\"1\" data-exlk=\"0\" style=\"background-color: #03488d;\" id=\"evc_177774480018416\" class=\"desc_trig evo_culture sin_val evcal_list_a\" data-ux_val=\"3a\" data-ux_val_mob=\"-\"  ><span class='evoet_c2 evoet_cx '><span class='evoet_dayblock evcal_cblock ' data-bgcolor='#03488d' data-smon='Mai' data-syr='2026'><span class='evo_start '><em class='date'>02<\/em><em class='month'>Mai<\/em><em class='time'>20 h 00 min<\/em><\/span><\/span><\/span><span style='display:none' class='event_location_attrs'  data-location_address=\"Place de Belle-Maison, 17 \u00e0 4570 Marchin\" data-location_type=\"address\" data-location_name=\"Chez Ruelle\" data-location_url=\"https:\/\/www.modave.be\/index.php\/event-location\/chez-ruelle\/\" data-location_status=\"true\"><\/span><span class='evoet_c3 evoet_cx evcal_desc evo_info ' ><span class='evoet_tags evo_above_title'><\/span><span class='evoet_title evcal_desc2 evcal_event_title' itemprop='name'>Karaok\u00e9 de luttes pour un monde meilleur<\/span><span class='evoet_subtitle evo_below_title'><span class='evcal_event_subtitle' >\u00c0 ne pas manquer !<\/span><\/span><span class='evoet_time_expand level_3 evcal_desc_info evogap10'><em class='evcal_time evo_tz_time level_4'><i class='fa fa-clock-o evomarr10'><\/i>20 h 00 min<span class='evo_tz marl5'>(GMT+02:00)<\/span><\/em> <span class='evoet_location level_4'><em class=\"evcal_location evolh13\"  data-add_str=\"Place de Belle-Maison, 17 \u00e0 4570 Marchin\"><i class=\"fa fa-location-pin evomarr10\"><\/i>Place de Belle-Maison, 17 \u00e0 4570 Marchin<\/em><\/span><\/span><span class='evcal_desc3'><span class='evcal_oganizer level_4'>\n\t\t\t\t\t\t\t\t<em><i>Organisateur:<\/i><\/em>\n\t\t\t\t\t\t\t\t<em class=\"evoet_dataval\">OYOU<\/em>\n\t\t\t\t\t\t\t\t<\/span><span class='evcal_event_types level_4 ett1'><em><i>Type d&#039;\u00e9v\u00e9nement:<\/i><\/em><em data-filter='event_type'><i class=\"fa fa-book-open-reader\"><\/i>Culture<\/em><i class='clear'><\/i><\/span><\/span><\/span><em class='evoet_data' style='display:none' data-bgc='#03488d'data-bggrad=''><\/em><\/a><\/p><div class='clear end'><\/div><\/div><div id=\"event_18418_0\" class=\"eventon_list_event evo_eventtop scheduled  event no_et event_18418_0\" data-event_id=\"18418\" data-ri=\"0r\" data-time=\"1777809600-1777845000\" data-colr=\"#03488d\" itemscope itemtype='http:\/\/schema.org\/Event'><div class=\"evo_event_schema\" style=\"display:none\" ><a itemprop='url'  href='https:\/\/www.modave.be\/index.php\/events\/exposition-le-corps-a-louvrage-rencontre-avec-lautrice-caroline-lamarche\/'><\/a><meta itemprop='image' content=\"https:\/\/www.modave.be\/wp-content\/uploads\/2026\/03\/Image5.jpg\" \/><meta itemprop='startDate' content=\"2026-5-3T14:00+2:00\" \/><meta itemprop='endDate' content=\"2026-5-3T23:50+2:00\" \/><meta itemprop='eventStatus' content=\"https:\/\/schema.org\/EventScheduled\" \/><item style=\"display:none\" itemprop=\"location\" itemscope itemtype=\"http:\/\/schema.org\/Place\"><span itemprop=\"name\">Oyou<\/span><span itemprop=\"address\" itemscope itemtype=\"http:\/\/schema.org\/PostalAddress\"><item itemprop=\"streetAddress\">4, Place de Grand-Marchin &#8211; 4570 Marchin<\/item><\/span><\/item><item style=\"display:none\" itemprop=\"eventAttendanceMode\" itemscope itemtype=\"https:\/\/schema.org\/OfflineEventAttendanceMode\"><\/item><script type=\"application\/ld+json\">{\"@context\": \"http:\/\/schema.org\",\"@type\": \"Event\",\n\t\t\t\t\"@id\": \"event_18418_0\",\n\t\t\t\t\"eventAttendanceMode\":\"https:\/\/schema.org\/OfflineEventAttendanceMode\",\n\t\t\t\t\"name\": \"Exposition &quot;Le corps \u00e0 l&#039;ouvrage&quot; Rencontre avec l\u2019autrice Caroline Lamarche\",\n\t\t\t\t\"url\": \"https:\/\/www.modave.be\/index.php\/events\/exposition-le-corps-a-louvrage-rencontre-avec-lautrice-caroline-lamarche\/\",\n\t\t\t\t\"startDate\": \"2026-5-3T14:00+2:00\",\n\t\t\t\t\"endDate\": \"2026-5-3T23:50+2:00\",\n\t\t\t\t\"image\":\"https:\/\/www.modave.be\/wp-content\/uploads\/2026\/03\/Image5.jpg\", \n\t\t\t\t\"description\":\" <p class=has-text-align-left>\u00c0 l'occasion de la cl\u00f4ture de l'exposition Le corps \u00e0 l'ouvrage, rencontre avec Caroline Lamarche : entre archives et photographies : mener l\u2019enqu\u00eate entre le pass\u00e9 intime et la grande Histoire.<\/p>    <p>Dimanche 3 mai 2026 \u00e0 14h<br>\u00c0 OYOU, place de Grand-Marchin, 4 \u00e0 4570 Marchin<br>Entr\u00e9e libre<br>Infos : anne@oyou.be<br>Dans le cadre du cycle Travailler demain organis\u00e9 en partenariat avec PAC Huy-Waremme<\/p>    <p>Image : Hubert Zeyen, D\u00e9chargement de minerais, 1867, photographie issue de l\u2019album photographique de la compagnie Vieille Montagne de Saint-Paul de Sincay, Coll. MMIL MNF000127, page 34, photographie n\u00b01<\/p>    <p><\/p> \",\"location\":[{\"@type\":\"Place\",\"name\":\"Oyou\",\"address\":{\"@type\": \"PostalAddress\",\"streetAddress\":\"4, Place de Grand-Marchin - 4570 Marchin\"}}],\"eventStatus\":\"https:\/\/schema.org\/EventScheduled\"}<\/script><\/div>\n\t\t\t\t<p class=\"desc_trig_outter\" style=\"\"><a data-gmtrig=\"1\" data-exlk=\"0\" style=\"background-color: #03488d;\" id=\"evc_177780960018418\" class=\"desc_trig evo_culture sin_val evcal_list_a\" data-ux_val=\"3a\" data-ux_val_mob=\"-\"  ><span class='evoet_c2 evoet_cx '><span class='evoet_dayblock evcal_cblock ' data-bgcolor='#03488d' data-smon='Mai' data-syr='2026'><span class='evo_start '><em class='date'>03<\/em><em class='month'>Mai<\/em><em class='time'>14 h 00 min<\/em><\/span><\/span><\/span><span style='display:none' class='event_location_attrs'  data-location_address=\"4, Place de Grand-Marchin - 4570 Marchin\" data-location_type=\"address\" data-location_name=\"Oyou\" data-location_url=\"https:\/\/www.modave.be\/index.php\/event-location\/oyou\/\" data-location_status=\"true\"><\/span><span class='evoet_c3 evoet_cx evcal_desc evo_info ' ><span class='evoet_tags evo_above_title'><\/span><span class='evoet_title evcal_desc2 evcal_event_title' itemprop='name'>Exposition \u00ab\u00a0Le corps \u00e0 l&rsquo;ouvrage\u00a0\u00bb Rencontre avec l\u2019autrice Caroline Lamarche<\/span><span class='evoet_subtitle evo_below_title'><span class='evcal_event_subtitle' >\u00c0 ne pas manquer !<\/span><\/span><span class='evoet_time_expand level_3 evcal_desc_info evogap10'><em class='evcal_time evo_tz_time level_4'><i class='fa fa-clock-o evomarr10'><\/i>14 h 00 min<span class='evo_tz marl5'>(GMT+02:00)<\/span><\/em> <span class='evoet_location level_4'><em class=\"evcal_location evolh13\"  data-add_str=\"4, Place de Grand-Marchin - 4570 Marchin\"><i class=\"fa fa-location-pin evomarr10\"><\/i>4, Place de Grand-Marchin &#8211; 4570 Marchin<\/em><\/span><\/span><span class='evcal_desc3'><span class='evcal_oganizer level_4'>\n\t\t\t\t\t\t\t\t<em><i>Organisateur:<\/i><\/em>\n\t\t\t\t\t\t\t\t<em class=\"evoet_dataval\">OYOU<\/em>\n\t\t\t\t\t\t\t\t<\/span><span class='evcal_event_types level_4 ett1'><em><i>Type d&#039;\u00e9v\u00e9nement:<\/i><\/em><em data-filter='event_type'><i class=\"fa fa-book-open-reader\"><\/i>Culture<\/em><i class='clear'><\/i><\/span><\/span><\/span><em class='evoet_data' style='display:none' data-bgc='#03488d'data-bggrad=''><\/em><\/a><\/p><div class='clear end'><\/div><\/div><div id=\"event_18686_0\" class=\"eventon_list_event evo_eventtop scheduled  event no_et event_18686_0\" data-event_id=\"18686\" data-ri=\"0r\" data-time=\"1777824000-1777845000\" data-colr=\"#03488d\" itemscope itemtype='http:\/\/schema.org\/Event'><div class=\"evo_event_schema\" style=\"display:none\" ><a itemprop='url'  href='https:\/\/www.modave.be\/index.php\/events\/rencontre-avec-la-cie-renard-noire-a-la-maison-rurale-de-vierset\/'><\/a><meta itemprop='image' content=\"https:\/\/www.modave.be\/wp-content\/uploads\/2026\/04\/Residence.jpg\" \/><meta itemprop='startDate' content=\"2026-5-3T18:00+2:00\" \/><meta itemprop='endDate' content=\"2026-5-3T23:50+2:00\" \/><meta itemprop='eventStatus' content=\"https:\/\/schema.org\/EventScheduled\" \/><item style=\"display:none\" itemprop=\"location\" itemscope itemtype=\"http:\/\/schema.org\/Place\"><span itemprop=\"name\">Maison Rurale de Modave<\/span><span itemprop=\"address\" itemscope itemtype=\"http:\/\/schema.org\/PostalAddress\"><item itemprop=\"streetAddress\">Pl. Georges Hubin 3, 4577 Vierset-Barse<\/item><\/span><\/item><item style=\"display:none\" itemprop=\"eventAttendanceMode\" itemscope itemtype=\"https:\/\/schema.org\/OfflineEventAttendanceMode\"><\/item><script type=\"application\/ld+json\">{\"@context\": \"http:\/\/schema.org\",\"@type\": \"Event\",\n\t\t\t\t\"@id\": \"event_18686_0\",\n\t\t\t\t\"eventAttendanceMode\":\"https:\/\/schema.org\/OfflineEventAttendanceMode\",\n\t\t\t\t\"name\": \"Rencontre avec la Cie Renard Noire \u00e0 la Maison rurale de Vierset\",\n\t\t\t\t\"url\": \"https:\/\/www.modave.be\/index.php\/events\/rencontre-avec-la-cie-renard-noire-a-la-maison-rurale-de-vierset\/\",\n\t\t\t\t\"startDate\": \"2026-5-3T18:00+2:00\",\n\t\t\t\t\"endDate\": \"2026-5-3T23:50+2:00\",\n\t\t\t\t\"image\":\"https:\/\/www.modave.be\/wp-content\/uploads\/2026\/04\/Residence.jpg\", \n\t\t\t\t\"description\":\" <p class=has-text-align-left>Une fin de r\u00e9sidence\u2026 \u00e0 d\u00e9couvrir ensemble.<br>La compagnie Renard Noire vous invite \u00e0 une rencontre autour de sa nouvelle cr\u00e9ation \u00ab M\u00e9duse \u00bb.<br>Au programme :<\/p>    <ul class=wp-block-list> <li>Pr\u00e9sentation du projet<\/li>    <li>\u00c9changes avec le public<\/li>    <li>Immersion dans une histoire cont\u00e9e, accompagn\u00e9e \u00e0 la harpe \u00e9lectrique<\/li> <\/ul>    <p>Un moment intimiste, entre conte et musique, pour entrer dans l\u2019univers de la compagnie.<\/p>    <p>Dimanche 3 mai \u00e0 18h<br>\u00c0 la Maison rurale, place Geroges Hubin<br>4577 Vierset-Barse<br>Adultes &amp; ados (d\u00e8s 10 ans)<br>Entr\u00e9e libre<br>Infos : anne@oyou.be<\/p>    <p><\/p> \",\"location\":[{\"@type\":\"Place\",\"name\":\"Maison Rurale de Modave\",\"address\":{\"@type\": \"PostalAddress\",\"streetAddress\":\"Pl. Georges Hubin 3, 4577 Vierset-Barse\"}}],\"eventStatus\":\"https:\/\/schema.org\/EventScheduled\"}<\/script><\/div>\n\t\t\t\t<p class=\"desc_trig_outter\" style=\"\"><a data-gmtrig=\"1\" data-exlk=\"0\" style=\"background-color: #03488d;\" id=\"evc_177782400018686\" class=\"desc_trig evo_culture sin_val evcal_list_a\" data-ux_val=\"3a\" data-ux_val_mob=\"-\"  ><span class='evoet_c2 evoet_cx '><span class='evoet_dayblock evcal_cblock ' data-bgcolor='#03488d' data-smon='Mai' data-syr='2026'><span class='evo_start '><em class='date'>03<\/em><em class='month'>Mai<\/em><em class='time'>18 h 00 min<\/em><\/span><\/span><\/span><span style='display:none' class='event_location_attrs'  data-location_address=\"Pl. Georges Hubin 3, 4577 Vierset-Barse\" data-location_type=\"lonlat\" data-location_name=\"Maison Rurale de Modave\" data-location_url=\"https:\/\/www.modave.be\/index.php\/event-location\/maison-rurale-de-modave\/\" data-location_status=\"true\" data-latlng=\"50.4832615,5.2981492\"><\/span><span class='evoet_c3 evoet_cx evcal_desc evo_info ' ><span class='evoet_tags evo_above_title'><\/span><span class='evoet_title evcal_desc2 evcal_event_title' itemprop='name'>Rencontre avec la Cie Renard Noire \u00e0 la Maison rurale de Vierset<\/span><span class='evoet_subtitle evo_below_title'><span class='evcal_event_subtitle' >\u00c0 ne pas manquer !<\/span><\/span><span class='evoet_time_expand level_3 evcal_desc_info evogap10'><em class='evcal_time evo_tz_time level_4'><i class='fa fa-clock-o evomarr10'><\/i>18 h 00 min<span class='evo_tz marl5'>(GMT+02:00)<\/span><\/em> <span class='evoet_location level_4'><em class=\"evcal_location evolh13\"  data-latlng=\"50.4832615,5.2981492\" data-add_str=\"Pl. Georges Hubin 3, 4577 Vierset-Barse\"><i class=\"fa fa-location-pin evomarr10\"><\/i>Pl. Georges Hubin 3, 4577 Vierset-Barse<\/em><\/span><\/span><span class='evcal_desc3'><span class='evcal_oganizer level_4'>\n\t\t\t\t\t\t\t\t<em><i>Organisateur:<\/i><\/em>\n\t\t\t\t\t\t\t\t<em class=\"evoet_dataval\">OYOU<\/em>\n\t\t\t\t\t\t\t\t<\/span><span class='evcal_event_types level_4 ett1'><em><i>Type d&#039;\u00e9v\u00e9nement:<\/i><\/em><em data-filter='event_type'><i class=\"fa fa-book-open-reader\"><\/i>Culture<\/em><i class='clear'><\/i><\/span><\/span><\/span><em class='evoet_data' style='display:none' data-bgc='#03488d'data-bggrad=''><\/em><\/a><\/p><div class='clear end'><\/div><\/div><\/div>\t\t\t<div class='clear'><\/div>\n\t\t\t<\/div>\n\t\t\t<div class='clear'><\/div>\n\t\t\t\n\t\t\t\t\t \t<div id='evcal_footer' class='evo_bottom' style='display:none'>\n\t\t \t\t<div class='evo_cal_data' data-sc='{&quot;accord&quot;:&quot;no&quot;,&quot;bottom_nav&quot;:&quot;no&quot;,&quot;cal_id&quot;:&quot;&quot;,&quot;cal_init_nonajax&quot;:&quot;no&quot;,&quot;calendar_type&quot;:&quot;list&quot;,&quot;ep_fields&quot;:&quot;&quot;,&quot;etc_override&quot;:&quot;yes&quot;,&quot;evc_open&quot;:&quot;no&quot;,&quot;event_count&quot;:&quot;4&quot;,&quot;event_location&quot;:&quot;all&quot;,&quot;event_order&quot;:&quot;ASC&quot;,&quot;event_organizer&quot;:&quot;all&quot;,&quot;event_parts&quot;:&quot;no&quot;,&quot;event_past_future&quot;:&quot;future&quot;,&quot;event_status&quot;:&quot;all&quot;,&quot;event_tag&quot;:&quot;all&quot;,&quot;event_type&quot;:&quot;186&quot;,&quot;event_type_2&quot;:&quot;all&quot;,&quot;event_type_3&quot;:&quot;all&quot;,&quot;event_type_4&quot;:&quot;all&quot;,&quot;event_virtual&quot;:&quot;all&quot;,&quot;eventtop_date_style&quot;:0,&quot;eventtop_style&quot;:&quot;2&quot;,&quot;exp_jumper&quot;:&quot;no&quot;,&quot;exp_so&quot;:&quot;no&quot;,&quot;filter_relationship&quot;:&quot;AND&quot;,&quot;filter_show_set_only&quot;:&quot;no&quot;,&quot;filter_type&quot;:&quot;default&quot;,&quot;filters&quot;:&quot;no&quot;,&quot;fixed_month&quot;:&quot;4&quot;,&quot;fixed_year&quot;:&quot;2026&quot;,&quot;focus_end_date_range&quot;:&quot;1780264799&quot;,&quot;focus_start_date_range&quot;:&quot;1774994400&quot;,&quot;ft_event_priority&quot;:&quot;no&quot;,&quot;hide_arrows&quot;:&quot;no&quot;,&quot;hide_cancels&quot;:&quot;no&quot;,&quot;hide_empty_months&quot;:&quot;yes&quot;,&quot;hide_end_time&quot;:&quot;no&quot;,&quot;hide_et_dn&quot;:&quot;no&quot;,&quot;hide_et_extra&quot;:&quot;no&quot;,&quot;hide_et_tags&quot;:&quot;no&quot;,&quot;hide_et_tl&quot;:&quot;no&quot;,&quot;hide_ft&quot;:&quot;no&quot;,&quot;hide_ft_img&quot;:&quot;no&quot;,&quot;hide_month_headers&quot;:&quot;no&quot;,&quot;hide_mult_occur&quot;:&quot;no&quot;,&quot;hide_past&quot;:&quot;no&quot;,&quot;hide_past_by&quot;:&quot;ee&quot;,&quot;hide_so&quot;:&quot;no&quot;,&quot;ics&quot;:&quot;no&quot;,&quot;jumper&quot;:&quot;no&quot;,&quot;jumper_count&quot;:5,&quot;jumper_offset&quot;:&quot;0&quot;,&quot;lang&quot;:&quot;L1&quot;,&quot;layout_changer&quot;:&quot;no&quot;,&quot;livenow_bar&quot;:&quot;yes&quot;,&quot;mapformat&quot;:&quot;roadmap&quot;,&quot;mapiconurl&quot;:&quot;&quot;,&quot;maps_load&quot;:&quot;yes&quot;,&quot;mapscroll&quot;:&quot;true&quot;,&quot;mapzoom&quot;:&quot;18&quot;,&quot;members_only&quot;:&quot;no&quot;,&quot;ml_priority&quot;:&quot;no&quot;,&quot;month_incre&quot;:0,&quot;number_of_months&quot;:&quot;2&quot;,&quot;only_ft&quot;:&quot;no&quot;,&quot;pec&quot;:&quot;&quot;,&quot;s&quot;:&quot;&quot;,&quot;search&quot;:&quot;&quot;,&quot;search_all&quot;:&quot;no&quot;,&quot;sep_month&quot;:&quot;yes&quot;,&quot;show_et_ft_img&quot;:&quot;no&quot;,&quot;show_limit&quot;:&quot;no&quot;,&quot;show_limit_ajax&quot;:&quot;no&quot;,&quot;show_limit_paged&quot;:1,&quot;show_limit_redir&quot;:&quot;&quot;,&quot;show_repeats&quot;:&quot;no&quot;,&quot;show_upcoming&quot;:0,&quot;show_year&quot;:&quot;no&quot;,&quot;social_share&quot;:&quot;no&quot;,&quot;sort_by&quot;:&quot;sort_date&quot;,&quot;tile_bg&quot;:0,&quot;tile_bg_size&quot;:&quot;full&quot;,&quot;tile_count&quot;:2,&quot;tile_height&quot;:0,&quot;tile_style&quot;:0,&quot;tiles&quot;:&quot;no&quot;,&quot;ux_val&quot;:&quot;3a&quot;,&quot;wpml_l1&quot;:&quot;&quot;,&quot;wpml_l2&quot;:&quot;&quot;,&quot;wpml_l3&quot;:&quot;&quot;,&quot;yl_priority&quot;:&quot;no&quot;,&quot;fixed_day&quot;:&quot;29&quot;,&quot;_cver&quot;:&quot;2.5.3&quot;}'data-od='{&quot;lang_no_events&quot;:&quot;Pas d&#039;\\u00e9v\\u00e9nements&quot;,&quot;cal_tz_offset&quot;:120,&quot;cal_tz&quot;:&quot;Europe\\\/Brussels&quot;}'><\/div>\n\t\t \t\t<div class='evo_cal_events' data-events=\"\"><\/div>\n\t\t \t<\/div>\n\t\t\t\t\n\t\t\t\n\t\t\t\n\t\t\t\t\t\t<\/div><!-- EventON End -->\n\t\t\t<\/p>\t\t\t\t\t\t\t\t<\/div>\n\t\t\t\t<\/div>\n\t\t\t\t\t<\/div>\n\t\t<\/div>\n\t\t\t\t\t<\/div>\n\t\t<\/section>\n\t\t\t\t<section class=\"elementor-section elementor-top-section elementor-element elementor-element-3bb8ca7 elementor-section-boxed elementor-section-height-default elementor-section-height-default\" data-id=\"3bb8ca7\" data-element_type=\"section\" data-e-type=\"section\">\n\t\t\t\t\t\t<div class=\"elementor-container elementor-column-gap-default\">\n\t\t\t\t\t<div class=\"elementor-column elementor-col-100 elementor-top-column elementor-element elementor-element-c04f553\" data-id=\"c04f553\" data-element_type=\"column\" data-e-type=\"column\">\n\t\t\t<div class=\"elementor-widget-wrap elementor-element-populated\">\n\t\t\t\t\t\t<div class=\"elementor-element elementor-element-710ef3e elementor-widget elementor-widget-heading\" data-id=\"710ef3e\" data-element_type=\"widget\" data-e-type=\"widget\" data-widget_type=\"heading.default\">\n\t\t\t\t<div class=\"elementor-widget-container\">\n\t\t\t\t\t<h3 class=\"elementor-heading-title elementor-size-default\">Actualit\u00e9s<\/h3>\t\t\t\t<\/div>\n\t\t\t\t<\/div>\n\t\t\t\t<div class=\"elementor-element elementor-element-0e66ad6 arrows-relative-to-box_area bullets-small-dot-stroke elementor-widget elementor-widget-the7_elements_carousel\" data-id=\"0e66ad6\" data-element_type=\"widget\" data-e-type=\"widget\" data-settings=\"{&quot;widget_columns&quot;:3,&quot;widget_columns_tablet&quot;:2,&quot;widget_columns_mobile&quot;:1,&quot;gap_between_posts&quot;:{&quot;unit&quot;:&quot;px&quot;,&quot;size&quot;:15,&quot;sizes&quot;:[]},&quot;gap_between_posts_tablet&quot;:{&quot;unit&quot;:&quot;px&quot;,&quot;size&quot;:&quot;&quot;,&quot;sizes&quot;:[]},&quot;gap_between_posts_mobile&quot;:{&quot;unit&quot;:&quot;px&quot;,&quot;size&quot;:&quot;&quot;,&quot;sizes&quot;:[]}}\" data-widget_type=\"the7_elements_carousel.default\">\n\t\t\t\t<div class=\"elementor-widget-container\">\n\t\t\t\t\t<div class=\"disable-arrows-hover-bg the7_elements_carousel-0e66ad6 owl-carousel portfolio-carousel-shortcode elementor-owl-carousel-call portfolio-shortcode the7-elementor-widget content-bg-on content-rollover-layout-list description-on-hover quick-scale-img meta-info-off enable-bg-rollover\" data-scroll-mode=\"1\" data-auto-height=\"true\" data-speed=\"600\" data-autoplay=\"false\" data-autoplay_speed=\"\"><article class=\"post visible forward-post post-11074 services_communaux type-services_communaux status-publish has-post-thumbnail hentry category-culture description-off\">\n<div class=\"post-thumbnail-wrap\">\n\t<div class=\"post-thumbnail \">\n\n\t\t<a class=\"post-thumbnail-rollover layzr-bg img-css-resize-wrapper\" aria-label=\"Image article\" href=\"https:\/\/www.modave.be\/index.php\/services_communaux\/concours-photo-2019-inscrivez-vous-avant-le-25\/\"><img fetchpriority=\"high\" decoding=\"async\" width=\"2560\" height=\"1702\" src=\"data:image\/svg+xml,%3Csvg%20xmlns%3D&#039;http%3A%2F%2Fwww.w3.org%2F2000%2Fsvg&#039;%20viewBox%3D&#039;0%200%202560%201702&#039;%2F%3E\" class=\"attachment-full size-full preload-me aspect lazy lazy-load\" alt=\"\" sizes=\"(max-width: 2560px) 100vw, 2560px\" style=\"--ratio: 2560 \/ 1702;\" data-src=\"https:\/\/www.modave.be\/wp-content\/uploads\/2023\/02\/Concours-Photo-scaled.jpg\" loading=\"eager\" data-srcset=\"https:\/\/www.modave.be\/wp-content\/uploads\/2023\/02\/Concours-Photo-scaled.jpg 2560w, https:\/\/www.modave.be\/wp-content\/uploads\/2023\/02\/Concours-Photo-300x199.jpg 300w, https:\/\/www.modave.be\/wp-content\/uploads\/2023\/02\/Concours-Photo-1024x681.jpg 1024w, https:\/\/www.modave.be\/wp-content\/uploads\/2023\/02\/Concours-Photo-768x511.jpg 768w, https:\/\/www.modave.be\/wp-content\/uploads\/2023\/02\/Concours-Photo-1536x1021.jpg 1536w, https:\/\/www.modave.be\/wp-content\/uploads\/2023\/02\/Concours-Photo-2048x1362.jpg 2048w\" \/><\/a>\n\t<\/div>\n<\/div>\n\n<div class=\"post-entry-content\">\n\t<div class=\"post-entry-wrapper\">\n\t\t<div class=\"post-entry-body\">\n\t\t\t<h3 class=\"ele-entry-title\"><a href=\"https:\/\/www.modave.be\/index.php\/services_communaux\/concours-photo-2019-inscrivez-vous-avant-le-25\/\" rel=\"bookmark\" title=\"Concours photo 2019 \u2026 inscrivez-vous avant le 25 !\">Concours photo 2019 \u2026 inscrivez-vous avant le 25 !<\/a><\/h3><a href=\"https:\/\/www.modave.be\/index.php\/services_communaux\/concours-photo-2019-inscrivez-vous-avant-le-25\/\" target=\"\" aria-label=\"En savoir plus sur Concours photo 2019 \u2026 inscrivez-vous avant le 25 !\" class=\"box-button elementor-button elementor-size-xs\">Lire l&#039;article<\/a>\t\t<\/div>\n\t<\/div>\n<\/div><\/article><\/div><div class=\"owl-nav disabled\"><div class=\"owl-prev\" role=\"button\" tabindex=\"0\" aria-label=\"Prev slide\"><i class=\"fas fa-chevron-left\"><\/i><\/div><div class=\"owl-next\" role=\"button\" tabindex=\"0\" aria-label=\"Next slide\"><i class=\"fas fa-chevron-right\"><\/i><\/div><\/div>\t\t\t\t<\/div>\n\t\t\t\t<\/div>\n\t\t\t\t\t<\/div>\n\t\t<\/div>\n\t\t\t\t\t<\/div>\n\t\t<\/section>\n\t\t\t\t<\/div>\n\t\t","protected":false},"excerpt":{"rendered":"<p>You are here: Home Page Fran\u00e7ois Perniaux T\u00e9l\u00e9phone 085\/41.02.20 Ext 5 Fax 085\/41.02.25 Email jeunesse@modave.be Adresse Administration communale Place G. Hubin, 1-3 4577 MODAVE Ev\u00e9nements occasionnels Agenda Actualit\u00e9s Concours photo 2019 \u2026 inscrivez-vous avant le 25 ! Lire l&#039;article<\/p>\n","protected":false},"author":1,"featured_media":12615,"parent":10864,"menu_order":0,"comment_status":"closed","ping_status":"closed","template":"","meta":{"footnotes":""},"class_list":["post-11069","page","type-page","status-publish","has-post-thumbnail","hentry","description-off"],"yoast_head":"<!-- This site is optimized with the Yoast SEO plugin v27.4 - https:\/\/yoast.com\/product\/yoast-seo-wordpress\/ -->\n<title>Culture - Commune de Modave<\/title>\n<meta name=\"robots\" content=\"index, follow, max-snippet:-1, max-image-preview:large, max-video-preview:-1\" \/>\n<link rel=\"canonical\" href=\"https:\/\/www.modave.be\/index.php\/services-communaux\/culture\/\" \/>\n<meta property=\"og:locale\" content=\"fr_FR\" \/>\n<meta property=\"og:type\" content=\"article\" \/>\n<meta property=\"og:title\" content=\"Culture - Commune de Modave\" \/>\n<meta property=\"og:description\" content=\"You are here: Home Page Fran\u00e7ois Perniaux T\u00e9l\u00e9phone 085\/41.02.20 Ext 5 Fax 085\/41.02.25 Email jeunesse@modave.be Adresse Administration communale Place G. Hubin, 1-3 4577 MODAVE Ev\u00e9nements occasionnels Agenda Actualit\u00e9s Concours photo 2019 \u2026 inscrivez-vous avant le 25 ! Lire l&#039;article\" \/>\n<meta property=\"og:url\" content=\"https:\/\/www.modave.be\/index.php\/services-communaux\/culture\/\" \/>\n<meta property=\"og:site_name\" content=\"Commune de Modave\" \/>\n<meta property=\"article:modified_time\" content=\"2025-12-23T09:37:09+00:00\" \/>\n<meta property=\"og:image\" content=\"https:\/\/www.modave.be\/wp-content\/uploads\/2023\/09\/211289029_1917577928404975_1732881715759364435_n.jpg\" \/>\n\t<meta property=\"og:image:width\" content=\"2019\" \/>\n\t<meta property=\"og:image:height\" content=\"1346\" \/>\n\t<meta property=\"og:image:type\" content=\"image\/jpeg\" \/>\n<meta name=\"twitter:card\" content=\"summary_large_image\" \/>\n<script type=\"application\/ld+json\" class=\"yoast-schema-graph\">{\"@context\":\"https:\\\/\\\/schema.org\",\"@graph\":[{\"@type\":\"WebPage\",\"@id\":\"https:\\\/\\\/www.modave.be\\\/index.php\\\/services-communaux\\\/culture\\\/\",\"url\":\"https:\\\/\\\/www.modave.be\\\/index.php\\\/services-communaux\\\/culture\\\/\",\"name\":\"Culture - Commune de Modave\",\"isPartOf\":{\"@id\":\"https:\\\/\\\/www.modave.be\\\/#website\"},\"primaryImageOfPage\":{\"@id\":\"https:\\\/\\\/www.modave.be\\\/index.php\\\/services-communaux\\\/culture\\\/#primaryimage\"},\"image\":{\"@id\":\"https:\\\/\\\/www.modave.be\\\/index.php\\\/services-communaux\\\/culture\\\/#primaryimage\"},\"thumbnailUrl\":\"https:\\\/\\\/www.modave.be\\\/wp-content\\\/uploads\\\/2023\\\/09\\\/211289029_1917577928404975_1732881715759364435_n.jpg\",\"datePublished\":\"2023-02-21T08:47:06+00:00\",\"dateModified\":\"2025-12-23T09:37:09+00:00\",\"breadcrumb\":{\"@id\":\"https:\\\/\\\/www.modave.be\\\/index.php\\\/services-communaux\\\/culture\\\/#breadcrumb\"},\"inLanguage\":\"fr-FR\",\"potentialAction\":[{\"@type\":\"ReadAction\",\"target\":[\"https:\\\/\\\/www.modave.be\\\/index.php\\\/services-communaux\\\/culture\\\/\"]}]},{\"@type\":\"ImageObject\",\"inLanguage\":\"fr-FR\",\"@id\":\"https:\\\/\\\/www.modave.be\\\/index.php\\\/services-communaux\\\/culture\\\/#primaryimage\",\"url\":\"https:\\\/\\\/www.modave.be\\\/wp-content\\\/uploads\\\/2023\\\/09\\\/211289029_1917577928404975_1732881715759364435_n.jpg\",\"contentUrl\":\"https:\\\/\\\/www.modave.be\\\/wp-content\\\/uploads\\\/2023\\\/09\\\/211289029_1917577928404975_1732881715759364435_n.jpg\",\"width\":2019,\"height\":1346},{\"@type\":\"BreadcrumbList\",\"@id\":\"https:\\\/\\\/www.modave.be\\\/index.php\\\/services-communaux\\\/culture\\\/#breadcrumb\",\"itemListElement\":[{\"@type\":\"ListItem\",\"position\":1,\"name\":\"Accueil\",\"item\":\"https:\\\/\\\/www.modave.be\\\/\"},{\"@type\":\"ListItem\",\"position\":2,\"name\":\"Services Communaux\",\"item\":\"https:\\\/\\\/www.modave.be\\\/index.php\\\/services-communaux\\\/\"},{\"@type\":\"ListItem\",\"position\":3,\"name\":\"Culture\"}]},{\"@type\":\"WebSite\",\"@id\":\"https:\\\/\\\/www.modave.be\\\/#website\",\"url\":\"https:\\\/\\\/www.modave.be\\\/\",\"name\":\"Commune de Modave\",\"description\":\"Commune de Modave\",\"publisher\":{\"@id\":\"https:\\\/\\\/www.modave.be\\\/#organization\"},\"potentialAction\":[{\"@type\":\"SearchAction\",\"target\":{\"@type\":\"EntryPoint\",\"urlTemplate\":\"https:\\\/\\\/www.modave.be\\\/?s={search_term_string}\"},\"query-input\":{\"@type\":\"PropertyValueSpecification\",\"valueRequired\":true,\"valueName\":\"search_term_string\"}}],\"inLanguage\":\"fr-FR\"},{\"@type\":\"Organization\",\"@id\":\"https:\\\/\\\/www.modave.be\\\/#organization\",\"name\":\"Commune de Modave\",\"url\":\"https:\\\/\\\/www.modave.be\\\/\",\"logo\":{\"@type\":\"ImageObject\",\"inLanguage\":\"fr-FR\",\"@id\":\"https:\\\/\\\/www.modave.be\\\/#\\\/schema\\\/logo\\\/image\\\/\",\"url\":\"https:\\\/\\\/www.modave.be\\\/wp-content\\\/uploads\\\/2021\\\/12\\\/MODAVE_LOGO_HORIZONTAL_QUADRI_RVB.png\",\"contentUrl\":\"https:\\\/\\\/www.modave.be\\\/wp-content\\\/uploads\\\/2021\\\/12\\\/MODAVE_LOGO_HORIZONTAL_QUADRI_RVB.png\",\"width\":1200,\"height\":501,\"caption\":\"Commune de Modave\"},\"image\":{\"@id\":\"https:\\\/\\\/www.modave.be\\\/#\\\/schema\\\/logo\\\/image\\\/\"}}]}<\/script>\n<!-- \/ Yoast SEO plugin. -->","yoast_head_json":{"title":"Culture - Commune de Modave","robots":{"index":"index","follow":"follow","max-snippet":"max-snippet:-1","max-image-preview":"max-image-preview:large","max-video-preview":"max-video-preview:-1"},"canonical":"https:\/\/www.modave.be\/index.php\/services-communaux\/culture\/","og_locale":"fr_FR","og_type":"article","og_title":"Culture - Commune de Modave","og_description":"You are here: Home Page Fran\u00e7ois Perniaux T\u00e9l\u00e9phone 085\/41.02.20 Ext 5 Fax 085\/41.02.25 Email jeunesse@modave.be Adresse Administration communale Place G. Hubin, 1-3 4577 MODAVE Ev\u00e9nements occasionnels Agenda Actualit\u00e9s Concours photo 2019 \u2026 inscrivez-vous avant le 25 ! Lire l&#039;article","og_url":"https:\/\/www.modave.be\/index.php\/services-communaux\/culture\/","og_site_name":"Commune de Modave","article_modified_time":"2025-12-23T09:37:09+00:00","og_image":[{"width":2019,"height":1346,"url":"https:\/\/www.modave.be\/wp-content\/uploads\/2023\/09\/211289029_1917577928404975_1732881715759364435_n.jpg","type":"image\/jpeg"}],"twitter_card":"summary_large_image","schema":{"@context":"https:\/\/schema.org","@graph":[{"@type":"WebPage","@id":"https:\/\/www.modave.be\/index.php\/services-communaux\/culture\/","url":"https:\/\/www.modave.be\/index.php\/services-communaux\/culture\/","name":"Culture - Commune de Modave","isPartOf":{"@id":"https:\/\/www.modave.be\/#website"},"primaryImageOfPage":{"@id":"https:\/\/www.modave.be\/index.php\/services-communaux\/culture\/#primaryimage"},"image":{"@id":"https:\/\/www.modave.be\/index.php\/services-communaux\/culture\/#primaryimage"},"thumbnailUrl":"https:\/\/www.modave.be\/wp-content\/uploads\/2023\/09\/211289029_1917577928404975_1732881715759364435_n.jpg","datePublished":"2023-02-21T08:47:06+00:00","dateModified":"2025-12-23T09:37:09+00:00","breadcrumb":{"@id":"https:\/\/www.modave.be\/index.php\/services-communaux\/culture\/#breadcrumb"},"inLanguage":"fr-FR","potentialAction":[{"@type":"ReadAction","target":["https:\/\/www.modave.be\/index.php\/services-communaux\/culture\/"]}]},{"@type":"ImageObject","inLanguage":"fr-FR","@id":"https:\/\/www.modave.be\/index.php\/services-communaux\/culture\/#primaryimage","url":"https:\/\/www.modave.be\/wp-content\/uploads\/2023\/09\/211289029_1917577928404975_1732881715759364435_n.jpg","contentUrl":"https:\/\/www.modave.be\/wp-content\/uploads\/2023\/09\/211289029_1917577928404975_1732881715759364435_n.jpg","width":2019,"height":1346},{"@type":"BreadcrumbList","@id":"https:\/\/www.modave.be\/index.php\/services-communaux\/culture\/#breadcrumb","itemListElement":[{"@type":"ListItem","position":1,"name":"Accueil","item":"https:\/\/www.modave.be\/"},{"@type":"ListItem","position":2,"name":"Services Communaux","item":"https:\/\/www.modave.be\/index.php\/services-communaux\/"},{"@type":"ListItem","position":3,"name":"Culture"}]},{"@type":"WebSite","@id":"https:\/\/www.modave.be\/#website","url":"https:\/\/www.modave.be\/","name":"Commune de Modave","description":"Commune de Modave","publisher":{"@id":"https:\/\/www.modave.be\/#organization"},"potentialAction":[{"@type":"SearchAction","target":{"@type":"EntryPoint","urlTemplate":"https:\/\/www.modave.be\/?s={search_term_string}"},"query-input":{"@type":"PropertyValueSpecification","valueRequired":true,"valueName":"search_term_string"}}],"inLanguage":"fr-FR"},{"@type":"Organization","@id":"https:\/\/www.modave.be\/#organization","name":"Commune de Modave","url":"https:\/\/www.modave.be\/","logo":{"@type":"ImageObject","inLanguage":"fr-FR","@id":"https:\/\/www.modave.be\/#\/schema\/logo\/image\/","url":"https:\/\/www.modave.be\/wp-content\/uploads\/2021\/12\/MODAVE_LOGO_HORIZONTAL_QUADRI_RVB.png","contentUrl":"https:\/\/www.modave.be\/wp-content\/uploads\/2021\/12\/MODAVE_LOGO_HORIZONTAL_QUADRI_RVB.png","width":1200,"height":501,"caption":"Commune de Modave"},"image":{"@id":"https:\/\/www.modave.be\/#\/schema\/logo\/image\/"}}]}},"_links":{"self":[{"href":"https:\/\/www.modave.be\/index.php\/wp-json\/wp\/v2\/pages\/11069","targetHints":{"allow":["GET"]}}],"collection":[{"href":"https:\/\/www.modave.be\/index.php\/wp-json\/wp\/v2\/pages"}],"about":[{"href":"https:\/\/www.modave.be\/index.php\/wp-json\/wp\/v2\/types\/page"}],"author":[{"embeddable":true,"href":"https:\/\/www.modave.be\/index.php\/wp-json\/wp\/v2\/users\/1"}],"replies":[{"embeddable":true,"href":"https:\/\/www.modave.be\/index.php\/wp-json\/wp\/v2\/comments?post=11069"}],"version-history":[{"count":0,"href":"https:\/\/www.modave.be\/index.php\/wp-json\/wp\/v2\/pages\/11069\/revisions"}],"up":[{"embeddable":true,"href":"https:\/\/www.modave.be\/index.php\/wp-json\/wp\/v2\/pages\/10864"}],"wp:featuredmedia":[{"embeddable":true,"href":"https:\/\/www.modave.be\/index.php\/wp-json\/wp\/v2\/media\/12615"}],"wp:attachment":[{"href":"https:\/\/www.modave.be\/index.php\/wp-json\/wp\/v2\/media?parent=11069"}],"curies":[{"name":"wp","href":"https:\/\/api.w.org\/{rel}","templated":true}]}}