{"id":11271,"date":"2023-02-21T16:15:51","date_gmt":"2023-02-21T15:15:51","guid":{"rendered":"http:\/\/217.182.142.226\/?page_id=11271"},"modified":"2025-10-01T16:43:21","modified_gmt":"2025-10-01T14:43:21","slug":"sports-et-loisirs","status":"publish","type":"page","link":"https:\/\/www.modave.be\/index.php\/services-communaux\/sports-et-loisirs\/","title":{"rendered":"Sports et Loisirs"},"content":{"rendered":"\t\t<div data-elementor-type=\"wp-page\" data-elementor-id=\"11271\" class=\"elementor elementor-11271\" wpc-filter-elementor-widget=\"1\" data-elementor-post-type=\"page\">\n\t\t\t\t\t\t<section class=\"elementor-section elementor-top-section elementor-element elementor-element-19d15e8 elementor-section-boxed elementor-section-height-default elementor-section-height-default\" data-id=\"19d15e8\" data-element_type=\"section\" data-e-type=\"section\">\n\t\t\t\t\t\t<div class=\"elementor-container elementor-column-gap-default\">\n\t\t\t\t\t<div class=\"elementor-column elementor-col-100 elementor-top-column elementor-element elementor-element-5401e64\" data-id=\"5401e64\" data-element_type=\"column\" data-e-type=\"column\">\n\t\t\t<div class=\"elementor-widget-wrap elementor-element-populated\">\n\t\t\t\t\t\t<div class=\"elementor-element elementor-element-b293f0d split-breadcrumbs-y elementor-widget elementor-widget-the7-breadcrumb\" data-id=\"b293f0d\" data-element_type=\"widget\" data-e-type=\"widget\" data-widget_type=\"the7-breadcrumb.default\">\n\t\t\t\t<div class=\"elementor-widget-container\">\n\t\t\t\t\t<div class=\"assistive-text\">Vous \u00eates ici :<\/div><ol class=\"breadcrumbs text-small rcrumbs\" itemscope itemtype=\"https:\/\/schema.org\/BreadcrumbList\"><li itemprop=\"itemListElement\" itemscope itemtype=\"https:\/\/schema.org\/ListItem\"><a itemprop=\"item\" href=\"https:\/\/www.modave.be\/\" title=\"Accueil\"><span itemprop=\"name\">Accueil<\/span><\/a><meta itemprop=\"position\" content=\"1\" \/><\/li><li class=\"current\" itemprop=\"itemListElement\" itemscope itemtype=\"https:\/\/schema.org\/ListItem\"><span itemprop=\"name\">Page<\/span><meta itemprop=\"position\" content=\"2\" \/><\/li><\/ol>\t\t\t\t<\/div>\n\t\t\t\t<\/div>\n\t\t\t\t\t<\/div>\n\t\t<\/div>\n\t\t\t\t\t<\/div>\n\t\t<\/section>\n\t\t\t\t<section class=\"elementor-section elementor-top-section elementor-element elementor-element-6feedf7 elementor-section-boxed elementor-section-height-default elementor-section-height-default\" data-id=\"6feedf7\" data-element_type=\"section\" data-e-type=\"section\">\n\t\t\t\t\t\t<div class=\"elementor-container elementor-column-gap-default\">\n\t\t\t\t\t<div class=\"elementor-column elementor-col-33 elementor-top-column elementor-element elementor-element-c9fc166\" data-id=\"c9fc166\" data-element_type=\"column\" data-e-type=\"column\">\n\t\t\t<div class=\"elementor-widget-wrap elementor-element-populated\">\n\t\t\t\t\t\t<div class=\"elementor-element elementor-element-5cca9df elementor-widget elementor-widget-image\" data-id=\"5cca9df\" data-element_type=\"widget\" data-e-type=\"widget\" data-widget_type=\"image.default\">\n\t\t\t\t<div class=\"elementor-widget-container\">\n\t\t\t\t\t\t\t\t\t\t\t\t\t\t\t<img decoding=\"async\" src=\"https:\/\/www.modave.be\/wp-content\/uploads\/elementor\/thumbs\/MODAVE_LOGO_VERTICAL_QUADRI_RVB-1-q4lws9w9u128sxmv5e94qhtcu9b0stk6oxz2d103j0.png\" title=\"MODAVE_LOGO_VERTICAL_QUADRI_RVB\" alt=\"MODAVE_LOGO_VERTICAL_QUADRI_RVB\" loading=\"lazy\" \/>\t\t\t\t\t\t\t\t\t\t\t\t\t\t\t<\/div>\n\t\t\t\t<\/div>\n\t\t\t\t\t<\/div>\n\t\t<\/div>\n\t\t\t\t<div class=\"elementor-column elementor-col-33 elementor-top-column elementor-element elementor-element-8463ec2\" data-id=\"8463ec2\" data-element_type=\"column\" data-e-type=\"column\">\n\t\t\t<div class=\"elementor-widget-wrap elementor-element-populated\">\n\t\t\t\t\t\t<div class=\"elementor-element elementor-element-ce68cc2 content-align-left icon-box-vertical-align-top icon-position-left icon-vertical-align-start elementor-widget elementor-widget-the7_icon_box_grid_widget\" data-id=\"ce68cc2\" data-element_type=\"widget\" data-e-type=\"widget\" data-widget_type=\"the7_icon_box_grid_widget.default\">\n\t\t\t\t<div class=\"elementor-widget-container\">\n\t\t\t\t\t<div class=\"the7-box-grid-wrapper the7-elementor-widget loading-effect-none the7_icon_box_grid_widget-ce68cc2 widget-divider-on\"><h4 class=\"rp-heading\">Vinciane Douhard <\/h4>\t\t\t<div class=\"dt-css-grid\">\n\t\t\t\t\t\t\t\t\t<div class=\"wf-cell shown\">\n\t\t\t\t\t\t<div class=\"the7-icon-box-grid\">\t\t\t\t\t\t\t<div class=\"box-content-wrapper\">\n\t\t\t\t\t\t\t\t\t\t\t\t\t\t\t\t\t<a class=\"elementor-icon-div\" aria-label=\"T\u00e9l\u00e9phone\">\t\t\t\t\t\t\t\t\t\t<div class=\"elementor-icon\">\n\t\t\t\t\t\t\t\t\t\t\t<i aria-hidden=\"true\" class=\"fas fa-phone-alt\"><\/i>\t\t\t\t\t\t\t\t\t\t<\/div>\n\t\t\t\t\t\t\t\t\t<\/a>\t\t\t\t\t\t\t\t\t\t\t\t\t\t\t\t<div class=\"box-content\">\n\t\t\t\t\t\t\t\t\t\t\t\t\t\t\t\t\t\t\t\t\t\t\t\t\t\t\t\t\t<h5 class=\"box-heading\">\n\t\t\t\t\t\t\t\t\t\t\t<a aria-label=\"T\u00e9l\u00e9phone\">\t\t\t\t\t\t\t\t\t\t\t\tT\u00e9l\u00e9phone\t\t\t\t\t\t\t\t\t\t\t<\/a>\t\t\t\t\t\t\t\t\t\t<\/h5>\n\t\t\t\t\t\t\t\t\t\t\t\t\t\t\t\t\t\t\t\t\t\t\t\t\t\t\t\t<div class=\"box-description\">085\/41.02.20 Ext 5<\/div>\n\t\t\t\t\t\t\t\t\t\t\t\t\t\t\t\t\t\t\t\t\t\t\t\t\t\t<\/div>\n\t\t\t\t\t\t\t<\/div>\n\t\t\t\t\t\t<\/div>\t\t\t\t\t<\/div>\n\t\t\t\t\t\t\t\t\t<div class=\"wf-cell shown\">\n\t\t\t\t\t\t<div class=\"the7-icon-box-grid\">\t\t\t\t\t\t\t<div class=\"box-content-wrapper\">\n\t\t\t\t\t\t\t\t\t\t\t\t\t\t\t\t\t<a class=\"elementor-icon-div\" aria-label=\"Fax\">\t\t\t\t\t\t\t\t\t\t<div class=\"elementor-icon\">\n\t\t\t\t\t\t\t\t\t\t\t<i aria-hidden=\"true\" class=\"fas fa-fax\"><\/i>\t\t\t\t\t\t\t\t\t\t<\/div>\n\t\t\t\t\t\t\t\t\t<\/a>\t\t\t\t\t\t\t\t\t\t\t\t\t\t\t\t<div class=\"box-content\">\n\t\t\t\t\t\t\t\t\t\t\t\t\t\t\t\t\t\t\t\t\t\t\t\t\t\t\t\t\t<h5 class=\"box-heading\">\n\t\t\t\t\t\t\t\t\t\t\t<a aria-label=\"Fax\">\t\t\t\t\t\t\t\t\t\t\t\tFax\t\t\t\t\t\t\t\t\t\t\t<\/a>\t\t\t\t\t\t\t\t\t\t<\/h5>\n\t\t\t\t\t\t\t\t\t\t\t\t\t\t\t\t\t\t\t\t\t\t\t\t\t\t\t\t<div class=\"box-description\">085\/41.02.25<\/div>\n\t\t\t\t\t\t\t\t\t\t\t\t\t\t\t\t\t\t\t\t\t\t\t\t\t\t<\/div>\n\t\t\t\t\t\t\t<\/div>\n\t\t\t\t\t\t<\/div>\t\t\t\t\t<\/div>\n\t\t\t\t\t\t\t\t\t<div class=\"wf-cell shown\">\n\t\t\t\t\t\t<div class=\"the7-icon-box-grid\">\t\t\t\t\t\t\t<div class=\"box-content-wrapper\">\n\t\t\t\t\t\t\t\t\t\t\t\t\t\t\t\t\t<a class=\"elementor-icon-div\" aria-label=\"Email\">\t\t\t\t\t\t\t\t\t\t<div class=\"elementor-icon\">\n\t\t\t\t\t\t\t\t\t\t\t<i aria-hidden=\"true\" class=\"fas fa-envelope\"><\/i>\t\t\t\t\t\t\t\t\t\t<\/div>\n\t\t\t\t\t\t\t\t\t<\/a>\t\t\t\t\t\t\t\t\t\t\t\t\t\t\t\t<div class=\"box-content\">\n\t\t\t\t\t\t\t\t\t\t\t\t\t\t\t\t\t\t\t\t\t\t\t\t\t\t\t\t\t<h5 class=\"box-heading\">\n\t\t\t\t\t\t\t\t\t\t\t<a aria-label=\"Email\">\t\t\t\t\t\t\t\t\t\t\t\tEmail\t\t\t\t\t\t\t\t\t\t\t<\/a>\t\t\t\t\t\t\t\t\t\t<\/h5>\n\t\t\t\t\t\t\t\t\t\t\t\t\t\t\t\t\t\t\t\t\t\t\t\t\t\t\t\t<div class=\"box-description\">sportsloisirs@modave.be<\/div>\n\t\t\t\t\t\t\t\t\t\t\t\t\t\t\t\t\t\t\t\t\t\t\t\t\t\t<\/div>\n\t\t\t\t\t\t\t<\/div>\n\t\t\t\t\t\t<\/div>\t\t\t\t\t<\/div>\n\t\t\t\t\t\t\t\t\t<div class=\"wf-cell shown\">\n\t\t\t\t\t\t<div class=\"the7-icon-box-grid\">\t\t\t\t\t\t\t<div class=\"box-content-wrapper\">\n\t\t\t\t\t\t\t\t\t\t\t\t\t\t\t\t\t<a class=\"elementor-icon-div\" aria-label=\"Adresse\">\t\t\t\t\t\t\t\t\t\t<div class=\"elementor-icon\">\n\t\t\t\t\t\t\t\t\t\t\t<i aria-hidden=\"true\" class=\"fas fa-map-signs\"><\/i>\t\t\t\t\t\t\t\t\t\t<\/div>\n\t\t\t\t\t\t\t\t\t<\/a>\t\t\t\t\t\t\t\t\t\t\t\t\t\t\t\t<div class=\"box-content\">\n\t\t\t\t\t\t\t\t\t\t\t\t\t\t\t\t\t\t\t\t\t\t\t\t\t\t\t\t\t<h5 class=\"box-heading\">\n\t\t\t\t\t\t\t\t\t\t\t<a aria-label=\"Adresse\">\t\t\t\t\t\t\t\t\t\t\t\tAdresse\t\t\t\t\t\t\t\t\t\t\t<\/a>\t\t\t\t\t\t\t\t\t\t<\/h5>\n\t\t\t\t\t\t\t\t\t\t\t\t\t\t\t\t\t\t\t\t\t\t\t\t\t\t\t\t<div class=\"box-description\">Administration communale<br>\nPlace G. Hubin, 1-3 <br>\n4577 MODAVE<\/div>\n\t\t\t\t\t\t\t\t\t\t\t\t\t\t\t\t\t\t\t\t\t\t\t\t\t\t<\/div>\n\t\t\t\t\t\t\t<\/div>\n\t\t\t\t\t\t<\/div>\t\t\t\t\t<\/div>\n\t\t\t\t\t\t\t<\/div>\n\t\t<\/div>\t\t\t\t<\/div>\n\t\t\t\t<\/div>\n\t\t\t\t\t<\/div>\n\t\t<\/div>\n\t\t\t\t<div class=\"elementor-column elementor-col-33 elementor-top-column elementor-element elementor-element-4a54cc4\" data-id=\"4a54cc4\" data-element_type=\"column\" data-e-type=\"column\">\n\t\t\t<div class=\"elementor-widget-wrap elementor-element-populated\">\n\t\t\t\t\t\t<div class=\"elementor-element elementor-element-060b512 elementor-widget elementor-widget-text-editor\" data-id=\"060b512\" data-element_type=\"widget\" data-e-type=\"widget\" data-widget_type=\"text-editor.default\">\n\t\t\t\t<div class=\"elementor-widget-container\">\n\t\t\t\t\t\t\t\t\t<ul><li><strong>Gestion des salles communales<br \/><\/strong>Vous pouvez\u00a0<strong>consulter<\/strong>\u00a0les disponibilit\u00e9s des salles via les agendas dans l&rsquo;onglet SALLES COMMUNALES puis<strong>\u00a0t\u00e9l\u00e9charger<\/strong>\u00a0le contrat de location et la d\u00e9claration d&rsquo;activit\u00e9s afin d<strong>&lsquo;introduire votre demande par \u00e9crit<\/strong>\u00a0au Coll\u00e8ge.<br \/>NB: la location ne sera effective qu&rsquo;apr\u00e8s accord \u00e9crit et paiement du montant d\u00fb.<\/li><\/ul><ul><li><strong>Gestion du Complexe sportif<\/strong><\/li><\/ul><ul><li><strong>Ev\u00e8nements culturels et sportifs<\/strong><\/li><\/ul>\t\t\t\t\t\t\t\t<\/div>\n\t\t\t\t<\/div>\n\t\t\t\t<div class=\"elementor-element elementor-element-efe1101 elementor-widget elementor-widget-heading\" data-id=\"efe1101\" data-element_type=\"widget\" data-e-type=\"widget\" data-widget_type=\"heading.default\">\n\t\t\t\t<div class=\"elementor-widget-container\">\n\t\t\t\t\t<h3 class=\"elementor-heading-title elementor-size-default\">Agenda<\/h3>\t\t\t\t<\/div>\n\t\t\t\t<\/div>\n\t\t\t\t<div class=\"elementor-element elementor-element-d72ec3f elementor-widget elementor-widget-text-editor\" data-id=\"d72ec3f\" data-element_type=\"widget\" data-e-type=\"widget\" data-widget_type=\"text-editor.default\">\n\t\t\t\t<div class=\"elementor-widget-container\">\n\t\t\t\t\t\t\t\t\t<p><!-- EventON Calendar --><div id='evcal_calendar_695' class='list_cal ajde_evcal_calendar sev cev color esty_2 etttc_custom ' ><div id='evcal_head' class='calendar_header ' ><div class='evo_cal_above'><span class='evo-search'><\/span><span class='evo-gototoday-btn evo_hide' style='display:none;' data-mo='5' data-yr='2026' data-dy=''>Mois actuel<\/span><span class='evo-sort-btn'><div class='eventon_sort_line' style='display:none'><p data-val='sort_date' data-type='date' class='evs_btn evo_sort_option evs_hide select' >Date<\/p><p data-val='sort_title' data-type='title' class='evs_btn evo_sort_option ' >Titre<\/p><\/div><\/span><\/div><div class='evo_cal_above_content'>\t\t\t\t\t\n\t\t\t\t<div class='evo_search_bar evo_hidden'>\n\t\t\t\t\t<div class='evo_search_bar_in' >\n\t\t\t\t\t\t<input id='evo_search_bar_in_695' type=\"text\" placeholder='Search Events' data-role=\"none\"\/>\n\n\t\t\t\t\t\t<a class=\"evosr_search_clear_btn\"><i class=\"fa fa-close\"><\/i><\/a>\n\t\t\t\t\t\t<a class=\"evosr_search_btn\"><i class=\"fa fa-search\"><\/i><\/a>\n\t\t\t\t\t<\/div>\n\t\t\t\t<\/div>\n\n\t\t\t<\/div><\/div><div class='eventon_sorting_section' style='display:none'><div class='eventon_filter_line '><div class='eventon_filter evo_sortOpt evo_sortList_event_type' data-filter_field='event_type' data-filter_val='179' data-filter_type='tax' data-fl_o='IN ' data-fldef='179'>\n\t\t\t\t\t\t\t\t\t<p class='filtering_set_val'>Type d&#039;\u00e9v\u00e9nement<em class='fa fa-check'><\/em><\/p>\n\t\t\t\t\t\t\t\t\t<div class='eventon_filter_dropdown' style='display:none'><p class='evo_filter_val  all' data-filter_val='all'>All<\/p><p class='evo_filter_val  event_type_288 aines has_icon' data-filter_val='288' data-filter_slug='aines'><i class=\"fa fa-hiking\"><\/i>A\u00een\u00e9s<\/p><p class='evo_filter_val  event_type_313 assemblee has_icon' data-filter_val='313' data-filter_slug='assemblee'><i class=\"fa fa-people-line\"><\/i>Assembl\u00e9es G\u00e9n\u00e9rales Ordinaires<\/p><p class='evo_filter_val  event_type_182 associatif has_icon' data-filter_val='182' data-filter_slug='associatif'><i class=\"fa fa-contact-book\"><\/i>Associatif<\/p><p class='evo_filter_val  event_type_476 associatif-aines  np' data-filter_val='476' data-filter_slug='associatif-aines'>Associatif<\/p><p class='evo_filter_val  event_type_333 bibliotheque has_icon' data-filter_val='333' data-filter_slug='bibliotheque'><i class=\"fa fa-book-open-reader\"><\/i>Biblioth\u00e8que<\/p><p class='evo_filter_val  event_type_475 ccca  np' data-filter_val='475' data-filter_slug='ccca'>CCCA<\/p><p class='evo_filter_val  event_type_409 citoyennete has_icon' data-filter_val='409' data-filter_slug='citoyennete'><i class=\"fa fa-handshake\"><\/i>Citoyennet\u00e9<\/p><p class='evo_filter_val  event_type_456 com has_icon' data-filter_val='456' data-filter_slug='com'><i class=\"fa fa-comments\"><\/i>Communication<\/p><p class='evo_filter_val  event_type_474 cpas  np' data-filter_val='474' data-filter_slug='cpas'>CPAS<\/p><p class='evo_filter_val  event_type_186 culture has_icon' data-filter_val='186' data-filter_slug='culture'><i class=\"fa fa-book-open-reader\"><\/i>Culture<\/p><p class='evo_filter_val  event_type_185 divers has_icon' data-filter_val='185' data-filter_slug='divers'><i class=\"fa fa-check-circle\"><\/i>Divers<\/p><p class='evo_filter_val  event_type_410 enseignement has_icon' data-filter_val='410' data-filter_slug='enseignement'><i class=\"fa fa-pencil-square\"><\/i>Enseignement<\/p><p class='evo_filter_val  event_type_299 environnement has_icon' data-filter_val='299' data-filter_slug='environnement'><i class=\"fa fa-globe-europe\"><\/i>Environnement<\/p><p class='evo_filter_val  event_type_298 festivites has_icon' data-filter_val='298' data-filter_slug='festivites'><i class=\"fa fa-music\"><\/i>Festivit\u00e9s<\/p><p class='evo_filter_val  event_type_458 finances has_icon' data-filter_val='458' data-filter_slug='finances'><i class=\"fa fa-money-check\"><\/i>Finances<\/p><p class='evo_filter_val  event_type_379 formations has_icon' data-filter_val='379' data-filter_slug='formations'><i class=\"fa fa-school-flag\"><\/i>Formations<\/p><p class='evo_filter_val  event_type_403 histoire-patrimoine has_icon' data-filter_val='403' data-filter_slug='histoire-patrimoine'><i class=\"fa fa-landmark-alt\"><\/i>Histoire &amp; patrimoine<\/p><p class='evo_filter_val  event_type_408 infos-pratiques has_icon' data-filter_val='408' data-filter_slug='infos-pratiques'><i class=\"fa fa-info\"><\/i>Infos pratiques<\/p><p class='evo_filter_val  event_type_304 jeunesse has_icon' data-filter_val='304' data-filter_slug='jeunesse'><i class=\"fa fa-child-reaching\"><\/i>Jeunesse<\/p><p class='evo_filter_val  event_type_336 sante has_icon' data-filter_val='336' data-filter_slug='sante'><i class=\"fa fa-hand-holding-medical\"><\/i>Sant\u00e9<\/p><p class='evo_filter_val select event_type_179 sportsetloisirs has_icon' data-filter_val='179' data-filter_slug='sportsetloisirs'><i class=\"fa fa-person-biking\"><\/i>Sport<\/p><p class='evo_filter_val  event_type_352 stages has_icon' data-filter_val='352' data-filter_slug='stages'><i class=\"fa fa-calendar-alt\"><\/i>Stages<\/p><p class='evo_filter_val  event_type_457 taxes has_icon' data-filter_val='457' data-filter_slug='taxes'><i class=\"fa fa-money-check\"><\/i>Taxes<\/p><p class='evo_filter_val  event_type_300 travaux has_icon' data-filter_val='300' data-filter_slug='travaux'><i class=\"fa fa-warning\"><\/i>Travaux<\/p><\/div>\t\n\t\t\t\t\t\t\t<\/div><div class='eventon_filter evo_sortOpt evo_sortList_event_location' data-filter_field='event_location' data-filter_val='all' data-filter_type='tax' data-fl_o='IN ' data-fldef='all'>\n\t\t\t\t\t\t\t\t\t<p class='filtering_set_val'>Lieu de l&#039;\u00e9v\u00e9nement<em class='fa fa-check'><\/em><\/p>\n\t\t\t\t\t\t\t\t\t<div class='eventon_filter_dropdown' style='display:none'><p class='evo_filter_val select all' data-filter_val='all'>All<\/p><p class='evo_filter_val select event_location_341 administration-communal-de-nandrin ' data-filter_val='341' data-filter_slug='administration-communal-de-nandrin'>Administration Communal de Nandrin<\/p><p class='evo_filter_val select event_location_383 administration-communale-danthisnes ' data-filter_val='383' data-filter_slug='administration-communale-danthisnes'>Administration communale d\u2019Anthisnes<\/p><p class='evo_filter_val select event_location_377 administration-communale-de-hamoir ' data-filter_val='377' data-filter_slug='administration-communale-de-hamoir'>Administration communale de Hamoir,<\/p><p class='evo_filter_val select event_location_467 ancienne-ecole-de-les-avins ' data-filter_val='467' data-filter_slug='ancienne-ecole-de-les-avins'>Ancienne \u00e9cole de &quot;Les Avins&quot;<\/p><p class='evo_filter_val select event_location_337 ancienne-gare-de-barse ' data-filter_val='337' data-filter_slug='ancienne-gare-de-barse'>Ancienne gare de Barse<\/p><p class='evo_filter_val select event_location_430 ancienne-gare-de-pont-de-bonne ' data-filter_val='430' data-filter_slug='ancienne-gare-de-pont-de-bonne'>Ancienne gare de Pont-de-Bonne<\/p><p class='evo_filter_val select event_location_380 atelier-de-gravure-de-oyou ' data-filter_val='380' data-filter_slug='atelier-de-gravure-de-oyou'>Atelier de gravure de OYOU<\/p><p class='evo_filter_val select event_location_382 athenee-royal-prince-baudouin ' data-filter_val='382' data-filter_slug='athenee-royal-prince-baudouin'>Ath\u00e9n\u00e9e Royal Prince Baudouin<\/p><p class='evo_filter_val select event_location_434 baratin ' data-filter_val='434' data-filter_slug='baratin'>Baratin<\/p><p class='evo_filter_val select event_location_339 bibliotheque-de-marchin ' data-filter_val='339' data-filter_slug='bibliotheque-de-marchin'>Biblioth\u00e8que de Marchin<\/p><p class='evo_filter_val select event_location_303 bibliotheque-de-vierset ' data-filter_val='303' data-filter_slug='bibliotheque-de-vierset'>Biblioth\u00e8que de Vierset<\/p><p class='evo_filter_val select event_location_189 bibliotheque-publique-de-marchin ' data-filter_val='189' data-filter_slug='bibliotheque-publique-de-marchin'>Biblioth\u00e8que publique de Marchin<\/p><p class='evo_filter_val select event_location_305 bistro-a-grand-marchin ' data-filter_val='305' data-filter_slug='bistro-a-grand-marchin'>Bistro \u00e0 Grand-Marchin<\/p><p class='evo_filter_val select event_location_187 bois-rosine ' data-filter_val='187' data-filter_slug='bois-rosine'>Bois rosine<\/p><p class='evo_filter_val select event_location_317 business-village-ecolys-by-actibel ' data-filter_val='317' data-filter_slug='business-village-ecolys-by-actibel'>Business Village Ecolys by Actibel<\/p><p class='evo_filter_val select event_location_431 c-t-a-de-stree ' data-filter_val='431' data-filter_slug='c-t-a-de-stree'>C.T.A. de Str\u00e9e<\/p><p class='evo_filter_val select event_location_490 chapelle-de-limet ' data-filter_val='490' data-filter_slug='chapelle-de-limet'>Chapelle de Limet<\/p><p class='evo_filter_val select event_location_398 chapelle-du-fourneau ' data-filter_val='398' data-filter_slug='chapelle-du-fourneau'>chapelle du Fourneau<\/p><p class='evo_filter_val select event_location_489 chateau-de-fallais ' data-filter_val='489' data-filter_slug='chateau-de-fallais'>Ch\u00e2teau de Fallais<\/p><p class='evo_filter_val select event_location_486 chateau-de-jehay ' data-filter_val='486' data-filter_slug='chateau-de-jehay'>Ch\u00e2teau de Jehay<\/p><p class='evo_filter_val select event_location_309 chateau-de-modave ' data-filter_val='309' data-filter_slug='chateau-de-modave'>Ch\u00e2teau de Modave<\/p><p class='evo_filter_val select event_location_478 chez-ruelle ' data-filter_val='478' data-filter_slug='chez-ruelle'>Chez Ruelle<\/p><p class='evo_filter_val select event_location_325 cile ' data-filter_val='325' data-filter_slug='cile'>CILE<\/p><p class='evo_filter_val select event_location_348 commune-de-modave ' data-filter_val='348' data-filter_slug='commune-de-modave'>Commune de Modave<\/p><p class='evo_filter_val select event_location_270 complexe-sportif-communal ' data-filter_val='270' data-filter_slug='complexe-sportif-communal'>Complexe sportif communal<\/p><p class='evo_filter_val select event_location_284 crie-chateau-de-modave ' data-filter_val='284' data-filter_slug='crie-chateau-de-modave'>CRIE &#8211; Ch\u00e2teau de Modave<\/p><p class='evo_filter_val select event_location_378 devenirs-asbl ' data-filter_val='378' data-filter_slug='devenirs-asbl'>Devenirs asbl<\/p><p class='evo_filter_val select event_location_273 ecole-communale-de-modave ' data-filter_val='273' data-filter_slug='ecole-communale-de-modave'>Ecole communale de Modave<\/p><p class='evo_filter_val select event_location_448 ecole-de-la-sainte-famille ' data-filter_val='448' data-filter_slug='ecole-de-la-sainte-famille'>\u00c9cole de la Sainte-Famille<\/p><p class='evo_filter_val select event_location_177 ecole-saint-joseph ' data-filter_val='177' data-filter_slug='ecole-saint-joseph'>Ecole Saint Joseph<\/p><p class='evo_filter_val select event_location_397 eglise-de-modave ' data-filter_val='397' data-filter_slug='eglise-de-modave'>Eglise de Modave<\/p><p class='evo_filter_val select event_location_268 eglise-de-pailhle ' data-filter_val='268' data-filter_slug='eglise-de-pailhle'>Eglise de Pailhle<\/p><p class='evo_filter_val select event_location_180 eglise-de-ramelot ' data-filter_val='180' data-filter_slug='eglise-de-ramelot'>Eglise de Ramelot<\/p><p class='evo_filter_val select event_location_399 eglise-de-rausa ' data-filter_val='399' data-filter_slug='eglise-de-rausa'>\u00e9glise de Rausa<\/p><p class='evo_filter_val select event_location_282 eglise-de-saint-martin ' data-filter_val='282' data-filter_slug='eglise-de-saint-martin'>Eglise de Saint Martin<\/p><p class='evo_filter_val select event_location_396 eglise-de-vierset-barse ' data-filter_val='396' data-filter_slug='eglise-de-vierset-barse'>Eglise de Vierset Barse<\/p><p class='evo_filter_val select event_location_289 eglise-de-villers-le-temple ' data-filter_val='289' data-filter_slug='eglise-de-villers-le-temple'>Eglise de Villers-le-Temple<\/p><p class='evo_filter_val select event_location_400 eglise-de-vyle-tharoul ' data-filter_val='400' data-filter_slug='eglise-de-vyle-tharoul'>\u00e9glise de Vyle Tharoul<\/p><p class='evo_filter_val select event_location_460 eglise-saint-pierre-de-villers-le-temple ' data-filter_val='460' data-filter_slug='eglise-saint-pierre-de-villers-le-temple'>\u00c9glise Saint-Pierre de Villers-le-Temple<\/p><p class='evo_filter_val select event_location_321 enodia ' data-filter_val='321' data-filter_slug='enodia'>Enodia<\/p><p class='evo_filter_val select event_location_437 espace-de-convivialite-de-modave ' data-filter_val='437' data-filter_slug='espace-de-convivialite-de-modave'>Espace de Convivialit\u00e9 de Modave<\/p><p class='evo_filter_val select event_location_435 espace-tiers-lieu ' data-filter_val='435' data-filter_slug='espace-tiers-lieu'>Espace Tiers-Lieu<\/p><p class='evo_filter_val select event_location_275 espace-test-de-stree ' data-filter_val='275' data-filter_slug='espace-test-de-stree'>Espace-test de str\u00e9e<\/p><p class='evo_filter_val select event_location_488 fort-de-huy ' data-filter_val='488' data-filter_slug='fort-de-huy'>Fort de Huy<\/p><p class='evo_filter_val select event_location_427 grand-route-8-marchin ' data-filter_val='427' data-filter_slug='grand-route-8-marchin'>Grand Route 8, Marchin<\/p><p class='evo_filter_val select event_location_426 grand-route-8-vyle-et-tharoul-marchin ' data-filter_val='426' data-filter_slug='grand-route-8-vyle-et-tharoul-marchin'>Grand Route 8, Vyle-et-Tharoul Marchin<\/p><p class='evo_filter_val select event_location_441 hall-des-sports-de-marchin ' data-filter_val='441' data-filter_slug='hall-des-sports-de-marchin'>Hall des sports de Marchin<\/p><p class='evo_filter_val select event_location_292 hall-omnisports-du-cnrf ' data-filter_val='292' data-filter_slug='hall-omnisports-du-cnrf'>Hall Omnisports du CNRF<\/p><p class='evo_filter_val select event_location_454 hotel-de-police ' data-filter_val='454' data-filter_slug='hotel-de-police'>H\u00f4tel de Police<\/p><p class='evo_filter_val select event_location_316 intradel ' data-filter_val='316' data-filter_slug='intradel'>Intradel<\/p><p class='evo_filter_val select event_location_401 jardin-des-aubepines ' data-filter_val='401' data-filter_slug='jardin-des-aubepines'>Jardin des Aub\u00e9pines<\/p><p class='evo_filter_val select event_location_421 la-cabane-de-chantal-et-brice ' data-filter_val='421' data-filter_slug='la-cabane-de-chantal-et-brice'>La Cabane de Chantal et Brice<\/p><p class='evo_filter_val select event_location_386 la-limonaderie ' data-filter_val='386' data-filter_slug='la-limonaderie'>La Limonaderie<\/p><p class='evo_filter_val select event_location_451 le-grenier ' data-filter_val='451' data-filter_slug='le-grenier'>Le Grenier<\/p><p class='evo_filter_val select event_location_428 les-deux-chenes-asbl ' data-filter_val='428' data-filter_slug='les-deux-chenes-asbl'>Les Deux Ch\u00eanes ASBL<\/p><p class='evo_filter_val select event_location_184 les-echos-du-hoyoux ' data-filter_val='184' data-filter_slug='les-echos-du-hoyoux'>Les Echos du Hoyoux<\/p><p class='evo_filter_val select event_location_384 local-des-jeunes ' data-filter_val='384' data-filter_slug='local-des-jeunes'>Local des jeunes<\/p><p class='evo_filter_val select event_location_285 local-intergenerationnel ' data-filter_val='285' data-filter_slug='local-intergenerationnel'>Local Interg\u00e9n\u00e9rationnel<\/p><p class='evo_filter_val select event_location_420 maison-rurale-de-modave ' data-filter_val='420' data-filter_slug='maison-rurale-de-modave'>Maison Rurale de Modave<\/p><p class='evo_filter_val select event_location_312 mare-de-modave ' data-filter_val='312' data-filter_slug='mare-de-modave'>Mare de Modave<\/p><p class='evo_filter_val select event_location_402 monument-de-vierset-barse ' data-filter_val='402' data-filter_slug='monument-de-vierset-barse'>Monument de Vierset-Barse<\/p><p class='evo_filter_val select event_location_485 musee-de-huy ' data-filter_val='485' data-filter_slug='musee-de-huy'>Mus\u00e9e de Huy<\/p><p class='evo_filter_val select event_location_406 nature-progres ' data-filter_val='406' data-filter_slug='nature-progres'>Nature &amp; Progr\u00e8s<\/p><p class='evo_filter_val select event_location_340 oyou ' data-filter_val='340' data-filter_slug='oyou'>Oyou<\/p><p class='evo_filter_val select event_location_425 pavillon-du-vieux-chateau ' data-filter_val='425' data-filter_slug='pavillon-du-vieux-chateau'>Pavillon du Vieux Ch\u00e2teau<\/p><p class='evo_filter_val select event_location_390 petite-ecole-de-modave-village ' data-filter_val='390' data-filter_slug='petite-ecole-de-modave-village'>Petite Ecole de Modave Village<\/p><p class='evo_filter_val select event_location_296 pl-georges-hubin ' data-filter_val='296' data-filter_slug='pl-georges-hubin'>Pl. Georges Hubin<\/p><p class='evo_filter_val select event_location_445 place-de-belle-maison ' data-filter_val='445' data-filter_slug='place-de-belle-maison'>Place de Belle-Maison<\/p><p class='evo_filter_val select event_location_465 place-de-leglise-a-les-avins-clavier ' data-filter_val='465' data-filter_slug='place-de-leglise-a-les-avins-clavier'>Place de l&#039;Eglise \u00e0 Les Avins (Clavier)<\/p><p class='evo_filter_val select event_location_461 place-de-leglise-a-terwagne ' data-filter_val='461' data-filter_slug='place-de-leglise-a-terwagne'>Place de l&#039;\u00e9glise \u00e0 Terwagne<\/p><p class='evo_filter_val select event_location_483 point-vert-stree ' data-filter_val='483' data-filter_slug='point-vert-stree'>Point Vert &#8211; Str\u00e9e<\/p><p class='evo_filter_val select event_location_391 potager-collectif ' data-filter_val='391' data-filter_slug='potager-collectif'>Potager collectif<\/p><p class='evo_filter_val select event_location_453 presbytere ' data-filter_val='453' data-filter_slug='presbytere'>Presbyt\u00e8re<\/p><p class='evo_filter_val select event_location_479 recyparc-de-clavier ' data-filter_val='479' data-filter_slug='recyparc-de-clavier'>R\u00e9cyparc de Clavier<\/p><p class='evo_filter_val select event_location_319 resa ' data-filter_val='319' data-filter_slug='resa'>Resa<\/p><p class='evo_filter_val select event_location_442 residence-des-seniors ' data-filter_val='442' data-filter_slug='residence-des-seniors'>R\u00e9sidence des seniors<\/p><p class='evo_filter_val select event_location_468 rue-biette-4577-modave ' data-filter_val='468' data-filter_slug='rue-biette-4577-modave'>Rue Biette &#8211; 4577 Modave<\/p><p class='evo_filter_val select event_location_462 rue-de-la-gare-2-4577-modave ' data-filter_val='462' data-filter_slug='rue-de-la-gare-2-4577-modave'>rue de la Gare 2 &#8211; 4577 Modave<\/p><p class='evo_filter_val select event_location_422 rue-du-parc-2-4570-marchin ' data-filter_val='422' data-filter_slug='rue-du-parc-2-4570-marchin'>Rue du Parc 2, 4570 Marchin<\/p><p class='evo_filter_val select event_location_423 rue-du-parc-5-vyle-et-tharoul-marchin ' data-filter_val='423' data-filter_slug='rue-du-parc-5-vyle-et-tharoul-marchin'>Rue du Parc 5, Vyle-et-Tharoul Marchin<\/p><p class='evo_filter_val select event_location_291 salle-bois-rosine ' data-filter_val='291' data-filter_slug='salle-bois-rosine'>Salle Bois Rosine<\/p><p class='evo_filter_val select event_location_438 salle-communale-de-hamoir ' data-filter_val='438' data-filter_slug='salle-communale-de-hamoir'>Salle communale de Hamoir<\/p><p class='evo_filter_val select event_location_459 salle-communale-de-ramelot-le-tilleul ' data-filter_val='459' data-filter_slug='salle-communale-de-ramelot-le-tilleul'>Salle communale de Ramelot \u00ab Le Tilleul \u00bb<\/p><p class='evo_filter_val select event_location_440 salle-de-loffice-du-tourisme-de-ferrieres ' data-filter_val='440' data-filter_slug='salle-de-loffice-du-tourisme-de-ferrieres'>Salle de l\u2019Office du Tourisme de Ferri\u00e8res<\/p><p class='evo_filter_val select event_location_327 salle-de-reunion-1-a-et-b ' data-filter_val='327' data-filter_slug='salle-de-reunion-1-a-et-b'>Salle de r\u00e9union \u00ab- 1 A et B \u00bb,<\/p><p class='evo_filter_val select event_location_452 salle-des-oies ' data-filter_val='452' data-filter_slug='salle-des-oies'>Salle des Oies<\/p><p class='evo_filter_val select event_location_439 salle-du-conseil-de-clavier ' data-filter_val='439' data-filter_slug='salle-du-conseil-de-clavier'>Salle du Conseil de Clavier<\/p><p class='evo_filter_val select event_location_295 salle-les-echos-du-hoyoux ' data-filter_val='295' data-filter_slug='salle-les-echos-du-hoyoux'>Salle Les Echos du Hoyoux<\/p><p class='evo_filter_val select event_location_405 salle-les-melezes-residence-de-senones ' data-filter_val='405' data-filter_slug='salle-les-melezes-residence-de-senones'>Salle Les M\u00e9l\u00e8zes, R\u00e9sidence de Senones<\/p><p class='evo_filter_val select event_location_323 station-depuration-de-liege-oupeye ' data-filter_val='323' data-filter_slug='station-depuration-de-liege-oupeye'>station d&#039;\u00e9puration de Li\u00e8ge-Oupeye<\/p><p class='evo_filter_val select event_location_302 syndicat-dinitiative-entre-eaux-chateaux ' data-filter_val='302' data-filter_slug='syndicat-dinitiative-entre-eaux-chateaux'>Syndicat d&rsquo;Initiative entre Eaux &amp; Ch\u00e2teaux<\/p><p class='evo_filter_val select event_location_394 terrain-daeromodelisme ' data-filter_val='394' data-filter_slug='terrain-daeromodelisme'>Terrain d&#039;a\u00e9romod\u00e9lisme<\/p><p class='evo_filter_val select event_location_417 terrain-de-foot-de-stree ' data-filter_val='417' data-filter_slug='terrain-de-foot-de-stree'>Terrain de foot de Str\u00e9e<\/p><p class='evo_filter_val select event_location_412 terrain-de-foot-de-vyle-tharoul ' data-filter_val='412' data-filter_slug='terrain-de-foot-de-vyle-tharoul'>Terrain de foot de Vyle-Tharoul<\/p><p class='evo_filter_val select event_location_314 val-benoit ' data-filter_val='314' data-filter_slug='val-benoit'>VAL BENOIT<\/p><p class='evo_filter_val select event_location_393 vierset-barse ' data-filter_val='393' data-filter_slug='vierset-barse'>Vierset-Barse<\/p><p class='evo_filter_val select event_location_424 vyle-et-tharoul ' data-filter_val='424' data-filter_slug='vyle-et-tharoul'>Vyle-et-Tharoul<\/p><\/div>\t\n\t\t\t\t\t\t\t<\/div><div class='eventon_filter evo_sortOpt evo_sortList_event_organizer' data-filter_field='event_organizer' data-filter_val='all' data-filter_type='tax' data-fl_o='IN ' data-fldef='all'>\n\t\t\t\t\t\t\t\t\t<p class='filtering_set_val'>Organisateur d&#039;\u00e9v\u00e9nements<em class='fa fa-check'><\/em><\/p>\n\t\t\t\t\t\t\t\t\t<div class='eventon_filter_dropdown' style='display:none'><p class='evo_filter_val select all' data-filter_val='all'>All<\/p><p class='evo_filter_val select event_organizer_446 1-8 ' data-filter_val='446' data-filter_slug='1-8'>1 \/ 8<\/p><p class='evo_filter_val select event_organizer_308 a-e-c ' data-filter_val='308' data-filter_slug='a-e-c'>A.E.C.<\/p><p class='evo_filter_val select event_organizer_306 administration-communale-de-modave ' data-filter_val='306' data-filter_slug='administration-communale-de-modave'>Administration Communale de Modave<\/p><p class='evo_filter_val select event_organizer_324 aide ' data-filter_val='324' data-filter_slug='aide'>AIDE<\/p><p class='evo_filter_val select event_organizer_463 aines ' data-filter_val='463' data-filter_slug='aines'>A\u00een\u00e9s<\/p><p class='evo_filter_val select event_organizer_188 ap-modave ' data-filter_val='188' data-filter_slug='ap-modave'>AP Modave<\/p><p class='evo_filter_val select event_organizer_450 association-de-parents-de-lecole-de-sainte-famille ' data-filter_val='450' data-filter_slug='association-de-parents-de-lecole-de-sainte-famille'>Association de Parents de l&#039;\u00e9cole de Sainte-Famille<\/p><p class='evo_filter_val select event_organizer_433 baratin ' data-filter_val='433' data-filter_slug='baratin'>Baratin<\/p><p class='evo_filter_val select event_organizer_190 bibliotheque-de-marchin ' data-filter_val='190' data-filter_slug='bibliotheque-de-marchin'>Biblioth\u00e8que de Marchin<\/p><p class='evo_filter_val select event_organizer_332 bibliotheque-de-vierset ' data-filter_val='332' data-filter_slug='bibliotheque-de-vierset'>Biblioth\u00e8que de Vierset<\/p><p class='evo_filter_val select event_organizer_290 ccca-claire ' data-filter_val='290' data-filter_slug='ccca-claire'>CCCA &#8211; Claire<\/p><p class='evo_filter_val select event_organizer_181 ccca-pietro ' data-filter_val='181' data-filter_slug='ccca-pietro'>CCCA Pietro<\/p><p class='evo_filter_val select event_organizer_328 chr-de-huy ' data-filter_val='328' data-filter_slug='chr-de-huy'>CHR de Huy<\/p><p class='evo_filter_val select event_organizer_326 cile ' data-filter_val='326' data-filter_slug='cile'>CILE<\/p><p class='evo_filter_val select event_organizer_444 cirque-zavatalia ' data-filter_val='444' data-filter_slug='cirque-zavatalia'>Cirque Zavatalia<\/p><p class='evo_filter_val select event_organizer_436 coherence-en-action ' data-filter_val='436' data-filter_slug='coherence-en-action'>Coh\u00e9rence en Action<\/p><p class='evo_filter_val select event_organizer_272 comite-de-jumelage-modave-saugues ' data-filter_val='272' data-filter_slug='comite-de-jumelage-modave-saugues'>Comit\u00e9 de jumelage Modave &#8211; Saugues<\/p><p class='evo_filter_val select event_organizer_307 comite-des-fetes-de-saint-louis ' data-filter_val='307' data-filter_slug='comite-des-fetes-de-saint-louis'>Comit\u00e9 des F\u00eates de Saint-Louis<\/p><p class='evo_filter_val select event_organizer_297 comite-des-fetes-de-vierset ' data-filter_val='297' data-filter_slug='comite-des-fetes-de-vierset'>Comit\u00e9 des F\u00eates de Vierset<\/p><p class='evo_filter_val select event_organizer_293 cpas ' data-filter_val='293' data-filter_slug='cpas'>CPAS<\/p><p class='evo_filter_val select event_organizer_484 devenirs-a-s-b-l ' data-filter_val='484' data-filter_slug='devenirs-a-s-b-l'>Devenirs a.s.b.l.<\/p><p class='evo_filter_val select event_organizer_274 direction-ecole-communale-modave ' data-filter_val='274' data-filter_slug='direction-ecole-communale-modave'>Direction Ecole communale modave<\/p><p class='evo_filter_val select event_organizer_449 ecole-de-la-sainte-famille ' data-filter_val='449' data-filter_slug='ecole-de-la-sainte-famille'>\u00c9cole de la Sainte-Famille<\/p><p class='evo_filter_val select event_organizer_310 ecole-de-saint-louis ' data-filter_val='310' data-filter_slug='ecole-de-saint-louis'>\u00c9cole de Saint-Louis<\/p><p class='evo_filter_val select event_organizer_269 ecole-libre-saint-louis ' data-filter_val='269' data-filter_slug='ecole-libre-saint-louis'>Ecole Libre Saint-Louis<\/p><p class='evo_filter_val select event_organizer_322 enodia ' data-filter_val='322' data-filter_slug='enodia'>Enodia<\/p><p class='evo_filter_val select event_organizer_447 evadom ' data-filter_val='447' data-filter_slug='evadom'>Evadom<\/p><p class='evo_filter_val select event_organizer_283 gal-condruses ' data-filter_val='283' data-filter_slug='gal-condruses'>Gal Condruses<\/p><p class='evo_filter_val select event_organizer_455 iles-de-paix-2026 ' data-filter_val='455' data-filter_slug='iles-de-paix-2026'>\u00celes de Paix 2026<\/p><p class='evo_filter_val select event_organizer_318 imio ' data-filter_val='318' data-filter_slug='imio'>IMIO<\/p><p class='evo_filter_val select event_organizer_404 infor-jeunes ' data-filter_val='404' data-filter_slug='infor-jeunes'>Infor Jeunes<\/p><p class='evo_filter_val select event_organizer_311 intradel ' data-filter_val='311' data-filter_slug='intradel'>Intradel<\/p><p class='evo_filter_val select event_organizer_389 jbs-padel-pickel ' data-filter_val='389' data-filter_slug='jbs-padel-pickel'>JBS Padel &amp; Pickel<\/p><p class='evo_filter_val select event_organizer_443 jumelage-saugues-trois-ecoles ' data-filter_val='443' data-filter_slug='jumelage-saugues-trois-ecoles'>Jumelage Saugues \u2013 Trois \u00c9coles<\/p><p class='evo_filter_val select event_organizer_183 le-ccca ' data-filter_val='183' data-filter_slug='le-ccca'>Le CCCA<\/p><p class='evo_filter_val select event_organizer_469 les-chatsmi-de-capsule ' data-filter_val='469' data-filter_slug='les-chatsmi-de-capsule'>Les Chats&#039;mi De Capsule<\/p><p class='evo_filter_val select event_organizer_429 les-deux-chenes-asbl ' data-filter_val='429' data-filter_slug='les-deux-chenes-asbl'>Les Deux Ch\u00eanes ASBL<\/p><p class='evo_filter_val select event_organizer_470 les-saisons-de-romont-apiculture-herboristerie-de-terroir ' data-filter_val='470' data-filter_slug='les-saisons-de-romont-apiculture-herboristerie-de-terroir'>Les Saisons de Romont &#8211; Apiculture &amp; Herboristerie de Terroir<\/p><p class='evo_filter_val select event_organizer_385 meuse-aval-contrat-de-riviere ' data-filter_val='385' data-filter_slug='meuse-aval-contrat-de-riviere'>Meuse Aval Contrat de Rivi\u00e8re<\/p><p class='evo_filter_val select event_organizer_349 michel-marlair ' data-filter_val='349' data-filter_slug='michel-marlair'>Michel Marlair<\/p><p class='evo_filter_val select event_organizer_271 morgane ' data-filter_val='271' data-filter_slug='morgane'>Morgane<\/p><p class='evo_filter_val select event_organizer_387 mutualite-chretienne ' data-filter_val='387' data-filter_slug='mutualite-chretienne'>Mutualit\u00e9 Chr\u00e9tienne<\/p><p class='evo_filter_val select event_organizer_411 natagora ' data-filter_val='411' data-filter_slug='natagora'>Natagora<\/p><p class='evo_filter_val select event_organizer_407 nature-progres ' data-filter_val='407' data-filter_slug='nature-progres'>Nature &amp; Progr\u00e8s<\/p><p class='evo_filter_val select event_organizer_413 one ' data-filter_val='413' data-filter_slug='one'>ONE<\/p><p class='evo_filter_val select event_organizer_276 oyou ' data-filter_val='276' data-filter_slug='oyou'>OYOU<\/p><p class='evo_filter_val select event_organizer_331 oyou-bibliotheque ' data-filter_val='331' data-filter_slug='oyou-bibliotheque'>Oyou Biblioth\u00e8que<\/p><p class='evo_filter_val select event_organizer_392 potager-collectif ' data-filter_val='392' data-filter_slug='potager-collectif'>Potager collectif<\/p><p class='evo_filter_val select event_organizer_335 province-de-liege ' data-filter_val='335' data-filter_slug='province-de-liege'>Province de Li\u00e8ge<\/p><p class='evo_filter_val select event_organizer_191 repair-cafe ' data-filter_val='191' data-filter_slug='repair-cafe'>Repair Caf\u00e9<\/p><p class='evo_filter_val select event_organizer_320 resa ' data-filter_val='320' data-filter_slug='resa'>Resa<\/p><p class='evo_filter_val select event_organizer_220 roger-dony ' data-filter_val='220' data-filter_slug='roger-dony'>Roger Dony<\/p><p class='evo_filter_val select event_organizer_432 rue-du-centre-21-4577-modave ' data-filter_val='432' data-filter_slug='rue-du-centre-21-4577-modave'>Rue du Centre 21, 4577 Modave<\/p><p class='evo_filter_val select event_organizer_338 rus-stree ' data-filter_val='338' data-filter_slug='rus-stree'>RUS Str\u00e9e<\/p><p class='evo_filter_val select event_organizer_466 scouts-de-modave ' data-filter_val='466' data-filter_slug='scouts-de-modave'>Scouts de Modave<\/p><p class='evo_filter_val select event_organizer_315 spi ' data-filter_val='315' data-filter_slug='spi'>Spi<\/p><p class='evo_filter_val select event_organizer_178 syndicat-dinitiative-entre-eaux-chateau ' data-filter_val='178' data-filter_slug='syndicat-dinitiative-entre-eaux-chateau'>Syndicat d&rsquo;Initiative \u00ab\u00a0Entre Eaux &amp; Ch\u00e2teau\u00a0\u00bb<\/p><p class='evo_filter_val select event_organizer_487 terres-de-meuse ' data-filter_val='487' data-filter_slug='terres-de-meuse'>Terres de Meuse<\/p><p class='evo_filter_val select event_organizer_301 tourisme-modave-marchin-clavier-tinlot ' data-filter_val='301' data-filter_slug='tourisme-modave-marchin-clavier-tinlot'>Tourisme Modave Marchin Clavier Tinlot<\/p><p class='evo_filter_val select event_organizer_395 unite-pastorale-marchin-modave ' data-filter_val='395' data-filter_slug='unite-pastorale-marchin-modave'>Unit\u00e9 Pastorale Marchin-Modave<\/p><\/div>\t\n\t\t\t\t\t\t\t<\/div><div class='eventon_filter evo_hideshow_pastfuture' data-filter_field='event_past_future' \n\t\t\t\t\t\t\t\tdata-filter_val='future' data-filter_type='custom' data-fldef='future'><div class='eventon_filter_selection'><p class='filtering_set_val' data-opts='evs4_in'>\u00c9v\u00e9nements pass\u00e9s et futurs<em class='fa fa-check'><\/em><\/p><div class='eventon_filter_dropdown evo_hideshow select_one' style='display:none'><p class='evo_filter_val all' data-filter_val='all'>All<\/p><p class='evo_filter_val past ' data-filter_val='past'>Seulement les \u00e9v\u00e9nements pass\u00e9s<\/p><p class='evo_filter_val future select' data-filter_val='future'>Seulement les \u00e9v\u00e9nements futurs<\/p><\/div>\n\t\t\t\t\t\t\t\t<\/div><div class='clear'><\/div>\n\t\t\t\t\t\t\t<\/div><\/div><div class='clear'><\/div><\/div><div id='eventon_loadbar_section'><div id='eventon_loadbar'><\/div><\/div><!-- Events List --><div id='evcal_list' \n\t\t\t\t\tclass='eventon_events_list '><div id=\"event_18361_0\" class=\"eventon_list_event evo_eventtop scheduled  event event_18361_0\" data-event_id=\"18361\" data-ri=\"0r\" data-time=\"1777878000-1778248800\" data-colr=\"#e74d3c\" itemscope itemtype='http:\/\/schema.org\/Event'><div class=\"evo_event_schema\" style=\"display:none\" ><a itemprop='url'  href='https:\/\/www.modave.be\/index.php\/events\/rus-stree-stage-de-foot-vacances-de-printemps\/'><\/a><meta itemprop='image' content=\"https:\/\/www.modave.be\/wp-content\/uploads\/2026\/03\/Stage-printemps-2026.png\" \/><meta itemprop='startDate' content=\"2026-5-4T09:00+2:00\" \/><meta itemprop='endDate' content=\"2026-5-8T16:00+2:00\" \/><meta itemprop='eventStatus' content=\"https:\/\/schema.org\/EventScheduled\" \/><item style=\"display:none\" itemprop=\"location\" itemscope itemtype=\"http:\/\/schema.org\/Place\"><span itemprop=\"name\">Terrain de foot de Str\u00e9e<\/span><span itemprop=\"address\" itemscope itemtype=\"http:\/\/schema.org\/PostalAddress\"><item itemprop=\"streetAddress\">Route de Str\u00e9e 12A \u2013 4577 Str\u00e9e-Lez-Huy<\/item><\/span><\/item><item style=\"display:none\" itemprop=\"eventAttendanceMode\" itemscope itemtype=\"https:\/\/schema.org\/OfflineEventAttendanceMode\"><\/item><script type=\"application\/ld+json\">{\"@context\": \"http:\/\/schema.org\",\"@type\": \"Event\",\n\t\t\t\t\"@id\": \"event_18361_0\",\n\t\t\t\t\"eventAttendanceMode\":\"https:\/\/schema.org\/OfflineEventAttendanceMode\",\n\t\t\t\t\"name\": \"RUS Str\u00e9e | Stage de foot | Vacances de printemps\",\n\t\t\t\t\"url\": \"https:\/\/www.modave.be\/index.php\/events\/rus-stree-stage-de-foot-vacances-de-printemps\/\",\n\t\t\t\t\"startDate\": \"2026-5-4T09:00+2:00\",\n\t\t\t\t\"endDate\": \"2026-5-8T16:00+2:00\",\n\t\t\t\t\"image\":\"https:\/\/www.modave.be\/wp-content\/uploads\/2026\/03\/Stage-printemps-2026.png\", \n\t\t\t\t\"description\":\" <p><strong>Stage de football | Vacances de printemps 2026 \u00e0 Str\u00e9e<\/strong><\/p>    <p>Le club RUS Str\u00e9e organise un stage de football \u00e0 destination des enfants durant les prochaines vacances de printemps. Une belle occasion pour les jeunes passionn\u00e9s de ballon rond de se d\u00e9penser, progresser et partager un moment sportif dans une ambiance conviviale.<\/p>    <p><strong>Informations pratiques<\/strong><\/p>    <ul class=wp-block-list> <li>Dates : du 4 au 8 mai 2026<\/li>    <li>\u00c2ge : enfants de 5 \u00e0 12 ans<\/li>    <li>Horaire du stage : de 9h \u00e0 16h<\/li>    <li>Garderie : disponible de 7h30 \u00e0 17h30<\/li> <\/ul>    <p>Lieu :<\/p>    <p>Route de Str\u00e9e 12A<br>4577 Str\u00e9e-lez-Huy<\/p>    <p>Tarifs :<\/p>    <ul class=wp-block-list> <li>85 \u20ac par enfant non affili\u00e9<\/li>    <li>80 \u20ac par enfant affili\u00e9 au club<\/li>    <li>R\u00e9duction pr\u00e9vue \u00e0 partir du 2\u1d49 enfant<\/li> <\/ul>    <p>Inscriptions et renseignements<\/p>    <ul class=wp-block-list> <li>T\u00e9l\u00e9phone : 0494\/82.27.77<\/li>    <li>Facebook : RUS Str\u00e9e<\/li> <\/ul> \",\"location\":[{\"@type\":\"Place\",\"name\":\"Terrain de foot de Str\u00e9e\",\"address\":{\"@type\": \"PostalAddress\",\"streetAddress\":\"Route de Str\u00e9e 12A \u2013 4577 Str\u00e9e-Lez-Huy\"}}],\"eventStatus\":\"https:\/\/schema.org\/EventScheduled\"}<\/script><\/div>\n\t\t\t\t<p class=\"desc_trig_outter\" style=\"\"><a data-gmtrig=\"1\" data-exlk=\"0\" style=\"background-color: #e74d3c;\" id=\"evc_177787800018361\" class=\"desc_trig evo_sportsetloisirs mul_val evcal_list_a\" data-ux_val=\"3a\" data-ux_val_mob=\"-\"  ><span class='evoet_c2 evoet_cx '><span class='evoet_dayblock evcal_cblock ' data-bgcolor='#e74d3c' data-smon='Mai' data-syr='2026'><span class='evo_start '><em class='date'>04<\/em><em class='month'>Mai<\/em><em class='time'><i t=\"y\">(Mai 4)<\/i>9 h 00 min<\/em><\/span><span class='evo_end '><em class='date'>08<\/em><em class='time'><i t=\"y\">(Mai 8)<\/i>16 h 00 min<\/em><\/span><\/span><\/span><span style='display:none' class='event_location_attrs'  data-location_address=\"Route de Str\u00e9e 12A \u2013 4577 Str\u00e9e-Lez-Huy\" data-location_type=\"lonlat\" data-location_name=\"Terrain de foot de Str\u00e9e\" data-location_url=\"https:\/\/www.modave.be\/index.php\/event-location\/terrain-de-foot-de-stree\/\" data-location_status=\"true\" data-latlng=\"50.4931942,5.3218809\"><\/span><span class='evoet_c3 evoet_cx evcal_desc evo_info ' ><span class='evoet_tags evo_above_title'><\/span><span class='evoet_title evcal_desc2 evcal_event_title' itemprop='name'>RUS Str\u00e9e | Stage de foot | Vacances de printemps<\/span><span class='evoet_subtitle evo_below_title'><span class='evcal_event_subtitle' >de 5 \u00e0 12 ans, filles et gar\u00e7ons, qu\u2019ils soient d\u00e9butants ou confirm\u00e9s !<\/span><\/span><span class='evoet_time_expand level_3 evcal_desc_info evogap10'><em class='evcal_time evo_tz_time level_4'><i class='fa fa-clock-o evomarr10'><\/i>9 h 00 min (4) &#8211; 16 h 00 min <em class=\"evo_endday evomarl5\">(8)<\/em><span class='evo_tz marl5'>(GMT+02:00)<\/span><\/em> <span class='evoet_location level_4'><em class=\"evcal_location evolh13\"  data-latlng=\"50.4931942,5.3218809\" data-add_str=\"Route de Str\u00e9e 12A \u2013 4577 Str\u00e9e-Lez-Huy\"><i class=\"fa fa-location-pin evomarr10\"><\/i>Route de Str\u00e9e 12A \u2013 4577 Str\u00e9e-Lez-Huy<\/em><\/span><\/span><span class='evcal_desc3'><span class='evcal_oganizer level_4'>\n\t\t\t\t\t\t\t\t<em><i>Organisateur:<\/i><\/em>\n\t\t\t\t\t\t\t\t<em class=\"evoet_dataval\">RUS Str\u00e9e<\/em>\n\t\t\t\t\t\t\t\t<\/span><span class='evcal_event_types level_4 ett1'><em><i>Type d&#039;\u00e9v\u00e9nement:<\/i><\/em><em data-filter='event_type'><i class=\"fa fa-person-biking\"><\/i>Sport<\/em><i class='clear'><\/i><\/span><\/span><\/span><em class='evoet_data' style='display:none' data-bgc='#e74d3c'data-bggrad=''><\/em><\/a><\/p><div class='clear end'><\/div><\/div><div style=\"display:none; \" id=\"event_18101_9\" class=\"eventon_list_event evo_eventtop scheduled  event no_et evSL event_18101_9\" data-event_id=\"18101\" data-ri=\"9r\" data-time=\"1778002200-1778017800\" data-colr=\"#e74d3c\" itemscope itemtype='http:\/\/schema.org\/Event'><div class=\"evo_event_schema\" style=\"display:none\" ><a itemprop='url'  href='https:\/\/www.modave.be\/index.php\/events\/je-cours-pour-ma-forme-2\/var\/ri-9.l-L1'><\/a><meta itemprop='image' content=\"https:\/\/www.modave.be\/wp-content\/uploads\/2026\/02\/Sports-et-loisirs.jpg\" \/><meta itemprop='startDate' content=\"2026-5-5T19:30+2:00\" \/><meta itemprop='endDate' content=\"2026-5-5T23:50+2:00\" \/><meta itemprop='eventStatus' content=\"https:\/\/schema.org\/EventScheduled\" \/><item style=\"display:none\" itemprop=\"location\" itemscope itemtype=\"http:\/\/schema.org\/Place\"><span itemprop=\"name\">Complexe sportif communal<\/span><span itemprop=\"address\" itemscope itemtype=\"http:\/\/schema.org\/PostalAddress\"><item itemprop=\"streetAddress\">Tige de Hestreux 1, 4577 Modave<\/item><\/span><\/item><item style=\"display:none\" itemprop=\"eventAttendanceMode\" itemscope itemtype=\"https:\/\/schema.org\/OfflineEventAttendanceMode\"><\/item><script type=\"application\/ld+json\">{\"@context\": \"http:\/\/schema.org\",\"@type\": \"Event\",\n\t\t\t\t\"@id\": \"event_18101_9\",\n\t\t\t\t\"eventAttendanceMode\":\"https:\/\/schema.org\/OfflineEventAttendanceMode\",\n\t\t\t\t\"name\": \"Je cours pour ma forme (0-5 km)\",\n\t\t\t\t\"url\": \"https:\/\/www.modave.be\/index.php\/events\/je-cours-pour-ma-forme-2\/var\/ri-9.l-L1\",\n\t\t\t\t\"startDate\": \"2026-5-5T19:30+2:00\",\n\t\t\t\t\"endDate\": \"2026-5-5T23:50+2:00\",\n\t\t\t\t\"image\":\"https:\/\/www.modave.be\/wp-content\/uploads\/2026\/02\/Sports-et-loisirs.jpg\", \n\t\t\t\t\"description\":\" <p><em>Envie de bouger, de reprendre la course \u00e0 pied ?<\/em><\/p>    <p>Le programme Je cours pour ma forme reprend d\u00e8s le mardi 3 mars 2026 au complexe sportif de Vierset pour 12 s\u00e9ances encadr\u00e9es.<\/p>    <p>Tous les mardis \u00e0 19h30 (niveau 0\u20135 km)<\/p>    <ul class=wp-block-list> <li>Gratuit pour les 12\u201317 ans<\/li>    <li>25 \u20ac pour les adultes<\/li> <\/ul>    <p>Inscription (cycle complet) :<br><a href=https:\/\/forms.gle\/NA4wD72zCGYbpzK66>https:\/\/forms.gle\/NA4wD72zCGYbpzK66<\/a><\/p>    <p>Infos : 085\/41.02.20 ext. 5 \u2013 <a>sportsloisirs@modave.be<\/a><br>Renseignements sportifs : 0495\/16.67.85 \u2013 Christophe Henry<\/p> \",\"location\":[{\"@type\":\"Place\",\"name\":\"Complexe sportif communal\",\"address\":{\"@type\": \"PostalAddress\",\"streetAddress\":\"Tige de Hestreux 1, 4577 Modave\"}}],\"eventStatus\":\"https:\/\/schema.org\/EventScheduled\"}<\/script><\/div>\n\t\t\t\t<p class=\"desc_trig_outter\" style=\"\"><a data-gmtrig=\"1\" data-exlk=\"0\" style=\"background-color: #e74d3c;\" id=\"evc_177800220018101\" class=\"event_repeat desc_trig evo_sportsetloisirs sin_val evcal_list_a\" data-ux_val=\"3a\" data-ux_val_mob=\"-\"  ><span class='evoet_c2 evoet_cx '><span class='evoet_dayblock evcal_cblock ' data-bgcolor='#e74d3c' data-smon='Mai' data-syr='2026'><span class='evo_start '><em class='date'>05<\/em><em class='month'>Mai<\/em><em class='time'>19 h 30 min<\/em><\/span><\/span><\/span><span style='display:none' class='event_location_attrs'  data-location_address=\"Tige de Hestreux 1, 4577 Modave\" data-location_type=\"lonlat\" data-location_name=\"Complexe sportif communal\" data-location_url=\"https:\/\/www.modave.be\/index.php\/event-location\/complexe-sportif-communal\/\" data-location_status=\"true\" data-latlng=\"50.4796455,5.2861443\"><\/span><span class='evoet_c3 evoet_cx evcal_desc evo_info ' ><span class='evoet_tags evo_above_title'><span class='evo_event_headers repeating'>Repeating Event<\/span><\/span><span class='evoet_title evcal_desc2 evcal_event_title' itemprop='name'>Je cours pour ma forme (0-5 km)<\/span><span class='evoet_subtitle evo_below_title'><span class='evcal_event_subtitle' >Niveau 0\u20135 km<\/span><\/span><span class='evoet_time_expand level_3 evcal_desc_info evogap10'><em class='evcal_time evo_tz_time level_4'><i class='fa fa-clock-o evomarr10'><\/i>19 h 30 min<span class='evo_tz marl5'>(GMT+02:00)<\/span><\/em> <span class='evoet_location level_4'><em class=\"evcal_location evolh13\"  data-latlng=\"50.4796455,5.2861443\" data-add_str=\"Tige de Hestreux 1, 4577 Modave\"><i class=\"fa fa-location-pin evomarr10\"><\/i>Tige de Hestreux 1, 4577 Modave<\/em><\/span><\/span><span class='evcal_desc3'><span class='evcal_oganizer level_4'>\n\t\t\t\t\t\t\t\t<em><i>Organisateur:<\/i><\/em>\n\t\t\t\t\t\t\t\t<em class=\"evoet_dataval\">Administration Communale de Modave<\/em>\n\t\t\t\t\t\t\t\t<\/span><span class='evcal_event_types level_4 ett1'><em><i>Type d&#039;\u00e9v\u00e9nement:<\/i><\/em><em data-filter='event_type'><i class=\"fa fa-person-biking\"><\/i>Sport<\/em><i class='clear'><\/i><\/span><\/span><\/span><em class='evoet_data' style='display:none' data-bgc='#e74d3c'data-bggrad=''><\/em><\/a><\/p><div class='clear end'><\/div><\/div><div style=\"display:none; \" id=\"event_18423_8\" class=\"eventon_list_event evo_eventtop scheduled  event no_et evSL event_18423_8\" data-event_id=\"18423\" data-ri=\"8r\" data-time=\"1778175000-1778190600\" data-colr=\"#e74d3c\" itemscope itemtype='http:\/\/schema.org\/Event'><div class=\"evo_event_schema\" style=\"display:none\" ><a itemprop='url'  href='https:\/\/www.modave.be\/index.php\/events\/je-cours-pour-ma-forme-3\/var\/ri-8.l-L1'><\/a><meta itemprop='image' content=\"https:\/\/www.modave.be\/wp-content\/uploads\/2026\/03\/JCPMF.jpg\" \/><meta itemprop='startDate' content=\"2026-5-7T19:30+2:00\" \/><meta itemprop='endDate' content=\"2026-5-7T23:50+2:00\" \/><meta itemprop='eventStatus' content=\"https:\/\/schema.org\/EventScheduled\" \/><item style=\"display:none\" itemprop=\"location\" itemscope itemtype=\"http:\/\/schema.org\/Place\"><span itemprop=\"name\">Complexe sportif communal<\/span><span itemprop=\"address\" itemscope itemtype=\"http:\/\/schema.org\/PostalAddress\"><item itemprop=\"streetAddress\">Tige de Hestreux 1, 4577 Modave<\/item><\/span><\/item><item style=\"display:none\" itemprop=\"eventAttendanceMode\" itemscope itemtype=\"https:\/\/schema.org\/OfflineEventAttendanceMode\"><\/item><script type=\"application\/ld+json\">{\"@context\": \"http:\/\/schema.org\",\"@type\": \"Event\",\n\t\t\t\t\"@id\": \"event_18423_8\",\n\t\t\t\t\"eventAttendanceMode\":\"https:\/\/schema.org\/OfflineEventAttendanceMode\",\n\t\t\t\t\"name\": \"Je cours pour ma forme (3-8 km)\",\n\t\t\t\t\"url\": \"https:\/\/www.modave.be\/index.php\/events\/je-cours-pour-ma-forme-3\/var\/ri-8.l-L1\",\n\t\t\t\t\"startDate\": \"2026-5-7T19:30+2:00\",\n\t\t\t\t\"endDate\": \"2026-5-7T23:50+2:00\",\n\t\t\t\t\"image\":\"https:\/\/www.modave.be\/wp-content\/uploads\/2026\/03\/JCPMF.jpg\", \n\t\t\t\t\"description\":\" <p><em>Envie de bouger, de reprendre la course \u00e0 pied ?<\/em><\/p>    <p>Le programme Je cours pour ma forme reprend d\u00e8s ce jeudi 12 mars 2026 au complexe sportif de Vierset pour 12 s\u00e9ances encadr\u00e9es.<\/p>    <p>Tous les jeudis \u00e0 19h30 (niveau 3\u20138 km)<\/p>    <ul class=wp-block-list> <li>Gratuit pour les 12\u201317 ans<\/li>    <li>25 \u20ac pour les adultes<\/li> <\/ul>    <p>Inscription (cycle complet) :<br><a href=https:\/\/forms.gle\/NA4wD72zCGYbpzK66>https:\/\/forms.gle\/NA4wD72zCGYbpzK66<\/a><\/p>    <p>Infos : 085\/41.02.20 ext. 5 \u2013 <a>sportsloisirs@modave.be<\/a><br>Renseignements sportifs : 0495\/16.67.85 \u2013 Christophe Henry<\/p> \",\"location\":[{\"@type\":\"Place\",\"name\":\"Complexe sportif communal\",\"address\":{\"@type\": \"PostalAddress\",\"streetAddress\":\"Tige de Hestreux 1, 4577 Modave\"}}],\"eventStatus\":\"https:\/\/schema.org\/EventScheduled\"}<\/script><\/div>\n\t\t\t\t<p class=\"desc_trig_outter\" style=\"\"><a data-gmtrig=\"1\" data-exlk=\"0\" style=\"background-color: #e74d3c;\" id=\"evc_177817500018423\" class=\"event_repeat desc_trig evo_sportsetloisirs sin_val evcal_list_a\" data-ux_val=\"3a\" data-ux_val_mob=\"-\"  ><span class='evoet_c2 evoet_cx '><span class='evoet_dayblock evcal_cblock ' data-bgcolor='#e74d3c' data-smon='Mai' data-syr='2026'><span class='evo_start '><em class='date'>07<\/em><em class='month'>Mai<\/em><em class='time'>19 h 30 min<\/em><\/span><\/span><\/span><span style='display:none' class='event_location_attrs'  data-location_address=\"Tige de Hestreux 1, 4577 Modave\" data-location_type=\"lonlat\" data-location_name=\"Complexe sportif communal\" data-location_url=\"https:\/\/www.modave.be\/index.php\/event-location\/complexe-sportif-communal\/\" data-location_status=\"true\" data-latlng=\"50.4796455,5.2861443\"><\/span><span class='evoet_c3 evoet_cx evcal_desc evo_info ' ><span class='evoet_tags evo_above_title'><span class='evo_event_headers repeating'>Repeating Event<\/span><\/span><span class='evoet_title evcal_desc2 evcal_event_title' itemprop='name'>Je cours pour ma forme (3-8 km)<\/span><span class='evoet_subtitle evo_below_title'><span class='evcal_event_subtitle' >Niveau 0\u20135 km<\/span><\/span><span class='evoet_time_expand level_3 evcal_desc_info evogap10'><em class='evcal_time evo_tz_time level_4'><i class='fa fa-clock-o evomarr10'><\/i>19 h 30 min<span class='evo_tz marl5'>(GMT+02:00)<\/span><\/em> <span class='evoet_location level_4'><em class=\"evcal_location evolh13\"  data-latlng=\"50.4796455,5.2861443\" data-add_str=\"Tige de Hestreux 1, 4577 Modave\"><i class=\"fa fa-location-pin evomarr10\"><\/i>Tige de Hestreux 1, 4577 Modave<\/em><\/span><\/span><span class='evcal_desc3'><span class='evcal_oganizer level_4'>\n\t\t\t\t\t\t\t\t<em><i>Organisateur:<\/i><\/em>\n\t\t\t\t\t\t\t\t<em class=\"evoet_dataval\">Administration Communale de Modave<\/em>\n\t\t\t\t\t\t\t\t<\/span><span class='evcal_event_types level_4 ett1'><em><i>Type d&#039;\u00e9v\u00e9nement:<\/i><\/em><em data-filter='event_type'><i class=\"fa fa-person-biking\"><\/i>Sport<\/em><i class='clear'><\/i><\/span><\/span><\/span><em class='evoet_data' style='display:none' data-bgc='#e74d3c'data-bggrad=''><\/em><\/a><\/p><div class='clear end'><\/div><\/div><div style=\"display:none; \" id=\"event_18754_0\" class=\"eventon_list_event evo_eventtop scheduled  event evSL event_18754_0\" data-event_id=\"18754\" data-ri=\"0r\" data-time=\"1778364000-1778450340\" data-colr=\"#e74d3c\" itemscope itemtype='http:\/\/schema.org\/Event'><div class=\"evo_event_schema\" style=\"display:none\" ><a itemprop='url'  href='https:\/\/www.modave.be\/index.php\/events\/marche-adeps-du-rus-stree-2\/'><\/a><meta itemprop='image' content=\"https:\/\/www.modave.be\/wp-content\/uploads\/2026\/04\/RUSSTREE_MARCHE_ADEPS_2026.jpeg\" \/><meta itemprop='startDate' content=\"2026-5-10\" \/><meta itemprop='endDate' content=\"2026-5-10\" \/><meta itemprop='eventStatus' content=\"https:\/\/schema.org\/EventScheduled\" \/><item style=\"display:none\" itemprop=\"location\" itemscope itemtype=\"http:\/\/schema.org\/Place\"><span itemprop=\"name\">C.T.A. de Str\u00e9e<\/span><span itemprop=\"address\" itemscope itemtype=\"http:\/\/schema.org\/PostalAddress\"><item itemprop=\"streetAddress\">Rue de la Charmille 16, 4577 Modave<\/item><\/span><\/item><item style=\"display:none\" itemprop=\"eventAttendanceMode\" itemscope itemtype=\"https:\/\/schema.org\/OfflineEventAttendanceMode\"><\/item><script type=\"application\/ld+json\">{\"@context\": \"http:\/\/schema.org\",\"@type\": \"Event\",\n\t\t\t\t\"@id\": \"event_18754_0\",\n\t\t\t\t\"eventAttendanceMode\":\"https:\/\/schema.org\/OfflineEventAttendanceMode\",\n\t\t\t\t\"name\": \"Marche ADEPS du RUS Str\u00e9e\",\n\t\t\t\t\"url\": \"https:\/\/www.modave.be\/index.php\/events\/marche-adeps-du-rus-stree-2\/\",\n\t\t\t\t\"startDate\": \"2026-5-10\",\n\t\t\t\t\"endDate\": \"2026-5-10\",\n\t\t\t\t\"image\":\"https:\/\/www.modave.be\/wp-content\/uploads\/2026\/04\/RUSSTREE_MARCHE_ADEPS_2026.jpeg\", \n\t\t\t\t\"description\":\" <h2 class=wp-block-heading>Marche ADEPS \u00e0 Str\u00e9e<\/h2>    <p>Envie de prendre l\u2019air, de bouger \u00e0 votre rythme et de profiter des paysages de la r\u00e9gion ? La traditionnelle marche ADEPS organis\u00e9e \u00e0 Str\u00e9e vous donne rendez-vous le dimanche 10 mai 2026.<\/p>    <p>Que vous soyez marcheur occasionnel ou habitu\u00e9 des longues distances, plusieurs parcours vous sont propos\u00e9s afin de s\u2019adapter \u00e0 chacun : 5, 10, 15 ou 20 km.<\/p>    <blockquote class=\"wp-block-quote is-layout-flow wp-block-quote-is-layout-flow\"> <h3 class=wp-block-heading>Infos pratiques<\/h3>    <p>\ud83d\udcc5 Dimanche 10 mai 2026<br>\ud83d\udd56 De 7h00 \u00e0 18h00<br>\ud83d\udccd D\u00e9part du CTA<br>Rue de la Charmille 16, 4577 Modave<\/p> <\/blockquote>    <p>Sur place, vous pourrez \u00e9galement profiter d\u2019un bar et d\u2019une petite restauration pour reprendre des forces dans une ambiance conviviale.<\/p>    <p><strong>\ud83d\udcde Infos : 0494\/03.09.03<\/strong><\/p>    <p>Organis\u00e9e par la Royale Union Sportive Str\u00e9e, cette marche est une belle occasion de d\u00e9couvrir ou red\u00e9couvrir les sentiers de la commune, seul, en famille ou entre amis.<\/p> \",\"location\":[{\"@type\":\"Place\",\"name\":\"C.T.A. de Str\u00e9e\",\"address\":{\"@type\": \"PostalAddress\",\"streetAddress\":\"Rue de la Charmille 16, 4577 Modave\"}}],\"eventStatus\":\"https:\/\/schema.org\/EventScheduled\"}<\/script><\/div>\n\t\t\t\t<p class=\"desc_trig_outter\" style=\"\"><a data-gmtrig=\"1\" data-exlk=\"0\" style=\"background-color: #e74d3c;\" id=\"evc_177836400018754\" class=\"desc_trig evo_sportsetloisirs sin_val evcal_list_a allday\" data-ux_val=\"3a\" data-ux_val_mob=\"-\"  ><span class='evoet_c2 evoet_cx '><span class='evoet_dayblock evcal_cblock ' data-bgcolor='#e74d3c' data-smon='Mai' data-syr='2026'><span class='evo_start '><em class='date'>10<\/em><em class='month'>Mai<\/em><em class='time'>Toute la journ\u00e9e<\/em><\/span><\/span><\/span><span style='display:none' class='event_location_attrs'  data-location_address=\"Rue de la Charmille 16, 4577 Modave\" data-location_type=\"lonlat\" data-location_name=\"C.T.A. de Str\u00e9e\" data-location_url=\"https:\/\/www.modave.be\/index.php\/event-location\/c-t-a-de-stree\/\" data-location_status=\"true\" data-latlng=\"50.5069865,5.3170231\"><\/span><span class='evoet_c3 evoet_cx evcal_desc evo_info ' ><span class='evoet_tags evo_above_title'><\/span><span class='evoet_title evcal_desc2 evcal_event_title' itemprop='name'>Marche ADEPS du RUS Str\u00e9e<\/span><span class='evoet_subtitle evo_below_title'><span class='evcal_event_subtitle' >Participez \u00e0 des promenades balis\u00e9es (5-10-20 km) !<\/span><\/span><span class='evoet_time_expand level_3 evcal_desc_info evogap10'><em class='evcal_time evo_tz_time level_4'><i class='fa fa-clock-o evomarr10'><\/i><em class='evcal_alldayevent_text'>(Toute la journ\u00e9e: Dimanche)<\/em><span class='evo_tz marl5'>(GMT+02:00)<\/span><\/em> <span class='evoet_location level_4'><em class=\"evcal_location evolh13\"  data-latlng=\"50.5069865,5.3170231\" data-add_str=\"Rue de la Charmille 16, 4577 Modave\"><i class=\"fa fa-location-pin evomarr10\"><\/i>Rue de la Charmille 16, 4577 Modave<\/em><\/span><\/span><span class='evcal_desc3'><span class='evcal_oganizer level_4'>\n\t\t\t\t\t\t\t\t<em><i>Organisateur:<\/i><\/em>\n\t\t\t\t\t\t\t\t<em class=\"evoet_dataval\">RUS Str\u00e9e<\/em>\n\t\t\t\t\t\t\t\t<\/span><span class='evcal_event_types level_4 ett1'><em><i>Type d&#039;\u00e9v\u00e9nement:<\/i><\/em><em data-filter='event_type'><i class=\"fa fa-person-biking\"><\/i>Sport<\/em><i class='clear'><\/i><\/span><\/span><\/span><em class='evoet_data' style='display:none' data-bgc='#e74d3c'data-bggrad=''><\/em><\/a><\/p><div class='clear end'><\/div><\/div><div style=\"display:none; \" id=\"event_18101_10\" class=\"eventon_list_event evo_eventtop scheduled  event no_et evSL event_18101_10\" data-event_id=\"18101\" data-ri=\"10r\" data-time=\"1778607000-1778622600\" data-colr=\"#e74d3c\" itemscope itemtype='http:\/\/schema.org\/Event'><div class=\"evo_event_schema\" style=\"display:none\" ><a itemprop='url'  href='https:\/\/www.modave.be\/index.php\/events\/je-cours-pour-ma-forme-2\/var\/ri-10.l-L1'><\/a><meta itemprop='image' content=\"https:\/\/www.modave.be\/wp-content\/uploads\/2026\/02\/Sports-et-loisirs.jpg\" \/><meta itemprop='startDate' content=\"2026-5-12T19:30+2:00\" \/><meta itemprop='endDate' content=\"2026-5-12T23:50+2:00\" \/><meta itemprop='eventStatus' content=\"https:\/\/schema.org\/EventScheduled\" \/><item style=\"display:none\" itemprop=\"location\" itemscope itemtype=\"http:\/\/schema.org\/Place\"><span itemprop=\"name\">Complexe sportif communal<\/span><span itemprop=\"address\" itemscope itemtype=\"http:\/\/schema.org\/PostalAddress\"><item itemprop=\"streetAddress\">Tige de Hestreux 1, 4577 Modave<\/item><\/span><\/item><item style=\"display:none\" itemprop=\"eventAttendanceMode\" itemscope itemtype=\"https:\/\/schema.org\/OfflineEventAttendanceMode\"><\/item><script type=\"application\/ld+json\">{\"@context\": \"http:\/\/schema.org\",\"@type\": \"Event\",\n\t\t\t\t\"@id\": \"event_18101_10\",\n\t\t\t\t\"eventAttendanceMode\":\"https:\/\/schema.org\/OfflineEventAttendanceMode\",\n\t\t\t\t\"name\": \"Je cours pour ma forme (0-5 km)\",\n\t\t\t\t\"url\": \"https:\/\/www.modave.be\/index.php\/events\/je-cours-pour-ma-forme-2\/var\/ri-10.l-L1\",\n\t\t\t\t\"startDate\": \"2026-5-12T19:30+2:00\",\n\t\t\t\t\"endDate\": \"2026-5-12T23:50+2:00\",\n\t\t\t\t\"image\":\"https:\/\/www.modave.be\/wp-content\/uploads\/2026\/02\/Sports-et-loisirs.jpg\", \n\t\t\t\t\"description\":\" <p><em>Envie de bouger, de reprendre la course \u00e0 pied ?<\/em><\/p>    <p>Le programme Je cours pour ma forme reprend d\u00e8s le mardi 3 mars 2026 au complexe sportif de Vierset pour 12 s\u00e9ances encadr\u00e9es.<\/p>    <p>Tous les mardis \u00e0 19h30 (niveau 0\u20135 km)<\/p>    <ul class=wp-block-list> <li>Gratuit pour les 12\u201317 ans<\/li>    <li>25 \u20ac pour les adultes<\/li> <\/ul>    <p>Inscription (cycle complet) :<br><a href=https:\/\/forms.gle\/NA4wD72zCGYbpzK66>https:\/\/forms.gle\/NA4wD72zCGYbpzK66<\/a><\/p>    <p>Infos : 085\/41.02.20 ext. 5 \u2013 <a>sportsloisirs@modave.be<\/a><br>Renseignements sportifs : 0495\/16.67.85 \u2013 Christophe Henry<\/p> \",\"location\":[{\"@type\":\"Place\",\"name\":\"Complexe sportif communal\",\"address\":{\"@type\": \"PostalAddress\",\"streetAddress\":\"Tige de Hestreux 1, 4577 Modave\"}}],\"eventStatus\":\"https:\/\/schema.org\/EventScheduled\"}<\/script><\/div>\n\t\t\t\t<p class=\"desc_trig_outter\" style=\"\"><a data-gmtrig=\"1\" data-exlk=\"0\" style=\"background-color: #e74d3c;\" id=\"evc_177860700018101\" class=\"event_repeat desc_trig evo_sportsetloisirs sin_val evcal_list_a\" data-ux_val=\"3a\" data-ux_val_mob=\"-\"  ><span class='evoet_c2 evoet_cx '><span class='evoet_dayblock evcal_cblock ' data-bgcolor='#e74d3c' data-smon='Mai' data-syr='2026'><span class='evo_start '><em class='date'>12<\/em><em class='month'>Mai<\/em><em class='time'>19 h 30 min<\/em><\/span><\/span><\/span><span style='display:none' class='event_location_attrs'  data-location_address=\"Tige de Hestreux 1, 4577 Modave\" data-location_type=\"lonlat\" data-location_name=\"Complexe sportif communal\" data-location_url=\"https:\/\/www.modave.be\/index.php\/event-location\/complexe-sportif-communal\/\" data-location_status=\"true\" data-latlng=\"50.4796455,5.2861443\"><\/span><span class='evoet_c3 evoet_cx evcal_desc evo_info ' ><span class='evoet_tags evo_above_title'><span class='evo_event_headers repeating'>Repeating Event<\/span><\/span><span class='evoet_title evcal_desc2 evcal_event_title' itemprop='name'>Je cours pour ma forme (0-5 km)<\/span><span class='evoet_subtitle evo_below_title'><span class='evcal_event_subtitle' >Niveau 0\u20135 km<\/span><\/span><span class='evoet_time_expand level_3 evcal_desc_info evogap10'><em class='evcal_time evo_tz_time level_4'><i class='fa fa-clock-o evomarr10'><\/i>19 h 30 min<span class='evo_tz marl5'>(GMT+02:00)<\/span><\/em> <span class='evoet_location level_4'><em class=\"evcal_location evolh13\"  data-latlng=\"50.4796455,5.2861443\" data-add_str=\"Tige de Hestreux 1, 4577 Modave\"><i class=\"fa fa-location-pin evomarr10\"><\/i>Tige de Hestreux 1, 4577 Modave<\/em><\/span><\/span><span class='evcal_desc3'><span class='evcal_oganizer level_4'>\n\t\t\t\t\t\t\t\t<em><i>Organisateur:<\/i><\/em>\n\t\t\t\t\t\t\t\t<em class=\"evoet_dataval\">Administration Communale de Modave<\/em>\n\t\t\t\t\t\t\t\t<\/span><span class='evcal_event_types level_4 ett1'><em><i>Type d&#039;\u00e9v\u00e9nement:<\/i><\/em><em data-filter='event_type'><i class=\"fa fa-person-biking\"><\/i>Sport<\/em><i class='clear'><\/i><\/span><\/span><\/span><em class='evoet_data' style='display:none' data-bgc='#e74d3c'data-bggrad=''><\/em><\/a><\/p><div class='clear end'><\/div><\/div><div style=\"display:none; \" id=\"event_18423_9\" class=\"eventon_list_event evo_eventtop scheduled  event no_et evSL event_18423_9\" data-event_id=\"18423\" data-ri=\"9r\" data-time=\"1778779800-1778795400\" data-colr=\"#e74d3c\" itemscope itemtype='http:\/\/schema.org\/Event'><div class=\"evo_event_schema\" style=\"display:none\" ><a itemprop='url'  href='https:\/\/www.modave.be\/index.php\/events\/je-cours-pour-ma-forme-3\/var\/ri-9.l-L1'><\/a><meta itemprop='image' content=\"https:\/\/www.modave.be\/wp-content\/uploads\/2026\/03\/JCPMF.jpg\" \/><meta itemprop='startDate' content=\"2026-5-14T19:30+2:00\" \/><meta itemprop='endDate' content=\"2026-5-14T23:50+2:00\" \/><meta itemprop='eventStatus' content=\"https:\/\/schema.org\/EventScheduled\" \/><item style=\"display:none\" itemprop=\"location\" itemscope itemtype=\"http:\/\/schema.org\/Place\"><span itemprop=\"name\">Complexe sportif communal<\/span><span itemprop=\"address\" itemscope itemtype=\"http:\/\/schema.org\/PostalAddress\"><item itemprop=\"streetAddress\">Tige de Hestreux 1, 4577 Modave<\/item><\/span><\/item><item style=\"display:none\" itemprop=\"eventAttendanceMode\" itemscope itemtype=\"https:\/\/schema.org\/OfflineEventAttendanceMode\"><\/item><script type=\"application\/ld+json\">{\"@context\": \"http:\/\/schema.org\",\"@type\": \"Event\",\n\t\t\t\t\"@id\": \"event_18423_9\",\n\t\t\t\t\"eventAttendanceMode\":\"https:\/\/schema.org\/OfflineEventAttendanceMode\",\n\t\t\t\t\"name\": \"Je cours pour ma forme (3-8 km)\",\n\t\t\t\t\"url\": \"https:\/\/www.modave.be\/index.php\/events\/je-cours-pour-ma-forme-3\/var\/ri-9.l-L1\",\n\t\t\t\t\"startDate\": \"2026-5-14T19:30+2:00\",\n\t\t\t\t\"endDate\": \"2026-5-14T23:50+2:00\",\n\t\t\t\t\"image\":\"https:\/\/www.modave.be\/wp-content\/uploads\/2026\/03\/JCPMF.jpg\", \n\t\t\t\t\"description\":\" <p><em>Envie de bouger, de reprendre la course \u00e0 pied ?<\/em><\/p>    <p>Le programme Je cours pour ma forme reprend d\u00e8s ce jeudi 12 mars 2026 au complexe sportif de Vierset pour 12 s\u00e9ances encadr\u00e9es.<\/p>    <p>Tous les jeudis \u00e0 19h30 (niveau 3\u20138 km)<\/p>    <ul class=wp-block-list> <li>Gratuit pour les 12\u201317 ans<\/li>    <li>25 \u20ac pour les adultes<\/li> <\/ul>    <p>Inscription (cycle complet) :<br><a href=https:\/\/forms.gle\/NA4wD72zCGYbpzK66>https:\/\/forms.gle\/NA4wD72zCGYbpzK66<\/a><\/p>    <p>Infos : 085\/41.02.20 ext. 5 \u2013 <a>sportsloisirs@modave.be<\/a><br>Renseignements sportifs : 0495\/16.67.85 \u2013 Christophe Henry<\/p> \",\"location\":[{\"@type\":\"Place\",\"name\":\"Complexe sportif communal\",\"address\":{\"@type\": \"PostalAddress\",\"streetAddress\":\"Tige de Hestreux 1, 4577 Modave\"}}],\"eventStatus\":\"https:\/\/schema.org\/EventScheduled\"}<\/script><\/div>\n\t\t\t\t<p class=\"desc_trig_outter\" style=\"\"><a data-gmtrig=\"1\" data-exlk=\"0\" style=\"background-color: #e74d3c;\" id=\"evc_177877980018423\" class=\"event_repeat desc_trig evo_sportsetloisirs sin_val evcal_list_a\" data-ux_val=\"3a\" data-ux_val_mob=\"-\"  ><span class='evoet_c2 evoet_cx '><span class='evoet_dayblock evcal_cblock ' data-bgcolor='#e74d3c' data-smon='Mai' data-syr='2026'><span class='evo_start '><em class='date'>14<\/em><em class='month'>Mai<\/em><em class='time'>19 h 30 min<\/em><\/span><\/span><\/span><span style='display:none' class='event_location_attrs'  data-location_address=\"Tige de Hestreux 1, 4577 Modave\" data-location_type=\"lonlat\" data-location_name=\"Complexe sportif communal\" data-location_url=\"https:\/\/www.modave.be\/index.php\/event-location\/complexe-sportif-communal\/\" data-location_status=\"true\" data-latlng=\"50.4796455,5.2861443\"><\/span><span class='evoet_c3 evoet_cx evcal_desc evo_info ' ><span class='evoet_tags evo_above_title'><span class='evo_event_headers repeating'>Repeating Event<\/span><\/span><span class='evoet_title evcal_desc2 evcal_event_title' itemprop='name'>Je cours pour ma forme (3-8 km)<\/span><span class='evoet_subtitle evo_below_title'><span class='evcal_event_subtitle' >Niveau 0\u20135 km<\/span><\/span><span class='evoet_time_expand level_3 evcal_desc_info evogap10'><em class='evcal_time evo_tz_time level_4'><i class='fa fa-clock-o evomarr10'><\/i>19 h 30 min<span class='evo_tz marl5'>(GMT+02:00)<\/span><\/em> <span class='evoet_location level_4'><em class=\"evcal_location evolh13\"  data-latlng=\"50.4796455,5.2861443\" data-add_str=\"Tige de Hestreux 1, 4577 Modave\"><i class=\"fa fa-location-pin evomarr10\"><\/i>Tige de Hestreux 1, 4577 Modave<\/em><\/span><\/span><span class='evcal_desc3'><span class='evcal_oganizer level_4'>\n\t\t\t\t\t\t\t\t<em><i>Organisateur:<\/i><\/em>\n\t\t\t\t\t\t\t\t<em class=\"evoet_dataval\">Administration Communale de Modave<\/em>\n\t\t\t\t\t\t\t\t<\/span><span class='evcal_event_types level_4 ett1'><em><i>Type d&#039;\u00e9v\u00e9nement:<\/i><\/em><em data-filter='event_type'><i class=\"fa fa-person-biking\"><\/i>Sport<\/em><i class='clear'><\/i><\/span><\/span><\/span><em class='evoet_data' style='display:none' data-bgc='#e74d3c'data-bggrad=''><\/em><\/a><\/p><div class='clear end'><\/div><\/div><div style=\"display:none; \" id=\"event_18101_11\" class=\"eventon_list_event evo_eventtop scheduled  event no_et evSL event_18101_11\" data-event_id=\"18101\" data-ri=\"11r\" data-time=\"1779211800-1779227400\" data-colr=\"#e74d3c\" itemscope itemtype='http:\/\/schema.org\/Event'><div class=\"evo_event_schema\" style=\"display:none\" ><a itemprop='url'  href='https:\/\/www.modave.be\/index.php\/events\/je-cours-pour-ma-forme-2\/var\/ri-11.l-L1'><\/a><meta itemprop='image' content=\"https:\/\/www.modave.be\/wp-content\/uploads\/2026\/02\/Sports-et-loisirs.jpg\" \/><meta itemprop='startDate' content=\"2026-5-19T19:30+2:00\" \/><meta itemprop='endDate' content=\"2026-5-19T23:50+2:00\" \/><meta itemprop='eventStatus' content=\"https:\/\/schema.org\/EventScheduled\" \/><item style=\"display:none\" itemprop=\"location\" itemscope itemtype=\"http:\/\/schema.org\/Place\"><span itemprop=\"name\">Complexe sportif communal<\/span><span itemprop=\"address\" itemscope itemtype=\"http:\/\/schema.org\/PostalAddress\"><item itemprop=\"streetAddress\">Tige de Hestreux 1, 4577 Modave<\/item><\/span><\/item><item style=\"display:none\" itemprop=\"eventAttendanceMode\" itemscope itemtype=\"https:\/\/schema.org\/OfflineEventAttendanceMode\"><\/item><script type=\"application\/ld+json\">{\"@context\": \"http:\/\/schema.org\",\"@type\": \"Event\",\n\t\t\t\t\"@id\": \"event_18101_11\",\n\t\t\t\t\"eventAttendanceMode\":\"https:\/\/schema.org\/OfflineEventAttendanceMode\",\n\t\t\t\t\"name\": \"Je cours pour ma forme (0-5 km)\",\n\t\t\t\t\"url\": \"https:\/\/www.modave.be\/index.php\/events\/je-cours-pour-ma-forme-2\/var\/ri-11.l-L1\",\n\t\t\t\t\"startDate\": \"2026-5-19T19:30+2:00\",\n\t\t\t\t\"endDate\": \"2026-5-19T23:50+2:00\",\n\t\t\t\t\"image\":\"https:\/\/www.modave.be\/wp-content\/uploads\/2026\/02\/Sports-et-loisirs.jpg\", \n\t\t\t\t\"description\":\" <p><em>Envie de bouger, de reprendre la course \u00e0 pied ?<\/em><\/p>    <p>Le programme Je cours pour ma forme reprend d\u00e8s le mardi 3 mars 2026 au complexe sportif de Vierset pour 12 s\u00e9ances encadr\u00e9es.<\/p>    <p>Tous les mardis \u00e0 19h30 (niveau 0\u20135 km)<\/p>    <ul class=wp-block-list> <li>Gratuit pour les 12\u201317 ans<\/li>    <li>25 \u20ac pour les adultes<\/li> <\/ul>    <p>Inscription (cycle complet) :<br><a href=https:\/\/forms.gle\/NA4wD72zCGYbpzK66>https:\/\/forms.gle\/NA4wD72zCGYbpzK66<\/a><\/p>    <p>Infos : 085\/41.02.20 ext. 5 \u2013 <a>sportsloisirs@modave.be<\/a><br>Renseignements sportifs : 0495\/16.67.85 \u2013 Christophe Henry<\/p> \",\"location\":[{\"@type\":\"Place\",\"name\":\"Complexe sportif communal\",\"address\":{\"@type\": \"PostalAddress\",\"streetAddress\":\"Tige de Hestreux 1, 4577 Modave\"}}],\"eventStatus\":\"https:\/\/schema.org\/EventScheduled\"}<\/script><\/div>\n\t\t\t\t<p class=\"desc_trig_outter\" style=\"\"><a data-gmtrig=\"1\" data-exlk=\"0\" style=\"background-color: #e74d3c;\" id=\"evc_177921180018101\" class=\"event_repeat desc_trig evo_sportsetloisirs sin_val evcal_list_a\" data-ux_val=\"3a\" data-ux_val_mob=\"-\"  ><span class='evoet_c2 evoet_cx '><span class='evoet_dayblock evcal_cblock ' data-bgcolor='#e74d3c' data-smon='Mai' data-syr='2026'><span class='evo_start '><em class='date'>19<\/em><em class='month'>Mai<\/em><em class='time'>19 h 30 min<\/em><\/span><\/span><\/span><span style='display:none' class='event_location_attrs'  data-location_address=\"Tige de Hestreux 1, 4577 Modave\" data-location_type=\"lonlat\" data-location_name=\"Complexe sportif communal\" data-location_url=\"https:\/\/www.modave.be\/index.php\/event-location\/complexe-sportif-communal\/\" data-location_status=\"true\" data-latlng=\"50.4796455,5.2861443\"><\/span><span class='evoet_c3 evoet_cx evcal_desc evo_info ' ><span class='evoet_tags evo_above_title'><span class='evo_event_headers repeating'>Repeating Event<\/span><\/span><span class='evoet_title evcal_desc2 evcal_event_title' itemprop='name'>Je cours pour ma forme (0-5 km)<\/span><span class='evoet_subtitle evo_below_title'><span class='evcal_event_subtitle' >Niveau 0\u20135 km<\/span><\/span><span class='evoet_time_expand level_3 evcal_desc_info evogap10'><em class='evcal_time evo_tz_time level_4'><i class='fa fa-clock-o evomarr10'><\/i>19 h 30 min<span class='evo_tz marl5'>(GMT+02:00)<\/span><\/em> <span class='evoet_location level_4'><em class=\"evcal_location evolh13\"  data-latlng=\"50.4796455,5.2861443\" data-add_str=\"Tige de Hestreux 1, 4577 Modave\"><i class=\"fa fa-location-pin evomarr10\"><\/i>Tige de Hestreux 1, 4577 Modave<\/em><\/span><\/span><span class='evcal_desc3'><span class='evcal_oganizer level_4'>\n\t\t\t\t\t\t\t\t<em><i>Organisateur:<\/i><\/em>\n\t\t\t\t\t\t\t\t<em class=\"evoet_dataval\">Administration Communale de Modave<\/em>\n\t\t\t\t\t\t\t\t<\/span><span class='evcal_event_types level_4 ett1'><em><i>Type d&#039;\u00e9v\u00e9nement:<\/i><\/em><em data-filter='event_type'><i class=\"fa fa-person-biking\"><\/i>Sport<\/em><i class='clear'><\/i><\/span><\/span><\/span><em class='evoet_data' style='display:none' data-bgc='#e74d3c'data-bggrad=''><\/em><\/a><\/p><div class='clear end'><\/div><\/div><div style=\"display:none; \" id=\"event_18423_10\" class=\"eventon_list_event evo_eventtop scheduled  event no_et evSL event_18423_10\" data-event_id=\"18423\" data-ri=\"10r\" data-time=\"1779384600-1779400200\" data-colr=\"#e74d3c\" itemscope itemtype='http:\/\/schema.org\/Event'><div class=\"evo_event_schema\" style=\"display:none\" ><a itemprop='url'  href='https:\/\/www.modave.be\/index.php\/events\/je-cours-pour-ma-forme-3\/var\/ri-10.l-L1'><\/a><meta itemprop='image' content=\"https:\/\/www.modave.be\/wp-content\/uploads\/2026\/03\/JCPMF.jpg\" \/><meta itemprop='startDate' content=\"2026-5-21T19:30+2:00\" \/><meta itemprop='endDate' content=\"2026-5-21T23:50+2:00\" \/><meta itemprop='eventStatus' content=\"https:\/\/schema.org\/EventScheduled\" \/><item style=\"display:none\" itemprop=\"location\" itemscope itemtype=\"http:\/\/schema.org\/Place\"><span itemprop=\"name\">Complexe sportif communal<\/span><span itemprop=\"address\" itemscope itemtype=\"http:\/\/schema.org\/PostalAddress\"><item itemprop=\"streetAddress\">Tige de Hestreux 1, 4577 Modave<\/item><\/span><\/item><item style=\"display:none\" itemprop=\"eventAttendanceMode\" itemscope itemtype=\"https:\/\/schema.org\/OfflineEventAttendanceMode\"><\/item><script type=\"application\/ld+json\">{\"@context\": \"http:\/\/schema.org\",\"@type\": \"Event\",\n\t\t\t\t\"@id\": \"event_18423_10\",\n\t\t\t\t\"eventAttendanceMode\":\"https:\/\/schema.org\/OfflineEventAttendanceMode\",\n\t\t\t\t\"name\": \"Je cours pour ma forme (3-8 km)\",\n\t\t\t\t\"url\": \"https:\/\/www.modave.be\/index.php\/events\/je-cours-pour-ma-forme-3\/var\/ri-10.l-L1\",\n\t\t\t\t\"startDate\": \"2026-5-21T19:30+2:00\",\n\t\t\t\t\"endDate\": \"2026-5-21T23:50+2:00\",\n\t\t\t\t\"image\":\"https:\/\/www.modave.be\/wp-content\/uploads\/2026\/03\/JCPMF.jpg\", \n\t\t\t\t\"description\":\" <p><em>Envie de bouger, de reprendre la course \u00e0 pied ?<\/em><\/p>    <p>Le programme Je cours pour ma forme reprend d\u00e8s ce jeudi 12 mars 2026 au complexe sportif de Vierset pour 12 s\u00e9ances encadr\u00e9es.<\/p>    <p>Tous les jeudis \u00e0 19h30 (niveau 3\u20138 km)<\/p>    <ul class=wp-block-list> <li>Gratuit pour les 12\u201317 ans<\/li>    <li>25 \u20ac pour les adultes<\/li> <\/ul>    <p>Inscription (cycle complet) :<br><a href=https:\/\/forms.gle\/NA4wD72zCGYbpzK66>https:\/\/forms.gle\/NA4wD72zCGYbpzK66<\/a><\/p>    <p>Infos : 085\/41.02.20 ext. 5 \u2013 <a>sportsloisirs@modave.be<\/a><br>Renseignements sportifs : 0495\/16.67.85 \u2013 Christophe Henry<\/p> \",\"location\":[{\"@type\":\"Place\",\"name\":\"Complexe sportif communal\",\"address\":{\"@type\": \"PostalAddress\",\"streetAddress\":\"Tige de Hestreux 1, 4577 Modave\"}}],\"eventStatus\":\"https:\/\/schema.org\/EventScheduled\"}<\/script><\/div>\n\t\t\t\t<p class=\"desc_trig_outter\" style=\"\"><a data-gmtrig=\"1\" data-exlk=\"0\" style=\"background-color: #e74d3c;\" id=\"evc_177938460018423\" class=\"event_repeat desc_trig evo_sportsetloisirs sin_val evcal_list_a\" data-ux_val=\"3a\" data-ux_val_mob=\"-\"  ><span class='evoet_c2 evoet_cx '><span class='evoet_dayblock evcal_cblock ' data-bgcolor='#e74d3c' data-smon='Mai' data-syr='2026'><span class='evo_start '><em class='date'>21<\/em><em class='month'>Mai<\/em><em class='time'>19 h 30 min<\/em><\/span><\/span><\/span><span style='display:none' class='event_location_attrs'  data-location_address=\"Tige de Hestreux 1, 4577 Modave\" data-location_type=\"lonlat\" data-location_name=\"Complexe sportif communal\" data-location_url=\"https:\/\/www.modave.be\/index.php\/event-location\/complexe-sportif-communal\/\" data-location_status=\"true\" data-latlng=\"50.4796455,5.2861443\"><\/span><span class='evoet_c3 evoet_cx evcal_desc evo_info ' ><span class='evoet_tags evo_above_title'><span class='evo_event_headers repeating'>Repeating Event<\/span><\/span><span class='evoet_title evcal_desc2 evcal_event_title' itemprop='name'>Je cours pour ma forme (3-8 km)<\/span><span class='evoet_subtitle evo_below_title'><span class='evcal_event_subtitle' >Niveau 0\u20135 km<\/span><\/span><span class='evoet_time_expand level_3 evcal_desc_info evogap10'><em class='evcal_time evo_tz_time level_4'><i class='fa fa-clock-o evomarr10'><\/i>19 h 30 min<span class='evo_tz marl5'>(GMT+02:00)<\/span><\/em> <span class='evoet_location level_4'><em class=\"evcal_location evolh13\"  data-latlng=\"50.4796455,5.2861443\" data-add_str=\"Tige de Hestreux 1, 4577 Modave\"><i class=\"fa fa-location-pin evomarr10\"><\/i>Tige de Hestreux 1, 4577 Modave<\/em><\/span><\/span><span class='evcal_desc3'><span class='evcal_oganizer level_4'>\n\t\t\t\t\t\t\t\t<em><i>Organisateur:<\/i><\/em>\n\t\t\t\t\t\t\t\t<em class=\"evoet_dataval\">Administration Communale de Modave<\/em>\n\t\t\t\t\t\t\t\t<\/span><span class='evcal_event_types level_4 ett1'><em><i>Type d&#039;\u00e9v\u00e9nement:<\/i><\/em><em data-filter='event_type'><i class=\"fa fa-person-biking\"><\/i>Sport<\/em><i class='clear'><\/i><\/span><\/span><\/span><em class='evoet_data' style='display:none' data-bgc='#e74d3c'data-bggrad=''><\/em><\/a><\/p><div class='clear end'><\/div><\/div><div style=\"display:none; \" id=\"event_18101_12\" class=\"eventon_list_event evo_eventtop scheduled  event no_et evSL event_18101_12\" data-event_id=\"18101\" data-ri=\"12r\" data-time=\"1779816600-1779832200\" data-colr=\"#e74d3c\" itemscope itemtype='http:\/\/schema.org\/Event'><div class=\"evo_event_schema\" style=\"display:none\" ><a itemprop='url'  href='https:\/\/www.modave.be\/index.php\/events\/je-cours-pour-ma-forme-2\/var\/ri-12.l-L1'><\/a><meta itemprop='image' content=\"https:\/\/www.modave.be\/wp-content\/uploads\/2026\/02\/Sports-et-loisirs.jpg\" \/><meta itemprop='startDate' content=\"2026-5-26T19:30+2:00\" \/><meta itemprop='endDate' content=\"2026-5-26T23:50+2:00\" \/><meta itemprop='eventStatus' content=\"https:\/\/schema.org\/EventScheduled\" \/><item style=\"display:none\" itemprop=\"location\" itemscope itemtype=\"http:\/\/schema.org\/Place\"><span itemprop=\"name\">Complexe sportif communal<\/span><span itemprop=\"address\" itemscope itemtype=\"http:\/\/schema.org\/PostalAddress\"><item itemprop=\"streetAddress\">Tige de Hestreux 1, 4577 Modave<\/item><\/span><\/item><item style=\"display:none\" itemprop=\"eventAttendanceMode\" itemscope itemtype=\"https:\/\/schema.org\/OfflineEventAttendanceMode\"><\/item><script type=\"application\/ld+json\">{\"@context\": \"http:\/\/schema.org\",\"@type\": \"Event\",\n\t\t\t\t\"@id\": \"event_18101_12\",\n\t\t\t\t\"eventAttendanceMode\":\"https:\/\/schema.org\/OfflineEventAttendanceMode\",\n\t\t\t\t\"name\": \"Je cours pour ma forme (0-5 km)\",\n\t\t\t\t\"url\": \"https:\/\/www.modave.be\/index.php\/events\/je-cours-pour-ma-forme-2\/var\/ri-12.l-L1\",\n\t\t\t\t\"startDate\": \"2026-5-26T19:30+2:00\",\n\t\t\t\t\"endDate\": \"2026-5-26T23:50+2:00\",\n\t\t\t\t\"image\":\"https:\/\/www.modave.be\/wp-content\/uploads\/2026\/02\/Sports-et-loisirs.jpg\", \n\t\t\t\t\"description\":\" <p><em>Envie de bouger, de reprendre la course \u00e0 pied ?<\/em><\/p>    <p>Le programme Je cours pour ma forme reprend d\u00e8s le mardi 3 mars 2026 au complexe sportif de Vierset pour 12 s\u00e9ances encadr\u00e9es.<\/p>    <p>Tous les mardis \u00e0 19h30 (niveau 0\u20135 km)<\/p>    <ul class=wp-block-list> <li>Gratuit pour les 12\u201317 ans<\/li>    <li>25 \u20ac pour les adultes<\/li> <\/ul>    <p>Inscription (cycle complet) :<br><a href=https:\/\/forms.gle\/NA4wD72zCGYbpzK66>https:\/\/forms.gle\/NA4wD72zCGYbpzK66<\/a><\/p>    <p>Infos : 085\/41.02.20 ext. 5 \u2013 <a>sportsloisirs@modave.be<\/a><br>Renseignements sportifs : 0495\/16.67.85 \u2013 Christophe Henry<\/p> \",\"location\":[{\"@type\":\"Place\",\"name\":\"Complexe sportif communal\",\"address\":{\"@type\": \"PostalAddress\",\"streetAddress\":\"Tige de Hestreux 1, 4577 Modave\"}}],\"eventStatus\":\"https:\/\/schema.org\/EventScheduled\"}<\/script><\/div>\n\t\t\t\t<p class=\"desc_trig_outter\" style=\"\"><a data-gmtrig=\"1\" data-exlk=\"0\" style=\"background-color: #e74d3c;\" id=\"evc_177981660018101\" class=\"event_repeat desc_trig evo_sportsetloisirs sin_val evcal_list_a\" data-ux_val=\"3a\" data-ux_val_mob=\"-\"  ><span class='evoet_c2 evoet_cx '><span class='evoet_dayblock evcal_cblock ' data-bgcolor='#e74d3c' data-smon='Mai' data-syr='2026'><span class='evo_start '><em class='date'>26<\/em><em class='month'>Mai<\/em><em class='time'>19 h 30 min<\/em><\/span><\/span><\/span><span style='display:none' class='event_location_attrs'  data-location_address=\"Tige de Hestreux 1, 4577 Modave\" data-location_type=\"lonlat\" data-location_name=\"Complexe sportif communal\" data-location_url=\"https:\/\/www.modave.be\/index.php\/event-location\/complexe-sportif-communal\/\" data-location_status=\"true\" data-latlng=\"50.4796455,5.2861443\"><\/span><span class='evoet_c3 evoet_cx evcal_desc evo_info ' ><span class='evoet_tags evo_above_title'><span class='evo_event_headers repeating'>Repeating Event<\/span><\/span><span class='evoet_title evcal_desc2 evcal_event_title' itemprop='name'>Je cours pour ma forme (0-5 km)<\/span><span class='evoet_subtitle evo_below_title'><span class='evcal_event_subtitle' >Niveau 0\u20135 km<\/span><\/span><span class='evoet_time_expand level_3 evcal_desc_info evogap10'><em class='evcal_time evo_tz_time level_4'><i class='fa fa-clock-o evomarr10'><\/i>19 h 30 min<span class='evo_tz marl5'>(GMT+02:00)<\/span><\/em> <span class='evoet_location level_4'><em class=\"evcal_location evolh13\"  data-latlng=\"50.4796455,5.2861443\" data-add_str=\"Tige de Hestreux 1, 4577 Modave\"><i class=\"fa fa-location-pin evomarr10\"><\/i>Tige de Hestreux 1, 4577 Modave<\/em><\/span><\/span><span class='evcal_desc3'><span class='evcal_oganizer level_4'>\n\t\t\t\t\t\t\t\t<em><i>Organisateur:<\/i><\/em>\n\t\t\t\t\t\t\t\t<em class=\"evoet_dataval\">Administration Communale de Modave<\/em>\n\t\t\t\t\t\t\t\t<\/span><span class='evcal_event_types level_4 ett1'><em><i>Type d&#039;\u00e9v\u00e9nement:<\/i><\/em><em data-filter='event_type'><i class=\"fa fa-person-biking\"><\/i>Sport<\/em><i class='clear'><\/i><\/span><\/span><\/span><em class='evoet_data' style='display:none' data-bgc='#e74d3c'data-bggrad=''><\/em><\/a><\/p><div class='clear end'><\/div><\/div><div style=\"display:none; \" id=\"event_18423_11\" class=\"eventon_list_event evo_eventtop scheduled  event no_et evSL event_18423_11\" data-event_id=\"18423\" data-ri=\"11r\" data-time=\"1779989400-1780005000\" data-colr=\"#e74d3c\" itemscope itemtype='http:\/\/schema.org\/Event'><div class=\"evo_event_schema\" style=\"display:none\" ><a itemprop='url'  href='https:\/\/www.modave.be\/index.php\/events\/je-cours-pour-ma-forme-3\/var\/ri-11.l-L1'><\/a><meta itemprop='image' content=\"https:\/\/www.modave.be\/wp-content\/uploads\/2026\/03\/JCPMF.jpg\" \/><meta itemprop='startDate' content=\"2026-5-28T19:30+2:00\" \/><meta itemprop='endDate' content=\"2026-5-28T23:50+2:00\" \/><meta itemprop='eventStatus' content=\"https:\/\/schema.org\/EventScheduled\" \/><item style=\"display:none\" itemprop=\"location\" itemscope itemtype=\"http:\/\/schema.org\/Place\"><span itemprop=\"name\">Complexe sportif communal<\/span><span itemprop=\"address\" itemscope itemtype=\"http:\/\/schema.org\/PostalAddress\"><item itemprop=\"streetAddress\">Tige de Hestreux 1, 4577 Modave<\/item><\/span><\/item><item style=\"display:none\" itemprop=\"eventAttendanceMode\" itemscope itemtype=\"https:\/\/schema.org\/OfflineEventAttendanceMode\"><\/item><script type=\"application\/ld+json\">{\"@context\": \"http:\/\/schema.org\",\"@type\": \"Event\",\n\t\t\t\t\"@id\": \"event_18423_11\",\n\t\t\t\t\"eventAttendanceMode\":\"https:\/\/schema.org\/OfflineEventAttendanceMode\",\n\t\t\t\t\"name\": \"Je cours pour ma forme (3-8 km)\",\n\t\t\t\t\"url\": \"https:\/\/www.modave.be\/index.php\/events\/je-cours-pour-ma-forme-3\/var\/ri-11.l-L1\",\n\t\t\t\t\"startDate\": \"2026-5-28T19:30+2:00\",\n\t\t\t\t\"endDate\": \"2026-5-28T23:50+2:00\",\n\t\t\t\t\"image\":\"https:\/\/www.modave.be\/wp-content\/uploads\/2026\/03\/JCPMF.jpg\", \n\t\t\t\t\"description\":\" <p><em>Envie de bouger, de reprendre la course \u00e0 pied ?<\/em><\/p>    <p>Le programme Je cours pour ma forme reprend d\u00e8s ce jeudi 12 mars 2026 au complexe sportif de Vierset pour 12 s\u00e9ances encadr\u00e9es.<\/p>    <p>Tous les jeudis \u00e0 19h30 (niveau 3\u20138 km)<\/p>    <ul class=wp-block-list> <li>Gratuit pour les 12\u201317 ans<\/li>    <li>25 \u20ac pour les adultes<\/li> <\/ul>    <p>Inscription (cycle complet) :<br><a href=https:\/\/forms.gle\/NA4wD72zCGYbpzK66>https:\/\/forms.gle\/NA4wD72zCGYbpzK66<\/a><\/p>    <p>Infos : 085\/41.02.20 ext. 5 \u2013 <a>sportsloisirs@modave.be<\/a><br>Renseignements sportifs : 0495\/16.67.85 \u2013 Christophe Henry<\/p> \",\"location\":[{\"@type\":\"Place\",\"name\":\"Complexe sportif communal\",\"address\":{\"@type\": \"PostalAddress\",\"streetAddress\":\"Tige de Hestreux 1, 4577 Modave\"}}],\"eventStatus\":\"https:\/\/schema.org\/EventScheduled\"}<\/script><\/div>\n\t\t\t\t<p class=\"desc_trig_outter\" style=\"\"><a data-gmtrig=\"1\" data-exlk=\"0\" style=\"background-color: #e74d3c;\" id=\"evc_177998940018423\" class=\"event_repeat desc_trig evo_sportsetloisirs sin_val evcal_list_a\" data-ux_val=\"3a\" data-ux_val_mob=\"-\"  ><span class='evoet_c2 evoet_cx '><span class='evoet_dayblock evcal_cblock ' data-bgcolor='#e74d3c' data-smon='Mai' data-syr='2026'><span class='evo_start '><em class='date'>28<\/em><em class='month'>Mai<\/em><em class='time'>19 h 30 min<\/em><\/span><\/span><\/span><span style='display:none' class='event_location_attrs'  data-location_address=\"Tige de Hestreux 1, 4577 Modave\" data-location_type=\"lonlat\" data-location_name=\"Complexe sportif communal\" data-location_url=\"https:\/\/www.modave.be\/index.php\/event-location\/complexe-sportif-communal\/\" data-location_status=\"true\" data-latlng=\"50.4796455,5.2861443\"><\/span><span class='evoet_c3 evoet_cx evcal_desc evo_info ' ><span class='evoet_tags evo_above_title'><span class='evo_event_headers repeating'>Repeating Event<\/span><\/span><span class='evoet_title evcal_desc2 evcal_event_title' itemprop='name'>Je cours pour ma forme (3-8 km)<\/span><span class='evoet_subtitle evo_below_title'><span class='evcal_event_subtitle' >Niveau 0\u20135 km<\/span><\/span><span class='evoet_time_expand level_3 evcal_desc_info evogap10'><em class='evcal_time evo_tz_time level_4'><i class='fa fa-clock-o evomarr10'><\/i>19 h 30 min<span class='evo_tz marl5'>(GMT+02:00)<\/span><\/em> <span class='evoet_location level_4'><em class=\"evcal_location evolh13\"  data-latlng=\"50.4796455,5.2861443\" data-add_str=\"Tige de Hestreux 1, 4577 Modave\"><i class=\"fa fa-location-pin evomarr10\"><\/i>Tige de Hestreux 1, 4577 Modave<\/em><\/span><\/span><span class='evcal_desc3'><span class='evcal_oganizer level_4'>\n\t\t\t\t\t\t\t\t<em><i>Organisateur:<\/i><\/em>\n\t\t\t\t\t\t\t\t<em class=\"evoet_dataval\">Administration Communale de Modave<\/em>\n\t\t\t\t\t\t\t\t<\/span><span class='evcal_event_types level_4 ett1'><em><i>Type d&#039;\u00e9v\u00e9nement:<\/i><\/em><em data-filter='event_type'><i class=\"fa fa-person-biking\"><\/i>Sport<\/em><i class='clear'><\/i><\/span><\/span><\/span><em class='evoet_data' style='display:none' data-bgc='#e74d3c'data-bggrad=''><\/em><\/a><\/p><div class='clear end'><\/div><\/div><div class=\"evoShow_more_events\" style=\"\"><span>Afficher plus d&#039;\u00e9v\u00e9nements<\/span><\/div>\t\t\t<div class='clear'><\/div>\n\t\t\t<\/div>\n\t\t\t<div class='clear'><\/div>\n\t\t\t\n\t\t\t\t\t \t<div id='evcal_footer' class='evo_bottom' style='display:none'>\n\t\t \t\t<div class='evo_cal_data' data-sc='{&quot;accord&quot;:&quot;no&quot;,&quot;bottom_nav&quot;:&quot;no&quot;,&quot;cal_id&quot;:&quot;&quot;,&quot;cal_init_nonajax&quot;:&quot;no&quot;,&quot;calendar_type&quot;:&quot;list&quot;,&quot;ep_fields&quot;:&quot;&quot;,&quot;etc_override&quot;:&quot;yes&quot;,&quot;evc_open&quot;:&quot;no&quot;,&quot;event_count&quot;:&quot;1&quot;,&quot;event_location&quot;:&quot;all&quot;,&quot;event_order&quot;:&quot;ASC&quot;,&quot;event_organizer&quot;:&quot;all&quot;,&quot;event_parts&quot;:&quot;no&quot;,&quot;event_past_future&quot;:&quot;future&quot;,&quot;event_status&quot;:&quot;all&quot;,&quot;event_tag&quot;:&quot;all&quot;,&quot;event_type&quot;:&quot;179&quot;,&quot;event_type_2&quot;:&quot;all&quot;,&quot;event_type_3&quot;:&quot;all&quot;,&quot;event_type_4&quot;:&quot;all&quot;,&quot;event_virtual&quot;:&quot;all&quot;,&quot;eventtop_date_style&quot;:0,&quot;eventtop_style&quot;:&quot;2&quot;,&quot;exp_jumper&quot;:&quot;no&quot;,&quot;exp_so&quot;:&quot;no&quot;,&quot;filter_relationship&quot;:&quot;AND&quot;,&quot;filter_show_set_only&quot;:&quot;no&quot;,&quot;filter_type&quot;:&quot;default&quot;,&quot;filters&quot;:&quot;no&quot;,&quot;fixed_month&quot;:&quot;5&quot;,&quot;fixed_year&quot;:&quot;2026&quot;,&quot;focus_end_date_range&quot;:&quot;1780264799&quot;,&quot;focus_start_date_range&quot;:&quot;1777586400&quot;,&quot;ft_event_priority&quot;:&quot;no&quot;,&quot;hide_arrows&quot;:&quot;no&quot;,&quot;hide_cancels&quot;:&quot;no&quot;,&quot;hide_empty_months&quot;:&quot;no&quot;,&quot;hide_end_time&quot;:&quot;no&quot;,&quot;hide_et_dn&quot;:&quot;no&quot;,&quot;hide_et_extra&quot;:&quot;no&quot;,&quot;hide_et_tags&quot;:&quot;no&quot;,&quot;hide_et_tl&quot;:&quot;no&quot;,&quot;hide_ft&quot;:&quot;no&quot;,&quot;hide_ft_img&quot;:&quot;no&quot;,&quot;hide_month_headers&quot;:&quot;yes&quot;,&quot;hide_mult_occur&quot;:&quot;no&quot;,&quot;hide_past&quot;:&quot;no&quot;,&quot;hide_past_by&quot;:&quot;ss&quot;,&quot;hide_so&quot;:&quot;no&quot;,&quot;ics&quot;:&quot;no&quot;,&quot;jumper&quot;:&quot;no&quot;,&quot;jumper_count&quot;:5,&quot;jumper_offset&quot;:&quot;0&quot;,&quot;lang&quot;:&quot;L1&quot;,&quot;layout_changer&quot;:&quot;no&quot;,&quot;livenow_bar&quot;:&quot;yes&quot;,&quot;mapformat&quot;:&quot;roadmap&quot;,&quot;mapiconurl&quot;:&quot;&quot;,&quot;maps_load&quot;:&quot;yes&quot;,&quot;mapscroll&quot;:&quot;true&quot;,&quot;mapzoom&quot;:&quot;18&quot;,&quot;members_only&quot;:&quot;no&quot;,&quot;ml_priority&quot;:&quot;no&quot;,&quot;month_incre&quot;:0,&quot;number_of_months&quot;:1,&quot;only_ft&quot;:&quot;no&quot;,&quot;pec&quot;:&quot;&quot;,&quot;s&quot;:&quot;&quot;,&quot;search&quot;:&quot;&quot;,&quot;search_all&quot;:&quot;no&quot;,&quot;sep_month&quot;:&quot;no&quot;,&quot;show_et_ft_img&quot;:&quot;no&quot;,&quot;show_limit&quot;:&quot;yes&quot;,&quot;show_limit_ajax&quot;:&quot;no&quot;,&quot;show_limit_paged&quot;:1,&quot;show_limit_redir&quot;:&quot;&quot;,&quot;show_repeats&quot;:&quot;no&quot;,&quot;show_upcoming&quot;:0,&quot;show_year&quot;:&quot;no&quot;,&quot;social_share&quot;:&quot;no&quot;,&quot;sort_by&quot;:&quot;sort_date&quot;,&quot;tile_bg&quot;:0,&quot;tile_bg_size&quot;:&quot;full&quot;,&quot;tile_count&quot;:2,&quot;tile_height&quot;:0,&quot;tile_style&quot;:0,&quot;tiles&quot;:&quot;no&quot;,&quot;ux_val&quot;:&quot;3a&quot;,&quot;wpml_l1&quot;:&quot;&quot;,&quot;wpml_l2&quot;:&quot;&quot;,&quot;wpml_l3&quot;:&quot;&quot;,&quot;yl_priority&quot;:&quot;no&quot;,&quot;fixed_day&quot;:&quot;1&quot;,&quot;_cver&quot;:&quot;2.5.3&quot;}'data-od='{&quot;lang_no_events&quot;:&quot;Pas d&#039;\\u00e9v\\u00e9nements&quot;,&quot;cal_tz_offset&quot;:120,&quot;cal_tz&quot;:&quot;Europe\\\/Brussels&quot;}'><\/div>\n\t\t \t\t<div class='evo_cal_events' data-events=\"\"><\/div>\n\t\t \t<\/div>\n\t\t\t\t\n\t\t\t\n\t\t\t\n\t\t\t\t\t\t<\/div><!-- EventON End -->\n\t\t\t<\/p>\t\t\t\t\t\t\t\t<\/div>\n\t\t\t\t<\/div>\n\t\t\t\t\t<\/div>\n\t\t<\/div>\n\t\t\t\t\t<\/div>\n\t\t<\/section>\n\t\t\t\t<section class=\"elementor-section elementor-top-section elementor-element elementor-element-c4f5ddf elementor-section-boxed elementor-section-height-default elementor-section-height-default\" data-id=\"c4f5ddf\" data-element_type=\"section\" data-e-type=\"section\">\n\t\t\t\t\t\t<div class=\"elementor-container elementor-column-gap-default\">\n\t\t\t\t\t<div class=\"elementor-column elementor-col-100 elementor-top-column elementor-element elementor-element-db77d52\" data-id=\"db77d52\" data-element_type=\"column\" data-e-type=\"column\">\n\t\t\t<div class=\"elementor-widget-wrap elementor-element-populated\">\n\t\t\t\t\t\t<div class=\"elementor-element elementor-element-f941342 elementor-widget elementor-widget-heading\" data-id=\"f941342\" data-element_type=\"widget\" data-e-type=\"widget\" data-widget_type=\"heading.default\">\n\t\t\t\t<div class=\"elementor-widget-container\">\n\t\t\t\t\t<h3 class=\"elementor-heading-title elementor-size-default\">Actualit\u00e9s<\/h3>\t\t\t\t<\/div>\n\t\t\t\t<\/div>\n\t\t\t\t<div class=\"elementor-element elementor-element-77f83cf arrows-relative-to-box_area bullets-small-dot-stroke elementor-widget elementor-widget-the7_elements_carousel\" data-id=\"77f83cf\" data-element_type=\"widget\" data-e-type=\"widget\" data-settings=\"{&quot;widget_columns&quot;:3,&quot;widget_columns_tablet&quot;:2,&quot;widget_columns_mobile&quot;:1,&quot;gap_between_posts&quot;:{&quot;unit&quot;:&quot;px&quot;,&quot;size&quot;:15,&quot;sizes&quot;:[]},&quot;gap_between_posts_tablet&quot;:{&quot;unit&quot;:&quot;px&quot;,&quot;size&quot;:&quot;&quot;,&quot;sizes&quot;:[]},&quot;gap_between_posts_mobile&quot;:{&quot;unit&quot;:&quot;px&quot;,&quot;size&quot;:&quot;&quot;,&quot;sizes&quot;:[]}}\" data-widget_type=\"the7_elements_carousel.default\">\n\t\t\t\t<div class=\"elementor-widget-container\">\n\t\t\t\t\t<div class=\"disable-arrows-hover-bg the7_elements_carousel-77f83cf owl-carousel portfolio-carousel-shortcode elementor-owl-carousel-call portfolio-shortcode the7-elementor-widget content-bg-on content-rollover-layout-list description-on-hover quick-scale-img meta-info-off enable-bg-rollover\" data-scroll-mode=\"1\" data-auto-height=\"true\" data-speed=\"600\" data-autoplay=\"false\" data-autoplay_speed=\"\"><article class=\"post visible forward-post post-18801 services_communaux type-services_communaux status-publish has-post-thumbnail hentry category-sports_et_loisirs description-off\">\n<div class=\"post-thumbnail-wrap\">\n\t<div class=\"post-thumbnail \">\n\n\t\t<a class=\"post-thumbnail-rollover layzr-bg img-css-resize-wrapper\" aria-label=\"Image article\" href=\"https:\/\/www.modave.be\/index.php\/services_communaux\/passage-de-la-fleche-wallonne-a-modave-22-avril-2026\/\"><img fetchpriority=\"high\" decoding=\"async\" width=\"1080\" height=\"540\" src=\"data:image\/svg+xml,%3Csvg%20xmlns%3D&#039;http%3A%2F%2Fwww.w3.org%2F2000%2Fsvg&#039;%20viewBox%3D&#039;0%200%201080%20540&#039;%2F%3E\" class=\"attachment-full size-full preload-me aspect lazy lazy-load\" alt=\"\" sizes=\"(max-width: 1080px) 100vw, 1080px\" style=\"--ratio: 1080 \/ 540;\" data-src=\"https:\/\/www.modave.be\/wp-content\/uploads\/2025\/04\/Fleche-wallonne-e1744818205479.png\" loading=\"eager\" data-srcset=\"https:\/\/www.modave.be\/wp-content\/uploads\/2025\/04\/Fleche-wallonne-e1744818205479.png 1080w, https:\/\/www.modave.be\/wp-content\/uploads\/2025\/04\/Fleche-wallonne-e1744818205479-300x150.png 300w, https:\/\/www.modave.be\/wp-content\/uploads\/2025\/04\/Fleche-wallonne-e1744818205479-1024x512.png 1024w, https:\/\/www.modave.be\/wp-content\/uploads\/2025\/04\/Fleche-wallonne-e1744818205479-768x384.png 768w\" \/><\/a>\n\t<\/div>\n<\/div>\n\n<div class=\"post-entry-content\">\n\t<div class=\"post-entry-wrapper\">\n\t\t<div class=\"post-entry-body\">\n\t\t\t<h3 class=\"ele-entry-title\"><a href=\"https:\/\/www.modave.be\/index.php\/services_communaux\/passage-de-la-fleche-wallonne-a-modave-22-avril-2026\/\" rel=\"bookmark\" title=\"Passage de la Fl\u00e8che Wallonne \u00e0 Modave | 22 avril 2026\">Passage de la Fl\u00e8che Wallonne \u00e0 Modave | 22 avril 2026<\/a><\/h3><a href=\"https:\/\/www.modave.be\/index.php\/services_communaux\/passage-de-la-fleche-wallonne-a-modave-22-avril-2026\/\" target=\"\" aria-label=\"En savoir plus sur Passage de la Fl\u00e8che Wallonne \u00e0 Modave | 22 avril 2026\" class=\"box-button elementor-button elementor-size-xs\">Lire l&#039;article<\/a>\t\t<\/div>\n\t<\/div>\n<\/div><\/article><article class=\"post visible forward-post post-18098 services_communaux type-services_communaux status-publish has-post-thumbnail hentry category-sports_et_loisirs description-off\">\n<div class=\"post-thumbnail-wrap\">\n\t<div class=\"post-thumbnail \">\n\n\t\t<a class=\"post-thumbnail-rollover layzr-bg img-css-resize-wrapper\" aria-label=\"Image article\" href=\"https:\/\/www.modave.be\/index.php\/services_communaux\/je-cours-pour-ma-forme-reprise-des-inscriptions\/\"><img decoding=\"async\" width=\"884\" height=\"443\" src=\"data:image\/svg+xml,%3Csvg%20xmlns%3D&#039;http%3A%2F%2Fwww.w3.org%2F2000%2Fsvg&#039;%20viewBox%3D&#039;0%200%20884%20443&#039;%2F%3E\" class=\"attachment-full size-full preload-me aspect lazy lazy-load\" alt=\"\" sizes=\"(max-width: 884px) 100vw, 884px\" style=\"--ratio: 884 \/ 443;\" data-src=\"https:\/\/www.modave.be\/wp-content\/uploads\/2026\/02\/629313817_33633271536317796_4622236893748177099_n-e1770646004883.jpg\" loading=\"eager\" data-srcset=\"https:\/\/www.modave.be\/wp-content\/uploads\/2026\/02\/629313817_33633271536317796_4622236893748177099_n-e1770646004883.jpg 884w, https:\/\/www.modave.be\/wp-content\/uploads\/2026\/02\/629313817_33633271536317796_4622236893748177099_n-e1770646004883-300x150.jpg 300w, https:\/\/www.modave.be\/wp-content\/uploads\/2026\/02\/629313817_33633271536317796_4622236893748177099_n-e1770646004883-768x385.jpg 768w\" \/><\/a>\n\t<\/div>\n<\/div>\n\n<div class=\"post-entry-content\">\n\t<div class=\"post-entry-wrapper\">\n\t\t<div class=\"post-entry-body\">\n\t\t\t<h3 class=\"ele-entry-title\"><a href=\"https:\/\/www.modave.be\/index.php\/services_communaux\/je-cours-pour-ma-forme-reprise-des-inscriptions\/\" rel=\"bookmark\" title=\"Je Cours Pour Ma Forme | Reprise des inscriptions\">Je Cours Pour Ma Forme | Reprise des inscriptions<\/a><\/h3><a href=\"https:\/\/www.modave.be\/index.php\/services_communaux\/je-cours-pour-ma-forme-reprise-des-inscriptions\/\" target=\"\" aria-label=\"En savoir plus sur Je Cours Pour Ma Forme | Reprise des inscriptions\" class=\"box-button elementor-button elementor-size-xs\">Lire l&#039;article<\/a>\t\t<\/div>\n\t<\/div>\n<\/div><\/article><article class=\"post visible forward-post post-16568 services_communaux type-services_communaux status-publish has-post-thumbnail hentry category-sports_et_loisirs description-off\">\n<div class=\"post-thumbnail-wrap\">\n\t<div class=\"post-thumbnail \">\n\n\t\t<a class=\"post-thumbnail-rollover layzr-bg img-css-resize-wrapper\" aria-label=\"Image article\" href=\"https:\/\/www.modave.be\/index.php\/services_communaux\/semaine-de-la-mobilite-bilan\/\"><img decoding=\"async\" width=\"2560\" height=\"1280\" src=\"data:image\/svg+xml,%3Csvg%20xmlns%3D&#039;http%3A%2F%2Fwww.w3.org%2F2000%2Fsvg&#039;%20viewBox%3D&#039;0%200%202560%201280&#039;%2F%3E\" class=\"attachment-full size-full preload-me aspect lazy lazy-load\" alt=\"\" sizes=\"(max-width: 2560px) 100vw, 2560px\" style=\"--ratio: 2560 \/ 1280;\" data-src=\"https:\/\/www.modave.be\/wp-content\/uploads\/2025\/09\/vlcsnap-2025-09-24-09h45m59s868-scaled-e1758699992923.png\" loading=\"eager\" data-srcset=\"https:\/\/www.modave.be\/wp-content\/uploads\/2025\/09\/vlcsnap-2025-09-24-09h45m59s868-scaled-e1758699992923.png 2560w, https:\/\/www.modave.be\/wp-content\/uploads\/2025\/09\/vlcsnap-2025-09-24-09h45m59s868-scaled-e1758699992923-300x150.png 300w, https:\/\/www.modave.be\/wp-content\/uploads\/2025\/09\/vlcsnap-2025-09-24-09h45m59s868-scaled-e1758699992923-1024x512.png 1024w, https:\/\/www.modave.be\/wp-content\/uploads\/2025\/09\/vlcsnap-2025-09-24-09h45m59s868-scaled-e1758699992923-768x384.png 768w, https:\/\/www.modave.be\/wp-content\/uploads\/2025\/09\/vlcsnap-2025-09-24-09h45m59s868-scaled-e1758699992923-1536x768.png 1536w, https:\/\/www.modave.be\/wp-content\/uploads\/2025\/09\/vlcsnap-2025-09-24-09h45m59s868-scaled-e1758699992923-2048x1024.png 2048w\" \/><\/a>\n\t<\/div>\n<\/div>\n\n<div class=\"post-entry-content\">\n\t<div class=\"post-entry-wrapper\">\n\t\t<div class=\"post-entry-body\">\n\t\t\t<h3 class=\"ele-entry-title\"><a href=\"https:\/\/www.modave.be\/index.php\/services_communaux\/semaine-de-la-mobilite-bilan\/\" rel=\"bookmark\" title=\"Semaine de la Mobilit\u00e9 | Bilan\">Semaine de la Mobilit\u00e9 | Bilan<\/a><\/h3><a href=\"https:\/\/www.modave.be\/index.php\/services_communaux\/semaine-de-la-mobilite-bilan\/\" target=\"\" aria-label=\"En savoir plus sur Semaine de la Mobilit\u00e9 | Bilan\" class=\"box-button elementor-button elementor-size-xs\">Lire l&#039;article<\/a>\t\t<\/div>\n\t<\/div>\n<\/div><\/article><article class=\"post visible forward-post post-16302 services_communaux type-services_communaux status-publish has-post-thumbnail hentry category-population category-sports_et_loisirs description-off\">\n<div class=\"post-thumbnail-wrap\">\n\t<div class=\"post-thumbnail \">\n\n\t\t<a class=\"post-thumbnail-rollover layzr-bg img-css-resize-wrapper\" aria-label=\"Image article\" href=\"https:\/\/www.modave.be\/index.php\/services_communaux\/chasses-et-battues-calendrier-2025\/\"><img decoding=\"async\" width=\"849\" height=\"424\" src=\"data:image\/svg+xml,%3Csvg%20xmlns%3D&#039;http%3A%2F%2Fwww.w3.org%2F2000%2Fsvg&#039;%20viewBox%3D&#039;0%200%20849%20424&#039;%2F%3E\" class=\"attachment-full size-full preload-me aspect lazy lazy-load\" alt=\"\" sizes=\"(max-width: 849px) 100vw, 849px\" style=\"--ratio: 849 \/ 424;\" data-src=\"https:\/\/www.modave.be\/wp-content\/uploads\/2023\/12\/chasseur-e1727961706476.png\" loading=\"eager\" data-srcset=\"https:\/\/www.modave.be\/wp-content\/uploads\/2023\/12\/chasseur-e1727961706476.png 849w, https:\/\/www.modave.be\/wp-content\/uploads\/2023\/12\/chasseur-e1727961706476-300x150.png 300w, https:\/\/www.modave.be\/wp-content\/uploads\/2023\/12\/chasseur-e1727961706476-768x384.png 768w\" \/><\/a>\n\t<\/div>\n<\/div>\n\n<div class=\"post-entry-content\">\n\t<div class=\"post-entry-wrapper\">\n\t\t<div class=\"post-entry-body\">\n\t\t\t<h3 class=\"ele-entry-title\"><a href=\"https:\/\/www.modave.be\/index.php\/services_communaux\/chasses-et-battues-calendrier-2025\/\" rel=\"bookmark\" title=\"Chasses et battues | Calendrier 2025\">Chasses et battues | Calendrier 2025<\/a><\/h3><a href=\"https:\/\/www.modave.be\/index.php\/services_communaux\/chasses-et-battues-calendrier-2025\/\" target=\"\" aria-label=\"En savoir plus sur Chasses et battues | Calendrier 2025\" class=\"box-button elementor-button elementor-size-xs\">Lire l&#039;article<\/a>\t\t<\/div>\n\t<\/div>\n<\/div><\/article><article class=\"post visible forward-post post-16282 services_communaux type-services_communaux status-publish has-post-thumbnail hentry category-sports_et_loisirs description-off\">\n<div class=\"post-thumbnail-wrap\">\n\t<div class=\"post-thumbnail \">\n\n\t\t<a class=\"post-thumbnail-rollover layzr-bg img-css-resize-wrapper\" aria-label=\"Image article\" href=\"https:\/\/www.modave.be\/index.php\/services_communaux\/semaine-de-la-mobilite-16-au-22-sept-25\/\"><img decoding=\"async\" width=\"2560\" height=\"1280\" src=\"data:image\/svg+xml,%3Csvg%20xmlns%3D&#039;http%3A%2F%2Fwww.w3.org%2F2000%2Fsvg&#039;%20viewBox%3D&#039;0%200%202560%201280&#039;%2F%3E\" class=\"attachment-full size-full preload-me aspect lazy lazy-load\" alt=\"\" sizes=\"(max-width: 2560px) 100vw, 2560px\" style=\"--ratio: 2560 \/ 1280;\" data-src=\"https:\/\/www.modave.be\/wp-content\/uploads\/2025\/08\/Archery-Flyer-copie-2-scaled-e1756456839913.jpg\" loading=\"eager\" data-srcset=\"https:\/\/www.modave.be\/wp-content\/uploads\/2025\/08\/Archery-Flyer-copie-2-scaled-e1756456839913.jpg 2560w, https:\/\/www.modave.be\/wp-content\/uploads\/2025\/08\/Archery-Flyer-copie-2-scaled-e1756456839913-300x150.jpg 300w, https:\/\/www.modave.be\/wp-content\/uploads\/2025\/08\/Archery-Flyer-copie-2-scaled-e1756456839913-1024x512.jpg 1024w, https:\/\/www.modave.be\/wp-content\/uploads\/2025\/08\/Archery-Flyer-copie-2-scaled-e1756456839913-768x384.jpg 768w, https:\/\/www.modave.be\/wp-content\/uploads\/2025\/08\/Archery-Flyer-copie-2-scaled-e1756456839913-1536x768.jpg 1536w, https:\/\/www.modave.be\/wp-content\/uploads\/2025\/08\/Archery-Flyer-copie-2-scaled-e1756456839913-2048x1024.jpg 2048w\" \/><\/a>\n\t<\/div>\n<\/div>\n\n<div class=\"post-entry-content\">\n\t<div class=\"post-entry-wrapper\">\n\t\t<div class=\"post-entry-body\">\n\t\t\t<h3 class=\"ele-entry-title\"><a href=\"https:\/\/www.modave.be\/index.php\/services_communaux\/semaine-de-la-mobilite-16-au-22-sept-25\/\" rel=\"bookmark\" title=\"Semaine de la Mobilit\u00e9 | Du 16 au 22 sept. 25\">Semaine de la Mobilit\u00e9 | Du 16 au 22 sept. 25<\/a><\/h3><a href=\"https:\/\/www.modave.be\/index.php\/services_communaux\/semaine-de-la-mobilite-16-au-22-sept-25\/\" target=\"\" aria-label=\"En savoir plus sur Semaine de la Mobilit\u00e9 | Du 16 au 22 sept. 25\" class=\"box-button elementor-button elementor-size-xs\">Lire l&#039;article<\/a>\t\t<\/div>\n\t<\/div>\n<\/div><\/article><article class=\"post visible forward-post post-15704 services_communaux type-services_communaux status-publish has-post-thumbnail hentry category-population category-sports_et_loisirs description-off\">\n<div class=\"post-thumbnail-wrap\">\n\t<div class=\"post-thumbnail \">\n\n\t\t<a class=\"post-thumbnail-rollover layzr-bg img-css-resize-wrapper\" aria-label=\"Image article\" href=\"https:\/\/www.modave.be\/index.php\/services_communaux\/permis-et-vignettes-de-chasse-modalites-de-delivrance\/\"><img decoding=\"async\" width=\"1365\" height=\"682\" src=\"data:image\/svg+xml,%3Csvg%20xmlns%3D&#039;http%3A%2F%2Fwww.w3.org%2F2000%2Fsvg&#039;%20viewBox%3D&#039;0%200%201365%20682&#039;%2F%3E\" class=\"attachment-full size-full preload-me aspect lazy lazy-load\" alt=\"\" sizes=\"(max-width: 1365px) 100vw, 1365px\" style=\"--ratio: 1365 \/ 682;\" data-src=\"https:\/\/www.modave.be\/wp-content\/uploads\/2025\/05\/500251119_1115894703899960_4982154446964788497_n-e1748598475978.jpg\" loading=\"eager\" data-srcset=\"https:\/\/www.modave.be\/wp-content\/uploads\/2025\/05\/500251119_1115894703899960_4982154446964788497_n-e1748598475978.jpg 1365w, https:\/\/www.modave.be\/wp-content\/uploads\/2025\/05\/500251119_1115894703899960_4982154446964788497_n-e1748598475978-300x150.jpg 300w, https:\/\/www.modave.be\/wp-content\/uploads\/2025\/05\/500251119_1115894703899960_4982154446964788497_n-e1748598475978-1024x512.jpg 1024w, https:\/\/www.modave.be\/wp-content\/uploads\/2025\/05\/500251119_1115894703899960_4982154446964788497_n-e1748598475978-768x384.jpg 768w\" \/><\/a>\n\t<\/div>\n<\/div>\n\n<div class=\"post-entry-content\">\n\t<div class=\"post-entry-wrapper\">\n\t\t<div class=\"post-entry-body\">\n\t\t\t<h3 class=\"ele-entry-title\"><a href=\"https:\/\/www.modave.be\/index.php\/services_communaux\/permis-et-vignettes-de-chasse-modalites-de-delivrance\/\" rel=\"bookmark\" title=\"Permis et vignettes de chasse | Modalit\u00e9s de d\u00e9livrance\">Permis et vignettes de chasse | Modalit\u00e9s de d\u00e9livrance<\/a><\/h3><a href=\"https:\/\/www.modave.be\/index.php\/services_communaux\/permis-et-vignettes-de-chasse-modalites-de-delivrance\/\" target=\"\" aria-label=\"En savoir plus sur Permis et vignettes de chasse | Modalit\u00e9s de d\u00e9livrance\" class=\"box-button elementor-button elementor-size-xs\">Lire l&#039;article<\/a>\t\t<\/div>\n\t<\/div>\n<\/div><\/article><article class=\"post visible forward-post post-15448 services_communaux type-services_communaux status-publish has-post-thumbnail hentry category-sports_et_loisirs description-off\">\n<div class=\"post-thumbnail-wrap\">\n\t<div class=\"post-thumbnail \">\n\n\t\t<a class=\"post-thumbnail-rollover layzr-bg img-css-resize-wrapper\" aria-label=\"Image article\" href=\"https:\/\/www.modave.be\/index.php\/services_communaux\/fleche-wallonne-23-avril-2025\/\"><img fetchpriority=\"high\" decoding=\"async\" width=\"1080\" height=\"540\" src=\"data:image\/svg+xml,%3Csvg%20xmlns%3D&#039;http%3A%2F%2Fwww.w3.org%2F2000%2Fsvg&#039;%20viewBox%3D&#039;0%200%201080%20540&#039;%2F%3E\" class=\"attachment-full size-full preload-me aspect lazy lazy-load\" alt=\"\" sizes=\"(max-width: 1080px) 100vw, 1080px\" style=\"--ratio: 1080 \/ 540;\" data-src=\"https:\/\/www.modave.be\/wp-content\/uploads\/2025\/04\/Fleche-wallonne-e1744818205479.png\" loading=\"eager\" data-srcset=\"https:\/\/www.modave.be\/wp-content\/uploads\/2025\/04\/Fleche-wallonne-e1744818205479.png 1080w, https:\/\/www.modave.be\/wp-content\/uploads\/2025\/04\/Fleche-wallonne-e1744818205479-300x150.png 300w, https:\/\/www.modave.be\/wp-content\/uploads\/2025\/04\/Fleche-wallonne-e1744818205479-1024x512.png 1024w, https:\/\/www.modave.be\/wp-content\/uploads\/2025\/04\/Fleche-wallonne-e1744818205479-768x384.png 768w\" \/><\/a>\n\t<\/div>\n<\/div>\n\n<div class=\"post-entry-content\">\n\t<div class=\"post-entry-wrapper\">\n\t\t<div class=\"post-entry-body\">\n\t\t\t<h3 class=\"ele-entry-title\"><a href=\"https:\/\/www.modave.be\/index.php\/services_communaux\/fleche-wallonne-23-avril-2025\/\" rel=\"bookmark\" title=\"Fl\u00e8che Wallonne | 23 avril 2025\">Fl\u00e8che Wallonne | 23 avril 2025<\/a><\/h3><a href=\"https:\/\/www.modave.be\/index.php\/services_communaux\/fleche-wallonne-23-avril-2025\/\" target=\"\" aria-label=\"En savoir plus sur Fl\u00e8che Wallonne | 23 avril 2025\" class=\"box-button elementor-button elementor-size-xs\">Lire l&#039;article<\/a>\t\t<\/div>\n\t<\/div>\n<\/div><\/article><article class=\"post visible forward-post post-15391 services_communaux type-services_communaux status-publish has-post-thumbnail hentry category-sports_et_loisirs description-off\">\n<div class=\"post-thumbnail-wrap\">\n\t<div class=\"post-thumbnail \">\n\n\t\t<a class=\"post-thumbnail-rollover layzr-bg img-css-resize-wrapper\" aria-label=\"Image article\" href=\"https:\/\/www.modave.be\/index.php\/services_communaux\/ouverture-officielle-de-la-saison-touristique-2025\/\"><img decoding=\"async\" width=\"1770\" height=\"887\" src=\"data:image\/svg+xml,%3Csvg%20xmlns%3D&#039;http%3A%2F%2Fwww.w3.org%2F2000%2Fsvg&#039;%20viewBox%3D&#039;0%200%201770%20887&#039;%2F%3E\" class=\"attachment-full size-full preload-me aspect lazy lazy-load\" alt=\"\" sizes=\"(max-width: 1770px) 100vw, 1770px\" style=\"--ratio: 1770 \/ 887;\" data-src=\"https:\/\/www.modave.be\/wp-content\/uploads\/2025\/03\/LARGAGE-RAMELOT-e1743164619255.jpeg\" loading=\"eager\" data-srcset=\"https:\/\/www.modave.be\/wp-content\/uploads\/2025\/03\/LARGAGE-RAMELOT-e1743164619255.jpeg 1770w, https:\/\/www.modave.be\/wp-content\/uploads\/2025\/03\/LARGAGE-RAMELOT-e1743164619255-300x150.jpeg 300w, https:\/\/www.modave.be\/wp-content\/uploads\/2025\/03\/LARGAGE-RAMELOT-e1743164619255-1024x513.jpeg 1024w, https:\/\/www.modave.be\/wp-content\/uploads\/2025\/03\/LARGAGE-RAMELOT-e1743164619255-768x385.jpeg 768w, https:\/\/www.modave.be\/wp-content\/uploads\/2025\/03\/LARGAGE-RAMELOT-e1743164619255-1536x770.jpeg 1536w\" \/><\/a>\n\t<\/div>\n<\/div>\n\n<div class=\"post-entry-content\">\n\t<div class=\"post-entry-wrapper\">\n\t\t<div class=\"post-entry-body\">\n\t\t\t<h3 class=\"ele-entry-title\"><a href=\"https:\/\/www.modave.be\/index.php\/services_communaux\/ouverture-officielle-de-la-saison-touristique-2025\/\" rel=\"bookmark\" title=\"Ouverture officielle de la saison touristique 2025\">Ouverture officielle de la saison touristique 2025<\/a><\/h3><a href=\"https:\/\/www.modave.be\/index.php\/services_communaux\/ouverture-officielle-de-la-saison-touristique-2025\/\" target=\"\" aria-label=\"En savoir plus sur Ouverture officielle de la saison touristique 2025\" class=\"box-button elementor-button elementor-size-xs\">Lire l&#039;article<\/a>\t\t<\/div>\n\t<\/div>\n<\/div><\/article><article class=\"post visible forward-post post-15053 services_communaux type-services_communaux status-publish has-post-thumbnail hentry category-sports_et_loisirs description-off\">\n<div class=\"post-thumbnail-wrap\">\n\t<div class=\"post-thumbnail \">\n\n\t\t<a class=\"post-thumbnail-rollover layzr-bg img-css-resize-wrapper\" aria-label=\"Image article\" href=\"https:\/\/www.modave.be\/index.php\/services_communaux\/la-marche-active-du-bien-etre-en-toute-simplicite\/\"><img decoding=\"async\" width=\"1080\" height=\"540\" src=\"data:image\/svg+xml,%3Csvg%20xmlns%3D&#039;http%3A%2F%2Fwww.w3.org%2F2000%2Fsvg&#039;%20viewBox%3D&#039;0%200%201080%20540&#039;%2F%3E\" class=\"attachment-full size-full preload-me aspect lazy lazy-load\" alt=\"\" sizes=\"(max-width: 1080px) 100vw, 1080px\" style=\"--ratio: 1080 \/ 540;\" data-src=\"https:\/\/www.modave.be\/wp-content\/uploads\/2025\/02\/josemarcheactive-e1740059038702.jpg\" loading=\"eager\" data-srcset=\"https:\/\/www.modave.be\/wp-content\/uploads\/2025\/02\/josemarcheactive-e1740059038702.jpg 1080w, https:\/\/www.modave.be\/wp-content\/uploads\/2025\/02\/josemarcheactive-e1740059038702-300x150.jpg 300w, https:\/\/www.modave.be\/wp-content\/uploads\/2025\/02\/josemarcheactive-e1740059038702-1024x512.jpg 1024w, https:\/\/www.modave.be\/wp-content\/uploads\/2025\/02\/josemarcheactive-e1740059038702-768x384.jpg 768w\" \/><\/a>\n\t<\/div>\n<\/div>\n\n<div class=\"post-entry-content\">\n\t<div class=\"post-entry-wrapper\">\n\t\t<div class=\"post-entry-body\">\n\t\t\t<h3 class=\"ele-entry-title\"><a href=\"https:\/\/www.modave.be\/index.php\/services_communaux\/la-marche-active-du-bien-etre-en-toute-simplicite\/\" rel=\"bookmark\" title=\"La marche active : du bien-\u00eatre en toute simplicit\u00e9 !\">La marche active : du bien-\u00eatre en toute simplicit\u00e9 !<\/a><\/h3><a href=\"https:\/\/www.modave.be\/index.php\/services_communaux\/la-marche-active-du-bien-etre-en-toute-simplicite\/\" target=\"\" aria-label=\"En savoir plus sur La marche active : du bien-\u00eatre en toute simplicit\u00e9 !\" class=\"box-button elementor-button elementor-size-xs\">Lire l&#039;article<\/a>\t\t<\/div>\n\t<\/div>\n<\/div><\/article><article class=\"post visible forward-post post-13493 services_communaux type-services_communaux status-publish has-post-thumbnail hentry category-population category-sports_et_loisirs description-off\">\n<div class=\"post-thumbnail-wrap\">\n\t<div class=\"post-thumbnail \">\n\n\t\t<a class=\"post-thumbnail-rollover layzr-bg img-css-resize-wrapper\" aria-label=\"Image article\" href=\"https:\/\/www.modave.be\/index.php\/services_communaux\/chasses-et-battues-calendrier-2024\/\"><img decoding=\"async\" width=\"849\" height=\"424\" src=\"data:image\/svg+xml,%3Csvg%20xmlns%3D&#039;http%3A%2F%2Fwww.w3.org%2F2000%2Fsvg&#039;%20viewBox%3D&#039;0%200%20849%20424&#039;%2F%3E\" class=\"attachment-full size-full preload-me aspect lazy lazy-load\" alt=\"\" sizes=\"(max-width: 849px) 100vw, 849px\" style=\"--ratio: 849 \/ 424;\" data-src=\"https:\/\/www.modave.be\/wp-content\/uploads\/2023\/12\/chasseur-e1727961706476.png\" loading=\"eager\" data-srcset=\"https:\/\/www.modave.be\/wp-content\/uploads\/2023\/12\/chasseur-e1727961706476.png 849w, https:\/\/www.modave.be\/wp-content\/uploads\/2023\/12\/chasseur-e1727961706476-300x150.png 300w, https:\/\/www.modave.be\/wp-content\/uploads\/2023\/12\/chasseur-e1727961706476-768x384.png 768w\" \/><\/a>\n\t<\/div>\n<\/div>\n\n<div class=\"post-entry-content\">\n\t<div class=\"post-entry-wrapper\">\n\t\t<div class=\"post-entry-body\">\n\t\t\t<h3 class=\"ele-entry-title\"><a href=\"https:\/\/www.modave.be\/index.php\/services_communaux\/chasses-et-battues-calendrier-2024\/\" rel=\"bookmark\" title=\"Chasses et battues | Calendrier 2024\">Chasses et battues | Calendrier 2024<\/a><\/h3><a href=\"https:\/\/www.modave.be\/index.php\/services_communaux\/chasses-et-battues-calendrier-2024\/\" target=\"\" aria-label=\"En savoir plus sur Chasses et battues | Calendrier 2024\" class=\"box-button elementor-button elementor-size-xs\">Lire l&#039;article<\/a>\t\t<\/div>\n\t<\/div>\n<\/div><\/article><\/div><div class=\"owl-nav disabled\"><div class=\"owl-prev\" role=\"button\" tabindex=\"0\" aria-label=\"Prev slide\"><i class=\"fas fa-chevron-left\"><\/i><\/div><div class=\"owl-next\" role=\"button\" tabindex=\"0\" aria-label=\"Next slide\"><i class=\"fas fa-chevron-right\"><\/i><\/div><\/div>\t\t\t\t<\/div>\n\t\t\t\t<\/div>\n\t\t\t\t<div class=\"elementor-element elementor-element-c8a0b02 elementor-widget elementor-widget-spacer\" data-id=\"c8a0b02\" data-element_type=\"widget\" data-e-type=\"widget\" data-widget_type=\"spacer.default\">\n\t\t\t\t<div class=\"elementor-widget-container\">\n\t\t\t\t\t\t\t<div class=\"elementor-spacer\">\n\t\t\t<div class=\"elementor-spacer-inner\"><\/div>\n\t\t<\/div>\n\t\t\t\t\t\t<\/div>\n\t\t\t\t<\/div>\n\t\t\t\t\t<\/div>\n\t\t<\/div>\n\t\t\t\t\t<\/div>\n\t\t<\/section>\n\t\t\t\t<\/div>\n\t\t","protected":false},"excerpt":{"rendered":"<p>You are here: Home Page Vinciane Douhard T\u00e9l\u00e9phone 085\/41.02.20 Ext 5 Fax 085\/41.02.25 Email sportsloisirs@modave.be Adresse Administration communale Place G. Hubin, 1-3 4577 MODAVE Gestion des salles communalesVous pouvez\u00a0consulter\u00a0les disponibilit\u00e9s des salles via les agendas dans l&rsquo;onglet SALLES COMMUNALES puis\u00a0t\u00e9l\u00e9charger\u00a0le contrat de location et la d\u00e9claration d&rsquo;activit\u00e9s afin d&lsquo;introduire votre demande par \u00e9crit\u00a0au Coll\u00e8ge.NB: la&hellip;<\/p>\n","protected":false},"author":1,"featured_media":12644,"parent":10864,"menu_order":0,"comment_status":"closed","ping_status":"closed","template":"","meta":{"footnotes":""},"class_list":["post-11271","page","type-page","status-publish","has-post-thumbnail","hentry","description-off"],"yoast_head":"<!-- This site is optimized with the Yoast SEO plugin v27.5 - https:\/\/yoast.com\/product\/yoast-seo-wordpress\/ -->\n<title>Sports et Loisirs - Commune de Modave<\/title>\n<meta name=\"robots\" content=\"index, follow, max-snippet:-1, max-image-preview:large, max-video-preview:-1\" \/>\n<link rel=\"canonical\" href=\"https:\/\/www.modave.be\/index.php\/services-communaux\/sports-et-loisirs\/\" \/>\n<meta property=\"og:locale\" content=\"fr_FR\" \/>\n<meta property=\"og:type\" content=\"article\" \/>\n<meta property=\"og:title\" content=\"Sports et Loisirs - Commune de Modave\" \/>\n<meta property=\"og:description\" content=\"You are here: Home Page Vinciane Douhard T\u00e9l\u00e9phone 085\/41.02.20 Ext 5 Fax 085\/41.02.25 Email sportsloisirs@modave.be Adresse Administration communale Place G. Hubin, 1-3 4577 MODAVE Gestion des salles communalesVous pouvez\u00a0consulter\u00a0les disponibilit\u00e9s des salles via les agendas dans l&rsquo;onglet SALLES COMMUNALES puis\u00a0t\u00e9l\u00e9charger\u00a0le contrat de location et la d\u00e9claration d&rsquo;activit\u00e9s afin d&lsquo;introduire votre demande par \u00e9crit\u00a0au Coll\u00e8ge.NB: la&hellip;\" \/>\n<meta property=\"og:url\" content=\"https:\/\/www.modave.be\/index.php\/services-communaux\/sports-et-loisirs\/\" \/>\n<meta property=\"og:site_name\" content=\"Commune de Modave\" \/>\n<meta property=\"article:modified_time\" content=\"2025-10-01T14:43:21+00:00\" \/>\n<meta property=\"og:image\" content=\"https:\/\/www.modave.be\/wp-content\/uploads\/2023\/09\/372391597_280568098036503_113101557411857078_n-1.jpg\" \/>\n\t<meta property=\"og:image:width\" content=\"2048\" \/>\n\t<meta property=\"og:image:height\" content=\"1536\" \/>\n\t<meta property=\"og:image:type\" content=\"image\/jpeg\" \/>\n<meta name=\"twitter:card\" content=\"summary_large_image\" \/>\n<meta name=\"twitter:label1\" content=\"Dur\u00e9e de lecture estim\u00e9e\" \/>\n\t<meta name=\"twitter:data1\" content=\"1 minute\" \/>\n<script type=\"application\/ld+json\" class=\"yoast-schema-graph\">{\"@context\":\"https:\\\/\\\/schema.org\",\"@graph\":[{\"@type\":\"WebPage\",\"@id\":\"https:\\\/\\\/www.modave.be\\\/index.php\\\/services-communaux\\\/sports-et-loisirs\\\/\",\"url\":\"https:\\\/\\\/www.modave.be\\\/index.php\\\/services-communaux\\\/sports-et-loisirs\\\/\",\"name\":\"Sports et Loisirs - Commune de Modave\",\"isPartOf\":{\"@id\":\"https:\\\/\\\/www.modave.be\\\/#website\"},\"primaryImageOfPage\":{\"@id\":\"https:\\\/\\\/www.modave.be\\\/index.php\\\/services-communaux\\\/sports-et-loisirs\\\/#primaryimage\"},\"image\":{\"@id\":\"https:\\\/\\\/www.modave.be\\\/index.php\\\/services-communaux\\\/sports-et-loisirs\\\/#primaryimage\"},\"thumbnailUrl\":\"https:\\\/\\\/www.modave.be\\\/wp-content\\\/uploads\\\/2023\\\/09\\\/372391597_280568098036503_113101557411857078_n-1.jpg\",\"datePublished\":\"2023-02-21T15:15:51+00:00\",\"dateModified\":\"2025-10-01T14:43:21+00:00\",\"breadcrumb\":{\"@id\":\"https:\\\/\\\/www.modave.be\\\/index.php\\\/services-communaux\\\/sports-et-loisirs\\\/#breadcrumb\"},\"inLanguage\":\"fr-FR\",\"potentialAction\":[{\"@type\":\"ReadAction\",\"target\":[\"https:\\\/\\\/www.modave.be\\\/index.php\\\/services-communaux\\\/sports-et-loisirs\\\/\"]}]},{\"@type\":\"ImageObject\",\"inLanguage\":\"fr-FR\",\"@id\":\"https:\\\/\\\/www.modave.be\\\/index.php\\\/services-communaux\\\/sports-et-loisirs\\\/#primaryimage\",\"url\":\"https:\\\/\\\/www.modave.be\\\/wp-content\\\/uploads\\\/2023\\\/09\\\/372391597_280568098036503_113101557411857078_n-1.jpg\",\"contentUrl\":\"https:\\\/\\\/www.modave.be\\\/wp-content\\\/uploads\\\/2023\\\/09\\\/372391597_280568098036503_113101557411857078_n-1.jpg\",\"width\":2048,\"height\":1536},{\"@type\":\"BreadcrumbList\",\"@id\":\"https:\\\/\\\/www.modave.be\\\/index.php\\\/services-communaux\\\/sports-et-loisirs\\\/#breadcrumb\",\"itemListElement\":[{\"@type\":\"ListItem\",\"position\":1,\"name\":\"Accueil\",\"item\":\"https:\\\/\\\/www.modave.be\\\/\"},{\"@type\":\"ListItem\",\"position\":2,\"name\":\"Services Communaux\",\"item\":\"https:\\\/\\\/www.modave.be\\\/index.php\\\/services-communaux\\\/\"},{\"@type\":\"ListItem\",\"position\":3,\"name\":\"Sports et Loisirs\"}]},{\"@type\":\"WebSite\",\"@id\":\"https:\\\/\\\/www.modave.be\\\/#website\",\"url\":\"https:\\\/\\\/www.modave.be\\\/\",\"name\":\"Commune de Modave\",\"description\":\"Commune de Modave\",\"publisher\":{\"@id\":\"https:\\\/\\\/www.modave.be\\\/#organization\"},\"potentialAction\":[{\"@type\":\"SearchAction\",\"target\":{\"@type\":\"EntryPoint\",\"urlTemplate\":\"https:\\\/\\\/www.modave.be\\\/?s={search_term_string}\"},\"query-input\":{\"@type\":\"PropertyValueSpecification\",\"valueRequired\":true,\"valueName\":\"search_term_string\"}}],\"inLanguage\":\"fr-FR\"},{\"@type\":\"Organization\",\"@id\":\"https:\\\/\\\/www.modave.be\\\/#organization\",\"name\":\"Commune de Modave\",\"url\":\"https:\\\/\\\/www.modave.be\\\/\",\"logo\":{\"@type\":\"ImageObject\",\"inLanguage\":\"fr-FR\",\"@id\":\"https:\\\/\\\/www.modave.be\\\/#\\\/schema\\\/logo\\\/image\\\/\",\"url\":\"https:\\\/\\\/www.modave.be\\\/wp-content\\\/uploads\\\/2021\\\/12\\\/MODAVE_LOGO_HORIZONTAL_QUADRI_RVB.png\",\"contentUrl\":\"https:\\\/\\\/www.modave.be\\\/wp-content\\\/uploads\\\/2021\\\/12\\\/MODAVE_LOGO_HORIZONTAL_QUADRI_RVB.png\",\"width\":1200,\"height\":501,\"caption\":\"Commune de Modave\"},\"image\":{\"@id\":\"https:\\\/\\\/www.modave.be\\\/#\\\/schema\\\/logo\\\/image\\\/\"}}]}<\/script>\n<!-- \/ Yoast SEO plugin. -->","yoast_head_json":{"title":"Sports et Loisirs - Commune de Modave","robots":{"index":"index","follow":"follow","max-snippet":"max-snippet:-1","max-image-preview":"max-image-preview:large","max-video-preview":"max-video-preview:-1"},"canonical":"https:\/\/www.modave.be\/index.php\/services-communaux\/sports-et-loisirs\/","og_locale":"fr_FR","og_type":"article","og_title":"Sports et Loisirs - Commune de Modave","og_description":"You are here: Home Page Vinciane Douhard T\u00e9l\u00e9phone 085\/41.02.20 Ext 5 Fax 085\/41.02.25 Email sportsloisirs@modave.be Adresse Administration communale Place G. Hubin, 1-3 4577 MODAVE Gestion des salles communalesVous pouvez\u00a0consulter\u00a0les disponibilit\u00e9s des salles via les agendas dans l&rsquo;onglet SALLES COMMUNALES puis\u00a0t\u00e9l\u00e9charger\u00a0le contrat de location et la d\u00e9claration d&rsquo;activit\u00e9s afin d&lsquo;introduire votre demande par \u00e9crit\u00a0au Coll\u00e8ge.NB: la&hellip;","og_url":"https:\/\/www.modave.be\/index.php\/services-communaux\/sports-et-loisirs\/","og_site_name":"Commune de Modave","article_modified_time":"2025-10-01T14:43:21+00:00","og_image":[{"width":2048,"height":1536,"url":"https:\/\/www.modave.be\/wp-content\/uploads\/2023\/09\/372391597_280568098036503_113101557411857078_n-1.jpg","type":"image\/jpeg"}],"twitter_card":"summary_large_image","twitter_misc":{"Dur\u00e9e de lecture estim\u00e9e":"1 minute"},"schema":{"@context":"https:\/\/schema.org","@graph":[{"@type":"WebPage","@id":"https:\/\/www.modave.be\/index.php\/services-communaux\/sports-et-loisirs\/","url":"https:\/\/www.modave.be\/index.php\/services-communaux\/sports-et-loisirs\/","name":"Sports et Loisirs - Commune de Modave","isPartOf":{"@id":"https:\/\/www.modave.be\/#website"},"primaryImageOfPage":{"@id":"https:\/\/www.modave.be\/index.php\/services-communaux\/sports-et-loisirs\/#primaryimage"},"image":{"@id":"https:\/\/www.modave.be\/index.php\/services-communaux\/sports-et-loisirs\/#primaryimage"},"thumbnailUrl":"https:\/\/www.modave.be\/wp-content\/uploads\/2023\/09\/372391597_280568098036503_113101557411857078_n-1.jpg","datePublished":"2023-02-21T15:15:51+00:00","dateModified":"2025-10-01T14:43:21+00:00","breadcrumb":{"@id":"https:\/\/www.modave.be\/index.php\/services-communaux\/sports-et-loisirs\/#breadcrumb"},"inLanguage":"fr-FR","potentialAction":[{"@type":"ReadAction","target":["https:\/\/www.modave.be\/index.php\/services-communaux\/sports-et-loisirs\/"]}]},{"@type":"ImageObject","inLanguage":"fr-FR","@id":"https:\/\/www.modave.be\/index.php\/services-communaux\/sports-et-loisirs\/#primaryimage","url":"https:\/\/www.modave.be\/wp-content\/uploads\/2023\/09\/372391597_280568098036503_113101557411857078_n-1.jpg","contentUrl":"https:\/\/www.modave.be\/wp-content\/uploads\/2023\/09\/372391597_280568098036503_113101557411857078_n-1.jpg","width":2048,"height":1536},{"@type":"BreadcrumbList","@id":"https:\/\/www.modave.be\/index.php\/services-communaux\/sports-et-loisirs\/#breadcrumb","itemListElement":[{"@type":"ListItem","position":1,"name":"Accueil","item":"https:\/\/www.modave.be\/"},{"@type":"ListItem","position":2,"name":"Services Communaux","item":"https:\/\/www.modave.be\/index.php\/services-communaux\/"},{"@type":"ListItem","position":3,"name":"Sports et Loisirs"}]},{"@type":"WebSite","@id":"https:\/\/www.modave.be\/#website","url":"https:\/\/www.modave.be\/","name":"Commune de Modave","description":"Commune de Modave","publisher":{"@id":"https:\/\/www.modave.be\/#organization"},"potentialAction":[{"@type":"SearchAction","target":{"@type":"EntryPoint","urlTemplate":"https:\/\/www.modave.be\/?s={search_term_string}"},"query-input":{"@type":"PropertyValueSpecification","valueRequired":true,"valueName":"search_term_string"}}],"inLanguage":"fr-FR"},{"@type":"Organization","@id":"https:\/\/www.modave.be\/#organization","name":"Commune de Modave","url":"https:\/\/www.modave.be\/","logo":{"@type":"ImageObject","inLanguage":"fr-FR","@id":"https:\/\/www.modave.be\/#\/schema\/logo\/image\/","url":"https:\/\/www.modave.be\/wp-content\/uploads\/2021\/12\/MODAVE_LOGO_HORIZONTAL_QUADRI_RVB.png","contentUrl":"https:\/\/www.modave.be\/wp-content\/uploads\/2021\/12\/MODAVE_LOGO_HORIZONTAL_QUADRI_RVB.png","width":1200,"height":501,"caption":"Commune de Modave"},"image":{"@id":"https:\/\/www.modave.be\/#\/schema\/logo\/image\/"}}]}},"_links":{"self":[{"href":"https:\/\/www.modave.be\/index.php\/wp-json\/wp\/v2\/pages\/11271","targetHints":{"allow":["GET"]}}],"collection":[{"href":"https:\/\/www.modave.be\/index.php\/wp-json\/wp\/v2\/pages"}],"about":[{"href":"https:\/\/www.modave.be\/index.php\/wp-json\/wp\/v2\/types\/page"}],"author":[{"embeddable":true,"href":"https:\/\/www.modave.be\/index.php\/wp-json\/wp\/v2\/users\/1"}],"replies":[{"embeddable":true,"href":"https:\/\/www.modave.be\/index.php\/wp-json\/wp\/v2\/comments?post=11271"}],"version-history":[{"count":1,"href":"https:\/\/www.modave.be\/index.php\/wp-json\/wp\/v2\/pages\/11271\/revisions"}],"predecessor-version":[{"id":18190,"href":"https:\/\/www.modave.be\/index.php\/wp-json\/wp\/v2\/pages\/11271\/revisions\/18190"}],"up":[{"embeddable":true,"href":"https:\/\/www.modave.be\/index.php\/wp-json\/wp\/v2\/pages\/10864"}],"wp:featuredmedia":[{"embeddable":true,"href":"https:\/\/www.modave.be\/index.php\/wp-json\/wp\/v2\/media\/12644"}],"wp:attachment":[{"href":"https:\/\/www.modave.be\/index.php\/wp-json\/wp\/v2\/media?parent=11271"}],"curies":[{"name":"wp","href":"https:\/\/api.w.org\/{rel}","templated":true}]}}