{"id":11294,"date":"2023-02-23T10:37:10","date_gmt":"2023-02-23T09:37:10","guid":{"rendered":"http:\/\/217.182.142.226\/?page_id=11294"},"modified":"2024-01-16T10:54:53","modified_gmt":"2024-01-16T09:54:53","slug":"nos-partenaires","status":"publish","type":"page","link":"https:\/\/www.modave.be\/index.php\/nos-partenaires\/","title":{"rendered":"Nos partenaires"},"content":{"rendered":"\t\t<div data-elementor-type=\"wp-page\" data-elementor-id=\"11294\" class=\"elementor elementor-11294\" wpc-filter-elementor-widget=\"1\" data-elementor-post-type=\"page\">\n\t\t\t\t\t\t<section class=\"elementor-section elementor-top-section elementor-element elementor-element-afd41e6 elementor-section-boxed elementor-section-height-default elementor-section-height-default\" data-id=\"afd41e6\" data-element_type=\"section\" data-e-type=\"section\">\n\t\t\t\t\t\t<div class=\"elementor-container elementor-column-gap-default\">\n\t\t\t\t\t<div class=\"elementor-column elementor-col-100 elementor-top-column elementor-element elementor-element-43237d0\" data-id=\"43237d0\" data-element_type=\"column\" data-e-type=\"column\">\n\t\t\t<div class=\"elementor-widget-wrap elementor-element-populated\">\n\t\t\t\t\t\t<div class=\"elementor-element elementor-element-71772ce content-align-left icon-box-vertical-align-top icon-position-left icon-vertical-align-start elementor-widget elementor-widget-the7_icon_box_grid_widget\" data-id=\"71772ce\" data-element_type=\"widget\" data-e-type=\"widget\" data-widget_type=\"the7_icon_box_grid_widget.default\">\n\t\t\t\t<div class=\"elementor-widget-container\">\n\t\t\t\t\t<div class=\"the7-box-grid-wrapper the7-elementor-widget loading-effect-none the7_icon_box_grid_widget-71772ce\">\t\t\t<div class=\"dt-css-grid\">\n\t\t\t\t\t\t\t\t\t<div class=\"wf-cell shown\">\n\t\t\t\t\t\t<div class=\"the7-icon-box-grid\">\t\t\t\t\t\t\t<div class=\"box-content-wrapper\">\n\t\t\t\t\t\t\t\t\t\t\t\t\t\t\t\t\t<a class=\"elementor-icon-div\" href=\"https:\/\/bibliomarchinmodave.wordpress.com\/%20\" target=\"_blank\" aria-label=\"Biblioth\u00e8que publique\">\t\t\t\t\t\t\t\t\t\t<div class=\"elementor-icon\">\n\t\t\t\t\t\t\t\t\t\t\t<i aria-hidden=\"true\" class=\"fas fa-book\"><\/i>\t\t\t\t\t\t\t\t\t\t<\/div>\n\t\t\t\t\t\t\t\t\t<\/a>\t\t\t\t\t\t\t\t\t\t\t\t\t\t\t\t<div class=\"box-content\">\n\t\t\t\t\t\t\t\t\t\t\t\t\t\t\t\t\t\t\t\t\t\t\t\t\t\t\t\t\t<h4 class=\"box-heading\">\n\t\t\t\t\t\t\t\t\t\t\t<a href=\"https:\/\/bibliomarchinmodave.wordpress.com\/%20\" target=\"_blank\" aria-label=\"Biblioth\u00e8que publique\">\t\t\t\t\t\t\t\t\t\t\t\tBiblioth\u00e8que publique\t\t\t\t\t\t\t\t\t\t\t<\/a>\t\t\t\t\t\t\t\t\t\t<\/h4>\n\t\t\t\t\t\t\t\t\t\t\t\t\t\t\t\t\t\t\t\t\t\t\t\t\t\t\t\t<div class=\"box-description\">Adresse : place de Belle-Maison 2, 4570 Marchin \u2013 t\u00e9l 085 27 04 21<br>\n\nHoraire : le mercredi de 8h30 \u00e0 12h30 et de 14 \u00e0 18h30, le jeudi de 14 \u00e0 17h, le vendredi de 8h30 \u00e0 12h30 et de 14 \u00e0 18h30 et le samedi de 8h30 \u00e0 12h30<\/div>\n\t\t\t\t\t\t\t\t\t\t\t\t\t\t\t\t\t\t<a href=\"https:\/\/bibliomarchinmodave.wordpress.com\/%20\" target=\"_blank\" aria-label=\"Biblioth\u00e8que publique\" class=\"box-button elementor-button elementor-size-xs\">En savoir plus<\/a>\t\t\t\t\t\t\t\t<\/div>\n\t\t\t\t\t\t\t<\/div>\n\t\t\t\t\t\t<\/div>\t\t\t\t\t<\/div>\n\t\t\t\t\t\t\t\t\t<div class=\"wf-cell shown\">\n\t\t\t\t\t\t<div class=\"the7-icon-box-grid\">\t\t\t\t\t\t\t<div class=\"box-content-wrapper\">\n\t\t\t\t\t\t\t\t\t\t\t\t\t\t\t\t\t<a class=\"elementor-icon-div\" href=\"https:\/\/www.oyou.be\/\" target=\"_blank\" aria-label=\"Centre culturel OYOU\">\t\t\t\t\t\t\t\t\t\t<div class=\"elementor-icon\">\n\t\t\t\t\t\t\t\t\t\t\t<i aria-hidden=\"true\" class=\"fas fa-theater-masks\"><\/i>\t\t\t\t\t\t\t\t\t\t<\/div>\n\t\t\t\t\t\t\t\t\t<\/a>\t\t\t\t\t\t\t\t\t\t\t\t\t\t\t\t<div class=\"box-content\">\n\t\t\t\t\t\t\t\t\t\t\t\t\t\t\t\t\t\t\t\t\t\t\t\t\t\t\t\t\t<h4 class=\"box-heading\">\n\t\t\t\t\t\t\t\t\t\t\t<a href=\"https:\/\/www.oyou.be\/\" target=\"_blank\" aria-label=\"Centre culturel OYOU\">\t\t\t\t\t\t\t\t\t\t\t\tCentre culturel OYOU\t\t\t\t\t\t\t\t\t\t\t<\/a>\t\t\t\t\t\t\t\t\t\t<\/h4>\n\t\t\t\t\t\t\t\t\t\t\t\t\t\t\t\t\t\t\t\t\t\t\t\t\t\t\t\t<div class=\"box-description\">Adresse : Grand-Marchin, 4 \u2014 4570 Marchin<br>\nHoraire : du lundi au vendredi, de 9h \u00e0 12h30 et de 13h \u00e0 17h<\/div>\n\t\t\t\t\t\t\t\t\t\t\t\t\t\t\t\t\t\t<a href=\"https:\/\/www.oyou.be\/\" target=\"_blank\" aria-label=\"Centre culturel OYOU\" class=\"box-button elementor-button elementor-size-xs\">En savoir plus<\/a>\t\t\t\t\t\t\t\t<\/div>\n\t\t\t\t\t\t\t<\/div>\n\t\t\t\t\t\t<\/div>\t\t\t\t\t<\/div>\n\t\t\t\t\t\t\t\t\t<div class=\"wf-cell shown\">\n\t\t\t\t\t\t<div class=\"the7-icon-box-grid\">\t\t\t\t\t\t\t<div class=\"box-content-wrapper\">\n\t\t\t\t\t\t\t\t\t\t\t\t\t\t\t\t\t<a class=\"elementor-icon-div\" href=\"https:\/\/www.eauxetchateaux.be\/\" target=\"_blank\" aria-label=\"Syndicat d\u2019initiative &quot;Entre Eaux &amp; Ch\u00e2teaux&quot;\">\t\t\t\t\t\t\t\t\t\t<div class=\"elementor-icon\">\n\t\t\t\t\t\t\t\t\t\t\t<i aria-hidden=\"true\" class=\"fas fa-star\"><\/i>\t\t\t\t\t\t\t\t\t\t<\/div>\n\t\t\t\t\t\t\t\t\t<\/a>\t\t\t\t\t\t\t\t\t\t\t\t\t\t\t\t<div class=\"box-content\">\n\t\t\t\t\t\t\t\t\t\t\t\t\t\t\t\t\t\t\t\t\t\t\t\t\t\t\t\t\t<h4 class=\"box-heading\">\n\t\t\t\t\t\t\t\t\t\t\t<a href=\"https:\/\/www.eauxetchateaux.be\/\" target=\"_blank\" aria-label=\"Syndicat d\u2019initiative &quot;Entre Eaux &amp; Ch\u00e2teaux&quot;\">\t\t\t\t\t\t\t\t\t\t\t\tSyndicat d\u2019initiative \"Entre Eaux &amp; Ch\u00e2teaux\"\t\t\t\t\t\t\t\t\t\t\t<\/a>\t\t\t\t\t\t\t\t\t\t<\/h4>\n\t\t\t\t\t\t\t\t\t\t\t\t\t\t\t\t\t\t\t\t\t\t\t\t\t\t\t\t<div class=\"box-description\">Adresse : Vall\u00e9e du Hoyoux 6B, 4577 Modave (Pont de Bonne) - 085\/41 29 69<br>\nHoraire : du lundi au vendredi de 9 \u00e0 15 h<\/div>\n\t\t\t\t\t\t\t\t\t\t\t\t\t\t\t\t\t\t<a href=\"https:\/\/www.eauxetchateaux.be\/\" target=\"_blank\" aria-label=\"Syndicat d\u2019initiative &quot;Entre Eaux &amp; Ch\u00e2teaux&quot;\" class=\"box-button elementor-button elementor-size-xs\">En savoir plus<\/a>\t\t\t\t\t\t\t\t<\/div>\n\t\t\t\t\t\t\t<\/div>\n\t\t\t\t\t\t<\/div>\t\t\t\t\t<\/div>\n\t\t\t\t\t\t\t\t\t<div class=\"wf-cell shown\">\n\t\t\t\t\t\t<div class=\"the7-icon-box-grid\">\t\t\t\t\t\t\t<div class=\"box-content-wrapper\">\n\t\t\t\t\t\t\t\t\t\t\t\t\t\t\t\t\t<a class=\"elementor-icon-div\" href=\"https:\/\/www.galcondruses.be\/\" target=\"_blank\" aria-label=\"Groupe d\u2019Action Locale Pays des Condruses\">\t\t\t\t\t\t\t\t\t\t<div class=\"elementor-icon\">\n\t\t\t\t\t\t\t\t\t\t\t<i aria-hidden=\"true\" class=\"fas fa-user-cog\"><\/i>\t\t\t\t\t\t\t\t\t\t<\/div>\n\t\t\t\t\t\t\t\t\t<\/a>\t\t\t\t\t\t\t\t\t\t\t\t\t\t\t\t<div class=\"box-content\">\n\t\t\t\t\t\t\t\t\t\t\t\t\t\t\t\t\t\t\t\t\t\t\t\t\t\t\t\t\t<h4 class=\"box-heading\">\n\t\t\t\t\t\t\t\t\t\t\t<a href=\"https:\/\/www.galcondruses.be\/\" target=\"_blank\" aria-label=\"Groupe d\u2019Action Locale Pays des Condruses\">\t\t\t\t\t\t\t\t\t\t\t\tGroupe d\u2019Action Locale Pays des Condruses\t\t\t\t\t\t\t\t\t\t\t<\/a>\t\t\t\t\t\t\t\t\t\t<\/h4>\n\t\t\t\t\t\t\t\t\t\t\t\t\t\t\t\t\t\t\t\t\t\t\t\t\t\t\t\t<div class=\"box-description\">Adresse : Rue de la Charmille 16, B-4577 STREE - 085 27 46 10<br><\/div>\n\t\t\t\t\t\t\t\t\t\t\t\t\t\t\t\t\t\t<a href=\"https:\/\/www.galcondruses.be\/\" target=\"_blank\" aria-label=\"Groupe d\u2019Action Locale Pays des Condruses\" class=\"box-button elementor-button elementor-size-xs\">En savoir plus<\/a>\t\t\t\t\t\t\t\t<\/div>\n\t\t\t\t\t\t\t<\/div>\n\t\t\t\t\t\t<\/div>\t\t\t\t\t<\/div>\n\t\t\t\t\t\t\t\t\t<div class=\"wf-cell shown\">\n\t\t\t\t\t\t<div class=\"the7-icon-box-grid\">\t\t\t\t\t\t\t<div class=\"box-content-wrapper\">\n\t\t\t\t\t\t\t\t\t\t\t\t\t\t\t\t\t<a class=\"elementor-icon-div\" href=\"https:\/\/www.meuseaval.be\/\" target=\"_blank\" aria-label=\"Contrat de rivi\u00e8re Meuse Aval &amp; affluents\">\t\t\t\t\t\t\t\t\t\t<div class=\"elementor-icon\">\n\t\t\t\t\t\t\t\t\t\t\t<i aria-hidden=\"true\" class=\"fas fa-water\"><\/i>\t\t\t\t\t\t\t\t\t\t<\/div>\n\t\t\t\t\t\t\t\t\t<\/a>\t\t\t\t\t\t\t\t\t\t\t\t\t\t\t\t<div class=\"box-content\">\n\t\t\t\t\t\t\t\t\t\t\t\t\t\t\t\t\t\t\t\t\t\t\t\t\t\t\t\t\t<h4 class=\"box-heading\">\n\t\t\t\t\t\t\t\t\t\t\t<a href=\"https:\/\/www.meuseaval.be\/\" target=\"_blank\" aria-label=\"Contrat de rivi\u00e8re Meuse Aval &amp; affluents\">\t\t\t\t\t\t\t\t\t\t\t\tContrat de rivi\u00e8re Meuse Aval &amp; affluents\t\t\t\t\t\t\t\t\t\t\t<\/a>\t\t\t\t\t\t\t\t\t\t<\/h4>\n\t\t\t\t\t\t\t\t\t\t\t\t\t\t\t\t\t\t\t\t\t\t\t\t\t\t\t\t<div class=\"box-description\">Adresse : Place Faniel 8,  4520 Wanze - 085 71 26 55<br><\/div>\n\t\t\t\t\t\t\t\t\t\t\t\t\t\t\t\t\t\t<a href=\"https:\/\/www.meuseaval.be\/\" target=\"_blank\" aria-label=\"Contrat de rivi\u00e8re Meuse Aval &amp; affluents\" class=\"box-button elementor-button elementor-size-xs\">En savoir plus<\/a>\t\t\t\t\t\t\t\t<\/div>\n\t\t\t\t\t\t\t<\/div>\n\t\t\t\t\t\t<\/div>\t\t\t\t\t<\/div>\n\t\t\t\t\t\t\t\t\t<div class=\"wf-cell shown\">\n\t\t\t\t\t\t<div class=\"the7-icon-box-grid\">\t\t\t\t\t\t\t<div class=\"box-content-wrapper\">\n\t\t\t\t\t\t\t\t\t\t\t\t\t\t\t\t\t<a class=\"elementor-icon-div\" href=\"https:\/\/www.frw.be\/\" target=\"_blank\" aria-label=\"Fondation Rurale de Wallonie\">\t\t\t\t\t\t\t\t\t\t<div class=\"elementor-icon\">\n\t\t\t\t\t\t\t\t\t\t\t<i aria-hidden=\"true\" class=\"fas fa-dungeon\"><\/i>\t\t\t\t\t\t\t\t\t\t<\/div>\n\t\t\t\t\t\t\t\t\t<\/a>\t\t\t\t\t\t\t\t\t\t\t\t\t\t\t\t<div class=\"box-content\">\n\t\t\t\t\t\t\t\t\t\t\t\t\t\t\t\t\t\t\t\t\t\t\t\t\t\t\t\t\t<h4 class=\"box-heading\">\n\t\t\t\t\t\t\t\t\t\t\t<a href=\"https:\/\/www.frw.be\/\" target=\"_blank\" aria-label=\"Fondation Rurale de Wallonie\">\t\t\t\t\t\t\t\t\t\t\t\tFondation Rurale de Wallonie\t\t\t\t\t\t\t\t\t\t\t<\/a>\t\t\t\t\t\t\t\t\t\t<\/h4>\n\t\t\t\t\t\t\t\t\t\t\t\t\t\t\t\t\t\t\t\t\t\t\t\t\t\t\t\t<div class=\"box-description\">Adresse : Rue Camille Hubert 5, 5032  Isnes - 081 26 18 82<br><\/div>\n\t\t\t\t\t\t\t\t\t\t\t\t\t\t\t\t\t\t<a href=\"https:\/\/www.frw.be\/\" target=\"_blank\" aria-label=\"Fondation Rurale de Wallonie\" class=\"box-button elementor-button elementor-size-xs\">En savoir plus<\/a>\t\t\t\t\t\t\t\t<\/div>\n\t\t\t\t\t\t\t<\/div>\n\t\t\t\t\t\t<\/div>\t\t\t\t\t<\/div>\n\t\t\t\t\t\t\t<\/div>\n\t\t<\/div>\t\t\t\t<\/div>\n\t\t\t\t<\/div>\n\t\t\t\t\t<\/div>\n\t\t<\/div>\n\t\t\t\t\t<\/div>\n\t\t<\/section>\n\t\t\t\t<\/div>\n\t\t","protected":false},"excerpt":{"rendered":"<p>Biblioth\u00e8que publique Adresse : place de Belle-Maison 2, 4570 Marchin \u2013 t\u00e9l 085 27 04 21 Horaire : le mercredi de 8h30 \u00e0 12h30 et de 14 \u00e0 18h30, le jeudi de 14 \u00e0 17h, le vendredi de 8h30 \u00e0 12h30 et de 14 \u00e0 18h30 et le samedi de 8h30 \u00e0 12h30 En savoir&hellip;<\/p>\n","protected":false},"author":1,"featured_media":11295,"parent":0,"menu_order":0,"comment_status":"closed","ping_status":"closed","template":"","meta":{"footnotes":""},"class_list":["post-11294","page","type-page","status-publish","has-post-thumbnail","hentry"],"yoast_head":"<!-- This site is optimized with the Yoast SEO plugin v27.5 - https:\/\/yoast.com\/product\/yoast-seo-wordpress\/ -->\n<title>Nos partenaires - Commune de Modave<\/title>\n<meta name=\"robots\" content=\"index, follow, max-snippet:-1, max-image-preview:large, max-video-preview:-1\" \/>\n<link rel=\"canonical\" href=\"https:\/\/www.modave.be\/index.php\/nos-partenaires\/\" \/>\n<meta property=\"og:locale\" content=\"fr_FR\" \/>\n<meta property=\"og:type\" content=\"article\" \/>\n<meta property=\"og:title\" content=\"Nos partenaires - Commune de Modave\" \/>\n<meta property=\"og:description\" content=\"Biblioth\u00e8que publique Adresse : place de Belle-Maison 2, 4570 Marchin \u2013 t\u00e9l 085 27 04 21 Horaire : le mercredi de 8h30 \u00e0 12h30 et de 14 \u00e0 18h30, le jeudi de 14 \u00e0 17h, le vendredi de 8h30 \u00e0 12h30 et de 14 \u00e0 18h30 et le samedi de 8h30 \u00e0 12h30 En savoir&hellip;\" \/>\n<meta property=\"og:url\" content=\"https:\/\/www.modave.be\/index.php\/nos-partenaires\/\" \/>\n<meta property=\"og:site_name\" content=\"Commune de Modave\" \/>\n<meta property=\"article:modified_time\" content=\"2024-01-16T09:54:53+00:00\" \/>\n<meta property=\"og:image\" content=\"https:\/\/www.modave.be\/wp-content\/uploads\/2023\/02\/Partenaires.jpg\" \/>\n\t<meta property=\"og:image:width\" content=\"1920\" \/>\n\t<meta property=\"og:image:height\" content=\"1211\" \/>\n\t<meta property=\"og:image:type\" content=\"image\/jpeg\" \/>\n<meta name=\"twitter:card\" content=\"summary_large_image\" \/>\n<meta name=\"twitter:label1\" content=\"Dur\u00e9e de lecture estim\u00e9e\" \/>\n\t<meta name=\"twitter:data1\" content=\"1 minute\" \/>\n<script type=\"application\/ld+json\" class=\"yoast-schema-graph\">{\"@context\":\"https:\\\/\\\/schema.org\",\"@graph\":[{\"@type\":\"WebPage\",\"@id\":\"https:\\\/\\\/www.modave.be\\\/index.php\\\/nos-partenaires\\\/\",\"url\":\"https:\\\/\\\/www.modave.be\\\/index.php\\\/nos-partenaires\\\/\",\"name\":\"Nos partenaires - Commune de Modave\",\"isPartOf\":{\"@id\":\"https:\\\/\\\/www.modave.be\\\/#website\"},\"primaryImageOfPage\":{\"@id\":\"https:\\\/\\\/www.modave.be\\\/index.php\\\/nos-partenaires\\\/#primaryimage\"},\"image\":{\"@id\":\"https:\\\/\\\/www.modave.be\\\/index.php\\\/nos-partenaires\\\/#primaryimage\"},\"thumbnailUrl\":\"https:\\\/\\\/www.modave.be\\\/wp-content\\\/uploads\\\/2023\\\/02\\\/Partenaires.jpg\",\"datePublished\":\"2023-02-23T09:37:10+00:00\",\"dateModified\":\"2024-01-16T09:54:53+00:00\",\"breadcrumb\":{\"@id\":\"https:\\\/\\\/www.modave.be\\\/index.php\\\/nos-partenaires\\\/#breadcrumb\"},\"inLanguage\":\"fr-FR\",\"potentialAction\":[{\"@type\":\"ReadAction\",\"target\":[\"https:\\\/\\\/www.modave.be\\\/index.php\\\/nos-partenaires\\\/\"]}]},{\"@type\":\"ImageObject\",\"inLanguage\":\"fr-FR\",\"@id\":\"https:\\\/\\\/www.modave.be\\\/index.php\\\/nos-partenaires\\\/#primaryimage\",\"url\":\"https:\\\/\\\/www.modave.be\\\/wp-content\\\/uploads\\\/2023\\\/02\\\/Partenaires.jpg\",\"contentUrl\":\"https:\\\/\\\/www.modave.be\\\/wp-content\\\/uploads\\\/2023\\\/02\\\/Partenaires.jpg\",\"width\":1920,\"height\":1211},{\"@type\":\"BreadcrumbList\",\"@id\":\"https:\\\/\\\/www.modave.be\\\/index.php\\\/nos-partenaires\\\/#breadcrumb\",\"itemListElement\":[{\"@type\":\"ListItem\",\"position\":1,\"name\":\"Accueil\",\"item\":\"https:\\\/\\\/www.modave.be\\\/\"},{\"@type\":\"ListItem\",\"position\":2,\"name\":\"Nos partenaires\"}]},{\"@type\":\"WebSite\",\"@id\":\"https:\\\/\\\/www.modave.be\\\/#website\",\"url\":\"https:\\\/\\\/www.modave.be\\\/\",\"name\":\"Commune de Modave\",\"description\":\"Commune de Modave\",\"publisher\":{\"@id\":\"https:\\\/\\\/www.modave.be\\\/#organization\"},\"potentialAction\":[{\"@type\":\"SearchAction\",\"target\":{\"@type\":\"EntryPoint\",\"urlTemplate\":\"https:\\\/\\\/www.modave.be\\\/?s={search_term_string}\"},\"query-input\":{\"@type\":\"PropertyValueSpecification\",\"valueRequired\":true,\"valueName\":\"search_term_string\"}}],\"inLanguage\":\"fr-FR\"},{\"@type\":\"Organization\",\"@id\":\"https:\\\/\\\/www.modave.be\\\/#organization\",\"name\":\"Commune de Modave\",\"url\":\"https:\\\/\\\/www.modave.be\\\/\",\"logo\":{\"@type\":\"ImageObject\",\"inLanguage\":\"fr-FR\",\"@id\":\"https:\\\/\\\/www.modave.be\\\/#\\\/schema\\\/logo\\\/image\\\/\",\"url\":\"https:\\\/\\\/www.modave.be\\\/wp-content\\\/uploads\\\/2021\\\/12\\\/MODAVE_LOGO_HORIZONTAL_QUADRI_RVB.png\",\"contentUrl\":\"https:\\\/\\\/www.modave.be\\\/wp-content\\\/uploads\\\/2021\\\/12\\\/MODAVE_LOGO_HORIZONTAL_QUADRI_RVB.png\",\"width\":1200,\"height\":501,\"caption\":\"Commune de Modave\"},\"image\":{\"@id\":\"https:\\\/\\\/www.modave.be\\\/#\\\/schema\\\/logo\\\/image\\\/\"}}]}<\/script>\n<!-- \/ Yoast SEO plugin. -->","yoast_head_json":{"title":"Nos partenaires - Commune de Modave","robots":{"index":"index","follow":"follow","max-snippet":"max-snippet:-1","max-image-preview":"max-image-preview:large","max-video-preview":"max-video-preview:-1"},"canonical":"https:\/\/www.modave.be\/index.php\/nos-partenaires\/","og_locale":"fr_FR","og_type":"article","og_title":"Nos partenaires - Commune de Modave","og_description":"Biblioth\u00e8que publique Adresse : place de Belle-Maison 2, 4570 Marchin \u2013 t\u00e9l 085 27 04 21 Horaire : le mercredi de 8h30 \u00e0 12h30 et de 14 \u00e0 18h30, le jeudi de 14 \u00e0 17h, le vendredi de 8h30 \u00e0 12h30 et de 14 \u00e0 18h30 et le samedi de 8h30 \u00e0 12h30 En savoir&hellip;","og_url":"https:\/\/www.modave.be\/index.php\/nos-partenaires\/","og_site_name":"Commune de Modave","article_modified_time":"2024-01-16T09:54:53+00:00","og_image":[{"width":1920,"height":1211,"url":"https:\/\/www.modave.be\/wp-content\/uploads\/2023\/02\/Partenaires.jpg","type":"image\/jpeg"}],"twitter_card":"summary_large_image","twitter_misc":{"Dur\u00e9e de lecture estim\u00e9e":"1 minute"},"schema":{"@context":"https:\/\/schema.org","@graph":[{"@type":"WebPage","@id":"https:\/\/www.modave.be\/index.php\/nos-partenaires\/","url":"https:\/\/www.modave.be\/index.php\/nos-partenaires\/","name":"Nos partenaires - Commune de Modave","isPartOf":{"@id":"https:\/\/www.modave.be\/#website"},"primaryImageOfPage":{"@id":"https:\/\/www.modave.be\/index.php\/nos-partenaires\/#primaryimage"},"image":{"@id":"https:\/\/www.modave.be\/index.php\/nos-partenaires\/#primaryimage"},"thumbnailUrl":"https:\/\/www.modave.be\/wp-content\/uploads\/2023\/02\/Partenaires.jpg","datePublished":"2023-02-23T09:37:10+00:00","dateModified":"2024-01-16T09:54:53+00:00","breadcrumb":{"@id":"https:\/\/www.modave.be\/index.php\/nos-partenaires\/#breadcrumb"},"inLanguage":"fr-FR","potentialAction":[{"@type":"ReadAction","target":["https:\/\/www.modave.be\/index.php\/nos-partenaires\/"]}]},{"@type":"ImageObject","inLanguage":"fr-FR","@id":"https:\/\/www.modave.be\/index.php\/nos-partenaires\/#primaryimage","url":"https:\/\/www.modave.be\/wp-content\/uploads\/2023\/02\/Partenaires.jpg","contentUrl":"https:\/\/www.modave.be\/wp-content\/uploads\/2023\/02\/Partenaires.jpg","width":1920,"height":1211},{"@type":"BreadcrumbList","@id":"https:\/\/www.modave.be\/index.php\/nos-partenaires\/#breadcrumb","itemListElement":[{"@type":"ListItem","position":1,"name":"Accueil","item":"https:\/\/www.modave.be\/"},{"@type":"ListItem","position":2,"name":"Nos partenaires"}]},{"@type":"WebSite","@id":"https:\/\/www.modave.be\/#website","url":"https:\/\/www.modave.be\/","name":"Commune de Modave","description":"Commune de Modave","publisher":{"@id":"https:\/\/www.modave.be\/#organization"},"potentialAction":[{"@type":"SearchAction","target":{"@type":"EntryPoint","urlTemplate":"https:\/\/www.modave.be\/?s={search_term_string}"},"query-input":{"@type":"PropertyValueSpecification","valueRequired":true,"valueName":"search_term_string"}}],"inLanguage":"fr-FR"},{"@type":"Organization","@id":"https:\/\/www.modave.be\/#organization","name":"Commune de Modave","url":"https:\/\/www.modave.be\/","logo":{"@type":"ImageObject","inLanguage":"fr-FR","@id":"https:\/\/www.modave.be\/#\/schema\/logo\/image\/","url":"https:\/\/www.modave.be\/wp-content\/uploads\/2021\/12\/MODAVE_LOGO_HORIZONTAL_QUADRI_RVB.png","contentUrl":"https:\/\/www.modave.be\/wp-content\/uploads\/2021\/12\/MODAVE_LOGO_HORIZONTAL_QUADRI_RVB.png","width":1200,"height":501,"caption":"Commune de Modave"},"image":{"@id":"https:\/\/www.modave.be\/#\/schema\/logo\/image\/"}}]}},"_links":{"self":[{"href":"https:\/\/www.modave.be\/index.php\/wp-json\/wp\/v2\/pages\/11294","targetHints":{"allow":["GET"]}}],"collection":[{"href":"https:\/\/www.modave.be\/index.php\/wp-json\/wp\/v2\/pages"}],"about":[{"href":"https:\/\/www.modave.be\/index.php\/wp-json\/wp\/v2\/types\/page"}],"author":[{"embeddable":true,"href":"https:\/\/www.modave.be\/index.php\/wp-json\/wp\/v2\/users\/1"}],"replies":[{"embeddable":true,"href":"https:\/\/www.modave.be\/index.php\/wp-json\/wp\/v2\/comments?post=11294"}],"version-history":[{"count":0,"href":"https:\/\/www.modave.be\/index.php\/wp-json\/wp\/v2\/pages\/11294\/revisions"}],"wp:featuredmedia":[{"embeddable":true,"href":"https:\/\/www.modave.be\/index.php\/wp-json\/wp\/v2\/media\/11295"}],"wp:attachment":[{"href":"https:\/\/www.modave.be\/index.php\/wp-json\/wp\/v2\/media?parent=11294"}],"curies":[{"name":"wp","href":"https:\/\/api.w.org\/{rel}","templated":true}]}}