{"id":11387,"date":"2023-02-24T09:04:23","date_gmt":"2023-02-24T08:04:23","guid":{"rendered":"http:\/\/217.182.142.226\/?page_id=11387"},"modified":"2025-10-22T11:33:02","modified_gmt":"2025-10-22T09:33:02","slug":"urbanisme","status":"publish","type":"page","link":"https:\/\/www.modave.be\/index.php\/services-communaux\/urbanisme\/","title":{"rendered":"Urbanisme"},"content":{"rendered":"\t\t<div data-elementor-type=\"wp-page\" data-elementor-id=\"11387\" class=\"elementor elementor-11387\" wpc-filter-elementor-widget=\"1\" data-elementor-post-type=\"page\">\n\t\t\t\t\t\t<section class=\"elementor-section elementor-top-section elementor-element elementor-element-19d15e8 elementor-section-boxed elementor-section-height-default elementor-section-height-default\" data-id=\"19d15e8\" data-element_type=\"section\" data-e-type=\"section\">\n\t\t\t\t\t\t<div class=\"elementor-container elementor-column-gap-default\">\n\t\t\t\t\t<div class=\"elementor-column elementor-col-100 elementor-top-column elementor-element elementor-element-5401e64\" data-id=\"5401e64\" data-element_type=\"column\" data-e-type=\"column\">\n\t\t\t<div class=\"elementor-widget-wrap elementor-element-populated\">\n\t\t\t\t\t\t<div class=\"elementor-element elementor-element-b293f0d split-breadcrumbs-y elementor-widget elementor-widget-the7-breadcrumb\" data-id=\"b293f0d\" data-element_type=\"widget\" data-e-type=\"widget\" data-widget_type=\"the7-breadcrumb.default\">\n\t\t\t\t<div class=\"elementor-widget-container\">\n\t\t\t\t\t<div class=\"assistive-text\">Vous \u00eates ici :<\/div><ol class=\"breadcrumbs text-small rcrumbs\" itemscope itemtype=\"https:\/\/schema.org\/BreadcrumbList\"><li itemprop=\"itemListElement\" itemscope itemtype=\"https:\/\/schema.org\/ListItem\"><a itemprop=\"item\" href=\"https:\/\/www.modave.be\/\" title=\"Accueil\"><span itemprop=\"name\">Accueil<\/span><\/a><meta itemprop=\"position\" content=\"1\" \/><\/li><li class=\"current\" itemprop=\"itemListElement\" itemscope itemtype=\"https:\/\/schema.org\/ListItem\"><span itemprop=\"name\">Page<\/span><meta itemprop=\"position\" content=\"2\" \/><\/li><\/ol>\t\t\t\t<\/div>\n\t\t\t\t<\/div>\n\t\t\t\t\t<\/div>\n\t\t<\/div>\n\t\t\t\t\t<\/div>\n\t\t<\/section>\n\t\t\t\t<section class=\"elementor-section elementor-top-section elementor-element elementor-element-56a7c7f elementor-section-boxed elementor-section-height-default elementor-section-height-default\" data-id=\"56a7c7f\" data-element_type=\"section\" data-e-type=\"section\">\n\t\t\t\t\t\t<div class=\"elementor-container elementor-column-gap-default\">\n\t\t\t\t\t<div class=\"elementor-column elementor-col-25 elementor-top-column elementor-element elementor-element-b8b3c76\" data-id=\"b8b3c76\" data-element_type=\"column\" data-e-type=\"column\">\n\t\t\t<div class=\"elementor-widget-wrap elementor-element-populated\">\n\t\t\t\t\t\t<div class=\"elementor-element elementor-element-c4d9ef9 elementor-widget elementor-widget-image\" data-id=\"c4d9ef9\" data-element_type=\"widget\" data-e-type=\"widget\" data-widget_type=\"image.default\">\n\t\t\t\t<div class=\"elementor-widget-container\">\n\t\t\t\t\t\t\t\t\t\t\t\t\t\t\t<img decoding=\"async\" src=\"https:\/\/www.modave.be\/wp-content\/uploads\/elementor\/thumbs\/MODAVE_LOGO_VERTICAL_QUADRI_RVB-1-q4lws9w9u128sxmv5e94qhtcu9b0stk6oxz2d103j0.png\" title=\"MODAVE_LOGO_VERTICAL_QUADRI_RVB\" alt=\"MODAVE_LOGO_VERTICAL_QUADRI_RVB\" loading=\"lazy\" \/>\t\t\t\t\t\t\t\t\t\t\t\t\t\t\t<\/div>\n\t\t\t\t<\/div>\n\t\t\t\t\t<\/div>\n\t\t<\/div>\n\t\t\t\t<div class=\"elementor-column elementor-col-25 elementor-top-column elementor-element elementor-element-038449b\" data-id=\"038449b\" data-element_type=\"column\" data-e-type=\"column\">\n\t\t\t<div class=\"elementor-widget-wrap elementor-element-populated\">\n\t\t\t\t\t\t<div class=\"elementor-element elementor-element-a79a59d content-align-left icon-box-vertical-align-top icon-position-left icon-vertical-align-start elementor-widget elementor-widget-the7_icon_box_grid_widget\" data-id=\"a79a59d\" data-element_type=\"widget\" data-e-type=\"widget\" data-widget_type=\"the7_icon_box_grid_widget.default\">\n\t\t\t\t<div class=\"elementor-widget-container\">\n\t\t\t\t\t<div class=\"the7-box-grid-wrapper the7-elementor-widget loading-effect-none the7_icon_box_grid_widget-a79a59d widget-divider-on\"><h4 class=\"rp-heading\">Sophie Obyn<\/h4>\t\t\t<div class=\"dt-css-grid\">\n\t\t\t\t\t\t\t\t\t<div class=\"wf-cell shown\">\n\t\t\t\t\t\t<div class=\"the7-icon-box-grid\">\t\t\t\t\t\t\t<div class=\"box-content-wrapper\">\n\t\t\t\t\t\t\t\t\t\t\t\t\t\t\t\t\t<a class=\"elementor-icon-div\" aria-label=\"T\u00e9l\u00e9phone\">\t\t\t\t\t\t\t\t\t\t<div class=\"elementor-icon\">\n\t\t\t\t\t\t\t\t\t\t\t<i aria-hidden=\"true\" class=\"fas fa-phone-alt\"><\/i>\t\t\t\t\t\t\t\t\t\t<\/div>\n\t\t\t\t\t\t\t\t\t<\/a>\t\t\t\t\t\t\t\t\t\t\t\t\t\t\t\t<div class=\"box-content\">\n\t\t\t\t\t\t\t\t\t\t\t\t\t\t\t\t\t\t\t\t\t\t\t\t\t\t\t\t\t<h5 class=\"box-heading\">\n\t\t\t\t\t\t\t\t\t\t\t<a aria-label=\"T\u00e9l\u00e9phone\">\t\t\t\t\t\t\t\t\t\t\t\tT\u00e9l\u00e9phone\t\t\t\t\t\t\t\t\t\t\t<\/a>\t\t\t\t\t\t\t\t\t\t<\/h5>\n\t\t\t\t\t\t\t\t\t\t\t\t\t\t\t\t\t\t\t\t\t\t\t\t\t\t\t\t<div class=\"box-description\">085\/41.02.20 Ext 3<\/div>\n\t\t\t\t\t\t\t\t\t\t\t\t\t\t\t\t\t\t\t\t\t\t\t\t\t\t<\/div>\n\t\t\t\t\t\t\t<\/div>\n\t\t\t\t\t\t<\/div>\t\t\t\t\t<\/div>\n\t\t\t\t\t\t\t\t\t<div class=\"wf-cell shown\">\n\t\t\t\t\t\t<div class=\"the7-icon-box-grid\">\t\t\t\t\t\t\t<div class=\"box-content-wrapper\">\n\t\t\t\t\t\t\t\t\t\t\t\t\t\t\t\t\t<a class=\"elementor-icon-div\" aria-label=\"Fax\">\t\t\t\t\t\t\t\t\t\t<div class=\"elementor-icon\">\n\t\t\t\t\t\t\t\t\t\t\t<i aria-hidden=\"true\" class=\"fas fa-fax\"><\/i>\t\t\t\t\t\t\t\t\t\t<\/div>\n\t\t\t\t\t\t\t\t\t<\/a>\t\t\t\t\t\t\t\t\t\t\t\t\t\t\t\t<div class=\"box-content\">\n\t\t\t\t\t\t\t\t\t\t\t\t\t\t\t\t\t\t\t\t\t\t\t\t\t\t\t\t\t<h5 class=\"box-heading\">\n\t\t\t\t\t\t\t\t\t\t\t<a aria-label=\"Fax\">\t\t\t\t\t\t\t\t\t\t\t\tFax\t\t\t\t\t\t\t\t\t\t\t<\/a>\t\t\t\t\t\t\t\t\t\t<\/h5>\n\t\t\t\t\t\t\t\t\t\t\t\t\t\t\t\t\t\t\t\t\t\t\t\t\t\t\t\t<div class=\"box-description\">085\/41.02.25<\/div>\n\t\t\t\t\t\t\t\t\t\t\t\t\t\t\t\t\t\t\t\t\t\t\t\t\t\t<\/div>\n\t\t\t\t\t\t\t<\/div>\n\t\t\t\t\t\t<\/div>\t\t\t\t\t<\/div>\n\t\t\t\t\t\t\t\t\t<div class=\"wf-cell shown\">\n\t\t\t\t\t\t<div class=\"the7-icon-box-grid\">\t\t\t\t\t\t\t<div class=\"box-content-wrapper\">\n\t\t\t\t\t\t\t\t\t\t\t\t\t\t\t\t\t<a class=\"elementor-icon-div\" aria-label=\"Email\">\t\t\t\t\t\t\t\t\t\t<div class=\"elementor-icon\">\n\t\t\t\t\t\t\t\t\t\t\t<i aria-hidden=\"true\" class=\"fas fa-envelope\"><\/i>\t\t\t\t\t\t\t\t\t\t<\/div>\n\t\t\t\t\t\t\t\t\t<\/a>\t\t\t\t\t\t\t\t\t\t\t\t\t\t\t\t<div class=\"box-content\">\n\t\t\t\t\t\t\t\t\t\t\t\t\t\t\t\t\t\t\t\t\t\t\t\t\t\t\t\t\t<h5 class=\"box-heading\">\n\t\t\t\t\t\t\t\t\t\t\t<a aria-label=\"Email\">\t\t\t\t\t\t\t\t\t\t\t\tEmail\t\t\t\t\t\t\t\t\t\t\t<\/a>\t\t\t\t\t\t\t\t\t\t<\/h5>\n\t\t\t\t\t\t\t\t\t\t\t\t\t\t\t\t\t\t\t\t\t\t\t\t\t\t\t\t<div class=\"box-description\">urbanisme2@modave.be<\/div>\n\t\t\t\t\t\t\t\t\t\t\t\t\t\t\t\t\t\t\t\t\t\t\t\t\t\t<\/div>\n\t\t\t\t\t\t\t<\/div>\n\t\t\t\t\t\t<\/div>\t\t\t\t\t<\/div>\n\t\t\t\t\t\t\t\t\t<div class=\"wf-cell shown\">\n\t\t\t\t\t\t<div class=\"the7-icon-box-grid\">\t\t\t\t\t\t\t<div class=\"box-content-wrapper\">\n\t\t\t\t\t\t\t\t\t\t\t\t\t\t\t\t\t<a class=\"elementor-icon-div\" aria-label=\"Adresse\">\t\t\t\t\t\t\t\t\t\t<div class=\"elementor-icon\">\n\t\t\t\t\t\t\t\t\t\t\t<i aria-hidden=\"true\" class=\"fas fa-map-signs\"><\/i>\t\t\t\t\t\t\t\t\t\t<\/div>\n\t\t\t\t\t\t\t\t\t<\/a>\t\t\t\t\t\t\t\t\t\t\t\t\t\t\t\t<div class=\"box-content\">\n\t\t\t\t\t\t\t\t\t\t\t\t\t\t\t\t\t\t\t\t\t\t\t\t\t\t\t\t\t<h5 class=\"box-heading\">\n\t\t\t\t\t\t\t\t\t\t\t<a aria-label=\"Adresse\">\t\t\t\t\t\t\t\t\t\t\t\tAdresse\t\t\t\t\t\t\t\t\t\t\t<\/a>\t\t\t\t\t\t\t\t\t\t<\/h5>\n\t\t\t\t\t\t\t\t\t\t\t\t\t\t\t\t\t\t\t\t\t\t\t\t\t\t\t\t<div class=\"box-description\">Administration communale<br>\nPlace G. Hubin, 1-3 <br>\n4577 MODAVE<\/div>\n\t\t\t\t\t\t\t\t\t\t\t\t\t\t\t\t\t\t\t\t\t\t\t\t\t\t<\/div>\n\t\t\t\t\t\t\t<\/div>\n\t\t\t\t\t\t<\/div>\t\t\t\t\t<\/div>\n\t\t\t\t\t\t\t<\/div>\n\t\t<\/div>\t\t\t\t<\/div>\n\t\t\t\t<\/div>\n\t\t\t\t\t<\/div>\n\t\t<\/div>\n\t\t\t\t<div class=\"elementor-column elementor-col-25 elementor-top-column elementor-element elementor-element-69bcc2a\" data-id=\"69bcc2a\" data-element_type=\"column\" data-e-type=\"column\">\n\t\t\t<div class=\"elementor-widget-wrap elementor-element-populated\">\n\t\t\t\t\t\t<div class=\"elementor-element elementor-element-47a0fdf content-align-left icon-box-vertical-align-top icon-position-left icon-vertical-align-start elementor-widget elementor-widget-the7_icon_box_grid_widget\" data-id=\"47a0fdf\" data-element_type=\"widget\" data-e-type=\"widget\" data-widget_type=\"the7_icon_box_grid_widget.default\">\n\t\t\t\t<div class=\"elementor-widget-container\">\n\t\t\t\t\t<div class=\"the7-box-grid-wrapper the7-elementor-widget loading-effect-none the7_icon_box_grid_widget-47a0fdf widget-divider-on\"><h4 class=\"rp-heading\">St\u00e9phanie Servotte<\/h4>\t\t\t<div class=\"dt-css-grid\">\n\t\t\t\t\t\t\t\t\t<div class=\"wf-cell shown\">\n\t\t\t\t\t\t<div class=\"the7-icon-box-grid\">\t\t\t\t\t\t\t<div class=\"box-content-wrapper\">\n\t\t\t\t\t\t\t\t\t\t\t\t\t\t\t\t\t<a class=\"elementor-icon-div\" aria-label=\"T\u00e9l\u00e9phone\">\t\t\t\t\t\t\t\t\t\t<div class=\"elementor-icon\">\n\t\t\t\t\t\t\t\t\t\t\t<i aria-hidden=\"true\" class=\"fas fa-phone-alt\"><\/i>\t\t\t\t\t\t\t\t\t\t<\/div>\n\t\t\t\t\t\t\t\t\t<\/a>\t\t\t\t\t\t\t\t\t\t\t\t\t\t\t\t<div class=\"box-content\">\n\t\t\t\t\t\t\t\t\t\t\t\t\t\t\t\t\t\t\t\t\t\t\t\t\t\t\t\t\t<h5 class=\"box-heading\">\n\t\t\t\t\t\t\t\t\t\t\t<a aria-label=\"T\u00e9l\u00e9phone\">\t\t\t\t\t\t\t\t\t\t\t\tT\u00e9l\u00e9phone\t\t\t\t\t\t\t\t\t\t\t<\/a>\t\t\t\t\t\t\t\t\t\t<\/h5>\n\t\t\t\t\t\t\t\t\t\t\t\t\t\t\t\t\t\t\t\t\t\t\t\t\t\t\t\t<div class=\"box-description\">085\/41.02.20 Ext 3<\/div>\n\t\t\t\t\t\t\t\t\t\t\t\t\t\t\t\t\t\t\t\t\t\t\t\t\t\t<\/div>\n\t\t\t\t\t\t\t<\/div>\n\t\t\t\t\t\t<\/div>\t\t\t\t\t<\/div>\n\t\t\t\t\t\t\t\t\t<div class=\"wf-cell shown\">\n\t\t\t\t\t\t<div class=\"the7-icon-box-grid\">\t\t\t\t\t\t\t<div class=\"box-content-wrapper\">\n\t\t\t\t\t\t\t\t\t\t\t\t\t\t\t\t\t<a class=\"elementor-icon-div\" aria-label=\"Fax\">\t\t\t\t\t\t\t\t\t\t<div class=\"elementor-icon\">\n\t\t\t\t\t\t\t\t\t\t\t<i aria-hidden=\"true\" class=\"fas fa-fax\"><\/i>\t\t\t\t\t\t\t\t\t\t<\/div>\n\t\t\t\t\t\t\t\t\t<\/a>\t\t\t\t\t\t\t\t\t\t\t\t\t\t\t\t<div class=\"box-content\">\n\t\t\t\t\t\t\t\t\t\t\t\t\t\t\t\t\t\t\t\t\t\t\t\t\t\t\t\t\t<h5 class=\"box-heading\">\n\t\t\t\t\t\t\t\t\t\t\t<a aria-label=\"Fax\">\t\t\t\t\t\t\t\t\t\t\t\tFax\t\t\t\t\t\t\t\t\t\t\t<\/a>\t\t\t\t\t\t\t\t\t\t<\/h5>\n\t\t\t\t\t\t\t\t\t\t\t\t\t\t\t\t\t\t\t\t\t\t\t\t\t\t\t\t<div class=\"box-description\">085\/41.02.25<\/div>\n\t\t\t\t\t\t\t\t\t\t\t\t\t\t\t\t\t\t\t\t\t\t\t\t\t\t<\/div>\n\t\t\t\t\t\t\t<\/div>\n\t\t\t\t\t\t<\/div>\t\t\t\t\t<\/div>\n\t\t\t\t\t\t\t\t\t<div class=\"wf-cell shown\">\n\t\t\t\t\t\t<div class=\"the7-icon-box-grid\">\t\t\t\t\t\t\t<div class=\"box-content-wrapper\">\n\t\t\t\t\t\t\t\t\t\t\t\t\t\t\t\t\t<a class=\"elementor-icon-div\" aria-label=\"Email\">\t\t\t\t\t\t\t\t\t\t<div class=\"elementor-icon\">\n\t\t\t\t\t\t\t\t\t\t\t<i aria-hidden=\"true\" class=\"fas fa-envelope\"><\/i>\t\t\t\t\t\t\t\t\t\t<\/div>\n\t\t\t\t\t\t\t\t\t<\/a>\t\t\t\t\t\t\t\t\t\t\t\t\t\t\t\t<div class=\"box-content\">\n\t\t\t\t\t\t\t\t\t\t\t\t\t\t\t\t\t\t\t\t\t\t\t\t\t\t\t\t\t<h5 class=\"box-heading\">\n\t\t\t\t\t\t\t\t\t\t\t<a aria-label=\"Email\">\t\t\t\t\t\t\t\t\t\t\t\tEmail\t\t\t\t\t\t\t\t\t\t\t<\/a>\t\t\t\t\t\t\t\t\t\t<\/h5>\n\t\t\t\t\t\t\t\t\t\t\t\t\t\t\t\t\t\t\t\t\t\t\t\t\t\t\t\t<div class=\"box-description\">urbanisme@modave.be<\/div>\n\t\t\t\t\t\t\t\t\t\t\t\t\t\t\t\t\t\t\t\t\t\t\t\t\t\t<\/div>\n\t\t\t\t\t\t\t<\/div>\n\t\t\t\t\t\t<\/div>\t\t\t\t\t<\/div>\n\t\t\t\t\t\t\t\t\t<div class=\"wf-cell shown\">\n\t\t\t\t\t\t<div class=\"the7-icon-box-grid\">\t\t\t\t\t\t\t<div class=\"box-content-wrapper\">\n\t\t\t\t\t\t\t\t\t\t\t\t\t\t\t\t\t<a class=\"elementor-icon-div\" aria-label=\"Adresse\">\t\t\t\t\t\t\t\t\t\t<div class=\"elementor-icon\">\n\t\t\t\t\t\t\t\t\t\t\t<i aria-hidden=\"true\" class=\"fas fa-map-signs\"><\/i>\t\t\t\t\t\t\t\t\t\t<\/div>\n\t\t\t\t\t\t\t\t\t<\/a>\t\t\t\t\t\t\t\t\t\t\t\t\t\t\t\t<div class=\"box-content\">\n\t\t\t\t\t\t\t\t\t\t\t\t\t\t\t\t\t\t\t\t\t\t\t\t\t\t\t\t\t<h5 class=\"box-heading\">\n\t\t\t\t\t\t\t\t\t\t\t<a aria-label=\"Adresse\">\t\t\t\t\t\t\t\t\t\t\t\tAdresse\t\t\t\t\t\t\t\t\t\t\t<\/a>\t\t\t\t\t\t\t\t\t\t<\/h5>\n\t\t\t\t\t\t\t\t\t\t\t\t\t\t\t\t\t\t\t\t\t\t\t\t\t\t\t\t<div class=\"box-description\">Administration communale<br>\nPlace G. Hubin, 1-3 <br>\n4577 MODAVE<\/div>\n\t\t\t\t\t\t\t\t\t\t\t\t\t\t\t\t\t\t\t\t\t\t\t\t\t\t<\/div>\n\t\t\t\t\t\t\t<\/div>\n\t\t\t\t\t\t<\/div>\t\t\t\t\t<\/div>\n\t\t\t\t\t\t\t<\/div>\n\t\t<\/div>\t\t\t\t<\/div>\n\t\t\t\t<\/div>\n\t\t\t\t\t<\/div>\n\t\t<\/div>\n\t\t\t\t<div class=\"elementor-column elementor-col-25 elementor-top-column elementor-element elementor-element-609041e\" data-id=\"609041e\" data-element_type=\"column\" data-e-type=\"column\">\n\t\t\t<div class=\"elementor-widget-wrap elementor-element-populated\">\n\t\t\t\t\t\t<div class=\"elementor-element elementor-element-7a16da8 content-align-left icon-box-vertical-align-top icon-position-left icon-vertical-align-start elementor-widget elementor-widget-the7_icon_box_grid_widget\" data-id=\"7a16da8\" data-element_type=\"widget\" data-e-type=\"widget\" data-widget_type=\"the7_icon_box_grid_widget.default\">\n\t\t\t\t<div class=\"elementor-widget-container\">\n\t\t\t\t\t<div class=\"the7-box-grid-wrapper the7-elementor-widget loading-effect-none the7_icon_box_grid_widget-7a16da8 widget-divider-on\"><h4 class=\"rp-heading\">Pascaline Dewez<\/h4>\t\t\t<div class=\"dt-css-grid\">\n\t\t\t\t\t\t\t\t\t<div class=\"wf-cell shown\">\n\t\t\t\t\t\t<div class=\"the7-icon-box-grid\">\t\t\t\t\t\t\t<div class=\"box-content-wrapper\">\n\t\t\t\t\t\t\t\t\t\t\t\t\t\t\t\t\t<a class=\"elementor-icon-div\" aria-label=\"T\u00e9l\u00e9phone\">\t\t\t\t\t\t\t\t\t\t<div class=\"elementor-icon\">\n\t\t\t\t\t\t\t\t\t\t\t<i aria-hidden=\"true\" class=\"fas fa-phone-alt\"><\/i>\t\t\t\t\t\t\t\t\t\t<\/div>\n\t\t\t\t\t\t\t\t\t<\/a>\t\t\t\t\t\t\t\t\t\t\t\t\t\t\t\t<div class=\"box-content\">\n\t\t\t\t\t\t\t\t\t\t\t\t\t\t\t\t\t\t\t\t\t\t\t\t\t\t\t\t\t<h5 class=\"box-heading\">\n\t\t\t\t\t\t\t\t\t\t\t<a aria-label=\"T\u00e9l\u00e9phone\">\t\t\t\t\t\t\t\t\t\t\t\tT\u00e9l\u00e9phone\t\t\t\t\t\t\t\t\t\t\t<\/a>\t\t\t\t\t\t\t\t\t\t<\/h5>\n\t\t\t\t\t\t\t\t\t\t\t\t\t\t\t\t\t\t\t\t\t\t\t\t\t\t\t\t<div class=\"box-description\">085\/41.02.20 Ext 3<\/div>\n\t\t\t\t\t\t\t\t\t\t\t\t\t\t\t\t\t\t\t\t\t\t\t\t\t\t<\/div>\n\t\t\t\t\t\t\t<\/div>\n\t\t\t\t\t\t<\/div>\t\t\t\t\t<\/div>\n\t\t\t\t\t\t\t\t\t<div class=\"wf-cell shown\">\n\t\t\t\t\t\t<div class=\"the7-icon-box-grid\">\t\t\t\t\t\t\t<div class=\"box-content-wrapper\">\n\t\t\t\t\t\t\t\t\t\t\t\t\t\t\t\t\t<a class=\"elementor-icon-div\" aria-label=\"Fax\">\t\t\t\t\t\t\t\t\t\t<div class=\"elementor-icon\">\n\t\t\t\t\t\t\t\t\t\t\t<i aria-hidden=\"true\" class=\"fas fa-fax\"><\/i>\t\t\t\t\t\t\t\t\t\t<\/div>\n\t\t\t\t\t\t\t\t\t<\/a>\t\t\t\t\t\t\t\t\t\t\t\t\t\t\t\t<div class=\"box-content\">\n\t\t\t\t\t\t\t\t\t\t\t\t\t\t\t\t\t\t\t\t\t\t\t\t\t\t\t\t\t<h5 class=\"box-heading\">\n\t\t\t\t\t\t\t\t\t\t\t<a aria-label=\"Fax\">\t\t\t\t\t\t\t\t\t\t\t\tFax\t\t\t\t\t\t\t\t\t\t\t<\/a>\t\t\t\t\t\t\t\t\t\t<\/h5>\n\t\t\t\t\t\t\t\t\t\t\t\t\t\t\t\t\t\t\t\t\t\t\t\t\t\t\t\t<div class=\"box-description\">085\/41.02.25<\/div>\n\t\t\t\t\t\t\t\t\t\t\t\t\t\t\t\t\t\t\t\t\t\t\t\t\t\t<\/div>\n\t\t\t\t\t\t\t<\/div>\n\t\t\t\t\t\t<\/div>\t\t\t\t\t<\/div>\n\t\t\t\t\t\t\t\t\t<div class=\"wf-cell shown\">\n\t\t\t\t\t\t<div class=\"the7-icon-box-grid\">\t\t\t\t\t\t\t<div class=\"box-content-wrapper\">\n\t\t\t\t\t\t\t\t\t\t\t\t\t\t\t\t\t<a class=\"elementor-icon-div\" aria-label=\"Adresse\">\t\t\t\t\t\t\t\t\t\t<div class=\"elementor-icon\">\n\t\t\t\t\t\t\t\t\t\t\t<i aria-hidden=\"true\" class=\"fas fa-map-signs\"><\/i>\t\t\t\t\t\t\t\t\t\t<\/div>\n\t\t\t\t\t\t\t\t\t<\/a>\t\t\t\t\t\t\t\t\t\t\t\t\t\t\t\t<div class=\"box-content\">\n\t\t\t\t\t\t\t\t\t\t\t\t\t\t\t\t\t\t\t\t\t\t\t\t\t\t\t\t\t<h5 class=\"box-heading\">\n\t\t\t\t\t\t\t\t\t\t\t<a aria-label=\"Adresse\">\t\t\t\t\t\t\t\t\t\t\t\tAdresse\t\t\t\t\t\t\t\t\t\t\t<\/a>\t\t\t\t\t\t\t\t\t\t<\/h5>\n\t\t\t\t\t\t\t\t\t\t\t\t\t\t\t\t\t\t\t\t\t\t\t\t\t\t\t\t<div class=\"box-description\">Administration communale<br>\nPlace G. Hubin, 1-3 <br>\n4577 MODAVE<\/div>\n\t\t\t\t\t\t\t\t\t\t\t\t\t\t\t\t\t\t\t\t\t\t\t\t\t\t<\/div>\n\t\t\t\t\t\t\t<\/div>\n\t\t\t\t\t\t<\/div>\t\t\t\t\t<\/div>\n\t\t\t\t\t\t\t<\/div>\n\t\t<\/div>\t\t\t\t<\/div>\n\t\t\t\t<\/div>\n\t\t\t\t\t<\/div>\n\t\t<\/div>\n\t\t\t\t\t<\/div>\n\t\t<\/section>\n\t\t\t\t<section class=\"elementor-section elementor-top-section elementor-element elementor-element-c4c84b1 elementor-section-boxed elementor-section-height-default elementor-section-height-default\" data-id=\"c4c84b1\" data-element_type=\"section\" data-e-type=\"section\">\n\t\t\t\t\t\t<div class=\"elementor-container elementor-column-gap-default\">\n\t\t\t\t\t<div class=\"elementor-column elementor-col-100 elementor-top-column elementor-element elementor-element-d6e842a\" data-id=\"d6e842a\" data-element_type=\"column\" data-e-type=\"column\">\n\t\t\t<div class=\"elementor-widget-wrap elementor-element-populated\">\n\t\t\t\t\t\t<div class=\"elementor-element elementor-element-953d22e elementor-widget elementor-widget-text-editor\" data-id=\"953d22e\" data-element_type=\"widget\" data-e-type=\"widget\" data-widget_type=\"text-editor.default\">\n\t\t\t\t<div class=\"elementor-widget-container\">\n\t\t\t\t\t\t\t\t\t<div><strong>Le service Urbanisme est \u00e0 votre disposition pour vous conseiller, vous aider dans les diff\u00e9rentes d\u00e9marches administratives n\u00e9cessaires \u00e0 l\u2019aboutissement de votre projet.<\/strong><\/div><div><p><strong>La\u00a0commune de Modave dispose d&rsquo;une CHARTE URBANISTIQUE,\u00a0<\/strong>ainsi que d&rsquo;une<strong>\u00a0CHARTE URBANISTIQUE &#8211; LOGEMENTS MULTIPLES\u00a0<\/strong><\/p><p>L&rsquo;urbanisme est une mati\u00e8re r\u00e9gie par un d\u00e9cret (CODT) qui subit beaucoup de modifications. Ce qui implique de se renseigner r\u00e9guli\u00e8rement pour \u00e9viter d&rsquo;\u00eatre en infraction avec le Code.<\/p><p>L\u2019ensemble des formulaires relatifs aux demandes d\u2019urbanisme (permis, certificats, d\u00e9clarations, etc.) sont disponibles sur le site du Service Public de Wallonie. <strong>Acc\u00e9der aux formulaires sur : <\/strong><a href=\"https:\/\/territoire.wallonie.be\/fr\/page\/formulaires\">territoire.wallonie.be<\/a><\/p><\/div>\t\t\t\t\t\t\t\t<\/div>\n\t\t\t\t<\/div>\n\t\t\t\t<div class=\"elementor-element elementor-element-5162f8e elementor-widget elementor-widget-spacer\" data-id=\"5162f8e\" data-element_type=\"widget\" data-e-type=\"widget\" data-widget_type=\"spacer.default\">\n\t\t\t\t<div class=\"elementor-widget-container\">\n\t\t\t\t\t\t\t<div class=\"elementor-spacer\">\n\t\t\t<div class=\"elementor-spacer-inner\"><\/div>\n\t\t<\/div>\n\t\t\t\t\t\t<\/div>\n\t\t\t\t<\/div>\n\t\t\t\t<div class=\"elementor-element elementor-element-5128435 elementor-icon-list--layout-inline elementor-align-start elementor-list-item-link-full_width elementor-widget elementor-widget-icon-list\" data-id=\"5128435\" data-element_type=\"widget\" data-e-type=\"widget\" data-widget_type=\"icon-list.default\">\n\t\t\t\t<div class=\"elementor-widget-container\">\n\t\t\t\t\t\t\t<ul class=\"elementor-icon-list-items elementor-inline-items\">\n\t\t\t\t\t\t\t<li class=\"elementor-icon-list-item elementor-inline-item\">\n\t\t\t\t\t\t\t\t\t\t\t<a href=\"https:\/\/www.modave.be\/wp-content\/uploads\/2024\/12\/Trois-Barrieres-Plan-plantation.pdf\">\n\n\t\t\t\t\t\t\t\t\t\t\t\t<span class=\"elementor-icon-list-icon\">\n\t\t\t\t\t\t\t<i aria-hidden=\"true\" class=\"fas fa-file-pdf\"><\/i>\t\t\t\t\t\t<\/span>\n\t\t\t\t\t\t\t\t\t\t<span class=\"elementor-icon-list-text\">Trois Barri\u00e8res<\/span>\n\t\t\t\t\t\t\t\t\t\t\t<\/a>\n\t\t\t\t\t\t\t\t\t<\/li>\n\t\t\t\t\t\t\t\t<li class=\"elementor-icon-list-item elementor-inline-item\">\n\t\t\t\t\t\t\t\t\t\t\t<a href=\"https:\/\/www.modave.be\/wp-content\/uploads\/2024\/12\/Trois-Barrieres-Delibe-plan-plantation.pdf\">\n\n\t\t\t\t\t\t\t\t\t\t\t\t<span class=\"elementor-icon-list-icon\">\n\t\t\t\t\t\t\t<i aria-hidden=\"true\" class=\"fas fa-file-pdf\"><\/i>\t\t\t\t\t\t<\/span>\n\t\t\t\t\t\t\t\t\t\t<span class=\"elementor-icon-list-text\">Trois Barri\u00e8res | D\u00e9lib\u00e9 plan plantation<\/span>\n\t\t\t\t\t\t\t\t\t\t\t<\/a>\n\t\t\t\t\t\t\t\t\t<\/li>\n\t\t\t\t\t\t\t\t<li class=\"elementor-icon-list-item elementor-inline-item\">\n\t\t\t\t\t\t\t\t\t\t\t<a href=\"https:\/\/www.modave.be\/wp-content\/\/uploads\/2023\/06\/Charte-Les-Gottes-23022023.pdf\" target=\"_blank\">\n\n\t\t\t\t\t\t\t\t\t\t\t\t<span class=\"elementor-icon-list-icon\">\n\t\t\t\t\t\t\t<i aria-hidden=\"true\" class=\"fas fa-file-pdf\"><\/i>\t\t\t\t\t\t<\/span>\n\t\t\t\t\t\t\t\t\t\t<span class=\"elementor-icon-list-text\">Les Gottes<\/span>\n\t\t\t\t\t\t\t\t\t\t\t<\/a>\n\t\t\t\t\t\t\t\t\t<\/li>\n\t\t\t\t\t\t\t\t<li class=\"elementor-icon-list-item elementor-inline-item\">\n\t\t\t\t\t\t\t\t\t\t\t<a href=\"https:\/\/www.modave.be\/wp-content\/uploads\/2023\/06\/Charte-Limet-23022023.pdf\" target=\"_blank\">\n\n\t\t\t\t\t\t\t\t\t\t\t\t<span class=\"elementor-icon-list-icon\">\n\t\t\t\t\t\t\t<i aria-hidden=\"true\" class=\"fas fa-file-pdf\"><\/i>\t\t\t\t\t\t<\/span>\n\t\t\t\t\t\t\t\t\t\t<span class=\"elementor-icon-list-text\">Limet<\/span>\n\t\t\t\t\t\t\t\t\t\t\t<\/a>\n\t\t\t\t\t\t\t\t\t<\/li>\n\t\t\t\t\t\t\t\t<li class=\"elementor-icon-list-item elementor-inline-item\">\n\t\t\t\t\t\t\t\t\t\t\t<a href=\"https:\/\/www.modave.be\/wp-content\/uploads\/2023\/06\/Charte-Modave-Village-23022023.pdf\" target=\"_blank\">\n\n\t\t\t\t\t\t\t\t\t\t\t\t<span class=\"elementor-icon-list-icon\">\n\t\t\t\t\t\t\t<i aria-hidden=\"true\" class=\"fas fa-file-pdf\"><\/i>\t\t\t\t\t\t<\/span>\n\t\t\t\t\t\t\t\t\t\t<span class=\"elementor-icon-list-text\">Modave Village<\/span>\n\t\t\t\t\t\t\t\t\t\t\t<\/a>\n\t\t\t\t\t\t\t\t\t<\/li>\n\t\t\t\t\t\t\t\t<li class=\"elementor-icon-list-item elementor-inline-item\">\n\t\t\t\t\t\t\t\t\t\t\t<a href=\"https:\/\/www.modave.be\/wp-content\/uploads\/2023\/06\/Charte-Outrelouxhe-Rausa-23022023.pdf\" target=\"_blank\">\n\n\t\t\t\t\t\t\t\t\t\t\t\t<span class=\"elementor-icon-list-icon\">\n\t\t\t\t\t\t\t<i aria-hidden=\"true\" class=\"fas fa-file-pdf\"><\/i>\t\t\t\t\t\t<\/span>\n\t\t\t\t\t\t\t\t\t\t<span class=\"elementor-icon-list-text\">Outrelouxhe<\/span>\n\t\t\t\t\t\t\t\t\t\t\t<\/a>\n\t\t\t\t\t\t\t\t\t<\/li>\n\t\t\t\t\t\t\t\t<li class=\"elementor-icon-list-item elementor-inline-item\">\n\t\t\t\t\t\t\t\t\t\t\t<a href=\"https:\/\/www.modave.be\/wp-content\/uploads\/2023\/06\/Charte-Pont-de-Bonne-23022023.pdf\" target=\"_blank\">\n\n\t\t\t\t\t\t\t\t\t\t\t\t<span class=\"elementor-icon-list-icon\">\n\t\t\t\t\t\t\t<i aria-hidden=\"true\" class=\"fas fa-file-pdf\"><\/i>\t\t\t\t\t\t<\/span>\n\t\t\t\t\t\t\t\t\t\t<span class=\"elementor-icon-list-text\">Pont-de-Bonne<\/span>\n\t\t\t\t\t\t\t\t\t\t\t<\/a>\n\t\t\t\t\t\t\t\t\t<\/li>\n\t\t\t\t\t\t\t\t<li class=\"elementor-icon-list-item elementor-inline-item\">\n\t\t\t\t\t\t\t\t\t\t\t<a href=\"https:\/\/www.modave.be\/wp-content\/uploads\/2023\/06\/Charte-Stree-23022023.pdf\" target=\"_blank\">\n\n\t\t\t\t\t\t\t\t\t\t\t\t<span class=\"elementor-icon-list-icon\">\n\t\t\t\t\t\t\t<i aria-hidden=\"true\" class=\"fas fa-file-pdf\"><\/i>\t\t\t\t\t\t<\/span>\n\t\t\t\t\t\t\t\t\t\t<span class=\"elementor-icon-list-text\">Str\u00e9e<\/span>\n\t\t\t\t\t\t\t\t\t\t\t<\/a>\n\t\t\t\t\t\t\t\t\t<\/li>\n\t\t\t\t\t\t\t\t<li class=\"elementor-icon-list-item elementor-inline-item\">\n\t\t\t\t\t\t\t\t\t\t\t<a href=\"https:\/\/www.modave.be\/wp-content\/uploads\/2023\/06\/Charte-Vallee-du-Hoyoux-23022023.pdf\" target=\"_blank\">\n\n\t\t\t\t\t\t\t\t\t\t\t\t<span class=\"elementor-icon-list-icon\">\n\t\t\t\t\t\t\t<i aria-hidden=\"true\" class=\"fas fa-file-pdf\"><\/i>\t\t\t\t\t\t<\/span>\n\t\t\t\t\t\t\t\t\t\t<span class=\"elementor-icon-list-text\">Vall\u00e9e du Hoyoux<\/span>\n\t\t\t\t\t\t\t\t\t\t\t<\/a>\n\t\t\t\t\t\t\t\t\t<\/li>\n\t\t\t\t\t\t\t\t<li class=\"elementor-icon-list-item elementor-inline-item\">\n\t\t\t\t\t\t\t\t\t\t\t<a href=\"https:\/\/www.modave.be\/wp-content\/uploads\/2023\/06\/Charte-Vierset-23022023.pdf\" target=\"_blank\">\n\n\t\t\t\t\t\t\t\t\t\t\t\t<span class=\"elementor-icon-list-icon\">\n\t\t\t\t\t\t\t<i aria-hidden=\"true\" class=\"fas fa-file-pdf\"><\/i>\t\t\t\t\t\t<\/span>\n\t\t\t\t\t\t\t\t\t\t<span class=\"elementor-icon-list-text\">Vierset<\/span>\n\t\t\t\t\t\t\t\t\t\t\t<\/a>\n\t\t\t\t\t\t\t\t\t<\/li>\n\t\t\t\t\t\t\t\t<li class=\"elementor-icon-list-item elementor-inline-item\">\n\t\t\t\t\t\t\t\t\t\t\t<a href=\"https:\/\/www.modave.be\/wp-content\/uploads\/2023\/06\/Charte-Logements-multiples.pdf\" target=\"_blank\">\n\n\t\t\t\t\t\t\t\t\t\t\t\t<span class=\"elementor-icon-list-icon\">\n\t\t\t\t\t\t\t<i aria-hidden=\"true\" class=\"fas fa-file-pdf\"><\/i>\t\t\t\t\t\t<\/span>\n\t\t\t\t\t\t\t\t\t\t<span class=\"elementor-icon-list-text\">Logements multiples<\/span>\n\t\t\t\t\t\t\t\t\t\t\t<\/a>\n\t\t\t\t\t\t\t\t\t<\/li>\n\t\t\t\t\t\t\t\t<li class=\"elementor-icon-list-item elementor-inline-item\">\n\t\t\t\t\t\t\t\t\t\t\t<a href=\"https:\/\/www.modave.be\/wp-content\/uploads\/2023\/06\/Charte_23.02.2023.pdf\" target=\"_blank\">\n\n\t\t\t\t\t\t\t\t\t\t\t\t<span class=\"elementor-icon-list-icon\">\n\t\t\t\t\t\t\t<i aria-hidden=\"true\" class=\"fas fa-file-pdf\"><\/i>\t\t\t\t\t\t<\/span>\n\t\t\t\t\t\t\t\t\t\t<span class=\"elementor-icon-list-text\">Charte urbanistique<\/span>\n\t\t\t\t\t\t\t\t\t\t\t<\/a>\n\t\t\t\t\t\t\t\t\t<\/li>\n\t\t\t\t\t\t\t\t<li class=\"elementor-icon-list-item elementor-inline-item\">\n\t\t\t\t\t\t\t\t\t\t\t<a href=\"https:\/\/territoire.wallonie.be\/storage\/territoire\/documents\/content\/page\/codt\/annexes-2025-10-01\/annexe-4-demande-de-permis-architecte.docx\">\n\n\t\t\t\t\t\t\t\t\t\t\t\t<span class=\"elementor-icon-list-icon\">\n\t\t\t\t\t\t\t<i aria-hidden=\"true\" class=\"fas fa-file-pdf\"><\/i>\t\t\t\t\t\t<\/span>\n\t\t\t\t\t\t\t\t\t\t<span class=\"elementor-icon-list-text\">Demande de permis avec architecte<\/span>\n\t\t\t\t\t\t\t\t\t\t\t<\/a>\n\t\t\t\t\t\t\t\t\t<\/li>\n\t\t\t\t\t\t\t\t<li class=\"elementor-icon-list-item elementor-inline-item\">\n\t\t\t\t\t\t\t\t\t\t\t<a href=\"https:\/\/territoire.wallonie.be\/storage\/territoire\/documents\/content\/page\/codt\/annexes-2025-10-01\/annexe-5-demande-permis-implantation-commerciale.docx\">\n\n\t\t\t\t\t\t\t\t\t\t\t\t<span class=\"elementor-icon-list-icon\">\n\t\t\t\t\t\t\t<i aria-hidden=\"true\" class=\"fas fa-file-pdf\"><\/i>\t\t\t\t\t\t<\/span>\n\t\t\t\t\t\t\t\t\t\t<span class=\"elementor-icon-list-text\">Demande de permis pour les surfaces de vente et activites commerciales<\/span>\n\t\t\t\t\t\t\t\t\t\t\t<\/a>\n\t\t\t\t\t\t\t\t\t<\/li>\n\t\t\t\t\t\t\t\t<li class=\"elementor-icon-list-item elementor-inline-item\">\n\t\t\t\t\t\t\t\t\t\t\t<a href=\"https:\/\/territoire.wallonie.be\/storage\/territoire\/documents\/content\/page\/codt\/annexes-2025-10-01\/annexe-6-demande-de-permis-sans-architecte.docx\">\n\n\t\t\t\t\t\t\t\t\t\t\t\t<span class=\"elementor-icon-list-icon\">\n\t\t\t\t\t\t\t<i aria-hidden=\"true\" class=\"fas fa-file-pdf\"><\/i>\t\t\t\t\t\t<\/span>\n\t\t\t\t\t\t\t\t\t\t<span class=\"elementor-icon-list-text\">Demande de permis sans architecte<\/span>\n\t\t\t\t\t\t\t\t\t\t\t<\/a>\n\t\t\t\t\t\t\t\t\t<\/li>\n\t\t\t\t\t\t\t\t<li class=\"elementor-icon-list-item elementor-inline-item\">\n\t\t\t\t\t\t\t\t\t\t\t<a href=\"https:\/\/territoire.wallonie.be\/storage\/territoire\/documents\/content\/page\/codt\/annexes-2025-10-01\/annexe-7-demande-de-permis-d&#039;urbanisation.docx\">\n\n\t\t\t\t\t\t\t\t\t\t\t\t<span class=\"elementor-icon-list-icon\">\n\t\t\t\t\t\t\t<i aria-hidden=\"true\" class=\"fas fa-file-pdf\"><\/i>\t\t\t\t\t\t<\/span>\n\t\t\t\t\t\t\t\t\t\t<span class=\"elementor-icon-list-text\">Demande de permis d'urbanisation<\/span>\n\t\t\t\t\t\t\t\t\t\t\t<\/a>\n\t\t\t\t\t\t\t\t\t<\/li>\n\t\t\t\t\t\t\t\t<li class=\"elementor-icon-list-item elementor-inline-item\">\n\t\t\t\t\t\t\t\t\t\t\t<a href=\"https:\/\/territoire.wallonie.be\/storage\/territoire\/documents\/content\/page\/codt\/annexes\/annexe-14.docx\">\n\n\t\t\t\t\t\t\t\t\t\t\t\t<span class=\"elementor-icon-list-icon\">\n\t\t\t\t\t\t\t<i aria-hidden=\"true\" class=\"fas fa-file-pdf\"><\/i>\t\t\t\t\t\t<\/span>\n\t\t\t\t\t\t\t\t\t\t<span class=\"elementor-icon-list-text\">Demande de certification d'urbanisme num\u00e9ro 1<\/span>\n\t\t\t\t\t\t\t\t\t\t\t<\/a>\n\t\t\t\t\t\t\t\t\t<\/li>\n\t\t\t\t\t\t\t\t<li class=\"elementor-icon-list-item elementor-inline-item\">\n\t\t\t\t\t\t\t\t\t\t\t<a href=\"https:\/\/territoire.wallonie.be\/storage\/territoire\/documents\/content\/page\/codt\/annexes-2025-10-01\/annexe-8-demande-de-certificat-n%C2%B02.docx\">\n\n\t\t\t\t\t\t\t\t\t\t\t\t<span class=\"elementor-icon-list-icon\">\n\t\t\t\t\t\t\t<i aria-hidden=\"true\" class=\"fas fa-file-pdf\"><\/i>\t\t\t\t\t\t<\/span>\n\t\t\t\t\t\t\t\t\t\t<span class=\"elementor-icon-list-text\">Demande de certification d'urbanisme num\u00e9ro 2 <\/span>\n\t\t\t\t\t\t\t\t\t\t\t<\/a>\n\t\t\t\t\t\t\t\t\t<\/li>\n\t\t\t\t\t\t\t\t<li class=\"elementor-icon-list-item elementor-inline-item\">\n\t\t\t\t\t\t\t\t\t\t\t<a href=\"https:\/\/territoire.wallonie.be\/storage\/territoire\/documents\/content\/page\/codt\/annexes-2025-10-01\/annexe-20.docx\">\n\n\t\t\t\t\t\t\t\t\t\t\t\t<span class=\"elementor-icon-list-icon\">\n\t\t\t\t\t\t\t<i aria-hidden=\"true\" class=\"fas fa-file-pdf\"><\/i>\t\t\t\t\t\t<\/span>\n\t\t\t\t\t\t\t\t\t\t<span class=\"elementor-icon-list-text\">Introduction d'un recours<\/span>\n\t\t\t\t\t\t\t\t\t\t\t<\/a>\n\t\t\t\t\t\t\t\t\t<\/li>\n\t\t\t\t\t\t\t\t<li class=\"elementor-icon-list-item elementor-inline-item\">\n\t\t\t\t\t\t\t\t\t\t\t<a href=\"https:\/\/www.modave.be\/wp-content\/uploads\/2024\/09\/Demande_PVI_2024.pdf\">\n\n\t\t\t\t\t\t\t\t\t\t\t\t<span class=\"elementor-icon-list-icon\">\n\t\t\t\t\t\t\t<i aria-hidden=\"true\" class=\"fas fa-file-pdf\"><\/i>\t\t\t\t\t\t<\/span>\n\t\t\t\t\t\t\t\t\t\t<span class=\"elementor-icon-list-text\">Demande de v\u00e9rification d'implantation<\/span>\n\t\t\t\t\t\t\t\t\t\t\t<\/a>\n\t\t\t\t\t\t\t\t\t<\/li>\n\t\t\t\t\t\t\t\t<li class=\"elementor-icon-list-item elementor-inline-item\">\n\t\t\t\t\t\t\t\t\t\t\t<a href=\"https:\/\/www.modave.be\/wp-content\/uploads\/2024\/09\/STATBEL-formulaire-statistique-modele-1.doc\">\n\n\t\t\t\t\t\t\t\t\t\t\t\t<span class=\"elementor-icon-list-icon\">\n\t\t\t\t\t\t\t<i aria-hidden=\"true\" class=\"fas fa-file-pdf\"><\/i>\t\t\t\t\t\t<\/span>\n\t\t\t\t\t\t\t\t\t\t<span class=\"elementor-icon-list-text\">Formulaire de statistiques mod\u00e8le 1<\/span>\n\t\t\t\t\t\t\t\t\t\t\t<\/a>\n\t\t\t\t\t\t\t\t\t<\/li>\n\t\t\t\t\t\t\t\t<li class=\"elementor-icon-list-item elementor-inline-item\">\n\t\t\t\t\t\t\t\t\t\t\t<a href=\"https:\/\/www.modave.be\/wp-content\/uploads\/2024\/09\/STATBEL-formulaire-statistique-modele-2.doc\">\n\n\t\t\t\t\t\t\t\t\t\t\t\t<span class=\"elementor-icon-list-icon\">\n\t\t\t\t\t\t\t<i aria-hidden=\"true\" class=\"fas fa-file-pdf\"><\/i>\t\t\t\t\t\t<\/span>\n\t\t\t\t\t\t\t\t\t\t<span class=\"elementor-icon-list-text\">Formulaire de statistiques mod\u00e8le 2<\/span>\n\t\t\t\t\t\t\t\t\t\t\t<\/a>\n\t\t\t\t\t\t\t\t\t<\/li>\n\t\t\t\t\t\t\t\t<li class=\"elementor-icon-list-item elementor-inline-item\">\n\t\t\t\t\t\t\t\t\t\t\t<a href=\"https:\/\/www.modave.be\/wp-content\/uploads\/2025\/02\/Implantations-commerciales_3.02.25.pdf\">\n\n\t\t\t\t\t\t\t\t\t\t\t\t<span class=\"elementor-icon-list-icon\">\n\t\t\t\t\t\t\t<i aria-hidden=\"true\" class=\"fas fa-file-pdf\"><\/i>\t\t\t\t\t\t<\/span>\n\t\t\t\t\t\t\t\t\t\t<span class=\"elementor-icon-list-text\">Implantations commerciales - abaissement du seuil (permis d'urbanisme)<\/span>\n\t\t\t\t\t\t\t\t\t\t\t<\/a>\n\t\t\t\t\t\t\t\t\t<\/li>\n\t\t\t\t\t\t<\/ul>\n\t\t\t\t\t\t<\/div>\n\t\t\t\t<\/div>\n\t\t\t\t<div class=\"elementor-element elementor-element-7aee21d elementor-widget elementor-widget-spacer\" data-id=\"7aee21d\" data-element_type=\"widget\" data-e-type=\"widget\" data-widget_type=\"spacer.default\">\n\t\t\t\t<div class=\"elementor-widget-container\">\n\t\t\t\t\t\t\t<div class=\"elementor-spacer\">\n\t\t\t<div class=\"elementor-spacer-inner\"><\/div>\n\t\t<\/div>\n\t\t\t\t\t\t<\/div>\n\t\t\t\t<\/div>\n\t\t\t\t\t<\/div>\n\t\t<\/div>\n\t\t\t\t\t<\/div>\n\t\t<\/section>\n\t\t\t\t<section class=\"elementor-section elementor-top-section elementor-element elementor-element-3bb8ca7 elementor-section-boxed elementor-section-height-default elementor-section-height-default\" data-id=\"3bb8ca7\" data-element_type=\"section\" data-e-type=\"section\">\n\t\t\t\t\t\t<div class=\"elementor-container elementor-column-gap-default\">\n\t\t\t\t\t<div class=\"elementor-column elementor-col-100 elementor-top-column elementor-element elementor-element-c04f553\" data-id=\"c04f553\" data-element_type=\"column\" data-e-type=\"column\">\n\t\t\t<div class=\"elementor-widget-wrap elementor-element-populated\">\n\t\t\t\t\t\t<div class=\"elementor-element elementor-element-a4a4d7c arrows-relative-to-box_area bullets-small-dot-stroke elementor-widget elementor-widget-the7_elements_carousel\" data-id=\"a4a4d7c\" data-element_type=\"widget\" data-e-type=\"widget\" data-settings=\"{&quot;widget_columns&quot;:4,&quot;widget_columns_tablet&quot;:2,&quot;widget_columns_mobile&quot;:1,&quot;gap_between_posts&quot;:{&quot;unit&quot;:&quot;px&quot;,&quot;size&quot;:15,&quot;sizes&quot;:[]},&quot;gap_between_posts_tablet&quot;:{&quot;unit&quot;:&quot;px&quot;,&quot;size&quot;:&quot;&quot;,&quot;sizes&quot;:[]},&quot;gap_between_posts_mobile&quot;:{&quot;unit&quot;:&quot;px&quot;,&quot;size&quot;:&quot;&quot;,&quot;sizes&quot;:[]}}\" data-widget_type=\"the7_elements_carousel.default\">\n\t\t\t\t<div class=\"elementor-widget-container\">\n\t\t\t\t\t<div class=\"disable-arrows-hover-bg the7_elements_carousel-a4a4d7c owl-carousel portfolio-carousel-shortcode elementor-owl-carousel-call portfolio-shortcode the7-elementor-widget content-bg-on content-rollover-layout-list description-on-hover quick-scale-img meta-info-off enable-bg-rollover\" data-scroll-mode=\"1\" data-auto-height=\"true\" data-speed=\"600\" data-autoplay=\"false\" data-autoplay_speed=\"\"><article class=\"post visible forward-post post-18885 services_communaux type-services_communaux status-publish has-post-thumbnail hentry category-urbanisme description-off\">\n<div class=\"post-thumbnail-wrap\">\n\t<div class=\"post-thumbnail \">\n\n\t\t<a class=\"post-thumbnail-rollover layzr-bg img-css-resize-wrapper\" aria-label=\"Image article\" href=\"https:\/\/www.modave.be\/index.php\/services_communaux\/modave-dans-20-ans-participez-a-lenquete-citoyenne\/\"><img fetchpriority=\"high\" decoding=\"async\" width=\"2560\" height=\"1280\" src=\"data:image\/svg+xml,%3Csvg%20xmlns%3D&#039;http%3A%2F%2Fwww.w3.org%2F2000%2Fsvg&#039;%20viewBox%3D&#039;0%200%202560%201280&#039;%2F%3E\" class=\"attachment-full size-full preload-me aspect lazy lazy-load\" alt=\"\" sizes=\"(max-width: 2560px) 100vw, 2560px\" style=\"--ratio: 2560 \/ 1280;\" data-src=\"https:\/\/www.modave.be\/wp-content\/uploads\/2026\/04\/CPAS-et-SI-2026-13-scaled-e1777292394626.jpg\" loading=\"eager\" data-srcset=\"https:\/\/www.modave.be\/wp-content\/uploads\/2026\/04\/CPAS-et-SI-2026-13-scaled-e1777292394626.jpg 2560w, https:\/\/www.modave.be\/wp-content\/uploads\/2026\/04\/CPAS-et-SI-2026-13-scaled-e1777292394626-300x150.jpg 300w, https:\/\/www.modave.be\/wp-content\/uploads\/2026\/04\/CPAS-et-SI-2026-13-scaled-e1777292394626-1024x512.jpg 1024w, https:\/\/www.modave.be\/wp-content\/uploads\/2026\/04\/CPAS-et-SI-2026-13-scaled-e1777292394626-768x384.jpg 768w, https:\/\/www.modave.be\/wp-content\/uploads\/2026\/04\/CPAS-et-SI-2026-13-scaled-e1777292394626-1536x768.jpg 1536w, https:\/\/www.modave.be\/wp-content\/uploads\/2026\/04\/CPAS-et-SI-2026-13-scaled-e1777292394626-2048x1024.jpg 2048w\" \/><\/a>\n\t<\/div>\n<\/div>\n\n<div class=\"post-entry-content\">\n\t<div class=\"post-entry-wrapper\">\n\t\t<div class=\"post-entry-body\">\n\t\t\t<h3 class=\"ele-entry-title\"><a href=\"https:\/\/www.modave.be\/index.php\/services_communaux\/modave-dans-20-ans-participez-a-lenquete-citoyenne\/\" rel=\"bookmark\" title=\"Modave dans 20 ans | Participez \u00e0 l\u2019enqu\u00eate citoyenne\">Modave dans 20 ans | Participez \u00e0 l\u2019enqu\u00eate citoyenne<\/a><\/h3><a href=\"https:\/\/www.modave.be\/index.php\/services_communaux\/modave-dans-20-ans-participez-a-lenquete-citoyenne\/\" target=\"\" aria-label=\"En savoir plus sur Modave dans 20 ans | Participez \u00e0 l\u2019enqu\u00eate citoyenne\" class=\"box-button elementor-button elementor-size-xs\">Lire l&#039;article<\/a>\t\t<\/div>\n\t<\/div>\n<\/div><\/article><article class=\"post visible forward-post post-18799 services_communaux type-services_communaux status-publish has-post-thumbnail hentry category-urbanisme description-off\">\n<div class=\"post-thumbnail-wrap\">\n\t<div class=\"post-thumbnail \">\n\n\t\t<a class=\"post-thumbnail-rollover layzr-bg img-css-resize-wrapper\" aria-label=\"Image article\" href=\"https:\/\/www.modave.be\/index.php\/services_communaux\/avis-remise-en-location\/\"><img decoding=\"async\" width=\"2560\" height=\"1280\" src=\"data:image\/svg+xml,%3Csvg%20xmlns%3D&#039;http%3A%2F%2Fwww.w3.org%2F2000%2Fsvg&#039;%20viewBox%3D&#039;0%200%202560%201280&#039;%2F%3E\" class=\"attachment-full size-full preload-me aspect lazy lazy-load\" alt=\"\" sizes=\"(max-width: 2560px) 100vw, 2560px\" style=\"--ratio: 2560 \/ 1280;\" data-src=\"https:\/\/www.modave.be\/wp-content\/uploads\/2025\/10\/Placeauxenfants-120-scaled-e1761208069781.jpg\" loading=\"eager\" data-srcset=\"https:\/\/www.modave.be\/wp-content\/uploads\/2025\/10\/Placeauxenfants-120-scaled-e1761208069781.jpg 2560w, https:\/\/www.modave.be\/wp-content\/uploads\/2025\/10\/Placeauxenfants-120-scaled-e1761208069781-300x150.jpg 300w, https:\/\/www.modave.be\/wp-content\/uploads\/2025\/10\/Placeauxenfants-120-scaled-e1761208069781-1024x512.jpg 1024w, https:\/\/www.modave.be\/wp-content\/uploads\/2025\/10\/Placeauxenfants-120-scaled-e1761208069781-768x384.jpg 768w, https:\/\/www.modave.be\/wp-content\/uploads\/2025\/10\/Placeauxenfants-120-scaled-e1761208069781-1536x768.jpg 1536w, https:\/\/www.modave.be\/wp-content\/uploads\/2025\/10\/Placeauxenfants-120-scaled-e1761208069781-2048x1024.jpg 2048w\" \/><\/a>\n\t<\/div>\n<\/div>\n\n<div class=\"post-entry-content\">\n\t<div class=\"post-entry-wrapper\">\n\t\t<div class=\"post-entry-body\">\n\t\t\t<h3 class=\"ele-entry-title\"><a href=\"https:\/\/www.modave.be\/index.php\/services_communaux\/avis-remise-en-location\/\" rel=\"bookmark\" title=\"Avis | Remise en location\">Avis | Remise en location<\/a><\/h3><a href=\"https:\/\/www.modave.be\/index.php\/services_communaux\/avis-remise-en-location\/\" target=\"\" aria-label=\"En savoir plus sur Avis | Remise en location\" class=\"box-button elementor-button elementor-size-xs\">Lire l&#039;article<\/a>\t\t<\/div>\n\t<\/div>\n<\/div><\/article><article class=\"post visible forward-post post-18085 services_communaux type-services_communaux status-publish has-post-thumbnail hentry category-urbanisme description-off\">\n<div class=\"post-thumbnail-wrap\">\n\t<div class=\"post-thumbnail \">\n\n\t\t<a class=\"post-thumbnail-rollover layzr-bg img-css-resize-wrapper\" aria-label=\"Image article\" href=\"https:\/\/www.modave.be\/index.php\/services_communaux\/urbanisme-avis-denquete-publique-21\/\"><img decoding=\"async\" width=\"2560\" height=\"1280\" src=\"data:image\/svg+xml,%3Csvg%20xmlns%3D&#039;http%3A%2F%2Fwww.w3.org%2F2000%2Fsvg&#039;%20viewBox%3D&#039;0%200%202560%201280&#039;%2F%3E\" class=\"attachment-full size-full preload-me aspect lazy lazy-load\" alt=\"\" sizes=\"(max-width: 2560px) 100vw, 2560px\" style=\"--ratio: 2560 \/ 1280;\" data-src=\"https:\/\/www.modave.be\/wp-content\/uploads\/2026\/01\/2026-77-copie-modif-scaled-e1768557652660.jpg\" loading=\"eager\" data-srcset=\"https:\/\/www.modave.be\/wp-content\/uploads\/2026\/01\/2026-77-copie-modif-scaled-e1768557652660.jpg 2560w, https:\/\/www.modave.be\/wp-content\/uploads\/2026\/01\/2026-77-copie-modif-scaled-e1768557652660-300x150.jpg 300w, https:\/\/www.modave.be\/wp-content\/uploads\/2026\/01\/2026-77-copie-modif-scaled-e1768557652660-1024x512.jpg 1024w, https:\/\/www.modave.be\/wp-content\/uploads\/2026\/01\/2026-77-copie-modif-scaled-e1768557652660-768x384.jpg 768w, https:\/\/www.modave.be\/wp-content\/uploads\/2026\/01\/2026-77-copie-modif-scaled-e1768557652660-1536x768.jpg 1536w, https:\/\/www.modave.be\/wp-content\/uploads\/2026\/01\/2026-77-copie-modif-scaled-e1768557652660-2048x1024.jpg 2048w\" \/><\/a>\n\t<\/div>\n<\/div>\n\n<div class=\"post-entry-content\">\n\t<div class=\"post-entry-wrapper\">\n\t\t<div class=\"post-entry-body\">\n\t\t\t<h3 class=\"ele-entry-title\"><a href=\"https:\/\/www.modave.be\/index.php\/services_communaux\/urbanisme-avis-denquete-publique-21\/\" rel=\"bookmark\" title=\"Urbanisme | Avis d&rsquo;enqu\u00eate publique\">Urbanisme | Avis d&rsquo;enqu\u00eate publique<\/a><\/h3><a href=\"https:\/\/www.modave.be\/index.php\/services_communaux\/urbanisme-avis-denquete-publique-21\/\" target=\"\" aria-label=\"En savoir plus sur Urbanisme | Avis d&rsquo;enqu\u00eate publique\" class=\"box-button elementor-button elementor-size-xs\">Lire l&#039;article<\/a>\t\t<\/div>\n\t<\/div>\n<\/div><\/article><article class=\"post visible forward-post post-17991 services_communaux type-services_communaux status-publish has-post-thumbnail hentry category-urbanisme description-off\">\n<div class=\"post-thumbnail-wrap\">\n\t<div class=\"post-thumbnail \">\n\n\t\t<a class=\"post-thumbnail-rollover layzr-bg img-css-resize-wrapper\" aria-label=\"Image article\" href=\"https:\/\/www.modave.be\/index.php\/services_communaux\/urbanisme-avis-denquete-publique-20\/\"><img decoding=\"async\" width=\"2560\" height=\"1280\" src=\"data:image\/svg+xml,%3Csvg%20xmlns%3D&#039;http%3A%2F%2Fwww.w3.org%2F2000%2Fsvg&#039;%20viewBox%3D&#039;0%200%202560%201280&#039;%2F%3E\" class=\"attachment-full size-full preload-me aspect lazy lazy-load\" alt=\"\" sizes=\"(max-width: 2560px) 100vw, 2560px\" style=\"--ratio: 2560 \/ 1280;\" data-src=\"https:\/\/www.modave.be\/wp-content\/uploads\/2026\/01\/2026-77-copie-modif-scaled-e1768557652660.jpg\" loading=\"eager\" data-srcset=\"https:\/\/www.modave.be\/wp-content\/uploads\/2026\/01\/2026-77-copie-modif-scaled-e1768557652660.jpg 2560w, https:\/\/www.modave.be\/wp-content\/uploads\/2026\/01\/2026-77-copie-modif-scaled-e1768557652660-300x150.jpg 300w, https:\/\/www.modave.be\/wp-content\/uploads\/2026\/01\/2026-77-copie-modif-scaled-e1768557652660-1024x512.jpg 1024w, https:\/\/www.modave.be\/wp-content\/uploads\/2026\/01\/2026-77-copie-modif-scaled-e1768557652660-768x384.jpg 768w, https:\/\/www.modave.be\/wp-content\/uploads\/2026\/01\/2026-77-copie-modif-scaled-e1768557652660-1536x768.jpg 1536w, https:\/\/www.modave.be\/wp-content\/uploads\/2026\/01\/2026-77-copie-modif-scaled-e1768557652660-2048x1024.jpg 2048w\" \/><\/a>\n\t<\/div>\n<\/div>\n\n<div class=\"post-entry-content\">\n\t<div class=\"post-entry-wrapper\">\n\t\t<div class=\"post-entry-body\">\n\t\t\t<h3 class=\"ele-entry-title\"><a href=\"https:\/\/www.modave.be\/index.php\/services_communaux\/urbanisme-avis-denquete-publique-20\/\" rel=\"bookmark\" title=\"Urbanisme | Avis d&rsquo;enqu\u00eate publique\">Urbanisme | Avis d&rsquo;enqu\u00eate publique<\/a><\/h3><a href=\"https:\/\/www.modave.be\/index.php\/services_communaux\/urbanisme-avis-denquete-publique-20\/\" target=\"\" aria-label=\"En savoir plus sur Urbanisme | Avis d&rsquo;enqu\u00eate publique\" class=\"box-button elementor-button elementor-size-xs\">Lire l&#039;article<\/a>\t\t<\/div>\n\t<\/div>\n<\/div><\/article><article class=\"post visible forward-post post-17344 services_communaux type-services_communaux status-publish has-post-thumbnail hentry category-urbanisme description-off\">\n<div class=\"post-thumbnail-wrap\">\n\t<div class=\"post-thumbnail \">\n\n\t\t<a class=\"post-thumbnail-rollover layzr-bg img-css-resize-wrapper\" aria-label=\"Image article\" href=\"https:\/\/www.modave.be\/index.php\/services_communaux\/urbanisme-avis-denquete-publique-19\/\"><img decoding=\"async\" width=\"2560\" height=\"1280\" src=\"data:image\/svg+xml,%3Csvg%20xmlns%3D&#039;http%3A%2F%2Fwww.w3.org%2F2000%2Fsvg&#039;%20viewBox%3D&#039;0%200%202560%201280&#039;%2F%3E\" class=\"attachment-full size-full preload-me aspect lazy lazy-load\" alt=\"\" sizes=\"(max-width: 2560px) 100vw, 2560px\" style=\"--ratio: 2560 \/ 1280;\" data-src=\"https:\/\/www.modave.be\/wp-content\/uploads\/2025\/10\/Placeauxenfants-120-scaled-e1761208069781.jpg\" loading=\"eager\" data-srcset=\"https:\/\/www.modave.be\/wp-content\/uploads\/2025\/10\/Placeauxenfants-120-scaled-e1761208069781.jpg 2560w, https:\/\/www.modave.be\/wp-content\/uploads\/2025\/10\/Placeauxenfants-120-scaled-e1761208069781-300x150.jpg 300w, https:\/\/www.modave.be\/wp-content\/uploads\/2025\/10\/Placeauxenfants-120-scaled-e1761208069781-1024x512.jpg 1024w, https:\/\/www.modave.be\/wp-content\/uploads\/2025\/10\/Placeauxenfants-120-scaled-e1761208069781-768x384.jpg 768w, https:\/\/www.modave.be\/wp-content\/uploads\/2025\/10\/Placeauxenfants-120-scaled-e1761208069781-1536x768.jpg 1536w, https:\/\/www.modave.be\/wp-content\/uploads\/2025\/10\/Placeauxenfants-120-scaled-e1761208069781-2048x1024.jpg 2048w\" \/><\/a>\n\t<\/div>\n<\/div>\n\n<div class=\"post-entry-content\">\n\t<div class=\"post-entry-wrapper\">\n\t\t<div class=\"post-entry-body\">\n\t\t\t<h3 class=\"ele-entry-title\"><a href=\"https:\/\/www.modave.be\/index.php\/services_communaux\/urbanisme-avis-denquete-publique-19\/\" rel=\"bookmark\" title=\"Urbanisme | Avis d&rsquo;enqu\u00eate publique\">Urbanisme | Avis d&rsquo;enqu\u00eate publique<\/a><\/h3><a href=\"https:\/\/www.modave.be\/index.php\/services_communaux\/urbanisme-avis-denquete-publique-19\/\" target=\"\" aria-label=\"En savoir plus sur Urbanisme | Avis d&rsquo;enqu\u00eate publique\" class=\"box-button elementor-button elementor-size-xs\">Lire l&#039;article<\/a>\t\t<\/div>\n\t<\/div>\n<\/div><\/article><article class=\"post visible forward-post post-16764 services_communaux type-services_communaux status-publish has-post-thumbnail hentry category-urbanisme description-off\">\n<div class=\"post-thumbnail-wrap\">\n\t<div class=\"post-thumbnail \">\n\n\t\t<a class=\"post-thumbnail-rollover layzr-bg img-css-resize-wrapper\" aria-label=\"Image article\" href=\"https:\/\/www.modave.be\/index.php\/services_communaux\/urbanisme-avis-denquete-publique-18\/\"><img decoding=\"async\" width=\"2560\" height=\"1280\" src=\"data:image\/svg+xml,%3Csvg%20xmlns%3D&#039;http%3A%2F%2Fwww.w3.org%2F2000%2Fsvg&#039;%20viewBox%3D&#039;0%200%202560%201280&#039;%2F%3E\" class=\"attachment-full size-full preload-me aspect lazy lazy-load\" alt=\"\" sizes=\"(max-width: 2560px) 100vw, 2560px\" style=\"--ratio: 2560 \/ 1280;\" data-src=\"https:\/\/www.modave.be\/wp-content\/uploads\/2025\/06\/Grandes-Questions-11-scaled-e1750084918751.jpg\" loading=\"eager\" data-srcset=\"https:\/\/www.modave.be\/wp-content\/uploads\/2025\/06\/Grandes-Questions-11-scaled-e1750084918751.jpg 2560w, https:\/\/www.modave.be\/wp-content\/uploads\/2025\/06\/Grandes-Questions-11-scaled-e1750084918751-300x150.jpg 300w, https:\/\/www.modave.be\/wp-content\/uploads\/2025\/06\/Grandes-Questions-11-scaled-e1750084918751-1024x512.jpg 1024w, https:\/\/www.modave.be\/wp-content\/uploads\/2025\/06\/Grandes-Questions-11-scaled-e1750084918751-768x384.jpg 768w, https:\/\/www.modave.be\/wp-content\/uploads\/2025\/06\/Grandes-Questions-11-scaled-e1750084918751-1536x768.jpg 1536w, https:\/\/www.modave.be\/wp-content\/uploads\/2025\/06\/Grandes-Questions-11-scaled-e1750084918751-2048x1024.jpg 2048w\" \/><\/a>\n\t<\/div>\n<\/div>\n\n<div class=\"post-entry-content\">\n\t<div class=\"post-entry-wrapper\">\n\t\t<div class=\"post-entry-body\">\n\t\t\t<h3 class=\"ele-entry-title\"><a href=\"https:\/\/www.modave.be\/index.php\/services_communaux\/urbanisme-avis-denquete-publique-18\/\" rel=\"bookmark\" title=\"Urbanisme | Avis d&rsquo;enqu\u00eate publique\">Urbanisme | Avis d&rsquo;enqu\u00eate publique<\/a><\/h3><a href=\"https:\/\/www.modave.be\/index.php\/services_communaux\/urbanisme-avis-denquete-publique-18\/\" target=\"\" aria-label=\"En savoir plus sur Urbanisme | Avis d&rsquo;enqu\u00eate publique\" class=\"box-button elementor-button elementor-size-xs\">Lire l&#039;article<\/a>\t\t<\/div>\n\t<\/div>\n<\/div><\/article><article class=\"post visible forward-post post-16621 services_communaux type-services_communaux status-publish has-post-thumbnail hentry category-urbanisme description-off\">\n<div class=\"post-thumbnail-wrap\">\n\t<div class=\"post-thumbnail \">\n\n\t\t<a class=\"post-thumbnail-rollover layzr-bg img-css-resize-wrapper\" aria-label=\"Image article\" href=\"https:\/\/www.modave.be\/index.php\/services_communaux\/urbanisme-avis-denquete-publique-17\/\"><img decoding=\"async\" width=\"2560\" height=\"1280\" src=\"data:image\/svg+xml,%3Csvg%20xmlns%3D&#039;http%3A%2F%2Fwww.w3.org%2F2000%2Fsvg&#039;%20viewBox%3D&#039;0%200%202560%201280&#039;%2F%3E\" class=\"attachment-full size-full preload-me aspect lazy lazy-load\" alt=\"\" sizes=\"(max-width: 2560px) 100vw, 2560px\" style=\"--ratio: 2560 \/ 1280;\" data-src=\"https:\/\/www.modave.be\/wp-content\/uploads\/2025\/06\/Grandes-Questions-11-scaled-e1750084918751.jpg\" loading=\"eager\" data-srcset=\"https:\/\/www.modave.be\/wp-content\/uploads\/2025\/06\/Grandes-Questions-11-scaled-e1750084918751.jpg 2560w, https:\/\/www.modave.be\/wp-content\/uploads\/2025\/06\/Grandes-Questions-11-scaled-e1750084918751-300x150.jpg 300w, https:\/\/www.modave.be\/wp-content\/uploads\/2025\/06\/Grandes-Questions-11-scaled-e1750084918751-1024x512.jpg 1024w, https:\/\/www.modave.be\/wp-content\/uploads\/2025\/06\/Grandes-Questions-11-scaled-e1750084918751-768x384.jpg 768w, https:\/\/www.modave.be\/wp-content\/uploads\/2025\/06\/Grandes-Questions-11-scaled-e1750084918751-1536x768.jpg 1536w, https:\/\/www.modave.be\/wp-content\/uploads\/2025\/06\/Grandes-Questions-11-scaled-e1750084918751-2048x1024.jpg 2048w\" \/><\/a>\n\t<\/div>\n<\/div>\n\n<div class=\"post-entry-content\">\n\t<div class=\"post-entry-wrapper\">\n\t\t<div class=\"post-entry-body\">\n\t\t\t<h3 class=\"ele-entry-title\"><a href=\"https:\/\/www.modave.be\/index.php\/services_communaux\/urbanisme-avis-denquete-publique-17\/\" rel=\"bookmark\" title=\"Urbanisme | Avis d&rsquo;enqu\u00eate publique\">Urbanisme | Avis d&rsquo;enqu\u00eate publique<\/a><\/h3><a href=\"https:\/\/www.modave.be\/index.php\/services_communaux\/urbanisme-avis-denquete-publique-17\/\" target=\"\" aria-label=\"En savoir plus sur Urbanisme | Avis d&rsquo;enqu\u00eate publique\" class=\"box-button elementor-button elementor-size-xs\">Lire l&#039;article<\/a>\t\t<\/div>\n\t<\/div>\n<\/div><\/article><article class=\"post visible forward-post post-16470 services_communaux type-services_communaux status-publish has-post-thumbnail hentry category-urbanisme description-off\">\n<div class=\"post-thumbnail-wrap\">\n\t<div class=\"post-thumbnail \">\n\n\t\t<a class=\"post-thumbnail-rollover layzr-bg img-css-resize-wrapper\" aria-label=\"Image article\" href=\"https:\/\/www.modave.be\/index.php\/services_communaux\/urbanisme-avis-denquete-publique-16\/\"><img decoding=\"async\" width=\"2560\" height=\"1280\" src=\"data:image\/svg+xml,%3Csvg%20xmlns%3D&#039;http%3A%2F%2Fwww.w3.org%2F2000%2Fsvg&#039;%20viewBox%3D&#039;0%200%202560%201280&#039;%2F%3E\" class=\"attachment-full size-full preload-me aspect lazy lazy-load\" alt=\"\" sizes=\"(max-width: 2560px) 100vw, 2560px\" style=\"--ratio: 2560 \/ 1280;\" data-src=\"https:\/\/www.modave.be\/wp-content\/uploads\/2025\/06\/Grandes-Questions-11-scaled-e1750084918751.jpg\" loading=\"eager\" data-srcset=\"https:\/\/www.modave.be\/wp-content\/uploads\/2025\/06\/Grandes-Questions-11-scaled-e1750084918751.jpg 2560w, https:\/\/www.modave.be\/wp-content\/uploads\/2025\/06\/Grandes-Questions-11-scaled-e1750084918751-300x150.jpg 300w, https:\/\/www.modave.be\/wp-content\/uploads\/2025\/06\/Grandes-Questions-11-scaled-e1750084918751-1024x512.jpg 1024w, https:\/\/www.modave.be\/wp-content\/uploads\/2025\/06\/Grandes-Questions-11-scaled-e1750084918751-768x384.jpg 768w, https:\/\/www.modave.be\/wp-content\/uploads\/2025\/06\/Grandes-Questions-11-scaled-e1750084918751-1536x768.jpg 1536w, https:\/\/www.modave.be\/wp-content\/uploads\/2025\/06\/Grandes-Questions-11-scaled-e1750084918751-2048x1024.jpg 2048w\" \/><\/a>\n\t<\/div>\n<\/div>\n\n<div class=\"post-entry-content\">\n\t<div class=\"post-entry-wrapper\">\n\t\t<div class=\"post-entry-body\">\n\t\t\t<h3 class=\"ele-entry-title\"><a href=\"https:\/\/www.modave.be\/index.php\/services_communaux\/urbanisme-avis-denquete-publique-16\/\" rel=\"bookmark\" title=\"Urbanisme | Avis d&rsquo;enqu\u00eate publique\">Urbanisme | Avis d&rsquo;enqu\u00eate publique<\/a><\/h3><a href=\"https:\/\/www.modave.be\/index.php\/services_communaux\/urbanisme-avis-denquete-publique-16\/\" target=\"\" aria-label=\"En savoir plus sur Urbanisme | Avis d&rsquo;enqu\u00eate publique\" class=\"box-button elementor-button elementor-size-xs\">Lire l&#039;article<\/a>\t\t<\/div>\n\t<\/div>\n<\/div><\/article><article class=\"post visible forward-post post-16416 services_communaux type-services_communaux status-publish has-post-thumbnail hentry category-urbanisme description-off\">\n<div class=\"post-thumbnail-wrap\">\n\t<div class=\"post-thumbnail \">\n\n\t\t<a class=\"post-thumbnail-rollover layzr-bg img-css-resize-wrapper\" aria-label=\"Image article\" href=\"https:\/\/www.modave.be\/index.php\/services_communaux\/urbanisme-avis-denquete-publique-15\/\"><img decoding=\"async\" width=\"2560\" height=\"1280\" src=\"data:image\/svg+xml,%3Csvg%20xmlns%3D&#039;http%3A%2F%2Fwww.w3.org%2F2000%2Fsvg&#039;%20viewBox%3D&#039;0%200%202560%201280&#039;%2F%3E\" class=\"attachment-full size-full preload-me aspect lazy lazy-load\" alt=\"\" sizes=\"(max-width: 2560px) 100vw, 2560px\" style=\"--ratio: 2560 \/ 1280;\" data-src=\"https:\/\/www.modave.be\/wp-content\/uploads\/2025\/06\/Grandes-Questions-11-scaled-e1750084918751.jpg\" loading=\"eager\" data-srcset=\"https:\/\/www.modave.be\/wp-content\/uploads\/2025\/06\/Grandes-Questions-11-scaled-e1750084918751.jpg 2560w, https:\/\/www.modave.be\/wp-content\/uploads\/2025\/06\/Grandes-Questions-11-scaled-e1750084918751-300x150.jpg 300w, https:\/\/www.modave.be\/wp-content\/uploads\/2025\/06\/Grandes-Questions-11-scaled-e1750084918751-1024x512.jpg 1024w, https:\/\/www.modave.be\/wp-content\/uploads\/2025\/06\/Grandes-Questions-11-scaled-e1750084918751-768x384.jpg 768w, https:\/\/www.modave.be\/wp-content\/uploads\/2025\/06\/Grandes-Questions-11-scaled-e1750084918751-1536x768.jpg 1536w, https:\/\/www.modave.be\/wp-content\/uploads\/2025\/06\/Grandes-Questions-11-scaled-e1750084918751-2048x1024.jpg 2048w\" \/><\/a>\n\t<\/div>\n<\/div>\n\n<div class=\"post-entry-content\">\n\t<div class=\"post-entry-wrapper\">\n\t\t<div class=\"post-entry-body\">\n\t\t\t<h3 class=\"ele-entry-title\"><a href=\"https:\/\/www.modave.be\/index.php\/services_communaux\/urbanisme-avis-denquete-publique-15\/\" rel=\"bookmark\" title=\"Urbanisme | Avis d&rsquo;enqu\u00eate publique\">Urbanisme | Avis d&rsquo;enqu\u00eate publique<\/a><\/h3><a href=\"https:\/\/www.modave.be\/index.php\/services_communaux\/urbanisme-avis-denquete-publique-15\/\" target=\"\" aria-label=\"En savoir plus sur Urbanisme | Avis d&rsquo;enqu\u00eate publique\" class=\"box-button elementor-button elementor-size-xs\">Lire l&#039;article<\/a>\t\t<\/div>\n\t<\/div>\n<\/div><\/article><article class=\"post visible forward-post post-16400 services_communaux type-services_communaux status-publish has-post-thumbnail hentry category-urbanisme description-off\">\n<div class=\"post-thumbnail-wrap\">\n\t<div class=\"post-thumbnail \">\n\n\t\t<a class=\"post-thumbnail-rollover layzr-bg img-css-resize-wrapper\" aria-label=\"Image article\" href=\"https:\/\/www.modave.be\/index.php\/services_communaux\/urbanisme-avis-denquete-publique-14\/\"><img decoding=\"async\" width=\"2560\" height=\"1280\" src=\"data:image\/svg+xml,%3Csvg%20xmlns%3D&#039;http%3A%2F%2Fwww.w3.org%2F2000%2Fsvg&#039;%20viewBox%3D&#039;0%200%202560%201280&#039;%2F%3E\" class=\"attachment-full size-full preload-me aspect lazy lazy-load\" alt=\"\" sizes=\"(max-width: 2560px) 100vw, 2560px\" style=\"--ratio: 2560 \/ 1280;\" data-src=\"https:\/\/www.modave.be\/wp-content\/uploads\/2025\/06\/Grandes-Questions-11-scaled-e1750084918751.jpg\" loading=\"eager\" data-srcset=\"https:\/\/www.modave.be\/wp-content\/uploads\/2025\/06\/Grandes-Questions-11-scaled-e1750084918751.jpg 2560w, https:\/\/www.modave.be\/wp-content\/uploads\/2025\/06\/Grandes-Questions-11-scaled-e1750084918751-300x150.jpg 300w, https:\/\/www.modave.be\/wp-content\/uploads\/2025\/06\/Grandes-Questions-11-scaled-e1750084918751-1024x512.jpg 1024w, https:\/\/www.modave.be\/wp-content\/uploads\/2025\/06\/Grandes-Questions-11-scaled-e1750084918751-768x384.jpg 768w, https:\/\/www.modave.be\/wp-content\/uploads\/2025\/06\/Grandes-Questions-11-scaled-e1750084918751-1536x768.jpg 1536w, https:\/\/www.modave.be\/wp-content\/uploads\/2025\/06\/Grandes-Questions-11-scaled-e1750084918751-2048x1024.jpg 2048w\" \/><\/a>\n\t<\/div>\n<\/div>\n\n<div class=\"post-entry-content\">\n\t<div class=\"post-entry-wrapper\">\n\t\t<div class=\"post-entry-body\">\n\t\t\t<h3 class=\"ele-entry-title\"><a href=\"https:\/\/www.modave.be\/index.php\/services_communaux\/urbanisme-avis-denquete-publique-14\/\" rel=\"bookmark\" title=\"Urbanisme | Avis d&rsquo;enqu\u00eate publique\">Urbanisme | Avis d&rsquo;enqu\u00eate publique<\/a><\/h3><a href=\"https:\/\/www.modave.be\/index.php\/services_communaux\/urbanisme-avis-denquete-publique-14\/\" target=\"\" aria-label=\"En savoir plus sur Urbanisme | Avis d&rsquo;enqu\u00eate publique\" class=\"box-button elementor-button elementor-size-xs\">Lire l&#039;article<\/a>\t\t<\/div>\n\t<\/div>\n<\/div><\/article><\/div><div class=\"owl-nav disabled\"><div class=\"owl-prev\" role=\"button\" tabindex=\"0\" aria-label=\"Prev slide\"><i class=\"fas fa-chevron-left\"><\/i><\/div><div class=\"owl-next\" role=\"button\" tabindex=\"0\" aria-label=\"Next slide\"><i class=\"fas fa-chevron-right\"><\/i><\/div><\/div>\t\t\t\t<\/div>\n\t\t\t\t<\/div>\n\t\t\t\t<div class=\"elementor-element elementor-element-6f3e234 elementor-widget elementor-widget-spacer\" data-id=\"6f3e234\" data-element_type=\"widget\" data-e-type=\"widget\" data-widget_type=\"spacer.default\">\n\t\t\t\t<div class=\"elementor-widget-container\">\n\t\t\t\t\t\t\t<div class=\"elementor-spacer\">\n\t\t\t<div class=\"elementor-spacer-inner\"><\/div>\n\t\t<\/div>\n\t\t\t\t\t\t<\/div>\n\t\t\t\t<\/div>\n\t\t\t\t\t<\/div>\n\t\t<\/div>\n\t\t\t\t\t<\/div>\n\t\t<\/section>\n\t\t\t\t<\/div>\n\t\t","protected":false},"excerpt":{"rendered":"<p>You are here: Home Page Sophie Obyn T\u00e9l\u00e9phone 085\/41.02.20 Ext 3 Fax 085\/41.02.25 Email urbanisme2@modave.be Adresse Administration communale Place G. Hubin, 1-3 4577 MODAVE St\u00e9phanie Servotte T\u00e9l\u00e9phone 085\/41.02.20 Ext 3 Fax 085\/41.02.25 Email urbanisme@modave.be Adresse Administration communale Place G. Hubin, 1-3 4577 MODAVE Pascaline Dewez T\u00e9l\u00e9phone 085\/41.02.20 Ext 3 Fax 085\/41.02.25 Adresse Administration communale Place&hellip;<\/p>\n","protected":false},"author":1,"featured_media":12713,"parent":10864,"menu_order":0,"comment_status":"closed","ping_status":"closed","template":"","meta":{"footnotes":""},"class_list":["post-11387","page","type-page","status-publish","has-post-thumbnail","hentry","description-off"],"yoast_head":"<!-- This site is optimized with the Yoast SEO plugin v27.5 - https:\/\/yoast.com\/product\/yoast-seo-wordpress\/ -->\n<title>Urbanisme - Commune de Modave<\/title>\n<meta name=\"robots\" content=\"index, follow, max-snippet:-1, max-image-preview:large, max-video-preview:-1\" \/>\n<link rel=\"canonical\" href=\"https:\/\/www.modave.be\/index.php\/services-communaux\/urbanisme\/\" \/>\n<meta property=\"og:locale\" content=\"fr_FR\" \/>\n<meta property=\"og:type\" content=\"article\" \/>\n<meta property=\"og:title\" content=\"Urbanisme - Commune de Modave\" \/>\n<meta property=\"og:description\" content=\"You are here: Home Page Sophie Obyn T\u00e9l\u00e9phone 085\/41.02.20 Ext 3 Fax 085\/41.02.25 Email urbanisme2@modave.be Adresse Administration communale Place G. Hubin, 1-3 4577 MODAVE St\u00e9phanie Servotte T\u00e9l\u00e9phone 085\/41.02.20 Ext 3 Fax 085\/41.02.25 Email urbanisme@modave.be Adresse Administration communale Place G. Hubin, 1-3 4577 MODAVE Pascaline Dewez T\u00e9l\u00e9phone 085\/41.02.20 Ext 3 Fax 085\/41.02.25 Adresse Administration communale Place&hellip;\" \/>\n<meta property=\"og:url\" content=\"https:\/\/www.modave.be\/index.php\/services-communaux\/urbanisme\/\" \/>\n<meta property=\"og:site_name\" content=\"Commune de Modave\" \/>\n<meta property=\"article:modified_time\" content=\"2025-10-22T09:33:02+00:00\" \/>\n<meta property=\"og:image\" content=\"https:\/\/www.modave.be\/wp-content\/uploads\/2023\/12\/1.png\" \/>\n\t<meta property=\"og:image:width\" content=\"583\" \/>\n\t<meta property=\"og:image:height\" content=\"368\" \/>\n\t<meta property=\"og:image:type\" content=\"image\/png\" \/>\n<meta name=\"twitter:card\" content=\"summary_large_image\" \/>\n<meta name=\"twitter:label1\" content=\"Dur\u00e9e de lecture estim\u00e9e\" \/>\n\t<meta name=\"twitter:data1\" content=\"2 minutes\" \/>\n<script type=\"application\/ld+json\" class=\"yoast-schema-graph\">{\"@context\":\"https:\\\/\\\/schema.org\",\"@graph\":[{\"@type\":\"WebPage\",\"@id\":\"https:\\\/\\\/www.modave.be\\\/index.php\\\/services-communaux\\\/urbanisme\\\/\",\"url\":\"https:\\\/\\\/www.modave.be\\\/index.php\\\/services-communaux\\\/urbanisme\\\/\",\"name\":\"Urbanisme - Commune de Modave\",\"isPartOf\":{\"@id\":\"https:\\\/\\\/www.modave.be\\\/#website\"},\"primaryImageOfPage\":{\"@id\":\"https:\\\/\\\/www.modave.be\\\/index.php\\\/services-communaux\\\/urbanisme\\\/#primaryimage\"},\"image\":{\"@id\":\"https:\\\/\\\/www.modave.be\\\/index.php\\\/services-communaux\\\/urbanisme\\\/#primaryimage\"},\"thumbnailUrl\":\"https:\\\/\\\/www.modave.be\\\/wp-content\\\/uploads\\\/2023\\\/12\\\/1.png\",\"datePublished\":\"2023-02-24T08:04:23+00:00\",\"dateModified\":\"2025-10-22T09:33:02+00:00\",\"breadcrumb\":{\"@id\":\"https:\\\/\\\/www.modave.be\\\/index.php\\\/services-communaux\\\/urbanisme\\\/#breadcrumb\"},\"inLanguage\":\"fr-FR\",\"potentialAction\":[{\"@type\":\"ReadAction\",\"target\":[\"https:\\\/\\\/www.modave.be\\\/index.php\\\/services-communaux\\\/urbanisme\\\/\"]}]},{\"@type\":\"ImageObject\",\"inLanguage\":\"fr-FR\",\"@id\":\"https:\\\/\\\/www.modave.be\\\/index.php\\\/services-communaux\\\/urbanisme\\\/#primaryimage\",\"url\":\"https:\\\/\\\/www.modave.be\\\/wp-content\\\/uploads\\\/2023\\\/12\\\/1.png\",\"contentUrl\":\"https:\\\/\\\/www.modave.be\\\/wp-content\\\/uploads\\\/2023\\\/12\\\/1.png\",\"width\":583,\"height\":368},{\"@type\":\"BreadcrumbList\",\"@id\":\"https:\\\/\\\/www.modave.be\\\/index.php\\\/services-communaux\\\/urbanisme\\\/#breadcrumb\",\"itemListElement\":[{\"@type\":\"ListItem\",\"position\":1,\"name\":\"Accueil\",\"item\":\"https:\\\/\\\/www.modave.be\\\/\"},{\"@type\":\"ListItem\",\"position\":2,\"name\":\"Services Communaux\",\"item\":\"https:\\\/\\\/www.modave.be\\\/index.php\\\/services-communaux\\\/\"},{\"@type\":\"ListItem\",\"position\":3,\"name\":\"Urbanisme\"}]},{\"@type\":\"WebSite\",\"@id\":\"https:\\\/\\\/www.modave.be\\\/#website\",\"url\":\"https:\\\/\\\/www.modave.be\\\/\",\"name\":\"Commune de Modave\",\"description\":\"Commune de Modave\",\"publisher\":{\"@id\":\"https:\\\/\\\/www.modave.be\\\/#organization\"},\"potentialAction\":[{\"@type\":\"SearchAction\",\"target\":{\"@type\":\"EntryPoint\",\"urlTemplate\":\"https:\\\/\\\/www.modave.be\\\/?s={search_term_string}\"},\"query-input\":{\"@type\":\"PropertyValueSpecification\",\"valueRequired\":true,\"valueName\":\"search_term_string\"}}],\"inLanguage\":\"fr-FR\"},{\"@type\":\"Organization\",\"@id\":\"https:\\\/\\\/www.modave.be\\\/#organization\",\"name\":\"Commune de Modave\",\"url\":\"https:\\\/\\\/www.modave.be\\\/\",\"logo\":{\"@type\":\"ImageObject\",\"inLanguage\":\"fr-FR\",\"@id\":\"https:\\\/\\\/www.modave.be\\\/#\\\/schema\\\/logo\\\/image\\\/\",\"url\":\"https:\\\/\\\/www.modave.be\\\/wp-content\\\/uploads\\\/2021\\\/12\\\/MODAVE_LOGO_HORIZONTAL_QUADRI_RVB.png\",\"contentUrl\":\"https:\\\/\\\/www.modave.be\\\/wp-content\\\/uploads\\\/2021\\\/12\\\/MODAVE_LOGO_HORIZONTAL_QUADRI_RVB.png\",\"width\":1200,\"height\":501,\"caption\":\"Commune de Modave\"},\"image\":{\"@id\":\"https:\\\/\\\/www.modave.be\\\/#\\\/schema\\\/logo\\\/image\\\/\"}}]}<\/script>\n<!-- \/ Yoast SEO plugin. -->","yoast_head_json":{"title":"Urbanisme - Commune de Modave","robots":{"index":"index","follow":"follow","max-snippet":"max-snippet:-1","max-image-preview":"max-image-preview:large","max-video-preview":"max-video-preview:-1"},"canonical":"https:\/\/www.modave.be\/index.php\/services-communaux\/urbanisme\/","og_locale":"fr_FR","og_type":"article","og_title":"Urbanisme - Commune de Modave","og_description":"You are here: Home Page Sophie Obyn T\u00e9l\u00e9phone 085\/41.02.20 Ext 3 Fax 085\/41.02.25 Email urbanisme2@modave.be Adresse Administration communale Place G. Hubin, 1-3 4577 MODAVE St\u00e9phanie Servotte T\u00e9l\u00e9phone 085\/41.02.20 Ext 3 Fax 085\/41.02.25 Email urbanisme@modave.be Adresse Administration communale Place G. Hubin, 1-3 4577 MODAVE Pascaline Dewez T\u00e9l\u00e9phone 085\/41.02.20 Ext 3 Fax 085\/41.02.25 Adresse Administration communale Place&hellip;","og_url":"https:\/\/www.modave.be\/index.php\/services-communaux\/urbanisme\/","og_site_name":"Commune de Modave","article_modified_time":"2025-10-22T09:33:02+00:00","og_image":[{"width":583,"height":368,"url":"https:\/\/www.modave.be\/wp-content\/uploads\/2023\/12\/1.png","type":"image\/png"}],"twitter_card":"summary_large_image","twitter_misc":{"Dur\u00e9e de lecture estim\u00e9e":"2 minutes"},"schema":{"@context":"https:\/\/schema.org","@graph":[{"@type":"WebPage","@id":"https:\/\/www.modave.be\/index.php\/services-communaux\/urbanisme\/","url":"https:\/\/www.modave.be\/index.php\/services-communaux\/urbanisme\/","name":"Urbanisme - Commune de Modave","isPartOf":{"@id":"https:\/\/www.modave.be\/#website"},"primaryImageOfPage":{"@id":"https:\/\/www.modave.be\/index.php\/services-communaux\/urbanisme\/#primaryimage"},"image":{"@id":"https:\/\/www.modave.be\/index.php\/services-communaux\/urbanisme\/#primaryimage"},"thumbnailUrl":"https:\/\/www.modave.be\/wp-content\/uploads\/2023\/12\/1.png","datePublished":"2023-02-24T08:04:23+00:00","dateModified":"2025-10-22T09:33:02+00:00","breadcrumb":{"@id":"https:\/\/www.modave.be\/index.php\/services-communaux\/urbanisme\/#breadcrumb"},"inLanguage":"fr-FR","potentialAction":[{"@type":"ReadAction","target":["https:\/\/www.modave.be\/index.php\/services-communaux\/urbanisme\/"]}]},{"@type":"ImageObject","inLanguage":"fr-FR","@id":"https:\/\/www.modave.be\/index.php\/services-communaux\/urbanisme\/#primaryimage","url":"https:\/\/www.modave.be\/wp-content\/uploads\/2023\/12\/1.png","contentUrl":"https:\/\/www.modave.be\/wp-content\/uploads\/2023\/12\/1.png","width":583,"height":368},{"@type":"BreadcrumbList","@id":"https:\/\/www.modave.be\/index.php\/services-communaux\/urbanisme\/#breadcrumb","itemListElement":[{"@type":"ListItem","position":1,"name":"Accueil","item":"https:\/\/www.modave.be\/"},{"@type":"ListItem","position":2,"name":"Services Communaux","item":"https:\/\/www.modave.be\/index.php\/services-communaux\/"},{"@type":"ListItem","position":3,"name":"Urbanisme"}]},{"@type":"WebSite","@id":"https:\/\/www.modave.be\/#website","url":"https:\/\/www.modave.be\/","name":"Commune de Modave","description":"Commune de Modave","publisher":{"@id":"https:\/\/www.modave.be\/#organization"},"potentialAction":[{"@type":"SearchAction","target":{"@type":"EntryPoint","urlTemplate":"https:\/\/www.modave.be\/?s={search_term_string}"},"query-input":{"@type":"PropertyValueSpecification","valueRequired":true,"valueName":"search_term_string"}}],"inLanguage":"fr-FR"},{"@type":"Organization","@id":"https:\/\/www.modave.be\/#organization","name":"Commune de Modave","url":"https:\/\/www.modave.be\/","logo":{"@type":"ImageObject","inLanguage":"fr-FR","@id":"https:\/\/www.modave.be\/#\/schema\/logo\/image\/","url":"https:\/\/www.modave.be\/wp-content\/uploads\/2021\/12\/MODAVE_LOGO_HORIZONTAL_QUADRI_RVB.png","contentUrl":"https:\/\/www.modave.be\/wp-content\/uploads\/2021\/12\/MODAVE_LOGO_HORIZONTAL_QUADRI_RVB.png","width":1200,"height":501,"caption":"Commune de Modave"},"image":{"@id":"https:\/\/www.modave.be\/#\/schema\/logo\/image\/"}}]}},"_links":{"self":[{"href":"https:\/\/www.modave.be\/index.php\/wp-json\/wp\/v2\/pages\/11387","targetHints":{"allow":["GET"]}}],"collection":[{"href":"https:\/\/www.modave.be\/index.php\/wp-json\/wp\/v2\/pages"}],"about":[{"href":"https:\/\/www.modave.be\/index.php\/wp-json\/wp\/v2\/types\/page"}],"author":[{"embeddable":true,"href":"https:\/\/www.modave.be\/index.php\/wp-json\/wp\/v2\/users\/1"}],"replies":[{"embeddable":true,"href":"https:\/\/www.modave.be\/index.php\/wp-json\/wp\/v2\/comments?post=11387"}],"version-history":[{"count":0,"href":"https:\/\/www.modave.be\/index.php\/wp-json\/wp\/v2\/pages\/11387\/revisions"}],"up":[{"embeddable":true,"href":"https:\/\/www.modave.be\/index.php\/wp-json\/wp\/v2\/pages\/10864"}],"wp:featuredmedia":[{"embeddable":true,"href":"https:\/\/www.modave.be\/index.php\/wp-json\/wp\/v2\/media\/12713"}],"wp:attachment":[{"href":"https:\/\/www.modave.be\/index.php\/wp-json\/wp\/v2\/media?parent=11387"}],"curies":[{"name":"wp","href":"https:\/\/api.w.org\/{rel}","templated":true}]}}