{"id":11469,"date":"2023-03-01T16:46:15","date_gmt":"2023-03-01T15:46:15","guid":{"rendered":"http:\/\/217.182.142.226\/?page_id=11469"},"modified":"2023-03-01T16:49:55","modified_gmt":"2023-03-01T15:49:55","slug":"agence-locale-pour-lemploi","status":"publish","type":"page","link":"https:\/\/www.modave.be\/index.php\/agence-locale-pour-lemploi\/","title":{"rendered":"Agence locale pour l&#8217;emploi"},"content":{"rendered":"\t\t<div data-elementor-type=\"wp-page\" data-elementor-id=\"11469\" class=\"elementor elementor-11469\" wpc-filter-elementor-widget=\"1\" data-elementor-post-type=\"page\">\n\t\t\t\t\t\t<section class=\"elementor-section elementor-top-section elementor-element elementor-element-4214761 elementor-section-boxed elementor-section-height-default elementor-section-height-default\" data-id=\"4214761\" data-element_type=\"section\" data-e-type=\"section\">\n\t\t\t\t\t\t<div class=\"elementor-container elementor-column-gap-default\">\n\t\t\t\t\t<div class=\"elementor-column elementor-col-50 elementor-top-column elementor-element elementor-element-76d6199\" data-id=\"76d6199\" data-element_type=\"column\" data-e-type=\"column\">\n\t\t\t<div class=\"elementor-widget-wrap elementor-element-populated\">\n\t\t\t\t\t\t<div class=\"elementor-element elementor-element-cbadd7d elementor-widget elementor-widget-image\" data-id=\"cbadd7d\" data-element_type=\"widget\" data-e-type=\"widget\" data-widget_type=\"image.default\">\n\t\t\t\t<div class=\"elementor-widget-container\">\n\t\t\t\t\t\t\t\t\t\t\t\t\t\t\t<img decoding=\"async\" width=\"200\" height=\"133\" src=\"https:\/\/www.modave.be\/wp-content\/uploads\/2023\/03\/work-ALE.jpg\" class=\"attachment-large size-large wp-image-11472\" alt=\"\" \/>\t\t\t\t\t\t\t\t\t\t\t\t\t\t\t<\/div>\n\t\t\t\t<\/div>\n\t\t\t\t\t<\/div>\n\t\t<\/div>\n\t\t\t\t<div class=\"elementor-column elementor-col-50 elementor-top-column elementor-element elementor-element-484f16d\" data-id=\"484f16d\" data-element_type=\"column\" data-e-type=\"column\">\n\t\t\t<div class=\"elementor-widget-wrap elementor-element-populated\">\n\t\t\t\t\t\t<div class=\"elementor-element elementor-element-ee6f948 elementor-widget elementor-widget-text-editor\" data-id=\"ee6f948\" data-element_type=\"widget\" data-e-type=\"widget\" data-widget_type=\"text-editor.default\">\n\t\t\t\t<div class=\"elementor-widget-container\">\n\t\t\t\t\t\t\t\t\t<table border=\"0\"><tbody><tr><td valign=\"top\"><ul class=\"address\"><li>Rue des Potalles, 16<br \/>4577 MODAVE<\/li><li>085\/51.39.94<br \/>085\/51.39.95<\/li><li><span id=\"cloak751066124126370646f8cbf54621b545\"><a href=\"mailto:alem.modave@modave.be\">alem.modave@modave.be<\/a><\/span><\/li><\/ul><div>Ouvert du lundi au vendredi de 8h30 \u00e0 12h30<\/div><\/td><td align=\"left\" valign=\"top\">\u00a0<\/td><\/tr><\/tbody><\/table>\t\t\t\t\t\t\t\t<\/div>\n\t\t\t\t<\/div>\n\t\t\t\t\t<\/div>\n\t\t<\/div>\n\t\t\t\t\t<\/div>\n\t\t<\/section>\n\t\t\t\t<section class=\"elementor-section elementor-top-section elementor-element elementor-element-0d200c7 elementor-section-boxed elementor-section-height-default elementor-section-height-default\" data-id=\"0d200c7\" data-element_type=\"section\" data-e-type=\"section\">\n\t\t\t\t\t\t<div class=\"elementor-container elementor-column-gap-default\">\n\t\t\t\t\t<div class=\"elementor-column elementor-col-100 elementor-top-column elementor-element elementor-element-57a8616\" data-id=\"57a8616\" data-element_type=\"column\" data-e-type=\"column\">\n\t\t\t<div class=\"elementor-widget-wrap elementor-element-populated\">\n\t\t\t\t\t\t<div class=\"elementor-element elementor-element-dddb636 elementor-widget elementor-widget-text-editor\" data-id=\"dddb636\" data-element_type=\"widget\" data-e-type=\"widget\" data-widget_type=\"text-editor.default\">\n\t\t\t\t<div class=\"elementor-widget-container\">\n\t\t\t\t\t\t\t\t\t<p><strong>La cr\u00e9ation des agences locales pour l&#8217;emploi dans les communes ou dans un groupe de communes a pour but de satisfaire \u00e0 la demande d&rsquo;un certain nombre d&rsquo;activit\u00e9s non rencontr\u00e9es par les circuits de travail r\u00e9guliers et qui ne sont pas en concurrence avec ceux-ci. De plus, les ALE doivent aussi r\u00e9pondre \u00e0 la demande d&#8217;emploi de la part des ch\u00f4meurs de longue dur\u00e9e, des b\u00e9n\u00e9ficiaires du revenu d&rsquo;int\u00e9gration sociale et de certains b\u00e9n\u00e9ficiaires de l&rsquo;aide sociale financi\u00e8re, qui trouvent difficilement une place sur le march\u00e9 du travail.<\/strong><\/p>\t\t\t\t\t\t\t\t<\/div>\n\t\t\t\t<\/div>\n\t\t\t\t\t<\/div>\n\t\t<\/div>\n\t\t\t\t\t<\/div>\n\t\t<\/section>\n\t\t\t\t<section class=\"elementor-section elementor-top-section elementor-element elementor-element-ed4e32c elementor-section-boxed elementor-section-height-default elementor-section-height-default\" data-id=\"ed4e32c\" data-element_type=\"section\" data-e-type=\"section\">\n\t\t\t\t\t\t<div class=\"elementor-container elementor-column-gap-default\">\n\t\t\t\t\t<div class=\"elementor-column elementor-col-100 elementor-top-column elementor-element elementor-element-3da7f2e\" data-id=\"3da7f2e\" data-element_type=\"column\" data-e-type=\"column\">\n\t\t\t<div class=\"elementor-widget-wrap elementor-element-populated\">\n\t\t\t\t\t\t<div class=\"elementor-element elementor-element-4050fca elementor-widget elementor-widget-google_maps\" data-id=\"4050fca\" data-element_type=\"widget\" data-e-type=\"widget\" data-widget_type=\"google_maps.default\">\n\t\t\t\t<div class=\"elementor-widget-container\">\n\t\t\t\t\t\t\t<div class=\"elementor-custom-embed\">\n\t\t\t<iframe loading=\"lazy\"\n\t\t\t\t\tsrc=\"https:\/\/www.google.com\/maps\/embed\/v1\/place?key=AIzaSyB3enJbwMxdm2Xn6vOKNdHdPsadDdIi0gg&#038;q=Rue%20des%20Potalles%2C%2016%204577%20MODAVE&#038;zoom=16\"\n\t\t\t\t\ttitle=\"Rue des Potalles, 16 4577 MODAVE\"\n\t\t\t\t\taria-label=\"Rue des Potalles, 16 4577 MODAVE\"\n\t\t\t><\/iframe>\n\t\t<\/div>\n\t\t\t\t\t\t<\/div>\n\t\t\t\t<\/div>\n\t\t\t\t\t<\/div>\n\t\t<\/div>\n\t\t\t\t\t<\/div>\n\t\t<\/section>\n\t\t\t\t<\/div>\n\t\t","protected":false},"excerpt":{"rendered":"<p>Rue des Potalles, 164577 MODAVE 085\/51.39.94085\/51.39.95 alem.modave@modave.be Ouvert du lundi au vendredi de 8h30 \u00e0 12h30 \u00a0 La cr\u00e9ation des agences locales pour l&#8217;emploi dans les communes ou dans un groupe de communes a pour but de satisfaire \u00e0 la demande d&rsquo;un certain nombre d&rsquo;activit\u00e9s non rencontr\u00e9es par les circuits de travail r\u00e9guliers et qui&hellip;<\/p>\n","protected":false},"author":1,"featured_media":11470,"parent":0,"menu_order":0,"comment_status":"closed","ping_status":"closed","template":"","meta":{"footnotes":""},"class_list":["post-11469","page","type-page","status-publish","has-post-thumbnail","hentry"],"yoast_head":"<!-- This site is optimized with the Yoast SEO plugin v27.4 - https:\/\/yoast.com\/product\/yoast-seo-wordpress\/ -->\n<title>Agence locale pour l&#039;emploi - Commune de Modave<\/title>\n<meta name=\"robots\" content=\"index, follow, max-snippet:-1, max-image-preview:large, max-video-preview:-1\" \/>\n<link rel=\"canonical\" href=\"https:\/\/www.modave.be\/index.php\/agence-locale-pour-lemploi\/\" \/>\n<meta property=\"og:locale\" content=\"fr_FR\" \/>\n<meta property=\"og:type\" content=\"article\" \/>\n<meta property=\"og:title\" content=\"Agence locale pour l&#039;emploi - Commune de Modave\" \/>\n<meta property=\"og:description\" content=\"Rue des Potalles, 164577 MODAVE 085\/51.39.94085\/51.39.95 alem.modave@modave.be Ouvert du lundi au vendredi de 8h30 \u00e0 12h30 \u00a0 La cr\u00e9ation des agences locales pour l&#8217;emploi dans les communes ou dans un groupe de communes a pour but de satisfaire \u00e0 la demande d&rsquo;un certain nombre d&rsquo;activit\u00e9s non rencontr\u00e9es par les circuits de travail r\u00e9guliers et qui&hellip;\" \/>\n<meta property=\"og:url\" content=\"https:\/\/www.modave.be\/index.php\/agence-locale-pour-lemploi\/\" \/>\n<meta property=\"og:site_name\" content=\"Commune de Modave\" \/>\n<meta property=\"article:modified_time\" content=\"2023-03-01T15:49:55+00:00\" \/>\n<meta property=\"og:image\" content=\"https:\/\/www.modave.be\/wp-content\/uploads\/2023\/03\/Agence-Locale-Emploi-scaled.jpg\" \/>\n\t<meta property=\"og:image:width\" content=\"2560\" \/>\n\t<meta property=\"og:image:height\" content=\"1590\" \/>\n\t<meta property=\"og:image:type\" content=\"image\/jpeg\" \/>\n<meta name=\"twitter:card\" content=\"summary_large_image\" \/>\n<meta name=\"twitter:label1\" content=\"Dur\u00e9e de lecture estim\u00e9e\" \/>\n\t<meta name=\"twitter:data1\" content=\"1 minute\" \/>\n<script type=\"application\/ld+json\" class=\"yoast-schema-graph\">{\"@context\":\"https:\\\/\\\/schema.org\",\"@graph\":[{\"@type\":\"WebPage\",\"@id\":\"https:\\\/\\\/www.modave.be\\\/index.php\\\/agence-locale-pour-lemploi\\\/\",\"url\":\"https:\\\/\\\/www.modave.be\\\/index.php\\\/agence-locale-pour-lemploi\\\/\",\"name\":\"Agence locale pour l'emploi - Commune de Modave\",\"isPartOf\":{\"@id\":\"https:\\\/\\\/www.modave.be\\\/#website\"},\"primaryImageOfPage\":{\"@id\":\"https:\\\/\\\/www.modave.be\\\/index.php\\\/agence-locale-pour-lemploi\\\/#primaryimage\"},\"image\":{\"@id\":\"https:\\\/\\\/www.modave.be\\\/index.php\\\/agence-locale-pour-lemploi\\\/#primaryimage\"},\"thumbnailUrl\":\"https:\\\/\\\/www.modave.be\\\/wp-content\\\/uploads\\\/2023\\\/03\\\/Agence-Locale-Emploi-scaled.jpg\",\"datePublished\":\"2023-03-01T15:46:15+00:00\",\"dateModified\":\"2023-03-01T15:49:55+00:00\",\"breadcrumb\":{\"@id\":\"https:\\\/\\\/www.modave.be\\\/index.php\\\/agence-locale-pour-lemploi\\\/#breadcrumb\"},\"inLanguage\":\"fr-FR\",\"potentialAction\":[{\"@type\":\"ReadAction\",\"target\":[\"https:\\\/\\\/www.modave.be\\\/index.php\\\/agence-locale-pour-lemploi\\\/\"]}]},{\"@type\":\"ImageObject\",\"inLanguage\":\"fr-FR\",\"@id\":\"https:\\\/\\\/www.modave.be\\\/index.php\\\/agence-locale-pour-lemploi\\\/#primaryimage\",\"url\":\"https:\\\/\\\/www.modave.be\\\/wp-content\\\/uploads\\\/2023\\\/03\\\/Agence-Locale-Emploi-scaled.jpg\",\"contentUrl\":\"https:\\\/\\\/www.modave.be\\\/wp-content\\\/uploads\\\/2023\\\/03\\\/Agence-Locale-Emploi-scaled.jpg\",\"width\":2560,\"height\":1590},{\"@type\":\"BreadcrumbList\",\"@id\":\"https:\\\/\\\/www.modave.be\\\/index.php\\\/agence-locale-pour-lemploi\\\/#breadcrumb\",\"itemListElement\":[{\"@type\":\"ListItem\",\"position\":1,\"name\":\"Accueil\",\"item\":\"https:\\\/\\\/www.modave.be\\\/\"},{\"@type\":\"ListItem\",\"position\":2,\"name\":\"Agence locale pour l&#8217;emploi\"}]},{\"@type\":\"WebSite\",\"@id\":\"https:\\\/\\\/www.modave.be\\\/#website\",\"url\":\"https:\\\/\\\/www.modave.be\\\/\",\"name\":\"Commune de Modave\",\"description\":\"Commune de Modave\",\"publisher\":{\"@id\":\"https:\\\/\\\/www.modave.be\\\/#organization\"},\"potentialAction\":[{\"@type\":\"SearchAction\",\"target\":{\"@type\":\"EntryPoint\",\"urlTemplate\":\"https:\\\/\\\/www.modave.be\\\/?s={search_term_string}\"},\"query-input\":{\"@type\":\"PropertyValueSpecification\",\"valueRequired\":true,\"valueName\":\"search_term_string\"}}],\"inLanguage\":\"fr-FR\"},{\"@type\":\"Organization\",\"@id\":\"https:\\\/\\\/www.modave.be\\\/#organization\",\"name\":\"Commune de Modave\",\"url\":\"https:\\\/\\\/www.modave.be\\\/\",\"logo\":{\"@type\":\"ImageObject\",\"inLanguage\":\"fr-FR\",\"@id\":\"https:\\\/\\\/www.modave.be\\\/#\\\/schema\\\/logo\\\/image\\\/\",\"url\":\"https:\\\/\\\/www.modave.be\\\/wp-content\\\/uploads\\\/2021\\\/12\\\/MODAVE_LOGO_HORIZONTAL_QUADRI_RVB.png\",\"contentUrl\":\"https:\\\/\\\/www.modave.be\\\/wp-content\\\/uploads\\\/2021\\\/12\\\/MODAVE_LOGO_HORIZONTAL_QUADRI_RVB.png\",\"width\":1200,\"height\":501,\"caption\":\"Commune de Modave\"},\"image\":{\"@id\":\"https:\\\/\\\/www.modave.be\\\/#\\\/schema\\\/logo\\\/image\\\/\"}}]}<\/script>\n<!-- \/ Yoast SEO plugin. -->","yoast_head_json":{"title":"Agence locale pour l'emploi - Commune de Modave","robots":{"index":"index","follow":"follow","max-snippet":"max-snippet:-1","max-image-preview":"max-image-preview:large","max-video-preview":"max-video-preview:-1"},"canonical":"https:\/\/www.modave.be\/index.php\/agence-locale-pour-lemploi\/","og_locale":"fr_FR","og_type":"article","og_title":"Agence locale pour l'emploi - Commune de Modave","og_description":"Rue des Potalles, 164577 MODAVE 085\/51.39.94085\/51.39.95 alem.modave@modave.be Ouvert du lundi au vendredi de 8h30 \u00e0 12h30 \u00a0 La cr\u00e9ation des agences locales pour l&#8217;emploi dans les communes ou dans un groupe de communes a pour but de satisfaire \u00e0 la demande d&rsquo;un certain nombre d&rsquo;activit\u00e9s non rencontr\u00e9es par les circuits de travail r\u00e9guliers et qui&hellip;","og_url":"https:\/\/www.modave.be\/index.php\/agence-locale-pour-lemploi\/","og_site_name":"Commune de Modave","article_modified_time":"2023-03-01T15:49:55+00:00","og_image":[{"width":2560,"height":1590,"url":"https:\/\/www.modave.be\/wp-content\/uploads\/2023\/03\/Agence-Locale-Emploi-scaled.jpg","type":"image\/jpeg"}],"twitter_card":"summary_large_image","twitter_misc":{"Dur\u00e9e de lecture estim\u00e9e":"1 minute"},"schema":{"@context":"https:\/\/schema.org","@graph":[{"@type":"WebPage","@id":"https:\/\/www.modave.be\/index.php\/agence-locale-pour-lemploi\/","url":"https:\/\/www.modave.be\/index.php\/agence-locale-pour-lemploi\/","name":"Agence locale pour l'emploi - Commune de Modave","isPartOf":{"@id":"https:\/\/www.modave.be\/#website"},"primaryImageOfPage":{"@id":"https:\/\/www.modave.be\/index.php\/agence-locale-pour-lemploi\/#primaryimage"},"image":{"@id":"https:\/\/www.modave.be\/index.php\/agence-locale-pour-lemploi\/#primaryimage"},"thumbnailUrl":"https:\/\/www.modave.be\/wp-content\/uploads\/2023\/03\/Agence-Locale-Emploi-scaled.jpg","datePublished":"2023-03-01T15:46:15+00:00","dateModified":"2023-03-01T15:49:55+00:00","breadcrumb":{"@id":"https:\/\/www.modave.be\/index.php\/agence-locale-pour-lemploi\/#breadcrumb"},"inLanguage":"fr-FR","potentialAction":[{"@type":"ReadAction","target":["https:\/\/www.modave.be\/index.php\/agence-locale-pour-lemploi\/"]}]},{"@type":"ImageObject","inLanguage":"fr-FR","@id":"https:\/\/www.modave.be\/index.php\/agence-locale-pour-lemploi\/#primaryimage","url":"https:\/\/www.modave.be\/wp-content\/uploads\/2023\/03\/Agence-Locale-Emploi-scaled.jpg","contentUrl":"https:\/\/www.modave.be\/wp-content\/uploads\/2023\/03\/Agence-Locale-Emploi-scaled.jpg","width":2560,"height":1590},{"@type":"BreadcrumbList","@id":"https:\/\/www.modave.be\/index.php\/agence-locale-pour-lemploi\/#breadcrumb","itemListElement":[{"@type":"ListItem","position":1,"name":"Accueil","item":"https:\/\/www.modave.be\/"},{"@type":"ListItem","position":2,"name":"Agence locale pour l&#8217;emploi"}]},{"@type":"WebSite","@id":"https:\/\/www.modave.be\/#website","url":"https:\/\/www.modave.be\/","name":"Commune de Modave","description":"Commune de Modave","publisher":{"@id":"https:\/\/www.modave.be\/#organization"},"potentialAction":[{"@type":"SearchAction","target":{"@type":"EntryPoint","urlTemplate":"https:\/\/www.modave.be\/?s={search_term_string}"},"query-input":{"@type":"PropertyValueSpecification","valueRequired":true,"valueName":"search_term_string"}}],"inLanguage":"fr-FR"},{"@type":"Organization","@id":"https:\/\/www.modave.be\/#organization","name":"Commune de Modave","url":"https:\/\/www.modave.be\/","logo":{"@type":"ImageObject","inLanguage":"fr-FR","@id":"https:\/\/www.modave.be\/#\/schema\/logo\/image\/","url":"https:\/\/www.modave.be\/wp-content\/uploads\/2021\/12\/MODAVE_LOGO_HORIZONTAL_QUADRI_RVB.png","contentUrl":"https:\/\/www.modave.be\/wp-content\/uploads\/2021\/12\/MODAVE_LOGO_HORIZONTAL_QUADRI_RVB.png","width":1200,"height":501,"caption":"Commune de Modave"},"image":{"@id":"https:\/\/www.modave.be\/#\/schema\/logo\/image\/"}}]}},"_links":{"self":[{"href":"https:\/\/www.modave.be\/index.php\/wp-json\/wp\/v2\/pages\/11469","targetHints":{"allow":["GET"]}}],"collection":[{"href":"https:\/\/www.modave.be\/index.php\/wp-json\/wp\/v2\/pages"}],"about":[{"href":"https:\/\/www.modave.be\/index.php\/wp-json\/wp\/v2\/types\/page"}],"author":[{"embeddable":true,"href":"https:\/\/www.modave.be\/index.php\/wp-json\/wp\/v2\/users\/1"}],"replies":[{"embeddable":true,"href":"https:\/\/www.modave.be\/index.php\/wp-json\/wp\/v2\/comments?post=11469"}],"version-history":[{"count":0,"href":"https:\/\/www.modave.be\/index.php\/wp-json\/wp\/v2\/pages\/11469\/revisions"}],"wp:featuredmedia":[{"embeddable":true,"href":"https:\/\/www.modave.be\/index.php\/wp-json\/wp\/v2\/media\/11470"}],"wp:attachment":[{"href":"https:\/\/www.modave.be\/index.php\/wp-json\/wp\/v2\/media?parent=11469"}],"curies":[{"name":"wp","href":"https:\/\/api.w.org\/{rel}","templated":true}]}}