{"id":11539,"date":"2023-03-02T10:35:03","date_gmt":"2023-03-02T09:35:03","guid":{"rendered":"http:\/\/217.182.142.226\/?page_id=11539"},"modified":"2023-03-02T10:59:24","modified_gmt":"2023-03-02T09:59:24","slug":"ordres-du-jour-du-conseil","status":"publish","type":"page","link":"https:\/\/www.modave.be\/index.php\/ordres-du-jour-du-conseil\/","title":{"rendered":"Ordres du jour du Conseil"},"content":{"rendered":"\t\t<div data-elementor-type=\"wp-page\" data-elementor-id=\"11539\" class=\"elementor elementor-11539\" wpc-filter-elementor-widget=\"1\" data-elementor-post-type=\"page\">\n\t\t\t\t\t\t<section class=\"elementor-section elementor-top-section elementor-element elementor-element-0d60e15 elementor-section-boxed elementor-section-height-default elementor-section-height-default\" data-id=\"0d60e15\" data-element_type=\"section\" data-e-type=\"section\">\n\t\t\t\t\t\t<div class=\"elementor-container elementor-column-gap-default\">\n\t\t\t\t\t<div class=\"elementor-column elementor-col-100 elementor-top-column elementor-element elementor-element-55dc7fa\" data-id=\"55dc7fa\" data-element_type=\"column\" data-e-type=\"column\">\n\t\t\t<div class=\"elementor-widget-wrap elementor-element-populated\">\n\t\t\t\t\t\t<div class=\"elementor-element elementor-element-6834ef8 elementor-widget elementor-widget-the7_elements\" data-id=\"6834ef8\" data-element_type=\"widget\" data-e-type=\"widget\" data-widget_type=\"the7_elements.default\">\n\t\t\t\t<div class=\"elementor-widget-container\">\n\t\t\t\t\t<div class=\"portfolio-shortcode the7-elementor-widget the7_elements-6834ef8 mode-masonry classic-layout-list description-under-image quick-scale-img content-bg-on enable-bg-rollover resize-by-browser-width loading-effect-none jquery-filter\" data-padding=\"15px\" data-mobile-columns-num=\"1\" data-tablet-columns-num=\"2\" data-desktop-columns-num=\"3\" data-wide-desktop-columns-num=\"3\" data-post-limit=\"-1\" data-pagination-mode=\"none\" data-scroll-offset=\"\" aria-live=\"assertive\"><div class=\"iso-container dt-isotope custom-iso-columns\"><div class=\"visible wf-cell iso-item\" data-post-id=\"18447\" data-date=\"2026-03-12T09:24:33+01:00\" data-name=\"Conseil communal - Convocation - Ordre du jour | jeudi 12 mars 2026\"><article class=\"post visible post-18447 services_communaux type-services_communaux status-publish has-post-thumbnail hentry category-conseil_communal_ordre_jour description-off\" data-name=\"Conseil communal &#8211; Convocation &#8211; Ordre du jour | jeudi 12 mars 2026\" data-date=\"2026-03-12T09:24:33+01:00\">\n\n\t<div class=\"post-thumbnail-wrap\">\n\t\t<div class=\"post-thumbnail\">\n\n\t\t\t<a class=\"post-thumbnail-rollover layzr-bg img-css-resize-wrapper\" aria-label=\"Image article\" href=\"https:\/\/www.modave.be\/index.php\/services_communaux\/conseil-communal-convocation-ordre-du-jour-jeudi-12-mars-2026\/\"><img fetchpriority=\"high\" decoding=\"async\" width=\"2560\" height=\"1280\" src=\"data:image\/svg+xml,%3Csvg%20xmlns%3D&#039;http%3A%2F%2Fwww.w3.org%2F2000%2Fsvg&#039;%20viewBox%3D&#039;0%200%202560%201280&#039;%2F%3E\" class=\"attachment-full size-full preload-me aspect lazy lazy-load\" alt=\"\" sizes=\"(max-width: 2560px) 100vw, 2560px\" style=\"--ratio: 2560 \/ 1280;\" data-src=\"https:\/\/www.modave.be\/wp-content\/uploads\/2026\/01\/2026-77-copie-modif-scaled-e1768557652660.jpg\" loading=\"eager\" data-srcset=\"https:\/\/www.modave.be\/wp-content\/uploads\/2026\/01\/2026-77-copie-modif-scaled-e1768557652660.jpg 2560w, https:\/\/www.modave.be\/wp-content\/uploads\/2026\/01\/2026-77-copie-modif-scaled-e1768557652660-300x150.jpg 300w, https:\/\/www.modave.be\/wp-content\/uploads\/2026\/01\/2026-77-copie-modif-scaled-e1768557652660-1024x512.jpg 1024w, https:\/\/www.modave.be\/wp-content\/uploads\/2026\/01\/2026-77-copie-modif-scaled-e1768557652660-768x384.jpg 768w, https:\/\/www.modave.be\/wp-content\/uploads\/2026\/01\/2026-77-copie-modif-scaled-e1768557652660-1536x768.jpg 1536w, https:\/\/www.modave.be\/wp-content\/uploads\/2026\/01\/2026-77-copie-modif-scaled-e1768557652660-2048x1024.jpg 2048w\" \/><span class=\"the7-hover-icon\"><i aria-hidden=\"true\" class=\"fas fa-plus\"><\/i><\/span><\/a>\n\t\t<\/div>\n\t<\/div>\n\n\n<div class=\"post-entry-content\">\n\n\t<h3 class=\"ele-entry-title\"><a href=\"https:\/\/www.modave.be\/index.php\/services_communaux\/conseil-communal-convocation-ordre-du-jour-jeudi-12-mars-2026\/\" rel=\"bookmark\" title=\"Conseil communal &#8211; Convocation &#8211; Ordre du jour | jeudi 12 mars 2026\">Conseil communal &#8211; Convocation &#8211; Ordre du jour | jeudi 12 mars 2026<\/a><\/h3><div class=\"entry-meta\"><span class=\"meta-item category-link\"><a href=\"https:\/\/www.modave.be\/index.php\/category\/conseil_communal_ordre_jour\/\" rel=\"tag\">Ordre du jour du Conseil Communal<\/a><\/span><span class=\"meta-item data-link\"><time class=\"entry-date updated\" datetime=\"2026-03-12T09:24:33+01:00\">12 mars 2026<\/time><\/span><\/div><div class=\"entry-excerpt\"><p>CONSEIL COMMUNAL &#8211; CONVOCATION &#8211; ORDRE DU JOUR 19.03.2026T\u00e9l\u00e9charger<\/p>\n<\/div><a href=\"https:\/\/www.modave.be\/index.php\/services_communaux\/conseil-communal-convocation-ordre-du-jour-jeudi-12-mars-2026\/\" target=\"\" aria-label=\"En savoir plus sur Conseil communal &#8211; Convocation &#8211; Ordre du jour | jeudi 12 mars 2026\" class=\"box-button elementor-button elementor-size-xs\">En savoir plus<\/a>\n<\/div><\/article><\/div><div class=\"visible wf-cell iso-item\" data-post-id=\"18095\" data-date=\"2026-02-09T11:53:12+01:00\" data-name=\"Conseil communal - Convocation - Ordre du jour | jeudi 12 f\u00e9vrier 2026 (mise-\u00e0-jour)\"><article class=\"post visible post-18095 services_communaux type-services_communaux status-publish has-post-thumbnail hentry category-conseil_communal_ordre_jour description-off\" data-name=\"Conseil communal &#8211; Convocation &#8211; Ordre du jour | jeudi 12 f\u00e9vrier 2026 (mise-\u00e0-jour)\" data-date=\"2026-02-09T11:53:12+01:00\">\n\n\t<div class=\"post-thumbnail-wrap\">\n\t\t<div class=\"post-thumbnail\">\n\n\t\t\t<a class=\"post-thumbnail-rollover layzr-bg img-css-resize-wrapper\" aria-label=\"Image article\" href=\"https:\/\/www.modave.be\/index.php\/services_communaux\/conseil-communal-convocation-ordre-du-jour-jeudi-12-fevrier-2026-mise-a-jour\/\"><img fetchpriority=\"high\" decoding=\"async\" width=\"2560\" height=\"1280\" src=\"data:image\/svg+xml,%3Csvg%20xmlns%3D&#039;http%3A%2F%2Fwww.w3.org%2F2000%2Fsvg&#039;%20viewBox%3D&#039;0%200%202560%201280&#039;%2F%3E\" class=\"attachment-full size-full preload-me aspect lazy lazy-load\" alt=\"\" sizes=\"(max-width: 2560px) 100vw, 2560px\" style=\"--ratio: 2560 \/ 1280;\" data-src=\"https:\/\/www.modave.be\/wp-content\/uploads\/2026\/01\/2026-77-copie-modif-scaled-e1768557652660.jpg\" loading=\"eager\" data-srcset=\"https:\/\/www.modave.be\/wp-content\/uploads\/2026\/01\/2026-77-copie-modif-scaled-e1768557652660.jpg 2560w, https:\/\/www.modave.be\/wp-content\/uploads\/2026\/01\/2026-77-copie-modif-scaled-e1768557652660-300x150.jpg 300w, https:\/\/www.modave.be\/wp-content\/uploads\/2026\/01\/2026-77-copie-modif-scaled-e1768557652660-1024x512.jpg 1024w, https:\/\/www.modave.be\/wp-content\/uploads\/2026\/01\/2026-77-copie-modif-scaled-e1768557652660-768x384.jpg 768w, https:\/\/www.modave.be\/wp-content\/uploads\/2026\/01\/2026-77-copie-modif-scaled-e1768557652660-1536x768.jpg 1536w, https:\/\/www.modave.be\/wp-content\/uploads\/2026\/01\/2026-77-copie-modif-scaled-e1768557652660-2048x1024.jpg 2048w\" \/><span class=\"the7-hover-icon\"><i aria-hidden=\"true\" class=\"fas fa-plus\"><\/i><\/span><\/a>\n\t\t<\/div>\n\t<\/div>\n\n\n<div class=\"post-entry-content\">\n\n\t<h3 class=\"ele-entry-title\"><a href=\"https:\/\/www.modave.be\/index.php\/services_communaux\/conseil-communal-convocation-ordre-du-jour-jeudi-12-fevrier-2026-mise-a-jour\/\" rel=\"bookmark\" title=\"Conseil communal &#8211; Convocation &#8211; Ordre du jour | jeudi 12 f\u00e9vrier 2026 (mise-\u00e0-jour)\">Conseil communal &#8211; Convocation &#8211; Ordre du jour | jeudi 12 f\u00e9vrier 2026 (mise-\u00e0-jour)<\/a><\/h3><div class=\"entry-meta\"><span class=\"meta-item category-link\"><a href=\"https:\/\/www.modave.be\/index.php\/category\/conseil_communal_ordre_jour\/\" rel=\"tag\">Ordre du jour du Conseil Communal<\/a><\/span><span class=\"meta-item data-link\"><time class=\"entry-date updated\" datetime=\"2026-02-09T11:53:12+01:00\">9 f\u00e9vrier 2026<\/time><\/span><\/div><div class=\"entry-excerpt\"><p>CONSEIL COMMUNAL- CONVOCATION &#8211; ORDRE DU JOUR 12.02.2026 mise-\u00e0-jourT\u00e9l\u00e9charger<\/p>\n<\/div><a href=\"https:\/\/www.modave.be\/index.php\/services_communaux\/conseil-communal-convocation-ordre-du-jour-jeudi-12-fevrier-2026-mise-a-jour\/\" target=\"\" aria-label=\"En savoir plus sur Conseil communal &#8211; Convocation &#8211; Ordre du jour | jeudi 12 f\u00e9vrier 2026 (mise-\u00e0-jour)\" class=\"box-button elementor-button elementor-size-xs\">En savoir plus<\/a>\n<\/div><\/article><\/div><div class=\"visible wf-cell iso-item\" data-post-id=\"17428\" data-date=\"2025-12-22T15:32:51+01:00\" data-name=\"Nouveau service en ligne pour acc\u00e9der aux documents officiels\"><article class=\"post visible post-17428 services_communaux type-services_communaux status-publish has-post-thumbnail hentry category-conseil_communal_ordre_jour description-off\" data-name=\"Nouveau service en ligne pour acc\u00e9der aux documents officiels\" data-date=\"2025-12-22T15:32:51+01:00\">\n\n\t<div class=\"post-thumbnail-wrap\">\n\t\t<div class=\"post-thumbnail\">\n\n\t\t\t<a class=\"post-thumbnail-rollover layzr-bg img-css-resize-wrapper\" aria-label=\"Image article\" href=\"https:\/\/www.modave.be\/index.php\/services_communaux\/nouveau-service-en-ligne-pour-acceder-aux-documents-officiels\/\"><img decoding=\"async\" width=\"1080\" height=\"540\" src=\"data:image\/svg+xml,%3Csvg%20xmlns%3D&#039;http%3A%2F%2Fwww.w3.org%2F2000%2Fsvg&#039;%20viewBox%3D&#039;0%200%201080%20540&#039;%2F%3E\" class=\"attachment-full size-full preload-me aspect lazy lazy-load\" alt=\"\" sizes=\"(max-width: 1080px) 100vw, 1080px\" style=\"--ratio: 1080 \/ 540;\" data-src=\"https:\/\/www.modave.be\/wp-content\/uploads\/2025\/12\/iValves-e1766413853619.jpg\" loading=\"eager\" data-srcset=\"https:\/\/www.modave.be\/wp-content\/uploads\/2025\/12\/iValves-e1766413853619.jpg 1080w, https:\/\/www.modave.be\/wp-content\/uploads\/2025\/12\/iValves-e1766413853619-300x150.jpg 300w, https:\/\/www.modave.be\/wp-content\/uploads\/2025\/12\/iValves-e1766413853619-1024x512.jpg 1024w, https:\/\/www.modave.be\/wp-content\/uploads\/2025\/12\/iValves-e1766413853619-768x384.jpg 768w\" \/><span class=\"the7-hover-icon\"><i aria-hidden=\"true\" class=\"fas fa-plus\"><\/i><\/span><\/a>\n\t\t<\/div>\n\t<\/div>\n\n\n<div class=\"post-entry-content\">\n\n\t<h3 class=\"ele-entry-title\"><a href=\"https:\/\/www.modave.be\/index.php\/services_communaux\/nouveau-service-en-ligne-pour-acceder-aux-documents-officiels\/\" rel=\"bookmark\" title=\"Nouveau service en ligne pour acc\u00e9der aux documents officiels\">Nouveau service en ligne pour acc\u00e9der aux documents officiels<\/a><\/h3><div class=\"entry-meta\"><span class=\"meta-item category-link\"><a href=\"https:\/\/www.modave.be\/index.php\/category\/conseil_communal_ordre_jour\/\" rel=\"tag\">Ordre du jour du Conseil Communal<\/a><\/span><span class=\"meta-item data-link\"><time class=\"entry-date updated\" datetime=\"2025-12-22T15:32:51+01:00\">22 d\u00e9cembre 2025<\/time><\/span><\/div><div class=\"entry-excerpt\"><p>iValves : un nouveau service en ligne pour acc\u00e9der aux documents officiels Nous avons le plaisir de vous pr\u00e9senter ivalve.conseilcommunal.be, une plateforme en ligne qui rassemble tous les r\u00e8glements, ordonnances et documents officiels publi\u00e9s par la Commune. \u00c0 partir de cette plateforme, vous pouvez facilement consulter les r\u00e8glements communaux, les&hellip;<\/p>\n<\/div><a href=\"https:\/\/www.modave.be\/index.php\/services_communaux\/nouveau-service-en-ligne-pour-acceder-aux-documents-officiels\/\" target=\"\" aria-label=\"En savoir plus sur Nouveau service en ligne pour acc\u00e9der aux documents officiels\" class=\"box-button elementor-button elementor-size-xs\">En savoir plus<\/a>\n<\/div><\/article><\/div><div class=\"visible wf-cell iso-item\" data-post-id=\"17362\" data-date=\"2025-12-15T13:26:40+01:00\" data-name=\"Conseil communal - Convocation - Ordre du jour | Mercredi 17 d\u00e9cembre 2025 (mise-\u00e0-jour)\"><article class=\"post visible post-17362 services_communaux type-services_communaux status-publish has-post-thumbnail hentry category-conseil_communal_ordre_jour description-off\" data-name=\"Conseil communal &#8211; Convocation &#8211; Ordre du jour | Mercredi 17 d\u00e9cembre 2025 (mise-\u00e0-jour)\" data-date=\"2025-12-15T13:26:40+01:00\">\n\n\t<div class=\"post-thumbnail-wrap\">\n\t\t<div class=\"post-thumbnail\">\n\n\t\t\t<a class=\"post-thumbnail-rollover layzr-bg img-css-resize-wrapper\" aria-label=\"Image article\" href=\"https:\/\/www.modave.be\/index.php\/services_communaux\/conseil-communal-convocation-ordre-du-jour-mercredi-17-decembre-2025-mise-a-jour\/\"><img decoding=\"async\" width=\"2560\" height=\"1280\" src=\"data:image\/svg+xml,%3Csvg%20xmlns%3D&#039;http%3A%2F%2Fwww.w3.org%2F2000%2Fsvg&#039;%20viewBox%3D&#039;0%200%202560%201280&#039;%2F%3E\" class=\"attachment-full size-full preload-me aspect lazy lazy-load\" alt=\"\" sizes=\"(max-width: 2560px) 100vw, 2560px\" style=\"--ratio: 2560 \/ 1280;\" data-src=\"https:\/\/www.modave.be\/wp-content\/uploads\/2025\/10\/Placeauxenfants-120-scaled-e1761208069781.jpg\" loading=\"eager\" data-srcset=\"https:\/\/www.modave.be\/wp-content\/uploads\/2025\/10\/Placeauxenfants-120-scaled-e1761208069781.jpg 2560w, https:\/\/www.modave.be\/wp-content\/uploads\/2025\/10\/Placeauxenfants-120-scaled-e1761208069781-300x150.jpg 300w, https:\/\/www.modave.be\/wp-content\/uploads\/2025\/10\/Placeauxenfants-120-scaled-e1761208069781-1024x512.jpg 1024w, https:\/\/www.modave.be\/wp-content\/uploads\/2025\/10\/Placeauxenfants-120-scaled-e1761208069781-768x384.jpg 768w, https:\/\/www.modave.be\/wp-content\/uploads\/2025\/10\/Placeauxenfants-120-scaled-e1761208069781-1536x768.jpg 1536w, https:\/\/www.modave.be\/wp-content\/uploads\/2025\/10\/Placeauxenfants-120-scaled-e1761208069781-2048x1024.jpg 2048w\" \/><span class=\"the7-hover-icon\"><i aria-hidden=\"true\" class=\"fas fa-plus\"><\/i><\/span><\/a>\n\t\t<\/div>\n\t<\/div>\n\n\n<div class=\"post-entry-content\">\n\n\t<h3 class=\"ele-entry-title\"><a href=\"https:\/\/www.modave.be\/index.php\/services_communaux\/conseil-communal-convocation-ordre-du-jour-mercredi-17-decembre-2025-mise-a-jour\/\" rel=\"bookmark\" title=\"Conseil communal &#8211; Convocation &#8211; Ordre du jour | Mercredi 17 d\u00e9cembre 2025 (mise-\u00e0-jour)\">Conseil communal &#8211; Convocation &#8211; Ordre du jour | Mercredi 17 d\u00e9cembre 2025 (mise-\u00e0-jour)<\/a><\/h3><div class=\"entry-meta\"><span class=\"meta-item category-link\"><a href=\"https:\/\/www.modave.be\/index.php\/category\/conseil_communal_ordre_jour\/\" rel=\"tag\">Ordre du jour du Conseil Communal<\/a><\/span><span class=\"meta-item data-link\"><time class=\"entry-date updated\" datetime=\"2025-12-15T13:26:40+01:00\">15 d\u00e9cembre 2025<\/time><\/span><\/div><div class=\"entry-excerpt\"><p>20251215130327768T\u00e9l\u00e9charger<\/p>\n<\/div><a href=\"https:\/\/www.modave.be\/index.php\/services_communaux\/conseil-communal-convocation-ordre-du-jour-mercredi-17-decembre-2025-mise-a-jour\/\" target=\"\" aria-label=\"En savoir plus sur Conseil communal &#8211; Convocation &#8211; Ordre du jour | Mercredi 17 d\u00e9cembre 2025 (mise-\u00e0-jour)\" class=\"box-button elementor-button elementor-size-xs\">En savoir plus<\/a>\n<\/div><\/article><\/div><div class=\"visible wf-cell iso-item\" data-post-id=\"16953\" data-date=\"2025-11-04T11:52:12+01:00\" data-name=\"Conseil communal commun avec le CPAS - Convocation - Ordre du jour | Jeudi 6 novembre 2025 (mise-\u00e0-jour)\"><article class=\"post visible post-16953 services_communaux type-services_communaux status-publish has-post-thumbnail hentry category-conseil_communal_ordre_jour description-off\" data-name=\"Conseil communal commun avec le CPAS &#8211; Convocation &#8211; Ordre du jour | Jeudi 6 novembre 2025 (mise-\u00e0-jour)\" data-date=\"2025-11-04T11:52:12+01:00\">\n\n\t<div class=\"post-thumbnail-wrap\">\n\t\t<div class=\"post-thumbnail\">\n\n\t\t\t<a class=\"post-thumbnail-rollover layzr-bg img-css-resize-wrapper\" aria-label=\"Image article\" href=\"https:\/\/www.modave.be\/index.php\/services_communaux\/conseil-communal-commun-avec-le-cpas-convocation-ordre-du-jour-jeudi-6-novembre-2025\/\"><img decoding=\"async\" width=\"2560\" height=\"1280\" src=\"data:image\/svg+xml,%3Csvg%20xmlns%3D&#039;http%3A%2F%2Fwww.w3.org%2F2000%2Fsvg&#039;%20viewBox%3D&#039;0%200%202560%201280&#039;%2F%3E\" class=\"attachment-full size-full preload-me aspect lazy lazy-load\" alt=\"\" sizes=\"(max-width: 2560px) 100vw, 2560px\" style=\"--ratio: 2560 \/ 1280;\" data-src=\"https:\/\/www.modave.be\/wp-content\/uploads\/2025\/10\/Placeauxenfants-120-scaled-e1761208069781.jpg\" loading=\"eager\" data-srcset=\"https:\/\/www.modave.be\/wp-content\/uploads\/2025\/10\/Placeauxenfants-120-scaled-e1761208069781.jpg 2560w, https:\/\/www.modave.be\/wp-content\/uploads\/2025\/10\/Placeauxenfants-120-scaled-e1761208069781-300x150.jpg 300w, https:\/\/www.modave.be\/wp-content\/uploads\/2025\/10\/Placeauxenfants-120-scaled-e1761208069781-1024x512.jpg 1024w, https:\/\/www.modave.be\/wp-content\/uploads\/2025\/10\/Placeauxenfants-120-scaled-e1761208069781-768x384.jpg 768w, https:\/\/www.modave.be\/wp-content\/uploads\/2025\/10\/Placeauxenfants-120-scaled-e1761208069781-1536x768.jpg 1536w, https:\/\/www.modave.be\/wp-content\/uploads\/2025\/10\/Placeauxenfants-120-scaled-e1761208069781-2048x1024.jpg 2048w\" \/><span class=\"the7-hover-icon\"><i aria-hidden=\"true\" class=\"fas fa-plus\"><\/i><\/span><\/a>\n\t\t<\/div>\n\t<\/div>\n\n\n<div class=\"post-entry-content\">\n\n\t<h3 class=\"ele-entry-title\"><a href=\"https:\/\/www.modave.be\/index.php\/services_communaux\/conseil-communal-commun-avec-le-cpas-convocation-ordre-du-jour-jeudi-6-novembre-2025\/\" rel=\"bookmark\" title=\"Conseil communal commun avec le CPAS &#8211; Convocation &#8211; Ordre du jour | Jeudi 6 novembre 2025 (mise-\u00e0-jour)\">Conseil communal commun avec le CPAS &#8211; Convocation &#8211; Ordre du jour | Jeudi 6 novembre 2025 (mise-\u00e0-jour)<\/a><\/h3><div class=\"entry-meta\"><span class=\"meta-item category-link\"><a href=\"https:\/\/www.modave.be\/index.php\/category\/conseil_communal_ordre_jour\/\" rel=\"tag\">Ordre du jour du Conseil Communal<\/a><\/span><span class=\"meta-item data-link\"><time class=\"entry-date updated\" datetime=\"2025-11-04T11:52:12+01:00\">4 novembre 2025<\/time><\/span><\/div><div class=\"entry-excerpt\"><p>CONSEIL COMMUNAL- CONVOCATION &#8211; ORDRE DU JOUR 6.11.2025T\u00e9l\u00e9charger CONSEIL COMMUNAL et CPAS &#8211; CONVOCATION &#8211; ORDRE DU JOUR 6.11.2025T\u00e9l\u00e9charger<\/p>\n<\/div><a href=\"https:\/\/www.modave.be\/index.php\/services_communaux\/conseil-communal-commun-avec-le-cpas-convocation-ordre-du-jour-jeudi-6-novembre-2025\/\" target=\"\" aria-label=\"En savoir plus sur Conseil communal commun avec le CPAS &#8211; Convocation &#8211; Ordre du jour | Jeudi 6 novembre 2025 (mise-\u00e0-jour)\" class=\"box-button elementor-button elementor-size-xs\">En savoir plus<\/a>\n<\/div><\/article><\/div><div class=\"visible wf-cell iso-item\" data-post-id=\"16463\" data-date=\"2025-09-18T11:57:37+02:00\" data-name=\"Conseil communal - Convocation - Ordre du jour | Jeudi 25 septembre 2025\"><article class=\"post visible post-16463 services_communaux type-services_communaux status-publish has-post-thumbnail hentry category-conseil_communal_ordre_jour description-off\" data-name=\"Conseil communal &#8211; Convocation &#8211; Ordre du jour | Jeudi 25 septembre 2025\" data-date=\"2025-09-18T11:57:37+02:00\">\n\n\t<div class=\"post-thumbnail-wrap\">\n\t\t<div class=\"post-thumbnail\">\n\n\t\t\t<a class=\"post-thumbnail-rollover layzr-bg img-css-resize-wrapper\" aria-label=\"Image article\" href=\"https:\/\/www.modave.be\/index.php\/services_communaux\/conseil-communal-convocation-ordre-du-jour-jeudi-25-septembre-2025\/\"><img decoding=\"async\" width=\"2560\" height=\"1280\" src=\"data:image\/svg+xml,%3Csvg%20xmlns%3D&#039;http%3A%2F%2Fwww.w3.org%2F2000%2Fsvg&#039;%20viewBox%3D&#039;0%200%202560%201280&#039;%2F%3E\" class=\"attachment-full size-full preload-me aspect lazy lazy-load\" alt=\"\" sizes=\"(max-width: 2560px) 100vw, 2560px\" style=\"--ratio: 2560 \/ 1280;\" data-src=\"https:\/\/www.modave.be\/wp-content\/uploads\/2025\/03\/IMG_1533-Avec-accentuation-Bruit-scaled-e1741077000759.jpg\" loading=\"eager\" data-srcset=\"https:\/\/www.modave.be\/wp-content\/uploads\/2025\/03\/IMG_1533-Avec-accentuation-Bruit-scaled-e1741077000759.jpg 2560w, https:\/\/www.modave.be\/wp-content\/uploads\/2025\/03\/IMG_1533-Avec-accentuation-Bruit-scaled-e1741077000759-300x150.jpg 300w, https:\/\/www.modave.be\/wp-content\/uploads\/2025\/03\/IMG_1533-Avec-accentuation-Bruit-scaled-e1741077000759-1024x512.jpg 1024w, https:\/\/www.modave.be\/wp-content\/uploads\/2025\/03\/IMG_1533-Avec-accentuation-Bruit-scaled-e1741077000759-768x384.jpg 768w, https:\/\/www.modave.be\/wp-content\/uploads\/2025\/03\/IMG_1533-Avec-accentuation-Bruit-scaled-e1741077000759-1536x768.jpg 1536w, https:\/\/www.modave.be\/wp-content\/uploads\/2025\/03\/IMG_1533-Avec-accentuation-Bruit-scaled-e1741077000759-2048x1024.jpg 2048w\" \/><span class=\"the7-hover-icon\"><i aria-hidden=\"true\" class=\"fas fa-plus\"><\/i><\/span><\/a>\n\t\t<\/div>\n\t<\/div>\n\n\n<div class=\"post-entry-content\">\n\n\t<h3 class=\"ele-entry-title\"><a href=\"https:\/\/www.modave.be\/index.php\/services_communaux\/conseil-communal-convocation-ordre-du-jour-jeudi-25-septembre-2025\/\" rel=\"bookmark\" title=\"Conseil communal &#8211; Convocation &#8211; Ordre du jour | Jeudi 25 septembre 2025\">Conseil communal &#8211; Convocation &#8211; Ordre du jour | Jeudi 25 septembre 2025<\/a><\/h3><div class=\"entry-meta\"><span class=\"meta-item category-link\"><a href=\"https:\/\/www.modave.be\/index.php\/category\/conseil_communal_ordre_jour\/\" rel=\"tag\">Ordre du jour du Conseil Communal<\/a><\/span><span class=\"meta-item data-link\"><time class=\"entry-date updated\" datetime=\"2025-09-18T11:57:37+02:00\">18 septembre 2025<\/time><\/span><\/div><div class=\"entry-excerpt\"><p>Conseil communal &#8211; Convocation &#8211; Ordre du jour &#8211; Jeudi 25 septembre 2025T\u00e9l\u00e9charger<\/p>\n<\/div><a href=\"https:\/\/www.modave.be\/index.php\/services_communaux\/conseil-communal-convocation-ordre-du-jour-jeudi-25-septembre-2025\/\" target=\"\" aria-label=\"En savoir plus sur Conseil communal &#8211; Convocation &#8211; Ordre du jour | Jeudi 25 septembre 2025\" class=\"box-button elementor-button elementor-size-xs\">En savoir plus<\/a>\n<\/div><\/article><\/div><div class=\"visible wf-cell iso-item\" data-post-id=\"16283\" data-date=\"2025-08-21T14:49:29+02:00\" data-name=\"Conseil communal - Convocation - Ordre du jour | Jeudi 28 ao\u00fbt 2025\"><article class=\"post visible post-16283 services_communaux type-services_communaux status-publish has-post-thumbnail hentry category-conseil_communal_ordre_jour description-off\" data-name=\"Conseil communal &#8211; Convocation &#8211; Ordre du jour | Jeudi 28 ao\u00fbt 2025\" data-date=\"2025-08-21T14:49:29+02:00\">\n\n\t<div class=\"post-thumbnail-wrap\">\n\t\t<div class=\"post-thumbnail\">\n\n\t\t\t<a class=\"post-thumbnail-rollover layzr-bg img-css-resize-wrapper\" aria-label=\"Image article\" href=\"https:\/\/www.modave.be\/index.php\/services_communaux\/conseil-communal-convocation-ordre-du-jour-jeudi-28-aout-2025\/\"><img decoding=\"async\" width=\"2560\" height=\"1280\" src=\"data:image\/svg+xml,%3Csvg%20xmlns%3D&#039;http%3A%2F%2Fwww.w3.org%2F2000%2Fsvg&#039;%20viewBox%3D&#039;0%200%202560%201280&#039;%2F%3E\" class=\"attachment-full size-full preload-me aspect lazy lazy-load\" alt=\"\" sizes=\"(max-width: 2560px) 100vw, 2560px\" style=\"--ratio: 2560 \/ 1280;\" data-src=\"https:\/\/www.modave.be\/wp-content\/uploads\/2025\/03\/IMG_1533-Avec-accentuation-Bruit-scaled-e1741077000759.jpg\" loading=\"eager\" data-srcset=\"https:\/\/www.modave.be\/wp-content\/uploads\/2025\/03\/IMG_1533-Avec-accentuation-Bruit-scaled-e1741077000759.jpg 2560w, https:\/\/www.modave.be\/wp-content\/uploads\/2025\/03\/IMG_1533-Avec-accentuation-Bruit-scaled-e1741077000759-300x150.jpg 300w, https:\/\/www.modave.be\/wp-content\/uploads\/2025\/03\/IMG_1533-Avec-accentuation-Bruit-scaled-e1741077000759-1024x512.jpg 1024w, https:\/\/www.modave.be\/wp-content\/uploads\/2025\/03\/IMG_1533-Avec-accentuation-Bruit-scaled-e1741077000759-768x384.jpg 768w, https:\/\/www.modave.be\/wp-content\/uploads\/2025\/03\/IMG_1533-Avec-accentuation-Bruit-scaled-e1741077000759-1536x768.jpg 1536w, https:\/\/www.modave.be\/wp-content\/uploads\/2025\/03\/IMG_1533-Avec-accentuation-Bruit-scaled-e1741077000759-2048x1024.jpg 2048w\" \/><span class=\"the7-hover-icon\"><i aria-hidden=\"true\" class=\"fas fa-plus\"><\/i><\/span><\/a>\n\t\t<\/div>\n\t<\/div>\n\n\n<div class=\"post-entry-content\">\n\n\t<h3 class=\"ele-entry-title\"><a href=\"https:\/\/www.modave.be\/index.php\/services_communaux\/conseil-communal-convocation-ordre-du-jour-jeudi-28-aout-2025\/\" rel=\"bookmark\" title=\"Conseil communal &#8211; Convocation &#8211; Ordre du jour | Jeudi 28 ao\u00fbt 2025\">Conseil communal &#8211; Convocation &#8211; Ordre du jour | Jeudi 28 ao\u00fbt 2025<\/a><\/h3><div class=\"entry-meta\"><span class=\"meta-item category-link\"><a href=\"https:\/\/www.modave.be\/index.php\/category\/conseil_communal_ordre_jour\/\" rel=\"tag\">Ordre du jour du Conseil Communal<\/a><\/span><span class=\"meta-item data-link\"><time class=\"entry-date updated\" datetime=\"2025-08-21T14:49:29+02:00\">21 ao\u00fbt 2025<\/time><\/span><\/div><div class=\"entry-excerpt\"><p>Conseil communal &#8211; Convocation &#8211; Ordre du jour &#8211; Jeudi 28 ao\u00fbt 2025T\u00e9l\u00e9charger<\/p>\n<\/div><a href=\"https:\/\/www.modave.be\/index.php\/services_communaux\/conseil-communal-convocation-ordre-du-jour-jeudi-28-aout-2025\/\" target=\"\" aria-label=\"En savoir plus sur Conseil communal &#8211; Convocation &#8211; Ordre du jour | Jeudi 28 ao\u00fbt 2025\" class=\"box-button elementor-button elementor-size-xs\">En savoir plus<\/a>\n<\/div><\/article><\/div><div class=\"visible wf-cell iso-item\" data-post-id=\"16115\" data-date=\"2025-07-11T13:53:01+02:00\" data-name=\"Conseil communal - Convocation - Ordre du jour | Jeudi 17 juillet 2025\"><article class=\"post visible post-16115 services_communaux type-services_communaux status-publish has-post-thumbnail hentry category-conseil_communal_ordre_jour description-off\" data-name=\"Conseil communal &#8211; Convocation &#8211; Ordre du jour | Jeudi 17 juillet 2025\" data-date=\"2025-07-11T13:53:01+02:00\">\n\n\t<div class=\"post-thumbnail-wrap\">\n\t\t<div class=\"post-thumbnail\">\n\n\t\t\t<a class=\"post-thumbnail-rollover layzr-bg img-css-resize-wrapper\" aria-label=\"Image article\" href=\"https:\/\/www.modave.be\/index.php\/services_communaux\/conseil-communal-convocation-ordre-du-jour-jeudi-17-juillet-2025\/\"><img decoding=\"async\" width=\"2560\" height=\"1280\" src=\"data:image\/svg+xml,%3Csvg%20xmlns%3D&#039;http%3A%2F%2Fwww.w3.org%2F2000%2Fsvg&#039;%20viewBox%3D&#039;0%200%202560%201280&#039;%2F%3E\" class=\"attachment-full size-full preload-me aspect lazy lazy-load\" alt=\"\" sizes=\"(max-width: 2560px) 100vw, 2560px\" style=\"--ratio: 2560 \/ 1280;\" data-src=\"https:\/\/www.modave.be\/wp-content\/uploads\/2025\/03\/IMG_1533-Avec-accentuation-Bruit-scaled-e1741077000759.jpg\" loading=\"eager\" data-srcset=\"https:\/\/www.modave.be\/wp-content\/uploads\/2025\/03\/IMG_1533-Avec-accentuation-Bruit-scaled-e1741077000759.jpg 2560w, https:\/\/www.modave.be\/wp-content\/uploads\/2025\/03\/IMG_1533-Avec-accentuation-Bruit-scaled-e1741077000759-300x150.jpg 300w, https:\/\/www.modave.be\/wp-content\/uploads\/2025\/03\/IMG_1533-Avec-accentuation-Bruit-scaled-e1741077000759-1024x512.jpg 1024w, https:\/\/www.modave.be\/wp-content\/uploads\/2025\/03\/IMG_1533-Avec-accentuation-Bruit-scaled-e1741077000759-768x384.jpg 768w, https:\/\/www.modave.be\/wp-content\/uploads\/2025\/03\/IMG_1533-Avec-accentuation-Bruit-scaled-e1741077000759-1536x768.jpg 1536w, https:\/\/www.modave.be\/wp-content\/uploads\/2025\/03\/IMG_1533-Avec-accentuation-Bruit-scaled-e1741077000759-2048x1024.jpg 2048w\" \/><span class=\"the7-hover-icon\"><i aria-hidden=\"true\" class=\"fas fa-plus\"><\/i><\/span><\/a>\n\t\t<\/div>\n\t<\/div>\n\n\n<div class=\"post-entry-content\">\n\n\t<h3 class=\"ele-entry-title\"><a href=\"https:\/\/www.modave.be\/index.php\/services_communaux\/conseil-communal-convocation-ordre-du-jour-jeudi-17-juillet-2025\/\" rel=\"bookmark\" title=\"Conseil communal &#8211; Convocation &#8211; Ordre du jour | Jeudi 17 juillet 2025\">Conseil communal &#8211; Convocation &#8211; Ordre du jour | Jeudi 17 juillet 2025<\/a><\/h3><div class=\"entry-meta\"><span class=\"meta-item category-link\"><a href=\"https:\/\/www.modave.be\/index.php\/category\/conseil_communal_ordre_jour\/\" rel=\"tag\">Ordre du jour du Conseil Communal<\/a><\/span><span class=\"meta-item data-link\"><time class=\"entry-date updated\" datetime=\"2025-07-11T13:53:01+02:00\">11 juillet 2025<\/time><\/span><\/div><div class=\"entry-excerpt\"><p>Nous attirons votre attention sur le fait que cette s\u00e9ance se tiendra exceptionnellement \u00e0 la salle Bois Rosine, situ\u00e9e rue du Bois Rosine n\u00b07 \u00e0 4577 Str\u00e9e.<\/p>\n<\/div><a href=\"https:\/\/www.modave.be\/index.php\/services_communaux\/conseil-communal-convocation-ordre-du-jour-jeudi-17-juillet-2025\/\" target=\"\" aria-label=\"En savoir plus sur Conseil communal &#8211; Convocation &#8211; Ordre du jour | Jeudi 17 juillet 2025\" class=\"box-button elementor-button elementor-size-xs\">En savoir plus<\/a>\n<\/div><\/article><\/div><div class=\"visible wf-cell iso-item\" data-post-id=\"15937\" data-date=\"2025-06-16T11:28:00+02:00\" data-name=\"Conseil communal - Convocation - Ordre du jour | Lundi 23 juin 2025\"><article class=\"post visible post-15937 services_communaux type-services_communaux status-publish has-post-thumbnail hentry category-conseil_communal_ordre_jour description-off\" data-name=\"Conseil communal &#8211; Convocation &#8211; Ordre du jour | Lundi 23 juin 2025\" data-date=\"2025-06-16T11:28:00+02:00\">\n\n\t<div class=\"post-thumbnail-wrap\">\n\t\t<div class=\"post-thumbnail\">\n\n\t\t\t<a class=\"post-thumbnail-rollover layzr-bg img-css-resize-wrapper\" aria-label=\"Image article\" href=\"https:\/\/www.modave.be\/index.php\/services_communaux\/conseil-communal-convocation-ordre-du-jour-lundi-26-juin-2025\/\"><img decoding=\"async\" width=\"2560\" height=\"1280\" src=\"data:image\/svg+xml,%3Csvg%20xmlns%3D&#039;http%3A%2F%2Fwww.w3.org%2F2000%2Fsvg&#039;%20viewBox%3D&#039;0%200%202560%201280&#039;%2F%3E\" class=\"attachment-full size-full preload-me aspect lazy lazy-load\" alt=\"\" sizes=\"(max-width: 2560px) 100vw, 2560px\" style=\"--ratio: 2560 \/ 1280;\" data-src=\"https:\/\/www.modave.be\/wp-content\/uploads\/2025\/03\/IMG_1533-Avec-accentuation-Bruit-scaled-e1741077000759.jpg\" loading=\"eager\" data-srcset=\"https:\/\/www.modave.be\/wp-content\/uploads\/2025\/03\/IMG_1533-Avec-accentuation-Bruit-scaled-e1741077000759.jpg 2560w, https:\/\/www.modave.be\/wp-content\/uploads\/2025\/03\/IMG_1533-Avec-accentuation-Bruit-scaled-e1741077000759-300x150.jpg 300w, https:\/\/www.modave.be\/wp-content\/uploads\/2025\/03\/IMG_1533-Avec-accentuation-Bruit-scaled-e1741077000759-1024x512.jpg 1024w, https:\/\/www.modave.be\/wp-content\/uploads\/2025\/03\/IMG_1533-Avec-accentuation-Bruit-scaled-e1741077000759-768x384.jpg 768w, https:\/\/www.modave.be\/wp-content\/uploads\/2025\/03\/IMG_1533-Avec-accentuation-Bruit-scaled-e1741077000759-1536x768.jpg 1536w, https:\/\/www.modave.be\/wp-content\/uploads\/2025\/03\/IMG_1533-Avec-accentuation-Bruit-scaled-e1741077000759-2048x1024.jpg 2048w\" \/><span class=\"the7-hover-icon\"><i aria-hidden=\"true\" class=\"fas fa-plus\"><\/i><\/span><\/a>\n\t\t<\/div>\n\t<\/div>\n\n\n<div class=\"post-entry-content\">\n\n\t<h3 class=\"ele-entry-title\"><a href=\"https:\/\/www.modave.be\/index.php\/services_communaux\/conseil-communal-convocation-ordre-du-jour-lundi-26-juin-2025\/\" rel=\"bookmark\" title=\"Conseil communal &#8211; Convocation &#8211; Ordre du jour | Lundi 23 juin 2025\">Conseil communal &#8211; Convocation &#8211; Ordre du jour | Lundi 23 juin 2025<\/a><\/h3><div class=\"entry-meta\"><span class=\"meta-item category-link\"><a href=\"https:\/\/www.modave.be\/index.php\/category\/conseil_communal_ordre_jour\/\" rel=\"tag\">Ordre du jour du Conseil Communal<\/a><\/span><span class=\"meta-item data-link\"><time class=\"entry-date updated\" datetime=\"2025-06-16T11:28:00+02:00\">16 juin 2025<\/time><\/span><\/div><div class=\"entry-excerpt\"><p>Conseil communal &#8211; Convocation &#8211; Ordre du jour lundi 23 juin 2025T\u00e9l\u00e9charger<\/p>\n<\/div><a href=\"https:\/\/www.modave.be\/index.php\/services_communaux\/conseil-communal-convocation-ordre-du-jour-lundi-26-juin-2025\/\" target=\"\" aria-label=\"En savoir plus sur Conseil communal &#8211; Convocation &#8211; Ordre du jour | Lundi 23 juin 2025\" class=\"box-button elementor-button elementor-size-xs\">En savoir plus<\/a>\n<\/div><\/article><\/div><div class=\"visible wf-cell iso-item\" data-post-id=\"15694\" data-date=\"2025-05-30T08:57:14+02:00\" data-name=\"Conseil communal - Convocation - Ordre du jour | Jeudi 5 juin 2025\"><article class=\"post visible post-15694 services_communaux type-services_communaux status-publish has-post-thumbnail hentry category-conseil_communal_ordre_jour description-off\" data-name=\"Conseil communal &#8211; Convocation &#8211; Ordre du jour | Jeudi 5 juin 2025\" data-date=\"2025-05-30T08:57:14+02:00\">\n\n\t<div class=\"post-thumbnail-wrap\">\n\t\t<div class=\"post-thumbnail\">\n\n\t\t\t<a class=\"post-thumbnail-rollover layzr-bg img-css-resize-wrapper\" aria-label=\"Image article\" href=\"https:\/\/www.modave.be\/index.php\/services_communaux\/conseil-communal-convocation-ordre-du-jour-jeudi-5-juin-2025\/\"><img decoding=\"async\" width=\"2560\" height=\"1280\" src=\"data:image\/svg+xml,%3Csvg%20xmlns%3D&#039;http%3A%2F%2Fwww.w3.org%2F2000%2Fsvg&#039;%20viewBox%3D&#039;0%200%202560%201280&#039;%2F%3E\" class=\"attachment-full size-full preload-me aspect lazy lazy-load\" alt=\"\" sizes=\"(max-width: 2560px) 100vw, 2560px\" style=\"--ratio: 2560 \/ 1280;\" data-src=\"https:\/\/www.modave.be\/wp-content\/uploads\/2025\/03\/IMG_1533-Avec-accentuation-Bruit-scaled-e1741077000759.jpg\" loading=\"eager\" data-srcset=\"https:\/\/www.modave.be\/wp-content\/uploads\/2025\/03\/IMG_1533-Avec-accentuation-Bruit-scaled-e1741077000759.jpg 2560w, https:\/\/www.modave.be\/wp-content\/uploads\/2025\/03\/IMG_1533-Avec-accentuation-Bruit-scaled-e1741077000759-300x150.jpg 300w, https:\/\/www.modave.be\/wp-content\/uploads\/2025\/03\/IMG_1533-Avec-accentuation-Bruit-scaled-e1741077000759-1024x512.jpg 1024w, https:\/\/www.modave.be\/wp-content\/uploads\/2025\/03\/IMG_1533-Avec-accentuation-Bruit-scaled-e1741077000759-768x384.jpg 768w, https:\/\/www.modave.be\/wp-content\/uploads\/2025\/03\/IMG_1533-Avec-accentuation-Bruit-scaled-e1741077000759-1536x768.jpg 1536w, https:\/\/www.modave.be\/wp-content\/uploads\/2025\/03\/IMG_1533-Avec-accentuation-Bruit-scaled-e1741077000759-2048x1024.jpg 2048w\" \/><span class=\"the7-hover-icon\"><i aria-hidden=\"true\" class=\"fas fa-plus\"><\/i><\/span><\/a>\n\t\t<\/div>\n\t<\/div>\n\n\n<div class=\"post-entry-content\">\n\n\t<h3 class=\"ele-entry-title\"><a href=\"https:\/\/www.modave.be\/index.php\/services_communaux\/conseil-communal-convocation-ordre-du-jour-jeudi-5-juin-2025\/\" rel=\"bookmark\" title=\"Conseil communal &#8211; Convocation &#8211; Ordre du jour | Jeudi 5 juin 2025\">Conseil communal &#8211; Convocation &#8211; Ordre du jour | Jeudi 5 juin 2025<\/a><\/h3><div class=\"entry-meta\"><span class=\"meta-item category-link\"><a href=\"https:\/\/www.modave.be\/index.php\/category\/conseil_communal_ordre_jour\/\" rel=\"tag\">Ordre du jour du Conseil Communal<\/a><\/span><span class=\"meta-item data-link\"><time class=\"entry-date updated\" datetime=\"2025-05-30T08:57:14+02:00\">30 mai 2025<\/time><\/span><\/div><div class=\"entry-excerpt\"><p>Conseil_communal-30.05.2025T\u00e9l\u00e9charger<\/p>\n<\/div><a href=\"https:\/\/www.modave.be\/index.php\/services_communaux\/conseil-communal-convocation-ordre-du-jour-jeudi-5-juin-2025\/\" target=\"\" aria-label=\"En savoir plus sur Conseil communal &#8211; Convocation &#8211; Ordre du jour | Jeudi 5 juin 2025\" class=\"box-button elementor-button elementor-size-xs\">En savoir plus<\/a>\n<\/div><\/article><\/div><div class=\"visible wf-cell iso-item\" data-post-id=\"15450\" data-date=\"2025-04-17T14:57:47+02:00\" data-name=\"Conseil communal - Convocation - Ordre du jour | Jeudi 24 avril 2025\"><article class=\"post visible post-15450 services_communaux type-services_communaux status-publish has-post-thumbnail hentry category-conseil_communal_ordre_jour description-off\" data-name=\"Conseil communal &#8211; Convocation &#8211; Ordre du jour | Jeudi 24 avril 2025\" data-date=\"2025-04-17T14:57:47+02:00\">\n\n\t<div class=\"post-thumbnail-wrap\">\n\t\t<div class=\"post-thumbnail\">\n\n\t\t\t<a class=\"post-thumbnail-rollover layzr-bg img-css-resize-wrapper\" aria-label=\"Image article\" href=\"https:\/\/www.modave.be\/index.php\/services_communaux\/conseil-communal-convocation-ordre-du-jour-jeudi-24-avril-2025\/\"><img decoding=\"async\" width=\"2560\" height=\"1280\" src=\"data:image\/svg+xml,%3Csvg%20xmlns%3D&#039;http%3A%2F%2Fwww.w3.org%2F2000%2Fsvg&#039;%20viewBox%3D&#039;0%200%202560%201280&#039;%2F%3E\" class=\"attachment-full size-full preload-me aspect lazy lazy-load\" alt=\"\" sizes=\"(max-width: 2560px) 100vw, 2560px\" style=\"--ratio: 2560 \/ 1280;\" data-src=\"https:\/\/www.modave.be\/wp-content\/uploads\/2025\/03\/IMG_1533-Avec-accentuation-Bruit-scaled-e1741077000759.jpg\" loading=\"eager\" data-srcset=\"https:\/\/www.modave.be\/wp-content\/uploads\/2025\/03\/IMG_1533-Avec-accentuation-Bruit-scaled-e1741077000759.jpg 2560w, https:\/\/www.modave.be\/wp-content\/uploads\/2025\/03\/IMG_1533-Avec-accentuation-Bruit-scaled-e1741077000759-300x150.jpg 300w, https:\/\/www.modave.be\/wp-content\/uploads\/2025\/03\/IMG_1533-Avec-accentuation-Bruit-scaled-e1741077000759-1024x512.jpg 1024w, https:\/\/www.modave.be\/wp-content\/uploads\/2025\/03\/IMG_1533-Avec-accentuation-Bruit-scaled-e1741077000759-768x384.jpg 768w, https:\/\/www.modave.be\/wp-content\/uploads\/2025\/03\/IMG_1533-Avec-accentuation-Bruit-scaled-e1741077000759-1536x768.jpg 1536w, https:\/\/www.modave.be\/wp-content\/uploads\/2025\/03\/IMG_1533-Avec-accentuation-Bruit-scaled-e1741077000759-2048x1024.jpg 2048w\" \/><span class=\"the7-hover-icon\"><i aria-hidden=\"true\" class=\"fas fa-plus\"><\/i><\/span><\/a>\n\t\t<\/div>\n\t<\/div>\n\n\n<div class=\"post-entry-content\">\n\n\t<h3 class=\"ele-entry-title\"><a href=\"https:\/\/www.modave.be\/index.php\/services_communaux\/conseil-communal-convocation-ordre-du-jour-jeudi-24-avril-2025\/\" rel=\"bookmark\" title=\"Conseil communal &#8211; Convocation &#8211; Ordre du jour | Jeudi 24 avril 2025\">Conseil communal &#8211; Convocation &#8211; Ordre du jour | Jeudi 24 avril 2025<\/a><\/h3><div class=\"entry-meta\"><span class=\"meta-item category-link\"><a href=\"https:\/\/www.modave.be\/index.php\/category\/conseil_communal_ordre_jour\/\" rel=\"tag\">Ordre du jour du Conseil Communal<\/a><\/span><span class=\"meta-item data-link\"><time class=\"entry-date updated\" datetime=\"2025-04-17T14:57:47+02:00\">17 avril 2025<\/time><\/span><\/div><div class=\"entry-excerpt\"><p>Modave &#8211; OJ Conseil 24.04.2025.pdfT\u00e9l\u00e9charger<\/p>\n<\/div><a href=\"https:\/\/www.modave.be\/index.php\/services_communaux\/conseil-communal-convocation-ordre-du-jour-jeudi-24-avril-2025\/\" target=\"\" aria-label=\"En savoir plus sur Conseil communal &#8211; Convocation &#8211; Ordre du jour | Jeudi 24 avril 2025\" class=\"box-button elementor-button elementor-size-xs\">En savoir plus<\/a>\n<\/div><\/article><\/div><div class=\"visible wf-cell iso-item\" data-post-id=\"15423\" data-date=\"2025-04-09T11:08:07+02:00\" data-name=\"Conseil de Police | 14 avril 2025 | 18h30\"><article class=\"post visible post-15423 services_communaux type-services_communaux status-publish has-post-thumbnail hentry category-conseil_communal_ordre_jour description-off\" data-name=\"Conseil de Police | 14 avril 2025 | 18h30\" data-date=\"2025-04-09T11:08:07+02:00\">\n\n\t<div class=\"post-thumbnail-wrap\">\n\t\t<div class=\"post-thumbnail\">\n\n\t\t\t<a class=\"post-thumbnail-rollover layzr-bg img-css-resize-wrapper\" aria-label=\"Image article\" href=\"https:\/\/www.modave.be\/index.php\/services_communaux\/conseil-de-police-14-avril-2025-18h30\/\"><img decoding=\"async\" width=\"2560\" height=\"1280\" src=\"data:image\/svg+xml,%3Csvg%20xmlns%3D&#039;http%3A%2F%2Fwww.w3.org%2F2000%2Fsvg&#039;%20viewBox%3D&#039;0%200%202560%201280&#039;%2F%3E\" class=\"attachment-full size-full preload-me aspect lazy lazy-load\" alt=\"\" sizes=\"(max-width: 2560px) 100vw, 2560px\" style=\"--ratio: 2560 \/ 1280;\" data-src=\"https:\/\/www.modave.be\/wp-content\/uploads\/2025\/03\/IMG_1533-Avec-accentuation-Bruit-scaled-e1741077000759.jpg\" loading=\"eager\" data-srcset=\"https:\/\/www.modave.be\/wp-content\/uploads\/2025\/03\/IMG_1533-Avec-accentuation-Bruit-scaled-e1741077000759.jpg 2560w, https:\/\/www.modave.be\/wp-content\/uploads\/2025\/03\/IMG_1533-Avec-accentuation-Bruit-scaled-e1741077000759-300x150.jpg 300w, https:\/\/www.modave.be\/wp-content\/uploads\/2025\/03\/IMG_1533-Avec-accentuation-Bruit-scaled-e1741077000759-1024x512.jpg 1024w, https:\/\/www.modave.be\/wp-content\/uploads\/2025\/03\/IMG_1533-Avec-accentuation-Bruit-scaled-e1741077000759-768x384.jpg 768w, https:\/\/www.modave.be\/wp-content\/uploads\/2025\/03\/IMG_1533-Avec-accentuation-Bruit-scaled-e1741077000759-1536x768.jpg 1536w, https:\/\/www.modave.be\/wp-content\/uploads\/2025\/03\/IMG_1533-Avec-accentuation-Bruit-scaled-e1741077000759-2048x1024.jpg 2048w\" \/><span class=\"the7-hover-icon\"><i aria-hidden=\"true\" class=\"fas fa-plus\"><\/i><\/span><\/a>\n\t\t<\/div>\n\t<\/div>\n\n\n<div class=\"post-entry-content\">\n\n\t<h3 class=\"ele-entry-title\"><a href=\"https:\/\/www.modave.be\/index.php\/services_communaux\/conseil-de-police-14-avril-2025-18h30\/\" rel=\"bookmark\" title=\"Conseil de Police | 14 avril 2025 | 18h30\">Conseil de Police | 14 avril 2025 | 18h30<\/a><\/h3><div class=\"entry-meta\"><span class=\"meta-item category-link\"><a href=\"https:\/\/www.modave.be\/index.php\/category\/conseil_communal_ordre_jour\/\" rel=\"tag\">Ordre du jour du Conseil Communal<\/a><\/span><span class=\"meta-item data-link\"><time class=\"entry-date updated\" datetime=\"2025-04-09T11:08:07+02:00\">9 avril 2025<\/time><\/span><\/div><div class=\"entry-excerpt\"><p>CONSEIL DE POLICE &#8211; ORDRE DU JOUR\u00a0<\/p>\n<\/div><a href=\"https:\/\/www.modave.be\/index.php\/services_communaux\/conseil-de-police-14-avril-2025-18h30\/\" target=\"\" aria-label=\"En savoir plus sur Conseil de Police | 14 avril 2025 | 18h30\" class=\"box-button elementor-button elementor-size-xs\">En savoir plus<\/a>\n<\/div><\/article><\/div><div class=\"visible wf-cell iso-item\" data-post-id=\"15281\" data-date=\"2025-03-19T11:21:21+01:00\" data-name=\"Conseil communal - Convocation - Ordre du jour | Mardi 25 mars 2025\"><article class=\"post visible post-15281 services_communaux type-services_communaux status-publish has-post-thumbnail hentry category-conseil_communal_ordre_jour description-off\" data-name=\"Conseil communal &#8211; Convocation &#8211; Ordre du jour | Mardi 25 mars 2025\" data-date=\"2025-03-19T11:21:21+01:00\">\n\n\t<div class=\"post-thumbnail-wrap\">\n\t\t<div class=\"post-thumbnail\">\n\n\t\t\t<a class=\"post-thumbnail-rollover layzr-bg img-css-resize-wrapper\" aria-label=\"Image article\" href=\"https:\/\/www.modave.be\/index.php\/services_communaux\/conseil-communal-convocation-ordre-du-jour-mardi-25-mars-2025\/\"><img decoding=\"async\" width=\"2560\" height=\"1280\" src=\"data:image\/svg+xml,%3Csvg%20xmlns%3D&#039;http%3A%2F%2Fwww.w3.org%2F2000%2Fsvg&#039;%20viewBox%3D&#039;0%200%202560%201280&#039;%2F%3E\" class=\"attachment-full size-full preload-me aspect lazy lazy-load\" alt=\"\" sizes=\"(max-width: 2560px) 100vw, 2560px\" style=\"--ratio: 2560 \/ 1280;\" data-src=\"https:\/\/www.modave.be\/wp-content\/uploads\/2025\/03\/IMG_1533-Avec-accentuation-Bruit-scaled-e1741077000759.jpg\" loading=\"eager\" data-srcset=\"https:\/\/www.modave.be\/wp-content\/uploads\/2025\/03\/IMG_1533-Avec-accentuation-Bruit-scaled-e1741077000759.jpg 2560w, https:\/\/www.modave.be\/wp-content\/uploads\/2025\/03\/IMG_1533-Avec-accentuation-Bruit-scaled-e1741077000759-300x150.jpg 300w, https:\/\/www.modave.be\/wp-content\/uploads\/2025\/03\/IMG_1533-Avec-accentuation-Bruit-scaled-e1741077000759-1024x512.jpg 1024w, https:\/\/www.modave.be\/wp-content\/uploads\/2025\/03\/IMG_1533-Avec-accentuation-Bruit-scaled-e1741077000759-768x384.jpg 768w, https:\/\/www.modave.be\/wp-content\/uploads\/2025\/03\/IMG_1533-Avec-accentuation-Bruit-scaled-e1741077000759-1536x768.jpg 1536w, https:\/\/www.modave.be\/wp-content\/uploads\/2025\/03\/IMG_1533-Avec-accentuation-Bruit-scaled-e1741077000759-2048x1024.jpg 2048w\" \/><span class=\"the7-hover-icon\"><i aria-hidden=\"true\" class=\"fas fa-plus\"><\/i><\/span><\/a>\n\t\t<\/div>\n\t<\/div>\n\n\n<div class=\"post-entry-content\">\n\n\t<h3 class=\"ele-entry-title\"><a href=\"https:\/\/www.modave.be\/index.php\/services_communaux\/conseil-communal-convocation-ordre-du-jour-mardi-25-mars-2025\/\" rel=\"bookmark\" title=\"Conseil communal &#8211; Convocation &#8211; Ordre du jour | Mardi 25 mars 2025\">Conseil communal &#8211; Convocation &#8211; Ordre du jour | Mardi 25 mars 2025<\/a><\/h3><div class=\"entry-meta\"><span class=\"meta-item category-link\"><a href=\"https:\/\/www.modave.be\/index.php\/category\/conseil_communal_ordre_jour\/\" rel=\"tag\">Ordre du jour du Conseil Communal<\/a><\/span><span class=\"meta-item data-link\"><time class=\"entry-date updated\" datetime=\"2025-03-19T11:21:21+01:00\">19 mars 2025<\/time><\/span><\/div><div class=\"entry-excerpt\"><p>Modave &#8211; OJ Conseil 25.03.2025T\u00e9l\u00e9charger<\/p>\n<\/div><a href=\"https:\/\/www.modave.be\/index.php\/services_communaux\/conseil-communal-convocation-ordre-du-jour-mardi-25-mars-2025\/\" target=\"\" aria-label=\"En savoir plus sur Conseil communal &#8211; Convocation &#8211; Ordre du jour | Mardi 25 mars 2025\" class=\"box-button elementor-button elementor-size-xs\">En savoir plus<\/a>\n<\/div><\/article><\/div><div class=\"visible wf-cell iso-item\" data-post-id=\"14962\" data-date=\"2025-02-13T08:26:07+01:00\" data-name=\"Conseil communal - Convocation - Ordre du jour | Jeudi 20 f\u00e9vrier 2025\"><article class=\"post visible post-14962 services_communaux type-services_communaux status-publish has-post-thumbnail hentry category-conseil_communal_ordre_jour description-off\" data-name=\"Conseil communal &#8211; Convocation &#8211; Ordre du jour | Jeudi 20 f\u00e9vrier 2025\" data-date=\"2025-02-13T08:26:07+01:00\">\n\n\t<div class=\"post-thumbnail-wrap\">\n\t\t<div class=\"post-thumbnail\">\n\n\t\t\t<a class=\"post-thumbnail-rollover layzr-bg img-css-resize-wrapper\" aria-label=\"Image article\" href=\"https:\/\/www.modave.be\/index.php\/services_communaux\/conseil-communal-convocation-ordre-du-jour-jeudi-20-fevrier-2025\/\"><img decoding=\"async\" width=\"2048\" height=\"1024\" src=\"data:image\/svg+xml,%3Csvg%20xmlns%3D&#039;http%3A%2F%2Fwww.w3.org%2F2000%2Fsvg&#039;%20viewBox%3D&#039;0%200%202048%201024&#039;%2F%3E\" class=\"attachment-full size-full preload-me aspect lazy lazy-load\" alt=\"\" sizes=\"(max-width: 2048px) 100vw, 2048px\" style=\"--ratio: 2048 \/ 1024;\" data-src=\"https:\/\/www.modave.be\/wp-content\/uploads\/2025\/01\/472810304_1048037910698808_7650201301106777349_n-e1736589599200.jpg\" loading=\"eager\" data-srcset=\"https:\/\/www.modave.be\/wp-content\/uploads\/2025\/01\/472810304_1048037910698808_7650201301106777349_n-e1736589599200.jpg 2048w, https:\/\/www.modave.be\/wp-content\/uploads\/2025\/01\/472810304_1048037910698808_7650201301106777349_n-e1736589599200-300x150.jpg 300w, https:\/\/www.modave.be\/wp-content\/uploads\/2025\/01\/472810304_1048037910698808_7650201301106777349_n-e1736589599200-1024x512.jpg 1024w, https:\/\/www.modave.be\/wp-content\/uploads\/2025\/01\/472810304_1048037910698808_7650201301106777349_n-e1736589599200-768x384.jpg 768w, https:\/\/www.modave.be\/wp-content\/uploads\/2025\/01\/472810304_1048037910698808_7650201301106777349_n-e1736589599200-1536x768.jpg 1536w\" \/><span class=\"the7-hover-icon\"><i aria-hidden=\"true\" class=\"fas fa-plus\"><\/i><\/span><\/a>\n\t\t<\/div>\n\t<\/div>\n\n\n<div class=\"post-entry-content\">\n\n\t<h3 class=\"ele-entry-title\"><a href=\"https:\/\/www.modave.be\/index.php\/services_communaux\/conseil-communal-convocation-ordre-du-jour-jeudi-20-fevrier-2025\/\" rel=\"bookmark\" title=\"Conseil communal &#8211; Convocation &#8211; Ordre du jour | Jeudi 20 f\u00e9vrier 2025\">Conseil communal &#8211; Convocation &#8211; Ordre du jour | Jeudi 20 f\u00e9vrier 2025<\/a><\/h3><div class=\"entry-meta\"><span class=\"meta-item category-link\"><a href=\"https:\/\/www.modave.be\/index.php\/category\/conseil_communal_ordre_jour\/\" rel=\"tag\">Ordre du jour du Conseil Communal<\/a><\/span><span class=\"meta-item data-link\"><time class=\"entry-date updated\" datetime=\"2025-02-13T08:26:07+01:00\">13 f\u00e9vrier 2025<\/time><\/span><\/div><div class=\"entry-excerpt\"><p>Conseil communal &#8211; Convocation &#8211; Ordre du jour Jeudi 20 f\u00e9vrier 2025T\u00e9l\u00e9charger<\/p>\n<\/div><a href=\"https:\/\/www.modave.be\/index.php\/services_communaux\/conseil-communal-convocation-ordre-du-jour-jeudi-20-fevrier-2025\/\" target=\"\" aria-label=\"En savoir plus sur Conseil communal &#8211; Convocation &#8211; Ordre du jour | Jeudi 20 f\u00e9vrier 2025\" class=\"box-button elementor-button elementor-size-xs\">En savoir plus<\/a>\n<\/div><\/article><\/div><div class=\"visible wf-cell iso-item\" data-post-id=\"14713\" data-date=\"2025-01-24T14:01:28+01:00\" data-name=\"Conseil communal | iD\u00e9lib\u00e9 citoyens (nouveau !)\"><article class=\"post visible post-14713 services_communaux type-services_communaux status-publish has-post-thumbnail hentry category-conseil_communal_ordre_jour description-off\" data-name=\"Conseil communal | iD\u00e9lib\u00e9 citoyens (nouveau !)\" data-date=\"2025-01-24T14:01:28+01:00\">\n\n\t<div class=\"post-thumbnail-wrap\">\n\t\t<div class=\"post-thumbnail\">\n\n\t\t\t<a class=\"post-thumbnail-rollover layzr-bg img-css-resize-wrapper\" aria-label=\"Image article\" href=\"https:\/\/www.modave.be\/index.php\/services_communaux\/conseil-communal-idelibe-citoyens-nouveau\/\"><img decoding=\"async\" width=\"2048\" height=\"1024\" src=\"data:image\/svg+xml,%3Csvg%20xmlns%3D&#039;http%3A%2F%2Fwww.w3.org%2F2000%2Fsvg&#039;%20viewBox%3D&#039;0%200%202048%201024&#039;%2F%3E\" class=\"attachment-full size-full preload-me aspect lazy lazy-load\" alt=\"\" sizes=\"(max-width: 2048px) 100vw, 2048px\" style=\"--ratio: 2048 \/ 1024;\" data-src=\"https:\/\/www.modave.be\/wp-content\/uploads\/2025\/01\/472810304_1048037910698808_7650201301106777349_n-e1736589599200.jpg\" loading=\"eager\" data-srcset=\"https:\/\/www.modave.be\/wp-content\/uploads\/2025\/01\/472810304_1048037910698808_7650201301106777349_n-e1736589599200.jpg 2048w, https:\/\/www.modave.be\/wp-content\/uploads\/2025\/01\/472810304_1048037910698808_7650201301106777349_n-e1736589599200-300x150.jpg 300w, https:\/\/www.modave.be\/wp-content\/uploads\/2025\/01\/472810304_1048037910698808_7650201301106777349_n-e1736589599200-1024x512.jpg 1024w, https:\/\/www.modave.be\/wp-content\/uploads\/2025\/01\/472810304_1048037910698808_7650201301106777349_n-e1736589599200-768x384.jpg 768w, https:\/\/www.modave.be\/wp-content\/uploads\/2025\/01\/472810304_1048037910698808_7650201301106777349_n-e1736589599200-1536x768.jpg 1536w\" \/><span class=\"the7-hover-icon\"><i aria-hidden=\"true\" class=\"fas fa-plus\"><\/i><\/span><\/a>\n\t\t<\/div>\n\t<\/div>\n\n\n<div class=\"post-entry-content\">\n\n\t<h3 class=\"ele-entry-title\"><a href=\"https:\/\/www.modave.be\/index.php\/services_communaux\/conseil-communal-idelibe-citoyens-nouveau\/\" rel=\"bookmark\" title=\"Conseil communal | iD\u00e9lib\u00e9 citoyens (nouveau !)\">Conseil communal | iD\u00e9lib\u00e9 citoyens (nouveau !)<\/a><\/h3><div class=\"entry-meta\"><span class=\"meta-item category-link\"><a href=\"https:\/\/www.modave.be\/index.php\/category\/conseil_communal_ordre_jour\/\" rel=\"tag\">Ordre du jour du Conseil Communal<\/a><\/span><span class=\"meta-item data-link\"><time class=\"entry-date updated\" datetime=\"2025-01-24T14:01:28+01:00\">24 janvier 2025<\/time><\/span><\/div><div class=\"entry-excerpt\"><p>Retrouvez le Conseil communal en ligne ! D\u00e8s aujourd\u2019hui, les projets de d\u00e9cisions du Conseil communal sont accessibles en ligne via la plateforme \ud835\uddf6\ud835\uddd7\ud835\uddf2\u0301\ud835\uddf9\ud835\uddf6\ud835\uddef\ud835\uddf2\u0301 \ud835\uddd6\ud835\uddf6\ud835\ude01\ud835\uddfc\ud835\ude06\ud835\uddf2\ud835\uddfb\ud835\ude00 ! \ud835\udde4\ud835\ude02\u2019\ud835\uddf2\ud835\ude00\ud835\ude01-\ud835\uddf0\ud835\uddf2 \ud835\uddfe\ud835\ude02\ud835\uddf2 \ud835\uddf0&rsquo;\ud835\uddf2\ud835\ude00\ud835\ude01 ?C\u2019est une plateforme intuitive et transparente qui permet aux citoyens d\u2019acc\u00e9der facilement aux ordres du jour, d\u00e9cisions et documents officiels du&hellip;<\/p>\n<\/div><a href=\"https:\/\/www.modave.be\/index.php\/services_communaux\/conseil-communal-idelibe-citoyens-nouveau\/\" target=\"\" aria-label=\"En savoir plus sur Conseil communal | iD\u00e9lib\u00e9 citoyens (nouveau !)\" class=\"box-button elementor-button elementor-size-xs\">En savoir plus<\/a>\n<\/div><\/article><\/div><div class=\"visible wf-cell iso-item\" data-post-id=\"14694\" data-date=\"2025-01-23T08:00:00+01:00\" data-name=\"Conseil communal - Convocation - Ordre du jour | Jeudi 30 janvier 2025\"><article class=\"post visible post-14694 services_communaux type-services_communaux status-publish has-post-thumbnail hentry category-conseil_communal_ordre_jour description-off\" data-name=\"Conseil communal &#8211; Convocation &#8211; Ordre du jour | Jeudi 30 janvier 2025\" data-date=\"2025-01-23T08:00:00+01:00\">\n\n\t<div class=\"post-thumbnail-wrap\">\n\t\t<div class=\"post-thumbnail\">\n\n\t\t\t<a class=\"post-thumbnail-rollover layzr-bg img-css-resize-wrapper\" aria-label=\"Image article\" href=\"https:\/\/www.modave.be\/index.php\/services_communaux\/conseil-communal-convocation-ordre-du-jour-jeudi-30-janvier-2025\/\"><img decoding=\"async\" width=\"2048\" height=\"1024\" src=\"data:image\/svg+xml,%3Csvg%20xmlns%3D&#039;http%3A%2F%2Fwww.w3.org%2F2000%2Fsvg&#039;%20viewBox%3D&#039;0%200%202048%201024&#039;%2F%3E\" class=\"attachment-full size-full preload-me aspect lazy lazy-load\" alt=\"\" sizes=\"(max-width: 2048px) 100vw, 2048px\" style=\"--ratio: 2048 \/ 1024;\" data-src=\"https:\/\/www.modave.be\/wp-content\/uploads\/2025\/01\/472810304_1048037910698808_7650201301106777349_n-e1736589599200.jpg\" loading=\"eager\" data-srcset=\"https:\/\/www.modave.be\/wp-content\/uploads\/2025\/01\/472810304_1048037910698808_7650201301106777349_n-e1736589599200.jpg 2048w, https:\/\/www.modave.be\/wp-content\/uploads\/2025\/01\/472810304_1048037910698808_7650201301106777349_n-e1736589599200-300x150.jpg 300w, https:\/\/www.modave.be\/wp-content\/uploads\/2025\/01\/472810304_1048037910698808_7650201301106777349_n-e1736589599200-1024x512.jpg 1024w, https:\/\/www.modave.be\/wp-content\/uploads\/2025\/01\/472810304_1048037910698808_7650201301106777349_n-e1736589599200-768x384.jpg 768w, https:\/\/www.modave.be\/wp-content\/uploads\/2025\/01\/472810304_1048037910698808_7650201301106777349_n-e1736589599200-1536x768.jpg 1536w\" \/><span class=\"the7-hover-icon\"><i aria-hidden=\"true\" class=\"fas fa-plus\"><\/i><\/span><\/a>\n\t\t<\/div>\n\t<\/div>\n\n\n<div class=\"post-entry-content\">\n\n\t<h3 class=\"ele-entry-title\"><a href=\"https:\/\/www.modave.be\/index.php\/services_communaux\/conseil-communal-convocation-ordre-du-jour-jeudi-30-janvier-2025\/\" rel=\"bookmark\" title=\"Conseil communal &#8211; Convocation &#8211; Ordre du jour | Jeudi 30 janvier 2025\">Conseil communal &#8211; Convocation &#8211; Ordre du jour | Jeudi 30 janvier 2025<\/a><\/h3><div class=\"entry-meta\"><span class=\"meta-item category-link\"><a href=\"https:\/\/www.modave.be\/index.php\/category\/conseil_communal_ordre_jour\/\" rel=\"tag\">Ordre du jour du Conseil Communal<\/a><\/span><span class=\"meta-item data-link\"><time class=\"entry-date updated\" datetime=\"2025-01-23T08:00:00+01:00\">23 janvier 2025<\/time><\/span><\/div><div class=\"entry-excerpt\"><p>Conseil communal &#8211; Convocation &#8211; Ordre du jour Jeudi 30 janvier 2025T\u00e9l\u00e9charger<\/p>\n<\/div><a href=\"https:\/\/www.modave.be\/index.php\/services_communaux\/conseil-communal-convocation-ordre-du-jour-jeudi-30-janvier-2025\/\" target=\"\" aria-label=\"En savoir plus sur Conseil communal &#8211; Convocation &#8211; Ordre du jour | Jeudi 30 janvier 2025\" class=\"box-button elementor-button elementor-size-xs\">En savoir plus<\/a>\n<\/div><\/article><\/div><div class=\"visible wf-cell iso-item\" data-post-id=\"14670\" data-date=\"2025-01-15T08:57:52+01:00\" data-name=\"Tirage au sort pour l&#039;\u00e9tablissement de la liste des jur\u00e9(e)s d&#039;assises 2026-2029\"><article class=\"post visible post-14670 services_communaux type-services_communaux status-publish has-post-thumbnail hentry category-conseil_communal_ordre_jour description-off\" data-name=\"Tirage au sort pour l&rsquo;\u00e9tablissement de la liste des jur\u00e9(e)s d&rsquo;assises 2026-2029\" data-date=\"2025-01-15T08:57:52+01:00\">\n\n\t<div class=\"post-thumbnail-wrap\">\n\t\t<div class=\"post-thumbnail\">\n\n\t\t\t<a class=\"post-thumbnail-rollover layzr-bg img-css-resize-wrapper\" aria-label=\"Image article\" href=\"https:\/\/www.modave.be\/index.php\/services_communaux\/tirage-au-sort-pour-letablissement-de-la-liste-des-jurees-dassises-2026-2029\/\"><img decoding=\"async\" width=\"1920\" height=\"960\" src=\"data:image\/svg+xml,%3Csvg%20xmlns%3D&#039;http%3A%2F%2Fwww.w3.org%2F2000%2Fsvg&#039;%20viewBox%3D&#039;0%200%201920%20960&#039;%2F%3E\" class=\"attachment-full size-full preload-me aspect lazy lazy-load\" alt=\"\" sizes=\"(max-width: 1920px) 100vw, 1920px\" style=\"--ratio: 1920 \/ 960;\" data-src=\"https:\/\/www.modave.be\/wp-content\/uploads\/2025\/01\/tirage-e1736927823704.jpg\" loading=\"eager\" data-srcset=\"https:\/\/www.modave.be\/wp-content\/uploads\/2025\/01\/tirage-e1736927823704.jpg 1920w, https:\/\/www.modave.be\/wp-content\/uploads\/2025\/01\/tirage-e1736927823704-300x150.jpg 300w, https:\/\/www.modave.be\/wp-content\/uploads\/2025\/01\/tirage-e1736927823704-1024x512.jpg 1024w, https:\/\/www.modave.be\/wp-content\/uploads\/2025\/01\/tirage-e1736927823704-768x384.jpg 768w, https:\/\/www.modave.be\/wp-content\/uploads\/2025\/01\/tirage-e1736927823704-1536x768.jpg 1536w\" \/><span class=\"the7-hover-icon\"><i aria-hidden=\"true\" class=\"fas fa-plus\"><\/i><\/span><\/a>\n\t\t<\/div>\n\t<\/div>\n\n\n<div class=\"post-entry-content\">\n\n\t<h3 class=\"ele-entry-title\"><a href=\"https:\/\/www.modave.be\/index.php\/services_communaux\/tirage-au-sort-pour-letablissement-de-la-liste-des-jurees-dassises-2026-2029\/\" rel=\"bookmark\" title=\"Tirage au sort pour l&rsquo;\u00e9tablissement de la liste des jur\u00e9(e)s d&rsquo;assises 2026-2029\">Tirage au sort pour l&rsquo;\u00e9tablissement de la liste des jur\u00e9(e)s d&rsquo;assises 2026-2029<\/a><\/h3><div class=\"entry-meta\"><span class=\"meta-item category-link\"><a href=\"https:\/\/www.modave.be\/index.php\/category\/conseil_communal_ordre_jour\/\" rel=\"tag\">Ordre du jour du Conseil Communal<\/a><\/span><span class=\"meta-item data-link\"><time class=\"entry-date updated\" datetime=\"2025-01-15T08:57:52+01:00\">15 janvier 2025<\/time><\/span><\/div><div class=\"entry-excerpt\"><p>Le tirage au sort pour l&rsquo;\u00e9tablissement de la liste des jur\u00e9s d&rsquo;assises pour la p\u00e9riode 2026-2029 aura lieu le jeudi 30 janvier 2025 \u00e0 8h30 en salle du conseil. Les personnes int\u00e9ress\u00e9es \u00e0 assister \u00e0 ce tirage sont invit\u00e9es \u00e0 se pr\u00e9senter \u00e0 l&rsquo;heure indiqu\u00e9e. Ce tirage d\u00e9terminera les jur\u00e9s&hellip;<\/p>\n<\/div><a href=\"https:\/\/www.modave.be\/index.php\/services_communaux\/tirage-au-sort-pour-letablissement-de-la-liste-des-jurees-dassises-2026-2029\/\" target=\"\" aria-label=\"En savoir plus sur Tirage au sort pour l&rsquo;\u00e9tablissement de la liste des jur\u00e9(e)s d&rsquo;assises 2026-2029\" class=\"box-button elementor-button elementor-size-xs\">En savoir plus<\/a>\n<\/div><\/article><\/div><div class=\"visible wf-cell iso-item\" data-post-id=\"14248\" data-date=\"2024-12-12T08:30:00+01:00\" data-name=\"Conseil communal - Convocation - Ordre du jour | Jeudi 19 d\u00e9cembre 2024\"><article class=\"post visible post-14248 services_communaux type-services_communaux status-publish has-post-thumbnail hentry category-conseil_communal_ordre_jour description-off\" data-name=\"Conseil communal &#8211; Convocation &#8211; Ordre du jour | Jeudi 19 d\u00e9cembre 2024\" data-date=\"2024-12-12T08:30:00+01:00\">\n\n\t<div class=\"post-thumbnail-wrap\">\n\t\t<div class=\"post-thumbnail\">\n\n\t\t\t<a class=\"post-thumbnail-rollover layzr-bg img-css-resize-wrapper\" aria-label=\"Image article\" href=\"https:\/\/www.modave.be\/index.php\/services_communaux\/conseil-communal-convocation-ordre-du-jour-jeudi-19-decembre-2024\/\"><img decoding=\"async\" width=\"800\" height=\"400\" src=\"data:image\/svg+xml,%3Csvg%20xmlns%3D&#039;http%3A%2F%2Fwww.w3.org%2F2000%2Fsvg&#039;%20viewBox%3D&#039;0%200%20800%20400&#039;%2F%3E\" class=\"attachment-full size-full preload-me aspect lazy lazy-load\" alt=\"\" sizes=\"(max-width: 800px) 100vw, 800px\" style=\"--ratio: 800 \/ 400;\" data-src=\"https:\/\/www.modave.be\/wp-content\/uploads\/2024\/09\/Commune-e1726498849435.webp\" loading=\"eager\" data-srcset=\"https:\/\/www.modave.be\/wp-content\/uploads\/2024\/09\/Commune-e1726498849435.webp 800w, https:\/\/www.modave.be\/wp-content\/uploads\/2024\/09\/Commune-e1726498849435-300x150.webp 300w, https:\/\/www.modave.be\/wp-content\/uploads\/2024\/09\/Commune-e1726498849435-768x384.webp 768w\" \/><span class=\"the7-hover-icon\"><i aria-hidden=\"true\" class=\"fas fa-plus\"><\/i><\/span><\/a>\n\t\t<\/div>\n\t<\/div>\n\n\n<div class=\"post-entry-content\">\n\n\t<h3 class=\"ele-entry-title\"><a href=\"https:\/\/www.modave.be\/index.php\/services_communaux\/conseil-communal-convocation-ordre-du-jour-jeudi-19-decembre-2024\/\" rel=\"bookmark\" title=\"Conseil communal &#8211; Convocation &#8211; Ordre du jour | Jeudi 19 d\u00e9cembre 2024\">Conseil communal &#8211; Convocation &#8211; Ordre du jour | Jeudi 19 d\u00e9cembre 2024<\/a><\/h3><div class=\"entry-meta\"><span class=\"meta-item category-link\"><a href=\"https:\/\/www.modave.be\/index.php\/category\/conseil_communal_ordre_jour\/\" rel=\"tag\">Ordre du jour du Conseil Communal<\/a><\/span><span class=\"meta-item data-link\"><time class=\"entry-date updated\" datetime=\"2024-12-12T08:30:00+01:00\">12 d\u00e9cembre 2024<\/time><\/span><\/div><div class=\"entry-excerpt\"><p>11.12.2024_15-38-02T\u00e9l\u00e9charger<\/p>\n<\/div><a href=\"https:\/\/www.modave.be\/index.php\/services_communaux\/conseil-communal-convocation-ordre-du-jour-jeudi-19-decembre-2024\/\" target=\"\" aria-label=\"En savoir plus sur Conseil communal &#8211; Convocation &#8211; Ordre du jour | Jeudi 19 d\u00e9cembre 2024\" class=\"box-button elementor-button elementor-size-xs\">En savoir plus<\/a>\n<\/div><\/article><\/div><div class=\"visible wf-cell iso-item\" data-post-id=\"14084\" data-date=\"2024-11-26T13:56:52+01:00\" data-name=\"Conseil communal - Convocation - Ordre du jour | Lundi 2 d\u00e9cembre 2024\"><article class=\"post visible post-14084 services_communaux type-services_communaux status-publish has-post-thumbnail hentry category-conseil_communal_ordre_jour description-off\" data-name=\"Conseil communal &#8211; Convocation &#8211; Ordre du jour | Lundi 2 d\u00e9cembre 2024\" data-date=\"2024-11-26T13:56:52+01:00\">\n\n\t<div class=\"post-thumbnail-wrap\">\n\t\t<div class=\"post-thumbnail\">\n\n\t\t\t<a class=\"post-thumbnail-rollover layzr-bg img-css-resize-wrapper\" aria-label=\"Image article\" href=\"https:\/\/www.modave.be\/index.php\/services_communaux\/conseil-communal-convocation-ordre-du-jour-lundi-2-decembre-2024\/\"><img decoding=\"async\" width=\"800\" height=\"400\" src=\"data:image\/svg+xml,%3Csvg%20xmlns%3D&#039;http%3A%2F%2Fwww.w3.org%2F2000%2Fsvg&#039;%20viewBox%3D&#039;0%200%20800%20400&#039;%2F%3E\" class=\"attachment-full size-full preload-me aspect lazy lazy-load\" alt=\"\" sizes=\"(max-width: 800px) 100vw, 800px\" style=\"--ratio: 800 \/ 400;\" data-src=\"https:\/\/www.modave.be\/wp-content\/uploads\/2024\/09\/Commune-e1726498849435.webp\" loading=\"eager\" data-srcset=\"https:\/\/www.modave.be\/wp-content\/uploads\/2024\/09\/Commune-e1726498849435.webp 800w, https:\/\/www.modave.be\/wp-content\/uploads\/2024\/09\/Commune-e1726498849435-300x150.webp 300w, https:\/\/www.modave.be\/wp-content\/uploads\/2024\/09\/Commune-e1726498849435-768x384.webp 768w\" \/><span class=\"the7-hover-icon\"><i aria-hidden=\"true\" class=\"fas fa-plus\"><\/i><\/span><\/a>\n\t\t<\/div>\n\t<\/div>\n\n\n<div class=\"post-entry-content\">\n\n\t<h3 class=\"ele-entry-title\"><a href=\"https:\/\/www.modave.be\/index.php\/services_communaux\/conseil-communal-convocation-ordre-du-jour-lundi-2-decembre-2024\/\" rel=\"bookmark\" title=\"Conseil communal &#8211; Convocation &#8211; Ordre du jour | Lundi 2 d\u00e9cembre 2024\">Conseil communal &#8211; Convocation &#8211; Ordre du jour | Lundi 2 d\u00e9cembre 2024<\/a><\/h3><div class=\"entry-meta\"><span class=\"meta-item category-link\"><a href=\"https:\/\/www.modave.be\/index.php\/category\/conseil_communal_ordre_jour\/\" rel=\"tag\">Ordre du jour du Conseil Communal<\/a><\/span><span class=\"meta-item data-link\"><time class=\"entry-date updated\" datetime=\"2024-11-26T13:56:52+01:00\">26 novembre 2024<\/time><\/span><\/div><div class=\"entry-excerpt\"><p>Convocation &#8211; Ordre du jour &#8211; Conseil Communal du 2 d\u00e9cembre 2024T\u00e9l\u00e9charger<\/p>\n<\/div><a href=\"https:\/\/www.modave.be\/index.php\/services_communaux\/conseil-communal-convocation-ordre-du-jour-lundi-2-decembre-2024\/\" target=\"\" aria-label=\"En savoir plus sur Conseil communal &#8211; Convocation &#8211; Ordre du jour | Lundi 2 d\u00e9cembre 2024\" class=\"box-button elementor-button elementor-size-xs\">En savoir plus<\/a>\n<\/div><\/article><\/div><div class=\"visible wf-cell iso-item\" data-post-id=\"13868\" data-date=\"2024-10-30T08:33:00+01:00\" data-name=\"Conseil communal - Convocation - Ordre du jour | jeudi 7 novembre 2024\"><article class=\"post visible post-13868 services_communaux type-services_communaux status-publish has-post-thumbnail hentry category-conseil_communal_ordre_jour description-off\" data-name=\"Conseil communal &#8211; Convocation &#8211; Ordre du jour | jeudi 7 novembre 2024\" data-date=\"2024-10-30T08:33:00+01:00\">\n\n\t<div class=\"post-thumbnail-wrap\">\n\t\t<div class=\"post-thumbnail\">\n\n\t\t\t<a class=\"post-thumbnail-rollover layzr-bg img-css-resize-wrapper\" aria-label=\"Image article\" href=\"https:\/\/www.modave.be\/index.php\/services_communaux\/conseil-communal-convocation-ordre-du-jour-jeudi-7-octobre-2024-2\/\"><img decoding=\"async\" width=\"800\" height=\"400\" src=\"data:image\/svg+xml,%3Csvg%20xmlns%3D&#039;http%3A%2F%2Fwww.w3.org%2F2000%2Fsvg&#039;%20viewBox%3D&#039;0%200%20800%20400&#039;%2F%3E\" class=\"attachment-full size-full preload-me aspect lazy lazy-load\" alt=\"\" sizes=\"(max-width: 800px) 100vw, 800px\" style=\"--ratio: 800 \/ 400;\" data-src=\"https:\/\/www.modave.be\/wp-content\/uploads\/2024\/09\/Commune-e1726498849435.webp\" loading=\"eager\" data-srcset=\"https:\/\/www.modave.be\/wp-content\/uploads\/2024\/09\/Commune-e1726498849435.webp 800w, https:\/\/www.modave.be\/wp-content\/uploads\/2024\/09\/Commune-e1726498849435-300x150.webp 300w, https:\/\/www.modave.be\/wp-content\/uploads\/2024\/09\/Commune-e1726498849435-768x384.webp 768w\" \/><span class=\"the7-hover-icon\"><i aria-hidden=\"true\" class=\"fas fa-plus\"><\/i><\/span><\/a>\n\t\t<\/div>\n\t<\/div>\n\n\n<div class=\"post-entry-content\">\n\n\t<h3 class=\"ele-entry-title\"><a href=\"https:\/\/www.modave.be\/index.php\/services_communaux\/conseil-communal-convocation-ordre-du-jour-jeudi-7-octobre-2024-2\/\" rel=\"bookmark\" title=\"Conseil communal &#8211; Convocation &#8211; Ordre du jour | jeudi 7 novembre 2024\">Conseil communal &#8211; Convocation &#8211; Ordre du jour | jeudi 7 novembre 2024<\/a><\/h3><div class=\"entry-meta\"><span class=\"meta-item category-link\"><a href=\"https:\/\/www.modave.be\/index.php\/category\/conseil_communal_ordre_jour\/\" rel=\"tag\">Ordre du jour du Conseil Communal<\/a><\/span><span class=\"meta-item data-link\"><time class=\"entry-date updated\" datetime=\"2024-10-30T08:33:00+01:00\">30 octobre 2024<\/time><\/span><\/div><div class=\"entry-excerpt\"><p>Conseil CommunalT\u00e9l\u00e9charger<\/p>\n<\/div><a href=\"https:\/\/www.modave.be\/index.php\/services_communaux\/conseil-communal-convocation-ordre-du-jour-jeudi-7-octobre-2024-2\/\" target=\"\" aria-label=\"En savoir plus sur Conseil communal &#8211; Convocation &#8211; Ordre du jour | jeudi 7 novembre 2024\" class=\"box-button elementor-button elementor-size-xs\">En savoir plus<\/a>\n<\/div><\/article><\/div><div class=\"visible wf-cell iso-item\" data-post-id=\"13866\" data-date=\"2024-10-30T08:30:00+01:00\" data-name=\"Conseil communal commun avec le CPAS - Convocation - Ordre du jour | jeudi 7 novembre 2024\"><article class=\"post visible post-13866 services_communaux type-services_communaux status-publish has-post-thumbnail hentry category-conseil_communal_ordre_jour description-off\" data-name=\"Conseil communal commun avec le CPAS &#8211; Convocation &#8211; Ordre du jour | jeudi 7 novembre 2024\" data-date=\"2024-10-30T08:30:00+01:00\">\n\n\t<div class=\"post-thumbnail-wrap\">\n\t\t<div class=\"post-thumbnail\">\n\n\t\t\t<a class=\"post-thumbnail-rollover layzr-bg img-css-resize-wrapper\" aria-label=\"Image article\" href=\"https:\/\/www.modave.be\/index.php\/services_communaux\/conseil-communal-convocation-ordre-du-jour-jeudi-7-octobre-2024\/\"><img decoding=\"async\" width=\"800\" height=\"400\" src=\"data:image\/svg+xml,%3Csvg%20xmlns%3D&#039;http%3A%2F%2Fwww.w3.org%2F2000%2Fsvg&#039;%20viewBox%3D&#039;0%200%20800%20400&#039;%2F%3E\" class=\"attachment-full size-full preload-me aspect lazy lazy-load\" alt=\"\" sizes=\"(max-width: 800px) 100vw, 800px\" style=\"--ratio: 800 \/ 400;\" data-src=\"https:\/\/www.modave.be\/wp-content\/uploads\/2024\/09\/Commune-e1726498849435.webp\" loading=\"eager\" data-srcset=\"https:\/\/www.modave.be\/wp-content\/uploads\/2024\/09\/Commune-e1726498849435.webp 800w, https:\/\/www.modave.be\/wp-content\/uploads\/2024\/09\/Commune-e1726498849435-300x150.webp 300w, https:\/\/www.modave.be\/wp-content\/uploads\/2024\/09\/Commune-e1726498849435-768x384.webp 768w\" \/><span class=\"the7-hover-icon\"><i aria-hidden=\"true\" class=\"fas fa-plus\"><\/i><\/span><\/a>\n\t\t<\/div>\n\t<\/div>\n\n\n<div class=\"post-entry-content\">\n\n\t<h3 class=\"ele-entry-title\"><a href=\"https:\/\/www.modave.be\/index.php\/services_communaux\/conseil-communal-convocation-ordre-du-jour-jeudi-7-octobre-2024\/\" rel=\"bookmark\" title=\"Conseil communal commun avec le CPAS &#8211; Convocation &#8211; Ordre du jour | jeudi 7 novembre 2024\">Conseil communal commun avec le CPAS &#8211; Convocation &#8211; Ordre du jour | jeudi 7 novembre 2024<\/a><\/h3><div class=\"entry-meta\"><span class=\"meta-item category-link\"><a href=\"https:\/\/www.modave.be\/index.php\/category\/conseil_communal_ordre_jour\/\" rel=\"tag\">Ordre du jour du Conseil Communal<\/a><\/span><span class=\"meta-item data-link\"><time class=\"entry-date updated\" datetime=\"2024-10-30T08:30:00+01:00\">30 octobre 2024<\/time><\/span><\/div><div class=\"entry-excerpt\"><p>Conseil Communal Commun avec le CPAST\u00e9l\u00e9charger<\/p>\n<\/div><a href=\"https:\/\/www.modave.be\/index.php\/services_communaux\/conseil-communal-convocation-ordre-du-jour-jeudi-7-octobre-2024\/\" target=\"\" aria-label=\"En savoir plus sur Conseil communal commun avec le CPAS &#8211; Convocation &#8211; Ordre du jour | jeudi 7 novembre 2024\" class=\"box-button elementor-button elementor-size-xs\">En savoir plus<\/a>\n<\/div><\/article><\/div><div class=\"visible wf-cell iso-item\" data-post-id=\"13322\" data-date=\"2024-09-20T09:59:59+02:00\" data-name=\"Conseil communal - Convocation - Ordre du jour | jeudi 26 septembre 2024\"><article class=\"post visible post-13322 services_communaux type-services_communaux status-publish has-post-thumbnail hentry category-conseil_communal_ordre_jour description-off\" data-name=\"Conseil communal &#8211; Convocation &#8211; Ordre du jour | jeudi 26 septembre 2024\" data-date=\"2024-09-20T09:59:59+02:00\">\n\n\t<div class=\"post-thumbnail-wrap\">\n\t\t<div class=\"post-thumbnail\">\n\n\t\t\t<a class=\"post-thumbnail-rollover layzr-bg img-css-resize-wrapper\" aria-label=\"Image article\" href=\"https:\/\/www.modave.be\/index.php\/services_communaux\/conseil-communal-convocation-ordre-du-jour-jeudi-26-septembre-2024\/\"><img decoding=\"async\" width=\"800\" height=\"400\" src=\"data:image\/svg+xml,%3Csvg%20xmlns%3D&#039;http%3A%2F%2Fwww.w3.org%2F2000%2Fsvg&#039;%20viewBox%3D&#039;0%200%20800%20400&#039;%2F%3E\" class=\"attachment-full size-full preload-me aspect lazy lazy-load\" alt=\"\" sizes=\"(max-width: 800px) 100vw, 800px\" style=\"--ratio: 800 \/ 400;\" data-src=\"https:\/\/www.modave.be\/wp-content\/uploads\/2024\/09\/Commune-e1726498849435.webp\" loading=\"eager\" data-srcset=\"https:\/\/www.modave.be\/wp-content\/uploads\/2024\/09\/Commune-e1726498849435.webp 800w, https:\/\/www.modave.be\/wp-content\/uploads\/2024\/09\/Commune-e1726498849435-300x150.webp 300w, https:\/\/www.modave.be\/wp-content\/uploads\/2024\/09\/Commune-e1726498849435-768x384.webp 768w\" \/><span class=\"the7-hover-icon\"><i aria-hidden=\"true\" class=\"fas fa-plus\"><\/i><\/span><\/a>\n\t\t<\/div>\n\t<\/div>\n\n\n<div class=\"post-entry-content\">\n\n\t<h3 class=\"ele-entry-title\"><a href=\"https:\/\/www.modave.be\/index.php\/services_communaux\/conseil-communal-convocation-ordre-du-jour-jeudi-26-septembre-2024\/\" rel=\"bookmark\" title=\"Conseil communal &#8211; Convocation &#8211; Ordre du jour | jeudi 26 septembre 2024\">Conseil communal &#8211; Convocation &#8211; Ordre du jour | jeudi 26 septembre 2024<\/a><\/h3><div class=\"entry-meta\"><span class=\"meta-item category-link\"><a href=\"https:\/\/www.modave.be\/index.php\/category\/conseil_communal_ordre_jour\/\" rel=\"tag\">Ordre du jour du Conseil Communal<\/a><\/span><span class=\"meta-item data-link\"><time class=\"entry-date updated\" datetime=\"2024-09-20T09:59:59+02:00\">20 septembre 2024<\/time><\/span><\/div><div class=\"entry-excerpt\"><p>Conseil Communal &#8211; Convocation &#8211; Ordre du jourT\u00e9l\u00e9charger<\/p>\n<\/div><a href=\"https:\/\/www.modave.be\/index.php\/services_communaux\/conseil-communal-convocation-ordre-du-jour-jeudi-26-septembre-2024\/\" target=\"\" aria-label=\"En savoir plus sur Conseil communal &#8211; Convocation &#8211; Ordre du jour | jeudi 26 septembre 2024\" class=\"box-button elementor-button elementor-size-xs\">En savoir plus<\/a>\n<\/div><\/article><\/div><div class=\"visible wf-cell iso-item\" data-post-id=\"13206\" data-date=\"2024-08-29T10:27:31+02:00\" data-name=\"Dimanche 22 septembre : animations mobilit\u00e9 d\u00e8s 10h\"><article class=\"post visible post-13206 services_communaux type-services_communaux status-publish has-post-thumbnail hentry category-conseil_communal_ordre_jour description-off\" data-name=\"Dimanche 22 septembre : animations mobilit\u00e9 d\u00e8s 10h\" data-date=\"2024-08-29T10:27:31+02:00\">\n\n\t<div class=\"post-thumbnail-wrap\">\n\t\t<div class=\"post-thumbnail\">\n\n\t\t\t<a class=\"post-thumbnail-rollover layzr-bg img-css-resize-wrapper\" aria-label=\"Image article\" href=\"https:\/\/www.modave.be\/index.php\/services_communaux\/dimanche-22-septembre-animations-mobilite-des-10h\/\"><img decoding=\"async\" width=\"1448\" height=\"557\" src=\"data:image\/svg+xml,%3Csvg%20xmlns%3D&#039;http%3A%2F%2Fwww.w3.org%2F2000%2Fsvg&#039;%20viewBox%3D&#039;0%200%201448%20557&#039;%2F%3E\" class=\"attachment-full size-full preload-me aspect lazy lazy-load\" alt=\"\" sizes=\"(max-width: 1448px) 100vw, 1448px\" style=\"--ratio: 1448 \/ 557;\" data-src=\"https:\/\/www.modave.be\/wp-content\/uploads\/2024\/07\/JR.png\" loading=\"eager\" data-srcset=\"https:\/\/www.modave.be\/wp-content\/uploads\/2024\/07\/JR.png 1448w, https:\/\/www.modave.be\/wp-content\/uploads\/2024\/07\/JR-300x115.png 300w, https:\/\/www.modave.be\/wp-content\/uploads\/2024\/07\/JR-1024x394.png 1024w, https:\/\/www.modave.be\/wp-content\/uploads\/2024\/07\/JR-768x295.png 768w\" \/><span class=\"the7-hover-icon\"><i aria-hidden=\"true\" class=\"fas fa-plus\"><\/i><\/span><\/a>\n\t\t<\/div>\n\t<\/div>\n\n\n<div class=\"post-entry-content\">\n\n\t<h3 class=\"ele-entry-title\"><a href=\"https:\/\/www.modave.be\/index.php\/services_communaux\/dimanche-22-septembre-animations-mobilite-des-10h\/\" rel=\"bookmark\" title=\"Dimanche 22 septembre : animations mobilit\u00e9 d\u00e8s 10h\">Dimanche 22 septembre : animations mobilit\u00e9 d\u00e8s 10h<\/a><\/h3><div class=\"entry-meta\"><span class=\"meta-item category-link\"><a href=\"https:\/\/www.modave.be\/index.php\/category\/conseil_communal_ordre_jour\/\" rel=\"tag\">Ordre du jour du Conseil Communal<\/a><\/span><span class=\"meta-item data-link\"><time class=\"entry-date updated\" datetime=\"2024-08-29T10:27:31+02:00\">29 ao\u00fbt 2024<\/time><\/span><\/div><div class=\"entry-excerpt\"><p>20240822142200358_0001T\u00e9l\u00e9charger<\/p>\n<\/div><a href=\"https:\/\/www.modave.be\/index.php\/services_communaux\/dimanche-22-septembre-animations-mobilite-des-10h\/\" target=\"\" aria-label=\"En savoir plus sur Dimanche 22 septembre : animations mobilit\u00e9 d\u00e8s 10h\" class=\"box-button elementor-button elementor-size-xs\">En savoir plus<\/a>\n<\/div><\/article><\/div><div class=\"visible wf-cell iso-item\" data-post-id=\"13197\" data-date=\"2024-08-22T16:25:19+02:00\" data-name=\"Ordre du jour du Conseil Communal du 29 ao\u00fbt 2024\"><article class=\"post visible post-13197 services_communaux type-services_communaux status-publish has-post-thumbnail hentry category-conseil_communal_ordre_jour description-off\" data-name=\"Ordre du jour du Conseil Communal du 29 ao\u00fbt 2024\" data-date=\"2024-08-22T16:25:19+02:00\">\n\n\t<div class=\"post-thumbnail-wrap\">\n\t\t<div class=\"post-thumbnail\">\n\n\t\t\t<a class=\"post-thumbnail-rollover layzr-bg img-css-resize-wrapper\" aria-label=\"Image article\" href=\"https:\/\/www.modave.be\/index.php\/services_communaux\/ordre-du-jour-du-conseil-communal-du-29-aout-2024\/\"><img decoding=\"async\" width=\"800\" height=\"400\" src=\"data:image\/svg+xml,%3Csvg%20xmlns%3D&#039;http%3A%2F%2Fwww.w3.org%2F2000%2Fsvg&#039;%20viewBox%3D&#039;0%200%20800%20400&#039;%2F%3E\" class=\"attachment-full size-full preload-me aspect lazy lazy-load\" alt=\"\" sizes=\"(max-width: 800px) 100vw, 800px\" style=\"--ratio: 800 \/ 400;\" data-src=\"https:\/\/www.modave.be\/wp-content\/uploads\/2023\/10\/336801641_1380733759359138_8076463031829726079_n-e1727086603607.jpg\" loading=\"eager\" data-srcset=\"https:\/\/www.modave.be\/wp-content\/uploads\/2023\/10\/336801641_1380733759359138_8076463031829726079_n-e1727086603607.jpg 800w, https:\/\/www.modave.be\/wp-content\/uploads\/2023\/10\/336801641_1380733759359138_8076463031829726079_n-e1727086603607-300x150.jpg 300w, https:\/\/www.modave.be\/wp-content\/uploads\/2023\/10\/336801641_1380733759359138_8076463031829726079_n-e1727086603607-768x384.jpg 768w\" \/><span class=\"the7-hover-icon\"><i aria-hidden=\"true\" class=\"fas fa-plus\"><\/i><\/span><\/a>\n\t\t<\/div>\n\t<\/div>\n\n\n<div class=\"post-entry-content\">\n\n\t<h3 class=\"ele-entry-title\"><a href=\"https:\/\/www.modave.be\/index.php\/services_communaux\/ordre-du-jour-du-conseil-communal-du-29-aout-2024\/\" rel=\"bookmark\" title=\"Ordre du jour du Conseil Communal du 29 ao\u00fbt 2024\">Ordre du jour du Conseil Communal du 29 ao\u00fbt 2024<\/a><\/h3><div class=\"entry-meta\"><span class=\"meta-item category-link\"><a href=\"https:\/\/www.modave.be\/index.php\/category\/conseil_communal_ordre_jour\/\" rel=\"tag\">Ordre du jour du Conseil Communal<\/a><\/span><span class=\"meta-item data-link\"><time class=\"entry-date updated\" datetime=\"2024-08-22T16:25:19+02:00\">22 ao\u00fbt 2024<\/time><\/span><\/div><div class=\"entry-excerpt\"><p>20240822142200358_0001T\u00e9l\u00e9charger<\/p>\n<\/div><a href=\"https:\/\/www.modave.be\/index.php\/services_communaux\/ordre-du-jour-du-conseil-communal-du-29-aout-2024\/\" target=\"\" aria-label=\"En savoir plus sur Ordre du jour du Conseil Communal du 29 ao\u00fbt 2024\" class=\"box-button elementor-button elementor-size-xs\">En savoir plus<\/a>\n<\/div><\/article><\/div><div class=\"visible wf-cell iso-item\" data-post-id=\"13156\" data-date=\"2024-06-20T12:04:52+02:00\" data-name=\"Ordre du jour du Conseil Communal du 27 juin 2024\"><article class=\"post visible post-13156 services_communaux type-services_communaux status-publish has-post-thumbnail hentry category-conseil_communal_ordre_jour description-off\" data-name=\"Ordre du jour du Conseil Communal du 27 juin 2024\" data-date=\"2024-06-20T12:04:52+02:00\">\n\n\t<div class=\"post-thumbnail-wrap\">\n\t\t<div class=\"post-thumbnail\">\n\n\t\t\t<a class=\"post-thumbnail-rollover layzr-bg img-css-resize-wrapper\" aria-label=\"Image article\" href=\"https:\/\/www.modave.be\/index.php\/services_communaux\/ordre-du-jour-du-conseil-communal-du-27-juin-2024\/\"><img decoding=\"async\" width=\"800\" height=\"400\" src=\"data:image\/svg+xml,%3Csvg%20xmlns%3D&#039;http%3A%2F%2Fwww.w3.org%2F2000%2Fsvg&#039;%20viewBox%3D&#039;0%200%20800%20400&#039;%2F%3E\" class=\"attachment-full size-full preload-me aspect lazy lazy-load\" alt=\"\" sizes=\"(max-width: 800px) 100vw, 800px\" style=\"--ratio: 800 \/ 400;\" data-src=\"https:\/\/www.modave.be\/wp-content\/uploads\/2023\/10\/336801641_1380733759359138_8076463031829726079_n-e1727086603607.jpg\" loading=\"eager\" data-srcset=\"https:\/\/www.modave.be\/wp-content\/uploads\/2023\/10\/336801641_1380733759359138_8076463031829726079_n-e1727086603607.jpg 800w, https:\/\/www.modave.be\/wp-content\/uploads\/2023\/10\/336801641_1380733759359138_8076463031829726079_n-e1727086603607-300x150.jpg 300w, https:\/\/www.modave.be\/wp-content\/uploads\/2023\/10\/336801641_1380733759359138_8076463031829726079_n-e1727086603607-768x384.jpg 768w\" \/><span class=\"the7-hover-icon\"><i aria-hidden=\"true\" class=\"fas fa-plus\"><\/i><\/span><\/a>\n\t\t<\/div>\n\t<\/div>\n\n\n<div class=\"post-entry-content\">\n\n\t<h3 class=\"ele-entry-title\"><a href=\"https:\/\/www.modave.be\/index.php\/services_communaux\/ordre-du-jour-du-conseil-communal-du-27-juin-2024\/\" rel=\"bookmark\" title=\"Ordre du jour du Conseil Communal du 27 juin 2024\">Ordre du jour du Conseil Communal du 27 juin 2024<\/a><\/h3><div class=\"entry-meta\"><span class=\"meta-item category-link\"><a href=\"https:\/\/www.modave.be\/index.php\/category\/conseil_communal_ordre_jour\/\" rel=\"tag\">Ordre du jour du Conseil Communal<\/a><\/span><span class=\"meta-item data-link\"><time class=\"entry-date updated\" datetime=\"2024-06-20T12:04:52+02:00\">20 juin 2024<\/time><\/span><\/div><div class=\"entry-excerpt\"><p>20240620122122147-1T\u00e9l\u00e9charger<\/p>\n<\/div><a href=\"https:\/\/www.modave.be\/index.php\/services_communaux\/ordre-du-jour-du-conseil-communal-du-27-juin-2024\/\" target=\"\" aria-label=\"En savoir plus sur Ordre du jour du Conseil Communal du 27 juin 2024\" class=\"box-button elementor-button elementor-size-xs\">En savoir plus<\/a>\n<\/div><\/article><\/div><div class=\"visible wf-cell iso-item\" data-post-id=\"13081\" data-date=\"2024-05-23T15:04:32+02:00\" data-name=\"Ordre du jour du Conseil Communal du 30 mai 2024\"><article class=\"post visible post-13081 services_communaux type-services_communaux status-publish has-post-thumbnail hentry category-conseil_communal_ordre_jour description-off\" data-name=\"Ordre du jour du Conseil Communal du 30 mai 2024\" data-date=\"2024-05-23T15:04:32+02:00\">\n\n\t<div class=\"post-thumbnail-wrap\">\n\t\t<div class=\"post-thumbnail\">\n\n\t\t\t<a class=\"post-thumbnail-rollover layzr-bg img-css-resize-wrapper\" aria-label=\"Image article\" href=\"https:\/\/www.modave.be\/index.php\/services_communaux\/ordre-du-jour-du-conseil-communal-du-30-mai-2024\/\"><img decoding=\"async\" width=\"800\" height=\"400\" src=\"data:image\/svg+xml,%3Csvg%20xmlns%3D&#039;http%3A%2F%2Fwww.w3.org%2F2000%2Fsvg&#039;%20viewBox%3D&#039;0%200%20800%20400&#039;%2F%3E\" class=\"attachment-full size-full preload-me aspect lazy lazy-load\" alt=\"\" sizes=\"(max-width: 800px) 100vw, 800px\" style=\"--ratio: 800 \/ 400;\" data-src=\"https:\/\/www.modave.be\/wp-content\/uploads\/2023\/10\/336801641_1380733759359138_8076463031829726079_n-e1727086603607.jpg\" loading=\"eager\" data-srcset=\"https:\/\/www.modave.be\/wp-content\/uploads\/2023\/10\/336801641_1380733759359138_8076463031829726079_n-e1727086603607.jpg 800w, https:\/\/www.modave.be\/wp-content\/uploads\/2023\/10\/336801641_1380733759359138_8076463031829726079_n-e1727086603607-300x150.jpg 300w, https:\/\/www.modave.be\/wp-content\/uploads\/2023\/10\/336801641_1380733759359138_8076463031829726079_n-e1727086603607-768x384.jpg 768w\" \/><span class=\"the7-hover-icon\"><i aria-hidden=\"true\" class=\"fas fa-plus\"><\/i><\/span><\/a>\n\t\t<\/div>\n\t<\/div>\n\n\n<div class=\"post-entry-content\">\n\n\t<h3 class=\"ele-entry-title\"><a href=\"https:\/\/www.modave.be\/index.php\/services_communaux\/ordre-du-jour-du-conseil-communal-du-30-mai-2024\/\" rel=\"bookmark\" title=\"Ordre du jour du Conseil Communal du 30 mai 2024\">Ordre du jour du Conseil Communal du 30 mai 2024<\/a><\/h3><div class=\"entry-meta\"><span class=\"meta-item category-link\"><a href=\"https:\/\/www.modave.be\/index.php\/category\/conseil_communal_ordre_jour\/\" rel=\"tag\">Ordre du jour du Conseil Communal<\/a><\/span><span class=\"meta-item data-link\"><time class=\"entry-date updated\" datetime=\"2024-05-23T15:04:32+02:00\">23 mai 2024<\/time><\/span><\/div><div class=\"entry-excerpt\"><p>ODJ1T\u00e9l\u00e9charger ODJ2T\u00e9l\u00e9charger<\/p>\n<\/div><a href=\"https:\/\/www.modave.be\/index.php\/services_communaux\/ordre-du-jour-du-conseil-communal-du-30-mai-2024\/\" target=\"\" aria-label=\"En savoir plus sur Ordre du jour du Conseil Communal du 30 mai 2024\" class=\"box-button elementor-button elementor-size-xs\">En savoir plus<\/a>\n<\/div><\/article><\/div><div class=\"visible wf-cell iso-item\" data-post-id=\"13015\" data-date=\"2024-04-16T17:00:56+02:00\" data-name=\"Ordre du jour du Conseil Communal du 24 avril 2024\"><article class=\"post visible post-13015 services_communaux type-services_communaux status-publish has-post-thumbnail hentry category-conseil_communal_ordre_jour category-personnel category-publication description-off\" data-name=\"Ordre du jour du Conseil Communal du 24 avril 2024\" data-date=\"2024-04-16T17:00:56+02:00\">\n\n\t<div class=\"post-thumbnail-wrap\">\n\t\t<div class=\"post-thumbnail\">\n\n\t\t\t<a class=\"post-thumbnail-rollover layzr-bg img-css-resize-wrapper\" aria-label=\"Image article\" href=\"https:\/\/www.modave.be\/index.php\/services_communaux\/ordre-du-jour-du-conseil-communal-du-24-avril-2024\/\"><img decoding=\"async\" width=\"800\" height=\"400\" src=\"data:image\/svg+xml,%3Csvg%20xmlns%3D&#039;http%3A%2F%2Fwww.w3.org%2F2000%2Fsvg&#039;%20viewBox%3D&#039;0%200%20800%20400&#039;%2F%3E\" class=\"attachment-full size-full preload-me aspect lazy lazy-load\" alt=\"\" sizes=\"(max-width: 800px) 100vw, 800px\" style=\"--ratio: 800 \/ 400;\" data-src=\"https:\/\/www.modave.be\/wp-content\/uploads\/2023\/10\/336801641_1380733759359138_8076463031829726079_n-e1727086603607.jpg\" loading=\"eager\" data-srcset=\"https:\/\/www.modave.be\/wp-content\/uploads\/2023\/10\/336801641_1380733759359138_8076463031829726079_n-e1727086603607.jpg 800w, https:\/\/www.modave.be\/wp-content\/uploads\/2023\/10\/336801641_1380733759359138_8076463031829726079_n-e1727086603607-300x150.jpg 300w, https:\/\/www.modave.be\/wp-content\/uploads\/2023\/10\/336801641_1380733759359138_8076463031829726079_n-e1727086603607-768x384.jpg 768w\" \/><span class=\"the7-hover-icon\"><i aria-hidden=\"true\" class=\"fas fa-plus\"><\/i><\/span><\/a>\n\t\t<\/div>\n\t<\/div>\n\n\n<div class=\"post-entry-content\">\n\n\t<h3 class=\"ele-entry-title\"><a href=\"https:\/\/www.modave.be\/index.php\/services_communaux\/ordre-du-jour-du-conseil-communal-du-24-avril-2024\/\" rel=\"bookmark\" title=\"Ordre du jour du Conseil Communal du 24 avril 2024\">Ordre du jour du Conseil Communal du 24 avril 2024<\/a><\/h3><div class=\"entry-meta\"><span class=\"meta-item category-link\"><a href=\"https:\/\/www.modave.be\/index.php\/category\/conseil_communal_ordre_jour\/\" rel=\"tag\">Ordre du jour du Conseil Communal<\/a>, <a href=\"https:\/\/www.modave.be\/index.php\/category\/service-communaux\/personnel\/\" rel=\"tag\">Personnel<\/a>, <a href=\"https:\/\/www.modave.be\/index.php\/category\/publication\/\" rel=\"tag\">Publications<\/a><\/span><span class=\"meta-item data-link\"><time class=\"entry-date updated\" datetime=\"2024-04-16T17:00:56+02:00\">16 avril 2024<\/time><\/span><\/div><div class=\"entry-excerpt\"><p>Retrouvez ici l&rsquo;ordre du jour du Conseil Communal de ce mercredi 24 avril 2024.<\/p>\n<\/div><a href=\"https:\/\/www.modave.be\/index.php\/services_communaux\/ordre-du-jour-du-conseil-communal-du-24-avril-2024\/\" target=\"\" aria-label=\"En savoir plus sur Ordre du jour du Conseil Communal du 24 avril 2024\" class=\"box-button elementor-button elementor-size-xs\">En savoir plus<\/a>\n<\/div><\/article><\/div><div class=\"visible wf-cell iso-item\" data-post-id=\"12957\" data-date=\"2024-03-14T11:18:32+01:00\" data-name=\"Ordre du jour du Conseil Communal du 21 mars 2024\"><article class=\"post visible post-12957 services_communaux type-services_communaux status-publish has-post-thumbnail hentry category-conseil_communal_ordre_jour category-personnel category-publication description-off\" data-name=\"Ordre du jour du Conseil Communal du 21 mars 2024\" data-date=\"2024-03-14T11:18:32+01:00\">\n\n\t<div class=\"post-thumbnail-wrap\">\n\t\t<div class=\"post-thumbnail\">\n\n\t\t\t<a class=\"post-thumbnail-rollover layzr-bg img-css-resize-wrapper\" aria-label=\"Image article\" href=\"https:\/\/www.modave.be\/index.php\/services_communaux\/ordre-du-jour-du-conseil-communal-du-21-mars-2024\/\"><img decoding=\"async\" width=\"800\" height=\"400\" src=\"data:image\/svg+xml,%3Csvg%20xmlns%3D&#039;http%3A%2F%2Fwww.w3.org%2F2000%2Fsvg&#039;%20viewBox%3D&#039;0%200%20800%20400&#039;%2F%3E\" class=\"attachment-full size-full preload-me aspect lazy lazy-load\" alt=\"\" sizes=\"(max-width: 800px) 100vw, 800px\" style=\"--ratio: 800 \/ 400;\" data-src=\"https:\/\/www.modave.be\/wp-content\/uploads\/2023\/10\/336801641_1380733759359138_8076463031829726079_n-e1727086603607.jpg\" loading=\"eager\" data-srcset=\"https:\/\/www.modave.be\/wp-content\/uploads\/2023\/10\/336801641_1380733759359138_8076463031829726079_n-e1727086603607.jpg 800w, https:\/\/www.modave.be\/wp-content\/uploads\/2023\/10\/336801641_1380733759359138_8076463031829726079_n-e1727086603607-300x150.jpg 300w, https:\/\/www.modave.be\/wp-content\/uploads\/2023\/10\/336801641_1380733759359138_8076463031829726079_n-e1727086603607-768x384.jpg 768w\" \/><span class=\"the7-hover-icon\"><i aria-hidden=\"true\" class=\"fas fa-plus\"><\/i><\/span><\/a>\n\t\t<\/div>\n\t<\/div>\n\n\n<div class=\"post-entry-content\">\n\n\t<h3 class=\"ele-entry-title\"><a href=\"https:\/\/www.modave.be\/index.php\/services_communaux\/ordre-du-jour-du-conseil-communal-du-21-mars-2024\/\" rel=\"bookmark\" title=\"Ordre du jour du Conseil Communal du 21 mars 2024\">Ordre du jour du Conseil Communal du 21 mars 2024<\/a><\/h3><div class=\"entry-meta\"><span class=\"meta-item category-link\"><a href=\"https:\/\/www.modave.be\/index.php\/category\/conseil_communal_ordre_jour\/\" rel=\"tag\">Ordre du jour du Conseil Communal<\/a>, <a href=\"https:\/\/www.modave.be\/index.php\/category\/service-communaux\/personnel\/\" rel=\"tag\">Personnel<\/a>, <a href=\"https:\/\/www.modave.be\/index.php\/category\/publication\/\" rel=\"tag\">Publications<\/a><\/span><span class=\"meta-item data-link\"><time class=\"entry-date updated\" datetime=\"2024-03-14T11:18:32+01:00\">14 mars 2024<\/time><\/span><\/div><div class=\"entry-excerpt\"><p>Retrouvez ici l&rsquo;ordre du jour du Conseil Communal de ce jeudi 21 mars 2024.<\/p>\n<\/div><a href=\"https:\/\/www.modave.be\/index.php\/services_communaux\/ordre-du-jour-du-conseil-communal-du-21-mars-2024\/\" target=\"\" aria-label=\"En savoir plus sur Ordre du jour du Conseil Communal du 21 mars 2024\" class=\"box-button elementor-button elementor-size-xs\">En savoir plus<\/a>\n<\/div><\/article><\/div><div class=\"visible wf-cell iso-item\" data-post-id=\"12881\" data-date=\"2024-02-15T09:52:52+01:00\" data-name=\"Ordre du jour du Conseil Communal du 22 f\u00e9vrier 2024\"><article class=\"post visible post-12881 services_communaux type-services_communaux status-publish has-post-thumbnail hentry category-conseil_communal_ordre_jour category-personnel category-publication description-off\" data-name=\"Ordre du jour du Conseil Communal du 22 f\u00e9vrier 2024\" data-date=\"2024-02-15T09:52:52+01:00\">\n\n\t<div class=\"post-thumbnail-wrap\">\n\t\t<div class=\"post-thumbnail\">\n\n\t\t\t<a class=\"post-thumbnail-rollover layzr-bg img-css-resize-wrapper\" aria-label=\"Image article\" href=\"https:\/\/www.modave.be\/index.php\/services_communaux\/ordre-du-jour-du-conseil-communal-du-22-fevrier-2024\/\"><img decoding=\"async\" width=\"800\" height=\"400\" src=\"data:image\/svg+xml,%3Csvg%20xmlns%3D&#039;http%3A%2F%2Fwww.w3.org%2F2000%2Fsvg&#039;%20viewBox%3D&#039;0%200%20800%20400&#039;%2F%3E\" class=\"attachment-full size-full preload-me aspect lazy lazy-load\" alt=\"\" sizes=\"(max-width: 800px) 100vw, 800px\" style=\"--ratio: 800 \/ 400;\" data-src=\"https:\/\/www.modave.be\/wp-content\/uploads\/2023\/10\/336801641_1380733759359138_8076463031829726079_n-e1727086603607.jpg\" loading=\"eager\" data-srcset=\"https:\/\/www.modave.be\/wp-content\/uploads\/2023\/10\/336801641_1380733759359138_8076463031829726079_n-e1727086603607.jpg 800w, https:\/\/www.modave.be\/wp-content\/uploads\/2023\/10\/336801641_1380733759359138_8076463031829726079_n-e1727086603607-300x150.jpg 300w, https:\/\/www.modave.be\/wp-content\/uploads\/2023\/10\/336801641_1380733759359138_8076463031829726079_n-e1727086603607-768x384.jpg 768w\" \/><span class=\"the7-hover-icon\"><i aria-hidden=\"true\" class=\"fas fa-plus\"><\/i><\/span><\/a>\n\t\t<\/div>\n\t<\/div>\n\n\n<div class=\"post-entry-content\">\n\n\t<h3 class=\"ele-entry-title\"><a href=\"https:\/\/www.modave.be\/index.php\/services_communaux\/ordre-du-jour-du-conseil-communal-du-22-fevrier-2024\/\" rel=\"bookmark\" title=\"Ordre du jour du Conseil Communal du 22 f\u00e9vrier 2024\">Ordre du jour du Conseil Communal du 22 f\u00e9vrier 2024<\/a><\/h3><div class=\"entry-meta\"><span class=\"meta-item category-link\"><a href=\"https:\/\/www.modave.be\/index.php\/category\/conseil_communal_ordre_jour\/\" rel=\"tag\">Ordre du jour du Conseil Communal<\/a>, <a href=\"https:\/\/www.modave.be\/index.php\/category\/service-communaux\/personnel\/\" rel=\"tag\">Personnel<\/a>, <a href=\"https:\/\/www.modave.be\/index.php\/category\/publication\/\" rel=\"tag\">Publications<\/a><\/span><span class=\"meta-item data-link\"><time class=\"entry-date updated\" datetime=\"2024-02-15T09:52:52+01:00\">15 f\u00e9vrier 2024<\/time><\/span><\/div><div class=\"entry-excerpt\"><p>Retrouvez ici l&rsquo;ordre du jour du Conseil Communal de ce jeudi 25 Janvier 2024.<\/p>\n<\/div><a href=\"https:\/\/www.modave.be\/index.php\/services_communaux\/ordre-du-jour-du-conseil-communal-du-22-fevrier-2024\/\" target=\"\" aria-label=\"En savoir plus sur Ordre du jour du Conseil Communal du 22 f\u00e9vrier 2024\" class=\"box-button elementor-button elementor-size-xs\">En savoir plus<\/a>\n<\/div><\/article><\/div><div class=\"visible wf-cell iso-item\" data-post-id=\"12842\" data-date=\"2024-01-24T11:08:35+01:00\" data-name=\"Ordre du jour du Conseil Communal du 25 Janvier 2024\"><article class=\"post visible post-12842 services_communaux type-services_communaux status-publish has-post-thumbnail hentry category-conseil_communal_ordre_jour category-personnel description-off\" data-name=\"Ordre du jour du Conseil Communal du 25 Janvier 2024\" data-date=\"2024-01-24T11:08:35+01:00\">\n\n\t<div class=\"post-thumbnail-wrap\">\n\t\t<div class=\"post-thumbnail\">\n\n\t\t\t<a class=\"post-thumbnail-rollover layzr-bg img-css-resize-wrapper\" aria-label=\"Image article\" href=\"https:\/\/www.modave.be\/index.php\/services_communaux\/ordre-du-jour-du-conseil-communal-du-25-janvier\/\"><img decoding=\"async\" width=\"800\" height=\"400\" src=\"data:image\/svg+xml,%3Csvg%20xmlns%3D&#039;http%3A%2F%2Fwww.w3.org%2F2000%2Fsvg&#039;%20viewBox%3D&#039;0%200%20800%20400&#039;%2F%3E\" class=\"attachment-full size-full preload-me aspect lazy lazy-load\" alt=\"\" sizes=\"(max-width: 800px) 100vw, 800px\" style=\"--ratio: 800 \/ 400;\" data-src=\"https:\/\/www.modave.be\/wp-content\/uploads\/2023\/10\/336801641_1380733759359138_8076463031829726079_n-e1727086603607.jpg\" loading=\"eager\" data-srcset=\"https:\/\/www.modave.be\/wp-content\/uploads\/2023\/10\/336801641_1380733759359138_8076463031829726079_n-e1727086603607.jpg 800w, https:\/\/www.modave.be\/wp-content\/uploads\/2023\/10\/336801641_1380733759359138_8076463031829726079_n-e1727086603607-300x150.jpg 300w, https:\/\/www.modave.be\/wp-content\/uploads\/2023\/10\/336801641_1380733759359138_8076463031829726079_n-e1727086603607-768x384.jpg 768w\" \/><span class=\"the7-hover-icon\"><i aria-hidden=\"true\" class=\"fas fa-plus\"><\/i><\/span><\/a>\n\t\t<\/div>\n\t<\/div>\n\n\n<div class=\"post-entry-content\">\n\n\t<h3 class=\"ele-entry-title\"><a href=\"https:\/\/www.modave.be\/index.php\/services_communaux\/ordre-du-jour-du-conseil-communal-du-25-janvier\/\" rel=\"bookmark\" title=\"Ordre du jour du Conseil Communal du 25 Janvier 2024\">Ordre du jour du Conseil Communal du 25 Janvier 2024<\/a><\/h3><div class=\"entry-meta\"><span class=\"meta-item category-link\"><a href=\"https:\/\/www.modave.be\/index.php\/category\/conseil_communal_ordre_jour\/\" rel=\"tag\">Ordre du jour du Conseil Communal<\/a>, <a href=\"https:\/\/www.modave.be\/index.php\/category\/service-communaux\/personnel\/\" rel=\"tag\">Personnel<\/a><\/span><span class=\"meta-item data-link\"><time class=\"entry-date updated\" datetime=\"2024-01-24T11:08:35+01:00\">24 janvier 2024<\/time><\/span><\/div><div class=\"entry-excerpt\"><p>Retrouvez ici l&rsquo;ordre du jour du Conseil Communal de ce jeudi 25 Janvier 2024.<\/p>\n<\/div><a href=\"https:\/\/www.modave.be\/index.php\/services_communaux\/ordre-du-jour-du-conseil-communal-du-25-janvier\/\" target=\"\" aria-label=\"En savoir plus sur Ordre du jour du Conseil Communal du 25 Janvier 2024\" class=\"box-button elementor-button elementor-size-xs\">En savoir plus<\/a>\n<\/div><\/article><\/div><div class=\"visible wf-cell iso-item\" data-post-id=\"12760\" data-date=\"2023-12-20T15:32:39+01:00\" data-name=\"Conseil Communal D\u00e9cembre du 21 d\u00e9cembre 2023\"><article class=\"post visible post-12760 services_communaux type-services_communaux status-publish has-post-thumbnail hentry category-conseil_communal_ordre_jour description-off\" data-name=\"Conseil Communal D\u00e9cembre du 21 d\u00e9cembre 2023\" data-date=\"2023-12-20T15:32:39+01:00\">\n\n\t<div class=\"post-thumbnail-wrap\">\n\t\t<div class=\"post-thumbnail\">\n\n\t\t\t<a class=\"post-thumbnail-rollover layzr-bg img-css-resize-wrapper\" aria-label=\"Image article\" href=\"https:\/\/www.modave.be\/index.php\/services_communaux\/conseil-communal-decembre-2023\/\"><img decoding=\"async\" width=\"800\" height=\"400\" src=\"data:image\/svg+xml,%3Csvg%20xmlns%3D&#039;http%3A%2F%2Fwww.w3.org%2F2000%2Fsvg&#039;%20viewBox%3D&#039;0%200%20800%20400&#039;%2F%3E\" class=\"attachment-full size-full preload-me aspect lazy lazy-load\" alt=\"\" sizes=\"(max-width: 800px) 100vw, 800px\" style=\"--ratio: 800 \/ 400;\" data-src=\"https:\/\/www.modave.be\/wp-content\/uploads\/2023\/10\/336801641_1380733759359138_8076463031829726079_n-e1727086603607.jpg\" loading=\"eager\" data-srcset=\"https:\/\/www.modave.be\/wp-content\/uploads\/2023\/10\/336801641_1380733759359138_8076463031829726079_n-e1727086603607.jpg 800w, https:\/\/www.modave.be\/wp-content\/uploads\/2023\/10\/336801641_1380733759359138_8076463031829726079_n-e1727086603607-300x150.jpg 300w, https:\/\/www.modave.be\/wp-content\/uploads\/2023\/10\/336801641_1380733759359138_8076463031829726079_n-e1727086603607-768x384.jpg 768w\" \/><span class=\"the7-hover-icon\"><i aria-hidden=\"true\" class=\"fas fa-plus\"><\/i><\/span><\/a>\n\t\t<\/div>\n\t<\/div>\n\n\n<div class=\"post-entry-content\">\n\n\t<h3 class=\"ele-entry-title\"><a href=\"https:\/\/www.modave.be\/index.php\/services_communaux\/conseil-communal-decembre-2023\/\" rel=\"bookmark\" title=\"Conseil Communal D\u00e9cembre du 21 d\u00e9cembre 2023\">Conseil Communal D\u00e9cembre du 21 d\u00e9cembre 2023<\/a><\/h3><div class=\"entry-meta\"><span class=\"meta-item category-link\"><a href=\"https:\/\/www.modave.be\/index.php\/category\/conseil_communal_ordre_jour\/\" rel=\"tag\">Ordre du jour du Conseil Communal<\/a><\/span><span class=\"meta-item data-link\"><time class=\"entry-date updated\" datetime=\"2023-12-20T15:32:39+01:00\">20 d\u00e9cembre 2023<\/time><\/span><\/div><div class=\"entry-excerpt\"><p>CONSEIL COMMUNAL \u2013 CONVOCATION &#8211; ORDRE DU JOUR&nbsp; Conform\u00e9ment aux articles L1122-11, L1122-12, L1122-13 et L1122-23 du code de d\u00e9mocratie locale et de la d\u00e9centralisation, et aux sections 2, 3, 4 et 5 du R\u00e8glement d\u2019Ordre Int\u00e9rieur du conseil communal, nous avons l\u2019honneur de vous convoquer pour la premi\u00e8re fois&hellip;<\/p>\n<\/div><a href=\"https:\/\/www.modave.be\/index.php\/services_communaux\/conseil-communal-decembre-2023\/\" target=\"\" aria-label=\"En savoir plus sur Conseil Communal D\u00e9cembre du 21 d\u00e9cembre 2023\" class=\"box-button elementor-button elementor-size-xs\">En savoir plus<\/a>\n<\/div><\/article><\/div><div class=\"visible wf-cell iso-item\" data-post-id=\"11542\" data-date=\"2023-02-16T10:39:02+01:00\" data-name=\"Conseil communal - Ordre du jour du 23 f\u00e9vrier 2023\"><article class=\"post visible post-11542 services_communaux type-services_communaux status-publish has-post-thumbnail hentry category-conseil_communal_ordre_jour description-off\" data-name=\"Conseil communal &#8211; Ordre du jour du 23 f\u00e9vrier 2023\" data-date=\"2023-02-16T10:39:02+01:00\">\n\n\t<div class=\"post-thumbnail-wrap\">\n\t\t<div class=\"post-thumbnail\">\n\n\t\t\t<a class=\"post-thumbnail-rollover layzr-bg img-css-resize-wrapper\" aria-label=\"Image article\" href=\"https:\/\/www.modave.be\/index.php\/services_communaux\/conseil-communal-ordre-du-jour-du-23-fevrier-2023\/\"><img decoding=\"async\" width=\"2560\" height=\"1707\" src=\"data:image\/svg+xml,%3Csvg%20xmlns%3D&#039;http%3A%2F%2Fwww.w3.org%2F2000%2Fsvg&#039;%20viewBox%3D&#039;0%200%202560%201707&#039;%2F%3E\" class=\"attachment-full size-full preload-me aspect lazy lazy-load\" alt=\"\" sizes=\"(max-width: 2560px) 100vw, 2560px\" style=\"--ratio: 2560 \/ 1707;\" data-src=\"https:\/\/www.modave.be\/wp-content\/uploads\/2023\/03\/Publications-scaled.jpg\" loading=\"eager\" data-srcset=\"https:\/\/www.modave.be\/wp-content\/uploads\/2023\/03\/Publications-scaled.jpg 2560w, https:\/\/www.modave.be\/wp-content\/uploads\/2023\/03\/Publications-300x200.jpg 300w, https:\/\/www.modave.be\/wp-content\/uploads\/2023\/03\/Publications-1024x683.jpg 1024w, https:\/\/www.modave.be\/wp-content\/uploads\/2023\/03\/Publications-768x512.jpg 768w, https:\/\/www.modave.be\/wp-content\/uploads\/2023\/03\/Publications-1536x1024.jpg 1536w, https:\/\/www.modave.be\/wp-content\/uploads\/2023\/03\/Publications-2048x1365.jpg 2048w\" \/><span class=\"the7-hover-icon\"><i aria-hidden=\"true\" class=\"fas fa-plus\"><\/i><\/span><\/a>\n\t\t<\/div>\n\t<\/div>\n\n\n<div class=\"post-entry-content\">\n\n\t<h3 class=\"ele-entry-title\"><a href=\"https:\/\/www.modave.be\/index.php\/services_communaux\/conseil-communal-ordre-du-jour-du-23-fevrier-2023\/\" rel=\"bookmark\" title=\"Conseil communal &#8211; Ordre du jour du 23 f\u00e9vrier 2023\">Conseil communal &#8211; Ordre du jour du 23 f\u00e9vrier 2023<\/a><\/h3><div class=\"entry-meta\"><span class=\"meta-item category-link\"><a href=\"https:\/\/www.modave.be\/index.php\/category\/conseil_communal_ordre_jour\/\" rel=\"tag\">Ordre du jour du Conseil Communal<\/a><\/span><span class=\"meta-item data-link\"><time class=\"entry-date updated\" datetime=\"2023-02-16T10:39:02+01:00\">16 f\u00e9vrier 2023<\/time><\/span><\/div><div class=\"entry-excerpt\"><p>CONSEIL COMMUNAL \u2013 CONVOCATION &#8211; ORDRE DU JOUR&nbsp; Conform\u00e9ment aux articles L1122-11, L1122-12, L1122-13 et L1122-23 du code de d\u00e9mocratie locale et de la d\u00e9centralisation, et aux sections 2, 3, 4 et 5 du R\u00e8glement d\u2019Ordre Int\u00e9rieur du conseil communal, nous avons l\u2019honneur de vous convoquer pour la premi\u00e8re fois&hellip;<\/p>\n<\/div><a href=\"https:\/\/www.modave.be\/index.php\/services_communaux\/conseil-communal-ordre-du-jour-du-23-fevrier-2023\/\" target=\"\" aria-label=\"En savoir plus sur Conseil communal &#8211; Ordre du jour du 23 f\u00e9vrier 2023\" class=\"box-button elementor-button elementor-size-xs\">En savoir plus<\/a>\n<\/div><\/article><\/div><div class=\"visible wf-cell iso-item\" data-post-id=\"11548\" data-date=\"2023-01-19T10:46:45+01:00\" data-name=\"Conseil communal - Ordre du jour du 26 janvier 2023\"><article class=\"post visible post-11548 services_communaux type-services_communaux status-publish has-post-thumbnail hentry category-conseil_communal_ordre_jour description-off\" data-name=\"Conseil communal &#8211; Ordre du jour du 26 janvier 2023\" data-date=\"2023-01-19T10:46:45+01:00\">\n\n\t<div class=\"post-thumbnail-wrap\">\n\t\t<div class=\"post-thumbnail\">\n\n\t\t\t<a class=\"post-thumbnail-rollover layzr-bg img-css-resize-wrapper\" aria-label=\"Image article\" href=\"https:\/\/www.modave.be\/index.php\/services_communaux\/conseil-communal-ordre-du-jour-du-26-janvier-2023\/\"><img decoding=\"async\" width=\"2560\" height=\"1707\" src=\"data:image\/svg+xml,%3Csvg%20xmlns%3D&#039;http%3A%2F%2Fwww.w3.org%2F2000%2Fsvg&#039;%20viewBox%3D&#039;0%200%202560%201707&#039;%2F%3E\" class=\"attachment-full size-full preload-me aspect lazy lazy-load\" alt=\"\" sizes=\"(max-width: 2560px) 100vw, 2560px\" style=\"--ratio: 2560 \/ 1707;\" data-src=\"https:\/\/www.modave.be\/wp-content\/uploads\/2023\/03\/Publications-scaled.jpg\" loading=\"eager\" data-srcset=\"https:\/\/www.modave.be\/wp-content\/uploads\/2023\/03\/Publications-scaled.jpg 2560w, https:\/\/www.modave.be\/wp-content\/uploads\/2023\/03\/Publications-300x200.jpg 300w, https:\/\/www.modave.be\/wp-content\/uploads\/2023\/03\/Publications-1024x683.jpg 1024w, https:\/\/www.modave.be\/wp-content\/uploads\/2023\/03\/Publications-768x512.jpg 768w, https:\/\/www.modave.be\/wp-content\/uploads\/2023\/03\/Publications-1536x1024.jpg 1536w, https:\/\/www.modave.be\/wp-content\/uploads\/2023\/03\/Publications-2048x1365.jpg 2048w\" \/><span class=\"the7-hover-icon\"><i aria-hidden=\"true\" class=\"fas fa-plus\"><\/i><\/span><\/a>\n\t\t<\/div>\n\t<\/div>\n\n\n<div class=\"post-entry-content\">\n\n\t<h3 class=\"ele-entry-title\"><a href=\"https:\/\/www.modave.be\/index.php\/services_communaux\/conseil-communal-ordre-du-jour-du-26-janvier-2023\/\" rel=\"bookmark\" title=\"Conseil communal &#8211; Ordre du jour du 26 janvier 2023\">Conseil communal &#8211; Ordre du jour du 26 janvier 2023<\/a><\/h3><div class=\"entry-meta\"><span class=\"meta-item category-link\"><a href=\"https:\/\/www.modave.be\/index.php\/category\/conseil_communal_ordre_jour\/\" rel=\"tag\">Ordre du jour du Conseil Communal<\/a><\/span><span class=\"meta-item data-link\"><time class=\"entry-date updated\" datetime=\"2023-01-19T10:46:45+01:00\">19 janvier 2023<\/time><\/span><\/div><div class=\"entry-excerpt\"><p>CONSEIL COMMUNAL \u2013 CONVOCATION &#8211; ORDRE DU JOUR&nbsp; Conform\u00e9ment aux articles L1122-11, L1122-12, L1122-13 et L1122-23 du code de d\u00e9mocratie locale et de la d\u00e9centralisation, et aux sections 2, 3, 4 et 5 du R\u00e8glement d\u2019Ordre Int\u00e9rieur du conseil communal, nous avons l\u2019honneur de vous convoquer pour la premi\u00e8re fois&hellip;<\/p>\n<\/div><a href=\"https:\/\/www.modave.be\/index.php\/services_communaux\/conseil-communal-ordre-du-jour-du-26-janvier-2023\/\" target=\"\" aria-label=\"En savoir plus sur Conseil communal &#8211; Ordre du jour du 26 janvier 2023\" class=\"box-button elementor-button elementor-size-xs\">En savoir plus<\/a>\n<\/div><\/article><\/div><div class=\"visible wf-cell iso-item\" data-post-id=\"11549\" data-date=\"2022-12-12T10:48:08+01:00\" data-name=\"Conseil communal - Ordre du jour du 19 d\u00e9cembre 2022\"><article class=\"post visible post-11549 services_communaux type-services_communaux status-publish has-post-thumbnail hentry category-conseil_communal_ordre_jour description-off\" data-name=\"Conseil communal &#8211; Ordre du jour du 19 d\u00e9cembre 2022\" data-date=\"2022-12-12T10:48:08+01:00\">\n\n\t<div class=\"post-thumbnail-wrap\">\n\t\t<div class=\"post-thumbnail\">\n\n\t\t\t<a class=\"post-thumbnail-rollover layzr-bg img-css-resize-wrapper\" aria-label=\"Image article\" href=\"https:\/\/www.modave.be\/index.php\/services_communaux\/conseil-communal-ordre-du-jour-du-19-decembre-2022\/\"><img decoding=\"async\" width=\"2560\" height=\"1707\" src=\"data:image\/svg+xml,%3Csvg%20xmlns%3D&#039;http%3A%2F%2Fwww.w3.org%2F2000%2Fsvg&#039;%20viewBox%3D&#039;0%200%202560%201707&#039;%2F%3E\" class=\"attachment-full size-full preload-me aspect lazy lazy-load\" alt=\"\" sizes=\"(max-width: 2560px) 100vw, 2560px\" style=\"--ratio: 2560 \/ 1707;\" data-src=\"https:\/\/www.modave.be\/wp-content\/uploads\/2023\/03\/Publications-scaled.jpg\" loading=\"eager\" data-srcset=\"https:\/\/www.modave.be\/wp-content\/uploads\/2023\/03\/Publications-scaled.jpg 2560w, https:\/\/www.modave.be\/wp-content\/uploads\/2023\/03\/Publications-300x200.jpg 300w, https:\/\/www.modave.be\/wp-content\/uploads\/2023\/03\/Publications-1024x683.jpg 1024w, https:\/\/www.modave.be\/wp-content\/uploads\/2023\/03\/Publications-768x512.jpg 768w, https:\/\/www.modave.be\/wp-content\/uploads\/2023\/03\/Publications-1536x1024.jpg 1536w, https:\/\/www.modave.be\/wp-content\/uploads\/2023\/03\/Publications-2048x1365.jpg 2048w\" \/><span class=\"the7-hover-icon\"><i aria-hidden=\"true\" class=\"fas fa-plus\"><\/i><\/span><\/a>\n\t\t<\/div>\n\t<\/div>\n\n\n<div class=\"post-entry-content\">\n\n\t<h3 class=\"ele-entry-title\"><a href=\"https:\/\/www.modave.be\/index.php\/services_communaux\/conseil-communal-ordre-du-jour-du-19-decembre-2022\/\" rel=\"bookmark\" title=\"Conseil communal &#8211; Ordre du jour du 19 d\u00e9cembre 2022\">Conseil communal &#8211; Ordre du jour du 19 d\u00e9cembre 2022<\/a><\/h3><div class=\"entry-meta\"><span class=\"meta-item category-link\"><a href=\"https:\/\/www.modave.be\/index.php\/category\/conseil_communal_ordre_jour\/\" rel=\"tag\">Ordre du jour du Conseil Communal<\/a><\/span><span class=\"meta-item data-link\"><time class=\"entry-date updated\" datetime=\"2022-12-12T10:48:08+01:00\">12 d\u00e9cembre 2022<\/time><\/span><\/div><div class=\"entry-excerpt\"><p>CONSEIL COMMUNAL \u2013 CONVOCATION &#8211; ORDRE DU JOUR Conform\u00e9ment aux articles L1122-11, L1122-12, L1122-13 et L1122-23 du code de d\u00e9mocratie locale et de la d\u00e9centralisation, et aux sections 2, 3, 4 et 5 du R\u00e8glement d\u2019Ordre Int\u00e9rieur du conseil communal, nous avons l\u2019honneur de vous convoquer pour la premi\u00e8re fois&hellip;<\/p>\n<\/div><a href=\"https:\/\/www.modave.be\/index.php\/services_communaux\/conseil-communal-ordre-du-jour-du-19-decembre-2022\/\" target=\"\" aria-label=\"En savoir plus sur Conseil communal &#8211; Ordre du jour du 19 d\u00e9cembre 2022\" class=\"box-button elementor-button elementor-size-xs\">En savoir plus<\/a>\n<\/div><\/article><\/div><div class=\"visible wf-cell iso-item\" data-post-id=\"11550\" data-date=\"2022-10-18T10:51:39+02:00\" data-name=\"Conseil communal - Ordre du jour du 8 novembre 2022\"><article class=\"post visible post-11550 services_communaux type-services_communaux status-publish has-post-thumbnail hentry category-conseil_communal_ordre_jour description-off\" data-name=\"Conseil communal &#8211; Ordre du jour du 8 novembre 2022\" data-date=\"2022-10-18T10:51:39+02:00\">\n\n\t<div class=\"post-thumbnail-wrap\">\n\t\t<div class=\"post-thumbnail\">\n\n\t\t\t<a class=\"post-thumbnail-rollover layzr-bg img-css-resize-wrapper\" aria-label=\"Image article\" href=\"https:\/\/www.modave.be\/index.php\/services_communaux\/conseil-communal-ordre-du-jour-du-8-novembre-2022\/\"><img decoding=\"async\" width=\"2560\" height=\"1707\" src=\"data:image\/svg+xml,%3Csvg%20xmlns%3D&#039;http%3A%2F%2Fwww.w3.org%2F2000%2Fsvg&#039;%20viewBox%3D&#039;0%200%202560%201707&#039;%2F%3E\" class=\"attachment-full size-full preload-me aspect lazy lazy-load\" alt=\"\" sizes=\"(max-width: 2560px) 100vw, 2560px\" style=\"--ratio: 2560 \/ 1707;\" data-src=\"https:\/\/www.modave.be\/wp-content\/uploads\/2023\/03\/Publications-scaled.jpg\" loading=\"eager\" data-srcset=\"https:\/\/www.modave.be\/wp-content\/uploads\/2023\/03\/Publications-scaled.jpg 2560w, https:\/\/www.modave.be\/wp-content\/uploads\/2023\/03\/Publications-300x200.jpg 300w, https:\/\/www.modave.be\/wp-content\/uploads\/2023\/03\/Publications-1024x683.jpg 1024w, https:\/\/www.modave.be\/wp-content\/uploads\/2023\/03\/Publications-768x512.jpg 768w, https:\/\/www.modave.be\/wp-content\/uploads\/2023\/03\/Publications-1536x1024.jpg 1536w, https:\/\/www.modave.be\/wp-content\/uploads\/2023\/03\/Publications-2048x1365.jpg 2048w\" \/><span class=\"the7-hover-icon\"><i aria-hidden=\"true\" class=\"fas fa-plus\"><\/i><\/span><\/a>\n\t\t<\/div>\n\t<\/div>\n\n\n<div class=\"post-entry-content\">\n\n\t<h3 class=\"ele-entry-title\"><a href=\"https:\/\/www.modave.be\/index.php\/services_communaux\/conseil-communal-ordre-du-jour-du-8-novembre-2022\/\" rel=\"bookmark\" title=\"Conseil communal &#8211; Ordre du jour du 8 novembre 2022\">Conseil communal &#8211; Ordre du jour du 8 novembre 2022<\/a><\/h3><div class=\"entry-meta\"><span class=\"meta-item category-link\"><a href=\"https:\/\/www.modave.be\/index.php\/category\/conseil_communal_ordre_jour\/\" rel=\"tag\">Ordre du jour du Conseil Communal<\/a><\/span><span class=\"meta-item data-link\"><time class=\"entry-date updated\" datetime=\"2022-10-18T10:51:39+02:00\">18 octobre 2022<\/time><\/span><\/div><div class=\"entry-excerpt\"><p>CONSEIL COMMUN COMMUNE \/ CPAS \u2013 CONVOCATION &#8211; ORDRE DU JOUR&nbsp; Conform\u00e9ment aux articles L1122-11, L1122-12, L1122-13 et L1122-23 du code de d\u00e9mocratie locale et de la d\u00e9centralisation, et aux sections 2, 3, 4 et 5 du R\u00e8glement d\u2019Ordre Int\u00e9rieur du conseil communal, nous avons l\u2019honneur de vous convoquer pour&hellip;<\/p>\n<\/div><a href=\"https:\/\/www.modave.be\/index.php\/services_communaux\/conseil-communal-ordre-du-jour-du-8-novembre-2022\/\" target=\"\" aria-label=\"En savoir plus sur Conseil communal &#8211; Ordre du jour du 8 novembre 2022\" class=\"box-button elementor-button elementor-size-xs\">En savoir plus<\/a>\n<\/div><\/article><\/div><div class=\"visible wf-cell iso-item\" data-post-id=\"11553\" data-date=\"2022-09-15T10:54:05+02:00\" data-name=\"Conseil communal - Ordre du jour du 22 septembre 2022\"><article class=\"post visible post-11553 services_communaux type-services_communaux status-publish has-post-thumbnail hentry category-conseil_communal_ordre_jour description-off\" data-name=\"Conseil communal &#8211; Ordre du jour du 22 septembre 2022\" data-date=\"2022-09-15T10:54:05+02:00\">\n\n\t<div class=\"post-thumbnail-wrap\">\n\t\t<div class=\"post-thumbnail\">\n\n\t\t\t<a class=\"post-thumbnail-rollover layzr-bg img-css-resize-wrapper\" aria-label=\"Image article\" href=\"https:\/\/www.modave.be\/index.php\/services_communaux\/conseil-communal-ordre-du-jour-du-22-septembre-2022\/\"><img decoding=\"async\" width=\"2560\" height=\"1707\" src=\"data:image\/svg+xml,%3Csvg%20xmlns%3D&#039;http%3A%2F%2Fwww.w3.org%2F2000%2Fsvg&#039;%20viewBox%3D&#039;0%200%202560%201707&#039;%2F%3E\" class=\"attachment-full size-full preload-me aspect lazy lazy-load\" alt=\"\" sizes=\"(max-width: 2560px) 100vw, 2560px\" style=\"--ratio: 2560 \/ 1707;\" data-src=\"https:\/\/www.modave.be\/wp-content\/uploads\/2023\/03\/Publications-scaled.jpg\" loading=\"eager\" data-srcset=\"https:\/\/www.modave.be\/wp-content\/uploads\/2023\/03\/Publications-scaled.jpg 2560w, https:\/\/www.modave.be\/wp-content\/uploads\/2023\/03\/Publications-300x200.jpg 300w, https:\/\/www.modave.be\/wp-content\/uploads\/2023\/03\/Publications-1024x683.jpg 1024w, https:\/\/www.modave.be\/wp-content\/uploads\/2023\/03\/Publications-768x512.jpg 768w, https:\/\/www.modave.be\/wp-content\/uploads\/2023\/03\/Publications-1536x1024.jpg 1536w, https:\/\/www.modave.be\/wp-content\/uploads\/2023\/03\/Publications-2048x1365.jpg 2048w\" \/><span class=\"the7-hover-icon\"><i aria-hidden=\"true\" class=\"fas fa-plus\"><\/i><\/span><\/a>\n\t\t<\/div>\n\t<\/div>\n\n\n<div class=\"post-entry-content\">\n\n\t<h3 class=\"ele-entry-title\"><a href=\"https:\/\/www.modave.be\/index.php\/services_communaux\/conseil-communal-ordre-du-jour-du-22-septembre-2022\/\" rel=\"bookmark\" title=\"Conseil communal &#8211; Ordre du jour du 22 septembre 2022\">Conseil communal &#8211; Ordre du jour du 22 septembre 2022<\/a><\/h3><div class=\"entry-meta\"><span class=\"meta-item category-link\"><a href=\"https:\/\/www.modave.be\/index.php\/category\/conseil_communal_ordre_jour\/\" rel=\"tag\">Ordre du jour du Conseil Communal<\/a><\/span><span class=\"meta-item data-link\"><time class=\"entry-date updated\" datetime=\"2022-09-15T10:54:05+02:00\">15 septembre 2022<\/time><\/span><\/div><div class=\"entry-excerpt\"><p>CONSEIL COMMUNAL \u2013 CONVOCATION &#8211; ORDRE DU JOUR&nbsp; Conform\u00e9ment aux articles L1122-11, L1122-12, L1122-13 et L1122-23 du code de d\u00e9mocratie locale et de la d\u00e9centralisation, et aux sections 2, 3, 4 et 5 du R\u00e8glement d\u2019Ordre Int\u00e9rieur du conseil communal, nous avons l\u2019honneur de vous convoquer pour la premi\u00e8re fois&hellip;<\/p>\n<\/div><a href=\"https:\/\/www.modave.be\/index.php\/services_communaux\/conseil-communal-ordre-du-jour-du-22-septembre-2022\/\" target=\"\" aria-label=\"En savoir plus sur Conseil communal &#8211; Ordre du jour du 22 septembre 2022\" class=\"box-button elementor-button elementor-size-xs\">En savoir plus<\/a>\n<\/div><\/article><\/div><div class=\"visible wf-cell iso-item\" data-post-id=\"11554\" data-date=\"2022-08-18T10:55:05+02:00\" data-name=\"Conseil communal - Ordre du jour du 25 ao\u00fbt 2022\"><article class=\"post visible post-11554 services_communaux type-services_communaux status-publish has-post-thumbnail hentry category-conseil_communal_ordre_jour description-off\" data-name=\"Conseil communal &#8211; Ordre du jour du 25 ao\u00fbt 2022\" data-date=\"2022-08-18T10:55:05+02:00\">\n\n\t<div class=\"post-thumbnail-wrap\">\n\t\t<div class=\"post-thumbnail\">\n\n\t\t\t<a class=\"post-thumbnail-rollover layzr-bg img-css-resize-wrapper\" aria-label=\"Image article\" href=\"https:\/\/www.modave.be\/index.php\/services_communaux\/conseil-communal-ordre-du-jour-du-25-aout-2022\/\"><img decoding=\"async\" width=\"2560\" height=\"1707\" src=\"data:image\/svg+xml,%3Csvg%20xmlns%3D&#039;http%3A%2F%2Fwww.w3.org%2F2000%2Fsvg&#039;%20viewBox%3D&#039;0%200%202560%201707&#039;%2F%3E\" class=\"attachment-full size-full preload-me aspect lazy lazy-load\" alt=\"\" sizes=\"(max-width: 2560px) 100vw, 2560px\" style=\"--ratio: 2560 \/ 1707;\" data-src=\"https:\/\/www.modave.be\/wp-content\/uploads\/2023\/03\/Publications-scaled.jpg\" loading=\"eager\" data-srcset=\"https:\/\/www.modave.be\/wp-content\/uploads\/2023\/03\/Publications-scaled.jpg 2560w, https:\/\/www.modave.be\/wp-content\/uploads\/2023\/03\/Publications-300x200.jpg 300w, https:\/\/www.modave.be\/wp-content\/uploads\/2023\/03\/Publications-1024x683.jpg 1024w, https:\/\/www.modave.be\/wp-content\/uploads\/2023\/03\/Publications-768x512.jpg 768w, https:\/\/www.modave.be\/wp-content\/uploads\/2023\/03\/Publications-1536x1024.jpg 1536w, https:\/\/www.modave.be\/wp-content\/uploads\/2023\/03\/Publications-2048x1365.jpg 2048w\" \/><span class=\"the7-hover-icon\"><i aria-hidden=\"true\" class=\"fas fa-plus\"><\/i><\/span><\/a>\n\t\t<\/div>\n\t<\/div>\n\n\n<div class=\"post-entry-content\">\n\n\t<h3 class=\"ele-entry-title\"><a href=\"https:\/\/www.modave.be\/index.php\/services_communaux\/conseil-communal-ordre-du-jour-du-25-aout-2022\/\" rel=\"bookmark\" title=\"Conseil communal &#8211; Ordre du jour du 25 ao\u00fbt 2022\">Conseil communal &#8211; Ordre du jour du 25 ao\u00fbt 2022<\/a><\/h3><div class=\"entry-meta\"><span class=\"meta-item category-link\"><a href=\"https:\/\/www.modave.be\/index.php\/category\/conseil_communal_ordre_jour\/\" rel=\"tag\">Ordre du jour du Conseil Communal<\/a><\/span><span class=\"meta-item data-link\"><time class=\"entry-date updated\" datetime=\"2022-08-18T10:55:05+02:00\">18 ao\u00fbt 2022<\/time><\/span><\/div><div class=\"entry-excerpt\"><p>CONSEIL COMMUNAL \u2013 CONVOCATION &#8211; ORDRE DU JOUR&nbsp; Conform\u00e9ment aux articles L1122-11, L1122-12, L1122-13 et L1122-23 du code de d\u00e9mocratie locale et de la d\u00e9centralisation, et aux sections 2, 3, 4 et 5 du R\u00e8glement d\u2019Ordre Int\u00e9rieur du conseil communal, nous avons l\u2019honneur de vous convoquer pour la premi\u00e8re fois&hellip;<\/p>\n<\/div><a href=\"https:\/\/www.modave.be\/index.php\/services_communaux\/conseil-communal-ordre-du-jour-du-25-aout-2022\/\" target=\"\" aria-label=\"En savoir plus sur Conseil communal &#8211; Ordre du jour du 25 ao\u00fbt 2022\" class=\"box-button elementor-button elementor-size-xs\">En savoir plus<\/a>\n<\/div><\/article><\/div><div class=\"visible wf-cell iso-item\" data-post-id=\"11555\" data-date=\"2022-06-16T10:57:29+02:00\" data-name=\"Conseil communal - Ordre du jour du 23 juin 2022\"><article class=\"post visible post-11555 services_communaux type-services_communaux status-publish has-post-thumbnail hentry category-conseil_communal_ordre_jour description-off\" data-name=\"Conseil communal &#8211; Ordre du jour du 23 juin 2022\" data-date=\"2022-06-16T10:57:29+02:00\">\n\n\t<div class=\"post-thumbnail-wrap\">\n\t\t<div class=\"post-thumbnail\">\n\n\t\t\t<a class=\"post-thumbnail-rollover layzr-bg img-css-resize-wrapper\" aria-label=\"Image article\" href=\"https:\/\/www.modave.be\/index.php\/services_communaux\/conseil-communal-ordre-du-jour-du-23-juin-2022\/\"><img decoding=\"async\" width=\"2560\" height=\"1707\" src=\"data:image\/svg+xml,%3Csvg%20xmlns%3D&#039;http%3A%2F%2Fwww.w3.org%2F2000%2Fsvg&#039;%20viewBox%3D&#039;0%200%202560%201707&#039;%2F%3E\" class=\"attachment-full size-full preload-me aspect lazy lazy-load\" alt=\"\" sizes=\"(max-width: 2560px) 100vw, 2560px\" style=\"--ratio: 2560 \/ 1707;\" data-src=\"https:\/\/www.modave.be\/wp-content\/uploads\/2023\/03\/Publications-scaled.jpg\" loading=\"eager\" data-srcset=\"https:\/\/www.modave.be\/wp-content\/uploads\/2023\/03\/Publications-scaled.jpg 2560w, https:\/\/www.modave.be\/wp-content\/uploads\/2023\/03\/Publications-300x200.jpg 300w, https:\/\/www.modave.be\/wp-content\/uploads\/2023\/03\/Publications-1024x683.jpg 1024w, https:\/\/www.modave.be\/wp-content\/uploads\/2023\/03\/Publications-768x512.jpg 768w, https:\/\/www.modave.be\/wp-content\/uploads\/2023\/03\/Publications-1536x1024.jpg 1536w, https:\/\/www.modave.be\/wp-content\/uploads\/2023\/03\/Publications-2048x1365.jpg 2048w\" \/><span class=\"the7-hover-icon\"><i aria-hidden=\"true\" class=\"fas fa-plus\"><\/i><\/span><\/a>\n\t\t<\/div>\n\t<\/div>\n\n\n<div class=\"post-entry-content\">\n\n\t<h3 class=\"ele-entry-title\"><a href=\"https:\/\/www.modave.be\/index.php\/services_communaux\/conseil-communal-ordre-du-jour-du-23-juin-2022\/\" rel=\"bookmark\" title=\"Conseil communal &#8211; Ordre du jour du 23 juin 2022\">Conseil communal &#8211; Ordre du jour du 23 juin 2022<\/a><\/h3><div class=\"entry-meta\"><span class=\"meta-item category-link\"><a href=\"https:\/\/www.modave.be\/index.php\/category\/conseil_communal_ordre_jour\/\" rel=\"tag\">Ordre du jour du Conseil Communal<\/a><\/span><span class=\"meta-item data-link\"><time class=\"entry-date updated\" datetime=\"2022-06-16T10:57:29+02:00\">16 juin 2022<\/time><\/span><\/div><div class=\"entry-excerpt\"><p>CONSEIL COMMUNAL \u2013 CONVOCATION &#8211; ORDRE DU JOUR&nbsp; Conform\u00e9ment aux articles L1122-11, L1122-12, L1122-13 et L1122-23 du code de d\u00e9mocratie locale et de la d\u00e9centralisation, et aux sections 2, 3, 4 et 5 du R\u00e8glement d\u2019Ordre Int\u00e9rieur du conseil communal, nous avons l\u2019honneur de vous convoquer pour la premi\u00e8re fois&hellip;<\/p>\n<\/div><a href=\"https:\/\/www.modave.be\/index.php\/services_communaux\/conseil-communal-ordre-du-jour-du-23-juin-2022\/\" target=\"\" aria-label=\"En savoir plus sur Conseil communal &#8211; Ordre du jour du 23 juin 2022\" class=\"box-button elementor-button elementor-size-xs\">En savoir plus<\/a>\n<\/div><\/article><\/div><\/div><!-- iso-container|iso-grid --><\/div>\t\t\t\t<\/div>\n\t\t\t\t<\/div>\n\t\t\t\t\t<\/div>\n\t\t<\/div>\n\t\t\t\t\t<\/div>\n\t\t<\/section>\n\t\t\t\t<\/div>\n\t\t","protected":false},"excerpt":{"rendered":"<p>Conseil communal &#8211; Ordre du jour du 23 juin 2022 Conseil Communal2 mars 2023 CONSEIL COMMUNAL \u2013 CONVOCATION &#8211; ORDRE DU JOUR&nbsp; Conform\u00e9ment aux articles L1122-11, L1122-12, L1122-13 et L1122-23 du code de d\u00e9mocratie locale et de la d\u00e9centralisation, et aux sections 2, 3, 4 et 5 du R\u00e8glement d\u2019Ordre Int\u00e9rieur du conseil communal, nous&hellip;<\/p>\n","protected":false},"author":1,"featured_media":10936,"parent":0,"menu_order":0,"comment_status":"closed","ping_status":"closed","template":"","meta":{"footnotes":""},"class_list":["post-11539","page","type-page","status-publish","has-post-thumbnail","hentry","description-off"],"yoast_head":"<!-- This site is optimized with the Yoast SEO plugin v27.5 - https:\/\/yoast.com\/product\/yoast-seo-wordpress\/ -->\n<title>Ordres du jour du Conseil - Commune de Modave<\/title>\n<meta name=\"robots\" content=\"index, follow, max-snippet:-1, max-image-preview:large, max-video-preview:-1\" \/>\n<link rel=\"canonical\" href=\"https:\/\/www.modave.be\/index.php\/ordres-du-jour-du-conseil\/\" \/>\n<meta property=\"og:locale\" content=\"fr_FR\" \/>\n<meta property=\"og:type\" content=\"article\" \/>\n<meta property=\"og:title\" content=\"Ordres du jour du Conseil - Commune de Modave\" \/>\n<meta property=\"og:description\" content=\"Conseil communal &#8211; Ordre du jour du 23 juin 2022 Conseil Communal2 mars 2023 CONSEIL COMMUNAL \u2013 CONVOCATION &#8211; ORDRE DU JOUR&nbsp; Conform\u00e9ment aux articles L1122-11, L1122-12, L1122-13 et L1122-23 du code de d\u00e9mocratie locale et de la d\u00e9centralisation, et aux sections 2, 3, 4 et 5 du R\u00e8glement d\u2019Ordre Int\u00e9rieur du conseil communal, nous&hellip;\" \/>\n<meta property=\"og:url\" content=\"https:\/\/www.modave.be\/index.php\/ordres-du-jour-du-conseil\/\" \/>\n<meta property=\"og:site_name\" content=\"Commune de Modave\" \/>\n<meta property=\"article:modified_time\" content=\"2023-03-02T09:59:24+00:00\" \/>\n<meta property=\"og:image\" content=\"https:\/\/www.modave.be\/wp-content\/uploads\/2023\/02\/Politique-scaled.jpg\" \/>\n\t<meta property=\"og:image:width\" content=\"2560\" \/>\n\t<meta property=\"og:image:height\" content=\"1709\" \/>\n\t<meta property=\"og:image:type\" content=\"image\/jpeg\" \/>\n<meta name=\"twitter:card\" content=\"summary_large_image\" \/>\n<meta name=\"twitter:label1\" content=\"Dur\u00e9e de lecture estim\u00e9e\" \/>\n\t<meta name=\"twitter:data1\" content=\"2 minutes\" \/>\n<script type=\"application\/ld+json\" class=\"yoast-schema-graph\">{\"@context\":\"https:\\\/\\\/schema.org\",\"@graph\":[{\"@type\":\"WebPage\",\"@id\":\"https:\\\/\\\/www.modave.be\\\/index.php\\\/ordres-du-jour-du-conseil\\\/\",\"url\":\"https:\\\/\\\/www.modave.be\\\/index.php\\\/ordres-du-jour-du-conseil\\\/\",\"name\":\"Ordres du jour du Conseil - Commune de Modave\",\"isPartOf\":{\"@id\":\"https:\\\/\\\/www.modave.be\\\/#website\"},\"primaryImageOfPage\":{\"@id\":\"https:\\\/\\\/www.modave.be\\\/index.php\\\/ordres-du-jour-du-conseil\\\/#primaryimage\"},\"image\":{\"@id\":\"https:\\\/\\\/www.modave.be\\\/index.php\\\/ordres-du-jour-du-conseil\\\/#primaryimage\"},\"thumbnailUrl\":\"https:\\\/\\\/www.modave.be\\\/wp-content\\\/uploads\\\/2023\\\/02\\\/Politique-scaled.jpg\",\"datePublished\":\"2023-03-02T09:35:03+00:00\",\"dateModified\":\"2023-03-02T09:59:24+00:00\",\"breadcrumb\":{\"@id\":\"https:\\\/\\\/www.modave.be\\\/index.php\\\/ordres-du-jour-du-conseil\\\/#breadcrumb\"},\"inLanguage\":\"fr-FR\",\"potentialAction\":[{\"@type\":\"ReadAction\",\"target\":[\"https:\\\/\\\/www.modave.be\\\/index.php\\\/ordres-du-jour-du-conseil\\\/\"]}]},{\"@type\":\"ImageObject\",\"inLanguage\":\"fr-FR\",\"@id\":\"https:\\\/\\\/www.modave.be\\\/index.php\\\/ordres-du-jour-du-conseil\\\/#primaryimage\",\"url\":\"https:\\\/\\\/www.modave.be\\\/wp-content\\\/uploads\\\/2023\\\/02\\\/Politique-scaled.jpg\",\"contentUrl\":\"https:\\\/\\\/www.modave.be\\\/wp-content\\\/uploads\\\/2023\\\/02\\\/Politique-scaled.jpg\",\"width\":2560,\"height\":1709},{\"@type\":\"BreadcrumbList\",\"@id\":\"https:\\\/\\\/www.modave.be\\\/index.php\\\/ordres-du-jour-du-conseil\\\/#breadcrumb\",\"itemListElement\":[{\"@type\":\"ListItem\",\"position\":1,\"name\":\"Accueil\",\"item\":\"https:\\\/\\\/www.modave.be\\\/\"},{\"@type\":\"ListItem\",\"position\":2,\"name\":\"Ordres du jour du Conseil\"}]},{\"@type\":\"WebSite\",\"@id\":\"https:\\\/\\\/www.modave.be\\\/#website\",\"url\":\"https:\\\/\\\/www.modave.be\\\/\",\"name\":\"Commune de Modave\",\"description\":\"Commune de Modave\",\"publisher\":{\"@id\":\"https:\\\/\\\/www.modave.be\\\/#organization\"},\"potentialAction\":[{\"@type\":\"SearchAction\",\"target\":{\"@type\":\"EntryPoint\",\"urlTemplate\":\"https:\\\/\\\/www.modave.be\\\/?s={search_term_string}\"},\"query-input\":{\"@type\":\"PropertyValueSpecification\",\"valueRequired\":true,\"valueName\":\"search_term_string\"}}],\"inLanguage\":\"fr-FR\"},{\"@type\":\"Organization\",\"@id\":\"https:\\\/\\\/www.modave.be\\\/#organization\",\"name\":\"Commune de Modave\",\"url\":\"https:\\\/\\\/www.modave.be\\\/\",\"logo\":{\"@type\":\"ImageObject\",\"inLanguage\":\"fr-FR\",\"@id\":\"https:\\\/\\\/www.modave.be\\\/#\\\/schema\\\/logo\\\/image\\\/\",\"url\":\"https:\\\/\\\/www.modave.be\\\/wp-content\\\/uploads\\\/2021\\\/12\\\/MODAVE_LOGO_HORIZONTAL_QUADRI_RVB.png\",\"contentUrl\":\"https:\\\/\\\/www.modave.be\\\/wp-content\\\/uploads\\\/2021\\\/12\\\/MODAVE_LOGO_HORIZONTAL_QUADRI_RVB.png\",\"width\":1200,\"height\":501,\"caption\":\"Commune de Modave\"},\"image\":{\"@id\":\"https:\\\/\\\/www.modave.be\\\/#\\\/schema\\\/logo\\\/image\\\/\"}}]}<\/script>\n<!-- \/ Yoast SEO plugin. -->","yoast_head_json":{"title":"Ordres du jour du Conseil - Commune de Modave","robots":{"index":"index","follow":"follow","max-snippet":"max-snippet:-1","max-image-preview":"max-image-preview:large","max-video-preview":"max-video-preview:-1"},"canonical":"https:\/\/www.modave.be\/index.php\/ordres-du-jour-du-conseil\/","og_locale":"fr_FR","og_type":"article","og_title":"Ordres du jour du Conseil - Commune de Modave","og_description":"Conseil communal &#8211; Ordre du jour du 23 juin 2022 Conseil Communal2 mars 2023 CONSEIL COMMUNAL \u2013 CONVOCATION &#8211; ORDRE DU JOUR&nbsp; Conform\u00e9ment aux articles L1122-11, L1122-12, L1122-13 et L1122-23 du code de d\u00e9mocratie locale et de la d\u00e9centralisation, et aux sections 2, 3, 4 et 5 du R\u00e8glement d\u2019Ordre Int\u00e9rieur du conseil communal, nous&hellip;","og_url":"https:\/\/www.modave.be\/index.php\/ordres-du-jour-du-conseil\/","og_site_name":"Commune de Modave","article_modified_time":"2023-03-02T09:59:24+00:00","og_image":[{"width":2560,"height":1709,"url":"https:\/\/www.modave.be\/wp-content\/uploads\/2023\/02\/Politique-scaled.jpg","type":"image\/jpeg"}],"twitter_card":"summary_large_image","twitter_misc":{"Dur\u00e9e de lecture estim\u00e9e":"2 minutes"},"schema":{"@context":"https:\/\/schema.org","@graph":[{"@type":"WebPage","@id":"https:\/\/www.modave.be\/index.php\/ordres-du-jour-du-conseil\/","url":"https:\/\/www.modave.be\/index.php\/ordres-du-jour-du-conseil\/","name":"Ordres du jour du Conseil - Commune de Modave","isPartOf":{"@id":"https:\/\/www.modave.be\/#website"},"primaryImageOfPage":{"@id":"https:\/\/www.modave.be\/index.php\/ordres-du-jour-du-conseil\/#primaryimage"},"image":{"@id":"https:\/\/www.modave.be\/index.php\/ordres-du-jour-du-conseil\/#primaryimage"},"thumbnailUrl":"https:\/\/www.modave.be\/wp-content\/uploads\/2023\/02\/Politique-scaled.jpg","datePublished":"2023-03-02T09:35:03+00:00","dateModified":"2023-03-02T09:59:24+00:00","breadcrumb":{"@id":"https:\/\/www.modave.be\/index.php\/ordres-du-jour-du-conseil\/#breadcrumb"},"inLanguage":"fr-FR","potentialAction":[{"@type":"ReadAction","target":["https:\/\/www.modave.be\/index.php\/ordres-du-jour-du-conseil\/"]}]},{"@type":"ImageObject","inLanguage":"fr-FR","@id":"https:\/\/www.modave.be\/index.php\/ordres-du-jour-du-conseil\/#primaryimage","url":"https:\/\/www.modave.be\/wp-content\/uploads\/2023\/02\/Politique-scaled.jpg","contentUrl":"https:\/\/www.modave.be\/wp-content\/uploads\/2023\/02\/Politique-scaled.jpg","width":2560,"height":1709},{"@type":"BreadcrumbList","@id":"https:\/\/www.modave.be\/index.php\/ordres-du-jour-du-conseil\/#breadcrumb","itemListElement":[{"@type":"ListItem","position":1,"name":"Accueil","item":"https:\/\/www.modave.be\/"},{"@type":"ListItem","position":2,"name":"Ordres du jour du Conseil"}]},{"@type":"WebSite","@id":"https:\/\/www.modave.be\/#website","url":"https:\/\/www.modave.be\/","name":"Commune de Modave","description":"Commune de Modave","publisher":{"@id":"https:\/\/www.modave.be\/#organization"},"potentialAction":[{"@type":"SearchAction","target":{"@type":"EntryPoint","urlTemplate":"https:\/\/www.modave.be\/?s={search_term_string}"},"query-input":{"@type":"PropertyValueSpecification","valueRequired":true,"valueName":"search_term_string"}}],"inLanguage":"fr-FR"},{"@type":"Organization","@id":"https:\/\/www.modave.be\/#organization","name":"Commune de Modave","url":"https:\/\/www.modave.be\/","logo":{"@type":"ImageObject","inLanguage":"fr-FR","@id":"https:\/\/www.modave.be\/#\/schema\/logo\/image\/","url":"https:\/\/www.modave.be\/wp-content\/uploads\/2021\/12\/MODAVE_LOGO_HORIZONTAL_QUADRI_RVB.png","contentUrl":"https:\/\/www.modave.be\/wp-content\/uploads\/2021\/12\/MODAVE_LOGO_HORIZONTAL_QUADRI_RVB.png","width":1200,"height":501,"caption":"Commune de Modave"},"image":{"@id":"https:\/\/www.modave.be\/#\/schema\/logo\/image\/"}}]}},"_links":{"self":[{"href":"https:\/\/www.modave.be\/index.php\/wp-json\/wp\/v2\/pages\/11539","targetHints":{"allow":["GET"]}}],"collection":[{"href":"https:\/\/www.modave.be\/index.php\/wp-json\/wp\/v2\/pages"}],"about":[{"href":"https:\/\/www.modave.be\/index.php\/wp-json\/wp\/v2\/types\/page"}],"author":[{"embeddable":true,"href":"https:\/\/www.modave.be\/index.php\/wp-json\/wp\/v2\/users\/1"}],"replies":[{"embeddable":true,"href":"https:\/\/www.modave.be\/index.php\/wp-json\/wp\/v2\/comments?post=11539"}],"version-history":[{"count":0,"href":"https:\/\/www.modave.be\/index.php\/wp-json\/wp\/v2\/pages\/11539\/revisions"}],"wp:featuredmedia":[{"embeddable":true,"href":"https:\/\/www.modave.be\/index.php\/wp-json\/wp\/v2\/media\/10936"}],"wp:attachment":[{"href":"https:\/\/www.modave.be\/index.php\/wp-json\/wp\/v2\/media?parent=11539"}],"curies":[{"name":"wp","href":"https:\/\/api.w.org\/{rel}","templated":true}]}}