{"id":11763,"date":"2023-03-07T11:32:08","date_gmt":"2023-03-07T10:32:08","guid":{"rendered":"http:\/\/217.182.142.226\/?page_id=11763"},"modified":"2026-01-14T12:19:41","modified_gmt":"2026-01-14T11:19:41","slug":"associations-et-comites","status":"publish","type":"page","link":"https:\/\/www.modave.be\/index.php\/associations-et-comites\/","title":{"rendered":"Associations et comit\u00e9s"},"content":{"rendered":"\t\t<div data-elementor-type=\"wp-page\" data-elementor-id=\"11763\" class=\"elementor elementor-11763\" wpc-filter-elementor-widget=\"1\" data-elementor-post-type=\"page\">\n\t\t\t\t\t\t<section class=\"elementor-section elementor-top-section elementor-element elementor-element-6f0d782 elementor-section-boxed elementor-section-height-default elementor-section-height-default\" data-id=\"6f0d782\" data-element_type=\"section\" data-e-type=\"section\">\n\t\t\t\t\t\t<div class=\"elementor-container elementor-column-gap-default\">\n\t\t\t\t\t<div class=\"elementor-column elementor-col-100 elementor-top-column elementor-element elementor-element-1de1d8e\" data-id=\"1de1d8e\" data-element_type=\"column\" data-e-type=\"column\">\n\t\t\t<div class=\"elementor-widget-wrap elementor-element-populated\">\n\t\t\t\t\t\t<div class=\"elementor-element elementor-element-1de14b2 elementor-widget-divider--view-line elementor-widget elementor-widget-divider\" data-id=\"1de14b2\" data-element_type=\"widget\" data-e-type=\"widget\" data-widget_type=\"divider.default\">\n\t\t\t\t<div class=\"elementor-widget-container\">\n\t\t\t\t\t\t\t<div class=\"elementor-divider\">\n\t\t\t<span class=\"elementor-divider-separator\">\n\t\t\t\t\t\t<\/span>\n\t\t<\/div>\n\t\t\t\t\t\t<\/div>\n\t\t\t\t<\/div>\n\t\t\t\t\t<\/div>\n\t\t<\/div>\n\t\t\t\t\t<\/div>\n\t\t<\/section>\n\t\t\t\t<section class=\"elementor-section elementor-top-section elementor-element elementor-element-6d7978f elementor-section-boxed elementor-section-height-default elementor-section-height-default\" data-id=\"6d7978f\" data-element_type=\"section\" data-e-type=\"section\">\n\t\t\t\t\t\t<div class=\"elementor-container elementor-column-gap-default\">\n\t\t\t\t\t<div class=\"elementor-column elementor-col-50 elementor-top-column elementor-element elementor-element-62bbf61\" data-id=\"62bbf61\" data-element_type=\"column\" data-e-type=\"column\">\n\t\t\t<div class=\"elementor-widget-wrap elementor-element-populated\">\n\t\t\t\t\t\t<div class=\"elementor-element elementor-element-ad1b427 elementor-widget elementor-widget-text-editor\" data-id=\"ad1b427\" data-element_type=\"widget\" data-e-type=\"widget\" data-widget_type=\"text-editor.default\">\n\t\t\t\t<div class=\"elementor-widget-container\">\n\t\t\t\t\t\t\t\t\t<h4>1- formulaire de d\u00e9claration d&rsquo;activit\u00e9 \u00e0 la commune<\/h4><p>A compl\u00e9ter et \u00e0 renvoyer \u00e0 l&rsquo;administration communale : <a href=\"https:\/\/www.modave.be\/wp-content\/uploads\/2023\/03\/Declaration-dactivite-version-sept-2019.pdf\" target=\"_blank\" rel=\"noopener\">Formulaire<\/a><\/p><h4>R\u00e8glement subside comit\u00e9s et mouvements de jeunesse 2025 + demande de subside<\/h4><div class=\"_3d-flip-book  fb3d-thumbnail-lightbox-mode\" data-id=\"15770\" data-mode=\"thumbnail-lightbox\" data-title=\"true\" data-template=\"short-white-book-view\" data-lightbox=\"dark-shadow\" data-urlparam=\"fb3d-page\" data-page-n=\"0\" data-pdf=\"\" data-tax=\"null\" data-thumbnail=\"\" data-cols=\"3\" data-book-template=\"default\" data-trigger=\"\"><\/div><script type=\"text\/javascript\">window.FB3D_CLIENT_DATA = window.FB3D_CLIENT_DATA || [];FB3D_CLIENT_DATA.push('eyJwb3N0cyI6eyIxNTc3MCI6eyJJRCI6MTU3NzAsInRpdGxlIjoiUlx1MDBlOGdsZW1lbnQgc3Vic2lkZSBjb21pdFx1MDBlOXMgZXQgbW91dmVtZW50cyBkZSBqZXVuZXNzZSAyMDI1IiwidHlwZSI6InBkZiIsInJlYWR5X2Z1bmN0aW9uIjoiIiwiYm9va19zdHlsZSI6ImF1dG8iLCJib29rX3RlbXBsYXRlIjoiZGVmYXVsdCIsIm91dGxpbmUiOltdLCJkYXRhIjp7InBvc3RfSUQiOiIxNTc3MiIsImd1aWQiOiJodHRwczpcL1wvd3d3Lm1vZGF2ZS5iZVwvd3AtY29udGVudFwvdXBsb2Fkc1wvMjAyNVwvMDZcL1JlZ2xlbWVudC1zdWJzaWRlLWNvbWl0ZXMtZXQtbW91dmVtZW50cy1kZS1qZXVuZXNzZS0yMDI1LnBkZiIsInBkZl9wYWdlcyI6IjUiLCJwYWdlc19jdXN0b21pemF0aW9uIjoibm9uZSJ9LCJ0aHVtYm5haWwiOnsiZGF0YSI6eyJwb3N0X0lEIjoiMCJ9LCJ0eXBlIjoiYXV0byJ9LCJwcm9wcyI6eyJiYWNrZ3JvdW5kQ29sb3IiOiJhdXRvIiwiYmFja2dyb3VuZEltYWdlIjoiYXV0byIsImJhY2tncm91bmRTdHlsZSI6ImF1dG8iLCJoaWdobGlnaHRMaW5rcyI6ImF1dG8iLCJsaWdodGluZyI6ImF1dG8iLCJzaW5nbGVQYWdlTW9kZSI6ImF1dG8iLCJjYWNoZWRQYWdlcyI6ImF1dG8iLCJyZW5kZXJJbmFjdGl2ZVBhZ2VzIjoiYXV0byIsInJlbmRlckluYWN0aXZlUGFnZXNPbk1vYmlsZSI6ImF1dG8iLCJyZW5kZXJXaGlsZUZsaXBwaW5nIjoiYXV0byIsInByZWxvYWRQYWdlcyI6ImF1dG8iLCJhdXRvUGxheUR1cmF0aW9uIjoiYXV0byIsInJ0bCI6ImF1dG8iLCJpbnRlcmFjdGl2ZUNvcm5lcnMiOiJhdXRvIiwibWF4RGVwdGgiOiJhdXRvIiwic2hlZXQiOnsic3RhcnRWZWxvY2l0eSI6ImF1dG8iLCJ3YXZlIjoiYXV0byIsInNoYXBlIjoiYXV0byIsIndpZHRoVGV4ZWxzIjoiYXV0byIsImNvbG9yIjoiYXV0byIsInNpZGUiOiJhdXRvIiwic3RyZXRjaEltYWdlcyI6ImF1dG8iLCJjb3JuZXJEZXZpYXRpb24iOiJhdXRvIiwiZmxleGliaWxpdHkiOiJhdXRvIiwiZmxleGlibGVDb3JuZXIiOiJhdXRvIiwiYmVuZGluZyI6ImF1dG8iLCJoZWlnaHRUZXhlbHMiOiJhdXRvIn0sImNvdmVyIjp7IndhdmUiOiJhdXRvIiwiY29sb3IiOiJhdXRvIiwic2lkZSI6ImF1dG8iLCJzdHJldGNoSW1hZ2VzIjoiYXV0byIsImJpbmRlclRleHR1cmUiOiJhdXRvIiwiZGVwdGgiOiJhdXRvIiwicGFkZGluZyI6ImF1dG8iLCJzdGFydFZlbG9jaXR5IjoiYXV0byIsImZsZXhpYmlsaXR5IjoiYXV0byIsImZsZXhpYmxlQ29ybmVyIjoiYXV0byIsImJlbmRpbmciOiJhdXRvIiwid2lkdGhUZXhlbHMiOiJhdXRvIiwiaGVpZ2h0VGV4ZWxzIjoiYXV0byIsIm1hc3MiOiJhdXRvIiwic2hhcGUiOiJhdXRvIn0sInBhZ2UiOnsid2F2ZSI6ImF1dG8iLCJjb2xvciI6ImF1dG8iLCJzaWRlIjoiYXV0byIsInN0cmV0Y2hJbWFnZXMiOiJhdXRvIiwiZGVwdGgiOiJhdXRvIiwic3RhcnRWZWxvY2l0eSI6ImF1dG8iLCJmbGV4aWJpbGl0eSI6ImF1dG8iLCJmbGV4aWJsZUNvcm5lciI6ImF1dG8iLCJiZW5kaW5nIjoiYXV0byIsIndpZHRoVGV4ZWxzIjoiYXV0byIsImhlaWdodFRleGVscyI6ImF1dG8iLCJtYXNzIjoiYXV0byIsInNoYXBlIjoiYXV0byJ9LCJoZWlnaHQiOiJhdXRvIiwid2lkdGgiOiJhdXRvIiwiZ3Jhdml0eSI6ImF1dG8iLCJwYWdlc0ZvclByZWRpY3RpbmciOiJhdXRvIn0sImNvbnRyb2xQcm9wcyI6eyJhY3Rpb25zIjp7ImNtZFRvYyI6eyJlbmFibGVkIjoiYXV0byIsImVuYWJsZWRJbk5hcnJvdyI6ImF1dG8iLCJhY3RpdmUiOiJhdXRvIiwiZGVmYXVsdFRhYiI6ImF1dG8ifSwiY21kQXV0b1BsYXkiOnsiZW5hYmxlZCI6ImF1dG8iLCJlbmFibGVkSW5OYXJyb3ciOiJhdXRvIiwiYWN0aXZlIjoiYXV0byJ9LCJjbWRTYXZlIjp7ImVuYWJsZWQiOiJhdXRvIiwiZW5hYmxlZEluTmFycm93IjoiYXV0byJ9LCJjbWRQcmludCI6eyJlbmFibGVkIjoiYXV0byIsImVuYWJsZWRJbk5hcnJvdyI6ImF1dG8ifSwiY21kU2luZ2xlUGFnZSI6eyJlbmFibGVkIjoiYXV0byIsImVuYWJsZWRJbk5hcnJvdyI6ImF1dG8iLCJhY3RpdmUiOiJhdXRvIiwiYWN0aXZlRm9yTW9iaWxlIjoiYXV0byJ9LCJ3aWRUb29sYmFyIjp7ImVuYWJsZWQiOiJhdXRvIiwiZW5hYmxlZEluTmFycm93IjoiYXV0byJ9fX0sImF1dG9UaHVtYm5haWwiOiJodHRwczpcL1wvd3d3Lm1vZGF2ZS5iZVwvd3AtY29udGVudFwvdXBsb2Fkc1wvM2QtZmxpcC1ib29rXC9hdXRvLXRodW1ibmFpbHNcLzE1NzcwLnBuZyIsInBvc3RfbmFtZSI6InJlZ2xlbWVudC1zdWJzaWRlLWNvbWl0ZXMtZXQtbW91dmVtZW50cy1kZS1qZXVuZXNzZS0yMDI1IiwicG9zdF90eXBlIjoiM2QtZmxpcC1ib29rIn19LCJwYWdlcyI6W10sImZpcnN0UGFnZXMiOltdfQ==');window.FB3D_CLIENT_LOCALE && FB3D_CLIENT_LOCALE.render && FB3D_CLIENT_LOCALE.render();<\/script><\/p><h4>Demande de reconnaissance<\/h4><p><a href=\"https:\/\/www.modave.be\/wp-content\/uploads\/2025\/06\/formulaire-reconnaissance-Modave.pdf\" target=\"_blank\" rel=\"noopener\">T\u00e9l\u00e9charger le formulaire<\/a><\/p>\t\t\t\t\t\t\t\t<\/div>\n\t\t\t\t<\/div>\n\t\t\t\t\t<\/div>\n\t\t<\/div>\n\t\t\t\t<div class=\"elementor-column elementor-col-50 elementor-top-column elementor-element elementor-element-21265b8\" data-id=\"21265b8\" data-element_type=\"column\" data-e-type=\"column\">\n\t\t\t<div class=\"elementor-widget-wrap elementor-element-populated\">\n\t\t\t\t\t\t<div class=\"elementor-element elementor-element-0be025c elementor-widget elementor-widget-text-editor\" data-id=\"0be025c\" data-element_type=\"widget\" data-e-type=\"widget\" data-widget_type=\"text-editor.default\">\n\t\t\t\t<div class=\"elementor-widget-container\">\n\t\t\t\t\t\t\t\t\t<h4>2- Assurance Volontariat via la province<\/h4><p>Assurance volontariat: la Province de Li\u00e8ge soutient les organisations et les travailleurs volontaires!<br \/>Introduction :<\/p><p><a href=\"http:\/\/213.32.75.222\/wp-content\/uploads\/2023\/03\/Assurance-volontariat-Formulaire-de-demande.pdf\" target=\"_blank\" rel=\"noopener\">Assurance &#8211; Formulaire de demande<\/a><br \/><a href=\"http:\/\/213.32.75.222\/wp-content\/uploads\/2023\/03\/Assurance-volontariat.pdf\" target=\"_blank\" rel=\"noopener\">Assurance volontariat<\/a><\/p><p>Le Coll\u00e8ge a voulu une proc\u00e9dure toute simple:<br \/>Pour b\u00e9n\u00e9ficier de cette assurance, pas de long parcours du combattant, ni de d\u00e9marches administratives interminables. Non,\u00a0<strong>il suffit simplement de\u00a0remplir un formulaire\u00a0&#8211;\u00a0une demande d&rsquo;agr\u00e9ation en qualit\u00e9 d&rsquo;organisation\u00a0&#8211; disponible sur ce site<\/strong>\u00a0<a href=\"http:\/\/www.provincedeliege.be\/volontariat\">http:\/\/www.provincedeliege.be\/volontariat<\/a>\u00a0via le sous-menu \u00ab\u00a0comment?\u00a0\u00bb ou\u00a0aupr\u00e8s du service\u00a0Assurances et\u00a0Contrats (Rue Georges Cl\u00e9menceau,\u00a015 \u00e0 4000 Li\u00e8ge)<\/p><p>Renseignements et inscription:\u00a0Service Assurances et Contrats: 04\/220 21 89 &#8211;\u00a0<span id=\"cloak864662dd6591eb4f951e5efca95b55e3\"><a href=\"mailto:assurances.volontariat@provincedeliege.be\">assurances.volontariat@provincedeliege.be<\/a><\/span><\/p>\t\t\t\t\t\t\t\t<\/div>\n\t\t\t\t<\/div>\n\t\t\t\t\t<\/div>\n\t\t<\/div>\n\t\t\t\t\t<\/div>\n\t\t<\/section>\n\t\t\t\t<section class=\"elementor-section elementor-top-section elementor-element elementor-element-f40ce13 elementor-section-boxed elementor-section-height-default elementor-section-height-default\" data-id=\"f40ce13\" data-element_type=\"section\" data-e-type=\"section\">\n\t\t\t\t\t\t<div class=\"elementor-container elementor-column-gap-default\">\n\t\t\t\t\t<div class=\"elementor-column elementor-col-100 elementor-top-column elementor-element elementor-element-fe6d8a9\" data-id=\"fe6d8a9\" data-element_type=\"column\" data-e-type=\"column\">\n\t\t\t<div class=\"elementor-widget-wrap elementor-element-populated\">\n\t\t\t\t\t\t<div class=\"elementor-element elementor-element-ad4d6e5 elementor-widget-divider--view-line elementor-widget elementor-widget-divider\" data-id=\"ad4d6e5\" data-element_type=\"widget\" data-e-type=\"widget\" data-widget_type=\"divider.default\">\n\t\t\t\t<div class=\"elementor-widget-container\">\n\t\t\t\t\t\t\t<div class=\"elementor-divider\">\n\t\t\t<span class=\"elementor-divider-separator\">\n\t\t\t\t\t\t<\/span>\n\t\t<\/div>\n\t\t\t\t\t\t<\/div>\n\t\t\t\t<\/div>\n\t\t\t\t<div class=\"elementor-element elementor-element-a2bdb8d elementor-widget elementor-widget-spacer\" data-id=\"a2bdb8d\" data-element_type=\"widget\" data-e-type=\"widget\" data-widget_type=\"spacer.default\">\n\t\t\t\t<div class=\"elementor-widget-container\">\n\t\t\t\t\t\t\t<div class=\"elementor-spacer\">\n\t\t\t<div class=\"elementor-spacer-inner\"><\/div>\n\t\t<\/div>\n\t\t\t\t\t\t<\/div>\n\t\t\t\t<\/div>\n\t\t\t\t\t<\/div>\n\t\t<\/div>\n\t\t\t\t\t<\/div>\n\t\t<\/section>\n\t\t\t\t<section class=\"elementor-section elementor-top-section elementor-element elementor-element-319cc66 elementor-section-boxed elementor-section-height-default elementor-section-height-default\" data-id=\"319cc66\" data-element_type=\"section\" data-e-type=\"section\">\n\t\t\t\t\t\t<div class=\"elementor-container elementor-column-gap-default\">\n\t\t\t\t\t<div class=\"elementor-column elementor-col-100 elementor-top-column elementor-element elementor-element-e2b25ca\" data-id=\"e2b25ca\" data-element_type=\"column\" data-e-type=\"column\">\n\t\t\t<div class=\"elementor-widget-wrap elementor-element-populated\">\n\t\t\t\t\t\t<div class=\"elementor-element elementor-element-1736923 elementor-widget elementor-widget-the7_elements\" data-id=\"1736923\" data-element_type=\"widget\" data-e-type=\"widget\" data-widget_type=\"the7_elements.default\">\n\t\t\t\t<div class=\"elementor-widget-container\">\n\t\t\t\t\t<div class=\"portfolio-shortcode the7-elementor-widget the7_elements-1736923 mode-masonry classic-layout-list description-under-image quick-scale-img content-bg-on enable-bg-rollover resize-by-browser-width loading-effect-none jquery-filter\" data-padding=\"15px\" data-mobile-columns-num=\"1\" data-tablet-columns-num=\"2\" data-desktop-columns-num=\"3\" data-wide-desktop-columns-num=\"3\" data-post-limit=\"-1\" data-pagination-mode=\"none\" data-scroll-offset=\"\" aria-live=\"assertive\"><div class=\"iso-container dt-isotope custom-iso-columns\"><div class=\"visible wf-cell iso-item\" data-post-id=\"15356\" data-date=\"2025-03-24T13:16:14+01:00\" data-name=\"R.U.S. Str\u00e9e | Rejoins une \u00e9quipe !\"><article class=\"post visible post-15356 services_communaux type-services_communaux status-publish has-post-thumbnail hentry category-associations_comites description-off\" data-name=\"R.U.S. Str\u00e9e | Rejoins une \u00e9quipe !\" data-date=\"2025-03-24T13:16:14+01:00\">\n\n\t<div class=\"post-thumbnail-wrap\">\n\t\t<div class=\"post-thumbnail\">\n\n\t\t\t<a class=\"post-thumbnail-rollover layzr-bg img-css-resize-wrapper\" aria-label=\"Image article\" href=\"https:\/\/www.modave.be\/index.php\/services_communaux\/r-u-s-stree-rejoins-une-equipe\/\"><img fetchpriority=\"high\" decoding=\"async\" width=\"735\" height=\"367\" src=\"data:image\/svg+xml,%3Csvg%20xmlns%3D&#039;http%3A%2F%2Fwww.w3.org%2F2000%2Fsvg&#039;%20viewBox%3D&#039;0%200%20735%20367&#039;%2F%3E\" class=\"attachment-full size-full preload-me aspect lazy lazy-load\" alt=\"\" sizes=\"(max-width: 735px) 100vw, 735px\" style=\"--ratio: 735 \/ 367;\" data-src=\"https:\/\/www.modave.be\/wp-content\/uploads\/2025\/03\/RUSSTREE_Recrutement_25_26-e1742818455811.jpeg\" loading=\"eager\" data-srcset=\"https:\/\/www.modave.be\/wp-content\/uploads\/2025\/03\/RUSSTREE_Recrutement_25_26-e1742818455811.jpeg 735w, https:\/\/www.modave.be\/wp-content\/uploads\/2025\/03\/RUSSTREE_Recrutement_25_26-e1742818455811-300x150.jpeg 300w\" \/><span class=\"the7-hover-icon\"><i aria-hidden=\"true\" class=\"fas fa-plus\"><\/i><\/span><\/a>\n\t\t<\/div>\n\t<\/div>\n\n\n<div class=\"post-entry-content\">\n\n\t<h3 class=\"ele-entry-title\"><a href=\"https:\/\/www.modave.be\/index.php\/services_communaux\/r-u-s-stree-rejoins-une-equipe\/\" rel=\"bookmark\" title=\"R.U.S. Str\u00e9e | Rejoins une \u00e9quipe !\">R.U.S. Str\u00e9e | Rejoins une \u00e9quipe !<\/a><\/h3><div class=\"entry-meta\"><span class=\"meta-item category-link\"><a href=\"https:\/\/www.modave.be\/index.php\/category\/associations_comites\/\" rel=\"tag\">Associations et comit\u00e9s<\/a><\/span><\/div><div class=\"entry-excerpt\"><p>Tu as entre 5 et 11 ans et tu r\u00eaves de jouer au football ? La R.U.S. STREE t\u2019accueille chaleureusement au sein de ses \u00e9quipes jeunes. Rejoins un club familial o\u00f9 r\u00e8gnent convivialit\u00e9, fair-play et ouverture \u00e0 tous ! De nombreuses activit\u00e9s sont propos\u00e9es tout au long de l\u2019ann\u00e9e, dans une ambiance sportive et amicale.&hellip;<\/p>\n<\/div><a href=\"https:\/\/www.modave.be\/index.php\/services_communaux\/r-u-s-stree-rejoins-une-equipe\/\" target=\"\" aria-label=\"En savoir plus sur R.U.S. Str\u00e9e | Rejoins une \u00e9quipe !\" class=\"box-button elementor-button elementor-size-xs\">En savoir plus<\/a>\n<\/div><\/article><\/div><div class=\"visible wf-cell iso-item\" data-post-id=\"15353\" data-date=\"2025-03-24T13:02:19+01:00\" data-name=\"Les Scouts de Modave recherchent des animateur-trice-s\"><article class=\"post visible post-15353 services_communaux type-services_communaux status-publish has-post-thumbnail hentry category-associations_comites description-off\" data-name=\"Les Scouts de Modave recherchent des animateur-trice-s\" data-date=\"2025-03-24T13:02:19+01:00\">\n\n\t<div class=\"post-thumbnail-wrap\">\n\t\t<div class=\"post-thumbnail\">\n\n\t\t\t<a class=\"post-thumbnail-rollover layzr-bg img-css-resize-wrapper\" aria-label=\"Image article\" href=\"https:\/\/www.modave.be\/index.php\/services_communaux\/les-scouts-de-modave-recherchent-des-animateur-trice-s\/\"><img decoding=\"async\" width=\"6150\" height=\"3076\" src=\"data:image\/svg+xml,%3Csvg%20xmlns%3D&#039;http%3A%2F%2Fwww.w3.org%2F2000%2Fsvg&#039;%20viewBox%3D&#039;0%200%206150%203076&#039;%2F%3E\" class=\"attachment-full size-full preload-me aspect lazy lazy-load\" alt=\"\" sizes=\"(max-width: 6150px) 100vw, 6150px\" style=\"--ratio: 6150 \/ 3076;\" data-src=\"https:\/\/www.modave.be\/wp-content\/uploads\/2025\/03\/Affiche_recrutement_animateurs_2025-1-e1742814753965.jpg\" loading=\"eager\" data-srcset=\"https:\/\/www.modave.be\/wp-content\/uploads\/2025\/03\/Affiche_recrutement_animateurs_2025-1-e1742814753965.jpg 6150w, https:\/\/www.modave.be\/wp-content\/uploads\/2025\/03\/Affiche_recrutement_animateurs_2025-1-e1742814753965-300x150.jpg 300w, https:\/\/www.modave.be\/wp-content\/uploads\/2025\/03\/Affiche_recrutement_animateurs_2025-1-e1742814753965-768x384.jpg 768w, https:\/\/www.modave.be\/wp-content\/uploads\/2025\/03\/Affiche_recrutement_animateurs_2025-1-e1742814753965-1024x512.jpg 1024w, https:\/\/www.modave.be\/wp-content\/uploads\/2025\/03\/Affiche_recrutement_animateurs_2025-1-e1742814753965-1536x768.jpg 1536w, https:\/\/www.modave.be\/wp-content\/uploads\/2025\/03\/Affiche_recrutement_animateurs_2025-1-e1742814753965-2048x1024.jpg 2048w\" \/><span class=\"the7-hover-icon\"><i aria-hidden=\"true\" class=\"fas fa-plus\"><\/i><\/span><\/a>\n\t\t<\/div>\n\t<\/div>\n\n\n<div class=\"post-entry-content\">\n\n\t<h3 class=\"ele-entry-title\"><a href=\"https:\/\/www.modave.be\/index.php\/services_communaux\/les-scouts-de-modave-recherchent-des-animateur-trice-s\/\" rel=\"bookmark\" title=\"Les Scouts de Modave recherchent des animateur-trice-s\">Les Scouts de Modave recherchent des animateur-trice-s<\/a><\/h3><div class=\"entry-meta\"><span class=\"meta-item category-link\"><a href=\"https:\/\/www.modave.be\/index.php\/category\/associations_comites\/\" rel=\"tag\">Associations et comit\u00e9s<\/a><\/span><\/div><div class=\"entry-excerpt\"><p>\u00catre animateur scout, c\u2019est bien plus qu\u2019un engagement. C\u2019est une aventure humaine, une exp\u00e9rience enrichissante et une occasion unique de grandir tout en aidant les autres \u00e0 grandir. En rejoignant notre \u00e9quipe d\u2019animation, tu pourras : Tu as 15 ans ou plus ?Tu as envie de t\u2019impliquer dans un projet dynamique et porteur de valeurs&hellip;<\/p>\n<\/div><a href=\"https:\/\/www.modave.be\/index.php\/services_communaux\/les-scouts-de-modave-recherchent-des-animateur-trice-s\/\" target=\"\" aria-label=\"En savoir plus sur Les Scouts de Modave recherchent des animateur-trice-s\" class=\"box-button elementor-button elementor-size-xs\">En savoir plus<\/a>\n<\/div><\/article><\/div><div class=\"visible wf-cell iso-item\" data-post-id=\"15157\" data-date=\"2025-03-03T15:28:53+01:00\" data-name=\"Commission agricole de constat de d\u00e9g\u00e2ts aux cultures | Appel \u00e0 candidatures\"><article class=\"post visible post-15157 services_communaux type-services_communaux status-publish has-post-thumbnail hentry category-associations_comites category-environnement category-non-classe description-off\" data-name=\"Commission agricole de constat de d\u00e9g\u00e2ts aux cultures | Appel \u00e0 candidatures\" data-date=\"2025-03-03T15:28:53+01:00\">\n\n\t<div class=\"post-thumbnail-wrap\">\n\t\t<div class=\"post-thumbnail\">\n\n\t\t\t<a class=\"post-thumbnail-rollover layzr-bg img-css-resize-wrapper\" aria-label=\"Image article\" href=\"https:\/\/www.modave.be\/index.php\/services_communaux\/commission-agricole-de-constat-de-degats-aux-cultures-appel-a-candidatures\/\"><img decoding=\"async\" width=\"1080\" height=\"540\" src=\"data:image\/svg+xml,%3Csvg%20xmlns%3D&#039;http%3A%2F%2Fwww.w3.org%2F2000%2Fsvg&#039;%20viewBox%3D&#039;0%200%201080%20540&#039;%2F%3E\" class=\"attachment-full size-full preload-me aspect lazy lazy-load\" alt=\"\" sizes=\"(max-width: 1080px) 100vw, 1080px\" style=\"--ratio: 1080 \/ 540;\" data-src=\"https:\/\/www.modave.be\/wp-content\/uploads\/2025\/03\/Appel-a-candidatures-e1741012095281.png\" loading=\"eager\" data-srcset=\"https:\/\/www.modave.be\/wp-content\/uploads\/2025\/03\/Appel-a-candidatures-e1741012095281.png 1080w, https:\/\/www.modave.be\/wp-content\/uploads\/2025\/03\/Appel-a-candidatures-e1741012095281-300x150.png 300w, https:\/\/www.modave.be\/wp-content\/uploads\/2025\/03\/Appel-a-candidatures-e1741012095281-1024x512.png 1024w, https:\/\/www.modave.be\/wp-content\/uploads\/2025\/03\/Appel-a-candidatures-e1741012095281-768x384.png 768w\" \/><span class=\"the7-hover-icon\"><i aria-hidden=\"true\" class=\"fas fa-plus\"><\/i><\/span><\/a>\n\t\t<\/div>\n\t<\/div>\n\n\n<div class=\"post-entry-content\">\n\n\t<h3 class=\"ele-entry-title\"><a href=\"https:\/\/www.modave.be\/index.php\/services_communaux\/commission-agricole-de-constat-de-degats-aux-cultures-appel-a-candidatures\/\" rel=\"bookmark\" title=\"Commission agricole de constat de d\u00e9g\u00e2ts aux cultures | Appel \u00e0 candidatures\">Commission agricole de constat de d\u00e9g\u00e2ts aux cultures | Appel \u00e0 candidatures<\/a><\/h3><div class=\"entry-meta\"><span class=\"meta-item category-link\"><a href=\"https:\/\/www.modave.be\/index.php\/category\/associations_comites\/\" rel=\"tag\">Associations et comit\u00e9s<\/a>, <a href=\"https:\/\/www.modave.be\/index.php\/category\/service-communaux\/environnement\/\" rel=\"tag\">Environnement<\/a>, <a href=\"https:\/\/www.modave.be\/index.php\/category\/non-classe\/\" rel=\"tag\">Non class\u00e9<\/a><\/span><\/div><div class=\"entry-excerpt\"><p>Appel \u00e0 candidatures | Experts-agriculteurs recherch\u00e9s Suite \u00e0 la mise en place du nouveau Coll\u00e8ge communal, la Commune de Modave est \u00e0 la recherche d\u2019experts-agriculteurs afin de si\u00e9ger au sein de la commission communale de constat de d\u00e9g\u00e2ts lors de calamit\u00e9s agricoles. \ud83d\udcc5 Date limite de candidature : mercredi 19 mars 2025 \ud83d\udcc4 Formulaire de&hellip;<\/p>\n<\/div><a href=\"https:\/\/www.modave.be\/index.php\/services_communaux\/commission-agricole-de-constat-de-degats-aux-cultures-appel-a-candidatures\/\" target=\"\" aria-label=\"En savoir plus sur Commission agricole de constat de d\u00e9g\u00e2ts aux cultures | Appel \u00e0 candidatures\" class=\"box-button elementor-button elementor-size-xs\">En savoir plus<\/a>\n<\/div><\/article><\/div><div class=\"visible wf-cell iso-item\" data-post-id=\"15309\" data-date=\"2025-01-21T14:30:00+01:00\" data-name=\"Les Scouts de Modave\"><article class=\"post visible post-15309 services_communaux type-services_communaux status-publish has-post-thumbnail hentry category-associations_comites description-off\" data-name=\"Les Scouts de Modave\" data-date=\"2025-01-21T14:30:00+01:00\">\n\n\t<div class=\"post-thumbnail-wrap\">\n\t\t<div class=\"post-thumbnail\">\n\n\t\t\t<a class=\"post-thumbnail-rollover layzr-bg img-css-resize-wrapper\" aria-label=\"Image article\" href=\"https:\/\/www.modave.be\/index.php\/services_communaux\/les-scouts-de-modave\/\"><img decoding=\"async\" width=\"225\" height=\"225\" src=\"data:image\/svg+xml,%3Csvg%20xmlns%3D&#039;http%3A%2F%2Fwww.w3.org%2F2000%2Fsvg&#039;%20viewBox%3D&#039;0%200%20225%20225&#039;%2F%3E\" class=\"attachment-full size-full preload-me aspect lazy lazy-load\" alt=\"\" sizes=\"(max-width: 225px) 100vw, 225px\" style=\"--ratio: 225 \/ 225;\" data-src=\"https:\/\/www.modave.be\/wp-content\/uploads\/2025\/01\/Scouts-de-Modave-1.png\" loading=\"eager\" data-srcset=\"https:\/\/www.modave.be\/wp-content\/uploads\/2025\/01\/Scouts-de-Modave-1.png 225w, https:\/\/www.modave.be\/wp-content\/uploads\/2025\/01\/Scouts-de-Modave-1-150x150.png 150w\" \/><span class=\"the7-hover-icon\"><i aria-hidden=\"true\" class=\"fas fa-plus\"><\/i><\/span><\/a>\n\t\t<\/div>\n\t<\/div>\n\n\n<div class=\"post-entry-content\">\n\n\t<h3 class=\"ele-entry-title\"><a href=\"https:\/\/www.modave.be\/index.php\/services_communaux\/les-scouts-de-modave\/\" rel=\"bookmark\" title=\"Les Scouts de Modave\">Les Scouts de Modave<\/a><\/h3><div class=\"entry-meta\"><span class=\"meta-item category-link\"><a href=\"https:\/\/www.modave.be\/index.php\/category\/associations_comites\/\" rel=\"tag\">Associations et comit\u00e9s<\/a><\/span><\/div><div class=\"entry-excerpt\"><p>Contact: Olivier Vervoort &#8211; 0476\/81.40.70 &#8211; scoutsmodave@gmail.com<\/p>\n<\/div><a href=\"https:\/\/www.modave.be\/index.php\/services_communaux\/les-scouts-de-modave\/\" target=\"\" aria-label=\"En savoir plus sur Les Scouts de Modave\" class=\"box-button elementor-button elementor-size-xs\">En savoir plus<\/a>\n<\/div><\/article><\/div><div class=\"visible wf-cell iso-item\" data-post-id=\"13109\" data-date=\"2024-06-04T13:29:25+02:00\" data-name=\"Appel \u00e0 candidatures pour la commission agricole de constat de d\u00e9g\u00e2ts aux cultures\"><article class=\"post visible post-13109 services_communaux type-services_communaux status-publish has-post-thumbnail hentry category-associations_comites category-environnement category-non-classe description-off\" data-name=\"Appel \u00e0 candidatures pour la commission agricole de constat de d\u00e9g\u00e2ts aux cultures\" data-date=\"2024-06-04T13:29:25+02:00\">\n\n\t<div class=\"post-thumbnail-wrap\">\n\t\t<div class=\"post-thumbnail\">\n\n\t\t\t<a class=\"post-thumbnail-rollover layzr-bg img-css-resize-wrapper\" aria-label=\"Image article\" href=\"https:\/\/www.modave.be\/index.php\/services_communaux\/appel-a-candidatures-pour-la-commission-agricole-de-constat-de-degats-aux-cultures\/\"><img decoding=\"async\" width=\"991\" height=\"661\" src=\"data:image\/svg+xml,%3Csvg%20xmlns%3D&#039;http%3A%2F%2Fwww.w3.org%2F2000%2Fsvg&#039;%20viewBox%3D&#039;0%200%20991%20661&#039;%2F%3E\" class=\"attachment-full size-full preload-me aspect lazy lazy-load\" alt=\"\" sizes=\"(max-width: 991px) 100vw, 991px\" style=\"--ratio: 991 \/ 661;\" data-src=\"https:\/\/www.modave.be\/wp-content\/uploads\/2024\/06\/00-15.jpg\" loading=\"eager\" data-srcset=\"https:\/\/www.modave.be\/wp-content\/uploads\/2024\/06\/00-15.jpg 991w, https:\/\/www.modave.be\/wp-content\/uploads\/2024\/06\/00-15-300x200.jpg 300w, https:\/\/www.modave.be\/wp-content\/uploads\/2024\/06\/00-15-768x512.jpg 768w\" \/><span class=\"the7-hover-icon\"><i aria-hidden=\"true\" class=\"fas fa-plus\"><\/i><\/span><\/a>\n\t\t<\/div>\n\t<\/div>\n\n\n<div class=\"post-entry-content\">\n\n\t<h3 class=\"ele-entry-title\"><a href=\"https:\/\/www.modave.be\/index.php\/services_communaux\/appel-a-candidatures-pour-la-commission-agricole-de-constat-de-degats-aux-cultures\/\" rel=\"bookmark\" title=\"Appel \u00e0 candidatures pour la commission agricole de constat de d\u00e9g\u00e2ts aux cultures\">Appel \u00e0 candidatures pour la commission agricole de constat de d\u00e9g\u00e2ts aux cultures<\/a><\/h3><div class=\"entry-meta\"><span class=\"meta-item category-link\"><a href=\"https:\/\/www.modave.be\/index.php\/category\/associations_comites\/\" rel=\"tag\">Associations et comit\u00e9s<\/a>, <a href=\"https:\/\/www.modave.be\/index.php\/category\/service-communaux\/environnement\/\" rel=\"tag\">Environnement<\/a>, <a href=\"https:\/\/www.modave.be\/index.php\/category\/non-classe\/\" rel=\"tag\">Non class\u00e9<\/a><\/span><\/div><div class=\"entry-excerpt\"><p>Candidature-1T\u00e9l\u00e9charger Candidature-2T\u00e9l\u00e9charger<\/p>\n<\/div><a href=\"https:\/\/www.modave.be\/index.php\/services_communaux\/appel-a-candidatures-pour-la-commission-agricole-de-constat-de-degats-aux-cultures\/\" target=\"\" aria-label=\"En savoir plus sur Appel \u00e0 candidatures pour la commission agricole de constat de d\u00e9g\u00e2ts aux cultures\" class=\"box-button elementor-button elementor-size-xs\">En savoir plus<\/a>\n<\/div><\/article><\/div><div class=\"visible wf-cell iso-item\" data-post-id=\"11804\" data-date=\"2023-01-07T15:06:53+01:00\" data-name=\"Contrat de Rivi\u00e8re Meuse Aval et affluents\"><article class=\"post visible post-11804 services_communaux type-services_communaux status-publish has-post-thumbnail hentry category-associations_comites description-off\" data-name=\"Contrat de Rivi\u00e8re Meuse Aval et affluents\" data-date=\"2023-01-07T15:06:53+01:00\">\n\n\t<div class=\"post-thumbnail-wrap\">\n\t\t<div class=\"post-thumbnail\">\n\n\t\t\t<a class=\"post-thumbnail-rollover layzr-bg img-css-resize-wrapper\" aria-label=\"Image article\" href=\"https:\/\/www.modave.be\/index.php\/services_communaux\/contrat-de-riviere-meuse-aval-et-affluents\/\"><img decoding=\"async\" width=\"1280\" height=\"852\" src=\"data:image\/svg+xml,%3Csvg%20xmlns%3D&#039;http%3A%2F%2Fwww.w3.org%2F2000%2Fsvg&#039;%20viewBox%3D&#039;0%200%201280%20852&#039;%2F%3E\" class=\"attachment-full size-full preload-me aspect lazy lazy-load\" alt=\"\" sizes=\"(max-width: 1280px) 100vw, 1280px\" style=\"--ratio: 1280 \/ 852;\" data-src=\"https:\/\/www.modave.be\/wp-content\/uploads\/2023\/01\/Slider3.jpg\" loading=\"eager\" data-srcset=\"https:\/\/www.modave.be\/wp-content\/uploads\/2023\/01\/Slider3.jpg 1280w, https:\/\/www.modave.be\/wp-content\/uploads\/2023\/01\/Slider3-300x200.jpg 300w, https:\/\/www.modave.be\/wp-content\/uploads\/2023\/01\/Slider3-1024x682.jpg 1024w, https:\/\/www.modave.be\/wp-content\/uploads\/2023\/01\/Slider3-768x511.jpg 768w\" \/><span class=\"the7-hover-icon\"><i aria-hidden=\"true\" class=\"fas fa-plus\"><\/i><\/span><\/a>\n\t\t<\/div>\n\t<\/div>\n\n\n<div class=\"post-entry-content\">\n\n\t<h3 class=\"ele-entry-title\"><a href=\"https:\/\/www.modave.be\/index.php\/services_communaux\/contrat-de-riviere-meuse-aval-et-affluents\/\" rel=\"bookmark\" title=\"Contrat de Rivi\u00e8re Meuse Aval et affluents\">Contrat de Rivi\u00e8re Meuse Aval et affluents<\/a><\/h3><div class=\"entry-meta\"><span class=\"meta-item category-link\"><a href=\"https:\/\/www.modave.be\/index.php\/category\/associations_comites\/\" rel=\"tag\">Associations et comit\u00e9s<\/a><\/span><\/div><div class=\"entry-excerpt\"><p>Un Contrat de Rivi\u00e8re, qu\u2019est-ce que c\u2019est&nbsp;? Un projet participatif au service de nos cours d\u2019eau.Le Contrat de Rivi\u00e8re consiste \u00e0 r\u00e9unir autour d\u2019une table tous les acteurs de la vall\u00e9e afin de d\u00e9finir de fa\u00e7on consensuelle un programme d\u2019actions visant \u00e0 g\u00e9rer au mieux les ressources en eau du bassin. Un Contrat, pour qui?&hellip;<\/p>\n<\/div><a href=\"https:\/\/www.modave.be\/index.php\/services_communaux\/contrat-de-riviere-meuse-aval-et-affluents\/\" target=\"\" aria-label=\"En savoir plus sur Contrat de Rivi\u00e8re Meuse Aval et affluents\" class=\"box-button elementor-button elementor-size-xs\">En savoir plus<\/a>\n<\/div><\/article><\/div><div class=\"visible wf-cell iso-item\" data-post-id=\"11803\" data-date=\"2023-01-07T15:04:26+01:00\" data-name=\"Comit\u00e9 du Lotissement de Modave\"><article class=\"post visible post-11803 services_communaux type-services_communaux status-publish has-post-thumbnail hentry category-associations_comites description-off\" data-name=\"Comit\u00e9 du Lotissement de Modave\" data-date=\"2023-01-07T15:04:26+01:00\">\n\n\t<div class=\"post-thumbnail-wrap\">\n\t\t<div class=\"post-thumbnail\">\n\n\t\t\t<a class=\"post-thumbnail-rollover layzr-bg img-css-resize-wrapper\" aria-label=\"Image article\" href=\"https:\/\/www.modave.be\/index.php\/services_communaux\/comite-du-lotissement-de-modave\/\"><img decoding=\"async\" width=\"2560\" height=\"1707\" src=\"data:image\/svg+xml,%3Csvg%20xmlns%3D&#039;http%3A%2F%2Fwww.w3.org%2F2000%2Fsvg&#039;%20viewBox%3D&#039;0%200%202560%201707&#039;%2F%3E\" class=\"attachment-full size-full preload-me aspect lazy lazy-load\" alt=\"\" sizes=\"(max-width: 2560px) 100vw, 2560px\" style=\"--ratio: 2560 \/ 1707;\" data-src=\"https:\/\/www.modave.be\/wp-content\/uploads\/2023\/03\/Associations-et-comites-scaled.jpg\" loading=\"eager\" data-srcset=\"https:\/\/www.modave.be\/wp-content\/uploads\/2023\/03\/Associations-et-comites-scaled.jpg 2560w, https:\/\/www.modave.be\/wp-content\/uploads\/2023\/03\/Associations-et-comites-300x200.jpg 300w, https:\/\/www.modave.be\/wp-content\/uploads\/2023\/03\/Associations-et-comites-1024x683.jpg 1024w, https:\/\/www.modave.be\/wp-content\/uploads\/2023\/03\/Associations-et-comites-768x512.jpg 768w, https:\/\/www.modave.be\/wp-content\/uploads\/2023\/03\/Associations-et-comites-1536x1024.jpg 1536w, https:\/\/www.modave.be\/wp-content\/uploads\/2023\/03\/Associations-et-comites-2048x1365.jpg 2048w\" \/><span class=\"the7-hover-icon\"><i aria-hidden=\"true\" class=\"fas fa-plus\"><\/i><\/span><\/a>\n\t\t<\/div>\n\t<\/div>\n\n\n<div class=\"post-entry-content\">\n\n\t<h3 class=\"ele-entry-title\"><a href=\"https:\/\/www.modave.be\/index.php\/services_communaux\/comite-du-lotissement-de-modave\/\" rel=\"bookmark\" title=\"Comit\u00e9 du Lotissement de Modave\">Comit\u00e9 du Lotissement de Modave<\/a><\/h3><div class=\"entry-meta\"><span class=\"meta-item category-link\"><a href=\"https:\/\/www.modave.be\/index.php\/category\/associations_comites\/\" rel=\"tag\">Associations et comit\u00e9s<\/a><\/span><\/div><div class=\"entry-excerpt\"><p>Contact: Carmelo Carrubba :&nbsp;0475\/69 42 63 (entre 9h et 18h) &#8211;&nbsp;carmelo.carrubba@skynet.be Lien Facebook: lotissement aux quatre voies Modave<\/p>\n<\/div><a href=\"https:\/\/www.modave.be\/index.php\/services_communaux\/comite-du-lotissement-de-modave\/\" target=\"\" aria-label=\"En savoir plus sur Comit\u00e9 du Lotissement de Modave\" class=\"box-button elementor-button elementor-size-xs\">En savoir plus<\/a>\n<\/div><\/article><\/div><div class=\"visible wf-cell iso-item\" data-post-id=\"11801\" data-date=\"2023-01-07T15:01:50+01:00\" data-name=\"Comit\u00e9 des f\u00eates de Vierset\"><article class=\"post visible post-11801 services_communaux type-services_communaux status-publish has-post-thumbnail hentry category-associations_comites description-off\" data-name=\"Comit\u00e9 des f\u00eates de Vierset\" data-date=\"2023-01-07T15:01:50+01:00\">\n\n\t<div class=\"post-thumbnail-wrap\">\n\t\t<div class=\"post-thumbnail\">\n\n\t\t\t<a class=\"post-thumbnail-rollover layzr-bg img-css-resize-wrapper\" aria-label=\"Image article\" href=\"https:\/\/www.modave.be\/index.php\/services_communaux\/comite-des-fetes-de-vierset\/\"><img decoding=\"async\" width=\"8192\" height=\"5461\" src=\"data:image\/svg+xml,%3Csvg%20xmlns%3D&#039;http%3A%2F%2Fwww.w3.org%2F2000%2Fsvg&#039;%20viewBox%3D&#039;0%200%208192%205461&#039;%2F%3E\" class=\"attachment-full size-full preload-me aspect lazy lazy-load\" alt=\"\" sizes=\"(max-width: 8192px) 100vw, 8192px\" style=\"--ratio: 8192 \/ 5461;\" data-src=\"https:\/\/www.modave.be\/wp-content\/uploads\/2023\/02\/Salle-de-fete.jpg\" loading=\"eager\" data-srcset=\"https:\/\/www.modave.be\/wp-content\/uploads\/2023\/02\/Salle-de-fete.jpg 8192w, https:\/\/www.modave.be\/wp-content\/uploads\/2023\/02\/Salle-de-fete-300x200.jpg 300w, https:\/\/www.modave.be\/wp-content\/uploads\/2023\/02\/Salle-de-fete-1024x683.jpg 1024w, https:\/\/www.modave.be\/wp-content\/uploads\/2023\/02\/Salle-de-fete-768x512.jpg 768w, https:\/\/www.modave.be\/wp-content\/uploads\/2023\/02\/Salle-de-fete-1536x1024.jpg 1536w\" \/><span class=\"the7-hover-icon\"><i aria-hidden=\"true\" class=\"fas fa-plus\"><\/i><\/span><\/a>\n\t\t<\/div>\n\t<\/div>\n\n\n<div class=\"post-entry-content\">\n\n\t<h3 class=\"ele-entry-title\"><a href=\"https:\/\/www.modave.be\/index.php\/services_communaux\/comite-des-fetes-de-vierset\/\" rel=\"bookmark\" title=\"Comit\u00e9 des f\u00eates de Vierset\">Comit\u00e9 des f\u00eates de Vierset<\/a><\/h3><div class=\"entry-meta\"><span class=\"meta-item category-link\"><a href=\"https:\/\/www.modave.be\/index.php\/category\/associations_comites\/\" rel=\"tag\">Associations et comit\u00e9s<\/a><\/span><\/div><div class=\"entry-excerpt\"><p>Contact: Morgane Charlet &#8211; 0472\/19.42.29<\/p>\n<\/div><a href=\"https:\/\/www.modave.be\/index.php\/services_communaux\/comite-des-fetes-de-vierset\/\" target=\"\" aria-label=\"En savoir plus sur Comit\u00e9 des f\u00eates de Vierset\" class=\"box-button elementor-button elementor-size-xs\">En savoir plus<\/a>\n<\/div><\/article><\/div><div class=\"visible wf-cell iso-item\" data-post-id=\"11798\" data-date=\"2023-01-07T14:58:40+01:00\" data-name=\"Comit\u00e9 de jumelage Modave - Saugues\"><article class=\"post visible post-11798 services_communaux type-services_communaux status-publish has-post-thumbnail hentry category-associations_comites description-off\" data-name=\"Comit\u00e9 de jumelage Modave &#8211; Saugues\" data-date=\"2023-01-07T14:58:40+01:00\">\n\n\t<div class=\"post-thumbnail-wrap\">\n\t\t<div class=\"post-thumbnail\">\n\n\t\t\t<a class=\"post-thumbnail-rollover layzr-bg img-css-resize-wrapper\" aria-label=\"Image article\" href=\"https:\/\/www.modave.be\/index.php\/services_communaux\/comite-de-jumelage-modave-saugues\/\"><img decoding=\"async\" width=\"1600\" height=\"1200\" src=\"data:image\/svg+xml,%3Csvg%20xmlns%3D&#039;http%3A%2F%2Fwww.w3.org%2F2000%2Fsvg&#039;%20viewBox%3D&#039;0%200%201600%201200&#039;%2F%3E\" class=\"attachment-full size-full preload-me aspect lazy lazy-load\" alt=\"\" sizes=\"(max-width: 1600px) 100vw, 1600px\" style=\"--ratio: 1600 \/ 1200;\" data-src=\"https:\/\/www.modave.be\/wp-content\/uploads\/2023\/03\/Saugues.jpg\" loading=\"eager\" data-srcset=\"https:\/\/www.modave.be\/wp-content\/uploads\/2023\/03\/Saugues.jpg 1600w, https:\/\/www.modave.be\/wp-content\/uploads\/2023\/03\/Saugues-300x225.jpg 300w, https:\/\/www.modave.be\/wp-content\/uploads\/2023\/03\/Saugues-1024x768.jpg 1024w, https:\/\/www.modave.be\/wp-content\/uploads\/2023\/03\/Saugues-768x576.jpg 768w, https:\/\/www.modave.be\/wp-content\/uploads\/2023\/03\/Saugues-1536x1152.jpg 1536w\" \/><span class=\"the7-hover-icon\"><i aria-hidden=\"true\" class=\"fas fa-plus\"><\/i><\/span><\/a>\n\t\t<\/div>\n\t<\/div>\n\n\n<div class=\"post-entry-content\">\n\n\t<h3 class=\"ele-entry-title\"><a href=\"https:\/\/www.modave.be\/index.php\/services_communaux\/comite-de-jumelage-modave-saugues\/\" rel=\"bookmark\" title=\"Comit\u00e9 de jumelage Modave &#8211; Saugues\">Comit\u00e9 de jumelage Modave &#8211; Saugues<\/a><\/h3><div class=\"entry-meta\"><span class=\"meta-item category-link\"><a href=\"https:\/\/www.modave.be\/index.php\/category\/associations_comites\/\" rel=\"tag\">Associations et comit\u00e9s<\/a><\/span><\/div><div class=\"entry-excerpt\"><p>Le comit\u00e9 de jumelage s&rsquo;occupe d&rsquo;entretenir les relations entre nos deux communes, par le biais du comit\u00e9 de jumelage saugain et organise des activit\u00e9s qui servent \u00e0 financer, en partie, le voyage de nos enfants \u00e0 Saugues, il s&rsquo;investit aussi financi\u00e8rement, lorsque les enfants de Saugues viennent en Belgique. Comit\u00e9 de jumelage A la pr\u00e9sidence:&hellip;<\/p>\n<\/div><a href=\"https:\/\/www.modave.be\/index.php\/services_communaux\/comite-de-jumelage-modave-saugues\/\" target=\"\" aria-label=\"En savoir plus sur Comit\u00e9 de jumelage Modave &#8211; Saugues\" class=\"box-button elementor-button elementor-size-xs\">En savoir plus<\/a>\n<\/div><\/article><\/div><div class=\"visible wf-cell iso-item\" data-post-id=\"11797\" data-date=\"2023-01-07T14:51:50+01:00\" data-name=\"Comit\u00e9 d&#039;Outrelouxhe\"><article class=\"post visible post-11797 services_communaux type-services_communaux status-publish has-post-thumbnail hentry category-associations_comites description-off\" data-name=\"Comit\u00e9 d&rsquo;Outrelouxhe\" data-date=\"2023-01-07T14:51:50+01:00\">\n\n\t<div class=\"post-thumbnail-wrap\">\n\t\t<div class=\"post-thumbnail\">\n\n\t\t\t<a class=\"post-thumbnail-rollover layzr-bg img-css-resize-wrapper\" aria-label=\"Image article\" href=\"https:\/\/www.modave.be\/index.php\/services_communaux\/comite-doutrelouxhe\/\"><img decoding=\"async\" width=\"2560\" height=\"1707\" src=\"data:image\/svg+xml,%3Csvg%20xmlns%3D&#039;http%3A%2F%2Fwww.w3.org%2F2000%2Fsvg&#039;%20viewBox%3D&#039;0%200%202560%201707&#039;%2F%3E\" class=\"attachment-full size-full preload-me aspect lazy lazy-load\" alt=\"\" sizes=\"(max-width: 2560px) 100vw, 2560px\" style=\"--ratio: 2560 \/ 1707;\" data-src=\"https:\/\/www.modave.be\/wp-content\/uploads\/2023\/03\/Associations-et-comites-scaled.jpg\" loading=\"eager\" data-srcset=\"https:\/\/www.modave.be\/wp-content\/uploads\/2023\/03\/Associations-et-comites-scaled.jpg 2560w, https:\/\/www.modave.be\/wp-content\/uploads\/2023\/03\/Associations-et-comites-300x200.jpg 300w, https:\/\/www.modave.be\/wp-content\/uploads\/2023\/03\/Associations-et-comites-1024x683.jpg 1024w, https:\/\/www.modave.be\/wp-content\/uploads\/2023\/03\/Associations-et-comites-768x512.jpg 768w, https:\/\/www.modave.be\/wp-content\/uploads\/2023\/03\/Associations-et-comites-1536x1024.jpg 1536w, https:\/\/www.modave.be\/wp-content\/uploads\/2023\/03\/Associations-et-comites-2048x1365.jpg 2048w\" \/><span class=\"the7-hover-icon\"><i aria-hidden=\"true\" class=\"fas fa-plus\"><\/i><\/span><\/a>\n\t\t<\/div>\n\t<\/div>\n\n\n<div class=\"post-entry-content\">\n\n\t<h3 class=\"ele-entry-title\"><a href=\"https:\/\/www.modave.be\/index.php\/services_communaux\/comite-doutrelouxhe\/\" rel=\"bookmark\" title=\"Comit\u00e9 d&rsquo;Outrelouxhe\">Comit\u00e9 d&rsquo;Outrelouxhe<\/a><\/h3><div class=\"entry-meta\"><span class=\"meta-item category-link\"><a href=\"https:\/\/www.modave.be\/index.php\/category\/associations_comites\/\" rel=\"tag\">Associations et comit\u00e9s<\/a><\/span><\/div><div class=\"entry-excerpt\"><p>Contact: Fr\u00e9d\u00e9ric Van Vlodorp 0478\/66 26 30<\/p>\n<\/div><a href=\"https:\/\/www.modave.be\/index.php\/services_communaux\/comite-doutrelouxhe\/\" target=\"\" aria-label=\"En savoir plus sur Comit\u00e9 d&rsquo;Outrelouxhe\" class=\"box-button elementor-button elementor-size-xs\">En savoir plus<\/a>\n<\/div><\/article><\/div><div class=\"visible wf-cell iso-item\" data-post-id=\"11795\" data-date=\"2023-01-07T14:48:40+01:00\" data-name=\"Association de parents des \u00e9l\u00e8ves de l&#039;\u00e9cole communale de Modave\"><article class=\"post visible post-11795 services_communaux type-services_communaux status-publish has-post-thumbnail hentry category-associations_comites description-off\" data-name=\"Association de parents des \u00e9l\u00e8ves de l&rsquo;\u00e9cole communale de Modave\" data-date=\"2023-01-07T14:48:40+01:00\">\n\n\t<div class=\"post-thumbnail-wrap\">\n\t\t<div class=\"post-thumbnail\">\n\n\t\t\t<a class=\"post-thumbnail-rollover layzr-bg img-css-resize-wrapper\" aria-label=\"Image article\" href=\"https:\/\/www.modave.be\/index.php\/services_communaux\/association-de-parents-des-eleves-de-lecole-communale-de-modave\/\"><img decoding=\"async\" width=\"2560\" height=\"1707\" src=\"data:image\/svg+xml,%3Csvg%20xmlns%3D&#039;http%3A%2F%2Fwww.w3.org%2F2000%2Fsvg&#039;%20viewBox%3D&#039;0%200%202560%201707&#039;%2F%3E\" class=\"attachment-full size-full preload-me aspect lazy lazy-load\" alt=\"\" sizes=\"(max-width: 2560px) 100vw, 2560px\" style=\"--ratio: 2560 \/ 1707;\" data-src=\"https:\/\/www.modave.be\/wp-content\/uploads\/2023\/03\/Ecole2-scaled.jpg\" loading=\"eager\" data-srcset=\"https:\/\/www.modave.be\/wp-content\/uploads\/2023\/03\/Ecole2-scaled.jpg 2560w, https:\/\/www.modave.be\/wp-content\/uploads\/2023\/03\/Ecole2-300x200.jpg 300w, https:\/\/www.modave.be\/wp-content\/uploads\/2023\/03\/Ecole2-1024x683.jpg 1024w, https:\/\/www.modave.be\/wp-content\/uploads\/2023\/03\/Ecole2-768x512.jpg 768w, https:\/\/www.modave.be\/wp-content\/uploads\/2023\/03\/Ecole2-1536x1024.jpg 1536w, https:\/\/www.modave.be\/wp-content\/uploads\/2023\/03\/Ecole2-2048x1365.jpg 2048w\" \/><span class=\"the7-hover-icon\"><i aria-hidden=\"true\" class=\"fas fa-plus\"><\/i><\/span><\/a>\n\t\t<\/div>\n\t<\/div>\n\n\n<div class=\"post-entry-content\">\n\n\t<h3 class=\"ele-entry-title\"><a href=\"https:\/\/www.modave.be\/index.php\/services_communaux\/association-de-parents-des-eleves-de-lecole-communale-de-modave\/\" rel=\"bookmark\" title=\"Association de parents des \u00e9l\u00e8ves de l&rsquo;\u00e9cole communale de Modave\">Association de parents des \u00e9l\u00e8ves de l&rsquo;\u00e9cole communale de Modave<\/a><\/h3><div class=\"entry-meta\"><span class=\"meta-item category-link\"><a href=\"https:\/\/www.modave.be\/index.php\/category\/associations_comites\/\" rel=\"tag\">Associations et comit\u00e9s<\/a><\/span><\/div><div class=\"entry-excerpt\"><p>Ecole CommunalePlace Georges Hubin, 14577 MODAVE L&rsquo;association de parents (l&rsquo;A.P.) des \u00e9l\u00e8ves de l&rsquo;\u00e9cole communale de Modave rel\u00e8ve un DEFI : aider sp\u00e9cifiquement les enfants en difficult\u00e9 scolaire. Depuis un certain temps, les responsables de l&rsquo;A.P. s&rsquo;interrogeaient sur les racines de l&rsquo;\u00e9chec scolaire. Un groupe de r\u00e9flexion compos\u00e9 de membres de l&rsquo;A.P. et d&rsquo;enseignants retra\u00eet\u00e9s&hellip;<\/p>\n<\/div><a href=\"https:\/\/www.modave.be\/index.php\/services_communaux\/association-de-parents-des-eleves-de-lecole-communale-de-modave\/\" target=\"\" aria-label=\"En savoir plus sur Association de parents des \u00e9l\u00e8ves de l&rsquo;\u00e9cole communale de Modave\" class=\"box-button elementor-button elementor-size-xs\">En savoir plus<\/a>\n<\/div><\/article><\/div><div class=\"visible wf-cell iso-item\" data-post-id=\"11793\" data-date=\"2023-01-07T14:39:00+01:00\" data-name=\"Amicale Neutre des Seniors Str\u00e9e-Modave\"><article class=\"post visible post-11793 services_communaux type-services_communaux status-publish has-post-thumbnail hentry category-associations_comites description-off\" data-name=\"Amicale Neutre des Seniors Str\u00e9e-Modave\" data-date=\"2023-01-07T14:39:00+01:00\">\n\n\t<div class=\"post-thumbnail-wrap\">\n\t\t<div class=\"post-thumbnail\">\n\n\t\t\t<a class=\"post-thumbnail-rollover layzr-bg img-css-resize-wrapper\" aria-label=\"Image article\" href=\"https:\/\/www.modave.be\/index.php\/services_communaux\/amicale-neutre-des-seniors-stree-modave\/\"><img decoding=\"async\" width=\"2560\" height=\"1707\" src=\"data:image\/svg+xml,%3Csvg%20xmlns%3D&#039;http%3A%2F%2Fwww.w3.org%2F2000%2Fsvg&#039;%20viewBox%3D&#039;0%200%202560%201707&#039;%2F%3E\" class=\"attachment-full size-full preload-me aspect lazy lazy-load\" alt=\"\" sizes=\"(max-width: 2560px) 100vw, 2560px\" style=\"--ratio: 2560 \/ 1707;\" data-src=\"https:\/\/www.modave.be\/wp-content\/uploads\/2023\/03\/3x20_prime-scaled.jpg\" loading=\"eager\" data-srcset=\"https:\/\/www.modave.be\/wp-content\/uploads\/2023\/03\/3x20_prime-scaled.jpg 2560w, https:\/\/www.modave.be\/wp-content\/uploads\/2023\/03\/3x20_prime-300x200.jpg 300w, https:\/\/www.modave.be\/wp-content\/uploads\/2023\/03\/3x20_prime-1024x683.jpg 1024w, https:\/\/www.modave.be\/wp-content\/uploads\/2023\/03\/3x20_prime-768x512.jpg 768w, https:\/\/www.modave.be\/wp-content\/uploads\/2023\/03\/3x20_prime-1536x1024.jpg 1536w, https:\/\/www.modave.be\/wp-content\/uploads\/2023\/03\/3x20_prime-2048x1365.jpg 2048w\" \/><span class=\"the7-hover-icon\"><i aria-hidden=\"true\" class=\"fas fa-plus\"><\/i><\/span><\/a>\n\t\t<\/div>\n\t<\/div>\n\n\n<div class=\"post-entry-content\">\n\n\t<h3 class=\"ele-entry-title\"><a href=\"https:\/\/www.modave.be\/index.php\/services_communaux\/amicale-neutre-des-seniors-stree-modave\/\" rel=\"bookmark\" title=\"Amicale Neutre des Seniors Str\u00e9e-Modave\">Amicale Neutre des Seniors Str\u00e9e-Modave<\/a><\/h3><div class=\"entry-meta\"><span class=\"meta-item category-link\"><a href=\"https:\/\/www.modave.be\/index.php\/category\/associations_comites\/\" rel=\"tag\">Associations et comit\u00e9s<\/a><\/span><\/div><div class=\"entry-excerpt\"><p>Salle Bois RosineGo\u00fbters et d\u00eeners &#8211; pr\u00eat de mat\u00e9riel (vaiselle) Animateur responsable: Roger DONY\u00a0 085\/51 21 39Tr\u00e9sorier\u00a0\u00a0\u00a0\u00a0\u00a0\u00a0\u00a0\u00a0\u00a0\u00a0\u00a0\u00a0\u00a0\u00a0\u00a0\u00a0\u00a0\u00a0\u00a0\u00a0\u00a0 \u00a0: Jean HANOUL\u00a0 0485\/99 34 65Secr\u00e9taire\u00a0\u00a0\u00a0\u00a0\u00a0\u00a0\u00a0\u00a0\u00a0\u00a0\u00a0\u00a0\u00a0\u00a0\u00a0\u00a0\u00a0\u00a0\u00a0\u00a0 : Jo\u00eblle LACROIX\u00a0 0495\/31 47 02 e-mail:&nbsp;anp.stree@gmail.com Notre amicale accueille des&nbsp;seniors de toute l&rsquo;entit\u00e9 de Modave ainsi que ceux des communes voisines, qui ont des attaches&nbsp;avec nous. Le comit\u00e9 a le souci&hellip;<\/p>\n<\/div><a href=\"https:\/\/www.modave.be\/index.php\/services_communaux\/amicale-neutre-des-seniors-stree-modave\/\" target=\"\" aria-label=\"En savoir plus sur Amicale Neutre des Seniors Str\u00e9e-Modave\" class=\"box-button elementor-button elementor-size-xs\">En savoir plus<\/a>\n<\/div><\/article><\/div><\/div><!-- iso-container|iso-grid --><\/div>\t\t\t\t<\/div>\n\t\t\t\t<\/div>\n\t\t\t\t\t<\/div>\n\t\t<\/div>\n\t\t\t\t\t<\/div>\n\t\t<\/section>\n\t\t\t\t<\/div>\n\t\t","protected":false},"excerpt":{"rendered":"<p>1- formulaire de d\u00e9claration d&rsquo;activit\u00e9 \u00e0 la commune A compl\u00e9ter et \u00e0 renvoyer \u00e0 l&rsquo;administration communale : Formulaire R\u00e8glement subside comit\u00e9s et mouvements de jeunesse 2025 + demande de subside Demande de reconnaissance T\u00e9l\u00e9charger le formulaire 2- Assurance Volontariat via la province Assurance volontariat: la Province de Li\u00e8ge soutient les organisations et les travailleurs volontaires!Introduction&hellip;<\/p>\n","protected":false},"author":1,"featured_media":11764,"parent":0,"menu_order":0,"comment_status":"closed","ping_status":"closed","template":"","meta":{"footnotes":""},"class_list":["post-11763","page","type-page","status-publish","has-post-thumbnail","hentry","description-off"],"yoast_head":"<!-- This site is optimized with the Yoast SEO plugin v27.5 - https:\/\/yoast.com\/product\/yoast-seo-wordpress\/ -->\n<title>Associations et comit\u00e9s - Commune de Modave<\/title>\n<meta name=\"robots\" content=\"index, follow, max-snippet:-1, max-image-preview:large, max-video-preview:-1\" \/>\n<link rel=\"canonical\" href=\"https:\/\/www.modave.be\/index.php\/associations-et-comites\/\" \/>\n<meta property=\"og:locale\" content=\"fr_FR\" \/>\n<meta property=\"og:type\" content=\"article\" \/>\n<meta property=\"og:title\" content=\"Associations et comit\u00e9s - Commune de Modave\" \/>\n<meta property=\"og:description\" content=\"1- formulaire de d\u00e9claration d&rsquo;activit\u00e9 \u00e0 la commune A compl\u00e9ter et \u00e0 renvoyer \u00e0 l&rsquo;administration communale : Formulaire R\u00e8glement subside comit\u00e9s et mouvements de jeunesse 2025 + demande de subside Demande de reconnaissance T\u00e9l\u00e9charger le formulaire 2- Assurance Volontariat via la province Assurance volontariat: la Province de Li\u00e8ge soutient les organisations et les travailleurs volontaires!Introduction&hellip;\" \/>\n<meta property=\"og:url\" content=\"https:\/\/www.modave.be\/index.php\/associations-et-comites\/\" \/>\n<meta property=\"og:site_name\" content=\"Commune de Modave\" \/>\n<meta property=\"article:modified_time\" content=\"2026-01-14T11:19:41+00:00\" \/>\n<meta property=\"og:image\" content=\"https:\/\/www.modave.be\/wp-content\/uploads\/2023\/03\/Associations-et-comites-scaled.jpg\" \/>\n\t<meta property=\"og:image:width\" content=\"2560\" \/>\n\t<meta property=\"og:image:height\" content=\"1707\" \/>\n\t<meta property=\"og:image:type\" content=\"image\/jpeg\" \/>\n<meta name=\"twitter:card\" content=\"summary_large_image\" \/>\n<meta name=\"twitter:label1\" content=\"Dur\u00e9e de lecture estim\u00e9e\" \/>\n\t<meta name=\"twitter:data1\" content=\"5 minutes\" \/>\n<script type=\"application\/ld+json\" class=\"yoast-schema-graph\">{\"@context\":\"https:\\\/\\\/schema.org\",\"@graph\":[{\"@type\":\"WebPage\",\"@id\":\"https:\\\/\\\/www.modave.be\\\/index.php\\\/associations-et-comites\\\/\",\"url\":\"https:\\\/\\\/www.modave.be\\\/index.php\\\/associations-et-comites\\\/\",\"name\":\"Associations et comit\u00e9s - Commune de Modave\",\"isPartOf\":{\"@id\":\"https:\\\/\\\/www.modave.be\\\/#website\"},\"primaryImageOfPage\":{\"@id\":\"https:\\\/\\\/www.modave.be\\\/index.php\\\/associations-et-comites\\\/#primaryimage\"},\"image\":{\"@id\":\"https:\\\/\\\/www.modave.be\\\/index.php\\\/associations-et-comites\\\/#primaryimage\"},\"thumbnailUrl\":\"https:\\\/\\\/www.modave.be\\\/wp-content\\\/uploads\\\/2023\\\/03\\\/Associations-et-comites-scaled.jpg\",\"datePublished\":\"2023-03-07T10:32:08+00:00\",\"dateModified\":\"2026-01-14T11:19:41+00:00\",\"breadcrumb\":{\"@id\":\"https:\\\/\\\/www.modave.be\\\/index.php\\\/associations-et-comites\\\/#breadcrumb\"},\"inLanguage\":\"fr-FR\",\"potentialAction\":[{\"@type\":\"ReadAction\",\"target\":[\"https:\\\/\\\/www.modave.be\\\/index.php\\\/associations-et-comites\\\/\"]}]},{\"@type\":\"ImageObject\",\"inLanguage\":\"fr-FR\",\"@id\":\"https:\\\/\\\/www.modave.be\\\/index.php\\\/associations-et-comites\\\/#primaryimage\",\"url\":\"https:\\\/\\\/www.modave.be\\\/wp-content\\\/uploads\\\/2023\\\/03\\\/Associations-et-comites-scaled.jpg\",\"contentUrl\":\"https:\\\/\\\/www.modave.be\\\/wp-content\\\/uploads\\\/2023\\\/03\\\/Associations-et-comites-scaled.jpg\",\"width\":2560,\"height\":1707},{\"@type\":\"BreadcrumbList\",\"@id\":\"https:\\\/\\\/www.modave.be\\\/index.php\\\/associations-et-comites\\\/#breadcrumb\",\"itemListElement\":[{\"@type\":\"ListItem\",\"position\":1,\"name\":\"Accueil\",\"item\":\"https:\\\/\\\/www.modave.be\\\/\"},{\"@type\":\"ListItem\",\"position\":2,\"name\":\"Associations et comit\u00e9s\"}]},{\"@type\":\"WebSite\",\"@id\":\"https:\\\/\\\/www.modave.be\\\/#website\",\"url\":\"https:\\\/\\\/www.modave.be\\\/\",\"name\":\"Commune de Modave\",\"description\":\"Commune de Modave\",\"publisher\":{\"@id\":\"https:\\\/\\\/www.modave.be\\\/#organization\"},\"potentialAction\":[{\"@type\":\"SearchAction\",\"target\":{\"@type\":\"EntryPoint\",\"urlTemplate\":\"https:\\\/\\\/www.modave.be\\\/?s={search_term_string}\"},\"query-input\":{\"@type\":\"PropertyValueSpecification\",\"valueRequired\":true,\"valueName\":\"search_term_string\"}}],\"inLanguage\":\"fr-FR\"},{\"@type\":\"Organization\",\"@id\":\"https:\\\/\\\/www.modave.be\\\/#organization\",\"name\":\"Commune de Modave\",\"url\":\"https:\\\/\\\/www.modave.be\\\/\",\"logo\":{\"@type\":\"ImageObject\",\"inLanguage\":\"fr-FR\",\"@id\":\"https:\\\/\\\/www.modave.be\\\/#\\\/schema\\\/logo\\\/image\\\/\",\"url\":\"https:\\\/\\\/www.modave.be\\\/wp-content\\\/uploads\\\/2021\\\/12\\\/MODAVE_LOGO_HORIZONTAL_QUADRI_RVB.png\",\"contentUrl\":\"https:\\\/\\\/www.modave.be\\\/wp-content\\\/uploads\\\/2021\\\/12\\\/MODAVE_LOGO_HORIZONTAL_QUADRI_RVB.png\",\"width\":1200,\"height\":501,\"caption\":\"Commune de Modave\"},\"image\":{\"@id\":\"https:\\\/\\\/www.modave.be\\\/#\\\/schema\\\/logo\\\/image\\\/\"}}]}<\/script>\n<!-- \/ Yoast SEO plugin. -->","yoast_head_json":{"title":"Associations et comit\u00e9s - Commune de Modave","robots":{"index":"index","follow":"follow","max-snippet":"max-snippet:-1","max-image-preview":"max-image-preview:large","max-video-preview":"max-video-preview:-1"},"canonical":"https:\/\/www.modave.be\/index.php\/associations-et-comites\/","og_locale":"fr_FR","og_type":"article","og_title":"Associations et comit\u00e9s - Commune de Modave","og_description":"1- formulaire de d\u00e9claration d&rsquo;activit\u00e9 \u00e0 la commune A compl\u00e9ter et \u00e0 renvoyer \u00e0 l&rsquo;administration communale : Formulaire R\u00e8glement subside comit\u00e9s et mouvements de jeunesse 2025 + demande de subside Demande de reconnaissance T\u00e9l\u00e9charger le formulaire 2- Assurance Volontariat via la province Assurance volontariat: la Province de Li\u00e8ge soutient les organisations et les travailleurs volontaires!Introduction&hellip;","og_url":"https:\/\/www.modave.be\/index.php\/associations-et-comites\/","og_site_name":"Commune de Modave","article_modified_time":"2026-01-14T11:19:41+00:00","og_image":[{"width":2560,"height":1707,"url":"https:\/\/www.modave.be\/wp-content\/uploads\/2023\/03\/Associations-et-comites-scaled.jpg","type":"image\/jpeg"}],"twitter_card":"summary_large_image","twitter_misc":{"Dur\u00e9e de lecture estim\u00e9e":"5 minutes"},"schema":{"@context":"https:\/\/schema.org","@graph":[{"@type":"WebPage","@id":"https:\/\/www.modave.be\/index.php\/associations-et-comites\/","url":"https:\/\/www.modave.be\/index.php\/associations-et-comites\/","name":"Associations et comit\u00e9s - Commune de Modave","isPartOf":{"@id":"https:\/\/www.modave.be\/#website"},"primaryImageOfPage":{"@id":"https:\/\/www.modave.be\/index.php\/associations-et-comites\/#primaryimage"},"image":{"@id":"https:\/\/www.modave.be\/index.php\/associations-et-comites\/#primaryimage"},"thumbnailUrl":"https:\/\/www.modave.be\/wp-content\/uploads\/2023\/03\/Associations-et-comites-scaled.jpg","datePublished":"2023-03-07T10:32:08+00:00","dateModified":"2026-01-14T11:19:41+00:00","breadcrumb":{"@id":"https:\/\/www.modave.be\/index.php\/associations-et-comites\/#breadcrumb"},"inLanguage":"fr-FR","potentialAction":[{"@type":"ReadAction","target":["https:\/\/www.modave.be\/index.php\/associations-et-comites\/"]}]},{"@type":"ImageObject","inLanguage":"fr-FR","@id":"https:\/\/www.modave.be\/index.php\/associations-et-comites\/#primaryimage","url":"https:\/\/www.modave.be\/wp-content\/uploads\/2023\/03\/Associations-et-comites-scaled.jpg","contentUrl":"https:\/\/www.modave.be\/wp-content\/uploads\/2023\/03\/Associations-et-comites-scaled.jpg","width":2560,"height":1707},{"@type":"BreadcrumbList","@id":"https:\/\/www.modave.be\/index.php\/associations-et-comites\/#breadcrumb","itemListElement":[{"@type":"ListItem","position":1,"name":"Accueil","item":"https:\/\/www.modave.be\/"},{"@type":"ListItem","position":2,"name":"Associations et comit\u00e9s"}]},{"@type":"WebSite","@id":"https:\/\/www.modave.be\/#website","url":"https:\/\/www.modave.be\/","name":"Commune de Modave","description":"Commune de Modave","publisher":{"@id":"https:\/\/www.modave.be\/#organization"},"potentialAction":[{"@type":"SearchAction","target":{"@type":"EntryPoint","urlTemplate":"https:\/\/www.modave.be\/?s={search_term_string}"},"query-input":{"@type":"PropertyValueSpecification","valueRequired":true,"valueName":"search_term_string"}}],"inLanguage":"fr-FR"},{"@type":"Organization","@id":"https:\/\/www.modave.be\/#organization","name":"Commune de Modave","url":"https:\/\/www.modave.be\/","logo":{"@type":"ImageObject","inLanguage":"fr-FR","@id":"https:\/\/www.modave.be\/#\/schema\/logo\/image\/","url":"https:\/\/www.modave.be\/wp-content\/uploads\/2021\/12\/MODAVE_LOGO_HORIZONTAL_QUADRI_RVB.png","contentUrl":"https:\/\/www.modave.be\/wp-content\/uploads\/2021\/12\/MODAVE_LOGO_HORIZONTAL_QUADRI_RVB.png","width":1200,"height":501,"caption":"Commune de Modave"},"image":{"@id":"https:\/\/www.modave.be\/#\/schema\/logo\/image\/"}}]}},"_links":{"self":[{"href":"https:\/\/www.modave.be\/index.php\/wp-json\/wp\/v2\/pages\/11763","targetHints":{"allow":["GET"]}}],"collection":[{"href":"https:\/\/www.modave.be\/index.php\/wp-json\/wp\/v2\/pages"}],"about":[{"href":"https:\/\/www.modave.be\/index.php\/wp-json\/wp\/v2\/types\/page"}],"author":[{"embeddable":true,"href":"https:\/\/www.modave.be\/index.php\/wp-json\/wp\/v2\/users\/1"}],"replies":[{"embeddable":true,"href":"https:\/\/www.modave.be\/index.php\/wp-json\/wp\/v2\/comments?post=11763"}],"version-history":[{"count":0,"href":"https:\/\/www.modave.be\/index.php\/wp-json\/wp\/v2\/pages\/11763\/revisions"}],"wp:featuredmedia":[{"embeddable":true,"href":"https:\/\/www.modave.be\/index.php\/wp-json\/wp\/v2\/media\/11764"}],"wp:attachment":[{"href":"https:\/\/www.modave.be\/index.php\/wp-json\/wp\/v2\/media?parent=11763"}],"curies":[{"name":"wp","href":"https:\/\/api.w.org\/{rel}","templated":true}]}}