{"id":11952,"date":"2023-03-08T10:55:25","date_gmt":"2023-03-08T09:55:25","guid":{"rendered":"http:\/\/217.182.142.226\/?page_id=11952"},"modified":"2024-01-25T11:09:31","modified_gmt":"2024-01-25T10:09:31","slug":"intradel-recyparc-ressourcerie","status":"publish","type":"page","link":"https:\/\/www.modave.be\/index.php\/intradel-recyparc-ressourcerie\/","title":{"rendered":"Intradel &#8211; Recyparc &#8211; Ressourcerie"},"content":{"rendered":"\t\t<div data-elementor-type=\"wp-page\" data-elementor-id=\"11952\" class=\"elementor elementor-11952\" wpc-filter-elementor-widget=\"1\" data-elementor-post-type=\"page\">\n\t\t\t\t\t\t<section class=\"elementor-section elementor-top-section elementor-element elementor-element-45d24f3 elementor-section-boxed elementor-section-height-default elementor-section-height-default\" data-id=\"45d24f3\" data-element_type=\"section\" data-e-type=\"section\">\n\t\t\t\t\t\t<div class=\"elementor-container elementor-column-gap-default\">\n\t\t\t\t\t<div class=\"elementor-column elementor-col-50 elementor-top-column elementor-element elementor-element-99523f8\" data-id=\"99523f8\" data-element_type=\"column\" data-e-type=\"column\">\n\t\t\t<div class=\"elementor-widget-wrap elementor-element-populated\">\n\t\t\t\t\t\t<div class=\"elementor-element elementor-element-c385f77 elementor-widget elementor-widget-text-editor\" data-id=\"c385f77\" data-element_type=\"widget\" data-e-type=\"widget\" data-widget_type=\"text-editor.default\">\n\t\t\t\t<div class=\"elementor-widget-container\">\n\t\t\t\t\t\t\t\t\t<h2>Intradel &#8211; Recyparc &#8211; Ressourcerie<\/h2><div class=\"category-desc\"><table border=\"0\"><tbody><tr><td align=\"left\" valign=\"top\"><strong>Parc \u00e0 conteneurs :<\/strong><br \/>Clavier &#8211; Modave &#8211; Tinlot<br \/>Route du Val, 11<br \/>4560 CLAVIER<br \/>Tel : 085\/41.36.32<\/td><td align=\"left\" valign=\"top\"><strong>Heures d&rsquo;ouverture :<\/strong><br \/>Du mardi au vendredi\u00a0: de 9h \u00e0 12h30 et de 13h \u00e0 17h<br \/>Le samedi : de 8h30 \u00e0 12h30 et de 13h \u00e0 17h<br \/><strong>Ferm\u00e9 le lundi<\/strong><\/td><\/tr><\/tbody><\/table><p><a href=\"http:\/\/www.intradel.be\/\">http:\/\/www.intradel.be<\/a><\/p><\/div>\t\t\t\t\t\t\t\t<\/div>\n\t\t\t\t<\/div>\n\t\t\t\t\t<\/div>\n\t\t<\/div>\n\t\t\t\t<div class=\"elementor-column elementor-col-50 elementor-top-column elementor-element elementor-element-58b0d75\" data-id=\"58b0d75\" data-element_type=\"column\" data-e-type=\"column\">\n\t\t\t<div class=\"elementor-widget-wrap elementor-element-populated\">\n\t\t\t\t\t\t<div class=\"elementor-element elementor-element-c7afd53 elementor-widget elementor-widget-google_maps\" data-id=\"c7afd53\" data-element_type=\"widget\" data-e-type=\"widget\" data-widget_type=\"google_maps.default\">\n\t\t\t\t<div class=\"elementor-widget-container\">\n\t\t\t\t\t\t\t<div class=\"elementor-custom-embed\">\n\t\t\t<iframe loading=\"lazy\"\n\t\t\t\t\tsrc=\"https:\/\/www.google.com\/maps\/embed\/v1\/place?key=AIzaSyB3enJbwMxdm2Xn6vOKNdHdPsadDdIi0gg&#038;q=Route%20du%20Val%2C%2011%204560%20Clavier&#038;zoom=15\"\n\t\t\t\t\ttitle=\"Route du Val, 11 4560 Clavier\"\n\t\t\t\t\taria-label=\"Route du Val, 11 4560 Clavier\"\n\t\t\t><\/iframe>\n\t\t<\/div>\n\t\t\t\t\t\t<\/div>\n\t\t\t\t<\/div>\n\t\t\t\t\t<\/div>\n\t\t<\/div>\n\t\t\t\t\t<\/div>\n\t\t<\/section>\n\t\t\t\t<section class=\"elementor-section elementor-top-section elementor-element elementor-element-a539fc1 elementor-section-boxed elementor-section-height-default elementor-section-height-default\" data-id=\"a539fc1\" data-element_type=\"section\" data-e-type=\"section\">\n\t\t\t\t\t\t<div class=\"elementor-container elementor-column-gap-default\">\n\t\t\t\t\t<div class=\"elementor-column elementor-col-100 elementor-top-column elementor-element elementor-element-7469b36\" data-id=\"7469b36\" data-element_type=\"column\" data-e-type=\"column\">\n\t\t\t<div class=\"elementor-widget-wrap elementor-element-populated\">\n\t\t\t\t\t\t<div class=\"elementor-element elementor-element-e73965f icon-box-vertical-align-top img-align-left image-vertical-align-start slide-h-position-left elementor-widget elementor-widget-the7-elements-simple-posts\" data-id=\"e73965f\" data-element_type=\"widget\" data-e-type=\"widget\" data-widget_type=\"the7-elements-simple-posts.default\">\n\t\t\t\t<div class=\"elementor-widget-container\">\n\t\t\t\t\t<div class=\"the7-simple-widget-posts the7-elementor-widget the7-elements-simple-posts-e73965f jquery-filter jquery-filter\" data-post-limit=\"-1\" data-pagination-mode=\"none\" data-scroll-offset=\"\" aria-live=\"assertive\">\t\t\t<div class=\"dt-css-grid custom-pagination-handler\" data-columns=\"{&quot;d&quot;:1,&quot;t&quot;:1,&quot;p&quot;:1,&quot;wd&quot;:&quot;&quot;}\">\n\t\t\t\t\t\t\t\t\t<div class=\"wf-cell visible \">\n\t\t\t\t\t\t<article class=\"post visible wrapper post-17985 services_communaux type-services_communaux status-publish has-post-thumbnail hentry category-intradel description-off\">\n\n\t\t\t\t\t\t\t<div class=\"post-content-wrapper\">\n\t\t\t\t\t\t\t\t\t\t\t\t\t\t\t\t\t<div class=\"the7-simple-post-thumb\">\n\t\t\t\t\t\t\t\t\t\t<a class=\"post-thumbnail-rollover layzr-bg img-css-resize-wrapper\" aria-label=\"Image article\" href=\"https:\/\/www.modave.be\/index.php\/services_communaux\/collecte-de-rattrapage-aujourdhui\/\"><img fetchpriority=\"high\" decoding=\"async\" width=\"1080\" height=\"540\" src=\"data:image\/svg+xml,%3Csvg%20xmlns%3D&#039;http%3A%2F%2Fwww.w3.org%2F2000%2Fsvg&#039;%20viewBox%3D&#039;0%200%201080%20540&#039;%2F%3E\" class=\"attachment-full size-full preload-me aspect lazy lazy-load\" alt=\"\" sizes=\"(max-width: 1080px) 100vw, 1080px\" style=\"--ratio: 1080 \/ 540;\" data-src=\"https:\/\/www.modave.be\/wp-content\/uploads\/2026\/01\/Collecte-e1767781746736.jpg\" loading=\"eager\" data-srcset=\"https:\/\/www.modave.be\/wp-content\/uploads\/2026\/01\/Collecte-e1767781746736.jpg 1080w, https:\/\/www.modave.be\/wp-content\/uploads\/2026\/01\/Collecte-e1767781746736-300x150.jpg 300w, https:\/\/www.modave.be\/wp-content\/uploads\/2026\/01\/Collecte-e1767781746736-1024x512.jpg 1024w, https:\/\/www.modave.be\/wp-content\/uploads\/2026\/01\/Collecte-e1767781746736-768x384.jpg 768w\" \/><span class=\"the7-hover-icon\"><\/span><\/a>\t\t\t\t\t\t\t\t\t<\/div>\n\t\t\t\t\t\t\t\t\t\t\t\t\t\t\t\t<div class=\"post-entry-content\">\n\t\t\t\t\t\t\t\t\t<h5 class=\"heading\"><a href=\"https:\/\/www.modave.be\/index.php\/services_communaux\/collecte-de-rattrapage-aujourdhui\/\" rel=\"bookmark\" title=\"Collecte de rattrapage aujourd\u2019hui\" class=\"post-title\">Collecte de rattrapage aujourd\u2019hui<\/a><\/h5><div class=\"entry-meta\"><span class=\"meta-item data-link\"><time class=\"entry-date updated\" datetime=\"2026-01-21T12:21:34+01:00\">21 janvier 2026<\/time><\/span><\/div><p class=\"short-description\">Collecte de rattrapage aujourd\u2019hui Une collecte de rattrapage est organis\u00e9e aujourd\u2019hui pour les poubelles noires et les d\u00e9chets organiques qui n\u2019ont pas pu \u00eatre collect\u00e9s ce mardi \u00e0 Vierset. Votre poubelle n\u2019a pas \u00e9t\u00e9 collect\u00e9e ?https:\/\/www.intradel.be\/trier-ses-dechets\/les-collectes-en-porte-a-porte-1\/collecte.htm?lng=frIntradel : +32 (4) 240 74 74 Merci pour votre attention.<\/p><a href=\"https:\/\/www.modave.be\/index.php\/services_communaux\/collecte-de-rattrapage-aujourdhui\/\" target=\"\" aria-label=\"En savoir plus sur Collecte de rattrapage aujourd\u2019hui\" class=\"box-button elementor-button elementor-size-xs\">En savoir plus<i aria-hidden=\"true\" class=\"elementor-button-icon dt-icon-the7-arrow-552\"><\/i><\/a>\t\t\t\t\t\t\t\t<\/div>\n\t\t\t\t\t\t\t<\/div>\n\t\t\t\t\t\t<\/article>\n\t\t\t\t\t<\/div>\t\t\t\t\t\t\t\t\t\t<div class=\"wf-cell visible \">\n\t\t\t\t\t\t<article class=\"post visible wrapper post-17930 services_communaux type-services_communaux status-publish has-post-thumbnail hentry category-intradel description-off\">\n\n\t\t\t\t\t\t\t<div class=\"post-content-wrapper\">\n\t\t\t\t\t\t\t\t\t\t\t\t\t\t\t\t\t<div class=\"the7-simple-post-thumb\">\n\t\t\t\t\t\t\t\t\t\t<a class=\"post-thumbnail-rollover layzr-bg img-css-resize-wrapper\" aria-label=\"Image article\" href=\"https:\/\/www.modave.be\/index.php\/services_communaux\/sapins-de-noel-collecte-2026\/\"><img decoding=\"async\" width=\"1080\" height=\"540\" src=\"data:image\/svg+xml,%3Csvg%20xmlns%3D&#039;http%3A%2F%2Fwww.w3.org%2F2000%2Fsvg&#039;%20viewBox%3D&#039;0%200%201080%20540&#039;%2F%3E\" class=\"attachment-full size-full preload-me aspect lazy lazy-load\" alt=\"\" sizes=\"(max-width: 1080px) 100vw, 1080px\" style=\"--ratio: 1080 \/ 540;\" data-src=\"https:\/\/www.modave.be\/wp-content\/uploads\/2026\/01\/Sapins-e1767626548436.jpg\" loading=\"eager\" data-srcset=\"https:\/\/www.modave.be\/wp-content\/uploads\/2026\/01\/Sapins-e1767626548436.jpg 1080w, https:\/\/www.modave.be\/wp-content\/uploads\/2026\/01\/Sapins-e1767626548436-300x150.jpg 300w, https:\/\/www.modave.be\/wp-content\/uploads\/2026\/01\/Sapins-e1767626548436-1024x512.jpg 1024w, https:\/\/www.modave.be\/wp-content\/uploads\/2026\/01\/Sapins-e1767626548436-768x384.jpg 768w\" \/><span class=\"the7-hover-icon\"><\/span><\/a>\t\t\t\t\t\t\t\t\t<\/div>\n\t\t\t\t\t\t\t\t\t\t\t\t\t\t\t\t<div class=\"post-entry-content\">\n\t\t\t\t\t\t\t\t\t<h5 class=\"heading\"><a href=\"https:\/\/www.modave.be\/index.php\/services_communaux\/sapins-de-noel-collecte-2026\/\" rel=\"bookmark\" title=\"Sapins de No\u00ebl | Collecte 2026\" class=\"post-title\">Sapins de No\u00ebl | Collecte 2026<\/a><\/h5><div class=\"entry-meta\"><span class=\"meta-item data-link\"><time class=\"entry-date updated\" datetime=\"2026-01-12T15:25:34+01:00\">12 janvier 2026<\/time><\/span><\/div><p class=\"short-description\">Sapins de No\u00ebl | Collecte 2026 La tourn\u00e9e de collecte des sapins est d\u00e9sormais termin\u00e9e. Malgr\u00e9 les conditions m\u00e9t\u00e9orologiques difficiles, les \u00e9quipes ont fait le maximum pour assurer le ramassage sur l\u2019ensemble du territoire communal. Si vous constatez un oubli, nous vous invitons \u00e0 vous signaler aupr\u00e8s du service Travaux au 085\/51.30.35, afin que la&hellip;<\/p><a href=\"https:\/\/www.modave.be\/index.php\/services_communaux\/sapins-de-noel-collecte-2026\/\" target=\"\" aria-label=\"En savoir plus sur Sapins de No\u00ebl | Collecte 2026\" class=\"box-button elementor-button elementor-size-xs\">En savoir plus<i aria-hidden=\"true\" class=\"elementor-button-icon dt-icon-the7-arrow-552\"><\/i><\/a>\t\t\t\t\t\t\t\t<\/div>\n\t\t\t\t\t\t\t<\/div>\n\t\t\t\t\t\t<\/article>\n\t\t\t\t\t<\/div>\t\t\t\t\t\t\t\t\t\t<div class=\"wf-cell visible \">\n\t\t\t\t\t\t<article class=\"post visible wrapper post-17918 services_communaux type-services_communaux status-publish has-post-thumbnail hentry category-intradel description-off\">\n\n\t\t\t\t\t\t\t<div class=\"post-content-wrapper\">\n\t\t\t\t\t\t\t\t\t\t\t\t\t\t\t\t\t<div class=\"the7-simple-post-thumb\">\n\t\t\t\t\t\t\t\t\t\t<a class=\"post-thumbnail-rollover layzr-bg img-css-resize-wrapper\" aria-label=\"Image article\" href=\"https:\/\/www.modave.be\/index.php\/services_communaux\/calendrier-intradel-2026-nouvelle-distribution\/\"><img decoding=\"async\" width=\"2560\" height=\"1280\" src=\"data:image\/svg+xml,%3Csvg%20xmlns%3D&#039;http%3A%2F%2Fwww.w3.org%2F2000%2Fsvg&#039;%20viewBox%3D&#039;0%200%202560%201280&#039;%2F%3E\" class=\"attachment-full size-full preload-me aspect lazy lazy-load\" alt=\"\" sizes=\"(max-width: 2560px) 100vw, 2560px\" style=\"--ratio: 2560 \/ 1280;\" data-src=\"https:\/\/www.modave.be\/wp-content\/uploads\/2026\/01\/20260106_114654-scaled-e1767703308203.jpg\" loading=\"eager\" data-srcset=\"https:\/\/www.modave.be\/wp-content\/uploads\/2026\/01\/20260106_114654-scaled-e1767703308203.jpg 2560w, https:\/\/www.modave.be\/wp-content\/uploads\/2026\/01\/20260106_114654-scaled-e1767703308203-300x150.jpg 300w, https:\/\/www.modave.be\/wp-content\/uploads\/2026\/01\/20260106_114654-scaled-e1767703308203-1024x512.jpg 1024w, https:\/\/www.modave.be\/wp-content\/uploads\/2026\/01\/20260106_114654-scaled-e1767703308203-768x384.jpg 768w, https:\/\/www.modave.be\/wp-content\/uploads\/2026\/01\/20260106_114654-scaled-e1767703308203-1536x768.jpg 1536w, https:\/\/www.modave.be\/wp-content\/uploads\/2026\/01\/20260106_114654-scaled-e1767703308203-2048x1024.jpg 2048w\" \/><span class=\"the7-hover-icon\"><\/span><\/a>\t\t\t\t\t\t\t\t\t<\/div>\n\t\t\t\t\t\t\t\t\t\t\t\t\t\t\t\t<div class=\"post-entry-content\">\n\t\t\t\t\t\t\t\t\t<h5 class=\"heading\"><a href=\"https:\/\/www.modave.be\/index.php\/services_communaux\/calendrier-intradel-2026-nouvelle-distribution\/\" rel=\"bookmark\" title=\"Calendrier Intradel 2026 | Nouvelle distribution\" class=\"post-title\">Calendrier Intradel 2026 | Nouvelle distribution<\/a><\/h5><div class=\"entry-meta\"><span class=\"meta-item data-link\"><time class=\"entry-date updated\" datetime=\"2026-01-12T14:54:35+01:00\">12 janvier 2026<\/time><\/span><\/div><p class=\"short-description\">Calendrier Intradel 2026 | Nouvelle distribution Suite \u00e0 vos signalements, nous avons interpell\u00e9 Intradel pour une nouvelle tourn\u00e9e de distribution. Aujourd\u2019hui, la poste repasse pour livrer les calendriers aupr\u00e8s des habitations qui avaient re\u00e7u par erreur le calendrier de Marchin, dans les secteurs suivants : Demain, une distribution compl\u00e9mentaire est \u00e9galement pr\u00e9vue : Pour rappel,&hellip;<\/p><a href=\"https:\/\/www.modave.be\/index.php\/services_communaux\/calendrier-intradel-2026-nouvelle-distribution\/\" target=\"\" aria-label=\"En savoir plus sur Calendrier Intradel 2026 | Nouvelle distribution\" class=\"box-button elementor-button elementor-size-xs\">En savoir plus<i aria-hidden=\"true\" class=\"elementor-button-icon dt-icon-the7-arrow-552\"><\/i><\/a>\t\t\t\t\t\t\t\t<\/div>\n\t\t\t\t\t\t\t<\/div>\n\t\t\t\t\t\t<\/article>\n\t\t\t\t\t<\/div>\t\t\t\t\t\t\t\t\t\t<div class=\"wf-cell visible \">\n\t\t\t\t\t\t<article class=\"post visible wrapper post-17602 services_communaux type-services_communaux status-publish has-post-thumbnail hentry category-intradel description-off\">\n\n\t\t\t\t\t\t\t<div class=\"post-content-wrapper\">\n\t\t\t\t\t\t\t\t\t\t\t\t\t\t\t\t\t<div class=\"the7-simple-post-thumb\">\n\t\t\t\t\t\t\t\t\t\t<a class=\"post-thumbnail-rollover layzr-bg img-css-resize-wrapper\" aria-label=\"Image article\" href=\"https:\/\/www.modave.be\/index.php\/services_communaux\/rappel-collecte-des-sapins-de-noel-2\/\"><img decoding=\"async\" width=\"1080\" height=\"540\" src=\"data:image\/svg+xml,%3Csvg%20xmlns%3D&#039;http%3A%2F%2Fwww.w3.org%2F2000%2Fsvg&#039;%20viewBox%3D&#039;0%200%201080%20540&#039;%2F%3E\" class=\"attachment-full size-full preload-me aspect lazy lazy-load\" alt=\"\" sizes=\"(max-width: 1080px) 100vw, 1080px\" style=\"--ratio: 1080 \/ 540;\" data-src=\"https:\/\/www.modave.be\/wp-content\/uploads\/2026\/01\/Sapins-e1767626548436.jpg\" loading=\"eager\" data-srcset=\"https:\/\/www.modave.be\/wp-content\/uploads\/2026\/01\/Sapins-e1767626548436.jpg 1080w, https:\/\/www.modave.be\/wp-content\/uploads\/2026\/01\/Sapins-e1767626548436-300x150.jpg 300w, https:\/\/www.modave.be\/wp-content\/uploads\/2026\/01\/Sapins-e1767626548436-1024x512.jpg 1024w, https:\/\/www.modave.be\/wp-content\/uploads\/2026\/01\/Sapins-e1767626548436-768x384.jpg 768w\" \/><span class=\"the7-hover-icon\"><\/span><\/a>\t\t\t\t\t\t\t\t\t<\/div>\n\t\t\t\t\t\t\t\t\t\t\t\t\t\t\t\t<div class=\"post-entry-content\">\n\t\t\t\t\t\t\t\t\t<h5 class=\"heading\"><a href=\"https:\/\/www.modave.be\/index.php\/services_communaux\/rappel-collecte-des-sapins-de-noel-2\/\" rel=\"bookmark\" title=\"Mise-\u00e0-jour | Collecte des sapins de No\u00ebl\" class=\"post-title\">Mise-\u00e0-jour | Collecte des sapins de No\u00ebl<\/a><\/h5><div class=\"entry-meta\"><span class=\"meta-item data-link\"><time class=\"entry-date updated\" datetime=\"2026-01-09T14:15:00+01:00\">9 janvier 2026<\/time><\/span><\/div><p class=\"short-description\">Malgr\u00e9 les vents violents actuellement en cours, les \u00e9quipes sont \u00e0 pied d\u2019\u0153uvre et font le maximum pour assurer la collecte. Si, en raison de la m\u00e9t\u00e9o, votre sapin n\u2019a pas pu \u00eatre collect\u00e9 avant 14h30, la tourn\u00e9e sera compl\u00e9t\u00e9e ce lundi. Par ailleurs, si votre sapin pr\u00e9sente un risque pour la circulation (chauss\u00e9e, trottoir,&hellip;<\/p><a href=\"https:\/\/www.modave.be\/index.php\/services_communaux\/rappel-collecte-des-sapins-de-noel-2\/\" target=\"\" aria-label=\"En savoir plus sur Mise-\u00e0-jour | Collecte des sapins de No\u00ebl\" class=\"box-button elementor-button elementor-size-xs\">En savoir plus<i aria-hidden=\"true\" class=\"elementor-button-icon dt-icon-the7-arrow-552\"><\/i><\/a>\t\t\t\t\t\t\t\t<\/div>\n\t\t\t\t\t\t\t<\/div>\n\t\t\t\t\t\t<\/article>\n\t\t\t\t\t<\/div>\t\t\t\t\t\t\t\t\t\t<div class=\"wf-cell visible \">\n\t\t\t\t\t\t<article class=\"post visible wrapper post-17563 services_communaux type-services_communaux status-publish has-post-thumbnail hentry category-intradel description-off\">\n\n\t\t\t\t\t\t\t<div class=\"post-content-wrapper\">\n\t\t\t\t\t\t\t\t\t\t\t\t\t\t\t\t\t<div class=\"the7-simple-post-thumb\">\n\t\t\t\t\t\t\t\t\t\t<a class=\"post-thumbnail-rollover layzr-bg img-css-resize-wrapper\" aria-label=\"Image article\" href=\"https:\/\/www.modave.be\/index.php\/services_communaux\/collecte-des-dechets-mise-a-jour-2\/\"><img fetchpriority=\"high\" decoding=\"async\" width=\"1080\" height=\"540\" src=\"data:image\/svg+xml,%3Csvg%20xmlns%3D&#039;http%3A%2F%2Fwww.w3.org%2F2000%2Fsvg&#039;%20viewBox%3D&#039;0%200%201080%20540&#039;%2F%3E\" class=\"attachment-full size-full preload-me aspect lazy lazy-load\" alt=\"\" sizes=\"(max-width: 1080px) 100vw, 1080px\" style=\"--ratio: 1080 \/ 540;\" data-src=\"https:\/\/www.modave.be\/wp-content\/uploads\/2026\/01\/Collecte-e1767781746736.jpg\" loading=\"eager\" data-srcset=\"https:\/\/www.modave.be\/wp-content\/uploads\/2026\/01\/Collecte-e1767781746736.jpg 1080w, https:\/\/www.modave.be\/wp-content\/uploads\/2026\/01\/Collecte-e1767781746736-300x150.jpg 300w, https:\/\/www.modave.be\/wp-content\/uploads\/2026\/01\/Collecte-e1767781746736-1024x512.jpg 1024w, https:\/\/www.modave.be\/wp-content\/uploads\/2026\/01\/Collecte-e1767781746736-768x384.jpg 768w\" \/><span class=\"the7-hover-icon\"><\/span><\/a>\t\t\t\t\t\t\t\t\t<\/div>\n\t\t\t\t\t\t\t\t\t\t\t\t\t\t\t\t<div class=\"post-entry-content\">\n\t\t\t\t\t\t\t\t\t<h5 class=\"heading\"><a href=\"https:\/\/www.modave.be\/index.php\/services_communaux\/collecte-des-dechets-mise-a-jour-2\/\" rel=\"bookmark\" title=\"Collecte des d\u00e9chets | Mise \u00e0 jour\" class=\"post-title\">Collecte des d\u00e9chets | Mise \u00e0 jour<\/a><\/h5><div class=\"entry-meta\"><span class=\"meta-item data-link\"><time class=\"entry-date updated\" datetime=\"2026-01-07T11:36:49+01:00\">7 janvier 2026<\/time><\/span><\/div><p class=\"short-description\">Collecte des d\u00e9chets | Mise \u00e0 jour Vos poubelles n\u2019ont pas \u00e9t\u00e9 collect\u00e9es ? De nombreux conteneurs sont malheureusement en partie gel\u00e9s, ce qui a emp\u00each\u00e9 une vidange compl\u00e8te lors du passage du camion. Par ailleurs, un probl\u00e8me technique sur l\u2019un des v\u00e9hicules de collecte a entra\u00een\u00e9 l\u2019interruption de sa tourn\u00e9e. Les zones potentiellement concern\u00e9es&hellip;<\/p><a href=\"https:\/\/www.modave.be\/index.php\/services_communaux\/collecte-des-dechets-mise-a-jour-2\/\" target=\"\" aria-label=\"En savoir plus sur Collecte des d\u00e9chets | Mise \u00e0 jour\" class=\"box-button elementor-button elementor-size-xs\">En savoir plus<i aria-hidden=\"true\" class=\"elementor-button-icon dt-icon-the7-arrow-552\"><\/i><\/a>\t\t\t\t\t\t\t\t<\/div>\n\t\t\t\t\t\t\t<\/div>\n\t\t\t\t\t\t<\/article>\n\t\t\t\t\t<\/div>\t\t\t\t\t\t\t\t\t\t<div class=\"wf-cell visible \">\n\t\t\t\t\t\t<article class=\"post visible wrapper post-17555 services_communaux type-services_communaux status-publish has-post-thumbnail hentry category-intradel description-off\">\n\n\t\t\t\t\t\t\t<div class=\"post-content-wrapper\">\n\t\t\t\t\t\t\t\t\t\t\t\t\t\t\t\t\t<div class=\"the7-simple-post-thumb\">\n\t\t\t\t\t\t\t\t\t\t<a class=\"post-thumbnail-rollover layzr-bg img-css-resize-wrapper\" aria-label=\"Image article\" href=\"https:\/\/www.modave.be\/index.php\/services_communaux\/calendrier-intradel-2026-nouvelle-distribution-prevue\/\"><img decoding=\"async\" width=\"2560\" height=\"1280\" src=\"data:image\/svg+xml,%3Csvg%20xmlns%3D&#039;http%3A%2F%2Fwww.w3.org%2F2000%2Fsvg&#039;%20viewBox%3D&#039;0%200%202560%201280&#039;%2F%3E\" class=\"attachment-full size-full preload-me aspect lazy lazy-load\" alt=\"\" sizes=\"(max-width: 2560px) 100vw, 2560px\" style=\"--ratio: 2560 \/ 1280;\" data-src=\"https:\/\/www.modave.be\/wp-content\/uploads\/2026\/01\/20260106_114654-scaled-e1767703308203.jpg\" loading=\"eager\" data-srcset=\"https:\/\/www.modave.be\/wp-content\/uploads\/2026\/01\/20260106_114654-scaled-e1767703308203.jpg 2560w, https:\/\/www.modave.be\/wp-content\/uploads\/2026\/01\/20260106_114654-scaled-e1767703308203-300x150.jpg 300w, https:\/\/www.modave.be\/wp-content\/uploads\/2026\/01\/20260106_114654-scaled-e1767703308203-1024x512.jpg 1024w, https:\/\/www.modave.be\/wp-content\/uploads\/2026\/01\/20260106_114654-scaled-e1767703308203-768x384.jpg 768w, https:\/\/www.modave.be\/wp-content\/uploads\/2026\/01\/20260106_114654-scaled-e1767703308203-1536x768.jpg 1536w, https:\/\/www.modave.be\/wp-content\/uploads\/2026\/01\/20260106_114654-scaled-e1767703308203-2048x1024.jpg 2048w\" \/><span class=\"the7-hover-icon\"><\/span><\/a>\t\t\t\t\t\t\t\t\t<\/div>\n\t\t\t\t\t\t\t\t\t\t\t\t\t\t\t\t<div class=\"post-entry-content\">\n\t\t\t\t\t\t\t\t\t<h5 class=\"heading\"><a href=\"https:\/\/www.modave.be\/index.php\/services_communaux\/calendrier-intradel-2026-nouvelle-distribution-prevue\/\" rel=\"bookmark\" title=\"Calendrier Intradel 2026 | Nouvelle distribution pr\u00e9vue\" class=\"post-title\">Calendrier Intradel 2026 | Nouvelle distribution pr\u00e9vue<\/a><\/h5><div class=\"entry-meta\"><span class=\"meta-item data-link\"><time class=\"entry-date updated\" datetime=\"2026-01-06T13:42:06+01:00\">6 janvier 2026<\/time><\/span><\/div><p class=\"short-description\">Calendrier Intradel 2026 | Nouvelle distribution pr\u00e9vue Vous n\u2019avez pas re\u00e7u le bon calendrier Intradel ? Certains calendriers ont pris un l\u00e9ger d\u00e9tour avant d\u2019arriver \u00e0 destination. Certains habitants de la Vall\u00e9e du Hoyoux et de Pont-de-Bonne n\u2019ont pas re\u00e7u le bon calendrier Intradel lors de la distribution. La Commune n\u2019est pas en charge de&hellip;<\/p><a href=\"https:\/\/www.modave.be\/index.php\/services_communaux\/calendrier-intradel-2026-nouvelle-distribution-prevue\/\" target=\"\" aria-label=\"En savoir plus sur Calendrier Intradel 2026 | Nouvelle distribution pr\u00e9vue\" class=\"box-button elementor-button elementor-size-xs\">En savoir plus<i aria-hidden=\"true\" class=\"elementor-button-icon dt-icon-the7-arrow-552\"><\/i><\/a>\t\t\t\t\t\t\t\t<\/div>\n\t\t\t\t\t\t\t<\/div>\n\t\t\t\t\t\t<\/article>\n\t\t\t\t\t<\/div>\t\t\t\t\t\t\t\t\t\t<div class=\"wf-cell visible \">\n\t\t\t\t\t\t<article class=\"post visible wrapper post-17541 services_communaux type-services_communaux status-publish has-post-thumbnail hentry category-intradel description-off\">\n\n\t\t\t\t\t\t\t<div class=\"post-content-wrapper\">\n\t\t\t\t\t\t\t\t\t\t\t\t\t\t\t\t\t<div class=\"the7-simple-post-thumb\">\n\t\t\t\t\t\t\t\t\t\t<a class=\"post-thumbnail-rollover layzr-bg img-css-resize-wrapper\" aria-label=\"Image article\" href=\"https:\/\/www.modave.be\/index.php\/services_communaux\/rappel-collecte-des-sapins-de-noel\/\"><img decoding=\"async\" width=\"1080\" height=\"540\" src=\"data:image\/svg+xml,%3Csvg%20xmlns%3D&#039;http%3A%2F%2Fwww.w3.org%2F2000%2Fsvg&#039;%20viewBox%3D&#039;0%200%201080%20540&#039;%2F%3E\" class=\"attachment-full size-full preload-me aspect lazy lazy-load\" alt=\"\" sizes=\"(max-width: 1080px) 100vw, 1080px\" style=\"--ratio: 1080 \/ 540;\" data-src=\"https:\/\/www.modave.be\/wp-content\/uploads\/2026\/01\/Sapins-e1767626548436.jpg\" loading=\"eager\" data-srcset=\"https:\/\/www.modave.be\/wp-content\/uploads\/2026\/01\/Sapins-e1767626548436.jpg 1080w, https:\/\/www.modave.be\/wp-content\/uploads\/2026\/01\/Sapins-e1767626548436-300x150.jpg 300w, https:\/\/www.modave.be\/wp-content\/uploads\/2026\/01\/Sapins-e1767626548436-1024x512.jpg 1024w, https:\/\/www.modave.be\/wp-content\/uploads\/2026\/01\/Sapins-e1767626548436-768x384.jpg 768w\" \/><span class=\"the7-hover-icon\"><\/span><\/a>\t\t\t\t\t\t\t\t\t<\/div>\n\t\t\t\t\t\t\t\t\t\t\t\t\t\t\t\t<div class=\"post-entry-content\">\n\t\t\t\t\t\t\t\t\t<h5 class=\"heading\"><a href=\"https:\/\/www.modave.be\/index.php\/services_communaux\/rappel-collecte-des-sapins-de-noel\/\" rel=\"bookmark\" title=\"Rappel | Collecte des sapins de No\u00ebl\" class=\"post-title\">Rappel | Collecte des sapins de No\u00ebl<\/a><\/h5><div class=\"entry-meta\"><span class=\"meta-item data-link\"><time class=\"entry-date updated\" datetime=\"2026-01-05T16:22:41+01:00\">5 janvier 2026<\/time><\/span><\/div><p class=\"short-description\">Vous ne savez pas quoi faire de votre sapin ? Bonne nouvelle, une collecte aura lieu les 8 et 9 janvier. Il suffit de d\u00e9poser votre sapin \u00e0 rue : le service Travaux passera ensuite pour la collecte. Aucune inscription n\u2019est n\u00e9cessaire. Merci de veiller \u00e0 ce que le sapin soit enti\u00e8rement d\u00e9barrass\u00e9 de ses&hellip;<\/p><a href=\"https:\/\/www.modave.be\/index.php\/services_communaux\/rappel-collecte-des-sapins-de-noel\/\" target=\"\" aria-label=\"En savoir plus sur Rappel | Collecte des sapins de No\u00ebl\" class=\"box-button elementor-button elementor-size-xs\">En savoir plus<i aria-hidden=\"true\" class=\"elementor-button-icon dt-icon-the7-arrow-552\"><\/i><\/a>\t\t\t\t\t\t\t\t<\/div>\n\t\t\t\t\t\t\t<\/div>\n\t\t\t\t\t\t<\/article>\n\t\t\t\t\t<\/div>\t\t\t\t\t\t\t\t\t\t<div class=\"wf-cell visible \">\n\t\t\t\t\t\t<article class=\"post visible wrapper post-17303 services_communaux type-services_communaux status-publish has-post-thumbnail hentry category-intradel description-off\">\n\n\t\t\t\t\t\t\t<div class=\"post-content-wrapper\">\n\t\t\t\t\t\t\t\t\t\t\t\t\t\t\t\t\t<div class=\"the7-simple-post-thumb\">\n\t\t\t\t\t\t\t\t\t\t<a class=\"post-thumbnail-rollover layzr-bg img-css-resize-wrapper\" aria-label=\"Image article\" href=\"https:\/\/www.modave.be\/index.php\/services_communaux\/intradel-calendrier-des-collectes-2026\/\"><img decoding=\"async\" width=\"1058\" height=\"530\" src=\"data:image\/svg+xml,%3Csvg%20xmlns%3D&#039;http%3A%2F%2Fwww.w3.org%2F2000%2Fsvg&#039;%20viewBox%3D&#039;0%200%201058%20530&#039;%2F%3E\" class=\"attachment-full size-full preload-me aspect lazy lazy-load\" alt=\"\" sizes=\"(max-width: 1058px) 100vw, 1058px\" style=\"--ratio: 1058 \/ 530;\" data-src=\"https:\/\/www.modave.be\/wp-content\/uploads\/2025\/12\/calendrier-version-definitive_Page_01-e1764842382882.jpg\" loading=\"eager\" data-srcset=\"https:\/\/www.modave.be\/wp-content\/uploads\/2025\/12\/calendrier-version-definitive_Page_01-e1764842382882.jpg 1058w, https:\/\/www.modave.be\/wp-content\/uploads\/2025\/12\/calendrier-version-definitive_Page_01-e1764842382882-300x150.jpg 300w, https:\/\/www.modave.be\/wp-content\/uploads\/2025\/12\/calendrier-version-definitive_Page_01-e1764842382882-1024x513.jpg 1024w, https:\/\/www.modave.be\/wp-content\/uploads\/2025\/12\/calendrier-version-definitive_Page_01-e1764842382882-768x385.jpg 768w\" \/><span class=\"the7-hover-icon\"><\/span><\/a>\t\t\t\t\t\t\t\t\t<\/div>\n\t\t\t\t\t\t\t\t\t\t\t\t\t\t\t\t<div class=\"post-entry-content\">\n\t\t\t\t\t\t\t\t\t<h5 class=\"heading\"><a href=\"https:\/\/www.modave.be\/index.php\/services_communaux\/intradel-calendrier-des-collectes-2026\/\" rel=\"bookmark\" title=\"Intradel | Calendrier des collectes 2026\" class=\"post-title\">Intradel | Calendrier des collectes 2026<\/a><\/h5><div class=\"entry-meta\"><span class=\"meta-item data-link\"><time class=\"entry-date updated\" datetime=\"2025-12-09T13:35:44+01:00\">9 d\u00e9cembre 2025<\/time><\/span><\/div><p class=\"short-description\">Intradel | Calendrier des collectes 2026 Le calendrier Intradel pour l\u2019ann\u00e9e 2026 est d\u00e9sormais disponible. Il reprend, mois par mois, toutes les dates de collecte des d\u00e9chets m\u00e9nagers : ordures r\u00e9siduelles, PMC, papiers-cartons, verre, encombrants et d\u00e9chets verts. On y retrouve \u00e9galement les consignes de tri et plusieurs rappels pratiques. La version papier sera distribu\u00e9e&hellip;<\/p><a href=\"https:\/\/www.modave.be\/index.php\/services_communaux\/intradel-calendrier-des-collectes-2026\/\" target=\"\" aria-label=\"En savoir plus sur Intradel | Calendrier des collectes 2026\" class=\"box-button elementor-button elementor-size-xs\">En savoir plus<i aria-hidden=\"true\" class=\"elementor-button-icon dt-icon-the7-arrow-552\"><\/i><\/a>\t\t\t\t\t\t\t\t<\/div>\n\t\t\t\t\t\t\t<\/div>\n\t\t\t\t\t\t<\/article>\n\t\t\t\t\t<\/div>\t\t\t\t\t\t\t\t\t\t<div class=\"wf-cell visible \">\n\t\t\t\t\t\t<article class=\"post visible wrapper post-17289 services_communaux type-services_communaux status-publish has-post-thumbnail hentry category-intradel description-off\">\n\n\t\t\t\t\t\t\t<div class=\"post-content-wrapper\">\n\t\t\t\t\t\t\t\t\t\t\t\t\t\t\t\t\t<div class=\"the7-simple-post-thumb\">\n\t\t\t\t\t\t\t\t\t\t<a class=\"post-thumbnail-rollover layzr-bg img-css-resize-wrapper\" aria-label=\"Image article\" href=\"https:\/\/www.modave.be\/index.php\/services_communaux\/invitation-conseil-dadministration-public-dintradel\/\"><img decoding=\"async\" width=\"1492\" height=\"746\" src=\"data:image\/svg+xml,%3Csvg%20xmlns%3D&#039;http%3A%2F%2Fwww.w3.org%2F2000%2Fsvg&#039;%20viewBox%3D&#039;0%200%201492%20746&#039;%2F%3E\" class=\"attachment-full size-full preload-me aspect lazy lazy-load\" alt=\"\" sizes=\"(max-width: 1492px) 100vw, 1492px\" style=\"--ratio: 1492 \/ 746;\" data-src=\"https:\/\/www.modave.be\/wp-content\/uploads\/2025\/02\/info-formulaire-collectes-site-internet-FB-01-1-e1740388405345.jpg\" loading=\"eager\" data-srcset=\"https:\/\/www.modave.be\/wp-content\/uploads\/2025\/02\/info-formulaire-collectes-site-internet-FB-01-1-e1740388405345.jpg 1492w, https:\/\/www.modave.be\/wp-content\/uploads\/2025\/02\/info-formulaire-collectes-site-internet-FB-01-1-e1740388405345-300x150.jpg 300w, https:\/\/www.modave.be\/wp-content\/uploads\/2025\/02\/info-formulaire-collectes-site-internet-FB-01-1-e1740388405345-1024x512.jpg 1024w, https:\/\/www.modave.be\/wp-content\/uploads\/2025\/02\/info-formulaire-collectes-site-internet-FB-01-1-e1740388405345-768x384.jpg 768w\" \/><span class=\"the7-hover-icon\"><\/span><\/a>\t\t\t\t\t\t\t\t\t<\/div>\n\t\t\t\t\t\t\t\t\t\t\t\t\t\t\t\t<div class=\"post-entry-content\">\n\t\t\t\t\t\t\t\t\t<h5 class=\"heading\"><a href=\"https:\/\/www.modave.be\/index.php\/services_communaux\/invitation-conseil-dadministration-public-dintradel\/\" rel=\"bookmark\" title=\"Invitation | Conseil d\u2019administration public d\u2019Intradel\" class=\"post-title\">Invitation | Conseil d\u2019administration public d\u2019Intradel<\/a><\/h5><div class=\"entry-meta\"><span class=\"meta-item data-link\"><time class=\"entry-date updated\" datetime=\"2025-12-03T09:40:46+01:00\">3 d\u00e9cembre 2025<\/time><\/span><\/div><p class=\"short-description\">Intradel organise sa s\u00e9ance publique annuelle de Conseil d\u2019administration le jeudi 18 d\u00e9cembre 2025, de 8h30 \u00e0 10h, au si\u00e8ge de l\u2019intercommunale (Pr\u00e9 Wigy 20, 4040 Herstal) Participation gratuite, mais inscription souhait\u00e9e :<\/p><a href=\"https:\/\/www.modave.be\/index.php\/services_communaux\/invitation-conseil-dadministration-public-dintradel\/\" target=\"\" aria-label=\"En savoir plus sur Invitation | Conseil d\u2019administration public d\u2019Intradel\" class=\"box-button elementor-button elementor-size-xs\">En savoir plus<i aria-hidden=\"true\" class=\"elementor-button-icon dt-icon-the7-arrow-552\"><\/i><\/a>\t\t\t\t\t\t\t\t<\/div>\n\t\t\t\t\t\t\t<\/div>\n\t\t\t\t\t\t<\/article>\n\t\t\t\t\t<\/div>\t\t\t\t\t\t\t\t\t\t<div class=\"wf-cell visible \">\n\t\t\t\t\t\t<article class=\"post visible wrapper post-16137 services_communaux type-services_communaux status-publish has-post-thumbnail hentry category-intradel description-off\">\n\n\t\t\t\t\t\t\t<div class=\"post-content-wrapper\">\n\t\t\t\t\t\t\t\t\t\t\t\t\t\t\t\t\t<div class=\"the7-simple-post-thumb\">\n\t\t\t\t\t\t\t\t\t\t<a class=\"post-thumbnail-rollover layzr-bg img-css-resize-wrapper\" aria-label=\"Image article\" href=\"https:\/\/www.modave.be\/index.php\/services_communaux\/collecte-des-dechets-perturbations\/\"><img decoding=\"async\" width=\"886\" height=\"443\" src=\"data:image\/svg+xml,%3Csvg%20xmlns%3D&#039;http%3A%2F%2Fwww.w3.org%2F2000%2Fsvg&#039;%20viewBox%3D&#039;0%200%20886%20443&#039;%2F%3E\" class=\"attachment-full size-full preload-me aspect lazy lazy-load\" alt=\"\" sizes=\"(max-width: 886px) 100vw, 886px\" style=\"--ratio: 886 \/ 443;\" data-src=\"https:\/\/www.modave.be\/wp-content\/uploads\/2025\/07\/Collecte-1-e1753255715767.jpg\" loading=\"eager\" data-srcset=\"https:\/\/www.modave.be\/wp-content\/uploads\/2025\/07\/Collecte-1-e1753255715767.jpg 886w, https:\/\/www.modave.be\/wp-content\/uploads\/2025\/07\/Collecte-1-e1753255715767-300x150.jpg 300w, https:\/\/www.modave.be\/wp-content\/uploads\/2025\/07\/Collecte-1-e1753255715767-768x384.jpg 768w\" \/><span class=\"the7-hover-icon\"><\/span><\/a>\t\t\t\t\t\t\t\t\t<\/div>\n\t\t\t\t\t\t\t\t\t\t\t\t\t\t\t\t<div class=\"post-entry-content\">\n\t\t\t\t\t\t\t\t\t<h5 class=\"heading\"><a href=\"https:\/\/www.modave.be\/index.php\/services_communaux\/collecte-des-dechets-perturbations\/\" rel=\"bookmark\" title=\"Collecte des d\u00e9chets | Perturbations\" class=\"post-title\">Collecte des d\u00e9chets | Perturbations<\/a><\/h5><div class=\"entry-meta\"><span class=\"meta-item data-link\"><time class=\"entry-date updated\" datetime=\"2025-07-23T09:28:40+02:00\">23 juillet 2025<\/time><\/span><\/div><p class=\"short-description\">Perturbation du ramassage des d\u00e9chets Le ramassage des ordures m\u00e9nag\u00e8res et des d\u00e9chets organiques pr\u00e9vu ce mardi n\u2019a pas pu \u00eatre termin\u00e9 en raison de probl\u00e8mes techniques rencontr\u00e9s par l\u2019entreprise de ramassage. Bonne nouvelle : la tourn\u00e9e sera compl\u00e9t\u00e9e aujourd\u2019hui. Besoin de signaler un probl\u00e8me ?Intradel met \u00e0 disposition un nouveau formulaire en ligne pour&hellip;<\/p><a href=\"https:\/\/www.modave.be\/index.php\/services_communaux\/collecte-des-dechets-perturbations\/\" target=\"\" aria-label=\"En savoir plus sur Collecte des d\u00e9chets | Perturbations\" class=\"box-button elementor-button elementor-size-xs\">En savoir plus<i aria-hidden=\"true\" class=\"elementor-button-icon dt-icon-the7-arrow-552\"><\/i><\/a>\t\t\t\t\t\t\t\t<\/div>\n\t\t\t\t\t\t\t<\/div>\n\t\t\t\t\t\t<\/article>\n\t\t\t\t\t<\/div>\t\t\t\t\t\t\t\t\t\t<div class=\"wf-cell visible \">\n\t\t\t\t\t\t<article class=\"post visible wrapper post-15945 services_communaux type-services_communaux status-publish has-post-thumbnail hentry category-intradel description-off\">\n\n\t\t\t\t\t\t\t<div class=\"post-content-wrapper\">\n\t\t\t\t\t\t\t\t\t\t\t\t\t\t\t\t\t<div class=\"the7-simple-post-thumb\">\n\t\t\t\t\t\t\t\t\t\t<a class=\"post-thumbnail-rollover layzr-bg img-css-resize-wrapper\" aria-label=\"Image article\" href=\"https:\/\/www.modave.be\/index.php\/services_communaux\/greve-nationale-du-25-juin-impact-sur-les-recyparcs\/\"><img decoding=\"async\" width=\"1080\" height=\"540\" src=\"data:image\/svg+xml,%3Csvg%20xmlns%3D&#039;http%3A%2F%2Fwww.w3.org%2F2000%2Fsvg&#039;%20viewBox%3D&#039;0%200%201080%20540&#039;%2F%3E\" class=\"attachment-full size-full preload-me aspect lazy lazy-load\" alt=\"\" sizes=\"(max-width: 1080px) 100vw, 1080px\" style=\"--ratio: 1080 \/ 540;\" data-src=\"https:\/\/www.modave.be\/wp-content\/uploads\/2025\/05\/Greve-1-e1747661430105.png\" loading=\"eager\" data-srcset=\"https:\/\/www.modave.be\/wp-content\/uploads\/2025\/05\/Greve-1-e1747661430105.png 1080w, https:\/\/www.modave.be\/wp-content\/uploads\/2025\/05\/Greve-1-e1747661430105-300x150.png 300w, https:\/\/www.modave.be\/wp-content\/uploads\/2025\/05\/Greve-1-e1747661430105-1024x512.png 1024w, https:\/\/www.modave.be\/wp-content\/uploads\/2025\/05\/Greve-1-e1747661430105-768x384.png 768w\" \/><span class=\"the7-hover-icon\"><\/span><\/a>\t\t\t\t\t\t\t\t\t<\/div>\n\t\t\t\t\t\t\t\t\t\t\t\t\t\t\t\t<div class=\"post-entry-content\">\n\t\t\t\t\t\t\t\t\t<h5 class=\"heading\"><a href=\"https:\/\/www.modave.be\/index.php\/services_communaux\/greve-nationale-du-25-juin-impact-sur-les-recyparcs\/\" rel=\"bookmark\" title=\"Gr\u00e8ve nationale du 25 juin | Impact sur les recyparcs\" class=\"post-title\">Gr\u00e8ve nationale du 25 juin | Impact sur les recyparcs<\/a><\/h5><div class=\"entry-meta\"><span class=\"meta-item data-link\"><time class=\"entry-date updated\" datetime=\"2025-06-23T15:40:36+02:00\">23 juin 2025<\/time><\/span><\/div><p class=\"short-description\">Les r\u00e9cyparcs seront ferm\u00e9s Ce mercredi 25 juin, une gr\u00e8ve nationale touchera de nombreux secteurs, ce qui pourrait perturber certains services en Wallonie. \u00c0 Modave, aucune collecte des d\u00e9chets n\u2019\u00e9tait pr\u00e9vue ce jour-l\u00e0. En revanche, les recyparcs seront ferm\u00e9s toute la journ\u00e9e. Merci pour votre compr\u00e9hension face \u00e0 cette situation ind\u00e9pendante de notre volont\u00e9.<\/p><a href=\"https:\/\/www.modave.be\/index.php\/services_communaux\/greve-nationale-du-25-juin-impact-sur-les-recyparcs\/\" target=\"\" aria-label=\"En savoir plus sur Gr\u00e8ve nationale du 25 juin | Impact sur les recyparcs\" class=\"box-button elementor-button elementor-size-xs\">En savoir plus<i aria-hidden=\"true\" class=\"elementor-button-icon dt-icon-the7-arrow-552\"><\/i><\/a>\t\t\t\t\t\t\t\t<\/div>\n\t\t\t\t\t\t\t<\/div>\n\t\t\t\t\t\t<\/article>\n\t\t\t\t\t<\/div>\t\t\t\t\t\t\t\t\t\t<div class=\"wf-cell visible \">\n\t\t\t\t\t\t<article class=\"post visible wrapper post-15882 services_communaux type-services_communaux status-publish has-post-thumbnail hentry category-intradel description-off\">\n\n\t\t\t\t\t\t\t<div class=\"post-content-wrapper\">\n\t\t\t\t\t\t\t\t\t\t\t\t\t\t\t\t\t<div class=\"the7-simple-post-thumb\">\n\t\t\t\t\t\t\t\t\t\t<a class=\"post-thumbnail-rollover layzr-bg img-css-resize-wrapper\" aria-label=\"Image article\" href=\"https:\/\/www.modave.be\/index.php\/services_communaux\/comment-eviter-les-nuisances-du-raton-laveur\/\"><img decoding=\"async\" width=\"2560\" height=\"1280\" src=\"data:image\/svg+xml,%3Csvg%20xmlns%3D&#039;http%3A%2F%2Fwww.w3.org%2F2000%2Fsvg&#039;%20viewBox%3D&#039;0%200%202560%201280&#039;%2F%3E\" class=\"attachment-full size-full preload-me aspect lazy lazy-load\" alt=\"\" sizes=\"(max-width: 2560px) 100vw, 2560px\" style=\"--ratio: 2560 \/ 1280;\" data-src=\"https:\/\/www.modave.be\/wp-content\/uploads\/2025\/06\/Banniere-16-9-FR-Ratons-e1750069337365.jpg\" loading=\"eager\" data-srcset=\"https:\/\/www.modave.be\/wp-content\/uploads\/2025\/06\/Banniere-16-9-FR-Ratons-e1750069337365.jpg 2560w, https:\/\/www.modave.be\/wp-content\/uploads\/2025\/06\/Banniere-16-9-FR-Ratons-e1750069337365-300x150.jpg 300w, https:\/\/www.modave.be\/wp-content\/uploads\/2025\/06\/Banniere-16-9-FR-Ratons-e1750069337365-1024x512.jpg 1024w, https:\/\/www.modave.be\/wp-content\/uploads\/2025\/06\/Banniere-16-9-FR-Ratons-e1750069337365-768x384.jpg 768w, https:\/\/www.modave.be\/wp-content\/uploads\/2025\/06\/Banniere-16-9-FR-Ratons-e1750069337365-1536x768.jpg 1536w, https:\/\/www.modave.be\/wp-content\/uploads\/2025\/06\/Banniere-16-9-FR-Ratons-e1750069337365-2048x1024.jpg 2048w\" \/><span class=\"the7-hover-icon\"><\/span><\/a>\t\t\t\t\t\t\t\t\t<\/div>\n\t\t\t\t\t\t\t\t\t\t\t\t\t\t\t\t<div class=\"post-entry-content\">\n\t\t\t\t\t\t\t\t\t<h5 class=\"heading\"><a href=\"https:\/\/www.modave.be\/index.php\/services_communaux\/comment-eviter-les-nuisances-du-raton-laveur\/\" rel=\"bookmark\" title=\"Comment \u00e9viter les nuisances du raton laveur ?\" class=\"post-title\">Comment \u00e9viter les nuisances du raton laveur ?<\/a><\/h5><div class=\"entry-meta\"><span class=\"meta-item data-link\"><time class=\"entry-date updated\" datetime=\"2025-06-16T12:22:33+02:00\">16 juin 2025<\/time><\/span><\/div><p class=\"short-description\">Le raton laveur Nous vous parlions des d\u00e9chets m\u00e9nagers ce matin\u2026 Voici un visiteur nocturne qui les appr\u00e9cie tout particuli\u00e8rement. Le SPW Agriculture, Ressources Naturelles et Environnement, en collaboration avec l\u2019Universit\u00e9 de Li\u00e8ge, nous transmet quelques conseils utiles pour \u00e9viter les d\u00e9sagr\u00e9ments. Retrouvez toutes les infos dans les brochures ci-dessous.<\/p><a href=\"https:\/\/www.modave.be\/index.php\/services_communaux\/comment-eviter-les-nuisances-du-raton-laveur\/\" target=\"\" aria-label=\"En savoir plus sur Comment \u00e9viter les nuisances du raton laveur ?\" class=\"box-button elementor-button elementor-size-xs\">En savoir plus<i aria-hidden=\"true\" class=\"elementor-button-icon dt-icon-the7-arrow-552\"><\/i><\/a>\t\t\t\t\t\t\t\t<\/div>\n\t\t\t\t\t\t\t<\/div>\n\t\t\t\t\t\t<\/article>\n\t\t\t\t\t<\/div>\t\t\t\t\t\t\t\t\t\t<div class=\"wf-cell visible \">\n\t\t\t\t\t\t<article class=\"post visible wrapper post-15878 services_communaux type-services_communaux status-publish has-post-thumbnail hentry category-intradel description-off\">\n\n\t\t\t\t\t\t\t<div class=\"post-content-wrapper\">\n\t\t\t\t\t\t\t\t\t\t\t\t\t\t\t\t\t<div class=\"the7-simple-post-thumb\">\n\t\t\t\t\t\t\t\t\t\t<a class=\"post-thumbnail-rollover layzr-bg img-css-resize-wrapper\" aria-label=\"Image article\" href=\"https:\/\/www.modave.be\/index.php\/services_communaux\/des-petits-gestes-pour-une-commune-plus-propre\/\"><img decoding=\"async\" width=\"1080\" height=\"540\" src=\"data:image\/svg+xml,%3Csvg%20xmlns%3D&#039;http%3A%2F%2Fwww.w3.org%2F2000%2Fsvg&#039;%20viewBox%3D&#039;0%200%201080%20540&#039;%2F%3E\" class=\"attachment-full size-full preload-me aspect lazy lazy-load\" alt=\"\" sizes=\"(max-width: 1080px) 100vw, 1080px\" style=\"--ratio: 1080 \/ 540;\" data-src=\"https:\/\/www.modave.be\/wp-content\/uploads\/2025\/06\/Nouvelles-poubelles-1-e1750065551766.png\" loading=\"eager\" data-srcset=\"https:\/\/www.modave.be\/wp-content\/uploads\/2025\/06\/Nouvelles-poubelles-1-e1750065551766.png 1080w, https:\/\/www.modave.be\/wp-content\/uploads\/2025\/06\/Nouvelles-poubelles-1-e1750065551766-300x150.png 300w, https:\/\/www.modave.be\/wp-content\/uploads\/2025\/06\/Nouvelles-poubelles-1-e1750065551766-1024x512.png 1024w, https:\/\/www.modave.be\/wp-content\/uploads\/2025\/06\/Nouvelles-poubelles-1-e1750065551766-768x384.png 768w\" \/><span class=\"the7-hover-icon\"><\/span><\/a>\t\t\t\t\t\t\t\t\t<\/div>\n\t\t\t\t\t\t\t\t\t\t\t\t\t\t\t\t<div class=\"post-entry-content\">\n\t\t\t\t\t\t\t\t\t<h5 class=\"heading\"><a href=\"https:\/\/www.modave.be\/index.php\/services_communaux\/des-petits-gestes-pour-une-commune-plus-propre\/\" rel=\"bookmark\" title=\"Des petits gestes pour une commune plus propre\" class=\"post-title\">Des petits gestes pour une commune plus propre<\/a><\/h5><div class=\"entry-meta\"><span class=\"meta-item data-link\"><time class=\"entry-date updated\" datetime=\"2025-06-16T08:10:00+02:00\">16 juin 2025<\/time><\/span><\/div><p class=\"short-description\">Nouvelles poubelles | Nouveaux panneaux Notre commune poursuit ses efforts pour rendre ses espaces publics toujours plus agr\u00e9ables et accueillants. Le service travaux installe r\u00e9guli\u00e8rement de nouvelles poubelles publiques dans la commune, comme r\u00e9cemment devant l&rsquo;implantation scolaire de Vierset-Barse. Elles sont l\u00e0 pour accueillir les petits d\u00e9chets du quotidien, que l\u2019on souhaite jeter en toute&hellip;<\/p><a href=\"https:\/\/www.modave.be\/index.php\/services_communaux\/des-petits-gestes-pour-une-commune-plus-propre\/\" target=\"\" aria-label=\"En savoir plus sur Des petits gestes pour une commune plus propre\" class=\"box-button elementor-button elementor-size-xs\">En savoir plus<i aria-hidden=\"true\" class=\"elementor-button-icon dt-icon-the7-arrow-552\"><\/i><\/a>\t\t\t\t\t\t\t\t<\/div>\n\t\t\t\t\t\t\t<\/div>\n\t\t\t\t\t\t<\/article>\n\t\t\t\t\t<\/div>\t\t\t\t\t\t\t\t\t\t<div class=\"wf-cell visible \">\n\t\t\t\t\t\t<article class=\"post visible wrapper post-15642 services_communaux type-services_communaux status-publish has-post-thumbnail hentry category-intradel description-off\">\n\n\t\t\t\t\t\t\t<div class=\"post-content-wrapper\">\n\t\t\t\t\t\t\t\t\t\t\t\t\t\t\t\t\t<div class=\"the7-simple-post-thumb\">\n\t\t\t\t\t\t\t\t\t\t<a class=\"post-thumbnail-rollover layzr-bg img-css-resize-wrapper\" aria-label=\"Image article\" href=\"https:\/\/www.modave.be\/index.php\/services_communaux\/greve-nationale-impact-sur-les-recyparcs\/\"><img decoding=\"async\" width=\"1080\" height=\"540\" src=\"data:image\/svg+xml,%3Csvg%20xmlns%3D&#039;http%3A%2F%2Fwww.w3.org%2F2000%2Fsvg&#039;%20viewBox%3D&#039;0%200%201080%20540&#039;%2F%3E\" class=\"attachment-full size-full preload-me aspect lazy lazy-load\" alt=\"\" sizes=\"(max-width: 1080px) 100vw, 1080px\" style=\"--ratio: 1080 \/ 540;\" data-src=\"https:\/\/www.modave.be\/wp-content\/uploads\/2025\/05\/Greve-1-e1747661430105.png\" loading=\"eager\" data-srcset=\"https:\/\/www.modave.be\/wp-content\/uploads\/2025\/05\/Greve-1-e1747661430105.png 1080w, https:\/\/www.modave.be\/wp-content\/uploads\/2025\/05\/Greve-1-e1747661430105-300x150.png 300w, https:\/\/www.modave.be\/wp-content\/uploads\/2025\/05\/Greve-1-e1747661430105-1024x512.png 1024w, https:\/\/www.modave.be\/wp-content\/uploads\/2025\/05\/Greve-1-e1747661430105-768x384.png 768w\" \/><span class=\"the7-hover-icon\"><\/span><\/a>\t\t\t\t\t\t\t\t\t<\/div>\n\t\t\t\t\t\t\t\t\t\t\t\t\t\t\t\t<div class=\"post-entry-content\">\n\t\t\t\t\t\t\t\t\t<h5 class=\"heading\"><a href=\"https:\/\/www.modave.be\/index.php\/services_communaux\/greve-nationale-impact-sur-les-recyparcs\/\" rel=\"bookmark\" title=\"Gr\u00e8ve nationale | Impact sur les recyparcs\" class=\"post-title\">Gr\u00e8ve nationale | Impact sur les recyparcs<\/a><\/h5><div class=\"entry-meta\"><span class=\"meta-item data-link\"><time class=\"entry-date updated\" datetime=\"2025-05-19T15:31:28+02:00\">19 mai 2025<\/time><\/span><\/div><p class=\"short-description\">Les r\u00e9cyparcs seront ferm\u00e9s Ce mardi 20 mai, une gr\u00e8ve g\u00e9n\u00e9rale touche l\u2019ensemble des services publics, ce qui pourrait perturber certains services en Wallonie. \u00c0 Modave, aucune collecte des d\u00e9chets n\u2019\u00e9tait pr\u00e9vue ce jour-l\u00e0. La prochaine collecte aura donc bien lieu le mardi 27 mai, comme indiqu\u00e9 dans votre calendrier. En revanche, les recyparcs seront&hellip;<\/p><a href=\"https:\/\/www.modave.be\/index.php\/services_communaux\/greve-nationale-impact-sur-les-recyparcs\/\" target=\"\" aria-label=\"En savoir plus sur Gr\u00e8ve nationale | Impact sur les recyparcs\" class=\"box-button elementor-button elementor-size-xs\">En savoir plus<i aria-hidden=\"true\" class=\"elementor-button-icon dt-icon-the7-arrow-552\"><\/i><\/a>\t\t\t\t\t\t\t\t<\/div>\n\t\t\t\t\t\t\t<\/div>\n\t\t\t\t\t\t<\/article>\n\t\t\t\t\t<\/div>\t\t\t\t\t\t\t\t\t\t<div class=\"wf-cell visible \">\n\t\t\t\t\t\t<article class=\"post visible wrapper post-15555 services_communaux type-services_communaux status-publish has-post-thumbnail hentry category-intradel description-off\">\n\n\t\t\t\t\t\t\t<div class=\"post-content-wrapper\">\n\t\t\t\t\t\t\t\t\t\t\t\t\t\t\t\t\t<div class=\"the7-simple-post-thumb\">\n\t\t\t\t\t\t\t\t\t\t<a class=\"post-thumbnail-rollover layzr-bg img-css-resize-wrapper\" aria-label=\"Image article\" href=\"https:\/\/www.modave.be\/index.php\/services_communaux\/collecte-des-dechets-mise-a-jour\/\"><img decoding=\"async\" width=\"1080\" height=\"540\" src=\"data:image\/svg+xml,%3Csvg%20xmlns%3D&#039;http%3A%2F%2Fwww.w3.org%2F2000%2Fsvg&#039;%20viewBox%3D&#039;0%200%201080%20540&#039;%2F%3E\" class=\"attachment-full size-full preload-me aspect lazy lazy-load\" alt=\"\" sizes=\"(max-width: 1080px) 100vw, 1080px\" style=\"--ratio: 1080 \/ 540;\" data-src=\"https:\/\/www.modave.be\/wp-content\/uploads\/2025\/04\/Greve-e1745936331720.png\" loading=\"eager\" data-srcset=\"https:\/\/www.modave.be\/wp-content\/uploads\/2025\/04\/Greve-e1745936331720.png 1080w, https:\/\/www.modave.be\/wp-content\/uploads\/2025\/04\/Greve-e1745936331720-300x150.png 300w, https:\/\/www.modave.be\/wp-content\/uploads\/2025\/04\/Greve-e1745936331720-1024x512.png 1024w, https:\/\/www.modave.be\/wp-content\/uploads\/2025\/04\/Greve-e1745936331720-768x384.png 768w\" \/><span class=\"the7-hover-icon\"><\/span><\/a>\t\t\t\t\t\t\t\t\t<\/div>\n\t\t\t\t\t\t\t\t\t\t\t\t\t\t\t\t<div class=\"post-entry-content\">\n\t\t\t\t\t\t\t\t\t<h5 class=\"heading\"><a href=\"https:\/\/www.modave.be\/index.php\/services_communaux\/collecte-des-dechets-mise-a-jour\/\" rel=\"bookmark\" title=\"Collecte des d\u00e9chets | Mise \u00e0 jour\" class=\"post-title\">Collecte des d\u00e9chets | Mise \u00e0 jour<\/a><\/h5><div class=\"entry-meta\"><span class=\"meta-item data-link\"><time class=\"entry-date updated\" datetime=\"2025-04-29T16:21:22+02:00\">29 avril 2025<\/time><\/span><\/div><p class=\"short-description\">En raison de la gr\u00e8ve de ce mardi 29 avril, la moiti\u00e9 du territoire de la Commune de Modave n\u2019a malheureusement pas pu \u00eatre collect\u00e9e. Un rattrapage sera organis\u00e9 soit ce mercredi 30 avril, soit ce vendredi 2 mai, en fonction des tourn\u00e9es pr\u00e9vues \u00e0 Marchin. Intradel vous invite donc \u00e0 laisser vos conteneurs dehors&hellip;<\/p><a href=\"https:\/\/www.modave.be\/index.php\/services_communaux\/collecte-des-dechets-mise-a-jour\/\" target=\"\" aria-label=\"En savoir plus sur Collecte des d\u00e9chets | Mise \u00e0 jour\" class=\"box-button elementor-button elementor-size-xs\">En savoir plus<i aria-hidden=\"true\" class=\"elementor-button-icon dt-icon-the7-arrow-552\"><\/i><\/a>\t\t\t\t\t\t\t\t<\/div>\n\t\t\t\t\t\t\t<\/div>\n\t\t\t\t\t\t<\/article>\n\t\t\t\t\t<\/div>\t\t\t\t\t\t\t\t\t\t<div class=\"wf-cell visible \">\n\t\t\t\t\t\t<article class=\"post visible wrapper post-15509 services_communaux type-services_communaux status-publish has-post-thumbnail hentry category-intradel description-off\">\n\n\t\t\t\t\t\t\t<div class=\"post-content-wrapper\">\n\t\t\t\t\t\t\t\t\t\t\t\t\t\t\t\t\t<div class=\"the7-simple-post-thumb\">\n\t\t\t\t\t\t\t\t\t\t<a class=\"post-thumbnail-rollover layzr-bg img-css-resize-wrapper\" aria-label=\"Image article\" href=\"https:\/\/www.modave.be\/index.php\/services_communaux\/greve-nationale-impact-sur-les-collectes-et-recyparcs\/\"><img decoding=\"async\" width=\"1080\" height=\"540\" src=\"data:image\/svg+xml,%3Csvg%20xmlns%3D&#039;http%3A%2F%2Fwww.w3.org%2F2000%2Fsvg&#039;%20viewBox%3D&#039;0%200%201080%20540&#039;%2F%3E\" class=\"attachment-full size-full preload-me aspect lazy lazy-load\" alt=\"\" sizes=\"(max-width: 1080px) 100vw, 1080px\" style=\"--ratio: 1080 \/ 540;\" data-src=\"https:\/\/www.modave.be\/wp-content\/uploads\/2025\/04\/Greve-Intradel-Impact-1-e1745830464871.png\" loading=\"eager\" data-srcset=\"https:\/\/www.modave.be\/wp-content\/uploads\/2025\/04\/Greve-Intradel-Impact-1-e1745830464871.png 1080w, https:\/\/www.modave.be\/wp-content\/uploads\/2025\/04\/Greve-Intradel-Impact-1-e1745830464871-300x150.png 300w, https:\/\/www.modave.be\/wp-content\/uploads\/2025\/04\/Greve-Intradel-Impact-1-e1745830464871-1024x512.png 1024w, https:\/\/www.modave.be\/wp-content\/uploads\/2025\/04\/Greve-Intradel-Impact-1-e1745830464871-768x384.png 768w\" \/><span class=\"the7-hover-icon\"><\/span><\/a>\t\t\t\t\t\t\t\t\t<\/div>\n\t\t\t\t\t\t\t\t\t\t\t\t\t\t\t\t<div class=\"post-entry-content\">\n\t\t\t\t\t\t\t\t\t<h5 class=\"heading\"><a href=\"https:\/\/www.modave.be\/index.php\/services_communaux\/greve-nationale-impact-sur-les-collectes-et-recyparcs\/\" rel=\"bookmark\" title=\"Gr\u00e8ve nationale | Impact sur les collectes et recyparcs\" class=\"post-title\">Gr\u00e8ve nationale | Impact sur les collectes et recyparcs<\/a><\/h5><div class=\"entry-meta\"><span class=\"meta-item data-link\"><time class=\"entry-date updated\" datetime=\"2025-04-28T10:54:36+02:00\">28 avril 2025<\/time><\/span><\/div><p class=\"short-description\">Ce mardi 29 avril 2025, en raison de la gr\u00e8ve nationale annonc\u00e9e, certaines perturbations pourraient toucher les collectes dans plusieurs communes. \u00c0 l\u2019heure actuelle, aucune perturbation n&rsquo;est annonc\u00e9e pour Modave.Les collectes de d\u00e9chets m\u00e9nagers, organiques, PMC et papier-carton devraient \u00eatre assur\u00e9es normalement. Toutefois, en fonction d\u2019\u00e9ventuels blocages ou impr\u00e9vus, des retards ou des modifications de&hellip;<\/p><a href=\"https:\/\/www.modave.be\/index.php\/services_communaux\/greve-nationale-impact-sur-les-collectes-et-recyparcs\/\" target=\"\" aria-label=\"En savoir plus sur Gr\u00e8ve nationale | Impact sur les collectes et recyparcs\" class=\"box-button elementor-button elementor-size-xs\">En savoir plus<i aria-hidden=\"true\" class=\"elementor-button-icon dt-icon-the7-arrow-552\"><\/i><\/a>\t\t\t\t\t\t\t\t<\/div>\n\t\t\t\t\t\t\t<\/div>\n\t\t\t\t\t\t<\/article>\n\t\t\t\t\t<\/div>\t\t\t\t\t\t\t\t\t\t<div class=\"wf-cell visible \">\n\t\t\t\t\t\t<article class=\"post visible wrapper post-15147 services_communaux type-services_communaux status-publish has-post-thumbnail hentry category-intradel description-off\">\n\n\t\t\t\t\t\t\t<div class=\"post-content-wrapper\">\n\t\t\t\t\t\t\t\t\t\t\t\t\t\t\t\t\t<div class=\"the7-simple-post-thumb\">\n\t\t\t\t\t\t\t\t\t\t<a class=\"post-thumbnail-rollover layzr-bg img-css-resize-wrapper\" aria-label=\"Image article\" href=\"https:\/\/www.modave.be\/index.php\/services_communaux\/ressourcerie-dernier-appel\/\"><img decoding=\"async\" width=\"1080\" height=\"540\" src=\"data:image\/svg+xml,%3Csvg%20xmlns%3D&#039;http%3A%2F%2Fwww.w3.org%2F2000%2Fsvg&#039;%20viewBox%3D&#039;0%200%201080%20540&#039;%2F%3E\" class=\"attachment-full size-full preload-me aspect lazy lazy-load\" alt=\"\" sizes=\"(max-width: 1080px) 100vw, 1080px\" style=\"--ratio: 1080 \/ 540;\" data-src=\"https:\/\/www.modave.be\/wp-content\/uploads\/2025\/03\/Ressourcerie-1-e1740992028792.png\" loading=\"eager\" data-srcset=\"https:\/\/www.modave.be\/wp-content\/uploads\/2025\/03\/Ressourcerie-1-e1740992028792.png 1080w, https:\/\/www.modave.be\/wp-content\/uploads\/2025\/03\/Ressourcerie-1-e1740992028792-300x150.png 300w, https:\/\/www.modave.be\/wp-content\/uploads\/2025\/03\/Ressourcerie-1-e1740992028792-1024x512.png 1024w, https:\/\/www.modave.be\/wp-content\/uploads\/2025\/03\/Ressourcerie-1-e1740992028792-768x384.png 768w\" \/><span class=\"the7-hover-icon\"><\/span><\/a>\t\t\t\t\t\t\t\t\t<\/div>\n\t\t\t\t\t\t\t\t\t\t\t\t\t\t\t\t<div class=\"post-entry-content\">\n\t\t\t\t\t\t\t\t\t<h5 class=\"heading\"><a href=\"https:\/\/www.modave.be\/index.php\/services_communaux\/ressourcerie-dernier-appel\/\" rel=\"bookmark\" title=\"Ressourcerie | Dernier appel\" class=\"post-title\">Ressourcerie | Dernier appel<\/a><\/h5><div class=\"entry-meta\"><span class=\"meta-item data-link\"><time class=\"entry-date updated\" datetime=\"2025-03-03T09:54:05+01:00\">3 mars 2025<\/time><\/span><\/div><p class=\"short-description\">Dernier appel pour s&rsquo;inscrire \u00e0 la Ressourcerie du Pays de Li\u00e8ge ! Vous avez des encombrants en bon \u00e9tat ? Donnez-leur une seconde vie plut\u00f4t que de les laisser prendre la poussi\u00e8re ! Un geste simple, \u00e9cologique et solidaire !<\/p><a href=\"https:\/\/www.modave.be\/index.php\/services_communaux\/ressourcerie-dernier-appel\/\" target=\"\" aria-label=\"En savoir plus sur Ressourcerie | Dernier appel\" class=\"box-button elementor-button elementor-size-xs\">En savoir plus<i aria-hidden=\"true\" class=\"elementor-button-icon dt-icon-the7-arrow-552\"><\/i><\/a>\t\t\t\t\t\t\t\t<\/div>\n\t\t\t\t\t\t\t<\/div>\n\t\t\t\t\t\t<\/article>\n\t\t\t\t\t<\/div>\t\t\t\t\t\t\t\t\t\t<div class=\"wf-cell visible \">\n\t\t\t\t\t\t<article class=\"post visible wrapper post-15069 services_communaux type-services_communaux status-publish has-post-thumbnail hentry category-intradel description-off\">\n\n\t\t\t\t\t\t\t<div class=\"post-content-wrapper\">\n\t\t\t\t\t\t\t\t\t\t\t\t\t\t\t\t\t<div class=\"the7-simple-post-thumb\">\n\t\t\t\t\t\t\t\t\t\t<a class=\"post-thumbnail-rollover layzr-bg img-css-resize-wrapper\" aria-label=\"Image article\" href=\"https:\/\/www.modave.be\/index.php\/services_communaux\/intradel-probleme-de-collecte\/\"><img decoding=\"async\" width=\"1492\" height=\"746\" src=\"data:image\/svg+xml,%3Csvg%20xmlns%3D&#039;http%3A%2F%2Fwww.w3.org%2F2000%2Fsvg&#039;%20viewBox%3D&#039;0%200%201492%20746&#039;%2F%3E\" class=\"attachment-full size-full preload-me aspect lazy lazy-load\" alt=\"\" sizes=\"(max-width: 1492px) 100vw, 1492px\" style=\"--ratio: 1492 \/ 746;\" data-src=\"https:\/\/www.modave.be\/wp-content\/uploads\/2025\/02\/info-formulaire-collectes-site-internet-FB-01-1-e1740388405345.jpg\" loading=\"eager\" data-srcset=\"https:\/\/www.modave.be\/wp-content\/uploads\/2025\/02\/info-formulaire-collectes-site-internet-FB-01-1-e1740388405345.jpg 1492w, https:\/\/www.modave.be\/wp-content\/uploads\/2025\/02\/info-formulaire-collectes-site-internet-FB-01-1-e1740388405345-300x150.jpg 300w, https:\/\/www.modave.be\/wp-content\/uploads\/2025\/02\/info-formulaire-collectes-site-internet-FB-01-1-e1740388405345-1024x512.jpg 1024w, https:\/\/www.modave.be\/wp-content\/uploads\/2025\/02\/info-formulaire-collectes-site-internet-FB-01-1-e1740388405345-768x384.jpg 768w\" \/><span class=\"the7-hover-icon\"><\/span><\/a>\t\t\t\t\t\t\t\t\t<\/div>\n\t\t\t\t\t\t\t\t\t\t\t\t\t\t\t\t<div class=\"post-entry-content\">\n\t\t\t\t\t\t\t\t\t<h5 class=\"heading\"><a href=\"https:\/\/www.modave.be\/index.php\/services_communaux\/intradel-probleme-de-collecte\/\" rel=\"bookmark\" title=\"Intradel | Probl\u00e8me de collecte ?\" class=\"post-title\">Intradel | Probl\u00e8me de collecte ?<\/a><\/h5><div class=\"entry-meta\"><span class=\"meta-item data-link\"><time class=\"entry-date updated\" datetime=\"2025-02-24T10:13:30+01:00\">24 f\u00e9vrier 2025<\/time><\/span><\/div><p class=\"short-description\">\ud835\udddc\ud835\uddfb\ud835\ude01\ud835\uddff\ud835\uddee\ud835\uddf1\ud835\uddf2\ud835\uddf9 | \ud835\udde8\ud835\uddfb \ud835\uddf3\ud835\uddfc\ud835\uddff\ud835\uddfa\ud835\ude02\ud835\uddf9\ud835\uddee\ud835\uddf6\ud835\uddff\ud835\uddf2 \ud835\uddfd\ud835\uddfc\ud835\ude02\ud835\uddff \ud835\ude00\ud835\uddf6\ud835\uddf4\ud835\uddfb\ud835\uddee\ud835\uddf9\ud835\uddf2\ud835\uddff \ud835\ude03\ud835\uddfc\ud835\ude00 \ud835\uddfd\ud835\uddff\ud835\uddfc\ud835\uddef\ud835\uddf9\ud835\uddf2\u0300\ud835\uddfa\ud835\uddf2\ud835\ude00 \ud835\uddf1\ud835\uddf2 \ud835\uddf0\ud835\uddfc\ud835\uddf9\ud835\uddf9\ud835\uddf2\ud835\uddf0\ud835\ude01\ud835\uddf2\ud835\ude1d\ud835\ude30\ud835\ude36\ud835\ude34 \ud835\ude34\ud835\ude30\ud835\ude33\ud835\ude35\ud835\ude26\ud835\ude3b \ud835\ude37\ud835\ude30\ud835\ude34 \ud835\ude31\ud835\ude30\ud835\ude36\ud835\ude23\ud835\ude26\ud835\ude2d\ud835\ude2d\ud835\ude26\ud835\ude34\u2026 \ud835\ude2e\ud835\ude22\ud835\ude2a\ud835\ude34 \ud835\ude2d\ud835\ude26 \ud835\ude24\ud835\ude22\ud835\ude2e\ud835\ude2a\ud835\ude30\ud835\ude2f \ud835\ude2f\ud835\ude26 \ud835\ude31\ud835\ude22\ud835\ude34\ud835\ude34\ud835\ude26 \ud835\ude31\ud835\ude22\ud835\ude34. \ud835\ude18\ud835\ude36\ud835\ude26 \ud835\ude27\ud835\ude22\ud835\ude2a\ud835\ude33\ud835\ude26 ? \ud835\uddd4\u0300 \ud835\uddfd\ud835\uddee\ud835\uddff\ud835\ude01\ud835\uddf6\ud835\uddff \ud835\uddf1\ud835\ude02 \ud835\uddf9\ud835\ude02\ud835\uddfb\ud835\uddf1\ud835\uddf6 \ud835\udfee\ud835\udff0 \ud835\uddf3\ud835\uddf2\u0301\ud835\ude03\ud835\uddff\ud835\uddf6\ud835\uddf2\ud835\uddff, Intradel met en place un nouveau formulaire en ligne pour signaler tout probl\u00e8me de collecte en porte-\u00e0-porte. Ce syst\u00e8me permettra un traitement plus rapide et efficace des&hellip;<\/p><a href=\"https:\/\/www.modave.be\/index.php\/services_communaux\/intradel-probleme-de-collecte\/\" target=\"\" aria-label=\"En savoir plus sur Intradel | Probl\u00e8me de collecte ?\" class=\"box-button elementor-button elementor-size-xs\">En savoir plus<i aria-hidden=\"true\" class=\"elementor-button-icon dt-icon-the7-arrow-552\"><\/i><\/a>\t\t\t\t\t\t\t\t<\/div>\n\t\t\t\t\t\t\t<\/div>\n\t\t\t\t\t\t<\/article>\n\t\t\t\t\t<\/div>\t\t\t\t\t\t\t\t\t\t<div class=\"wf-cell visible \">\n\t\t\t\t\t\t<article class=\"post visible wrapper post-15032 services_communaux type-services_communaux status-publish has-post-thumbnail hentry category-intradel description-off\">\n\n\t\t\t\t\t\t\t<div class=\"post-content-wrapper\">\n\t\t\t\t\t\t\t\t\t\t\t\t\t\t\t\t\t<div class=\"the7-simple-post-thumb\">\n\t\t\t\t\t\t\t\t\t\t<a class=\"post-thumbnail-rollover layzr-bg img-css-resize-wrapper\" aria-label=\"Image article\" href=\"https:\/\/www.modave.be\/index.php\/services_communaux\/collecte-des-poubelles-information\/\"><img decoding=\"async\" width=\"1080\" height=\"540\" src=\"data:image\/svg+xml,%3Csvg%20xmlns%3D&#039;http%3A%2F%2Fwww.w3.org%2F2000%2Fsvg&#039;%20viewBox%3D&#039;0%200%201080%20540&#039;%2F%3E\" class=\"attachment-full size-full preload-me aspect lazy lazy-load\" alt=\"Poubelles\" sizes=\"(max-width: 1080px) 100vw, 1080px\" style=\"--ratio: 1080 \/ 540;\" data-src=\"https:\/\/www.modave.be\/wp-content\/uploads\/2025\/01\/communedemodave-e1737553728364.jpg\" loading=\"eager\" data-srcset=\"https:\/\/www.modave.be\/wp-content\/uploads\/2025\/01\/communedemodave-e1737553728364.jpg 1080w, https:\/\/www.modave.be\/wp-content\/uploads\/2025\/01\/communedemodave-e1737553728364-300x150.jpg 300w, https:\/\/www.modave.be\/wp-content\/uploads\/2025\/01\/communedemodave-e1737553728364-1024x512.jpg 1024w, https:\/\/www.modave.be\/wp-content\/uploads\/2025\/01\/communedemodave-e1737553728364-768x384.jpg 768w\" \/><span class=\"the7-hover-icon\"><\/span><\/a>\t\t\t\t\t\t\t\t\t<\/div>\n\t\t\t\t\t\t\t\t\t\t\t\t\t\t\t\t<div class=\"post-entry-content\">\n\t\t\t\t\t\t\t\t\t<h5 class=\"heading\"><a href=\"https:\/\/www.modave.be\/index.php\/services_communaux\/collecte-des-poubelles-information\/\" rel=\"bookmark\" title=\"Collecte des poubelles | Information\" class=\"post-title\">Collecte des poubelles | Information<\/a><\/h5><div class=\"entry-meta\"><span class=\"meta-item data-link\"><time class=\"entry-date updated\" datetime=\"2025-02-18T14:41:05+01:00\">18 f\u00e9vrier 2025<\/time><\/span><\/div><p class=\"short-description\">Le camion duo \ud835\udde3\ud835\udde0\ud835\uddd6\/\ud835\uddd6\ud835\uddee\ud835\uddff\ud835\ude01\ud835\uddfc\ud835\uddfb fait une petite pause forc\u00e9e \u00e0 Modave \u2013 son syst\u00e8me de relevage pour les conteneurs PC (carton) a d\u00e9cid\u00e9 de prendre un jour de cong\u00e9 impr\u00e9vu. Pas de panique ! \ud835\udde6\ud835\uddf6 \ud835\uddf9\ud835\uddee \ud835\uddf0\ud835\uddfc\ud835\uddf9\ud835\uddf9\ud835\uddf2\ud835\uddf0\ud835\ude01\ud835\uddf2 \ud835\uddfb\u2019\ud835\uddf2\ud835\ude00\ud835\ude01 \ud835\uddfd\ud835\uddee\ud835\ude00 \ud835\ude01\ud835\uddf2\ud835\uddff\ud835\uddfa\ud835\uddf6\ud835\uddfb\ud835\uddf2\u0301\ud835\uddf2 \ud835\uddee\ud835\ude02\ud835\uddf7\ud835\uddfc\ud835\ude02\ud835\uddff\ud835\uddf1\u2019\ud835\uddf5\ud835\ude02\ud835\uddf6, \ud835\uddf6\ud835\uddf9 \ud835\uddff\ud835\uddf2\ud835\uddfd\ud835\uddee\ud835\ude00\ud835\ude00\ud835\uddf2 \ud835\uddf1\ud835\uddf2\ud835\uddfa\ud835\uddee\ud835\uddf6\ud835\uddfb. Merci pour votre patience et votre bonne humeur !<\/p><a href=\"https:\/\/www.modave.be\/index.php\/services_communaux\/collecte-des-poubelles-information\/\" target=\"\" aria-label=\"En savoir plus sur Collecte des poubelles | Information\" class=\"box-button elementor-button elementor-size-xs\">En savoir plus<i aria-hidden=\"true\" class=\"elementor-button-icon dt-icon-the7-arrow-552\"><\/i><\/a>\t\t\t\t\t\t\t\t<\/div>\n\t\t\t\t\t\t\t<\/div>\n\t\t\t\t\t\t<\/article>\n\t\t\t\t\t<\/div>\t\t\t\t\t\t\t\t\t\t<div class=\"wf-cell visible \">\n\t\t\t\t\t\t<article class=\"post visible wrapper post-14953 services_communaux type-services_communaux status-publish has-post-thumbnail hentry category-intradel description-off\">\n\n\t\t\t\t\t\t\t<div class=\"post-content-wrapper\">\n\t\t\t\t\t\t\t\t\t\t\t\t\t\t\t\t\t<div class=\"the7-simple-post-thumb\">\n\t\t\t\t\t\t\t\t\t\t<a class=\"post-thumbnail-rollover layzr-bg img-css-resize-wrapper\" aria-label=\"Image article\" href=\"https:\/\/www.modave.be\/index.php\/services_communaux\/info-importante-greve-nationale-fermeture-des-recyparcs\/\"><img decoding=\"async\" width=\"1080\" height=\"540\" src=\"data:image\/svg+xml,%3Csvg%20xmlns%3D&#039;http%3A%2F%2Fwww.w3.org%2F2000%2Fsvg&#039;%20viewBox%3D&#039;0%200%201080%20540&#039;%2F%3E\" class=\"attachment-full size-full preload-me aspect lazy lazy-load\" alt=\"Poubelles\" sizes=\"(max-width: 1080px) 100vw, 1080px\" style=\"--ratio: 1080 \/ 540;\" data-src=\"https:\/\/www.modave.be\/wp-content\/uploads\/2025\/01\/communedemodave-e1737553728364.jpg\" loading=\"eager\" data-srcset=\"https:\/\/www.modave.be\/wp-content\/uploads\/2025\/01\/communedemodave-e1737553728364.jpg 1080w, https:\/\/www.modave.be\/wp-content\/uploads\/2025\/01\/communedemodave-e1737553728364-300x150.jpg 300w, https:\/\/www.modave.be\/wp-content\/uploads\/2025\/01\/communedemodave-e1737553728364-1024x512.jpg 1024w, https:\/\/www.modave.be\/wp-content\/uploads\/2025\/01\/communedemodave-e1737553728364-768x384.jpg 768w\" \/><span class=\"the7-hover-icon\"><\/span><\/a>\t\t\t\t\t\t\t\t\t<\/div>\n\t\t\t\t\t\t\t\t\t\t\t\t\t\t\t\t<div class=\"post-entry-content\">\n\t\t\t\t\t\t\t\t\t<h5 class=\"heading\"><a href=\"https:\/\/www.modave.be\/index.php\/services_communaux\/info-importante-greve-nationale-fermeture-des-recyparcs\/\" rel=\"bookmark\" title=\"Info importante | Gr\u00e8ve nationale | Fermeture des r\u00e9cyparcs\" class=\"post-title\">Info importante | Gr\u00e8ve nationale | Fermeture des r\u00e9cyparcs<\/a><\/h5><div class=\"entry-meta\"><span class=\"meta-item data-link\"><time class=\"entry-date updated\" datetime=\"2025-02-11T09:32:21+01:00\">11 f\u00e9vrier 2025<\/time><\/span><\/div><p class=\"short-description\">\ud835\uddf7\ud835\uddf2\ud835\ude02\ud835\uddf1\ud835\uddf6 \ud835\udfed\ud835\udfef \ud835\uddf3\ud835\uddf2\u0301\ud835\ude03\ud835\uddff\ud835\uddf6\ud835\uddf2\ud835\uddff \ud835\udfee\ud835\udfec\ud835\udfee\ud835\udff1 En raison d\u2019un mouvement de gr\u00e8ve nationale pour la d\u00e9fense des services publics et du pouvoir d\u2019achat, les recyparcs sur seront ferm\u00e9s \ud835\uddf0\ud835\uddf2 \ud835\uddf7\ud835\uddf2\ud835\ude02\ud835\uddf1\ud835\uddf6 \ud835\udfed\ud835\udfef \ud835\uddf3\ud835\uddf2\u0301\ud835\ude03\ud835\uddff\ud835\uddf6\ud835\uddf2\ud835\uddff \ud835\udfee\ud835\udfec\ud835\udfee\ud835\udff1.Nous vous remercions pour votre compr\u00e9hension et restons \u00e0 votre disposition pour toute question.<\/p><a href=\"https:\/\/www.modave.be\/index.php\/services_communaux\/info-importante-greve-nationale-fermeture-des-recyparcs\/\" target=\"\" aria-label=\"En savoir plus sur Info importante | Gr\u00e8ve nationale | Fermeture des r\u00e9cyparcs\" class=\"box-button elementor-button elementor-size-xs\">En savoir plus<i aria-hidden=\"true\" class=\"elementor-button-icon dt-icon-the7-arrow-552\"><\/i><\/a>\t\t\t\t\t\t\t\t<\/div>\n\t\t\t\t\t\t\t<\/div>\n\t\t\t\t\t\t<\/article>\n\t\t\t\t\t<\/div>\t\t\t\t\t\t\t\t\t\t<div class=\"wf-cell visible \">\n\t\t\t\t\t\t<article class=\"post visible wrapper post-14915 services_communaux type-services_communaux status-publish has-post-thumbnail hentry category-intradel description-off\">\n\n\t\t\t\t\t\t\t<div class=\"post-content-wrapper\">\n\t\t\t\t\t\t\t\t\t\t\t\t\t\t\t\t\t<div class=\"the7-simple-post-thumb\">\n\t\t\t\t\t\t\t\t\t\t<a class=\"post-thumbnail-rollover layzr-bg img-css-resize-wrapper\" aria-label=\"Image article\" href=\"https:\/\/www.modave.be\/index.php\/services_communaux\/%f0%9d%97%a3%f0%9d%97%b9%f0%9d%98%82%f0%9d%98%80-%f0%9d%97%be%f0%9d%98%82%f0%9d%97%b2-%f0%9d%9f%ae%f0%9d%9f%b0%f0%9d%97%b5-%f0%9d%97%bd%f0%9d%97%bc%f0%9d%98%82%f0%9d%97%bf-%f0%9d%98%80%f0%9d%97%b6\/\"><img decoding=\"async\" width=\"1024\" height=\"512\" src=\"data:image\/svg+xml,%3Csvg%20xmlns%3D&#039;http%3A%2F%2Fwww.w3.org%2F2000%2Fsvg&#039;%20viewBox%3D&#039;0%200%201024%20512&#039;%2F%3E\" class=\"attachment-full size-full preload-me aspect lazy lazy-load\" alt=\"\" sizes=\"(max-width: 1024px) 100vw, 1024px\" style=\"--ratio: 1024 \/ 512;\" data-src=\"https:\/\/www.modave.be\/wp-content\/uploads\/2024\/11\/Couverture.jpg\" loading=\"eager\" data-srcset=\"https:\/\/www.modave.be\/wp-content\/uploads\/2024\/11\/Couverture.jpg 1024w, https:\/\/www.modave.be\/wp-content\/uploads\/2024\/11\/Couverture-300x150.jpg 300w, https:\/\/www.modave.be\/wp-content\/uploads\/2024\/11\/Couverture-768x384.jpg 768w\" \/><span class=\"the7-hover-icon\"><\/span><\/a>\t\t\t\t\t\t\t\t\t<\/div>\n\t\t\t\t\t\t\t\t\t\t\t\t\t\t\t\t<div class=\"post-entry-content\">\n\t\t\t\t\t\t\t\t\t<h5 class=\"heading\"><a href=\"https:\/\/www.modave.be\/index.php\/services_communaux\/%f0%9d%97%a3%f0%9d%97%b9%f0%9d%98%82%f0%9d%98%80-%f0%9d%97%be%f0%9d%98%82%f0%9d%97%b2-%f0%9d%9f%ae%f0%9d%9f%b0%f0%9d%97%b5-%f0%9d%97%bd%f0%9d%97%bc%f0%9d%98%82%f0%9d%97%bf-%f0%9d%98%80%f0%9d%97%b6\/\" rel=\"bookmark\" title=\"Plus que 24h pour vous inscrire \u00e0 la Ressourcerie !\" class=\"post-title\">Plus que 24h pour vous inscrire \u00e0 la Ressourcerie !<\/a><\/h5><div class=\"entry-meta\"><span class=\"meta-item data-link\"><time class=\"entry-date updated\" datetime=\"2025-02-03T10:37:13+01:00\">3 f\u00e9vrier 2025<\/time><\/span><\/div><p class=\"short-description\">Vous avez des encombrants dont vous ne savez que faire ? Ne les laissez pas prendre la poussi\u00e8re ! La Ressourcerie vous propose une solution simple, \u00e9cologique et solidaire pour vous en d\u00e9barrasser tout en leur offrant une seconde vie. Que ce soit du mobilier, de la d\u00e9coration, des livres ou d&rsquo;autres objets encore en&hellip;<\/p><a href=\"https:\/\/www.modave.be\/index.php\/services_communaux\/%f0%9d%97%a3%f0%9d%97%b9%f0%9d%98%82%f0%9d%98%80-%f0%9d%97%be%f0%9d%98%82%f0%9d%97%b2-%f0%9d%9f%ae%f0%9d%9f%b0%f0%9d%97%b5-%f0%9d%97%bd%f0%9d%97%bc%f0%9d%98%82%f0%9d%97%bf-%f0%9d%98%80%f0%9d%97%b6\/\" target=\"\" aria-label=\"En savoir plus sur Plus que 24h pour vous inscrire \u00e0 la Ressourcerie !\" class=\"box-button elementor-button elementor-size-xs\">En savoir plus<i aria-hidden=\"true\" class=\"elementor-button-icon dt-icon-the7-arrow-552\"><\/i><\/a>\t\t\t\t\t\t\t\t<\/div>\n\t\t\t\t\t\t\t<\/div>\n\t\t\t\t\t\t<\/article>\n\t\t\t\t\t<\/div>\t\t\t\t\t\t\t\t\t\t<div class=\"wf-cell visible \">\n\t\t\t\t\t\t<article class=\"post visible wrapper post-14690 services_communaux type-services_communaux status-publish has-post-thumbnail hentry category-intradel description-off\">\n\n\t\t\t\t\t\t\t<div class=\"post-content-wrapper\">\n\t\t\t\t\t\t\t\t\t\t\t\t\t\t\t\t\t<div class=\"the7-simple-post-thumb\">\n\t\t\t\t\t\t\t\t\t\t<a class=\"post-thumbnail-rollover layzr-bg img-css-resize-wrapper\" aria-label=\"Image article\" href=\"https:\/\/www.modave.be\/index.php\/services_communaux\/rappel-collecte-des-poubelles\/\"><img decoding=\"async\" width=\"1080\" height=\"540\" src=\"data:image\/svg+xml,%3Csvg%20xmlns%3D&#039;http%3A%2F%2Fwww.w3.org%2F2000%2Fsvg&#039;%20viewBox%3D&#039;0%200%201080%20540&#039;%2F%3E\" class=\"attachment-full size-full preload-me aspect lazy lazy-load\" alt=\"Poubelles\" sizes=\"(max-width: 1080px) 100vw, 1080px\" style=\"--ratio: 1080 \/ 540;\" data-src=\"https:\/\/www.modave.be\/wp-content\/uploads\/2025\/01\/communedemodave-e1737553728364.jpg\" loading=\"eager\" data-srcset=\"https:\/\/www.modave.be\/wp-content\/uploads\/2025\/01\/communedemodave-e1737553728364.jpg 1080w, https:\/\/www.modave.be\/wp-content\/uploads\/2025\/01\/communedemodave-e1737553728364-300x150.jpg 300w, https:\/\/www.modave.be\/wp-content\/uploads\/2025\/01\/communedemodave-e1737553728364-1024x512.jpg 1024w, https:\/\/www.modave.be\/wp-content\/uploads\/2025\/01\/communedemodave-e1737553728364-768x384.jpg 768w\" \/><span class=\"the7-hover-icon\"><\/span><\/a>\t\t\t\t\t\t\t\t\t<\/div>\n\t\t\t\t\t\t\t\t\t\t\t\t\t\t\t\t<div class=\"post-entry-content\">\n\t\t\t\t\t\t\t\t\t<h5 class=\"heading\"><a href=\"https:\/\/www.modave.be\/index.php\/services_communaux\/rappel-collecte-des-poubelles\/\" rel=\"bookmark\" title=\"Rappel | Collecte des poubelles\" class=\"post-title\">Rappel | Collecte des poubelles<\/a><\/h5><div class=\"entry-meta\"><span class=\"meta-item data-link\"><time class=\"entry-date updated\" datetime=\"2025-01-31T08:27:48+01:00\">31 janvier 2025<\/time><\/span><\/div><p class=\"short-description\">\ud83d\uddd3\ufe0f Prochaine collecte : mardi 4 f\u00e9vrier ! \u23f0 D\u00e9but des tourn\u00e9es : 5h45 (ou 5h15 en cas de canicule). \ud835\udde3\ud835\uddf2\ud835\uddfb\ud835\ude00\ud835\uddf2\ud835\ude07 \ud835\uddee\u0300 \ud835\ude00\ud835\uddfc\ud835\uddff\ud835\ude01\ud835\uddf6\ud835\uddff \ud835\ude03\ud835\uddfc\ud835\ude00 \ud835\uddfd\ud835\uddfc\ud835\ude02\ud835\uddef\ud835\uddf2\ud835\uddf9\ud835\uddf9\ud835\uddf2\ud835\ude00 \ud835\uddf9\ud835\uddee \ud835\ude03\ud835\uddf2\ud835\uddf6\ud835\uddf9\ud835\uddf9\ud835\uddf2 \ud835\uddee\ud835\ude02 \ud835\ude00\ud835\uddfc\ud835\uddf6\ud835\uddff ! Les collectes ont d\u00e9sormais lieu tous les 15 jours, les mardis des semaines paires. D\u00e9chets collect\u00e9s cette semaine : \ud835\uddfc\ud835\uddff\ud835\uddf4\ud835\uddee\ud835\uddfb\ud835\uddf6\ud835\uddfe\ud835\ude02\ud835\uddf2\ud835\ude00, \ud835\uddff\ud835\uddf2\u0301\ud835\ude00\ud835\uddf6\ud835\uddf1\ud835\ude02\ud835\uddf2\ud835\uddf9\ud835\ude00, \ud835\uddfd\ud835\uddee\ud835\uddfd\ud835\uddf6\ud835\uddf2\ud835\uddff\ud835\ude00-\ud835\uddf0\ud835\uddee\ud835\uddff\ud835\ude01\ud835\uddfc\ud835\uddfb\ud835\ude00 \ud835\uddf2\ud835\ude01 \ud835\ude00\ud835\uddee\ud835\uddf0 \ud835\uddef\ud835\uddf9\ud835\uddf2\ud835\ude02&hellip;<\/p><a href=\"https:\/\/www.modave.be\/index.php\/services_communaux\/rappel-collecte-des-poubelles\/\" target=\"\" aria-label=\"En savoir plus sur Rappel | Collecte des poubelles\" class=\"box-button elementor-button elementor-size-xs\">En savoir plus<i aria-hidden=\"true\" class=\"elementor-button-icon dt-icon-the7-arrow-552\"><\/i><\/a>\t\t\t\t\t\t\t\t<\/div>\n\t\t\t\t\t\t\t<\/div>\n\t\t\t\t\t\t<\/article>\n\t\t\t\t\t<\/div>\t\t\t\t\t\t\t\t\t\t<div class=\"wf-cell visible \">\n\t\t\t\t\t\t<article class=\"post visible wrapper post-14649 services_communaux type-services_communaux status-publish has-post-thumbnail hentry category-intradel description-off\">\n\n\t\t\t\t\t\t\t<div class=\"post-content-wrapper\">\n\t\t\t\t\t\t\t\t\t\t\t\t\t\t\t\t\t<div class=\"the7-simple-post-thumb\">\n\t\t\t\t\t\t\t\t\t\t<a class=\"post-thumbnail-rollover layzr-bg img-css-resize-wrapper\" aria-label=\"Image article\" href=\"https:\/\/www.modave.be\/index.php\/services_communaux\/la-collecte-des-sapins-continue-aujourdhui\/\"><img decoding=\"async\" width=\"1920\" height=\"960\" src=\"data:image\/svg+xml,%3Csvg%20xmlns%3D&#039;http%3A%2F%2Fwww.w3.org%2F2000%2Fsvg&#039;%20viewBox%3D&#039;0%200%201920%20960&#039;%2F%3E\" class=\"attachment-full size-full preload-me aspect lazy lazy-load\" alt=\"\" sizes=\"(max-width: 1920px) 100vw, 1920px\" style=\"--ratio: 1920 \/ 960;\" data-src=\"https:\/\/www.modave.be\/wp-content\/uploads\/2025\/01\/pro-merMyOVx-2-scaled-e1736850763813.jpeg\" loading=\"eager\" data-srcset=\"https:\/\/www.modave.be\/wp-content\/uploads\/2025\/01\/pro-merMyOVx-2-scaled-e1736850763813.jpeg 1920w, https:\/\/www.modave.be\/wp-content\/uploads\/2025\/01\/pro-merMyOVx-2-scaled-e1736850763813-300x150.jpeg 300w, https:\/\/www.modave.be\/wp-content\/uploads\/2025\/01\/pro-merMyOVx-2-scaled-e1736850763813-1024x512.jpeg 1024w, https:\/\/www.modave.be\/wp-content\/uploads\/2025\/01\/pro-merMyOVx-2-scaled-e1736850763813-768x384.jpeg 768w, https:\/\/www.modave.be\/wp-content\/uploads\/2025\/01\/pro-merMyOVx-2-scaled-e1736850763813-1536x768.jpeg 1536w\" \/><span class=\"the7-hover-icon\"><\/span><\/a>\t\t\t\t\t\t\t\t\t<\/div>\n\t\t\t\t\t\t\t\t\t\t\t\t\t\t\t\t<div class=\"post-entry-content\">\n\t\t\t\t\t\t\t\t\t<h5 class=\"heading\"><a href=\"https:\/\/www.modave.be\/index.php\/services_communaux\/la-collecte-des-sapins-continue-aujourdhui\/\" rel=\"bookmark\" title=\"La collecte des sapins continue aujourd&rsquo;hui !\" class=\"post-title\">La collecte des sapins continue aujourd&rsquo;hui !<\/a><\/h5><div class=\"entry-meta\"><span class=\"meta-item data-link\"><time class=\"entry-date updated\" datetime=\"2025-01-14T11:32:54+01:00\">14 janvier 2025<\/time><\/span><\/div><p class=\"short-description\">\ud835\udde1\ud835\uddfc\ud835\ude00 \ud835\uddf2\u0301\ud835\uddfe\ud835\ude02\ud835\uddf6\ud835\uddfd\ud835\uddf2\ud835\ude00 \ud835\uddfd\ud835\uddfc\ud835\ude02\ud835\uddff\ud835\ude00\ud835\ude02\ud835\uddf6\ud835\ude03\ud835\uddf2\ud835\uddfb\ud835\ude01 \ud835\uddf9\ud835\uddf2\ud835\ude02\ud835\uddff \ud835\ude01\ud835\uddff\ud835\uddee\ud835\ude03\ud835\uddee\ud835\uddf6\ud835\uddf9 \ud835\uddee\ud835\ude02\ud835\uddf7\ud835\uddfc\ud835\ude02\ud835\uddff\ud835\uddf1\u2019\ud835\uddf5\ud835\ude02\ud835\uddf6 \ud835\uddee\u0300 \ud835\udde9\ud835\uddf6\ud835\uddf2\ud835\uddff\ud835\ude00\ud835\uddf2\ud835\ude01 \ud835\uddf2\ud835\ude01 \ud835\udde6\ud835\ude01\ud835\uddff\ud835\uddf2\u0301\ud835\uddf2, \ud835\uddfc\ud835\ude02\u0300 \ud835\ude03\ud835\uddfc\ud835\ude00 \ud835\ude00\ud835\uddee\ud835\uddfd\ud835\uddf6\ud835\uddfb\ud835\ude00 \ud835\ude00\ud835\uddf2\ud835\uddff\ud835\uddfc\ud835\uddfb\ud835\ude01 \ud835\uddf0\ud835\uddfc\ud835\uddf9\ud835\uddf9\ud835\uddf2\ud835\uddf0\ud835\ude01\ud835\uddf2\u0301\ud835\ude00 \ud835\uddee\ud835\ude03\ud835\uddf2\ud835\uddf0 \ud835\ude00\ud835\uddfc\ud835\uddf6\ud835\uddfb. Hier, c\u2019\u00e9tait au tour de Modave et Outrelouxhe d\u2019\u00eatre concern\u00e9s par cette op\u00e9ration. \ud835\udde8\ud835\uddfb \ud835\uddf6\ud835\uddfa\ud835\uddfa\ud835\uddf2\ud835\uddfb\ud835\ude00\ud835\uddf2 \ud835\uddfa\ud835\uddf2\ud835\uddff\ud835\uddf0\ud835\uddf6 \ud835\uddee\u0300 \ud835\uddfb\ud835\uddfc\ud835\ude00 \ud835\uddf2\u0301\ud835\uddfe\ud835\ude02\ud835\uddf6\ud835\uddfd\ud835\uddf2\ud835\ude00 \ud835\uddfd\ud835\uddfc\ud835\ude02\ud835\uddff \ud835\uddf9\ud835\uddf2\ud835\ude02\ud835\uddff \ud835\uddf1\ud835\uddf2\u0301\ud835\ude01\ud835\uddf2\ud835\uddff\ud835\uddfa\ud835\uddf6\ud835\uddfb\ud835\uddee\ud835\ude01\ud835\uddf6\ud835\uddfc\ud835\uddfb \ud835\uddf2\ud835\ude01 \ud835\uddf9\ud835\uddf2\ud835\ude02\ud835\uddff \ud835\uddf2\ud835\uddf3\ud835\uddf3\ud835\uddf6\ud835\uddf0\ud835\uddee\ud835\uddf0\ud835\uddf6\ud835\ude01\ud835\uddf2\u0301 ! \ud835\udde9\ud835\uddfc\ud835\ude01\ud835\uddff\ud835\uddf2 \ud835\uddf2\ud835\uddfb\ud835\uddf4\ud835\uddee\ud835\uddf4\ud835\uddf2\ud835\uddfa\ud835\uddf2\ud835\uddfb\ud835\ude01 \ud835\uddf2\ud835\ude00\ud835\ude01 \ud835\uddf2\ud835\ude00\ud835\ude00\ud835\uddf2\ud835\uddfb\ud835\ude01\ud835\uddf6\ud835\uddf2\ud835\uddf9 \ud835\uddf2\ud835\ude01 \ud835\uddee\ud835\uddfd\ud835\uddfd\ud835\uddff\ud835\uddf2\u0301\ud835\uddf0\ud835\uddf6\ud835\uddf2\u0301 \ud835\uddf1\ud835\uddf2 \ud835\ude01\ud835\uddfc\ud835\ude02\ud835\ude00. Belle journ\u00e9e \u00e0 toutes&hellip;<\/p><a href=\"https:\/\/www.modave.be\/index.php\/services_communaux\/la-collecte-des-sapins-continue-aujourdhui\/\" target=\"\" aria-label=\"En savoir plus sur La collecte des sapins continue aujourd&rsquo;hui !\" class=\"box-button elementor-button elementor-size-xs\">En savoir plus<i aria-hidden=\"true\" class=\"elementor-button-icon dt-icon-the7-arrow-552\"><\/i><\/a>\t\t\t\t\t\t\t\t<\/div>\n\t\t\t\t\t\t\t<\/div>\n\t\t\t\t\t\t<\/article>\n\t\t\t\t\t<\/div>\t\t\t\t\t\t\t\t\t\t<div class=\"wf-cell visible \">\n\t\t\t\t\t\t<article class=\"post visible wrapper post-14610 services_communaux type-services_communaux status-publish has-post-thumbnail hentry category-intradel description-off\">\n\n\t\t\t\t\t\t\t<div class=\"post-content-wrapper\">\n\t\t\t\t\t\t\t\t\t\t\t\t\t\t\t\t\t<div class=\"the7-simple-post-thumb\">\n\t\t\t\t\t\t\t\t\t\t<a class=\"post-thumbnail-rollover layzr-bg img-css-resize-wrapper\" aria-label=\"Image article\" href=\"https:\/\/www.modave.be\/index.php\/services_communaux\/collecte-des-sapins-de-noel-le-13-janvier-2025\/\"><img decoding=\"async\" width=\"1920\" height=\"960\" src=\"data:image\/svg+xml,%3Csvg%20xmlns%3D&#039;http%3A%2F%2Fwww.w3.org%2F2000%2Fsvg&#039;%20viewBox%3D&#039;0%200%201920%20960&#039;%2F%3E\" class=\"attachment-full size-full preload-me aspect lazy lazy-load\" alt=\"\" sizes=\"(max-width: 1920px) 100vw, 1920px\" style=\"--ratio: 1920 \/ 960;\" data-src=\"https:\/\/www.modave.be\/wp-content\/uploads\/2025\/01\/vlcsnap-2025-01-03-11h56m37s637-e1735901925938.png\" loading=\"eager\" data-srcset=\"https:\/\/www.modave.be\/wp-content\/uploads\/2025\/01\/vlcsnap-2025-01-03-11h56m37s637-e1735901925938.png 1920w, https:\/\/www.modave.be\/wp-content\/uploads\/2025\/01\/vlcsnap-2025-01-03-11h56m37s637-e1735901925938-300x150.png 300w, https:\/\/www.modave.be\/wp-content\/uploads\/2025\/01\/vlcsnap-2025-01-03-11h56m37s637-e1735901925938-1024x512.png 1024w, https:\/\/www.modave.be\/wp-content\/uploads\/2025\/01\/vlcsnap-2025-01-03-11h56m37s637-e1735901925938-768x384.png 768w, https:\/\/www.modave.be\/wp-content\/uploads\/2025\/01\/vlcsnap-2025-01-03-11h56m37s637-e1735901925938-1536x768.png 1536w\" \/><span class=\"the7-hover-icon\"><\/span><\/a>\t\t\t\t\t\t\t\t\t<\/div>\n\t\t\t\t\t\t\t\t\t\t\t\t\t\t\t\t<div class=\"post-entry-content\">\n\t\t\t\t\t\t\t\t\t<h5 class=\"heading\"><a href=\"https:\/\/www.modave.be\/index.php\/services_communaux\/collecte-des-sapins-de-noel-le-13-janvier-2025\/\" rel=\"bookmark\" title=\"Collecte des sapins de No\u00ebl | Le 13 janvier 2025\" class=\"post-title\">Collecte des sapins de No\u00ebl | Le 13 janvier 2025<\/a><\/h5><div class=\"entry-meta\"><span class=\"meta-item data-link\"><time class=\"entry-date updated\" datetime=\"2025-01-13T09:29:00+01:00\">13 janvier 2025<\/time><\/span><\/div><p class=\"short-description\">\ud83c\udf32 Collecte des sapins de No\u00ebl \ud83c\udf32 \ud83c\udf89 Bonne nouvelle ! La collecte des sapins qui n&rsquo;avait pas pu avoir lieu est relanc\u00e9e aujourd\u2019hui, samedi 13 janvier 2024. \ud83c\udf84 Vous souhaitez que votre sapin de No\u00ebl soit collect\u00e9 ?\ud83d\udee3\ufe0f D\u00e9posez-le simplement \u00e0 rue pour qu&rsquo;il soit ramass\u00e9 par les services communaux.\u2705 Aucune inscription n\u2019est n\u00e9cessaire.\ud83d\udca1&hellip;<\/p><a href=\"https:\/\/www.modave.be\/index.php\/services_communaux\/collecte-des-sapins-de-noel-le-13-janvier-2025\/\" target=\"\" aria-label=\"En savoir plus sur Collecte des sapins de No\u00ebl | Le 13 janvier 2025\" class=\"box-button elementor-button elementor-size-xs\">En savoir plus<i aria-hidden=\"true\" class=\"elementor-button-icon dt-icon-the7-arrow-552\"><\/i><\/a>\t\t\t\t\t\t\t\t<\/div>\n\t\t\t\t\t\t\t<\/div>\n\t\t\t\t\t\t<\/article>\n\t\t\t\t\t<\/div>\t\t\t\t\t\t\t\t\t\t<div class=\"wf-cell visible \">\n\t\t\t\t\t\t<article class=\"post visible wrapper post-14360 services_communaux type-services_communaux status-publish has-post-thumbnail hentry category-intradel description-off\">\n\n\t\t\t\t\t\t\t<div class=\"post-content-wrapper\">\n\t\t\t\t\t\t\t\t\t\t\t\t\t\t\t\t\t<div class=\"the7-simple-post-thumb\">\n\t\t\t\t\t\t\t\t\t\t<a class=\"post-thumbnail-rollover layzr-bg img-css-resize-wrapper\" aria-label=\"Image article\" href=\"https:\/\/www.modave.be\/index.php\/services_communaux\/collecte-des-sapins-de-noel-9-et-10-janvier-2025\/\"><img decoding=\"async\" width=\"1920\" height=\"960\" src=\"data:image\/svg+xml,%3Csvg%20xmlns%3D&#039;http%3A%2F%2Fwww.w3.org%2F2000%2Fsvg&#039;%20viewBox%3D&#039;0%200%201920%20960&#039;%2F%3E\" class=\"attachment-full size-full preload-me aspect lazy lazy-load\" alt=\"\" sizes=\"(max-width: 1920px) 100vw, 1920px\" style=\"--ratio: 1920 \/ 960;\" data-src=\"https:\/\/www.modave.be\/wp-content\/uploads\/2025\/01\/vlcsnap-2025-01-03-11h56m37s637-e1735901925938.png\" loading=\"eager\" data-srcset=\"https:\/\/www.modave.be\/wp-content\/uploads\/2025\/01\/vlcsnap-2025-01-03-11h56m37s637-e1735901925938.png 1920w, https:\/\/www.modave.be\/wp-content\/uploads\/2025\/01\/vlcsnap-2025-01-03-11h56m37s637-e1735901925938-300x150.png 300w, https:\/\/www.modave.be\/wp-content\/uploads\/2025\/01\/vlcsnap-2025-01-03-11h56m37s637-e1735901925938-1024x512.png 1024w, https:\/\/www.modave.be\/wp-content\/uploads\/2025\/01\/vlcsnap-2025-01-03-11h56m37s637-e1735901925938-768x384.png 768w, https:\/\/www.modave.be\/wp-content\/uploads\/2025\/01\/vlcsnap-2025-01-03-11h56m37s637-e1735901925938-1536x768.png 1536w\" \/><span class=\"the7-hover-icon\"><\/span><\/a>\t\t\t\t\t\t\t\t\t<\/div>\n\t\t\t\t\t\t\t\t\t\t\t\t\t\t\t\t<div class=\"post-entry-content\">\n\t\t\t\t\t\t\t\t\t<h5 class=\"heading\"><a href=\"https:\/\/www.modave.be\/index.php\/services_communaux\/collecte-des-sapins-de-noel-9-et-10-janvier-2025\/\" rel=\"bookmark\" title=\"Collecte des sapins de No\u00ebl | 9 et 10 janvier 2025\" class=\"post-title\">Collecte des sapins de No\u00ebl | 9 et 10 janvier 2025<\/a><\/h5><div class=\"entry-meta\"><span class=\"meta-item data-link\"><time class=\"entry-date updated\" datetime=\"2025-01-03T11:58:54+01:00\">3 janvier 2025<\/time><\/span><\/div><p class=\"short-description\">\ud83c\udf32 Collecte des sapins de No\u00ebl \ud83c\udf32 Vous souhaitez que votre sapin de No\u00ebl soit collect\u00e9 ?D\u00e9posez-le simplement \u00e0 rue pour qu&rsquo;il soit ramass\u00e9 par les services communaux. \ud83d\udcc5 Quand ?\u27a1\ufe0f Les 9 et 10 janvier 2024. \u2705 Aucune inscription n\u2019est n\u00e9cessaire. \ud83d\udca1 Astuce : Pensez \u00e0 retirer toutes les d\u00e9corations avant de le d\u00e9poser&hellip;<\/p><a href=\"https:\/\/www.modave.be\/index.php\/services_communaux\/collecte-des-sapins-de-noel-9-et-10-janvier-2025\/\" target=\"\" aria-label=\"En savoir plus sur Collecte des sapins de No\u00ebl | 9 et 10 janvier 2025\" class=\"box-button elementor-button elementor-size-xs\">En savoir plus<i aria-hidden=\"true\" class=\"elementor-button-icon dt-icon-the7-arrow-552\"><\/i><\/a>\t\t\t\t\t\t\t\t<\/div>\n\t\t\t\t\t\t\t<\/div>\n\t\t\t\t\t\t<\/article>\n\t\t\t\t\t<\/div>\t\t\t\t\t\t\t\t\t\t<div class=\"wf-cell visible \">\n\t\t\t\t\t\t<article class=\"post visible wrapper post-13998 services_communaux type-services_communaux status-publish has-post-thumbnail hentry category-intradel description-off\">\n\n\t\t\t\t\t\t\t<div class=\"post-content-wrapper\">\n\t\t\t\t\t\t\t\t\t\t\t\t\t\t\t\t\t<div class=\"the7-simple-post-thumb\">\n\t\t\t\t\t\t\t\t\t\t<a class=\"post-thumbnail-rollover layzr-bg img-css-resize-wrapper\" aria-label=\"Image article\" href=\"https:\/\/www.modave.be\/index.php\/services_communaux\/intradel-calendrier-des-collectes-2025\/\"><img decoding=\"async\" width=\"1024\" height=\"512\" src=\"data:image\/svg+xml,%3Csvg%20xmlns%3D&#039;http%3A%2F%2Fwww.w3.org%2F2000%2Fsvg&#039;%20viewBox%3D&#039;0%200%201024%20512&#039;%2F%3E\" class=\"attachment-full size-full preload-me aspect lazy lazy-load\" alt=\"\" sizes=\"(max-width: 1024px) 100vw, 1024px\" style=\"--ratio: 1024 \/ 512;\" data-src=\"https:\/\/www.modave.be\/wp-content\/uploads\/2024\/11\/Couverture.jpg\" loading=\"eager\" data-srcset=\"https:\/\/www.modave.be\/wp-content\/uploads\/2024\/11\/Couverture.jpg 1024w, https:\/\/www.modave.be\/wp-content\/uploads\/2024\/11\/Couverture-300x150.jpg 300w, https:\/\/www.modave.be\/wp-content\/uploads\/2024\/11\/Couverture-768x384.jpg 768w\" \/><span class=\"the7-hover-icon\"><\/span><\/a>\t\t\t\t\t\t\t\t\t<\/div>\n\t\t\t\t\t\t\t\t\t\t\t\t\t\t\t\t<div class=\"post-entry-content\">\n\t\t\t\t\t\t\t\t\t<h5 class=\"heading\"><a href=\"https:\/\/www.modave.be\/index.php\/services_communaux\/intradel-calendrier-des-collectes-2025\/\" rel=\"bookmark\" title=\"Intradel | Calendrier des collectes 2025\" class=\"post-title\">Intradel | Calendrier des collectes 2025<\/a><\/h5><div class=\"entry-meta\"><span class=\"meta-item data-link\"><time class=\"entry-date updated\" datetime=\"2024-12-23T08:17:48+01:00\">23 d\u00e9cembre 2024<\/time><\/span><\/div><p class=\"short-description\">Chers citoyens, Nous vous invitons \u00e0 consulter le calendrier des collectes pour l&rsquo;ann\u00e9e 2025. Ce document contient toutes les informations utiles concernant les collectes de d\u00e9chets dans la commune de Modave : \ud83d\udcc6 Attention aux nouveaux jours de collecte : Pour plus de d\u00e9tails, t\u00e9l\u00e9chargez le document en cliquant sur le lien ci-dessous : Merci&hellip;<\/p><a href=\"https:\/\/www.modave.be\/index.php\/services_communaux\/intradel-calendrier-des-collectes-2025\/\" target=\"\" aria-label=\"En savoir plus sur Intradel | Calendrier des collectes 2025\" class=\"box-button elementor-button elementor-size-xs\">En savoir plus<i aria-hidden=\"true\" class=\"elementor-button-icon dt-icon-the7-arrow-552\"><\/i><\/a>\t\t\t\t\t\t\t\t<\/div>\n\t\t\t\t\t\t\t<\/div>\n\t\t\t\t\t\t<\/article>\n\t\t\t\t\t<\/div>\t\t\t\t\t\t\t\t\t\t<div class=\"wf-cell visible \">\n\t\t\t\t\t\t<article class=\"post visible wrapper post-14268 services_communaux type-services_communaux status-publish has-post-thumbnail hentry category-intradel description-off\">\n\n\t\t\t\t\t\t\t<div class=\"post-content-wrapper\">\n\t\t\t\t\t\t\t\t\t\t\t\t\t\t\t\t\t<div class=\"the7-simple-post-thumb\">\n\t\t\t\t\t\t\t\t\t\t<a class=\"post-thumbnail-rollover layzr-bg img-css-resize-wrapper\" aria-label=\"Image article\" href=\"https:\/\/www.modave.be\/index.php\/services_communaux\/nouveau-calendrier-intradel-nouvelle-organisation-pret-pour-2025\/\"><img decoding=\"async\" width=\"600\" height=\"300\" src=\"data:image\/svg+xml,%3Csvg%20xmlns%3D&#039;http%3A%2F%2Fwww.w3.org%2F2000%2Fsvg&#039;%20viewBox%3D&#039;0%200%20600%20300&#039;%2F%3E\" class=\"attachment-full size-full preload-me aspect lazy lazy-load\" alt=\"\" sizes=\"(max-width: 600px) 100vw, 600px\" style=\"--ratio: 600 \/ 300;\" data-src=\"https:\/\/www.modave.be\/wp-content\/uploads\/2024\/01\/conteneur-en-ligne-e1732010277168.jpg\" loading=\"eager\" data-srcset=\"https:\/\/www.modave.be\/wp-content\/uploads\/2024\/01\/conteneur-en-ligne-e1732010277168.jpg 600w, https:\/\/www.modave.be\/wp-content\/uploads\/2024\/01\/conteneur-en-ligne-e1732010277168-300x150.jpg 300w\" \/><span class=\"the7-hover-icon\"><\/span><\/a>\t\t\t\t\t\t\t\t\t<\/div>\n\t\t\t\t\t\t\t\t\t\t\t\t\t\t\t\t<div class=\"post-entry-content\">\n\t\t\t\t\t\t\t\t\t<h5 class=\"heading\"><a href=\"https:\/\/www.modave.be\/index.php\/services_communaux\/nouveau-calendrier-intradel-nouvelle-organisation-pret-pour-2025\/\" rel=\"bookmark\" title=\"Nouveau calendrier Intradel, nouvelle organisation : pr\u00eat pour 2025 ?\" class=\"post-title\">Nouveau calendrier Intradel, nouvelle organisation : pr\u00eat pour 2025 ?<\/a><\/h5><div class=\"entry-meta\"><span class=\"meta-item data-link\"><time class=\"entry-date updated\" datetime=\"2024-12-17T14:15:39+01:00\">17 d\u00e9cembre 2024<\/time><\/span><\/div><p class=\"short-description\">\u00c0 partir du 2 janvier 2025, les collectes de d\u00e9chets en porte-\u00e0-porte \u00e9volueront pour se d\u00e9rouler une semaine sur deux. Pas d\u2019inqui\u00e9tude, cela reste simple : Les mardis des semaines paires seront d\u00e9sormais vos journ\u00e9es de collecte ! Pensez \u00e0 sortir vos conteneurs la veille. Ces changements ont un objectif clair : BONNE NOUVELLE !&hellip;<\/p><a href=\"https:\/\/www.modave.be\/index.php\/services_communaux\/nouveau-calendrier-intradel-nouvelle-organisation-pret-pour-2025\/\" target=\"\" aria-label=\"En savoir plus sur Nouveau calendrier Intradel, nouvelle organisation : pr\u00eat pour 2025 ?\" class=\"box-button elementor-button elementor-size-xs\">En savoir plus<i aria-hidden=\"true\" class=\"elementor-button-icon dt-icon-the7-arrow-552\"><\/i><\/a>\t\t\t\t\t\t\t\t<\/div>\n\t\t\t\t\t\t\t<\/div>\n\t\t\t\t\t\t<\/article>\n\t\t\t\t\t<\/div>\t\t\t\t\t\t\t\t\t\t<div class=\"wf-cell visible \">\n\t\t\t\t\t\t<article class=\"post visible wrapper post-13439 services_communaux type-services_communaux status-publish has-post-thumbnail hentry category-intradel description-off\">\n\n\t\t\t\t\t\t\t<div class=\"post-content-wrapper\">\n\t\t\t\t\t\t\t\t\t\t\t\t\t\t\t\t\t<div class=\"the7-simple-post-thumb\">\n\t\t\t\t\t\t\t\t\t\t<a class=\"post-thumbnail-rollover layzr-bg img-css-resize-wrapper\" aria-label=\"Image article\" href=\"https:\/\/www.modave.be\/index.php\/services_communaux\/information-pratique-bulles-a-verre-changement-demplacement\/\"><img decoding=\"async\" width=\"2560\" height=\"1280\" src=\"data:image\/svg+xml,%3Csvg%20xmlns%3D&#039;http%3A%2F%2Fwww.w3.org%2F2000%2Fsvg&#039;%20viewBox%3D&#039;0%200%202560%201280&#039;%2F%3E\" class=\"attachment-full size-full preload-me aspect lazy lazy-load\" alt=\"\" sizes=\"(max-width: 2560px) 100vw, 2560px\" style=\"--ratio: 2560 \/ 1280;\" data-src=\"https:\/\/www.modave.be\/wp-content\/uploads\/2024\/09\/changement_bulle-a-verre-8-scaled-e1727703000467.jpg\" loading=\"eager\" data-srcset=\"https:\/\/www.modave.be\/wp-content\/uploads\/2024\/09\/changement_bulle-a-verre-8-scaled-e1727703000467.jpg 2560w, https:\/\/www.modave.be\/wp-content\/uploads\/2024\/09\/changement_bulle-a-verre-8-scaled-e1727703000467-300x150.jpg 300w, https:\/\/www.modave.be\/wp-content\/uploads\/2024\/09\/changement_bulle-a-verre-8-scaled-e1727703000467-1024x512.jpg 1024w, https:\/\/www.modave.be\/wp-content\/uploads\/2024\/09\/changement_bulle-a-verre-8-scaled-e1727703000467-768x384.jpg 768w, https:\/\/www.modave.be\/wp-content\/uploads\/2024\/09\/changement_bulle-a-verre-8-scaled-e1727703000467-1536x768.jpg 1536w, https:\/\/www.modave.be\/wp-content\/uploads\/2024\/09\/changement_bulle-a-verre-8-scaled-e1727703000467-2048x1024.jpg 2048w\" \/><span class=\"the7-hover-icon\"><\/span><\/a>\t\t\t\t\t\t\t\t\t<\/div>\n\t\t\t\t\t\t\t\t\t\t\t\t\t\t\t\t<div class=\"post-entry-content\">\n\t\t\t\t\t\t\t\t\t<h5 class=\"heading\"><a href=\"https:\/\/www.modave.be\/index.php\/services_communaux\/information-pratique-bulles-a-verre-changement-demplacement\/\" rel=\"bookmark\" title=\"Information pratique | Bulles \u00e0 verre | Changement d&#8217;emplacement\" class=\"post-title\">Information pratique | Bulles \u00e0 verre | Changement d&#8217;emplacement<\/a><\/h5><div class=\"entry-meta\"><span class=\"meta-item data-link\"><time class=\"entry-date updated\" datetime=\"2024-11-25T10:49:43+01:00\">25 novembre 2024<\/time><\/span><\/div><p class=\"short-description\">Changement d&#8217;emplacement des bulles \u00e0 verres Nous vous informons que l&#8217;emplacement des bulles \u00e0 verre \u00e0 la Rue des Hayettes (Vierset), \u00e0 c\u00f4t\u00e9 du cimeti\u00e8re, ne sera plus utilis\u00e9. Nouvelle installation moderne : De nouvelles bulles \u00e0 verre, plus modernes et accessibles, ont \u00e9t\u00e9 install\u00e9es \u00e0 l&rsquo;entr\u00e9e du Complexe Sportif de Vierset. Cet emplacement facilitera&hellip;<\/p><a href=\"https:\/\/www.modave.be\/index.php\/services_communaux\/information-pratique-bulles-a-verre-changement-demplacement\/\" target=\"\" aria-label=\"En savoir plus sur Information pratique | Bulles \u00e0 verre | Changement d&#8217;emplacement\" class=\"box-button elementor-button elementor-size-xs\">En savoir plus<i aria-hidden=\"true\" class=\"elementor-button-icon dt-icon-the7-arrow-552\"><\/i><\/a>\t\t\t\t\t\t\t\t<\/div>\n\t\t\t\t\t\t\t<\/div>\n\t\t\t\t\t\t<\/article>\n\t\t\t\t\t<\/div>\t\t\t\t\t\t\t\t\t\t<div class=\"wf-cell visible \">\n\t\t\t\t\t\t<article class=\"post visible wrapper post-13990 services_communaux type-services_communaux status-publish has-post-thumbnail hentry category-intradel description-off\">\n\n\t\t\t\t\t\t\t<div class=\"post-content-wrapper\">\n\t\t\t\t\t\t\t\t\t\t\t\t\t\t\t\t\t<div class=\"the7-simple-post-thumb\">\n\t\t\t\t\t\t\t\t\t\t<a class=\"post-thumbnail-rollover layzr-bg img-css-resize-wrapper\" aria-label=\"Image article\" href=\"https:\/\/www.modave.be\/index.php\/services_communaux\/changement-de-collecteur-de-dechets-information-importante\/\"><img decoding=\"async\" width=\"600\" height=\"300\" src=\"data:image\/svg+xml,%3Csvg%20xmlns%3D&#039;http%3A%2F%2Fwww.w3.org%2F2000%2Fsvg&#039;%20viewBox%3D&#039;0%200%20600%20300&#039;%2F%3E\" class=\"attachment-full size-full preload-me aspect lazy lazy-load\" alt=\"\" sizes=\"(max-width: 600px) 100vw, 600px\" style=\"--ratio: 600 \/ 300;\" data-src=\"https:\/\/www.modave.be\/wp-content\/uploads\/2024\/01\/conteneur-en-ligne-e1732010277168.jpg\" loading=\"eager\" data-srcset=\"https:\/\/www.modave.be\/wp-content\/uploads\/2024\/01\/conteneur-en-ligne-e1732010277168.jpg 600w, https:\/\/www.modave.be\/wp-content\/uploads\/2024\/01\/conteneur-en-ligne-e1732010277168-300x150.jpg 300w\" \/><span class=\"the7-hover-icon\"><\/span><\/a>\t\t\t\t\t\t\t\t\t<\/div>\n\t\t\t\t\t\t\t\t\t\t\t\t\t\t\t\t<div class=\"post-entry-content\">\n\t\t\t\t\t\t\t\t\t<h5 class=\"heading\"><a href=\"https:\/\/www.modave.be\/index.php\/services_communaux\/changement-de-collecteur-de-dechets-information-importante\/\" rel=\"bookmark\" title=\"Changement de collecteur de d\u00e9chets &#8211; Information importante\" class=\"post-title\">Changement de collecteur de d\u00e9chets &#8211; Information importante<\/a><\/h5><div class=\"entry-meta\"><span class=\"meta-item data-link\"><time class=\"entry-date updated\" datetime=\"2024-11-19T10:58:13+01:00\">19 novembre 2024<\/time><\/span><\/div><p class=\"short-description\">La Commune de Modave souhaite rappeler \u00e0 ses citoyens que, suite \u00e0 un changement de collecteur, c\u2019est d\u00e9sormais la soci\u00e9t\u00e9 Vanheede qui assure la collecte des d\u00e9chets. \ud83d\udcc6 Nouveaux jours de collecte d\u00e8s le 2 janvier 2025 :Les collectes de d\u00e9chets auront lieu tous les 15 jours, le mardi des semaines paires.Cette adaptation, r\u00e9alis\u00e9e en&hellip;<\/p><a href=\"https:\/\/www.modave.be\/index.php\/services_communaux\/changement-de-collecteur-de-dechets-information-importante\/\" target=\"\" aria-label=\"En savoir plus sur Changement de collecteur de d\u00e9chets &#8211; Information importante\" class=\"box-button elementor-button elementor-size-xs\">En savoir plus<i aria-hidden=\"true\" class=\"elementor-button-icon dt-icon-the7-arrow-552\"><\/i><\/a>\t\t\t\t\t\t\t\t<\/div>\n\t\t\t\t\t\t\t<\/div>\n\t\t\t\t\t\t<\/article>\n\t\t\t\t\t<\/div>\t\t\t\t\t\t\t\t\t\t<div class=\"wf-cell visible \">\n\t\t\t\t\t\t<article class=\"post visible wrapper post-13498 services_communaux type-services_communaux status-publish has-post-thumbnail hentry category-intradel description-off\">\n\n\t\t\t\t\t\t\t<div class=\"post-content-wrapper\">\n\t\t\t\t\t\t\t\t\t\t\t\t\t\t\t\t\t<div class=\"the7-simple-post-thumb\">\n\t\t\t\t\t\t\t\t\t\t<a class=\"post-thumbnail-rollover layzr-bg img-css-resize-wrapper\" aria-label=\"Image article\" href=\"https:\/\/www.modave.be\/index.php\/services_communaux\/intradel-recyparc-collecte-de-jouets\/\"><img decoding=\"async\" width=\"964\" height=\"482\" src=\"data:image\/svg+xml,%3Csvg%20xmlns%3D&#039;http%3A%2F%2Fwww.w3.org%2F2000%2Fsvg&#039;%20viewBox%3D&#039;0%200%20964%20482&#039;%2F%3E\" class=\"attachment-full size-full preload-me aspect lazy lazy-load\" alt=\"\" sizes=\"(max-width: 964px) 100vw, 964px\" style=\"--ratio: 964 \/ 482;\" data-src=\"https:\/\/www.modave.be\/wp-content\/uploads\/2024\/10\/FACEBOOK_COVER-2024_JOUETS-e1727964181958.jpg\" loading=\"eager\" data-srcset=\"https:\/\/www.modave.be\/wp-content\/uploads\/2024\/10\/FACEBOOK_COVER-2024_JOUETS-e1727964181958.jpg 964w, https:\/\/www.modave.be\/wp-content\/uploads\/2024\/10\/FACEBOOK_COVER-2024_JOUETS-e1727964181958-300x150.jpg 300w, https:\/\/www.modave.be\/wp-content\/uploads\/2024\/10\/FACEBOOK_COVER-2024_JOUETS-e1727964181958-768x384.jpg 768w\" \/><span class=\"the7-hover-icon\"><\/span><\/a>\t\t\t\t\t\t\t\t\t<\/div>\n\t\t\t\t\t\t\t\t\t\t\t\t\t\t\t\t<div class=\"post-entry-content\">\n\t\t\t\t\t\t\t\t\t<h5 class=\"heading\"><a href=\"https:\/\/www.modave.be\/index.php\/services_communaux\/intradel-recyparc-collecte-de-jouets\/\" rel=\"bookmark\" title=\"Intradel \/ Recyparc | Collecte de jouets\" class=\"post-title\">Intradel \/ Recyparc | Collecte de jouets<\/a><\/h5><div class=\"entry-meta\"><span class=\"meta-item data-link\"><time class=\"entry-date updated\" datetime=\"2024-10-11T16:00:00+02:00\">11 octobre 2024<\/time><\/span><\/div><p class=\"short-description\">Collecte de jouets en bon \u00e9tat \u2013 Faites un geste solidaire ! Quand ? Le samedi 19 octobre 2024, de 9h \u00e0 17hO\u00f9 ? Dans les recyparcs de la zone Intradel Pour trouver un recyparc proche de chez vous, rendez-vous sur ce lien : https:\/\/www.intradel.be\/trier-ses-dechets\/recyparcs\/trouver-un-recyparc.htm?lng=fr La Commune de Modave, en partenariat avec Intradel, vous invite&hellip;<\/p><a href=\"https:\/\/www.modave.be\/index.php\/services_communaux\/intradel-recyparc-collecte-de-jouets\/\" target=\"\" aria-label=\"En savoir plus sur Intradel \/ Recyparc | Collecte de jouets\" class=\"box-button elementor-button elementor-size-xs\">En savoir plus<i aria-hidden=\"true\" class=\"elementor-button-icon dt-icon-the7-arrow-552\"><\/i><\/a>\t\t\t\t\t\t\t\t<\/div>\n\t\t\t\t\t\t\t<\/div>\n\t\t\t\t\t\t<\/article>\n\t\t\t\t\t<\/div>\t\t\t\t\t\t\t\t\t\t<div class=\"wf-cell visible \">\n\t\t\t\t\t\t<article class=\"post visible wrapper post-11963 services_communaux type-services_communaux status-publish has-post-thumbnail hentry category-intradel description-off\">\n\n\t\t\t\t\t\t\t<div class=\"post-content-wrapper\">\n\t\t\t\t\t\t\t\t\t\t\t\t\t\t\t\t\t<div class=\"the7-simple-post-thumb\">\n\t\t\t\t\t\t\t\t\t\t<a class=\"post-thumbnail-rollover layzr-bg img-css-resize-wrapper\" aria-label=\"Image article\" href=\"https:\/\/www.modave.be\/index.php\/services_communaux\/jamais-sans-ma-gourde-prime-a-lachat-dune-bonne-gourde\/\"><img decoding=\"async\" width=\"2560\" height=\"1196\" src=\"data:image\/svg+xml,%3Csvg%20xmlns%3D&#039;http%3A%2F%2Fwww.w3.org%2F2000%2Fsvg&#039;%20viewBox%3D&#039;0%200%202560%201196&#039;%2F%3E\" class=\"attachment-full size-full preload-me aspect lazy lazy-load\" alt=\"\" sizes=\"(max-width: 2560px) 100vw, 2560px\" style=\"--ratio: 2560 \/ 1196;\" data-src=\"https:\/\/www.modave.be\/wp-content\/uploads\/2023\/03\/Gourde-scaled-e1678270103343.jpg\" loading=\"eager\" data-srcset=\"https:\/\/www.modave.be\/wp-content\/uploads\/2023\/03\/Gourde-scaled-e1678270103343.jpg 2560w, https:\/\/www.modave.be\/wp-content\/uploads\/2023\/03\/Gourde-scaled-e1678270103343-300x140.jpg 300w, https:\/\/www.modave.be\/wp-content\/uploads\/2023\/03\/Gourde-scaled-e1678270103343-1024x478.jpg 1024w, https:\/\/www.modave.be\/wp-content\/uploads\/2023\/03\/Gourde-scaled-e1678270103343-768x359.jpg 768w, https:\/\/www.modave.be\/wp-content\/uploads\/2023\/03\/Gourde-scaled-e1678270103343-1536x718.jpg 1536w, https:\/\/www.modave.be\/wp-content\/uploads\/2023\/03\/Gourde-scaled-e1678270103343-2048x957.jpg 2048w\" \/><span class=\"the7-hover-icon\"><\/span><\/a>\t\t\t\t\t\t\t\t\t<\/div>\n\t\t\t\t\t\t\t\t\t\t\t\t\t\t\t\t<div class=\"post-entry-content\">\n\t\t\t\t\t\t\t\t\t<h5 class=\"heading\"><a href=\"https:\/\/www.modave.be\/index.php\/services_communaux\/jamais-sans-ma-gourde-prime-a-lachat-dune-bonne-gourde\/\" rel=\"bookmark\" title=\"Jamais sans ma gourde &#8211; Prime \u00e0 l&rsquo;achat d&rsquo;une bonne gourde\" class=\"post-title\">Jamais sans ma gourde &#8211; Prime \u00e0 l&rsquo;achat d&rsquo;une bonne gourde<\/a><\/h5><div class=\"entry-meta\"><span class=\"meta-item data-link\"><time class=\"entry-date updated\" datetime=\"2023-05-17T11:07:31+02:00\">17 mai 2023<\/time><\/span><\/div><p class=\"short-description\">INTRADEL et votre commune vous offrent une prime \u00e0 l\u2019achat d\u2019une gourde de qualit\u00e9 : 50% de votre facture d&rsquo;achat (avec un plafond \u00e0 15\u20ac\/personne).Pour tout savoir et pour demander la prime, suivrez :&nbsp;&nbsp;https:\/\/bit.ly\/3k9hRak Comment bien choisir ma gourde ? Comment bien entretenir ma gourde ?<\/p><a href=\"https:\/\/www.modave.be\/index.php\/services_communaux\/jamais-sans-ma-gourde-prime-a-lachat-dune-bonne-gourde\/\" target=\"\" aria-label=\"En savoir plus sur Jamais sans ma gourde &#8211; Prime \u00e0 l&rsquo;achat d&rsquo;une bonne gourde\" class=\"box-button elementor-button elementor-size-xs\">En savoir plus<i aria-hidden=\"true\" class=\"elementor-button-icon dt-icon-the7-arrow-552\"><\/i><\/a>\t\t\t\t\t\t\t\t<\/div>\n\t\t\t\t\t\t\t<\/div>\n\t\t\t\t\t\t<\/article>\n\t\t\t\t\t<\/div>\t\t\t\t\t\t\t\t\t\t<div class=\"wf-cell visible \">\n\t\t\t\t\t\t<article class=\"post visible wrapper post-12111 services_communaux type-services_communaux status-publish has-post-thumbnail hentry category-intradel description-off\">\n\n\t\t\t\t\t\t\t<div class=\"post-content-wrapper\">\n\t\t\t\t\t\t\t\t\t\t\t\t\t\t\t\t\t<div class=\"the7-simple-post-thumb\">\n\t\t\t\t\t\t\t\t\t\t<a class=\"post-thumbnail-rollover layzr-bg img-css-resize-wrapper\" aria-label=\"Image article\" href=\"https:\/\/www.modave.be\/index.php\/services_communaux\/intradel-recyparc-preavis-de-greve-les-8-et-10-mars\/\"><img decoding=\"async\" width=\"2000\" height=\"1310\" src=\"data:image\/svg+xml,%3Csvg%20xmlns%3D&#039;http%3A%2F%2Fwww.w3.org%2F2000%2Fsvg&#039;%20viewBox%3D&#039;0%200%202000%201310&#039;%2F%3E\" class=\"attachment-full size-full preload-me aspect lazy lazy-load\" alt=\"\" sizes=\"(max-width: 2000px) 100vw, 2000px\" style=\"--ratio: 2000 \/ 1310;\" data-src=\"https:\/\/www.modave.be\/wp-content\/uploads\/2023\/03\/greve-intradel.jpg\" loading=\"eager\" data-srcset=\"https:\/\/www.modave.be\/wp-content\/uploads\/2023\/03\/greve-intradel.jpg 2000w, https:\/\/www.modave.be\/wp-content\/uploads\/2023\/03\/greve-intradel-300x197.jpg 300w, https:\/\/www.modave.be\/wp-content\/uploads\/2023\/03\/greve-intradel-1024x671.jpg 1024w, https:\/\/www.modave.be\/wp-content\/uploads\/2023\/03\/greve-intradel-768x503.jpg 768w, https:\/\/www.modave.be\/wp-content\/uploads\/2023\/03\/greve-intradel-1536x1006.jpg 1536w\" \/><span class=\"the7-hover-icon\"><\/span><\/a>\t\t\t\t\t\t\t\t\t<\/div>\n\t\t\t\t\t\t\t\t\t\t\t\t\t\t\t\t<div class=\"post-entry-content\">\n\t\t\t\t\t\t\t\t\t<h5 class=\"heading\"><a href=\"https:\/\/www.modave.be\/index.php\/services_communaux\/intradel-recyparc-preavis-de-greve-les-8-et-10-mars\/\" rel=\"bookmark\" title=\"Intradel \/ Recyparc &#8211; pr\u00e9avis de gr\u00e8ve les 8 et 10 mars\" class=\"post-title\">Intradel \/ Recyparc &#8211; pr\u00e9avis de gr\u00e8ve les 8 et 10 mars<\/a><\/h5><div class=\"entry-meta\"><span class=\"meta-item data-link\"><time class=\"entry-date updated\" datetime=\"2023-03-07T10:06:27+01:00\">7 mars 2023<\/time><\/span><\/div><p class=\"short-description\">Vu les mouvements sociaux annonc\u00e9s ces prochains jours (action en faveur du droit des femmes le mercredi 8 mars &#8211; gr\u00e8ve g\u00e9n\u00e9rale dans l\u2019ensemble des secteurs de la fonction publique le vendredi 10 mars), plusieurs de nos installations seront indisponibles. &nbsp;La situation \u00e9volue de jour en jour mais il appara\u00eet d\u00e8s \u00e0 pr\u00e9sent que&nbsp;:&nbsp; Pour&hellip;<\/p><a href=\"https:\/\/www.modave.be\/index.php\/services_communaux\/intradel-recyparc-preavis-de-greve-les-8-et-10-mars\/\" target=\"\" aria-label=\"En savoir plus sur Intradel \/ Recyparc &#8211; pr\u00e9avis de gr\u00e8ve les 8 et 10 mars\" class=\"box-button elementor-button elementor-size-xs\">En savoir plus<i aria-hidden=\"true\" class=\"elementor-button-icon dt-icon-the7-arrow-552\"><\/i><\/a>\t\t\t\t\t\t\t\t<\/div>\n\t\t\t\t\t\t\t<\/div>\n\t\t\t\t\t\t<\/article>\n\t\t\t\t\t<\/div>\t\t\t\t\t\t\t\t\t\t<div class=\"wf-cell visible \">\n\t\t\t\t\t\t<article class=\"post visible wrapper post-11962 services_communaux type-services_communaux status-publish has-post-thumbnail hentry category-intradel description-off\">\n\n\t\t\t\t\t\t\t<div class=\"post-content-wrapper\">\n\t\t\t\t\t\t\t\t\t\t\t\t\t\t\t\t\t<div class=\"the7-simple-post-thumb\">\n\t\t\t\t\t\t\t\t\t\t<a class=\"post-thumbnail-rollover layzr-bg img-css-resize-wrapper\" aria-label=\"Image article\" href=\"https:\/\/www.modave.be\/index.php\/services_communaux\/planning-2023-pour-lenlevement-des-encombrants\/\"><img decoding=\"async\" width=\"1500\" height=\"1000\" src=\"data:image\/svg+xml,%3Csvg%20xmlns%3D&#039;http%3A%2F%2Fwww.w3.org%2F2000%2Fsvg&#039;%20viewBox%3D&#039;0%200%201500%201000&#039;%2F%3E\" class=\"attachment-full size-full preload-me aspect lazy lazy-load\" alt=\"\" sizes=\"(max-width: 1500px) 100vw, 1500px\" style=\"--ratio: 1500 \/ 1000;\" data-src=\"https:\/\/www.modave.be\/wp-content\/uploads\/2020\/02\/img001-6-1-1.jpg\" loading=\"eager\" data-srcset=\"https:\/\/www.modave.be\/wp-content\/uploads\/2020\/02\/img001-6-1-1.jpg 1500w, https:\/\/www.modave.be\/wp-content\/uploads\/2020\/02\/img001-6-1-1-300x200.jpg 300w, https:\/\/www.modave.be\/wp-content\/uploads\/2020\/02\/img001-6-1-1-1024x683.jpg 1024w, https:\/\/www.modave.be\/wp-content\/uploads\/2020\/02\/img001-6-1-1-768x512.jpg 768w, https:\/\/www.modave.be\/wp-content\/uploads\/2020\/02\/img001-6-1-1-1000x667.jpg 1000w\" \/><span class=\"the7-hover-icon\"><\/span><\/a>\t\t\t\t\t\t\t\t\t<\/div>\n\t\t\t\t\t\t\t\t\t\t\t\t\t\t\t\t<div class=\"post-entry-content\">\n\t\t\t\t\t\t\t\t\t<h5 class=\"heading\"><a href=\"https:\/\/www.modave.be\/index.php\/services_communaux\/planning-2023-pour-lenlevement-des-encombrants\/\" rel=\"bookmark\" title=\"Planning 2023 pour l&rsquo;enl\u00e8vement des encombrants\" class=\"post-title\">Planning 2023 pour l&rsquo;enl\u00e8vement des encombrants<\/a><\/h5><div class=\"entry-meta\"><span class=\"meta-item data-link\"><time class=\"entry-date updated\" datetime=\"2023-02-28T11:01:45+01:00\">28 f\u00e9vrier 2023<\/time><\/span><\/div><p class=\"short-description\">La Ressourcerie du Pays de Li\u00e8ge&nbsp;enl\u00e8ve&nbsp;vos encombrants&nbsp;\u203c&nbsp;UNIQUEMENT&nbsp;sur rendez-vous au 04\/220 20 00&nbsp;\u203c Plus d&rsquo;infos sur&nbsp;www.ressourcerieliege.be &nbsp;G\u00e9n\u00e9ralement, le 2\u00e8me&nbsp;vendredi de chaque mois, avec une cl\u00f4ture 10 jours avant. Cl\u00f4tures des inscriptions&nbsp;&nbsp; &nbsp; &nbsp; &nbsp; &nbsp; &nbsp; &nbsp; &nbsp;&nbsp;Collectes &nbsp; 4 avril&nbsp; &nbsp; &nbsp; &nbsp; &nbsp; &nbsp; &nbsp; &nbsp; &nbsp; &nbsp; &nbsp; &nbsp; &nbsp; &nbsp; &nbsp; &nbsp;&hellip;<\/p><a href=\"https:\/\/www.modave.be\/index.php\/services_communaux\/planning-2023-pour-lenlevement-des-encombrants\/\" target=\"\" aria-label=\"En savoir plus sur Planning 2023 pour l&rsquo;enl\u00e8vement des encombrants\" class=\"box-button elementor-button elementor-size-xs\">En savoir plus<i aria-hidden=\"true\" class=\"elementor-button-icon dt-icon-the7-arrow-552\"><\/i><\/a>\t\t\t\t\t\t\t\t<\/div>\n\t\t\t\t\t\t\t<\/div>\n\t\t\t\t\t\t<\/article>\n\t\t\t\t\t<\/div>\t\t\t\t\t\t\t\t\t\t<div class=\"wf-cell visible \">\n\t\t\t\t\t\t<article class=\"post visible wrapper post-11965 services_communaux type-services_communaux status-publish has-post-thumbnail hentry category-intradel description-off\">\n\n\t\t\t\t\t\t\t<div class=\"post-content-wrapper\">\n\t\t\t\t\t\t\t\t\t\t\t\t\t\t\t\t\t<div class=\"the7-simple-post-thumb\">\n\t\t\t\t\t\t\t\t\t\t<a class=\"post-thumbnail-rollover layzr-bg img-css-resize-wrapper\" aria-label=\"Image article\" href=\"https:\/\/www.modave.be\/index.php\/services_communaux\/sac-bleu-pmc-modification-de-tri-des-le-1er-janvier-2023\/\"><img decoding=\"async\" width=\"2560\" height=\"1707\" src=\"data:image\/svg+xml,%3Csvg%20xmlns%3D&#039;http%3A%2F%2Fwww.w3.org%2F2000%2Fsvg&#039;%20viewBox%3D&#039;0%200%202560%201707&#039;%2F%3E\" class=\"attachment-full size-full preload-me aspect lazy lazy-load\" alt=\"\" sizes=\"(max-width: 2560px) 100vw, 2560px\" style=\"--ratio: 2560 \/ 1707;\" data-src=\"https:\/\/www.modave.be\/wp-content\/uploads\/2023\/03\/Sac-PMC-scaled.jpg\" loading=\"eager\" data-srcset=\"https:\/\/www.modave.be\/wp-content\/uploads\/2023\/03\/Sac-PMC-scaled.jpg 2560w, https:\/\/www.modave.be\/wp-content\/uploads\/2023\/03\/Sac-PMC-300x200.jpg 300w, https:\/\/www.modave.be\/wp-content\/uploads\/2023\/03\/Sac-PMC-1024x683.jpg 1024w, https:\/\/www.modave.be\/wp-content\/uploads\/2023\/03\/Sac-PMC-768x512.jpg 768w, https:\/\/www.modave.be\/wp-content\/uploads\/2023\/03\/Sac-PMC-1536x1024.jpg 1536w, https:\/\/www.modave.be\/wp-content\/uploads\/2023\/03\/Sac-PMC-2048x1365.jpg 2048w\" \/><span class=\"the7-hover-icon\"><\/span><\/a>\t\t\t\t\t\t\t\t\t<\/div>\n\t\t\t\t\t\t\t\t\t\t\t\t\t\t\t\t<div class=\"post-entry-content\">\n\t\t\t\t\t\t\t\t\t<h5 class=\"heading\"><a href=\"https:\/\/www.modave.be\/index.php\/services_communaux\/sac-bleu-pmc-modification-de-tri-des-le-1er-janvier-2023\/\" rel=\"bookmark\" title=\"SAC BLEU PMC \u2013 MODIFICATION DE TRI d\u00e8s le 1er janvier 2023\" class=\"post-title\">SAC BLEU PMC \u2013 MODIFICATION DE TRI d\u00e8s le 1er janvier 2023<\/a><\/h5><div class=\"entry-meta\"><span class=\"meta-item data-link\"><time class=\"entry-date updated\" datetime=\"2022-11-10T11:12:29+01:00\">10 novembre 2022<\/time><\/span><\/div><p class=\"short-description\">SAC BLEU PMC \u2013 MODIFICATION DE TRI L\u2019heure est venue, en ce d\u00e9but d\u2019ann\u00e9e, de faciliter le tri de vos d\u00e9chets PMC et d\u2019int\u00e9grer tous les plastiques dans le sac bleu. Concr\u00e8tement, vos sacs en plastique souples vont pouvoir \u00eatre jet\u00e9s dans le sac bleu, ce qui signifie que le sac transparent disparait.Ce syst\u00e8me de&hellip;<\/p><a href=\"https:\/\/www.modave.be\/index.php\/services_communaux\/sac-bleu-pmc-modification-de-tri-des-le-1er-janvier-2023\/\" target=\"\" aria-label=\"En savoir plus sur SAC BLEU PMC \u2013 MODIFICATION DE TRI d\u00e8s le 1er janvier 2023\" class=\"box-button elementor-button elementor-size-xs\">En savoir plus<i aria-hidden=\"true\" class=\"elementor-button-icon dt-icon-the7-arrow-552\"><\/i><\/a>\t\t\t\t\t\t\t\t<\/div>\n\t\t\t\t\t\t\t<\/div>\n\t\t\t\t\t\t<\/article>\n\t\t\t\t\t<\/div>\t\t\t\t\t\t\t\t\t\t<div class=\"wf-cell visible \">\n\t\t\t\t\t\t<article class=\"post visible wrapper post-11970 services_communaux type-services_communaux status-publish has-post-thumbnail hentry category-intradel description-off\">\n\n\t\t\t\t\t\t\t<div class=\"post-content-wrapper\">\n\t\t\t\t\t\t\t\t\t\t\t\t\t\t\t\t\t<div class=\"the7-simple-post-thumb\">\n\t\t\t\t\t\t\t\t\t\t<a class=\"post-thumbnail-rollover layzr-bg img-css-resize-wrapper\" aria-label=\"Image article\" href=\"https:\/\/www.modave.be\/index.php\/services_communaux\/le-guide-du-compostage\/\"><img decoding=\"async\" width=\"2560\" height=\"1709\" src=\"data:image\/svg+xml,%3Csvg%20xmlns%3D&#039;http%3A%2F%2Fwww.w3.org%2F2000%2Fsvg&#039;%20viewBox%3D&#039;0%200%202560%201709&#039;%2F%3E\" class=\"attachment-full size-full preload-me aspect lazy lazy-load\" alt=\"\" sizes=\"(max-width: 2560px) 100vw, 2560px\" style=\"--ratio: 2560 \/ 1709;\" data-src=\"https:\/\/www.modave.be\/wp-content\/uploads\/2023\/03\/Composte-scaled.jpg\" loading=\"eager\" data-srcset=\"https:\/\/www.modave.be\/wp-content\/uploads\/2023\/03\/Composte-scaled.jpg 2560w, https:\/\/www.modave.be\/wp-content\/uploads\/2023\/03\/Composte-300x200.jpg 300w, https:\/\/www.modave.be\/wp-content\/uploads\/2023\/03\/Composte-1024x684.jpg 1024w, https:\/\/www.modave.be\/wp-content\/uploads\/2023\/03\/Composte-768x513.jpg 768w, https:\/\/www.modave.be\/wp-content\/uploads\/2023\/03\/Composte-1536x1026.jpg 1536w, https:\/\/www.modave.be\/wp-content\/uploads\/2023\/03\/Composte-2048x1367.jpg 2048w\" \/><span class=\"the7-hover-icon\"><\/span><\/a>\t\t\t\t\t\t\t\t\t<\/div>\n\t\t\t\t\t\t\t\t\t\t\t\t\t\t\t\t<div class=\"post-entry-content\">\n\t\t\t\t\t\t\t\t\t<h5 class=\"heading\"><a href=\"https:\/\/www.modave.be\/index.php\/services_communaux\/le-guide-du-compostage\/\" rel=\"bookmark\" title=\"Le guide du compostage\" class=\"post-title\">Le guide du compostage<\/a><\/h5><div class=\"entry-meta\"><span class=\"meta-item data-link\"><time class=\"entry-date updated\" datetime=\"2022-04-11T11:16:26+02:00\">11 avril 2022<\/time><\/span><\/div><p class=\"short-description\">Composter les d\u00e9chets organiques<\/p><a href=\"https:\/\/www.modave.be\/index.php\/services_communaux\/le-guide-du-compostage\/\" target=\"\" aria-label=\"En savoir plus sur Le guide du compostage\" class=\"box-button elementor-button elementor-size-xs\">En savoir plus<i aria-hidden=\"true\" class=\"elementor-button-icon dt-icon-the7-arrow-552\"><\/i><\/a>\t\t\t\t\t\t\t\t<\/div>\n\t\t\t\t\t\t\t<\/div>\n\t\t\t\t\t\t<\/article>\n\t\t\t\t\t<\/div>\t\t\t\t\t\t\t\t\t\t<div class=\"wf-cell visible \">\n\t\t\t\t\t\t<article class=\"post visible wrapper post-11971 services_communaux type-services_communaux status-publish has-post-thumbnail hentry category-intradel description-off\">\n\n\t\t\t\t\t\t\t<div class=\"post-content-wrapper\">\n\t\t\t\t\t\t\t\t\t\t\t\t\t\t\t\t\t<div class=\"the7-simple-post-thumb\">\n\t\t\t\t\t\t\t\t\t\t<a class=\"post-thumbnail-rollover layzr-bg img-css-resize-wrapper\" aria-label=\"Image article\" href=\"https:\/\/www.modave.be\/index.php\/services_communaux\/les-guides-pratiques-du-recyparc-edition-2021-sont-disponibles\/\"><img decoding=\"async\" width=\"2560\" height=\"1652\" src=\"data:image\/svg+xml,%3Csvg%20xmlns%3D&#039;http%3A%2F%2Fwww.w3.org%2F2000%2Fsvg&#039;%20viewBox%3D&#039;0%200%202560%201652&#039;%2F%3E\" class=\"attachment-full size-full preload-me aspect lazy lazy-load\" alt=\"\" sizes=\"(max-width: 2560px) 100vw, 2560px\" style=\"--ratio: 2560 \/ 1652;\" data-src=\"https:\/\/www.modave.be\/wp-content\/uploads\/2023\/03\/Intradel-Recyparc-scaled.jpg\" loading=\"eager\" data-srcset=\"https:\/\/www.modave.be\/wp-content\/uploads\/2023\/03\/Intradel-Recyparc-scaled.jpg 2560w, https:\/\/www.modave.be\/wp-content\/uploads\/2023\/03\/Intradel-Recyparc-300x194.jpg 300w, https:\/\/www.modave.be\/wp-content\/uploads\/2023\/03\/Intradel-Recyparc-1024x661.jpg 1024w, https:\/\/www.modave.be\/wp-content\/uploads\/2023\/03\/Intradel-Recyparc-768x496.jpg 768w, https:\/\/www.modave.be\/wp-content\/uploads\/2023\/03\/Intradel-Recyparc-1536x991.jpg 1536w, https:\/\/www.modave.be\/wp-content\/uploads\/2023\/03\/Intradel-Recyparc-2048x1322.jpg 2048w\" \/><span class=\"the7-hover-icon\"><\/span><\/a>\t\t\t\t\t\t\t\t\t<\/div>\n\t\t\t\t\t\t\t\t\t\t\t\t\t\t\t\t<div class=\"post-entry-content\">\n\t\t\t\t\t\t\t\t\t<h5 class=\"heading\"><a href=\"https:\/\/www.modave.be\/index.php\/services_communaux\/les-guides-pratiques-du-recyparc-edition-2021-sont-disponibles\/\" rel=\"bookmark\" title=\"Les guides pratiques du Recyparc Edition 2021 sont disponibles\" class=\"post-title\">Les guides pratiques du Recyparc Edition 2021 sont disponibles<\/a><\/h5><div class=\"entry-meta\"><span class=\"meta-item data-link\"><time class=\"entry-date updated\" datetime=\"2022-03-04T11:18:12+01:00\">4 mars 2022<\/time><\/span><\/div><p class=\"short-description\">Vous y trouverez entre autre les heures d\u2019ouverture et coordonn\u00e9es des 49 recyparcs de la zone Intradel, les mati\u00e8res et quotas autoris\u00e9s, \u2026 Vous pouvez prendre rdv en envoyant un mail \u00e0&nbsp;:&nbsp;ecoconseiller@modave.be&nbsp;ou en t\u00e9l\u00e9phonant au 085\/41.02.20 ext.6 afin de venir les retirer aupr\u00e8s du service environnement.&nbsp;<\/p><a href=\"https:\/\/www.modave.be\/index.php\/services_communaux\/les-guides-pratiques-du-recyparc-edition-2021-sont-disponibles\/\" target=\"\" aria-label=\"En savoir plus sur Les guides pratiques du Recyparc Edition 2021 sont disponibles\" class=\"box-button elementor-button elementor-size-xs\">En savoir plus<i aria-hidden=\"true\" class=\"elementor-button-icon dt-icon-the7-arrow-552\"><\/i><\/a>\t\t\t\t\t\t\t\t<\/div>\n\t\t\t\t\t\t\t<\/div>\n\t\t\t\t\t\t<\/article>\n\t\t\t\t\t<\/div>\t\t\t\t\t\t\t\t<\/div>\n\t\t<\/div>\t\t\t\t<\/div>\n\t\t\t\t<\/div>\n\t\t\t\t\t<\/div>\n\t\t<\/div>\n\t\t\t\t\t<\/div>\n\t\t<\/section>\n\t\t\t\t<\/div>\n\t\t","protected":false},"excerpt":{"rendered":"<p>Intradel &#8211; Recyparc &#8211; Ressourcerie Parc \u00e0 conteneurs :Clavier &#8211; Modave &#8211; TinlotRoute du Val, 114560 CLAVIERTel : 085\/41.36.32 Heures d&rsquo;ouverture :Du mardi au vendredi\u00a0: de 9h \u00e0 12h30 et de 13h \u00e0 17hLe samedi : de 8h30 \u00e0 12h30 et de 13h \u00e0 17hFerm\u00e9 le lundi http:\/\/www.intradel.be Tourn\u00e9e de rattrapage de lundi 22\/01 18&hellip;<\/p>\n","protected":false},"author":1,"featured_media":12632,"parent":0,"menu_order":0,"comment_status":"closed","ping_status":"closed","template":"","meta":{"footnotes":""},"class_list":["post-11952","page","type-page","status-publish","has-post-thumbnail","hentry","description-off"],"yoast_head":"<!-- This site is optimized with the Yoast SEO plugin v27.5 - https:\/\/yoast.com\/product\/yoast-seo-wordpress\/ -->\n<title>Intradel - Recyparc - Ressourcerie - Commune de Modave<\/title>\n<meta name=\"robots\" content=\"index, follow, max-snippet:-1, max-image-preview:large, max-video-preview:-1\" \/>\n<link rel=\"canonical\" href=\"https:\/\/www.modave.be\/index.php\/intradel-recyparc-ressourcerie\/\" \/>\n<meta property=\"og:locale\" content=\"fr_FR\" \/>\n<meta property=\"og:type\" content=\"article\" \/>\n<meta property=\"og:title\" content=\"Intradel - Recyparc - Ressourcerie - Commune de Modave\" \/>\n<meta property=\"og:description\" content=\"Intradel &#8211; Recyparc &#8211; Ressourcerie Parc \u00e0 conteneurs :Clavier &#8211; Modave &#8211; TinlotRoute du Val, 114560 CLAVIERTel : 085\/41.36.32 Heures d&rsquo;ouverture :Du mardi au vendredi\u00a0: de 9h \u00e0 12h30 et de 13h \u00e0 17hLe samedi : de 8h30 \u00e0 12h30 et de 13h \u00e0 17hFerm\u00e9 le lundi http:\/\/www.intradel.be Tourn\u00e9e de rattrapage de lundi 22\/01 18&hellip;\" \/>\n<meta property=\"og:url\" content=\"https:\/\/www.modave.be\/index.php\/intradel-recyparc-ressourcerie\/\" \/>\n<meta property=\"og:site_name\" content=\"Commune de Modave\" \/>\n<meta property=\"article:modified_time\" content=\"2024-01-25T10:09:31+00:00\" \/>\n<meta property=\"og:image\" content=\"https:\/\/www.modave.be\/wp-content\/uploads\/2023\/09\/375702094_263687879842267_2408915664839397674_n.jpg\" \/>\n\t<meta property=\"og:image:width\" content=\"1407\" \/>\n\t<meta property=\"og:image:height\" content=\"796\" \/>\n\t<meta property=\"og:image:type\" content=\"image\/jpeg\" \/>\n<meta name=\"twitter:card\" content=\"summary_large_image\" \/>\n<meta name=\"twitter:label1\" content=\"Dur\u00e9e de lecture estim\u00e9e\" \/>\n\t<meta name=\"twitter:data1\" content=\"3 minutes\" \/>\n<script type=\"application\/ld+json\" class=\"yoast-schema-graph\">{\"@context\":\"https:\\\/\\\/schema.org\",\"@graph\":[{\"@type\":\"WebPage\",\"@id\":\"https:\\\/\\\/www.modave.be\\\/index.php\\\/intradel-recyparc-ressourcerie\\\/\",\"url\":\"https:\\\/\\\/www.modave.be\\\/index.php\\\/intradel-recyparc-ressourcerie\\\/\",\"name\":\"Intradel - Recyparc - Ressourcerie - Commune de Modave\",\"isPartOf\":{\"@id\":\"https:\\\/\\\/www.modave.be\\\/#website\"},\"primaryImageOfPage\":{\"@id\":\"https:\\\/\\\/www.modave.be\\\/index.php\\\/intradel-recyparc-ressourcerie\\\/#primaryimage\"},\"image\":{\"@id\":\"https:\\\/\\\/www.modave.be\\\/index.php\\\/intradel-recyparc-ressourcerie\\\/#primaryimage\"},\"thumbnailUrl\":\"https:\\\/\\\/www.modave.be\\\/wp-content\\\/uploads\\\/2023\\\/09\\\/375702094_263687879842267_2408915664839397674_n.jpg\",\"datePublished\":\"2023-03-08T09:55:25+00:00\",\"dateModified\":\"2024-01-25T10:09:31+00:00\",\"breadcrumb\":{\"@id\":\"https:\\\/\\\/www.modave.be\\\/index.php\\\/intradel-recyparc-ressourcerie\\\/#breadcrumb\"},\"inLanguage\":\"fr-FR\",\"potentialAction\":[{\"@type\":\"ReadAction\",\"target\":[\"https:\\\/\\\/www.modave.be\\\/index.php\\\/intradel-recyparc-ressourcerie\\\/\"]}]},{\"@type\":\"ImageObject\",\"inLanguage\":\"fr-FR\",\"@id\":\"https:\\\/\\\/www.modave.be\\\/index.php\\\/intradel-recyparc-ressourcerie\\\/#primaryimage\",\"url\":\"https:\\\/\\\/www.modave.be\\\/wp-content\\\/uploads\\\/2023\\\/09\\\/375702094_263687879842267_2408915664839397674_n.jpg\",\"contentUrl\":\"https:\\\/\\\/www.modave.be\\\/wp-content\\\/uploads\\\/2023\\\/09\\\/375702094_263687879842267_2408915664839397674_n.jpg\",\"width\":1407,\"height\":796},{\"@type\":\"BreadcrumbList\",\"@id\":\"https:\\\/\\\/www.modave.be\\\/index.php\\\/intradel-recyparc-ressourcerie\\\/#breadcrumb\",\"itemListElement\":[{\"@type\":\"ListItem\",\"position\":1,\"name\":\"Accueil\",\"item\":\"https:\\\/\\\/www.modave.be\\\/\"},{\"@type\":\"ListItem\",\"position\":2,\"name\":\"Intradel &#8211; Recyparc &#8211; Ressourcerie\"}]},{\"@type\":\"WebSite\",\"@id\":\"https:\\\/\\\/www.modave.be\\\/#website\",\"url\":\"https:\\\/\\\/www.modave.be\\\/\",\"name\":\"Commune de Modave\",\"description\":\"Commune de Modave\",\"publisher\":{\"@id\":\"https:\\\/\\\/www.modave.be\\\/#organization\"},\"potentialAction\":[{\"@type\":\"SearchAction\",\"target\":{\"@type\":\"EntryPoint\",\"urlTemplate\":\"https:\\\/\\\/www.modave.be\\\/?s={search_term_string}\"},\"query-input\":{\"@type\":\"PropertyValueSpecification\",\"valueRequired\":true,\"valueName\":\"search_term_string\"}}],\"inLanguage\":\"fr-FR\"},{\"@type\":\"Organization\",\"@id\":\"https:\\\/\\\/www.modave.be\\\/#organization\",\"name\":\"Commune de Modave\",\"url\":\"https:\\\/\\\/www.modave.be\\\/\",\"logo\":{\"@type\":\"ImageObject\",\"inLanguage\":\"fr-FR\",\"@id\":\"https:\\\/\\\/www.modave.be\\\/#\\\/schema\\\/logo\\\/image\\\/\",\"url\":\"https:\\\/\\\/www.modave.be\\\/wp-content\\\/uploads\\\/2021\\\/12\\\/MODAVE_LOGO_HORIZONTAL_QUADRI_RVB.png\",\"contentUrl\":\"https:\\\/\\\/www.modave.be\\\/wp-content\\\/uploads\\\/2021\\\/12\\\/MODAVE_LOGO_HORIZONTAL_QUADRI_RVB.png\",\"width\":1200,\"height\":501,\"caption\":\"Commune de Modave\"},\"image\":{\"@id\":\"https:\\\/\\\/www.modave.be\\\/#\\\/schema\\\/logo\\\/image\\\/\"}}]}<\/script>\n<!-- \/ Yoast SEO plugin. -->","yoast_head_json":{"title":"Intradel - Recyparc - Ressourcerie - Commune de Modave","robots":{"index":"index","follow":"follow","max-snippet":"max-snippet:-1","max-image-preview":"max-image-preview:large","max-video-preview":"max-video-preview:-1"},"canonical":"https:\/\/www.modave.be\/index.php\/intradel-recyparc-ressourcerie\/","og_locale":"fr_FR","og_type":"article","og_title":"Intradel - Recyparc - Ressourcerie - Commune de Modave","og_description":"Intradel &#8211; Recyparc &#8211; Ressourcerie Parc \u00e0 conteneurs :Clavier &#8211; Modave &#8211; TinlotRoute du Val, 114560 CLAVIERTel : 085\/41.36.32 Heures d&rsquo;ouverture :Du mardi au vendredi\u00a0: de 9h \u00e0 12h30 et de 13h \u00e0 17hLe samedi : de 8h30 \u00e0 12h30 et de 13h \u00e0 17hFerm\u00e9 le lundi http:\/\/www.intradel.be Tourn\u00e9e de rattrapage de lundi 22\/01 18&hellip;","og_url":"https:\/\/www.modave.be\/index.php\/intradel-recyparc-ressourcerie\/","og_site_name":"Commune de Modave","article_modified_time":"2024-01-25T10:09:31+00:00","og_image":[{"width":1407,"height":796,"url":"https:\/\/www.modave.be\/wp-content\/uploads\/2023\/09\/375702094_263687879842267_2408915664839397674_n.jpg","type":"image\/jpeg"}],"twitter_card":"summary_large_image","twitter_misc":{"Dur\u00e9e de lecture estim\u00e9e":"3 minutes"},"schema":{"@context":"https:\/\/schema.org","@graph":[{"@type":"WebPage","@id":"https:\/\/www.modave.be\/index.php\/intradel-recyparc-ressourcerie\/","url":"https:\/\/www.modave.be\/index.php\/intradel-recyparc-ressourcerie\/","name":"Intradel - Recyparc - Ressourcerie - Commune de Modave","isPartOf":{"@id":"https:\/\/www.modave.be\/#website"},"primaryImageOfPage":{"@id":"https:\/\/www.modave.be\/index.php\/intradel-recyparc-ressourcerie\/#primaryimage"},"image":{"@id":"https:\/\/www.modave.be\/index.php\/intradel-recyparc-ressourcerie\/#primaryimage"},"thumbnailUrl":"https:\/\/www.modave.be\/wp-content\/uploads\/2023\/09\/375702094_263687879842267_2408915664839397674_n.jpg","datePublished":"2023-03-08T09:55:25+00:00","dateModified":"2024-01-25T10:09:31+00:00","breadcrumb":{"@id":"https:\/\/www.modave.be\/index.php\/intradel-recyparc-ressourcerie\/#breadcrumb"},"inLanguage":"fr-FR","potentialAction":[{"@type":"ReadAction","target":["https:\/\/www.modave.be\/index.php\/intradel-recyparc-ressourcerie\/"]}]},{"@type":"ImageObject","inLanguage":"fr-FR","@id":"https:\/\/www.modave.be\/index.php\/intradel-recyparc-ressourcerie\/#primaryimage","url":"https:\/\/www.modave.be\/wp-content\/uploads\/2023\/09\/375702094_263687879842267_2408915664839397674_n.jpg","contentUrl":"https:\/\/www.modave.be\/wp-content\/uploads\/2023\/09\/375702094_263687879842267_2408915664839397674_n.jpg","width":1407,"height":796},{"@type":"BreadcrumbList","@id":"https:\/\/www.modave.be\/index.php\/intradel-recyparc-ressourcerie\/#breadcrumb","itemListElement":[{"@type":"ListItem","position":1,"name":"Accueil","item":"https:\/\/www.modave.be\/"},{"@type":"ListItem","position":2,"name":"Intradel &#8211; Recyparc &#8211; Ressourcerie"}]},{"@type":"WebSite","@id":"https:\/\/www.modave.be\/#website","url":"https:\/\/www.modave.be\/","name":"Commune de Modave","description":"Commune de Modave","publisher":{"@id":"https:\/\/www.modave.be\/#organization"},"potentialAction":[{"@type":"SearchAction","target":{"@type":"EntryPoint","urlTemplate":"https:\/\/www.modave.be\/?s={search_term_string}"},"query-input":{"@type":"PropertyValueSpecification","valueRequired":true,"valueName":"search_term_string"}}],"inLanguage":"fr-FR"},{"@type":"Organization","@id":"https:\/\/www.modave.be\/#organization","name":"Commune de Modave","url":"https:\/\/www.modave.be\/","logo":{"@type":"ImageObject","inLanguage":"fr-FR","@id":"https:\/\/www.modave.be\/#\/schema\/logo\/image\/","url":"https:\/\/www.modave.be\/wp-content\/uploads\/2021\/12\/MODAVE_LOGO_HORIZONTAL_QUADRI_RVB.png","contentUrl":"https:\/\/www.modave.be\/wp-content\/uploads\/2021\/12\/MODAVE_LOGO_HORIZONTAL_QUADRI_RVB.png","width":1200,"height":501,"caption":"Commune de Modave"},"image":{"@id":"https:\/\/www.modave.be\/#\/schema\/logo\/image\/"}}]}},"_links":{"self":[{"href":"https:\/\/www.modave.be\/index.php\/wp-json\/wp\/v2\/pages\/11952","targetHints":{"allow":["GET"]}}],"collection":[{"href":"https:\/\/www.modave.be\/index.php\/wp-json\/wp\/v2\/pages"}],"about":[{"href":"https:\/\/www.modave.be\/index.php\/wp-json\/wp\/v2\/types\/page"}],"author":[{"embeddable":true,"href":"https:\/\/www.modave.be\/index.php\/wp-json\/wp\/v2\/users\/1"}],"replies":[{"embeddable":true,"href":"https:\/\/www.modave.be\/index.php\/wp-json\/wp\/v2\/comments?post=11952"}],"version-history":[{"count":0,"href":"https:\/\/www.modave.be\/index.php\/wp-json\/wp\/v2\/pages\/11952\/revisions"}],"wp:featuredmedia":[{"embeddable":true,"href":"https:\/\/www.modave.be\/index.php\/wp-json\/wp\/v2\/media\/12632"}],"wp:attachment":[{"href":"https:\/\/www.modave.be\/index.php\/wp-json\/wp\/v2\/media?parent=11952"}],"curies":[{"name":"wp","href":"https:\/\/api.w.org\/{rel}","templated":true}]}}