{"id":12450,"date":"2023-06-09T10:38:01","date_gmt":"2023-06-09T08:38:01","guid":{"rendered":"http:\/\/213.32.75.222\/?page_id=12450"},"modified":"2025-10-01T16:05:03","modified_gmt":"2025-10-01T14:05:03","slug":"enfance-jeunesse","status":"publish","type":"page","link":"https:\/\/www.modave.be\/index.php\/enfance-jeunesse\/","title":{"rendered":"Enfance &#038; Jeunesse"},"content":{"rendered":"\t\t<div data-elementor-type=\"wp-page\" data-elementor-id=\"12450\" class=\"elementor elementor-12450\" wpc-filter-elementor-widget=\"1\" data-elementor-post-type=\"page\">\n\t\t\t\t<div class=\"elementor-element elementor-element-c7ab6af e-flex e-con-boxed e-con e-parent\" data-id=\"c7ab6af\" data-element_type=\"container\" data-e-type=\"container\">\n\t\t\t\t\t<div class=\"e-con-inner\">\n\t\t\t\t<div class=\"elementor-element elementor-element-7b3ec8b elementor-widget elementor-widget-heading\" data-id=\"7b3ec8b\" data-element_type=\"widget\" data-e-type=\"widget\" data-widget_type=\"heading.default\">\n\t\t\t\t<div class=\"elementor-widget-container\">\n\t\t\t\t\t<h2 class=\"elementor-heading-title elementor-size-default\">A la recherche d'une activit\u00e9 extrascolaire pour votre enfant ?<\/h2>\t\t\t\t<\/div>\n\t\t\t\t<\/div>\n\t\t\t\t<div class=\"elementor-element elementor-element-2dd63d3 elementor-widget elementor-widget-heading\" data-id=\"2dd63d3\" data-element_type=\"widget\" data-e-type=\"widget\" data-widget_type=\"heading.default\">\n\t\t\t\t<div class=\"elementor-widget-container\">\n\t\t\t\t\t<h3 class=\"elementor-heading-title elementor-size-default\">Agenda<\/h3>\t\t\t\t<\/div>\n\t\t\t\t<\/div>\n\t\t\t\t<div class=\"elementor-element elementor-element-97eb078 elementor-widget elementor-widget-text-editor\" data-id=\"97eb078\" data-element_type=\"widget\" data-e-type=\"widget\" data-widget_type=\"text-editor.default\">\n\t\t\t\t<div class=\"elementor-widget-container\">\n\t\t\t\t\t\t\t\t\t<p><!-- EventON Calendar --><div id='evcal_calendar_166' class='list_cal ajde_evcal_calendar sev cev color esty_2 etttc_custom ' ><div id='evcal_head' class='calendar_header ' ><div class='evo_cal_above'><span class='evo-gototoday-btn evo_hide' style='display:none;' data-mo='4' data-yr='2026' data-dy=''>Mois actuel<\/span><span class='evo-sort-btn'><div class='eventon_sort_line' style='display:none'><p data-val='sort_date' data-type='date' class='evs_btn evo_sort_option evs_hide select' >Date<\/p><\/div><\/span><\/div><div class='evo_cal_above_content'><\/div><\/div><div class='eventon_sorting_section' style='display:none'><div class='eventon_filter_line '><\/div><div class='clear'><\/div><\/div><div id='eventon_loadbar_section'><div id='eventon_loadbar'><\/div><\/div><!-- Events List --><div id='evcal_list' \n\t\t\t\t\tclass='eventon_events_list '><div class='eventon_list_event no_events'><p class='no_events' >Pas d&rsquo;\u00e9v\u00e9nements<\/p><\/div>\t\t\t<div class='clear'><\/div>\n\t\t\t<\/div>\n\t\t\t<div class='clear'><\/div>\n\t\t\t\n\t\t\t\t\t \t<div id='evcal_footer' class='evo_bottom' style='display:none'>\n\t\t \t\t<div class='evo_cal_data' data-sc='{&quot;accord&quot;:&quot;no&quot;,&quot;bottom_nav&quot;:&quot;no&quot;,&quot;cal_id&quot;:&quot;&quot;,&quot;cal_init_nonajax&quot;:&quot;no&quot;,&quot;calendar_type&quot;:&quot;list&quot;,&quot;ep_fields&quot;:&quot;&quot;,&quot;etc_override&quot;:&quot;yes&quot;,&quot;evc_open&quot;:&quot;no&quot;,&quot;event_count&quot;:&quot;4&quot;,&quot;event_location&quot;:&quot;all&quot;,&quot;event_order&quot;:&quot;ASC&quot;,&quot;event_organizer&quot;:&quot;all&quot;,&quot;event_parts&quot;:&quot;no&quot;,&quot;event_past_future&quot;:&quot;future&quot;,&quot;event_status&quot;:&quot;all&quot;,&quot;event_tag&quot;:&quot;all&quot;,&quot;event_type&quot;:&quot;304&quot;,&quot;event_type_2&quot;:&quot;all&quot;,&quot;event_type_3&quot;:&quot;all&quot;,&quot;event_type_4&quot;:&quot;all&quot;,&quot;event_virtual&quot;:&quot;all&quot;,&quot;eventtop_date_style&quot;:0,&quot;eventtop_style&quot;:&quot;2&quot;,&quot;exp_jumper&quot;:&quot;no&quot;,&quot;exp_so&quot;:&quot;no&quot;,&quot;filter_relationship&quot;:&quot;AND&quot;,&quot;filter_show_set_only&quot;:&quot;no&quot;,&quot;filter_type&quot;:&quot;default&quot;,&quot;filters&quot;:&quot;no&quot;,&quot;fixed_month&quot;:&quot;4&quot;,&quot;fixed_year&quot;:&quot;2026&quot;,&quot;focus_end_date_range&quot;:&quot;1777586399&quot;,&quot;focus_start_date_range&quot;:&quot;1774994400&quot;,&quot;ft_event_priority&quot;:&quot;no&quot;,&quot;hide_arrows&quot;:&quot;no&quot;,&quot;hide_cancels&quot;:&quot;no&quot;,&quot;hide_empty_months&quot;:&quot;no&quot;,&quot;hide_end_time&quot;:&quot;no&quot;,&quot;hide_et_dn&quot;:&quot;no&quot;,&quot;hide_et_extra&quot;:&quot;no&quot;,&quot;hide_et_tags&quot;:&quot;no&quot;,&quot;hide_et_tl&quot;:&quot;no&quot;,&quot;hide_ft&quot;:&quot;no&quot;,&quot;hide_ft_img&quot;:&quot;no&quot;,&quot;hide_month_headers&quot;:&quot;yes&quot;,&quot;hide_mult_occur&quot;:&quot;no&quot;,&quot;hide_past&quot;:&quot;no&quot;,&quot;hide_past_by&quot;:&quot;ss&quot;,&quot;hide_so&quot;:&quot;no&quot;,&quot;ics&quot;:&quot;no&quot;,&quot;jumper&quot;:&quot;no&quot;,&quot;jumper_count&quot;:5,&quot;jumper_offset&quot;:&quot;0&quot;,&quot;lang&quot;:&quot;L1&quot;,&quot;layout_changer&quot;:&quot;no&quot;,&quot;livenow_bar&quot;:&quot;yes&quot;,&quot;mapformat&quot;:&quot;roadmap&quot;,&quot;mapiconurl&quot;:&quot;&quot;,&quot;maps_load&quot;:&quot;yes&quot;,&quot;mapscroll&quot;:&quot;true&quot;,&quot;mapzoom&quot;:&quot;18&quot;,&quot;members_only&quot;:&quot;no&quot;,&quot;ml_priority&quot;:&quot;no&quot;,&quot;month_incre&quot;:0,&quot;number_of_months&quot;:1,&quot;only_ft&quot;:&quot;no&quot;,&quot;pec&quot;:&quot;&quot;,&quot;s&quot;:&quot;&quot;,&quot;search&quot;:&quot;&quot;,&quot;search_all&quot;:&quot;no&quot;,&quot;sep_month&quot;:&quot;no&quot;,&quot;show_et_ft_img&quot;:&quot;no&quot;,&quot;show_limit&quot;:&quot;yes&quot;,&quot;show_limit_ajax&quot;:&quot;no&quot;,&quot;show_limit_paged&quot;:1,&quot;show_limit_redir&quot;:&quot;&quot;,&quot;show_repeats&quot;:&quot;no&quot;,&quot;show_upcoming&quot;:0,&quot;show_year&quot;:&quot;no&quot;,&quot;social_share&quot;:&quot;no&quot;,&quot;sort_by&quot;:&quot;sort_date&quot;,&quot;tile_bg&quot;:0,&quot;tile_bg_size&quot;:&quot;full&quot;,&quot;tile_count&quot;:2,&quot;tile_height&quot;:0,&quot;tile_style&quot;:0,&quot;tiles&quot;:&quot;no&quot;,&quot;ux_val&quot;:&quot;3a&quot;,&quot;wpml_l1&quot;:&quot;&quot;,&quot;wpml_l2&quot;:&quot;&quot;,&quot;wpml_l3&quot;:&quot;&quot;,&quot;yl_priority&quot;:&quot;no&quot;,&quot;fixed_day&quot;:&quot;27&quot;,&quot;_cver&quot;:&quot;2.5.3&quot;}'data-od='{&quot;lang_no_events&quot;:&quot;Pas d&#039;\\u00e9v\\u00e9nements&quot;,&quot;cal_tz_offset&quot;:120,&quot;cal_tz&quot;:&quot;Europe\\\/Brussels&quot;}'><\/div>\n\t\t \t\t<div class='evo_cal_events' data-events=\"\"><\/div>\n\t\t \t<\/div>\n\t\t\t\t\n\t\t\t\n\t\t\t\n\t\t\t\t\t\t<\/div><!-- EventON End -->\n\t\t\t<\/p>\t\t\t\t\t\t\t\t<\/div>\n\t\t\t\t<\/div>\n\t\t\t\t<div class=\"elementor-element elementor-element-86d8a24 elementor-widget elementor-widget-spacer\" data-id=\"86d8a24\" data-element_type=\"widget\" data-e-type=\"widget\" data-widget_type=\"spacer.default\">\n\t\t\t\t<div class=\"elementor-widget-container\">\n\t\t\t\t\t\t\t<div class=\"elementor-spacer\">\n\t\t\t<div class=\"elementor-spacer-inner\"><\/div>\n\t\t<\/div>\n\t\t\t\t\t\t<\/div>\n\t\t\t\t<\/div>\n\t\t\t\t\t<\/div>\n\t\t\t\t<\/div>\n\t\t<div class=\"elementor-element elementor-element-9fea5ba e-flex e-con-boxed e-con e-parent\" data-id=\"9fea5ba\" data-element_type=\"container\" data-e-type=\"container\">\n\t\t\t\t\t<div class=\"e-con-inner\">\n\t\t\t\t<div class=\"elementor-element elementor-element-29cb54e elementor-widget elementor-widget-heading\" data-id=\"29cb54e\" data-element_type=\"widget\" data-e-type=\"widget\" data-widget_type=\"heading.default\">\n\t\t\t\t<div class=\"elementor-widget-container\">\n\t\t\t\t\t<h3 class=\"elementor-heading-title elementor-size-default\">Actualit\u00e9s<\/h3>\t\t\t\t<\/div>\n\t\t\t\t<\/div>\n\t\t\t\t<div class=\"elementor-element elementor-element-7d73ead arrows-relative-to-box_area icon-box-vertical-align-top img-align-left image-vertical-align-start slide-h-position-left bullets-small-dot-stroke elementor-widget elementor-widget-the7-elements-simple-posts-carousel\" data-id=\"7d73ead\" data-element_type=\"widget\" data-e-type=\"widget\" data-settings=\"{&quot;widget_columns&quot;:4,&quot;widget_columns_tablet&quot;:1,&quot;widget_columns_mobile&quot;:1,&quot;gap_between_posts&quot;:{&quot;unit&quot;:&quot;px&quot;,&quot;size&quot;:40,&quot;sizes&quot;:[]},&quot;gap_between_posts_tablet&quot;:{&quot;unit&quot;:&quot;px&quot;,&quot;size&quot;:&quot;&quot;,&quot;sizes&quot;:[]},&quot;gap_between_posts_mobile&quot;:{&quot;unit&quot;:&quot;px&quot;,&quot;size&quot;:&quot;&quot;,&quot;sizes&quot;:[]}}\" data-widget_type=\"the7-elements-simple-posts-carousel.default\">\n\t\t\t\t<div class=\"elementor-widget-container\">\n\t\t\t\t\t<div class=\"disable-arrows-hover-bg owl-carousel the7-elementor-widget the7-simple-widget-posts-carousel elementor-owl-carousel-call loading-effect-none classic-layout-list the7-elements-simple-posts-carousel-7d73ead\" data-scroll-mode=\"1\" data-auto-height=\"false\" data-speed=\"600\" data-autoplay=\"false\" data-autoplay_speed=\"\"><article class=\"post visible wrapper dt-owl-item-wrap post-18534 services_communaux type-services_communaux status-publish has-post-thumbnail hentry category-jeunesse_temps_libre description-off\">\n\t\t\t\t<div class=\"post-content-wrapper\">\n\t\t\t\t\t\t\t\t\t\t\t<div class=\"the7-simple-post-thumb\">\n\t\t\t\t\t\t\t<a class=\"post-thumbnail-rollover layzr-bg img-css-resize-wrapper\" aria-label=\"Image article\" href=\"https:\/\/www.modave.be\/index.php\/services_communaux\/logements-vacants-participez-a-une-enquete-universitaire\/\"><img fetchpriority=\"high\" decoding=\"async\" width=\"873\" height=\"437\" src=\"data:image\/svg+xml,%3Csvg%20xmlns%3D&#039;http%3A%2F%2Fwww.w3.org%2F2000%2Fsvg&#039;%20viewBox%3D&#039;0%200%20873%20437&#039;%2F%3E\" class=\"attachment-full size-full preload-me aspect lazy lazy-load\" alt=\"\" sizes=\"(max-width: 873px) 100vw, 873px\" style=\"--ratio: 873 \/ 437;\" data-src=\"https:\/\/www.modave.be\/wp-content\/uploads\/2026\/03\/Questionnaire-Logements-vacants-e1773838593837.png\" loading=\"eager\" data-srcset=\"https:\/\/www.modave.be\/wp-content\/uploads\/2026\/03\/Questionnaire-Logements-vacants-e1773838593837.png 873w, https:\/\/www.modave.be\/wp-content\/uploads\/2026\/03\/Questionnaire-Logements-vacants-e1773838593837-300x150.png 300w, https:\/\/www.modave.be\/wp-content\/uploads\/2026\/03\/Questionnaire-Logements-vacants-e1773838593837-768x384.png 768w\" \/><span class=\"the7-hover-icon\"><\/span><\/a>\t\t\t\t\t\t<\/div>\n\t\t\t\t\t\n\t\t\t\t\t<div class=\"post-entry-content\">\n\t\t\t\t\t\t<h5 class=\"heading\"><a href=\"https:\/\/www.modave.be\/index.php\/services_communaux\/logements-vacants-participez-a-une-enquete-universitaire\/\" rel=\"bookmark\" title=\"Logements vacants | Participez \u00e0 une enqu\u00eate universitaire\" class=\"post-title\">Logements vacants | Participez \u00e0 une enqu\u00eate universitaire<\/a><\/h5><div class=\"entry-meta\"><span class=\"meta-item category-link\"><a href=\"https:\/\/www.modave.be\/index.php\/category\/service-communaux\/jeunesse_temps_libre\/\" rel=\"tag\">Jeunesse - Accueil Temps Libre<\/a><\/span><\/div><div class=\"details-wrap\"><a href=\"https:\/\/www.modave.be\/index.php\/services_communaux\/logements-vacants-participez-a-une-enquete-universitaire\/\" target=\"\" aria-label=\"En savoir plus sur Logements vacants | Participez \u00e0 une enqu\u00eate universitaire\" class=\"box-button elementor-button elementor-size-xs\">En savoir plus<i aria-hidden=\"true\" class=\"elementor-button-icon dt-icon-the7-arrow-552\"><\/i><\/a><\/div>\t\t\t\t\t<\/div>\n\t\t\t\t<\/div>\n\n\t\t\t<\/article><article class=\"post visible wrapper dt-owl-item-wrap post-18507 services_communaux type-services_communaux status-publish has-post-thumbnail hentry category-jeunesse_temps_libre description-off\">\n\t\t\t\t<div class=\"post-content-wrapper\">\n\t\t\t\t\t\t\t\t\t\t\t<div class=\"the7-simple-post-thumb\">\n\t\t\t\t\t\t\t<a class=\"post-thumbnail-rollover layzr-bg img-css-resize-wrapper\" aria-label=\"Image article\" href=\"https:\/\/www.modave.be\/index.php\/services_communaux\/stages-dete-2026-inscriptions-ouvertes\/\"><img decoding=\"async\" width=\"1080\" height=\"540\" src=\"data:image\/svg+xml,%3Csvg%20xmlns%3D&#039;http%3A%2F%2Fwww.w3.org%2F2000%2Fsvg&#039;%20viewBox%3D&#039;0%200%201080%20540&#039;%2F%3E\" class=\"attachment-full size-full preload-me aspect lazy lazy-load\" alt=\"\" sizes=\"(max-width: 1080px) 100vw, 1080px\" style=\"--ratio: 1080 \/ 540;\" data-src=\"https:\/\/www.modave.be\/wp-content\/uploads\/2026\/01\/bandeau-stage-e1767947795302.jpg\" loading=\"eager\" data-srcset=\"https:\/\/www.modave.be\/wp-content\/uploads\/2026\/01\/bandeau-stage-e1767947795302.jpg 1080w, https:\/\/www.modave.be\/wp-content\/uploads\/2026\/01\/bandeau-stage-e1767947795302-300x150.jpg 300w, https:\/\/www.modave.be\/wp-content\/uploads\/2026\/01\/bandeau-stage-e1767947795302-1024x512.jpg 1024w, https:\/\/www.modave.be\/wp-content\/uploads\/2026\/01\/bandeau-stage-e1767947795302-768x384.jpg 768w\" \/><span class=\"the7-hover-icon\"><\/span><\/a>\t\t\t\t\t\t<\/div>\n\t\t\t\t\t\n\t\t\t\t\t<div class=\"post-entry-content\">\n\t\t\t\t\t\t<h5 class=\"heading\"><a href=\"https:\/\/www.modave.be\/index.php\/services_communaux\/stages-dete-2026-inscriptions-ouvertes\/\" rel=\"bookmark\" title=\"Stages d&rsquo;\u00e9t\u00e9 2026 | Inscriptions ouvertes\" class=\"post-title\">Stages d&rsquo;\u00e9t\u00e9 2026 | Inscriptions ouvertes<\/a><\/h5><div class=\"entry-meta\"><span class=\"meta-item category-link\"><a href=\"https:\/\/www.modave.be\/index.php\/category\/service-communaux\/jeunesse_temps_libre\/\" rel=\"tag\">Jeunesse - Accueil Temps Libre<\/a><\/span><\/div><div class=\"details-wrap\"><a href=\"https:\/\/www.modave.be\/index.php\/services_communaux\/stages-dete-2026-inscriptions-ouvertes\/\" target=\"\" aria-label=\"En savoir plus sur Stages d&rsquo;\u00e9t\u00e9 2026 | Inscriptions ouvertes\" class=\"box-button elementor-button elementor-size-xs\">En savoir plus<i aria-hidden=\"true\" class=\"elementor-button-icon dt-icon-the7-arrow-552\"><\/i><\/a><\/div>\t\t\t\t\t<\/div>\n\t\t\t\t<\/div>\n\n\t\t\t<\/article><article class=\"post visible wrapper dt-owl-item-wrap post-18211 services_communaux type-services_communaux status-publish has-post-thumbnail hentry category-jeunesse_temps_libre description-off\">\n\t\t\t\t<div class=\"post-content-wrapper\">\n\t\t\t\t\t\t\t\t\t\t\t<div class=\"the7-simple-post-thumb\">\n\t\t\t\t\t\t\t<a class=\"post-thumbnail-rollover layzr-bg img-css-resize-wrapper\" aria-label=\"Image article\" href=\"https:\/\/www.modave.be\/index.php\/services_communaux\/stages-de-printemps-il-reste-des-places\/\"><img decoding=\"async\" width=\"1080\" height=\"540\" src=\"data:image\/svg+xml,%3Csvg%20xmlns%3D&#039;http%3A%2F%2Fwww.w3.org%2F2000%2Fsvg&#039;%20viewBox%3D&#039;0%200%201080%20540&#039;%2F%3E\" class=\"attachment-full size-full preload-me aspect lazy lazy-load\" alt=\"\" sizes=\"(max-width: 1080px) 100vw, 1080px\" style=\"--ratio: 1080 \/ 540;\" data-src=\"https:\/\/www.modave.be\/wp-content\/uploads\/2026\/01\/bandeau-stage-e1767947795302.jpg\" loading=\"eager\" data-srcset=\"https:\/\/www.modave.be\/wp-content\/uploads\/2026\/01\/bandeau-stage-e1767947795302.jpg 1080w, https:\/\/www.modave.be\/wp-content\/uploads\/2026\/01\/bandeau-stage-e1767947795302-300x150.jpg 300w, https:\/\/www.modave.be\/wp-content\/uploads\/2026\/01\/bandeau-stage-e1767947795302-1024x512.jpg 1024w, https:\/\/www.modave.be\/wp-content\/uploads\/2026\/01\/bandeau-stage-e1767947795302-768x384.jpg 768w\" \/><span class=\"the7-hover-icon\"><\/span><\/a>\t\t\t\t\t\t<\/div>\n\t\t\t\t\t\n\t\t\t\t\t<div class=\"post-entry-content\">\n\t\t\t\t\t\t<h5 class=\"heading\"><a href=\"https:\/\/www.modave.be\/index.php\/services_communaux\/stages-de-printemps-il-reste-des-places\/\" rel=\"bookmark\" title=\"Stages de printemps | Il reste des places !\" class=\"post-title\">Stages de printemps | Il reste des places !<\/a><\/h5><div class=\"entry-meta\"><span class=\"meta-item category-link\"><a href=\"https:\/\/www.modave.be\/index.php\/category\/service-communaux\/jeunesse_temps_libre\/\" rel=\"tag\">Jeunesse - Accueil Temps Libre<\/a><\/span><\/div><div class=\"details-wrap\"><a href=\"https:\/\/www.modave.be\/index.php\/services_communaux\/stages-de-printemps-il-reste-des-places\/\" target=\"\" aria-label=\"En savoir plus sur Stages de printemps | Il reste des places !\" class=\"box-button elementor-button elementor-size-xs\">En savoir plus<i aria-hidden=\"true\" class=\"elementor-button-icon dt-icon-the7-arrow-552\"><\/i><\/a><\/div>\t\t\t\t\t<\/div>\n\t\t\t\t<\/div>\n\n\t\t\t<\/article><article class=\"post visible wrapper dt-owl-item-wrap post-18001 services_communaux type-services_communaux status-publish has-post-thumbnail hentry category-jeunesse_temps_libre description-off\">\n\t\t\t\t<div class=\"post-content-wrapper\">\n\t\t\t\t\t\t\t\t\t\t\t<div class=\"the7-simple-post-thumb\">\n\t\t\t\t\t\t\t<a class=\"post-thumbnail-rollover layzr-bg img-css-resize-wrapper\" aria-label=\"Image article\" href=\"https:\/\/www.modave.be\/index.php\/services_communaux\/la-parole-est-aux-filles-enquete\/\"><img decoding=\"async\" width=\"1654\" height=\"827\" src=\"data:image\/svg+xml,%3Csvg%20xmlns%3D&#039;http%3A%2F%2Fwww.w3.org%2F2000%2Fsvg&#039;%20viewBox%3D&#039;0%200%201654%20827&#039;%2F%3E\" class=\"attachment-full size-full preload-me aspect lazy lazy-load\" alt=\"\" sizes=\"(max-width: 1654px) 100vw, 1654px\" style=\"--ratio: 1654 \/ 827;\" data-src=\"https:\/\/www.modave.be\/wp-content\/uploads\/2026\/01\/affiche-sondage-e1769171143730.jpg\" loading=\"eager\" data-srcset=\"https:\/\/www.modave.be\/wp-content\/uploads\/2026\/01\/affiche-sondage-e1769171143730.jpg 1654w, https:\/\/www.modave.be\/wp-content\/uploads\/2026\/01\/affiche-sondage-e1769171143730-300x150.jpg 300w, https:\/\/www.modave.be\/wp-content\/uploads\/2026\/01\/affiche-sondage-e1769171143730-1024x512.jpg 1024w, https:\/\/www.modave.be\/wp-content\/uploads\/2026\/01\/affiche-sondage-e1769171143730-768x384.jpg 768w, https:\/\/www.modave.be\/wp-content\/uploads\/2026\/01\/affiche-sondage-e1769171143730-1536x768.jpg 1536w\" \/><span class=\"the7-hover-icon\"><\/span><\/a>\t\t\t\t\t\t<\/div>\n\t\t\t\t\t\n\t\t\t\t\t<div class=\"post-entry-content\">\n\t\t\t\t\t\t<h5 class=\"heading\"><a href=\"https:\/\/www.modave.be\/index.php\/services_communaux\/la-parole-est-aux-filles-enquete\/\" rel=\"bookmark\" title=\"La parole est aux filles | Enqu\u00eate\" class=\"post-title\">La parole est aux filles | Enqu\u00eate<\/a><\/h5><div class=\"entry-meta\"><span class=\"meta-item category-link\"><a href=\"https:\/\/www.modave.be\/index.php\/category\/service-communaux\/jeunesse_temps_libre\/\" rel=\"tag\">Jeunesse - Accueil Temps Libre<\/a><\/span><\/div><div class=\"details-wrap\"><a href=\"https:\/\/www.modave.be\/index.php\/services_communaux\/la-parole-est-aux-filles-enquete\/\" target=\"\" aria-label=\"En savoir plus sur La parole est aux filles | Enqu\u00eate\" class=\"box-button elementor-button elementor-size-xs\">En savoir plus<i aria-hidden=\"true\" class=\"elementor-button-icon dt-icon-the7-arrow-552\"><\/i><\/a><\/div>\t\t\t\t\t<\/div>\n\t\t\t\t<\/div>\n\n\t\t\t<\/article><article class=\"post visible wrapper dt-owl-item-wrap post-17586 services_communaux type-services_communaux status-publish has-post-thumbnail hentry category-jeunesse_temps_libre description-off\">\n\t\t\t\t<div class=\"post-content-wrapper\">\n\t\t\t\t\t\t\t\t\t\t\t<div class=\"the7-simple-post-thumb\">\n\t\t\t\t\t\t\t<a class=\"post-thumbnail-rollover layzr-bg img-css-resize-wrapper\" aria-label=\"Image article\" href=\"https:\/\/www.modave.be\/index.php\/services_communaux\/stages-2026-inscriptions-ouvertes\/\"><img decoding=\"async\" width=\"1080\" height=\"540\" src=\"data:image\/svg+xml,%3Csvg%20xmlns%3D&#039;http%3A%2F%2Fwww.w3.org%2F2000%2Fsvg&#039;%20viewBox%3D&#039;0%200%201080%20540&#039;%2F%3E\" class=\"attachment-full size-full preload-me aspect lazy lazy-load\" alt=\"\" sizes=\"(max-width: 1080px) 100vw, 1080px\" style=\"--ratio: 1080 \/ 540;\" data-src=\"https:\/\/www.modave.be\/wp-content\/uploads\/2026\/01\/bandeau-stage-e1767947795302.jpg\" loading=\"eager\" data-srcset=\"https:\/\/www.modave.be\/wp-content\/uploads\/2026\/01\/bandeau-stage-e1767947795302.jpg 1080w, https:\/\/www.modave.be\/wp-content\/uploads\/2026\/01\/bandeau-stage-e1767947795302-300x150.jpg 300w, https:\/\/www.modave.be\/wp-content\/uploads\/2026\/01\/bandeau-stage-e1767947795302-1024x512.jpg 1024w, https:\/\/www.modave.be\/wp-content\/uploads\/2026\/01\/bandeau-stage-e1767947795302-768x384.jpg 768w\" \/><span class=\"the7-hover-icon\"><\/span><\/a>\t\t\t\t\t\t<\/div>\n\t\t\t\t\t\n\t\t\t\t\t<div class=\"post-entry-content\">\n\t\t\t\t\t\t<h5 class=\"heading\"><a href=\"https:\/\/www.modave.be\/index.php\/services_communaux\/stages-2026-inscriptions-ouvertes\/\" rel=\"bookmark\" title=\"Stages 2026 | Inscriptions ouvertes\" class=\"post-title\">Stages 2026 | Inscriptions ouvertes<\/a><\/h5><div class=\"entry-meta\"><span class=\"meta-item category-link\"><a href=\"https:\/\/www.modave.be\/index.php\/category\/service-communaux\/jeunesse_temps_libre\/\" rel=\"tag\">Jeunesse - Accueil Temps Libre<\/a><\/span><\/div><div class=\"details-wrap\"><a href=\"https:\/\/www.modave.be\/index.php\/services_communaux\/stages-2026-inscriptions-ouvertes\/\" target=\"\" aria-label=\"En savoir plus sur Stages 2026 | Inscriptions ouvertes\" class=\"box-button elementor-button elementor-size-xs\">En savoir plus<i aria-hidden=\"true\" class=\"elementor-button-icon dt-icon-the7-arrow-552\"><\/i><\/a><\/div>\t\t\t\t\t<\/div>\n\t\t\t\t<\/div>\n\n\t\t\t<\/article><article class=\"post visible wrapper dt-owl-item-wrap post-17557 services_communaux type-services_communaux status-publish has-post-thumbnail hentry category-jeunesse_temps_libre description-off\">\n\t\t\t\t<div class=\"post-content-wrapper\">\n\t\t\t\t\t\t\t\t\t\t\t<div class=\"the7-simple-post-thumb\">\n\t\t\t\t\t\t\t<a class=\"post-thumbnail-rollover layzr-bg img-css-resize-wrapper\" aria-label=\"Image article\" href=\"https:\/\/www.modave.be\/index.php\/services_communaux\/stages-2026-inscriptions-ouvertes-le-9-janvier-a-midi\/\"><img decoding=\"async\" width=\"1200\" height=\"600\" src=\"data:image\/svg+xml,%3Csvg%20xmlns%3D&#039;http%3A%2F%2Fwww.w3.org%2F2000%2Fsvg&#039;%20viewBox%3D&#039;0%200%201200%20600&#039;%2F%3E\" class=\"attachment-full size-full preload-me aspect lazy lazy-load\" alt=\"\" sizes=\"(max-width: 1200px) 100vw, 1200px\" style=\"--ratio: 1200 \/ 600;\" data-src=\"https:\/\/www.modave.be\/wp-content\/uploads\/2026\/01\/Stage-e1767710668357.jpg\" loading=\"eager\" data-srcset=\"https:\/\/www.modave.be\/wp-content\/uploads\/2026\/01\/Stage-e1767710668357.jpg 1200w, https:\/\/www.modave.be\/wp-content\/uploads\/2026\/01\/Stage-e1767710668357-300x150.jpg 300w, https:\/\/www.modave.be\/wp-content\/uploads\/2026\/01\/Stage-e1767710668357-1024x512.jpg 1024w, https:\/\/www.modave.be\/wp-content\/uploads\/2026\/01\/Stage-e1767710668357-768x384.jpg 768w\" \/><span class=\"the7-hover-icon\"><\/span><\/a>\t\t\t\t\t\t<\/div>\n\t\t\t\t\t\n\t\t\t\t\t<div class=\"post-entry-content\">\n\t\t\t\t\t\t<h5 class=\"heading\"><a href=\"https:\/\/www.modave.be\/index.php\/services_communaux\/stages-2026-inscriptions-ouvertes-le-9-janvier-a-midi\/\" rel=\"bookmark\" title=\"Stages 2026 | Inscriptions ouvertes le 9 janvier \u00e0 midi\" class=\"post-title\">Stages 2026 | Inscriptions ouvertes le 9 janvier \u00e0 midi<\/a><\/h5><div class=\"entry-meta\"><span class=\"meta-item category-link\"><a href=\"https:\/\/www.modave.be\/index.php\/category\/service-communaux\/jeunesse_temps_libre\/\" rel=\"tag\">Jeunesse - Accueil Temps Libre<\/a><\/span><\/div><div class=\"details-wrap\"><a href=\"https:\/\/www.modave.be\/index.php\/services_communaux\/stages-2026-inscriptions-ouvertes-le-9-janvier-a-midi\/\" target=\"\" aria-label=\"En savoir plus sur Stages 2026 | Inscriptions ouvertes le 9 janvier \u00e0 midi\" class=\"box-button elementor-button elementor-size-xs\">En savoir plus<i aria-hidden=\"true\" class=\"elementor-button-icon dt-icon-the7-arrow-552\"><\/i><\/a><\/div>\t\t\t\t\t<\/div>\n\t\t\t\t<\/div>\n\n\t\t\t<\/article><article class=\"post visible wrapper dt-owl-item-wrap post-16794 services_communaux type-services_communaux status-publish has-post-thumbnail hentry category-jeunesse_temps_libre description-off\">\n\t\t\t\t<div class=\"post-content-wrapper\">\n\t\t\t\t\t\t\t\t\t\t\t<div class=\"the7-simple-post-thumb\">\n\t\t\t\t\t\t\t<a class=\"post-thumbnail-rollover layzr-bg img-css-resize-wrapper\" aria-label=\"Image article\" href=\"https:\/\/www.modave.be\/index.php\/services_communaux\/place-aux-enfants-2025\/\"><img decoding=\"async\" width=\"2560\" height=\"1280\" src=\"data:image\/svg+xml,%3Csvg%20xmlns%3D&#039;http%3A%2F%2Fwww.w3.org%2F2000%2Fsvg&#039;%20viewBox%3D&#039;0%200%202560%201280&#039;%2F%3E\" class=\"attachment-full size-full preload-me aspect lazy lazy-load\" alt=\"\" sizes=\"(max-width: 2560px) 100vw, 2560px\" style=\"--ratio: 2560 \/ 1280;\" data-src=\"https:\/\/www.modave.be\/wp-content\/uploads\/2025\/10\/Placeauxenfants-122-2-scaled-e1761118501212.jpg\" loading=\"eager\" data-srcset=\"https:\/\/www.modave.be\/wp-content\/uploads\/2025\/10\/Placeauxenfants-122-2-scaled-e1761118501212.jpg 2560w, https:\/\/www.modave.be\/wp-content\/uploads\/2025\/10\/Placeauxenfants-122-2-scaled-e1761118501212-300x150.jpg 300w, https:\/\/www.modave.be\/wp-content\/uploads\/2025\/10\/Placeauxenfants-122-2-scaled-e1761118501212-1024x512.jpg 1024w, https:\/\/www.modave.be\/wp-content\/uploads\/2025\/10\/Placeauxenfants-122-2-scaled-e1761118501212-768x384.jpg 768w, https:\/\/www.modave.be\/wp-content\/uploads\/2025\/10\/Placeauxenfants-122-2-scaled-e1761118501212-1536x768.jpg 1536w, https:\/\/www.modave.be\/wp-content\/uploads\/2025\/10\/Placeauxenfants-122-2-scaled-e1761118501212-2048x1024.jpg 2048w\" \/><span class=\"the7-hover-icon\"><\/span><\/a>\t\t\t\t\t\t<\/div>\n\t\t\t\t\t\n\t\t\t\t\t<div class=\"post-entry-content\">\n\t\t\t\t\t\t<h5 class=\"heading\"><a href=\"https:\/\/www.modave.be\/index.php\/services_communaux\/place-aux-enfants-2025\/\" rel=\"bookmark\" title=\"Place aux enfants 2025\" class=\"post-title\">Place aux enfants 2025<\/a><\/h5><div class=\"entry-meta\"><span class=\"meta-item category-link\"><a href=\"https:\/\/www.modave.be\/index.php\/category\/service-communaux\/jeunesse_temps_libre\/\" rel=\"tag\">Jeunesse - Accueil Temps Libre<\/a><\/span><\/div><div class=\"details-wrap\"><a href=\"https:\/\/www.modave.be\/index.php\/services_communaux\/place-aux-enfants-2025\/\" target=\"\" aria-label=\"En savoir plus sur Place aux enfants 2025\" class=\"box-button elementor-button elementor-size-xs\">En savoir plus<i aria-hidden=\"true\" class=\"elementor-button-icon dt-icon-the7-arrow-552\"><\/i><\/a><\/div>\t\t\t\t\t<\/div>\n\t\t\t\t<\/div>\n\n\t\t\t<\/article><article class=\"post visible wrapper dt-owl-item-wrap post-16057 services_communaux type-services_communaux status-publish has-post-thumbnail hentry category-jeunesse_temps_libre description-off\">\n\t\t\t\t<div class=\"post-content-wrapper\">\n\t\t\t\t\t\t\t\t\t\t\t<div class=\"the7-simple-post-thumb\">\n\t\t\t\t\t\t\t<a class=\"post-thumbnail-rollover layzr-bg img-css-resize-wrapper\" aria-label=\"Image article\" href=\"https:\/\/www.modave.be\/index.php\/services_communaux\/stages-cet-ete-place-au-foot-avec-la-rus-stree\/\"><img decoding=\"async\" width=\"1080\" height=\"540\" src=\"data:image\/svg+xml,%3Csvg%20xmlns%3D&#039;http%3A%2F%2Fwww.w3.org%2F2000%2Fsvg&#039;%20viewBox%3D&#039;0%200%201080%20540&#039;%2F%3E\" class=\"attachment-full size-full preload-me aspect lazy lazy-load\" alt=\"\" sizes=\"(max-width: 1080px) 100vw, 1080px\" style=\"--ratio: 1080 \/ 540;\" data-src=\"https:\/\/www.modave.be\/wp-content\/uploads\/2025\/07\/Rus-Stree-e1751882018507.jpg\" loading=\"eager\" data-srcset=\"https:\/\/www.modave.be\/wp-content\/uploads\/2025\/07\/Rus-Stree-e1751882018507.jpg 1080w, https:\/\/www.modave.be\/wp-content\/uploads\/2025\/07\/Rus-Stree-e1751882018507-300x150.jpg 300w, https:\/\/www.modave.be\/wp-content\/uploads\/2025\/07\/Rus-Stree-e1751882018507-1024x512.jpg 1024w, https:\/\/www.modave.be\/wp-content\/uploads\/2025\/07\/Rus-Stree-e1751882018507-768x384.jpg 768w\" \/><span class=\"the7-hover-icon\"><\/span><\/a>\t\t\t\t\t\t<\/div>\n\t\t\t\t\t\n\t\t\t\t\t<div class=\"post-entry-content\">\n\t\t\t\t\t\t<h5 class=\"heading\"><a href=\"https:\/\/www.modave.be\/index.php\/services_communaux\/stages-cet-ete-place-au-foot-avec-la-rus-stree\/\" rel=\"bookmark\" title=\"Stages | Cet \u00e9t\u00e9, place au foot avec la RUS Str\u00e9e\" class=\"post-title\">Stages | Cet \u00e9t\u00e9, place au foot avec la RUS Str\u00e9e<\/a><\/h5><div class=\"entry-meta\"><span class=\"meta-item category-link\"><a href=\"https:\/\/www.modave.be\/index.php\/category\/service-communaux\/jeunesse_temps_libre\/\" rel=\"tag\">Jeunesse - Accueil Temps Libre<\/a><\/span><\/div><div class=\"details-wrap\"><a href=\"https:\/\/www.modave.be\/index.php\/services_communaux\/stages-cet-ete-place-au-foot-avec-la-rus-stree\/\" target=\"\" aria-label=\"En savoir plus sur Stages | Cet \u00e9t\u00e9, place au foot avec la RUS Str\u00e9e\" class=\"box-button elementor-button elementor-size-xs\">En savoir plus<i aria-hidden=\"true\" class=\"elementor-button-icon dt-icon-the7-arrow-552\"><\/i><\/a><\/div>\t\t\t\t\t<\/div>\n\t\t\t\t<\/div>\n\n\t\t\t<\/article><article class=\"post visible wrapper dt-owl-item-wrap post-15824 services_communaux type-services_communaux status-publish has-post-thumbnail hentry category-jeunesse_temps_libre description-off\">\n\t\t\t\t<div class=\"post-content-wrapper\">\n\t\t\t\t\t\t\t\t\t\t\t<div class=\"the7-simple-post-thumb\">\n\t\t\t\t\t\t\t<a class=\"post-thumbnail-rollover layzr-bg img-css-resize-wrapper\" aria-label=\"Image article\" href=\"https:\/\/www.modave.be\/index.php\/services_communaux\/permis-theorique-aide-a-letude\/\"><img decoding=\"async\" width=\"868\" height=\"434\" src=\"data:image\/svg+xml,%3Csvg%20xmlns%3D&#039;http%3A%2F%2Fwww.w3.org%2F2000%2Fsvg&#039;%20viewBox%3D&#039;0%200%20868%20434&#039;%2F%3E\" class=\"attachment-full size-full preload-me aspect lazy lazy-load\" alt=\"\" sizes=\"(max-width: 868px) 100vw, 868px\" style=\"--ratio: 868 \/ 434;\" data-src=\"https:\/\/www.modave.be\/wp-content\/uploads\/2025\/06\/Modave-Permis-B-e1748940975695.png\" loading=\"eager\" data-srcset=\"https:\/\/www.modave.be\/wp-content\/uploads\/2025\/06\/Modave-Permis-B-e1748940975695.png 868w, https:\/\/www.modave.be\/wp-content\/uploads\/2025\/06\/Modave-Permis-B-e1748940975695-300x150.png 300w, https:\/\/www.modave.be\/wp-content\/uploads\/2025\/06\/Modave-Permis-B-e1748940975695-768x384.png 768w\" \/><span class=\"the7-hover-icon\"><\/span><\/a>\t\t\t\t\t\t<\/div>\n\t\t\t\t\t\n\t\t\t\t\t<div class=\"post-entry-content\">\n\t\t\t\t\t\t<h5 class=\"heading\"><a href=\"https:\/\/www.modave.be\/index.php\/services_communaux\/permis-theorique-aide-a-letude\/\" rel=\"bookmark\" title=\"Permis th\u00e9orique | Aide \u00e0 l&rsquo;\u00e9tude\" class=\"post-title\">Permis th\u00e9orique | Aide \u00e0 l&rsquo;\u00e9tude<\/a><\/h5><div class=\"entry-meta\"><span class=\"meta-item category-link\"><a href=\"https:\/\/www.modave.be\/index.php\/category\/service-communaux\/jeunesse_temps_libre\/\" rel=\"tag\">Jeunesse - Accueil Temps Libre<\/a><\/span><\/div><div class=\"details-wrap\"><a href=\"https:\/\/www.modave.be\/index.php\/services_communaux\/permis-theorique-aide-a-letude\/\" target=\"\" aria-label=\"En savoir plus sur Permis th\u00e9orique | Aide \u00e0 l&rsquo;\u00e9tude\" class=\"box-button elementor-button elementor-size-xs\">En savoir plus<i aria-hidden=\"true\" class=\"elementor-button-icon dt-icon-the7-arrow-552\"><\/i><\/a><\/div>\t\t\t\t\t<\/div>\n\t\t\t\t<\/div>\n\n\t\t\t<\/article><article class=\"post visible wrapper dt-owl-item-wrap post-15710 services_communaux type-services_communaux status-publish has-post-thumbnail hentry category-jeunesse_temps_libre description-off\">\n\t\t\t\t<div class=\"post-content-wrapper\">\n\t\t\t\t\t\t\t\t\t\t\t<div class=\"the7-simple-post-thumb\">\n\t\t\t\t\t\t\t<a class=\"post-thumbnail-rollover layzr-bg img-css-resize-wrapper\" aria-label=\"Image article\" href=\"https:\/\/www.modave.be\/index.php\/services_communaux\/permis-theorique-un-coup-de-pouce-pour-reussir\/\"><img decoding=\"async\" width=\"868\" height=\"434\" src=\"data:image\/svg+xml,%3Csvg%20xmlns%3D&#039;http%3A%2F%2Fwww.w3.org%2F2000%2Fsvg&#039;%20viewBox%3D&#039;0%200%20868%20434&#039;%2F%3E\" class=\"attachment-full size-full preload-me aspect lazy lazy-load\" alt=\"\" sizes=\"(max-width: 868px) 100vw, 868px\" style=\"--ratio: 868 \/ 434;\" data-src=\"https:\/\/www.modave.be\/wp-content\/uploads\/2025\/06\/Modave-Permis-B-e1748940975695.png\" loading=\"eager\" data-srcset=\"https:\/\/www.modave.be\/wp-content\/uploads\/2025\/06\/Modave-Permis-B-e1748940975695.png 868w, https:\/\/www.modave.be\/wp-content\/uploads\/2025\/06\/Modave-Permis-B-e1748940975695-300x150.png 300w, https:\/\/www.modave.be\/wp-content\/uploads\/2025\/06\/Modave-Permis-B-e1748940975695-768x384.png 768w\" \/><span class=\"the7-hover-icon\"><\/span><\/a>\t\t\t\t\t\t<\/div>\n\t\t\t\t\t\n\t\t\t\t\t<div class=\"post-entry-content\">\n\t\t\t\t\t\t<h5 class=\"heading\"><a href=\"https:\/\/www.modave.be\/index.php\/services_communaux\/permis-theorique-un-coup-de-pouce-pour-reussir\/\" rel=\"bookmark\" title=\"Permis th\u00e9orique : un coup de pouce pour r\u00e9ussir !\" class=\"post-title\">Permis th\u00e9orique : un coup de pouce pour r\u00e9ussir !<\/a><\/h5><div class=\"entry-meta\"><span class=\"meta-item category-link\"><a href=\"https:\/\/www.modave.be\/index.php\/category\/service-communaux\/jeunesse_temps_libre\/\" rel=\"tag\">Jeunesse - Accueil Temps Libre<\/a><\/span><\/div><div class=\"details-wrap\"><a href=\"https:\/\/www.modave.be\/index.php\/services_communaux\/permis-theorique-un-coup-de-pouce-pour-reussir\/\" target=\"\" aria-label=\"En savoir plus sur Permis th\u00e9orique : un coup de pouce pour r\u00e9ussir !\" class=\"box-button elementor-button elementor-size-xs\">En savoir plus<i aria-hidden=\"true\" class=\"elementor-button-icon dt-icon-the7-arrow-552\"><\/i><\/a><\/div>\t\t\t\t\t<\/div>\n\t\t\t\t<\/div>\n\n\t\t\t<\/article><article class=\"post visible wrapper dt-owl-item-wrap post-15242 services_communaux type-services_communaux status-publish has-post-thumbnail hentry category-jeunesse_temps_libre description-off\">\n\t\t\t\t<div class=\"post-content-wrapper\">\n\t\t\t\t\t\t\t\t\t\t\t<div class=\"the7-simple-post-thumb\">\n\t\t\t\t\t\t\t<a class=\"post-thumbnail-rollover layzr-bg img-css-resize-wrapper\" aria-label=\"Image article\" href=\"https:\/\/www.modave.be\/index.php\/services_communaux\/stages-dete-2025-information-importante-annulation\/\"><img decoding=\"async\" width=\"2560\" height=\"1280\" src=\"data:image\/svg+xml,%3Csvg%20xmlns%3D&#039;http%3A%2F%2Fwww.w3.org%2F2000%2Fsvg&#039;%20viewBox%3D&#039;0%200%202560%201280&#039;%2F%3E\" class=\"attachment-full size-full preload-me aspect lazy lazy-load\" alt=\"\" sizes=\"(max-width: 2560px) 100vw, 2560px\" style=\"--ratio: 2560 \/ 1280;\" data-src=\"https:\/\/www.modave.be\/wp-content\/uploads\/2025\/03\/IMG_1540-Avec-accentuation-Bruit-scaled-e1741781320744.jpg\" loading=\"eager\" data-srcset=\"https:\/\/www.modave.be\/wp-content\/uploads\/2025\/03\/IMG_1540-Avec-accentuation-Bruit-scaled-e1741781320744.jpg 2560w, https:\/\/www.modave.be\/wp-content\/uploads\/2025\/03\/IMG_1540-Avec-accentuation-Bruit-scaled-e1741781320744-300x150.jpg 300w, https:\/\/www.modave.be\/wp-content\/uploads\/2025\/03\/IMG_1540-Avec-accentuation-Bruit-scaled-e1741781320744-1024x512.jpg 1024w, https:\/\/www.modave.be\/wp-content\/uploads\/2025\/03\/IMG_1540-Avec-accentuation-Bruit-scaled-e1741781320744-768x384.jpg 768w, https:\/\/www.modave.be\/wp-content\/uploads\/2025\/03\/IMG_1540-Avec-accentuation-Bruit-scaled-e1741781320744-1536x768.jpg 1536w, https:\/\/www.modave.be\/wp-content\/uploads\/2025\/03\/IMG_1540-Avec-accentuation-Bruit-scaled-e1741781320744-2048x1024.jpg 2048w\" \/><span class=\"the7-hover-icon\"><\/span><\/a>\t\t\t\t\t\t<\/div>\n\t\t\t\t\t\n\t\t\t\t\t<div class=\"post-entry-content\">\n\t\t\t\t\t\t<h5 class=\"heading\"><a href=\"https:\/\/www.modave.be\/index.php\/services_communaux\/stages-dete-2025-information-importante-annulation\/\" rel=\"bookmark\" title=\"Stages d&rsquo;\u00e9t\u00e9 2025 | Information importante | Annulation\" class=\"post-title\">Stages d&rsquo;\u00e9t\u00e9 2025 | Information importante | Annulation<\/a><\/h5><div class=\"entry-meta\"><span class=\"meta-item category-link\"><a href=\"https:\/\/www.modave.be\/index.php\/category\/service-communaux\/jeunesse_temps_libre\/\" rel=\"tag\">Jeunesse - Accueil Temps Libre<\/a><\/span><\/div><div class=\"details-wrap\"><a href=\"https:\/\/www.modave.be\/index.php\/services_communaux\/stages-dete-2025-information-importante-annulation\/\" target=\"\" aria-label=\"En savoir plus sur Stages d&rsquo;\u00e9t\u00e9 2025 | Information importante | Annulation\" class=\"box-button elementor-button elementor-size-xs\">En savoir plus<i aria-hidden=\"true\" class=\"elementor-button-icon dt-icon-the7-arrow-552\"><\/i><\/a><\/div>\t\t\t\t\t<\/div>\n\t\t\t\t<\/div>\n\n\t\t\t<\/article><article class=\"post visible wrapper dt-owl-item-wrap post-15086 services_communaux type-services_communaux status-publish has-post-thumbnail hentry category-jeunesse_temps_libre description-off\">\n\t\t\t\t<div class=\"post-content-wrapper\">\n\t\t\t\t\t\t\t\t\t\t\t<div class=\"the7-simple-post-thumb\">\n\t\t\t\t\t\t\t<a class=\"post-thumbnail-rollover layzr-bg img-css-resize-wrapper\" aria-label=\"Image article\" href=\"https:\/\/www.modave.be\/index.php\/services_communaux\/stages-2025-ouverture-des-portes\/\"><img decoding=\"async\" width=\"1080\" height=\"540\" src=\"data:image\/svg+xml,%3Csvg%20xmlns%3D&#039;http%3A%2F%2Fwww.w3.org%2F2000%2Fsvg&#039;%20viewBox%3D&#039;0%200%201080%20540&#039;%2F%3E\" class=\"attachment-full size-full preload-me aspect lazy lazy-load\" alt=\"\" sizes=\"(max-width: 1080px) 100vw, 1080px\" style=\"--ratio: 1080 \/ 540;\" data-src=\"https:\/\/www.modave.be\/wp-content\/uploads\/2025\/02\/Stage-4-e1740572504397.jpg\" loading=\"eager\" data-srcset=\"https:\/\/www.modave.be\/wp-content\/uploads\/2025\/02\/Stage-4-e1740572504397.jpg 1080w, https:\/\/www.modave.be\/wp-content\/uploads\/2025\/02\/Stage-4-e1740572504397-300x150.jpg 300w, https:\/\/www.modave.be\/wp-content\/uploads\/2025\/02\/Stage-4-e1740572504397-1024x512.jpg 1024w, https:\/\/www.modave.be\/wp-content\/uploads\/2025\/02\/Stage-4-e1740572504397-768x384.jpg 768w\" \/><span class=\"the7-hover-icon\"><\/span><\/a>\t\t\t\t\t\t<\/div>\n\t\t\t\t\t\n\t\t\t\t\t<div class=\"post-entry-content\">\n\t\t\t\t\t\t<h5 class=\"heading\"><a href=\"https:\/\/www.modave.be\/index.php\/services_communaux\/stages-2025-ouverture-des-portes\/\" rel=\"bookmark\" title=\"Stages 2025 | Ouverture des portes\" class=\"post-title\">Stages 2025 | Ouverture des portes<\/a><\/h5><div class=\"entry-meta\"><span class=\"meta-item category-link\"><a href=\"https:\/\/www.modave.be\/index.php\/category\/service-communaux\/jeunesse_temps_libre\/\" rel=\"tag\">Jeunesse - Accueil Temps Libre<\/a><\/span><\/div><div class=\"details-wrap\"><a href=\"https:\/\/www.modave.be\/index.php\/services_communaux\/stages-2025-ouverture-des-portes\/\" target=\"\" aria-label=\"En savoir plus sur Stages 2025 | Ouverture des portes\" class=\"box-button elementor-button elementor-size-xs\">En savoir plus<i aria-hidden=\"true\" class=\"elementor-button-icon dt-icon-the7-arrow-552\"><\/i><\/a><\/div>\t\t\t\t\t<\/div>\n\t\t\t\t<\/div>\n\n\t\t\t<\/article><\/div><div class=\"owl-nav disabled\"><div class=\"owl-prev\" role=\"button\" tabindex=\"0\" aria-label=\"Prev slide\"><i class=\"fas fa-chevron-left\"><\/i><\/div><div class=\"owl-next\" role=\"button\" tabindex=\"0\" aria-label=\"Next slide\"><i class=\"fas fa-chevron-right\"><\/i><\/div><\/div>\t\t\t\t<\/div>\n\t\t\t\t<\/div>\n\t\t\t\t<div class=\"elementor-element elementor-element-8674173 elementor-widget elementor-widget-spacer\" data-id=\"8674173\" data-element_type=\"widget\" data-e-type=\"widget\" data-widget_type=\"spacer.default\">\n\t\t\t\t<div class=\"elementor-widget-container\">\n\t\t\t\t\t\t\t<div class=\"elementor-spacer\">\n\t\t\t<div class=\"elementor-spacer-inner\"><\/div>\n\t\t<\/div>\n\t\t\t\t\t\t<\/div>\n\t\t\t\t<\/div>\n\t\t\t\t\t<\/div>\n\t\t\t\t<\/div>\n\t\t<div class=\"elementor-element elementor-element-c6cf1af e-flex e-con-boxed e-con e-parent\" data-id=\"c6cf1af\" data-element_type=\"container\" data-e-type=\"container\">\n\t\t\t\t\t<div class=\"e-con-inner\">\n\t\t<div class=\"elementor-element elementor-element-2c16032 e-con-full e-flex e-con e-child\" data-id=\"2c16032\" data-element_type=\"container\" data-e-type=\"container\">\n\t\t\t\t<div class=\"elementor-element elementor-element-2596a46 elementor-widget elementor-widget-image\" data-id=\"2596a46\" data-element_type=\"widget\" data-e-type=\"widget\" data-widget_type=\"image.default\">\n\t\t\t\t<div class=\"elementor-widget-container\">\n\t\t\t\t\t\t\t\t\t\t\t\t\t\t\t<img decoding=\"async\" width=\"724\" height=\"1024\" src=\"https:\/\/www.modave.be\/wp-content\/uploads\/2023\/12\/Jeunesse-Accueil-temps-libre-16-724x1024.png\" class=\"attachment-large size-large wp-image-12748\" alt=\"\" srcset=\"https:\/\/www.modave.be\/wp-content\/uploads\/2023\/12\/Jeunesse-Accueil-temps-libre-16-724x1024.png 724w, https:\/\/www.modave.be\/wp-content\/uploads\/2023\/12\/Jeunesse-Accueil-temps-libre-16-212x300.png 212w, https:\/\/www.modave.be\/wp-content\/uploads\/2023\/12\/Jeunesse-Accueil-temps-libre-16-768x1086.png 768w, https:\/\/www.modave.be\/wp-content\/uploads\/2023\/12\/Jeunesse-Accueil-temps-libre-16-1086x1536.png 1086w, https:\/\/www.modave.be\/wp-content\/uploads\/2023\/12\/Jeunesse-Accueil-temps-libre-16-1448x2048.png 1448w, https:\/\/www.modave.be\/wp-content\/uploads\/2023\/12\/Jeunesse-Accueil-temps-libre-16.png 1587w\" sizes=\"(max-width: 724px) 100vw, 724px\" \/>\t\t\t\t\t\t\t\t\t\t\t\t\t\t\t<\/div>\n\t\t\t\t<\/div>\n\t\t\t\t<\/div>\n\t\t<div class=\"elementor-element elementor-element-3b1529a e-con-full e-flex e-con e-child\" data-id=\"3b1529a\" data-element_type=\"container\" data-e-type=\"container\">\n\t\t\t\t<div class=\"elementor-element elementor-element-80856df elementor-widget__width-initial elementor-widget elementor-widget-gallery\" data-id=\"80856df\" data-element_type=\"widget\" data-e-type=\"widget\" data-settings=\"{&quot;columns&quot;:3,&quot;gap&quot;:{&quot;unit&quot;:&quot;px&quot;,&quot;size&quot;:8,&quot;sizes&quot;:[]},&quot;aspect_ratio&quot;:&quot;1:1&quot;,&quot;lazyload&quot;:&quot;yes&quot;,&quot;gallery_layout&quot;:&quot;grid&quot;,&quot;columns_tablet&quot;:2,&quot;columns_mobile&quot;:1,&quot;gap_tablet&quot;:{&quot;unit&quot;:&quot;px&quot;,&quot;size&quot;:10,&quot;sizes&quot;:[]},&quot;gap_mobile&quot;:{&quot;unit&quot;:&quot;px&quot;,&quot;size&quot;:10,&quot;sizes&quot;:[]},&quot;link_to&quot;:&quot;file&quot;,&quot;overlay_background&quot;:&quot;yes&quot;,&quot;content_hover_animation&quot;:&quot;fade-in&quot;}\" data-widget_type=\"gallery.default\">\n\t\t\t\t<div class=\"elementor-widget-container\">\n\t\t\t\t\t\t\t<div class=\"elementor-gallery__container\">\n\t\t\t\t\t\t\t<a class=\"e-gallery-item elementor-gallery-item elementor-animated-content\" href=\"https:\/\/www.modave.be\/wp-content\/uploads\/2023\/12\/Jeunesse-Accueil-temps-libre-16.png\" data-elementor-open-lightbox=\"yes\" data-elementor-lightbox-slideshow=\"80856df\" data-elementor-lightbox-title=\"Jeunesse Accueil temps libre\" data-e-action-hash=\"#elementor-action%3Aaction%3Dlightbox%26settings%3DeyJpZCI6MTI3NDgsInVybCI6Imh0dHBzOlwvXC93d3cubW9kYXZlLmJlXC93cC1jb250ZW50XC91cGxvYWRzXC8yMDIzXC8xMlwvSmV1bmVzc2UtQWNjdWVpbC10ZW1wcy1saWJyZS0xNi5wbmciLCJzbGlkZXNob3ciOiI4MDg1NmRmIn0%3D\">\n\t\t\t\t\t<div class=\"e-gallery-image elementor-gallery-item__image\" data-thumbnail=\"https:\/\/www.modave.be\/wp-content\/uploads\/2023\/12\/Jeunesse-Accueil-temps-libre-16-212x300.png\" data-width=\"212\" data-height=\"300\" aria-label=\"\" role=\"img\" ><\/div>\n\t\t\t\t\t\t\t\t\t\t\t<div class=\"elementor-gallery-item__overlay\"><\/div>\n\t\t\t\t\t\t\t\t\t\t\t\t\t\t<\/a>\n\t\t\t\t\t\t\t<a class=\"e-gallery-item elementor-gallery-item elementor-animated-content\" href=\"https:\/\/www.modave.be\/wp-content\/uploads\/2023\/12\/Jeunesse-Accueil-temps-libre-1-1.png\" data-elementor-open-lightbox=\"yes\" data-elementor-lightbox-slideshow=\"80856df\" data-elementor-lightbox-title=\"Jeunesse Accueil temps libre (1)\" data-e-action-hash=\"#elementor-action%3Aaction%3Dlightbox%26settings%3DeyJpZCI6MTI3NDcsInVybCI6Imh0dHBzOlwvXC93d3cubW9kYXZlLmJlXC93cC1jb250ZW50XC91cGxvYWRzXC8yMDIzXC8xMlwvSmV1bmVzc2UtQWNjdWVpbC10ZW1wcy1saWJyZS0xLTEucG5nIiwic2xpZGVzaG93IjoiODA4NTZkZiJ9\">\n\t\t\t\t\t<div class=\"e-gallery-image elementor-gallery-item__image\" data-thumbnail=\"https:\/\/www.modave.be\/wp-content\/uploads\/2023\/12\/Jeunesse-Accueil-temps-libre-1-1-212x300.png\" data-width=\"212\" data-height=\"300\" aria-label=\"\" role=\"img\" ><\/div>\n\t\t\t\t\t\t\t\t\t\t\t<div class=\"elementor-gallery-item__overlay\"><\/div>\n\t\t\t\t\t\t\t\t\t\t\t\t\t\t<\/a>\n\t\t\t\t\t\t\t<a class=\"e-gallery-item elementor-gallery-item elementor-animated-content\" href=\"https:\/\/www.modave.be\/wp-content\/uploads\/2023\/12\/Jeunesse-Accueil-temps-libre-2-1.png\" data-elementor-open-lightbox=\"yes\" data-elementor-lightbox-slideshow=\"80856df\" data-elementor-lightbox-title=\"Jeunesse Accueil temps libre (2)\" data-e-action-hash=\"#elementor-action%3Aaction%3Dlightbox%26settings%3DeyJpZCI6MTI3NDYsInVybCI6Imh0dHBzOlwvXC93d3cubW9kYXZlLmJlXC93cC1jb250ZW50XC91cGxvYWRzXC8yMDIzXC8xMlwvSmV1bmVzc2UtQWNjdWVpbC10ZW1wcy1saWJyZS0yLTEucG5nIiwic2xpZGVzaG93IjoiODA4NTZkZiJ9\">\n\t\t\t\t\t<div class=\"e-gallery-image elementor-gallery-item__image\" data-thumbnail=\"https:\/\/www.modave.be\/wp-content\/uploads\/2023\/12\/Jeunesse-Accueil-temps-libre-2-1-212x300.png\" data-width=\"212\" data-height=\"300\" aria-label=\"\" role=\"img\" ><\/div>\n\t\t\t\t\t\t\t\t\t\t\t<div class=\"elementor-gallery-item__overlay\"><\/div>\n\t\t\t\t\t\t\t\t\t\t\t\t\t\t<\/a>\n\t\t\t\t\t\t\t<a class=\"e-gallery-item elementor-gallery-item elementor-animated-content\" href=\"https:\/\/www.modave.be\/wp-content\/uploads\/2024\/01\/Jeunesse-Accueil-temps-libre-16.png\" data-elementor-open-lightbox=\"yes\" data-elementor-lightbox-slideshow=\"80856df\" data-elementor-lightbox-title=\"Jeunesse Accueil temps libre (16)\" data-e-action-hash=\"#elementor-action%3Aaction%3Dlightbox%26settings%3DeyJpZCI6MTI4MjcsInVybCI6Imh0dHBzOlwvXC93d3cubW9kYXZlLmJlXC93cC1jb250ZW50XC91cGxvYWRzXC8yMDI0XC8wMVwvSmV1bmVzc2UtQWNjdWVpbC10ZW1wcy1saWJyZS0xNi5wbmciLCJzbGlkZXNob3ciOiI4MDg1NmRmIn0%3D\">\n\t\t\t\t\t<div class=\"e-gallery-image elementor-gallery-item__image\" data-thumbnail=\"https:\/\/www.modave.be\/wp-content\/uploads\/2024\/01\/Jeunesse-Accueil-temps-libre-16-212x300.png\" data-width=\"212\" data-height=\"300\" aria-label=\"\" role=\"img\" ><\/div>\n\t\t\t\t\t\t\t\t\t\t\t<div class=\"elementor-gallery-item__overlay\"><\/div>\n\t\t\t\t\t\t\t\t\t\t\t\t\t\t<\/a>\n\t\t\t\t\t\t\t<a class=\"e-gallery-item elementor-gallery-item elementor-animated-content\" href=\"https:\/\/www.modave.be\/wp-content\/uploads\/2023\/12\/Jeunesse-Accueil-temps-libre-4-1.png\" data-elementor-open-lightbox=\"yes\" data-elementor-lightbox-slideshow=\"80856df\" data-elementor-lightbox-title=\"Jeunesse Accueil temps libre (4)\" data-e-action-hash=\"#elementor-action%3Aaction%3Dlightbox%26settings%3DeyJpZCI6MTI3NDQsInVybCI6Imh0dHBzOlwvXC93d3cubW9kYXZlLmJlXC93cC1jb250ZW50XC91cGxvYWRzXC8yMDIzXC8xMlwvSmV1bmVzc2UtQWNjdWVpbC10ZW1wcy1saWJyZS00LTEucG5nIiwic2xpZGVzaG93IjoiODA4NTZkZiJ9\">\n\t\t\t\t\t<div class=\"e-gallery-image elementor-gallery-item__image\" data-thumbnail=\"https:\/\/www.modave.be\/wp-content\/uploads\/2023\/12\/Jeunesse-Accueil-temps-libre-4-1-212x300.png\" data-width=\"212\" data-height=\"300\" aria-label=\"\" role=\"img\" ><\/div>\n\t\t\t\t\t\t\t\t\t\t\t<div class=\"elementor-gallery-item__overlay\"><\/div>\n\t\t\t\t\t\t\t\t\t\t\t\t\t\t<\/a>\n\t\t\t\t\t\t\t<a class=\"e-gallery-item elementor-gallery-item elementor-animated-content\" href=\"https:\/\/www.modave.be\/wp-content\/uploads\/2023\/12\/Jeunesse-Accueil-temps-libre-5.png\" data-elementor-open-lightbox=\"yes\" data-elementor-lightbox-slideshow=\"80856df\" data-elementor-lightbox-title=\"Jeunesse Accueil temps libre (5)\" data-e-action-hash=\"#elementor-action%3Aaction%3Dlightbox%26settings%3DeyJpZCI6MTI3NDMsInVybCI6Imh0dHBzOlwvXC93d3cubW9kYXZlLmJlXC93cC1jb250ZW50XC91cGxvYWRzXC8yMDIzXC8xMlwvSmV1bmVzc2UtQWNjdWVpbC10ZW1wcy1saWJyZS01LnBuZyIsInNsaWRlc2hvdyI6IjgwODU2ZGYifQ%3D%3D\">\n\t\t\t\t\t<div class=\"e-gallery-image elementor-gallery-item__image\" data-thumbnail=\"https:\/\/www.modave.be\/wp-content\/uploads\/2023\/12\/Jeunesse-Accueil-temps-libre-5-212x300.png\" data-width=\"212\" data-height=\"300\" aria-label=\"\" role=\"img\" ><\/div>\n\t\t\t\t\t\t\t\t\t\t\t<div class=\"elementor-gallery-item__overlay\"><\/div>\n\t\t\t\t\t\t\t\t\t\t\t\t\t\t<\/a>\n\t\t\t\t\t\t\t<a class=\"e-gallery-item elementor-gallery-item elementor-animated-content\" href=\"https:\/\/www.modave.be\/wp-content\/uploads\/2023\/12\/Jeunesse-Accueil-temps-libre-6.png\" data-elementor-open-lightbox=\"yes\" data-elementor-lightbox-slideshow=\"80856df\" data-elementor-lightbox-title=\"Jeunesse Accueil temps libre (6)\" data-e-action-hash=\"#elementor-action%3Aaction%3Dlightbox%26settings%3DeyJpZCI6MTI3NDIsInVybCI6Imh0dHBzOlwvXC93d3cubW9kYXZlLmJlXC93cC1jb250ZW50XC91cGxvYWRzXC8yMDIzXC8xMlwvSmV1bmVzc2UtQWNjdWVpbC10ZW1wcy1saWJyZS02LnBuZyIsInNsaWRlc2hvdyI6IjgwODU2ZGYifQ%3D%3D\">\n\t\t\t\t\t<div class=\"e-gallery-image elementor-gallery-item__image\" data-thumbnail=\"https:\/\/www.modave.be\/wp-content\/uploads\/2023\/12\/Jeunesse-Accueil-temps-libre-6-212x300.png\" data-width=\"212\" data-height=\"300\" aria-label=\"\" role=\"img\" ><\/div>\n\t\t\t\t\t\t\t\t\t\t\t<div class=\"elementor-gallery-item__overlay\"><\/div>\n\t\t\t\t\t\t\t\t\t\t\t\t\t\t<\/a>\n\t\t\t\t\t\t\t<a class=\"e-gallery-item elementor-gallery-item elementor-animated-content\" href=\"https:\/\/www.modave.be\/wp-content\/uploads\/2023\/12\/Jeunesse-Accueil-temps-libre-7.png\" data-elementor-open-lightbox=\"yes\" data-elementor-lightbox-slideshow=\"80856df\" data-elementor-lightbox-title=\"Jeunesse Accueil temps libre (7)\" data-e-action-hash=\"#elementor-action%3Aaction%3Dlightbox%26settings%3DeyJpZCI6MTI3NDEsInVybCI6Imh0dHBzOlwvXC93d3cubW9kYXZlLmJlXC93cC1jb250ZW50XC91cGxvYWRzXC8yMDIzXC8xMlwvSmV1bmVzc2UtQWNjdWVpbC10ZW1wcy1saWJyZS03LnBuZyIsInNsaWRlc2hvdyI6IjgwODU2ZGYifQ%3D%3D\">\n\t\t\t\t\t<div class=\"e-gallery-image elementor-gallery-item__image\" data-thumbnail=\"https:\/\/www.modave.be\/wp-content\/uploads\/2023\/12\/Jeunesse-Accueil-temps-libre-7-212x300.png\" data-width=\"212\" data-height=\"300\" aria-label=\"\" role=\"img\" ><\/div>\n\t\t\t\t\t\t\t\t\t\t\t<div class=\"elementor-gallery-item__overlay\"><\/div>\n\t\t\t\t\t\t\t\t\t\t\t\t\t\t<\/a>\n\t\t\t\t\t\t\t<a class=\"e-gallery-item elementor-gallery-item elementor-animated-content\" href=\"https:\/\/www.modave.be\/wp-content\/uploads\/2023\/12\/Jeunesse-Accueil-temps-libre-8.png\" data-elementor-open-lightbox=\"yes\" data-elementor-lightbox-slideshow=\"80856df\" data-elementor-lightbox-title=\"Jeunesse Accueil temps libre (8)\" data-e-action-hash=\"#elementor-action%3Aaction%3Dlightbox%26settings%3DeyJpZCI6MTI3NDAsInVybCI6Imh0dHBzOlwvXC93d3cubW9kYXZlLmJlXC93cC1jb250ZW50XC91cGxvYWRzXC8yMDIzXC8xMlwvSmV1bmVzc2UtQWNjdWVpbC10ZW1wcy1saWJyZS04LnBuZyIsInNsaWRlc2hvdyI6IjgwODU2ZGYifQ%3D%3D\">\n\t\t\t\t\t<div class=\"e-gallery-image elementor-gallery-item__image\" data-thumbnail=\"https:\/\/www.modave.be\/wp-content\/uploads\/2023\/12\/Jeunesse-Accueil-temps-libre-8-212x300.png\" data-width=\"212\" data-height=\"300\" aria-label=\"\" role=\"img\" ><\/div>\n\t\t\t\t\t\t\t\t\t\t\t<div class=\"elementor-gallery-item__overlay\"><\/div>\n\t\t\t\t\t\t\t\t\t\t\t\t\t\t<\/a>\n\t\t\t\t\t\t\t<a class=\"e-gallery-item elementor-gallery-item elementor-animated-content\" href=\"https:\/\/www.modave.be\/wp-content\/uploads\/2023\/12\/Jeunesse-Accueil-temps-libre-9.png\" data-elementor-open-lightbox=\"yes\" data-elementor-lightbox-slideshow=\"80856df\" data-elementor-lightbox-title=\"Jeunesse Accueil temps libre (9)\" data-e-action-hash=\"#elementor-action%3Aaction%3Dlightbox%26settings%3DeyJpZCI6MTI3MzksInVybCI6Imh0dHBzOlwvXC93d3cubW9kYXZlLmJlXC93cC1jb250ZW50XC91cGxvYWRzXC8yMDIzXC8xMlwvSmV1bmVzc2UtQWNjdWVpbC10ZW1wcy1saWJyZS05LnBuZyIsInNsaWRlc2hvdyI6IjgwODU2ZGYifQ%3D%3D\">\n\t\t\t\t\t<div class=\"e-gallery-image elementor-gallery-item__image\" data-thumbnail=\"https:\/\/www.modave.be\/wp-content\/uploads\/2023\/12\/Jeunesse-Accueil-temps-libre-9-212x300.png\" data-width=\"212\" data-height=\"300\" aria-label=\"\" role=\"img\" ><\/div>\n\t\t\t\t\t\t\t\t\t\t\t<div class=\"elementor-gallery-item__overlay\"><\/div>\n\t\t\t\t\t\t\t\t\t\t\t\t\t\t<\/a>\n\t\t\t\t\t\t\t<a class=\"e-gallery-item elementor-gallery-item elementor-animated-content\" href=\"https:\/\/www.modave.be\/wp-content\/uploads\/2023\/12\/Jeunesse-Accueil-temps-libre-10.png\" data-elementor-open-lightbox=\"yes\" data-elementor-lightbox-slideshow=\"80856df\" data-elementor-lightbox-title=\"Jeunesse Accueil temps libre (10)\" data-e-action-hash=\"#elementor-action%3Aaction%3Dlightbox%26settings%3DeyJpZCI6MTI3MzgsInVybCI6Imh0dHBzOlwvXC93d3cubW9kYXZlLmJlXC93cC1jb250ZW50XC91cGxvYWRzXC8yMDIzXC8xMlwvSmV1bmVzc2UtQWNjdWVpbC10ZW1wcy1saWJyZS0xMC5wbmciLCJzbGlkZXNob3ciOiI4MDg1NmRmIn0%3D\">\n\t\t\t\t\t<div class=\"e-gallery-image elementor-gallery-item__image\" data-thumbnail=\"https:\/\/www.modave.be\/wp-content\/uploads\/2023\/12\/Jeunesse-Accueil-temps-libre-10-212x300.png\" data-width=\"212\" data-height=\"300\" aria-label=\"\" role=\"img\" ><\/div>\n\t\t\t\t\t\t\t\t\t\t\t<div class=\"elementor-gallery-item__overlay\"><\/div>\n\t\t\t\t\t\t\t\t\t\t\t\t\t\t<\/a>\n\t\t\t\t\t\t\t<a class=\"e-gallery-item elementor-gallery-item elementor-animated-content\" href=\"https:\/\/www.modave.be\/wp-content\/uploads\/2024\/01\/Jeunesse-Accueil-temps-libre-17.png\" data-elementor-open-lightbox=\"yes\" data-elementor-lightbox-slideshow=\"80856df\" data-elementor-lightbox-title=\"Jeunesse Accueil temps libre (17)\" data-e-action-hash=\"#elementor-action%3Aaction%3Dlightbox%26settings%3DeyJpZCI6MTI4MzEsInVybCI6Imh0dHBzOlwvXC93d3cubW9kYXZlLmJlXC93cC1jb250ZW50XC91cGxvYWRzXC8yMDI0XC8wMVwvSmV1bmVzc2UtQWNjdWVpbC10ZW1wcy1saWJyZS0xNy5wbmciLCJzbGlkZXNob3ciOiI4MDg1NmRmIn0%3D\">\n\t\t\t\t\t<div class=\"e-gallery-image elementor-gallery-item__image\" data-thumbnail=\"https:\/\/www.modave.be\/wp-content\/uploads\/2024\/01\/Jeunesse-Accueil-temps-libre-17-212x300.png\" data-width=\"212\" data-height=\"300\" aria-label=\"\" role=\"img\" ><\/div>\n\t\t\t\t\t\t\t\t\t\t\t<div class=\"elementor-gallery-item__overlay\"><\/div>\n\t\t\t\t\t\t\t\t\t\t\t\t\t\t<\/a>\n\t\t\t\t\t\t\t<a class=\"e-gallery-item elementor-gallery-item elementor-animated-content\" href=\"https:\/\/www.modave.be\/wp-content\/uploads\/2023\/12\/Jeunesse-Accueil-temps-libre-12.png\" data-elementor-open-lightbox=\"yes\" data-elementor-lightbox-slideshow=\"80856df\" data-elementor-lightbox-title=\"Jeunesse Accueil temps libre (12)\" data-e-action-hash=\"#elementor-action%3Aaction%3Dlightbox%26settings%3DeyJpZCI6MTI3MzYsInVybCI6Imh0dHBzOlwvXC93d3cubW9kYXZlLmJlXC93cC1jb250ZW50XC91cGxvYWRzXC8yMDIzXC8xMlwvSmV1bmVzc2UtQWNjdWVpbC10ZW1wcy1saWJyZS0xMi5wbmciLCJzbGlkZXNob3ciOiI4MDg1NmRmIn0%3D\">\n\t\t\t\t\t<div class=\"e-gallery-image elementor-gallery-item__image\" data-thumbnail=\"https:\/\/www.modave.be\/wp-content\/uploads\/2023\/12\/Jeunesse-Accueil-temps-libre-12-212x300.png\" data-width=\"212\" data-height=\"300\" aria-label=\"\" role=\"img\" ><\/div>\n\t\t\t\t\t\t\t\t\t\t\t<div class=\"elementor-gallery-item__overlay\"><\/div>\n\t\t\t\t\t\t\t\t\t\t\t\t\t\t<\/a>\n\t\t\t\t\t\t\t<a class=\"e-gallery-item elementor-gallery-item elementor-animated-content\" href=\"https:\/\/www.modave.be\/wp-content\/uploads\/2023\/12\/Jeunesse-Accueil-temps-libre-13.png\" data-elementor-open-lightbox=\"yes\" data-elementor-lightbox-slideshow=\"80856df\" data-elementor-lightbox-title=\"Jeunesse Accueil temps libre (13)\" data-e-action-hash=\"#elementor-action%3Aaction%3Dlightbox%26settings%3DeyJpZCI6MTI3MzUsInVybCI6Imh0dHBzOlwvXC93d3cubW9kYXZlLmJlXC93cC1jb250ZW50XC91cGxvYWRzXC8yMDIzXC8xMlwvSmV1bmVzc2UtQWNjdWVpbC10ZW1wcy1saWJyZS0xMy5wbmciLCJzbGlkZXNob3ciOiI4MDg1NmRmIn0%3D\">\n\t\t\t\t\t<div class=\"e-gallery-image elementor-gallery-item__image\" data-thumbnail=\"https:\/\/www.modave.be\/wp-content\/uploads\/2023\/12\/Jeunesse-Accueil-temps-libre-13-212x300.png\" data-width=\"212\" data-height=\"300\" aria-label=\"\" role=\"img\" ><\/div>\n\t\t\t\t\t\t\t\t\t\t\t<div class=\"elementor-gallery-item__overlay\"><\/div>\n\t\t\t\t\t\t\t\t\t\t\t\t\t\t<\/a>\n\t\t\t\t\t\t\t<a class=\"e-gallery-item elementor-gallery-item elementor-animated-content\" href=\"https:\/\/www.modave.be\/wp-content\/uploads\/2023\/12\/Jeunesse-Accueil-temps-libre-14.png\" data-elementor-open-lightbox=\"yes\" data-elementor-lightbox-slideshow=\"80856df\" data-elementor-lightbox-title=\"Jeunesse Accueil temps libre (14)\" data-e-action-hash=\"#elementor-action%3Aaction%3Dlightbox%26settings%3DeyJpZCI6MTI3MzQsInVybCI6Imh0dHBzOlwvXC93d3cubW9kYXZlLmJlXC93cC1jb250ZW50XC91cGxvYWRzXC8yMDIzXC8xMlwvSmV1bmVzc2UtQWNjdWVpbC10ZW1wcy1saWJyZS0xNC5wbmciLCJzbGlkZXNob3ciOiI4MDg1NmRmIn0%3D\">\n\t\t\t\t\t<div class=\"e-gallery-image elementor-gallery-item__image\" data-thumbnail=\"https:\/\/www.modave.be\/wp-content\/uploads\/2023\/12\/Jeunesse-Accueil-temps-libre-14-212x300.png\" data-width=\"212\" data-height=\"300\" aria-label=\"\" role=\"img\" ><\/div>\n\t\t\t\t\t\t\t\t\t\t\t<div class=\"elementor-gallery-item__overlay\"><\/div>\n\t\t\t\t\t\t\t\t\t\t\t\t\t\t<\/a>\n\t\t\t\t\t\t\t<a class=\"e-gallery-item elementor-gallery-item elementor-animated-content\" href=\"https:\/\/www.modave.be\/wp-content\/uploads\/2023\/12\/Jeunesse-Accueil-temps-libre-15.png\" data-elementor-open-lightbox=\"yes\" data-elementor-lightbox-slideshow=\"80856df\" data-elementor-lightbox-title=\"Jeunesse Accueil temps libre (15)\" data-e-action-hash=\"#elementor-action%3Aaction%3Dlightbox%26settings%3DeyJpZCI6MTI3MzMsInVybCI6Imh0dHBzOlwvXC93d3cubW9kYXZlLmJlXC93cC1jb250ZW50XC91cGxvYWRzXC8yMDIzXC8xMlwvSmV1bmVzc2UtQWNjdWVpbC10ZW1wcy1saWJyZS0xNS5wbmciLCJzbGlkZXNob3ciOiI4MDg1NmRmIn0%3D\">\n\t\t\t\t\t<div class=\"e-gallery-image elementor-gallery-item__image\" data-thumbnail=\"https:\/\/www.modave.be\/wp-content\/uploads\/2023\/12\/Jeunesse-Accueil-temps-libre-15-212x300.png\" data-width=\"212\" data-height=\"300\" aria-label=\"\" role=\"img\" ><\/div>\n\t\t\t\t\t\t\t\t\t\t\t<div class=\"elementor-gallery-item__overlay\"><\/div>\n\t\t\t\t\t\t\t\t\t\t\t\t\t\t<\/a>\n\t\t\t\t\t<\/div>\n\t\t\t\t\t<\/div>\n\t\t\t\t<\/div>\n\t\t\t\t<\/div>\n\t\t\t\t\t<\/div>\n\t\t\t\t<\/div>\n\t\t\t\t<\/div>\n\t\t","protected":false},"excerpt":{"rendered":"<p>A la recherche d&rsquo;une activit\u00e9 extrascolaire pour votre enfant ? Agenda Actualit\u00e9s Stages | Cet \u00e9t\u00e9, place au foot avec la RUS Str\u00e9e Jeunesse &#8211; Accueil Temps LibreEn savoir plus Permis th\u00e9orique | Aide \u00e0 l&rsquo;\u00e9tude Jeunesse &#8211; Accueil Temps LibreEn savoir plus Permis th\u00e9orique : un coup de pouce pour r\u00e9ussir ! Jeunesse &#8211;&hellip;<\/p>\n","protected":false},"author":9,"featured_media":12396,"parent":0,"menu_order":0,"comment_status":"closed","ping_status":"closed","template":"","meta":{"footnotes":""},"class_list":["post-12450","page","type-page","status-publish","has-post-thumbnail","hentry","description-off"],"yoast_head":"<!-- This site is optimized with the Yoast SEO plugin v27.4 - https:\/\/yoast.com\/product\/yoast-seo-wordpress\/ -->\n<title>Enfance &amp; Jeunesse - Commune de Modave<\/title>\n<meta name=\"robots\" content=\"index, follow, max-snippet:-1, max-image-preview:large, max-video-preview:-1\" \/>\n<link rel=\"canonical\" href=\"https:\/\/www.modave.be\/index.php\/enfance-jeunesse\/\" \/>\n<meta property=\"og:locale\" content=\"fr_FR\" \/>\n<meta property=\"og:type\" content=\"article\" \/>\n<meta property=\"og:title\" content=\"Enfance &amp; Jeunesse - Commune de Modave\" \/>\n<meta property=\"og:description\" content=\"A la recherche d&rsquo;une activit\u00e9 extrascolaire pour votre enfant ? Agenda Actualit\u00e9s Stages | Cet \u00e9t\u00e9, place au foot avec la RUS Str\u00e9e Jeunesse &#8211; Accueil Temps LibreEn savoir plus Permis th\u00e9orique | Aide \u00e0 l&rsquo;\u00e9tude Jeunesse &#8211; Accueil Temps LibreEn savoir plus Permis th\u00e9orique : un coup de pouce pour r\u00e9ussir ! Jeunesse &#8211;&hellip;\" \/>\n<meta property=\"og:url\" content=\"https:\/\/www.modave.be\/index.php\/enfance-jeunesse\/\" \/>\n<meta property=\"og:site_name\" content=\"Commune de Modave\" \/>\n<meta property=\"article:modified_time\" content=\"2025-10-01T14:05:03+00:00\" \/>\n<meta property=\"og:image\" content=\"https:\/\/www.modave.be\/wp-content\/uploads\/2023\/04\/animations-e1736758011326.jpg\" \/>\n\t<meta property=\"og:image:width\" content=\"1920\" \/>\n\t<meta property=\"og:image:height\" content=\"960\" \/>\n\t<meta property=\"og:image:type\" content=\"image\/jpeg\" \/>\n<meta name=\"twitter:card\" content=\"summary_large_image\" \/>\n<meta name=\"twitter:label1\" content=\"Dur\u00e9e de lecture estim\u00e9e\" \/>\n\t<meta name=\"twitter:data1\" content=\"1 minute\" \/>\n<script type=\"application\/ld+json\" class=\"yoast-schema-graph\">{\"@context\":\"https:\\\/\\\/schema.org\",\"@graph\":[{\"@type\":\"WebPage\",\"@id\":\"https:\\\/\\\/www.modave.be\\\/index.php\\\/enfance-jeunesse\\\/\",\"url\":\"https:\\\/\\\/www.modave.be\\\/index.php\\\/enfance-jeunesse\\\/\",\"name\":\"Enfance & Jeunesse - Commune de Modave\",\"isPartOf\":{\"@id\":\"https:\\\/\\\/www.modave.be\\\/#website\"},\"primaryImageOfPage\":{\"@id\":\"https:\\\/\\\/www.modave.be\\\/index.php\\\/enfance-jeunesse\\\/#primaryimage\"},\"image\":{\"@id\":\"https:\\\/\\\/www.modave.be\\\/index.php\\\/enfance-jeunesse\\\/#primaryimage\"},\"thumbnailUrl\":\"https:\\\/\\\/www.modave.be\\\/wp-content\\\/uploads\\\/2023\\\/04\\\/animations-e1736758011326.jpg\",\"datePublished\":\"2023-06-09T08:38:01+00:00\",\"dateModified\":\"2025-10-01T14:05:03+00:00\",\"breadcrumb\":{\"@id\":\"https:\\\/\\\/www.modave.be\\\/index.php\\\/enfance-jeunesse\\\/#breadcrumb\"},\"inLanguage\":\"fr-FR\",\"potentialAction\":[{\"@type\":\"ReadAction\",\"target\":[\"https:\\\/\\\/www.modave.be\\\/index.php\\\/enfance-jeunesse\\\/\"]}]},{\"@type\":\"ImageObject\",\"inLanguage\":\"fr-FR\",\"@id\":\"https:\\\/\\\/www.modave.be\\\/index.php\\\/enfance-jeunesse\\\/#primaryimage\",\"url\":\"https:\\\/\\\/www.modave.be\\\/wp-content\\\/uploads\\\/2023\\\/04\\\/animations-e1736758011326.jpg\",\"contentUrl\":\"https:\\\/\\\/www.modave.be\\\/wp-content\\\/uploads\\\/2023\\\/04\\\/animations-e1736758011326.jpg\",\"width\":1920,\"height\":960},{\"@type\":\"BreadcrumbList\",\"@id\":\"https:\\\/\\\/www.modave.be\\\/index.php\\\/enfance-jeunesse\\\/#breadcrumb\",\"itemListElement\":[{\"@type\":\"ListItem\",\"position\":1,\"name\":\"Accueil\",\"item\":\"https:\\\/\\\/www.modave.be\\\/\"},{\"@type\":\"ListItem\",\"position\":2,\"name\":\"Enfance &#038; Jeunesse\"}]},{\"@type\":\"WebSite\",\"@id\":\"https:\\\/\\\/www.modave.be\\\/#website\",\"url\":\"https:\\\/\\\/www.modave.be\\\/\",\"name\":\"Commune de Modave\",\"description\":\"Commune de Modave\",\"publisher\":{\"@id\":\"https:\\\/\\\/www.modave.be\\\/#organization\"},\"potentialAction\":[{\"@type\":\"SearchAction\",\"target\":{\"@type\":\"EntryPoint\",\"urlTemplate\":\"https:\\\/\\\/www.modave.be\\\/?s={search_term_string}\"},\"query-input\":{\"@type\":\"PropertyValueSpecification\",\"valueRequired\":true,\"valueName\":\"search_term_string\"}}],\"inLanguage\":\"fr-FR\"},{\"@type\":\"Organization\",\"@id\":\"https:\\\/\\\/www.modave.be\\\/#organization\",\"name\":\"Commune de Modave\",\"url\":\"https:\\\/\\\/www.modave.be\\\/\",\"logo\":{\"@type\":\"ImageObject\",\"inLanguage\":\"fr-FR\",\"@id\":\"https:\\\/\\\/www.modave.be\\\/#\\\/schema\\\/logo\\\/image\\\/\",\"url\":\"https:\\\/\\\/www.modave.be\\\/wp-content\\\/uploads\\\/2021\\\/12\\\/MODAVE_LOGO_HORIZONTAL_QUADRI_RVB.png\",\"contentUrl\":\"https:\\\/\\\/www.modave.be\\\/wp-content\\\/uploads\\\/2021\\\/12\\\/MODAVE_LOGO_HORIZONTAL_QUADRI_RVB.png\",\"width\":1200,\"height\":501,\"caption\":\"Commune de Modave\"},\"image\":{\"@id\":\"https:\\\/\\\/www.modave.be\\\/#\\\/schema\\\/logo\\\/image\\\/\"}}]}<\/script>\n<!-- \/ Yoast SEO plugin. -->","yoast_head_json":{"title":"Enfance & Jeunesse - Commune de Modave","robots":{"index":"index","follow":"follow","max-snippet":"max-snippet:-1","max-image-preview":"max-image-preview:large","max-video-preview":"max-video-preview:-1"},"canonical":"https:\/\/www.modave.be\/index.php\/enfance-jeunesse\/","og_locale":"fr_FR","og_type":"article","og_title":"Enfance & Jeunesse - Commune de Modave","og_description":"A la recherche d&rsquo;une activit\u00e9 extrascolaire pour votre enfant ? Agenda Actualit\u00e9s Stages | Cet \u00e9t\u00e9, place au foot avec la RUS Str\u00e9e Jeunesse &#8211; Accueil Temps LibreEn savoir plus Permis th\u00e9orique | Aide \u00e0 l&rsquo;\u00e9tude Jeunesse &#8211; Accueil Temps LibreEn savoir plus Permis th\u00e9orique : un coup de pouce pour r\u00e9ussir ! Jeunesse &#8211;&hellip;","og_url":"https:\/\/www.modave.be\/index.php\/enfance-jeunesse\/","og_site_name":"Commune de Modave","article_modified_time":"2025-10-01T14:05:03+00:00","og_image":[{"width":1920,"height":960,"url":"https:\/\/www.modave.be\/wp-content\/uploads\/2023\/04\/animations-e1736758011326.jpg","type":"image\/jpeg"}],"twitter_card":"summary_large_image","twitter_misc":{"Dur\u00e9e de lecture estim\u00e9e":"1 minute"},"schema":{"@context":"https:\/\/schema.org","@graph":[{"@type":"WebPage","@id":"https:\/\/www.modave.be\/index.php\/enfance-jeunesse\/","url":"https:\/\/www.modave.be\/index.php\/enfance-jeunesse\/","name":"Enfance & Jeunesse - Commune de Modave","isPartOf":{"@id":"https:\/\/www.modave.be\/#website"},"primaryImageOfPage":{"@id":"https:\/\/www.modave.be\/index.php\/enfance-jeunesse\/#primaryimage"},"image":{"@id":"https:\/\/www.modave.be\/index.php\/enfance-jeunesse\/#primaryimage"},"thumbnailUrl":"https:\/\/www.modave.be\/wp-content\/uploads\/2023\/04\/animations-e1736758011326.jpg","datePublished":"2023-06-09T08:38:01+00:00","dateModified":"2025-10-01T14:05:03+00:00","breadcrumb":{"@id":"https:\/\/www.modave.be\/index.php\/enfance-jeunesse\/#breadcrumb"},"inLanguage":"fr-FR","potentialAction":[{"@type":"ReadAction","target":["https:\/\/www.modave.be\/index.php\/enfance-jeunesse\/"]}]},{"@type":"ImageObject","inLanguage":"fr-FR","@id":"https:\/\/www.modave.be\/index.php\/enfance-jeunesse\/#primaryimage","url":"https:\/\/www.modave.be\/wp-content\/uploads\/2023\/04\/animations-e1736758011326.jpg","contentUrl":"https:\/\/www.modave.be\/wp-content\/uploads\/2023\/04\/animations-e1736758011326.jpg","width":1920,"height":960},{"@type":"BreadcrumbList","@id":"https:\/\/www.modave.be\/index.php\/enfance-jeunesse\/#breadcrumb","itemListElement":[{"@type":"ListItem","position":1,"name":"Accueil","item":"https:\/\/www.modave.be\/"},{"@type":"ListItem","position":2,"name":"Enfance &#038; Jeunesse"}]},{"@type":"WebSite","@id":"https:\/\/www.modave.be\/#website","url":"https:\/\/www.modave.be\/","name":"Commune de Modave","description":"Commune de Modave","publisher":{"@id":"https:\/\/www.modave.be\/#organization"},"potentialAction":[{"@type":"SearchAction","target":{"@type":"EntryPoint","urlTemplate":"https:\/\/www.modave.be\/?s={search_term_string}"},"query-input":{"@type":"PropertyValueSpecification","valueRequired":true,"valueName":"search_term_string"}}],"inLanguage":"fr-FR"},{"@type":"Organization","@id":"https:\/\/www.modave.be\/#organization","name":"Commune de Modave","url":"https:\/\/www.modave.be\/","logo":{"@type":"ImageObject","inLanguage":"fr-FR","@id":"https:\/\/www.modave.be\/#\/schema\/logo\/image\/","url":"https:\/\/www.modave.be\/wp-content\/uploads\/2021\/12\/MODAVE_LOGO_HORIZONTAL_QUADRI_RVB.png","contentUrl":"https:\/\/www.modave.be\/wp-content\/uploads\/2021\/12\/MODAVE_LOGO_HORIZONTAL_QUADRI_RVB.png","width":1200,"height":501,"caption":"Commune de Modave"},"image":{"@id":"https:\/\/www.modave.be\/#\/schema\/logo\/image\/"}}]}},"_links":{"self":[{"href":"https:\/\/www.modave.be\/index.php\/wp-json\/wp\/v2\/pages\/12450","targetHints":{"allow":["GET"]}}],"collection":[{"href":"https:\/\/www.modave.be\/index.php\/wp-json\/wp\/v2\/pages"}],"about":[{"href":"https:\/\/www.modave.be\/index.php\/wp-json\/wp\/v2\/types\/page"}],"author":[{"embeddable":true,"href":"https:\/\/www.modave.be\/index.php\/wp-json\/wp\/v2\/users\/9"}],"replies":[{"embeddable":true,"href":"https:\/\/www.modave.be\/index.php\/wp-json\/wp\/v2\/comments?post=12450"}],"version-history":[{"count":0,"href":"https:\/\/www.modave.be\/index.php\/wp-json\/wp\/v2\/pages\/12450\/revisions"}],"wp:featuredmedia":[{"embeddable":true,"href":"https:\/\/www.modave.be\/index.php\/wp-json\/wp\/v2\/media\/12396"}],"wp:attachment":[{"href":"https:\/\/www.modave.be\/index.php\/wp-json\/wp\/v2\/media?parent=12450"}],"curies":[{"name":"wp","href":"https:\/\/api.w.org\/{rel}","templated":true}]}}