{"id":11063,"date":"2023-02-21T09:39:34","date_gmt":"2023-02-21T08:39:34","guid":{"rendered":"http:\/\/217.182.142.226\/?post_type=services_communaux&#038;p=11063"},"modified":"2023-02-21T09:41:31","modified_gmt":"2023-02-21T08:41:31","slug":"reglement-communal-sur-les-funerailles-et-sepultures-modifications","status":"publish","type":"services_communaux","link":"https:\/\/www.modave.be\/index.php\/services_communaux\/reglement-communal-sur-les-funerailles-et-sepultures-modifications\/","title":{"rendered":"R\u00e8glement communal sur les fun\u00e9railles et s\u00e9pultures &#8211; modifications"},"content":{"rendered":"\n<p>Extrait du registre aux d\u00e9lib\u00e9rations du Conseil communal &#8211;&nbsp;S\u00e9ance du&nbsp;23\/09\/2021&nbsp;<\/p>\n\n\n\n<h1 class=\"wp-block-heading\">CHAPITRE 1 : DEFINITIONS<strong><em>&nbsp;<\/em><\/strong><\/h1>\n\n\n\n<p><strong><em><u>Article 1<\/u><\/em><\/strong>&nbsp;<strong><em>:<\/em><\/strong>&nbsp;Pour l\u2019application du pr\u00e9sent r\u00e8glement, l\u2019on entend par :&nbsp;<\/p>\n\n\n\n<p>&nbsp;&nbsp; &nbsp;Aire ou parcelle de dispersion des cendres&nbsp;: espace public obligatoire dans chaque cimeti\u00e8re r\u00e9serv\u00e9 \u00e0 la dispersion des cendres.<\/p>\n\n\n\n<p>&nbsp;&nbsp; &nbsp;Ayant droit&nbsp;: le conjoint, le cohabitant l\u00e9gal ou le cohabitant de fait ou, \u00e0 d\u00e9faut, les parents ou alli\u00e9s au 1<sup>er<\/sup>&nbsp;degr\u00e9 ou, \u00e0 d\u00e9faut, les parents ou alli\u00e9s au 2<sup>\u00e8me<\/sup>&nbsp;degr\u00e9 ou, \u00e0 d\u00e9faut, les parents jusqu\u2019au 5<sup>\u00e8me<\/sup>&nbsp;degr\u00e9.<\/p>\n\n\n\n<p>&nbsp;&nbsp; &nbsp;B\u00e9n\u00e9ficiaire d\u2019une concession de s\u00e9pulture&nbsp;: personne d\u00e9sign\u00e9e par le titulaire de la concession pour pouvoir y \u00eatre inhum\u00e9e.<\/p>\n\n\n\n<p>&nbsp;&nbsp; &nbsp;Caveau&nbsp;: ouvrage souterrain de la concession destin\u00e9 \u00e0 contenir un ou plusieurs cercueils, une ou plusieurs urnes cin\u00e9raires. Les caveaux peuvent \u00eatre traditionnels ou pr\u00e9fabriqu\u00e9s.<\/p>\n\n\n\n<p>&nbsp;&nbsp; &nbsp;Caveau d\u2019attente: s\u00e9pulture temporaire pour entreposer un cercueil.<\/p>\n\n\n\n<p>&nbsp;&nbsp; &nbsp;Cavurne&nbsp;: ouvrage souterrain de la concession destin\u00e9 \u00e0 contenir jusqu\u2019\u00e0 deux urnes cin\u00e9raires.<\/p>\n\n\n\n<p>&nbsp;&nbsp; &nbsp;Cellule de columbarium&nbsp;: espace conc\u00e9d\u00e9 destin\u00e9 \u00e0 recevoir une ou deux urnes cin\u00e9raires.<\/p>\n\n\n\n<p>&nbsp;&nbsp; &nbsp;Champs commun&nbsp;: zone du cimeti\u00e8re r\u00e9serv\u00e9e \u00e0 l\u2019inhumation des corps ou des urnes cin\u00e9raires en pleine terre pour une dur\u00e9e de 5 ans.<\/p>\n\n\n\n<p>&nbsp;&nbsp; &nbsp;Cimeti\u00e8re traditionnel : lieu g\u00e9r\u00e9 par un gestionnaire public dans le but d\u2019accueillir tous les modes de&nbsp;s\u00e9pulture pr\u00e9vus par le pr\u00e9sent r\u00e8glement.<\/p>\n\n\n\n<p>&nbsp;&nbsp; &nbsp;Citerne&nbsp;: structure souterraine pr\u00e9fabriqu\u00e9e en b\u00e9ton, destin\u00e9e \u00e0 l\u2019inhumation et qui a vocation \u00e0&nbsp;accueillir un ou plusieurs cercueils ou urnes cin\u00e9raires.<\/p>\n\n\n\n<p>&nbsp;&nbsp; &nbsp;Columbarium&nbsp;: structure publique obligatoire dans tous les cimeti\u00e8res constitu\u00e9s de cellules destin\u00e9es \u00e0 recevoir une ou deux urnes cin\u00e9raires pour une dur\u00e9e d\u00e9termin\u00e9e.<\/p>\n\n\n\n<p>&nbsp;&nbsp; &nbsp;Concession de s\u00e9pulture&nbsp;: contrat aux termes duquel la Commune c\u00e8de \u00e0 une ou deux personnes appel\u00e9e(s) concessionnaire(s), la jouissance privative d\u2019une parcelle de terrain ou d\u2019une cellule de columbarium situ\u00e9e dans l\u2019un des cimeti\u00e8res communaux. Le contrat est conclu \u00e0 titre on\u00e9reux et pour une dur\u00e9e d\u00e9termin\u00e9e (30 ans) renouvelable. La parcelle de terrain ou la cellule doivent recevoir une affectation particuli\u00e8re : la parcelle est destin\u00e9e \u00e0 l\u2019inhumation de cercueils ou d\u2019urnes cin\u00e9raires, la cellule est destin\u00e9e au d\u00e9p\u00f4t d\u2019urnes cin\u00e9raires.<\/p>\n\n\n\n<p>&nbsp;&nbsp; &nbsp;Concessionnaire&nbsp;: personne qui conclut le contrat de concession de s\u00e9pulture avec l\u2019Administration&nbsp;Communale. Il s\u2019agit du titulaire de la concession.<\/p>\n\n\n\n<p>&nbsp;&nbsp;&nbsp;Conservatoire&nbsp;: espace du cimeti\u00e8re destin\u00e9 \u00e0 accueillir des \u00e9l\u00e9ments du petit patrimoine s\u00e9lectionn\u00e9s pour leur valeur m\u00e9morielle historique, architecturale ou artistique, sans relation avec la pr\u00e9sence d\u2019un corps.<\/p>\n\n\n\n<p>&nbsp;&nbsp; &nbsp;Corbillard&nbsp;: v\u00e9hicule hippomobile ou automobile affect\u00e9 au transport des cercueils et des urnes cin\u00e9raires.<\/p>\n\n\n\n<p>&nbsp;&nbsp; &nbsp;Cr\u00e9mation&nbsp;: r\u00e9duction en cendres des d\u00e9pouilles mortelles dans un \u00e9tablissement cr\u00e9matoire. &nbsp;&nbsp;&nbsp;&nbsp;D\u00e9clarant&nbsp;: personne venant d\u00e9clarer officiellement un d\u00e9c\u00e8s.<\/p>\n\n\n\n<p>&nbsp;&nbsp; &nbsp;D\u00e9faut d\u2019entretien&nbsp;: \u00e9tat d\u2019une s\u00e9pulture, qui de fa\u00e7on permanente est malpropre, envahie par la v\u00e9g\u00e9tation, d\u00e9labr\u00e9e, effondr\u00e9e, en ruine, d\u00e9pourvue de nom ou d\u00e9pourvue de signe indicatifs de s\u00e9pulture exig\u00e9s par le pr\u00e9sent R\u00e8glement.<\/p>\n\n\n\n<p>&nbsp;&nbsp; &nbsp;Espace de condol\u00e9ances et de c\u00e9r\u00e9monie non confessionnel&nbsp;: lieu de rassemblement et de recueillement destin\u00e9s aux familles du d\u00e9funt. Cet espace peut \u00eatre r\u00e9serv\u00e9 aupr\u00e8s du service de Gestion des cimeti\u00e8res.<\/p>\n\n\n\n<p>&nbsp;&nbsp; &nbsp;Emplacement non conc\u00e9d\u00e9&nbsp;: emplacement d\u2019inhumation pour une p\u00e9riode de 5 ans qui reste propri\u00e9t\u00e9 du gestionnaire public.<\/p>\n\n\n\n<p>&nbsp;&nbsp; &nbsp;Exhumation de confort&nbsp;: retrait d\u2019un cercueil ou d\u2019une urne cin\u00e9raire de sa s\u00e9pulture, \u00e0 la demande de proches ou sur initiative du gestionnaire public, en vue de lui conf\u00e9rer un nouveau mode ou lieu de s\u00e9pulture.<\/p>\n\n\n\n<p>&nbsp;&nbsp; &nbsp;Exhumation pratique ou assainissement (technique)&nbsp;: retrait, au terme de la d\u00e9saffectation de la s\u00e9pulture, d\u2019un cercueil ou d\u2019une urne cin\u00e9raire, sur initiative du gestionnaire public, impliquant le transfert des restes mortels vers l\u2019ossuaire.<\/p>\n\n\n\n<p>&nbsp;&nbsp; &nbsp;Fosse&nbsp;: excavation destin\u00e9e \u00e0 contenir un ou plusieurs cercueils, une ou plusieurs urnes cin\u00e9raires.<\/p>\n\n\n\n<p>&nbsp;&nbsp; &nbsp;Indigent&nbsp;: personne, b\u00e9n\u00e9ficiant du statut d\u2019indigence, accord\u00e9 par la commune d\u2019inscription au registre de la population, au registre des \u00e9trangers ou au registre d\u2019attente, ou \u00e0 d\u00e9faut d\u2019une telle inscription, par la commune sur le territoire de laquelle survient le d\u00e9c\u00e8s, en raison de son absence de ressources ou de ressources suffisantes pour couvrir ses besoins \u00e9l\u00e9mentaires en r\u00e9f\u00e9rence \u00e0 la loi du 26 mai 2002 concernant le droit \u00e0 l\u2019int\u00e9gration sociale.<\/p>\n\n\n\n<p>&nbsp;&nbsp; &nbsp;Inhumation&nbsp;: placement en terrain conc\u00e9d\u00e9 ou non-conc\u00e9d\u00e9 d\u2019un cercueil contenant les restes mortels ou d\u2019urne cin\u00e9raire soit dans la terre soit dans un caveau soit dans une cellule de columbarium.<\/p>\n\n\n\n<p>&nbsp;&nbsp; &nbsp;Lev\u00e9e du corps&nbsp;: enl\u00e8vement du cercueil de la maison mortuaire ou du fun\u00e9rarium.<\/p>\n\n\n\n<p>&nbsp;&nbsp; &nbsp;Mise en bi\u00e8re&nbsp;: op\u00e9ration qui consiste \u00e0 placer la d\u00e9pouille dans un cercueil, en vue d\u2019une inhumation ou d\u2019une incin\u00e9ration.<\/p>\n\n\n\n<p>&nbsp;&nbsp; &nbsp;Mode de s\u00e9pulture&nbsp;: mani\u00e8re dont la d\u00e9pouille mortelle est d\u00e9truite notamment par d\u00e9composition naturelle ou cr\u00e9mation.<\/p>\n\n\n\n<p>&nbsp;&nbsp; &nbsp;Officier de l\u2019Etat Civil&nbsp;: membre du Coll\u00e8ge Communal charg\u00e9 de :<\/p>\n\n\n\n<ol class=\"wp-block-list\">\n<li>La r\u00e9daction des actes de l\u2019\u00e9tat civil et la tenue des registres de l\u2019\u00e9tat civil<\/li>\n\n\n\n<li>La tenue des registres de la population et des \u00e9trangers<\/li>\n<\/ol>\n\n\n\n<p>En cas de d\u00e9c\u00e8s survenu sur le territoire de la Commune, les missions suivantes incombent \u00e0 l\u2019Officier de l\u2019Etat Civil :<\/p>\n\n\n\n<ol class=\"wp-block-list\">\n<li>Recevoir la d\u00e9claration du d\u00e9c\u00e8s ;<\/li>\n\n\n\n<li>Constater ou faire constater le d\u00e9c\u00e8s ;<\/li>\n\n\n\n<li>R\u00e9diger l\u2019acte de d\u00e9c\u00e8s ;<\/li>\n\n\n\n<li>D\u00e9livrer l\u2019autorisation d\u2019inhumation ou de cr\u00e9mation ;<\/li>\n\n\n\n<li>Informer l\u2019Autorit\u00e9 concern\u00e9e par le d\u00e9c\u00e8s.<\/li>\n<\/ol>\n\n\n\n<p>&nbsp;&nbsp; &nbsp;Ossuaire&nbsp;: monument m\u00e9moriel ferm\u00e9, situ\u00e9 dans le cimeti\u00e8re, am\u00e9nag\u00e9 et g\u00e9r\u00e9 par le gestionnaire public, o\u00f9 sont rassembl\u00e9s les ossements, cendres ou tout autres reste organique et vestimentaire des d\u00e9funts tels que les v\u00eatements, bijoux et dentition, apr\u00e8s qu\u2019il ait \u00e9t\u00e9 mis fin \u00e0 leur s\u00e9pulture, \u00e0 l\u2019exclusion des contenants, tels que les cercueils et housse.<\/p>\n\n\n\n<p>Parcelle des \u00e9toiles&nbsp;: parcelle non conc\u00e9d\u00e9e destin\u00e9e \u00e0 recevoir les f\u0153tus n\u00e9s sans vie entre le 106<sup>\u00e8me<\/sup>&nbsp;et 140<sup>\u00e8me<\/sup>&nbsp;jour de grossesse et les enfants de moins de 12 ans.<\/p>\n\n\n\n<p>&nbsp;&nbsp; &nbsp;Personne int\u00e9ress\u00e9e&nbsp;: le titulaire de la concession, ses ayants droits ou b\u00e9n\u00e9ficiaires mais aussi toute personne non apparent\u00e9e, administrations, associations concern\u00e9es par un monument ayant une valeur historique ou artistique.<\/p>\n\n\n\n<p>&nbsp;&nbsp; &nbsp;Personne qualifi\u00e9e pour pourvoir aux fun\u00e9railles&nbsp;: personne d\u00e9sign\u00e9e par le d\u00e9funt par voie de testament ou, \u00e0 d\u00e9faut, un de ses ayants droit ou, \u00e0 d\u00e9faut, la personne qui durant la derni\u00e8re p\u00e9riode de la vie du d\u00e9funt a entretenu avec celui-ci les liens d&rsquo;affection les plus \u00e9troits et fr\u00e9quents de sorte qu&rsquo;elle puisse conna\u00eetre ses derni\u00e8res volont\u00e9s quant \u00e0 son mode de s\u00e9pulture.<\/p>\n\n\n\n<p>&nbsp;&nbsp; &nbsp;Pr\u00e9pos\u00e9 communal du cimeti\u00e8re&nbsp;: fossoyeur en titre ou son rempla\u00e7ant.<\/p>\n\n\n\n<p>&nbsp;&nbsp; &nbsp;S\u00e9pulture&nbsp;: emplacement qui a vocation \u00e0 accueillir la d\u00e9pouille mortelle pour la dur\u00e9e pr\u00e9vue par ou en vertu du pr\u00e9sent r\u00e8glement.<\/p>\n\n\n\n<p>&nbsp;&nbsp; &nbsp;Thanatopraxie&nbsp;: soins d&rsquo;hygi\u00e8ne et de pr\u00e9sentation pratiqu\u00e9s sur un d\u00e9funt peu de temps apr\u00e8s son d\u00e9c\u00e8s, en vue, soit de donner au corps et au visage un aspect plus naturel dans l&rsquo;attente de la mise en bi\u00e8re, soit de r\u00e9pondre \u00e0 des besoins sanitaires, \u00e0 des besoins de transports internationaux ou \u00e0 des besoins d\u2019identification de la d\u00e9pouille, soit de permettre le d\u00e9roulement d\u2019activit\u00e9s d\u2019enseignement et de recherche.<\/p>\n\n\n\n<h1 class=\"wp-block-heading\"><strong><u>CHAPITRE&nbsp;2 \u2013 Personnel des cimeti\u00e8res communaux<\/u><\/strong><\/h1>\n\n\n\n<h1 class=\"wp-block-heading\"><strong><em><u>Article 2<\/u><\/em><\/strong>&nbsp;<strong><em>:&nbsp;<\/em><\/strong>Le service cimeti\u00e8res a pour principales attributions :<\/h1>\n\n\n\n<ul class=\"wp-block-list\">\n<li>De soumettre \u00e0 l\u2019approbation du Coll\u00e8ge Communal toute demande relative aux s\u00e9pultures ;<\/li>\n\n\n\n<li>De d\u00e9livrer les contrats de concession et les diverses autorisations (pose, restauration, enl\u00e8vement<\/li>\n<\/ul>\n\n\n\n<p>de monuments ou citernes, \u2026)<\/p>\n\n\n\n<ul class=\"wp-block-list\">\n<li>De conserver les copies de contrats de concession de terrain et de cellule de columbarium ;<\/li>\n\n\n\n<li>De traiter les demandes relatives au renouvellement des concessions ;<\/li>\n\n\n\n<li>De g\u00e9rer l\u2019application informatique des donn\u00e9es reprises dans les registres ;<\/li>\n\n\n\n<li>De g\u00e9rer la cartographie des cimeti\u00e8res ;<\/li>\n\n\n\n<li>D\u2019inventorier les emplacements disponibles et \u00e9ventuellement de proposer l\u2019agrandissement des<\/li>\n<\/ul>\n\n\n\n<p>cimeti\u00e8res ;<\/p>\n\n\n\n<ul class=\"wp-block-list\">\n<li>De veiller \u00e0 l\u2019affichage des s\u00e9pultures ;<\/li>\n\n\n\n<li>D\u2019informer le conducteur des travaux : Des exhumations ;<\/li>\n<\/ul>\n\n\n\n<p>&nbsp;&nbsp; &nbsp;De la liste des s\u00e9pultures devenues propri\u00e9t\u00e9 communale ;<\/p>\n\n\n\n<p>&nbsp;&nbsp; &nbsp;Des autorisations relatives aux s\u00e9pultures \u00e9rig\u00e9es avant 1945 octroy\u00e9es par le D\u00e9partement du Patrimoine de la Direction G\u00e9n\u00e9rale Op\u00e9rationnelle Am\u00e9nagement du Territoire, Logement, Patrimoine et Energie ;<\/p>\n\n\n\n<ul class=\"wp-block-list\">\n<li>La tenue r\u00e9guli\u00e8re des registres du cimeti\u00e8re<\/li>\n\n\n\n<li>La tenue du plan du cimeti\u00e8re et de son relev\u00e9<\/li>\n\n\n\n<li>La tenue d\u2019un registre m\u00e9moriel dans lequel il transcrit l\u2019\u00e9pitaphe des s\u00e9pultures ant\u00e9rieures \u00e0 1945 au moment de leur ach\u00e8vement ;<\/li>\n<\/ul>\n\n\n\n<h1 class=\"wp-block-heading\">13)&nbsp;&nbsp;&nbsp; La fixation de la date et de l\u2019heure des inhumations;<\/h1>\n\n\n\n<ul class=\"wp-block-list\">\n<li>Le constat des contraventions au r\u00e8glement de police des cimeti\u00e8res et l\u2019information au service concern\u00e9 ;<\/li>\n\n\n\n<li>D\u2019accueillir les personnes sollicitant tout renseignement relatif aux s\u00e9pultures.<\/li>\n<\/ul>\n\n\n\n<p><strong><em><u>Article 3<\/u><\/em><\/strong>&nbsp;: Les fossoyeurs ont pour principales attributions :<\/p>\n\n\n\n<ul class=\"wp-block-list\">\n<li>La fermeture de l\u2019acc\u00e8s du cimeti\u00e8re ou d\u2019un p\u00e9rim\u00e8tre du cimeti\u00e8re en cas d\u2019exhumation ou de d\u00e9saffectation de s\u00e9pulture ;<\/li>\n<\/ul>\n\n\n\n<ul class=\"wp-block-list\">\n<li>La surveillance des champs de repos ;<\/li>\n\n\n\n<li>Le contr\u00f4le du respect de la police des cimeti\u00e8res ;<\/li>\n\n\n\n<li>La gestion du caveau d\u2019attente ;<\/li>\n\n\n\n<li>La bonne tenue du cimeti\u00e8re ;<\/li>\n\n\n\n<li>Le tra\u00e7age des parcelles, chemins, l\u2019\u00e9tablissement des alignements pour les constructions de caveaux\/citernes et la pose de monuments ;<\/li>\n\n\n\n<li>La surveillance de la bonne application du pr\u00e9sent R\u00e8glement lors de travaux effectu\u00e9s par une personne ou une entreprise priv\u00e9e ;<\/li>\n\n\n\n<li>L\u2019accompagnement dans l\u2019enceinte du cimeti\u00e8re des convois fun\u00e8bres. Dans ce cadre, il sera g\u00e9n\u00e9ralement rev\u00eatu de l\u2019uniforme tel qu\u2019arr\u00eat\u00e9 par le R\u00e8glement de la masse d\u2019habillement ;<\/li>\n\n\n\n<li>Le creusement des fosses avec l\u2019aide des ouvriers communaux, les inhumations et les exhumations techniques de corps ou d\u2019urnes, le transfert de corps au d\u00e9part du caveau d\u2019attente, le remblayage des fosses et la remise en \u00e9tat des lieux ;<\/li>\n\n\n\n<li>L\u2019assainissement des s\u00e9pultures devenues propri\u00e9t\u00e9 communale, l\u2019\u00e9vacuation et le transfert des restes mortels dans les ossuaires d\u00e9sign\u00e9s \u00e0 cet effet ;<\/li>\n\n\n\n<li>L\u2019ouverture et la fermeture des cellules de columbarium ainsi que le placement de l\u2019urne cin\u00e9raire en columbarium ;<\/li>\n\n\n\n<li>La dispersion des cendres ;<\/li>\n\n\n\n<li>L\u2019enl\u00e8vement des fleurs install\u00e9es en bordure de columbarium et des parcelles de dispersion ainsi qu\u2019\u00e0 proximit\u00e9 de la st\u00e8le collective du souvenir en fonction des n\u00e9cessit\u00e9s ;<\/li>\n\n\n\n<li>L\u2019entretien des tombes sauvegard\u00e9es et des tombes des parcelles am\u00e9ricaines, anglaises, militaires et celles de victimes civiles des guerres 1914-1918 et 1940-1945.<\/li>\n\n\n\n<li>L\u2019accueil des personnes sollicitant tout renseignement relatif aux cimeti\u00e8res.&nbsp;<\/li>\n\n\n\n<li>De constater les d\u00e9fauts d\u2019entretien.&nbsp;<\/li>\n<\/ul>\n\n\n\n<p><strong><em><u>Article 4<\/u><\/em><\/strong>&nbsp;: les ouvriers communaux ont pour principales attributions :&nbsp;<\/p>\n\n\n\n<ul class=\"wp-block-list\">\n<li>Le renfort au creusement des fosses en vue des inhumations le cas \u00e9ch\u00e9ant ;<\/li>\n\n\n\n<li>L\u2019entretien des parcelles de dispersion ;<\/li>\n\n\n\n<li>L\u2019am\u00e9nagement et l\u2019entretien des chemins en fonction de l\u2019implantation des s\u00e9pultures ;<\/li>\n\n\n\n<li>L\u2019\u00e9vacuation des d\u00e9chets ;<\/li>\n\n\n\n<li>L\u2019entretien et le remplacement du mat\u00e9riel ;<\/li>\n\n\n\n<li>L\u2019entretien des pelouses, plantations, massifs, \u2026 relevant du domaine public ;<\/li>\n\n\n\n<li>L\u2019am\u00e9nagement des plantations aux endroits non affect\u00e9s aux s\u00e9pultures ;<\/li>\n\n\n\n<li>L\u2019entretien de certaines s\u00e9pultures.<\/li>\n<\/ul>\n\n\n\n<h1 class=\"wp-block-heading\">CHAPITRE 3 : GENERALITES<strong><em>&nbsp;<\/em><\/strong><\/h1>\n\n\n\n<p><strong><em><u>Article 5<\/u><\/em><\/strong>&nbsp;<strong>:&nbsp;<\/strong>La s\u00e9pulture dans les cimeti\u00e8res communaux est due l\u00e9galement :&nbsp;<\/p>\n\n\n\n<p>&nbsp;&nbsp; &nbsp;aux personnes d\u00e9c\u00e9d\u00e9es ou trouv\u00e9es mortes sur le territoire de la commune quel que soit leur domicile; &nbsp;&nbsp;&nbsp;&nbsp;aux personnes domicili\u00e9es sur le territoire de la commune quel que soit le lieu de leur d\u00e9c\u00e8s;<br>&nbsp;&nbsp; &nbsp;aux personnes domicili\u00e9es une majeure partie de leur vie sur le territoire de la commune ;<br>&nbsp;&nbsp; &nbsp;aux personnes poss\u00e9dant le droit d\u2019inhumation dans une concession de s\u00e9pultures.&nbsp;<\/p>\n\n\n\n<p>Toutes les personnes pr\u00e9cit\u00e9es peuvent faire le choix de leur cimeti\u00e8re, pour autant toutefois que des emplacements restent disponibles.&nbsp;<\/p>\n\n\n\n<p><strong><em><u>Article 6<\/u><\/em><\/strong><strong>&nbsp;:&nbsp;<\/strong>Moyennant le paiement du montant pr\u00e9vu au \u00ab tarif concessions \u00bb fix\u00e9 par le Conseil communal, les personnes n\u2019appartenant \u00e0 aucune des cat\u00e9gories ci-dessus peuvent \u00eatre inhum\u00e9es dans les cimeti\u00e8res communaux moyennant le tarif concessions multipli\u00e9 par 2 pour la parcelle de terrain en pleine terre et le caveau, et multipli\u00e9 par 2 pour la loge de columbarium, sauf si l\u2019ordre et la salubrit\u00e9 publique s\u2019y opposent.<\/p>\n\n\n\n<p>Dans des cas exceptionnels, le Coll\u00e8ge Communal pourra d\u00e9roger au pr\u00e9sent article.<\/p>\n\n\n\n<p><strong><em><u>Article 7<\/u><\/em><\/strong>&nbsp;<strong>:&nbsp;<\/strong>Le domicile ou la r\u00e9sidence se justifie par l\u2019inscription aux registres de la population, au registre des \u00e9trangers ou au registre d\u2019attente.<\/p>\n\n\n\n<p><strong><em><u>Article 8<\/u><\/em><\/strong>&nbsp;<strong>:&nbsp;<\/strong>Tous les cimeti\u00e8res communaux sont soumis au m\u00eame r\u00e9gime juridique.<\/p>\n\n\n\n<p><strong><em><u>Article 9<\/u><\/em><\/strong>&nbsp;<strong>:&nbsp;<\/strong>Les cimeti\u00e8res communaux sont plac\u00e9s directement sous l\u2019autorit\u00e9 et la surveillance du fossoyeur, de la police et des autorit\u00e9s communales qui veillent \u00e0 ce qu\u2019aucun d\u00e9sordre ni acte contraire au respect d\u00fb \u00e0 la m\u00e9moire des morts ne s\u2019y commette.<\/p>\n\n\n\n<p>Toute personne qui se rend coupable d\u2019une action inconvenante peut \u00eatre expuls\u00e9e par le fossoyeur responsable du cimeti\u00e8re ou par la police sans pr\u00e9judice des sanctions pr\u00e9vues \u00e0 l\u2019article 88 du pr\u00e9sent r\u00e8glement.&nbsp;<\/p>\n\n\n\n<h2 class=\"wp-block-heading\"><strong>A)&nbsp; Formalit\u00e9s pr\u00e9alables \u00e0 l\u2019inhumation ou \u00e0 la cr\u00e9mation<\/strong><\/h2>\n\n\n\n<p><strong><em><u>Article 10<\/u><\/em><\/strong>&nbsp;<strong>:&nbsp;<\/strong>Tout d\u00e9c\u00e8s survenu sur le territoire de la Commune de Modave, en ce compris toute d\u00e9claration sans vie lorsque la gestation a \u00e9t\u00e9 de plus de 140 jours, est d\u00e9clar\u00e9 au bureau de l\u2019Etat civil, dans les 24 heures de sa d\u00e9couverte ou d\u00e8s l\u2019ouverture de ce service.<\/p>\n\n\n\n<p>Il en va de m\u00eame en cas de d\u00e9couverte d\u2019une d\u00e9pouille ou de restes humains.<\/p>\n\n\n\n<p><strong><em><u>Article<\/u><\/em><\/strong>&nbsp;<strong><em><u>11<\/u><\/em><\/strong>&nbsp;<strong>:<\/strong>&nbsp;Les d\u00e9clarants produisent l\u2019avis du m\u00e9decin constatant le d\u00e9c\u00e8s (mod\u00e8le IIIC), les pi\u00e8ces d\u2019identit\u00e9 (carte d\u2019identit\u00e9, livret de mariage, permis de conduire, passeport et tout autres documents d\u2019identit\u00e9 officiels) ainsi que tout renseignement utile concernant le d\u00e9funt.<\/p>\n\n\n\n<p>Sans information reprise au registre de la Population, les d\u00e9clarants fournissent toutes les informations quant aux derni\u00e8res volont\u00e9s du d\u00e9funt.<\/p>\n\n\n\n<p><strong><em><u>Article 12<\/u><\/em><\/strong>&nbsp;<strong>:&nbsp;<\/strong>Les d\u00e9clarants conviennent avec l\u2019Administration communale des formalit\u00e9s relatives aux fun\u00e9railles. A d\u00e9faut, l\u2019Administration communale arr\u00eate ces formalit\u00e9s.<\/p>\n\n\n\n<p><strong><em><u>Article 13<\/u><\/em><\/strong>&nbsp;: Seul l\u2019Officier de l\u2019Etat civil est habilit\u00e9 \u00e0 autoriser les inhumations, le d\u00e9p\u00f4t ou la reprise de l\u2019urne cin\u00e9raire et la dispersion des cendres dans un espace communal. Un rendez-vous doit \u00eatre imp\u00e9rativement fix\u00e9 pour ces op\u00e9rations qui suivent la proc\u00e9dure de constat de d\u00e9c\u00e8s.<strong>&nbsp;<\/strong><\/p>\n\n\n\n<p>L\u2019autopsie, le moulage, les traitements de thanatopraxie, la mise en bi\u00e8re et le transport ne sont autoris\u00e9s qu\u2019apr\u00e8s constat de l\u2019officier public comp\u00e9tent.<\/p>\n\n\n\n<p>Un traitement de thanatopraxie peut \u00eatre autoris\u00e9 pour autant que les substances Thana-chimiques utilis\u00e9es garantissent la putr\u00e9faction de la d\u00e9pouille dans un intervalle de 8 semaines \u00e0 2 ans du d\u00e9c\u00e8s ou permettent sa cr\u00e9mation.<\/p>\n\n\n\n<p><strong><em><u>Article 14<\/u><\/em><\/strong>&nbsp;<strong>:&nbsp;<\/strong>D\u00e8s la d\u00e9livrance du permis d\u2019inhumer, les ayants droit du d\u00e9funt doivent faire proc\u00e9der \u00e0 la mise en bi\u00e8re \u00e0 l\u2019endroit o\u00f9 le corps est conserv\u00e9.<\/p>\n\n\n\n<p>Lorsqu\u2019une personne vivant seule et sans parent\u00e9 connue d\u00e9c\u00e8de ou est trouv\u00e9e sans vie \u00e0 son domicile ou sur la voie publique, la mise en bi\u00e8re et le transport ne peuvent s\u2019effectuer qu\u2019apr\u00e8s constat d\u2019un m\u00e9decin requis par l\u2019Officier de Police et lorsque les mesures ont \u00e9t\u00e9 prises pour pr\u00e9venir la famille.<\/p>\n\n\n\n<p><strong><em><u>Article 15<\/u><\/em><\/strong>&nbsp;<strong>:&nbsp;<\/strong>A d\u00e9faut d\u2019ayants droit ou de mesures prises par eux pour faire proc\u00e9der \u00e0 la mise en bi\u00e8re, il incombe au Bourgmestre d\u2019y faire proc\u00e9der. Dans cette \u00e9ventualit\u00e9, le corps, une fois mis en bi\u00e8re, sera inhum\u00e9 en emplacement non conc\u00e9d\u00e9 ou s\u2019il est trouv\u00e9 un acte de derni\u00e8re volont\u00e9 l\u2019exigeant, incin\u00e9r\u00e9 et ce, aux frais des \u00e9ventuels ayants droits d\u00e9faillants.<\/p>\n\n\n\n<p>Si le d\u00e9funt a manifest\u00e9 sa volont\u00e9 d\u2019\u00eatre incin\u00e9r\u00e9 avec placement de l\u2019urne au columbarium sans plus d\u2019information, son urne cin\u00e9raire est d\u00e9pos\u00e9e en cellule non conc\u00e9d\u00e9e.<\/p>\n\n\n\n<p>Lorsqu\u2019il s\u2019agit d\u2019un indigent, la fourniture du cercueil et la mise en bi\u00e8re sont \u00e0 charge de l\u2019Administration&nbsp;communale.<\/p>\n\n\n\n<h1 class=\"wp-block-heading\">L\u2019option choisie par la commune en cas d\u2019indigent est l\u2019incin\u00e9ration et la dispersion des cendres sur une&nbsp;<strong>parcelle de dispersion.<\/strong><\/h1>\n\n\n\n<p>Les frais des op\u00e9rations civiles, \u00e0 l\u2019exclusion des c\u00e9r\u00e9monies cultuelles ou philosophiques non confessionnelles des indigents, sont \u00e0 charge de la commune dans laquelle le d\u00e9funt est inscrit, ou \u00e0 d\u00e9faut, \u00e0 charge de la commune dans laquelle le d\u00e9c\u00e8s a eu lieu.&nbsp;&nbsp;<\/p>\n\n\n\n<h1 class=\"wp-block-heading\"><em><u>Article 16<\/u><\/em>&nbsp;: L\u2019inhumation a lieu entre la 25\u00e8me et la 120\u00e8me heure du d\u00e9c\u00e8s ou de sa d\u00e9couverte.<br><strong>Le&nbsp;Bourgmestre peut abr\u00e9ger ou prolonger ce d\u00e9lai lorsqu\u2019il le juge n\u00e9cessaire, notamment en cas d\u2019\u00e9pid\u00e9mie.<\/strong>&nbsp;<\/h1>\n\n\n\n<p><strong><em><u>Article 17<\/u><\/em><\/strong>&nbsp;<strong>:&nbsp;<\/strong><strong>L\u2019Administration communale d\u00e9cide du jour et de l\u2019heure des fun\u00e9railles&nbsp;<\/strong>en conciliant les n\u00e9cessit\u00e9s du service Etat civil, du service des cimeti\u00e8res et les d\u00e9sirs l\u00e9gitimes des familles, pendant les heures d\u2019ouverture pr\u00e9vues \u00e0 l\u2019article 30.&nbsp;<\/p>\n\n\n\n<p><strong><em><u>Article 18<\/u><\/em><\/strong>&nbsp;<strong>:&nbsp;<\/strong>Si le d\u00e9funt doit \u00eatre incin\u00e9r\u00e9, le transport ne peut s\u2019effectuer hors commune qu\u2019apr\u00e8s avoir re\u00e7u l\u2019accord de l\u2019Officier de l\u2019Etat civil&nbsp;&nbsp; quant&nbsp;&nbsp; au&nbsp;&nbsp; passage&nbsp;&nbsp; du&nbsp;&nbsp; m\u00e9decin&nbsp;&nbsp; asserment\u00e9&nbsp;&nbsp; pr\u00e9vu&nbsp;&nbsp; par&nbsp;&nbsp; la&nbsp;&nbsp; loi. Outre son r\u00f4le l\u00e9gal de v\u00e9rification de mort naturelle, il proc\u00e8de \u00e0 l\u2019examen du corps afin de signaler, le cas \u00e9ch\u00e9ant, l\u2019existence d\u2019un stimulateur cardiaque ainsi que de tout autre appareil pr\u00e9sentant un danger en cas de cr\u00e9mation ou d\u2019inhumation.&nbsp;<\/p>\n\n\n\n<p><strong>La cr\u00e9mation ou l\u2019inhumation ne sera autoris\u00e9e qu\u2019apr\u00e8s l\u2019enl\u00e8vement, aux frais de la succession du d\u00e9funt, de ces appareils.&nbsp;<\/strong>La personne qualifi\u00e9e pour pourvoir aux fun\u00e9railles en r\u00e9pondra.&nbsp;<\/p>\n\n\n\n<p><strong><em><u>Article 19<\/u><\/em><\/strong>&nbsp;<strong>:&nbsp;<\/strong><strong><u>Pour toute s\u00e9pulture en pleine terre<\/u><\/strong>, seuls les cercueils fabriqu\u00e9s en bois massif ou en d\u2019autres mat\u00e9riaux biod\u00e9gradables n\u2019emp\u00eachant pas la d\u00e9composition naturelle et normale de la d\u00e9pouille, peuvent \u00eatre utilis\u00e9s.<\/p>\n\n\n\n<p>L\u2019usage de cercueils en carton et de cercueils en osier est autoris\u00e9.<\/p>\n\n\n\n<p>L\u2019usage d\u2019une doublure en zinc est interdit.<\/p>\n\n\n\n<p><strong>Toutes housses m\u00eame biod\u00e9gradables sont strictement interdites.<\/strong><\/p>\n\n\n\n<p>Les colles, vernis, mat\u00e9riaux de colmatage et autres enduits ne peuvent pas emp\u00eacher la d\u00e9composition naturelle et normale de la d\u00e9pouille.<\/p>\n\n\n\n<p>Les mat\u00e9riaux synth\u00e9tiques ou les m\u00e9taux utilis\u00e9s pour les poign\u00e9es, les ornements et les \u00e9l\u00e9ments de raccord tels que clous, vis, agrafes, pinces et couvre-joints en m\u00e9tal sont autoris\u00e9s.<\/p>\n\n\n\n<h1 class=\"wp-block-heading\">Le cercueil doit \u00eatre muni de poign\u00e9es solidement attach\u00e9es afin de faciliter sa mise en terre. Leur solidit\u00e9 est \u00e9galement garantie lors des exhumations de confort et assainissement.<strong>&nbsp;<\/strong><\/h1>\n\n\n\n<p>Les garnitures int\u00e9rieures des cercueils, tels que draps de parure, matelas, couvertures, coussins, peuvent uniquement se composer de produits naturels biod\u00e9gradables. L\u2019int\u00e9rieur des coussins et des matelas est compos\u00e9 de produits naturels biod\u00e9gradables.&nbsp;<\/p>\n\n\n\n<p>Les conditions auxquelles le cercueil doit satisfaire et qui sont pr\u00e9vues par cet article ne sont pas applicables aux cercueils utilis\u00e9s pour le transport international des d\u00e9pouilles. Le cercueil utilis\u00e9 pour le transport international ne peut pas \u00eatre inhum\u00e9. Le cercueil qui sera inhum\u00e9 r\u00e9pondra aux exigences d\u00e9finies aux alin\u00e9as 1<sup>er<\/sup>&nbsp;\u00e0 7 du pr\u00e9sent article.&nbsp;<\/p>\n\n\n\n<h1 class=\"wp-block-heading\">Toute entreprise de pompe fun\u00e8bre fournira obligatoirement l\u2019heure de fermeture du cercueil \u00e0 l\u2019Administration communale afin de permettre \u00e0 l\u2019officier de l\u2019\u00e9tat civil ou une personne d\u00e9l\u00e9gu\u00e9e (fossoyeur) d\u2019assister \u00e0 la fermeture du cercueil afin de v\u00e9rifier que les exigences du pr\u00e9sent article soient respect\u00e9es.<\/h1>\n\n\n\n<p><strong><em><u>Article 20<\/u><\/em><\/strong>&nbsp;<strong>:&nbsp;<\/strong><strong><u>Pour toute s\u00e9pulture en caveau<\/u><\/strong>, seuls les cercueils fabriqu\u00e9s en bois massif, \u00e9quip\u00e9s d\u2019une&nbsp;<strong>doublure en zinc avec soupape<\/strong>, les cercueils en m\u00e9tal ventil\u00e9s ou les cercueils en polyester ventil\u00e9s sont autoris\u00e9s.&nbsp;<\/p>\n\n\n\n<h1 class=\"wp-block-heading\">L\u2019usage de cercueils en carton et de cercueils en osier est interdit.<strong>&nbsp;<\/strong><\/h1>\n\n\n\n<p><strong>Les housses destin\u00e9es \u00e0 contenir les d\u00e9pouilles restent enti\u00e8rement ouvertes.<\/strong><strong>&nbsp;<\/strong><\/p>\n\n\n\n<p>Les colles, vernis, mat\u00e9riaux de colmatage et autres enduits ne peuvent pas emp\u00eacher la d\u00e9composition naturelle et normale de la d\u00e9pouille.&nbsp;<\/p>\n\n\n\n<p>Les mat\u00e9riaux synth\u00e9tiques ou les m\u00e9taux utilis\u00e9s pour les poign\u00e9es, les ornements et les \u00e9l\u00e9ments de raccord tels que clous, vis, agrafes, pinces et couvre-joints en m\u00e9tal sont autoris\u00e9s.&nbsp;<\/p>\n\n\n\n<h1 class=\"wp-block-heading\">Le cercueil doit \u00eatre muni de poign\u00e9es solidement attach\u00e9es afin de faciliter sa mise en caveau. Leur solidit\u00e9 est \u00e9galement garantie lors des exhumations de confort et assainissement.<\/h1>\n\n\n\n<p>Les garnitures int\u00e9rieures des cercueils, tels que draps de parure, matelas, couvertures, coussins, peuvent uniquement se composer de produits naturels biod\u00e9gradables. L\u2019int\u00e9rieur des coussins et des matelas est compos\u00e9 de produits naturels biod\u00e9gradables.&nbsp;<\/p>\n\n\n\n<p>Les conditions auxquelles le cercueil doit satisfaire et qui sont pr\u00e9vues par cet article ne sont pas applicables aux cercueils utilis\u00e9s pour le transport international des d\u00e9pouilles. Le cercueil utilis\u00e9 pour le transport international ne peut pas \u00eatre inhum\u00e9. Le cercueil qui sera inhum\u00e9 r\u00e9pondra aux exigences d\u00e9finies aux alin\u00e9as 1<sup>er<\/sup>&nbsp;\u00e0 6 du pr\u00e9sent article.&nbsp;<\/p>\n\n\n\n<p>L\u2019officier de l\u2019\u00e9tat civil ou une personne d\u00e9l\u00e9gu\u00e9e (fossoyeur) peut demander \u00e0 assister \u00e0 la fermeture du cercueil afin de v\u00e9rifier que les exigences du pr\u00e9sent article soient respect\u00e9es. (Obligation de fournir l\u2019heure de fermeture du cercueil.)&nbsp;<\/p>\n\n\n\n<p><strong><em><u>Article 21<\/u><\/em><\/strong>&nbsp;<strong>:&nbsp;<\/strong>Tout cercueil doit \u00eatre \u00e9quip\u00e9 d&rsquo;un num\u00e9ro d&rsquo;identification appel\u00e9 un \u00ab\u00a0plomb\u00a0\u00bb.<\/p>\n\n\n\n<p>Celui-ci doit \u00eatre appos\u00e9 sur le couvercle du cercueil de mani\u00e8re \u00e0 \u00eatre visible depuis l&rsquo;entr\u00e9e du caveau. Celui-ci sera appos\u00e9 sur le couvercle ou la partie sup\u00e9rieure pour les cercueils mis en pleine terre.<strong>&nbsp;<\/strong><\/p>\n\n\n\n<p><strong><em><u>Article 22<\/u><\/em><\/strong><strong><em><u>&nbsp;:<\/u><\/em><\/strong>&nbsp;La base de tout cercueil inhum\u00e9 en pleine terre l\u2019est dans une fosse s\u00e9par\u00e9e, horizontalement, \u00e0 quinze d\u00e9cim\u00e8tres de profondeur par rapport au niveau du sol. Lorsque plusieurs cercueils sont inhum\u00e9s l\u2019un au- dessus de l\u2019autre, la base du cercueil le plus haut est \u00e0 quinze d\u00e9cim\u00e8tres en-dessous du niveau du sol. La base de toute urne inhum\u00e9e en pleine terre l\u2019est dans une fosse s\u00e9par\u00e9e \u00e0 six d\u00e9cim\u00e8tres au moins de profondeur par rapport au niveau du sol. L\u2019urne utilis\u00e9e pour une inhumation pleine-terre est biod\u00e9gradable.&nbsp;&nbsp;<\/p>\n\n\n\n<p><strong><em><u>Article 23<\/u><\/em><\/strong>&nbsp;<strong>:&nbsp;<\/strong>Le Bourgmestre, selon son appr\u00e9ciation, peut autoriser le placement dans un m\u00eame cercueil de deux corps (la m\u00e8re et son nouveau-n\u00e9, des jumeaux,..)<\/p>\n\n\n\n<h2 class=\"wp-block-heading\"><strong>B)&nbsp; Transports fun\u00e8bres Hors cimeti\u00e8re<\/strong><\/h2>\n\n\n\n<p><strong><em><u>Article 24<\/u><\/em><\/strong>&nbsp;<strong>:&nbsp;<\/strong>Le transport du cercueil s\u2019effectue dans un corbillard ou dans un v\u00e9hicule sp\u00e9cialement adapt\u00e9. Sur le territoire de l\u2019entit\u00e9, le service des transports fun\u00e8bres est assur\u00e9 par une soci\u00e9t\u00e9 de pompes fun\u00e8bres. Le mode de transport de l\u2019urne cin\u00e9raire est libre pour autant qu\u2019il s\u2019accomplisse&nbsp;<strong>avec d\u00e9cence et respect<\/strong>. Ce trajet est \u00e9galement couvert par le permis de transport d\u00e9livr\u00e9 par la commune.&nbsp;<\/p>\n\n\n\n<p><strong><em><u>Article 25<\/u><\/em><\/strong>&nbsp;<strong>:&nbsp;<\/strong>Le responsable des pompes fun\u00e8bres prend toutes les mesures utiles pour que le transport s\u2019effectue sans encombre. Il suit l\u2019itin\u00e9raire le plus direct et adapt\u00e9 sa vitesse \u00e0 un convoi fun\u00e8bre p\u00e9destre ou non.<\/p>\n\n\n\n<p>Le transport fun\u00e8bre doit se faire dans le respect et la d\u00e9cence dus aux d\u00e9funts. Il ne peut \u00eatre interrompu que&nbsp;pour l\u2019accomplissement de c\u00e9r\u00e9monies religieuses ou d\u2019hommage.&nbsp;<\/p>\n\n\n\n<p><strong><em><u>Article 26<\/u><\/em><\/strong>&nbsp;<strong>:&nbsp;<\/strong>Le transport des d\u00e9funts \u00ab d\u00e9c\u00e9d\u00e9s, d\u00e9pos\u00e9s ou d\u00e9couverts \u00e0 Modave, doit \u00eatre autoris\u00e9 par le Bourgmestre ou son d\u00e9l\u00e9gu\u00e9. En cas de mort violente, cette autorisation est subordonn\u00e9e \u00e0 l\u2019accord du Parquet.<\/p>\n\n\n\n<p>Les restes mortels d\u2019une personne d\u00e9c\u00e9d\u00e9e&nbsp;<strong>HORS COMMUNE DE MODAVE&nbsp;<\/strong>ne peuvent y \u00eatre d\u00e9pos\u00e9s ou ramen\u00e9s sans l\u2019autorisation du Bourgmestre ou de son d\u00e9l\u00e9gu\u00e9. Le Bourgmestre ou son d\u00e9l\u00e9gu\u00e9 autorise le transport de restes mortels vers une autre commune sur production de l\u2019accord \u00e9crit de l\u2019Officier de l\u2019Etat civil du lieu de destination.&nbsp;<\/p>\n\n\n\n<h2 class=\"wp-block-heading\"><strong><em>Article 27 :<\/em>&nbsp;<\/strong><\/h2>\n\n\n\n<ol class=\"wp-block-list\">\n<li>Il est interdit de transporter plus d\u2019un corps \u00e0 la fois, sauf exception pr\u00e9vue \u00e0 l\u2019article 23 du pr\u00e9sent r\u00e8glement et circonstances exceptionnelles soumises \u00e0 une d\u00e9rogation du<\/li>\n\n\n\n<li>Le transport \u00e0 bras est interdit, sauf dans les limites du cimeti\u00e8re ou suite \u00e0 une d\u00e9rogation du Bourgmestre.&nbsp;<\/li>\n<\/ol>\n\n\n\n<h2 class=\"wp-block-heading\">Dans le cimeti\u00e8re<\/h2>\n\n\n\n<p><strong><em><u>Article 28<\/u><\/em><\/strong>&nbsp;<strong>:&nbsp;<\/strong>Dans le cimeti\u00e8re, le pr\u00e9pos\u00e9 au cimeti\u00e8re prend la direction du convoi jusqu\u2019au lieu de l\u2019inhumation. Lorsque le corbillard est arriv\u00e9 \u00e0 proximit\u00e9 de la s\u00e9pulture ou l\u2019aire de dispersion, le cercueil ou l\u2019urne est, sorti du v\u00e9hicule et port\u00e9 jusqu\u2019 au lieu de s\u00e9pulture.&nbsp;&nbsp;<\/p>\n\n\n\n<p>Une collaboration volontaire est souhaitable entre les fossoyeurs et les pompes fun\u00e8bres pour la manipulation du cercueil dans le cimeti\u00e8re et \u00e0 l\u2019ext\u00e9rieur de l\u2019\u00e9glise, et pour le transport des fleurs vers la s\u00e9pulture.<\/p>\n\n\n\n<p>Les entreprises des pompes fun\u00e8bres veilleront, le cas \u00e9ch\u00e9ant, \u00e0 utiliser pour le transport un v\u00e9hicule en&nbsp;ad\u00e9quation avec l\u2019acc\u00e8s au lieu de s\u00e9pulture.&nbsp;&nbsp;<\/p>\n\n\n\n<p><strong><em><u>Article 29&nbsp;:<\/u><\/em><\/strong>&nbsp;<strong>Lors de l\u2019inhumation du cercueil, toute manipulation ne peut se faire en pr\u00e9sence des proches du d\u00e9funt<\/strong>. Ceux-ci seront invit\u00e9s \u00e0 patienter \u00e0 l\u2019entr\u00e9e du cimeti\u00e8re le temps de l\u2019inhumation.<\/p>\n\n\n\n<h2 class=\"wp-block-heading\"><strong>C)&nbsp; Situation g\u00e9ographique des cimeti\u00e8res et heures d\u2019ouverture<\/strong><\/h2>\n\n\n\n<p><strong><em><u>Article 30<\/u><\/em><\/strong>&nbsp;<strong>:<\/strong><\/p>\n\n\n\n<ol class=\"wp-block-list\">\n<li><strong>Cimeti\u00e8re de Vierset \u2013 rue des Hayettes<\/strong><\/li>\n\n\n\n<li><strong>Cimeti\u00e8re de Str\u00e9e \u2013 Route de Str\u00e9e<\/strong><\/li>\n\n\n\n<li><strong>Cimeti\u00e8re de Modave \u2013 rue du Petit-Modave<\/strong><\/li>\n\n\n\n<li><strong>Cimeti\u00e8re de Rausa \u2013 rue Rausa<\/strong><\/li>\n<\/ol>\n\n\n\n<p><strong>\u2026\u2026\u2026\u2026\u2026\u2026\u2026.<\/strong><\/p>\n\n\n\n<p><strong>Parcelle des \u00e9toiles : Cimeti\u00e8re de Vierset \u2013 rue des Hayettes<\/strong><\/p>\n\n\n\n<p>Sauf d\u00e9rogation expresse du Bourgmestre ou de son d\u00e9l\u00e9gu\u00e9, les cimeti\u00e8res de la Commune sont ouverts au public tous les jours, samedis, dimanches et jours f\u00e9ri\u00e9s inclus, du lever au coucher du soleil.<\/p>\n\n\n\n<p><strong><em><u>Article 31&nbsp;:<\/u><\/em><\/strong>&nbsp;Les c\u00e9r\u00e9monies fun\u00e8bres n\u00e9cessitant l\u2019intervention du personnel communal doivent \u00eatre organis\u00e9es pendant les heures de prestation du personnel communal, soit entre 8h30 et 16h00 du lundi au jeudi et de 8h30 \u00e0 14h30 le vendredi, et se terminer :<\/p>\n\n\n\n<p>&nbsp;&nbsp; &nbsp;au plus tard deux heures avant la fin de l\u2019horaire de prestation du personnel communal, du lundi au vendredi, pour les inhumations&nbsp; de cercueil ;<\/p>\n\n\n\n<p>&nbsp;&nbsp; &nbsp;au plus tard une heure avant la fin de l\u2019horaire de prestation du personnel communal, du lundi au vendredi, pour le placement d\u2019urnes&nbsp;au columbarium et les dispersions de cendres ;<\/p>\n\n\n\n<h1 class=\"wp-block-heading\">&nbsp; &nbsp;le WE, au plus tard \u00e0 12h30 le samedi &nbsp;(pas d\u2019inhumation le samedi apr\u00e8s-midi).<\/h1>\n\n\n\n<h1 class=\"wp-block-heading\">De plus, aucune inhumation n\u2019aura lieu, le 1<sup>er<\/sup>&nbsp;et 2 novembre, du 24 au 26 d\u00e9cembre, du 31 d\u00e9cembre au 1<sup>er<\/sup>&nbsp;janvier, les jours f\u00e9ri\u00e9s l\u00e9gaux et les dimanches.<\/h1>\n\n\n\n<h2 class=\"wp-block-heading\"><strong>CHAPITRE 4 : REGISTRE DES CIMETIERES<\/strong><\/h2>\n\n\n\n<p><strong><em><u>Article<\/u><\/em><\/strong>&nbsp;<strong><em><u>32<\/u><\/em><\/strong>&nbsp;: Le service cimeti\u00e8res est charg\u00e9 de la tenue du registre g\u00e9n\u00e9ral des cimeti\u00e8res. Ce registre est&nbsp;conforme aux modalit\u00e9s de l\u2019arr\u00eat\u00e9 du gouvernement wallon.&nbsp;<\/p>\n\n\n\n<p>La personne qui veut localiser la tombe d\u2019un d\u00e9funt s\u2019adresse au service de Gestion des Cimeti\u00e8res.&nbsp;<\/p>\n\n\n\n<p>Le registre contient les informations suivantes :<\/p>\n\n\n\n<p>&nbsp;&nbsp;&nbsp;&nbsp; Le nom du cimeti\u00e8re<\/p>\n\n\n\n<ul class=\"wp-block-list\">\n<li>La date de cr\u00e9ation du cimeti\u00e8re et de ses extensions<\/li>\n\n\n\n<li>Et, le cas \u00e9ch\u00e9ant :<\/li>\n<\/ul>\n\n\n\n<p>&nbsp;&nbsp; &nbsp;La date de cessation des inhumations et dispersions de cendres dans le cimeti\u00e8re ;<\/p>\n\n\n\n<p>&nbsp;&nbsp; &nbsp;La date de fermeture du cimeti\u00e8re et le d\u00e9lai de reprise des signes indicatifs de s\u00e9pulture.<\/p>\n\n\n\n<p>En outre, il contient :<\/p>\n\n\n\n<p>&nbsp;&nbsp; &nbsp;Pour chaque s\u00e9pulture ou cellule de columbarium :<\/p>\n\n\n\n<ul class=\"wp-block-list\">\n<li>Le num\u00e9ro de la parcelle, rang\u00e9e, s\u00e9pulture ou cellule de columbarium ;<\/li>\n\n\n\n<li>L\u2019indication de la nature conc\u00e9d\u00e9e ou non conc\u00e9d\u00e9e de la s\u00e9pulture ou de columbarium ;<\/li>\n\n\n\n<li>L\u2019identit\u00e9 de la ou des d\u00e9pouille(s) mortelle(s) ;<\/li>\n\n\n\n<li>L\u2019identit\u00e9 du d\u00e9funt et l\u2019indication du num\u00e9ro d\u2019ordre de la cr\u00e9mation inscrit sur l\u2019urne<\/li>\n<\/ul>\n\n\n\n<p>inhum\u00e9e ou plac\u00e9e en cellule de columbarium ;<\/p>\n\n\n\n<ul class=\"wp-block-list\">\n<li>La date d\u2019inhumation de chaque cercueil et urne ;<\/li>\n\n\n\n<li>La date d\u2019exhumation de cercueil et urne de la s\u00e9pulture et sa nouvelle destination ;<\/li>\n\n\n\n<li>La date de transfert des restes mortels et des cendres vers l\u2019ossuaire communal ou la date \u00e0<\/li>\n<\/ul>\n\n\n\n<p>laquelle les restes mortels sont incin\u00e9r\u00e9s et les cendres dispers\u00e9es ;<\/p>\n\n\n\n<ul class=\"wp-block-list\">\n<li>La date du transfert de la s\u00e9pulture vers un nouveau cimeti\u00e8re et l\u2019indication de son nouvel<\/li>\n<\/ul>\n\n\n\n<p>emplacement ;<\/p>\n\n\n\n<ul class=\"wp-block-list\">\n<li>La reconnaissance ou non au titre de s\u00e9pulture d\u2019importance historique<\/li>\n<\/ul>\n\n\n\n<p>&nbsp;&nbsp; &nbsp;Pour chaque parcelle de dispersion :<\/p>\n\n\n\n<ul class=\"wp-block-list\">\n<li>L\u2019identit\u00e9 des d\u00e9funts dont les cendres ont \u00e9t\u00e9 dispers\u00e9es ainsi que la date de<\/li>\n<\/ul>\n\n\n\n<p>&nbsp;&nbsp; &nbsp;Pour chaque s\u00e9pulture conc\u00e9d\u00e9e :<\/p>\n\n\n\n<ul class=\"wp-block-list\">\n<li>La date de d\u00e9but de concession, sa dur\u00e9e, sont terme et ses \u00e9ventuels renouvellements, dur\u00e9e et terme ;<\/li>\n\n\n\n<li>Le nombre de place(s) ouverte(s) pour l\u2019inhumation de cercueil ou urne ;<\/li>\n\n\n\n<li>La liste des b\u00e9n\u00e9ficiaires de la concession et ses modifications ;<\/li>\n\n\n\n<li>La date du rassemblement dans un m\u00eame cercueil des restes des d\u00e9pouilles et des cendres<\/li>\n<\/ul>\n\n\n\n<p>ainsi que la transcription de l\u2019autorisation du Bourgmestre relative \u00e0 cette op\u00e9ration ;<\/p>\n\n\n\n<ul class=\"wp-block-list\">\n<li>La date l\u2019acte annon\u00e7ant le terme de la concession ;<\/li>\n\n\n\n<li>Le d\u00e9lai de reprise des signes indicatifs de s\u00e9pulture ;<\/li>\n<\/ul>\n\n\n\n<p>&nbsp;&nbsp; &nbsp;Pour chaque s\u00e9pulture non conc\u00e9d\u00e9e ayant fait l\u2019objet d\u2019une d\u00e9cision d\u2019enl\u00e8vement :<\/p>\n\n\n\n<ul class=\"wp-block-list\">\n<li>La date de la d\u00e9cision d\u2019enl\u00e8vement de la s\u00e9pulture ;<\/li>\n\n\n\n<li>La date de l\u2019affichage de la d\u00e9cision d\u2019enl\u00e8vement ;<\/li>\n\n\n\n<li>Le d\u00e9lai de reprise des signes indicatifs de s\u00e9pulture ;<\/li>\n<\/ul>\n\n\n\n<p>&nbsp;&nbsp; &nbsp;Pour chaque s\u00e9pulture ayant fait l\u2019objet d\u2019un constat d\u2019abandon :<\/p>\n\n\n\n<ul class=\"wp-block-list\">\n<li>La date de l\u2019acte constatant le d\u00e9faut d\u2019entretien ;<\/li>\n\n\n\n<li>La date de l\u2019affichage de l\u2019acte constatant le d\u00e9faut d\u2019entretien ;<\/li>\n\n\n\n<li>Le terme de l\u2019affichage.<\/li>\n<\/ul>\n\n\n\n<p><strong><em><u>Article 32bis&nbsp;:<\/u><\/em><\/strong>&nbsp;Le service cimeti\u00e8re est charg\u00e9 de la tenue du registre g\u00e9n\u00e9ral des ossuaires.<\/p>\n\n\n\n<p><strong><em><u>Article 33<\/u><\/em><\/strong>&nbsp;: Il est tenu un plan g\u00e9n\u00e9ral des cimeti\u00e8res.<\/p>\n\n\n\n<p>Ces plans et registres sont d\u00e9pos\u00e9s au service cimeti\u00e8res de l\u2019Administration communale.<br>La personne qui souhaite localiser la tombe d\u2019un d\u00e9funt s\u2019adressera au service Gestion des cimeti\u00e8res ou au fossoyeur.<br>&nbsp;<\/p>\n\n\n\n<h2 class=\"wp-block-heading\"><strong>CHAPITRE 5 : DISPOSITIONS RELATIVES AUX TRAVAUX<\/strong><\/h2>\n\n\n\n<p><strong><em><u>Article 34<\/u><\/em><\/strong>&nbsp;<strong>:&nbsp;<\/strong>Le transport par v\u00e9hicule des gros mat\u00e9riaux est&nbsp;<strong>soumis \u00e0 autorisation \u00e9crite pr\u00e9alable du Bourgmestre ou de son d\u00e9l\u00e9gu\u00e9&nbsp;<\/strong>; il est limit\u00e9 aux all\u00e9es principales, transversales, centrales et de contour. Ce transport ne sera pas autoris\u00e9 en temps de d\u00e9gel. Les orni\u00e8res ou les d\u00e9t\u00e9riorations caus\u00e9es du chef d\u2019un transport seront r\u00e9par\u00e9es imm\u00e9diatement par l\u2019auteur, sur l\u2019ordre et les indications du fossoyeur, conform\u00e9ment \u00e0 l\u2019article 34.&nbsp;<\/p>\n\n\n\n<h1 class=\"wp-block-heading\"><em><u>Article 35<\/u><\/em>&nbsp;: IL EST DEFENDU D\u2019EFFECTUER DES TRAVAUX DE TERRASSEMENT OU DE POSE DE MONUMENT SANS AUTORISATION ECRITE PREALABLE DU BOURGMESTRE OU DE SON DELEGUE.<\/h1>\n\n\n\n<h1 class=\"wp-block-heading\">Ces travaux ne pourront avoir lieu qu\u2019apr\u00e8s avoir rencontr\u00e9 le fossoyeur sur le site concern\u00e9 et lui avoir remis une copie de l\u2019autorisation d\u00e9livr\u00e9e. En outre, cette autorisation devra \u00eatre perceptible durant toute la dur\u00e9e des travaux.<\/h1>\n\n\n\n<p><strong>Ce dernier veillera \u00e0 ce que ces travaux soient ex\u00e9cut\u00e9s conform\u00e9ment aux conditions du pr\u00e9sent r\u00e8glement.<\/strong><\/p>\n\n\n\n<h1 class=\"wp-block-heading\">Un \u00e9tat des lieux d\u2019entr\u00e9e et de sortie sera effectu\u00e9 en pr\u00e9sence du fossoyeur. Aucun caveau ne sera autoris\u00e9 en auto-construction particuli\u00e8re.<\/h1>\n\n\n\n<p><strong>Toute personne non autoris\u00e9e d\u2019effectuer des travaux pourra faire l\u2019objet d\u2019une sanction d\u00e9termin\u00e9e par le&nbsp;<\/strong>Coll\u00e8ge communal et ces travaux seront d\u00e9mont\u00e9s sans possibilit\u00e9 de d\u00e9dommagement.&nbsp;<strong>&nbsp;<\/strong><\/p>\n\n\n\n<p><strong><em><u>Article 36<\/u><\/em><\/strong>&nbsp;<strong>:&nbsp;<\/strong>Les travaux de construction ou de terrassement peuvent \u00eatre momentan\u00e9ment suspendus pour des cas de force majeure \u00e0 appr\u00e9cier par le Bourgmestre ou son d\u00e9l\u00e9gu\u00e9. Tous travaux de pose de caveaux et autres travaux importants sont interdits les samedis, dimanches et jours f\u00e9ri\u00e9s.&nbsp;&nbsp;<\/p>\n\n\n\n<h1 class=\"wp-block-heading\">A PARTIR DU 25 OCTOBRE JUSQU\u2019AU 02 NOVEMBRE INCLUS, il est interdit d\u2019effectuer des travaux de construction, de plantation ou de terrassement, ainsi que tous travaux g\u00e9n\u00e9ralement quelconques d\u2019entretien des signes indicatifs de s\u00e9pulture.<\/h1>\n\n\n\n<p><strong><em><u>Article<\/u><\/em><\/strong>&nbsp;<strong><em><u>37&nbsp;<\/u><\/em><\/strong><strong>:<\/strong>&nbsp;<strong>L\u2019entrepreneur<\/strong>&nbsp;<strong>charg\u00e9<\/strong>&nbsp;<strong>de<\/strong>&nbsp;<strong>la pose d\u2019un caveau ou d\u2019un monument est responsable de la stabilit\u00e9 et la p\u00e9rennit\u00e9 du monument.&nbsp;<br><\/strong>Les terres et d\u00e9blais provenant de travaux de pose de caveaux ou autres seront \u00e9vacu\u00e9s par l\u2019entrepreneur&nbsp;responsable et \u00e0 ses frais, conform\u00e9ment \u00e0 la l\u00e9gislation en vigueur.&nbsp;<\/p>\n\n\n\n<p><strong><em><u>Article 38<\/u><\/em><\/strong>&nbsp;<strong>:&nbsp;<\/strong>Tout d\u00e9p\u00f4t prolong\u00e9 de mat\u00e9riaux ou de mat\u00e9riel est soumis \u00e0 l\u2019autorisation pr\u00e9alable et \u00e9crite&nbsp;du Bourgmestre ou de son d\u00e9l\u00e9gu\u00e9.&nbsp;<\/p>\n\n\n\n<h1 class=\"wp-block-heading\"><em><u>Article 39<\/u><\/em>&nbsp;: La construction de caveau doit \u00eatre r\u00e9alis\u00e9e avec une ouverture par le dessus. En cas d\u2019inhumation et d\u2019exhumation, l\u2019entreprise des pompes fun\u00e8bres, avec ou sans sous-traitant, est responsable de la prise en charge de la d\u00e9pose du monument, de l\u2019ouverture et de la fermeture du caveau ainsi que de la repose du monument.<\/h1>\n\n\n\n<p><strong>&nbsp;<\/strong><strong><em><u>Article 40<\/u><\/em><\/strong>&nbsp;: Les autorisations, concernant les monuments et les signes indicatifs de s\u00e9pultures, sont valables :<\/p>\n\n\n\n<ul class=\"wp-block-list\">\n<li>6 mois pour la pose et l\u2019enl\u00e8vement d\u2019un monument sur caveau ;<\/li>\n\n\n\n<li>6 mois minimum et 12 mois maximum pour la pose et l\u2019enl\u00e8vement d\u2019un monument sur concession pleine terre ;<\/li>\n\n\n\n<li>1 an pour la restauration d\u2019un<\/li>\n<\/ul>\n\n\n\n<p>Toutefois, en cas de construction ou de restauration d\u2019un monument ant\u00e9rieur \u00e0 1945 ou d\u2019un \u00e9difice s\u00e9pulcral hors normes, l\u2019autorisation est valable 1 an.<\/p>\n\n\n\n<h1 class=\"wp-block-heading\">L\u2019autorisation doit \u00eatre pr\u00e9sent\u00e9e, sur rendez-vous pr\u00e9alable, avant le d\u00e9but des travaux au responsable des cimeti\u00e8res ou au fossoyeur qui exercera une surveillance sur l\u2019ex\u00e9cution des travaux et veillera \u00e0 ce que les tombes voisines ne soient pas endommag\u00e9es.<\/h1>\n\n\n\n<p>En l\u2019absence d\u2019enl\u00e8vement dans le d\u00e9lai, le monument devient propri\u00e9t\u00e9 communale comme pr\u00e9vu \u00e0 l\u2019article 75 du pr\u00e9sent R\u00e8glement.<br>Dans les autres cas, si le d\u00e9lai pr\u00e9vu est d\u00e9pass\u00e9, les demandes peuvent \u00eatre r\u00e9it\u00e9r\u00e9es.<\/p>\n\n\n\n<h2 class=\"wp-block-heading\"><strong>CHAPITRE 6 : LES SEPULTURES<\/strong><\/h2>\n\n\n\n<p><strong><em><u>Section 1 : Les concessions \u2013 Dispositions g\u00e9n\u00e9rales<\/u><\/em><\/strong><\/p>\n\n\n\n<p><strong><em><u>Article 41<\/u><\/em><\/strong>&nbsp;<strong>:&nbsp;<\/strong>La dur\u00e9e initiale d\u2019une concession est fix\u00e9e \u00e0 25 ans, \u00e0 partir du jour de l\u2019entr\u00e9e en vigueur du&nbsp;contrat de concession, pour les concessions en pleine terre, caveau, columbarium ou en cavurne.&nbsp;<br>Le co\u00fbt du renouvellement des concessions temporaires est fix\u00e9 selon le \u00ab tarif concessions \u00bb en vigueur.&nbsp;<\/p>\n\n\n\n<p><strong><em><u>Article 42<\/u><\/em><\/strong>&nbsp;<strong>:&nbsp;<\/strong>Les concessions dans les cimeti\u00e8res communaux sont accord\u00e9es \u00e0 l\u2019occasion d\u2019un d\u00e9c\u00e8s, par le Coll\u00e8ge Communal aux personnes qui introduisent une demande \u00e9crite et qui satisfont aux conditions d\u2019octroi.&nbsp;<strong>La demande d\u2019achat de concession doit \u00eatre introduite au plus tard la veille de l\u2019inhumation.<\/strong><\/p>\n\n\n\n<p>Une concession est une, incessible et indivisible.<br>Les terrains conc\u00e9d\u00e9s et non occup\u00e9s sont marqu\u00e9s par le concessionnaire d\u2019une borne plac\u00e9e aux quatre coins&nbsp;ainsi que le num\u00e9ro de l\u2019emplacement qui lui sera attribu\u00e9.&nbsp;<\/p>\n\n\n\n<p><strong><em><u>Article 43&nbsp;<\/u><\/em><\/strong>: Toute personne int\u00e9ress\u00e9e peut introduire une demande de renouvellement. Celle-ci doit \u00eatre adress\u00e9e au Coll\u00e8ge Communal.<\/p>\n\n\n\n<p>La demande de renouvellement est soumise au paiement de la redevance relative \u00e0 la d\u00e9livrance de documents administratifs fix\u00e9e par le R\u00e8glement arr\u00eat\u00e9 par le Conseil Communal.<br>Un avenant au contrat de concession initial sera \u00e9tabli par le Service de Gestion des Cimeti\u00e8res.<\/p>\n\n\n\n<p><strong>Le renouvellement ne peut \u00eatre accord\u00e9 qu\u2019apr\u00e8s un \u00e9tat des lieux de l\u2019entretien du monument par le fossoyeur.&nbsp;<\/strong>Si la concession fait l\u2019objet d\u2019un constat de d\u00e9faut d\u2019entretien, le renouvellement ne pourra \u00eatre effectif qu\u2019\u00e0 partir du moment o\u00f9 l\u2019entretien a \u00e9t\u00e9 r\u00e9alis\u00e9 et ce, dans le mois qui suit la demande de renouvellement.<\/p>\n\n\n\n<p><strong><em><u>Article 44<\/u><\/em><\/strong>&nbsp;<strong>:&nbsp;<\/strong>Au moins un an avant le terme de la concession, le Bourgmestre ou son d\u00e9l\u00e9gu\u00e9 dresse un acte&nbsp;rappelant qu\u2019une demande de renouvellement doit lui \u00eatre adress\u00e9e avant la date qu\u2019il fixe.<\/p>\n\n\n\n<p>Une copie de l\u2019acte est affich\u00e9e pendant un an au moins sur le lieu de la s\u00e9pulture et \u00e0 l\u2019entr\u00e9e du cimeti\u00e8re.<\/p>\n\n\n\n<p><strong><em><u>Article 45<\/u><\/em><\/strong>&nbsp;<strong>:&nbsp;<\/strong>Au terme de la concession et sans renouvellement, un avis, affich\u00e9 avant la Toussaint \u00e0 l\u2019entr\u00e9e du cimeti\u00e8re et sur le monument concern\u00e9, informe qu\u2019un d\u00e9lai jusqu\u2019au 3 d\u00e9cembre est accord\u00e9 pour enlever les signes distinctifs de s\u00e9pulture (photos porcelaine, plaques &#8230;). A cet effet, une demande d\u2019autorisation \u00e9crite d\u2019enl\u00e8vement doit \u00eatre compl\u00e9t\u00e9e par les int\u00e9ress\u00e9s \u00e0 l\u2019Administration communale.<\/p>\n\n\n\n<p>&nbsp;<strong><em><u>Article 46<\/u><\/em><\/strong>: Si \u00e0 l\u2019expiration de la concession, celle-ci n\u2019a pas fait l\u2019objet d\u2019une demande de renouvellement, la s\u00e9pulture est maintenue pendant 5 ans prenant cours \u00e0 la date de la derni\u00e8re inhumation, si celle-ci est intervenue moins de 5 ans avant la date d\u2019expiration de la concession.<\/p>\n\n\n\n<p><strong><em><u>Article 47<\/u><\/em><\/strong>&nbsp;<strong>:&nbsp;<\/strong>Le d\u00e9faut d\u2019entretien est constat\u00e9 par un acte du Bourgmestre ou de son d\u00e9l\u00e9gu\u00e9.<\/p>\n\n\n\n<p>Une copie de l\u2019acte est affich\u00e9e pendant 2 Toussaints cons\u00e9cutives sur le lieu de s\u00e9pulture et \u00e0 l\u2019entr\u00e9e du&nbsp;cimeti\u00e8re.<\/p>\n\n\n\n<p>A l\u2019expiration de ce d\u00e9lai, \u00e0 d\u00e9faut de remise en \u00e9tat, pr\u00e9c\u00e9d\u00e9 d\u2019un contact avec les services communaux, la s\u00e9pulture revient \u00e0 la commune qui peut \u00e0 nouveau en disposer.<\/p>\n\n\n\n<p><strong><em><u>Article 48<\/u><\/em><\/strong><strong>&nbsp;:&nbsp;<\/strong>Les concessions \u00e0 perp\u00e9tuit\u00e9 (accord\u00e9es avant l\u2019entr\u00e9e en vigueur de la loi du 20 juillet 1971 sur les fun\u00e9railles et s\u00e9pultures reviennent au gestionnaire public qui peut \u00e0 nouveau en disposer,&nbsp;<strong>apr\u00e8s&nbsp;<\/strong>qu\u2019un acte du Bourgmestre ou de son d\u00e9l\u00e9gu\u00e9 ait \u00e9t\u00e9 affich\u00e9 pendant un an au moins sur le lieu de la s\u00e9pulture et \u00e0 l\u2019entr\u00e9e du cimeti\u00e8re, et sans pr\u00e9judice d\u2019une demande de renouvellement qui doit lui \u00eatre adress\u00e9e par \u00e9crit avant le terme de l\u2019affichage. Une copie de l\u2019acte est envoy\u00e9e au titulaire de la concession ou, s\u2019il est d\u00e9c\u00e9d\u00e9, \u00e0 ses ayants droit.)<\/p>\n\n\n\n<h1 class=\"wp-block-heading\">Les renouvellements s\u2019op\u00e8rent gratuitement pour toutes les anciennes concessions \u00e0 perp\u00e9tuit\u00e9.<\/h1>\n\n\n\n<p>Le co\u00fbt du renouvellement des concessions temporaires est fix\u00e9 selon le \u00ab tarif concessions \u00bb en vigueur.&nbsp;<\/p>\n\n\n\n<p><strong><em><u>Article 49<\/u><\/em><\/strong>&nbsp;<strong>:&nbsp;<\/strong>L\u2019Administration communale veillera \u00e0 prot\u00e9ger les s\u00e9pultures des victimes de guerre, les pelouses d\u2019honneur et les s\u00e9pultures d\u2019importance historique locales.&nbsp;<strong>Les anciens combattants en s\u00e9pulture priv\u00e9e, apr\u00e8s un affichage pour d\u00e9faut d\u2019entretien, peuvent \u00eatre transf\u00e9r\u00e9s dans l\u2019ossuaire sp\u00e9cifique afin de leur rendre hommage.<\/strong><\/p>\n\n\n\n<p><strong><em><u>Article 50<\/u><\/em><\/strong>&nbsp;<strong>:&nbsp;<\/strong>L\u2019Administration communale \u00e9tablit un inventaire des concessions non renouvel\u00e9es. Elle peut conc\u00e9der \u00e0 nouveau le caveau, avec ou sans le monument en regard des prescriptions de la R\u00e9gion wallonne. Ces concessions, avec un \u00e9ventuel monument, seront reprises dans un registre avec photo, mentionnant les caract\u00e9ristiques techniques et financi\u00e8res.<\/p>\n\n\n\n<h2 class=\"wp-block-heading\"><strong><em>Section 2 : Autres modes de s\u00e9pulture&nbsp;<\/em><\/strong><strong><em>&nbsp;<\/em><\/strong><\/h2>\n\n\n\n<p><strong><em><u>Article 51<\/u><\/em><\/strong>&nbsp;<strong>:&nbsp;<\/strong>Une&nbsp;<strong>s\u00e9pulture non conc\u00e9d\u00e9e&nbsp;<\/strong>est conserv\u00e9e au minimum pendant 5 ans, plus 1 an de d\u00e9lai d\u2019affichage, soit 6 ans minimum au total. Elle ne peut faire l\u2019objet d\u2019une demande de renouvellement mais peut faire l\u2019objet d\u2019une demande d\u2019exhumation de confort pour le transfert de la s\u00e9pulture en concession conc\u00e9d\u00e9e.&nbsp;<\/p>\n\n\n\n<p>La s\u00e9pulture non conc\u00e9d\u00e9e ne peut \u00eatre enlev\u00e9e qu&rsquo;apr\u00e8s qu&rsquo;une copie de la d\u00e9cision d&rsquo;enl\u00e8vement ait \u00e9t\u00e9&nbsp;affich\u00e9e, \u00e0 l\u2019issue de la p\u00e9riode de 5 ans pr\u00e9cit\u00e9e, pendant un an sur le lieu de s\u00e9pulture et \u00e0 l&rsquo;entr\u00e9e du cimeti\u00e8re.&nbsp;<\/p>\n\n\n\n<p><strong><em><u>Article 52<\/u><\/em><\/strong>&nbsp;<strong>:&nbsp;<\/strong>Une&nbsp;<strong>parcelle des \u00e9toiles&nbsp;<\/strong>est am\u00e9nag\u00e9e&nbsp;<strong>dans le cimeti\u00e8re de Modave&nbsp;<\/strong>au sein desquelles les s\u00e9pultures sont non-conc\u00e9d\u00e9es.&nbsp;<\/p>\n\n\n\n<p>Seule une r\u00e9affectation de l\u2019ensemble de la parcelle est autoris\u00e9e apr\u00e8s qu\u2019une copie de la d\u00e9cision d\u2019enl\u00e8vement ait \u00e9t\u00e9 affich\u00e9e pendant un an sur le lieu de la s\u00e9pulture et \u00e0 l\u2019entr\u00e9e du cimeti\u00e8re et qu\u2019une copie de l\u2019acte ait \u00e9t\u00e9 envoy\u00e9e par voie postale et \u00e9lectronique aux ayants droits. Au pr\u00e9alable, un plan de situation et un plan d\u2019am\u00e9nagement interne sont transmis au service d\u00e9sign\u00e9 par le Gouvernement qui rend son avis dans les quarante-cinq jours de la r\u00e9ception.<\/p>\n\n\n\n<p><strong><em><u>Article 53<\/u><\/em><\/strong>&nbsp;<strong>:&nbsp;<\/strong>Les cimeti\u00e8res \u00e9tant civils et neutres, les&nbsp;<strong>ministres des diff\u00e9rents cultes reconnus&nbsp;<\/strong>ou les repr\u00e9sentants de la la\u00efcit\u00e9 peuvent proc\u00e9der librement aux c\u00e9r\u00e9monies fun\u00e8bres propres \u00e0 leur religion ou philosophie, en se conformant aux derni\u00e8res volont\u00e9s du d\u00e9funt si elles sont connues ou, \u00e0 d\u00e9faut, des proches et&nbsp;<strong>en respectant les l\u00e9gislations r\u00e9gionales et communales<\/strong>.<\/p>\n\n\n\n<p><strong><em><u>Article 54<\/u><\/em><\/strong>&nbsp;<strong>:&nbsp;<\/strong>Les plaques de fermeture de niche de columbarium sont exclusivement fournies par le fossoyeur. Elles pourront recevoir une photographie de maximum 35cm\u00b2 et du mobilier ne d\u00e9passant pas la surface de l\u2019emplacement.<\/p>\n\n\n\n<p><strong><em><u>Article 55<\/u><\/em><\/strong>&nbsp;: Les cavurnes comporteront, si la famille en \u00e9met le souhait, un emplacement pour un bouquet ou une \u00e9pitaphe.<\/p>\n\n\n\n<p><strong><em><u>Article 56<\/u><\/em><\/strong>&nbsp;<strong>:&nbsp;<\/strong>L\u2019\u00e9dification de columbariums a\u00e9riens priv\u00e9s est interdite.<\/p>\n\n\n\n<p><strong><em><u>Article 57<\/u><\/em><\/strong>&nbsp;<strong>:&nbsp;<\/strong><strong>Les plaquettes comm\u00e9moratives, fournies exclusivement par la commune, seront dispos\u00e9es par le fossoyeur sur une st\u00e8le m\u00e9morielle aux endroits pr\u00e9vus \u00e0 cet effet.&nbsp;<\/strong>La dur\u00e9e de concession des plaquettes est de 30 ans renouvelable. Au-del\u00e0 de ce d\u00e9lai, la plaquette est conserv\u00e9e aux archives communales.<\/p>\n\n\n\n<p>Les plaquettes comm\u00e9moratives fournies par la Commune avec le caract\u00e9ristiques suivantes :<\/p>\n\n\n\n<ul class=\"wp-block-list\">\n<li>dimensions : 10 x 5 cm<\/li>\n\n\n\n<li>inscriptions : noms \u2013 pr\u00e9noms \u2013 date de naissance \u2013 date de d\u00e9c\u00e8s<\/li>\n<\/ul>\n\n\n\n<p><strong><em><u>Article 58&nbsp;<\/u><\/em><\/strong><strong>:&nbsp;<\/strong>Les cendres des corps incin\u00e9r\u00e9s sont dispers\u00e9es sur la parcelle de dispersion ou peuvent \u00eatre&nbsp;recueillies dans des urnes qui sont, dans l\u2019enceinte du cimeti\u00e8re :<\/p>\n\n\n\n<p>&nbsp;&nbsp;&nbsp; &nbsp;soit inhum\u00e9es en terrain non conc\u00e9d\u00e9, soit en terrain conc\u00e9d\u00e9 ;<\/p>\n\n\n\n<p>&nbsp;&nbsp; &nbsp;soit dans une s\u00e9pulture existante ou dans une s\u00e9pulture dont la concession a expir\u00e9 ou dont l\u2019\u00e9tat d\u2019abandon a \u00e9t\u00e9 constat\u00e9. En \u00e9quivalence, un cercueil peut \u00eatre remplac\u00e9 par deux urnes. Tout corps est consid\u00e9r\u00e9 en surnum\u00e9raire d\u00e8s lors qu\u2019il d\u00e9passe le nombre pr\u00e9vu. Le reste du volume peut recevoir autant d\u2019urnes en surnum\u00e9raire que la famille le souhaite.<\/p>\n\n\n\n<p>&nbsp;&nbsp; &nbsp;soit plac\u00e9es dans un columbarium qui peut recevoir un maximum de deux urnes ;<\/p>\n\n\n\n<p>en surnum\u00e9raire, le columbarium peut recevoir autant d\u2019urnes qu\u2019il reste de surface disponible ;<\/p>\n\n\n\n<p>&nbsp;&nbsp;&nbsp;&nbsp; soit plac\u00e9es en cavurne (L 60 cm \u2013 l 60 cm \u2013 P 60 cm) qui peut recevoir un maximum de 2 urnes ;<\/p>\n\n\n\n<p>en surnum\u00e9raire, la cavurne peut recevoir autant d\u2019urnes qu\u2019il reste de surface disponible ;<\/p>\n\n\n\n<p>&nbsp;&nbsp;&nbsp;&nbsp; soit inhum\u00e9es en pleine terre dans une urne biod\u00e9gradable.&nbsp;<\/p>\n\n\n\n<p><strong><em><u>Article 59&nbsp;<\/u><\/em><\/strong><strong>:&nbsp;<\/strong>Au moins un ossuaire est mis en place dans chaque cimeti\u00e8re, afin d\u2019assurer le traitement des restes humains. Cet ossuaire est identifi\u00e9 par affichage. Les noms des corps plac\u00e9s dans cet ossuaire sont \u00e9galement repris dans un registre tenu par le service gestion des cimeti\u00e8res.<\/p>\n\n\n\n<h2 class=\"wp-block-heading\"><strong>CHAPITRE 7 : ENTRETIEN ET SIGNES INDICATIFS DE SEPULTURE<\/strong><\/h2>\n\n\n\n<p><strong><em>&nbsp;<\/em><\/strong><strong><em><u>Article 60<\/u><\/em><\/strong>&nbsp;<strong>:&nbsp;<\/strong>L\u2019Administration communale ne peut, en aucun cas, \u00eatre tenue responsable des vols ou des d\u00e9gradations commis au pr\u00e9judice des propri\u00e9taires d\u2019objets divers d\u00e9pos\u00e9s sur les s\u00e9pultures ou tout endroit pr\u00e9vu \u00e0 cet effet.<\/p>\n\n\n\n<p><strong><em><u>Article 61<\/u><\/em><\/strong>&nbsp;<strong>:&nbsp;<\/strong>La t\u00eate des monuments fun\u00e9raires plac\u00e9s en \u00e9l\u00e9vation&nbsp;<strong>ne peut d\u00e9passer 1 m\u00e8tre du niveau du sol.&nbsp;<\/strong>Les monuments fun\u00e9raires doivent \u00eatre suffisamment \u00e9tablis dans le sol pour ne pas faire craindre l\u2019inclinaison par le terrassement des terres ou toute autre cause.&nbsp;<strong>Sur une concession pleine terre sera accept\u00e9e au maximum une dalle avec une st\u00e8le.<\/strong><\/p>\n\n\n\n<p><strong><em><u>Article 62<\/u><\/em><\/strong>&nbsp;<strong>:&nbsp;<\/strong>Les pousses des plantations doivent \u00eatre plac\u00e9es dans la zone bordur\u00e9e affect\u00e9e \u00e0 chaque s\u00e9pulture de mani\u00e8re \u00e0 ne jamais empi\u00e9ter ni sur le terrain voisin, ni dans les all\u00e9es communales. Aucune plantation arborescente ne peut \u00eatre plac\u00e9e sur une s\u00e9pulture.&nbsp;<strong>Les plantations ne peuvent d\u00e9passer une hauteur de 1 m<\/strong>. Au-del\u00e0 de cette taille et apr\u00e8s un rapport du fossoyeur responsable, les plantes seront \u00e9lagu\u00e9es ou abattues aux frais des ayants droit par une soci\u00e9t\u00e9 priv\u00e9e \u00e0 la premi\u00e8re r\u00e9quisition du Bourgmestre ou de son d\u00e9l\u00e9gu\u00e9.<\/p>\n\n\n\n<p>A d\u00e9faut, la concession sera consid\u00e9r\u00e9e en d\u00e9faut d\u2019entretien et pourra, apr\u00e8s affichage d\u2019un an, redevenir une propri\u00e9t\u00e9 communale et \u00eatre enlev\u00e9e conform\u00e9ment au pr\u00e9sent r\u00e8glement.<\/p>\n\n\n\n<p><strong><em><u>Article 63<\/u><\/em><\/strong>&nbsp;<strong>:&nbsp;<\/strong><strong>Les fleurs, les plantes, les jardini\u00e8res, les ornements et toutes autres structures, mobilier,\u2026 devront \u00eatre plac\u00e9s sur le monument ou dans les limites de la parcelle conc\u00e9d\u00e9e, entretenus convenablement par les proches et \u00eatre enlev\u00e9s en temps voulu<\/strong>.<\/p>\n\n\n\n<p>A d\u00e9faut, les responsables du cimeti\u00e8re les rassembleront sur la parcelle conc\u00e9d\u00e9e.<\/p>\n\n\n\n<p><strong><em><u>Article 64<\/u><\/em><\/strong>&nbsp;: Les d\u00e9chets provenant des tombes (bouquets s\u00e9ch\u00e9s, papiers, couronnes\u2026) se trouvant dans les all\u00e9es, sur les pelouses ou sur les tombes voisines&nbsp;<strong>devront \u00eatre d\u00e9plac\u00e9s, par les proches, vers les poubelles du cimeti\u00e8re dans le respect du tri s\u00e9lectif.<\/strong><\/p>\n\n\n\n<h1 class=\"wp-block-heading\">A d\u00e9faut, les responsables du cimeti\u00e8re les rassembleront sur la tombe. Si ces \u00e9l\u00e9ments ne sont pas enlev\u00e9s&nbsp;<strong>par les familles, la tombe sera affich\u00e9e en d\u00e9faut d\u2019entretien.<\/strong><\/h1>\n\n\n\n<h1 class=\"wp-block-heading\"><em><u>Article 65<\/u><\/em>&nbsp;: La r\u00e9paration ainsi que l\u2019entretien des tombes et des plantations situ\u00e9es sur le terrain conc\u00e9d\u00e9&nbsp;<strong>incombent aux familles, aux proches, ou \u00e0 toute autre personne int\u00e9ress\u00e9e. (voir chapitre sur les Travaux)<\/strong><\/h1>\n\n\n\n<p><strong><em><u>Article<\/u><\/em><\/strong>&nbsp;<strong><em><u>66<\/u><\/em><\/strong>&nbsp;: Le d\u00e9faut d\u2019entretien est \u00e9tabli lorsque la s\u00e9pulture est, de fa\u00e7on permanente malpropre, envahie par la v\u00e9g\u00e9tation, d\u00e9labr\u00e9e, effondr\u00e9e, fissur\u00e9e, en ruine ou d\u00e9pourvue des signes indicatifs de s\u00e9pulture exig\u00e9s par le pr\u00e9sent R\u00e8glement. Ce d\u00e9faut d\u2019entretien est constat\u00e9 par un acte du Bourgmestre ou de son d\u00e9l\u00e9gu\u00e9, affich\u00e9 pendant deux Toussaints cons\u00e9cutives sur le lieu de la s\u00e9pulture concern\u00e9e et \u00e0 l\u2019entr\u00e9e du cimeti\u00e8re.<\/p>\n\n\n\n<p>A d\u00e9faut de remise en \u00e9tat \u00e0 l\u2019expiration de ce d\u00e9lai, la s\u00e9pulture redevient propri\u00e9t\u00e9 communale.<br>L\u2019administration Communale peut \u00e0 nouveau en disposer.<\/p>\n\n\n\n<h2 class=\"wp-block-heading\"><strong>CHAPITRE 8 : EXHUMATION ET RASSEMBLEMENT DES RESTES<\/strong><\/h2>\n\n\n\n<p><strong><em><u>Article 67<\/u><\/em><\/strong>&nbsp;<strong>:&nbsp;<\/strong>Les exhumations de confort ne peuvent \u00eatre r\u00e9alis\u00e9es que par des entrepreneurs de Pompes fun\u00e8bres mandat\u00e9s par les familles, apr\u00e8s avoir re\u00e7u une autorisation \u00e9crite motiv\u00e9e du Bourgmestre conform\u00e9ment \u00e0 l\u2019article 35 et sous surveillance communale.&nbsp;<\/p>\n\n\n\n<p>Elles pourront \u00eatre effectu\u00e9es dans trois hypoth\u00e8ses :<\/p>\n\n\n\n<p>&nbsp;&nbsp; &nbsp;en cas de d\u00e9couverte ult\u00e9rieur d\u2019un acte de derni\u00e8re volont\u00e9<\/p>\n\n\n\n<p>&nbsp;&nbsp; &nbsp;en cas de transfert, avec maintien du mode s\u00e9pulture, d\u2019un emplacement non-conc\u00e9d\u00e9 vers un emplacement conc\u00e9d\u00e9, d\u2019un emplacement conc\u00e9d\u00e9 vers un autre emplacement conc\u00e9d\u00e9, ou d\u2019une parcelle des \u00e9toiles vers une autres parcelle des \u00e9toiles ;<\/p>\n\n\n\n<p>&nbsp;&nbsp; &nbsp;en cas de transfert international<\/p>\n\n\n\n<p>&nbsp;Les exhumations techniques sont \u00e0 charge du fossoyeur ou des entreprises mandat\u00e9es \u00e0 cet effet.<\/p>\n\n\n\n<p>&nbsp;<strong><em><u>Article 68<\/u><\/em><\/strong>&nbsp;:&nbsp;<strong>Les exhumations<\/strong>, qu\u2019elles soient de confort ou technique, ne peuvent \u00eatre r\u00e9alis\u00e9es&nbsp;<strong>qu\u2019entre le&nbsp;15 novembre et le 15 avril.<\/strong>&nbsp;<\/p>\n\n\n\n<p>Les exhumations de confort d\u2019urnes plac\u00e9es en cellule de columbarium ou de cavurne ne sont pas soumises \u00e0 ce d\u00e9lai sanitaire.<\/p>\n\n\n\n<h1 class=\"wp-block-heading\"><em><u>Article 69 :<\/u><\/em>&nbsp;Les exhumations sont interdites dans un d\u00e9lai de 8 semaines \u00e0 5 ans suivant l\u2019inhumation.<\/h1>\n\n\n\n<p>Les exhumations r\u00e9alis\u00e9es dans les huit premi\u00e8res semaines et par des entreprises priv\u00e9es sont autoris\u00e9es toute&nbsp;l\u2019ann\u00e9e sur autorisation \u00e9crite du Bourgmestre ;<\/p>\n\n\n\n<p>&nbsp;<strong><em><u>Article 70<\/u><\/em><\/strong>&nbsp;<strong>:&nbsp;<\/strong><strong>L\u2019acc\u00e8s au cimeti\u00e8re est interdit au public pendant les exhumations&nbsp;<\/strong>sauf aux personnes sp\u00e9cialement autoris\u00e9es par le Bourgmestre ou son d\u00e9l\u00e9gu\u00e9 ou repr\u00e9sentant du gestionnaire de tutelle.<\/p>\n\n\n\n<p><strong><em><u>Article<\/u><\/em><\/strong>&nbsp;<strong><em><u>71<\/u><\/em><\/strong>&nbsp;<strong>:<\/strong>&nbsp;Les exhumations de confort ont lieu aux jours et heures fix\u00e9s de commun accord entre les familles concern\u00e9es, l\u2019officier de l\u2019\u00e9tat civil et les pompes fun\u00e8bres.&nbsp;<\/p>\n\n\n\n<p>L\u2019exhumation doit se faire avec toutes les pr\u00e9cautions d\u2019hygi\u00e8ne et de s\u00e9curit\u00e9 requises.<\/p>\n\n\n\n<p>Pendant l\u2019exhumation de confort, seule la pr\u00e9sence des pompes fun\u00e8bres, des repr\u00e9sentants communaux, des repr\u00e9sentants du gestionnaire de tutelle et des repr\u00e9sentants de l\u2019ordre est autoris\u00e9e dans l\u2019enceinte du cimeti\u00e8re.<\/p>\n\n\n\n<p>La famille n\u2019est autoris\u00e9e \u00e0 rendre un hommage que lorsque le corps a \u00e9t\u00e9 d\u00e9plac\u00e9 dans son emplacement&nbsp;d\u00e9finitif.&nbsp;&nbsp;<br>Il est dress\u00e9 un proc\u00e8s-verbal de l\u2019exhumation.&nbsp;&nbsp;<\/p>\n\n\n\n<p><strong><em><u>Article 72<\/u><\/em><\/strong>&nbsp;<strong>:&nbsp;<\/strong>Les exhumations de confort sont soumises au paiement pr\u00e9alable d\u2019une redevance fix\u00e9e suivant r\u00e8glement arr\u00eat\u00e9 par le Conseil Communal, sans pr\u00e9judice des frais de transport et de renouvellement des cercueils qui sont \u00e0 charge du demandeur.&nbsp;<\/p>\n\n\n\n<p>En outre les frais d\u2019enl\u00e8vement et de remplacement de monuments, y compris \u00e9ventuellement ceux de s\u00e9pultures voisines qui s\u2019imposeraient, sont \u00e0 charge des personnes qui ont sollicit\u00e9 l\u2019exhumation ou des personnes d\u00e9sign\u00e9es par les autorit\u00e9s ayant requis l\u2019exhumation.&nbsp;&nbsp;<\/p>\n\n\n\n<p><strong><em><u>Article 73 :&nbsp;<\/u><\/em><\/strong>A la demande des ayants droit, les restes de plusieurs corps inhum\u00e9s dans un m\u00eame caveau depuis plus de 30 ans peuvent \u00eatre rassembl\u00e9s dans un m\u00eame cercueil. Ce d\u00e9lai est de 10 ans pour les urnes. Ce rassemblement se conforme aux m\u00eames modalit\u00e9s qu\u2019une exhumation de confort et est soumis \u00e0 une redevance.&nbsp;<\/p>\n\n\n\n<h2 class=\"wp-block-heading\"><strong>CHAPITRE 9: CAVEAUX D\u2019ATTENTE<\/strong><\/h2>\n\n\n\n<p><strong><em><u>Article 74<\/u><\/em><\/strong>&nbsp;<strong>:&nbsp;<\/strong>Pour des raisons exceptionnelles ne permettant pas l\u2019inhumation dans une concession, il peut \u00eatre proc\u00e9d\u00e9 \u00e0 une inhumation temporaire dans un caveau d\u2019attente, sur d\u00e9cision de l\u2019officier de l\u2019\u00e9tat civil, de son d\u00e9l\u00e9gu\u00e9 ou du fossoyeur.&nbsp;<\/p>\n\n\n\n<p><strong><em><u>Article 75<\/u><\/em><\/strong>&nbsp;<strong>: La dur\u00e9e d\u2019occupation d\u2019un caveau d\u2019attente sera de maximum 6 semaines cons\u00e9cutives.&nbsp;<\/strong>Dans ce d\u00e9lai, il sera proc\u00e9d\u00e9 le m\u00eame jour \u00e0 l\u2019exhumation du caveau d\u2019attente et \u00e0 l\u2019inhumation dans la s\u00e9pulture d\u00e9finitive.&nbsp;<\/p>\n\n\n\n<p><strong><em><u>Article 76&nbsp;<\/u><\/em><\/strong><strong>:&nbsp;<\/strong><strong>L\u2019acc\u00e8s au cimeti\u00e8re est interdit au public pendant les exhumations&nbsp;<\/strong>sauf aux personnes sp\u00e9cialement autoris\u00e9es par le Bourgmestre ou son d\u00e9l\u00e9gu\u00e9, aux repr\u00e9sentants du gestionnaire de tutelle et aux repr\u00e9sentants de l\u2019ordre.&nbsp;<\/p>\n\n\n\n<p><strong><em><u>Article<\/u><\/em><\/strong>&nbsp;<strong><em><u>77<\/u><\/em><\/strong>&nbsp;<strong>:<\/strong>&nbsp;Les exhumations ont lieu aux jours et heures fix\u00e9s par l\u2019officier de l\u2019\u00e9tat civil. Les familles en seront averties.&nbsp;<\/p>\n\n\n\n<p>La famille n\u2019est autoris\u00e9e \u00e0 rendre un hommage que lorsque le corps a \u00e9t\u00e9 d\u00e9plac\u00e9 dans son emplacement d\u00e9finitif.&nbsp;<\/p>\n\n\n\n<p>Il est dress\u00e9 un proc\u00e8s-verbal de l\u2019exhumation.<\/p>\n\n\n\n<p><strong><em><u>Article 78<\/u><\/em><\/strong>&nbsp;<strong>:&nbsp;<\/strong>Les exhumations du caveau d\u2019attente ne sont pas soumises au paiement pr\u00e9alable d\u2019une redevance fix\u00e9e suivant r\u00e8glement arr\u00eat\u00e9 par le Conseil Communal.&nbsp;<\/p>\n\n\n\n<p>En outre les frais d\u2019enl\u00e8vement et de remplacement de monuments, y compris \u00e9ventuellement ceux de s\u00e9pultures voisines qui s\u2019imposeraient, sont \u00e0 charge des personnes qui ont sollicit\u00e9 l\u2019exhumation ou des personnes d\u00e9sign\u00e9es par les autorit\u00e9s ayant requis l\u2019exhumation.<\/p>\n\n\n\n<h2 class=\"wp-block-heading\"><strong>CHAPITRE 10 : FIN DE SEPULTURES, OSSUAIRE ET REAFFECTATION DE MONUMENTS<\/strong><\/h2>\n\n\n\n<p><strong><em><u>Section 1 ; S\u00e9pultures devenues propri\u00e9t\u00e9 communale<\/u><\/em><\/strong><strong><em>&nbsp;<\/em><\/strong><\/p>\n\n\n\n<p><strong><em><u>Article 79<\/u><\/em><\/strong>&nbsp;: Conform\u00e9ment aux dispositions l\u00e9gales et r\u00e8glementaires, les signes indicatifs de s\u00e9pulture existants non retir\u00e9s&nbsp;<strong>deviennent propri\u00e9t\u00e9 communale&nbsp;<\/strong>s\u2019ils n\u2019ont pas \u00e9t\u00e9 r\u00e9cup\u00e9r\u00e9s par les personnes int\u00e9ress\u00e9es, apr\u00e8s contact avec les services communaux, 1 mois apr\u00e8s la fin de l\u2019affichage, soit le 3 d\u00e9cembre.&nbsp;<\/p>\n\n\n\n<p>Tout \u00e9l\u00e9ment s\u00e9pulcral devient \u00e9galement propri\u00e9t\u00e9 communale et les restes mortels sont transf\u00e9r\u00e9s vers l\u2019ossuaire.&nbsp;<\/p>\n\n\n\n<p>Avant d\u2019enlever ou de d\u00e9placer les signes indicatifs des s\u00e9pultures ant\u00e9rieures \u00e0 1945 devenues propri\u00e9t\u00e9 communale, une autorisation sera demand\u00e9e par l\u2019administration communale \u00e0 la Cellule de Gestion du Patrimoine de gestion fun\u00e9raire de la R\u00e9gion Wallonne (DGO5).&nbsp;<\/p>\n\n\n\n<h2 class=\"wp-block-heading\"><em><strong>Section 2 : Ossuaires et st\u00e8les m\u00e9morielles<\/strong><\/em><strong><em>&nbsp;<\/em><\/strong><\/h2>\n\n\n\n<p><strong><em><u>Article<\/u><\/em><\/strong>&nbsp;<strong><em><u>80<\/u><\/em><\/strong>&nbsp;: Lors de la d\u00e9saffectation des s\u00e9pultures devenues propri\u00e9t\u00e9 communale conform\u00e9ment \u00e0 l\u2019article 75 du pr\u00e9sent R\u00e8glement, les restes mortels sont transf\u00e9r\u00e9s d\u00e9cemment dans un des ossuaires du cimeti\u00e8re. En aucun cas, les restes mortels ne peuvent \u00eatre transf\u00e9r\u00e9s hors de l\u2019enceinte du cimeti\u00e8re. Il en est de m\u00eame des cendres lors de la d\u00e9saffectation des s\u00e9pultures et des cellules de columbarium. L\u2019urne vid\u00e9e de ses cendres est \u00e9limin\u00e9e avec d\u00e9cence.<\/p>\n\n\n\n<p>Au moment du transfert des cendres ou des restes mortels vers l\u2019ossuaire, il sera inscrit, dans le registre destin\u00e9 \u00e0 cet effet, les nom, pr\u00e9nom des d\u00e9funts ainsi que les num\u00e9ros de s\u00e9pultures d\u00e9saffect\u00e9es.<\/p>\n\n\n\n<p><strong><em><u>Article 81<\/u><\/em><\/strong>&nbsp;: Dans chaque cimeti\u00e8re, une st\u00e8le reprenant les diff\u00e9rents cultes reconnus sera install\u00e9e \u00e0&nbsp;proximit\u00e9 de l\u2019ossuaire.<\/p>\n\n\n\n<h2 class=\"wp-block-heading\"><em><strong>Section 3 : R\u00e9affectation de monuments<\/strong><\/em><strong><em>&nbsp;<\/em><\/strong><\/h2>\n\n\n\n<p><strong><em><u>Article 82<\/u><\/em><\/strong>&nbsp;: Toute personne peut solliciter l\u2019achat d\u2019un(e) caveau\/citerne ou d\u2019un monument devenus propri\u00e9t\u00e9 communale. L\u2019acqu\u00e9reur doit introduire une demande \u00e9crite accompagn\u00e9e d\u2019une note de motivation. Cette demande est soumise \u00e0 l\u2019approbation du Coll\u00e8ge Communal.<\/p>\n\n\n\n<p><strong><em><u>Article 83&nbsp;<\/u><\/em><\/strong>: En aucun cas, un monument r\u00e9affect\u00e9 par la commune ne pourra \u00eatre sorti de l\u2019enceinte du cimeti\u00e8re<\/p>\n\n\n\n<p><strong><em><u>Article 84<\/u><\/em><\/strong>&nbsp;: S\u2019il s\u2019agit de l\u2019octroi d\u2019une s\u00e9pulture avec caveau\/citerne, celui-ci portera d\u2019office sur tous les&nbsp;niveaux de celui-ci\/celle-ci, sauf accord du Coll\u00e8ge Communal.&nbsp;<\/p>\n\n\n\n<p><strong><em><u>Article 85&nbsp;<\/u><\/em><\/strong>: L\u2019attribution de la concession pourra \u00eatre refus\u00e9e par le Coll\u00e8ge Communal si la remise en \u00e9tat&nbsp;de la concession n\u2019a pas \u00e9t\u00e9 effectu\u00e9e dans le d\u00e9lai pr\u00e9vu \u00e0 l\u2019article 40 du pr\u00e9sent R\u00e8glement.<\/p>\n\n\n\n<p>L\u2019ancienne \u00e9pitaphe sera couverte par la nouvelle plac\u00e9e \u00e0 l\u2019initiative de l\u2019acqu\u00e9reur.<\/p>\n\n\n\n<h2 class=\"wp-block-heading\"><strong>CHAPITRE 11 : POLICE DES CIMETIERES&nbsp;<\/strong><strong><em>&nbsp;<\/em><\/strong><\/h2>\n\n\n\n<p><strong><em><u>Article 86 :<\/u><\/em><\/strong>&nbsp;Sont interdits dans les Cimeti\u00e8res Communaux tous les actes de nature \u00e0 perturber l\u2019ordre, \u00e0&nbsp;porter atteinte au respect d\u00fb \u00e0 la m\u00e9moire des d\u00e9funts ou \u00e0 troubler le recueillement des familles et des visiteurs.<\/p>\n\n\n\n<p>Il est notamment interdit :<\/p>\n\n\n\n<ul class=\"wp-block-list\">\n<li>de se trouver \u00e0 l\u2019int\u00e9rieur du cimeti\u00e8re en dehors des heures d\u2019ouverture ;<\/li>\n\n\n\n<li>d\u2019escalader les murs de l\u2019enceinte du cimeti\u00e8re, grille d\u2019entr\u00e9e ou cl\u00f4tures bornant les cimeti\u00e8res et les<\/li>\n<\/ul>\n\n\n\n<p>ossuaires ;<\/p>\n\n\n\n<ul class=\"wp-block-list\">\n<li>d\u2019entrer dans le cimeti\u00e8re avec des objets autres que ceux destin\u00e9s aux tombes ;<\/li>\n\n\n\n<li>d\u2019emporter tout objet servant d\u2019ornement aux s\u00e9pultures sans en aviser le personnel communal ;<\/li>\n\n\n\n<li>d\u2019endommager les s\u00e9pultures, les plantes et les biens du cimeti\u00e8res ;<\/li>\n\n\n\n<li>d\u2019entraver de quelques mani\u00e8re que ce soit les services fun\u00e8bres et\/ou les travaux communaux ;<\/li>\n\n\n\n<li>de se livrer \u00e0 des prises de vue sans autorisation du Coll\u00e8ge Communal ;<\/li>\n\n\n\n<li>d\u2019apposer des affiches ou des inscriptions tant sur les s\u00e9pultures que sur les infrastructures des cimeti\u00e8res, sauf dans les cas pr\u00e9vus par le D\u00e9cret du 6 mars 2009 (modifiant le Chapitre II du Titre III du Livre II de la premi\u00e8re partie du Code de la D\u00e9mocratie Locale et la D\u00e9centralisation relatif aux fun\u00e9railles et s\u00e9pultures) ou par Ordonnance de Police ;<\/li>\n\n\n\n<li>d\u2019offrir en vente des marchandises, de proc\u00e9der \u00e0 des offres de service ou d\u2019effectuer quelque<\/li>\n<\/ul>\n\n\n\n<p>d\u00e9marche publicitaire ou de propagande que ce soit ;<\/p>\n\n\n\n<ul class=\"wp-block-list\">\n<li>de d\u00e9poser des d\u00e9chets de toutes sortes dans l\u2019enceinte des cimeti\u00e8res et \u00e0 proximit\u00e9 de ceux-ci. Les d\u00e9chets r\u00e9sultants du petit entretien des s\u00e9pultures doivent \u00eatre \u00e9limin\u00e9s par le biais des containers pr\u00e9vus \u00e0 cet effet. Ces containers sont destin\u00e9s \u00e0 recevoir exclusivement ces d\u00e9chets et ceux qui proviennent des menus travaux effectu\u00e9s par les pr\u00e9pos\u00e9s des cimeti\u00e8res afin d\u2019assurer la bonne tenue des lieux ;<\/li>\n\n\n\n<li>d\u2019enlever des ornements se trouvant sur des s\u00e9pultures autres que celles de d\u00e9funt<\/li>\n<\/ul>\n\n\n\n<p>L\u2019entr\u00e9e des Cimeti\u00e8res Communaux est interdite :<\/p>\n\n\n\n<ul class=\"wp-block-list\">\n<li>aux enfants de moins de 12 ans non accompagn\u00e9s d\u2019une personne adulte ;<\/li>\n\n\n\n<li>aux animaux \u00e0 l\u2019exception de ceux pour lesquels il y a un r\u00f4le m\u00e9dical ou d\u2019accompagnement ;<\/li>\n\n\n\n<li>aux personnes en \u00e9tat d\u2019ivresse ;<\/li>\n\n\n\n<li>aux personnes dont la tenue ou le comportement sont contraires \u00e0 la d\u00e9cence.<\/li>\n<\/ul>\n\n\n\n<p><strong><em><u>Article<\/u><\/em><\/strong>&nbsp;<strong><em><u>87<\/u><\/em><\/strong>&nbsp;: L\u2019Administration Communale n\u2019est pas responsable des vols ou d\u00e9gradations qui sont commis par des tiers dans l\u2019enceinte des cimeti\u00e8res. Elle n\u2019est pas non plus responsable des dommages aux biens et aux personnes caus\u00e9s par les objets d\u00e9pos\u00e9s sur les s\u00e9pultures.<\/p>\n\n\n\n<h2 class=\"wp-block-heading\"><strong>CHAPITRE 12 : SANCTIONS<\/strong><\/h2>\n\n\n\n<p><strong><em>&nbsp;<\/em><\/strong><strong><em><u>Article<\/u><\/em><\/strong>&nbsp;<strong><em><u>88<\/u><\/em><\/strong>&nbsp;<strong>:<\/strong>&nbsp;Sans pr\u00e9judice des peines pr\u00e9vues par les lois et r\u00e8glements, toutes les dispositions du r\u00e8glement&nbsp;g\u00e9n\u00e9ral de police, en ce compris les sanctions, sont d\u2019application pour le pr\u00e9sent r\u00e8glement.<\/p>\n\n\n\n<p><strong>&nbsp;CHAPITRE 13 : DISPOSITIONS FINALES<\/strong><\/p>\n\n\n\n<p><strong><em>&nbsp;<\/em><\/strong><strong><em><u>Article 89<\/u><\/em><\/strong>&nbsp;<strong>:&nbsp;<\/strong>Les r\u00e8glements de redevances, de taxes et les tarifs des concessions sont arr\u00eat\u00e9s par le Conseil communal et fixent le prix des diff\u00e9rentes op\u00e9rations vis\u00e9es dans ce r\u00e8glement.<\/p>\n\n\n\n<p><strong><em><u>Article 90<\/u><\/em><\/strong>&nbsp;<strong>:&nbsp;<\/strong>Sont charg\u00e9s de veiller \u00e0 la stricte application du pr\u00e9sent r\u00e8glement les autorit\u00e9s communales, les officiers et agents de police, le service de Gestion des Cimeti\u00e8res et le fossoyeur. Il sera fait application des d\u00e9crets du 6 mars 2009, du 15 avril 2019 et de ces modifications.<\/p>\n\n\n\n<p>Tous les cas non pr\u00e9vus au pr\u00e9sent r\u00e8glement sont soumis aux autorit\u00e9s responsables qui prendront les d\u00e9cisions&nbsp;qui s\u2019imposent.&nbsp;<\/p>\n\n\n\n<p><strong><em><u>Article 91<\/u><\/em><\/strong>&nbsp;<strong>:&nbsp;<\/strong>Un extrait du pr\u00e9sent r\u00e8glement est affich\u00e9 \u00e0 l\u2019entr\u00e9e des cimeti\u00e8res communaux et publi\u00e9 aux valves de l\u2019Administration communale conform\u00e9ment \u00e0 l\u2019article L 1133-1 du code de la d\u00e9mocratie locale et de la d\u00e9centralisation. Il est \u00e9galement publi\u00e9 sur le site internet communal et disponible sur simple demande aupr\u00e8s du service communal concern\u00e9.<\/p>\n\n\n\n<p>Par le Conseil communal du 23.09.2021,&nbsp;&nbsp;<\/p>\n\n\n\n<p>Le Directeur g\u00e9n\u00e9ral,&nbsp; &nbsp; &nbsp; &nbsp; &nbsp; &nbsp; &nbsp; &nbsp; &nbsp; &nbsp; &nbsp; &nbsp; &nbsp; &nbsp; &nbsp; &nbsp; &nbsp;Le Bourgmestre,<br>F. LEGRAND&nbsp; &nbsp; &nbsp; &nbsp; &nbsp; &nbsp; &nbsp; &nbsp; &nbsp; &nbsp; &nbsp; &nbsp; &nbsp; &nbsp; &nbsp; &nbsp; &nbsp; &nbsp; &nbsp; &nbsp; &nbsp; &nbsp; &nbsp;E. THOMAS<\/p>\n","protected":false},"excerpt":{"rendered":"<p>Extrait du registre aux d\u00e9lib\u00e9rations du Conseil communal &#8211;&nbsp;S\u00e9ance du&nbsp;23\/09\/2021&nbsp; CHAPITRE 1 : DEFINITIONS&nbsp; Article 1&nbsp;:&nbsp;Pour l\u2019application du pr\u00e9sent r\u00e8glement, l\u2019on entend par :&nbsp; &nbsp;&nbsp; &nbsp;Aire ou parcelle de dispersion des cendres&nbsp;: espace public obligatoire dans chaque cimeti\u00e8re r\u00e9serv\u00e9 \u00e0 la dispersion des cendres. &nbsp;&nbsp; &nbsp;Ayant droit&nbsp;: le conjoint, le cohabitant l\u00e9gal ou le cohabitant&hellip;<\/p>\n","protected":false},"author":1,"featured_media":11064,"menu_order":0,"template":"","categories":[197],"class_list":["post-11063","services_communaux","type-services_communaux","status-publish","has-post-thumbnail","hentry","category-cimetieres_concessions","description-off"],"yoast_head":"<!-- This site is optimized with the Yoast SEO plugin v27.5 - https:\/\/yoast.com\/product\/yoast-seo-wordpress\/ -->\n<title>R\u00e8glement communal sur les fun\u00e9railles et s\u00e9pultures - modifications - Commune de Modave<\/title>\n<meta name=\"robots\" content=\"index, follow, max-snippet:-1, max-image-preview:large, max-video-preview:-1\" \/>\n<link rel=\"canonical\" href=\"https:\/\/www.modave.be\/index.php\/services_communaux\/reglement-communal-sur-les-funerailles-et-sepultures-modifications\/\" \/>\n<meta property=\"og:locale\" content=\"fr_FR\" \/>\n<meta property=\"og:type\" content=\"article\" \/>\n<meta property=\"og:title\" content=\"R\u00e8glement communal sur les fun\u00e9railles et s\u00e9pultures - modifications - Commune de Modave\" \/>\n<meta property=\"og:description\" content=\"Extrait du registre aux d\u00e9lib\u00e9rations du Conseil communal &#8211;&nbsp;S\u00e9ance du&nbsp;23\/09\/2021&nbsp; CHAPITRE 1 : DEFINITIONS&nbsp; Article 1&nbsp;:&nbsp;Pour l\u2019application du pr\u00e9sent r\u00e8glement, l\u2019on entend par :&nbsp; &nbsp;&nbsp; &nbsp;Aire ou parcelle de dispersion des cendres&nbsp;: espace public obligatoire dans chaque cimeti\u00e8re r\u00e9serv\u00e9 \u00e0 la dispersion des cendres. &nbsp;&nbsp; &nbsp;Ayant droit&nbsp;: le conjoint, le cohabitant l\u00e9gal ou le cohabitant&hellip;\" \/>\n<meta property=\"og:url\" content=\"https:\/\/www.modave.be\/index.php\/services_communaux\/reglement-communal-sur-les-funerailles-et-sepultures-modifications\/\" \/>\n<meta property=\"og:site_name\" content=\"Commune de Modave\" \/>\n<meta property=\"article:modified_time\" content=\"2023-02-21T08:41:31+00:00\" \/>\n<meta property=\"og:image\" content=\"https:\/\/www.modave.be\/wp-content\/uploads\/2023\/02\/Cimetiere.jpg\" \/>\n\t<meta property=\"og:image:width\" content=\"1280\" \/>\n\t<meta property=\"og:image:height\" content=\"852\" \/>\n\t<meta property=\"og:image:type\" content=\"image\/jpeg\" \/>\n<meta name=\"twitter:card\" content=\"summary_large_image\" \/>\n<meta name=\"twitter:label1\" content=\"Dur\u00e9e de lecture estim\u00e9e\" \/>\n\t<meta name=\"twitter:data1\" content=\"52 minutes\" \/>\n<script type=\"application\/ld+json\" class=\"yoast-schema-graph\">{\"@context\":\"https:\\\/\\\/schema.org\",\"@graph\":[{\"@type\":\"WebPage\",\"@id\":\"https:\\\/\\\/www.modave.be\\\/index.php\\\/services_communaux\\\/reglement-communal-sur-les-funerailles-et-sepultures-modifications\\\/\",\"url\":\"https:\\\/\\\/www.modave.be\\\/index.php\\\/services_communaux\\\/reglement-communal-sur-les-funerailles-et-sepultures-modifications\\\/\",\"name\":\"R\u00e8glement communal sur les fun\u00e9railles et s\u00e9pultures - modifications - Commune de Modave\",\"isPartOf\":{\"@id\":\"https:\\\/\\\/www.modave.be\\\/#website\"},\"primaryImageOfPage\":{\"@id\":\"https:\\\/\\\/www.modave.be\\\/index.php\\\/services_communaux\\\/reglement-communal-sur-les-funerailles-et-sepultures-modifications\\\/#primaryimage\"},\"image\":{\"@id\":\"https:\\\/\\\/www.modave.be\\\/index.php\\\/services_communaux\\\/reglement-communal-sur-les-funerailles-et-sepultures-modifications\\\/#primaryimage\"},\"thumbnailUrl\":\"https:\\\/\\\/www.modave.be\\\/wp-content\\\/uploads\\\/2023\\\/02\\\/Cimetiere.jpg\",\"datePublished\":\"2023-02-21T08:39:34+00:00\",\"dateModified\":\"2023-02-21T08:41:31+00:00\",\"breadcrumb\":{\"@id\":\"https:\\\/\\\/www.modave.be\\\/index.php\\\/services_communaux\\\/reglement-communal-sur-les-funerailles-et-sepultures-modifications\\\/#breadcrumb\"},\"inLanguage\":\"fr-FR\",\"potentialAction\":[{\"@type\":\"ReadAction\",\"target\":[\"https:\\\/\\\/www.modave.be\\\/index.php\\\/services_communaux\\\/reglement-communal-sur-les-funerailles-et-sepultures-modifications\\\/\"]}]},{\"@type\":\"ImageObject\",\"inLanguage\":\"fr-FR\",\"@id\":\"https:\\\/\\\/www.modave.be\\\/index.php\\\/services_communaux\\\/reglement-communal-sur-les-funerailles-et-sepultures-modifications\\\/#primaryimage\",\"url\":\"https:\\\/\\\/www.modave.be\\\/wp-content\\\/uploads\\\/2023\\\/02\\\/Cimetiere.jpg\",\"contentUrl\":\"https:\\\/\\\/www.modave.be\\\/wp-content\\\/uploads\\\/2023\\\/02\\\/Cimetiere.jpg\",\"width\":1280,\"height\":852},{\"@type\":\"BreadcrumbList\",\"@id\":\"https:\\\/\\\/www.modave.be\\\/index.php\\\/services_communaux\\\/reglement-communal-sur-les-funerailles-et-sepultures-modifications\\\/#breadcrumb\",\"itemListElement\":[{\"@type\":\"ListItem\",\"position\":1,\"name\":\"Accueil\",\"item\":\"https:\\\/\\\/www.modave.be\\\/\"},{\"@type\":\"ListItem\",\"position\":2,\"name\":\"R\u00e8glement communal sur les fun\u00e9railles et s\u00e9pultures &#8211; modifications\"}]},{\"@type\":\"WebSite\",\"@id\":\"https:\\\/\\\/www.modave.be\\\/#website\",\"url\":\"https:\\\/\\\/www.modave.be\\\/\",\"name\":\"Commune de Modave\",\"description\":\"Commune de Modave\",\"publisher\":{\"@id\":\"https:\\\/\\\/www.modave.be\\\/#organization\"},\"potentialAction\":[{\"@type\":\"SearchAction\",\"target\":{\"@type\":\"EntryPoint\",\"urlTemplate\":\"https:\\\/\\\/www.modave.be\\\/?s={search_term_string}\"},\"query-input\":{\"@type\":\"PropertyValueSpecification\",\"valueRequired\":true,\"valueName\":\"search_term_string\"}}],\"inLanguage\":\"fr-FR\"},{\"@type\":\"Organization\",\"@id\":\"https:\\\/\\\/www.modave.be\\\/#organization\",\"name\":\"Commune de Modave\",\"url\":\"https:\\\/\\\/www.modave.be\\\/\",\"logo\":{\"@type\":\"ImageObject\",\"inLanguage\":\"fr-FR\",\"@id\":\"https:\\\/\\\/www.modave.be\\\/#\\\/schema\\\/logo\\\/image\\\/\",\"url\":\"https:\\\/\\\/www.modave.be\\\/wp-content\\\/uploads\\\/2021\\\/12\\\/MODAVE_LOGO_HORIZONTAL_QUADRI_RVB.png\",\"contentUrl\":\"https:\\\/\\\/www.modave.be\\\/wp-content\\\/uploads\\\/2021\\\/12\\\/MODAVE_LOGO_HORIZONTAL_QUADRI_RVB.png\",\"width\":1200,\"height\":501,\"caption\":\"Commune de Modave\"},\"image\":{\"@id\":\"https:\\\/\\\/www.modave.be\\\/#\\\/schema\\\/logo\\\/image\\\/\"}}]}<\/script>\n<!-- \/ Yoast SEO plugin. -->","yoast_head_json":{"title":"R\u00e8glement communal sur les fun\u00e9railles et s\u00e9pultures - modifications - Commune de Modave","robots":{"index":"index","follow":"follow","max-snippet":"max-snippet:-1","max-image-preview":"max-image-preview:large","max-video-preview":"max-video-preview:-1"},"canonical":"https:\/\/www.modave.be\/index.php\/services_communaux\/reglement-communal-sur-les-funerailles-et-sepultures-modifications\/","og_locale":"fr_FR","og_type":"article","og_title":"R\u00e8glement communal sur les fun\u00e9railles et s\u00e9pultures - modifications - Commune de Modave","og_description":"Extrait du registre aux d\u00e9lib\u00e9rations du Conseil communal &#8211;&nbsp;S\u00e9ance du&nbsp;23\/09\/2021&nbsp; CHAPITRE 1 : DEFINITIONS&nbsp; Article 1&nbsp;:&nbsp;Pour l\u2019application du pr\u00e9sent r\u00e8glement, l\u2019on entend par :&nbsp; &nbsp;&nbsp; &nbsp;Aire ou parcelle de dispersion des cendres&nbsp;: espace public obligatoire dans chaque cimeti\u00e8re r\u00e9serv\u00e9 \u00e0 la dispersion des cendres. &nbsp;&nbsp; &nbsp;Ayant droit&nbsp;: le conjoint, le cohabitant l\u00e9gal ou le cohabitant&hellip;","og_url":"https:\/\/www.modave.be\/index.php\/services_communaux\/reglement-communal-sur-les-funerailles-et-sepultures-modifications\/","og_site_name":"Commune de Modave","article_modified_time":"2023-02-21T08:41:31+00:00","og_image":[{"width":1280,"height":852,"url":"https:\/\/www.modave.be\/wp-content\/uploads\/2023\/02\/Cimetiere.jpg","type":"image\/jpeg"}],"twitter_card":"summary_large_image","twitter_misc":{"Dur\u00e9e de lecture estim\u00e9e":"52 minutes"},"schema":{"@context":"https:\/\/schema.org","@graph":[{"@type":"WebPage","@id":"https:\/\/www.modave.be\/index.php\/services_communaux\/reglement-communal-sur-les-funerailles-et-sepultures-modifications\/","url":"https:\/\/www.modave.be\/index.php\/services_communaux\/reglement-communal-sur-les-funerailles-et-sepultures-modifications\/","name":"R\u00e8glement communal sur les fun\u00e9railles et s\u00e9pultures - modifications - Commune de Modave","isPartOf":{"@id":"https:\/\/www.modave.be\/#website"},"primaryImageOfPage":{"@id":"https:\/\/www.modave.be\/index.php\/services_communaux\/reglement-communal-sur-les-funerailles-et-sepultures-modifications\/#primaryimage"},"image":{"@id":"https:\/\/www.modave.be\/index.php\/services_communaux\/reglement-communal-sur-les-funerailles-et-sepultures-modifications\/#primaryimage"},"thumbnailUrl":"https:\/\/www.modave.be\/wp-content\/uploads\/2023\/02\/Cimetiere.jpg","datePublished":"2023-02-21T08:39:34+00:00","dateModified":"2023-02-21T08:41:31+00:00","breadcrumb":{"@id":"https:\/\/www.modave.be\/index.php\/services_communaux\/reglement-communal-sur-les-funerailles-et-sepultures-modifications\/#breadcrumb"},"inLanguage":"fr-FR","potentialAction":[{"@type":"ReadAction","target":["https:\/\/www.modave.be\/index.php\/services_communaux\/reglement-communal-sur-les-funerailles-et-sepultures-modifications\/"]}]},{"@type":"ImageObject","inLanguage":"fr-FR","@id":"https:\/\/www.modave.be\/index.php\/services_communaux\/reglement-communal-sur-les-funerailles-et-sepultures-modifications\/#primaryimage","url":"https:\/\/www.modave.be\/wp-content\/uploads\/2023\/02\/Cimetiere.jpg","contentUrl":"https:\/\/www.modave.be\/wp-content\/uploads\/2023\/02\/Cimetiere.jpg","width":1280,"height":852},{"@type":"BreadcrumbList","@id":"https:\/\/www.modave.be\/index.php\/services_communaux\/reglement-communal-sur-les-funerailles-et-sepultures-modifications\/#breadcrumb","itemListElement":[{"@type":"ListItem","position":1,"name":"Accueil","item":"https:\/\/www.modave.be\/"},{"@type":"ListItem","position":2,"name":"R\u00e8glement communal sur les fun\u00e9railles et s\u00e9pultures &#8211; modifications"}]},{"@type":"WebSite","@id":"https:\/\/www.modave.be\/#website","url":"https:\/\/www.modave.be\/","name":"Commune de Modave","description":"Commune de Modave","publisher":{"@id":"https:\/\/www.modave.be\/#organization"},"potentialAction":[{"@type":"SearchAction","target":{"@type":"EntryPoint","urlTemplate":"https:\/\/www.modave.be\/?s={search_term_string}"},"query-input":{"@type":"PropertyValueSpecification","valueRequired":true,"valueName":"search_term_string"}}],"inLanguage":"fr-FR"},{"@type":"Organization","@id":"https:\/\/www.modave.be\/#organization","name":"Commune de Modave","url":"https:\/\/www.modave.be\/","logo":{"@type":"ImageObject","inLanguage":"fr-FR","@id":"https:\/\/www.modave.be\/#\/schema\/logo\/image\/","url":"https:\/\/www.modave.be\/wp-content\/uploads\/2021\/12\/MODAVE_LOGO_HORIZONTAL_QUADRI_RVB.png","contentUrl":"https:\/\/www.modave.be\/wp-content\/uploads\/2021\/12\/MODAVE_LOGO_HORIZONTAL_QUADRI_RVB.png","width":1200,"height":501,"caption":"Commune de Modave"},"image":{"@id":"https:\/\/www.modave.be\/#\/schema\/logo\/image\/"}}]}},"_links":{"self":[{"href":"https:\/\/www.modave.be\/index.php\/wp-json\/wp\/v2\/services_communaux\/11063","targetHints":{"allow":["GET"]}}],"collection":[{"href":"https:\/\/www.modave.be\/index.php\/wp-json\/wp\/v2\/services_communaux"}],"about":[{"href":"https:\/\/www.modave.be\/index.php\/wp-json\/wp\/v2\/types\/services_communaux"}],"author":[{"embeddable":true,"href":"https:\/\/www.modave.be\/index.php\/wp-json\/wp\/v2\/users\/1"}],"wp:featuredmedia":[{"embeddable":true,"href":"https:\/\/www.modave.be\/index.php\/wp-json\/wp\/v2\/media\/11064"}],"wp:attachment":[{"href":"https:\/\/www.modave.be\/index.php\/wp-json\/wp\/v2\/media?parent=11063"}],"wp:term":[{"taxonomy":"category","embeddable":true,"href":"https:\/\/www.modave.be\/index.php\/wp-json\/wp\/v2\/categories?post=11063"}],"curies":[{"name":"wp","href":"https:\/\/api.w.org\/{rel}","templated":true}]}}