{"id":11548,"date":"2023-01-19T10:46:45","date_gmt":"2023-01-19T09:46:45","guid":{"rendered":"http:\/\/217.182.142.226\/?post_type=services_communaux&#038;p=11548"},"modified":"2023-03-03T08:55:08","modified_gmt":"2023-03-03T07:55:08","slug":"conseil-communal-ordre-du-jour-du-26-janvier-2023","status":"publish","type":"services_communaux","link":"https:\/\/www.modave.be\/index.php\/services_communaux\/conseil-communal-ordre-du-jour-du-26-janvier-2023\/","title":{"rendered":"Conseil communal &#8211; Ordre du jour du 26 janvier 2023"},"content":{"rendered":"\n<p>CONSEIL COMMUNAL \u2013 CONVOCATION &#8211; ORDRE DU JOUR&nbsp;<\/p>\n\n\n\n<p>Conform\u00e9ment aux articles L1122-11, L1122-12, L1122-13 et L1122-23 du code de d\u00e9mocratie locale et de la d\u00e9centralisation, et aux sections 2, 3, 4 et 5 du R\u00e8glement d\u2019Ordre Int\u00e9rieur du conseil communal, nous avons l\u2019honneur de vous convoquer pour la premi\u00e8re fois \u00e0 la r\u00e9union du Conseil communal qui aura lieu&nbsp;<strong><u>le&nbsp;<\/u><\/strong><strong><u>jeudi&nbsp;<\/u><\/strong><strong><u>26\/01\/2023 \u00e0<\/u><\/strong><strong><u>&nbsp;20h30,&nbsp;<\/u><\/strong><strong><u>Salle du Conseil communal,&nbsp;<\/u><\/strong><strong><u>Place Georges Hubin n\u00b0 1&nbsp; \u2013 4577 Vierset-Barse.<\/u><\/strong><\/p>\n\n\n\n<p><strong><u>20h15&nbsp;<\/u><\/strong><strong><u>\u2013 droit d\u2019interpellation du Coll\u00e8ge communal par les habitants<\/u><\/strong><\/p>\n\n\n\n<p>S\u00e9ance publique<\/p>\n\n\n\n<p>Secr\u00e9tariat g\u00e9n\u00e9ral&nbsp;<\/p>\n\n\n\n<ol class=\"wp-block-list\">\n<li>Proc\u00e8s-verbal de la s\u00e9ance publique du 19.12.2022 &#8211; Approbation&nbsp;<\/li>\n<\/ol>\n\n\n\n<p>Autorisation sur voirie&nbsp;<\/p>\n\n\n\n<ol class=\"wp-block-list\" start=\"2\">\n<li>Ordonnances de police &#8211; Ratification&nbsp;<\/li>\n<\/ol>\n\n\n\n<p>Finances&nbsp;<\/p>\n\n\n\n<ol class=\"wp-block-list\" start=\"3\">\n<li>Fabrique d&rsquo;Eglise de Rausa &#8211; Budget 2023 &#8211; MB 1 &#8211; D\u00e9cision&nbsp;<\/li>\n\n\n\n<li>Fabrique d&rsquo;Eglise de Vierset-Barse &#8211; Budget 2023 &#8211; modification &#8211; D\u00e9cision&nbsp;<\/li>\n\n\n\n<li>Fabrique d&rsquo;Eglise de la Sarte &#8211; MB3 de l&rsquo;exercice 2022 &#8211; D\u00e9cision&nbsp;<\/li>\n<\/ol>\n\n\n\n<p>Secr\u00e9tariat g\u00e9n\u00e9ral&nbsp;<\/p>\n\n\n\n<ol class=\"wp-block-list\" start=\"6\">\n<li>Intercommunale SPI &#8211; Assembl\u00e9e G\u00e9n\u00e9rale Ordinaire du 31 janvier 2023 &#8211; Approbation&nbsp;<\/li>\n\n\n\n<li>Intercommunale SPI &#8211; Assembl\u00e9e G\u00e9n\u00e9rale Extraordinaire &#8211; Approbation&nbsp;<\/li>\n<\/ol>\n\n\n\n<p>Personnel&nbsp;<\/p>\n\n\n\n<ol class=\"wp-block-list\" start=\"8\">\n<li>POLLEC 2022 &#8211; D\u00e9p\u00f4t d&rsquo;acte de candidatures Coordinateur Climat &#8211; D\u00e9cision&nbsp;<\/li>\n<\/ol>\n\n\n\n<p>March\u00e9s Publics&nbsp;<\/p>\n\n\n\n<ol class=\"wp-block-list\" start=\"9\">\n<li>Chaudi\u00e8re Biomasse pour Administration communale &#8211; Approbation des conditions et du mode de passation&nbsp;<\/li>\n<\/ol>\n\n\n\n<p>Urbanisme &#8211; Environnement&nbsp;<\/p>\n\n\n\n<ol class=\"wp-block-list\" start=\"10\">\n<li>Appel \u00e0 int\u00e9r\u00eat aupr\u00e8s des communes wallonnes pour le lancement des futurs march\u00e9s de concession &#8211; D\u00e9cision&nbsp;&nbsp;<\/li>\n<\/ol>\n\n\n\n<p>Jeunesse &#8211; Socio-culturel&nbsp;<\/p>\n\n\n\n<ol class=\"wp-block-list\" start=\"11\">\n<li>Convention pour stages communaux &#8211; Modification &#8211; Adoption<\/li>\n<\/ol>\n\n\n\n<p>S\u00e9ance \u00e0 huis-clos<\/p>\n\n\n\n<p>Secr\u00e9tariat g\u00e9n\u00e9ral&nbsp;<\/p>\n\n\n\n<ol class=\"wp-block-list\" start=\"12\">\n<li>Proc\u00e8s-verbal de la s\u00e9ance \u00e0 huis-clos du 19.12.2022 &#8211; Approbation&nbsp;<\/li>\n<\/ol>\n\n\n\n<p>Personnel&nbsp;<\/p>\n\n\n\n<ol class=\"wp-block-list\" start=\"13\">\n<li>Personnel administratif &#8211; Service Finances &#8211; Examen de recrutement &#8211; R\u00e9sultats &#8211; Ratification&nbsp;<\/li>\n\n\n\n<li>Personnel administratif &#8211; employ\u00e9e d&rsquo;administration en charge des services March\u00e9s publics et secr\u00e9tariat &#8211; d\u00e9signation &#8211; D\u00e9cision&nbsp;<\/li>\n<\/ol>\n\n\n\n<p>Enseignement et Extrascolaire&nbsp;<\/p>\n\n\n\n<ol class=\"wp-block-list\" start=\"15\">\n<li>D\u00e9signations d&rsquo;enseignant.e.s &#8211; Ratification<\/li>\n<\/ol>\n\n\n\n<p>Modave,&nbsp; le 12\/01\/2023&nbsp;<\/p>\n\n\n\n<p>Par le Coll\u00e8ge&nbsp;communal :&nbsp;<\/p>\n\n\n\n<figure class=\"wp-block-table\"><table><tbody><tr><td>Le Directeur g\u00e9n\u00e9ral,Legrand Fr\u00e9d\u00e9ric<\/td><td>&nbsp;<\/td><td>Le Bourgmestre,Thomas Eric<\/td><\/tr><\/tbody><\/table><\/figure>\n","protected":false},"excerpt":{"rendered":"<p>CONSEIL COMMUNAL \u2013 CONVOCATION &#8211; ORDRE DU JOUR&nbsp; Conform\u00e9ment aux articles L1122-11, L1122-12, L1122-13 et L1122-23 du code de d\u00e9mocratie locale et de la d\u00e9centralisation, et aux sections 2, 3, 4 et 5 du R\u00e8glement d\u2019Ordre Int\u00e9rieur du conseil communal, nous avons l\u2019honneur de vous convoquer pour la premi\u00e8re fois \u00e0 la r\u00e9union du Conseil&hellip;<\/p>\n","protected":false},"author":1,"featured_media":11501,"menu_order":0,"template":"","categories":[213],"class_list":["post-11548","services_communaux","type-services_communaux","status-publish","has-post-thumbnail","hentry","category-conseil_communal_ordre_jour","description-off"],"yoast_head":"<!-- This site is optimized with the Yoast SEO plugin v27.4 - https:\/\/yoast.com\/product\/yoast-seo-wordpress\/ -->\n<title>Conseil communal - Ordre du jour du 26 janvier 2023 - Commune de Modave<\/title>\n<meta name=\"robots\" content=\"index, follow, max-snippet:-1, max-image-preview:large, max-video-preview:-1\" \/>\n<link rel=\"canonical\" href=\"https:\/\/www.modave.be\/index.php\/services_communaux\/conseil-communal-ordre-du-jour-du-26-janvier-2023\/\" \/>\n<meta property=\"og:locale\" content=\"fr_FR\" \/>\n<meta property=\"og:type\" content=\"article\" \/>\n<meta property=\"og:title\" content=\"Conseil communal - Ordre du jour du 26 janvier 2023 - Commune de Modave\" \/>\n<meta property=\"og:description\" content=\"CONSEIL COMMUNAL \u2013 CONVOCATION &#8211; ORDRE DU JOUR&nbsp; Conform\u00e9ment aux articles L1122-11, L1122-12, L1122-13 et L1122-23 du code de d\u00e9mocratie locale et de la d\u00e9centralisation, et aux sections 2, 3, 4 et 5 du R\u00e8glement d\u2019Ordre Int\u00e9rieur du conseil communal, nous avons l\u2019honneur de vous convoquer pour la premi\u00e8re fois \u00e0 la r\u00e9union du Conseil&hellip;\" \/>\n<meta property=\"og:url\" content=\"https:\/\/www.modave.be\/index.php\/services_communaux\/conseil-communal-ordre-du-jour-du-26-janvier-2023\/\" \/>\n<meta property=\"og:site_name\" content=\"Commune de Modave\" \/>\n<meta property=\"article:modified_time\" content=\"2023-03-03T07:55:08+00:00\" \/>\n<meta property=\"og:image\" content=\"https:\/\/www.modave.be\/wp-content\/uploads\/2023\/03\/Publications-scaled.jpg\" \/>\n\t<meta property=\"og:image:width\" content=\"2560\" \/>\n\t<meta property=\"og:image:height\" content=\"1707\" \/>\n\t<meta property=\"og:image:type\" content=\"image\/jpeg\" \/>\n<meta name=\"twitter:card\" content=\"summary_large_image\" \/>\n<meta name=\"twitter:label1\" content=\"Dur\u00e9e de lecture estim\u00e9e\" \/>\n\t<meta name=\"twitter:data1\" content=\"2 minutes\" \/>\n<script type=\"application\/ld+json\" class=\"yoast-schema-graph\">{\"@context\":\"https:\\\/\\\/schema.org\",\"@graph\":[{\"@type\":\"WebPage\",\"@id\":\"https:\\\/\\\/www.modave.be\\\/index.php\\\/services_communaux\\\/conseil-communal-ordre-du-jour-du-26-janvier-2023\\\/\",\"url\":\"https:\\\/\\\/www.modave.be\\\/index.php\\\/services_communaux\\\/conseil-communal-ordre-du-jour-du-26-janvier-2023\\\/\",\"name\":\"Conseil communal - Ordre du jour du 26 janvier 2023 - Commune de Modave\",\"isPartOf\":{\"@id\":\"https:\\\/\\\/www.modave.be\\\/#website\"},\"primaryImageOfPage\":{\"@id\":\"https:\\\/\\\/www.modave.be\\\/index.php\\\/services_communaux\\\/conseil-communal-ordre-du-jour-du-26-janvier-2023\\\/#primaryimage\"},\"image\":{\"@id\":\"https:\\\/\\\/www.modave.be\\\/index.php\\\/services_communaux\\\/conseil-communal-ordre-du-jour-du-26-janvier-2023\\\/#primaryimage\"},\"thumbnailUrl\":\"https:\\\/\\\/www.modave.be\\\/wp-content\\\/uploads\\\/2023\\\/03\\\/Publications-scaled.jpg\",\"datePublished\":\"2023-01-19T09:46:45+00:00\",\"dateModified\":\"2023-03-03T07:55:08+00:00\",\"breadcrumb\":{\"@id\":\"https:\\\/\\\/www.modave.be\\\/index.php\\\/services_communaux\\\/conseil-communal-ordre-du-jour-du-26-janvier-2023\\\/#breadcrumb\"},\"inLanguage\":\"fr-FR\",\"potentialAction\":[{\"@type\":\"ReadAction\",\"target\":[\"https:\\\/\\\/www.modave.be\\\/index.php\\\/services_communaux\\\/conseil-communal-ordre-du-jour-du-26-janvier-2023\\\/\"]}]},{\"@type\":\"ImageObject\",\"inLanguage\":\"fr-FR\",\"@id\":\"https:\\\/\\\/www.modave.be\\\/index.php\\\/services_communaux\\\/conseil-communal-ordre-du-jour-du-26-janvier-2023\\\/#primaryimage\",\"url\":\"https:\\\/\\\/www.modave.be\\\/wp-content\\\/uploads\\\/2023\\\/03\\\/Publications-scaled.jpg\",\"contentUrl\":\"https:\\\/\\\/www.modave.be\\\/wp-content\\\/uploads\\\/2023\\\/03\\\/Publications-scaled.jpg\",\"width\":2560,\"height\":1707},{\"@type\":\"BreadcrumbList\",\"@id\":\"https:\\\/\\\/www.modave.be\\\/index.php\\\/services_communaux\\\/conseil-communal-ordre-du-jour-du-26-janvier-2023\\\/#breadcrumb\",\"itemListElement\":[{\"@type\":\"ListItem\",\"position\":1,\"name\":\"Accueil\",\"item\":\"https:\\\/\\\/www.modave.be\\\/\"},{\"@type\":\"ListItem\",\"position\":2,\"name\":\"Conseil communal &#8211; Ordre du jour du 26 janvier 2023\"}]},{\"@type\":\"WebSite\",\"@id\":\"https:\\\/\\\/www.modave.be\\\/#website\",\"url\":\"https:\\\/\\\/www.modave.be\\\/\",\"name\":\"Commune de Modave\",\"description\":\"Commune de Modave\",\"publisher\":{\"@id\":\"https:\\\/\\\/www.modave.be\\\/#organization\"},\"potentialAction\":[{\"@type\":\"SearchAction\",\"target\":{\"@type\":\"EntryPoint\",\"urlTemplate\":\"https:\\\/\\\/www.modave.be\\\/?s={search_term_string}\"},\"query-input\":{\"@type\":\"PropertyValueSpecification\",\"valueRequired\":true,\"valueName\":\"search_term_string\"}}],\"inLanguage\":\"fr-FR\"},{\"@type\":\"Organization\",\"@id\":\"https:\\\/\\\/www.modave.be\\\/#organization\",\"name\":\"Commune de Modave\",\"url\":\"https:\\\/\\\/www.modave.be\\\/\",\"logo\":{\"@type\":\"ImageObject\",\"inLanguage\":\"fr-FR\",\"@id\":\"https:\\\/\\\/www.modave.be\\\/#\\\/schema\\\/logo\\\/image\\\/\",\"url\":\"https:\\\/\\\/www.modave.be\\\/wp-content\\\/uploads\\\/2021\\\/12\\\/MODAVE_LOGO_HORIZONTAL_QUADRI_RVB.png\",\"contentUrl\":\"https:\\\/\\\/www.modave.be\\\/wp-content\\\/uploads\\\/2021\\\/12\\\/MODAVE_LOGO_HORIZONTAL_QUADRI_RVB.png\",\"width\":1200,\"height\":501,\"caption\":\"Commune de Modave\"},\"image\":{\"@id\":\"https:\\\/\\\/www.modave.be\\\/#\\\/schema\\\/logo\\\/image\\\/\"}}]}<\/script>\n<!-- \/ Yoast SEO plugin. -->","yoast_head_json":{"title":"Conseil communal - Ordre du jour du 26 janvier 2023 - Commune de Modave","robots":{"index":"index","follow":"follow","max-snippet":"max-snippet:-1","max-image-preview":"max-image-preview:large","max-video-preview":"max-video-preview:-1"},"canonical":"https:\/\/www.modave.be\/index.php\/services_communaux\/conseil-communal-ordre-du-jour-du-26-janvier-2023\/","og_locale":"fr_FR","og_type":"article","og_title":"Conseil communal - Ordre du jour du 26 janvier 2023 - Commune de Modave","og_description":"CONSEIL COMMUNAL \u2013 CONVOCATION &#8211; ORDRE DU JOUR&nbsp; Conform\u00e9ment aux articles L1122-11, L1122-12, L1122-13 et L1122-23 du code de d\u00e9mocratie locale et de la d\u00e9centralisation, et aux sections 2, 3, 4 et 5 du R\u00e8glement d\u2019Ordre Int\u00e9rieur du conseil communal, nous avons l\u2019honneur de vous convoquer pour la premi\u00e8re fois \u00e0 la r\u00e9union du Conseil&hellip;","og_url":"https:\/\/www.modave.be\/index.php\/services_communaux\/conseil-communal-ordre-du-jour-du-26-janvier-2023\/","og_site_name":"Commune de Modave","article_modified_time":"2023-03-03T07:55:08+00:00","og_image":[{"width":2560,"height":1707,"url":"https:\/\/www.modave.be\/wp-content\/uploads\/2023\/03\/Publications-scaled.jpg","type":"image\/jpeg"}],"twitter_card":"summary_large_image","twitter_misc":{"Dur\u00e9e de lecture estim\u00e9e":"2 minutes"},"schema":{"@context":"https:\/\/schema.org","@graph":[{"@type":"WebPage","@id":"https:\/\/www.modave.be\/index.php\/services_communaux\/conseil-communal-ordre-du-jour-du-26-janvier-2023\/","url":"https:\/\/www.modave.be\/index.php\/services_communaux\/conseil-communal-ordre-du-jour-du-26-janvier-2023\/","name":"Conseil communal - Ordre du jour du 26 janvier 2023 - Commune de Modave","isPartOf":{"@id":"https:\/\/www.modave.be\/#website"},"primaryImageOfPage":{"@id":"https:\/\/www.modave.be\/index.php\/services_communaux\/conseil-communal-ordre-du-jour-du-26-janvier-2023\/#primaryimage"},"image":{"@id":"https:\/\/www.modave.be\/index.php\/services_communaux\/conseil-communal-ordre-du-jour-du-26-janvier-2023\/#primaryimage"},"thumbnailUrl":"https:\/\/www.modave.be\/wp-content\/uploads\/2023\/03\/Publications-scaled.jpg","datePublished":"2023-01-19T09:46:45+00:00","dateModified":"2023-03-03T07:55:08+00:00","breadcrumb":{"@id":"https:\/\/www.modave.be\/index.php\/services_communaux\/conseil-communal-ordre-du-jour-du-26-janvier-2023\/#breadcrumb"},"inLanguage":"fr-FR","potentialAction":[{"@type":"ReadAction","target":["https:\/\/www.modave.be\/index.php\/services_communaux\/conseil-communal-ordre-du-jour-du-26-janvier-2023\/"]}]},{"@type":"ImageObject","inLanguage":"fr-FR","@id":"https:\/\/www.modave.be\/index.php\/services_communaux\/conseil-communal-ordre-du-jour-du-26-janvier-2023\/#primaryimage","url":"https:\/\/www.modave.be\/wp-content\/uploads\/2023\/03\/Publications-scaled.jpg","contentUrl":"https:\/\/www.modave.be\/wp-content\/uploads\/2023\/03\/Publications-scaled.jpg","width":2560,"height":1707},{"@type":"BreadcrumbList","@id":"https:\/\/www.modave.be\/index.php\/services_communaux\/conseil-communal-ordre-du-jour-du-26-janvier-2023\/#breadcrumb","itemListElement":[{"@type":"ListItem","position":1,"name":"Accueil","item":"https:\/\/www.modave.be\/"},{"@type":"ListItem","position":2,"name":"Conseil communal &#8211; Ordre du jour du 26 janvier 2023"}]},{"@type":"WebSite","@id":"https:\/\/www.modave.be\/#website","url":"https:\/\/www.modave.be\/","name":"Commune de Modave","description":"Commune de Modave","publisher":{"@id":"https:\/\/www.modave.be\/#organization"},"potentialAction":[{"@type":"SearchAction","target":{"@type":"EntryPoint","urlTemplate":"https:\/\/www.modave.be\/?s={search_term_string}"},"query-input":{"@type":"PropertyValueSpecification","valueRequired":true,"valueName":"search_term_string"}}],"inLanguage":"fr-FR"},{"@type":"Organization","@id":"https:\/\/www.modave.be\/#organization","name":"Commune de Modave","url":"https:\/\/www.modave.be\/","logo":{"@type":"ImageObject","inLanguage":"fr-FR","@id":"https:\/\/www.modave.be\/#\/schema\/logo\/image\/","url":"https:\/\/www.modave.be\/wp-content\/uploads\/2021\/12\/MODAVE_LOGO_HORIZONTAL_QUADRI_RVB.png","contentUrl":"https:\/\/www.modave.be\/wp-content\/uploads\/2021\/12\/MODAVE_LOGO_HORIZONTAL_QUADRI_RVB.png","width":1200,"height":501,"caption":"Commune de Modave"},"image":{"@id":"https:\/\/www.modave.be\/#\/schema\/logo\/image\/"}}]}},"_links":{"self":[{"href":"https:\/\/www.modave.be\/index.php\/wp-json\/wp\/v2\/services_communaux\/11548","targetHints":{"allow":["GET"]}}],"collection":[{"href":"https:\/\/www.modave.be\/index.php\/wp-json\/wp\/v2\/services_communaux"}],"about":[{"href":"https:\/\/www.modave.be\/index.php\/wp-json\/wp\/v2\/types\/services_communaux"}],"author":[{"embeddable":true,"href":"https:\/\/www.modave.be\/index.php\/wp-json\/wp\/v2\/users\/1"}],"wp:featuredmedia":[{"embeddable":true,"href":"https:\/\/www.modave.be\/index.php\/wp-json\/wp\/v2\/media\/11501"}],"wp:attachment":[{"href":"https:\/\/www.modave.be\/index.php\/wp-json\/wp\/v2\/media?parent=11548"}],"wp:term":[{"taxonomy":"category","embeddable":true,"href":"https:\/\/www.modave.be\/index.php\/wp-json\/wp\/v2\/categories?post=11548"}],"curies":[{"name":"wp","href":"https:\/\/api.w.org\/{rel}","templated":true}]}}