{"id":11724,"date":"2022-06-10T10:11:49","date_gmt":"2022-06-10T08:11:49","guid":{"rendered":"http:\/\/217.182.142.226\/?post_type=services_communaux&#038;p=11724"},"modified":"2023-03-07T10:12:36","modified_gmt":"2023-03-07T09:12:36","slug":"le-ccca-propose-un-voyage-aux-aines-pensez-a-vous-inscrire","status":"publish","type":"services_communaux","link":"https:\/\/www.modave.be\/index.php\/services_communaux\/le-ccca-propose-un-voyage-aux-aines-pensez-a-vous-inscrire\/","title":{"rendered":"Le CCCA propose un voyage aux a\u00een\u00e9s. Pensez \u00e0 vous inscrire !"},"content":{"rendered":"\n<p><strong><u>VISITE DE BLEGNY MINE<\/u>&nbsp;\u2013&nbsp;<\/strong><strong>LE 15 SEPTEMBRE 2022<\/strong><\/p>\n\n\n\n<p>DEPART A 9H00&nbsp;\u2013&nbsp;&nbsp;<strong>RV AU COMPLEXE SPORTIF DE VIERSET<\/strong><\/p>\n\n\n\n<p><strong>10H15<\/strong>&nbsp;: ACCUEIL CAFE + CROISSANT A LA BRASERIE PUITS-SANS-faim<\/p>\n\n\n\n<p><strong>11h00<\/strong>&nbsp;:&nbsp; VISITE DE LA MINE&nbsp;&nbsp;<strong>OU<\/strong>&nbsp; VISITE DU MUSEE DE LA MINE POUR LES PERSONNES NE SOUHAITANT PAS DESCENDRE DANS LA MINE.<\/p>\n\n\n\n<p><strong>13H00&nbsp;:&nbsp;&nbsp;<\/strong>REPAS DE MIDI. MENU DES HOUYEUX. ( HORS BOISSONS )<\/p>\n\n\n\n<p><strong>15h30<\/strong>&nbsp;: BALADE EN TORTILLARD<\/p>\n\n\n\n<p><strong>16H30<\/strong>&nbsp;: GO\u00dbTER. TARTE AUX POMMES ET CAFE.<\/p>\n\n\n\n<p><strong>17H15&nbsp;<\/strong>: DEPART VERS MODAVE<\/p>\n\n\n\n<p><strong>PRIX&nbsp;: 45.00 EUROS P.P.<\/strong><\/p>\n\n\n\n<p><strong>INSCRIPTIONS ET INFORMATIONS<\/strong>&nbsp;:<\/p>\n\n\n\n<p>Suzanne De la Haye&nbsp;: 0472 73 61 35&nbsp;&nbsp; \u2013&nbsp;&nbsp;&nbsp;<a href=\"mailto:delahaye.suzanne@gmail.com\">delahaye.suzanne@gmail.com<\/a><\/p>\n\n\n\n<p>Georgette Georges&nbsp;: &nbsp;0495 42 55 89<\/p>\n\n\n\n<p><strong>Votre paiement sur le compte BE 59 0689 0763 8626 DU CCCA DE MODAVE VALIDERA VOTRE INSCRIPTION. COMMUNICATION&nbsp;:&nbsp; EXCURSION 15\/9\/2022 BLEGNY MINE<\/strong><\/p>\n","protected":false},"excerpt":{"rendered":"<p>VISITE DE BLEGNY MINE&nbsp;\u2013&nbsp;LE 15 SEPTEMBRE 2022 DEPART A 9H00&nbsp;\u2013&nbsp;&nbsp;RV AU COMPLEXE SPORTIF DE VIERSET 10H15&nbsp;: ACCUEIL CAFE + CROISSANT A LA BRASERIE PUITS-SANS-faim 11h00&nbsp;:&nbsp; VISITE DE LA MINE&nbsp;&nbsp;OU&nbsp; VISITE DU MUSEE DE LA MINE POUR LES PERSONNES NE SOUHAITANT PAS DESCENDRE DANS LA MINE. 13H00&nbsp;:&nbsp;&nbsp;REPAS DE MIDI. MENU DES HOUYEUX. ( HORS BOISSONS )&hellip;<\/p>\n","protected":false},"author":1,"featured_media":10497,"menu_order":0,"template":"","categories":[167],"class_list":["post-11724","services_communaux","type-services_communaux","status-publish","has-post-thumbnail","hentry","category-ccca","description-off"],"yoast_head":"<!-- This site is optimized with the Yoast SEO plugin v27.5 - https:\/\/yoast.com\/product\/yoast-seo-wordpress\/ -->\n<title>Le CCCA propose un voyage aux a\u00een\u00e9s. Pensez \u00e0 vous inscrire ! - Commune de Modave<\/title>\n<meta name=\"robots\" content=\"index, follow, max-snippet:-1, max-image-preview:large, max-video-preview:-1\" \/>\n<link rel=\"canonical\" href=\"https:\/\/www.modave.be\/index.php\/services_communaux\/le-ccca-propose-un-voyage-aux-aines-pensez-a-vous-inscrire\/\" \/>\n<meta property=\"og:locale\" content=\"fr_FR\" \/>\n<meta property=\"og:type\" content=\"article\" \/>\n<meta property=\"og:title\" content=\"Le CCCA propose un voyage aux a\u00een\u00e9s. Pensez \u00e0 vous inscrire ! - Commune de Modave\" \/>\n<meta property=\"og:description\" content=\"VISITE DE BLEGNY MINE&nbsp;\u2013&nbsp;LE 15 SEPTEMBRE 2022 DEPART A 9H00&nbsp;\u2013&nbsp;&nbsp;RV AU COMPLEXE SPORTIF DE VIERSET 10H15&nbsp;: ACCUEIL CAFE + CROISSANT A LA BRASERIE PUITS-SANS-faim 11h00&nbsp;:&nbsp; VISITE DE LA MINE&nbsp;&nbsp;OU&nbsp; VISITE DU MUSEE DE LA MINE POUR LES PERSONNES NE SOUHAITANT PAS DESCENDRE DANS LA MINE. 13H00&nbsp;:&nbsp;&nbsp;REPAS DE MIDI. MENU DES HOUYEUX. ( HORS BOISSONS )&hellip;\" \/>\n<meta property=\"og:url\" content=\"https:\/\/www.modave.be\/index.php\/services_communaux\/le-ccca-propose-un-voyage-aux-aines-pensez-a-vous-inscrire\/\" \/>\n<meta property=\"og:site_name\" content=\"Commune de Modave\" \/>\n<meta property=\"article:modified_time\" content=\"2023-03-07T09:12:36+00:00\" \/>\n<meta property=\"og:image\" content=\"https:\/\/www.modave.be\/wp-content\/uploads\/2022\/06\/voyage-3eme-age-scaled-e1727685891523.jpg\" \/>\n\t<meta property=\"og:image:width\" content=\"2560\" \/>\n\t<meta property=\"og:image:height\" content=\"1280\" \/>\n\t<meta property=\"og:image:type\" content=\"image\/jpeg\" \/>\n<meta name=\"twitter:card\" content=\"summary_large_image\" \/>\n<meta name=\"twitter:label1\" content=\"Dur\u00e9e de lecture estim\u00e9e\" \/>\n\t<meta name=\"twitter:data1\" content=\"1 minute\" \/>\n<script type=\"application\/ld+json\" class=\"yoast-schema-graph\">{\"@context\":\"https:\\\/\\\/schema.org\",\"@graph\":[{\"@type\":\"WebPage\",\"@id\":\"https:\\\/\\\/www.modave.be\\\/index.php\\\/services_communaux\\\/le-ccca-propose-un-voyage-aux-aines-pensez-a-vous-inscrire\\\/\",\"url\":\"https:\\\/\\\/www.modave.be\\\/index.php\\\/services_communaux\\\/le-ccca-propose-un-voyage-aux-aines-pensez-a-vous-inscrire\\\/\",\"name\":\"Le CCCA propose un voyage aux a\u00een\u00e9s. Pensez \u00e0 vous inscrire ! - Commune de Modave\",\"isPartOf\":{\"@id\":\"https:\\\/\\\/www.modave.be\\\/#website\"},\"primaryImageOfPage\":{\"@id\":\"https:\\\/\\\/www.modave.be\\\/index.php\\\/services_communaux\\\/le-ccca-propose-un-voyage-aux-aines-pensez-a-vous-inscrire\\\/#primaryimage\"},\"image\":{\"@id\":\"https:\\\/\\\/www.modave.be\\\/index.php\\\/services_communaux\\\/le-ccca-propose-un-voyage-aux-aines-pensez-a-vous-inscrire\\\/#primaryimage\"},\"thumbnailUrl\":\"https:\\\/\\\/www.modave.be\\\/wp-content\\\/uploads\\\/2022\\\/06\\\/voyage-3eme-age-scaled-e1727685891523.jpg\",\"datePublished\":\"2022-06-10T08:11:49+00:00\",\"dateModified\":\"2023-03-07T09:12:36+00:00\",\"breadcrumb\":{\"@id\":\"https:\\\/\\\/www.modave.be\\\/index.php\\\/services_communaux\\\/le-ccca-propose-un-voyage-aux-aines-pensez-a-vous-inscrire\\\/#breadcrumb\"},\"inLanguage\":\"fr-FR\",\"potentialAction\":[{\"@type\":\"ReadAction\",\"target\":[\"https:\\\/\\\/www.modave.be\\\/index.php\\\/services_communaux\\\/le-ccca-propose-un-voyage-aux-aines-pensez-a-vous-inscrire\\\/\"]}]},{\"@type\":\"ImageObject\",\"inLanguage\":\"fr-FR\",\"@id\":\"https:\\\/\\\/www.modave.be\\\/index.php\\\/services_communaux\\\/le-ccca-propose-un-voyage-aux-aines-pensez-a-vous-inscrire\\\/#primaryimage\",\"url\":\"https:\\\/\\\/www.modave.be\\\/wp-content\\\/uploads\\\/2022\\\/06\\\/voyage-3eme-age-scaled-e1727685891523.jpg\",\"contentUrl\":\"https:\\\/\\\/www.modave.be\\\/wp-content\\\/uploads\\\/2022\\\/06\\\/voyage-3eme-age-scaled-e1727685891523.jpg\",\"width\":2560,\"height\":1280},{\"@type\":\"BreadcrumbList\",\"@id\":\"https:\\\/\\\/www.modave.be\\\/index.php\\\/services_communaux\\\/le-ccca-propose-un-voyage-aux-aines-pensez-a-vous-inscrire\\\/#breadcrumb\",\"itemListElement\":[{\"@type\":\"ListItem\",\"position\":1,\"name\":\"Accueil\",\"item\":\"https:\\\/\\\/www.modave.be\\\/\"},{\"@type\":\"ListItem\",\"position\":2,\"name\":\"Le CCCA propose un voyage aux a\u00een\u00e9s. Pensez \u00e0 vous inscrire !\"}]},{\"@type\":\"WebSite\",\"@id\":\"https:\\\/\\\/www.modave.be\\\/#website\",\"url\":\"https:\\\/\\\/www.modave.be\\\/\",\"name\":\"Commune de Modave\",\"description\":\"Commune de Modave\",\"publisher\":{\"@id\":\"https:\\\/\\\/www.modave.be\\\/#organization\"},\"potentialAction\":[{\"@type\":\"SearchAction\",\"target\":{\"@type\":\"EntryPoint\",\"urlTemplate\":\"https:\\\/\\\/www.modave.be\\\/?s={search_term_string}\"},\"query-input\":{\"@type\":\"PropertyValueSpecification\",\"valueRequired\":true,\"valueName\":\"search_term_string\"}}],\"inLanguage\":\"fr-FR\"},{\"@type\":\"Organization\",\"@id\":\"https:\\\/\\\/www.modave.be\\\/#organization\",\"name\":\"Commune de Modave\",\"url\":\"https:\\\/\\\/www.modave.be\\\/\",\"logo\":{\"@type\":\"ImageObject\",\"inLanguage\":\"fr-FR\",\"@id\":\"https:\\\/\\\/www.modave.be\\\/#\\\/schema\\\/logo\\\/image\\\/\",\"url\":\"https:\\\/\\\/www.modave.be\\\/wp-content\\\/uploads\\\/2021\\\/12\\\/MODAVE_LOGO_HORIZONTAL_QUADRI_RVB.png\",\"contentUrl\":\"https:\\\/\\\/www.modave.be\\\/wp-content\\\/uploads\\\/2021\\\/12\\\/MODAVE_LOGO_HORIZONTAL_QUADRI_RVB.png\",\"width\":1200,\"height\":501,\"caption\":\"Commune de Modave\"},\"image\":{\"@id\":\"https:\\\/\\\/www.modave.be\\\/#\\\/schema\\\/logo\\\/image\\\/\"}}]}<\/script>\n<!-- \/ Yoast SEO plugin. -->","yoast_head_json":{"title":"Le CCCA propose un voyage aux a\u00een\u00e9s. Pensez \u00e0 vous inscrire ! - Commune de Modave","robots":{"index":"index","follow":"follow","max-snippet":"max-snippet:-1","max-image-preview":"max-image-preview:large","max-video-preview":"max-video-preview:-1"},"canonical":"https:\/\/www.modave.be\/index.php\/services_communaux\/le-ccca-propose-un-voyage-aux-aines-pensez-a-vous-inscrire\/","og_locale":"fr_FR","og_type":"article","og_title":"Le CCCA propose un voyage aux a\u00een\u00e9s. Pensez \u00e0 vous inscrire ! - Commune de Modave","og_description":"VISITE DE BLEGNY MINE&nbsp;\u2013&nbsp;LE 15 SEPTEMBRE 2022 DEPART A 9H00&nbsp;\u2013&nbsp;&nbsp;RV AU COMPLEXE SPORTIF DE VIERSET 10H15&nbsp;: ACCUEIL CAFE + CROISSANT A LA BRASERIE PUITS-SANS-faim 11h00&nbsp;:&nbsp; VISITE DE LA MINE&nbsp;&nbsp;OU&nbsp; VISITE DU MUSEE DE LA MINE POUR LES PERSONNES NE SOUHAITANT PAS DESCENDRE DANS LA MINE. 13H00&nbsp;:&nbsp;&nbsp;REPAS DE MIDI. MENU DES HOUYEUX. ( HORS BOISSONS )&hellip;","og_url":"https:\/\/www.modave.be\/index.php\/services_communaux\/le-ccca-propose-un-voyage-aux-aines-pensez-a-vous-inscrire\/","og_site_name":"Commune de Modave","article_modified_time":"2023-03-07T09:12:36+00:00","og_image":[{"width":2560,"height":1280,"url":"https:\/\/www.modave.be\/wp-content\/uploads\/2022\/06\/voyage-3eme-age-scaled-e1727685891523.jpg","type":"image\/jpeg"}],"twitter_card":"summary_large_image","twitter_misc":{"Dur\u00e9e de lecture estim\u00e9e":"1 minute"},"schema":{"@context":"https:\/\/schema.org","@graph":[{"@type":"WebPage","@id":"https:\/\/www.modave.be\/index.php\/services_communaux\/le-ccca-propose-un-voyage-aux-aines-pensez-a-vous-inscrire\/","url":"https:\/\/www.modave.be\/index.php\/services_communaux\/le-ccca-propose-un-voyage-aux-aines-pensez-a-vous-inscrire\/","name":"Le CCCA propose un voyage aux a\u00een\u00e9s. Pensez \u00e0 vous inscrire ! - Commune de Modave","isPartOf":{"@id":"https:\/\/www.modave.be\/#website"},"primaryImageOfPage":{"@id":"https:\/\/www.modave.be\/index.php\/services_communaux\/le-ccca-propose-un-voyage-aux-aines-pensez-a-vous-inscrire\/#primaryimage"},"image":{"@id":"https:\/\/www.modave.be\/index.php\/services_communaux\/le-ccca-propose-un-voyage-aux-aines-pensez-a-vous-inscrire\/#primaryimage"},"thumbnailUrl":"https:\/\/www.modave.be\/wp-content\/uploads\/2022\/06\/voyage-3eme-age-scaled-e1727685891523.jpg","datePublished":"2022-06-10T08:11:49+00:00","dateModified":"2023-03-07T09:12:36+00:00","breadcrumb":{"@id":"https:\/\/www.modave.be\/index.php\/services_communaux\/le-ccca-propose-un-voyage-aux-aines-pensez-a-vous-inscrire\/#breadcrumb"},"inLanguage":"fr-FR","potentialAction":[{"@type":"ReadAction","target":["https:\/\/www.modave.be\/index.php\/services_communaux\/le-ccca-propose-un-voyage-aux-aines-pensez-a-vous-inscrire\/"]}]},{"@type":"ImageObject","inLanguage":"fr-FR","@id":"https:\/\/www.modave.be\/index.php\/services_communaux\/le-ccca-propose-un-voyage-aux-aines-pensez-a-vous-inscrire\/#primaryimage","url":"https:\/\/www.modave.be\/wp-content\/uploads\/2022\/06\/voyage-3eme-age-scaled-e1727685891523.jpg","contentUrl":"https:\/\/www.modave.be\/wp-content\/uploads\/2022\/06\/voyage-3eme-age-scaled-e1727685891523.jpg","width":2560,"height":1280},{"@type":"BreadcrumbList","@id":"https:\/\/www.modave.be\/index.php\/services_communaux\/le-ccca-propose-un-voyage-aux-aines-pensez-a-vous-inscrire\/#breadcrumb","itemListElement":[{"@type":"ListItem","position":1,"name":"Accueil","item":"https:\/\/www.modave.be\/"},{"@type":"ListItem","position":2,"name":"Le CCCA propose un voyage aux a\u00een\u00e9s. Pensez \u00e0 vous inscrire !"}]},{"@type":"WebSite","@id":"https:\/\/www.modave.be\/#website","url":"https:\/\/www.modave.be\/","name":"Commune de Modave","description":"Commune de Modave","publisher":{"@id":"https:\/\/www.modave.be\/#organization"},"potentialAction":[{"@type":"SearchAction","target":{"@type":"EntryPoint","urlTemplate":"https:\/\/www.modave.be\/?s={search_term_string}"},"query-input":{"@type":"PropertyValueSpecification","valueRequired":true,"valueName":"search_term_string"}}],"inLanguage":"fr-FR"},{"@type":"Organization","@id":"https:\/\/www.modave.be\/#organization","name":"Commune de Modave","url":"https:\/\/www.modave.be\/","logo":{"@type":"ImageObject","inLanguage":"fr-FR","@id":"https:\/\/www.modave.be\/#\/schema\/logo\/image\/","url":"https:\/\/www.modave.be\/wp-content\/uploads\/2021\/12\/MODAVE_LOGO_HORIZONTAL_QUADRI_RVB.png","contentUrl":"https:\/\/www.modave.be\/wp-content\/uploads\/2021\/12\/MODAVE_LOGO_HORIZONTAL_QUADRI_RVB.png","width":1200,"height":501,"caption":"Commune de Modave"},"image":{"@id":"https:\/\/www.modave.be\/#\/schema\/logo\/image\/"}}]}},"_links":{"self":[{"href":"https:\/\/www.modave.be\/index.php\/wp-json\/wp\/v2\/services_communaux\/11724","targetHints":{"allow":["GET"]}}],"collection":[{"href":"https:\/\/www.modave.be\/index.php\/wp-json\/wp\/v2\/services_communaux"}],"about":[{"href":"https:\/\/www.modave.be\/index.php\/wp-json\/wp\/v2\/types\/services_communaux"}],"author":[{"embeddable":true,"href":"https:\/\/www.modave.be\/index.php\/wp-json\/wp\/v2\/users\/1"}],"wp:featuredmedia":[{"embeddable":true,"href":"https:\/\/www.modave.be\/index.php\/wp-json\/wp\/v2\/media\/10497"}],"wp:attachment":[{"href":"https:\/\/www.modave.be\/index.php\/wp-json\/wp\/v2\/media?parent=11724"}],"wp:term":[{"taxonomy":"category","embeddable":true,"href":"https:\/\/www.modave.be\/index.php\/wp-json\/wp\/v2\/categories?post=11724"}],"curies":[{"name":"wp","href":"https:\/\/api.w.org\/{rel}","templated":true}]}}