{"id":11756,"date":"2023-01-07T11:21:00","date_gmt":"2023-01-07T10:21:00","guid":{"rendered":"http:\/\/217.182.142.226\/?post_type=services_communaux&#038;p=11756"},"modified":"2023-03-10T10:11:44","modified_gmt":"2023-03-10T09:11:44","slug":"appel-a-candidature-espace-test-point-vert","status":"publish","type":"services_communaux","link":"https:\/\/www.modave.be\/index.php\/services_communaux\/appel-a-candidature-espace-test-point-vert\/","title":{"rendered":"Appel \u00e0 candidature Espace test Point Vert"},"content":{"rendered":"\n<p><strong>Des parcelles de 10 \u00e0 50 ares sont disponibles<\/strong>&nbsp;sur l\u2019espace test mara\u00eecher Point Vert, situ\u00e9 \u00e0 Str\u00e9e-Modave.<\/p>\n\n\n\n<p>Une opportunit\u00e9 pour des porteurs de projet, en recherche de terres, pour tester leur activit\u00e9, dans un cadre limitant les investissements.&nbsp;<\/p>\n\n\n\n<p>Depuis 2013, l\u2019espace test Point Vert accompagne les porteurs de projet dans leurs premi\u00e8res saisons de production : mise \u00e0 disposition de parcelles certifi\u00e9es bio, infrastructure mutualis\u00e9e&nbsp;(serres, bassin d\u2019eau de pluie, motoculteur, houes mara\u00eech\u00e8res, mat\u00e9riel de march\u00e9, salle de r\u00e9union, \u2026) accompagnement technique, formations pratiques, soutien \u00e0 la commercialisation, aide \u00e0 la cr\u00e9ation d\u2019entreprise.<\/p>\n\n\n\n<p><a href=\"http:\/\/espace-test.be\/2022\/07\/25\/des-parcelles-de-10-a-50-ares-pour-demarrer-votre-projet\/\">Les infos sur&nbsp;le site<\/a>&nbsp;du GAL Condruses<\/p>\n","protected":false},"excerpt":{"rendered":"<p>Des parcelles de 10 \u00e0 50 ares sont disponibles&nbsp;sur l\u2019espace test mara\u00eecher Point Vert, situ\u00e9 \u00e0 Str\u00e9e-Modave. Une opportunit\u00e9 pour des porteurs de projet, en recherche de terres, pour tester leur activit\u00e9, dans un cadre limitant les investissements.&nbsp; Depuis 2013, l\u2019espace test Point Vert accompagne les porteurs de projet dans leurs premi\u00e8res saisons de production&hellip;<\/p>\n","protected":false},"author":1,"featured_media":11748,"menu_order":0,"template":"","categories":[217],"class_list":["post-11756","services_communaux","type-services_communaux","status-publish","has-post-thumbnail","hentry","category-gal","description-off"],"yoast_head":"<!-- This site is optimized with the Yoast SEO plugin v27.5 - https:\/\/yoast.com\/product\/yoast-seo-wordpress\/ -->\n<title>Appel \u00e0 candidature Espace test Point Vert - Commune de Modave<\/title>\n<meta name=\"robots\" content=\"index, follow, max-snippet:-1, max-image-preview:large, max-video-preview:-1\" \/>\n<link rel=\"canonical\" href=\"https:\/\/www.modave.be\/index.php\/services_communaux\/appel-a-candidature-espace-test-point-vert\/\" \/>\n<meta property=\"og:locale\" content=\"fr_FR\" \/>\n<meta property=\"og:type\" content=\"article\" \/>\n<meta property=\"og:title\" content=\"Appel \u00e0 candidature Espace test Point Vert - Commune de Modave\" \/>\n<meta property=\"og:description\" content=\"Des parcelles de 10 \u00e0 50 ares sont disponibles&nbsp;sur l\u2019espace test mara\u00eecher Point Vert, situ\u00e9 \u00e0 Str\u00e9e-Modave. Une opportunit\u00e9 pour des porteurs de projet, en recherche de terres, pour tester leur activit\u00e9, dans un cadre limitant les investissements.&nbsp; Depuis 2013, l\u2019espace test Point Vert accompagne les porteurs de projet dans leurs premi\u00e8res saisons de production&hellip;\" \/>\n<meta property=\"og:url\" content=\"https:\/\/www.modave.be\/index.php\/services_communaux\/appel-a-candidature-espace-test-point-vert\/\" \/>\n<meta property=\"og:site_name\" content=\"Commune de Modave\" \/>\n<meta property=\"article:modified_time\" content=\"2023-03-10T09:11:44+00:00\" \/>\n<meta property=\"og:image\" content=\"https:\/\/www.modave.be\/wp-content\/uploads\/2023\/03\/GALpaysdescondruzes.jpg\" \/>\n\t<meta property=\"og:image:width\" content=\"2000\" \/>\n\t<meta property=\"og:image:height\" content=\"1333\" \/>\n\t<meta property=\"og:image:type\" content=\"image\/jpeg\" \/>\n<meta name=\"twitter:card\" content=\"summary_large_image\" \/>\n<meta name=\"twitter:label1\" content=\"Dur\u00e9e de lecture estim\u00e9e\" \/>\n\t<meta name=\"twitter:data1\" content=\"1 minute\" \/>\n<script type=\"application\/ld+json\" class=\"yoast-schema-graph\">{\"@context\":\"https:\\\/\\\/schema.org\",\"@graph\":[{\"@type\":\"WebPage\",\"@id\":\"https:\\\/\\\/www.modave.be\\\/index.php\\\/services_communaux\\\/appel-a-candidature-espace-test-point-vert\\\/\",\"url\":\"https:\\\/\\\/www.modave.be\\\/index.php\\\/services_communaux\\\/appel-a-candidature-espace-test-point-vert\\\/\",\"name\":\"Appel \u00e0 candidature Espace test Point Vert - Commune de Modave\",\"isPartOf\":{\"@id\":\"https:\\\/\\\/www.modave.be\\\/#website\"},\"primaryImageOfPage\":{\"@id\":\"https:\\\/\\\/www.modave.be\\\/index.php\\\/services_communaux\\\/appel-a-candidature-espace-test-point-vert\\\/#primaryimage\"},\"image\":{\"@id\":\"https:\\\/\\\/www.modave.be\\\/index.php\\\/services_communaux\\\/appel-a-candidature-espace-test-point-vert\\\/#primaryimage\"},\"thumbnailUrl\":\"https:\\\/\\\/www.modave.be\\\/wp-content\\\/uploads\\\/2023\\\/03\\\/GALpaysdescondruzes.jpg\",\"datePublished\":\"2023-01-07T10:21:00+00:00\",\"dateModified\":\"2023-03-10T09:11:44+00:00\",\"breadcrumb\":{\"@id\":\"https:\\\/\\\/www.modave.be\\\/index.php\\\/services_communaux\\\/appel-a-candidature-espace-test-point-vert\\\/#breadcrumb\"},\"inLanguage\":\"fr-FR\",\"potentialAction\":[{\"@type\":\"ReadAction\",\"target\":[\"https:\\\/\\\/www.modave.be\\\/index.php\\\/services_communaux\\\/appel-a-candidature-espace-test-point-vert\\\/\"]}]},{\"@type\":\"ImageObject\",\"inLanguage\":\"fr-FR\",\"@id\":\"https:\\\/\\\/www.modave.be\\\/index.php\\\/services_communaux\\\/appel-a-candidature-espace-test-point-vert\\\/#primaryimage\",\"url\":\"https:\\\/\\\/www.modave.be\\\/wp-content\\\/uploads\\\/2023\\\/03\\\/GALpaysdescondruzes.jpg\",\"contentUrl\":\"https:\\\/\\\/www.modave.be\\\/wp-content\\\/uploads\\\/2023\\\/03\\\/GALpaysdescondruzes.jpg\",\"width\":2000,\"height\":1333},{\"@type\":\"BreadcrumbList\",\"@id\":\"https:\\\/\\\/www.modave.be\\\/index.php\\\/services_communaux\\\/appel-a-candidature-espace-test-point-vert\\\/#breadcrumb\",\"itemListElement\":[{\"@type\":\"ListItem\",\"position\":1,\"name\":\"Accueil\",\"item\":\"https:\\\/\\\/www.modave.be\\\/\"},{\"@type\":\"ListItem\",\"position\":2,\"name\":\"Appel \u00e0 candidature Espace test Point Vert\"}]},{\"@type\":\"WebSite\",\"@id\":\"https:\\\/\\\/www.modave.be\\\/#website\",\"url\":\"https:\\\/\\\/www.modave.be\\\/\",\"name\":\"Commune de Modave\",\"description\":\"Commune de Modave\",\"publisher\":{\"@id\":\"https:\\\/\\\/www.modave.be\\\/#organization\"},\"potentialAction\":[{\"@type\":\"SearchAction\",\"target\":{\"@type\":\"EntryPoint\",\"urlTemplate\":\"https:\\\/\\\/www.modave.be\\\/?s={search_term_string}\"},\"query-input\":{\"@type\":\"PropertyValueSpecification\",\"valueRequired\":true,\"valueName\":\"search_term_string\"}}],\"inLanguage\":\"fr-FR\"},{\"@type\":\"Organization\",\"@id\":\"https:\\\/\\\/www.modave.be\\\/#organization\",\"name\":\"Commune de Modave\",\"url\":\"https:\\\/\\\/www.modave.be\\\/\",\"logo\":{\"@type\":\"ImageObject\",\"inLanguage\":\"fr-FR\",\"@id\":\"https:\\\/\\\/www.modave.be\\\/#\\\/schema\\\/logo\\\/image\\\/\",\"url\":\"https:\\\/\\\/www.modave.be\\\/wp-content\\\/uploads\\\/2021\\\/12\\\/MODAVE_LOGO_HORIZONTAL_QUADRI_RVB.png\",\"contentUrl\":\"https:\\\/\\\/www.modave.be\\\/wp-content\\\/uploads\\\/2021\\\/12\\\/MODAVE_LOGO_HORIZONTAL_QUADRI_RVB.png\",\"width\":1200,\"height\":501,\"caption\":\"Commune de Modave\"},\"image\":{\"@id\":\"https:\\\/\\\/www.modave.be\\\/#\\\/schema\\\/logo\\\/image\\\/\"}}]}<\/script>\n<!-- \/ Yoast SEO plugin. -->","yoast_head_json":{"title":"Appel \u00e0 candidature Espace test Point Vert - Commune de Modave","robots":{"index":"index","follow":"follow","max-snippet":"max-snippet:-1","max-image-preview":"max-image-preview:large","max-video-preview":"max-video-preview:-1"},"canonical":"https:\/\/www.modave.be\/index.php\/services_communaux\/appel-a-candidature-espace-test-point-vert\/","og_locale":"fr_FR","og_type":"article","og_title":"Appel \u00e0 candidature Espace test Point Vert - Commune de Modave","og_description":"Des parcelles de 10 \u00e0 50 ares sont disponibles&nbsp;sur l\u2019espace test mara\u00eecher Point Vert, situ\u00e9 \u00e0 Str\u00e9e-Modave. Une opportunit\u00e9 pour des porteurs de projet, en recherche de terres, pour tester leur activit\u00e9, dans un cadre limitant les investissements.&nbsp; Depuis 2013, l\u2019espace test Point Vert accompagne les porteurs de projet dans leurs premi\u00e8res saisons de production&hellip;","og_url":"https:\/\/www.modave.be\/index.php\/services_communaux\/appel-a-candidature-espace-test-point-vert\/","og_site_name":"Commune de Modave","article_modified_time":"2023-03-10T09:11:44+00:00","og_image":[{"width":2000,"height":1333,"url":"https:\/\/www.modave.be\/wp-content\/uploads\/2023\/03\/GALpaysdescondruzes.jpg","type":"image\/jpeg"}],"twitter_card":"summary_large_image","twitter_misc":{"Dur\u00e9e de lecture estim\u00e9e":"1 minute"},"schema":{"@context":"https:\/\/schema.org","@graph":[{"@type":"WebPage","@id":"https:\/\/www.modave.be\/index.php\/services_communaux\/appel-a-candidature-espace-test-point-vert\/","url":"https:\/\/www.modave.be\/index.php\/services_communaux\/appel-a-candidature-espace-test-point-vert\/","name":"Appel \u00e0 candidature Espace test Point Vert - Commune de Modave","isPartOf":{"@id":"https:\/\/www.modave.be\/#website"},"primaryImageOfPage":{"@id":"https:\/\/www.modave.be\/index.php\/services_communaux\/appel-a-candidature-espace-test-point-vert\/#primaryimage"},"image":{"@id":"https:\/\/www.modave.be\/index.php\/services_communaux\/appel-a-candidature-espace-test-point-vert\/#primaryimage"},"thumbnailUrl":"https:\/\/www.modave.be\/wp-content\/uploads\/2023\/03\/GALpaysdescondruzes.jpg","datePublished":"2023-01-07T10:21:00+00:00","dateModified":"2023-03-10T09:11:44+00:00","breadcrumb":{"@id":"https:\/\/www.modave.be\/index.php\/services_communaux\/appel-a-candidature-espace-test-point-vert\/#breadcrumb"},"inLanguage":"fr-FR","potentialAction":[{"@type":"ReadAction","target":["https:\/\/www.modave.be\/index.php\/services_communaux\/appel-a-candidature-espace-test-point-vert\/"]}]},{"@type":"ImageObject","inLanguage":"fr-FR","@id":"https:\/\/www.modave.be\/index.php\/services_communaux\/appel-a-candidature-espace-test-point-vert\/#primaryimage","url":"https:\/\/www.modave.be\/wp-content\/uploads\/2023\/03\/GALpaysdescondruzes.jpg","contentUrl":"https:\/\/www.modave.be\/wp-content\/uploads\/2023\/03\/GALpaysdescondruzes.jpg","width":2000,"height":1333},{"@type":"BreadcrumbList","@id":"https:\/\/www.modave.be\/index.php\/services_communaux\/appel-a-candidature-espace-test-point-vert\/#breadcrumb","itemListElement":[{"@type":"ListItem","position":1,"name":"Accueil","item":"https:\/\/www.modave.be\/"},{"@type":"ListItem","position":2,"name":"Appel \u00e0 candidature Espace test Point Vert"}]},{"@type":"WebSite","@id":"https:\/\/www.modave.be\/#website","url":"https:\/\/www.modave.be\/","name":"Commune de Modave","description":"Commune de Modave","publisher":{"@id":"https:\/\/www.modave.be\/#organization"},"potentialAction":[{"@type":"SearchAction","target":{"@type":"EntryPoint","urlTemplate":"https:\/\/www.modave.be\/?s={search_term_string}"},"query-input":{"@type":"PropertyValueSpecification","valueRequired":true,"valueName":"search_term_string"}}],"inLanguage":"fr-FR"},{"@type":"Organization","@id":"https:\/\/www.modave.be\/#organization","name":"Commune de Modave","url":"https:\/\/www.modave.be\/","logo":{"@type":"ImageObject","inLanguage":"fr-FR","@id":"https:\/\/www.modave.be\/#\/schema\/logo\/image\/","url":"https:\/\/www.modave.be\/wp-content\/uploads\/2021\/12\/MODAVE_LOGO_HORIZONTAL_QUADRI_RVB.png","contentUrl":"https:\/\/www.modave.be\/wp-content\/uploads\/2021\/12\/MODAVE_LOGO_HORIZONTAL_QUADRI_RVB.png","width":1200,"height":501,"caption":"Commune de Modave"},"image":{"@id":"https:\/\/www.modave.be\/#\/schema\/logo\/image\/"}}]}},"_links":{"self":[{"href":"https:\/\/www.modave.be\/index.php\/wp-json\/wp\/v2\/services_communaux\/11756","targetHints":{"allow":["GET"]}}],"collection":[{"href":"https:\/\/www.modave.be\/index.php\/wp-json\/wp\/v2\/services_communaux"}],"about":[{"href":"https:\/\/www.modave.be\/index.php\/wp-json\/wp\/v2\/types\/services_communaux"}],"author":[{"embeddable":true,"href":"https:\/\/www.modave.be\/index.php\/wp-json\/wp\/v2\/users\/1"}],"wp:featuredmedia":[{"embeddable":true,"href":"https:\/\/www.modave.be\/index.php\/wp-json\/wp\/v2\/media\/11748"}],"wp:attachment":[{"href":"https:\/\/www.modave.be\/index.php\/wp-json\/wp\/v2\/media?parent=11756"}],"wp:term":[{"taxonomy":"category","embeddable":true,"href":"https:\/\/www.modave.be\/index.php\/wp-json\/wp\/v2\/categories?post=11756"}],"curies":[{"name":"wp","href":"https:\/\/api.w.org\/{rel}","templated":true}]}}