{"id":11793,"date":"2023-01-07T14:39:00","date_gmt":"2023-01-07T13:39:00","guid":{"rendered":"http:\/\/217.182.142.226\/?post_type=services_communaux&#038;p=11793"},"modified":"2023-03-10T10:11:33","modified_gmt":"2023-03-10T09:11:33","slug":"amicale-neutre-des-seniors-stree-modave","status":"publish","type":"services_communaux","link":"https:\/\/www.modave.be\/index.php\/services_communaux\/amicale-neutre-des-seniors-stree-modave\/","title":{"rendered":"Amicale Neutre des Seniors Str\u00e9e-Modave"},"content":{"rendered":"\n<div class=\"wp-block-columns is-layout-flex wp-container-core-columns-is-layout-9d6595d7 wp-block-columns-is-layout-flex\">\n<div class=\"wp-block-column is-layout-flow wp-block-column-is-layout-flow\" style=\"flex-basis:20%\"><div class=\"wp-block-image\">\n<figure class=\"aligncenter size-full\"><img fetchpriority=\"high\" decoding=\"async\" width=\"200\" height=\"267\" src=\"http:\/\/217.182.142.226\/wp-content\/uploads\/2023\/03\/3x20.jpg\" alt=\"\" class=\"wp-image-11771\"\/><\/figure>\n<\/div><\/div>\n\n\n\n<div class=\"wp-block-column is-layout-flow wp-block-column-is-layout-flow\" style=\"flex-basis:88%\">\n<p><\/p>\n\n\n\n<p><strong>Salle Bois Rosine<br><\/strong>Go\u00fbters et d\u00eeners &#8211; pr\u00eat de mat\u00e9riel (vaiselle)<br><br>Animateur responsable: Roger DONY\u00a0 085\/51 21 39<br>Tr\u00e9sorier\u00a0\u00a0\u00a0\u00a0\u00a0\u00a0\u00a0\u00a0\u00a0\u00a0\u00a0\u00a0\u00a0\u00a0\u00a0\u00a0\u00a0\u00a0\u00a0\u00a0\u00a0 \u00a0: Jean HANOUL\u00a0 0485\/99 34 65<br>Secr\u00e9taire\u00a0\u00a0\u00a0\u00a0\u00a0\u00a0\u00a0\u00a0\u00a0\u00a0\u00a0\u00a0\u00a0\u00a0\u00a0\u00a0\u00a0\u00a0\u00a0\u00a0 : Jo\u00eblle LACROIX\u00a0 0495\/31 47 02<\/p>\n\n\n\n<p>e-mail:&nbsp;<a href=\"mailto:anp.stree@gmail.com\">anp.stree@gmail.com<\/a><\/p>\n<\/div>\n<\/div>\n\n\n\n<p>Notre amicale accueille des&nbsp;seniors de toute l&rsquo;entit\u00e9 de Modave ainsi que ceux des communes voisines, qui ont des attaches&nbsp;avec nous.<\/p>\n\n\n\n<p>Le comit\u00e9 a le souci de vous accueillir dans une ambiance conviviale et de vous servir des repas de qualit\u00e9 pour des prix d\u00e9mocratiques.<\/p>\n\n\n\n<p>Nous organisons pendant l&rsquo;ann\u00e9e&nbsp;<strong><u>9 activit\u00e9s r\u00e9cr\u00e9atives<\/u><\/strong>&nbsp;qui sont r\u00e9parties en&nbsp;<strong>4 go\u00fbters, 4 d\u00eeners et un banquet de fin d\u2019ann\u00e9e.<\/strong><strong><br>La participation financi\u00e8re aux activit\u00e9s varie suivant le menu propos\u00e9.<\/strong><\/p>\n\n\n\n<p>Le banquet de fin d\u2019ann\u00e9e se d\u00e9roule dans un d\u00e9cor de f\u00eate et&nbsp;les&nbsp;boissons sont comprises dans le prix.<\/p>\n\n\n\n<p>Nous profitons de cet \u00e9v\u00e8nement pour f\u00eater les seniors de 80, 85&nbsp;,90 et plus.&nbsp;Ces activit\u00e9s se d\u00e9roulent \u00e0 la salle BOIS ROSINE.<\/p>\n\n\n\n<p><br>Une cotisation de 20\u20ac est demand\u00e9e pour l&rsquo;ann\u00e9e, &nbsp;celle-ci, suivant le r\u00e9sultat financier, est d\u00e9duite en tout ou en partie du prix du banquet de fin d\u2019ann\u00e9e.<\/p>\n\n\n\n<p>Si cette formule vous int\u00e9resse, nous vous invitons \u00e0 nous rejoindre.<\/p>\n\n\n\n<p>N&rsquo;h\u00e9sitez pas \u00e0 prendre contact avec l&rsquo;un des membres du comit\u00e9, pour que nous puissions vous envoyer une invitation et vous informer.<\/p>\n\n\n\n<p><strong><em>Dans un esprit d\u2019inter g\u00e9n\u00e9ration,&nbsp; les activit\u00e9s sont ouvertes \u00e0 tous.<\/em><\/strong><\/p>\n\n\n\n<p>Pr\u00eat de mat\u00e9riel.<\/p>\n\n\n\n<p>Le comit\u00e9 poss\u00e8de tout le mat\u00e9riel n\u00e9cessaire pour organiser un banquet: vaisselle, couverts, verres, bain-marie, samovar, nappes, etc\u2026\u2026.<br><strong>Celui-ci est pr\u00eat\u00e9 \u00e0 tout groupe ou personne&nbsp;<u>qui organise une activit\u00e9 dans salle<\/u><\/strong>.<\/p>\n\n\n\n<p><br>A bient\u00f4t !<\/p>\n","protected":false},"excerpt":{"rendered":"<p>Salle Bois RosineGo\u00fbters et d\u00eeners &#8211; pr\u00eat de mat\u00e9riel (vaiselle) Animateur responsable: Roger DONY\u00a0 085\/51 21 39Tr\u00e9sorier\u00a0\u00a0\u00a0\u00a0\u00a0\u00a0\u00a0\u00a0\u00a0\u00a0\u00a0\u00a0\u00a0\u00a0\u00a0\u00a0\u00a0\u00a0\u00a0\u00a0\u00a0 \u00a0: Jean HANOUL\u00a0 0485\/99 34 65Secr\u00e9taire\u00a0\u00a0\u00a0\u00a0\u00a0\u00a0\u00a0\u00a0\u00a0\u00a0\u00a0\u00a0\u00a0\u00a0\u00a0\u00a0\u00a0\u00a0\u00a0\u00a0 : Jo\u00eblle LACROIX\u00a0 0495\/31 47 02 e-mail:&nbsp;anp.stree@gmail.com Notre amicale accueille des&nbsp;seniors de toute l&rsquo;entit\u00e9 de Modave ainsi que ceux des communes voisines, qui ont des attaches&nbsp;avec nous. Le comit\u00e9 a le souci&hellip;<\/p>\n","protected":false},"author":1,"featured_media":11772,"menu_order":0,"template":"","categories":[218],"class_list":["post-11793","services_communaux","type-services_communaux","status-publish","has-post-thumbnail","hentry","category-associations_comites","description-off"],"yoast_head":"<!-- This site is optimized with the Yoast SEO plugin v27.5 - https:\/\/yoast.com\/product\/yoast-seo-wordpress\/ -->\n<title>Amicale Neutre des Seniors Str\u00e9e-Modave - Commune de Modave<\/title>\n<meta name=\"robots\" content=\"index, follow, max-snippet:-1, max-image-preview:large, max-video-preview:-1\" \/>\n<link rel=\"canonical\" href=\"https:\/\/www.modave.be\/index.php\/services_communaux\/amicale-neutre-des-seniors-stree-modave\/\" \/>\n<meta property=\"og:locale\" content=\"fr_FR\" \/>\n<meta property=\"og:type\" content=\"article\" \/>\n<meta property=\"og:title\" content=\"Amicale Neutre des Seniors Str\u00e9e-Modave - Commune de Modave\" \/>\n<meta property=\"og:description\" content=\"Salle Bois RosineGo\u00fbters et d\u00eeners &#8211; pr\u00eat de mat\u00e9riel (vaiselle) Animateur responsable: Roger DONY\u00a0 085\/51 21 39Tr\u00e9sorier\u00a0\u00a0\u00a0\u00a0\u00a0\u00a0\u00a0\u00a0\u00a0\u00a0\u00a0\u00a0\u00a0\u00a0\u00a0\u00a0\u00a0\u00a0\u00a0\u00a0\u00a0 \u00a0: Jean HANOUL\u00a0 0485\/99 34 65Secr\u00e9taire\u00a0\u00a0\u00a0\u00a0\u00a0\u00a0\u00a0\u00a0\u00a0\u00a0\u00a0\u00a0\u00a0\u00a0\u00a0\u00a0\u00a0\u00a0\u00a0\u00a0 : Jo\u00eblle LACROIX\u00a0 0495\/31 47 02 e-mail:&nbsp;anp.stree@gmail.com Notre amicale accueille des&nbsp;seniors de toute l&rsquo;entit\u00e9 de Modave ainsi que ceux des communes voisines, qui ont des attaches&nbsp;avec nous. Le comit\u00e9 a le souci&hellip;\" \/>\n<meta property=\"og:url\" content=\"https:\/\/www.modave.be\/index.php\/services_communaux\/amicale-neutre-des-seniors-stree-modave\/\" \/>\n<meta property=\"og:site_name\" content=\"Commune de Modave\" \/>\n<meta property=\"article:modified_time\" content=\"2023-03-10T09:11:33+00:00\" \/>\n<meta property=\"og:image\" content=\"https:\/\/www.modave.be\/wp-content\/uploads\/2023\/03\/3x20_prime-scaled.jpg\" \/>\n\t<meta property=\"og:image:width\" content=\"2560\" \/>\n\t<meta property=\"og:image:height\" content=\"1707\" \/>\n\t<meta property=\"og:image:type\" content=\"image\/jpeg\" \/>\n<meta name=\"twitter:card\" content=\"summary_large_image\" \/>\n<meta name=\"twitter:label1\" content=\"Dur\u00e9e de lecture estim\u00e9e\" \/>\n\t<meta name=\"twitter:data1\" content=\"2 minutes\" \/>\n<script type=\"application\/ld+json\" class=\"yoast-schema-graph\">{\"@context\":\"https:\\\/\\\/schema.org\",\"@graph\":[{\"@type\":\"WebPage\",\"@id\":\"https:\\\/\\\/www.modave.be\\\/index.php\\\/services_communaux\\\/amicale-neutre-des-seniors-stree-modave\\\/\",\"url\":\"https:\\\/\\\/www.modave.be\\\/index.php\\\/services_communaux\\\/amicale-neutre-des-seniors-stree-modave\\\/\",\"name\":\"Amicale Neutre des Seniors Str\u00e9e-Modave - Commune de Modave\",\"isPartOf\":{\"@id\":\"https:\\\/\\\/www.modave.be\\\/#website\"},\"primaryImageOfPage\":{\"@id\":\"https:\\\/\\\/www.modave.be\\\/index.php\\\/services_communaux\\\/amicale-neutre-des-seniors-stree-modave\\\/#primaryimage\"},\"image\":{\"@id\":\"https:\\\/\\\/www.modave.be\\\/index.php\\\/services_communaux\\\/amicale-neutre-des-seniors-stree-modave\\\/#primaryimage\"},\"thumbnailUrl\":\"https:\\\/\\\/www.modave.be\\\/wp-content\\\/uploads\\\/2023\\\/03\\\/3x20_prime-scaled.jpg\",\"datePublished\":\"2023-01-07T13:39:00+00:00\",\"dateModified\":\"2023-03-10T09:11:33+00:00\",\"breadcrumb\":{\"@id\":\"https:\\\/\\\/www.modave.be\\\/index.php\\\/services_communaux\\\/amicale-neutre-des-seniors-stree-modave\\\/#breadcrumb\"},\"inLanguage\":\"fr-FR\",\"potentialAction\":[{\"@type\":\"ReadAction\",\"target\":[\"https:\\\/\\\/www.modave.be\\\/index.php\\\/services_communaux\\\/amicale-neutre-des-seniors-stree-modave\\\/\"]}]},{\"@type\":\"ImageObject\",\"inLanguage\":\"fr-FR\",\"@id\":\"https:\\\/\\\/www.modave.be\\\/index.php\\\/services_communaux\\\/amicale-neutre-des-seniors-stree-modave\\\/#primaryimage\",\"url\":\"https:\\\/\\\/www.modave.be\\\/wp-content\\\/uploads\\\/2023\\\/03\\\/3x20_prime-scaled.jpg\",\"contentUrl\":\"https:\\\/\\\/www.modave.be\\\/wp-content\\\/uploads\\\/2023\\\/03\\\/3x20_prime-scaled.jpg\",\"width\":2560,\"height\":1707},{\"@type\":\"BreadcrumbList\",\"@id\":\"https:\\\/\\\/www.modave.be\\\/index.php\\\/services_communaux\\\/amicale-neutre-des-seniors-stree-modave\\\/#breadcrumb\",\"itemListElement\":[{\"@type\":\"ListItem\",\"position\":1,\"name\":\"Accueil\",\"item\":\"https:\\\/\\\/www.modave.be\\\/\"},{\"@type\":\"ListItem\",\"position\":2,\"name\":\"Amicale Neutre des Seniors Str\u00e9e-Modave\"}]},{\"@type\":\"WebSite\",\"@id\":\"https:\\\/\\\/www.modave.be\\\/#website\",\"url\":\"https:\\\/\\\/www.modave.be\\\/\",\"name\":\"Commune de Modave\",\"description\":\"Commune de Modave\",\"publisher\":{\"@id\":\"https:\\\/\\\/www.modave.be\\\/#organization\"},\"potentialAction\":[{\"@type\":\"SearchAction\",\"target\":{\"@type\":\"EntryPoint\",\"urlTemplate\":\"https:\\\/\\\/www.modave.be\\\/?s={search_term_string}\"},\"query-input\":{\"@type\":\"PropertyValueSpecification\",\"valueRequired\":true,\"valueName\":\"search_term_string\"}}],\"inLanguage\":\"fr-FR\"},{\"@type\":\"Organization\",\"@id\":\"https:\\\/\\\/www.modave.be\\\/#organization\",\"name\":\"Commune de Modave\",\"url\":\"https:\\\/\\\/www.modave.be\\\/\",\"logo\":{\"@type\":\"ImageObject\",\"inLanguage\":\"fr-FR\",\"@id\":\"https:\\\/\\\/www.modave.be\\\/#\\\/schema\\\/logo\\\/image\\\/\",\"url\":\"https:\\\/\\\/www.modave.be\\\/wp-content\\\/uploads\\\/2021\\\/12\\\/MODAVE_LOGO_HORIZONTAL_QUADRI_RVB.png\",\"contentUrl\":\"https:\\\/\\\/www.modave.be\\\/wp-content\\\/uploads\\\/2021\\\/12\\\/MODAVE_LOGO_HORIZONTAL_QUADRI_RVB.png\",\"width\":1200,\"height\":501,\"caption\":\"Commune de Modave\"},\"image\":{\"@id\":\"https:\\\/\\\/www.modave.be\\\/#\\\/schema\\\/logo\\\/image\\\/\"}}]}<\/script>\n<!-- \/ Yoast SEO plugin. -->","yoast_head_json":{"title":"Amicale Neutre des Seniors Str\u00e9e-Modave - Commune de Modave","robots":{"index":"index","follow":"follow","max-snippet":"max-snippet:-1","max-image-preview":"max-image-preview:large","max-video-preview":"max-video-preview:-1"},"canonical":"https:\/\/www.modave.be\/index.php\/services_communaux\/amicale-neutre-des-seniors-stree-modave\/","og_locale":"fr_FR","og_type":"article","og_title":"Amicale Neutre des Seniors Str\u00e9e-Modave - Commune de Modave","og_description":"Salle Bois RosineGo\u00fbters et d\u00eeners &#8211; pr\u00eat de mat\u00e9riel (vaiselle) Animateur responsable: Roger DONY\u00a0 085\/51 21 39Tr\u00e9sorier\u00a0\u00a0\u00a0\u00a0\u00a0\u00a0\u00a0\u00a0\u00a0\u00a0\u00a0\u00a0\u00a0\u00a0\u00a0\u00a0\u00a0\u00a0\u00a0\u00a0\u00a0 \u00a0: Jean HANOUL\u00a0 0485\/99 34 65Secr\u00e9taire\u00a0\u00a0\u00a0\u00a0\u00a0\u00a0\u00a0\u00a0\u00a0\u00a0\u00a0\u00a0\u00a0\u00a0\u00a0\u00a0\u00a0\u00a0\u00a0\u00a0 : Jo\u00eblle LACROIX\u00a0 0495\/31 47 02 e-mail:&nbsp;anp.stree@gmail.com Notre amicale accueille des&nbsp;seniors de toute l&rsquo;entit\u00e9 de Modave ainsi que ceux des communes voisines, qui ont des attaches&nbsp;avec nous. Le comit\u00e9 a le souci&hellip;","og_url":"https:\/\/www.modave.be\/index.php\/services_communaux\/amicale-neutre-des-seniors-stree-modave\/","og_site_name":"Commune de Modave","article_modified_time":"2023-03-10T09:11:33+00:00","og_image":[{"width":2560,"height":1707,"url":"https:\/\/www.modave.be\/wp-content\/uploads\/2023\/03\/3x20_prime-scaled.jpg","type":"image\/jpeg"}],"twitter_card":"summary_large_image","twitter_misc":{"Dur\u00e9e de lecture estim\u00e9e":"2 minutes"},"schema":{"@context":"https:\/\/schema.org","@graph":[{"@type":"WebPage","@id":"https:\/\/www.modave.be\/index.php\/services_communaux\/amicale-neutre-des-seniors-stree-modave\/","url":"https:\/\/www.modave.be\/index.php\/services_communaux\/amicale-neutre-des-seniors-stree-modave\/","name":"Amicale Neutre des Seniors Str\u00e9e-Modave - Commune de Modave","isPartOf":{"@id":"https:\/\/www.modave.be\/#website"},"primaryImageOfPage":{"@id":"https:\/\/www.modave.be\/index.php\/services_communaux\/amicale-neutre-des-seniors-stree-modave\/#primaryimage"},"image":{"@id":"https:\/\/www.modave.be\/index.php\/services_communaux\/amicale-neutre-des-seniors-stree-modave\/#primaryimage"},"thumbnailUrl":"https:\/\/www.modave.be\/wp-content\/uploads\/2023\/03\/3x20_prime-scaled.jpg","datePublished":"2023-01-07T13:39:00+00:00","dateModified":"2023-03-10T09:11:33+00:00","breadcrumb":{"@id":"https:\/\/www.modave.be\/index.php\/services_communaux\/amicale-neutre-des-seniors-stree-modave\/#breadcrumb"},"inLanguage":"fr-FR","potentialAction":[{"@type":"ReadAction","target":["https:\/\/www.modave.be\/index.php\/services_communaux\/amicale-neutre-des-seniors-stree-modave\/"]}]},{"@type":"ImageObject","inLanguage":"fr-FR","@id":"https:\/\/www.modave.be\/index.php\/services_communaux\/amicale-neutre-des-seniors-stree-modave\/#primaryimage","url":"https:\/\/www.modave.be\/wp-content\/uploads\/2023\/03\/3x20_prime-scaled.jpg","contentUrl":"https:\/\/www.modave.be\/wp-content\/uploads\/2023\/03\/3x20_prime-scaled.jpg","width":2560,"height":1707},{"@type":"BreadcrumbList","@id":"https:\/\/www.modave.be\/index.php\/services_communaux\/amicale-neutre-des-seniors-stree-modave\/#breadcrumb","itemListElement":[{"@type":"ListItem","position":1,"name":"Accueil","item":"https:\/\/www.modave.be\/"},{"@type":"ListItem","position":2,"name":"Amicale Neutre des Seniors Str\u00e9e-Modave"}]},{"@type":"WebSite","@id":"https:\/\/www.modave.be\/#website","url":"https:\/\/www.modave.be\/","name":"Commune de Modave","description":"Commune de Modave","publisher":{"@id":"https:\/\/www.modave.be\/#organization"},"potentialAction":[{"@type":"SearchAction","target":{"@type":"EntryPoint","urlTemplate":"https:\/\/www.modave.be\/?s={search_term_string}"},"query-input":{"@type":"PropertyValueSpecification","valueRequired":true,"valueName":"search_term_string"}}],"inLanguage":"fr-FR"},{"@type":"Organization","@id":"https:\/\/www.modave.be\/#organization","name":"Commune de Modave","url":"https:\/\/www.modave.be\/","logo":{"@type":"ImageObject","inLanguage":"fr-FR","@id":"https:\/\/www.modave.be\/#\/schema\/logo\/image\/","url":"https:\/\/www.modave.be\/wp-content\/uploads\/2021\/12\/MODAVE_LOGO_HORIZONTAL_QUADRI_RVB.png","contentUrl":"https:\/\/www.modave.be\/wp-content\/uploads\/2021\/12\/MODAVE_LOGO_HORIZONTAL_QUADRI_RVB.png","width":1200,"height":501,"caption":"Commune de Modave"},"image":{"@id":"https:\/\/www.modave.be\/#\/schema\/logo\/image\/"}}]}},"_links":{"self":[{"href":"https:\/\/www.modave.be\/index.php\/wp-json\/wp\/v2\/services_communaux\/11793","targetHints":{"allow":["GET"]}}],"collection":[{"href":"https:\/\/www.modave.be\/index.php\/wp-json\/wp\/v2\/services_communaux"}],"about":[{"href":"https:\/\/www.modave.be\/index.php\/wp-json\/wp\/v2\/types\/services_communaux"}],"author":[{"embeddable":true,"href":"https:\/\/www.modave.be\/index.php\/wp-json\/wp\/v2\/users\/1"}],"wp:featuredmedia":[{"embeddable":true,"href":"https:\/\/www.modave.be\/index.php\/wp-json\/wp\/v2\/media\/11772"}],"wp:attachment":[{"href":"https:\/\/www.modave.be\/index.php\/wp-json\/wp\/v2\/media?parent=11793"}],"wp:term":[{"taxonomy":"category","embeddable":true,"href":"https:\/\/www.modave.be\/index.php\/wp-json\/wp\/v2\/categories?post=11793"}],"curies":[{"name":"wp","href":"https:\/\/api.w.org\/{rel}","templated":true}]}}