{"id":11795,"date":"2023-01-07T14:48:40","date_gmt":"2023-01-07T13:48:40","guid":{"rendered":"http:\/\/217.182.142.226\/?post_type=services_communaux&#038;p=11795"},"modified":"2023-03-10T10:11:27","modified_gmt":"2023-03-10T09:11:27","slug":"association-de-parents-des-eleves-de-lecole-communale-de-modave","status":"publish","type":"services_communaux","link":"https:\/\/www.modave.be\/index.php\/services_communaux\/association-de-parents-des-eleves-de-lecole-communale-de-modave\/","title":{"rendered":"Association de parents des \u00e9l\u00e8ves de l&rsquo;\u00e9cole communale de Modave"},"content":{"rendered":"\n<div class=\"wp-block-columns is-layout-flex wp-container-core-columns-is-layout-9d6595d7 wp-block-columns-is-layout-flex\">\n<div class=\"wp-block-column is-layout-flow wp-block-column-is-layout-flow\" style=\"flex-basis:15%\">\n<figure class=\"wp-block-image size-full\"><img decoding=\"async\" width=\"200\" height=\"158\" src=\"http:\/\/217.182.142.226\/wp-content\/uploads\/2023\/03\/Enfants-Assoc.jpg\" alt=\"\" class=\"wp-image-11796\"\/><\/figure>\n\n\n\n<p><\/p>\n<\/div>\n\n\n\n<div class=\"wp-block-column is-vertically-aligned-center is-layout-flow wp-block-column-is-layout-flow\" style=\"flex-basis:80%\">\n<p><strong>Ecole Communale<br>Place Georges Hubin, 1<br>4577 MODAVE<\/strong><\/p>\n<\/div>\n<\/div>\n\n\n\n<p>L&rsquo;association de parents (l&rsquo;A.P.) des \u00e9l\u00e8ves de l&rsquo;\u00e9cole communale de Modave rel\u00e8ve un DEFI : aider sp\u00e9cifiquement les enfants en difficult\u00e9 scolaire.<\/p>\n\n\n\n<p>Depuis un certain temps, les responsables de l&rsquo;A.P. s&rsquo;interrogeaient sur les racines de l&rsquo;\u00e9chec scolaire. Un groupe de r\u00e9flexion compos\u00e9 de membres de l&rsquo;A.P. et d&rsquo;enseignants retra\u00eet\u00e9s de la commune de Modave s&rsquo;est pench\u00e9 sur la strat\u00e9gie \u00e0 mettre en oeuvre pour mener \u00e0 bien ce d\u00e9fi. L&rsquo;organisation d\u00e9finie, il restait \u00e0 trouver les moyens humains et mat\u00e9riels n\u00e9cessaires \u00e0 la r\u00e9alisation des objectifs convenus.<\/p>\n\n\n\n<p>Qui cherche trouve ! En effet, Eric Thirifays, \u00e9chevin de l&rsquo;enseignement et d\u00e9fenseur du projet, a entrepris des d\u00e9marches aupr\u00e8s de l&rsquo;Ecole Normale de la Communaut\u00e9 Fran\u00e7aise \u00e0 Huy et a obtenu l&rsquo;adh\u00e9sion de 5 stagiaires, tous \u00e9l\u00e8ves de terminale. (Sandrine, Justine, Marie-H\u00e9l\u00e8ne, Nicolas et G\u00e9raldine).<\/p>\n\n\n\n<p>Les forces vives \u00e9tant disponibles, l&rsquo;A.P. et le groupe de r\u00e9flexion sont pass\u00e9s \u00e0 la phase pratique. Depuis le 16 novembre, les enfants et formateurs se retrouvent \u00e0 la Maison de Village de Modave chaque samedi de 10h \u00e0 11h30. Le choix du lieu a \u00e9t\u00e9 guid\u00e9 par la volont\u00e9 de s&rsquo;\u00e9carter des locaux scolaires ou les enfants en difficult\u00e9 connaissent des moments difficiles. Les organisateurs du \u00ab\u00a0DEFI\u00a0\u00bb voulaient offrir \u00e0 ces petits \u00e9l\u00e8ves un autre milieu d&rsquo;apprentissage, une approche positive ainsi qu&rsquo;une aide personnalis\u00e9e. Avoir une meilleure image de soi pour mieux s&rsquo;investir dans les activit\u00e9s de rattrapage, voil\u00e0 la philosophie de cette p\u00e9dagogie du soutien.<\/p>\n\n\n\n<p>Le personnel enseignant de l&rsquo;\u00e9cole communale joue un r\u00f4le essentiel en ciblant les lacunes de chaque enfant et en sensibilisant les parents concern\u00e9s au bien-fond\u00e9 de ces rem\u00e9diations hebdomadaires (r\u00e9serv\u00e9es aux enfants confront\u00e9s \u00e0 des difficult\u00e9s r\u00e9p\u00e8t\u00e9es et\/ou agrav\u00e9es). Par des manipulations, des activit\u00e9s semi-concr\u00e8tes et des exercices diversifi\u00e9s, les \u00ab\u00a0stagiaires\/formateurs\u00a0\u00bb arrivent \u00e0 remotiver des \u00e9l\u00e8ves qui surmontent d\u00e9j\u00e0 certains \u00e9cueils, \u00e0 la grande satisfaction de leurs parents, des apprenants, de leurs formateurs et des organisateurs. Mais ne crions pas encore \u00ab\u00a0D\u00e9fi r\u00e9ussi !\u00a0\u00bb, m\u00eame si nous sommes optimistes, compte tenu du s\u00e9rieux, du savoir faire, de la capacit\u00e9 d&rsquo;\u00e9coute et de la disponibilit\u00e9 des jeunes enseignants.<\/p>\n\n\n\n<p>Ces s\u00e9ances sont suivies avec int\u00e9r\u00eat par des enseignants retra\u00eet\u00e9s. Ceux-ci constituent une r\u00e9f\u00e9rence p\u00e9dagogique pour les stagiaires et s&rsquo;il le faut, ils savent aussi se mettre au service des enfants.<\/p>\n\n\n\n<p>En somme, c&rsquo;est toute une \u00e9quipe d\u00e9vou\u00e9e et comp\u00e9tente qui a d\u00e9cid\u00e9 de donner de son temps pour lutter contre les in\u00e9galit\u00e9s des chances devant les apprentissages scolaires.<\/p>\n\n\n\n<p>Une initiative louable \u00e0 mettre \u00e0 l&rsquo;actif de l&rsquo;A.P. de l&rsquo;\u00e9cole communale de Modave !!!<\/p>\n","protected":false},"excerpt":{"rendered":"<p>Ecole CommunalePlace Georges Hubin, 14577 MODAVE L&rsquo;association de parents (l&rsquo;A.P.) des \u00e9l\u00e8ves de l&rsquo;\u00e9cole communale de Modave rel\u00e8ve un DEFI : aider sp\u00e9cifiquement les enfants en difficult\u00e9 scolaire. Depuis un certain temps, les responsables de l&rsquo;A.P. s&rsquo;interrogeaient sur les racines de l&rsquo;\u00e9chec scolaire. Un groupe de r\u00e9flexion compos\u00e9 de membres de l&rsquo;A.P. et d&rsquo;enseignants retra\u00eet\u00e9s&hellip;<\/p>\n","protected":false},"author":1,"featured_media":11444,"menu_order":0,"template":"","categories":[218],"class_list":["post-11795","services_communaux","type-services_communaux","status-publish","has-post-thumbnail","hentry","category-associations_comites","description-off"],"yoast_head":"<!-- This site is optimized with the Yoast SEO plugin v27.5 - https:\/\/yoast.com\/product\/yoast-seo-wordpress\/ -->\n<title>Association de parents des \u00e9l\u00e8ves de l&#039;\u00e9cole communale de Modave - Commune de Modave<\/title>\n<meta name=\"robots\" content=\"index, follow, max-snippet:-1, max-image-preview:large, max-video-preview:-1\" \/>\n<link rel=\"canonical\" href=\"https:\/\/www.modave.be\/index.php\/services_communaux\/association-de-parents-des-eleves-de-lecole-communale-de-modave\/\" \/>\n<meta property=\"og:locale\" content=\"fr_FR\" \/>\n<meta property=\"og:type\" content=\"article\" \/>\n<meta property=\"og:title\" content=\"Association de parents des \u00e9l\u00e8ves de l&#039;\u00e9cole communale de Modave - Commune de Modave\" \/>\n<meta property=\"og:description\" content=\"Ecole CommunalePlace Georges Hubin, 14577 MODAVE L&rsquo;association de parents (l&rsquo;A.P.) des \u00e9l\u00e8ves de l&rsquo;\u00e9cole communale de Modave rel\u00e8ve un DEFI : aider sp\u00e9cifiquement les enfants en difficult\u00e9 scolaire. Depuis un certain temps, les responsables de l&rsquo;A.P. s&rsquo;interrogeaient sur les racines de l&rsquo;\u00e9chec scolaire. Un groupe de r\u00e9flexion compos\u00e9 de membres de l&rsquo;A.P. et d&rsquo;enseignants retra\u00eet\u00e9s&hellip;\" \/>\n<meta property=\"og:url\" content=\"https:\/\/www.modave.be\/index.php\/services_communaux\/association-de-parents-des-eleves-de-lecole-communale-de-modave\/\" \/>\n<meta property=\"og:site_name\" content=\"Commune de Modave\" \/>\n<meta property=\"article:modified_time\" content=\"2023-03-10T09:11:27+00:00\" \/>\n<meta property=\"og:image\" content=\"https:\/\/www.modave.be\/wp-content\/uploads\/2023\/03\/Ecole2-scaled.jpg\" \/>\n\t<meta property=\"og:image:width\" content=\"2560\" \/>\n\t<meta property=\"og:image:height\" content=\"1707\" \/>\n\t<meta property=\"og:image:type\" content=\"image\/jpeg\" \/>\n<meta name=\"twitter:card\" content=\"summary_large_image\" \/>\n<meta name=\"twitter:label1\" content=\"Dur\u00e9e de lecture estim\u00e9e\" \/>\n\t<meta name=\"twitter:data1\" content=\"2 minutes\" \/>\n<script type=\"application\/ld+json\" class=\"yoast-schema-graph\">{\"@context\":\"https:\\\/\\\/schema.org\",\"@graph\":[{\"@type\":\"WebPage\",\"@id\":\"https:\\\/\\\/www.modave.be\\\/index.php\\\/services_communaux\\\/association-de-parents-des-eleves-de-lecole-communale-de-modave\\\/\",\"url\":\"https:\\\/\\\/www.modave.be\\\/index.php\\\/services_communaux\\\/association-de-parents-des-eleves-de-lecole-communale-de-modave\\\/\",\"name\":\"Association de parents des \u00e9l\u00e8ves de l'\u00e9cole communale de Modave - Commune de Modave\",\"isPartOf\":{\"@id\":\"https:\\\/\\\/www.modave.be\\\/#website\"},\"primaryImageOfPage\":{\"@id\":\"https:\\\/\\\/www.modave.be\\\/index.php\\\/services_communaux\\\/association-de-parents-des-eleves-de-lecole-communale-de-modave\\\/#primaryimage\"},\"image\":{\"@id\":\"https:\\\/\\\/www.modave.be\\\/index.php\\\/services_communaux\\\/association-de-parents-des-eleves-de-lecole-communale-de-modave\\\/#primaryimage\"},\"thumbnailUrl\":\"https:\\\/\\\/www.modave.be\\\/wp-content\\\/uploads\\\/2023\\\/03\\\/Ecole2-scaled.jpg\",\"datePublished\":\"2023-01-07T13:48:40+00:00\",\"dateModified\":\"2023-03-10T09:11:27+00:00\",\"breadcrumb\":{\"@id\":\"https:\\\/\\\/www.modave.be\\\/index.php\\\/services_communaux\\\/association-de-parents-des-eleves-de-lecole-communale-de-modave\\\/#breadcrumb\"},\"inLanguage\":\"fr-FR\",\"potentialAction\":[{\"@type\":\"ReadAction\",\"target\":[\"https:\\\/\\\/www.modave.be\\\/index.php\\\/services_communaux\\\/association-de-parents-des-eleves-de-lecole-communale-de-modave\\\/\"]}]},{\"@type\":\"ImageObject\",\"inLanguage\":\"fr-FR\",\"@id\":\"https:\\\/\\\/www.modave.be\\\/index.php\\\/services_communaux\\\/association-de-parents-des-eleves-de-lecole-communale-de-modave\\\/#primaryimage\",\"url\":\"https:\\\/\\\/www.modave.be\\\/wp-content\\\/uploads\\\/2023\\\/03\\\/Ecole2-scaled.jpg\",\"contentUrl\":\"https:\\\/\\\/www.modave.be\\\/wp-content\\\/uploads\\\/2023\\\/03\\\/Ecole2-scaled.jpg\",\"width\":2560,\"height\":1707},{\"@type\":\"BreadcrumbList\",\"@id\":\"https:\\\/\\\/www.modave.be\\\/index.php\\\/services_communaux\\\/association-de-parents-des-eleves-de-lecole-communale-de-modave\\\/#breadcrumb\",\"itemListElement\":[{\"@type\":\"ListItem\",\"position\":1,\"name\":\"Accueil\",\"item\":\"https:\\\/\\\/www.modave.be\\\/\"},{\"@type\":\"ListItem\",\"position\":2,\"name\":\"Association de parents des \u00e9l\u00e8ves de l&rsquo;\u00e9cole communale de Modave\"}]},{\"@type\":\"WebSite\",\"@id\":\"https:\\\/\\\/www.modave.be\\\/#website\",\"url\":\"https:\\\/\\\/www.modave.be\\\/\",\"name\":\"Commune de Modave\",\"description\":\"Commune de Modave\",\"publisher\":{\"@id\":\"https:\\\/\\\/www.modave.be\\\/#organization\"},\"potentialAction\":[{\"@type\":\"SearchAction\",\"target\":{\"@type\":\"EntryPoint\",\"urlTemplate\":\"https:\\\/\\\/www.modave.be\\\/?s={search_term_string}\"},\"query-input\":{\"@type\":\"PropertyValueSpecification\",\"valueRequired\":true,\"valueName\":\"search_term_string\"}}],\"inLanguage\":\"fr-FR\"},{\"@type\":\"Organization\",\"@id\":\"https:\\\/\\\/www.modave.be\\\/#organization\",\"name\":\"Commune de Modave\",\"url\":\"https:\\\/\\\/www.modave.be\\\/\",\"logo\":{\"@type\":\"ImageObject\",\"inLanguage\":\"fr-FR\",\"@id\":\"https:\\\/\\\/www.modave.be\\\/#\\\/schema\\\/logo\\\/image\\\/\",\"url\":\"https:\\\/\\\/www.modave.be\\\/wp-content\\\/uploads\\\/2021\\\/12\\\/MODAVE_LOGO_HORIZONTAL_QUADRI_RVB.png\",\"contentUrl\":\"https:\\\/\\\/www.modave.be\\\/wp-content\\\/uploads\\\/2021\\\/12\\\/MODAVE_LOGO_HORIZONTAL_QUADRI_RVB.png\",\"width\":1200,\"height\":501,\"caption\":\"Commune de Modave\"},\"image\":{\"@id\":\"https:\\\/\\\/www.modave.be\\\/#\\\/schema\\\/logo\\\/image\\\/\"}}]}<\/script>\n<!-- \/ Yoast SEO plugin. -->","yoast_head_json":{"title":"Association de parents des \u00e9l\u00e8ves de l'\u00e9cole communale de Modave - Commune de Modave","robots":{"index":"index","follow":"follow","max-snippet":"max-snippet:-1","max-image-preview":"max-image-preview:large","max-video-preview":"max-video-preview:-1"},"canonical":"https:\/\/www.modave.be\/index.php\/services_communaux\/association-de-parents-des-eleves-de-lecole-communale-de-modave\/","og_locale":"fr_FR","og_type":"article","og_title":"Association de parents des \u00e9l\u00e8ves de l'\u00e9cole communale de Modave - Commune de Modave","og_description":"Ecole CommunalePlace Georges Hubin, 14577 MODAVE L&rsquo;association de parents (l&rsquo;A.P.) des \u00e9l\u00e8ves de l&rsquo;\u00e9cole communale de Modave rel\u00e8ve un DEFI : aider sp\u00e9cifiquement les enfants en difficult\u00e9 scolaire. Depuis un certain temps, les responsables de l&rsquo;A.P. s&rsquo;interrogeaient sur les racines de l&rsquo;\u00e9chec scolaire. Un groupe de r\u00e9flexion compos\u00e9 de membres de l&rsquo;A.P. et d&rsquo;enseignants retra\u00eet\u00e9s&hellip;","og_url":"https:\/\/www.modave.be\/index.php\/services_communaux\/association-de-parents-des-eleves-de-lecole-communale-de-modave\/","og_site_name":"Commune de Modave","article_modified_time":"2023-03-10T09:11:27+00:00","og_image":[{"width":2560,"height":1707,"url":"https:\/\/www.modave.be\/wp-content\/uploads\/2023\/03\/Ecole2-scaled.jpg","type":"image\/jpeg"}],"twitter_card":"summary_large_image","twitter_misc":{"Dur\u00e9e de lecture estim\u00e9e":"2 minutes"},"schema":{"@context":"https:\/\/schema.org","@graph":[{"@type":"WebPage","@id":"https:\/\/www.modave.be\/index.php\/services_communaux\/association-de-parents-des-eleves-de-lecole-communale-de-modave\/","url":"https:\/\/www.modave.be\/index.php\/services_communaux\/association-de-parents-des-eleves-de-lecole-communale-de-modave\/","name":"Association de parents des \u00e9l\u00e8ves de l'\u00e9cole communale de Modave - Commune de Modave","isPartOf":{"@id":"https:\/\/www.modave.be\/#website"},"primaryImageOfPage":{"@id":"https:\/\/www.modave.be\/index.php\/services_communaux\/association-de-parents-des-eleves-de-lecole-communale-de-modave\/#primaryimage"},"image":{"@id":"https:\/\/www.modave.be\/index.php\/services_communaux\/association-de-parents-des-eleves-de-lecole-communale-de-modave\/#primaryimage"},"thumbnailUrl":"https:\/\/www.modave.be\/wp-content\/uploads\/2023\/03\/Ecole2-scaled.jpg","datePublished":"2023-01-07T13:48:40+00:00","dateModified":"2023-03-10T09:11:27+00:00","breadcrumb":{"@id":"https:\/\/www.modave.be\/index.php\/services_communaux\/association-de-parents-des-eleves-de-lecole-communale-de-modave\/#breadcrumb"},"inLanguage":"fr-FR","potentialAction":[{"@type":"ReadAction","target":["https:\/\/www.modave.be\/index.php\/services_communaux\/association-de-parents-des-eleves-de-lecole-communale-de-modave\/"]}]},{"@type":"ImageObject","inLanguage":"fr-FR","@id":"https:\/\/www.modave.be\/index.php\/services_communaux\/association-de-parents-des-eleves-de-lecole-communale-de-modave\/#primaryimage","url":"https:\/\/www.modave.be\/wp-content\/uploads\/2023\/03\/Ecole2-scaled.jpg","contentUrl":"https:\/\/www.modave.be\/wp-content\/uploads\/2023\/03\/Ecole2-scaled.jpg","width":2560,"height":1707},{"@type":"BreadcrumbList","@id":"https:\/\/www.modave.be\/index.php\/services_communaux\/association-de-parents-des-eleves-de-lecole-communale-de-modave\/#breadcrumb","itemListElement":[{"@type":"ListItem","position":1,"name":"Accueil","item":"https:\/\/www.modave.be\/"},{"@type":"ListItem","position":2,"name":"Association de parents des \u00e9l\u00e8ves de l&rsquo;\u00e9cole communale de Modave"}]},{"@type":"WebSite","@id":"https:\/\/www.modave.be\/#website","url":"https:\/\/www.modave.be\/","name":"Commune de Modave","description":"Commune de Modave","publisher":{"@id":"https:\/\/www.modave.be\/#organization"},"potentialAction":[{"@type":"SearchAction","target":{"@type":"EntryPoint","urlTemplate":"https:\/\/www.modave.be\/?s={search_term_string}"},"query-input":{"@type":"PropertyValueSpecification","valueRequired":true,"valueName":"search_term_string"}}],"inLanguage":"fr-FR"},{"@type":"Organization","@id":"https:\/\/www.modave.be\/#organization","name":"Commune de Modave","url":"https:\/\/www.modave.be\/","logo":{"@type":"ImageObject","inLanguage":"fr-FR","@id":"https:\/\/www.modave.be\/#\/schema\/logo\/image\/","url":"https:\/\/www.modave.be\/wp-content\/uploads\/2021\/12\/MODAVE_LOGO_HORIZONTAL_QUADRI_RVB.png","contentUrl":"https:\/\/www.modave.be\/wp-content\/uploads\/2021\/12\/MODAVE_LOGO_HORIZONTAL_QUADRI_RVB.png","width":1200,"height":501,"caption":"Commune de Modave"},"image":{"@id":"https:\/\/www.modave.be\/#\/schema\/logo\/image\/"}}]}},"_links":{"self":[{"href":"https:\/\/www.modave.be\/index.php\/wp-json\/wp\/v2\/services_communaux\/11795","targetHints":{"allow":["GET"]}}],"collection":[{"href":"https:\/\/www.modave.be\/index.php\/wp-json\/wp\/v2\/services_communaux"}],"about":[{"href":"https:\/\/www.modave.be\/index.php\/wp-json\/wp\/v2\/types\/services_communaux"}],"author":[{"embeddable":true,"href":"https:\/\/www.modave.be\/index.php\/wp-json\/wp\/v2\/users\/1"}],"wp:featuredmedia":[{"embeddable":true,"href":"https:\/\/www.modave.be\/index.php\/wp-json\/wp\/v2\/media\/11444"}],"wp:attachment":[{"href":"https:\/\/www.modave.be\/index.php\/wp-json\/wp\/v2\/media?parent=11795"}],"wp:term":[{"taxonomy":"category","embeddable":true,"href":"https:\/\/www.modave.be\/index.php\/wp-json\/wp\/v2\/categories?post=11795"}],"curies":[{"name":"wp","href":"https:\/\/api.w.org\/{rel}","templated":true}]}}