{"id":11813,"date":"2018-06-25T15:19:57","date_gmt":"2018-06-25T13:19:57","guid":{"rendered":"http:\/\/217.182.142.226\/?post_type=services_communaux&#038;p=11813"},"modified":"2023-03-07T15:20:32","modified_gmt":"2023-03-07T14:20:32","slug":"dans-la-presse","status":"publish","type":"services_communaux","link":"https:\/\/www.modave.be\/index.php\/services_communaux\/dans-la-presse\/","title":{"rendered":"Dans la presse"},"content":{"rendered":"\n<p>RTBF INFO :&nbsp;<strong>juin 2018<\/strong>, inauguration du parc \u00e9olien :&nbsp;<strong><a href=\"https:\/\/www.rtbf.be\/info\/regions\/liege\/detail_modave-inauguration-d-un-parc-eolien-public-et-citoyen?id=9953170\">https:\/\/www.rtbf.be\/info\/regions\/liege\/detail_modave-inauguration-d-un-parc-eolien-public-et-citoyen?id=9953170<\/a><\/strong><\/p>\n\n\n\n<p>RTC LIEGE&nbsp;:<strong>&nbsp;mars 2018,&nbsp;<\/strong>reportage sur le montage de la WT1 du parc<strong>&nbsp;:&nbsp;<a href=\"https:\/\/www.rtc.be\/video\/info\/environnement\/modave-les-caprices-d-eole_1497944_325.html\">https:\/\/www.rtc.be\/video\/info\/environnement\/modave-les-caprices-d-eole_1497944_325.html<\/a><\/strong><\/p>\n\n\n\n<p>Nous vous informons que la soci\u00e9t\u00e9, en charge de la construction des 5 \u00e9oliennes, a d\u00e9but\u00e9 le chantier mi-ao\u00fbt 2017 .<br>RTC LIEGE :&nbsp;<strong>mi-septembre 2017<\/strong>, visite du chantier :&nbsp;<a href=\"https:\/\/www.rtc.be\/video\/info\/environnement\/modave-l-eolienne-citoyenne-sort-de-terre_1496243_325.html\">vid\u00e9o RTC<\/a><\/p>\n\n\n\n<p>RTC LIEGE&nbsp;:&nbsp;<strong>novembre 2016<\/strong>,&nbsp;<a href=\"http:\/\/www.rtc.be\/video\/info\/economie\/une-eolienne-communale-et-citoyenne-a-modave_1493123_325.html\">http:\/\/www.rtc.be\/video\/info\/economie\/une-eolienne-communale-et-citoyenne-a-modave_1493123_325.html<\/a><\/p>\n\n\n\n<p>Presse en ligne&nbsp;:<\/p>\n\n\n\n<p>Vers l&rsquo;Avenir :&nbsp;<strong>mars 2018&nbsp;:&nbsp;<\/strong>montage de la grue&nbsp;:&nbsp;<a href=\"http:\/\/www.lavenir.net\/cnt\/dmf20180307_01136239\/video-eoliennes-a-modave-reportage-au-pied-d-une-grue-de-plus-de-100-metres?utm_source=facebook&amp;utm_medium=socialAT&amp;utm_content=article&amp;utm_campaign=seeding\">http:\/\/www.lavenir.net\/cnt\/dmf20180307_01136239\/video-eoliennes-a-modave-reportage-au-pied-d-une-grue-de-plus-de-100-metres?utm_source=facebook&amp;utm_medium=socialAT&amp;utm_content=article&amp;utm_campaign=seeding<\/a><br>RTBF&nbsp;:&nbsp;<strong>novembre 2016 :&nbsp;<\/strong><a href=\"https:\/\/www.rtbf.be\/info\/regions\/liege\/detail_la-commune-de-modave-va-creer-son-parc-eolien?id=9461351\">https:\/\/www.rtbf.be\/info\/regions\/liege\/detail_la-commune-de-modave-va-creer-son-parc-eolien?id=9461351<br><\/a>Vers l\u2019Avenir :&nbsp;<strong>novembre 2016 :&nbsp;<\/strong>permis octroy\u00e9&nbsp;:&nbsp;<a href=\"http:\/\/www.lavenir.net\/cnt\/dmf20161122_00918893?utm_source=twitter&amp;utm_medium=socialVV&amp;utm_content=article&amp;utm_campaign=seeding\">http:\/\/www.lavenir.net\/cnt\/dmf20161122_00918893?utm_source=twitter&amp;utm_medium=socialVV&amp;utm_content=article&amp;utm_campaign=seeding<\/a><\/p>\n\n\n\n<p><a href=\"http:\/\/www.lavenir.net\/cnt\/dmf20161122_00918893?utm_source=twitter&amp;utm_medium=socialVV&amp;utm_content=article&amp;utm_campaign=seeding\"><br><\/a>Quelques coupures de presse : <a href=\"http:\/\/217.182.142.226\/wp-content\/uploads\/2023\/03\/Lavenir-Huy-Waremme-5-mars-2018.pdf\" data-type=\"URL\" data-id=\"http:\/\/217.182.142.226\/wp-content\/uploads\/2023\/03\/Lavenir-Huy-Waremme-5-mars-2018.pdf\" target=\"_blank\" rel=\"noreferrer noopener\">ici<\/a><\/p>\n","protected":false},"excerpt":{"rendered":"<p>RTBF INFO :&nbsp;juin 2018, inauguration du parc \u00e9olien :&nbsp;https:\/\/www.rtbf.be\/info\/regions\/liege\/detail_modave-inauguration-d-un-parc-eolien-public-et-citoyen?id=9953170 RTC LIEGE&nbsp;:&nbsp;mars 2018,&nbsp;reportage sur le montage de la WT1 du parc&nbsp;:&nbsp;https:\/\/www.rtc.be\/video\/info\/environnement\/modave-les-caprices-d-eole_1497944_325.html Nous vous informons que la soci\u00e9t\u00e9, en charge de la construction des 5 \u00e9oliennes, a d\u00e9but\u00e9 le chantier mi-ao\u00fbt 2017 .RTC LIEGE :&nbsp;mi-septembre 2017, visite du chantier :&nbsp;vid\u00e9o RTC RTC LIEGE&nbsp;:&nbsp;novembre 2016,&nbsp;http:\/\/www.rtc.be\/video\/info\/economie\/une-eolienne-communale-et-citoyenne-a-modave_1493123_325.html Presse en ligne&nbsp;:&hellip;<\/p>\n","protected":false},"author":1,"featured_media":10474,"menu_order":0,"template":"","categories":[219],"class_list":["post-11813","services_communaux","type-services_communaux","status-publish","has-post-thumbnail","hentry","category-eole_modave","description-off"],"yoast_head":"<!-- This site is optimized with the Yoast SEO plugin v27.5 - https:\/\/yoast.com\/product\/yoast-seo-wordpress\/ -->\n<title>Dans la presse - Commune de Modave<\/title>\n<meta name=\"robots\" content=\"index, follow, max-snippet:-1, max-image-preview:large, max-video-preview:-1\" \/>\n<link rel=\"canonical\" href=\"https:\/\/www.modave.be\/index.php\/services_communaux\/dans-la-presse\/\" \/>\n<meta property=\"og:locale\" content=\"fr_FR\" \/>\n<meta property=\"og:type\" content=\"article\" \/>\n<meta property=\"og:title\" content=\"Dans la presse - Commune de Modave\" \/>\n<meta property=\"og:description\" content=\"RTBF INFO :&nbsp;juin 2018, inauguration du parc \u00e9olien :&nbsp;https:\/\/www.rtbf.be\/info\/regions\/liege\/detail_modave-inauguration-d-un-parc-eolien-public-et-citoyen?id=9953170 RTC LIEGE&nbsp;:&nbsp;mars 2018,&nbsp;reportage sur le montage de la WT1 du parc&nbsp;:&nbsp;https:\/\/www.rtc.be\/video\/info\/environnement\/modave-les-caprices-d-eole_1497944_325.html Nous vous informons que la soci\u00e9t\u00e9, en charge de la construction des 5 \u00e9oliennes, a d\u00e9but\u00e9 le chantier mi-ao\u00fbt 2017 .RTC LIEGE :&nbsp;mi-septembre 2017, visite du chantier :&nbsp;vid\u00e9o RTC RTC LIEGE&nbsp;:&nbsp;novembre 2016,&nbsp;http:\/\/www.rtc.be\/video\/info\/economie\/une-eolienne-communale-et-citoyenne-a-modave_1493123_325.html Presse en ligne&nbsp;:&hellip;\" \/>\n<meta property=\"og:url\" content=\"https:\/\/www.modave.be\/index.php\/services_communaux\/dans-la-presse\/\" \/>\n<meta property=\"og:site_name\" content=\"Commune de Modave\" \/>\n<meta property=\"article:modified_time\" content=\"2023-03-07T14:20:32+00:00\" \/>\n<meta property=\"og:image\" content=\"https:\/\/www.modave.be\/wp-content\/uploads\/2023\/01\/Energie-scaled-e1735637759532.jpg\" \/>\n\t<meta property=\"og:image:width\" content=\"2560\" \/>\n\t<meta property=\"og:image:height\" content=\"1280\" \/>\n\t<meta property=\"og:image:type\" content=\"image\/jpeg\" \/>\n<meta name=\"twitter:card\" content=\"summary_large_image\" \/>\n<meta name=\"twitter:label1\" content=\"Dur\u00e9e de lecture estim\u00e9e\" \/>\n\t<meta name=\"twitter:data1\" content=\"1 minute\" \/>\n<script type=\"application\/ld+json\" class=\"yoast-schema-graph\">{\"@context\":\"https:\\\/\\\/schema.org\",\"@graph\":[{\"@type\":\"WebPage\",\"@id\":\"https:\\\/\\\/www.modave.be\\\/index.php\\\/services_communaux\\\/dans-la-presse\\\/\",\"url\":\"https:\\\/\\\/www.modave.be\\\/index.php\\\/services_communaux\\\/dans-la-presse\\\/\",\"name\":\"Dans la presse - Commune de Modave\",\"isPartOf\":{\"@id\":\"https:\\\/\\\/www.modave.be\\\/#website\"},\"primaryImageOfPage\":{\"@id\":\"https:\\\/\\\/www.modave.be\\\/index.php\\\/services_communaux\\\/dans-la-presse\\\/#primaryimage\"},\"image\":{\"@id\":\"https:\\\/\\\/www.modave.be\\\/index.php\\\/services_communaux\\\/dans-la-presse\\\/#primaryimage\"},\"thumbnailUrl\":\"https:\\\/\\\/www.modave.be\\\/wp-content\\\/uploads\\\/2023\\\/01\\\/Energie-scaled-e1735637759532.jpg\",\"datePublished\":\"2018-06-25T13:19:57+00:00\",\"dateModified\":\"2023-03-07T14:20:32+00:00\",\"breadcrumb\":{\"@id\":\"https:\\\/\\\/www.modave.be\\\/index.php\\\/services_communaux\\\/dans-la-presse\\\/#breadcrumb\"},\"inLanguage\":\"fr-FR\",\"potentialAction\":[{\"@type\":\"ReadAction\",\"target\":[\"https:\\\/\\\/www.modave.be\\\/index.php\\\/services_communaux\\\/dans-la-presse\\\/\"]}]},{\"@type\":\"ImageObject\",\"inLanguage\":\"fr-FR\",\"@id\":\"https:\\\/\\\/www.modave.be\\\/index.php\\\/services_communaux\\\/dans-la-presse\\\/#primaryimage\",\"url\":\"https:\\\/\\\/www.modave.be\\\/wp-content\\\/uploads\\\/2023\\\/01\\\/Energie-scaled-e1735637759532.jpg\",\"contentUrl\":\"https:\\\/\\\/www.modave.be\\\/wp-content\\\/uploads\\\/2023\\\/01\\\/Energie-scaled-e1735637759532.jpg\",\"width\":2560,\"height\":1280},{\"@type\":\"BreadcrumbList\",\"@id\":\"https:\\\/\\\/www.modave.be\\\/index.php\\\/services_communaux\\\/dans-la-presse\\\/#breadcrumb\",\"itemListElement\":[{\"@type\":\"ListItem\",\"position\":1,\"name\":\"Accueil\",\"item\":\"https:\\\/\\\/www.modave.be\\\/\"},{\"@type\":\"ListItem\",\"position\":2,\"name\":\"Dans la presse\"}]},{\"@type\":\"WebSite\",\"@id\":\"https:\\\/\\\/www.modave.be\\\/#website\",\"url\":\"https:\\\/\\\/www.modave.be\\\/\",\"name\":\"Commune de Modave\",\"description\":\"Commune de Modave\",\"publisher\":{\"@id\":\"https:\\\/\\\/www.modave.be\\\/#organization\"},\"potentialAction\":[{\"@type\":\"SearchAction\",\"target\":{\"@type\":\"EntryPoint\",\"urlTemplate\":\"https:\\\/\\\/www.modave.be\\\/?s={search_term_string}\"},\"query-input\":{\"@type\":\"PropertyValueSpecification\",\"valueRequired\":true,\"valueName\":\"search_term_string\"}}],\"inLanguage\":\"fr-FR\"},{\"@type\":\"Organization\",\"@id\":\"https:\\\/\\\/www.modave.be\\\/#organization\",\"name\":\"Commune de Modave\",\"url\":\"https:\\\/\\\/www.modave.be\\\/\",\"logo\":{\"@type\":\"ImageObject\",\"inLanguage\":\"fr-FR\",\"@id\":\"https:\\\/\\\/www.modave.be\\\/#\\\/schema\\\/logo\\\/image\\\/\",\"url\":\"https:\\\/\\\/www.modave.be\\\/wp-content\\\/uploads\\\/2021\\\/12\\\/MODAVE_LOGO_HORIZONTAL_QUADRI_RVB.png\",\"contentUrl\":\"https:\\\/\\\/www.modave.be\\\/wp-content\\\/uploads\\\/2021\\\/12\\\/MODAVE_LOGO_HORIZONTAL_QUADRI_RVB.png\",\"width\":1200,\"height\":501,\"caption\":\"Commune de Modave\"},\"image\":{\"@id\":\"https:\\\/\\\/www.modave.be\\\/#\\\/schema\\\/logo\\\/image\\\/\"}}]}<\/script>\n<!-- \/ Yoast SEO plugin. -->","yoast_head_json":{"title":"Dans la presse - Commune de Modave","robots":{"index":"index","follow":"follow","max-snippet":"max-snippet:-1","max-image-preview":"max-image-preview:large","max-video-preview":"max-video-preview:-1"},"canonical":"https:\/\/www.modave.be\/index.php\/services_communaux\/dans-la-presse\/","og_locale":"fr_FR","og_type":"article","og_title":"Dans la presse - Commune de Modave","og_description":"RTBF INFO :&nbsp;juin 2018, inauguration du parc \u00e9olien :&nbsp;https:\/\/www.rtbf.be\/info\/regions\/liege\/detail_modave-inauguration-d-un-parc-eolien-public-et-citoyen?id=9953170 RTC LIEGE&nbsp;:&nbsp;mars 2018,&nbsp;reportage sur le montage de la WT1 du parc&nbsp;:&nbsp;https:\/\/www.rtc.be\/video\/info\/environnement\/modave-les-caprices-d-eole_1497944_325.html Nous vous informons que la soci\u00e9t\u00e9, en charge de la construction des 5 \u00e9oliennes, a d\u00e9but\u00e9 le chantier mi-ao\u00fbt 2017 .RTC LIEGE :&nbsp;mi-septembre 2017, visite du chantier :&nbsp;vid\u00e9o RTC RTC LIEGE&nbsp;:&nbsp;novembre 2016,&nbsp;http:\/\/www.rtc.be\/video\/info\/economie\/une-eolienne-communale-et-citoyenne-a-modave_1493123_325.html Presse en ligne&nbsp;:&hellip;","og_url":"https:\/\/www.modave.be\/index.php\/services_communaux\/dans-la-presse\/","og_site_name":"Commune de Modave","article_modified_time":"2023-03-07T14:20:32+00:00","og_image":[{"width":2560,"height":1280,"url":"https:\/\/www.modave.be\/wp-content\/uploads\/2023\/01\/Energie-scaled-e1735637759532.jpg","type":"image\/jpeg"}],"twitter_card":"summary_large_image","twitter_misc":{"Dur\u00e9e de lecture estim\u00e9e":"1 minute"},"schema":{"@context":"https:\/\/schema.org","@graph":[{"@type":"WebPage","@id":"https:\/\/www.modave.be\/index.php\/services_communaux\/dans-la-presse\/","url":"https:\/\/www.modave.be\/index.php\/services_communaux\/dans-la-presse\/","name":"Dans la presse - Commune de Modave","isPartOf":{"@id":"https:\/\/www.modave.be\/#website"},"primaryImageOfPage":{"@id":"https:\/\/www.modave.be\/index.php\/services_communaux\/dans-la-presse\/#primaryimage"},"image":{"@id":"https:\/\/www.modave.be\/index.php\/services_communaux\/dans-la-presse\/#primaryimage"},"thumbnailUrl":"https:\/\/www.modave.be\/wp-content\/uploads\/2023\/01\/Energie-scaled-e1735637759532.jpg","datePublished":"2018-06-25T13:19:57+00:00","dateModified":"2023-03-07T14:20:32+00:00","breadcrumb":{"@id":"https:\/\/www.modave.be\/index.php\/services_communaux\/dans-la-presse\/#breadcrumb"},"inLanguage":"fr-FR","potentialAction":[{"@type":"ReadAction","target":["https:\/\/www.modave.be\/index.php\/services_communaux\/dans-la-presse\/"]}]},{"@type":"ImageObject","inLanguage":"fr-FR","@id":"https:\/\/www.modave.be\/index.php\/services_communaux\/dans-la-presse\/#primaryimage","url":"https:\/\/www.modave.be\/wp-content\/uploads\/2023\/01\/Energie-scaled-e1735637759532.jpg","contentUrl":"https:\/\/www.modave.be\/wp-content\/uploads\/2023\/01\/Energie-scaled-e1735637759532.jpg","width":2560,"height":1280},{"@type":"BreadcrumbList","@id":"https:\/\/www.modave.be\/index.php\/services_communaux\/dans-la-presse\/#breadcrumb","itemListElement":[{"@type":"ListItem","position":1,"name":"Accueil","item":"https:\/\/www.modave.be\/"},{"@type":"ListItem","position":2,"name":"Dans la presse"}]},{"@type":"WebSite","@id":"https:\/\/www.modave.be\/#website","url":"https:\/\/www.modave.be\/","name":"Commune de Modave","description":"Commune de Modave","publisher":{"@id":"https:\/\/www.modave.be\/#organization"},"potentialAction":[{"@type":"SearchAction","target":{"@type":"EntryPoint","urlTemplate":"https:\/\/www.modave.be\/?s={search_term_string}"},"query-input":{"@type":"PropertyValueSpecification","valueRequired":true,"valueName":"search_term_string"}}],"inLanguage":"fr-FR"},{"@type":"Organization","@id":"https:\/\/www.modave.be\/#organization","name":"Commune de Modave","url":"https:\/\/www.modave.be\/","logo":{"@type":"ImageObject","inLanguage":"fr-FR","@id":"https:\/\/www.modave.be\/#\/schema\/logo\/image\/","url":"https:\/\/www.modave.be\/wp-content\/uploads\/2021\/12\/MODAVE_LOGO_HORIZONTAL_QUADRI_RVB.png","contentUrl":"https:\/\/www.modave.be\/wp-content\/uploads\/2021\/12\/MODAVE_LOGO_HORIZONTAL_QUADRI_RVB.png","width":1200,"height":501,"caption":"Commune de Modave"},"image":{"@id":"https:\/\/www.modave.be\/#\/schema\/logo\/image\/"}}]}},"_links":{"self":[{"href":"https:\/\/www.modave.be\/index.php\/wp-json\/wp\/v2\/services_communaux\/11813","targetHints":{"allow":["GET"]}}],"collection":[{"href":"https:\/\/www.modave.be\/index.php\/wp-json\/wp\/v2\/services_communaux"}],"about":[{"href":"https:\/\/www.modave.be\/index.php\/wp-json\/wp\/v2\/types\/services_communaux"}],"author":[{"embeddable":true,"href":"https:\/\/www.modave.be\/index.php\/wp-json\/wp\/v2\/users\/1"}],"wp:featuredmedia":[{"embeddable":true,"href":"https:\/\/www.modave.be\/index.php\/wp-json\/wp\/v2\/media\/10474"}],"wp:attachment":[{"href":"https:\/\/www.modave.be\/index.php\/wp-json\/wp\/v2\/media?parent=11813"}],"wp:term":[{"taxonomy":"category","embeddable":true,"href":"https:\/\/www.modave.be\/index.php\/wp-json\/wp\/v2\/categories?post=11813"}],"curies":[{"name":"wp","href":"https:\/\/api.w.org\/{rel}","templated":true}]}}