{"id":11940,"date":"2016-01-22T10:39:52","date_gmt":"2016-01-22T09:39:52","guid":{"rendered":"http:\/\/217.182.142.226\/?post_type=services_communaux&#038;p=11940"},"modified":"2023-03-08T10:40:57","modified_gmt":"2023-03-08T09:40:57","slug":"pas-de-pitie-pour-les-envahisseurs","status":"publish","type":"services_communaux","link":"https:\/\/www.modave.be\/index.php\/services_communaux\/pas-de-pitie-pour-les-envahisseurs\/","title":{"rendered":"Pas de piti\u00e9 pour les envahisseurs !"},"content":{"rendered":"\n<p>Comme chaque ann\u00e9e, La commune de Modave &nbsp;et le Contrat de Rivi\u00e8re Meuse aval, Comit\u00e9 local du Hoyoux r\u00e9agissent face \u00e0 des envahisseurs&nbsp;: les plantes invasives&nbsp;! Nous r\u00e9aliserons encore durant <strong>l\u2019\u00e9t\u00e9 2013<\/strong>&nbsp;une campagne de gestion. H\u00e9 oui, ceci implique une gestion sur plusieurs ann\u00e9es&nbsp;!<\/p>\n\n\n\n<p>Connaissez-vous les plantes invasives&nbsp;?&#8230;.ces plantes exotiques qui deviennent envahissantes\u2026Elles prennent la place de nos plantes indig\u00e8nes&nbsp;et ont un impact n\u00e9faste sur notre biodiversit\u00e9.<\/p>\n\n\n\n<p>Les plus connues sont la&nbsp;<strong>Balsamine de l\u2019Himalaya<\/strong>,&nbsp;<strong>la Renou\u00e9e du Japon<\/strong>&nbsp;et la&nbsp;<strong>Berce du Caucase<\/strong>. La Balsamine de l\u2019Himalaya et la Renou\u00e9e du Japon colonisent principalement les abords des rivi\u00e8res tandis que la Berce du Caucase peut se d\u00e9velopper aussi \u00e0 l\u2019int\u00e9rieur des terres.<\/p>\n\n\n\n<p>Derri\u00e8re leur belle allure, elles sont n\u00e9fastes pour l\u2019environnement\u2026 et pour la sant\u00e9&nbsp;! En effet, la Berce du Caucase peut causer de s\u00e9v\u00e8res br\u00fblures au contact de sa s\u00e8ve qui est photo-sensibilisante.<\/p>\n\n\n\n<p><strong>Comme chaque ann\u00e9e, nous faisons appel \u00e0 tous les riverains pour les recenser et donc ne pas passer \u00e0 c\u00f4t\u00e9 d\u2019une population qui pourrait repeupler notre territoire\u2026.<\/strong><\/p>\n\n\n\n<h3 class=\"wp-block-heading\"><strong>Vous pouvez nous aider dans le recensement des sites touch\u00e9s par ces plantes&nbsp;: faites part de vos observations au Contrat de Rivi\u00e8re Meuse aval \u2013 Comit\u00e9 Local du Hoyoux.<\/strong><\/h3>\n\n\n\n<p>Si vous y \u00eates confront\u00e9, vous pouvez les g\u00e9rer. Reconna\u00eetre ces plantes invasives et les g\u00e9rer est \u00e0 la port\u00e9e de tous. Des informations sur leur anatomie et les techniques de gestion sont disponibles:<\/p>\n\n\n\n<p>&#8211;&nbsp;&nbsp; en ligne sur le site Internet<a href=\"http:\/\/www.gestiondifferenciee.be\/files\/Fiches\/Fiche-PlantesInvasives.pdf\">http:\/\/www.gestiondifferenciee.be\/files\/Fiches\/Fiche-PlantesInvasives.pdf<\/a><br>&#8211;&nbsp;&nbsp; aupr\u00e8s du Contrat de Rivi\u00e8re Meuse aval &#8211; Comit\u00e9 Local du Hoyoux: Chemin de Sandron 1a, 4570 Marchin&nbsp;&#8211; 085\/31.71.74&nbsp;\u2013<a href=\"mailto:hoyoux@meuseaval.be\">hoyoux@meuseaval.be<\/a><\/p>\n\n\n\n<h3 class=\"wp-block-heading\"><strong>Dans tous les cas tenez-nous au courant afin que nous puissions r\u00e9aliser un bilan des actions de gestion.<\/strong><\/h3>\n","protected":false},"excerpt":{"rendered":"<p>Comme chaque ann\u00e9e, La commune de Modave &nbsp;et le Contrat de Rivi\u00e8re Meuse aval, Comit\u00e9 local du Hoyoux r\u00e9agissent face \u00e0 des envahisseurs&nbsp;: les plantes invasives&nbsp;! Nous r\u00e9aliserons encore durant l\u2019\u00e9t\u00e9 2013&nbsp;une campagne de gestion. H\u00e9 oui, ceci implique une gestion sur plusieurs ann\u00e9es&nbsp;! Connaissez-vous les plantes invasives&nbsp;?&#8230;.ces plantes exotiques qui deviennent envahissantes\u2026Elles prennent la&hellip;<\/p>\n","protected":false},"author":1,"featured_media":11921,"menu_order":0,"template":"","categories":[222],"class_list":["post-11940","services_communaux","type-services_communaux","status-publish","has-post-thumbnail","hentry","category-plantes_invasives","description-off"],"yoast_head":"<!-- This site is optimized with the Yoast SEO plugin v27.4 - https:\/\/yoast.com\/product\/yoast-seo-wordpress\/ -->\n<title>Pas de piti\u00e9 pour les envahisseurs ! - Commune de Modave<\/title>\n<meta name=\"robots\" content=\"index, follow, max-snippet:-1, max-image-preview:large, max-video-preview:-1\" \/>\n<link rel=\"canonical\" href=\"https:\/\/www.modave.be\/index.php\/services_communaux\/pas-de-pitie-pour-les-envahisseurs\/\" \/>\n<meta property=\"og:locale\" content=\"fr_FR\" \/>\n<meta property=\"og:type\" content=\"article\" \/>\n<meta property=\"og:title\" content=\"Pas de piti\u00e9 pour les envahisseurs ! - Commune de Modave\" \/>\n<meta property=\"og:description\" content=\"Comme chaque ann\u00e9e, La commune de Modave &nbsp;et le Contrat de Rivi\u00e8re Meuse aval, Comit\u00e9 local du Hoyoux r\u00e9agissent face \u00e0 des envahisseurs&nbsp;: les plantes invasives&nbsp;! Nous r\u00e9aliserons encore durant l\u2019\u00e9t\u00e9 2013&nbsp;une campagne de gestion. H\u00e9 oui, ceci implique une gestion sur plusieurs ann\u00e9es&nbsp;! Connaissez-vous les plantes invasives&nbsp;?&#8230;.ces plantes exotiques qui deviennent envahissantes\u2026Elles prennent la&hellip;\" \/>\n<meta property=\"og:url\" content=\"https:\/\/www.modave.be\/index.php\/services_communaux\/pas-de-pitie-pour-les-envahisseurs\/\" \/>\n<meta property=\"og:site_name\" content=\"Commune de Modave\" \/>\n<meta property=\"article:modified_time\" content=\"2023-03-08T09:40:57+00:00\" \/>\n<meta property=\"og:image\" content=\"https:\/\/www.modave.be\/wp-content\/uploads\/2023\/03\/Chardons-scaled.jpg\" \/>\n\t<meta property=\"og:image:width\" content=\"2560\" \/>\n\t<meta property=\"og:image:height\" content=\"1707\" \/>\n\t<meta property=\"og:image:type\" content=\"image\/jpeg\" \/>\n<meta name=\"twitter:card\" content=\"summary_large_image\" \/>\n<meta name=\"twitter:label1\" content=\"Dur\u00e9e de lecture estim\u00e9e\" \/>\n\t<meta name=\"twitter:data1\" content=\"2 minutes\" \/>\n<script type=\"application\/ld+json\" class=\"yoast-schema-graph\">{\"@context\":\"https:\\\/\\\/schema.org\",\"@graph\":[{\"@type\":\"WebPage\",\"@id\":\"https:\\\/\\\/www.modave.be\\\/index.php\\\/services_communaux\\\/pas-de-pitie-pour-les-envahisseurs\\\/\",\"url\":\"https:\\\/\\\/www.modave.be\\\/index.php\\\/services_communaux\\\/pas-de-pitie-pour-les-envahisseurs\\\/\",\"name\":\"Pas de piti\u00e9 pour les envahisseurs ! - Commune de Modave\",\"isPartOf\":{\"@id\":\"https:\\\/\\\/www.modave.be\\\/#website\"},\"primaryImageOfPage\":{\"@id\":\"https:\\\/\\\/www.modave.be\\\/index.php\\\/services_communaux\\\/pas-de-pitie-pour-les-envahisseurs\\\/#primaryimage\"},\"image\":{\"@id\":\"https:\\\/\\\/www.modave.be\\\/index.php\\\/services_communaux\\\/pas-de-pitie-pour-les-envahisseurs\\\/#primaryimage\"},\"thumbnailUrl\":\"https:\\\/\\\/www.modave.be\\\/wp-content\\\/uploads\\\/2023\\\/03\\\/Chardons-scaled.jpg\",\"datePublished\":\"2016-01-22T09:39:52+00:00\",\"dateModified\":\"2023-03-08T09:40:57+00:00\",\"breadcrumb\":{\"@id\":\"https:\\\/\\\/www.modave.be\\\/index.php\\\/services_communaux\\\/pas-de-pitie-pour-les-envahisseurs\\\/#breadcrumb\"},\"inLanguage\":\"fr-FR\",\"potentialAction\":[{\"@type\":\"ReadAction\",\"target\":[\"https:\\\/\\\/www.modave.be\\\/index.php\\\/services_communaux\\\/pas-de-pitie-pour-les-envahisseurs\\\/\"]}]},{\"@type\":\"ImageObject\",\"inLanguage\":\"fr-FR\",\"@id\":\"https:\\\/\\\/www.modave.be\\\/index.php\\\/services_communaux\\\/pas-de-pitie-pour-les-envahisseurs\\\/#primaryimage\",\"url\":\"https:\\\/\\\/www.modave.be\\\/wp-content\\\/uploads\\\/2023\\\/03\\\/Chardons-scaled.jpg\",\"contentUrl\":\"https:\\\/\\\/www.modave.be\\\/wp-content\\\/uploads\\\/2023\\\/03\\\/Chardons-scaled.jpg\",\"width\":2560,\"height\":1707},{\"@type\":\"BreadcrumbList\",\"@id\":\"https:\\\/\\\/www.modave.be\\\/index.php\\\/services_communaux\\\/pas-de-pitie-pour-les-envahisseurs\\\/#breadcrumb\",\"itemListElement\":[{\"@type\":\"ListItem\",\"position\":1,\"name\":\"Accueil\",\"item\":\"https:\\\/\\\/www.modave.be\\\/\"},{\"@type\":\"ListItem\",\"position\":2,\"name\":\"Pas de piti\u00e9 pour les envahisseurs !\"}]},{\"@type\":\"WebSite\",\"@id\":\"https:\\\/\\\/www.modave.be\\\/#website\",\"url\":\"https:\\\/\\\/www.modave.be\\\/\",\"name\":\"Commune de Modave\",\"description\":\"Commune de Modave\",\"publisher\":{\"@id\":\"https:\\\/\\\/www.modave.be\\\/#organization\"},\"potentialAction\":[{\"@type\":\"SearchAction\",\"target\":{\"@type\":\"EntryPoint\",\"urlTemplate\":\"https:\\\/\\\/www.modave.be\\\/?s={search_term_string}\"},\"query-input\":{\"@type\":\"PropertyValueSpecification\",\"valueRequired\":true,\"valueName\":\"search_term_string\"}}],\"inLanguage\":\"fr-FR\"},{\"@type\":\"Organization\",\"@id\":\"https:\\\/\\\/www.modave.be\\\/#organization\",\"name\":\"Commune de Modave\",\"url\":\"https:\\\/\\\/www.modave.be\\\/\",\"logo\":{\"@type\":\"ImageObject\",\"inLanguage\":\"fr-FR\",\"@id\":\"https:\\\/\\\/www.modave.be\\\/#\\\/schema\\\/logo\\\/image\\\/\",\"url\":\"https:\\\/\\\/www.modave.be\\\/wp-content\\\/uploads\\\/2021\\\/12\\\/MODAVE_LOGO_HORIZONTAL_QUADRI_RVB.png\",\"contentUrl\":\"https:\\\/\\\/www.modave.be\\\/wp-content\\\/uploads\\\/2021\\\/12\\\/MODAVE_LOGO_HORIZONTAL_QUADRI_RVB.png\",\"width\":1200,\"height\":501,\"caption\":\"Commune de Modave\"},\"image\":{\"@id\":\"https:\\\/\\\/www.modave.be\\\/#\\\/schema\\\/logo\\\/image\\\/\"}}]}<\/script>\n<!-- \/ Yoast SEO plugin. -->","yoast_head_json":{"title":"Pas de piti\u00e9 pour les envahisseurs ! - Commune de Modave","robots":{"index":"index","follow":"follow","max-snippet":"max-snippet:-1","max-image-preview":"max-image-preview:large","max-video-preview":"max-video-preview:-1"},"canonical":"https:\/\/www.modave.be\/index.php\/services_communaux\/pas-de-pitie-pour-les-envahisseurs\/","og_locale":"fr_FR","og_type":"article","og_title":"Pas de piti\u00e9 pour les envahisseurs ! - Commune de Modave","og_description":"Comme chaque ann\u00e9e, La commune de Modave &nbsp;et le Contrat de Rivi\u00e8re Meuse aval, Comit\u00e9 local du Hoyoux r\u00e9agissent face \u00e0 des envahisseurs&nbsp;: les plantes invasives&nbsp;! Nous r\u00e9aliserons encore durant l\u2019\u00e9t\u00e9 2013&nbsp;une campagne de gestion. H\u00e9 oui, ceci implique une gestion sur plusieurs ann\u00e9es&nbsp;! Connaissez-vous les plantes invasives&nbsp;?&#8230;.ces plantes exotiques qui deviennent envahissantes\u2026Elles prennent la&hellip;","og_url":"https:\/\/www.modave.be\/index.php\/services_communaux\/pas-de-pitie-pour-les-envahisseurs\/","og_site_name":"Commune de Modave","article_modified_time":"2023-03-08T09:40:57+00:00","og_image":[{"width":2560,"height":1707,"url":"https:\/\/www.modave.be\/wp-content\/uploads\/2023\/03\/Chardons-scaled.jpg","type":"image\/jpeg"}],"twitter_card":"summary_large_image","twitter_misc":{"Dur\u00e9e de lecture estim\u00e9e":"2 minutes"},"schema":{"@context":"https:\/\/schema.org","@graph":[{"@type":"WebPage","@id":"https:\/\/www.modave.be\/index.php\/services_communaux\/pas-de-pitie-pour-les-envahisseurs\/","url":"https:\/\/www.modave.be\/index.php\/services_communaux\/pas-de-pitie-pour-les-envahisseurs\/","name":"Pas de piti\u00e9 pour les envahisseurs ! - Commune de Modave","isPartOf":{"@id":"https:\/\/www.modave.be\/#website"},"primaryImageOfPage":{"@id":"https:\/\/www.modave.be\/index.php\/services_communaux\/pas-de-pitie-pour-les-envahisseurs\/#primaryimage"},"image":{"@id":"https:\/\/www.modave.be\/index.php\/services_communaux\/pas-de-pitie-pour-les-envahisseurs\/#primaryimage"},"thumbnailUrl":"https:\/\/www.modave.be\/wp-content\/uploads\/2023\/03\/Chardons-scaled.jpg","datePublished":"2016-01-22T09:39:52+00:00","dateModified":"2023-03-08T09:40:57+00:00","breadcrumb":{"@id":"https:\/\/www.modave.be\/index.php\/services_communaux\/pas-de-pitie-pour-les-envahisseurs\/#breadcrumb"},"inLanguage":"fr-FR","potentialAction":[{"@type":"ReadAction","target":["https:\/\/www.modave.be\/index.php\/services_communaux\/pas-de-pitie-pour-les-envahisseurs\/"]}]},{"@type":"ImageObject","inLanguage":"fr-FR","@id":"https:\/\/www.modave.be\/index.php\/services_communaux\/pas-de-pitie-pour-les-envahisseurs\/#primaryimage","url":"https:\/\/www.modave.be\/wp-content\/uploads\/2023\/03\/Chardons-scaled.jpg","contentUrl":"https:\/\/www.modave.be\/wp-content\/uploads\/2023\/03\/Chardons-scaled.jpg","width":2560,"height":1707},{"@type":"BreadcrumbList","@id":"https:\/\/www.modave.be\/index.php\/services_communaux\/pas-de-pitie-pour-les-envahisseurs\/#breadcrumb","itemListElement":[{"@type":"ListItem","position":1,"name":"Accueil","item":"https:\/\/www.modave.be\/"},{"@type":"ListItem","position":2,"name":"Pas de piti\u00e9 pour les envahisseurs !"}]},{"@type":"WebSite","@id":"https:\/\/www.modave.be\/#website","url":"https:\/\/www.modave.be\/","name":"Commune de Modave","description":"Commune de Modave","publisher":{"@id":"https:\/\/www.modave.be\/#organization"},"potentialAction":[{"@type":"SearchAction","target":{"@type":"EntryPoint","urlTemplate":"https:\/\/www.modave.be\/?s={search_term_string}"},"query-input":{"@type":"PropertyValueSpecification","valueRequired":true,"valueName":"search_term_string"}}],"inLanguage":"fr-FR"},{"@type":"Organization","@id":"https:\/\/www.modave.be\/#organization","name":"Commune de Modave","url":"https:\/\/www.modave.be\/","logo":{"@type":"ImageObject","inLanguage":"fr-FR","@id":"https:\/\/www.modave.be\/#\/schema\/logo\/image\/","url":"https:\/\/www.modave.be\/wp-content\/uploads\/2021\/12\/MODAVE_LOGO_HORIZONTAL_QUADRI_RVB.png","contentUrl":"https:\/\/www.modave.be\/wp-content\/uploads\/2021\/12\/MODAVE_LOGO_HORIZONTAL_QUADRI_RVB.png","width":1200,"height":501,"caption":"Commune de Modave"},"image":{"@id":"https:\/\/www.modave.be\/#\/schema\/logo\/image\/"}}]}},"_links":{"self":[{"href":"https:\/\/www.modave.be\/index.php\/wp-json\/wp\/v2\/services_communaux\/11940","targetHints":{"allow":["GET"]}}],"collection":[{"href":"https:\/\/www.modave.be\/index.php\/wp-json\/wp\/v2\/services_communaux"}],"about":[{"href":"https:\/\/www.modave.be\/index.php\/wp-json\/wp\/v2\/types\/services_communaux"}],"author":[{"embeddable":true,"href":"https:\/\/www.modave.be\/index.php\/wp-json\/wp\/v2\/users\/1"}],"wp:featuredmedia":[{"embeddable":true,"href":"https:\/\/www.modave.be\/index.php\/wp-json\/wp\/v2\/media\/11921"}],"wp:attachment":[{"href":"https:\/\/www.modave.be\/index.php\/wp-json\/wp\/v2\/media?parent=11940"}],"wp:term":[{"taxonomy":"category","embeddable":true,"href":"https:\/\/www.modave.be\/index.php\/wp-json\/wp\/v2\/categories?post=11940"}],"curies":[{"name":"wp","href":"https:\/\/api.w.org\/{rel}","templated":true}]}}