{"id":11962,"date":"2023-02-28T11:01:45","date_gmt":"2023-02-28T10:01:45","guid":{"rendered":"http:\/\/217.182.142.226\/?post_type=services_communaux&#038;p=11962"},"modified":"2023-03-08T11:02:02","modified_gmt":"2023-03-08T10:02:02","slug":"planning-2023-pour-lenlevement-des-encombrants","status":"publish","type":"services_communaux","link":"https:\/\/www.modave.be\/index.php\/services_communaux\/planning-2023-pour-lenlevement-des-encombrants\/","title":{"rendered":"Planning 2023 pour l&rsquo;enl\u00e8vement des encombrants"},"content":{"rendered":"\n<p>La Ressourcerie du Pays de Li\u00e8ge&nbsp;enl\u00e8ve&nbsp;vos encombrants&nbsp;<strong>\u203c&nbsp;UNIQUEMENT&nbsp;sur rendez-vous au 04\/220 20 00&nbsp;\u203c<\/strong><\/p>\n\n\n\n<p>Plus d&rsquo;infos sur&nbsp;<a href=\"http:\/\/www.ressourcerieliege.be\/?fbclid=IwAR1i095mBj0iZoGA0pj1_HqOsQgjWzG1owogKpc0b9Oj5sscpEgdreoiq6A\" target=\"_blank\" rel=\"noreferrer noopener\">www.ressourcerieliege.be<\/a><\/p>\n\n\n\n<p>&nbsp;G\u00e9n\u00e9ralement, le 2<sup>\u00e8me<\/sup>&nbsp;vendredi de chaque mois, avec une cl\u00f4ture 10 jours avant.<\/p>\n\n\n\n<p><strong><u>Cl\u00f4tures des inscriptions&nbsp;<\/u>&nbsp; &nbsp; &nbsp; &nbsp; &nbsp; &nbsp; &nbsp; &nbsp;&nbsp;Collectes<\/strong><\/p>\n\n\n\n<p>&nbsp; 4 avril&nbsp; &nbsp; &nbsp; &nbsp; &nbsp; &nbsp; &nbsp; &nbsp; &nbsp; &nbsp; &nbsp; &nbsp; &nbsp; &nbsp; &nbsp; &nbsp; &nbsp; &nbsp; &nbsp; &nbsp; &nbsp; &nbsp; &nbsp;14 avril&nbsp;<br>&nbsp; 2 mai&nbsp; &nbsp; &nbsp; &nbsp; &nbsp; &nbsp; &nbsp; &nbsp; &nbsp; &nbsp; &nbsp; &nbsp; &nbsp; &nbsp; &nbsp; &nbsp; &nbsp; &nbsp; &nbsp; &nbsp; &nbsp; &nbsp; &nbsp; 12 mai<br>30 mai&nbsp; &nbsp; &nbsp; &nbsp; &nbsp; &nbsp; &nbsp; &nbsp; &nbsp; &nbsp; &nbsp; &nbsp; &nbsp; &nbsp; &nbsp; &nbsp; &nbsp; &nbsp; &nbsp; &nbsp; &nbsp; &nbsp; &nbsp; &nbsp; 9 juin<br>&nbsp; 4 juillet&nbsp; &nbsp; &nbsp; &nbsp; &nbsp; &nbsp; &nbsp; &nbsp; &nbsp; &nbsp; &nbsp; &nbsp; &nbsp; &nbsp; &nbsp; &nbsp; &nbsp; &nbsp; &nbsp; &nbsp; &nbsp; &nbsp;14 juillet<br>&nbsp; 1 ao\u00fbt&nbsp; &nbsp; &nbsp; &nbsp; &nbsp; &nbsp; &nbsp; &nbsp; &nbsp; &nbsp; &nbsp; &nbsp; &nbsp; &nbsp; &nbsp; &nbsp; &nbsp; &nbsp; &nbsp; &nbsp; &nbsp; &nbsp; &nbsp;11 ao\u00fbt<br>&nbsp; 5 septembre&nbsp; &nbsp; &nbsp; &nbsp; &nbsp; &nbsp; &nbsp; &nbsp; &nbsp; &nbsp; &nbsp; &nbsp; &nbsp; &nbsp; &nbsp; &nbsp; &nbsp; &nbsp;15 septembre<br>&nbsp; 3 octobre&nbsp; &nbsp; &nbsp; &nbsp; &nbsp; &nbsp; &nbsp; &nbsp; &nbsp; &nbsp; &nbsp; &nbsp; &nbsp; &nbsp; &nbsp; &nbsp; &nbsp; &nbsp; &nbsp; &nbsp; 13 octobre<br>31 octobre&nbsp; &nbsp; &nbsp; &nbsp; &nbsp; &nbsp; &nbsp; &nbsp; &nbsp; &nbsp; &nbsp; &nbsp; &nbsp; &nbsp; &nbsp; &nbsp; &nbsp; &nbsp; &nbsp; &nbsp; 10 novembre<br>&nbsp; 5 d\u00e9cembre&nbsp; &nbsp; &nbsp; &nbsp; &nbsp; &nbsp; &nbsp; &nbsp; &nbsp; &nbsp; &nbsp; &nbsp; &nbsp; &nbsp; &nbsp; &nbsp; &nbsp; &nbsp; &nbsp;15 d\u00e9cembre<\/p>\n","protected":false},"excerpt":{"rendered":"<p>La Ressourcerie du Pays de Li\u00e8ge&nbsp;enl\u00e8ve&nbsp;vos encombrants&nbsp;\u203c&nbsp;UNIQUEMENT&nbsp;sur rendez-vous au 04\/220 20 00&nbsp;\u203c Plus d&rsquo;infos sur&nbsp;www.ressourcerieliege.be &nbsp;G\u00e9n\u00e9ralement, le 2\u00e8me&nbsp;vendredi de chaque mois, avec une cl\u00f4ture 10 jours avant. Cl\u00f4tures des inscriptions&nbsp;&nbsp; &nbsp; &nbsp; &nbsp; &nbsp; &nbsp; &nbsp; &nbsp;&nbsp;Collectes &nbsp; 4 avril&nbsp; &nbsp; &nbsp; &nbsp; &nbsp; &nbsp; &nbsp; &nbsp; &nbsp; &nbsp; &nbsp; &nbsp; &nbsp; &nbsp; &nbsp; &nbsp;&hellip;<\/p>\n","protected":false},"author":1,"featured_media":339,"menu_order":0,"template":"","categories":[224],"class_list":["post-11962","services_communaux","type-services_communaux","status-publish","has-post-thumbnail","hentry","category-intradel","description-off"],"yoast_head":"<!-- This site is optimized with the Yoast SEO plugin v27.5 - https:\/\/yoast.com\/product\/yoast-seo-wordpress\/ -->\n<title>Planning 2023 pour l&#039;enl\u00e8vement des encombrants - Commune de Modave<\/title>\n<meta name=\"robots\" content=\"index, follow, max-snippet:-1, max-image-preview:large, max-video-preview:-1\" \/>\n<link rel=\"canonical\" href=\"https:\/\/www.modave.be\/index.php\/services_communaux\/planning-2023-pour-lenlevement-des-encombrants\/\" \/>\n<meta property=\"og:locale\" content=\"fr_FR\" \/>\n<meta property=\"og:type\" content=\"article\" \/>\n<meta property=\"og:title\" content=\"Planning 2023 pour l&#039;enl\u00e8vement des encombrants - Commune de Modave\" \/>\n<meta property=\"og:description\" content=\"La Ressourcerie du Pays de Li\u00e8ge&nbsp;enl\u00e8ve&nbsp;vos encombrants&nbsp;\u203c&nbsp;UNIQUEMENT&nbsp;sur rendez-vous au 04\/220 20 00&nbsp;\u203c Plus d&rsquo;infos sur&nbsp;www.ressourcerieliege.be &nbsp;G\u00e9n\u00e9ralement, le 2\u00e8me&nbsp;vendredi de chaque mois, avec une cl\u00f4ture 10 jours avant. Cl\u00f4tures des inscriptions&nbsp;&nbsp; &nbsp; &nbsp; &nbsp; &nbsp; &nbsp; &nbsp; &nbsp;&nbsp;Collectes &nbsp; 4 avril&nbsp; &nbsp; &nbsp; &nbsp; &nbsp; &nbsp; &nbsp; &nbsp; &nbsp; &nbsp; &nbsp; &nbsp; &nbsp; &nbsp; &nbsp; &nbsp;&hellip;\" \/>\n<meta property=\"og:url\" content=\"https:\/\/www.modave.be\/index.php\/services_communaux\/planning-2023-pour-lenlevement-des-encombrants\/\" \/>\n<meta property=\"og:site_name\" content=\"Commune de Modave\" \/>\n<meta property=\"article:modified_time\" content=\"2023-03-08T10:02:02+00:00\" \/>\n<meta property=\"og:image\" content=\"https:\/\/www.modave.be\/wp-content\/uploads\/2020\/02\/img001-6-1-1.jpg\" \/>\n\t<meta property=\"og:image:width\" content=\"1500\" \/>\n\t<meta property=\"og:image:height\" content=\"1000\" \/>\n\t<meta property=\"og:image:type\" content=\"image\/jpeg\" \/>\n<meta name=\"twitter:card\" content=\"summary_large_image\" \/>\n<meta name=\"twitter:label1\" content=\"Dur\u00e9e de lecture estim\u00e9e\" \/>\n\t<meta name=\"twitter:data1\" content=\"1 minute\" \/>\n<script type=\"application\/ld+json\" class=\"yoast-schema-graph\">{\"@context\":\"https:\\\/\\\/schema.org\",\"@graph\":[{\"@type\":\"WebPage\",\"@id\":\"https:\\\/\\\/www.modave.be\\\/index.php\\\/services_communaux\\\/planning-2023-pour-lenlevement-des-encombrants\\\/\",\"url\":\"https:\\\/\\\/www.modave.be\\\/index.php\\\/services_communaux\\\/planning-2023-pour-lenlevement-des-encombrants\\\/\",\"name\":\"Planning 2023 pour l'enl\u00e8vement des encombrants - Commune de Modave\",\"isPartOf\":{\"@id\":\"https:\\\/\\\/www.modave.be\\\/#website\"},\"primaryImageOfPage\":{\"@id\":\"https:\\\/\\\/www.modave.be\\\/index.php\\\/services_communaux\\\/planning-2023-pour-lenlevement-des-encombrants\\\/#primaryimage\"},\"image\":{\"@id\":\"https:\\\/\\\/www.modave.be\\\/index.php\\\/services_communaux\\\/planning-2023-pour-lenlevement-des-encombrants\\\/#primaryimage\"},\"thumbnailUrl\":\"https:\\\/\\\/www.modave.be\\\/wp-content\\\/uploads\\\/2020\\\/02\\\/img001-6-1-1.jpg\",\"datePublished\":\"2023-02-28T10:01:45+00:00\",\"dateModified\":\"2023-03-08T10:02:02+00:00\",\"breadcrumb\":{\"@id\":\"https:\\\/\\\/www.modave.be\\\/index.php\\\/services_communaux\\\/planning-2023-pour-lenlevement-des-encombrants\\\/#breadcrumb\"},\"inLanguage\":\"fr-FR\",\"potentialAction\":[{\"@type\":\"ReadAction\",\"target\":[\"https:\\\/\\\/www.modave.be\\\/index.php\\\/services_communaux\\\/planning-2023-pour-lenlevement-des-encombrants\\\/\"]}]},{\"@type\":\"ImageObject\",\"inLanguage\":\"fr-FR\",\"@id\":\"https:\\\/\\\/www.modave.be\\\/index.php\\\/services_communaux\\\/planning-2023-pour-lenlevement-des-encombrants\\\/#primaryimage\",\"url\":\"https:\\\/\\\/www.modave.be\\\/wp-content\\\/uploads\\\/2020\\\/02\\\/img001-6-1-1.jpg\",\"contentUrl\":\"https:\\\/\\\/www.modave.be\\\/wp-content\\\/uploads\\\/2020\\\/02\\\/img001-6-1-1.jpg\",\"width\":1500,\"height\":1000},{\"@type\":\"BreadcrumbList\",\"@id\":\"https:\\\/\\\/www.modave.be\\\/index.php\\\/services_communaux\\\/planning-2023-pour-lenlevement-des-encombrants\\\/#breadcrumb\",\"itemListElement\":[{\"@type\":\"ListItem\",\"position\":1,\"name\":\"Accueil\",\"item\":\"https:\\\/\\\/www.modave.be\\\/\"},{\"@type\":\"ListItem\",\"position\":2,\"name\":\"Planning 2023 pour l&rsquo;enl\u00e8vement des encombrants\"}]},{\"@type\":\"WebSite\",\"@id\":\"https:\\\/\\\/www.modave.be\\\/#website\",\"url\":\"https:\\\/\\\/www.modave.be\\\/\",\"name\":\"Commune de Modave\",\"description\":\"Commune de Modave\",\"publisher\":{\"@id\":\"https:\\\/\\\/www.modave.be\\\/#organization\"},\"potentialAction\":[{\"@type\":\"SearchAction\",\"target\":{\"@type\":\"EntryPoint\",\"urlTemplate\":\"https:\\\/\\\/www.modave.be\\\/?s={search_term_string}\"},\"query-input\":{\"@type\":\"PropertyValueSpecification\",\"valueRequired\":true,\"valueName\":\"search_term_string\"}}],\"inLanguage\":\"fr-FR\"},{\"@type\":\"Organization\",\"@id\":\"https:\\\/\\\/www.modave.be\\\/#organization\",\"name\":\"Commune de Modave\",\"url\":\"https:\\\/\\\/www.modave.be\\\/\",\"logo\":{\"@type\":\"ImageObject\",\"inLanguage\":\"fr-FR\",\"@id\":\"https:\\\/\\\/www.modave.be\\\/#\\\/schema\\\/logo\\\/image\\\/\",\"url\":\"https:\\\/\\\/www.modave.be\\\/wp-content\\\/uploads\\\/2021\\\/12\\\/MODAVE_LOGO_HORIZONTAL_QUADRI_RVB.png\",\"contentUrl\":\"https:\\\/\\\/www.modave.be\\\/wp-content\\\/uploads\\\/2021\\\/12\\\/MODAVE_LOGO_HORIZONTAL_QUADRI_RVB.png\",\"width\":1200,\"height\":501,\"caption\":\"Commune de Modave\"},\"image\":{\"@id\":\"https:\\\/\\\/www.modave.be\\\/#\\\/schema\\\/logo\\\/image\\\/\"}}]}<\/script>\n<!-- \/ Yoast SEO plugin. -->","yoast_head_json":{"title":"Planning 2023 pour l'enl\u00e8vement des encombrants - Commune de Modave","robots":{"index":"index","follow":"follow","max-snippet":"max-snippet:-1","max-image-preview":"max-image-preview:large","max-video-preview":"max-video-preview:-1"},"canonical":"https:\/\/www.modave.be\/index.php\/services_communaux\/planning-2023-pour-lenlevement-des-encombrants\/","og_locale":"fr_FR","og_type":"article","og_title":"Planning 2023 pour l'enl\u00e8vement des encombrants - Commune de Modave","og_description":"La Ressourcerie du Pays de Li\u00e8ge&nbsp;enl\u00e8ve&nbsp;vos encombrants&nbsp;\u203c&nbsp;UNIQUEMENT&nbsp;sur rendez-vous au 04\/220 20 00&nbsp;\u203c Plus d&rsquo;infos sur&nbsp;www.ressourcerieliege.be &nbsp;G\u00e9n\u00e9ralement, le 2\u00e8me&nbsp;vendredi de chaque mois, avec une cl\u00f4ture 10 jours avant. Cl\u00f4tures des inscriptions&nbsp;&nbsp; &nbsp; &nbsp; &nbsp; &nbsp; &nbsp; &nbsp; &nbsp;&nbsp;Collectes &nbsp; 4 avril&nbsp; &nbsp; &nbsp; &nbsp; &nbsp; &nbsp; &nbsp; &nbsp; &nbsp; &nbsp; &nbsp; &nbsp; &nbsp; &nbsp; &nbsp; &nbsp;&hellip;","og_url":"https:\/\/www.modave.be\/index.php\/services_communaux\/planning-2023-pour-lenlevement-des-encombrants\/","og_site_name":"Commune de Modave","article_modified_time":"2023-03-08T10:02:02+00:00","og_image":[{"width":1500,"height":1000,"url":"https:\/\/www.modave.be\/wp-content\/uploads\/2020\/02\/img001-6-1-1.jpg","type":"image\/jpeg"}],"twitter_card":"summary_large_image","twitter_misc":{"Dur\u00e9e de lecture estim\u00e9e":"1 minute"},"schema":{"@context":"https:\/\/schema.org","@graph":[{"@type":"WebPage","@id":"https:\/\/www.modave.be\/index.php\/services_communaux\/planning-2023-pour-lenlevement-des-encombrants\/","url":"https:\/\/www.modave.be\/index.php\/services_communaux\/planning-2023-pour-lenlevement-des-encombrants\/","name":"Planning 2023 pour l'enl\u00e8vement des encombrants - Commune de Modave","isPartOf":{"@id":"https:\/\/www.modave.be\/#website"},"primaryImageOfPage":{"@id":"https:\/\/www.modave.be\/index.php\/services_communaux\/planning-2023-pour-lenlevement-des-encombrants\/#primaryimage"},"image":{"@id":"https:\/\/www.modave.be\/index.php\/services_communaux\/planning-2023-pour-lenlevement-des-encombrants\/#primaryimage"},"thumbnailUrl":"https:\/\/www.modave.be\/wp-content\/uploads\/2020\/02\/img001-6-1-1.jpg","datePublished":"2023-02-28T10:01:45+00:00","dateModified":"2023-03-08T10:02:02+00:00","breadcrumb":{"@id":"https:\/\/www.modave.be\/index.php\/services_communaux\/planning-2023-pour-lenlevement-des-encombrants\/#breadcrumb"},"inLanguage":"fr-FR","potentialAction":[{"@type":"ReadAction","target":["https:\/\/www.modave.be\/index.php\/services_communaux\/planning-2023-pour-lenlevement-des-encombrants\/"]}]},{"@type":"ImageObject","inLanguage":"fr-FR","@id":"https:\/\/www.modave.be\/index.php\/services_communaux\/planning-2023-pour-lenlevement-des-encombrants\/#primaryimage","url":"https:\/\/www.modave.be\/wp-content\/uploads\/2020\/02\/img001-6-1-1.jpg","contentUrl":"https:\/\/www.modave.be\/wp-content\/uploads\/2020\/02\/img001-6-1-1.jpg","width":1500,"height":1000},{"@type":"BreadcrumbList","@id":"https:\/\/www.modave.be\/index.php\/services_communaux\/planning-2023-pour-lenlevement-des-encombrants\/#breadcrumb","itemListElement":[{"@type":"ListItem","position":1,"name":"Accueil","item":"https:\/\/www.modave.be\/"},{"@type":"ListItem","position":2,"name":"Planning 2023 pour l&rsquo;enl\u00e8vement des encombrants"}]},{"@type":"WebSite","@id":"https:\/\/www.modave.be\/#website","url":"https:\/\/www.modave.be\/","name":"Commune de Modave","description":"Commune de Modave","publisher":{"@id":"https:\/\/www.modave.be\/#organization"},"potentialAction":[{"@type":"SearchAction","target":{"@type":"EntryPoint","urlTemplate":"https:\/\/www.modave.be\/?s={search_term_string}"},"query-input":{"@type":"PropertyValueSpecification","valueRequired":true,"valueName":"search_term_string"}}],"inLanguage":"fr-FR"},{"@type":"Organization","@id":"https:\/\/www.modave.be\/#organization","name":"Commune de Modave","url":"https:\/\/www.modave.be\/","logo":{"@type":"ImageObject","inLanguage":"fr-FR","@id":"https:\/\/www.modave.be\/#\/schema\/logo\/image\/","url":"https:\/\/www.modave.be\/wp-content\/uploads\/2021\/12\/MODAVE_LOGO_HORIZONTAL_QUADRI_RVB.png","contentUrl":"https:\/\/www.modave.be\/wp-content\/uploads\/2021\/12\/MODAVE_LOGO_HORIZONTAL_QUADRI_RVB.png","width":1200,"height":501,"caption":"Commune de Modave"},"image":{"@id":"https:\/\/www.modave.be\/#\/schema\/logo\/image\/"}}]}},"_links":{"self":[{"href":"https:\/\/www.modave.be\/index.php\/wp-json\/wp\/v2\/services_communaux\/11962","targetHints":{"allow":["GET"]}}],"collection":[{"href":"https:\/\/www.modave.be\/index.php\/wp-json\/wp\/v2\/services_communaux"}],"about":[{"href":"https:\/\/www.modave.be\/index.php\/wp-json\/wp\/v2\/types\/services_communaux"}],"author":[{"embeddable":true,"href":"https:\/\/www.modave.be\/index.php\/wp-json\/wp\/v2\/users\/1"}],"wp:featuredmedia":[{"embeddable":true,"href":"https:\/\/www.modave.be\/index.php\/wp-json\/wp\/v2\/media\/339"}],"wp:attachment":[{"href":"https:\/\/www.modave.be\/index.php\/wp-json\/wp\/v2\/media?parent=11962"}],"wp:term":[{"taxonomy":"category","embeddable":true,"href":"https:\/\/www.modave.be\/index.php\/wp-json\/wp\/v2\/categories?post=11962"}],"curies":[{"name":"wp","href":"https:\/\/api.w.org\/{rel}","templated":true}]}}