{"id":12352,"date":"2023-03-17T09:23:56","date_gmt":"2023-03-17T08:23:56","guid":{"rendered":"http:\/\/217.182.142.226\/?post_type=services_communaux&#038;p=12352"},"modified":"2023-04-11T08:36:59","modified_gmt":"2023-04-11T06:36:59","slug":"stages-2023-2","status":"publish","type":"services_communaux","link":"https:\/\/www.modave.be\/index.php\/services_communaux\/stages-2023-2\/","title":{"rendered":"Stages 2023"},"content":{"rendered":"\n<p>Les dates des stages d&rsquo;\u00e9t\u00e9 2023 sont d\u00e9j\u00e0 fix\u00e9es !&nbsp;<img decoding=\"async\" src=\"https:\/\/static.xx.fbcdn.net\/images\/emoji.php\/v9\/t24\/1\/16\/1f938_200d_2640.png\" alt=\"\ud83e\udd38\u200d\u2640\ufe0f\" width=\"16\" height=\"16\"><\/p>\n\n\n\n<p>Le programme complet des stages ne sera \u00e9tabli que d\u00e9but Mai pour l&rsquo;\u00e9t\u00e9, et une nouvelle campagne d&rsquo;informations sera lanc\u00e9e \u00e0 ce moment l\u00e0.<br>Cela dit, il vous est d\u00e9j\u00e0 possible d&rsquo;y inscrire vos enfants : tous les stages sont SPORTIFS !&nbsp;<img decoding=\"async\" src=\"https:\/\/static.xx.fbcdn.net\/images\/emoji.php\/v9\/tb7\/1\/16\/1f917.png\" alt=\"\ud83e\udd17\" width=\"16\" height=\"16\"><\/p>\n\n\n\n<p><img decoding=\"async\" src=\"https:\/\/static.xx.fbcdn.net\/images\/emoji.php\/v9\/t51\/1\/16\/1f449.png\" alt=\"\ud83d\udc49\" width=\"16\" height=\"16\">Du 10 au 14 juillet (5 jours) :<\/p>\n\n\n\n<p>&#8211; en collaboration avec&nbsp;<a href=\"https:\/\/www.facebook.com\/profile.php?id=100070848652310&amp;__cft__[0]=AZXkPgCkLg8mlQlVo6AoxBATGeqqb5V5h2p_zIPX-aKjwzOGoBmQW0z3NeW5idGlicxjVZjEyoQ5kIj2aV6PAb_-umsAYTGJvVqmHHRl5J7keL-aGRrLWQag3UGHRXnfsNjy-h9pZY0KuWnnA6neWRJcdFJvg8fv2kbaWB9R4WT-_A&amp;__tn__=-]K-R\" target=\"_blank\" rel=\"noreferrer noopener\">Sport Attitude asbl<\/a><\/p>\n\n\n\n<p>&#8211; de 2,5 \u00e0 12 ans<\/p>\n\n\n\n<p>&#8211; au Complexe Sportif de Vierset<\/p>\n\n\n\n<p><img decoding=\"async\" src=\"https:\/\/static.xx.fbcdn.net\/images\/emoji.php\/v9\/t51\/1\/16\/1f449.png\" alt=\"\ud83d\udc49\" width=\"16\" height=\"16\">Du 24 au 28 juillet (5 jours) :<\/p>\n\n\n\n<p>&#8211; en collaboration avec&nbsp;<a href=\"https:\/\/www.facebook.com\/lavoiedeleffort?__cft__[0]=AZXkPgCkLg8mlQlVo6AoxBATGeqqb5V5h2p_zIPX-aKjwzOGoBmQW0z3NeW5idGlicxjVZjEyoQ5kIj2aV6PAb_-umsAYTGJvVqmHHRl5J7keL-aGRrLWQag3UGHRXnfsNjy-h9pZY0KuWnnA6neWRJcdFJvg8fv2kbaWB9R4WT-_A&amp;__tn__=-]K-R\" target=\"_blank\" rel=\"noreferrer noopener\">La Voie de l&rsquo;Effort<\/a><\/p>\n\n\n\n<p>&#8211; de 2,5 \u00e0 12 ans<\/p>\n\n\n\n<p>&#8211; au Complexe Sportif de Vierset<\/p>\n\n\n\n<p><img decoding=\"async\" src=\"https:\/\/static.xx.fbcdn.net\/images\/emoji.php\/v9\/t51\/1\/16\/1f449.png\" alt=\"\ud83d\udc49\" width=\"16\" height=\"16\">Du 14 au 18 ao\u00fbt (4 jours, le 15 \u00e9tant f\u00e9ri\u00e9) :<\/p>\n\n\n\n<p>&#8211; en collaboration avec&nbsp;<a href=\"https:\/\/www.facebook.com\/lavoiedeleffort?__cft__[0]=AZXkPgCkLg8mlQlVo6AoxBATGeqqb5V5h2p_zIPX-aKjwzOGoBmQW0z3NeW5idGlicxjVZjEyoQ5kIj2aV6PAb_-umsAYTGJvVqmHHRl5J7keL-aGRrLWQag3UGHRXnfsNjy-h9pZY0KuWnnA6neWRJcdFJvg8fv2kbaWB9R4WT-_A&amp;__tn__=-]K-R\" target=\"_blank\" rel=\"noreferrer noopener\">La Voie de l&rsquo;Effort<\/a><\/p>\n\n\n\n<p>&#8211; de 2,5 \u00e0 12 ans<\/p>\n\n\n\n<p>&#8211; au Complexe Sportif de Vierset<\/p>\n\n\n\n<p><img decoding=\"async\" src=\"https:\/\/static.xx.fbcdn.net\/images\/emoji.php\/v9\/t51\/1\/16\/1f449.png\" alt=\"\ud83d\udc49\" width=\"16\" height=\"16\">Du 21 au 25 ao\u00fbt (5 jours) :<\/p>\n\n\n\n<p>&#8211; en collaboration avec&nbsp;<a href=\"https:\/\/www.facebook.com\/profile.php?id=100070848652310&amp;__cft__[0]=AZXkPgCkLg8mlQlVo6AoxBATGeqqb5V5h2p_zIPX-aKjwzOGoBmQW0z3NeW5idGlicxjVZjEyoQ5kIj2aV6PAb_-umsAYTGJvVqmHHRl5J7keL-aGRrLWQag3UGHRXnfsNjy-h9pZY0KuWnnA6neWRJcdFJvg8fv2kbaWB9R4WT-_A&amp;__tn__=-]K-R\" target=\"_blank\" rel=\"noreferrer noopener\">Sport Attitude asbl<\/a><\/p>\n\n\n\n<p>&#8211; de 2,5 \u00e0 12 ans<\/p>\n\n\n\n<p>&#8211; au Complexe Sportif de Vierset<\/p>\n\n\n\n<p><img loading=\"lazy\" decoding=\"async\" src=\"https:\/\/static.xx.fbcdn.net\/images\/emoji.php\/v9\/t50\/1\/16\/2757.png\" alt=\"\u2757\" width=\"16\" height=\"16\">Il est indispensable d&rsquo;attendre une confirmation \u00e9crite par e-mail avant d&rsquo;effectuer un paiement ! Merci pour votre compr\u00e9hension.<\/p>\n\n\n\n<h5 class=\"wp-block-heading\">Stages de printemps du 2 au 5 mai et du 8 au 12 mai 2023<\/h5>\n\n\n\n<p>Stages organis\u00e9s par la Commune de Modave en collaboration avec \u00ab\u00a0Sport attitude\u00a0\u00bb asbl, la Voie de l&rsquo;Effort et l&rsquo;ATL (Accueil Temps Libre) de Modave.<\/p>\n\n\n\n<p><strong>Merci de TOUJOURS attendre d&rsquo;avoir une confirmation d&rsquo;inscription par mail avant d&rsquo;effectuer un paiement<\/strong>&nbsp;<\/p>\n\n\n\n<p>Pour tout renseignement compl\u00e9mentaire, merci de bien vouloir contacter le service Jeunesse de la Commune (Fran\u00e7ois PERNIAUX) au 0478\/98.14.93 ou par mail \u00e0&nbsp;<a href=\"mailto:jeunesse@modave.be\">jeunesse@modave.be<\/a>&nbsp;&nbsp;<\/p>\n\n\n\n<p><a href=\"https:\/\/www.modave.be\/index.php\/stages\/\" data-type=\"page\">Inscription aux stages<\/a><\/p>\n","protected":false},"excerpt":{"rendered":"<p>Les dates des stages d&rsquo;\u00e9t\u00e9 2023 sont d\u00e9j\u00e0 fix\u00e9es !&nbsp; Le programme complet des stages ne sera \u00e9tabli que d\u00e9but Mai pour l&rsquo;\u00e9t\u00e9, et une nouvelle campagne d&rsquo;informations sera lanc\u00e9e \u00e0 ce moment l\u00e0.Cela dit, il vous est d\u00e9j\u00e0 possible d&rsquo;y inscrire vos enfants : tous les stages sont SPORTIFS !&nbsp; Du 10 au 14&hellip;<\/p>\n","protected":false},"author":1,"featured_media":12396,"menu_order":0,"template":"","categories":[206],"class_list":["post-12352","services_communaux","type-services_communaux","status-publish","has-post-thumbnail","hentry","category-sports_et_loisirs","description-off"],"yoast_head":"<!-- This site is optimized with the Yoast SEO plugin v27.5 - https:\/\/yoast.com\/product\/yoast-seo-wordpress\/ -->\n<title>Stages 2023 - Commune de Modave<\/title>\n<meta name=\"robots\" content=\"index, follow, max-snippet:-1, max-image-preview:large, max-video-preview:-1\" \/>\n<link rel=\"canonical\" href=\"https:\/\/www.modave.be\/index.php\/services_communaux\/stages-2023-2\/\" \/>\n<meta property=\"og:locale\" content=\"fr_FR\" \/>\n<meta property=\"og:type\" content=\"article\" \/>\n<meta property=\"og:title\" content=\"Stages 2023 - Commune de Modave\" \/>\n<meta property=\"og:description\" content=\"Les dates des stages d&rsquo;\u00e9t\u00e9 2023 sont d\u00e9j\u00e0 fix\u00e9es !&nbsp; Le programme complet des stages ne sera \u00e9tabli que d\u00e9but Mai pour l&rsquo;\u00e9t\u00e9, et une nouvelle campagne d&rsquo;informations sera lanc\u00e9e \u00e0 ce moment l\u00e0.Cela dit, il vous est d\u00e9j\u00e0 possible d&rsquo;y inscrire vos enfants : tous les stages sont SPORTIFS !&nbsp; Du 10 au 14&hellip;\" \/>\n<meta property=\"og:url\" content=\"https:\/\/www.modave.be\/index.php\/services_communaux\/stages-2023-2\/\" \/>\n<meta property=\"og:site_name\" content=\"Commune de Modave\" \/>\n<meta property=\"article:modified_time\" content=\"2023-04-11T06:36:59+00:00\" \/>\n<meta property=\"og:image\" content=\"https:\/\/www.modave.be\/wp-content\/uploads\/2023\/04\/animations-e1736758011326.jpg\" \/>\n\t<meta property=\"og:image:width\" content=\"1920\" \/>\n\t<meta property=\"og:image:height\" content=\"960\" \/>\n\t<meta property=\"og:image:type\" content=\"image\/jpeg\" \/>\n<meta name=\"twitter:card\" content=\"summary_large_image\" \/>\n<meta name=\"twitter:label1\" content=\"Dur\u00e9e de lecture estim\u00e9e\" \/>\n\t<meta name=\"twitter:data1\" content=\"1 minute\" \/>\n<script type=\"application\/ld+json\" class=\"yoast-schema-graph\">{\"@context\":\"https:\\\/\\\/schema.org\",\"@graph\":[{\"@type\":\"WebPage\",\"@id\":\"https:\\\/\\\/www.modave.be\\\/index.php\\\/services_communaux\\\/stages-2023-2\\\/\",\"url\":\"https:\\\/\\\/www.modave.be\\\/index.php\\\/services_communaux\\\/stages-2023-2\\\/\",\"name\":\"Stages 2023 - Commune de Modave\",\"isPartOf\":{\"@id\":\"https:\\\/\\\/www.modave.be\\\/#website\"},\"primaryImageOfPage\":{\"@id\":\"https:\\\/\\\/www.modave.be\\\/index.php\\\/services_communaux\\\/stages-2023-2\\\/#primaryimage\"},\"image\":{\"@id\":\"https:\\\/\\\/www.modave.be\\\/index.php\\\/services_communaux\\\/stages-2023-2\\\/#primaryimage\"},\"thumbnailUrl\":\"https:\\\/\\\/www.modave.be\\\/wp-content\\\/uploads\\\/2023\\\/04\\\/animations-e1736758011326.jpg\",\"datePublished\":\"2023-03-17T08:23:56+00:00\",\"dateModified\":\"2023-04-11T06:36:59+00:00\",\"breadcrumb\":{\"@id\":\"https:\\\/\\\/www.modave.be\\\/index.php\\\/services_communaux\\\/stages-2023-2\\\/#breadcrumb\"},\"inLanguage\":\"fr-FR\",\"potentialAction\":[{\"@type\":\"ReadAction\",\"target\":[\"https:\\\/\\\/www.modave.be\\\/index.php\\\/services_communaux\\\/stages-2023-2\\\/\"]}]},{\"@type\":\"ImageObject\",\"inLanguage\":\"fr-FR\",\"@id\":\"https:\\\/\\\/www.modave.be\\\/index.php\\\/services_communaux\\\/stages-2023-2\\\/#primaryimage\",\"url\":\"https:\\\/\\\/www.modave.be\\\/wp-content\\\/uploads\\\/2023\\\/04\\\/animations-e1736758011326.jpg\",\"contentUrl\":\"https:\\\/\\\/www.modave.be\\\/wp-content\\\/uploads\\\/2023\\\/04\\\/animations-e1736758011326.jpg\",\"width\":1920,\"height\":960},{\"@type\":\"BreadcrumbList\",\"@id\":\"https:\\\/\\\/www.modave.be\\\/index.php\\\/services_communaux\\\/stages-2023-2\\\/#breadcrumb\",\"itemListElement\":[{\"@type\":\"ListItem\",\"position\":1,\"name\":\"Accueil\",\"item\":\"https:\\\/\\\/www.modave.be\\\/\"},{\"@type\":\"ListItem\",\"position\":2,\"name\":\"Stages 2023\"}]},{\"@type\":\"WebSite\",\"@id\":\"https:\\\/\\\/www.modave.be\\\/#website\",\"url\":\"https:\\\/\\\/www.modave.be\\\/\",\"name\":\"Commune de Modave\",\"description\":\"Commune de Modave\",\"publisher\":{\"@id\":\"https:\\\/\\\/www.modave.be\\\/#organization\"},\"potentialAction\":[{\"@type\":\"SearchAction\",\"target\":{\"@type\":\"EntryPoint\",\"urlTemplate\":\"https:\\\/\\\/www.modave.be\\\/?s={search_term_string}\"},\"query-input\":{\"@type\":\"PropertyValueSpecification\",\"valueRequired\":true,\"valueName\":\"search_term_string\"}}],\"inLanguage\":\"fr-FR\"},{\"@type\":\"Organization\",\"@id\":\"https:\\\/\\\/www.modave.be\\\/#organization\",\"name\":\"Commune de Modave\",\"url\":\"https:\\\/\\\/www.modave.be\\\/\",\"logo\":{\"@type\":\"ImageObject\",\"inLanguage\":\"fr-FR\",\"@id\":\"https:\\\/\\\/www.modave.be\\\/#\\\/schema\\\/logo\\\/image\\\/\",\"url\":\"https:\\\/\\\/www.modave.be\\\/wp-content\\\/uploads\\\/2021\\\/12\\\/MODAVE_LOGO_HORIZONTAL_QUADRI_RVB.png\",\"contentUrl\":\"https:\\\/\\\/www.modave.be\\\/wp-content\\\/uploads\\\/2021\\\/12\\\/MODAVE_LOGO_HORIZONTAL_QUADRI_RVB.png\",\"width\":1200,\"height\":501,\"caption\":\"Commune de Modave\"},\"image\":{\"@id\":\"https:\\\/\\\/www.modave.be\\\/#\\\/schema\\\/logo\\\/image\\\/\"}}]}<\/script>\n<!-- \/ Yoast SEO plugin. -->","yoast_head_json":{"title":"Stages 2023 - Commune de Modave","robots":{"index":"index","follow":"follow","max-snippet":"max-snippet:-1","max-image-preview":"max-image-preview:large","max-video-preview":"max-video-preview:-1"},"canonical":"https:\/\/www.modave.be\/index.php\/services_communaux\/stages-2023-2\/","og_locale":"fr_FR","og_type":"article","og_title":"Stages 2023 - Commune de Modave","og_description":"Les dates des stages d&rsquo;\u00e9t\u00e9 2023 sont d\u00e9j\u00e0 fix\u00e9es !&nbsp; Le programme complet des stages ne sera \u00e9tabli que d\u00e9but Mai pour l&rsquo;\u00e9t\u00e9, et une nouvelle campagne d&rsquo;informations sera lanc\u00e9e \u00e0 ce moment l\u00e0.Cela dit, il vous est d\u00e9j\u00e0 possible d&rsquo;y inscrire vos enfants : tous les stages sont SPORTIFS !&nbsp; Du 10 au 14&hellip;","og_url":"https:\/\/www.modave.be\/index.php\/services_communaux\/stages-2023-2\/","og_site_name":"Commune de Modave","article_modified_time":"2023-04-11T06:36:59+00:00","og_image":[{"width":1920,"height":960,"url":"https:\/\/www.modave.be\/wp-content\/uploads\/2023\/04\/animations-e1736758011326.jpg","type":"image\/jpeg"}],"twitter_card":"summary_large_image","twitter_misc":{"Dur\u00e9e de lecture estim\u00e9e":"1 minute"},"schema":{"@context":"https:\/\/schema.org","@graph":[{"@type":"WebPage","@id":"https:\/\/www.modave.be\/index.php\/services_communaux\/stages-2023-2\/","url":"https:\/\/www.modave.be\/index.php\/services_communaux\/stages-2023-2\/","name":"Stages 2023 - Commune de Modave","isPartOf":{"@id":"https:\/\/www.modave.be\/#website"},"primaryImageOfPage":{"@id":"https:\/\/www.modave.be\/index.php\/services_communaux\/stages-2023-2\/#primaryimage"},"image":{"@id":"https:\/\/www.modave.be\/index.php\/services_communaux\/stages-2023-2\/#primaryimage"},"thumbnailUrl":"https:\/\/www.modave.be\/wp-content\/uploads\/2023\/04\/animations-e1736758011326.jpg","datePublished":"2023-03-17T08:23:56+00:00","dateModified":"2023-04-11T06:36:59+00:00","breadcrumb":{"@id":"https:\/\/www.modave.be\/index.php\/services_communaux\/stages-2023-2\/#breadcrumb"},"inLanguage":"fr-FR","potentialAction":[{"@type":"ReadAction","target":["https:\/\/www.modave.be\/index.php\/services_communaux\/stages-2023-2\/"]}]},{"@type":"ImageObject","inLanguage":"fr-FR","@id":"https:\/\/www.modave.be\/index.php\/services_communaux\/stages-2023-2\/#primaryimage","url":"https:\/\/www.modave.be\/wp-content\/uploads\/2023\/04\/animations-e1736758011326.jpg","contentUrl":"https:\/\/www.modave.be\/wp-content\/uploads\/2023\/04\/animations-e1736758011326.jpg","width":1920,"height":960},{"@type":"BreadcrumbList","@id":"https:\/\/www.modave.be\/index.php\/services_communaux\/stages-2023-2\/#breadcrumb","itemListElement":[{"@type":"ListItem","position":1,"name":"Accueil","item":"https:\/\/www.modave.be\/"},{"@type":"ListItem","position":2,"name":"Stages 2023"}]},{"@type":"WebSite","@id":"https:\/\/www.modave.be\/#website","url":"https:\/\/www.modave.be\/","name":"Commune de Modave","description":"Commune de Modave","publisher":{"@id":"https:\/\/www.modave.be\/#organization"},"potentialAction":[{"@type":"SearchAction","target":{"@type":"EntryPoint","urlTemplate":"https:\/\/www.modave.be\/?s={search_term_string}"},"query-input":{"@type":"PropertyValueSpecification","valueRequired":true,"valueName":"search_term_string"}}],"inLanguage":"fr-FR"},{"@type":"Organization","@id":"https:\/\/www.modave.be\/#organization","name":"Commune de Modave","url":"https:\/\/www.modave.be\/","logo":{"@type":"ImageObject","inLanguage":"fr-FR","@id":"https:\/\/www.modave.be\/#\/schema\/logo\/image\/","url":"https:\/\/www.modave.be\/wp-content\/uploads\/2021\/12\/MODAVE_LOGO_HORIZONTAL_QUADRI_RVB.png","contentUrl":"https:\/\/www.modave.be\/wp-content\/uploads\/2021\/12\/MODAVE_LOGO_HORIZONTAL_QUADRI_RVB.png","width":1200,"height":501,"caption":"Commune de Modave"},"image":{"@id":"https:\/\/www.modave.be\/#\/schema\/logo\/image\/"}}]}},"_links":{"self":[{"href":"https:\/\/www.modave.be\/index.php\/wp-json\/wp\/v2\/services_communaux\/12352","targetHints":{"allow":["GET"]}}],"collection":[{"href":"https:\/\/www.modave.be\/index.php\/wp-json\/wp\/v2\/services_communaux"}],"about":[{"href":"https:\/\/www.modave.be\/index.php\/wp-json\/wp\/v2\/types\/services_communaux"}],"author":[{"embeddable":true,"href":"https:\/\/www.modave.be\/index.php\/wp-json\/wp\/v2\/users\/1"}],"wp:featuredmedia":[{"embeddable":true,"href":"https:\/\/www.modave.be\/index.php\/wp-json\/wp\/v2\/media\/12396"}],"wp:attachment":[{"href":"https:\/\/www.modave.be\/index.php\/wp-json\/wp\/v2\/media?parent=12352"}],"wp:term":[{"taxonomy":"category","embeddable":true,"href":"https:\/\/www.modave.be\/index.php\/wp-json\/wp\/v2\/categories?post=12352"}],"curies":[{"name":"wp","href":"https:\/\/api.w.org\/{rel}","templated":true}]}}