{"id":13222,"date":"2024-09-09T13:57:47","date_gmt":"2024-09-09T11:57:47","guid":{"rendered":"https:\/\/www.modave.be\/?post_type=services_communaux&#038;p=13222"},"modified":"2024-09-09T15:33:54","modified_gmt":"2024-09-09T13:33:54","slug":"budget-participatif-communal-lancement-de-la-phase-de-vote","status":"publish","type":"services_communaux","link":"https:\/\/www.modave.be\/index.php\/services_communaux\/budget-participatif-communal-lancement-de-la-phase-de-vote\/","title":{"rendered":"Budget Participatif Communal | Lancement de la phase de vote"},"content":{"rendered":"\n<p><strong>Pour rappel, la commune de Modave pr\u00e9voit un montant de 10.000 \u20ac afin de soutenir des projets citoyens visant l\u2019am\u00e9lioration du cadre de vie et le bien vivre ensemble au sein des quartiers, des villages.<\/strong><\/p>\n\n\n\n<p>Ces projets d&rsquo;int\u00e9r\u00eat g\u00e9n\u00e9ral seront donc mis en place\u00a0<strong>PAR et POUR<\/strong>\u00a0<strong>les habitants !<\/strong><\/p>\n\n\n\n<p>Le budget participatif s&rsquo;inscrit dans le cadre du&nbsp;Programme Communal de D\u00e9veloppement Rural (PCDR)&nbsp;de la commune.<\/p>\n\n\n\n<p>Nous entrons activement dans la <strong>phase N\u00b03 du projet<\/strong>, celle du<strong> vote des citoyens<\/strong>. Pour participer, rien de plus simple ! T\u00e9l\u00e9charger et compl\u00e9ter le formulaire ci-dessous.<\/p>\n\n\n\n<p>Vous retrouverez l&rsquo;ensemble des informations li\u00e9es \u00e0 cette phase et le calendrier global en cliquant <a href=\"https:\/\/participation.frw.be\/fr-BE\/projects\/budget-participatif-modave\">ici<\/a>. Pour tout renseignement compl\u00e9mentaire, contactez Mme Sonia Bourdouxhe (<a href=\"mailto:Sonia.bourdouxhe@modave.be\">Sonia.bourdouxhe@modave.be<\/a>\u00a0ou 085\/41.02.20 ext.6).<\/p>\n\n\n\n<div data-wp-interactive=\"core\/file\" class=\"wp-block-file\"><object data-wp-bind--hidden=\"!state.hasPdfPreview\" hidden class=\"wp-block-file__embed\" data=\"https:\/\/www.modave.be\/wp-content\/uploads\/2024\/09\/formulaire-vote-budget-participatif-Modave.pdf\" type=\"application\/pdf\" style=\"width:100%;height:600px\" aria-label=\"Contenu embarqu\u00e9 Formulaire | vote | budget participatif Modave.\"><\/object><a id=\"wp-block-file--media-04da8096-b0e1-4f0d-a7e8-ad037137ee71\" href=\"https:\/\/www.modave.be\/wp-content\/uploads\/2024\/09\/formulaire-vote-budget-participatif-Modave.pdf\">Formulaire | vote | budget participatif Modave<\/a><a href=\"https:\/\/www.modave.be\/wp-content\/uploads\/2024\/09\/formulaire-vote-budget-participatif-Modave.pdf\" class=\"wp-block-file__button wp-element-button\" download aria-describedby=\"wp-block-file--media-04da8096-b0e1-4f0d-a7e8-ad037137ee71\">T\u00e9l\u00e9charger<\/a><\/div>\n\n\n\n<div style=\"height:42px\" aria-hidden=\"true\" class=\"wp-block-spacer\"><\/div>\n\n\n\n<figure class=\"wp-block-video\"><video height=\"1080\" style=\"aspect-ratio: 1920 \/ 1080;\" width=\"1920\" controls src=\"https:\/\/www.modave.be\/wp-content\/uploads\/2024\/09\/Budget-participatif-Commune-de-Modave-1.mp4\"><\/video><\/figure>\n","protected":false},"excerpt":{"rendered":"<p>Pour rappel, la commune de Modave pr\u00e9voit un montant de 10.000 \u20ac afin de soutenir des projets citoyens visant l\u2019am\u00e9lioration du cadre de vie et le bien vivre ensemble au sein des quartiers, des villages. Ces projets d&rsquo;int\u00e9r\u00eat g\u00e9n\u00e9ral seront donc mis en place\u00a0PAR et POUR\u00a0les habitants ! Le budget participatif s&rsquo;inscrit dans le cadre&hellip;<\/p>\n","protected":false},"author":9,"featured_media":13231,"menu_order":0,"template":"","categories":[216],"class_list":["post-13222","services_communaux","type-services_communaux","status-publish","has-post-thumbnail","hentry","category-cldr","description-off"],"yoast_head":"<!-- This site is optimized with the Yoast SEO plugin v27.5 - https:\/\/yoast.com\/product\/yoast-seo-wordpress\/ -->\n<title>Budget Participatif Communal | Lancement de la phase de vote - Commune de Modave<\/title>\n<meta name=\"robots\" content=\"index, follow, max-snippet:-1, max-image-preview:large, max-video-preview:-1\" \/>\n<link rel=\"canonical\" href=\"https:\/\/www.modave.be\/index.php\/services_communaux\/budget-participatif-communal-lancement-de-la-phase-de-vote\/\" \/>\n<meta property=\"og:locale\" content=\"fr_FR\" \/>\n<meta property=\"og:type\" content=\"article\" \/>\n<meta property=\"og:title\" content=\"Budget Participatif Communal | Lancement de la phase de vote - Commune de Modave\" \/>\n<meta property=\"og:description\" content=\"Pour rappel, la commune de Modave pr\u00e9voit un montant de 10.000 \u20ac afin de soutenir des projets citoyens visant l\u2019am\u00e9lioration du cadre de vie et le bien vivre ensemble au sein des quartiers, des villages. Ces projets d&rsquo;int\u00e9r\u00eat g\u00e9n\u00e9ral seront donc mis en place\u00a0PAR et POUR\u00a0les habitants ! Le budget participatif s&rsquo;inscrit dans le cadre&hellip;\" \/>\n<meta property=\"og:url\" content=\"https:\/\/www.modave.be\/index.php\/services_communaux\/budget-participatif-communal-lancement-de-la-phase-de-vote\/\" \/>\n<meta property=\"og:site_name\" content=\"Commune de Modave\" \/>\n<meta property=\"article:modified_time\" content=\"2024-09-09T13:33:54+00:00\" \/>\n<meta property=\"og:image\" content=\"https:\/\/www.modave.be\/wp-content\/uploads\/2024\/09\/budget-participatif-e1725888829753.webp\" \/>\n\t<meta property=\"og:image:width\" content=\"389\" \/>\n\t<meta property=\"og:image:height\" content=\"389\" \/>\n\t<meta property=\"og:image:type\" content=\"image\/webp\" \/>\n<meta name=\"twitter:card\" content=\"summary_large_image\" \/>\n<meta name=\"twitter:label1\" content=\"Dur\u00e9e de lecture estim\u00e9e\" \/>\n\t<meta name=\"twitter:data1\" content=\"1 minute\" \/>\n<script type=\"application\/ld+json\" class=\"yoast-schema-graph\">{\"@context\":\"https:\\\/\\\/schema.org\",\"@graph\":[{\"@type\":\"WebPage\",\"@id\":\"https:\\\/\\\/www.modave.be\\\/index.php\\\/services_communaux\\\/budget-participatif-communal-lancement-de-la-phase-de-vote\\\/\",\"url\":\"https:\\\/\\\/www.modave.be\\\/index.php\\\/services_communaux\\\/budget-participatif-communal-lancement-de-la-phase-de-vote\\\/\",\"name\":\"Budget Participatif Communal | Lancement de la phase de vote - Commune de Modave\",\"isPartOf\":{\"@id\":\"https:\\\/\\\/www.modave.be\\\/#website\"},\"primaryImageOfPage\":{\"@id\":\"https:\\\/\\\/www.modave.be\\\/index.php\\\/services_communaux\\\/budget-participatif-communal-lancement-de-la-phase-de-vote\\\/#primaryimage\"},\"image\":{\"@id\":\"https:\\\/\\\/www.modave.be\\\/index.php\\\/services_communaux\\\/budget-participatif-communal-lancement-de-la-phase-de-vote\\\/#primaryimage\"},\"thumbnailUrl\":\"https:\\\/\\\/www.modave.be\\\/wp-content\\\/uploads\\\/2024\\\/09\\\/budget-participatif-e1725888829753.webp\",\"datePublished\":\"2024-09-09T11:57:47+00:00\",\"dateModified\":\"2024-09-09T13:33:54+00:00\",\"breadcrumb\":{\"@id\":\"https:\\\/\\\/www.modave.be\\\/index.php\\\/services_communaux\\\/budget-participatif-communal-lancement-de-la-phase-de-vote\\\/#breadcrumb\"},\"inLanguage\":\"fr-FR\",\"potentialAction\":[{\"@type\":\"ReadAction\",\"target\":[\"https:\\\/\\\/www.modave.be\\\/index.php\\\/services_communaux\\\/budget-participatif-communal-lancement-de-la-phase-de-vote\\\/\"]}]},{\"@type\":\"ImageObject\",\"inLanguage\":\"fr-FR\",\"@id\":\"https:\\\/\\\/www.modave.be\\\/index.php\\\/services_communaux\\\/budget-participatif-communal-lancement-de-la-phase-de-vote\\\/#primaryimage\",\"url\":\"https:\\\/\\\/www.modave.be\\\/wp-content\\\/uploads\\\/2024\\\/09\\\/budget-participatif-e1725888829753.webp\",\"contentUrl\":\"https:\\\/\\\/www.modave.be\\\/wp-content\\\/uploads\\\/2024\\\/09\\\/budget-participatif-e1725888829753.webp\",\"width\":389,\"height\":389},{\"@type\":\"BreadcrumbList\",\"@id\":\"https:\\\/\\\/www.modave.be\\\/index.php\\\/services_communaux\\\/budget-participatif-communal-lancement-de-la-phase-de-vote\\\/#breadcrumb\",\"itemListElement\":[{\"@type\":\"ListItem\",\"position\":1,\"name\":\"Accueil\",\"item\":\"https:\\\/\\\/www.modave.be\\\/\"},{\"@type\":\"ListItem\",\"position\":2,\"name\":\"Budget Participatif Communal | Lancement de la phase de vote\"}]},{\"@type\":\"WebSite\",\"@id\":\"https:\\\/\\\/www.modave.be\\\/#website\",\"url\":\"https:\\\/\\\/www.modave.be\\\/\",\"name\":\"Commune de Modave\",\"description\":\"Commune de Modave\",\"publisher\":{\"@id\":\"https:\\\/\\\/www.modave.be\\\/#organization\"},\"potentialAction\":[{\"@type\":\"SearchAction\",\"target\":{\"@type\":\"EntryPoint\",\"urlTemplate\":\"https:\\\/\\\/www.modave.be\\\/?s={search_term_string}\"},\"query-input\":{\"@type\":\"PropertyValueSpecification\",\"valueRequired\":true,\"valueName\":\"search_term_string\"}}],\"inLanguage\":\"fr-FR\"},{\"@type\":\"Organization\",\"@id\":\"https:\\\/\\\/www.modave.be\\\/#organization\",\"name\":\"Commune de Modave\",\"url\":\"https:\\\/\\\/www.modave.be\\\/\",\"logo\":{\"@type\":\"ImageObject\",\"inLanguage\":\"fr-FR\",\"@id\":\"https:\\\/\\\/www.modave.be\\\/#\\\/schema\\\/logo\\\/image\\\/\",\"url\":\"https:\\\/\\\/www.modave.be\\\/wp-content\\\/uploads\\\/2021\\\/12\\\/MODAVE_LOGO_HORIZONTAL_QUADRI_RVB.png\",\"contentUrl\":\"https:\\\/\\\/www.modave.be\\\/wp-content\\\/uploads\\\/2021\\\/12\\\/MODAVE_LOGO_HORIZONTAL_QUADRI_RVB.png\",\"width\":1200,\"height\":501,\"caption\":\"Commune de Modave\"},\"image\":{\"@id\":\"https:\\\/\\\/www.modave.be\\\/#\\\/schema\\\/logo\\\/image\\\/\"}}]}<\/script>\n<!-- \/ Yoast SEO plugin. -->","yoast_head_json":{"title":"Budget Participatif Communal | Lancement de la phase de vote - Commune de Modave","robots":{"index":"index","follow":"follow","max-snippet":"max-snippet:-1","max-image-preview":"max-image-preview:large","max-video-preview":"max-video-preview:-1"},"canonical":"https:\/\/www.modave.be\/index.php\/services_communaux\/budget-participatif-communal-lancement-de-la-phase-de-vote\/","og_locale":"fr_FR","og_type":"article","og_title":"Budget Participatif Communal | Lancement de la phase de vote - Commune de Modave","og_description":"Pour rappel, la commune de Modave pr\u00e9voit un montant de 10.000 \u20ac afin de soutenir des projets citoyens visant l\u2019am\u00e9lioration du cadre de vie et le bien vivre ensemble au sein des quartiers, des villages. Ces projets d&rsquo;int\u00e9r\u00eat g\u00e9n\u00e9ral seront donc mis en place\u00a0PAR et POUR\u00a0les habitants ! Le budget participatif s&rsquo;inscrit dans le cadre&hellip;","og_url":"https:\/\/www.modave.be\/index.php\/services_communaux\/budget-participatif-communal-lancement-de-la-phase-de-vote\/","og_site_name":"Commune de Modave","article_modified_time":"2024-09-09T13:33:54+00:00","og_image":[{"width":389,"height":389,"url":"https:\/\/www.modave.be\/wp-content\/uploads\/2024\/09\/budget-participatif-e1725888829753.webp","type":"image\/webp"}],"twitter_card":"summary_large_image","twitter_misc":{"Dur\u00e9e de lecture estim\u00e9e":"1 minute"},"schema":{"@context":"https:\/\/schema.org","@graph":[{"@type":"WebPage","@id":"https:\/\/www.modave.be\/index.php\/services_communaux\/budget-participatif-communal-lancement-de-la-phase-de-vote\/","url":"https:\/\/www.modave.be\/index.php\/services_communaux\/budget-participatif-communal-lancement-de-la-phase-de-vote\/","name":"Budget Participatif Communal | Lancement de la phase de vote - Commune de Modave","isPartOf":{"@id":"https:\/\/www.modave.be\/#website"},"primaryImageOfPage":{"@id":"https:\/\/www.modave.be\/index.php\/services_communaux\/budget-participatif-communal-lancement-de-la-phase-de-vote\/#primaryimage"},"image":{"@id":"https:\/\/www.modave.be\/index.php\/services_communaux\/budget-participatif-communal-lancement-de-la-phase-de-vote\/#primaryimage"},"thumbnailUrl":"https:\/\/www.modave.be\/wp-content\/uploads\/2024\/09\/budget-participatif-e1725888829753.webp","datePublished":"2024-09-09T11:57:47+00:00","dateModified":"2024-09-09T13:33:54+00:00","breadcrumb":{"@id":"https:\/\/www.modave.be\/index.php\/services_communaux\/budget-participatif-communal-lancement-de-la-phase-de-vote\/#breadcrumb"},"inLanguage":"fr-FR","potentialAction":[{"@type":"ReadAction","target":["https:\/\/www.modave.be\/index.php\/services_communaux\/budget-participatif-communal-lancement-de-la-phase-de-vote\/"]}]},{"@type":"ImageObject","inLanguage":"fr-FR","@id":"https:\/\/www.modave.be\/index.php\/services_communaux\/budget-participatif-communal-lancement-de-la-phase-de-vote\/#primaryimage","url":"https:\/\/www.modave.be\/wp-content\/uploads\/2024\/09\/budget-participatif-e1725888829753.webp","contentUrl":"https:\/\/www.modave.be\/wp-content\/uploads\/2024\/09\/budget-participatif-e1725888829753.webp","width":389,"height":389},{"@type":"BreadcrumbList","@id":"https:\/\/www.modave.be\/index.php\/services_communaux\/budget-participatif-communal-lancement-de-la-phase-de-vote\/#breadcrumb","itemListElement":[{"@type":"ListItem","position":1,"name":"Accueil","item":"https:\/\/www.modave.be\/"},{"@type":"ListItem","position":2,"name":"Budget Participatif Communal | Lancement de la phase de vote"}]},{"@type":"WebSite","@id":"https:\/\/www.modave.be\/#website","url":"https:\/\/www.modave.be\/","name":"Commune de Modave","description":"Commune de Modave","publisher":{"@id":"https:\/\/www.modave.be\/#organization"},"potentialAction":[{"@type":"SearchAction","target":{"@type":"EntryPoint","urlTemplate":"https:\/\/www.modave.be\/?s={search_term_string}"},"query-input":{"@type":"PropertyValueSpecification","valueRequired":true,"valueName":"search_term_string"}}],"inLanguage":"fr-FR"},{"@type":"Organization","@id":"https:\/\/www.modave.be\/#organization","name":"Commune de Modave","url":"https:\/\/www.modave.be\/","logo":{"@type":"ImageObject","inLanguage":"fr-FR","@id":"https:\/\/www.modave.be\/#\/schema\/logo\/image\/","url":"https:\/\/www.modave.be\/wp-content\/uploads\/2021\/12\/MODAVE_LOGO_HORIZONTAL_QUADRI_RVB.png","contentUrl":"https:\/\/www.modave.be\/wp-content\/uploads\/2021\/12\/MODAVE_LOGO_HORIZONTAL_QUADRI_RVB.png","width":1200,"height":501,"caption":"Commune de Modave"},"image":{"@id":"https:\/\/www.modave.be\/#\/schema\/logo\/image\/"}}]}},"_links":{"self":[{"href":"https:\/\/www.modave.be\/index.php\/wp-json\/wp\/v2\/services_communaux\/13222","targetHints":{"allow":["GET"]}}],"collection":[{"href":"https:\/\/www.modave.be\/index.php\/wp-json\/wp\/v2\/services_communaux"}],"about":[{"href":"https:\/\/www.modave.be\/index.php\/wp-json\/wp\/v2\/types\/services_communaux"}],"author":[{"embeddable":true,"href":"https:\/\/www.modave.be\/index.php\/wp-json\/wp\/v2\/users\/9"}],"wp:featuredmedia":[{"embeddable":true,"href":"https:\/\/www.modave.be\/index.php\/wp-json\/wp\/v2\/media\/13231"}],"wp:attachment":[{"href":"https:\/\/www.modave.be\/index.php\/wp-json\/wp\/v2\/media?parent=13222"}],"wp:term":[{"taxonomy":"category","embeddable":true,"href":"https:\/\/www.modave.be\/index.php\/wp-json\/wp\/v2\/categories?post=13222"}],"curies":[{"name":"wp","href":"https:\/\/api.w.org\/{rel}","templated":true}]}}