{"id":13234,"date":"2024-09-10T09:56:08","date_gmt":"2024-09-10T07:56:08","guid":{"rendered":"https:\/\/www.modave.be\/?post_type=services_communaux&#038;p=13234"},"modified":"2024-09-16T16:57:47","modified_gmt":"2024-09-16T14:57:47","slug":"journee-de-lartisan-2024-appel-a-candidatures","status":"publish","type":"services_communaux","link":"https:\/\/www.modave.be\/index.php\/services_communaux\/journee-de-lartisan-2024-appel-a-candidatures\/","title":{"rendered":"Journ\u00e9e de l\u2019Artisan du 17\/11\/2024 | Appel \u00e0 candidatures"},"content":{"rendered":"\n<h2 class=\"wp-block-heading\"><strong>INVITATION \u00c0 PARTICIPER \u00c0 LA JOURN\u00c9E DE L&rsquo;ARTISAN 2024<\/strong><\/h2>\n\n\n\n<p>Ch\u00e8res artisanes,<br>Chers artisans,<\/p>\n\n\n\n<p class=\"has-text-align-left\"><strong>PARTICIPEZ \u00c0 LA 18E JOURN\u00c9E DE L\u2019ARTISAN ET FAITES RAYONNER VOTRE SAVOIR-FAIRE GR\u00c2CE AU LABEL \u00ab ARTISANAT CERTIFI\u00c9 \u00bb<\/strong>. La 18e Journ\u00e9e de l\u2019Artisan aura lieu le dimanche 17 novembre 2024. Cet \u00e9v\u00e9nement, organis\u00e9 par le SPF Economie et le ministre des Classes moyennes, des Ind\u00e9pendants et des PME, promeut et valorise le savoir-faire artisanal de nos r\u00e9gions. Chaque ann\u00e9e, cette journ\u00e9e rencontre un succ\u00e8s croissant aupr\u00e8s du grand public et des artisans participants.<\/p>\n\n\n\n<h2 class=\"wp-block-heading\">Pourquoi participer ?<\/h2>\n\n\n\n<p>La Journ\u00e9e de l&rsquo;Artisan est une occasion unique de :<\/p>\n\n\n\n<ul class=\"wp-block-list\">\n<li><strong>pr\u00e9senter vos talents <\/strong>: faites d\u00e9couvrir votre m\u00e9tier et vos techniques \u00e0 travers des d\u00e9monstrations, des ateliers interactifs, des visites guid\u00e9es ou toute autre animation attrayante que vous souhaitez proposer.<\/li>\n\n\n\n<li><strong>vendre vos cr\u00e9ations <\/strong>: profitez de cet \u00e9v\u00e9nement pour vendre vos oeuvres et cr\u00e9ations uniques directement au public.<\/li>\n\n\n\n<li><strong>renforcer votre notori\u00e9t\u00e9 <\/strong>: en tant qu\u2019artisan certifi\u00e9, vous b\u00e9n\u00e9ficierez d&rsquo;une visibilit\u00e9 nationale gr\u00e2ce \u00e0 une campagne de communication cibl\u00e9e.<\/li>\n<\/ul>\n\n\n\n<h2 class=\"wp-block-heading\">Avantages du label \u00ab\u00a0Artisanat Certifi\u00e9\u00a0\u00bb<\/h2>\n\n\n\n<p>En devenant un artisan certifi\u00e9, vous acc\u00e9dez \u00e0 :<\/p>\n\n\n\n<ul class=\"wp-block-list\">\n<li><strong>une reconnaissance officielle <\/strong>: le label \u00ab Artisanat Certifi\u00e9 \u00bb est la seule reconnaissance officielle sur le plan f\u00e9d\u00e9ral pour les artisanes et artisans en Belgique.<\/li>\n\n\n\n<li><strong>une mise en valeur de votre savoir-faire <\/strong>: le label vous permet de montrer votre expertise et d&rsquo;attirer l&rsquo;attention sur la qualit\u00e9 de votre travail.<\/li>\n\n\n\n<li><strong>des outils promotionnels <\/strong>: vous recevrez un kit de communication complet pour promouvoir la Journ\u00e9e de l&rsquo;Artisan dans votre r\u00e9gion.<\/li>\n<\/ul>\n\n\n\n<p>Le label est \u00e9galement accessible aux artisanes et artisans \u00e0 titre compl\u00e9mentaire, \u00e9largissant ainsi les possibilit\u00e9s de reconnaissance et de valorisation.<\/p>\n\n\n\n<h2 class=\"wp-block-heading\">Infos &amp; inscription<\/h2>\n\n\n\n<p>Inscrivez-vous gratuitement d\u00e8s maintenant sur <a href=\"https:\/\/journeedelartisan.be\/\">https:\/\/journeedelartisan.be\/<\/a><\/p>\n\n\n\n<p><strong>Date limite pour les inscriptions : 4 octobre 2024<\/strong><\/p>\n\n\n\n<p>En cas de retard, il ne sera plus possible de recevoir de kit de communication imprim\u00e9.<\/p>\n\n\n\n<h2 class=\"wp-block-heading\">Comment devenir un artisan certifi\u00e9 ?<\/h2>\n\n\n\n<p>Pour obtenir le label, visitez <a href=\"https:\/\/lesartisans.be\/fr\">lesartisans.be<\/a> et suivez les instructions pour soumettre votre demande de certification.<\/p>\n\n\n\n<div style=\"height:33px\" aria-hidden=\"true\" class=\"wp-block-spacer\"><\/div>\n\n\n<div class=\"wp-block-image\">\n<figure class=\"aligncenter size-full\"><img fetchpriority=\"high\" decoding=\"async\" width=\"728\" height=\"90\" src=\"https:\/\/www.modave.be\/wp-content\/uploads\/2024\/09\/JDA-728x90-FR.jpg\" alt=\"\" class=\"wp-image-13244\" srcset=\"https:\/\/www.modave.be\/wp-content\/uploads\/2024\/09\/JDA-728x90-FR.jpg 728w, https:\/\/www.modave.be\/wp-content\/uploads\/2024\/09\/JDA-728x90-FR-300x37.jpg 300w\" sizes=\"(max-width: 728px) 100vw, 728px\" \/><\/figure>\n<\/div>\n\n\n<div style=\"height:33px\" aria-hidden=\"true\" class=\"wp-block-spacer\"><\/div>\n\n\n\n<div data-wp-interactive=\"core\/file\" class=\"wp-block-file\"><object data-wp-bind--hidden=\"!state.hasPdfPreview\" hidden class=\"wp-block-file__embed\" data=\"https:\/\/www.modave.be\/wp-content\/uploads\/2024\/09\/JDA-2024-Appel-a-candidatures.pdf\" type=\"application\/pdf\" style=\"width:100%;height:600px\" aria-label=\"Contenu embarqu\u00e9 JDA 2024-Appel a candidatures.\"><\/object><a id=\"wp-block-file--media-aca8afbc-00c6-41ca-8262-200811383060\" href=\"https:\/\/www.modave.be\/wp-content\/uploads\/2024\/09\/JDA-2024-Appel-a-candidatures.pdf\">JDA 2024-Appel a candidatures<\/a><a href=\"https:\/\/www.modave.be\/wp-content\/uploads\/2024\/09\/JDA-2024-Appel-a-candidatures.pdf\" class=\"wp-block-file__button wp-element-button\" download aria-describedby=\"wp-block-file--media-aca8afbc-00c6-41ca-8262-200811383060\">T\u00e9l\u00e9charger<\/a><\/div>\n\n\n\n<p><\/p>\n","protected":false},"excerpt":{"rendered":"<p>INVITATION \u00c0 PARTICIPER \u00c0 LA JOURN\u00c9E DE L&rsquo;ARTISAN 2024 Ch\u00e8res artisanes,Chers artisans, PARTICIPEZ \u00c0 LA 18E JOURN\u00c9E DE L\u2019ARTISAN ET FAITES RAYONNER VOTRE SAVOIR-FAIRE GR\u00c2CE AU LABEL \u00ab ARTISANAT CERTIFI\u00c9 \u00bb. La 18e Journ\u00e9e de l\u2019Artisan aura lieu le dimanche 17 novembre 2024. Cet \u00e9v\u00e9nement, organis\u00e9 par le SPF Economie et le ministre des Classes&hellip;<\/p>\n","protected":false},"author":9,"featured_media":13314,"menu_order":0,"template":"","categories":[],"class_list":["post-13234","services_communaux","type-services_communaux","status-publish","has-post-thumbnail","hentry","description-off"],"yoast_head":"<!-- This site is optimized with the Yoast SEO plugin v27.5 - https:\/\/yoast.com\/product\/yoast-seo-wordpress\/ -->\n<title>Journ\u00e9e de l\u2019Artisan du 17\/11\/2024 | Appel \u00e0 candidatures - Commune de Modave<\/title>\n<meta name=\"robots\" content=\"index, follow, max-snippet:-1, max-image-preview:large, max-video-preview:-1\" \/>\n<link rel=\"canonical\" href=\"https:\/\/www.modave.be\/index.php\/services_communaux\/journee-de-lartisan-2024-appel-a-candidatures\/\" \/>\n<meta property=\"og:locale\" content=\"fr_FR\" \/>\n<meta property=\"og:type\" content=\"article\" \/>\n<meta property=\"og:title\" content=\"Journ\u00e9e de l\u2019Artisan du 17\/11\/2024 | Appel \u00e0 candidatures - Commune de Modave\" \/>\n<meta property=\"og:description\" content=\"INVITATION \u00c0 PARTICIPER \u00c0 LA JOURN\u00c9E DE L&rsquo;ARTISAN 2024 Ch\u00e8res artisanes,Chers artisans, PARTICIPEZ \u00c0 LA 18E JOURN\u00c9E DE L\u2019ARTISAN ET FAITES RAYONNER VOTRE SAVOIR-FAIRE GR\u00c2CE AU LABEL \u00ab ARTISANAT CERTIFI\u00c9 \u00bb. La 18e Journ\u00e9e de l\u2019Artisan aura lieu le dimanche 17 novembre 2024. Cet \u00e9v\u00e9nement, organis\u00e9 par le SPF Economie et le ministre des Classes&hellip;\" \/>\n<meta property=\"og:url\" content=\"https:\/\/www.modave.be\/index.php\/services_communaux\/journee-de-lartisan-2024-appel-a-candidatures\/\" \/>\n<meta property=\"og:site_name\" content=\"Commune de Modave\" \/>\n<meta property=\"article:modified_time\" content=\"2024-09-16T14:57:47+00:00\" \/>\n<meta property=\"og:image\" content=\"https:\/\/www.modave.be\/wp-content\/uploads\/2024\/09\/JDA-16-9-FR-e1726498663361.jpg\" \/>\n\t<meta property=\"og:image:width\" content=\"1920\" \/>\n\t<meta property=\"og:image:height\" content=\"960\" \/>\n\t<meta property=\"og:image:type\" content=\"image\/jpeg\" \/>\n<meta name=\"twitter:card\" content=\"summary_large_image\" \/>\n<meta name=\"twitter:label1\" content=\"Dur\u00e9e de lecture estim\u00e9e\" \/>\n\t<meta name=\"twitter:data1\" content=\"2 minutes\" \/>\n<script type=\"application\/ld+json\" class=\"yoast-schema-graph\">{\"@context\":\"https:\\\/\\\/schema.org\",\"@graph\":[{\"@type\":\"WebPage\",\"@id\":\"https:\\\/\\\/www.modave.be\\\/index.php\\\/services_communaux\\\/journee-de-lartisan-2024-appel-a-candidatures\\\/\",\"url\":\"https:\\\/\\\/www.modave.be\\\/index.php\\\/services_communaux\\\/journee-de-lartisan-2024-appel-a-candidatures\\\/\",\"name\":\"Journ\u00e9e de l\u2019Artisan du 17\\\/11\\\/2024 | Appel \u00e0 candidatures - Commune de Modave\",\"isPartOf\":{\"@id\":\"https:\\\/\\\/www.modave.be\\\/#website\"},\"primaryImageOfPage\":{\"@id\":\"https:\\\/\\\/www.modave.be\\\/index.php\\\/services_communaux\\\/journee-de-lartisan-2024-appel-a-candidatures\\\/#primaryimage\"},\"image\":{\"@id\":\"https:\\\/\\\/www.modave.be\\\/index.php\\\/services_communaux\\\/journee-de-lartisan-2024-appel-a-candidatures\\\/#primaryimage\"},\"thumbnailUrl\":\"https:\\\/\\\/www.modave.be\\\/wp-content\\\/uploads\\\/2024\\\/09\\\/JDA-16-9-FR-e1726498663361.jpg\",\"datePublished\":\"2024-09-10T07:56:08+00:00\",\"dateModified\":\"2024-09-16T14:57:47+00:00\",\"breadcrumb\":{\"@id\":\"https:\\\/\\\/www.modave.be\\\/index.php\\\/services_communaux\\\/journee-de-lartisan-2024-appel-a-candidatures\\\/#breadcrumb\"},\"inLanguage\":\"fr-FR\",\"potentialAction\":[{\"@type\":\"ReadAction\",\"target\":[\"https:\\\/\\\/www.modave.be\\\/index.php\\\/services_communaux\\\/journee-de-lartisan-2024-appel-a-candidatures\\\/\"]}]},{\"@type\":\"ImageObject\",\"inLanguage\":\"fr-FR\",\"@id\":\"https:\\\/\\\/www.modave.be\\\/index.php\\\/services_communaux\\\/journee-de-lartisan-2024-appel-a-candidatures\\\/#primaryimage\",\"url\":\"https:\\\/\\\/www.modave.be\\\/wp-content\\\/uploads\\\/2024\\\/09\\\/JDA-16-9-FR-e1726498663361.jpg\",\"contentUrl\":\"https:\\\/\\\/www.modave.be\\\/wp-content\\\/uploads\\\/2024\\\/09\\\/JDA-16-9-FR-e1726498663361.jpg\",\"width\":1920,\"height\":960},{\"@type\":\"BreadcrumbList\",\"@id\":\"https:\\\/\\\/www.modave.be\\\/index.php\\\/services_communaux\\\/journee-de-lartisan-2024-appel-a-candidatures\\\/#breadcrumb\",\"itemListElement\":[{\"@type\":\"ListItem\",\"position\":1,\"name\":\"Accueil\",\"item\":\"https:\\\/\\\/www.modave.be\\\/\"},{\"@type\":\"ListItem\",\"position\":2,\"name\":\"Journ\u00e9e de l\u2019Artisan du 17\\\/11\\\/2024 | Appel \u00e0 candidatures\"}]},{\"@type\":\"WebSite\",\"@id\":\"https:\\\/\\\/www.modave.be\\\/#website\",\"url\":\"https:\\\/\\\/www.modave.be\\\/\",\"name\":\"Commune de Modave\",\"description\":\"Commune de Modave\",\"publisher\":{\"@id\":\"https:\\\/\\\/www.modave.be\\\/#organization\"},\"potentialAction\":[{\"@type\":\"SearchAction\",\"target\":{\"@type\":\"EntryPoint\",\"urlTemplate\":\"https:\\\/\\\/www.modave.be\\\/?s={search_term_string}\"},\"query-input\":{\"@type\":\"PropertyValueSpecification\",\"valueRequired\":true,\"valueName\":\"search_term_string\"}}],\"inLanguage\":\"fr-FR\"},{\"@type\":\"Organization\",\"@id\":\"https:\\\/\\\/www.modave.be\\\/#organization\",\"name\":\"Commune de Modave\",\"url\":\"https:\\\/\\\/www.modave.be\\\/\",\"logo\":{\"@type\":\"ImageObject\",\"inLanguage\":\"fr-FR\",\"@id\":\"https:\\\/\\\/www.modave.be\\\/#\\\/schema\\\/logo\\\/image\\\/\",\"url\":\"https:\\\/\\\/www.modave.be\\\/wp-content\\\/uploads\\\/2021\\\/12\\\/MODAVE_LOGO_HORIZONTAL_QUADRI_RVB.png\",\"contentUrl\":\"https:\\\/\\\/www.modave.be\\\/wp-content\\\/uploads\\\/2021\\\/12\\\/MODAVE_LOGO_HORIZONTAL_QUADRI_RVB.png\",\"width\":1200,\"height\":501,\"caption\":\"Commune de Modave\"},\"image\":{\"@id\":\"https:\\\/\\\/www.modave.be\\\/#\\\/schema\\\/logo\\\/image\\\/\"}}]}<\/script>\n<!-- \/ Yoast SEO plugin. -->","yoast_head_json":{"title":"Journ\u00e9e de l\u2019Artisan du 17\/11\/2024 | Appel \u00e0 candidatures - Commune de Modave","robots":{"index":"index","follow":"follow","max-snippet":"max-snippet:-1","max-image-preview":"max-image-preview:large","max-video-preview":"max-video-preview:-1"},"canonical":"https:\/\/www.modave.be\/index.php\/services_communaux\/journee-de-lartisan-2024-appel-a-candidatures\/","og_locale":"fr_FR","og_type":"article","og_title":"Journ\u00e9e de l\u2019Artisan du 17\/11\/2024 | Appel \u00e0 candidatures - Commune de Modave","og_description":"INVITATION \u00c0 PARTICIPER \u00c0 LA JOURN\u00c9E DE L&rsquo;ARTISAN 2024 Ch\u00e8res artisanes,Chers artisans, PARTICIPEZ \u00c0 LA 18E JOURN\u00c9E DE L\u2019ARTISAN ET FAITES RAYONNER VOTRE SAVOIR-FAIRE GR\u00c2CE AU LABEL \u00ab ARTISANAT CERTIFI\u00c9 \u00bb. La 18e Journ\u00e9e de l\u2019Artisan aura lieu le dimanche 17 novembre 2024. Cet \u00e9v\u00e9nement, organis\u00e9 par le SPF Economie et le ministre des Classes&hellip;","og_url":"https:\/\/www.modave.be\/index.php\/services_communaux\/journee-de-lartisan-2024-appel-a-candidatures\/","og_site_name":"Commune de Modave","article_modified_time":"2024-09-16T14:57:47+00:00","og_image":[{"width":1920,"height":960,"url":"https:\/\/www.modave.be\/wp-content\/uploads\/2024\/09\/JDA-16-9-FR-e1726498663361.jpg","type":"image\/jpeg"}],"twitter_card":"summary_large_image","twitter_misc":{"Dur\u00e9e de lecture estim\u00e9e":"2 minutes"},"schema":{"@context":"https:\/\/schema.org","@graph":[{"@type":"WebPage","@id":"https:\/\/www.modave.be\/index.php\/services_communaux\/journee-de-lartisan-2024-appel-a-candidatures\/","url":"https:\/\/www.modave.be\/index.php\/services_communaux\/journee-de-lartisan-2024-appel-a-candidatures\/","name":"Journ\u00e9e de l\u2019Artisan du 17\/11\/2024 | Appel \u00e0 candidatures - Commune de Modave","isPartOf":{"@id":"https:\/\/www.modave.be\/#website"},"primaryImageOfPage":{"@id":"https:\/\/www.modave.be\/index.php\/services_communaux\/journee-de-lartisan-2024-appel-a-candidatures\/#primaryimage"},"image":{"@id":"https:\/\/www.modave.be\/index.php\/services_communaux\/journee-de-lartisan-2024-appel-a-candidatures\/#primaryimage"},"thumbnailUrl":"https:\/\/www.modave.be\/wp-content\/uploads\/2024\/09\/JDA-16-9-FR-e1726498663361.jpg","datePublished":"2024-09-10T07:56:08+00:00","dateModified":"2024-09-16T14:57:47+00:00","breadcrumb":{"@id":"https:\/\/www.modave.be\/index.php\/services_communaux\/journee-de-lartisan-2024-appel-a-candidatures\/#breadcrumb"},"inLanguage":"fr-FR","potentialAction":[{"@type":"ReadAction","target":["https:\/\/www.modave.be\/index.php\/services_communaux\/journee-de-lartisan-2024-appel-a-candidatures\/"]}]},{"@type":"ImageObject","inLanguage":"fr-FR","@id":"https:\/\/www.modave.be\/index.php\/services_communaux\/journee-de-lartisan-2024-appel-a-candidatures\/#primaryimage","url":"https:\/\/www.modave.be\/wp-content\/uploads\/2024\/09\/JDA-16-9-FR-e1726498663361.jpg","contentUrl":"https:\/\/www.modave.be\/wp-content\/uploads\/2024\/09\/JDA-16-9-FR-e1726498663361.jpg","width":1920,"height":960},{"@type":"BreadcrumbList","@id":"https:\/\/www.modave.be\/index.php\/services_communaux\/journee-de-lartisan-2024-appel-a-candidatures\/#breadcrumb","itemListElement":[{"@type":"ListItem","position":1,"name":"Accueil","item":"https:\/\/www.modave.be\/"},{"@type":"ListItem","position":2,"name":"Journ\u00e9e de l\u2019Artisan du 17\/11\/2024 | Appel \u00e0 candidatures"}]},{"@type":"WebSite","@id":"https:\/\/www.modave.be\/#website","url":"https:\/\/www.modave.be\/","name":"Commune de Modave","description":"Commune de Modave","publisher":{"@id":"https:\/\/www.modave.be\/#organization"},"potentialAction":[{"@type":"SearchAction","target":{"@type":"EntryPoint","urlTemplate":"https:\/\/www.modave.be\/?s={search_term_string}"},"query-input":{"@type":"PropertyValueSpecification","valueRequired":true,"valueName":"search_term_string"}}],"inLanguage":"fr-FR"},{"@type":"Organization","@id":"https:\/\/www.modave.be\/#organization","name":"Commune de Modave","url":"https:\/\/www.modave.be\/","logo":{"@type":"ImageObject","inLanguage":"fr-FR","@id":"https:\/\/www.modave.be\/#\/schema\/logo\/image\/","url":"https:\/\/www.modave.be\/wp-content\/uploads\/2021\/12\/MODAVE_LOGO_HORIZONTAL_QUADRI_RVB.png","contentUrl":"https:\/\/www.modave.be\/wp-content\/uploads\/2021\/12\/MODAVE_LOGO_HORIZONTAL_QUADRI_RVB.png","width":1200,"height":501,"caption":"Commune de Modave"},"image":{"@id":"https:\/\/www.modave.be\/#\/schema\/logo\/image\/"}}]}},"_links":{"self":[{"href":"https:\/\/www.modave.be\/index.php\/wp-json\/wp\/v2\/services_communaux\/13234","targetHints":{"allow":["GET"]}}],"collection":[{"href":"https:\/\/www.modave.be\/index.php\/wp-json\/wp\/v2\/services_communaux"}],"about":[{"href":"https:\/\/www.modave.be\/index.php\/wp-json\/wp\/v2\/types\/services_communaux"}],"author":[{"embeddable":true,"href":"https:\/\/www.modave.be\/index.php\/wp-json\/wp\/v2\/users\/9"}],"wp:featuredmedia":[{"embeddable":true,"href":"https:\/\/www.modave.be\/index.php\/wp-json\/wp\/v2\/media\/13314"}],"wp:attachment":[{"href":"https:\/\/www.modave.be\/index.php\/wp-json\/wp\/v2\/media?parent=13234"}],"wp:term":[{"taxonomy":"category","embeddable":true,"href":"https:\/\/www.modave.be\/index.php\/wp-json\/wp\/v2\/categories?post=13234"}],"curies":[{"name":"wp","href":"https:\/\/api.w.org\/{rel}","templated":true}]}}