{"id":13431,"date":"2024-09-30T10:10:00","date_gmt":"2024-09-30T08:10:00","guid":{"rendered":"https:\/\/www.modave.be\/?post_type=services_communaux&#038;p=13431"},"modified":"2024-09-30T12:00:35","modified_gmt":"2024-09-30T10:00:35","slug":"aviq-campagne-de-vaccination","status":"publish","type":"services_communaux","link":"https:\/\/www.modave.be\/index.php\/services_communaux\/aviq-campagne-de-vaccination\/","title":{"rendered":"AVIQ | Campagne de vaccination"},"content":{"rendered":"\n<p>\ud835\udc0f\ud835\udc2b\ud835\udc28\ud835\udc2d\ud835\udc1e\u0301\ud835\udc20\ud835\udc1e\ud835\udc33 \ud835\udc2f\ud835\udc28\ud835\udc2d\ud835\udc2b\ud835\udc1e \ud835\udc2c\ud835\udc1a\ud835\udc27\ud835\udc2d\ud835\udc1e\u0301 \ud835\udc1e\ud835\udc2d \ud835\udc1c\ud835\udc1e\ud835\udc25\ud835\udc25\ud835\udc1e \ud835\udc1d\ud835\udc1e \ud835\udc2f\ud835\udc28\ud835\udc2c \ud835\udc29\ud835\udc2b\ud835\udc28\ud835\udc1c\ud835\udc21\ud835\udc1e\ud835\udc2c !<\/p>\n\n\n\n<p>L&rsquo;AVIQ lance une campagne pour rappeler l&rsquo;importance de se prot\u00e9ger contre les infections respiratoires (grippe, Covid-19, etc.) et encourage les personnes \u00e0 risque \u00e0 se faire vacciner.\ud83d\udc89\ud83c\udf21\ufe0f<\/p>\n\n\n\n<p>\ud835\udc0f\ud835\udc28\ud835\udc2e\ud835\udc2b \ud835\udc2a\ud835\udc2e\ud835\udc22 \ud835\udc1e\ud835\udc2c\ud835\udc2d \ud835\udc2b\ud835\udc1e\ud835\udc1c\ud835\udc28\ud835\udc26\ud835\udc26\ud835\udc1a\ud835\udc27\ud835\udc1d\ud835\udc1e\u0301\ud835\udc1e \ud835\udc25\ud835\udc1a \ud835\udc2f\ud835\udc1a\ud835\udc1c\ud835\udc1c\ud835\udc22\ud835\udc27\ud835\udc1a\ud835\udc2d\ud835\udc22\ud835\udc28\ud835\udc27 ?<\/p>\n\n\n\n<p>\ud83d\udc75 Les personnes de \ud835\udc29\ud835\udc25\ud835\udc2e\ud835\udc2c \ud835\udc1d\ud835\udc1e \ud835\udfd4\ud835\udfd3 \ud835\udc1a\ud835\udc27\ud835\udc2c<br>\ud83c\udfe0 \ud835\udc0b\ud835\udc1e\ud835\udc2c \ud835\udc2b\ud835\udc1e\u0301\ud835\udc2c\ud835\udc22\ud835\udc1d\ud835\udc1e\ud835\udc27\ud835\udc2d\ud835\udc2c \ud835\udc1d\u2019\ud835\udc2e\ud835\udc27\ud835\udc1e \ud835\udc26\ud835\udc1a\ud835\udc22\ud835\udc2c\ud835\udc28\ud835\udc27 \ud835\udc1d\ud835\udc1e \ud835\udc2b\ud835\udc1e\ud835\udc29\ud835\udc28\ud835\udc2c \ud835\udc28\ud835\udc2e \ud835\udc1d\u2019\ud835\udc2e\ud835\udc27 \ud835\udc1e\u0301\ud835\udc2d\ud835\udc1a\ud835\udc1b\ud835\udc25\ud835\udc22\ud835\udc2c\ud835\udc2c\ud835\udc1e\ud835\udc26\ud835\udc1e\ud835\udc27\ud835\udc2d \ud835\udc1d\ud835\udc1e \ud835\udc2c\ud835\udc28\ud835\udc22\ud835\udc27\ud835\udc2c<br>\ud83e\udd30 \ud835\udc0b\ud835\udc1e\ud835\udc2c \ud835\udc1f\ud835\udc1e\ud835\udc26\ud835\udc26\ud835\udc1e\ud835\udc2c \ud835\udc1e\ud835\udc27\ud835\udc1c\ud835\udc1e\ud835\udc22\ud835\udc27\ud835\udc2d\ud835\udc1e\ud835\udc2c (\ud835\udc2a\ud835\udc2e\ud835\udc1e\ud835\udc25 \ud835\udc2a\ud835\udc2e\ud835\udc1e \ud835\udc2c\ud835\udc28\ud835\udc22\ud835\udc2d \ud835\udc25\ud835\udc1e \ud835\udc2c\ud835\udc2d\ud835\udc1a\ud835\udc1d\ud835\udc1e \ud835\udc1d\ud835\udc1e \ud835\udc20\ud835\udc2b\ud835\udc28\ud835\udc2c\ud835\udc2c\ud835\udc1e\ud835\udc2c\ud835\udc2c\ud835\udc1e)<br>\ud83d\udd39 Les personnes \ud835\udc1a\ud835\udc2f\ud835\udc1e\ud835\udc1c \ud835\udc2e\ud835\udc27 \ud835\udc08\ud835\udc0c\ud835\udc02 \u2265 \ud835\udfd2\ud835\udfce<br>\ud83d\udd38 Les personnes \ud835\udc22\ud835\udc26\ud835\udc26\ud835\udc2e\ud835\udc27\ud835\udc28\ud835\udc1d\ud835\udc1e\u0301\ud835\udc29\ud835\udc2b\ud835\udc22\ud835\udc26\ud835\udc1e\u0301\ud835\udc1e\ud835\udc2c \ud835\udc28\ud835\udc2e \ud835\udc1a\ud835\udc2f\ud835\udc1e\ud835\udc1c \ud835\udc1d\ud835\udc1e\ud835\udc2c \ud835\udc1c\ud835\udc28\ud835\udc26\ud835\udc28\ud835\udc2b\ud835\udc1b\ud835\udc22\ud835\udc1d\ud835\udc22\ud835\udc2d\ud835\udc1e\u0301\ud835\udc2c<br>\ud83d\udc69\u200d\u2695\ufe0f \ud835\udc0b\ud835\udc1e\ud835\udc2c \ud835\udc29\ud835\udc2b\ud835\udc28\ud835\udc1f\ud835\udc1e\ud835\udc2c\ud835\udc2c\ud835\udc22\ud835\udc28\ud835\udc27\ud835\udc27\ud835\udc1e\ud835\udc25\ud835\udc2c \ud835\udc1d\ud835\udc1e \ud835\udc25\ud835\udc1a \ud835\udc2c\ud835\udc1a\ud835\udc27\ud835\udc2d\ud835\udc1e\u0301<br>\ud83d\udc68\u200d\ud83d\udc69\u200d\ud83d\udc67\u200d\ud83d\udc66 \ud835\udc0b\ud835\udc1e\ud835\udc2c \ud835\udc29\ud835\udc2b\ud835\udc28\ud835\udc1c\ud835\udc21\ud835\udc1e\ud835\udc2c \ud835\udc1d\ud835\udc1e \ud835\udc29\ud835\udc1a\ud835\udc2d\ud835\udc22\ud835\udc1e\ud835\udc27\ud835\udc2d\ud835\udc2c \ud835\udc2c\ud835\udc1e\u0301\ud835\udc2f\ud835\udc1e\u0300\ud835\udc2b\ud835\udc1e\ud835\udc26\ud835\udc1e\ud835\udc27\ud835\udc2d \ud835\udc22\ud835\udc26\ud835\udc26\ud835\udc2e\ud835\udc27\ud835\udc28\ud835\udc1d\ud835\udc1e\u0301\ud835\udc29\ud835\udc2b\ud835\udc22\ud835\udc26\ud835\udc1e\u0301\ud835\udc2c<br>\ud83c\udf77 Une attention particuli\u00e8re est \ud835\udc2b\ud835\udc1e\ud835\udc1c\ud835\udc28\ud835\udc26\ud835\udc26\ud835\udc1a\ud835\udc27\ud835\udc1d\ud835\udc1e\u0301\ud835\udc1e \ud835\udc1a\ud835\udc2e\ud835\udc31 \ud835\udfd3\ud835\udfce-\ud835\udfd4\ud835\udfd3 \ud835\udc1a\ud835\udc27\ud835\udc2c \ud835\udc1a\ud835\udc2f\ud835\udc1e\ud835\udc1c \ud835\udc2e\ud835\udc27\ud835\udc1e \ud835\udc1c\ud835\udc28\ud835\udc27\ud835\udc2c\ud835\udc28\ud835\udc26\ud835\udc26\ud835\udc1a\ud835\udc2d\ud835\udc22\ud835\udc28\ud835\udc27 \ud835\udc1e\ud835\udc31\ud835\udc1c\ud835\udc1e\ud835\udc2c\ud835\udc2c\ud835\udc22\ud835\udc2f\ud835\udc1e \ud835\udc1d\u2019\ud835\udc1a\ud835\udc25\ud835\udc1c\ud835\udc28\ud835\udc28\ud835\udc25 \ud835\udc28\ud835\udc2e \ud835\udc1d\ud835\udc1e\ud835\udc2c \ud835\udc1a\ud835\udc27\ud835\udc2d\ud835\udc1e\u0301\ud835\udc1c\ud835\udc1e\u0301\ud835\udc1d\ud835\udc1e\ud835\udc27\ud835\udc2d\ud835\udc2c \ud835\udc1d\ud835\udc1e \ud835\udc2d\ud835\udc1a\ud835\udc1b\ud835\udc1a\ud835\udc20\ud835\udc22\ud835\udc2c\ud835\udc26\ud835\udc1e.<\/p>\n\n\n\n<blockquote class=\"wp-block-quote is-layout-flow wp-block-quote-is-layout-flow\">\n<p>\ud83d\udcc5 \ud835\udc0e\ud835\udc2e\u0300 \ud835\udc1e\ud835\udc2d \ud835\udc2a\ud835\udc2e\ud835\udc1a\ud835\udc27\ud835\udc1d \ud835\udc2c\ud835\udc1e \ud835\udc1f\ud835\udc1a\ud835\udc22\ud835\udc2b\ud835\udc1e \ud835\udc2f\ud835\udc1a\ud835\udc1c\ud835\udc1c\ud835\udc22\ud835\udc27\ud835\udc1e\ud835\udc2b ?<br>Pour conna\u00eetre les lieux et horaires de vaccination et acc\u00e9der aux supports de la campagne, rendez-vous sur \ud83d\udc49 <a href=\"https:\/\/www.jemevaccine.be\">https:\/\/www.jemevaccine.be<\/a><\/p>\n<\/blockquote>\n\n\n\n<p>\ud83d\udd38**\ud835\udc12\ud835\udc1e \ud835\udc1f\ud835\udc1a\ud835\udc22\ud835\udc2b\ud835\udc1e \ud835\udc2f\ud835\udc1a\ud835\udc1c\ud835\udc1c\ud835\udc22\ud835\udc27\ud835\udc1e\ud835\udc2b, \ud835\udc1c\u2019\ud835\udc1e\ud835\udc2c\ud835\udc2d \ud835\udc29\ud835\udc2b\ud835\udc28\ud835\udc2d\ud835\udc1e\u0301\ud835\udc20\ud835\udc1e\ud835\udc2b \ud835\udc2c\ud835\udc1a \ud835\udc2c\ud835\udc1a\ud835\udc27\ud835\udc2d\ud835\udc1e\u0301 \ud835\udc1e\ud835\udc2d \ud835\udc1c\ud835\udc1e\ud835\udc25\ud835\udc25\ud835\udc1e \ud835\udc1d\ud835\udc1e\ud835\udc2c \ud835\udc1a\ud835\udc2e\ud835\udc2d\ud835\udc2b\ud835\udc1e\ud835\udc2c.**\ud83d\udd38<\/p>\n\n\n\n<figure class=\"wp-block-image size-large\"><img fetchpriority=\"high\" decoding=\"async\" width=\"724\" height=\"1024\" src=\"https:\/\/www.modave.be\/wp-content\/uploads\/2024\/09\/SDL-01023_page-0001-1-724x1024.jpg\" alt=\"\" class=\"wp-image-13433\" srcset=\"https:\/\/www.modave.be\/wp-content\/uploads\/2024\/09\/SDL-01023_page-0001-1-724x1024.jpg 724w, https:\/\/www.modave.be\/wp-content\/uploads\/2024\/09\/SDL-01023_page-0001-1-212x300.jpg 212w, https:\/\/www.modave.be\/wp-content\/uploads\/2024\/09\/SDL-01023_page-0001-1-768x1086.jpg 768w, https:\/\/www.modave.be\/wp-content\/uploads\/2024\/09\/SDL-01023_page-0001-1-1086x1536.jpg 1086w, https:\/\/www.modave.be\/wp-content\/uploads\/2024\/09\/SDL-01023_page-0001-1-1448x2048.jpg 1448w, https:\/\/www.modave.be\/wp-content\/uploads\/2024\/09\/SDL-01023_page-0001-1.jpg 1755w\" sizes=\"(max-width: 724px) 100vw, 724px\" \/><\/figure>\n","protected":false},"excerpt":{"rendered":"<p>\ud835\udc0f\ud835\udc2b\ud835\udc28\ud835\udc2d\ud835\udc1e\u0301\ud835\udc20\ud835\udc1e\ud835\udc33 \ud835\udc2f\ud835\udc28\ud835\udc2d\ud835\udc2b\ud835\udc1e \ud835\udc2c\ud835\udc1a\ud835\udc27\ud835\udc2d\ud835\udc1e\u0301 \ud835\udc1e\ud835\udc2d \ud835\udc1c\ud835\udc1e\ud835\udc25\ud835\udc25\ud835\udc1e \ud835\udc1d\ud835\udc1e \ud835\udc2f\ud835\udc28\ud835\udc2c \ud835\udc29\ud835\udc2b\ud835\udc28\ud835\udc1c\ud835\udc21\ud835\udc1e\ud835\udc2c ! L&rsquo;AVIQ lance une campagne pour rappeler l&rsquo;importance de se prot\u00e9ger contre les infections respiratoires (grippe, Covid-19, etc.) et encourage les personnes \u00e0 risque \u00e0 se faire vacciner.\ud83d\udc89\ud83c\udf21\ufe0f \ud835\udc0f\ud835\udc28\ud835\udc2e\ud835\udc2b \ud835\udc2a\ud835\udc2e\ud835\udc22 \ud835\udc1e\ud835\udc2c\ud835\udc2d \ud835\udc2b\ud835\udc1e\ud835\udc1c\ud835\udc28\ud835\udc26\ud835\udc26\ud835\udc1a\ud835\udc27\ud835\udc1d\ud835\udc1e\u0301\ud835\udc1e \ud835\udc25\ud835\udc1a \ud835\udc2f\ud835\udc1a\ud835\udc1c\ud835\udc1c\ud835\udc22\ud835\udc27\ud835\udc1a\ud835\udc2d\ud835\udc22\ud835\udc28\ud835\udc27 ? \ud83d\udc75 Les personnes de \ud835\udc29\ud835\udc25\ud835\udc2e\ud835\udc2c \ud835\udc1d\ud835\udc1e \ud835\udfd4\ud835\udfd3 \ud835\udc1a\ud835\udc27\ud835\udc2c\ud83c\udfe0 \ud835\udc0b\ud835\udc1e\ud835\udc2c \ud835\udc2b\ud835\udc1e\u0301\ud835\udc2c\ud835\udc22\ud835\udc1d\ud835\udc1e\ud835\udc27\ud835\udc2d\ud835\udc2c \ud835\udc1d\u2019\ud835\udc2e\ud835\udc27\ud835\udc1e \ud835\udc26\ud835\udc1a\ud835\udc22\ud835\udc2c\ud835\udc28\ud835\udc27&hellip;<\/p>\n","protected":false},"author":9,"featured_media":13432,"menu_order":0,"template":"","categories":[225],"class_list":["post-13431","services_communaux","type-services_communaux","status-publish","has-post-thumbnail","hentry","category-sante_publique","description-off"],"yoast_head":"<!-- This site is optimized with the Yoast SEO plugin v27.5 - https:\/\/yoast.com\/product\/yoast-seo-wordpress\/ -->\n<title>AVIQ | Campagne de vaccination - Commune de Modave<\/title>\n<meta name=\"robots\" content=\"index, follow, max-snippet:-1, max-image-preview:large, max-video-preview:-1\" \/>\n<link rel=\"canonical\" href=\"https:\/\/www.modave.be\/index.php\/services_communaux\/aviq-campagne-de-vaccination\/\" \/>\n<meta property=\"og:locale\" content=\"fr_FR\" \/>\n<meta property=\"og:type\" content=\"article\" \/>\n<meta property=\"og:title\" content=\"AVIQ | Campagne de vaccination - Commune de Modave\" \/>\n<meta property=\"og:description\" content=\"\ud835\udc0f\ud835\udc2b\ud835\udc28\ud835\udc2d\ud835\udc1e\u0301\ud835\udc20\ud835\udc1e\ud835\udc33 \ud835\udc2f\ud835\udc28\ud835\udc2d\ud835\udc2b\ud835\udc1e \ud835\udc2c\ud835\udc1a\ud835\udc27\ud835\udc2d\ud835\udc1e\u0301 \ud835\udc1e\ud835\udc2d \ud835\udc1c\ud835\udc1e\ud835\udc25\ud835\udc25\ud835\udc1e \ud835\udc1d\ud835\udc1e \ud835\udc2f\ud835\udc28\ud835\udc2c \ud835\udc29\ud835\udc2b\ud835\udc28\ud835\udc1c\ud835\udc21\ud835\udc1e\ud835\udc2c ! L&rsquo;AVIQ lance une campagne pour rappeler l&rsquo;importance de se prot\u00e9ger contre les infections respiratoires (grippe, Covid-19, etc.) et encourage les personnes \u00e0 risque \u00e0 se faire vacciner.\ud83d\udc89\ud83c\udf21\ufe0f \ud835\udc0f\ud835\udc28\ud835\udc2e\ud835\udc2b \ud835\udc2a\ud835\udc2e\ud835\udc22 \ud835\udc1e\ud835\udc2c\ud835\udc2d \ud835\udc2b\ud835\udc1e\ud835\udc1c\ud835\udc28\ud835\udc26\ud835\udc26\ud835\udc1a\ud835\udc27\ud835\udc1d\ud835\udc1e\u0301\ud835\udc1e \ud835\udc25\ud835\udc1a \ud835\udc2f\ud835\udc1a\ud835\udc1c\ud835\udc1c\ud835\udc22\ud835\udc27\ud835\udc1a\ud835\udc2d\ud835\udc22\ud835\udc28\ud835\udc27 ? \ud83d\udc75 Les personnes de \ud835\udc29\ud835\udc25\ud835\udc2e\ud835\udc2c \ud835\udc1d\ud835\udc1e \ud835\udfd4\ud835\udfd3 \ud835\udc1a\ud835\udc27\ud835\udc2c\ud83c\udfe0 \ud835\udc0b\ud835\udc1e\ud835\udc2c \ud835\udc2b\ud835\udc1e\u0301\ud835\udc2c\ud835\udc22\ud835\udc1d\ud835\udc1e\ud835\udc27\ud835\udc2d\ud835\udc2c \ud835\udc1d\u2019\ud835\udc2e\ud835\udc27\ud835\udc1e \ud835\udc26\ud835\udc1a\ud835\udc22\ud835\udc2c\ud835\udc28\ud835\udc27&hellip;\" \/>\n<meta property=\"og:url\" content=\"https:\/\/www.modave.be\/index.php\/services_communaux\/aviq-campagne-de-vaccination\/\" \/>\n<meta property=\"og:site_name\" content=\"Commune de Modave\" \/>\n<meta property=\"article:modified_time\" content=\"2024-09-30T10:00:35+00:00\" \/>\n<meta property=\"og:image\" content=\"https:\/\/www.modave.be\/wp-content\/uploads\/2024\/09\/SDL-01023_page-0001-e1727690390312.jpg\" \/>\n\t<meta property=\"og:image:width\" content=\"1753\" \/>\n\t<meta property=\"og:image:height\" content=\"876\" \/>\n\t<meta property=\"og:image:type\" content=\"image\/jpeg\" \/>\n<meta name=\"twitter:card\" content=\"summary_large_image\" \/>\n<script type=\"application\/ld+json\" class=\"yoast-schema-graph\">{\"@context\":\"https:\\\/\\\/schema.org\",\"@graph\":[{\"@type\":\"WebPage\",\"@id\":\"https:\\\/\\\/www.modave.be\\\/index.php\\\/services_communaux\\\/aviq-campagne-de-vaccination\\\/\",\"url\":\"https:\\\/\\\/www.modave.be\\\/index.php\\\/services_communaux\\\/aviq-campagne-de-vaccination\\\/\",\"name\":\"AVIQ | Campagne de vaccination - Commune de Modave\",\"isPartOf\":{\"@id\":\"https:\\\/\\\/www.modave.be\\\/#website\"},\"primaryImageOfPage\":{\"@id\":\"https:\\\/\\\/www.modave.be\\\/index.php\\\/services_communaux\\\/aviq-campagne-de-vaccination\\\/#primaryimage\"},\"image\":{\"@id\":\"https:\\\/\\\/www.modave.be\\\/index.php\\\/services_communaux\\\/aviq-campagne-de-vaccination\\\/#primaryimage\"},\"thumbnailUrl\":\"https:\\\/\\\/www.modave.be\\\/wp-content\\\/uploads\\\/2024\\\/09\\\/SDL-01023_page-0001-e1727690390312.jpg\",\"datePublished\":\"2024-09-30T08:10:00+00:00\",\"dateModified\":\"2024-09-30T10:00:35+00:00\",\"breadcrumb\":{\"@id\":\"https:\\\/\\\/www.modave.be\\\/index.php\\\/services_communaux\\\/aviq-campagne-de-vaccination\\\/#breadcrumb\"},\"inLanguage\":\"fr-FR\",\"potentialAction\":[{\"@type\":\"ReadAction\",\"target\":[\"https:\\\/\\\/www.modave.be\\\/index.php\\\/services_communaux\\\/aviq-campagne-de-vaccination\\\/\"]}]},{\"@type\":\"ImageObject\",\"inLanguage\":\"fr-FR\",\"@id\":\"https:\\\/\\\/www.modave.be\\\/index.php\\\/services_communaux\\\/aviq-campagne-de-vaccination\\\/#primaryimage\",\"url\":\"https:\\\/\\\/www.modave.be\\\/wp-content\\\/uploads\\\/2024\\\/09\\\/SDL-01023_page-0001-e1727690390312.jpg\",\"contentUrl\":\"https:\\\/\\\/www.modave.be\\\/wp-content\\\/uploads\\\/2024\\\/09\\\/SDL-01023_page-0001-e1727690390312.jpg\",\"width\":1753,\"height\":876},{\"@type\":\"BreadcrumbList\",\"@id\":\"https:\\\/\\\/www.modave.be\\\/index.php\\\/services_communaux\\\/aviq-campagne-de-vaccination\\\/#breadcrumb\",\"itemListElement\":[{\"@type\":\"ListItem\",\"position\":1,\"name\":\"Accueil\",\"item\":\"https:\\\/\\\/www.modave.be\\\/\"},{\"@type\":\"ListItem\",\"position\":2,\"name\":\"AVIQ | Campagne de vaccination\"}]},{\"@type\":\"WebSite\",\"@id\":\"https:\\\/\\\/www.modave.be\\\/#website\",\"url\":\"https:\\\/\\\/www.modave.be\\\/\",\"name\":\"Commune de Modave\",\"description\":\"Commune de Modave\",\"publisher\":{\"@id\":\"https:\\\/\\\/www.modave.be\\\/#organization\"},\"potentialAction\":[{\"@type\":\"SearchAction\",\"target\":{\"@type\":\"EntryPoint\",\"urlTemplate\":\"https:\\\/\\\/www.modave.be\\\/?s={search_term_string}\"},\"query-input\":{\"@type\":\"PropertyValueSpecification\",\"valueRequired\":true,\"valueName\":\"search_term_string\"}}],\"inLanguage\":\"fr-FR\"},{\"@type\":\"Organization\",\"@id\":\"https:\\\/\\\/www.modave.be\\\/#organization\",\"name\":\"Commune de Modave\",\"url\":\"https:\\\/\\\/www.modave.be\\\/\",\"logo\":{\"@type\":\"ImageObject\",\"inLanguage\":\"fr-FR\",\"@id\":\"https:\\\/\\\/www.modave.be\\\/#\\\/schema\\\/logo\\\/image\\\/\",\"url\":\"https:\\\/\\\/www.modave.be\\\/wp-content\\\/uploads\\\/2021\\\/12\\\/MODAVE_LOGO_HORIZONTAL_QUADRI_RVB.png\",\"contentUrl\":\"https:\\\/\\\/www.modave.be\\\/wp-content\\\/uploads\\\/2021\\\/12\\\/MODAVE_LOGO_HORIZONTAL_QUADRI_RVB.png\",\"width\":1200,\"height\":501,\"caption\":\"Commune de Modave\"},\"image\":{\"@id\":\"https:\\\/\\\/www.modave.be\\\/#\\\/schema\\\/logo\\\/image\\\/\"}}]}<\/script>\n<!-- \/ Yoast SEO plugin. -->","yoast_head_json":{"title":"AVIQ | Campagne de vaccination - Commune de Modave","robots":{"index":"index","follow":"follow","max-snippet":"max-snippet:-1","max-image-preview":"max-image-preview:large","max-video-preview":"max-video-preview:-1"},"canonical":"https:\/\/www.modave.be\/index.php\/services_communaux\/aviq-campagne-de-vaccination\/","og_locale":"fr_FR","og_type":"article","og_title":"AVIQ | Campagne de vaccination - Commune de Modave","og_description":"\ud835\udc0f\ud835\udc2b\ud835\udc28\ud835\udc2d\ud835\udc1e\u0301\ud835\udc20\ud835\udc1e\ud835\udc33 \ud835\udc2f\ud835\udc28\ud835\udc2d\ud835\udc2b\ud835\udc1e \ud835\udc2c\ud835\udc1a\ud835\udc27\ud835\udc2d\ud835\udc1e\u0301 \ud835\udc1e\ud835\udc2d \ud835\udc1c\ud835\udc1e\ud835\udc25\ud835\udc25\ud835\udc1e \ud835\udc1d\ud835\udc1e \ud835\udc2f\ud835\udc28\ud835\udc2c \ud835\udc29\ud835\udc2b\ud835\udc28\ud835\udc1c\ud835\udc21\ud835\udc1e\ud835\udc2c ! L&rsquo;AVIQ lance une campagne pour rappeler l&rsquo;importance de se prot\u00e9ger contre les infections respiratoires (grippe, Covid-19, etc.) et encourage les personnes \u00e0 risque \u00e0 se faire vacciner.\ud83d\udc89\ud83c\udf21\ufe0f \ud835\udc0f\ud835\udc28\ud835\udc2e\ud835\udc2b \ud835\udc2a\ud835\udc2e\ud835\udc22 \ud835\udc1e\ud835\udc2c\ud835\udc2d \ud835\udc2b\ud835\udc1e\ud835\udc1c\ud835\udc28\ud835\udc26\ud835\udc26\ud835\udc1a\ud835\udc27\ud835\udc1d\ud835\udc1e\u0301\ud835\udc1e \ud835\udc25\ud835\udc1a \ud835\udc2f\ud835\udc1a\ud835\udc1c\ud835\udc1c\ud835\udc22\ud835\udc27\ud835\udc1a\ud835\udc2d\ud835\udc22\ud835\udc28\ud835\udc27 ? \ud83d\udc75 Les personnes de \ud835\udc29\ud835\udc25\ud835\udc2e\ud835\udc2c \ud835\udc1d\ud835\udc1e \ud835\udfd4\ud835\udfd3 \ud835\udc1a\ud835\udc27\ud835\udc2c\ud83c\udfe0 \ud835\udc0b\ud835\udc1e\ud835\udc2c \ud835\udc2b\ud835\udc1e\u0301\ud835\udc2c\ud835\udc22\ud835\udc1d\ud835\udc1e\ud835\udc27\ud835\udc2d\ud835\udc2c \ud835\udc1d\u2019\ud835\udc2e\ud835\udc27\ud835\udc1e \ud835\udc26\ud835\udc1a\ud835\udc22\ud835\udc2c\ud835\udc28\ud835\udc27&hellip;","og_url":"https:\/\/www.modave.be\/index.php\/services_communaux\/aviq-campagne-de-vaccination\/","og_site_name":"Commune de Modave","article_modified_time":"2024-09-30T10:00:35+00:00","og_image":[{"width":1753,"height":876,"url":"https:\/\/www.modave.be\/wp-content\/uploads\/2024\/09\/SDL-01023_page-0001-e1727690390312.jpg","type":"image\/jpeg"}],"twitter_card":"summary_large_image","schema":{"@context":"https:\/\/schema.org","@graph":[{"@type":"WebPage","@id":"https:\/\/www.modave.be\/index.php\/services_communaux\/aviq-campagne-de-vaccination\/","url":"https:\/\/www.modave.be\/index.php\/services_communaux\/aviq-campagne-de-vaccination\/","name":"AVIQ | Campagne de vaccination - Commune de Modave","isPartOf":{"@id":"https:\/\/www.modave.be\/#website"},"primaryImageOfPage":{"@id":"https:\/\/www.modave.be\/index.php\/services_communaux\/aviq-campagne-de-vaccination\/#primaryimage"},"image":{"@id":"https:\/\/www.modave.be\/index.php\/services_communaux\/aviq-campagne-de-vaccination\/#primaryimage"},"thumbnailUrl":"https:\/\/www.modave.be\/wp-content\/uploads\/2024\/09\/SDL-01023_page-0001-e1727690390312.jpg","datePublished":"2024-09-30T08:10:00+00:00","dateModified":"2024-09-30T10:00:35+00:00","breadcrumb":{"@id":"https:\/\/www.modave.be\/index.php\/services_communaux\/aviq-campagne-de-vaccination\/#breadcrumb"},"inLanguage":"fr-FR","potentialAction":[{"@type":"ReadAction","target":["https:\/\/www.modave.be\/index.php\/services_communaux\/aviq-campagne-de-vaccination\/"]}]},{"@type":"ImageObject","inLanguage":"fr-FR","@id":"https:\/\/www.modave.be\/index.php\/services_communaux\/aviq-campagne-de-vaccination\/#primaryimage","url":"https:\/\/www.modave.be\/wp-content\/uploads\/2024\/09\/SDL-01023_page-0001-e1727690390312.jpg","contentUrl":"https:\/\/www.modave.be\/wp-content\/uploads\/2024\/09\/SDL-01023_page-0001-e1727690390312.jpg","width":1753,"height":876},{"@type":"BreadcrumbList","@id":"https:\/\/www.modave.be\/index.php\/services_communaux\/aviq-campagne-de-vaccination\/#breadcrumb","itemListElement":[{"@type":"ListItem","position":1,"name":"Accueil","item":"https:\/\/www.modave.be\/"},{"@type":"ListItem","position":2,"name":"AVIQ | Campagne de vaccination"}]},{"@type":"WebSite","@id":"https:\/\/www.modave.be\/#website","url":"https:\/\/www.modave.be\/","name":"Commune de Modave","description":"Commune de Modave","publisher":{"@id":"https:\/\/www.modave.be\/#organization"},"potentialAction":[{"@type":"SearchAction","target":{"@type":"EntryPoint","urlTemplate":"https:\/\/www.modave.be\/?s={search_term_string}"},"query-input":{"@type":"PropertyValueSpecification","valueRequired":true,"valueName":"search_term_string"}}],"inLanguage":"fr-FR"},{"@type":"Organization","@id":"https:\/\/www.modave.be\/#organization","name":"Commune de Modave","url":"https:\/\/www.modave.be\/","logo":{"@type":"ImageObject","inLanguage":"fr-FR","@id":"https:\/\/www.modave.be\/#\/schema\/logo\/image\/","url":"https:\/\/www.modave.be\/wp-content\/uploads\/2021\/12\/MODAVE_LOGO_HORIZONTAL_QUADRI_RVB.png","contentUrl":"https:\/\/www.modave.be\/wp-content\/uploads\/2021\/12\/MODAVE_LOGO_HORIZONTAL_QUADRI_RVB.png","width":1200,"height":501,"caption":"Commune de Modave"},"image":{"@id":"https:\/\/www.modave.be\/#\/schema\/logo\/image\/"}}]}},"_links":{"self":[{"href":"https:\/\/www.modave.be\/index.php\/wp-json\/wp\/v2\/services_communaux\/13431","targetHints":{"allow":["GET"]}}],"collection":[{"href":"https:\/\/www.modave.be\/index.php\/wp-json\/wp\/v2\/services_communaux"}],"about":[{"href":"https:\/\/www.modave.be\/index.php\/wp-json\/wp\/v2\/types\/services_communaux"}],"author":[{"embeddable":true,"href":"https:\/\/www.modave.be\/index.php\/wp-json\/wp\/v2\/users\/9"}],"wp:featuredmedia":[{"embeddable":true,"href":"https:\/\/www.modave.be\/index.php\/wp-json\/wp\/v2\/media\/13432"}],"wp:attachment":[{"href":"https:\/\/www.modave.be\/index.php\/wp-json\/wp\/v2\/media?parent=13431"}],"wp:term":[{"taxonomy":"category","embeddable":true,"href":"https:\/\/www.modave.be\/index.php\/wp-json\/wp\/v2\/categories?post=13431"}],"curies":[{"name":"wp","href":"https:\/\/api.w.org\/{rel}","templated":true}]}}