{"id":13434,"date":"2024-09-30T10:18:00","date_gmt":"2024-09-30T08:18:00","guid":{"rendered":"https:\/\/www.modave.be\/?post_type=services_communaux&#038;p=13434"},"modified":"2024-09-30T14:12:27","modified_gmt":"2024-09-30T12:12:27","slug":"oyou-atelier-choeur-de-chants-polyphoniques-du-monde","status":"publish","type":"services_communaux","link":"https:\/\/www.modave.be\/index.php\/services_communaux\/oyou-atelier-choeur-de-chants-polyphoniques-du-monde\/","title":{"rendered":"OYOU | Atelier | Choeur de chants polyphoniques du monde"},"content":{"rendered":"\n<p class=\"has-medium-font-size\">\ud835\udc0d\ud835\udc28\ud835\udc2e\ud835\udc2f\ud835\udc1e\ud835\udc1a\ud835\udc2e : \ud835\udc02\ud835\udc21\ud835\udc28\ud835\udc1e\ud835\udc2e\ud835\udc2b \ud835\udc1d\ud835\udc1e \ud835\udc1c\ud835\udc21\ud835\udc1a\ud835\udc27\ud835\udc2d\ud835\udc2c \ud835\udc29\ud835\udc28\ud835\udc25\ud835\udc32\ud835\udc29\ud835\udc21\ud835\udc28\ud835\udc27\ud835\udc22\ud835\udc2a\ud835\udc2e\ud835\udc1e\ud835\udc2c \ud835\udc1d\ud835\udc2e \ud835\udc26\ud835\udc28\ud835\udc27\ud835\udc1d\ud835\udc1e <img decoding=\"async\" height=\"16\" width=\"16\" src=\"https:\/\/static.xx.fbcdn.net\/images\/emoji.php\/v9\/t1f\/1\/16\/1f3b6.png\" alt=\"\ud83c\udfb6\"><\/p>\n\n\n\n<p class=\"has-medium-font-size\">Envie de rejoindre un ch\u0153ur qui explore des chants du monde en polyphonie et a cappella ? <img decoding=\"async\" height=\"16\" width=\"16\" src=\"https:\/\/static.xx.fbcdn.net\/images\/emoji.php\/v9\/t3f\/1\/16\/1f30d.png\" alt=\"\ud83c\udf0d\"><img decoding=\"async\" height=\"16\" width=\"16\" src=\"https:\/\/static.xx.fbcdn.net\/images\/emoji.php\/v9\/tf4\/1\/16\/2728.png\" alt=\"\u2728\"> Le Centre Culturel <a href=\"https:\/\/www.facebook.com\/OYOUculture?__cft__[0]=AZUDkjQsLu4OzhucwVPrLB_GqlqJhX0KEoO3Nqoz21TkhF1_oL8LhD29JL9UmpbidUXpuzukXdA7AtmqRbqudNg8pZriNCifcLg35GOB_BgFZHraUmyHmMcAtOZlreD_RSYOIg3S82hgBN_O1VJ0HJZHeito97_TIcdEhRB-nXO9zg&amp;__tn__=-]K-R\">OYOU<\/a> vous en donne l&rsquo;opportunit\u00e9 ! \ud835\udc0c\ud835\udc1e\u0301\ud835\udc25\ud835\udc28\ud835\udc1d\ud835\udc22\ud835\udc1e \ud835\udc0c\ud835\udc28\ud835\udc2e\ud835\udc2b\ud835\udc1e\ud835\udc1a\ud835\udc2e (ToutChante) \ud835\udc2f\ud835\udc28\ud835\udc2e\ud835\udc2c \ud835\udc29\ud835\udc2b\ud835\udc28\ud835\udc29\ud835\udc28\ud835\udc2c\ud835\udc1e \ud835\udc2e\ud835\udc27\ud835\udc1e \ud835\udc2c\ud835\udc1e\u0301\ud835\udc2b\ud835\udc22\ud835\udc1e \ud835\udc1d\u2019\ud835\udc1a\ud835\udc2d\ud835\udc1e\ud835\udc25\ud835\udc22\ud835\udc1e\ud835\udc2b\ud835\udc2c, \ud835\udc27\ud835\udc28\ud835\udc2d\ud835\udc1a\ud835\udc26\ud835\udc26\ud835\udc1e\ud835\udc27\ud835\udc2d \ud835\udc1a\u0300 \ud835\udc25\ud835\udc1a \ud835\udc12\ud835\udc1a\ud835\udc25\ud835\udc25\ud835\udc1e \ud835\udc25\ud835\udc1e\ud835\udc2c \ud835\udc04\u0301\ud835\udc1c\ud835\udc21\ud835\udc28\ud835\udc2c \ud835\udc1d\ud835\udc2e \ud835\udc07\ud835\udc28\ud835\udc32\ud835\udc28\ud835\udc2e\ud835\udc31 \ud835\udc1a\u0300 \ud835\udc0c\ud835\udc28\ud835\udc1d\ud835\udc1a\ud835\udc2f\ud835\udc1e.<\/p>\n\n\n<div class=\"wp-block-image\">\n<figure class=\"aligncenter size-thumbnail\"><img loading=\"lazy\" decoding=\"async\" width=\"150\" height=\"150\" src=\"https:\/\/www.modave.be\/wp-content\/uploads\/2024\/09\/images-150x150.png\" alt=\"\" class=\"wp-image-13438\"\/><\/figure>\n<\/div>\n\n\n<p class=\"has-medium-font-size\">\ud835\udc0c\ud835\udc1e\u0301\ud835\udc2d\ud835\udc21\ud835\udc28\ud835\udc1d\ud835\udc1e :<\/p>\n\n\n\n<p class=\"has-medium-font-size\">Apprentissage par transmission orale, travail corporel, improvisation libre et cercles de chant. <img loading=\"lazy\" decoding=\"async\" height=\"16\" width=\"16\" src=\"https:\/\/static.xx.fbcdn.net\/images\/emoji.php\/v9\/tfd\/1\/16\/1f64c.png\" alt=\"\ud83d\ude4c\"><\/p>\n\n\n\n<p class=\"has-medium-font-size\">\ud835\udc05\ud835\udc28\ud835\udc2b\ud835\udc26\ud835\udc2e\ud835\udc25\ud835\udc1e :<\/p>\n\n\n\n<p class=\"has-medium-font-size\">Chaque quadrimestre comprend 8 ateliers et 1 concert.<\/p>\n\n\n\n<p class=\"has-medium-font-size\">\ud835\udc00\ud835\udc2e \ud835\udc29\ud835\udc2b\ud835\udc28\ud835\udc20\ud835\udc2b\ud835\udc1a\ud835\udc26\ud835\udc26\ud835\udc1e :<\/p>\n\n\n\n<ul class=\"wp-block-list\">\n<li>Apprentissage de 6 chants polyphoniques du monde<\/li>\n\n\n\n<li>3 cercles de chant libre<\/li>\n\n\n\n<li>3 explorations de mouvement libre<\/li>\n\n\n\n<li>6 pratiques d\u2019approfondissement de la respiration et de la voix chant\u00e9e<\/li>\n<\/ul>\n\n\n\n<p class=\"has-medium-font-size\">\ud835\udc0f\ud835\udc28\ud835\udc2e\ud835\udc2b \ud835\udc2a\ud835\udc2e\ud835\udc22 ?<\/p>\n\n\n\n<p class=\"has-medium-font-size\">D\u00e8s 14 ans, accessible \u00e0 tous\u00b7tes sans pr\u00e9requis.<\/p>\n\n\n\n<p class=\"has-medium-font-size\">\ud835\udc10\ud835\udc2e\ud835\udc1a\ud835\udc27\ud835\udc1d ?<\/p>\n\n\n\n<ul class=\"wp-block-list\">\n<li>3 journ\u00e9es (samedi 10h-17h)<\/li>\n\n\n\n<li>5 soir\u00e9es (mercredi 19h-21h30)<\/li>\n\n\n\n<li>1 concert par quadrimestre (R\u00e9p\u00e9tition : 17h-18h30 et concert : 19h-20h)<\/li>\n<\/ul>\n\n\n\n<p class=\"has-medium-font-size\">\ud835\udc0f\ud835\udc2b\ud835\udc22\ud835\udc31 ?<\/p>\n\n\n\n<p class=\"has-medium-font-size\">195\u20ac\/personne\/quadrimestre.<\/p>\n\n\n\n<p class=\"has-medium-font-size\">Un \u00e9talement des paiements est possible et des solutions peuvent \u00eatre trouv\u00e9es en cas de besoin.<\/p>\n\n\n\n<blockquote class=\"wp-block-quote is-layout-flow wp-block-quote-is-layout-flow\">\n<p class=\"has-medium-font-size\">Vous cherchez plus d&rsquo;infos et souhaitez d\u00e9couvrir \ud835\udc25\ud835\udc1e\ud835\udc2c \ud835\udc1d\ud835\udc1a\ud835\udc2d\ud835\udc1e\ud835\udc2c, \ud835\udc1c\ud835\udc28\ud835\udc27\ud835\udc1c\ud835\udc1e\ud835\udc2b\ud835\udc2d\ud835\udc2c, \ud835\udc26\ud835\udc28\ud835\udc1d\ud835\udc1a\ud835\udc25\ud835\udc22\ud835\udc2d\ud835\udc1e\u0301\ud835\udc2c et \ud835\udc25\ud835\udc22\ud835\udc1e\ud835\udc2e\ud835\udc31 de l&rsquo;atelier ? <img loading=\"lazy\" decoding=\"async\" height=\"16\" width=\"16\" src=\"https:\/\/static.xx.fbcdn.net\/images\/emoji.php\/v9\/t51\/1\/16\/1f449.png\" alt=\"\ud83d\udc49\"><a href=\"https:\/\/www.oyou.be\/evenements\/choeur-de-chants-polyphoniques-du-monde\/?fbclid=IwZXh0bgNhZW0CMTAAAR2izxP6dseL3E-_oC0-GSTEgKcZ3AI-bqnvmyXg4oy4NPoZByMcSt9HyR0_aem_TkmyNKkgDnj0NHEyHDW6tw\" target=\"_blank\" rel=\"noreferrer noopener\">https:\/\/www.oyou.be\/&#8230;\/choeur-de-chants-polyphoniques&#8230;\/<\/a><\/p>\n\n\n\n<p class=\"has-medium-font-size\">\ud835\udc08\ud835\udc27\ud835\udc2c\ud835\udc1c\ud835\udc2b\ud835\udc22\ud835\udc29\ud835\udc2d\ud835\udc22\ud835\udc28\ud835\udc27\ud835\udc2c : florence.godart@gmail.com<\/p>\n\n\n\n<p class=\"has-medium-font-size\">\ud835\udc02\ud835\udc28\ud835\udc27\ud835\udc2d\ud835\udc1a\ud835\udc1c\ud835\udc2d : 0498 67 08 21<\/p>\n\n\n\n<p class=\"has-medium-font-size\">Rejoignez-nous pour cette belle aventure musicale et humaine ! <img decoding=\"async\" height=\"16\" width=\"16\" src=\"https:\/\/static.xx.fbcdn.net\/images\/emoji.php\/v9\/tf4\/1\/16\/2728.png\" alt=\"\u2728\"> <\/p>\n<\/blockquote>\n\n\n\n<h2 class=\"wp-block-heading has-medium-font-size\">DEMARCHE ET DEROULEMENT DES ATELIERS<\/h2>\n\n\n\n<p class=\"has-medium-font-size\">Les ateliers propos\u00e9s par M\u00e9lodie sont issus de la pratique ToutChante qu&rsquo;elle a cr\u00e9\u00e9e il y a quelques ann\u00e9es. ToutChante est une pratique qui m\u00eale art et spiritualit\u00e9 autour du chant et du mouvement. Le but premier des ateliers est de retrouver un espace libre d&rsquo;expression vocale \u00e0 l&rsquo;\u00e9coute de soi pour, dans un second temps, ouvrir un lieu commun de chant collectif o\u00f9 il fait bon vibrer sans peur du jugement de l&rsquo;autre. Emprunt de la simplicit\u00e9 de soir\u00e9es chant\u00e9es ensemble au coin du feu, ToutChante cherche \u00e0 recr\u00e9er des espaces de chant s\u00e9curis\u00e9 o\u00f9 la chaleur humaine na\u00eet naturellement dans la d\u00e9tente. Une voix \u00e9mise par un corps que l&rsquo;on habite. Un corps vibrant d&rsquo;une voix qui r\u00e9sonne dans tout notre \u00eatre. Sans contrainte esth\u00e9tique ou de perfection \u00e0 atteindre, ToutChante est un espace de reliance int\u00e9rieure et d&rsquo;exploration joyeuse et collective de chants du monde. Chaque journ\u00e9e d&rsquo;atelier commence par une matin\u00e9e d&rsquo;exploration du corps et de la voix et se poursuit par une apr\u00e8s-midi de d\u00e9couverte et d&rsquo;apprentissage de 2 chants du monde. Chaque soir\u00e9e sera consacr\u00e9e \u00e0 int\u00e9grer et r\u00e9p\u00e9ter les chants appris lors des journ\u00e9es pr\u00e9c\u00e9dentes et commenceront toujours en douceur par des pratiques respiratoire, vocale et corporelle permettant d&rsquo;arriver sans stress dans ces soir\u00e9es consacr\u00e9es au plaisir de chanter ensemble.<\/p>\n\n\n\n<h2 class=\"wp-block-heading has-medium-font-size\">ORGANISATION CONCERTS<\/h2>\n\n\n\n<p class=\"has-medium-font-size\">Le concert sera propos\u00e9 \u00e0 prix libre et conscient \u00e0 partir de 5 euros. Le programme proposera de d\u00e9couvrir les 6 chants du monde appris ensemble et sera compl\u00e9t\u00e9 par M\u00e9lodie qui interpr\u00e9tera quelques chants faisant \u00e9cho aux chants collectifs afin de proposer un programme complet d&rsquo;environ 1h15. Chaque participant-e s&rsquo;engage \u00e0 essayer de faire venir au moins 3 personnes pour le concert. Le bar de boissons et de snacks sucr\u00e9s\/sal\u00e9s sera assur\u00e9 par tout notre groupe tant pour la tenue du bar que pour son approvisionnement. L&rsquo;organisation de ce bar se fera collectivement \u00e0 la fin de la derni\u00e8re r\u00e9p\u00e9tition. Les b\u00e9n\u00e9fices du concert iront pour moiti\u00e9 pour cr\u00e9er un fond de soutien pour de futurs participant-e-s qui souhaiteraient venir aux ateliers mais n&rsquo;en auraient pas les moyens financiers et pour moiti\u00e9 pour d\u00e9frayer le travail de M\u00e9lodie pour la r\u00e9p\u00e9tition du concert et le concert lui-m\u00eame n&rsquo;\u00e9tant pas compris dans les prix des ateliers.<\/p>\n","protected":false},"excerpt":{"rendered":"<p>\ud835\udc0d\ud835\udc28\ud835\udc2e\ud835\udc2f\ud835\udc1e\ud835\udc1a\ud835\udc2e : \ud835\udc02\ud835\udc21\ud835\udc28\ud835\udc1e\ud835\udc2e\ud835\udc2b \ud835\udc1d\ud835\udc1e \ud835\udc1c\ud835\udc21\ud835\udc1a\ud835\udc27\ud835\udc2d\ud835\udc2c \ud835\udc29\ud835\udc28\ud835\udc25\ud835\udc32\ud835\udc29\ud835\udc21\ud835\udc28\ud835\udc27\ud835\udc22\ud835\udc2a\ud835\udc2e\ud835\udc1e\ud835\udc2c \ud835\udc1d\ud835\udc2e \ud835\udc26\ud835\udc28\ud835\udc27\ud835\udc1d\ud835\udc1e Envie de rejoindre un ch\u0153ur qui explore des chants du monde en polyphonie et a cappella ? Le Centre Culturel OYOU vous en donne l&rsquo;opportunit\u00e9 ! \ud835\udc0c\ud835\udc1e\u0301\ud835\udc25\ud835\udc28\ud835\udc1d\ud835\udc22\ud835\udc1e \ud835\udc0c\ud835\udc28\ud835\udc2e\ud835\udc2b\ud835\udc1e\ud835\udc1a\ud835\udc2e (ToutChante) \ud835\udc2f\ud835\udc28\ud835\udc2e\ud835\udc2c \ud835\udc29\ud835\udc2b\ud835\udc28\ud835\udc29\ud835\udc28\ud835\udc2c\ud835\udc1e \ud835\udc2e\ud835\udc27\ud835\udc1e \ud835\udc2c\ud835\udc1e\u0301\ud835\udc2b\ud835\udc22\ud835\udc1e \ud835\udc1d\u2019\ud835\udc1a\ud835\udc2d\ud835\udc1e\ud835\udc25\ud835\udc22\ud835\udc1e\ud835\udc2b\ud835\udc2c, \ud835\udc27\ud835\udc28\ud835\udc2d\ud835\udc1a\ud835\udc26\ud835\udc26\ud835\udc1e\ud835\udc27\ud835\udc2d \ud835\udc1a\u0300 \ud835\udc25\ud835\udc1a \ud835\udc12\ud835\udc1a\ud835\udc25\ud835\udc25\ud835\udc1e \ud835\udc25\ud835\udc1e\ud835\udc2c \ud835\udc04\u0301\ud835\udc1c\ud835\udc21\ud835\udc28\ud835\udc2c \ud835\udc1d\ud835\udc2e \ud835\udc07\ud835\udc28\ud835\udc32\ud835\udc28\ud835\udc2e\ud835\udc31 \ud835\udc1a\u0300 \ud835\udc0c\ud835\udc28\ud835\udc1d\ud835\udc1a\ud835\udc2f\ud835\udc1e. \ud835\udc0c\ud835\udc1e\u0301\ud835\udc2d\ud835\udc21\ud835\udc28\ud835\udc1d\ud835\udc1e : Apprentissage&hellip;<\/p>\n","protected":false},"author":9,"featured_media":13435,"menu_order":0,"template":"","categories":[1],"class_list":["post-13434","services_communaux","type-services_communaux","status-publish","has-post-thumbnail","hentry","category-non-classe","description-off"],"yoast_head":"<!-- This site is optimized with the Yoast SEO plugin v27.5 - https:\/\/yoast.com\/product\/yoast-seo-wordpress\/ -->\n<title>OYOU | Atelier | Choeur de chants polyphoniques du monde - Commune de Modave<\/title>\n<meta name=\"robots\" content=\"index, follow, max-snippet:-1, max-image-preview:large, max-video-preview:-1\" \/>\n<link rel=\"canonical\" href=\"https:\/\/www.modave.be\/index.php\/services_communaux\/oyou-atelier-choeur-de-chants-polyphoniques-du-monde\/\" \/>\n<meta property=\"og:locale\" content=\"fr_FR\" \/>\n<meta property=\"og:type\" content=\"article\" \/>\n<meta property=\"og:title\" content=\"OYOU | Atelier | Choeur de chants polyphoniques du monde - Commune de Modave\" \/>\n<meta property=\"og:description\" content=\"\ud835\udc0d\ud835\udc28\ud835\udc2e\ud835\udc2f\ud835\udc1e\ud835\udc1a\ud835\udc2e : \ud835\udc02\ud835\udc21\ud835\udc28\ud835\udc1e\ud835\udc2e\ud835\udc2b \ud835\udc1d\ud835\udc1e \ud835\udc1c\ud835\udc21\ud835\udc1a\ud835\udc27\ud835\udc2d\ud835\udc2c \ud835\udc29\ud835\udc28\ud835\udc25\ud835\udc32\ud835\udc29\ud835\udc21\ud835\udc28\ud835\udc27\ud835\udc22\ud835\udc2a\ud835\udc2e\ud835\udc1e\ud835\udc2c \ud835\udc1d\ud835\udc2e \ud835\udc26\ud835\udc28\ud835\udc27\ud835\udc1d\ud835\udc1e Envie de rejoindre un ch\u0153ur qui explore des chants du monde en polyphonie et a cappella ? Le Centre Culturel OYOU vous en donne l&rsquo;opportunit\u00e9 ! \ud835\udc0c\ud835\udc1e\u0301\ud835\udc25\ud835\udc28\ud835\udc1d\ud835\udc22\ud835\udc1e \ud835\udc0c\ud835\udc28\ud835\udc2e\ud835\udc2b\ud835\udc1e\ud835\udc1a\ud835\udc2e (ToutChante) \ud835\udc2f\ud835\udc28\ud835\udc2e\ud835\udc2c \ud835\udc29\ud835\udc2b\ud835\udc28\ud835\udc29\ud835\udc28\ud835\udc2c\ud835\udc1e \ud835\udc2e\ud835\udc27\ud835\udc1e \ud835\udc2c\ud835\udc1e\u0301\ud835\udc2b\ud835\udc22\ud835\udc1e \ud835\udc1d\u2019\ud835\udc1a\ud835\udc2d\ud835\udc1e\ud835\udc25\ud835\udc22\ud835\udc1e\ud835\udc2b\ud835\udc2c, \ud835\udc27\ud835\udc28\ud835\udc2d\ud835\udc1a\ud835\udc26\ud835\udc26\ud835\udc1e\ud835\udc27\ud835\udc2d \ud835\udc1a\u0300 \ud835\udc25\ud835\udc1a \ud835\udc12\ud835\udc1a\ud835\udc25\ud835\udc25\ud835\udc1e \ud835\udc25\ud835\udc1e\ud835\udc2c \ud835\udc04\u0301\ud835\udc1c\ud835\udc21\ud835\udc28\ud835\udc2c \ud835\udc1d\ud835\udc2e \ud835\udc07\ud835\udc28\ud835\udc32\ud835\udc28\ud835\udc2e\ud835\udc31 \ud835\udc1a\u0300 \ud835\udc0c\ud835\udc28\ud835\udc1d\ud835\udc1a\ud835\udc2f\ud835\udc1e. \ud835\udc0c\ud835\udc1e\u0301\ud835\udc2d\ud835\udc21\ud835\udc28\ud835\udc1d\ud835\udc1e : Apprentissage&hellip;\" \/>\n<meta property=\"og:url\" content=\"https:\/\/www.modave.be\/index.php\/services_communaux\/oyou-atelier-choeur-de-chants-polyphoniques-du-monde\/\" \/>\n<meta property=\"og:site_name\" content=\"Commune de Modave\" \/>\n<meta property=\"article:modified_time\" content=\"2024-09-30T12:12:27+00:00\" \/>\n<meta property=\"og:image\" content=\"https:\/\/www.modave.be\/wp-content\/uploads\/2024\/09\/Polyphonie-e1727695840804.jpg\" \/>\n\t<meta property=\"og:image:width\" content=\"557\" \/>\n\t<meta property=\"og:image:height\" content=\"278\" \/>\n\t<meta property=\"og:image:type\" content=\"image\/jpeg\" \/>\n<meta name=\"twitter:card\" content=\"summary_large_image\" \/>\n<meta name=\"twitter:label1\" content=\"Dur\u00e9e de lecture estim\u00e9e\" \/>\n\t<meta name=\"twitter:data1\" content=\"3 minutes\" \/>\n<script type=\"application\/ld+json\" class=\"yoast-schema-graph\">{\"@context\":\"https:\\\/\\\/schema.org\",\"@graph\":[{\"@type\":\"WebPage\",\"@id\":\"https:\\\/\\\/www.modave.be\\\/index.php\\\/services_communaux\\\/oyou-atelier-choeur-de-chants-polyphoniques-du-monde\\\/\",\"url\":\"https:\\\/\\\/www.modave.be\\\/index.php\\\/services_communaux\\\/oyou-atelier-choeur-de-chants-polyphoniques-du-monde\\\/\",\"name\":\"OYOU | Atelier | Choeur de chants polyphoniques du monde - Commune de Modave\",\"isPartOf\":{\"@id\":\"https:\\\/\\\/www.modave.be\\\/#website\"},\"primaryImageOfPage\":{\"@id\":\"https:\\\/\\\/www.modave.be\\\/index.php\\\/services_communaux\\\/oyou-atelier-choeur-de-chants-polyphoniques-du-monde\\\/#primaryimage\"},\"image\":{\"@id\":\"https:\\\/\\\/www.modave.be\\\/index.php\\\/services_communaux\\\/oyou-atelier-choeur-de-chants-polyphoniques-du-monde\\\/#primaryimage\"},\"thumbnailUrl\":\"https:\\\/\\\/www.modave.be\\\/wp-content\\\/uploads\\\/2024\\\/09\\\/Polyphonie-e1727695840804.jpg\",\"datePublished\":\"2024-09-30T08:18:00+00:00\",\"dateModified\":\"2024-09-30T12:12:27+00:00\",\"breadcrumb\":{\"@id\":\"https:\\\/\\\/www.modave.be\\\/index.php\\\/services_communaux\\\/oyou-atelier-choeur-de-chants-polyphoniques-du-monde\\\/#breadcrumb\"},\"inLanguage\":\"fr-FR\",\"potentialAction\":[{\"@type\":\"ReadAction\",\"target\":[\"https:\\\/\\\/www.modave.be\\\/index.php\\\/services_communaux\\\/oyou-atelier-choeur-de-chants-polyphoniques-du-monde\\\/\"]}]},{\"@type\":\"ImageObject\",\"inLanguage\":\"fr-FR\",\"@id\":\"https:\\\/\\\/www.modave.be\\\/index.php\\\/services_communaux\\\/oyou-atelier-choeur-de-chants-polyphoniques-du-monde\\\/#primaryimage\",\"url\":\"https:\\\/\\\/www.modave.be\\\/wp-content\\\/uploads\\\/2024\\\/09\\\/Polyphonie-e1727695840804.jpg\",\"contentUrl\":\"https:\\\/\\\/www.modave.be\\\/wp-content\\\/uploads\\\/2024\\\/09\\\/Polyphonie-e1727695840804.jpg\",\"width\":557,\"height\":278},{\"@type\":\"BreadcrumbList\",\"@id\":\"https:\\\/\\\/www.modave.be\\\/index.php\\\/services_communaux\\\/oyou-atelier-choeur-de-chants-polyphoniques-du-monde\\\/#breadcrumb\",\"itemListElement\":[{\"@type\":\"ListItem\",\"position\":1,\"name\":\"Accueil\",\"item\":\"https:\\\/\\\/www.modave.be\\\/\"},{\"@type\":\"ListItem\",\"position\":2,\"name\":\"OYOU | Atelier | Choeur de chants polyphoniques du monde\"}]},{\"@type\":\"WebSite\",\"@id\":\"https:\\\/\\\/www.modave.be\\\/#website\",\"url\":\"https:\\\/\\\/www.modave.be\\\/\",\"name\":\"Commune de Modave\",\"description\":\"Commune de Modave\",\"publisher\":{\"@id\":\"https:\\\/\\\/www.modave.be\\\/#organization\"},\"potentialAction\":[{\"@type\":\"SearchAction\",\"target\":{\"@type\":\"EntryPoint\",\"urlTemplate\":\"https:\\\/\\\/www.modave.be\\\/?s={search_term_string}\"},\"query-input\":{\"@type\":\"PropertyValueSpecification\",\"valueRequired\":true,\"valueName\":\"search_term_string\"}}],\"inLanguage\":\"fr-FR\"},{\"@type\":\"Organization\",\"@id\":\"https:\\\/\\\/www.modave.be\\\/#organization\",\"name\":\"Commune de Modave\",\"url\":\"https:\\\/\\\/www.modave.be\\\/\",\"logo\":{\"@type\":\"ImageObject\",\"inLanguage\":\"fr-FR\",\"@id\":\"https:\\\/\\\/www.modave.be\\\/#\\\/schema\\\/logo\\\/image\\\/\",\"url\":\"https:\\\/\\\/www.modave.be\\\/wp-content\\\/uploads\\\/2021\\\/12\\\/MODAVE_LOGO_HORIZONTAL_QUADRI_RVB.png\",\"contentUrl\":\"https:\\\/\\\/www.modave.be\\\/wp-content\\\/uploads\\\/2021\\\/12\\\/MODAVE_LOGO_HORIZONTAL_QUADRI_RVB.png\",\"width\":1200,\"height\":501,\"caption\":\"Commune de Modave\"},\"image\":{\"@id\":\"https:\\\/\\\/www.modave.be\\\/#\\\/schema\\\/logo\\\/image\\\/\"}}]}<\/script>\n<!-- \/ Yoast SEO plugin. -->","yoast_head_json":{"title":"OYOU | Atelier | Choeur de chants polyphoniques du monde - Commune de Modave","robots":{"index":"index","follow":"follow","max-snippet":"max-snippet:-1","max-image-preview":"max-image-preview:large","max-video-preview":"max-video-preview:-1"},"canonical":"https:\/\/www.modave.be\/index.php\/services_communaux\/oyou-atelier-choeur-de-chants-polyphoniques-du-monde\/","og_locale":"fr_FR","og_type":"article","og_title":"OYOU | Atelier | Choeur de chants polyphoniques du monde - Commune de Modave","og_description":"\ud835\udc0d\ud835\udc28\ud835\udc2e\ud835\udc2f\ud835\udc1e\ud835\udc1a\ud835\udc2e : \ud835\udc02\ud835\udc21\ud835\udc28\ud835\udc1e\ud835\udc2e\ud835\udc2b \ud835\udc1d\ud835\udc1e \ud835\udc1c\ud835\udc21\ud835\udc1a\ud835\udc27\ud835\udc2d\ud835\udc2c \ud835\udc29\ud835\udc28\ud835\udc25\ud835\udc32\ud835\udc29\ud835\udc21\ud835\udc28\ud835\udc27\ud835\udc22\ud835\udc2a\ud835\udc2e\ud835\udc1e\ud835\udc2c \ud835\udc1d\ud835\udc2e \ud835\udc26\ud835\udc28\ud835\udc27\ud835\udc1d\ud835\udc1e Envie de rejoindre un ch\u0153ur qui explore des chants du monde en polyphonie et a cappella ? Le Centre Culturel OYOU vous en donne l&rsquo;opportunit\u00e9 ! \ud835\udc0c\ud835\udc1e\u0301\ud835\udc25\ud835\udc28\ud835\udc1d\ud835\udc22\ud835\udc1e \ud835\udc0c\ud835\udc28\ud835\udc2e\ud835\udc2b\ud835\udc1e\ud835\udc1a\ud835\udc2e (ToutChante) \ud835\udc2f\ud835\udc28\ud835\udc2e\ud835\udc2c \ud835\udc29\ud835\udc2b\ud835\udc28\ud835\udc29\ud835\udc28\ud835\udc2c\ud835\udc1e \ud835\udc2e\ud835\udc27\ud835\udc1e \ud835\udc2c\ud835\udc1e\u0301\ud835\udc2b\ud835\udc22\ud835\udc1e \ud835\udc1d\u2019\ud835\udc1a\ud835\udc2d\ud835\udc1e\ud835\udc25\ud835\udc22\ud835\udc1e\ud835\udc2b\ud835\udc2c, \ud835\udc27\ud835\udc28\ud835\udc2d\ud835\udc1a\ud835\udc26\ud835\udc26\ud835\udc1e\ud835\udc27\ud835\udc2d \ud835\udc1a\u0300 \ud835\udc25\ud835\udc1a \ud835\udc12\ud835\udc1a\ud835\udc25\ud835\udc25\ud835\udc1e \ud835\udc25\ud835\udc1e\ud835\udc2c \ud835\udc04\u0301\ud835\udc1c\ud835\udc21\ud835\udc28\ud835\udc2c \ud835\udc1d\ud835\udc2e \ud835\udc07\ud835\udc28\ud835\udc32\ud835\udc28\ud835\udc2e\ud835\udc31 \ud835\udc1a\u0300 \ud835\udc0c\ud835\udc28\ud835\udc1d\ud835\udc1a\ud835\udc2f\ud835\udc1e. \ud835\udc0c\ud835\udc1e\u0301\ud835\udc2d\ud835\udc21\ud835\udc28\ud835\udc1d\ud835\udc1e : Apprentissage&hellip;","og_url":"https:\/\/www.modave.be\/index.php\/services_communaux\/oyou-atelier-choeur-de-chants-polyphoniques-du-monde\/","og_site_name":"Commune de Modave","article_modified_time":"2024-09-30T12:12:27+00:00","og_image":[{"width":557,"height":278,"url":"https:\/\/www.modave.be\/wp-content\/uploads\/2024\/09\/Polyphonie-e1727695840804.jpg","type":"image\/jpeg"}],"twitter_card":"summary_large_image","twitter_misc":{"Dur\u00e9e de lecture estim\u00e9e":"3 minutes"},"schema":{"@context":"https:\/\/schema.org","@graph":[{"@type":"WebPage","@id":"https:\/\/www.modave.be\/index.php\/services_communaux\/oyou-atelier-choeur-de-chants-polyphoniques-du-monde\/","url":"https:\/\/www.modave.be\/index.php\/services_communaux\/oyou-atelier-choeur-de-chants-polyphoniques-du-monde\/","name":"OYOU | Atelier | Choeur de chants polyphoniques du monde - Commune de Modave","isPartOf":{"@id":"https:\/\/www.modave.be\/#website"},"primaryImageOfPage":{"@id":"https:\/\/www.modave.be\/index.php\/services_communaux\/oyou-atelier-choeur-de-chants-polyphoniques-du-monde\/#primaryimage"},"image":{"@id":"https:\/\/www.modave.be\/index.php\/services_communaux\/oyou-atelier-choeur-de-chants-polyphoniques-du-monde\/#primaryimage"},"thumbnailUrl":"https:\/\/www.modave.be\/wp-content\/uploads\/2024\/09\/Polyphonie-e1727695840804.jpg","datePublished":"2024-09-30T08:18:00+00:00","dateModified":"2024-09-30T12:12:27+00:00","breadcrumb":{"@id":"https:\/\/www.modave.be\/index.php\/services_communaux\/oyou-atelier-choeur-de-chants-polyphoniques-du-monde\/#breadcrumb"},"inLanguage":"fr-FR","potentialAction":[{"@type":"ReadAction","target":["https:\/\/www.modave.be\/index.php\/services_communaux\/oyou-atelier-choeur-de-chants-polyphoniques-du-monde\/"]}]},{"@type":"ImageObject","inLanguage":"fr-FR","@id":"https:\/\/www.modave.be\/index.php\/services_communaux\/oyou-atelier-choeur-de-chants-polyphoniques-du-monde\/#primaryimage","url":"https:\/\/www.modave.be\/wp-content\/uploads\/2024\/09\/Polyphonie-e1727695840804.jpg","contentUrl":"https:\/\/www.modave.be\/wp-content\/uploads\/2024\/09\/Polyphonie-e1727695840804.jpg","width":557,"height":278},{"@type":"BreadcrumbList","@id":"https:\/\/www.modave.be\/index.php\/services_communaux\/oyou-atelier-choeur-de-chants-polyphoniques-du-monde\/#breadcrumb","itemListElement":[{"@type":"ListItem","position":1,"name":"Accueil","item":"https:\/\/www.modave.be\/"},{"@type":"ListItem","position":2,"name":"OYOU | Atelier | Choeur de chants polyphoniques du monde"}]},{"@type":"WebSite","@id":"https:\/\/www.modave.be\/#website","url":"https:\/\/www.modave.be\/","name":"Commune de Modave","description":"Commune de Modave","publisher":{"@id":"https:\/\/www.modave.be\/#organization"},"potentialAction":[{"@type":"SearchAction","target":{"@type":"EntryPoint","urlTemplate":"https:\/\/www.modave.be\/?s={search_term_string}"},"query-input":{"@type":"PropertyValueSpecification","valueRequired":true,"valueName":"search_term_string"}}],"inLanguage":"fr-FR"},{"@type":"Organization","@id":"https:\/\/www.modave.be\/#organization","name":"Commune de Modave","url":"https:\/\/www.modave.be\/","logo":{"@type":"ImageObject","inLanguage":"fr-FR","@id":"https:\/\/www.modave.be\/#\/schema\/logo\/image\/","url":"https:\/\/www.modave.be\/wp-content\/uploads\/2021\/12\/MODAVE_LOGO_HORIZONTAL_QUADRI_RVB.png","contentUrl":"https:\/\/www.modave.be\/wp-content\/uploads\/2021\/12\/MODAVE_LOGO_HORIZONTAL_QUADRI_RVB.png","width":1200,"height":501,"caption":"Commune de Modave"},"image":{"@id":"https:\/\/www.modave.be\/#\/schema\/logo\/image\/"}}]}},"_links":{"self":[{"href":"https:\/\/www.modave.be\/index.php\/wp-json\/wp\/v2\/services_communaux\/13434","targetHints":{"allow":["GET"]}}],"collection":[{"href":"https:\/\/www.modave.be\/index.php\/wp-json\/wp\/v2\/services_communaux"}],"about":[{"href":"https:\/\/www.modave.be\/index.php\/wp-json\/wp\/v2\/types\/services_communaux"}],"author":[{"embeddable":true,"href":"https:\/\/www.modave.be\/index.php\/wp-json\/wp\/v2\/users\/9"}],"wp:featuredmedia":[{"embeddable":true,"href":"https:\/\/www.modave.be\/index.php\/wp-json\/wp\/v2\/media\/13435"}],"wp:attachment":[{"href":"https:\/\/www.modave.be\/index.php\/wp-json\/wp\/v2\/media?parent=13434"}],"wp:term":[{"taxonomy":"category","embeddable":true,"href":"https:\/\/www.modave.be\/index.php\/wp-json\/wp\/v2\/categories?post=13434"}],"curies":[{"name":"wp","href":"https:\/\/api.w.org\/{rel}","templated":true}]}}